{"id":48294,"date":"2019-10-18T09:04:33","date_gmt":"2019-10-18T09:04:33","guid":{"rendered":"https:\/\/prod.pilgrim.es\/cammino-nord\/tappa-26-la-caridad-ribadeo\/"},"modified":"2025-04-24T12:40:11","modified_gmt":"2025-04-24T12:40:11","slug":"tappa-27-la-caridad-ribadeo","status":"publish","type":"page","link":"https:\/\/www.pilgrim.es\/it\/cammino-nord\/tappa-27-la-caridad-ribadeo\/","title":{"rendered":"Cammino del Nord | Tappa 27: La Caridad &#8211; Ribadeo"},"content":{"rendered":"\n<section id=\"heroStage\">\n  <h1>Cammino del Nord &#8231; Tappa 27<\/h1>\n  <div>\n    <div\n      class=\"hero\"\n      data-background=\"https:\/\/cdn.pilgrim.es\/web\/caminos\/camino-norte\/pueblos\/la-caridad.jpg\"\n    >\n      <div class=\"hero__container\">\n        <div class=\"hero__container__labels\">\n          <p>A piedi<\/p>\n          <p>35 Tappe \/ 824 kms<\/p>\n        <\/div>\n        <div class=\"hero__container__stage-name\">\n          <h2>La caridad<br \/><span>\u276d<\/span> Ribadeo<\/h2>\n          <p>21,3 Km<\/p>\n        <\/div>\n        <div class=\"hero__container__stage-changer\">\n          <div class=\"stage-control\">\n            <a\n              class=\"stage-control__link\"\n              href=\"https:\/\/www.pilgrim.es\/it\/cammino-nord\/tappa-26-luarca-la-caridad\/\"\n              ><span>&#10094;<\/span> Tappa 26<\/a\n            >\n          <\/div>\n          <div class=\"stage-control\">\n            <a\n              class=\"stage-control__link\"\n              href=\"https:\/\/www.pilgrim.es\/it\/cammino-nord\/tappa-28-ribadeo-lourenza\/\"\n              >Tappa 28 <span>&#10095;<\/span><\/a\n            >\n          <\/div>\n        <\/div>\n      <\/div>\n    <\/div>\n    <div class=\"planner\"><div\r\n  class=\"p-col-span-1 p-rounded-lg p-px-5 p-h-full\"\r\n  style=\"background-image: url('https:\/\/cdn.pilgrim.es\/web\/pilgrim-planner\/bg-plugin-planificador.webp')\"\r\n  rel=\"preload\"\r\n  fetchpriority=\"high\"\r\n  >\r\n    <div class=\"p-text-center p-pt-5 p-text-white p-text-2xl p-font-semibold\">\r\n      Pianifica il tuo cammino    <\/div>\r\n    <div\r\n            id='primary-app'\r\n            data-name='banner'\r\n            data-api='https:\/\/pathfinder.pilgrim.es\/api\/pathfinder\/v2'\r\n            data-mode='normal'\r\n            data-lang='it'\r\n            data-route='1'\r\n            data-destiny='https:\/\/planificador.pilgrim.es'\r\n            data-modality='1'\r\n            data-inline=''\r\n        ><\/div><\/div><\/div>\n  <\/div>\n<\/section>\n<section id=\"scoreBarsStage\">\n  <section>\r\n  <div class=\"p-flex p-flex-nowrap p-space-x-4 p-py-5 p-overflow-x-auto md:p-grid md:p-grid-cols-3 lg:p-grid-cols-5 md:p-gap-8 md:p-space-x-0 md:p-overflow-hidden scrollbar-thin\">\r\n    <div class=\"p-grid p-grid-cols-4 p-shrink-0 p-w-72 p-snap-start md:p-w-full\">\r\n        <div class=\"p-col-span-1 p-self-center p-text-center p-text-3xl\">\r\n            <i class=\"icon-influx\"><\/i>\r\n        <\/div>\r\n        <div class=\"p-col-span-3 p-flex p-flex-col p-items-start\">\r\n            <div class=\"p-text-start p-text-secondary p-mb-1 p-bold\"> Afflusso <\/div>\r\n            <div class=\"p-w-full p-bg-light p-rounded-full p-h-2 p-relative\">\r\n                <div class=\"p-bg-primary p-h-2 p-rounded-full p-absolute\" style=\"width: 40%;\"><\/div>\r\n            <\/div>\r\n        <\/div>\r\n    <\/div>\r\n\r\n    <div class=\"p-grid p-grid-cols-4 p-shrink-0 p-w-72 p-snap-start md:p-w-full\">\r\n        <div class=\"p-col-span-1 p-self-center p-text-center p-text-3xl\">\r\n            <i class=\"icon-difficulty\"><\/i>\r\n        <\/div>\r\n        <div class=\"p-col-span-3 p-flex p-flex-col p-items-start\">\r\n            <div class=\"p-text-start p-text-secondary p-mb-1 p-bold\"> Difficolt\u00e0 <\/div>\r\n            <div class=\"p-w-full p-bg-light p-rounded-full p-h-2 p-relative\">\r\n                <div class=\"p-bg-primary p-h-2 p-rounded-full p-absolute\" style=\"width: 20%;\"><\/div>\r\n            <\/div>\r\n        <\/div>\r\n    <\/div>\r\n\r\n    <div class=\"p-grid p-grid-cols-4 p-shrink-0 p-w-72 p-snap-start md:p-w-full\">\r\n        <div class=\"p-col-span-1 p-self-center p-text-center p-text-3xl\">\r\n            <i class=\"icon-patrimony\"><\/i>\r\n        <\/div>\r\n        <div class=\"p-col-span-3 p-flex p-flex-col p-items-start\">\r\n            <div class=\"p-text-start p-text-secondary p-mb-1 p-bold\"> Arte\/Storia <\/div>\r\n            <div class=\"p-w-full p-bg-light p-rounded-full p-h-2 p-relative\">\r\n                <div class=\"p-bg-primary p-h-2 p-rounded-full p-absolute\" style=\"width: 60%;\"><\/div>\r\n            <\/div>\r\n        <\/div>\r\n    <\/div>\r\n\r\n    <div class=\"p-grid p-grid-cols-4 p-shrink-0 p-w-72 p-snap-start md:p-w-full\">\r\n        <div class=\"p-col-span-1 p-self-center p-text-center p-text-3xl\">\r\n            <i class=\"icon-nature\"><\/i>\r\n        <\/div>\r\n        <div class=\"p-col-span-3 p-flex p-flex-col p-items-start\">\r\n            <div class=\"p-text-start p-text-secondary p-mb-1 p-bold\"> Natura <\/div>\r\n            <div class=\"p-w-full p-bg-light p-rounded-full p-h-2 p-relative\">\r\n                <div class=\"p-bg-primary p-h-2 p-rounded-full p-absolute\" style=\"width: 40%;\"><\/div>\r\n            <\/div>\r\n        <\/div>\r\n    <\/div>\r\n\r\n    <div class=\"p-grid p-grid-cols-4 p-shrink-0 p-w-72 p-snap-start md:p-w-full\">\r\n        <div class=\"p-col-span-1 p-self-center p-text-center p-text-3xl\">\r\n            <i class=\"icon-urban\"><\/i>\r\n        <\/div>\r\n        <div class=\"p-col-span-3 p-flex p-flex-col p-items-start\">\r\n            <div class=\"p-text-start p-text-secondary p-mb-1 p-bold\"> Cammino Francese <\/div>\r\n            <div class=\"p-w-full p-bg-light p-rounded-full p-h-2 p-relative\">\r\n                <div class=\"p-bg-primary p-h-2 p-rounded-full p-absolute\" style=\"width: 20%;\"><\/div>\r\n            <\/div>\r\n        <\/div>\r\n    <\/div>\r\n  <\/div>\r\n<\/section>\n<\/section>\n<div id=\"stage-list-section\"><div class=\"stage-list\">\n    <div class='stage-list__map-card'>\n        <div class='stage-list__map-card__map'>\n            <div class='stage-list__map-card__map__text'>\n                <h2> Pages <\/h2>\n                <p> A piedi<\/p>\n                <p> 0tappe<\/p>\n            <\/div>\n            <div class='stage-list__map-card__map__img'>\n                <img decoding=\"async\" src=\"\" alt=\" mapa \" \/>\n            <\/div>\n        <\/div>\n    <\/div>\n\n    <\/div>\n<\/div>\n<section id=\"navStage\">\n  <div>\n    <nav class=\"tab-navigation-section--cols-4\" id=\"tab-navigation-section\">\n      <a class=\"active\" href=\"#infoSection\">Informazioni<\/a>\n      <a href=\"#profileSection\">Profilo<\/a>\n      <a href=\"#itinerarySection\">Itinerario<\/a>\n      <a href=\"#locationsSection\">Paesi<\/a>\n    <\/nav>\n    <div id=\"infoSection\">\n      <div>\n        <h2 class=\"p-h2-stage\">Informazioni<\/h2>\n        <hr class=\"orange-bar\" \/>\n        <h3 class=\"p-h3-stage\">Informazioni su questa tappa<\/h3>\n      <\/div>\n      <p>\n        In questa tappa abbandoneremo le Asturie per dare un caloroso benvenuto\n        a Ribadeo, la prima citt\u00e0 galiziana in cui metteremo piede, che, come\n        indica la chiave sul suo stemma, simboleggia l&#8217;ingresso in Galizia.\n        Storicamente, l&#8217;accesso alla comunit\u00e0 galiziana avveniva attraverso\n        Vegadeo, un po&#8217; pi\u00f9 a sud, ma la costruzione del ponte di Los Santos tra\n        Ribadeo e Castropol alla fine degli anni &#8217;80 ha modificato\n        sostanzialmente questo percorso. Chi preferisce proseguire lungo la\n        costa e visitare Tapia de Casariego avr\u00e0 la possibilit\u00e0 di farlo.\n      <\/p>\n      <div class=\"recomendation-card\">\n        <div>\n          <i class=\"icon-logo-pilgrim\"><\/i>\n          <h5>Raccomandazione di Pilgrim<\/h5>\n        <\/div>\n        <p>\n          Dobbiamo pianificare in anticipo la variante che seguiremo per evitare\n          complicazioni. evitare complicazioni. La differenza di chilometraggio\n          non \u00e8 molto grande, quindi la decisione \u00e8 solo quindi la decisione \u00e8\n          solo se vogliamo visitare Tapia de Casariego o proseguire verso\n          l&#8217;interno. Tapia de Casariego o proseguire verso l&#8217;interno. Inoltre,\n          non dimenticate che quando si entra in Galizia la direzione delle\n          conchiglie cambia! Ora dobbiamo guardare la parte pi\u00f9 aperta delle\n          conchiglie. Questa tappa non presenta alcun per i ciclisti o le\n          persone a mobilit\u00e0 ridotta.\n        <\/p>\n      <\/div>\n    <\/div>\n    <div id=\"profileSection\">\n      <div>\n        <h2 class=\"p-h2-stage\">Distanza e altitudine<\/h2>\n        <hr class=\"orange-bar\" \/>\n        <h3 class=\"p-h3-stage\">Profilo<\/h3>\n        <img decoding=\"async\"\n          alt=\"Profilo\"\n          src=\"https:\/\/cdn.pilgrim.es\/web\/caminos\/camino-norte\/etapas\/etapa-27\/etapa27-perfil-la-caridad-ribadeo.jpg\"\n        \/>\n      <\/div>\n    <\/div>\n    <div id=\"itinerarySection\">\n      <h2 class=\"p-h2-stage\">Percorso<\/h2>\n      <hr \/>\n      <h3 class=\"p-h3-stage\">Itinerario<\/h3>\n      <div>\n        <h4>Km 0 &#8231; La Caridad<\/h4>\n        <p>\n          Attraversiamo La Caridad lungo i viali delle Asturie e della Galizia e\n          senza cambiare direzione. All&#8217;uscita, imbocchiamo un sentiero erboso\n          sulla destra che scende fino ad attraversare un ruscello. Dopo la\n          successiva salita attraversiamo la strada nazionale N634 e proseguiamo\n          lungo la strada asfaltata; attraversiamo la frazione di San Pelayo e\n          proseguiamo dritti.\n        <\/p>\n        <p>\n          Raggiungiamo Valdepares, dove entriamo nella strada nazionale N-634.\n        <\/p>\n        <a class=\"town-link\" href=\"https:\/\/www.pilgrim.es\/it\/cammino-nord\/la-caridad\/\">\n          <div class=\"town-link__link-content\">\n            <div class=\"town-link__link-content__text\">\n              <p>Informazioni Local<\/p>\n              <p>Polizia, Assistenza medica, Cosa vedere, Dove mangiare&#8230;<\/p>\n            <\/div>\n            <div class=\"town-link__link-content__town-btn\">\n              <i class=\"icon-arrow\"><\/i>\n            <\/div>\n          <\/div>\n        <\/a>\n      <\/div>\n      <hr \/>\n      <div>\n        <h4>Km 3,1 &#8231; Valdepares<\/h4>\n        <p>\n          Seguiamo la strada nazionale per 100 metri e imbocchiamo un altro\n          piccolo sentiero sulla sinistra. Attraversiamo la localit\u00e0 di El Viso\n          e, pi\u00f9 avanti, svoltiamo a destra su una strada sterrata per\n          attraversare la strada nazionale e immetterci in una strada locale: la\n          percorriamo fino ad attraversare il fiume Porc\u00eda che si trova nei\n          pressi dell&#8217;omonima frazione.\n        <\/p>\n      <\/div>\n      <hr \/>\n      <div>\n        <h4>Km 5,1 &#8231; Porc\u00eda<\/h4>\n        <p>\n          Dopo il ponte lasciamo la strada per imboccare una via in salita sulla\n          destra. Arriviamo a una pietra miliare che indica: dritto verso Tapia\n          de Casariego; a sinistra verso Tol. Seguendo la strada ufficiale,\n          svoltiamo a sinistra verso Tol, attraversando la strada nazionale e\n          proseguendo su una strada asfaltata.\n        <\/p>\n        <p>\n          Attraversiamo un ponte sull&#8217;autostrada A-8 e imbocchiamo una strada\n          sterrata sulla destra. Poco dopo attraversiamo la strada AS-23 e\n          proseguiamo lungo una strada nel bosco.\n        <\/p>\n        <p>\n          Giunti all&#8217;ingresso del paesino di Brul, svoltiamo a sinistra su una\n          strada sterrata. Proseguiamo poi su sentieri asfaltati che presentano\n          un paio di curve fino a raggiungere la strada AS-31 nei pressi di Tol.\n        <\/p>\n      <\/div>\n      <hr \/>\n      <div>\n        <h4>Km 12,9 &#8231; Toi<\/h4>\n        <p>Attraversiamo la citt\u00e0 sulla strada AS-31.<\/p>\n        <p>\n          Ancora una volta arriviamo a un bivio dove una pietra miliare ci\n          indica che per andare verso Vegadeo dobbiamo prendere la strada per\n          Castropol, mentre per andare verso Ribadeo dobbiamo proseguire lungo\n          la stessa strada AS-31. Ci dirigiamo verso Ribadeo. Pi\u00f9 avanti,\n          all&#8217;incrocio con la N-640. Proseguiamo dritti lungo la stessa AS-31,\n          passando per Barres.\n        <\/p>\n      <\/div>\n      <hr \/>\n      <div>\n        <h4>Km 18,5 &#8231; Figueras<\/h4>\n        <p>\n          Proseguiamo lungo la AS-31 e raggiungiamo una rotatoria; sulla\n          sinistra e parallelamente alla superstrada raggiungeremo il Puente de\n          los Santos. Attraversiamo l&#8217;estuario dell&#8217;Eo su questo ponte,\n          attraverso una corsia pedonale e lasciandoci alle spalle le Asturie ed\n          entrando in Galizia. Dopo il ponte giriamo a sinistra lungo l&#8217;Avenida\n          Rosal\u00eda de Castro; la si percorre per 250 metri, si gira a sinistra\n          sulla via Justo Barreiro e, girando a destra, si pu\u00f2 andare verso il\n          centro percorrendo la via Leopoldo Calvo Sotelo o percorrendo la via\n          pi\u00f9 piccola, parallela alla precedente, San Miguel.\n        <\/p>\n      <\/div>\n      <hr \/>\n      <div>\n        <h4>Km 21,3 &#8231; Ribadeo<\/h4>\n        <a class=\"town-link\" href=\"https:\/\/www.pilgrim.es\/it\/cammino-nord\/ribadeo\/\">\n          <div class=\"town-link__link-content\">\n            <div class=\"town-link__link-content__text\">\n              <p>Informazioni Local<\/p>\n              <p>Polizia, Assistenza medica, Cosa vedere, Dove mangiare&#8230;<\/p>\n            <\/div>\n            <div class=\"town-link__link-content__town-btn\">\n              <i class=\"icon-arrow\"><\/i>\n            <\/div>\n          <\/div>\n        <\/a>\n      <\/div>\n    <\/div>\n\n    <div id=\"locationsSection\">\n      <h2 class=\"p-h2-stage\">Paesi<\/h2>\n      <hr \/>\n      <h3 class=\"p-h3-stage\">Villaggi<\/h3>\n      <div class=\"grid-container\">\n        <div class=\"p-group card-stage p-max-w-full\">\n          <a class=\"town-card\" href=\"https:\/\/www.pilgrim.es\/it\/cammino-nord\/la-caridad\/\">\n            <div class=\"card-stage__header\">\n              <img decoding=\"async\"\n                alt=\"La caridad\"\n                class=\"group-hover:p-scale-110\"\n                src=\"https:\/\/cdn.pilgrim.es\/web\/caminos\/camino-norte\/pueblos\/la-caridad.jpg\"\n              \/>\n              <div class=\"card-overlay group-hover:p-opacity-50\"><\/div>\n            <\/div>\n            <div class=\"town-card__flex-container\">\n              <div class=\"town-card__flex-container__info\">\n                <h3>La caridad<\/h3>\n                <p>Provincia: Asturias<\/p>\n              <\/div>\n              <div class=\"town-card__flex-container__btn\">\n                <i class=\"icon-arrow\"><\/i>\n              <\/div>\n            <\/div>\n          <\/a>\n        <\/div>\n        <div class=\"p-group card-stage p-max-w-full\">\n          <a class=\"town-card\" href=\"https:\/\/www.pilgrim.es\/it\/cammino-nord\/ribadeo\/\">\n            <div class=\"card-stage__header\">\n              <img decoding=\"async\"\n                alt=\"Ribadeo\"\n                class=\"group-hover:p-scale-110\"\n                src=\"https:\/\/cdn.pilgrim.es\/web\/caminos\/camino-norte\/pueblos\/ribadeo.jpg\"\n              \/>\n              <div class=\"card-overlay group-hover:p-opacity-50\"><\/div>\n            <\/div>\n            <div class=\"town-card__flex-container\">\n              <div class=\"town-card__flex-container__info\">\n                <h3>Ribadeo<\/h3>\n                <p>Provincia: Asturias<\/p>\n              <\/div>\n              <div class=\"town-card__flex-container__btn\">\n                <i class=\"icon-arrow\"><\/i>\n              <\/div>\n            <\/div>\n          <\/a>\n        <\/div>\n      <\/div>\n    <\/div>\n    <hr class=\"single-bar\" \/>\n  <\/div>\n<\/section>\n<section id=\"stageChange\">\n  <div>\n    <a class=\"change-btn\" href=\"https:\/\/www.pilgrim.es\/it\/cammino-nord\/tappa-26-luarca-la-caridad\/\">\n      <div class=\"change-btn\">\n        <div class=\"btn-arrow previous\">\n          <i class=\"icon-arrow\"><\/i>\n        <\/div>\n        <div class=\"change-btn__info\">\n          <div>Tappa 26<\/div>\n          <p>Cadavedo &#10095; <br \/>Luarca<\/p>\n        <\/div>\n      <\/div>\n    <\/a>\n    <a class=\"change-btn\" href=\"https:\/\/www.pilgrim.es\/it\/cammino-nord\/tappa-28-ribadeo-lourenza\/\">\n      <div class=\"change-btn__info\">\n        <div>Tappa 28<\/div>\n        <p>Ribadeo &#10095; <br \/>Lourenza<\/p>\n      <\/div>\n      <div class=\"btn-arrow\">\n        <i class=\"icon-arrow\"><\/i>\n      <\/div>\n    <\/a>\n  <\/div>\n<\/section>\n\n\n\n<p><\/p>\n","protected":false},"excerpt":{"rendered":"<p>Cammino del Nord &#8231; Tappa 27 A piedi 35 Tappe \/ 824 kms La caridad\u276d Ribadeo 21,3 Km &#10094; Tappa 26 Tappa 28 &#10095; Informazioni Profilo Itinerario Paesi Informazioni Informazioni su questa tappa In questa tappa abbandoneremo le Asturie per dare un caloroso benvenuto a Ribadeo, la prima citt\u00e0 galiziana in cui metteremo piede, che, &hellip; <\/p>\n<p class=\"read_more\"><a href=\"https:\/\/www.pilgrim.es\/it\/cammino-nord\/tappa-27-la-caridad-ribadeo\/\">Leer m\u00e1s<\/a><\/p>\n","protected":false},"author":4,"featured_media":11705,"parent":10817,"menu_order":0,"comment_status":"closed","ping_status":"closed","template":"views\/template-new-web-design.blade.php","meta":{"footnotes":""},"categories":[],"tags":[],"class_list":["post-48294","page","type-page","status-publish","has-post-thumbnail","hentry"],"yoast_head":"<!-- This site is optimized with the Yoast SEO plugin v27.4 - https:\/\/yoast.com\/product\/yoast-seo-wordpress\/ -->\n<title>Cammino del Nord da La Caridad a Ribadeo | Cammino di Santiago | Pilgrim<\/title>\n<meta name=\"description\" content=\"Cammino del Nord: Tappa 26 del Cammino di Santiago che passa tra La Caridad e Ribadeo. Scopri tutte le informazioni e pianifica la tua tappa\" \/>\n<meta name=\"robots\" content=\"index, follow, max-snippet:-1, max-image-preview:large, max-video-preview:-1\" \/>\n<link rel=\"canonical\" href=\"https:\/\/www.pilgrim.es\/it\/cammino-nord\/tappa-27-la-caridad-ribadeo\/\" \/>\n<meta property=\"og:locale\" content=\"it_IT\" \/>\n<meta property=\"og:type\" content=\"article\" \/>\n<meta property=\"og:title\" content=\"Cammino del Nord da La Caridad a Ribadeo | Cammino di Santiago | Pilgrim\" \/>\n<meta property=\"og:description\" content=\"Cammino del Nord: Tappa 26 del Cammino di Santiago che passa tra La Caridad e Ribadeo. Scopri tutte le informazioni e pianifica la tua tappa\" \/>\n<meta property=\"og:url\" content=\"https:\/\/www.pilgrim.es\/it\/cammino-nord\/tappa-27-la-caridad-ribadeo\/\" \/>\n<meta property=\"og:site_name\" content=\"Pilgrim\" \/>\n<meta property=\"article:publisher\" content=\"https:\/\/www.facebook.com\/pilgrim.es\/\" \/>\n<meta property=\"article:modified_time\" content=\"2025-04-24T12:40:11+00:00\" \/>\n<meta property=\"og:image\" content=\"https:\/\/www.pilgrim.es\/wp-content\/uploads\/2019\/02\/camino_norte_etapa_26.jpg\" \/>\n\t<meta property=\"og:image:width\" content=\"1632\" \/>\n\t<meta property=\"og:image:height\" content=\"550\" \/>\n\t<meta property=\"og:image:type\" content=\"image\/jpeg\" \/>\n<meta name=\"twitter:card\" content=\"summary_large_image\" \/>\n<meta name=\"twitter:site\" content=\"@pilgrim_es\" \/>\n<meta name=\"twitter:label1\" content=\"Tempo di lettura stimato\" \/>\n\t<meta name=\"twitter:data1\" content=\"3 minuti\" \/>\n<script type=\"application\/ld+json\" class=\"yoast-schema-graph\">{\"@context\":\"https:\\\/\\\/schema.org\",\"@graph\":[{\"@type\":\"WebPage\",\"@id\":\"https:\\\/\\\/www.pilgrim.es\\\/it\\\/cammino-nord\\\/tappa-27-la-caridad-ribadeo\\\/\",\"url\":\"https:\\\/\\\/www.pilgrim.es\\\/it\\\/cammino-nord\\\/tappa-27-la-caridad-ribadeo\\\/\",\"name\":\"Cammino del Nord da La Caridad a Ribadeo | Cammino di Santiago | Pilgrim\",\"isPartOf\":{\"@id\":\"https:\\\/\\\/www.pilgrim.es\\\/it\\\/#website\"},\"primaryImageOfPage\":{\"@id\":\"https:\\\/\\\/www.pilgrim.es\\\/it\\\/cammino-nord\\\/tappa-27-la-caridad-ribadeo\\\/#primaryimage\"},\"image\":{\"@id\":\"https:\\\/\\\/www.pilgrim.es\\\/it\\\/cammino-nord\\\/tappa-27-la-caridad-ribadeo\\\/#primaryimage\"},\"thumbnailUrl\":\"https:\\\/\\\/www.pilgrim.es\\\/wp-content\\\/uploads\\\/2019\\\/02\\\/camino_norte_etapa_26.jpg\",\"datePublished\":\"2019-10-18T09:04:33+00:00\",\"dateModified\":\"2025-04-24T12:40:11+00:00\",\"description\":\"Cammino del Nord: Tappa 26 del Cammino di Santiago che passa tra La Caridad e Ribadeo. Scopri tutte le informazioni e pianifica la tua tappa\",\"breadcrumb\":{\"@id\":\"https:\\\/\\\/www.pilgrim.es\\\/it\\\/cammino-nord\\\/tappa-27-la-caridad-ribadeo\\\/#breadcrumb\"},\"inLanguage\":\"it-IT\",\"potentialAction\":[{\"@type\":\"ReadAction\",\"target\":[\"https:\\\/\\\/www.pilgrim.es\\\/it\\\/cammino-nord\\\/tappa-27-la-caridad-ribadeo\\\/\"]}]},{\"@type\":\"ImageObject\",\"inLanguage\":\"it-IT\",\"@id\":\"https:\\\/\\\/www.pilgrim.es\\\/it\\\/cammino-nord\\\/tappa-27-la-caridad-ribadeo\\\/#primaryimage\",\"url\":\"https:\\\/\\\/www.pilgrim.es\\\/wp-content\\\/uploads\\\/2019\\\/02\\\/camino_norte_etapa_26.jpg\",\"contentUrl\":\"https:\\\/\\\/www.pilgrim.es\\\/wp-content\\\/uploads\\\/2019\\\/02\\\/camino_norte_etapa_26.jpg\",\"width\":1632,\"height\":550,\"caption\":\"Mappa Tappa 26 Cammino del Nord\"},{\"@type\":\"BreadcrumbList\",\"@id\":\"https:\\\/\\\/www.pilgrim.es\\\/it\\\/cammino-nord\\\/tappa-27-la-caridad-ribadeo\\\/#breadcrumb\",\"itemListElement\":[{\"@type\":\"ListItem\",\"position\":1,\"name\":\"Camino de Santiago\",\"item\":\"https:\\\/\\\/www.pilgrim.es\\\/it\\\/\"},{\"@type\":\"ListItem\",\"position\":2,\"name\":\"Cammino del Nord\",\"item\":\"https:\\\/\\\/www.pilgrim.es\\\/it\\\/cammino-nord\\\/\"},{\"@type\":\"ListItem\",\"position\":3,\"name\":\"Cammino del Nord | Tappa 27: La Caridad &#8211; Ribadeo\"}]},{\"@type\":\"WebSite\",\"@id\":\"https:\\\/\\\/www.pilgrim.es\\\/it\\\/#website\",\"url\":\"https:\\\/\\\/www.pilgrim.es\\\/it\\\/\",\"name\":\"Pilgrim\",\"description\":\"Camino de Santiago | Caminamos Contigo\",\"publisher\":{\"@id\":\"https:\\\/\\\/www.pilgrim.es\\\/it\\\/#organization\"},\"potentialAction\":[{\"@type\":\"SearchAction\",\"target\":{\"@type\":\"EntryPoint\",\"urlTemplate\":\"https:\\\/\\\/www.pilgrim.es\\\/it\\\/?s={search_term_string}\"},\"query-input\":{\"@type\":\"PropertyValueSpecification\",\"valueRequired\":true,\"valueName\":\"search_term_string\"}}],\"inLanguage\":\"it-IT\"},{\"@type\":\"Organization\",\"@id\":\"https:\\\/\\\/www.pilgrim.es\\\/it\\\/#organization\",\"name\":\"Pilgrim Camino de Santiago\",\"url\":\"https:\\\/\\\/www.pilgrim.es\\\/it\\\/\",\"logo\":{\"@type\":\"ImageObject\",\"inLanguage\":\"it-IT\",\"@id\":\"https:\\\/\\\/www.pilgrim.es\\\/it\\\/#\\\/schema\\\/logo\\\/image\\\/\",\"url\":\"https:\\\/\\\/www.pilgrim.es\\\/wp-content\\\/uploads\\\/2019\\\/04\\\/logo_pilgrim.png\",\"contentUrl\":\"https:\\\/\\\/www.pilgrim.es\\\/wp-content\\\/uploads\\\/2019\\\/04\\\/logo_pilgrim.png\",\"width\":512,\"height\":512,\"caption\":\"Pilgrim Camino de Santiago\"},\"image\":{\"@id\":\"https:\\\/\\\/www.pilgrim.es\\\/it\\\/#\\\/schema\\\/logo\\\/image\\\/\"},\"sameAs\":[\"https:\\\/\\\/www.facebook.com\\\/pilgrim.es\\\/\",\"https:\\\/\\\/x.com\\\/pilgrim_es\",\"https:\\\/\\\/www.instagram.com\\\/pilgrim.es\\\/\",\"https:\\\/\\\/www.linkedin.com\\\/company\\\/pilgrim-camino-de-santiago\\\/\",\"https:\\\/\\\/www.pinterest.es\\\/pilgrimcaminodesantiago\\\/\",\"https:\\\/\\\/www.youtube.com\\\/channel\\\/UCIv2ZzFLXVqthkNF32rKedw\\\/featured\"]}]}<\/script>\n<!-- \/ Yoast SEO plugin. -->","yoast_head_json":{"title":"Cammino del Nord da La Caridad a Ribadeo | Cammino di Santiago | Pilgrim","description":"Cammino del Nord: Tappa 26 del Cammino di Santiago che passa tra La Caridad e Ribadeo. Scopri tutte le informazioni e pianifica la tua tappa","robots":{"index":"index","follow":"follow","max-snippet":"max-snippet:-1","max-image-preview":"max-image-preview:large","max-video-preview":"max-video-preview:-1"},"canonical":"https:\/\/www.pilgrim.es\/it\/cammino-nord\/tappa-27-la-caridad-ribadeo\/","og_locale":"it_IT","og_type":"article","og_title":"Cammino del Nord da La Caridad a Ribadeo | Cammino di Santiago | Pilgrim","og_description":"Cammino del Nord: Tappa 26 del Cammino di Santiago che passa tra La Caridad e Ribadeo. Scopri tutte le informazioni e pianifica la tua tappa","og_url":"https:\/\/www.pilgrim.es\/it\/cammino-nord\/tappa-27-la-caridad-ribadeo\/","og_site_name":"Pilgrim","article_publisher":"https:\/\/www.facebook.com\/pilgrim.es\/","article_modified_time":"2025-04-24T12:40:11+00:00","og_image":[{"width":1632,"height":550,"url":"https:\/\/www.pilgrim.es\/wp-content\/uploads\/2019\/02\/camino_norte_etapa_26.jpg","type":"image\/jpeg"}],"twitter_card":"summary_large_image","twitter_site":"@pilgrim_es","twitter_misc":{"Tempo di lettura stimato":"3 minuti"},"schema":{"@context":"https:\/\/schema.org","@graph":[{"@type":"WebPage","@id":"https:\/\/www.pilgrim.es\/it\/cammino-nord\/tappa-27-la-caridad-ribadeo\/","url":"https:\/\/www.pilgrim.es\/it\/cammino-nord\/tappa-27-la-caridad-ribadeo\/","name":"Cammino del Nord da La Caridad a Ribadeo | Cammino di Santiago | Pilgrim","isPartOf":{"@id":"https:\/\/www.pilgrim.es\/it\/#website"},"primaryImageOfPage":{"@id":"https:\/\/www.pilgrim.es\/it\/cammino-nord\/tappa-27-la-caridad-ribadeo\/#primaryimage"},"image":{"@id":"https:\/\/www.pilgrim.es\/it\/cammino-nord\/tappa-27-la-caridad-ribadeo\/#primaryimage"},"thumbnailUrl":"https:\/\/www.pilgrim.es\/wp-content\/uploads\/2019\/02\/camino_norte_etapa_26.jpg","datePublished":"2019-10-18T09:04:33+00:00","dateModified":"2025-04-24T12:40:11+00:00","description":"Cammino del Nord: Tappa 26 del Cammino di Santiago che passa tra La Caridad e Ribadeo. Scopri tutte le informazioni e pianifica la tua tappa","breadcrumb":{"@id":"https:\/\/www.pilgrim.es\/it\/cammino-nord\/tappa-27-la-caridad-ribadeo\/#breadcrumb"},"inLanguage":"it-IT","potentialAction":[{"@type":"ReadAction","target":["https:\/\/www.pilgrim.es\/it\/cammino-nord\/tappa-27-la-caridad-ribadeo\/"]}]},{"@type":"ImageObject","inLanguage":"it-IT","@id":"https:\/\/www.pilgrim.es\/it\/cammino-nord\/tappa-27-la-caridad-ribadeo\/#primaryimage","url":"https:\/\/www.pilgrim.es\/wp-content\/uploads\/2019\/02\/camino_norte_etapa_26.jpg","contentUrl":"https:\/\/www.pilgrim.es\/wp-content\/uploads\/2019\/02\/camino_norte_etapa_26.jpg","width":1632,"height":550,"caption":"Mappa Tappa 26 Cammino del Nord"},{"@type":"BreadcrumbList","@id":"https:\/\/www.pilgrim.es\/it\/cammino-nord\/tappa-27-la-caridad-ribadeo\/#breadcrumb","itemListElement":[{"@type":"ListItem","position":1,"name":"Camino de Santiago","item":"https:\/\/www.pilgrim.es\/it\/"},{"@type":"ListItem","position":2,"name":"Cammino del Nord","item":"https:\/\/www.pilgrim.es\/it\/cammino-nord\/"},{"@type":"ListItem","position":3,"name":"Cammino del Nord | Tappa 27: La Caridad &#8211; Ribadeo"}]},{"@type":"WebSite","@id":"https:\/\/www.pilgrim.es\/it\/#website","url":"https:\/\/www.pilgrim.es\/it\/","name":"Pilgrim","description":"Camino de Santiago | Caminamos Contigo","publisher":{"@id":"https:\/\/www.pilgrim.es\/it\/#organization"},"potentialAction":[{"@type":"SearchAction","target":{"@type":"EntryPoint","urlTemplate":"https:\/\/www.pilgrim.es\/it\/?s={search_term_string}"},"query-input":{"@type":"PropertyValueSpecification","valueRequired":true,"valueName":"search_term_string"}}],"inLanguage":"it-IT"},{"@type":"Organization","@id":"https:\/\/www.pilgrim.es\/it\/#organization","name":"Pilgrim Camino de Santiago","url":"https:\/\/www.pilgrim.es\/it\/","logo":{"@type":"ImageObject","inLanguage":"it-IT","@id":"https:\/\/www.pilgrim.es\/it\/#\/schema\/logo\/image\/","url":"https:\/\/www.pilgrim.es\/wp-content\/uploads\/2019\/04\/logo_pilgrim.png","contentUrl":"https:\/\/www.pilgrim.es\/wp-content\/uploads\/2019\/04\/logo_pilgrim.png","width":512,"height":512,"caption":"Pilgrim Camino de Santiago"},"image":{"@id":"https:\/\/www.pilgrim.es\/it\/#\/schema\/logo\/image\/"},"sameAs":["https:\/\/www.facebook.com\/pilgrim.es\/","https:\/\/x.com\/pilgrim_es","https:\/\/www.instagram.com\/pilgrim.es\/","https:\/\/www.linkedin.com\/company\/pilgrim-camino-de-santiago\/","https:\/\/www.pinterest.es\/pilgrimcaminodesantiago\/","https:\/\/www.youtube.com\/channel\/UCIv2ZzFLXVqthkNF32rKedw\/featured"]}]}},"_links":{"self":[{"href":"https:\/\/www.pilgrim.es\/it\/wp-json\/wp\/v2\/pages\/48294","targetHints":{"allow":["GET"]}}],"collection":[{"href":"https:\/\/www.pilgrim.es\/it\/wp-json\/wp\/v2\/pages"}],"about":[{"href":"https:\/\/www.pilgrim.es\/it\/wp-json\/wp\/v2\/types\/page"}],"author":[{"embeddable":true,"href":"https:\/\/www.pilgrim.es\/it\/wp-json\/wp\/v2\/users\/4"}],"replies":[{"embeddable":true,"href":"https:\/\/www.pilgrim.es\/it\/wp-json\/wp\/v2\/comments?post=48294"}],"version-history":[{"count":8,"href":"https:\/\/www.pilgrim.es\/it\/wp-json\/wp\/v2\/pages\/48294\/revisions"}],"predecessor-version":[{"id":129567,"href":"https:\/\/www.pilgrim.es\/it\/wp-json\/wp\/v2\/pages\/48294\/revisions\/129567"}],"up":[{"embeddable":true,"href":"https:\/\/www.pilgrim.es\/it\/wp-json\/wp\/v2\/pages\/10817"}],"wp:featuredmedia":[{"embeddable":true,"href":"https:\/\/www.pilgrim.es\/it\/wp-json\/wp\/v2\/media\/11705"}],"wp:attachment":[{"href":"https:\/\/www.pilgrim.es\/it\/wp-json\/wp\/v2\/media?parent=48294"}],"wp:term":[{"taxonomy":"category","embeddable":true,"href":"https:\/\/www.pilgrim.es\/it\/wp-json\/wp\/v2\/categories?post=48294"},{"taxonomy":"post_tag","embeddable":true,"href":"https:\/\/www.pilgrim.es\/it\/wp-json\/wp\/v2\/tags?post=48294"}],"curies":[{"name":"wp","href":"https:\/\/api.w.org\/{rel}","templated":true}]}}