{"id":48279,"date":"2019-10-18T08:33:35","date_gmt":"2019-10-18T08:33:35","guid":{"rendered":"https:\/\/prod.pilgrim.es\/cammino-nord\/tappa-27-ribadeo-lourenza\/"},"modified":"2025-04-24T12:40:21","modified_gmt":"2025-04-24T12:40:21","slug":"tappa-28-ribadeo-lourenza","status":"publish","type":"page","link":"https:\/\/www.pilgrim.es\/it\/cammino-nord\/tappa-28-ribadeo-lourenza\/","title":{"rendered":"Cammino del Nord | Tappa 28: Ribadeo &#8211; Lourenz\u00e1"},"content":{"rendered":"\n<section id=\"heroStage\">\n  <h1>Cammino del Nord &#8231; Tappa 28<\/h1>\n  <div>\n    <div\n      class=\"hero\"\n      data-background=\"https:\/\/cdn.pilgrim.es\/web\/caminos\/camino-norte\/pueblos\/ribadeo.jpg\"\n    >\n      <div class=\"hero__container\">\n        <div class=\"hero__container__labels\">\n          <p>A piedi<\/p>\n          <p>35 Tappe \/ 824 kms<\/p>\n        <\/div>\n        <div class=\"hero__container__stage-name\">\n          <h2>Ribadeo<br \/><span>\u276d<\/span> Lourenz\u00e1<\/h2>\n          <p>28,4 Km<\/p>\n        <\/div>\n        <div class=\"hero__container__stage-changer\">\n          <div class=\"stage-control\">\n            <a\n              class=\"stage-control__link\"\n              href=\"https:\/\/www.pilgrim.es\/it\/cammino-nord\/tappa-27-la-caridad-ribadeo\/\"\n              ><span>&#10094;<\/span> Tappa 27<\/a\n            >\n          <\/div>\n          <div class=\"stage-control\">\n            <a\n              class=\"stage-control__link\"\n              href=\"https:\/\/www.pilgrim.es\/it\/cammino-nord\/tappa-29-lourenza-abadin\/\"\n              >Tappa 29 <span>&#10095;<\/span><\/a\n            >\n          <\/div>\n        <\/div>\n      <\/div>\n    <\/div>\n    <div class=\"planner\"><div\r\n  class=\"p-col-span-1 p-rounded-lg p-px-5 p-h-full\"\r\n  style=\"background-image: url('https:\/\/cdn.pilgrim.es\/web\/pilgrim-planner\/bg-plugin-planificador.webp')\"\r\n  rel=\"preload\"\r\n  fetchpriority=\"high\"\r\n  >\r\n    <div class=\"p-text-center p-pt-5 p-text-white p-text-2xl p-font-semibold\">\r\n      Pianifica il tuo cammino    <\/div>\r\n    <div\r\n            id='primary-app'\r\n            data-name='banner'\r\n            data-api='https:\/\/pathfinder.pilgrim.es\/api\/pathfinder\/v2'\r\n            data-mode='normal'\r\n            data-lang='it'\r\n            data-route='1'\r\n            data-destiny='https:\/\/planificador.pilgrim.es'\r\n            data-modality='1'\r\n            data-inline=''\r\n        ><\/div><\/div><\/div>\n  <\/div>\n<\/section>\n<section id=\"scoreBarsStage\">\n  <section>\r\n  <div class=\"p-flex p-flex-nowrap p-space-x-4 p-py-5 p-overflow-x-auto md:p-grid md:p-grid-cols-3 lg:p-grid-cols-5 md:p-gap-8 md:p-space-x-0 md:p-overflow-hidden scrollbar-thin\">\r\n    <div class=\"p-grid p-grid-cols-4 p-shrink-0 p-w-72 p-snap-start md:p-w-full\">\r\n        <div class=\"p-col-span-1 p-self-center p-text-center p-text-3xl\">\r\n            <i class=\"icon-influx\"><\/i>\r\n        <\/div>\r\n        <div class=\"p-col-span-3 p-flex p-flex-col p-items-start\">\r\n            <div class=\"p-text-start p-text-secondary p-mb-1 p-bold\"> Afflusso <\/div>\r\n            <div class=\"p-w-full p-bg-light p-rounded-full p-h-2 p-relative\">\r\n                <div class=\"p-bg-primary p-h-2 p-rounded-full p-absolute\" style=\"width: 60%;\"><\/div>\r\n            <\/div>\r\n        <\/div>\r\n    <\/div>\r\n\r\n    <div class=\"p-grid p-grid-cols-4 p-shrink-0 p-w-72 p-snap-start md:p-w-full\">\r\n        <div class=\"p-col-span-1 p-self-center p-text-center p-text-3xl\">\r\n            <i class=\"icon-difficulty\"><\/i>\r\n        <\/div>\r\n        <div class=\"p-col-span-3 p-flex p-flex-col p-items-start\">\r\n            <div class=\"p-text-start p-text-secondary p-mb-1 p-bold\"> Difficolt\u00e0 <\/div>\r\n            <div class=\"p-w-full p-bg-light p-rounded-full p-h-2 p-relative\">\r\n                <div class=\"p-bg-primary p-h-2 p-rounded-full p-absolute\" style=\"width: 80%;\"><\/div>\r\n            <\/div>\r\n        <\/div>\r\n    <\/div>\r\n\r\n    <div class=\"p-grid p-grid-cols-4 p-shrink-0 p-w-72 p-snap-start md:p-w-full\">\r\n        <div class=\"p-col-span-1 p-self-center p-text-center p-text-3xl\">\r\n            <i class=\"icon-patrimony\"><\/i>\r\n        <\/div>\r\n        <div class=\"p-col-span-3 p-flex p-flex-col p-items-start\">\r\n            <div class=\"p-text-start p-text-secondary p-mb-1 p-bold\"> Arte\/Storia <\/div>\r\n            <div class=\"p-w-full p-bg-light p-rounded-full p-h-2 p-relative\">\r\n                <div class=\"p-bg-primary p-h-2 p-rounded-full p-absolute\" style=\"width: 40%;\"><\/div>\r\n            <\/div>\r\n        <\/div>\r\n    <\/div>\r\n\r\n    <div class=\"p-grid p-grid-cols-4 p-shrink-0 p-w-72 p-snap-start md:p-w-full\">\r\n        <div class=\"p-col-span-1 p-self-center p-text-center p-text-3xl\">\r\n            <i class=\"icon-nature\"><\/i>\r\n        <\/div>\r\n        <div class=\"p-col-span-3 p-flex p-flex-col p-items-start\">\r\n            <div class=\"p-text-start p-text-secondary p-mb-1 p-bold\"> Natura <\/div>\r\n            <div class=\"p-w-full p-bg-light p-rounded-full p-h-2 p-relative\">\r\n                <div class=\"p-bg-primary p-h-2 p-rounded-full p-absolute\" style=\"width: 80%;\"><\/div>\r\n            <\/div>\r\n        <\/div>\r\n    <\/div>\r\n\r\n    <div class=\"p-grid p-grid-cols-4 p-shrink-0 p-w-72 p-snap-start md:p-w-full\">\r\n        <div class=\"p-col-span-1 p-self-center p-text-center p-text-3xl\">\r\n            <i class=\"icon-urban\"><\/i>\r\n        <\/div>\r\n        <div class=\"p-col-span-3 p-flex p-flex-col p-items-start\">\r\n            <div class=\"p-text-start p-text-secondary p-mb-1 p-bold\"> Cammino Francese <\/div>\r\n            <div class=\"p-w-full p-bg-light p-rounded-full p-h-2 p-relative\">\r\n                <div class=\"p-bg-primary p-h-2 p-rounded-full p-absolute\" style=\"width: 20%;\"><\/div>\r\n            <\/div>\r\n        <\/div>\r\n    <\/div>\r\n  <\/div>\r\n<\/section>\n<\/section>\n<div id=\"stage-list-section\"><div class=\"stage-list\">\n    <div class='stage-list__map-card'>\n        <div class='stage-list__map-card__map'>\n            <div class='stage-list__map-card__map__text'>\n                <h2> Pages <\/h2>\n                <p> A piedi<\/p>\n                <p> 0tappe<\/p>\n            <\/div>\n            <div class='stage-list__map-card__map__img'>\n                <img decoding=\"async\" src=\"\" alt=\" mapa \" \/>\n            <\/div>\n        <\/div>\n    <\/div>\n\n    <\/div>\n<\/div>\n<section id=\"navStage\">\n  <div>\n    <nav class=\"tab-navigation-section--cols-4\" id=\"tab-navigation-section\">\n      <a class=\"active\" href=\"#infoSection\">Informazioni<\/a>\n      <a href=\"#profileSection\">Profilo<\/a>\n      <a href=\"#itinerarySection\">Itinerario<\/a>\n      <a href=\"#locationsSection\">Paesi<\/a>\n    <\/nav>\n    <div id=\"infoSection\">\n      <div>\n        <h2 class=\"p-h2-stage\">Informazioni<\/h2>\n        <hr class=\"orange-bar\" \/>\n        <h3 class=\"p-h3-stage\">Informazioni su questa tappa<\/h3>\n      <\/div>\n      <p>\n        Il Cammino del Nord inizia il suo percorso in Galizia dalla cittadina\n        medievale di Ribadeo, al confine tra le province di Lugo e delle\n        Asturie. La sua attivit\u00e0 \u00e8 sempre stata fortemente legata al suo\n        estuario che costituisce l&#8217;ingresso in Galizia dal nord-est della\n        penisola. Questa prima tappa di quasi trenta chilometri \u00e8 accessibile\n        alla maggior parte dei pellegrini e presenta ripide salite soltanto a A\n        Ponte Arante e all&#8217;entrata di Lourenz\u00e1. Anche se ci sono alcuni ostelli\n        in zona, consigliamo di proseguire fino a Lourenz\u00e1 e di godersi il suo\n        eccellente patrimonio culturale, come il Castello di Tovar.\n      <\/p>\n      <div class=\"recomendation-card\">\n        <div>\n          <i class=\"icon-logo-pilgrim\"><\/i>\n          <h5>Raccomandazione di Pilgrim<\/h5>\n        <\/div>\n        <p>\n          L&#8217;inizio di questa tappa a Ribadeo pu\u00f2 essere fonte di confusione per\n          pi\u00f9 di un pellegrini perch\u00e9 la segnaletica in questa citt\u00e0 pu\u00f2 essere\n          un po&#8217; confusa. un po&#8217; confusa. Basta seguire le indicazioni segnate\n          sull&#8217;itinerario. itinerario.\n        <\/p>\n        <p>\n          Come abbiamo gi\u00e0 sottolineato, \u00e8 opportuno prevedere che si dovranno\n          percorrere poco pi\u00f9 di quindici chilometri senza pi\u00f9 di quindici\n          chilometri senza alcun servizio, ed \u00e8 necessario ed \u00e8 necessario fare\n          rifornimento a Vilela.\n        <\/p>\n        <p>\n          I bicigrini incontreranno qualche difficolt\u00e0 solo nella salita a A\n          Ponte Arante e qualche tratto fangoso nella stagione delle piogge.\n          stagione delle piogge, per cui occorre prestare la massima cautela,\n          cos\u00ec come per le persone a mobilit\u00e0 ridotta. Le persone con mobilit\u00e0\n          ridotta devono usare la stessa cautela. In questo caso si consiglia di\n          svoltare tra Vilela e A Ponte lungo la strada LU-133 fino all&#8217;eremo di\n          Nosa Se\u00f1ora das Virtudes.\n        <\/p>\n      <\/div>\n    <\/div>\n    <div id=\"profileSection\">\n      <div>\n        <h2 class=\"p-h2-stage\">Distanza e altitudine<\/h2>\n        <hr class=\"orange-bar\" \/>\n        <h3 class=\"p-h3-stage\">Profilo<\/h3>\n        <img decoding=\"async\"\n          alt=\"Profilo\"\n          src=\"https:\/\/cdn.pilgrim.es\/web\/caminos\/camino-norte\/etapas\/etapa-28\/etapa28-perfil-ribadeo-lourenza.jpg\"\n        \/>\n      <\/div>\n    <\/div>\n    <div id=\"itinerarySection\">\n      <h2 class=\"p-h2-stage\">Percorso<\/h2>\n      <hr \/>\n      <h3 class=\"p-h3-stage\">Itinerario<\/h3>\n      <div>\n        <h4>Km 0 &#8231; Ribadeo<\/h4>\n        <p>\n          A partiamo da Plaza de Espa\u00f1a, passiamo davanti alla chiesa\n          parrocchiale e prendiamo la R\u00faa San Francisco; attraversiamo l&#8217;Avenida\n          de Asturias e proseguiamo dritti, girando poi a destra sulla R\u00faa\n          Diputaci\u00f3n che poi diventer\u00e0 San L\u00e1zaro; passiamo davanti alla\n          cappella di San L\u00e1zaro.\n        <\/p>\n        <p>\n          Proseguiamo dritti per 200 metri e, quando arriviamo a un bivio,\n          imbocchiamo la strada a sinistra; da qui in poi i massi di pietra\n          segnalano il percorso che passa tra case e ville fino all&#8217;uscita del\n          paese. Attraversiamo un ponte su una strada e poco dopo un altro sulla\n          linea ferroviaria fino ad arrivare alle case del quartiere Ove.\n          All&#8217;ingresso la strada gira a destra e 100 metri dopo a sinistra.\n          Guadagniamo gradualmente quota, costeggiando la montagna di Santa\n          Cruz; se guardiamo dietro avremo una buona visuale sull&#8217;estuario con\n          Ribadeo sul lato galiziano e la citt\u00e0 di Castropol su quello\n          asturiano. Proseguiamo attraverso un paesaggio ondulato, tra piccoli\n          boschi e zone di campagna, per sbucare infine sulla strada LU-P-5207\n          che percorriamo a sinistra; in corrispondenza dell&#8217;eremo del Carmen\n          prendiamo una deviazione a destra e arriviamo al piccolo paese di\n          Vilela.\n        <\/p>\n        <a class=\"town-link\" href=\"https:\/\/www.pilgrim.es\/it\/cammino-nord\/ribadeo\/\">\n          <div class=\"town-link__link-content\">\n            <div class=\"town-link__link-content__text\">\n              <p>Informazioni Local<\/p>\n              <p>Polizia, Assistenza medica, Cosa vedere, Dove mangiare&#8230;<\/p>\n            <\/div>\n            <div class=\"town-link__link-content__town-btn\">\n              <i class=\"icon-arrow\"><\/i>\n            <\/div>\n          <\/div>\n        <\/a>\n      <\/div>\n      <hr \/>\n      <div>\n        <h4>Km 6,3 &#8231; Villela<\/h4>\n        <p>\n          Superiamo le case e continuiamo a salire per raggiungere il paese di A\n          Pena dopo 350 metri. Abbandoniamo la strada e giriamo a destra su un\n          sentiero asfaltato che sale verso il villaggio di Celeiros e passando\n          tra prati e boschi. Dopo 1,7 km, superate le case di O Vilar, giriamo\n          a destra su un sentiero sterrato. Dopo aver imboccato la strada\n          sterrata, proseguiamo per 2,3 km attraversando campagne e boschi,\n          parallelamente alla strada LU133, fino a raggiungerla; la\n          attraversiamo e prendiamo un sentiero in discesa verso il piccolo\n          borgo di A Ponte de Arante, situato nella valle del torrente Lexoso.\n          Attraversiamo il ponte e arriviamo alla chiesa di Virtudes.\n        <\/p>\n      <\/div>\n      <hr \/>\n      <div>\n        <h4>Km 11,0 &#8231; A Ponte de Arante<\/h4>\n        <p>\n          All&#8217;uscita svoltiamo a destra su un sentiero in ripida salita che,\n          oltrepassato un tragitto tra i campi, attraversa un fitto bosco di\n          eucalipti.Pi\u00f9 avanti incontriamo una strada asfaltata che\n          abbandoneremo dopo 250 metri per imboccare una strada silvestre sulla\n          sinistra. Continuiamo a salire lungo sentieri che attraversano la\n          foresta fino a raggiungere una quota di 370 metri. Finalmente il\n          paesaggio si apre ed appare davanti a noi una bella valle con prati e\n          bestiame che ci conduce verso le case di Vilamart\u00edn Pequeno.\n        <\/p>\n      <\/div>\n      <hr \/>\n      <div>\n        <h4>Km 17,2 &#8231; Villamart\u00edn Pequeno<\/h4>\n        <p>\n          Poco prima del cimitero il sentiero volge a sinistra per passare\n          davanti alla chiesa di San Xo\u00e1n Degolado. Dopodich\u00e9 scendiamo fino ad\n          un ruscello (Rego de Portobragan) e iniziamo una ripida salita che ci\n          porta al villaggio di Vilamart\u00edn Grande, situato su un&#8217;altura.\n          Arriviamo accanto alla cappella del Carmen.\n        <\/p>\n      <\/div>\n      <hr \/>\n      <div>\n        <h4>Km 18,6 &#8231; Villamart\u00edn Grande<\/h4>\n        <p>\n          Attraversiamo la strada LU-P-6103 e proseguiamo in discesa sulla\n          LU-P-0609, una strada locale poco trafficata da cui \u00e8 possibile\n          apprezzare una magnifica vista sulla Val de Cabarcos. Proseguiamo fino\n          a Gond\u00e1n, un piccolo villaggio con case sparse.\n        <\/p>\n      <\/div>\n      <hr \/>\n      <div>\n        <h4>Km 20,9 &#8231; Gond\u00e1n<\/h4>\n        <p>\n          Il sentiero prosegue in leggera discesa lungo la stessa strada\n          dell&#8217;andata; all&#8217;uscita di Gond\u00e1n imbocchiamo un sentiero asfaltato\n          sulla destra e dopo 200 metri giriamo a sinistra. Proseguiamo\n          attraverso un terreno ondulato, con splendide viste sulla valle di\n          Cabarcos. Dopo 800 metri torniamo sulla strada; passiamo davanti\n          all&#8217;ostello municipale di San Xusto de Cabarcos che occupava l&#8217;antica\n          scuola rurale.\n        <\/p>\n      <\/div>\n      <hr \/>\n      <div>\n        <h4>Km 22,7 &#8231; San Xusto de Cabarcos<\/h4>\n        <p>\n          Superiamo con prudenza una curva, poi lasciamo la strada e giriamo a\n          sinistra su un&#8217;altra strada; la percorriamo in salita e, prima di\n          arrivare al cimitero, imbocchiamo un sentiero sterrato sulla sinistra\n          che attraversa prima una zona di prati e poi un bosco di eucalipti.\n          Proseguiamo su sentieri sterrati per 2,4 km fino a raggiungere una\n          strada asfaltata; la percorriamo a sinistra per soli 30 metri prima di\n          lasciarla sulla destra. \u00c8 possibile vedere Lourenz\u00e1. Scendiamo verso\n          il campo da calcio e la cappella di Santa Cruz, davanti alla quale\n          giriamo a destra su un sentiero che termina con una rampa piuttosto\n          scivolosa che ci porta davanti alle prime case di Vilanova de\n          Lourenz\u00e1.\n        <\/p>\n        <p>\n          Giunti nel centro della citt\u00e0, scendiamo fino al letto del fiume Baos\n          per attraversarlo sul Ponte de Pedra, di origine medievale e con un\n          unico arco; attraversiamo la strada LU-153 e proseguiamo dritti lungo\n          la r\u00faa Montero Villegas verso il centro della citt\u00e0. Nella Plaza del\n          Conde Santo si trovano il municipio, che occupa l&#8217;edificio dell&#8217;ex\n          monastero benedettino di San Salvador, e la chiesa di Santa Mar\u00eda.\n        <\/p>\n      <\/div>\n      <hr \/>\n      <div>\n        <h4>Km 28,4 &#8231; Lourenz\u00e1<\/h4>\n        <a class=\"town-link\" href=\"https:\/\/www.pilgrim.es\/it\/cammino-nord\/vilanova-de-lourenza\/\">\n          <div class=\"town-link__link-content\">\n            <div class=\"town-link__link-content__text\">\n              <p>Informazioni Local<\/p>\n              <p>Polizia, Assistenza medica, Cosa vedere, Dove mangiare&#8230;<\/p>\n            <\/div>\n            <div class=\"town-link__link-content__town-btn\">\n              <i class=\"icon-arrow\"><\/i>\n            <\/div>\n          <\/div>\n        <\/a>\n      <\/div>\n    <\/div>\n\n    <div id=\"locationsSection\">\n      <h2 class=\"p-h2-stage\">Paesi<\/h2>\n      <hr \/>\n      <h3 class=\"p-h3-stage\">Villaggi<\/h3>\n      <div class=\"grid-container\">\n        <div class=\"p-group card-stage p-max-w-full\">\n          <a class=\"town-card\" href=\"https:\/\/www.pilgrim.es\/it\/cammino-nord\/ribadeo\/\">\n            <div class=\"card-stage__header\">\n              <img decoding=\"async\"\n                alt=\"Ribadeo\"\n                class=\"group-hover:p-scale-110\"\n                src=\"https:\/\/cdn.pilgrim.es\/web\/caminos\/camino-norte\/pueblos\/ribadeo.jpg\"\n              \/>\n              <div class=\"card-overlay group-hover:p-opacity-50\"><\/div>\n            <\/div>\n            <div class=\"town-card__flex-container\">\n              <div class=\"town-card__flex-container__info\">\n                <h3>Ribadeo<\/h3>\n                <p>Provincia: Lugo<\/p>\n              <\/div>\n              <div class=\"town-card__flex-container__btn\">\n                <i class=\"icon-arrow\"><\/i>\n              <\/div>\n            <\/div>\n          <\/a>\n        <\/div>\n        <div class=\"p-group card-stage p-max-w-full\">\n          <a class=\"town-card\" href=\"https:\/\/www.pilgrim.es\/it\/cammino-nord\/vilanova-de-lourenza\/\">\n            <div class=\"card-stage__header\">\n              <img decoding=\"async\"\n                alt=\"Lourenza\"\n                class=\"group-hover:p-scale-110\"\n                src=\"https:\/\/cdn.pilgrim.es\/web\/caminos\/camino-norte\/pueblos\/lourenza.jpg\"\n              \/>\n              <div class=\"card-overlay group-hover:p-opacity-50\"><\/div>\n            <\/div>\n            <div class=\"town-card__flex-container\">\n              <div class=\"town-card__flex-container__info\">\n                <h3>Lourenz\u00e1<\/h3>\n                <p>Provincia: Lugo<\/p>\n              <\/div>\n              <div class=\"town-card__flex-container__btn\">\n                <i class=\"icon-arrow\"><\/i>\n              <\/div>\n            <\/div>\n          <\/a>\n        <\/div>\n      <\/div>\n    <\/div>\n    <hr class=\"single-bar\" \/>\n  <\/div>\n<\/section>\n<section id=\"stageChange\">\n  <div>\n    <a class=\"change-btn\" href=\"https:\/\/www.pilgrim.es\/it\/cammino-nord\/tappa-27-la-caridad-ribadeo\/\">\n      <div class=\"change-btn\">\n        <div class=\"btn-arrow previous\">\n          <i class=\"icon-arrow\"><\/i>\n        <\/div>\n        <div class=\"change-btn__info\">\n          <div>Tappa 27<\/div>\n          <p>La Caridad &#10095; <br \/>Ribadeo<\/p>\n        <\/div>\n      <\/div>\n    <\/a>\n    <a class=\"change-btn\" href=\"https:\/\/www.pilgrim.es\/it\/cammino-nord\/tappa-29-lourenza-abadin\/\">\n      <div class=\"change-btn__info\">\n        <div>Tappa 29<\/div>\n        <p>Lourenz\u00e1 &#10095; <br \/>Abad\u00edn<\/p>\n      <\/div>\n      <div class=\"btn-arrow\">\n        <i class=\"icon-arrow\"><\/i>\n      <\/div>\n    <\/a>\n  <\/div>\n<\/section>\n\n\n\n<p><\/p>\n","protected":false},"excerpt":{"rendered":"<p>Cammino del Nord &#8231; Tappa 28 A piedi 35 Tappe \/ 824 kms Ribadeo\u276d Lourenz\u00e1 28,4 Km &#10094; Tappa 27 Tappa 29 &#10095; Informazioni Profilo Itinerario Paesi Informazioni Informazioni su questa tappa Il Cammino del Nord inizia il suo percorso in Galizia dalla cittadina medievale di Ribadeo, al confine tra le province di Lugo e &hellip; <\/p>\n<p class=\"read_more\"><a href=\"https:\/\/www.pilgrim.es\/it\/cammino-nord\/tappa-28-ribadeo-lourenza\/\">Leer m\u00e1s<\/a><\/p>\n","protected":false},"author":4,"featured_media":11713,"parent":10817,"menu_order":0,"comment_status":"closed","ping_status":"closed","template":"views\/template-new-web-design.blade.php","meta":{"footnotes":""},"categories":[],"tags":[],"class_list":["post-48279","page","type-page","status-publish","has-post-thumbnail","hentry"],"yoast_head":"<!-- This site is optimized with the Yoast SEO plugin v27.4 - https:\/\/yoast.com\/product\/yoast-seo-wordpress\/ -->\n<title>Cammino del Nord da Ribadeo a Lourenz\u00e1 | Cammino di Santiago | Pilgrim<\/title>\n<meta name=\"description\" content=\"Cammino del Nord: Tappa 27 del Cammino di Santiago che passa tra i villaggi di Ribadeo e Lourenz\u00e1. Scopri tutte le informazioni e pianifica la tua tappa.\" \/>\n<meta name=\"robots\" content=\"index, follow, max-snippet:-1, max-image-preview:large, max-video-preview:-1\" \/>\n<link rel=\"canonical\" href=\"https:\/\/www.pilgrim.es\/it\/cammino-nord\/tappa-28-ribadeo-lourenza\/\" \/>\n<meta property=\"og:locale\" content=\"it_IT\" \/>\n<meta property=\"og:type\" content=\"article\" \/>\n<meta property=\"og:title\" content=\"Cammino del Nord da Ribadeo a Lourenz\u00e1 | Cammino di Santiago | Pilgrim\" \/>\n<meta property=\"og:description\" content=\"Cammino del Nord: Tappa 27 del Cammino di Santiago che passa tra i villaggi di Ribadeo e Lourenz\u00e1. Scopri tutte le informazioni e pianifica la tua tappa.\" \/>\n<meta property=\"og:url\" content=\"https:\/\/www.pilgrim.es\/it\/cammino-nord\/tappa-28-ribadeo-lourenza\/\" \/>\n<meta property=\"og:site_name\" content=\"Pilgrim\" \/>\n<meta property=\"article:publisher\" content=\"https:\/\/www.facebook.com\/pilgrim.es\/\" \/>\n<meta property=\"article:modified_time\" content=\"2025-04-24T12:40:21+00:00\" \/>\n<meta property=\"og:image\" content=\"https:\/\/www.pilgrim.es\/wp-content\/uploads\/2019\/02\/camino_norte_etapa_27.jpg\" \/>\n\t<meta property=\"og:image:width\" content=\"1634\" \/>\n\t<meta property=\"og:image:height\" content=\"546\" \/>\n\t<meta property=\"og:image:type\" content=\"image\/jpeg\" \/>\n<meta name=\"twitter:card\" content=\"summary_large_image\" \/>\n<meta name=\"twitter:site\" content=\"@pilgrim_es\" \/>\n<meta name=\"twitter:label1\" content=\"Tempo di lettura stimato\" \/>\n\t<meta name=\"twitter:data1\" content=\"5 minuti\" \/>\n<script type=\"application\/ld+json\" class=\"yoast-schema-graph\">{\"@context\":\"https:\\\/\\\/schema.org\",\"@graph\":[{\"@type\":\"WebPage\",\"@id\":\"https:\\\/\\\/www.pilgrim.es\\\/it\\\/cammino-nord\\\/tappa-28-ribadeo-lourenza\\\/\",\"url\":\"https:\\\/\\\/www.pilgrim.es\\\/it\\\/cammino-nord\\\/tappa-28-ribadeo-lourenza\\\/\",\"name\":\"Cammino del Nord da Ribadeo a Lourenz\u00e1 | Cammino di Santiago | Pilgrim\",\"isPartOf\":{\"@id\":\"https:\\\/\\\/www.pilgrim.es\\\/it\\\/#website\"},\"primaryImageOfPage\":{\"@id\":\"https:\\\/\\\/www.pilgrim.es\\\/it\\\/cammino-nord\\\/tappa-28-ribadeo-lourenza\\\/#primaryimage\"},\"image\":{\"@id\":\"https:\\\/\\\/www.pilgrim.es\\\/it\\\/cammino-nord\\\/tappa-28-ribadeo-lourenza\\\/#primaryimage\"},\"thumbnailUrl\":\"https:\\\/\\\/www.pilgrim.es\\\/wp-content\\\/uploads\\\/2019\\\/02\\\/camino_norte_etapa_27.jpg\",\"datePublished\":\"2019-10-18T08:33:35+00:00\",\"dateModified\":\"2025-04-24T12:40:21+00:00\",\"description\":\"Cammino del Nord: Tappa 27 del Cammino di Santiago che passa tra i villaggi di Ribadeo e Lourenz\u00e1. Scopri tutte le informazioni e pianifica la tua tappa.\",\"breadcrumb\":{\"@id\":\"https:\\\/\\\/www.pilgrim.es\\\/it\\\/cammino-nord\\\/tappa-28-ribadeo-lourenza\\\/#breadcrumb\"},\"inLanguage\":\"it-IT\",\"potentialAction\":[{\"@type\":\"ReadAction\",\"target\":[\"https:\\\/\\\/www.pilgrim.es\\\/it\\\/cammino-nord\\\/tappa-28-ribadeo-lourenza\\\/\"]}]},{\"@type\":\"ImageObject\",\"inLanguage\":\"it-IT\",\"@id\":\"https:\\\/\\\/www.pilgrim.es\\\/it\\\/cammino-nord\\\/tappa-28-ribadeo-lourenza\\\/#primaryimage\",\"url\":\"https:\\\/\\\/www.pilgrim.es\\\/wp-content\\\/uploads\\\/2019\\\/02\\\/camino_norte_etapa_27.jpg\",\"contentUrl\":\"https:\\\/\\\/www.pilgrim.es\\\/wp-content\\\/uploads\\\/2019\\\/02\\\/camino_norte_etapa_27.jpg\",\"width\":1634,\"height\":546,\"caption\":\"Mappa Tappa 27 Cammino del Nord\"},{\"@type\":\"BreadcrumbList\",\"@id\":\"https:\\\/\\\/www.pilgrim.es\\\/it\\\/cammino-nord\\\/tappa-28-ribadeo-lourenza\\\/#breadcrumb\",\"itemListElement\":[{\"@type\":\"ListItem\",\"position\":1,\"name\":\"Camino de Santiago\",\"item\":\"https:\\\/\\\/www.pilgrim.es\\\/it\\\/\"},{\"@type\":\"ListItem\",\"position\":2,\"name\":\"Cammino del Nord\",\"item\":\"https:\\\/\\\/www.pilgrim.es\\\/it\\\/cammino-nord\\\/\"},{\"@type\":\"ListItem\",\"position\":3,\"name\":\"Cammino del Nord | Tappa 28: Ribadeo &#8211; Lourenz\u00e1\"}]},{\"@type\":\"WebSite\",\"@id\":\"https:\\\/\\\/www.pilgrim.es\\\/it\\\/#website\",\"url\":\"https:\\\/\\\/www.pilgrim.es\\\/it\\\/\",\"name\":\"Pilgrim\",\"description\":\"Camino de Santiago | Caminamos Contigo\",\"publisher\":{\"@id\":\"https:\\\/\\\/www.pilgrim.es\\\/it\\\/#organization\"},\"potentialAction\":[{\"@type\":\"SearchAction\",\"target\":{\"@type\":\"EntryPoint\",\"urlTemplate\":\"https:\\\/\\\/www.pilgrim.es\\\/it\\\/?s={search_term_string}\"},\"query-input\":{\"@type\":\"PropertyValueSpecification\",\"valueRequired\":true,\"valueName\":\"search_term_string\"}}],\"inLanguage\":\"it-IT\"},{\"@type\":\"Organization\",\"@id\":\"https:\\\/\\\/www.pilgrim.es\\\/it\\\/#organization\",\"name\":\"Pilgrim Camino de Santiago\",\"url\":\"https:\\\/\\\/www.pilgrim.es\\\/it\\\/\",\"logo\":{\"@type\":\"ImageObject\",\"inLanguage\":\"it-IT\",\"@id\":\"https:\\\/\\\/www.pilgrim.es\\\/it\\\/#\\\/schema\\\/logo\\\/image\\\/\",\"url\":\"https:\\\/\\\/www.pilgrim.es\\\/wp-content\\\/uploads\\\/2019\\\/04\\\/logo_pilgrim.png\",\"contentUrl\":\"https:\\\/\\\/www.pilgrim.es\\\/wp-content\\\/uploads\\\/2019\\\/04\\\/logo_pilgrim.png\",\"width\":512,\"height\":512,\"caption\":\"Pilgrim Camino de Santiago\"},\"image\":{\"@id\":\"https:\\\/\\\/www.pilgrim.es\\\/it\\\/#\\\/schema\\\/logo\\\/image\\\/\"},\"sameAs\":[\"https:\\\/\\\/www.facebook.com\\\/pilgrim.es\\\/\",\"https:\\\/\\\/x.com\\\/pilgrim_es\",\"https:\\\/\\\/www.instagram.com\\\/pilgrim.es\\\/\",\"https:\\\/\\\/www.linkedin.com\\\/company\\\/pilgrim-camino-de-santiago\\\/\",\"https:\\\/\\\/www.pinterest.es\\\/pilgrimcaminodesantiago\\\/\",\"https:\\\/\\\/www.youtube.com\\\/channel\\\/UCIv2ZzFLXVqthkNF32rKedw\\\/featured\"]}]}<\/script>\n<!-- \/ Yoast SEO plugin. -->","yoast_head_json":{"title":"Cammino del Nord da Ribadeo a Lourenz\u00e1 | Cammino di Santiago | Pilgrim","description":"Cammino del Nord: Tappa 27 del Cammino di Santiago che passa tra i villaggi di Ribadeo e Lourenz\u00e1. Scopri tutte le informazioni e pianifica la tua tappa.","robots":{"index":"index","follow":"follow","max-snippet":"max-snippet:-1","max-image-preview":"max-image-preview:large","max-video-preview":"max-video-preview:-1"},"canonical":"https:\/\/www.pilgrim.es\/it\/cammino-nord\/tappa-28-ribadeo-lourenza\/","og_locale":"it_IT","og_type":"article","og_title":"Cammino del Nord da Ribadeo a Lourenz\u00e1 | Cammino di Santiago | Pilgrim","og_description":"Cammino del Nord: Tappa 27 del Cammino di Santiago che passa tra i villaggi di Ribadeo e Lourenz\u00e1. Scopri tutte le informazioni e pianifica la tua tappa.","og_url":"https:\/\/www.pilgrim.es\/it\/cammino-nord\/tappa-28-ribadeo-lourenza\/","og_site_name":"Pilgrim","article_publisher":"https:\/\/www.facebook.com\/pilgrim.es\/","article_modified_time":"2025-04-24T12:40:21+00:00","og_image":[{"width":1634,"height":546,"url":"https:\/\/www.pilgrim.es\/wp-content\/uploads\/2019\/02\/camino_norte_etapa_27.jpg","type":"image\/jpeg"}],"twitter_card":"summary_large_image","twitter_site":"@pilgrim_es","twitter_misc":{"Tempo di lettura stimato":"5 minuti"},"schema":{"@context":"https:\/\/schema.org","@graph":[{"@type":"WebPage","@id":"https:\/\/www.pilgrim.es\/it\/cammino-nord\/tappa-28-ribadeo-lourenza\/","url":"https:\/\/www.pilgrim.es\/it\/cammino-nord\/tappa-28-ribadeo-lourenza\/","name":"Cammino del Nord da Ribadeo a Lourenz\u00e1 | Cammino di Santiago | Pilgrim","isPartOf":{"@id":"https:\/\/www.pilgrim.es\/it\/#website"},"primaryImageOfPage":{"@id":"https:\/\/www.pilgrim.es\/it\/cammino-nord\/tappa-28-ribadeo-lourenza\/#primaryimage"},"image":{"@id":"https:\/\/www.pilgrim.es\/it\/cammino-nord\/tappa-28-ribadeo-lourenza\/#primaryimage"},"thumbnailUrl":"https:\/\/www.pilgrim.es\/wp-content\/uploads\/2019\/02\/camino_norte_etapa_27.jpg","datePublished":"2019-10-18T08:33:35+00:00","dateModified":"2025-04-24T12:40:21+00:00","description":"Cammino del Nord: Tappa 27 del Cammino di Santiago che passa tra i villaggi di Ribadeo e Lourenz\u00e1. Scopri tutte le informazioni e pianifica la tua tappa.","breadcrumb":{"@id":"https:\/\/www.pilgrim.es\/it\/cammino-nord\/tappa-28-ribadeo-lourenza\/#breadcrumb"},"inLanguage":"it-IT","potentialAction":[{"@type":"ReadAction","target":["https:\/\/www.pilgrim.es\/it\/cammino-nord\/tappa-28-ribadeo-lourenza\/"]}]},{"@type":"ImageObject","inLanguage":"it-IT","@id":"https:\/\/www.pilgrim.es\/it\/cammino-nord\/tappa-28-ribadeo-lourenza\/#primaryimage","url":"https:\/\/www.pilgrim.es\/wp-content\/uploads\/2019\/02\/camino_norte_etapa_27.jpg","contentUrl":"https:\/\/www.pilgrim.es\/wp-content\/uploads\/2019\/02\/camino_norte_etapa_27.jpg","width":1634,"height":546,"caption":"Mappa Tappa 27 Cammino del Nord"},{"@type":"BreadcrumbList","@id":"https:\/\/www.pilgrim.es\/it\/cammino-nord\/tappa-28-ribadeo-lourenza\/#breadcrumb","itemListElement":[{"@type":"ListItem","position":1,"name":"Camino de Santiago","item":"https:\/\/www.pilgrim.es\/it\/"},{"@type":"ListItem","position":2,"name":"Cammino del Nord","item":"https:\/\/www.pilgrim.es\/it\/cammino-nord\/"},{"@type":"ListItem","position":3,"name":"Cammino del Nord | Tappa 28: Ribadeo &#8211; Lourenz\u00e1"}]},{"@type":"WebSite","@id":"https:\/\/www.pilgrim.es\/it\/#website","url":"https:\/\/www.pilgrim.es\/it\/","name":"Pilgrim","description":"Camino de Santiago | Caminamos Contigo","publisher":{"@id":"https:\/\/www.pilgrim.es\/it\/#organization"},"potentialAction":[{"@type":"SearchAction","target":{"@type":"EntryPoint","urlTemplate":"https:\/\/www.pilgrim.es\/it\/?s={search_term_string}"},"query-input":{"@type":"PropertyValueSpecification","valueRequired":true,"valueName":"search_term_string"}}],"inLanguage":"it-IT"},{"@type":"Organization","@id":"https:\/\/www.pilgrim.es\/it\/#organization","name":"Pilgrim Camino de Santiago","url":"https:\/\/www.pilgrim.es\/it\/","logo":{"@type":"ImageObject","inLanguage":"it-IT","@id":"https:\/\/www.pilgrim.es\/it\/#\/schema\/logo\/image\/","url":"https:\/\/www.pilgrim.es\/wp-content\/uploads\/2019\/04\/logo_pilgrim.png","contentUrl":"https:\/\/www.pilgrim.es\/wp-content\/uploads\/2019\/04\/logo_pilgrim.png","width":512,"height":512,"caption":"Pilgrim Camino de Santiago"},"image":{"@id":"https:\/\/www.pilgrim.es\/it\/#\/schema\/logo\/image\/"},"sameAs":["https:\/\/www.facebook.com\/pilgrim.es\/","https:\/\/x.com\/pilgrim_es","https:\/\/www.instagram.com\/pilgrim.es\/","https:\/\/www.linkedin.com\/company\/pilgrim-camino-de-santiago\/","https:\/\/www.pinterest.es\/pilgrimcaminodesantiago\/","https:\/\/www.youtube.com\/channel\/UCIv2ZzFLXVqthkNF32rKedw\/featured"]}]}},"_links":{"self":[{"href":"https:\/\/www.pilgrim.es\/it\/wp-json\/wp\/v2\/pages\/48279","targetHints":{"allow":["GET"]}}],"collection":[{"href":"https:\/\/www.pilgrim.es\/it\/wp-json\/wp\/v2\/pages"}],"about":[{"href":"https:\/\/www.pilgrim.es\/it\/wp-json\/wp\/v2\/types\/page"}],"author":[{"embeddable":true,"href":"https:\/\/www.pilgrim.es\/it\/wp-json\/wp\/v2\/users\/4"}],"replies":[{"embeddable":true,"href":"https:\/\/www.pilgrim.es\/it\/wp-json\/wp\/v2\/comments?post=48279"}],"version-history":[{"count":15,"href":"https:\/\/www.pilgrim.es\/it\/wp-json\/wp\/v2\/pages\/48279\/revisions"}],"predecessor-version":[{"id":129570,"href":"https:\/\/www.pilgrim.es\/it\/wp-json\/wp\/v2\/pages\/48279\/revisions\/129570"}],"up":[{"embeddable":true,"href":"https:\/\/www.pilgrim.es\/it\/wp-json\/wp\/v2\/pages\/10817"}],"wp:featuredmedia":[{"embeddable":true,"href":"https:\/\/www.pilgrim.es\/it\/wp-json\/wp\/v2\/media\/11713"}],"wp:attachment":[{"href":"https:\/\/www.pilgrim.es\/it\/wp-json\/wp\/v2\/media?parent=48279"}],"wp:term":[{"taxonomy":"category","embeddable":true,"href":"https:\/\/www.pilgrim.es\/it\/wp-json\/wp\/v2\/categories?post=48279"},{"taxonomy":"post_tag","embeddable":true,"href":"https:\/\/www.pilgrim.es\/it\/wp-json\/wp\/v2\/tags?post=48279"}],"curies":[{"name":"wp","href":"https:\/\/api.w.org\/{rel}","templated":true}]}}