{"id":47994,"date":"2019-10-16T10:05:07","date_gmt":"2019-10-16T10:05:07","guid":{"rendered":"https:\/\/prod.pilgrim.es\/cammino-basco\/tappa-9b-haro-santo-domingo-la-calzada\/"},"modified":"2025-04-25T10:32:04","modified_gmt":"2025-04-25T10:32:04","slug":"tappa-9b-haro-santo-domingo-la-calzada","status":"publish","type":"page","link":"https:\/\/www.pilgrim.es\/it\/cammino-basco\/tappa-9b-haro-santo-domingo-la-calzada\/","title":{"rendered":"Cammino Vasco | Tappa 9B: Haro &#8211; Santo Domingo della Calzada"},"content":{"rendered":"\n<section id=\"heroStage\">\n    <h1>Cammino Basco &#8231; Tappa 9b<\/h1>\n    <div>\n        <div class=\"hero\" data-background=\"https:\/\/cdn.pilgrim.es\/web\/caminos\/camino-vasco-interior\/pueblos\/haro.jpg\">\n            <div class=\"hero__container\">\n                <div class=\"hero__container__labels\">\n                    <p>A piedi<\/p>\n                    <p>12 tappe \/ 252 kms<\/p>\n                    <p>9 tappe \/ 199 kms<\/p>\n                <\/div>\n                <div class=\"hero__container__stage-name\">\n                    <h2>\n                        Haro <br \/>\n                        <span>&#10093;<\/span>\n                        Santo Domingo de la Calzada\n                    <\/h2>\n                    <p>20,7 Km<\/p>\n                <\/div>\n                <div class=\"hero__container__stage-changer\">\n                    <div class=\"stage-control\">\n                        <a href=\"https:\/\/www.pilgrim.es\/it\/cammino-basco\/tappa-8b-la-puebla-arganzon-haro\/\" class=\"\n                            stage-control__link\"><span>&#10094;<\/span>\n                            Tappa 8b<\/a>\n                    <\/div>\n                    <div class=\"stage-control\">\n                        <a class=\"stage-control__link\"\n                            href=\"https:\/\/www.pilgrim.es\/it\/cammino-francese\/tappa-10-santo-domingo-de-la-calzada-belorado\/\">Tappa 10\n                            (Cammino Francese)\n                            <span>&#10095;<\/span><\/a>\n                    <\/div>\n                <\/div>\n            <\/div>\n        <\/div>\n        <div class=\"planner\"><div\r\n  class=\"p-col-span-1 p-rounded-lg p-px-5 p-h-full\"\r\n  style=\"background-image: url('https:\/\/cdn.pilgrim.es\/web\/pilgrim-planner\/bg-plugin-planificador.webp')\"\r\n  rel=\"preload\"\r\n  fetchpriority=\"high\"\r\n  >\r\n    <div class=\"p-text-center p-pt-5 p-text-white p-text-2xl p-font-semibold\">\r\n      Pianifica il tuo cammino    <\/div>\r\n    <div\r\n            id='primary-app'\r\n            data-name='banner'\r\n            data-api='https:\/\/pathfinder.pilgrim.es\/api\/pathfinder\/v2'\r\n            data-mode='normal'\r\n            data-lang='it'\r\n            data-route='1'\r\n            data-destiny='https:\/\/planificador.pilgrim.es'\r\n            data-modality='1'\r\n            data-inline=''\r\n        ><\/div><\/div><\/div>\n    <\/div>\n<\/section>\n\n<section id=\"scoreBarsStage\">\n    <section>\r\n  <div class=\"p-flex p-flex-nowrap p-space-x-4 p-py-5 p-overflow-x-auto md:p-grid md:p-grid-cols-3 lg:p-grid-cols-5 md:p-gap-8 md:p-space-x-0 md:p-overflow-hidden scrollbar-thin\">\r\n    <div class=\"p-grid p-grid-cols-4 p-shrink-0 p-w-72 p-snap-start md:p-w-full\">\r\n        <div class=\"p-col-span-1 p-self-center p-text-center p-text-3xl\">\r\n            <i class=\"icon-influx\"><\/i>\r\n        <\/div>\r\n        <div class=\"p-col-span-3 p-flex p-flex-col p-items-start\">\r\n            <div class=\"p-text-start p-text-secondary p-mb-1 p-bold\"> Afflusso <\/div>\r\n            <div class=\"p-w-full p-bg-light p-rounded-full p-h-2 p-relative\">\r\n                <div class=\"p-bg-primary p-h-2 p-rounded-full p-absolute\" style=\"width: 20%;\"><\/div>\r\n            <\/div>\r\n        <\/div>\r\n    <\/div>\r\n\r\n    <div class=\"p-grid p-grid-cols-4 p-shrink-0 p-w-72 p-snap-start md:p-w-full\">\r\n        <div class=\"p-col-span-1 p-self-center p-text-center p-text-3xl\">\r\n            <i class=\"icon-difficulty\"><\/i>\r\n        <\/div>\r\n        <div class=\"p-col-span-3 p-flex p-flex-col p-items-start\">\r\n            <div class=\"p-text-start p-text-secondary p-mb-1 p-bold\"> Difficolt\u00e0 <\/div>\r\n            <div class=\"p-w-full p-bg-light p-rounded-full p-h-2 p-relative\">\r\n                <div class=\"p-bg-primary p-h-2 p-rounded-full p-absolute\" style=\"width: 20%;\"><\/div>\r\n            <\/div>\r\n        <\/div>\r\n    <\/div>\r\n\r\n    <div class=\"p-grid p-grid-cols-4 p-shrink-0 p-w-72 p-snap-start md:p-w-full\">\r\n        <div class=\"p-col-span-1 p-self-center p-text-center p-text-3xl\">\r\n            <i class=\"icon-patrimony\"><\/i>\r\n        <\/div>\r\n        <div class=\"p-col-span-3 p-flex p-flex-col p-items-start\">\r\n            <div class=\"p-text-start p-text-secondary p-mb-1 p-bold\"> Arte\/Storia <\/div>\r\n            <div class=\"p-w-full p-bg-light p-rounded-full p-h-2 p-relative\">\r\n                <div class=\"p-bg-primary p-h-2 p-rounded-full p-absolute\" style=\"width: 40%;\"><\/div>\r\n            <\/div>\r\n        <\/div>\r\n    <\/div>\r\n\r\n    <div class=\"p-grid p-grid-cols-4 p-shrink-0 p-w-72 p-snap-start md:p-w-full\">\r\n        <div class=\"p-col-span-1 p-self-center p-text-center p-text-3xl\">\r\n            <i class=\"icon-nature\"><\/i>\r\n        <\/div>\r\n        <div class=\"p-col-span-3 p-flex p-flex-col p-items-start\">\r\n            <div class=\"p-text-start p-text-secondary p-mb-1 p-bold\"> Natura <\/div>\r\n            <div class=\"p-w-full p-bg-light p-rounded-full p-h-2 p-relative\">\r\n                <div class=\"p-bg-primary p-h-2 p-rounded-full p-absolute\" style=\"width: 40%;\"><\/div>\r\n            <\/div>\r\n        <\/div>\r\n    <\/div>\r\n\r\n    <div class=\"p-grid p-grid-cols-4 p-shrink-0 p-w-72 p-snap-start md:p-w-full\">\r\n        <div class=\"p-col-span-1 p-self-center p-text-center p-text-3xl\">\r\n            <i class=\"icon-urban\"><\/i>\r\n        <\/div>\r\n        <div class=\"p-col-span-3 p-flex p-flex-col p-items-start\">\r\n            <div class=\"p-text-start p-text-secondary p-mb-1 p-bold\"> Cammino Francese <\/div>\r\n            <div class=\"p-w-full p-bg-light p-rounded-full p-h-2 p-relative\">\r\n                <div class=\"p-bg-primary p-h-2 p-rounded-full p-absolute\" style=\"width: 20%;\"><\/div>\r\n            <\/div>\r\n        <\/div>\r\n    <\/div>\r\n  <\/div>\r\n<\/section>\n<\/section>\n\n<div id=\"stage-list-section\"><div class=\"stage-list\">\n    <div class='stage-list__map-card'>\n        <div class='stage-list__map-card__map'>\n            <div class='stage-list__map-card__map__text'>\n                <h2> Pages <\/h2>\n                <p> A piedi<\/p>\n                <p> 0tappe<\/p>\n            <\/div>\n            <div class='stage-list__map-card__map__img'>\n                <img decoding=\"async\" src=\"\" alt=\" mapa \" \/>\n            <\/div>\n        <\/div>\n    <\/div>\n\n    <\/div>\n<\/div>\n\n<section id=\"navStage\">\n    <div>\n        <nav id=\"tab-navigation-section\" class=\"tab-navigation-section--cols-3\">\n            <a href=\"#infoSection\" class=\"active\">Informazioni<\/a>\n            <a href=\"#itinerarySection\">Itinerario<\/a>\n            <a href=\"#locationsSection\">Localit\u00e0<\/a>\n        <\/nav>\n\n        <div id=\"infoSection\">\n            <!-- Title Section with Orange Line -->\n            <div>\n                <h4 class=\"p-h4--section\">Informazioni<\/h4>\n                <hr class=\"orange-bar\" \/>\n                <h3 class=\"p-h3\">Su questa tappa<\/h3>\n            <\/div>\n\n            <!-- Main Content Section -->\n            <p>\n                Infine, raggiungiamo l&#8217;incrocio con il Cammino Francese e possiamo cos\u00ec proseguire verso la tomba\n                dell&#8217;Apostolo. La tappa successiva \u00e8 Santo Domingo de la Calzada &#8211; Belorado.\n            <\/p>\n\n            <div class=\"recomendation-card\">\n                <div>\n                    <i class=\"icon-logo-pilgrim\"><\/i>\n                    <h5>Raccomandazione di Pilgrim<\/h5>\n                <\/div>\n\n                <p>\n                    Qui si conclude il Cammino Basco e ci si unir\u00e0 al Cammino Francese nella prossima tappa. Se non\n                    riuscite a fare il Cammino in un&#8217;unica tappa, non preoccupatevi: molti pellegrini fanno il Cammino\n                    di Santiago in sezioni divise in diverse date.\n                <\/p>\n            <\/div>\n        <\/div>\n\n\n        <div id=\"itinerarySection\">\n            <h4 class=\"p-h4--section\">Percorso<\/h4>\n            <hr \/>\n            <h3 class=\"p-h3\">Itinerario<\/h3>\n            <div>\n                <h4>Km 0 &#8231; Haro<\/h4>\n                <p>\n                    Usciamo da Plaza de la Paz in direzione di Calle Virgen de la Vega e, all&#8217;altezza della Bas\u00edlica de\n                    Nuestra Se\u00f1or de la Vega, giriamo in Calle de Casta\u00f1ares de la Rioja e prendiamo Avenida de San\n                    Mill\u00e1n de la Cogolla per lasciare la citt\u00e0.\n                <\/p>\n            <\/div>\n            <hr \/>\n            <div>\n                <p>\n                    Proseguiamo lungo una strada parallela alla LR-203 fino a raggiungere la AP-68, che attraversiamo a\n                    un passaggio a livello e continuiamo a costeggiare l&#8217;autostrada fino a raggiungere la N-232, la\n                    attraversiamo e seguiamo la strada, attraversando il fiume Zamaca, fino a raggiungere Zarrat\u00f3n.\n                <\/p>\n            <\/div>\n            <hr \/>\n            <div>\n                <p>\n                    Attraversiamo la citt\u00e0 lungo la via Somo de Villa, che ci porta all&#8217;eremo di San Andr\u00e9s, seguiamo la\n                    strada dritta, senza deviazioni, fino a Madrid de los Trillos, e proseguiamo lungo la strada per\n                    Ba\u00f1ares, che poi si unisce alla LR-203. Arrivati a Ba\u00f1ares, attraversiamo il paese lungo le vie Real\n                    de Abajo e Real de Arriba per uscire definitivamente dalla citt\u00e0.\n                <\/p>\n            <\/div>\n            <hr \/>\n            <div>\n                <h4>Km 20,7 &#8231; Santo Domingo de la Calzada<\/h4>\n                <a class=\"town-link\" href=\"https:\/\/www.pilgrim.es\/it\/cammino-francese\/santo-domingo-de-la-calzada\/\">\n                    <div class=\"town-link__link-content\">\n                        <div class=\"town-link__link-content__text\">\n                            <p>Informazioni locali<\/p>\n                            <p>Polizia, Assistenza medica, Cosa vedere, Dove mangiare\u2026<\/p>\n                        <\/div>\n                        <div class=\"town-link__link-content__town-btn\">\n                            <i class=\"icon-arrow\"><\/i>\n                        <\/div>\n                    <\/div>\n                <\/a>\n                <p>\n                    Usciti dalla citt\u00e0, si arriva a un incrocio dove si svolta a destra e poi a sinistra, che ci porta\n                    sulla strada che da Ba\u00f1ares porta a Ezcatay per raggiungere l&#8217;autostrada A-12 e imboccare l&#8217;Avenida\n                    de Logro\u00f1o, attraverso la quale si entra a Santo Domingo de la Calzada. Questo \u00e8 il termine del\n                    Cammino basco, poich\u00e9 la tappa successiva \u00e8 gi\u00e0 inclusa nel Cammino francese.\n                <\/p>\n            <\/div>\n            <hr \/>\n        <\/div>\n\n        <div id=\"locationsSection\">\n            <h4 class=\"p-h4--section\">Localit\u00e0<\/h4>\n            <hr \/>\n            <h3 class=\"p-h3\">Villaggi<\/h3>\n            <div class=\"grid-container\">\n                <div class=\"p-group card-stage p-max-w-full\">\n                    <div class=\"card-stage__header\">\n                        <img decoding=\"async\" src=\"https:\/\/cdn.pilgrim.es\/web\/caminos\/camino-vasco-interior\/pueblos\/haro.jpg\"\n                            alt=\"Haro\" \/>\n                    <\/div>\n                    <div class=\"town-card__flex-container\">\n                        <div class=\"town-card__flex-container__info\">\n                            <h3>Haro<\/h3>\n                            <p>Provincia: La Rioja<\/p>\n                        <\/div>\n                    <\/div>\n                <\/div>\n                <div class=\"p-group card-stage p-max-w-full\">\n                    <a href=\"https:\/\/www.pilgrim.es\/it\/cammino-francese\/santo-domingo-de-la-calzada\/\" class=\"town-card\">\n                        <div class=\"card-stage__header\">\n                            <img decoding=\"async\" src=\"https:\/\/cdn.pilgrim.es\/web\/caminos\/camino-frances\/pueblos\/santo-domingo-de-la-calzada\/santo-domingo-de-la-calzada.jpg\"\n                                alt=\"Santo Domingo de la Calzada\" class=\"group-hover:p-scale-110\" \/>\n                            <div class=\"card-overlay group-hover:p-opacity-50\"><\/div>\n                        <\/div>\n                        <div class=\"town-card__flex-container\">\n                            <div class=\"town-card__flex-container__info\">\n                                <h3>Santo Domingo de la Calzada<\/h3>\n                                <p>Provincia: La Rioja<\/p>\n                            <\/div>\n                            <div class=\"town-card__flex-container__btn\">\n                                <i class=\"icon-arrow\"><\/i>\n                            <\/div>\n                        <\/div>\n                    <\/a>\n                <\/div>\n            <\/div>\n        <\/div>\n        <hr class=\"single-bar\" \/>\n    <\/div>\n<\/section>\n\n<section id=\"stageChange\">\n    <div>\n        <a href=\"https:\/\/www.pilgrim.es\/it\/cammino-basco\/tappa-8b-la-puebla-arganzon-haro\/\" class=\"change-btn\">\n            <div class=\"btn-arrow previous\">\n                <i class=\"icon-arrow\"><\/i>\n            <\/div>\n            <div class=\"change-btn__info\">\n                <div>Tappa 8b<\/div>\n                <p>\n                    La Puebla de Arganz\u00f3n &#10095; <br \/>\n                    Haro\n                <\/p>\n            <\/div>\n        <\/a>\n        <a href=\"https:\/\/www.pilgrim.es\/it\/cammino-francese\/tappa-10-santo-domingo-de-la-calzada-belorado\/\" class=\"change-btn\">\n            <div class=\"change-btn__info\">\n                <div>Tappa 10 (Cammino Francese)<\/div>\n                <p>\n                    Santo Domingo de la Calzada &#10095; <br \/>\n                    Belorado\n                <\/p>\n            <\/div>\n            <div class=\"btn-arrow\">\n                <i class=\"icon-arrow\"><\/i>\n            <\/div>\n        <\/a>\n    <\/div>\n<\/section>\n","protected":false},"excerpt":{"rendered":"<p>Cammino Basco &#8231; Tappa 9b A piedi 12 tappe \/ 252 kms 9 tappe \/ 199 kms Haro &#10093; Santo Domingo de la Calzada 20,7 Km &#10094; Tappa 8b Tappa 10 (Cammino Francese) &#10095; Informazioni Itinerario Localit\u00e0 Informazioni Su questa tappa Infine, raggiungiamo l&#8217;incrocio con il Cammino Francese e possiamo cos\u00ec proseguire verso la tomba &hellip; <\/p>\n<p class=\"read_more\"><a href=\"https:\/\/www.pilgrim.es\/it\/cammino-basco\/tappa-9b-haro-santo-domingo-la-calzada\/\">Leer m\u00e1s<\/a><\/p>\n","protected":false},"author":4,"featured_media":0,"parent":10862,"menu_order":0,"comment_status":"closed","ping_status":"closed","template":"views\/template-new-web-design.blade.php","meta":{"footnotes":""},"categories":[],"tags":[],"class_list":["post-47994","page","type-page","status-publish","hentry"],"yoast_head":"<!-- This site is optimized with the Yoast SEO plugin v27.4 - https:\/\/yoast.com\/product\/yoast-seo-wordpress\/ -->\n<title>Camino Vasco desde Haro a Santo Domingo de la Calzada | Camino de Santiago<\/title>\n<meta name=\"description\" content=\"Cammino Vasco: Tappa 9b del Cammino di Santiago che passa tra Haro e Santo Domingo della Calzada. Scopri tutte le informazioni e pianifica il tuo percorso.\" \/>\n<meta name=\"robots\" content=\"index, follow, max-snippet:-1, max-image-preview:large, max-video-preview:-1\" \/>\n<link rel=\"canonical\" href=\"https:\/\/www.pilgrim.es\/it\/cammino-basco\/tappa-9b-haro-santo-domingo-la-calzada\/\" \/>\n<meta property=\"og:locale\" content=\"it_IT\" \/>\n<meta property=\"og:type\" content=\"article\" \/>\n<meta property=\"og:title\" content=\"Camino Vasco desde Haro a Santo Domingo de la Calzada | Camino de Santiago\" \/>\n<meta property=\"og:description\" content=\"Cammino Vasco: Tappa 9b del Cammino di Santiago che passa tra Haro e Santo Domingo della Calzada. Scopri tutte le informazioni e pianifica il tuo percorso.\" \/>\n<meta property=\"og:url\" content=\"https:\/\/www.pilgrim.es\/it\/cammino-basco\/tappa-9b-haro-santo-domingo-la-calzada\/\" \/>\n<meta property=\"og:site_name\" content=\"Pilgrim\" \/>\n<meta property=\"article:publisher\" content=\"https:\/\/www.facebook.com\/pilgrim.es\/\" \/>\n<meta property=\"article:modified_time\" content=\"2025-04-25T10:32:04+00:00\" \/>\n<meta property=\"og:image\" content=\"https:\/\/cdn.pilgrim.es\/web\/caminos\/camino-vasco-interior\/pueblos\/haro.jpg\" \/>\n<meta name=\"twitter:card\" content=\"summary_large_image\" \/>\n<meta name=\"twitter:site\" content=\"@pilgrim_es\" \/>\n<meta name=\"twitter:label1\" content=\"Tempo di lettura stimato\" \/>\n\t<meta name=\"twitter:data1\" content=\"2 minuti\" \/>\n<script type=\"application\/ld+json\" class=\"yoast-schema-graph\">{\"@context\":\"https:\\\/\\\/schema.org\",\"@graph\":[{\"@type\":\"WebPage\",\"@id\":\"https:\\\/\\\/www.pilgrim.es\\\/it\\\/cammino-basco\\\/tappa-9b-haro-santo-domingo-la-calzada\\\/\",\"url\":\"https:\\\/\\\/www.pilgrim.es\\\/it\\\/cammino-basco\\\/tappa-9b-haro-santo-domingo-la-calzada\\\/\",\"name\":\"Camino Vasco desde Haro a Santo Domingo de la Calzada | Camino de Santiago\",\"isPartOf\":{\"@id\":\"https:\\\/\\\/www.pilgrim.es\\\/it\\\/#website\"},\"primaryImageOfPage\":{\"@id\":\"https:\\\/\\\/www.pilgrim.es\\\/it\\\/cammino-basco\\\/tappa-9b-haro-santo-domingo-la-calzada\\\/#primaryimage\"},\"image\":{\"@id\":\"https:\\\/\\\/www.pilgrim.es\\\/it\\\/cammino-basco\\\/tappa-9b-haro-santo-domingo-la-calzada\\\/#primaryimage\"},\"thumbnailUrl\":\"https:\\\/\\\/cdn.pilgrim.es\\\/web\\\/caminos\\\/camino-vasco-interior\\\/pueblos\\\/haro.jpg\",\"datePublished\":\"2019-10-16T10:05:07+00:00\",\"dateModified\":\"2025-04-25T10:32:04+00:00\",\"description\":\"Cammino Vasco: Tappa 9b del Cammino di Santiago che passa tra Haro e Santo Domingo della Calzada. Scopri tutte le informazioni e pianifica il tuo percorso.\",\"breadcrumb\":{\"@id\":\"https:\\\/\\\/www.pilgrim.es\\\/it\\\/cammino-basco\\\/tappa-9b-haro-santo-domingo-la-calzada\\\/#breadcrumb\"},\"inLanguage\":\"it-IT\",\"potentialAction\":[{\"@type\":\"ReadAction\",\"target\":[\"https:\\\/\\\/www.pilgrim.es\\\/it\\\/cammino-basco\\\/tappa-9b-haro-santo-domingo-la-calzada\\\/\"]}]},{\"@type\":\"ImageObject\",\"inLanguage\":\"it-IT\",\"@id\":\"https:\\\/\\\/www.pilgrim.es\\\/it\\\/cammino-basco\\\/tappa-9b-haro-santo-domingo-la-calzada\\\/#primaryimage\",\"url\":\"https:\\\/\\\/cdn.pilgrim.es\\\/web\\\/caminos\\\/camino-vasco-interior\\\/pueblos\\\/haro.jpg\",\"contentUrl\":\"https:\\\/\\\/cdn.pilgrim.es\\\/web\\\/caminos\\\/camino-vasco-interior\\\/pueblos\\\/haro.jpg\"},{\"@type\":\"BreadcrumbList\",\"@id\":\"https:\\\/\\\/www.pilgrim.es\\\/it\\\/cammino-basco\\\/tappa-9b-haro-santo-domingo-la-calzada\\\/#breadcrumb\",\"itemListElement\":[{\"@type\":\"ListItem\",\"position\":1,\"name\":\"Camino de Santiago\",\"item\":\"https:\\\/\\\/www.pilgrim.es\\\/it\\\/\"},{\"@type\":\"ListItem\",\"position\":2,\"name\":\"Il Cammino Basco dell&#8217;interno\",\"item\":\"https:\\\/\\\/www.pilgrim.es\\\/it\\\/cammino-basco\\\/\"},{\"@type\":\"ListItem\",\"position\":3,\"name\":\"Cammino Vasco | Tappa 9B: Haro &#8211; Santo Domingo della Calzada\"}]},{\"@type\":\"WebSite\",\"@id\":\"https:\\\/\\\/www.pilgrim.es\\\/it\\\/#website\",\"url\":\"https:\\\/\\\/www.pilgrim.es\\\/it\\\/\",\"name\":\"Pilgrim\",\"description\":\"Camino de Santiago | Caminamos Contigo\",\"publisher\":{\"@id\":\"https:\\\/\\\/www.pilgrim.es\\\/it\\\/#organization\"},\"potentialAction\":[{\"@type\":\"SearchAction\",\"target\":{\"@type\":\"EntryPoint\",\"urlTemplate\":\"https:\\\/\\\/www.pilgrim.es\\\/it\\\/?s={search_term_string}\"},\"query-input\":{\"@type\":\"PropertyValueSpecification\",\"valueRequired\":true,\"valueName\":\"search_term_string\"}}],\"inLanguage\":\"it-IT\"},{\"@type\":\"Organization\",\"@id\":\"https:\\\/\\\/www.pilgrim.es\\\/it\\\/#organization\",\"name\":\"Pilgrim Camino de Santiago\",\"url\":\"https:\\\/\\\/www.pilgrim.es\\\/it\\\/\",\"logo\":{\"@type\":\"ImageObject\",\"inLanguage\":\"it-IT\",\"@id\":\"https:\\\/\\\/www.pilgrim.es\\\/it\\\/#\\\/schema\\\/logo\\\/image\\\/\",\"url\":\"https:\\\/\\\/www.pilgrim.es\\\/wp-content\\\/uploads\\\/2019\\\/04\\\/logo_pilgrim.png\",\"contentUrl\":\"https:\\\/\\\/www.pilgrim.es\\\/wp-content\\\/uploads\\\/2019\\\/04\\\/logo_pilgrim.png\",\"width\":512,\"height\":512,\"caption\":\"Pilgrim Camino de Santiago\"},\"image\":{\"@id\":\"https:\\\/\\\/www.pilgrim.es\\\/it\\\/#\\\/schema\\\/logo\\\/image\\\/\"},\"sameAs\":[\"https:\\\/\\\/www.facebook.com\\\/pilgrim.es\\\/\",\"https:\\\/\\\/x.com\\\/pilgrim_es\",\"https:\\\/\\\/www.instagram.com\\\/pilgrim.es\\\/\",\"https:\\\/\\\/www.linkedin.com\\\/company\\\/pilgrim-camino-de-santiago\\\/\",\"https:\\\/\\\/www.pinterest.es\\\/pilgrimcaminodesantiago\\\/\",\"https:\\\/\\\/www.youtube.com\\\/channel\\\/UCIv2ZzFLXVqthkNF32rKedw\\\/featured\"]}]}<\/script>\n<!-- \/ Yoast SEO plugin. -->","yoast_head_json":{"title":"Camino Vasco desde Haro a Santo Domingo de la Calzada | Camino de Santiago","description":"Cammino Vasco: Tappa 9b del Cammino di Santiago che passa tra Haro e Santo Domingo della Calzada. Scopri tutte le informazioni e pianifica il tuo percorso.","robots":{"index":"index","follow":"follow","max-snippet":"max-snippet:-1","max-image-preview":"max-image-preview:large","max-video-preview":"max-video-preview:-1"},"canonical":"https:\/\/www.pilgrim.es\/it\/cammino-basco\/tappa-9b-haro-santo-domingo-la-calzada\/","og_locale":"it_IT","og_type":"article","og_title":"Camino Vasco desde Haro a Santo Domingo de la Calzada | Camino de Santiago","og_description":"Cammino Vasco: Tappa 9b del Cammino di Santiago che passa tra Haro e Santo Domingo della Calzada. Scopri tutte le informazioni e pianifica il tuo percorso.","og_url":"https:\/\/www.pilgrim.es\/it\/cammino-basco\/tappa-9b-haro-santo-domingo-la-calzada\/","og_site_name":"Pilgrim","article_publisher":"https:\/\/www.facebook.com\/pilgrim.es\/","article_modified_time":"2025-04-25T10:32:04+00:00","og_image":[{"url":"https:\/\/cdn.pilgrim.es\/web\/caminos\/camino-vasco-interior\/pueblos\/haro.jpg","type":"","width":"","height":""}],"twitter_card":"summary_large_image","twitter_site":"@pilgrim_es","twitter_misc":{"Tempo di lettura stimato":"2 minuti"},"schema":{"@context":"https:\/\/schema.org","@graph":[{"@type":"WebPage","@id":"https:\/\/www.pilgrim.es\/it\/cammino-basco\/tappa-9b-haro-santo-domingo-la-calzada\/","url":"https:\/\/www.pilgrim.es\/it\/cammino-basco\/tappa-9b-haro-santo-domingo-la-calzada\/","name":"Camino Vasco desde Haro a Santo Domingo de la Calzada | Camino de Santiago","isPartOf":{"@id":"https:\/\/www.pilgrim.es\/it\/#website"},"primaryImageOfPage":{"@id":"https:\/\/www.pilgrim.es\/it\/cammino-basco\/tappa-9b-haro-santo-domingo-la-calzada\/#primaryimage"},"image":{"@id":"https:\/\/www.pilgrim.es\/it\/cammino-basco\/tappa-9b-haro-santo-domingo-la-calzada\/#primaryimage"},"thumbnailUrl":"https:\/\/cdn.pilgrim.es\/web\/caminos\/camino-vasco-interior\/pueblos\/haro.jpg","datePublished":"2019-10-16T10:05:07+00:00","dateModified":"2025-04-25T10:32:04+00:00","description":"Cammino Vasco: Tappa 9b del Cammino di Santiago che passa tra Haro e Santo Domingo della Calzada. Scopri tutte le informazioni e pianifica il tuo percorso.","breadcrumb":{"@id":"https:\/\/www.pilgrim.es\/it\/cammino-basco\/tappa-9b-haro-santo-domingo-la-calzada\/#breadcrumb"},"inLanguage":"it-IT","potentialAction":[{"@type":"ReadAction","target":["https:\/\/www.pilgrim.es\/it\/cammino-basco\/tappa-9b-haro-santo-domingo-la-calzada\/"]}]},{"@type":"ImageObject","inLanguage":"it-IT","@id":"https:\/\/www.pilgrim.es\/it\/cammino-basco\/tappa-9b-haro-santo-domingo-la-calzada\/#primaryimage","url":"https:\/\/cdn.pilgrim.es\/web\/caminos\/camino-vasco-interior\/pueblos\/haro.jpg","contentUrl":"https:\/\/cdn.pilgrim.es\/web\/caminos\/camino-vasco-interior\/pueblos\/haro.jpg"},{"@type":"BreadcrumbList","@id":"https:\/\/www.pilgrim.es\/it\/cammino-basco\/tappa-9b-haro-santo-domingo-la-calzada\/#breadcrumb","itemListElement":[{"@type":"ListItem","position":1,"name":"Camino de Santiago","item":"https:\/\/www.pilgrim.es\/it\/"},{"@type":"ListItem","position":2,"name":"Il Cammino Basco dell&#8217;interno","item":"https:\/\/www.pilgrim.es\/it\/cammino-basco\/"},{"@type":"ListItem","position":3,"name":"Cammino Vasco | Tappa 9B: Haro &#8211; Santo Domingo della Calzada"}]},{"@type":"WebSite","@id":"https:\/\/www.pilgrim.es\/it\/#website","url":"https:\/\/www.pilgrim.es\/it\/","name":"Pilgrim","description":"Camino de Santiago | Caminamos Contigo","publisher":{"@id":"https:\/\/www.pilgrim.es\/it\/#organization"},"potentialAction":[{"@type":"SearchAction","target":{"@type":"EntryPoint","urlTemplate":"https:\/\/www.pilgrim.es\/it\/?s={search_term_string}"},"query-input":{"@type":"PropertyValueSpecification","valueRequired":true,"valueName":"search_term_string"}}],"inLanguage":"it-IT"},{"@type":"Organization","@id":"https:\/\/www.pilgrim.es\/it\/#organization","name":"Pilgrim Camino de Santiago","url":"https:\/\/www.pilgrim.es\/it\/","logo":{"@type":"ImageObject","inLanguage":"it-IT","@id":"https:\/\/www.pilgrim.es\/it\/#\/schema\/logo\/image\/","url":"https:\/\/www.pilgrim.es\/wp-content\/uploads\/2019\/04\/logo_pilgrim.png","contentUrl":"https:\/\/www.pilgrim.es\/wp-content\/uploads\/2019\/04\/logo_pilgrim.png","width":512,"height":512,"caption":"Pilgrim Camino de Santiago"},"image":{"@id":"https:\/\/www.pilgrim.es\/it\/#\/schema\/logo\/image\/"},"sameAs":["https:\/\/www.facebook.com\/pilgrim.es\/","https:\/\/x.com\/pilgrim_es","https:\/\/www.instagram.com\/pilgrim.es\/","https:\/\/www.linkedin.com\/company\/pilgrim-camino-de-santiago\/","https:\/\/www.pinterest.es\/pilgrimcaminodesantiago\/","https:\/\/www.youtube.com\/channel\/UCIv2ZzFLXVqthkNF32rKedw\/featured"]}]}},"_links":{"self":[{"href":"https:\/\/www.pilgrim.es\/it\/wp-json\/wp\/v2\/pages\/47994","targetHints":{"allow":["GET"]}}],"collection":[{"href":"https:\/\/www.pilgrim.es\/it\/wp-json\/wp\/v2\/pages"}],"about":[{"href":"https:\/\/www.pilgrim.es\/it\/wp-json\/wp\/v2\/types\/page"}],"author":[{"embeddable":true,"href":"https:\/\/www.pilgrim.es\/it\/wp-json\/wp\/v2\/users\/4"}],"replies":[{"embeddable":true,"href":"https:\/\/www.pilgrim.es\/it\/wp-json\/wp\/v2\/comments?post=47994"}],"version-history":[{"count":12,"href":"https:\/\/www.pilgrim.es\/it\/wp-json\/wp\/v2\/pages\/47994\/revisions"}],"predecessor-version":[{"id":130047,"href":"https:\/\/www.pilgrim.es\/it\/wp-json\/wp\/v2\/pages\/47994\/revisions\/130047"}],"up":[{"embeddable":true,"href":"https:\/\/www.pilgrim.es\/it\/wp-json\/wp\/v2\/pages\/10862"}],"wp:attachment":[{"href":"https:\/\/www.pilgrim.es\/it\/wp-json\/wp\/v2\/media?parent=47994"}],"wp:term":[{"taxonomy":"category","embeddable":true,"href":"https:\/\/www.pilgrim.es\/it\/wp-json\/wp\/v2\/categories?post=47994"},{"taxonomy":"post_tag","embeddable":true,"href":"https:\/\/www.pilgrim.es\/it\/wp-json\/wp\/v2\/tags?post=47994"}],"curies":[{"name":"wp","href":"https:\/\/api.w.org\/{rel}","templated":true}]}}