{"id":47076,"date":"2019-09-27T11:09:37","date_gmt":"2019-09-27T11:09:37","guid":{"rendered":"https:\/\/prod.pilgrim.es\/cammino-portoghese\/tappa-24-caldas-de-reis-padron\/"},"modified":"2025-03-24T16:40:40","modified_gmt":"2025-03-24T16:40:40","slug":"tappa-24-caldas-de-reis-padron","status":"publish","type":"page","link":"https:\/\/www.pilgrim.es\/it\/cammino-portoghese\/tappa-24-caldas-de-reis-padron\/","title":{"rendered":"Cammino Portoghese | Tappa 24: Caldas de Reis &#8211; Padr\u00f3n"},"content":{"rendered":" <section id=\"heroStage\">\n  <h1>Cammino Portoghese: Tappa 24<\/h1>\n  <div>\n    <div class=\"hero\" data-background=\"https:\/\/cdn.pilgrim.es\/web\/caminos\/camino-portugues\/pueblos\/caldas-de-reis\/caldas-de-reis.jpg\">\n      <div class=\"hero__container\">\n        <div class=\"hero__container__labels\">\n          <p>A piedi<\/p>\n          <p>25 Tappe \/ 620 Kms<\/p>\n        <\/div>\n        <div class=\"hero__container__stage-name\">\n          <h2>\n            Caldas de Reis <br \/>\n            <span>&#10093;<\/span>\n            Padr\u00f3n\n          <\/h2>\n          <p>18.6 Km<\/p>\n        <\/div>\n        <div class=\"hero__container__stage-changer\">\n            <div class=\"stage-control\">\n              <a class=\"stage-control__link\" href=\"\/it\/cammino-portoghese\/tappa-23-pontevedra-caldas-de-reis\/\"><span>&#10094;<\/span> Tappa 23<\/a>\n            <\/div>\n          <div class=\"stage-control\">\n            <a class=\"stage-control__link\" href=\"\/it\/cammino-portoghese\/tappa-25-padron-santiago-de-compostela\/\">Tappa 25 <span>&#10095;<\/span><\/a>\n          <\/div>\n        <\/div>\n      <\/div>\n    <\/div>\n    <div class=\"planner\"><div\r\n  class=\"p-col-span-1 p-rounded-lg p-px-5 p-h-full\"\r\n  style=\"background-image: url('https:\/\/cdn.pilgrim.es\/web\/pilgrim-planner\/bg-plugin-planificador.webp')\"\r\n  rel=\"preload\"\r\n  fetchpriority=\"high\"\r\n  >\r\n    <div class=\"p-text-center p-pt-5 p-text-white p-text-2xl p-font-semibold\">\r\n      Pianifica il tuo cammino    <\/div>\r\n    <div\r\n            id='primary-app'\r\n            data-name='banner'\r\n            data-api='https:\/\/pathfinder.pilgrim.es\/api\/pathfinder\/v2'\r\n            data-mode='normal'\r\n            data-lang='it'\r\n            data-route='1'\r\n            data-destiny='https:\/\/planificador.pilgrim.es'\r\n            data-modality='1'\r\n            data-inline=''\r\n        ><\/div><\/div><\/div>\n  <\/div>\n<\/section>\n\n<section id=\"scoreBarsStage\">\n  <section>\r\n  <div class=\"p-flex p-flex-nowrap p-space-x-4 p-py-5 p-overflow-x-auto md:p-grid md:p-grid-cols-3 lg:p-grid-cols-5 md:p-gap-8 md:p-space-x-0 md:p-overflow-hidden scrollbar-thin\">\r\n    <div class=\"p-grid p-grid-cols-4 p-shrink-0 p-w-72 p-snap-start md:p-w-full\">\r\n        <div class=\"p-col-span-1 p-self-center p-text-center p-text-3xl\">\r\n            <i class=\"icon-influx\"><\/i>\r\n        <\/div>\r\n        <div class=\"p-col-span-3 p-flex p-flex-col p-items-start\">\r\n            <div class=\"p-text-start p-text-secondary p-mb-1 p-bold\"> Afflusso <\/div>\r\n            <div class=\"p-w-full p-bg-light p-rounded-full p-h-2 p-relative\">\r\n                <div class=\"p-bg-primary p-h-2 p-rounded-full p-absolute\" style=\"width: 40%;\"><\/div>\r\n            <\/div>\r\n        <\/div>\r\n    <\/div>\r\n\r\n    <div class=\"p-grid p-grid-cols-4 p-shrink-0 p-w-72 p-snap-start md:p-w-full\">\r\n        <div class=\"p-col-span-1 p-self-center p-text-center p-text-3xl\">\r\n            <i class=\"icon-difficulty\"><\/i>\r\n        <\/div>\r\n        <div class=\"p-col-span-3 p-flex p-flex-col p-items-start\">\r\n            <div class=\"p-text-start p-text-secondary p-mb-1 p-bold\"> Difficolt\u00e0 <\/div>\r\n            <div class=\"p-w-full p-bg-light p-rounded-full p-h-2 p-relative\">\r\n                <div class=\"p-bg-primary p-h-2 p-rounded-full p-absolute\" style=\"width: 100%;\"><\/div>\r\n            <\/div>\r\n        <\/div>\r\n    <\/div>\r\n\r\n    <div class=\"p-grid p-grid-cols-4 p-shrink-0 p-w-72 p-snap-start md:p-w-full\">\r\n        <div class=\"p-col-span-1 p-self-center p-text-center p-text-3xl\">\r\n            <i class=\"icon-patrimony\"><\/i>\r\n        <\/div>\r\n        <div class=\"p-col-span-3 p-flex p-flex-col p-items-start\">\r\n            <div class=\"p-text-start p-text-secondary p-mb-1 p-bold\"> Arte\/Storia <\/div>\r\n            <div class=\"p-w-full p-bg-light p-rounded-full p-h-2 p-relative\">\r\n                <div class=\"p-bg-primary p-h-2 p-rounded-full p-absolute\" style=\"width: 60%;\"><\/div>\r\n            <\/div>\r\n        <\/div>\r\n    <\/div>\r\n\r\n    <div class=\"p-grid p-grid-cols-4 p-shrink-0 p-w-72 p-snap-start md:p-w-full\">\r\n        <div class=\"p-col-span-1 p-self-center p-text-center p-text-3xl\">\r\n            <i class=\"icon-nature\"><\/i>\r\n        <\/div>\r\n        <div class=\"p-col-span-3 p-flex p-flex-col p-items-start\">\r\n            <div class=\"p-text-start p-text-secondary p-mb-1 p-bold\"> Natura <\/div>\r\n            <div class=\"p-w-full p-bg-light p-rounded-full p-h-2 p-relative\">\r\n                <div class=\"p-bg-primary p-h-2 p-rounded-full p-absolute\" style=\"width: 40%;\"><\/div>\r\n            <\/div>\r\n        <\/div>\r\n    <\/div>\r\n\r\n    <div class=\"p-grid p-grid-cols-4 p-shrink-0 p-w-72 p-snap-start md:p-w-full\">\r\n        <div class=\"p-col-span-1 p-self-center p-text-center p-text-3xl\">\r\n            <i class=\"icon-urban\"><\/i>\r\n        <\/div>\r\n        <div class=\"p-col-span-3 p-flex p-flex-col p-items-start\">\r\n            <div class=\"p-text-start p-text-secondary p-mb-1 p-bold\"> Cammino Francese <\/div>\r\n            <div class=\"p-w-full p-bg-light p-rounded-full p-h-2 p-relative\">\r\n                <div class=\"p-bg-primary p-h-2 p-rounded-full p-absolute\" style=\"width: 20%;\"><\/div>\r\n            <\/div>\r\n        <\/div>\r\n    <\/div>\r\n  <\/div>\r\n<\/section>\n<\/section>\n\n<div id=\"stage-list-section\"><div class=\"stage-list\">\n    <div class='stage-list__map-card'>\n        <div class='stage-list__map-card__map'>\n            <div class='stage-list__map-card__map__text'>\n                <h2> Pages <\/h2>\n                <p> A piedi<\/p>\n                <p> 0tappe<\/p>\n            <\/div>\n            <div class='stage-list__map-card__map__img'>\n                <img decoding=\"async\" src=\"\" alt=\" mapa \" \/>\n            <\/div>\n        <\/div>\n    <\/div>\n\n    <\/div>\n<\/div>\n\n<section id=\"navStage\">\n  <div>\n    <nav id=\"tab-navigation-section\" class=\"tab-navigation-section--cols-5\">\n      <a href=\"#infoSection\" class=\"active\">Informazioni<\/a>\n      <a href=\"#profileSection\">Profilo<\/a>\n      <a href=\"#itinerarySection\">Itinerario<\/a>\n      \n      <a href=\"#locationsSection\">Paesi<\/a>\n    <\/nav>\n\n    <div id=\"infoSection\">\n      <!-- Title Section with Orange Line -->\n      <div>\n        <h2 class=\"p-h2-stage\">Informazioni<\/h2>\n        <hr class=\"orange-bar\" \/>\n        <h3 class=\"p-h3-stage\">Informazioni su questa tappa<\/h3>\n      <\/div>\n\n      \n        <p>Ancora una volta dovremo sostenere la compagnia N-550, ma viaggeremo per i 18 chilometri che separano Caldas de Reis di Padr\u00f3n con gli amati villaggi, con il sigillo della strada. Oggi cambieremo la provincia di Pontevedra per quella della Coru\u00f1a, molto vicina alla capitale della Galicia.<\/p>\n      \n\n      <div class=\"recomendation-card\">\n        <div>\n          <i class=\"icon-logo-pilgrim\"><\/i>\n          <h5>Recomendaci\u00f3n Pilgrim<\/h5>\n        <\/div>\n\n        \n          <p>\u00c8 una tappa tranquilla, senza troppi salite ripide e con buona fermezza. N\u00e9 i ciclisti n\u00e9 le persone con disabilit\u00e0 incontreranno problemi.<\/p>\n        \n      <\/div>\n    <\/div>\n\n    <div id=\"profileSection\">\n      <div>\n        <h2 class=\"p-h2-stage\">Distanza e altitudine<\/h2>\n        <hr class=\"orange-bar\" \/>\n        <h3 class=\"p-h3-stage\">Profilo<\/h3>\n        <img decoding=\"async\" src=\"https:\/\/cdn.pilgrim.es\/web\/caminos\/default.jpg\" alt=\"Perfil de la etapa tappa-24-caldas-de-reis-padron\" \/>\n      <\/div>\n    <\/div>\n\n    <div id=\"itinerarySection\">\n      <h2 class=\"p-h2-stage\">Itinerario<\/h2>\n      <hr \/>\n      <h3 class=\"p-h3-stage\">Percorso<\/h3>\n\n      \n        <div>\n          <h4>Km 0 &#8211; Inicio<\/h4>\n\n          \n            <p>Abbiamo lasciato la citt\u00e1 di Caldas passando dalla via di San Roque, cercando il nostro compagno di viaggio N-550 L&#8217;incontro sar\u00e1 breve, dato che pochi metri dopo lo abbandoniamo alla destra in un sentiero rurale. \u00c9 necessario sottolineare che saremo lungo questa strada per 5 chilometri dove non incontreremo nessuno stabilimento. A poco a poco saliremo di altezza, avvicinandoci alla parrocchia di Carracedo, dove potremmo fare una buona colazione o un riposino in uno dei suo i stabilimenti . Abbiamo attraversato la strada per seguire il nostro cammino verso la chiesa di Santa Mari\u00f1a, le cui origini sono incerte,ma appartiene all&#8217;epoca romana,serviva come luogo di preghiera per i migliaia di pellegrini che partivano dal Portogallo o dal sud della Galizia. Ci siamo lasciati il tempio alle spalle, e dopo diversi incroci, abbiamo raggiunto di nuovo la strada principale, che abbiamo attraversato all&#8217;altezza di Casalderrique sulla strada per Valga. In realt\u00e1 non attraverseremo i centri urbani,ma ci avvicineremo molto.<\/p>\n          \n            <p>Attraversiamo il fiume Louro e dopo aver attraversato l&#8217;autostrada passando per il cavalcavia, scenderemo parallelamente al fiume Valga per il monte Albor per raggiungere cos\u00ed San miguel di Valgo. Qui possiamo fare una sosta lungo la strada per visitare la chiesa parrocchiale di stile neoclassico del XVIII secolo, evidenziando il suo campanile situato sulla facciata principale del tempio. Continuiamo a scendere fino al Condide, appartenente al Concello di Pontecesures e un chilometro piu\u00b4avanti andremo nel quartiere di Infesta. Qui i pellegrini potranno gustare i piatti tipici di questa zona nel ristorante A mesa da Pedra,istituito dall&#8217;Associazione Amici del Cammino per i pellegrini; il suo obbiettivo \u00e9 quello di non lasciare nessuno senza poter gustare il cibo tipico della Galizia. Come affermato dai creatori di questa iniziativa, la donazione dipender\u00e0 dal livello di soddisfazione , la qualit\u00e1 del cibo e il trattamento ricevuto. Inoltre se il visitatore non pu\u00f3 pagare, ha l&#8217;alternativa di poter fare del volontariato in cucina,servendo ai tavoli o fare le pulizie. In ogni caso, si stima che circa sette euro siano sufficienti per coprire il costo del pasto.<\/p>\n          \n            <p>Se continuiamo il nostro percorso , poco dopo troveremo l&#8217;ostello comunale di Pontecesures, da cui proseguiamo verso la chiesa di San Juli\u00e1n. Questo comune ha avuto una grande importanza nel corso della storia a causa del suo porto romano, poi chiamato &#8220;Porto di Compostela&#8221;, perch\u00e9 la maggior parte delle merci che arrivavano a Santiago provenivano da questa localit\u00e1. Passando vicino alla chiesa , quando si arriva ad una sorta di punto panoramico, vi sono due frecce che indicano l&#8217;esistenza di una variante del percorso originale. Se vogliamo evitare la strada prendiamo il cammino alla destra, che ci porter\u00e0 all&#8217;ostello di Herb\u00f3n, a circa tre chilometri di distanza. L&#8217;altro sentiero parallelo alla N-550 ci porter\u00e0 dritti a Padr\u00f3n.<\/p>\n          \n            <p>Seguendo la strada , sulla sinistra si arriva ad un valico ferroviario che attraverseremo per avvicinarci al fiume Ulla, questo ponte funge da confine tra le province di Pontevedra e A Coru\u00f1a Dopo aver attraversato il fiume,cammineremo almeno altri 2 chilometri per raggiungere il Ponte Padr\u00f3n, in questo caso oltre il fiume Sar. Continuiamo per una strada dritta che passa al lato del fiume per avvicinarsi al mercato di Abastos e alla passeggiata di Espol\u00f3n, dove si trova un monumento di Camilo Jos\u00e9 cela e sull&#8217;altra estremit\u00e1 vi \u00e9 la chiesa di Santiago e un&#8217;altra statua commemorativa di Rosalia de Castro . Questa chiesa, \u00e9 di stile neoclassico, conserva sotto l&#8217;altare maggiore un ara romana dedicata al Dio Nettuno, perch\u00e9 secondo la tradizione era qui che ormeggiarono le barche che portarono i resti dell&#8217;Apostolo dai suoi discepoli . Dopo questa visita obbligatoria,ci dirigiamo verso il letto del fiume per attraversarlo e salire al convento di Carmen, dove si trova l&#8217;ostello dei pellegrini.<\/p>\n          \n            <p>Se scegliamo di andare a Herb\u00f3n, da Pontecesures prenderemo la r\u00faa Cantillo verso il villaggio di Corti\u00f1as. In questa variante, utilizzeremo l&#8217;asfalto lungo il fiume Ulla e la vegetazione delle foreste, che ci porteranno verso il monastero di Herb\u00f3n e al suo albergo. Questo convento fu costruito alla fine del XIV secolo e da allora ospita un ordine francescano. Furono questi religiosi che nel XVI secolo portarono dalle Americhe i famosi peperoni di Herb\u00f3n o Padr\u00f3n, proiettando questa localit\u00e0 a livello nazionale e internazionale. Dopo questa piccola fermata, continueremo fino a Padr\u00f3n per la strada che corre tra le serre e dopo aver attraversato una scuola, attraverseremo la AC-242 e arriveremo alla casa museo di Rosal\u00eda de Castro in localit\u00e0 A Matanza, conosciuta anche con questo nome. Fu qui che mor\u00ec questo scrittore, simbolo del galizianesimo e di tutta la sua cultura. All&#8217;interno si pu\u00f2 apprezzare la struttura originale della casa cos\u00ec come numerose foto e ricordi personali legati a Rosal\u00eda de Castro. Da qui, lungo il viale della Stazione arriveremo al centro storico di Padr\u00f3n.<\/p>\n          \n\n          \n            <a class=\"town-link\" href=\"https:\/\/www.pilgrim.es\/it\/cammino-portoghese\/caldas-de-reis\/\">\n              <div class=\"town-link__link-content\">\n                <div class=\"town-link__link-content__text\">\n              <p>Informazioni locali<\/p>\n              <p>Polizia, Assistenza medica, Cosa vedere, Dove mangiare&#8230;<\/p>\n                <\/div>\n                <div class=\"town-link__link-content__town-btn\">\n                  <i class=\"icon-arrow\"><\/i>\n                <\/div>\n              <\/div>\n            <\/a>\n          \n        <\/div>\n        <hr \/>\n      \n      <div>\n        <h4>Km 18.6 &#8231; Padr\u00f3n<\/h4>\n        <a class=\"town-link\" href=\"https:\/\/www.pilgrim.es\/it\/cammino-portoghese\/padron\/\">\n          <div class=\"town-link__link-content\">\n            <div class=\"town-link__link-content__text\">\n              <p>Informazioni locali<\/p>\n              <p>Polizia, Assistenza medica, Cosa vedere, Dove mangiare&#8230;<\/p>\n            <\/div>\n            <div class=\"town-link__link-content__town-btn\">\n              <i class=\"icon-arrow\"><\/i>\n            <\/div>\n          <\/div>\n        <\/a>\n      <\/div>\n    <\/div>\n\n    \n\n  <div id=\"locationsSection\">\n      <h2 class=\"p-h2-stage\">Paesi<\/h2>\n      <hr \/>\n      <h3 class=\"p-h3-stage\">Villaggi<\/h3>\n      <div class=\"grid-container\">\n\n        <div class=\"p-group card-stage p-max-w-full\">\n          <a href=\"https:\/\/www.pilgrim.es\/it\/cammino-portoghese\/caldas-de-reis\/\" class=\"town-card\">\n            <div class=\"card-stage__header\">\n              <img decoding=\"async\" src=\"https:\/\/cdn.pilgrim.es\/web\/caminos\/camino-portugues\/pueblos\/caldas-de-reis\/caldas-de-reis.jpg\" alt=\"Caldas de Reis\" class=\"group-hover:p-scale-110\" \/>\n              <div class=\"card-overlay group-hover:p-opacity-50\"><\/div>\n            <\/div>\n            <div class=\"town-card__flex-container\">\n              <div class=\"town-card__flex-container__info\">\n                <h3>Caldas de Reis<\/h3>\n                <p>Provincia: Pontevedra<\/p>\n              <\/div>\n              <div class=\"town-card__flex-container__btn\">\n                <i class=\"icon-arrow\"><\/i>\n              <\/div>\n            <\/div>\n          <\/a>\n        <\/div>\n        <div class=\"p-group card-stage p-max-w-full\">\n          <a href=\"https:\/\/www.pilgrim.es\/it\/cammino-portoghese\/padron\/\" class=\"town-card\">\n            <div class=\"card-stage__header\">\n              <img decoding=\"async\" src=\"https:\/\/cdn.pilgrim.es\/web\/caminos\/camino-portugues\/pueblos\/padron\/padron.jpg\" alt=\"Padr\u00f3n\" class=\"group-hover:p-scale-110\" \/>\n              <div class=\"card-overlay group-hover:p-opacity-50\"><\/div>\n            <\/div>\n            <div class=\"town-card__flex-container\">\n              <div class=\"town-card__flex-container__info\">\n                <h3>Padr\u00f3n<\/h3>\n                <p>Provincia: A Coru\u00f1a<\/p>\n              <\/div>\n              <div class=\"town-card__flex-container__btn\">\n                <i class=\"icon-arrow\"><\/i>\n              <\/div>\n            <\/div>\n          <\/a>\n        <\/div>\n      <\/div>\n    <\/div>\n    <hr class=\"single-bar\" \/>\n  <\/div>\n<\/section>\n\n<section id=\"stageChange\">\n  <div>\n    <a href=\"\/it\/cammino-portoghese\/tappa-23-pontevedra-caldas-de-reis\/\" class=\"change-btn\">\n    <div class=\"change-btn\">\n      <div class=\"btn-arrow previous\">\n        <i class=\"icon-arrow\"><\/i>\n      <\/div>\n      <div class=\"change-btn__info\">\n        <div>Tappa 23<\/div>\n        <p>\n          Pontevedra \u276f <br> Caldas de Reis\n        <\/p>\n      <\/div>\n    <\/div>\n    <\/a>\n    <a href=\"\/it\/cammino-portoghese\/tappa-25-padron-santiago-de-compostela\/\" class=\"change-btn\">\n      <div class=\"change-btn__info\">\n        <div>Tappa 25<\/div>\n        <p>\n          Padr\u00f3n \u276f <br> Santiago de Compostela\n        <\/p>\n      <\/div>\n      <div class=\"btn-arrow\">\n        <i class=\"icon-arrow\"><\/i>\n      <\/div>\n    <\/a>\n  <\/div>\n<\/section> ","protected":false},"excerpt":{"rendered":"<p>Cammino Portoghese: Tappa 24 A piedi 25 Tappe \/ 620 Kms Caldas de Reis &#10093; Padr\u00f3n 18.6 Km &#10094; Tappa 23 Tappa 25 &#10095; Informazioni Profilo Itinerario Paesi Informazioni Informazioni su questa tappa Ancora una volta dovremo sostenere la compagnia N-550, ma viaggeremo per i 18 chilometri che separano Caldas de Reis di Padr\u00f3n con &hellip; <\/p>\n<p class=\"read_more\"><a href=\"https:\/\/www.pilgrim.es\/it\/cammino-portoghese\/tappa-24-caldas-de-reis-padron\/\">Leer m\u00e1s<\/a><\/p>\n","protected":false},"author":4,"featured_media":12641,"parent":10770,"menu_order":0,"comment_status":"closed","ping_status":"closed","template":"views\/template-new-web-design.blade.php","meta":{"footnotes":""},"categories":[],"tags":[],"class_list":["post-47076","page","type-page","status-publish","has-post-thumbnail","hentry"],"yoast_head":"<!-- This site is optimized with the Yoast SEO plugin v27.4 - https:\/\/yoast.com\/product\/yoast-seo-wordpress\/ -->\n<title>Camino Portugu\u00e9s desde Caldas de Reis a Padr\u00f3n | Camino de Santiago<\/title>\n<meta name=\"description\" content=\"Cammino Portoghese: tappa 24 del Cammino di Santiago che si snoda tra Caldas de Reis e Padr\u00f3n. scopri tutte le informazioni necessarie e pianifica la tua tappa.\" \/>\n<meta name=\"robots\" content=\"index, follow, max-snippet:-1, max-image-preview:large, max-video-preview:-1\" \/>\n<link rel=\"canonical\" href=\"https:\/\/www.pilgrim.es\/it\/cammino-portoghese\/tappa-24-caldas-de-reis-padron\/\" \/>\n<meta property=\"og:locale\" content=\"it_IT\" \/>\n<meta property=\"og:type\" content=\"article\" \/>\n<meta property=\"og:title\" content=\"Camino Portugu\u00e9s desde Caldas de Reis a Padr\u00f3n | Camino de Santiago\" \/>\n<meta property=\"og:description\" content=\"Cammino Portoghese: tappa 24 del Cammino di Santiago che si snoda tra Caldas de Reis e Padr\u00f3n. scopri tutte le informazioni necessarie e pianifica la tua tappa.\" \/>\n<meta property=\"og:url\" content=\"https:\/\/www.pilgrim.es\/it\/cammino-portoghese\/tappa-24-caldas-de-reis-padron\/\" \/>\n<meta property=\"og:site_name\" content=\"Pilgrim\" \/>\n<meta property=\"article:publisher\" content=\"https:\/\/www.facebook.com\/pilgrim.es\/\" \/>\n<meta property=\"article:modified_time\" content=\"2025-03-24T16:40:40+00:00\" \/>\n<meta property=\"og:image\" content=\"https:\/\/www.pilgrim.es\/wp-content\/uploads\/2019\/03\/camino_portugues_etapa_24.jpg\" \/>\n\t<meta property=\"og:image:width\" content=\"1633\" \/>\n\t<meta property=\"og:image:height\" content=\"547\" \/>\n\t<meta property=\"og:image:type\" content=\"image\/jpeg\" \/>\n<meta name=\"twitter:card\" content=\"summary_large_image\" \/>\n<meta name=\"twitter:site\" content=\"@pilgrim_es\" \/>\n<meta name=\"twitter:label1\" content=\"Tempo di lettura stimato\" \/>\n\t<meta name=\"twitter:data1\" content=\"5 minuti\" \/>\n<script type=\"application\/ld+json\" class=\"yoast-schema-graph\">{\"@context\":\"https:\\\/\\\/schema.org\",\"@graph\":[{\"@type\":\"WebPage\",\"@id\":\"https:\\\/\\\/www.pilgrim.es\\\/it\\\/cammino-portoghese\\\/tappa-24-caldas-de-reis-padron\\\/\",\"url\":\"https:\\\/\\\/www.pilgrim.es\\\/it\\\/cammino-portoghese\\\/tappa-24-caldas-de-reis-padron\\\/\",\"name\":\"Camino Portugu\u00e9s desde Caldas de Reis a Padr\u00f3n | Camino de Santiago\",\"isPartOf\":{\"@id\":\"https:\\\/\\\/www.pilgrim.es\\\/it\\\/#website\"},\"primaryImageOfPage\":{\"@id\":\"https:\\\/\\\/www.pilgrim.es\\\/it\\\/cammino-portoghese\\\/tappa-24-caldas-de-reis-padron\\\/#primaryimage\"},\"image\":{\"@id\":\"https:\\\/\\\/www.pilgrim.es\\\/it\\\/cammino-portoghese\\\/tappa-24-caldas-de-reis-padron\\\/#primaryimage\"},\"thumbnailUrl\":\"https:\\\/\\\/www.pilgrim.es\\\/wp-content\\\/uploads\\\/2019\\\/03\\\/camino_portugues_etapa_24.jpg\",\"datePublished\":\"2019-09-27T11:09:37+00:00\",\"dateModified\":\"2025-03-24T16:40:40+00:00\",\"description\":\"Cammino Portoghese: tappa 24 del Cammino di Santiago che si snoda tra Caldas de Reis e Padr\u00f3n. scopri tutte le informazioni necessarie e pianifica la tua tappa.\",\"breadcrumb\":{\"@id\":\"https:\\\/\\\/www.pilgrim.es\\\/it\\\/cammino-portoghese\\\/tappa-24-caldas-de-reis-padron\\\/#breadcrumb\"},\"inLanguage\":\"it-IT\",\"potentialAction\":[{\"@type\":\"ReadAction\",\"target\":[\"https:\\\/\\\/www.pilgrim.es\\\/it\\\/cammino-portoghese\\\/tappa-24-caldas-de-reis-padron\\\/\"]}]},{\"@type\":\"ImageObject\",\"inLanguage\":\"it-IT\",\"@id\":\"https:\\\/\\\/www.pilgrim.es\\\/it\\\/cammino-portoghese\\\/tappa-24-caldas-de-reis-padron\\\/#primaryimage\",\"url\":\"https:\\\/\\\/www.pilgrim.es\\\/wp-content\\\/uploads\\\/2019\\\/03\\\/camino_portugues_etapa_24.jpg\",\"contentUrl\":\"https:\\\/\\\/www.pilgrim.es\\\/wp-content\\\/uploads\\\/2019\\\/03\\\/camino_portugues_etapa_24.jpg\",\"width\":1633,\"height\":547,\"caption\":\"Mappa tappa 24 Cammino Portoghese\"},{\"@type\":\"BreadcrumbList\",\"@id\":\"https:\\\/\\\/www.pilgrim.es\\\/it\\\/cammino-portoghese\\\/tappa-24-caldas-de-reis-padron\\\/#breadcrumb\",\"itemListElement\":[{\"@type\":\"ListItem\",\"position\":1,\"name\":\"Camino de Santiago\",\"item\":\"https:\\\/\\\/www.pilgrim.es\\\/it\\\/\"},{\"@type\":\"ListItem\",\"position\":2,\"name\":\"Cammino Portoghese | Tappa 24: Caldas de Reis &#8211; Padr\u00f3n\"}]},{\"@type\":\"WebSite\",\"@id\":\"https:\\\/\\\/www.pilgrim.es\\\/it\\\/#website\",\"url\":\"https:\\\/\\\/www.pilgrim.es\\\/it\\\/\",\"name\":\"Pilgrim\",\"description\":\"Camino de Santiago | Caminamos Contigo\",\"publisher\":{\"@id\":\"https:\\\/\\\/www.pilgrim.es\\\/it\\\/#organization\"},\"potentialAction\":[{\"@type\":\"SearchAction\",\"target\":{\"@type\":\"EntryPoint\",\"urlTemplate\":\"https:\\\/\\\/www.pilgrim.es\\\/it\\\/?s={search_term_string}\"},\"query-input\":{\"@type\":\"PropertyValueSpecification\",\"valueRequired\":true,\"valueName\":\"search_term_string\"}}],\"inLanguage\":\"it-IT\"},{\"@type\":\"Organization\",\"@id\":\"https:\\\/\\\/www.pilgrim.es\\\/it\\\/#organization\",\"name\":\"Pilgrim Camino de Santiago\",\"url\":\"https:\\\/\\\/www.pilgrim.es\\\/it\\\/\",\"logo\":{\"@type\":\"ImageObject\",\"inLanguage\":\"it-IT\",\"@id\":\"https:\\\/\\\/www.pilgrim.es\\\/it\\\/#\\\/schema\\\/logo\\\/image\\\/\",\"url\":\"https:\\\/\\\/www.pilgrim.es\\\/wp-content\\\/uploads\\\/2019\\\/04\\\/logo_pilgrim.png\",\"contentUrl\":\"https:\\\/\\\/www.pilgrim.es\\\/wp-content\\\/uploads\\\/2019\\\/04\\\/logo_pilgrim.png\",\"width\":512,\"height\":512,\"caption\":\"Pilgrim Camino de Santiago\"},\"image\":{\"@id\":\"https:\\\/\\\/www.pilgrim.es\\\/it\\\/#\\\/schema\\\/logo\\\/image\\\/\"},\"sameAs\":[\"https:\\\/\\\/www.facebook.com\\\/pilgrim.es\\\/\",\"https:\\\/\\\/x.com\\\/pilgrim_es\",\"https:\\\/\\\/www.instagram.com\\\/pilgrim.es\\\/\",\"https:\\\/\\\/www.linkedin.com\\\/company\\\/pilgrim-camino-de-santiago\\\/\",\"https:\\\/\\\/www.pinterest.es\\\/pilgrimcaminodesantiago\\\/\",\"https:\\\/\\\/www.youtube.com\\\/channel\\\/UCIv2ZzFLXVqthkNF32rKedw\\\/featured\"]}]}<\/script>\n<!-- \/ Yoast SEO plugin. -->","yoast_head_json":{"title":"Camino Portugu\u00e9s desde Caldas de Reis a Padr\u00f3n | Camino de Santiago","description":"Cammino Portoghese: tappa 24 del Cammino di Santiago che si snoda tra Caldas de Reis e Padr\u00f3n. scopri tutte le informazioni necessarie e pianifica la tua tappa.","robots":{"index":"index","follow":"follow","max-snippet":"max-snippet:-1","max-image-preview":"max-image-preview:large","max-video-preview":"max-video-preview:-1"},"canonical":"https:\/\/www.pilgrim.es\/it\/cammino-portoghese\/tappa-24-caldas-de-reis-padron\/","og_locale":"it_IT","og_type":"article","og_title":"Camino Portugu\u00e9s desde Caldas de Reis a Padr\u00f3n | Camino de Santiago","og_description":"Cammino Portoghese: tappa 24 del Cammino di Santiago che si snoda tra Caldas de Reis e Padr\u00f3n. scopri tutte le informazioni necessarie e pianifica la tua tappa.","og_url":"https:\/\/www.pilgrim.es\/it\/cammino-portoghese\/tappa-24-caldas-de-reis-padron\/","og_site_name":"Pilgrim","article_publisher":"https:\/\/www.facebook.com\/pilgrim.es\/","article_modified_time":"2025-03-24T16:40:40+00:00","og_image":[{"width":1633,"height":547,"url":"https:\/\/www.pilgrim.es\/wp-content\/uploads\/2019\/03\/camino_portugues_etapa_24.jpg","type":"image\/jpeg"}],"twitter_card":"summary_large_image","twitter_site":"@pilgrim_es","twitter_misc":{"Tempo di lettura stimato":"5 minuti"},"schema":{"@context":"https:\/\/schema.org","@graph":[{"@type":"WebPage","@id":"https:\/\/www.pilgrim.es\/it\/cammino-portoghese\/tappa-24-caldas-de-reis-padron\/","url":"https:\/\/www.pilgrim.es\/it\/cammino-portoghese\/tappa-24-caldas-de-reis-padron\/","name":"Camino Portugu\u00e9s desde Caldas de Reis a Padr\u00f3n | Camino de Santiago","isPartOf":{"@id":"https:\/\/www.pilgrim.es\/it\/#website"},"primaryImageOfPage":{"@id":"https:\/\/www.pilgrim.es\/it\/cammino-portoghese\/tappa-24-caldas-de-reis-padron\/#primaryimage"},"image":{"@id":"https:\/\/www.pilgrim.es\/it\/cammino-portoghese\/tappa-24-caldas-de-reis-padron\/#primaryimage"},"thumbnailUrl":"https:\/\/www.pilgrim.es\/wp-content\/uploads\/2019\/03\/camino_portugues_etapa_24.jpg","datePublished":"2019-09-27T11:09:37+00:00","dateModified":"2025-03-24T16:40:40+00:00","description":"Cammino Portoghese: tappa 24 del Cammino di Santiago che si snoda tra Caldas de Reis e Padr\u00f3n. scopri tutte le informazioni necessarie e pianifica la tua tappa.","breadcrumb":{"@id":"https:\/\/www.pilgrim.es\/it\/cammino-portoghese\/tappa-24-caldas-de-reis-padron\/#breadcrumb"},"inLanguage":"it-IT","potentialAction":[{"@type":"ReadAction","target":["https:\/\/www.pilgrim.es\/it\/cammino-portoghese\/tappa-24-caldas-de-reis-padron\/"]}]},{"@type":"ImageObject","inLanguage":"it-IT","@id":"https:\/\/www.pilgrim.es\/it\/cammino-portoghese\/tappa-24-caldas-de-reis-padron\/#primaryimage","url":"https:\/\/www.pilgrim.es\/wp-content\/uploads\/2019\/03\/camino_portugues_etapa_24.jpg","contentUrl":"https:\/\/www.pilgrim.es\/wp-content\/uploads\/2019\/03\/camino_portugues_etapa_24.jpg","width":1633,"height":547,"caption":"Mappa tappa 24 Cammino Portoghese"},{"@type":"BreadcrumbList","@id":"https:\/\/www.pilgrim.es\/it\/cammino-portoghese\/tappa-24-caldas-de-reis-padron\/#breadcrumb","itemListElement":[{"@type":"ListItem","position":1,"name":"Camino de Santiago","item":"https:\/\/www.pilgrim.es\/it\/"},{"@type":"ListItem","position":2,"name":"Cammino Portoghese | Tappa 24: Caldas de Reis &#8211; Padr\u00f3n"}]},{"@type":"WebSite","@id":"https:\/\/www.pilgrim.es\/it\/#website","url":"https:\/\/www.pilgrim.es\/it\/","name":"Pilgrim","description":"Camino de Santiago | Caminamos Contigo","publisher":{"@id":"https:\/\/www.pilgrim.es\/it\/#organization"},"potentialAction":[{"@type":"SearchAction","target":{"@type":"EntryPoint","urlTemplate":"https:\/\/www.pilgrim.es\/it\/?s={search_term_string}"},"query-input":{"@type":"PropertyValueSpecification","valueRequired":true,"valueName":"search_term_string"}}],"inLanguage":"it-IT"},{"@type":"Organization","@id":"https:\/\/www.pilgrim.es\/it\/#organization","name":"Pilgrim Camino de Santiago","url":"https:\/\/www.pilgrim.es\/it\/","logo":{"@type":"ImageObject","inLanguage":"it-IT","@id":"https:\/\/www.pilgrim.es\/it\/#\/schema\/logo\/image\/","url":"https:\/\/www.pilgrim.es\/wp-content\/uploads\/2019\/04\/logo_pilgrim.png","contentUrl":"https:\/\/www.pilgrim.es\/wp-content\/uploads\/2019\/04\/logo_pilgrim.png","width":512,"height":512,"caption":"Pilgrim Camino de Santiago"},"image":{"@id":"https:\/\/www.pilgrim.es\/it\/#\/schema\/logo\/image\/"},"sameAs":["https:\/\/www.facebook.com\/pilgrim.es\/","https:\/\/x.com\/pilgrim_es","https:\/\/www.instagram.com\/pilgrim.es\/","https:\/\/www.linkedin.com\/company\/pilgrim-camino-de-santiago\/","https:\/\/www.pinterest.es\/pilgrimcaminodesantiago\/","https:\/\/www.youtube.com\/channel\/UCIv2ZzFLXVqthkNF32rKedw\/featured"]}]}},"_links":{"self":[{"href":"https:\/\/www.pilgrim.es\/it\/wp-json\/wp\/v2\/pages\/47076","targetHints":{"allow":["GET"]}}],"collection":[{"href":"https:\/\/www.pilgrim.es\/it\/wp-json\/wp\/v2\/pages"}],"about":[{"href":"https:\/\/www.pilgrim.es\/it\/wp-json\/wp\/v2\/types\/page"}],"author":[{"embeddable":true,"href":"https:\/\/www.pilgrim.es\/it\/wp-json\/wp\/v2\/users\/4"}],"replies":[{"embeddable":true,"href":"https:\/\/www.pilgrim.es\/it\/wp-json\/wp\/v2\/comments?post=47076"}],"version-history":[{"count":6,"href":"https:\/\/www.pilgrim.es\/it\/wp-json\/wp\/v2\/pages\/47076\/revisions"}],"predecessor-version":[{"id":95976,"href":"https:\/\/www.pilgrim.es\/it\/wp-json\/wp\/v2\/pages\/47076\/revisions\/95976"}],"up":[{"embeddable":true,"href":"https:\/\/www.pilgrim.es\/it\/wp-json\/wp\/v2\/pages\/10770"}],"wp:featuredmedia":[{"embeddable":true,"href":"https:\/\/www.pilgrim.es\/it\/wp-json\/wp\/v2\/media\/12641"}],"wp:attachment":[{"href":"https:\/\/www.pilgrim.es\/it\/wp-json\/wp\/v2\/media?parent=47076"}],"wp:term":[{"taxonomy":"category","embeddable":true,"href":"https:\/\/www.pilgrim.es\/it\/wp-json\/wp\/v2\/categories?post=47076"},{"taxonomy":"post_tag","embeddable":true,"href":"https:\/\/www.pilgrim.es\/it\/wp-json\/wp\/v2\/tags?post=47076"}],"curies":[{"name":"wp","href":"https:\/\/api.w.org\/{rel}","templated":true}]}}