{"id":46918,"date":"2019-09-19T13:54:36","date_gmt":"2019-09-19T13:54:36","guid":{"rendered":"https:\/\/prod.pilgrim.es\/cammino-portoghese\/tappa-22-redondela-pontevedra\/"},"modified":"2025-08-06T08:07:06","modified_gmt":"2025-08-06T08:07:06","slug":"tappa-22-redondela-pontevedra","status":"publish","type":"page","link":"https:\/\/www.pilgrim.es\/it\/cammino-portoghese\/tappa-22-redondela-pontevedra\/","title":{"rendered":"Cammino Portoghese | Tappa 22: Redondela &#8211; Pontevedra"},"content":{"rendered":"\n<section id=\"heroStage\">\n  <h1>Camino Portugu\u00e9s: Etapa 22<\/h1>\n  <div>\n    <div class=\"hero\" data-background=\"https:\/\/cdn.pilgrim.es\/web\/caminos\/camino-portugues\/pueblos\/redondela\/redondela.jpg\">\n      <div class=\"hero__container\">\n        <div class=\"hero__container__labels\">\n          <p>A piedi<\/p>\n          <p>25 Tappe \/ 620 Kms<\/p>\n        <\/div>\n        <div class=\"hero__container__stage-name\">\n          <h2>\n            Redondela <br \/>\n            <span>&#10093;<\/span>\n            Pontevedra\n          <\/h2>\n          <p>19.6 Km<\/p>\n        <\/div>\n        <div class=\"hero__container__stage-changer\">\n            <div class=\"stage-control\">\n              <a class=\"stage-control__link\" href=\"https:\/\/www.pilgrim.es\/it\/cammino-portoghese\/tappa-21-o-porrino-redondela\/\"><span>&#10094;<\/span> Tappa 21<\/a>\n            <\/div>\n          <div class=\"stage-control\">\n            <a class=\"stage-control__link\" href=\"https:\/\/www.pilgrim.es\/it\/cammino-portoghese\/tappa-23-pontevedra-caldas-de-reis\/\">Tappa 23 <span>&#10095;<\/span><\/a>\n          <\/div>\n        <\/div>\n      <\/div>\n    <\/div>\n    <div class=\"planner\"><div\r\n  class=\"p-col-span-1 p-rounded-lg p-px-5 p-h-full\"\r\n  style=\"background-image: url('https:\/\/cdn.pilgrim.es\/web\/pilgrim-planner\/bg-plugin-planificador.webp')\"\r\n  rel=\"preload\"\r\n  fetchpriority=\"high\"\r\n  >\r\n    <div class=\"p-text-center p-pt-5 p-text-white p-text-2xl p-font-semibold\">\r\n      Pianifica il tuo cammino    <\/div>\r\n    <div\r\n            id='primary-app'\r\n            data-name='banner'\r\n            data-api='https:\/\/pathfinder.pilgrim.es\/api\/pathfinder\/v2'\r\n            data-mode='normal'\r\n            data-lang='it'\r\n            data-route='1'\r\n            data-destiny='https:\/\/planificador.pilgrim.es'\r\n            data-modality='1'\r\n            data-inline=''\r\n        ><\/div><\/div><\/div>\n  <\/div>\n<\/section>\n\n<section id=\"scoreBarsStage\">\n  <section>\r\n  <div class=\"p-flex p-flex-nowrap p-space-x-4 p-py-5 p-overflow-x-auto md:p-grid md:p-grid-cols-3 lg:p-grid-cols-5 md:p-gap-8 md:p-space-x-0 md:p-overflow-hidden scrollbar-thin\">\r\n    <div class=\"p-grid p-grid-cols-4 p-shrink-0 p-w-72 p-snap-start md:p-w-full\">\r\n        <div class=\"p-col-span-1 p-self-center p-text-center p-text-3xl\">\r\n            <i class=\"icon-influx\"><\/i>\r\n        <\/div>\r\n        <div class=\"p-col-span-3 p-flex p-flex-col p-items-start\">\r\n            <div class=\"p-text-start p-text-secondary p-mb-1 p-bold\"> Afflusso <\/div>\r\n            <div class=\"p-w-full p-bg-light p-rounded-full p-h-2 p-relative\">\r\n                <div class=\"p-bg-primary p-h-2 p-rounded-full p-absolute\" style=\"width: 40%;\"><\/div>\r\n            <\/div>\r\n        <\/div>\r\n    <\/div>\r\n\r\n    <div class=\"p-grid p-grid-cols-4 p-shrink-0 p-w-72 p-snap-start md:p-w-full\">\r\n        <div class=\"p-col-span-1 p-self-center p-text-center p-text-3xl\">\r\n            <i class=\"icon-difficulty\"><\/i>\r\n        <\/div>\r\n        <div class=\"p-col-span-3 p-flex p-flex-col p-items-start\">\r\n            <div class=\"p-text-start p-text-secondary p-mb-1 p-bold\"> Difficolt\u00e0 <\/div>\r\n            <div class=\"p-w-full p-bg-light p-rounded-full p-h-2 p-relative\">\r\n                <div class=\"p-bg-primary p-h-2 p-rounded-full p-absolute\" style=\"width: 100%;\"><\/div>\r\n            <\/div>\r\n        <\/div>\r\n    <\/div>\r\n\r\n    <div class=\"p-grid p-grid-cols-4 p-shrink-0 p-w-72 p-snap-start md:p-w-full\">\r\n        <div class=\"p-col-span-1 p-self-center p-text-center p-text-3xl\">\r\n            <i class=\"icon-patrimony\"><\/i>\r\n        <\/div>\r\n        <div class=\"p-col-span-3 p-flex p-flex-col p-items-start\">\r\n            <div class=\"p-text-start p-text-secondary p-mb-1 p-bold\"> Arte\/Storia <\/div>\r\n            <div class=\"p-w-full p-bg-light p-rounded-full p-h-2 p-relative\">\r\n                <div class=\"p-bg-primary p-h-2 p-rounded-full p-absolute\" style=\"width: 80%;\"><\/div>\r\n            <\/div>\r\n        <\/div>\r\n    <\/div>\r\n\r\n    <div class=\"p-grid p-grid-cols-4 p-shrink-0 p-w-72 p-snap-start md:p-w-full\">\r\n        <div class=\"p-col-span-1 p-self-center p-text-center p-text-3xl\">\r\n            <i class=\"icon-nature\"><\/i>\r\n        <\/div>\r\n        <div class=\"p-col-span-3 p-flex p-flex-col p-items-start\">\r\n            <div class=\"p-text-start p-text-secondary p-mb-1 p-bold\"> Natura <\/div>\r\n            <div class=\"p-w-full p-bg-light p-rounded-full p-h-2 p-relative\">\r\n                <div class=\"p-bg-primary p-h-2 p-rounded-full p-absolute\" style=\"width: 40%;\"><\/div>\r\n            <\/div>\r\n        <\/div>\r\n    <\/div>\r\n\r\n    <div class=\"p-grid p-grid-cols-4 p-shrink-0 p-w-72 p-snap-start md:p-w-full\">\r\n        <div class=\"p-col-span-1 p-self-center p-text-center p-text-3xl\">\r\n            <i class=\"icon-urban\"><\/i>\r\n        <\/div>\r\n        <div class=\"p-col-span-3 p-flex p-flex-col p-items-start\">\r\n            <div class=\"p-text-start p-text-secondary p-mb-1 p-bold\"> Cammino Francese <\/div>\r\n            <div class=\"p-w-full p-bg-light p-rounded-full p-h-2 p-relative\">\r\n                <div class=\"p-bg-primary p-h-2 p-rounded-full p-absolute\" style=\"width: 40%;\"><\/div>\r\n            <\/div>\r\n        <\/div>\r\n    <\/div>\r\n  <\/div>\r\n<\/section>\n<\/section>\n\n<div id=\"stage-list-section\"><div class=\"stage-list\">\n    <div class='stage-list__map-card'>\n        <div class='stage-list__map-card__map'>\n            <div class='stage-list__map-card__map__text'>\n                <h2> Pages <\/h2>\n                <p> A piedi<\/p>\n                <p> 0tappe<\/p>\n            <\/div>\n            <div class='stage-list__map-card__map__img'>\n                <img decoding=\"async\" src=\"\" alt=\" mapa \" \/>\n            <\/div>\n        <\/div>\n    <\/div>\n\n    <\/div>\n<\/div>\n\n<section id=\"navStage\">\n  <div>\n    <nav id=\"tab-navigation-section\" class=\"tab-navigation-section--cols-5\">\n      <a href=\"#infoSection\" class=\"active\">Informazioni<\/a>\n      <a href=\"#profileSection\">Profilo<\/a>\n      <a href=\"#itinerarySection\">Itinerario<\/a>\n      \n      <a href=\"#locationsSection\">Paesi<\/a>\n    <\/nav>\n\n    <div id=\"infoSection\">\n      <!-- Title Section with Orange Line -->\n      <div>\n        <h2 class=\"p-h2-stage\">Informazioni<\/h2>\n        <hr class=\"orange-bar\" \/>\n        <h3 class=\"p-h3-stage\">Informazioni su questa tappa<\/h3>\n      <\/div>\n\n      \n        <p>En el primer tramo de esta etapa que tenemos por delante vamos a ir muy pegados a la R\u00eda de Vigo, pero curiosamente en muy pocos sitios llegaremos a disfrutar de sus paisajes.<\/p>\n      \n        <p>Estamos ante una etapa corta de alrededor de unos 19 kil\u00f3metros, con muy poco desnivel y con buena se\u00f1alizaci\u00f3n. Lo m\u00e1s razonable es terminar la etapa al recorrer los 19 km justo a la llegada a Pontevedra, puesto que esta ciudad cuenta con un gran patrimonio hist\u00f3rico, concretamente el segundo de Galicia, por delante solo tendr\u00eda a Santiago de Compostela.<\/p>\n      \n\n      <div class=\"recomendation-card\">\n        <div>\n          <i class=\"icon-logo-pilgrim\"><\/i>\n          <h5>Recomendaci\u00f3n Pilgrim<\/h5>\n        <\/div>\n\n        \n          <p>En esta etapa hay que tener el cuenta y extremar la seguridad en todos los cruces de la N-550 y los tramos por el arc\u00e9n de la misma es por ello que se recomiende que te asegures bien antes de cruzar y que incluyas en tu indumentaria ropa reflectante para que los veh\u00edculos que circulen te puedan visualizar con antelaci\u00f3n. Esta recomendaci\u00f3n tambi\u00e9n es importante que la tengan en consideraci\u00f3n los peregrinos en bicicleta y las personas con movilidad reducida.<\/p>\n        \n          <p>Adem\u00e1s, en ambos casos, deber\u00e1n prestar especial atenci\u00f3n a la bajada desde O Santiagui\u00f1o, puesto que es un descenso muy pronunciado aunque las piernas lo van a agradecer despu\u00e9s de la subida, hay tener cuidado no nos vaya a jugar una mala pasada. Adem\u00e1s como mencionamos, la Brea Vella de Canicouva es un punto complicado donde muy posiblemente todos los ciclistas deber\u00e1n empujar sus bicicletas durante un kil\u00f3metro y las personas con movilidad reducida deber\u00e1n tomar la opci\u00f3n de continuar por carretera.<\/p>\n        \n      <\/div>\n    <\/div>\n\n    <div id=\"profileSection\">\n      <div>\n        <h2 class=\"p-h2-stage\">Distanza e altitudine<\/h2>\n        <hr class=\"orange-bar\" \/>\n        <h3 class=\"p-h3-stage\">Profilo<\/h3>\n        <img decoding=\"async\" src=\"https:\/\/cdn.pilgrim.es\/web\/caminos\/camino-portugues\/etapas\/etapa-22\/etapa22_perfil-redondela-pontevedra.jpg\" alt=\"Perfil de la etapa tappa-22-redondela-pontevedra\" \/>\n      <\/div>\n    <\/div>\n\n    <div id=\"itinerarySection\">\n      <h2 class=\"p-h2-stage\">Itinerario<\/h2>\n      <hr \/>\n      <h3 class=\"p-h3-stage\">Percorso<\/h3>\n\n      \n        <div>\n          <h4>Km 0 &#8211; Inicio<\/h4>\n\n          \n            <p>Iniciamos la andadura por la antigua calle de isidoro Queimali\u00f1os, enlazando las r\u00faas do Cruceiro, Loureiro y Picota mientras pasamos bajo los imponentes arcos del Viaducto de Pontevedra, bajamos hacia la nacional para reencontrarnos con ella una vez m\u00e1s en esta andadura y comenzamos la jornada. La capilla barroca de Santa Mari\u00f1a ser\u00e1 la primera maravilla en darnos los buenos d\u00edas al tiempo que abandonamos Redondela en paralelo a la N-550.  El primer pueblo tras abandonar Redondela en el que nos vamos a adentrar es Cesantes a unos 3 kil\u00f3metros aproximadamente, en el se encuentra el punto m\u00e1s peligroso de todos los camino al cruzar la nacional. Unos 4 km m\u00e1s, en los cuales a parte de encontrarnos mucho asfalto de carreteras locales, nos toparemos con unas vistas espectaculares de la R\u00eda de Vigo.<\/p>\n          \n            <p>Siguiendo estas carreteras comarcales pasaremos por peque\u00f1os pueblos de la Galicia Rural hasta la llegada a Arcade, Concello de Soutomaior, tramo en el que nos encontramos una pronunciada subida con un \u00e1rea recreativa y de descanso en la mitad del trayecto para que podamos tomarnos un respiro. Luego nos tocar\u00e1 descender en busca de la carretera que nos adentrar\u00e1 en Arcade, pueblo tur\u00edstico donde podremos parar a descansar y si estamos dispuestos a desviarnos unos kil\u00f3metros, ver el majestuoso Castillo del pueblo as\u00ed como sus jardines que re\u00fanen hasta 500 especies diferentes de camelias. Si le pilla la hora de la comida no puede irse sin probar las ostras, las cuales hicieron tan famoso este pueblo.<\/p>\n          \n            <p>Abandonaremos el pueblo en un descenso hasta Ponte Sampaio, un imponente puente de piedra que salva el r\u00edo Verdugo y que fue testigo de una de las m\u00e1s crudas batallas durante la guerra de la independencia (Junio 1809), que supuso que las tropas francesas comandadas por el Mariscal Ney acabaran anunciando su retirada de territorio gallego y concediendo a la milicia gallega y el ej\u00e9rcito espa\u00f1ol la gloria de la victoria en la lucha por la independencia de la patria.<\/p>\n          \n            <p>Procedemos a continuar nuestro caminar por el borde de la carretera, nos encontramos pronto con el Pazo de Bellavista y un crucero donde deberemos girar a mano izquierda para abandonar Ponte Sampaio en una subida bastante relajada. Al frente deber\u00edamos encontrarnos Ponte Nova, un puente medieval que desde el a\u00f1o 2006 se vino abajo tras una riada y provoc\u00f3 el desv\u00edo del trazado del Camino y la construcci\u00f3n de un nuevo puente que salvara el paso del r\u00edo.<\/p>\n          \n            <p>Tras el paso por la pasarela met\u00e1lica, los aires romanos nos invaden nuevamente, ya que grandes losas visten el suelo de la antigua v\u00eda Romana XIX que un\u00eda Astorga con Braga dej\u00e1ndonos una estampa cargada de belleza y de historia en el lugar que ahora es conocido como Brea Vella de Canicouva. Los ciclistas son los principales perjudicados de este firme, puesto que mantenerse erguidos sobre la bici es una dura tarea sin echar pie a tierra en alg\u00fan momento. La mezcla de tierra y piedra nos conduce hasta Figueirido, donde las aguas de su fuente natural nos permitir\u00e1n saciar nuestra sed y aprovisionar nuestras cantimploras. Tras el avituallamiento emprendemos descenso hasta la parroquia de Santa Comba de B\u00e9rtola y un peque\u00f1o tramo rodeado de eucaliptos, casta\u00f1os y robledales que culminan en una nueva senda de tierra que nos conducir\u00e1 hasta la Capilla de Santa Marta.<\/p>\n          \n            <p>Aqu\u00ed nos topamos con un cruce con la carretera comarcal que deberemos tomar a mano izquierda y continuar a lo largo del arc\u00e9n para dejar atr\u00e1s los lugares de O Pobo y Marco y acceder por fin a vislumbrar la ciudad de Pontevedra a nuestro paso bajo las v\u00edas del tren.<\/p>\n          \n            <p>La ciudad nos espera con todo su esplendor cultural, paisaj\u00edstico y cargado de historia dispuesta a recibir con los brazos abiertos a cuantos peregrinos quieran disfrutar de su grandeza.<\/p>\n          \n\n          \n            <a class=\"town-link\" href=\"https:\/\/www.pilgrim.es\/it\/cammino-portoghese\/redondela\/\">\n              <div class=\"town-link__link-content\">\n                <div class=\"town-link__link-content__text\">\n              <p>Informazioni locali<\/p>\n              <p>Polizia, Assistenza medica, Cosa vedere, Dove mangiare&#8230;<\/p>\n                <\/div>\n                <div class=\"town-link__link-content__town-btn\">\n                  <i class=\"icon-arrow\"><\/i>\n                <\/div>\n              <\/div>\n            <\/a>\n          \n        <\/div>\n        <hr \/>\n      \n      <div>\n        <h4>Km 19.6 &#8231; Pontevedra<\/h4>\n        <a class=\"town-link\" href=\"https:\/\/www.pilgrim.es\/it\/cammino-portoghese\/pontevedra\/\">\n          <div class=\"town-link__link-content\">\n            <div class=\"town-link__link-content__text\">\n              <p>Informazioni locali<\/p>\n              <p>Polizia, Assistenza medica, Cosa vedere, Dove mangiare&#8230;<\/p>\n            <\/div>\n            <div class=\"town-link__link-content__town-btn\">\n              <i class=\"icon-arrow\"><\/i>\n            <\/div>\n          <\/div>\n        <\/a>\n      <\/div>\n    <\/div>\n\n    \n\n  <div id=\"locationsSection\">\n      <h2 class=\"p-h2-stage\">Paesi<\/h2>\n      <hr \/>\n      <h3 class=\"p-h3-stage\">Villaggi<\/h3>\n      <div class=\"grid-container\">\n\n        <div class=\"p-group card-stage p-max-w-full\">\n          <a href=\"https:\/\/www.pilgrim.es\/it\/cammino-portoghese\/redondela\/\" class=\"town-card\">\n            <div class=\"card-stage__header\">\n              <img decoding=\"async\" src=\"https:\/\/cdn.pilgrim.es\/web\/caminos\/camino-portugues\/pueblos\/redondela\/redondela.jpg\" alt=\"Redondela\" class=\"group-hover:p-scale-110\" \/>\n              <div class=\"card-overlay group-hover:p-opacity-50\"><\/div>\n            <\/div>\n            <div class=\"town-card__flex-container\">\n              <div class=\"town-card__flex-container__info\">\n                <h3>Redondela<\/h3>\n                <p>Provincia: Pontevedra<\/p>\n              <\/div>\n              <div class=\"town-card__flex-container__btn\">\n                <i class=\"icon-arrow\"><\/i>\n              <\/div>\n            <\/div>\n          <\/a>\n        <\/div>\n        <div class=\"p-group card-stage p-max-w-full\">\n          <a href=\"https:\/\/www.pilgrim.es\/it\/cammino-portoghese\/pontevedra\/\" class=\"town-card\">\n            <div class=\"card-stage__header\">\n              <img decoding=\"async\" src=\"https:\/\/cdn.pilgrim.es\/web\/caminos\/camino-portugues\/pueblos\/pontevedra\/pontevedra.jpg\" alt=\"Pontevedra\" class=\"group-hover:p-scale-110\" \/>\n              <div class=\"card-overlay group-hover:p-opacity-50\"><\/div>\n            <\/div>\n            <div class=\"town-card__flex-container\">\n              <div class=\"town-card__flex-container__info\">\n                <h3>Pontevedra<\/h3>\n                <p>Provincia: Pontevedra<\/p>\n              <\/div>\n              <div class=\"town-card__flex-container__btn\">\n                <i class=\"icon-arrow\"><\/i>\n              <\/div>\n            <\/div>\n          <\/a>\n        <\/div>\n      <\/div>\n    <\/div>\n    <hr class=\"single-bar\" \/>\n  <\/div>\n<\/section>\n\n<section id=\"stageChange\">\n  <div>\n    <a href=\"https:\/\/www.pilgrim.es\/it\/cammino-portoghese\/tappa-21-o-porrino-redondela\/\" class=\"change-btn\">\n    <div class=\"change-btn\">\n      <div class=\"btn-arrow previous\">\n        <i class=\"icon-arrow\"><\/i>\n      <\/div>\n      <div class=\"change-btn__info\">\n        <div>Tappa 21<\/div>\n        <p>\n          O Porri\u00f1o \u276f <br> Redondela\n        <\/p>\n      <\/div>\n    <\/div>\n    <\/a>\n    <a href=\"https:\/\/www.pilgrim.es\/it\/cammino-portoghese\/tappa-23-pontevedra-caldas-de-reis\/\" class=\"change-btn\">\n      <div class=\"change-btn__info\">\n        <div>Tappa 23<\/div>\n        <p>\n          Pontevedra \u276f <br> Caldas de Reis\n        <\/p>\n      <\/div>\n      <div class=\"btn-arrow\">\n        <i class=\"icon-arrow\"><\/i>\n      <\/div>\n    <\/a>\n  <\/div>\n<\/section>\n","protected":false},"excerpt":{"rendered":"<p>Camino Portugu\u00e9s: Etapa 22 A piedi 25 Tappe \/ 620 Kms Redondela &#10093; Pontevedra 19.6 Km &#10094; Tappa 21 Tappa 23 &#10095; Informazioni Profilo Itinerario Paesi Informazioni Informazioni su questa tappa En el primer tramo de esta etapa que tenemos por delante vamos a ir muy pegados a la R\u00eda de Vigo, pero curiosamente en &hellip; <\/p>\n<p class=\"read_more\"><a href=\"https:\/\/www.pilgrim.es\/it\/cammino-portoghese\/tappa-22-redondela-pontevedra\/\">Leer m\u00e1s<\/a><\/p>\n","protected":false},"author":4,"featured_media":12621,"parent":10770,"menu_order":0,"comment_status":"closed","ping_status":"closed","template":"views\/template-new-web-design.blade.php","meta":{"footnotes":""},"categories":[],"tags":[],"class_list":["post-46918","page","type-page","status-publish","has-post-thumbnail","hentry"],"yoast_head":"<!-- This site is optimized with the Yoast SEO plugin v27.4 - https:\/\/yoast.com\/product\/yoast-seo-wordpress\/ -->\n<title>Camino Portugu\u00e9s desde Redondela a Pontevedra | Camino de Santiago<\/title>\n<meta name=\"description\" content=\"Caminho Portoghese: Etapa 22 do Caminho de Santiago que passa entre Redondela e Pontevedra. scopri tutta l&#039;informazione necessaria e pianifica la tua tappa.\" \/>\n<meta name=\"robots\" content=\"index, follow, max-snippet:-1, max-image-preview:large, max-video-preview:-1\" \/>\n<link rel=\"canonical\" href=\"https:\/\/www.pilgrim.es\/it\/cammino-portoghese\/tappa-22-redondela-pontevedra\/\" \/>\n<meta property=\"og:locale\" content=\"it_IT\" \/>\n<meta property=\"og:type\" content=\"article\" \/>\n<meta property=\"og:title\" content=\"Camino Portugu\u00e9s desde Redondela a Pontevedra | Camino de Santiago\" \/>\n<meta property=\"og:description\" content=\"Caminho Portoghese: Etapa 22 do Caminho de Santiago que passa entre Redondela e Pontevedra. scopri tutta l&#039;informazione necessaria e pianifica la tua tappa.\" \/>\n<meta property=\"og:url\" content=\"https:\/\/www.pilgrim.es\/it\/cammino-portoghese\/tappa-22-redondela-pontevedra\/\" \/>\n<meta property=\"og:site_name\" content=\"Pilgrim\" \/>\n<meta property=\"article:publisher\" content=\"https:\/\/www.facebook.com\/pilgrim.es\/\" \/>\n<meta property=\"article:modified_time\" content=\"2025-08-06T08:07:06+00:00\" \/>\n<meta property=\"og:image\" content=\"https:\/\/www.pilgrim.es\/wp-content\/uploads\/2019\/03\/camino_portugues_etapa_22.jpg\" \/>\n\t<meta property=\"og:image:width\" content=\"1635\" \/>\n\t<meta property=\"og:image:height\" content=\"548\" \/>\n\t<meta property=\"og:image:type\" content=\"image\/jpeg\" \/>\n<meta name=\"twitter:card\" content=\"summary_large_image\" \/>\n<meta name=\"twitter:site\" content=\"@pilgrim_es\" \/>\n<meta name=\"twitter:label1\" content=\"Tempo di lettura stimato\" \/>\n\t<meta name=\"twitter:data1\" content=\"5 minuti\" \/>\n<script type=\"application\/ld+json\" class=\"yoast-schema-graph\">{\"@context\":\"https:\\\/\\\/schema.org\",\"@graph\":[{\"@type\":\"WebPage\",\"@id\":\"https:\\\/\\\/www.pilgrim.es\\\/it\\\/cammino-portoghese\\\/tappa-22-redondela-pontevedra\\\/\",\"url\":\"https:\\\/\\\/www.pilgrim.es\\\/it\\\/cammino-portoghese\\\/tappa-22-redondela-pontevedra\\\/\",\"name\":\"Camino Portugu\u00e9s desde Redondela a Pontevedra | Camino de Santiago\",\"isPartOf\":{\"@id\":\"https:\\\/\\\/www.pilgrim.es\\\/it\\\/#website\"},\"primaryImageOfPage\":{\"@id\":\"https:\\\/\\\/www.pilgrim.es\\\/it\\\/cammino-portoghese\\\/tappa-22-redondela-pontevedra\\\/#primaryimage\"},\"image\":{\"@id\":\"https:\\\/\\\/www.pilgrim.es\\\/it\\\/cammino-portoghese\\\/tappa-22-redondela-pontevedra\\\/#primaryimage\"},\"thumbnailUrl\":\"https:\\\/\\\/www.pilgrim.es\\\/wp-content\\\/uploads\\\/2019\\\/03\\\/camino_portugues_etapa_22.jpg\",\"datePublished\":\"2019-09-19T13:54:36+00:00\",\"dateModified\":\"2025-08-06T08:07:06+00:00\",\"description\":\"Caminho Portoghese: Etapa 22 do Caminho de Santiago que passa entre Redondela e Pontevedra. scopri tutta l'informazione necessaria e pianifica la tua tappa.\",\"breadcrumb\":{\"@id\":\"https:\\\/\\\/www.pilgrim.es\\\/it\\\/cammino-portoghese\\\/tappa-22-redondela-pontevedra\\\/#breadcrumb\"},\"inLanguage\":\"it-IT\",\"potentialAction\":[{\"@type\":\"ReadAction\",\"target\":[\"https:\\\/\\\/www.pilgrim.es\\\/it\\\/cammino-portoghese\\\/tappa-22-redondela-pontevedra\\\/\"]}]},{\"@type\":\"ImageObject\",\"inLanguage\":\"it-IT\",\"@id\":\"https:\\\/\\\/www.pilgrim.es\\\/it\\\/cammino-portoghese\\\/tappa-22-redondela-pontevedra\\\/#primaryimage\",\"url\":\"https:\\\/\\\/www.pilgrim.es\\\/wp-content\\\/uploads\\\/2019\\\/03\\\/camino_portugues_etapa_22.jpg\",\"contentUrl\":\"https:\\\/\\\/www.pilgrim.es\\\/wp-content\\\/uploads\\\/2019\\\/03\\\/camino_portugues_etapa_22.jpg\",\"width\":1635,\"height\":548,\"caption\":\"Mappa tappa 22 Caminho Portoghese\"},{\"@type\":\"BreadcrumbList\",\"@id\":\"https:\\\/\\\/www.pilgrim.es\\\/it\\\/cammino-portoghese\\\/tappa-22-redondela-pontevedra\\\/#breadcrumb\",\"itemListElement\":[{\"@type\":\"ListItem\",\"position\":1,\"name\":\"Camino de Santiago\",\"item\":\"https:\\\/\\\/www.pilgrim.es\\\/it\\\/\"},{\"@type\":\"ListItem\",\"position\":2,\"name\":\"Cammino Portoghese\",\"item\":\"https:\\\/\\\/www.pilgrim.es\\\/it\\\/cammino-portoghese\\\/\"},{\"@type\":\"ListItem\",\"position\":3,\"name\":\"Cammino Portoghese | Tappa 22: Redondela &#8211; Pontevedra\"}]},{\"@type\":\"WebSite\",\"@id\":\"https:\\\/\\\/www.pilgrim.es\\\/it\\\/#website\",\"url\":\"https:\\\/\\\/www.pilgrim.es\\\/it\\\/\",\"name\":\"Pilgrim\",\"description\":\"Camino de Santiago | Caminamos Contigo\",\"publisher\":{\"@id\":\"https:\\\/\\\/www.pilgrim.es\\\/it\\\/#organization\"},\"potentialAction\":[{\"@type\":\"SearchAction\",\"target\":{\"@type\":\"EntryPoint\",\"urlTemplate\":\"https:\\\/\\\/www.pilgrim.es\\\/it\\\/?s={search_term_string}\"},\"query-input\":{\"@type\":\"PropertyValueSpecification\",\"valueRequired\":true,\"valueName\":\"search_term_string\"}}],\"inLanguage\":\"it-IT\"},{\"@type\":\"Organization\",\"@id\":\"https:\\\/\\\/www.pilgrim.es\\\/it\\\/#organization\",\"name\":\"Pilgrim Camino de Santiago\",\"url\":\"https:\\\/\\\/www.pilgrim.es\\\/it\\\/\",\"logo\":{\"@type\":\"ImageObject\",\"inLanguage\":\"it-IT\",\"@id\":\"https:\\\/\\\/www.pilgrim.es\\\/it\\\/#\\\/schema\\\/logo\\\/image\\\/\",\"url\":\"https:\\\/\\\/www.pilgrim.es\\\/wp-content\\\/uploads\\\/2019\\\/04\\\/logo_pilgrim.png\",\"contentUrl\":\"https:\\\/\\\/www.pilgrim.es\\\/wp-content\\\/uploads\\\/2019\\\/04\\\/logo_pilgrim.png\",\"width\":512,\"height\":512,\"caption\":\"Pilgrim Camino de Santiago\"},\"image\":{\"@id\":\"https:\\\/\\\/www.pilgrim.es\\\/it\\\/#\\\/schema\\\/logo\\\/image\\\/\"},\"sameAs\":[\"https:\\\/\\\/www.facebook.com\\\/pilgrim.es\\\/\",\"https:\\\/\\\/x.com\\\/pilgrim_es\",\"https:\\\/\\\/www.instagram.com\\\/pilgrim.es\\\/\",\"https:\\\/\\\/www.linkedin.com\\\/company\\\/pilgrim-camino-de-santiago\\\/\",\"https:\\\/\\\/www.pinterest.es\\\/pilgrimcaminodesantiago\\\/\",\"https:\\\/\\\/www.youtube.com\\\/channel\\\/UCIv2ZzFLXVqthkNF32rKedw\\\/featured\"]}]}<\/script>\n<!-- \/ Yoast SEO plugin. -->","yoast_head_json":{"title":"Camino Portugu\u00e9s desde Redondela a Pontevedra | Camino de Santiago","description":"Caminho Portoghese: Etapa 22 do Caminho de Santiago que passa entre Redondela e Pontevedra. scopri tutta l'informazione necessaria e pianifica la tua tappa.","robots":{"index":"index","follow":"follow","max-snippet":"max-snippet:-1","max-image-preview":"max-image-preview:large","max-video-preview":"max-video-preview:-1"},"canonical":"https:\/\/www.pilgrim.es\/it\/cammino-portoghese\/tappa-22-redondela-pontevedra\/","og_locale":"it_IT","og_type":"article","og_title":"Camino Portugu\u00e9s desde Redondela a Pontevedra | Camino de Santiago","og_description":"Caminho Portoghese: Etapa 22 do Caminho de Santiago que passa entre Redondela e Pontevedra. scopri tutta l'informazione necessaria e pianifica la tua tappa.","og_url":"https:\/\/www.pilgrim.es\/it\/cammino-portoghese\/tappa-22-redondela-pontevedra\/","og_site_name":"Pilgrim","article_publisher":"https:\/\/www.facebook.com\/pilgrim.es\/","article_modified_time":"2025-08-06T08:07:06+00:00","og_image":[{"width":1635,"height":548,"url":"https:\/\/www.pilgrim.es\/wp-content\/uploads\/2019\/03\/camino_portugues_etapa_22.jpg","type":"image\/jpeg"}],"twitter_card":"summary_large_image","twitter_site":"@pilgrim_es","twitter_misc":{"Tempo di lettura stimato":"5 minuti"},"schema":{"@context":"https:\/\/schema.org","@graph":[{"@type":"WebPage","@id":"https:\/\/www.pilgrim.es\/it\/cammino-portoghese\/tappa-22-redondela-pontevedra\/","url":"https:\/\/www.pilgrim.es\/it\/cammino-portoghese\/tappa-22-redondela-pontevedra\/","name":"Camino Portugu\u00e9s desde Redondela a Pontevedra | Camino de Santiago","isPartOf":{"@id":"https:\/\/www.pilgrim.es\/it\/#website"},"primaryImageOfPage":{"@id":"https:\/\/www.pilgrim.es\/it\/cammino-portoghese\/tappa-22-redondela-pontevedra\/#primaryimage"},"image":{"@id":"https:\/\/www.pilgrim.es\/it\/cammino-portoghese\/tappa-22-redondela-pontevedra\/#primaryimage"},"thumbnailUrl":"https:\/\/www.pilgrim.es\/wp-content\/uploads\/2019\/03\/camino_portugues_etapa_22.jpg","datePublished":"2019-09-19T13:54:36+00:00","dateModified":"2025-08-06T08:07:06+00:00","description":"Caminho Portoghese: Etapa 22 do Caminho de Santiago que passa entre Redondela e Pontevedra. scopri tutta l'informazione necessaria e pianifica la tua tappa.","breadcrumb":{"@id":"https:\/\/www.pilgrim.es\/it\/cammino-portoghese\/tappa-22-redondela-pontevedra\/#breadcrumb"},"inLanguage":"it-IT","potentialAction":[{"@type":"ReadAction","target":["https:\/\/www.pilgrim.es\/it\/cammino-portoghese\/tappa-22-redondela-pontevedra\/"]}]},{"@type":"ImageObject","inLanguage":"it-IT","@id":"https:\/\/www.pilgrim.es\/it\/cammino-portoghese\/tappa-22-redondela-pontevedra\/#primaryimage","url":"https:\/\/www.pilgrim.es\/wp-content\/uploads\/2019\/03\/camino_portugues_etapa_22.jpg","contentUrl":"https:\/\/www.pilgrim.es\/wp-content\/uploads\/2019\/03\/camino_portugues_etapa_22.jpg","width":1635,"height":548,"caption":"Mappa tappa 22 Caminho Portoghese"},{"@type":"BreadcrumbList","@id":"https:\/\/www.pilgrim.es\/it\/cammino-portoghese\/tappa-22-redondela-pontevedra\/#breadcrumb","itemListElement":[{"@type":"ListItem","position":1,"name":"Camino de Santiago","item":"https:\/\/www.pilgrim.es\/it\/"},{"@type":"ListItem","position":2,"name":"Cammino Portoghese","item":"https:\/\/www.pilgrim.es\/it\/cammino-portoghese\/"},{"@type":"ListItem","position":3,"name":"Cammino Portoghese | Tappa 22: Redondela &#8211; Pontevedra"}]},{"@type":"WebSite","@id":"https:\/\/www.pilgrim.es\/it\/#website","url":"https:\/\/www.pilgrim.es\/it\/","name":"Pilgrim","description":"Camino de Santiago | Caminamos Contigo","publisher":{"@id":"https:\/\/www.pilgrim.es\/it\/#organization"},"potentialAction":[{"@type":"SearchAction","target":{"@type":"EntryPoint","urlTemplate":"https:\/\/www.pilgrim.es\/it\/?s={search_term_string}"},"query-input":{"@type":"PropertyValueSpecification","valueRequired":true,"valueName":"search_term_string"}}],"inLanguage":"it-IT"},{"@type":"Organization","@id":"https:\/\/www.pilgrim.es\/it\/#organization","name":"Pilgrim Camino de Santiago","url":"https:\/\/www.pilgrim.es\/it\/","logo":{"@type":"ImageObject","inLanguage":"it-IT","@id":"https:\/\/www.pilgrim.es\/it\/#\/schema\/logo\/image\/","url":"https:\/\/www.pilgrim.es\/wp-content\/uploads\/2019\/04\/logo_pilgrim.png","contentUrl":"https:\/\/www.pilgrim.es\/wp-content\/uploads\/2019\/04\/logo_pilgrim.png","width":512,"height":512,"caption":"Pilgrim Camino de Santiago"},"image":{"@id":"https:\/\/www.pilgrim.es\/it\/#\/schema\/logo\/image\/"},"sameAs":["https:\/\/www.facebook.com\/pilgrim.es\/","https:\/\/x.com\/pilgrim_es","https:\/\/www.instagram.com\/pilgrim.es\/","https:\/\/www.linkedin.com\/company\/pilgrim-camino-de-santiago\/","https:\/\/www.pinterest.es\/pilgrimcaminodesantiago\/","https:\/\/www.youtube.com\/channel\/UCIv2ZzFLXVqthkNF32rKedw\/featured"]}]}},"_links":{"self":[{"href":"https:\/\/www.pilgrim.es\/it\/wp-json\/wp\/v2\/pages\/46918","targetHints":{"allow":["GET"]}}],"collection":[{"href":"https:\/\/www.pilgrim.es\/it\/wp-json\/wp\/v2\/pages"}],"about":[{"href":"https:\/\/www.pilgrim.es\/it\/wp-json\/wp\/v2\/types\/page"}],"author":[{"embeddable":true,"href":"https:\/\/www.pilgrim.es\/it\/wp-json\/wp\/v2\/users\/4"}],"replies":[{"embeddable":true,"href":"https:\/\/www.pilgrim.es\/it\/wp-json\/wp\/v2\/comments?post=46918"}],"version-history":[{"count":10,"href":"https:\/\/www.pilgrim.es\/it\/wp-json\/wp\/v2\/pages\/46918\/revisions"}],"predecessor-version":[{"id":134559,"href":"https:\/\/www.pilgrim.es\/it\/wp-json\/wp\/v2\/pages\/46918\/revisions\/134559"}],"up":[{"embeddable":true,"href":"https:\/\/www.pilgrim.es\/it\/wp-json\/wp\/v2\/pages\/10770"}],"wp:featuredmedia":[{"embeddable":true,"href":"https:\/\/www.pilgrim.es\/it\/wp-json\/wp\/v2\/media\/12621"}],"wp:attachment":[{"href":"https:\/\/www.pilgrim.es\/it\/wp-json\/wp\/v2\/media?parent=46918"}],"wp:term":[{"taxonomy":"category","embeddable":true,"href":"https:\/\/www.pilgrim.es\/it\/wp-json\/wp\/v2\/categories?post=46918"},{"taxonomy":"post_tag","embeddable":true,"href":"https:\/\/www.pilgrim.es\/it\/wp-json\/wp\/v2\/tags?post=46918"}],"curies":[{"name":"wp","href":"https:\/\/api.w.org\/{rel}","templated":true}]}}