{"id":46912,"date":"2019-09-19T13:46:42","date_gmt":"2019-09-19T13:46:42","guid":{"rendered":"https:\/\/prod.pilgrim.es\/cammino-portoghese\/tappa-23-pontevedra-caldas-de-reis\/"},"modified":"2025-08-06T08:22:45","modified_gmt":"2025-08-06T08:22:45","slug":"tappa-23-pontevedra-caldas-de-reis","status":"publish","type":"page","link":"https:\/\/www.pilgrim.es\/it\/cammino-portoghese\/tappa-23-pontevedra-caldas-de-reis\/","title":{"rendered":"Cammino Portoghese | Tappa 23: Pontevedra &#8211; Caldas de Reis"},"content":{"rendered":"\n<section id=\"heroStage\">\n  <h1>Cammino Portoghese: Tappa 23<\/h1>\n  <div>\n    <div class=\"hero\" data-background=\"https:\/\/cdn.pilgrim.es\/web\/caminos\/camino-portugues\/pueblos\/pontevedra\/pontevedra.jpg\">\n      <div class=\"hero__container\">\n        <div class=\"hero__container__labels\">\n          <p>A piedi<\/p>\n          <p>25 Tappe \/ 620 Kms<\/p>\n        <\/div>\n        <div class=\"hero__container__stage-name\">\n          <h2>\n            Pontevedra <br \/>\n            <span>&#10093;<\/span>\n            Caldas de Reis\n          <\/h2>\n          <p>21.1 Km<\/p>\n        <\/div>\n        <div class=\"hero__container__stage-changer\">\n            <div class=\"stage-control\">\n              <a class=\"stage-control__link\" href=\"https:\/\/www.pilgrim.es\/it\/cammino-portoghese\/tappa-22-redondela-pontevedra\/\"><span>&#10094;<\/span> Tappa 22<\/a>\n            <\/div>\n          <div class=\"stage-control\">\n            <a class=\"stage-control__link\" href=\"https:\/\/www.pilgrim.es\/it\/cammino-portoghese\/tappa-24-caldas-de-reis-padron\/\">Tappa 24 <span>&#10095;<\/span><\/a>\n          <\/div>\n        <\/div>\n      <\/div>\n    <\/div>\n    <div class=\"planner\"><div\r\n  class=\"p-col-span-1 p-rounded-lg p-px-5 p-h-full\"\r\n  style=\"background-image: url('https:\/\/cdn.pilgrim.es\/web\/pilgrim-planner\/bg-plugin-planificador.webp')\"\r\n  rel=\"preload\"\r\n  fetchpriority=\"high\"\r\n  >\r\n    <div class=\"p-text-center p-pt-5 p-text-white p-text-2xl p-font-semibold\">\r\n      Pianifica il tuo cammino    <\/div>\r\n    <div\r\n            id='primary-app'\r\n            data-name='banner'\r\n            data-api='https:\/\/pathfinder.pilgrim.es\/api\/pathfinder\/v2'\r\n            data-mode='normal'\r\n            data-lang='it'\r\n            data-route='1'\r\n            data-destiny='https:\/\/planificador.pilgrim.es'\r\n            data-modality='1'\r\n            data-inline=''\r\n        ><\/div><\/div><\/div>\n  <\/div>\n<\/section>\n\n<section id=\"scoreBarsStage\">\n  <section>\r\n  <div class=\"p-flex p-flex-nowrap p-space-x-4 p-py-5 p-overflow-x-auto md:p-grid md:p-grid-cols-3 lg:p-grid-cols-5 md:p-gap-8 md:p-space-x-0 md:p-overflow-hidden scrollbar-thin\">\r\n    <div class=\"p-grid p-grid-cols-4 p-shrink-0 p-w-72 p-snap-start md:p-w-full\">\r\n        <div class=\"p-col-span-1 p-self-center p-text-center p-text-3xl\">\r\n            <i class=\"icon-influx\"><\/i>\r\n        <\/div>\r\n        <div class=\"p-col-span-3 p-flex p-flex-col p-items-start\">\r\n            <div class=\"p-text-start p-text-secondary p-mb-1 p-bold\"> Afflusso <\/div>\r\n            <div class=\"p-w-full p-bg-light p-rounded-full p-h-2 p-relative\">\r\n                <div class=\"p-bg-primary p-h-2 p-rounded-full p-absolute\" style=\"width: 20%;\"><\/div>\r\n            <\/div>\r\n        <\/div>\r\n    <\/div>\r\n\r\n    <div class=\"p-grid p-grid-cols-4 p-shrink-0 p-w-72 p-snap-start md:p-w-full\">\r\n        <div class=\"p-col-span-1 p-self-center p-text-center p-text-3xl\">\r\n            <i class=\"icon-difficulty\"><\/i>\r\n        <\/div>\r\n        <div class=\"p-col-span-3 p-flex p-flex-col p-items-start\">\r\n            <div class=\"p-text-start p-text-secondary p-mb-1 p-bold\"> Difficolt\u00e0 <\/div>\r\n            <div class=\"p-w-full p-bg-light p-rounded-full p-h-2 p-relative\">\r\n                <div class=\"p-bg-primary p-h-2 p-rounded-full p-absolute\" style=\"width: 100%;\"><\/div>\r\n            <\/div>\r\n        <\/div>\r\n    <\/div>\r\n\r\n    <div class=\"p-grid p-grid-cols-4 p-shrink-0 p-w-72 p-snap-start md:p-w-full\">\r\n        <div class=\"p-col-span-1 p-self-center p-text-center p-text-3xl\">\r\n            <i class=\"icon-patrimony\"><\/i>\r\n        <\/div>\r\n        <div class=\"p-col-span-3 p-flex p-flex-col p-items-start\">\r\n            <div class=\"p-text-start p-text-secondary p-mb-1 p-bold\"> Arte\/Storia <\/div>\r\n            <div class=\"p-w-full p-bg-light p-rounded-full p-h-2 p-relative\">\r\n                <div class=\"p-bg-primary p-h-2 p-rounded-full p-absolute\" style=\"width: 40%;\"><\/div>\r\n            <\/div>\r\n        <\/div>\r\n    <\/div>\r\n\r\n    <div class=\"p-grid p-grid-cols-4 p-shrink-0 p-w-72 p-snap-start md:p-w-full\">\r\n        <div class=\"p-col-span-1 p-self-center p-text-center p-text-3xl\">\r\n            <i class=\"icon-nature\"><\/i>\r\n        <\/div>\r\n        <div class=\"p-col-span-3 p-flex p-flex-col p-items-start\">\r\n            <div class=\"p-text-start p-text-secondary p-mb-1 p-bold\"> Natura <\/div>\r\n            <div class=\"p-w-full p-bg-light p-rounded-full p-h-2 p-relative\">\r\n                <div class=\"p-bg-primary p-h-2 p-rounded-full p-absolute\" style=\"width: 40%;\"><\/div>\r\n            <\/div>\r\n        <\/div>\r\n    <\/div>\r\n\r\n    <div class=\"p-grid p-grid-cols-4 p-shrink-0 p-w-72 p-snap-start md:p-w-full\">\r\n        <div class=\"p-col-span-1 p-self-center p-text-center p-text-3xl\">\r\n            <i class=\"icon-urban\"><\/i>\r\n        <\/div>\r\n        <div class=\"p-col-span-3 p-flex p-flex-col p-items-start\">\r\n            <div class=\"p-text-start p-text-secondary p-mb-1 p-bold\"> Cammino Francese <\/div>\r\n            <div class=\"p-w-full p-bg-light p-rounded-full p-h-2 p-relative\">\r\n                <div class=\"p-bg-primary p-h-2 p-rounded-full p-absolute\" style=\"width: 40%;\"><\/div>\r\n            <\/div>\r\n        <\/div>\r\n    <\/div>\r\n  <\/div>\r\n<\/section>\n<\/section>\n\n<div id=\"stage-list-section\"><div class=\"stage-list\">\n    <div class='stage-list__map-card'>\n        <div class='stage-list__map-card__map'>\n            <div class='stage-list__map-card__map__text'>\n                <h2> Pages <\/h2>\n                <p> A piedi<\/p>\n                <p> 0tappe<\/p>\n            <\/div>\n            <div class='stage-list__map-card__map__img'>\n                <img decoding=\"async\" src=\"\" alt=\" mapa \" \/>\n            <\/div>\n        <\/div>\n    <\/div>\n\n    <\/div>\n<\/div>\n\n<section id=\"navStage\">\n  <div>\n    <nav id=\"tab-navigation-section\" class=\"tab-navigation-section--cols-4\">\n      <a href=\"#infoSection\" class=\"active\">Informazioni<\/a>\n      <a href=\"#profileSection\">Profilo<\/a>\n      <a href=\"#itinerarySection\">Itinerario<\/a>\n      \n      <a href=\"#locationsSection\">Paesi<\/a>\n    <\/nav>\n\n    <div id=\"infoSection\">\n      <!-- Title Section with Orange Line -->\n      <div>\n        <h2 class=\"p-h2-stage\">Informazioni<\/h2>\n        <hr class=\"orange-bar\" \/>\n        <h3 class=\"p-h3-stage\">Informazioni su questa tappa<\/h3>\n      <\/div>\n\n      \n        <p>Lasciamo il maestoso Pontevedra per la Chiesa della Madonna Pellegrina, uno dei monumenti pi\u00f9 caratteristici della citt\u00e0, per entrare in numerosi paesi e villaggi caratteristici della campagna galiziana. Attraverseremo la strada nazionale in vari punti, zigzagando tra piccoli villaggi che ci accompagneranno per tutto il viaggio.<\/p>\n      \n\n      <div class=\"recomendation-card\">\n        <div>\n          <i class=\"icon-logo-pilgrim\"><\/i>\n          <h5>Recomendaci\u00f3n Pilgrim<\/h5>\n        <\/div>\n\n        \n          <p>Una tappa semplice in termini di orografia, poich\u00e9 non dovremo superare molte disuguaglianze. L&#8217;unica precauzione che dobbiamo prendere \u00e8 quando attraversiamo la strada, poich\u00e9 ci sono alcuni punti di conflitto, come un passaggio a livello senza barriere. Per chi viaggia su ruote, sar\u00e0 anche una tappa comoda e semplice senza complicazioni.<\/p>\n        \n      <\/div>\n    <\/div>\n\n    <div id=\"profileSection\">\n      <div>\n        <h2 class=\"p-h2-stage\">Distanza e altitudine<\/h2>\n        <hr class=\"orange-bar\" \/>\n        <h3 class=\"p-h3-stage\">Profilo<\/h3>\n        <img decoding=\"async\" src=\"https:\/\/cdn.pilgrim.es\/web\/caminos\/camino-portugues\/etapas\/etapa-23\/etapa23_perfil-pontevedra-caldas-de-reis.jpg\" alt=\"Perfil de la etapa tappa-23-pontevedra-caldas-de-reis\" \/>\n      <\/div>\n    <\/div>\n\n    <div id=\"itinerarySection\">\n      <h2 class=\"p-h2-stage\">Itinerario<\/h2>\n      <hr \/>\n      <h3 class=\"p-h3-stage\">Percorso<\/h3>\n\n      \n        <div>\n          <h4>Km 0 &#8211; Inicio<\/h4>\n\n          \n            <p>Partendo da piazza Peregrina, intraprendiamo oggi la nostra avventura attraverso la porta Cami\u00f1o, dove migliaia di pellegrini accedevano alla citt\u00e0 secoli fa, per entrare nella piazza a Ferrer\u00eda e nel convento di San Francisco. Situandoci, ai margini dei suoi portici, entriamo nella piazza Curros Enr\u00edquez e prendiamo la r\u00faa Real, per passare nuovamente da un&#8217;altra piazza, in questo caso la piazza Celso Garc\u00eda de Riega. \u00c8 a questo punto in cui dobbiamo deviare a sinistra verso Ponte do Burgo, abbandonando definitivamente il centro storico. Dopo aver attraversato il fiume L\u00e9rez troviamo tutta l&#8217;essenza della campagna galiziana, dopo essere passati attraverso un tratto scomodo vicino alla ferrovia. Le due frecce dipinte su un palo confonderanno pi\u00f9 di un pellegrino, dovendo girare a destra per visitare la chiesa di Santa Maria de Alba e la sua croce.<\/p>\n          \n            <p>Seguendo ancora il ciglio della strada, arriviamo all&#8217;abitato di Alba e alla cappella di San Cayetano. Dopo questa breve pausa, lasceremo finalmente la strada asfaltata per godere della natura in tutto il suo splendore. Cammineremo all&#8217;ombra di querce centenarie per arrivare a Pozo Negro, passando prima per la parrocchia di Cerponzons. Dovremo attraversare la ferrovia per arrivare alla parrocchia di San Amaro, appartenente al Concello de Barro, dove potremo prendere qualcosa in un bar o, se il tempo ce lo permette, sederci per un po&#8217; nella zona di riposo all&#8217;uscita del nucleo urbano.<\/p>\n          \n            <p>Poco pi\u00f9 avanti, nella zona di A Cancela, una freccia ci indicher\u00e0 una deviazione verso Portela, il luogo dove si trova l&#8217;albergo dei pellegrini di questa localit\u00e0. In seguito, attraverso un sentiero asfaltato, arriviamo a una strada dove dopo un piccolo tratto dobbiamo girare a sinistra fino al luogo di Valbona, dove apprezzare un curioso incrocio, punto in cui l&#8217;Apostolo ci indica il percorso da seguire per raggiungere la Cattedrale. Continuiamo verso una fattoria, che lasciamo sulla destra per attraversare nuovamente la strada nazionale. Dopo una breve passeggiata lungo l&#8217;asfalto duro, riprendiamo i campi di grano, i vigneti e il suono del fiume Agra, che d\u00e0 il benvenuto al Concello de Portas, ovvero il municipio di Portas.<\/p>\n          \n            <p>Siamo molto vicini alla cascata del fiume Barosa, il percorso non passa da l\u00ec, ma se vogliamo rinfrescarci un po&#8217; e apprezzarne tutta la bellezza dobbiamo solo attraversare la strada e scendere alcune scale in direzione del fiume. Poco dopo abbiamo momentaneamente abbandonato la strada sulla sinistra, per passare fugacemente accanto al piccolo villaggio di Barosa, per poi ritornarci verso Briallos, un altro piccolo villaggio ma dove possiamo trovare un albergo e un negozio utile dall&#8217;altro lato della strada, che seguiremo di nuovo. Pi\u00f9 tardi la lasceremo per un momento per visitare la cappella di Santa Luc\u00eda, ad Arcos da Condesa per avanzare tra la strada nazionale e il fiume Cha\u00edn. Prima di arrivare a destinazione, dovremo ancora passare attraverso un altro villaggio: Tivo, che ha anche qualche servizio per i pellegrini.<\/p>\n          \n            <p>Mancano solo un paio di chilometri per raggiungere Caldas, dandoci il benvenuto nella chiesa di Santa Mar\u00eda. Questo edificio romanico fu costruito su una chiesa primitiva la quale venne distrutta da Almanzor nel XII secolo. Si distinguono le rovine di una pala d&#8217;altare gotica e la sua struttura esterna. Dopo questa sosta, scendiamo verso il ponte sul fiume Umia per confermare l&#8217;origine della lunga tradizione termale di questa citt\u00e0, di cui una prova affidabile \u00e8 la fontana dei Burgas, del XIX secolo.<\/p>\n          \n            <p>Continuiamo ad addentrarci nel centro storico lungo la r\u00faa Real fino a raggiungere un ponte sul fiume Berma\u00f1a, proprio accanto all&#8217;albergo dei pellegrini. Le origini di questa citt\u00e0 risalgono all&#8217;insediamento di una trib\u00f9 indigena, di cultura castre\u00f1a, motivate dall&#8217;esistenza delle sorgenti di acqua termale, essendo quindi la sua storia molto legata all&#8217;idroterapia. Il suo nome &#8220;reis&#8221; \u00e8 dovuto al fatto che questa citt\u00e0 \u00e8 stata testimone della nascita di Alfonso di Borgogna, figlio di Urraca I di Le\u00f3n e Castiglia. Si distingue anche per la chiesa di Santo Tom\u00e1s, situata tra un bellissimo giardino, e per il suo Orto Botanico, che ospita una sessantina di specie diverse di alberi e arbusti provenienti da tutto il mondo.<\/p>\n          \n\n          \n            <a class=\"town-link\" href=\"https:\/\/www.pilgrim.es\/it\/cammino-portoghese\/pontevedra\/\">\n              <div class=\"town-link__link-content\">\n                <div class=\"town-link__link-content__text\">\n              <p>Informazioni locali<\/p>\n              <p>Polizia, Assistenza medica, Cosa vedere, Dove mangiare&#8230;<\/p>\n                <\/div>\n                <div class=\"town-link__link-content__town-btn\">\n                  <i class=\"icon-arrow\"><\/i>\n                <\/div>\n              <\/div>\n            <\/a>\n          \n        <\/div>\n        <hr \/>\n      \n      <div>\n        <h4>Km 21.1 &#8231; Caldas de Reis<\/h4>\n        <a class=\"town-link\" href=\"https:\/\/www.pilgrim.es\/it\/cammino-portoghese\/caldas-de-reis\/\">\n          <div class=\"town-link__link-content\">\n            <div class=\"town-link__link-content__text\">\n              <p>Informazioni locali<\/p>\n              <p>Polizia, Assistenza medica, Cosa vedere, Dove mangiare&#8230;<\/p>\n            <\/div>\n            <div class=\"town-link__link-content__town-btn\">\n              <i class=\"icon-arrow\"><\/i>\n            <\/div>\n          <\/div>\n        <\/a>\n      <\/div>\n    <\/div>\n\n    \n\n  <div id=\"locationsSection\">\n      <h2 class=\"p-h2-stage\">Paesi<\/h2>\n      <hr \/>\n      <h3 class=\"p-h3-stage\">Villaggi<\/h3>\n      <div class=\"grid-container\">\n\n        <div class=\"p-group card-stage p-max-w-full\">\n          <a href=\"https:\/\/www.pilgrim.es\/it\/cammino-portoghese\/pontevedra\/\" class=\"town-card\">\n            <div class=\"card-stage__header\">\n              <img decoding=\"async\" src=\"https:\/\/cdn.pilgrim.es\/web\/caminos\/camino-portugues\/pueblos\/pontevedra\/pontevedra.jpg\" alt=\"Pontevedra\" class=\"group-hover:p-scale-110\" \/>\n              <div class=\"card-overlay group-hover:p-opacity-50\"><\/div>\n            <\/div>\n            <div class=\"town-card__flex-container\">\n              <div class=\"town-card__flex-container__info\">\n                <h3>Pontevedra<\/h3>\n                <p>Provincia: Pontevedra<\/p>\n              <\/div>\n              <div class=\"town-card__flex-container__btn\">\n                <i class=\"icon-arrow\"><\/i>\n              <\/div>\n            <\/div>\n          <\/a>\n        <\/div>\n        <div class=\"p-group card-stage p-max-w-full\">\n          <a href=\"https:\/\/www.pilgrim.es\/it\/cammino-portoghese\/caldas-de-reis\/\" class=\"town-card\">\n            <div class=\"card-stage__header\">\n              <img decoding=\"async\" src=\"https:\/\/cdn.pilgrim.es\/web\/caminos\/camino-portugues\/pueblos\/caldas-de-reis\/caldas-de-reis.jpg\" alt=\"Caldas de Reis\" class=\"group-hover:p-scale-110\" \/>\n              <div class=\"card-overlay group-hover:p-opacity-50\"><\/div>\n            <\/div>\n            <div class=\"town-card__flex-container\">\n              <div class=\"town-card__flex-container__info\">\n                <h3>Caldas de Reis<\/h3>\n                <p>Provincia: Pontevedra<\/p>\n              <\/div>\n              <div class=\"town-card__flex-container__btn\">\n                <i class=\"icon-arrow\"><\/i>\n              <\/div>\n            <\/div>\n          <\/a>\n        <\/div>\n      <\/div>\n    <\/div>\n    <hr class=\"single-bar\" \/>\n  <\/div>\n<\/section>\n\n<section id=\"stageChange\">\n  <div>\n    <a href=\"https:\/\/www.pilgrim.es\/it\/cammino-portoghese\/tappa-22-redondela-pontevedra\/\" class=\"change-btn\">\n    <div class=\"change-btn\">\n      <div class=\"btn-arrow previous\">\n        <i class=\"icon-arrow\"><\/i>\n      <\/div>\n      <div class=\"change-btn__info\">\n        <div>Tappa 22<\/div>\n        <p>\n          Redondela \u276f <br> Pontevedra\n        <\/p>\n      <\/div>\n    <\/div>\n    <\/a>\n    <a href=\"https:\/\/www.pilgrim.es\/it\/cammino-portoghese\/tappa-24-caldas-de-reis-padron\/\" class=\"change-btn\">\n      <div class=\"change-btn__info\">\n        <div>Tappa 24<\/div>\n        <p>\n          Caldas de Reis \u276f <br> Padr\u00f3n\n        <\/p>\n      <\/div>\n      <div class=\"btn-arrow\">\n        <i class=\"icon-arrow\"><\/i>\n      <\/div>\n    <\/a>\n  <\/div>\n<\/section>\n","protected":false},"excerpt":{"rendered":"<p>Cammino Portoghese: Tappa 23 A piedi 25 Tappe \/ 620 Kms Pontevedra &#10093; Caldas de Reis 21.1 Km &#10094; Tappa 22 Tappa 24 &#10095; Informazioni Profilo Itinerario Paesi Informazioni Informazioni su questa tappa Lasciamo il maestoso Pontevedra per la Chiesa della Madonna Pellegrina, uno dei monumenti pi\u00f9 caratteristici della citt\u00e0, per entrare in numerosi paesi &hellip; <\/p>\n<p class=\"read_more\"><a href=\"https:\/\/www.pilgrim.es\/it\/cammino-portoghese\/tappa-23-pontevedra-caldas-de-reis\/\">Leer m\u00e1s<\/a><\/p>\n","protected":false},"author":4,"featured_media":12629,"parent":10770,"menu_order":0,"comment_status":"closed","ping_status":"closed","template":"views\/template-new-web-design.blade.php","meta":{"footnotes":""},"categories":[],"tags":[],"class_list":["post-46912","page","type-page","status-publish","has-post-thumbnail","hentry"],"yoast_head":"<!-- This site is optimized with the Yoast SEO plugin v27.4 - https:\/\/yoast.com\/product\/yoast-seo-wordpress\/ -->\n<title>Camino Portugu\u00e9s desde Pontevedra a Caldas de Reis | Camino de Santiago<\/title>\n<meta name=\"description\" content=\"Caminho Portoghese: Etapa 23 do Caminho de Santiago que liga Pontevedra \u00e0s Caldas de Reis. Scopri tutte le informazioni per pianificare la tua tappa.\" \/>\n<meta name=\"robots\" content=\"index, follow, max-snippet:-1, max-image-preview:large, max-video-preview:-1\" \/>\n<link rel=\"canonical\" href=\"https:\/\/www.pilgrim.es\/it\/cammino-portoghese\/tappa-23-pontevedra-caldas-de-reis\/\" \/>\n<meta property=\"og:locale\" content=\"it_IT\" \/>\n<meta property=\"og:type\" content=\"article\" \/>\n<meta property=\"og:title\" content=\"Camino Portugu\u00e9s desde Pontevedra a Caldas de Reis | Camino de Santiago\" \/>\n<meta property=\"og:description\" content=\"Caminho Portoghese: Etapa 23 do Caminho de Santiago que liga Pontevedra \u00e0s Caldas de Reis. Scopri tutte le informazioni per pianificare la tua tappa.\" \/>\n<meta property=\"og:url\" content=\"https:\/\/www.pilgrim.es\/it\/cammino-portoghese\/tappa-23-pontevedra-caldas-de-reis\/\" \/>\n<meta property=\"og:site_name\" content=\"Pilgrim\" \/>\n<meta property=\"article:publisher\" content=\"https:\/\/www.facebook.com\/pilgrim.es\/\" \/>\n<meta property=\"article:modified_time\" content=\"2025-08-06T08:22:45+00:00\" \/>\n<meta property=\"og:image\" content=\"https:\/\/www.pilgrim.es\/wp-content\/uploads\/2019\/03\/camino_portugues_etapa_23.jpg\" \/>\n\t<meta property=\"og:image:width\" content=\"1633\" \/>\n\t<meta property=\"og:image:height\" content=\"547\" \/>\n\t<meta property=\"og:image:type\" content=\"image\/jpeg\" \/>\n<meta name=\"twitter:card\" content=\"summary_large_image\" \/>\n<meta name=\"twitter:site\" content=\"@pilgrim_es\" \/>\n<meta name=\"twitter:label1\" content=\"Tempo di lettura stimato\" \/>\n\t<meta name=\"twitter:data1\" content=\"4 minuti\" \/>\n<script type=\"application\/ld+json\" class=\"yoast-schema-graph\">{\"@context\":\"https:\\\/\\\/schema.org\",\"@graph\":[{\"@type\":\"WebPage\",\"@id\":\"https:\\\/\\\/www.pilgrim.es\\\/it\\\/cammino-portoghese\\\/tappa-23-pontevedra-caldas-de-reis\\\/\",\"url\":\"https:\\\/\\\/www.pilgrim.es\\\/it\\\/cammino-portoghese\\\/tappa-23-pontevedra-caldas-de-reis\\\/\",\"name\":\"Camino Portugu\u00e9s desde Pontevedra a Caldas de Reis | Camino de Santiago\",\"isPartOf\":{\"@id\":\"https:\\\/\\\/www.pilgrim.es\\\/it\\\/#website\"},\"primaryImageOfPage\":{\"@id\":\"https:\\\/\\\/www.pilgrim.es\\\/it\\\/cammino-portoghese\\\/tappa-23-pontevedra-caldas-de-reis\\\/#primaryimage\"},\"image\":{\"@id\":\"https:\\\/\\\/www.pilgrim.es\\\/it\\\/cammino-portoghese\\\/tappa-23-pontevedra-caldas-de-reis\\\/#primaryimage\"},\"thumbnailUrl\":\"https:\\\/\\\/www.pilgrim.es\\\/wp-content\\\/uploads\\\/2019\\\/03\\\/camino_portugues_etapa_23.jpg\",\"datePublished\":\"2019-09-19T13:46:42+00:00\",\"dateModified\":\"2025-08-06T08:22:45+00:00\",\"description\":\"Caminho Portoghese: Etapa 23 do Caminho de Santiago que liga Pontevedra \u00e0s Caldas de Reis. Scopri tutte le informazioni per pianificare la tua tappa.\",\"breadcrumb\":{\"@id\":\"https:\\\/\\\/www.pilgrim.es\\\/it\\\/cammino-portoghese\\\/tappa-23-pontevedra-caldas-de-reis\\\/#breadcrumb\"},\"inLanguage\":\"it-IT\",\"potentialAction\":[{\"@type\":\"ReadAction\",\"target\":[\"https:\\\/\\\/www.pilgrim.es\\\/it\\\/cammino-portoghese\\\/tappa-23-pontevedra-caldas-de-reis\\\/\"]}]},{\"@type\":\"ImageObject\",\"inLanguage\":\"it-IT\",\"@id\":\"https:\\\/\\\/www.pilgrim.es\\\/it\\\/cammino-portoghese\\\/tappa-23-pontevedra-caldas-de-reis\\\/#primaryimage\",\"url\":\"https:\\\/\\\/www.pilgrim.es\\\/wp-content\\\/uploads\\\/2019\\\/03\\\/camino_portugues_etapa_23.jpg\",\"contentUrl\":\"https:\\\/\\\/www.pilgrim.es\\\/wp-content\\\/uploads\\\/2019\\\/03\\\/camino_portugues_etapa_23.jpg\",\"width\":1633,\"height\":547,\"caption\":\"Mappa Tappa 23 Camino Portoghese\"},{\"@type\":\"BreadcrumbList\",\"@id\":\"https:\\\/\\\/www.pilgrim.es\\\/it\\\/cammino-portoghese\\\/tappa-23-pontevedra-caldas-de-reis\\\/#breadcrumb\",\"itemListElement\":[{\"@type\":\"ListItem\",\"position\":1,\"name\":\"Camino de Santiago\",\"item\":\"https:\\\/\\\/www.pilgrim.es\\\/it\\\/\"},{\"@type\":\"ListItem\",\"position\":2,\"name\":\"Cammino Portoghese\",\"item\":\"https:\\\/\\\/www.pilgrim.es\\\/it\\\/cammino-portoghese\\\/\"},{\"@type\":\"ListItem\",\"position\":3,\"name\":\"Cammino Portoghese | Tappa 23: Pontevedra &#8211; Caldas de Reis\"}]},{\"@type\":\"WebSite\",\"@id\":\"https:\\\/\\\/www.pilgrim.es\\\/it\\\/#website\",\"url\":\"https:\\\/\\\/www.pilgrim.es\\\/it\\\/\",\"name\":\"Pilgrim\",\"description\":\"Camino de Santiago | Caminamos Contigo\",\"publisher\":{\"@id\":\"https:\\\/\\\/www.pilgrim.es\\\/it\\\/#organization\"},\"potentialAction\":[{\"@type\":\"SearchAction\",\"target\":{\"@type\":\"EntryPoint\",\"urlTemplate\":\"https:\\\/\\\/www.pilgrim.es\\\/it\\\/?s={search_term_string}\"},\"query-input\":{\"@type\":\"PropertyValueSpecification\",\"valueRequired\":true,\"valueName\":\"search_term_string\"}}],\"inLanguage\":\"it-IT\"},{\"@type\":\"Organization\",\"@id\":\"https:\\\/\\\/www.pilgrim.es\\\/it\\\/#organization\",\"name\":\"Pilgrim Camino de Santiago\",\"url\":\"https:\\\/\\\/www.pilgrim.es\\\/it\\\/\",\"logo\":{\"@type\":\"ImageObject\",\"inLanguage\":\"it-IT\",\"@id\":\"https:\\\/\\\/www.pilgrim.es\\\/it\\\/#\\\/schema\\\/logo\\\/image\\\/\",\"url\":\"https:\\\/\\\/www.pilgrim.es\\\/wp-content\\\/uploads\\\/2019\\\/04\\\/logo_pilgrim.png\",\"contentUrl\":\"https:\\\/\\\/www.pilgrim.es\\\/wp-content\\\/uploads\\\/2019\\\/04\\\/logo_pilgrim.png\",\"width\":512,\"height\":512,\"caption\":\"Pilgrim Camino de Santiago\"},\"image\":{\"@id\":\"https:\\\/\\\/www.pilgrim.es\\\/it\\\/#\\\/schema\\\/logo\\\/image\\\/\"},\"sameAs\":[\"https:\\\/\\\/www.facebook.com\\\/pilgrim.es\\\/\",\"https:\\\/\\\/x.com\\\/pilgrim_es\",\"https:\\\/\\\/www.instagram.com\\\/pilgrim.es\\\/\",\"https:\\\/\\\/www.linkedin.com\\\/company\\\/pilgrim-camino-de-santiago\\\/\",\"https:\\\/\\\/www.pinterest.es\\\/pilgrimcaminodesantiago\\\/\",\"https:\\\/\\\/www.youtube.com\\\/channel\\\/UCIv2ZzFLXVqthkNF32rKedw\\\/featured\"]}]}<\/script>\n<!-- \/ Yoast SEO plugin. -->","yoast_head_json":{"title":"Camino Portugu\u00e9s desde Pontevedra a Caldas de Reis | Camino de Santiago","description":"Caminho Portoghese: Etapa 23 do Caminho de Santiago que liga Pontevedra \u00e0s Caldas de Reis. Scopri tutte le informazioni per pianificare la tua tappa.","robots":{"index":"index","follow":"follow","max-snippet":"max-snippet:-1","max-image-preview":"max-image-preview:large","max-video-preview":"max-video-preview:-1"},"canonical":"https:\/\/www.pilgrim.es\/it\/cammino-portoghese\/tappa-23-pontevedra-caldas-de-reis\/","og_locale":"it_IT","og_type":"article","og_title":"Camino Portugu\u00e9s desde Pontevedra a Caldas de Reis | Camino de Santiago","og_description":"Caminho Portoghese: Etapa 23 do Caminho de Santiago que liga Pontevedra \u00e0s Caldas de Reis. Scopri tutte le informazioni per pianificare la tua tappa.","og_url":"https:\/\/www.pilgrim.es\/it\/cammino-portoghese\/tappa-23-pontevedra-caldas-de-reis\/","og_site_name":"Pilgrim","article_publisher":"https:\/\/www.facebook.com\/pilgrim.es\/","article_modified_time":"2025-08-06T08:22:45+00:00","og_image":[{"width":1633,"height":547,"url":"https:\/\/www.pilgrim.es\/wp-content\/uploads\/2019\/03\/camino_portugues_etapa_23.jpg","type":"image\/jpeg"}],"twitter_card":"summary_large_image","twitter_site":"@pilgrim_es","twitter_misc":{"Tempo di lettura stimato":"4 minuti"},"schema":{"@context":"https:\/\/schema.org","@graph":[{"@type":"WebPage","@id":"https:\/\/www.pilgrim.es\/it\/cammino-portoghese\/tappa-23-pontevedra-caldas-de-reis\/","url":"https:\/\/www.pilgrim.es\/it\/cammino-portoghese\/tappa-23-pontevedra-caldas-de-reis\/","name":"Camino Portugu\u00e9s desde Pontevedra a Caldas de Reis | Camino de Santiago","isPartOf":{"@id":"https:\/\/www.pilgrim.es\/it\/#website"},"primaryImageOfPage":{"@id":"https:\/\/www.pilgrim.es\/it\/cammino-portoghese\/tappa-23-pontevedra-caldas-de-reis\/#primaryimage"},"image":{"@id":"https:\/\/www.pilgrim.es\/it\/cammino-portoghese\/tappa-23-pontevedra-caldas-de-reis\/#primaryimage"},"thumbnailUrl":"https:\/\/www.pilgrim.es\/wp-content\/uploads\/2019\/03\/camino_portugues_etapa_23.jpg","datePublished":"2019-09-19T13:46:42+00:00","dateModified":"2025-08-06T08:22:45+00:00","description":"Caminho Portoghese: Etapa 23 do Caminho de Santiago que liga Pontevedra \u00e0s Caldas de Reis. Scopri tutte le informazioni per pianificare la tua tappa.","breadcrumb":{"@id":"https:\/\/www.pilgrim.es\/it\/cammino-portoghese\/tappa-23-pontevedra-caldas-de-reis\/#breadcrumb"},"inLanguage":"it-IT","potentialAction":[{"@type":"ReadAction","target":["https:\/\/www.pilgrim.es\/it\/cammino-portoghese\/tappa-23-pontevedra-caldas-de-reis\/"]}]},{"@type":"ImageObject","inLanguage":"it-IT","@id":"https:\/\/www.pilgrim.es\/it\/cammino-portoghese\/tappa-23-pontevedra-caldas-de-reis\/#primaryimage","url":"https:\/\/www.pilgrim.es\/wp-content\/uploads\/2019\/03\/camino_portugues_etapa_23.jpg","contentUrl":"https:\/\/www.pilgrim.es\/wp-content\/uploads\/2019\/03\/camino_portugues_etapa_23.jpg","width":1633,"height":547,"caption":"Mappa Tappa 23 Camino Portoghese"},{"@type":"BreadcrumbList","@id":"https:\/\/www.pilgrim.es\/it\/cammino-portoghese\/tappa-23-pontevedra-caldas-de-reis\/#breadcrumb","itemListElement":[{"@type":"ListItem","position":1,"name":"Camino de Santiago","item":"https:\/\/www.pilgrim.es\/it\/"},{"@type":"ListItem","position":2,"name":"Cammino Portoghese","item":"https:\/\/www.pilgrim.es\/it\/cammino-portoghese\/"},{"@type":"ListItem","position":3,"name":"Cammino Portoghese | Tappa 23: Pontevedra &#8211; Caldas de Reis"}]},{"@type":"WebSite","@id":"https:\/\/www.pilgrim.es\/it\/#website","url":"https:\/\/www.pilgrim.es\/it\/","name":"Pilgrim","description":"Camino de Santiago | Caminamos Contigo","publisher":{"@id":"https:\/\/www.pilgrim.es\/it\/#organization"},"potentialAction":[{"@type":"SearchAction","target":{"@type":"EntryPoint","urlTemplate":"https:\/\/www.pilgrim.es\/it\/?s={search_term_string}"},"query-input":{"@type":"PropertyValueSpecification","valueRequired":true,"valueName":"search_term_string"}}],"inLanguage":"it-IT"},{"@type":"Organization","@id":"https:\/\/www.pilgrim.es\/it\/#organization","name":"Pilgrim Camino de Santiago","url":"https:\/\/www.pilgrim.es\/it\/","logo":{"@type":"ImageObject","inLanguage":"it-IT","@id":"https:\/\/www.pilgrim.es\/it\/#\/schema\/logo\/image\/","url":"https:\/\/www.pilgrim.es\/wp-content\/uploads\/2019\/04\/logo_pilgrim.png","contentUrl":"https:\/\/www.pilgrim.es\/wp-content\/uploads\/2019\/04\/logo_pilgrim.png","width":512,"height":512,"caption":"Pilgrim Camino de Santiago"},"image":{"@id":"https:\/\/www.pilgrim.es\/it\/#\/schema\/logo\/image\/"},"sameAs":["https:\/\/www.facebook.com\/pilgrim.es\/","https:\/\/x.com\/pilgrim_es","https:\/\/www.instagram.com\/pilgrim.es\/","https:\/\/www.linkedin.com\/company\/pilgrim-camino-de-santiago\/","https:\/\/www.pinterest.es\/pilgrimcaminodesantiago\/","https:\/\/www.youtube.com\/channel\/UCIv2ZzFLXVqthkNF32rKedw\/featured"]}]}},"_links":{"self":[{"href":"https:\/\/www.pilgrim.es\/it\/wp-json\/wp\/v2\/pages\/46912","targetHints":{"allow":["GET"]}}],"collection":[{"href":"https:\/\/www.pilgrim.es\/it\/wp-json\/wp\/v2\/pages"}],"about":[{"href":"https:\/\/www.pilgrim.es\/it\/wp-json\/wp\/v2\/types\/page"}],"author":[{"embeddable":true,"href":"https:\/\/www.pilgrim.es\/it\/wp-json\/wp\/v2\/users\/4"}],"replies":[{"embeddable":true,"href":"https:\/\/www.pilgrim.es\/it\/wp-json\/wp\/v2\/comments?post=46912"}],"version-history":[{"count":11,"href":"https:\/\/www.pilgrim.es\/it\/wp-json\/wp\/v2\/pages\/46912\/revisions"}],"predecessor-version":[{"id":134658,"href":"https:\/\/www.pilgrim.es\/it\/wp-json\/wp\/v2\/pages\/46912\/revisions\/134658"}],"up":[{"embeddable":true,"href":"https:\/\/www.pilgrim.es\/it\/wp-json\/wp\/v2\/pages\/10770"}],"wp:featuredmedia":[{"embeddable":true,"href":"https:\/\/www.pilgrim.es\/it\/wp-json\/wp\/v2\/media\/12629"}],"wp:attachment":[{"href":"https:\/\/www.pilgrim.es\/it\/wp-json\/wp\/v2\/media?parent=46912"}],"wp:term":[{"taxonomy":"category","embeddable":true,"href":"https:\/\/www.pilgrim.es\/it\/wp-json\/wp\/v2\/categories?post=46912"},{"taxonomy":"post_tag","embeddable":true,"href":"https:\/\/www.pilgrim.es\/it\/wp-json\/wp\/v2\/tags?post=46912"}],"curies":[{"name":"wp","href":"https:\/\/api.w.org\/{rel}","templated":true}]}}