{"id":46909,"date":"2019-09-19T13:38:23","date_gmt":"2019-09-19T13:38:23","guid":{"rendered":"https:\/\/prod.pilgrim.es\/cammino-portoghese\/tappa-21-o-porrino-redondela\/"},"modified":"2025-10-09T12:55:29","modified_gmt":"2025-10-09T12:55:29","slug":"tappa-21-o-porrino-redondela","status":"publish","type":"page","link":"https:\/\/www.pilgrim.es\/it\/cammino-portoghese\/tappa-21-o-porrino-redondela\/","title":{"rendered":"Cammino Portoghese | Tappa 21: O Porri\u00f1o &#8211; Redondela"},"content":{"rendered":"\n<section id=\"heroStage\">\n  <h1>Cammino Portoghese: Tappa 21<\/h1>\n  <div>\n    <div class=\"hero\" data-background=\"https:\/\/cdn.pilgrim.es\/web\/caminos\/camino-portugues\/pueblos\/o-porrino\/o-porrino.jpg\">\n      <div class=\"hero__container\">\n        <div class=\"hero__container__labels\">\n          <p>A piedi<\/p>\n          <p>25 Tappe \/ 620 Kms<\/p>\n        <\/div>\n        <div class=\"hero__container__stage-name\">\n          <h2>\n            O Porri\u00f1o <br \/>\n            <span>&#10093;<\/span>\n            Redondela\n          <\/h2>\n          <p>16.3 Km<\/p>\n        <\/div>\n        <div class=\"hero__container__stage-changer\">\n            <div class=\"stage-control\">\n              <a class=\"stage-control__link\" href=\"https:\/\/www.pilgrim.es\/it\/cammino-portoghese\/tappa-20-tui-o-porrino\/\"><span>&#10094;<\/span> Tappa 20<\/a>\n            <\/div>\n          <div class=\"stage-control\">\n            <a class=\"stage-control__link\" href=\"https:\/\/www.pilgrim.es\/it\/cammino-portoghese\/tappa-22-redondela-pontevedra\/\">Tappa 22 <span>&#10095;<\/span><\/a>\n          <\/div>\n        <\/div>\n      <\/div>\n    <\/div>\n    <div class=\"planner\"><div\r\n  class=\"p-col-span-1 p-rounded-lg p-px-5 p-h-full\"\r\n  style=\"background-image: url('https:\/\/cdn.pilgrim.es\/web\/pilgrim-planner\/bg-plugin-planificador.webp')\"\r\n  rel=\"preload\"\r\n  fetchpriority=\"high\"\r\n  >\r\n    <div class=\"p-text-center p-pt-5 p-text-white p-text-2xl p-font-semibold\">\r\n      Pianifica il tuo cammino    <\/div>\r\n    <div\r\n            id='primary-app'\r\n            data-name='banner'\r\n            data-api='https:\/\/pathfinder.pilgrim.es\/api\/pathfinder\/v2'\r\n            data-mode='normal'\r\n            data-lang='it'\r\n            data-route='1'\r\n            data-destiny='https:\/\/planificador.pilgrim.es'\r\n            data-modality='1'\r\n            data-inline=''\r\n        ><\/div><\/div><\/div>\n  <\/div>\n<\/section>\n\n<section id=\"scoreBarsStage\">\n  <section>\r\n  <div class=\"p-flex p-flex-nowrap p-space-x-4 p-py-5 p-overflow-x-auto md:p-grid md:p-grid-cols-3 lg:p-grid-cols-5 md:p-gap-8 md:p-space-x-0 md:p-overflow-hidden scrollbar-thin\">\r\n    <div class=\"p-grid p-grid-cols-4 p-shrink-0 p-w-72 p-snap-start md:p-w-full\">\r\n        <div class=\"p-col-span-1 p-self-center p-text-center p-text-3xl\">\r\n            <i class=\"icon-influx\"><\/i>\r\n        <\/div>\r\n        <div class=\"p-col-span-3 p-flex p-flex-col p-items-start\">\r\n            <div class=\"p-text-start p-text-secondary p-mb-1 p-bold\"> Afflusso <\/div>\r\n            <div class=\"p-w-full p-bg-light p-rounded-full p-h-2 p-relative\">\r\n                <div class=\"p-bg-primary p-h-2 p-rounded-full p-absolute\" style=\"width: 40%;\"><\/div>\r\n            <\/div>\r\n        <\/div>\r\n    <\/div>\r\n\r\n    <div class=\"p-grid p-grid-cols-4 p-shrink-0 p-w-72 p-snap-start md:p-w-full\">\r\n        <div class=\"p-col-span-1 p-self-center p-text-center p-text-3xl\">\r\n            <i class=\"icon-difficulty\"><\/i>\r\n        <\/div>\r\n        <div class=\"p-col-span-3 p-flex p-flex-col p-items-start\">\r\n            <div class=\"p-text-start p-text-secondary p-mb-1 p-bold\"> Difficolt\u00e0 <\/div>\r\n            <div class=\"p-w-full p-bg-light p-rounded-full p-h-2 p-relative\">\r\n                <div class=\"p-bg-primary p-h-2 p-rounded-full p-absolute\" style=\"width: 100%;\"><\/div>\r\n            <\/div>\r\n        <\/div>\r\n    <\/div>\r\n\r\n    <div class=\"p-grid p-grid-cols-4 p-shrink-0 p-w-72 p-snap-start md:p-w-full\">\r\n        <div class=\"p-col-span-1 p-self-center p-text-center p-text-3xl\">\r\n            <i class=\"icon-patrimony\"><\/i>\r\n        <\/div>\r\n        <div class=\"p-col-span-3 p-flex p-flex-col p-items-start\">\r\n            <div class=\"p-text-start p-text-secondary p-mb-1 p-bold\"> Arte\/Storia <\/div>\r\n            <div class=\"p-w-full p-bg-light p-rounded-full p-h-2 p-relative\">\r\n                <div class=\"p-bg-primary p-h-2 p-rounded-full p-absolute\" style=\"width: 40%;\"><\/div>\r\n            <\/div>\r\n        <\/div>\r\n    <\/div>\r\n\r\n    <div class=\"p-grid p-grid-cols-4 p-shrink-0 p-w-72 p-snap-start md:p-w-full\">\r\n        <div class=\"p-col-span-1 p-self-center p-text-center p-text-3xl\">\r\n            <i class=\"icon-nature\"><\/i>\r\n        <\/div>\r\n        <div class=\"p-col-span-3 p-flex p-flex-col p-items-start\">\r\n            <div class=\"p-text-start p-text-secondary p-mb-1 p-bold\"> Natura <\/div>\r\n            <div class=\"p-w-full p-bg-light p-rounded-full p-h-2 p-relative\">\r\n                <div class=\"p-bg-primary p-h-2 p-rounded-full p-absolute\" style=\"width: 40%;\"><\/div>\r\n            <\/div>\r\n        <\/div>\r\n    <\/div>\r\n\r\n    <div class=\"p-grid p-grid-cols-4 p-shrink-0 p-w-72 p-snap-start md:p-w-full\">\r\n        <div class=\"p-col-span-1 p-self-center p-text-center p-text-3xl\">\r\n            <i class=\"icon-urban\"><\/i>\r\n        <\/div>\r\n        <div class=\"p-col-span-3 p-flex p-flex-col p-items-start\">\r\n            <div class=\"p-text-start p-text-secondary p-mb-1 p-bold\"> Cammino Francese <\/div>\r\n            <div class=\"p-w-full p-bg-light p-rounded-full p-h-2 p-relative\">\r\n                <div class=\"p-bg-primary p-h-2 p-rounded-full p-absolute\" style=\"width: 40%;\"><\/div>\r\n            <\/div>\r\n        <\/div>\r\n    <\/div>\r\n  <\/div>\r\n<\/section>\n<\/section>\n\n<div id=\"stage-list-section\"><div class=\"stage-list\">\n    <div class='stage-list__map-card'>\n        <div class='stage-list__map-card__map'>\n            <div class='stage-list__map-card__map__text'>\n                <h2> Pages <\/h2>\n                <p> A piedi<\/p>\n                <p> 0tappe<\/p>\n            <\/div>\n            <div class='stage-list__map-card__map__img'>\n                <img decoding=\"async\" src=\"\" alt=\" mapa \" \/>\n            <\/div>\n        <\/div>\n    <\/div>\n\n    <\/div>\n<\/div>\n\n<section id=\"navStage\">\n  <div>\n    <nav id=\"tab-navigation-section\" class=\"tab-navigation-section--cols-5\">\n      <a href=\"#infoSection\" class=\"active\">Informazioni<\/a>\n      <a href=\"#profileSection\">Profilo<\/a>\n      <a href=\"#itinerarySection\">Itinerario<\/a>\n      \n      <a href=\"#locationsSection\">Paesi<\/a>\n    <\/nav>\n\n    <div id=\"infoSection\">\n      <!-- Title Section with Orange Line -->\n      <div>\n        <h2 class=\"p-h2-stage\">Informazioni<\/h2>\n        <hr class=\"orange-bar\" \/>\n        <h3 class=\"p-h3-stage\">Informazioni su questa tappa<\/h3>\n      <\/div>\n\n      \n        <p>La tappa O Porri\u00f1o &#8211; Redondela presenta una difficolt\u00e0 simile alla tappa precedente, liscia e senza grandi dislivelli. Ma \u00e8 necessario sottolineare che il tratto che presenta maggiori difficolt\u00e0 rispetto a quello che unisce l&#8217;Albergo pubblico di Mos con la cappella di Santiagui\u00f1o, \u00e8 una salita di circa tre chilometri che accumula un dislivello di 145 metri alternando salite pronunciate proprio all&#8217;inizio del tratto e alla fine con pianure. Ma non ti fidare di queste pianure perch\u00e9 anche se sembrano piane, non lo sono cos\u00ec tanto.<\/p>\n      \n        <p>Una volta superato il tratto, scenderai sempre attraverso luoghi che, come ricompensa per lo sforzo, ti offriranno bellissimi paesaggi fino all&#8217;arrivo a Redondela.<\/p>\n      \n\n      <div class=\"recomendation-card\">\n        <div>\n          <i class=\"icon-logo-pilgrim\"><\/i>\n          <h5>Recomendaci\u00f3n Pilgrim<\/h5>\n        <\/div>\n\n        \n          <p>In questa tappa occorre avere cautela e attraversare in massima sicurezza tutti gli incroci della N-550 e i tratti che passano lungo il suo ciglio. Per questo motivo si consiglia di fare molta attenzione prima di attraversare e di indossare capi riflettenti per poter essere visti con il dovuto anticipo dagli automobilisti. Questa raccomandazione \u00e8 importante anche per i pellegrini in bicicletta e per le persone a mobilit\u00e0 ridotta.<\/p>\n        \n          <p>I pellegrini che fanno la tappa in bicicletta dovrebbero prestare particolare attenzione alla discesa da O Santiagui\u00f1o, poich\u00e9 si tratta di una discesa molto pronunciata anche se le gambe saranno grati dopo la salita, fare attenzione a non giocare un trucco su di noi.<\/p>\n        \n      <\/div>\n    <\/div>\n\n    <div id=\"profileSection\">\n      <div>\n        <h2 class=\"p-h2-stage\">Distanza e altitudine<\/h2>\n        <hr class=\"orange-bar\" \/>\n        <h3 class=\"p-h3-stage\">Profilo<\/h3>\n        <img decoding=\"async\" src=\"https:\/\/cdn.pilgrim.es\/web\/caminos\/camino-portugues\/etapas\/etapa-21\/etapa21_perfil-o-porrino-redondela.jpg\" alt=\"Perfil de la etapa tappa-21-o-porrino-redondela\" \/>\n      <\/div>\n    <\/div>\n\n    <div id=\"itinerarySection\">\n      <h2 class=\"p-h2-stage\">Itinerario<\/h2>\n      <hr \/>\n      <h3 class=\"p-h3-stage\">Percorso<\/h3>\n\n      \n        <div>\n          <h4>Km 0 &#8211; Inicio<\/h4>\n\n          \n            <p>Dal comune di O Porri\u00f1o, devi uscire in direzione della N-550, ovvero verso la rotatoria che separa il Concello de O Porri\u00f1o e il Concello de Mos, dove si trovano grandi negozi. Il modo in cui si lascia questo tratto \u00e8 molto pericoloso, si dovr\u00e0 prestare particolare attenzione alla strada in questo punto. In seguito si proseguir\u00e0 per il villaggio di Coto Filgueiras verso Ameiro Longo. In questo paesino lo vedremo di passaggio mentre ci dirigiamo di nuovo verso la N-550, questa strada ci guider\u00e0 fino all&#8217;incrocio principale del comune di Mos, dove dovremo deviare per un itinerario provvisorio e salire fino al villaggio di Vegadal per tornare poco dopo all&#8217;originale cammino giacobeo.<\/p>\n          \n            <p>Quando arriviamo nel comune di Mos possiamo fermarci a prendere le forze per affrontare il prossimo tratto e visitare i monumenti che questo paese offre come la chiesa o il pazo.<\/p>\n          \n            <p>Una volta riposate le gambe affronteremo la parte pi\u00f9 difficile della tappa, la salita di Santiagui\u00f1o. Durante la salita attraverseremo diversi villaggi molto piccoli come Cabaleiros, A Pereira o Inxertado e alterneremo l&#8217;asfalto con la terra fino a Santiagui\u00f1o de Antas, il punto pi\u00f9 alto della tappa. Santiagui\u00f1o \u00e8 un piccolo villaggio che oltre alla natura che ci circonda ha solo la Cappella che ci invita a visitarla mentre ci riposeremo prima di proseguire per Santiago. Ogni 25 luglio si celebra una grande festa che coincide con la festa dell&#8217;Apostolo, e per questo motivo il monumento ha rappresentazioni come l&#8217;Apostolo a cavallo sulla facciata o le tipiche gusci della rotta giacobea sulla porta.<\/p>\n          \n            <p>All&#8217;uscita di Santiagui\u00f1o troviamo un Miliario (pietra utilizzata dai Romani per dare informazioni relative alle distanze lungo le strade) che ci indicher\u00e0 i chilometri che rimangono da percorrere per arrivare a destinazione; a questo punto alterneremo ancora una volta la strada con i sentieri, passando paesi come Casal do Monte, rione di Padr\u00f3n fino ad arrivare a O Souto, dove confluiremo di nuovo nella N-550 e scenderemo in modo notevole.<\/p>\n          \n            <p>Successivamente entriamo nel comune di Redondela e iniziamo a scendere: niente pi\u00f9 salite. Mentre scendiamo, oltre al fatto che in alcuni punti vedremo Redondela dal punto pi\u00f9 alto, troveremo anche villaggi cos\u00ec piccoli e cos\u00ec uniti che non sapremo se siamo in uno o nell&#8217;altro, ma non c&#8217;\u00e8 bisogno di preoccuparsi, il Cammino Portoghese \u00e8 perfettamente segnalato e le frecce gialle ci aiuteranno ad arrivare.<\/p>\n          \n            <p>Proseguiamo a O Muro e presto troveremo l&#8217;ingresso a Redondela, finale della tappa, anche se molte persone decidono di continuare fino a Pontevedra, ma \u00e8 una decisione personale di passare la notte o meno a Redondela.<\/p>\n          \n            <p>All&#8217;arrivo a Redondela potrai vedere sia l&#8217;Isola di San Sim\u00f3n, sia i due ponti ferroviari che sorvolano il paese, uno dei quali ancora oggi in funzione. Molti pellegrini che si fermano a Redondela prendono in prestito delle biciclette del Comune per visitare il villaggio e scoprirne il fascino. Queste biciclette sono messe a disposizione dal Comune ai visitatori di Redondela con questo stesso scopo. Nel 2015 il Comune ha inaugurato una panchina nella parte pi\u00f9 alta del territorio comunale, da cui si pu\u00f2 ammirare la vista idilliaca su tutta la r\u00eda, come in una cartolina.<\/p>\n          \n\n          \n            <a class=\"town-link\" href=\"https:\/\/www.pilgrim.es\/it\/cammino-portoghese\/o-porrino\/\">\n              <div class=\"town-link__link-content\">\n                <div class=\"town-link__link-content__text\">\n              <p>Informazioni locali<\/p>\n              <p>Polizia, Assistenza medica, Cosa vedere, Dove mangiare&#8230;<\/p>\n                <\/div>\n                <div class=\"town-link__link-content__town-btn\">\n                  <i class=\"icon-arrow\"><\/i>\n                <\/div>\n              <\/div>\n            <\/a>\n          \n        <\/div>\n        <hr \/>\n      \n      <div>\n        <h4>Km 16.3 &#8231; Redondela<\/h4>\n        <a class=\"town-link\" href=\"https:\/\/www.pilgrim.es\/it\/cammino-portoghese\/redondela\/\">\n          <div class=\"town-link__link-content\">\n            <div class=\"town-link__link-content__text\">\n              <p>Informazioni locali<\/p>\n              <p>Polizia, Assistenza medica, Cosa vedere, Dove mangiare&#8230;<\/p>\n            <\/div>\n            <div class=\"town-link__link-content__town-btn\">\n              <i class=\"icon-arrow\"><\/i>\n            <\/div>\n          <\/div>\n        <\/a>\n      <\/div>\n    <\/div>\n\n    \n\n  <div id=\"locationsSection\">\n      <h2 class=\"p-h2-stage\">Paesi<\/h2>\n      <hr \/>\n      <h3 class=\"p-h3-stage\">Villaggi<\/h3>\n      <div class=\"grid-container\">\n\n        <div class=\"p-group card-stage p-max-w-full\">\n          <a href=\"https:\/\/www.pilgrim.es\/it\/cammino-portoghese\/o-porrino\/\" class=\"town-card\">\n            <div class=\"card-stage__header\">\n              <img decoding=\"async\" src=\"https:\/\/cdn.pilgrim.es\/web\/caminos\/camino-portugues\/pueblos\/o-porrino\/o-porrino.jpg\" alt=\"O Porri\u00f1o\" class=\"group-hover:p-scale-110\" \/>\n              <div class=\"card-overlay group-hover:p-opacity-50\"><\/div>\n            <\/div>\n            <div class=\"town-card__flex-container\">\n              <div class=\"town-card__flex-container__info\">\n                <h3>O Porri\u00f1o<\/h3>\n                <p>Provincia: Pontevedra<\/p>\n              <\/div>\n              <div class=\"town-card__flex-container__btn\">\n                <i class=\"icon-arrow\"><\/i>\n              <\/div>\n            <\/div>\n          <\/a>\n        <\/div>\n        <div class=\"p-group card-stage p-max-w-full\">\n          <a href=\"https:\/\/www.pilgrim.es\/it\/cammino-portoghese\/redondela\/\" class=\"town-card\">\n            <div class=\"card-stage__header\">\n              <img decoding=\"async\" src=\"https:\/\/cdn.pilgrim.es\/web\/caminos\/camino-portugues\/pueblos\/redondela\/redondela.jpg\" alt=\"Redondela\" class=\"group-hover:p-scale-110\" \/>\n              <div class=\"card-overlay group-hover:p-opacity-50\"><\/div>\n            <\/div>\n            <div class=\"town-card__flex-container\">\n              <div class=\"town-card__flex-container__info\">\n                <h3>Redondela<\/h3>\n                <p>Provincia: Pontevedra<\/p>\n              <\/div>\n              <div class=\"town-card__flex-container__btn\">\n                <i class=\"icon-arrow\"><\/i>\n              <\/div>\n            <\/div>\n          <\/a>\n        <\/div>\n      <\/div>\n    <\/div>\n    <hr class=\"single-bar\" \/>\n  <\/div>\n<\/section>\n\n<section id=\"stageChange\">\n  <div>\n    <a href=\"https:\/\/www.pilgrim.es\/it\/cammino-portoghese\/tappa-20-tui-o-porrino\/\" class=\"change-btn\">\n    <div class=\"change-btn\">\n      <div class=\"btn-arrow previous\">\n        <i class=\"icon-arrow\"><\/i>\n      <\/div>\n      <div class=\"change-btn__info\">\n        <div>Tappa 20<\/div>\n        <p>\n          Tui \u276f <br> O Porri\u00f1o\n        <\/p>\n      <\/div>\n    <\/div>\n    <\/a>\n    <a href=\"https:\/\/www.pilgrim.es\/it\/cammino-portoghese\/tappa-22-redondela-pontevedra\/\" class=\"change-btn\">\n      <div class=\"change-btn__info\">\n        <div>Tappa 22<\/div>\n        <p>\n          Redondela \u276f <br> Pontevedra\n        <\/p>\n      <\/div>\n      <div class=\"btn-arrow\">\n        <i class=\"icon-arrow\"><\/i>\n      <\/div>\n    <\/a>\n  <\/div>\n<\/section>\n","protected":false},"excerpt":{"rendered":"<p>Cammino Portoghese: Tappa 21 A piedi 25 Tappe \/ 620 Kms O Porri\u00f1o &#10093; Redondela 16.3 Km &#10094; Tappa 20 Tappa 22 &#10095; Informazioni Profilo Itinerario Paesi Informazioni Informazioni su questa tappa La tappa O Porri\u00f1o &#8211; Redondela presenta una difficolt\u00e0 simile alla tappa precedente, liscia e senza grandi dislivelli. Ma \u00e8 necessario sottolineare che &hellip; <\/p>\n<p class=\"read_more\"><a href=\"https:\/\/www.pilgrim.es\/it\/cammino-portoghese\/tappa-21-o-porrino-redondela\/\">Leer m\u00e1s<\/a><\/p>\n","protected":false},"author":4,"featured_media":12611,"parent":10770,"menu_order":0,"comment_status":"closed","ping_status":"closed","template":"views\/template-new-web-design.blade.php","meta":{"footnotes":""},"categories":[],"tags":[],"class_list":["post-46909","page","type-page","status-publish","has-post-thumbnail","hentry"],"yoast_head":"<!-- This site is optimized with the Yoast SEO plugin v27.4 - https:\/\/yoast.com\/product\/yoast-seo-wordpress\/ -->\n<title>Camino Portugu\u00e9s desde O Porri\u00f1o a Redondela | Camino de Santiago<\/title>\n<meta name=\"description\" content=\"Cammino portoghese: tappa 21 del Cammino di Santiago che si snoda tra O Porri\u00f1o e Redondela. scopri tutta l&#039;informazione necessaria e pianifica la tua tappa.\" \/>\n<meta name=\"robots\" content=\"index, follow, max-snippet:-1, max-image-preview:large, max-video-preview:-1\" \/>\n<link rel=\"canonical\" href=\"https:\/\/www.pilgrim.es\/it\/cammino-portoghese\/tappa-21-o-porrino-redondela\/\" \/>\n<meta property=\"og:locale\" content=\"it_IT\" \/>\n<meta property=\"og:type\" content=\"article\" \/>\n<meta property=\"og:title\" content=\"Camino Portugu\u00e9s desde O Porri\u00f1o a Redondela | Camino de Santiago\" \/>\n<meta property=\"og:description\" content=\"Cammino portoghese: tappa 21 del Cammino di Santiago che si snoda tra O Porri\u00f1o e Redondela. scopri tutta l&#039;informazione necessaria e pianifica la tua tappa.\" \/>\n<meta property=\"og:url\" content=\"https:\/\/www.pilgrim.es\/it\/cammino-portoghese\/tappa-21-o-porrino-redondela\/\" \/>\n<meta property=\"og:site_name\" content=\"Pilgrim\" \/>\n<meta property=\"article:publisher\" content=\"https:\/\/www.facebook.com\/pilgrim.es\/\" \/>\n<meta property=\"article:modified_time\" content=\"2025-10-09T12:55:29+00:00\" \/>\n<meta property=\"og:image\" content=\"https:\/\/www.pilgrim.es\/wp-content\/uploads\/2019\/03\/camino_portugues_etapa_21.jpg\" \/>\n\t<meta property=\"og:image:width\" content=\"1633\" \/>\n\t<meta property=\"og:image:height\" content=\"548\" \/>\n\t<meta property=\"og:image:type\" content=\"image\/jpeg\" \/>\n<meta name=\"twitter:card\" content=\"summary_large_image\" \/>\n<meta name=\"twitter:site\" content=\"@pilgrim_es\" \/>\n<meta name=\"twitter:label1\" content=\"Tempo di lettura stimato\" \/>\n\t<meta name=\"twitter:data1\" content=\"4 minuti\" \/>\n<script type=\"application\/ld+json\" class=\"yoast-schema-graph\">{\"@context\":\"https:\\\/\\\/schema.org\",\"@graph\":[{\"@type\":\"WebPage\",\"@id\":\"https:\\\/\\\/www.pilgrim.es\\\/it\\\/cammino-portoghese\\\/tappa-21-o-porrino-redondela\\\/\",\"url\":\"https:\\\/\\\/www.pilgrim.es\\\/it\\\/cammino-portoghese\\\/tappa-21-o-porrino-redondela\\\/\",\"name\":\"Camino Portugu\u00e9s desde O Porri\u00f1o a Redondela | Camino de Santiago\",\"isPartOf\":{\"@id\":\"https:\\\/\\\/www.pilgrim.es\\\/it\\\/#website\"},\"primaryImageOfPage\":{\"@id\":\"https:\\\/\\\/www.pilgrim.es\\\/it\\\/cammino-portoghese\\\/tappa-21-o-porrino-redondela\\\/#primaryimage\"},\"image\":{\"@id\":\"https:\\\/\\\/www.pilgrim.es\\\/it\\\/cammino-portoghese\\\/tappa-21-o-porrino-redondela\\\/#primaryimage\"},\"thumbnailUrl\":\"https:\\\/\\\/www.pilgrim.es\\\/wp-content\\\/uploads\\\/2019\\\/03\\\/camino_portugues_etapa_21.jpg\",\"datePublished\":\"2019-09-19T13:38:23+00:00\",\"dateModified\":\"2025-10-09T12:55:29+00:00\",\"description\":\"Cammino portoghese: tappa 21 del Cammino di Santiago che si snoda tra O Porri\u00f1o e Redondela. scopri tutta l'informazione necessaria e pianifica la tua tappa.\",\"breadcrumb\":{\"@id\":\"https:\\\/\\\/www.pilgrim.es\\\/it\\\/cammino-portoghese\\\/tappa-21-o-porrino-redondela\\\/#breadcrumb\"},\"inLanguage\":\"it-IT\",\"potentialAction\":[{\"@type\":\"ReadAction\",\"target\":[\"https:\\\/\\\/www.pilgrim.es\\\/it\\\/cammino-portoghese\\\/tappa-21-o-porrino-redondela\\\/\"]}]},{\"@type\":\"ImageObject\",\"inLanguage\":\"it-IT\",\"@id\":\"https:\\\/\\\/www.pilgrim.es\\\/it\\\/cammino-portoghese\\\/tappa-21-o-porrino-redondela\\\/#primaryimage\",\"url\":\"https:\\\/\\\/www.pilgrim.es\\\/wp-content\\\/uploads\\\/2019\\\/03\\\/camino_portugues_etapa_21.jpg\",\"contentUrl\":\"https:\\\/\\\/www.pilgrim.es\\\/wp-content\\\/uploads\\\/2019\\\/03\\\/camino_portugues_etapa_21.jpg\",\"width\":1633,\"height\":548,\"caption\":\"Mappa Tappa 21 Camino Portoghese\"},{\"@type\":\"BreadcrumbList\",\"@id\":\"https:\\\/\\\/www.pilgrim.es\\\/it\\\/cammino-portoghese\\\/tappa-21-o-porrino-redondela\\\/#breadcrumb\",\"itemListElement\":[{\"@type\":\"ListItem\",\"position\":1,\"name\":\"Camino de Santiago\",\"item\":\"https:\\\/\\\/www.pilgrim.es\\\/it\\\/\"},{\"@type\":\"ListItem\",\"position\":2,\"name\":\"Cammino Portoghese\",\"item\":\"https:\\\/\\\/www.pilgrim.es\\\/it\\\/cammino-portoghese\\\/\"},{\"@type\":\"ListItem\",\"position\":3,\"name\":\"Cammino Portoghese | Tappa 21: O Porri\u00f1o &#8211; Redondela\"}]},{\"@type\":\"WebSite\",\"@id\":\"https:\\\/\\\/www.pilgrim.es\\\/it\\\/#website\",\"url\":\"https:\\\/\\\/www.pilgrim.es\\\/it\\\/\",\"name\":\"Pilgrim\",\"description\":\"Camino de Santiago | Caminamos Contigo\",\"publisher\":{\"@id\":\"https:\\\/\\\/www.pilgrim.es\\\/it\\\/#organization\"},\"potentialAction\":[{\"@type\":\"SearchAction\",\"target\":{\"@type\":\"EntryPoint\",\"urlTemplate\":\"https:\\\/\\\/www.pilgrim.es\\\/it\\\/?s={search_term_string}\"},\"query-input\":{\"@type\":\"PropertyValueSpecification\",\"valueRequired\":true,\"valueName\":\"search_term_string\"}}],\"inLanguage\":\"it-IT\"},{\"@type\":\"Organization\",\"@id\":\"https:\\\/\\\/www.pilgrim.es\\\/it\\\/#organization\",\"name\":\"Pilgrim Camino de Santiago\",\"url\":\"https:\\\/\\\/www.pilgrim.es\\\/it\\\/\",\"logo\":{\"@type\":\"ImageObject\",\"inLanguage\":\"it-IT\",\"@id\":\"https:\\\/\\\/www.pilgrim.es\\\/it\\\/#\\\/schema\\\/logo\\\/image\\\/\",\"url\":\"https:\\\/\\\/www.pilgrim.es\\\/wp-content\\\/uploads\\\/2019\\\/04\\\/logo_pilgrim.png\",\"contentUrl\":\"https:\\\/\\\/www.pilgrim.es\\\/wp-content\\\/uploads\\\/2019\\\/04\\\/logo_pilgrim.png\",\"width\":512,\"height\":512,\"caption\":\"Pilgrim Camino de Santiago\"},\"image\":{\"@id\":\"https:\\\/\\\/www.pilgrim.es\\\/it\\\/#\\\/schema\\\/logo\\\/image\\\/\"},\"sameAs\":[\"https:\\\/\\\/www.facebook.com\\\/pilgrim.es\\\/\",\"https:\\\/\\\/x.com\\\/pilgrim_es\",\"https:\\\/\\\/www.instagram.com\\\/pilgrim.es\\\/\",\"https:\\\/\\\/www.linkedin.com\\\/company\\\/pilgrim-camino-de-santiago\\\/\",\"https:\\\/\\\/www.pinterest.es\\\/pilgrimcaminodesantiago\\\/\",\"https:\\\/\\\/www.youtube.com\\\/channel\\\/UCIv2ZzFLXVqthkNF32rKedw\\\/featured\"]}]}<\/script>\n<!-- \/ Yoast SEO plugin. -->","yoast_head_json":{"title":"Camino Portugu\u00e9s desde O Porri\u00f1o a Redondela | Camino de Santiago","description":"Cammino portoghese: tappa 21 del Cammino di Santiago che si snoda tra O Porri\u00f1o e Redondela. scopri tutta l'informazione necessaria e pianifica la tua tappa.","robots":{"index":"index","follow":"follow","max-snippet":"max-snippet:-1","max-image-preview":"max-image-preview:large","max-video-preview":"max-video-preview:-1"},"canonical":"https:\/\/www.pilgrim.es\/it\/cammino-portoghese\/tappa-21-o-porrino-redondela\/","og_locale":"it_IT","og_type":"article","og_title":"Camino Portugu\u00e9s desde O Porri\u00f1o a Redondela | Camino de Santiago","og_description":"Cammino portoghese: tappa 21 del Cammino di Santiago che si snoda tra O Porri\u00f1o e Redondela. scopri tutta l'informazione necessaria e pianifica la tua tappa.","og_url":"https:\/\/www.pilgrim.es\/it\/cammino-portoghese\/tappa-21-o-porrino-redondela\/","og_site_name":"Pilgrim","article_publisher":"https:\/\/www.facebook.com\/pilgrim.es\/","article_modified_time":"2025-10-09T12:55:29+00:00","og_image":[{"width":1633,"height":548,"url":"https:\/\/www.pilgrim.es\/wp-content\/uploads\/2019\/03\/camino_portugues_etapa_21.jpg","type":"image\/jpeg"}],"twitter_card":"summary_large_image","twitter_site":"@pilgrim_es","twitter_misc":{"Tempo di lettura stimato":"4 minuti"},"schema":{"@context":"https:\/\/schema.org","@graph":[{"@type":"WebPage","@id":"https:\/\/www.pilgrim.es\/it\/cammino-portoghese\/tappa-21-o-porrino-redondela\/","url":"https:\/\/www.pilgrim.es\/it\/cammino-portoghese\/tappa-21-o-porrino-redondela\/","name":"Camino Portugu\u00e9s desde O Porri\u00f1o a Redondela | Camino de Santiago","isPartOf":{"@id":"https:\/\/www.pilgrim.es\/it\/#website"},"primaryImageOfPage":{"@id":"https:\/\/www.pilgrim.es\/it\/cammino-portoghese\/tappa-21-o-porrino-redondela\/#primaryimage"},"image":{"@id":"https:\/\/www.pilgrim.es\/it\/cammino-portoghese\/tappa-21-o-porrino-redondela\/#primaryimage"},"thumbnailUrl":"https:\/\/www.pilgrim.es\/wp-content\/uploads\/2019\/03\/camino_portugues_etapa_21.jpg","datePublished":"2019-09-19T13:38:23+00:00","dateModified":"2025-10-09T12:55:29+00:00","description":"Cammino portoghese: tappa 21 del Cammino di Santiago che si snoda tra O Porri\u00f1o e Redondela. scopri tutta l'informazione necessaria e pianifica la tua tappa.","breadcrumb":{"@id":"https:\/\/www.pilgrim.es\/it\/cammino-portoghese\/tappa-21-o-porrino-redondela\/#breadcrumb"},"inLanguage":"it-IT","potentialAction":[{"@type":"ReadAction","target":["https:\/\/www.pilgrim.es\/it\/cammino-portoghese\/tappa-21-o-porrino-redondela\/"]}]},{"@type":"ImageObject","inLanguage":"it-IT","@id":"https:\/\/www.pilgrim.es\/it\/cammino-portoghese\/tappa-21-o-porrino-redondela\/#primaryimage","url":"https:\/\/www.pilgrim.es\/wp-content\/uploads\/2019\/03\/camino_portugues_etapa_21.jpg","contentUrl":"https:\/\/www.pilgrim.es\/wp-content\/uploads\/2019\/03\/camino_portugues_etapa_21.jpg","width":1633,"height":548,"caption":"Mappa Tappa 21 Camino Portoghese"},{"@type":"BreadcrumbList","@id":"https:\/\/www.pilgrim.es\/it\/cammino-portoghese\/tappa-21-o-porrino-redondela\/#breadcrumb","itemListElement":[{"@type":"ListItem","position":1,"name":"Camino de Santiago","item":"https:\/\/www.pilgrim.es\/it\/"},{"@type":"ListItem","position":2,"name":"Cammino Portoghese","item":"https:\/\/www.pilgrim.es\/it\/cammino-portoghese\/"},{"@type":"ListItem","position":3,"name":"Cammino Portoghese | Tappa 21: O Porri\u00f1o &#8211; Redondela"}]},{"@type":"WebSite","@id":"https:\/\/www.pilgrim.es\/it\/#website","url":"https:\/\/www.pilgrim.es\/it\/","name":"Pilgrim","description":"Camino de Santiago | Caminamos Contigo","publisher":{"@id":"https:\/\/www.pilgrim.es\/it\/#organization"},"potentialAction":[{"@type":"SearchAction","target":{"@type":"EntryPoint","urlTemplate":"https:\/\/www.pilgrim.es\/it\/?s={search_term_string}"},"query-input":{"@type":"PropertyValueSpecification","valueRequired":true,"valueName":"search_term_string"}}],"inLanguage":"it-IT"},{"@type":"Organization","@id":"https:\/\/www.pilgrim.es\/it\/#organization","name":"Pilgrim Camino de Santiago","url":"https:\/\/www.pilgrim.es\/it\/","logo":{"@type":"ImageObject","inLanguage":"it-IT","@id":"https:\/\/www.pilgrim.es\/it\/#\/schema\/logo\/image\/","url":"https:\/\/www.pilgrim.es\/wp-content\/uploads\/2019\/04\/logo_pilgrim.png","contentUrl":"https:\/\/www.pilgrim.es\/wp-content\/uploads\/2019\/04\/logo_pilgrim.png","width":512,"height":512,"caption":"Pilgrim Camino de Santiago"},"image":{"@id":"https:\/\/www.pilgrim.es\/it\/#\/schema\/logo\/image\/"},"sameAs":["https:\/\/www.facebook.com\/pilgrim.es\/","https:\/\/x.com\/pilgrim_es","https:\/\/www.instagram.com\/pilgrim.es\/","https:\/\/www.linkedin.com\/company\/pilgrim-camino-de-santiago\/","https:\/\/www.pinterest.es\/pilgrimcaminodesantiago\/","https:\/\/www.youtube.com\/channel\/UCIv2ZzFLXVqthkNF32rKedw\/featured"]}]}},"_links":{"self":[{"href":"https:\/\/www.pilgrim.es\/it\/wp-json\/wp\/v2\/pages\/46909","targetHints":{"allow":["GET"]}}],"collection":[{"href":"https:\/\/www.pilgrim.es\/it\/wp-json\/wp\/v2\/pages"}],"about":[{"href":"https:\/\/www.pilgrim.es\/it\/wp-json\/wp\/v2\/types\/page"}],"author":[{"embeddable":true,"href":"https:\/\/www.pilgrim.es\/it\/wp-json\/wp\/v2\/users\/4"}],"replies":[{"embeddable":true,"href":"https:\/\/www.pilgrim.es\/it\/wp-json\/wp\/v2\/comments?post=46909"}],"version-history":[{"count":9,"href":"https:\/\/www.pilgrim.es\/it\/wp-json\/wp\/v2\/pages\/46909\/revisions"}],"predecessor-version":[{"id":136530,"href":"https:\/\/www.pilgrim.es\/it\/wp-json\/wp\/v2\/pages\/46909\/revisions\/136530"}],"up":[{"embeddable":true,"href":"https:\/\/www.pilgrim.es\/it\/wp-json\/wp\/v2\/pages\/10770"}],"wp:featuredmedia":[{"embeddable":true,"href":"https:\/\/www.pilgrim.es\/it\/wp-json\/wp\/v2\/media\/12611"}],"wp:attachment":[{"href":"https:\/\/www.pilgrim.es\/it\/wp-json\/wp\/v2\/media?parent=46909"}],"wp:term":[{"taxonomy":"category","embeddable":true,"href":"https:\/\/www.pilgrim.es\/it\/wp-json\/wp\/v2\/categories?post=46909"},{"taxonomy":"post_tag","embeddable":true,"href":"https:\/\/www.pilgrim.es\/it\/wp-json\/wp\/v2\/tags?post=46909"}],"curies":[{"name":"wp","href":"https:\/\/api.w.org\/{rel}","templated":true}]}}