{"id":46894,"date":"2019-09-17T16:19:37","date_gmt":"2019-09-17T16:19:37","guid":{"rendered":"https:\/\/prod.pilgrim.es\/cammino-portoghese\/tappa-25-padron-santiago-de-compostela\/"},"modified":"2025-10-09T12:41:05","modified_gmt":"2025-10-09T12:41:05","slug":"tappa-25-padron-santiago-de-compostela","status":"publish","type":"page","link":"https:\/\/www.pilgrim.es\/it\/cammino-portoghese\/tappa-25-padron-santiago-de-compostela\/","title":{"rendered":"Cammino Portoghese | Tappa 25: Padr\u00f3n &#8211; Santiago de Compostela"},"content":{"rendered":"\n<section id=\"heroStage\">\n  <h1>Cammino Portoghese: Tappa 25<\/h1>\n  <div>\n    <div class=\"hero\" data-background=\"https:\/\/cdn.pilgrim.es\/web\/caminos\/camino-portugues\/pueblos\/padron\/padron.jpg\">\n      <div class=\"hero__container\">\n        <div class=\"hero__container__labels\">\n          <p>A piedi<\/p>\n          <p>25 Tappe \/ 620 Kms<\/p>\n        <\/div>\n        <div class=\"hero__container__stage-name\">\n          <h2>\n            Padr\u00f3n <br \/>\n            <span>&#10093;<\/span>\n            Santiago de Compostela\n          <\/h2>\n          <p>24.4 Km<\/p>\n        <\/div>\n        <div class=\"hero__container__stage-changer\">\n            <div class=\"stage-control\">\n              <a class=\"stage-control__link\" href=\"https:\/\/www.pilgrim.es\/it\/cammino-portoghese\/tappa-24-caldas-de-reis-padron\/\"><span>&#10094;<\/span> Tappa 24<\/a>\n            <\/div>\n          <div class=\"stage-control\">\n            <a class=\"stage-control__link inactive\" href=\"https:\/\/www.pilgrim.es\/it\/cammino-portoghese\/tappa-25-padron-santiago-de-compostela\/\">Tappa 25 <span>&#10095;<\/span><\/a>\n          <\/div>\n        <\/div>\n      <\/div>\n    <\/div>\n    <div class=\"planner\"><div\r\n  class=\"p-col-span-1 p-rounded-lg p-px-5 p-h-full\"\r\n  style=\"background-image: url('https:\/\/cdn.pilgrim.es\/web\/pilgrim-planner\/bg-plugin-planificador.webp')\"\r\n  rel=\"preload\"\r\n  fetchpriority=\"high\"\r\n  >\r\n    <div class=\"p-text-center p-pt-5 p-text-white p-text-2xl p-font-semibold\">\r\n      Pianifica il tuo cammino    <\/div>\r\n    <div\r\n            id='primary-app'\r\n            data-name='banner'\r\n            data-api='https:\/\/pathfinder.pilgrim.es\/api\/pathfinder\/v2'\r\n            data-mode='normal'\r\n            data-lang='it'\r\n            data-route='1'\r\n            data-destiny='https:\/\/planificador.pilgrim.es'\r\n            data-modality='1'\r\n            data-inline=''\r\n        ><\/div><\/div><\/div>\n  <\/div>\n<\/section>\n\n<section id=\"scoreBarsStage\">\n  <section>\r\n  <div class=\"p-flex p-flex-nowrap p-space-x-4 p-py-5 p-overflow-x-auto md:p-grid md:p-grid-cols-3 lg:p-grid-cols-5 md:p-gap-8 md:p-space-x-0 md:p-overflow-hidden scrollbar-thin\">\r\n    <div class=\"p-grid p-grid-cols-4 p-shrink-0 p-w-72 p-snap-start md:p-w-full\">\r\n        <div class=\"p-col-span-1 p-self-center p-text-center p-text-3xl\">\r\n            <i class=\"icon-influx\"><\/i>\r\n        <\/div>\r\n        <div class=\"p-col-span-3 p-flex p-flex-col p-items-start\">\r\n            <div class=\"p-text-start p-text-secondary p-mb-1 p-bold\"> Afflusso <\/div>\r\n            <div class=\"p-w-full p-bg-light p-rounded-full p-h-2 p-relative\">\r\n                <div class=\"p-bg-primary p-h-2 p-rounded-full p-absolute\" style=\"width: 40%;\"><\/div>\r\n            <\/div>\r\n        <\/div>\r\n    <\/div>\r\n\r\n    <div class=\"p-grid p-grid-cols-4 p-shrink-0 p-w-72 p-snap-start md:p-w-full\">\r\n        <div class=\"p-col-span-1 p-self-center p-text-center p-text-3xl\">\r\n            <i class=\"icon-difficulty\"><\/i>\r\n        <\/div>\r\n        <div class=\"p-col-span-3 p-flex p-flex-col p-items-start\">\r\n            <div class=\"p-text-start p-text-secondary p-mb-1 p-bold\"> Difficolt\u00e0 <\/div>\r\n            <div class=\"p-w-full p-bg-light p-rounded-full p-h-2 p-relative\">\r\n                <div class=\"p-bg-primary p-h-2 p-rounded-full p-absolute\" style=\"width: 100%;\"><\/div>\r\n            <\/div>\r\n        <\/div>\r\n    <\/div>\r\n\r\n    <div class=\"p-grid p-grid-cols-4 p-shrink-0 p-w-72 p-snap-start md:p-w-full\">\r\n        <div class=\"p-col-span-1 p-self-center p-text-center p-text-3xl\">\r\n            <i class=\"icon-patrimony\"><\/i>\r\n        <\/div>\r\n        <div class=\"p-col-span-3 p-flex p-flex-col p-items-start\">\r\n            <div class=\"p-text-start p-text-secondary p-mb-1 p-bold\"> Arte\/Storia <\/div>\r\n            <div class=\"p-w-full p-bg-light p-rounded-full p-h-2 p-relative\">\r\n                <div class=\"p-bg-primary p-h-2 p-rounded-full p-absolute\" style=\"width: 80%;\"><\/div>\r\n            <\/div>\r\n        <\/div>\r\n    <\/div>\r\n\r\n    <div class=\"p-grid p-grid-cols-4 p-shrink-0 p-w-72 p-snap-start md:p-w-full\">\r\n        <div class=\"p-col-span-1 p-self-center p-text-center p-text-3xl\">\r\n            <i class=\"icon-nature\"><\/i>\r\n        <\/div>\r\n        <div class=\"p-col-span-3 p-flex p-flex-col p-items-start\">\r\n            <div class=\"p-text-start p-text-secondary p-mb-1 p-bold\"> Natura <\/div>\r\n            <div class=\"p-w-full p-bg-light p-rounded-full p-h-2 p-relative\">\r\n                <div class=\"p-bg-primary p-h-2 p-rounded-full p-absolute\" style=\"width: 40%;\"><\/div>\r\n            <\/div>\r\n        <\/div>\r\n    <\/div>\r\n\r\n    <div class=\"p-grid p-grid-cols-4 p-shrink-0 p-w-72 p-snap-start md:p-w-full\">\r\n        <div class=\"p-col-span-1 p-self-center p-text-center p-text-3xl\">\r\n            <i class=\"icon-urban\"><\/i>\r\n        <\/div>\r\n        <div class=\"p-col-span-3 p-flex p-flex-col p-items-start\">\r\n            <div class=\"p-text-start p-text-secondary p-mb-1 p-bold\"> Cammino Francese <\/div>\r\n            <div class=\"p-w-full p-bg-light p-rounded-full p-h-2 p-relative\">\r\n                <div class=\"p-bg-primary p-h-2 p-rounded-full p-absolute\" style=\"width: 60%;\"><\/div>\r\n            <\/div>\r\n        <\/div>\r\n    <\/div>\r\n  <\/div>\r\n<\/section>\n<\/section>\n\n<div id=\"stage-list-section\"><div class=\"stage-list\">\n    <div class='stage-list__map-card'>\n        <div class='stage-list__map-card__map'>\n            <div class='stage-list__map-card__map__text'>\n                <h2> Pages <\/h2>\n                <p> A piedi<\/p>\n                <p> 0tappe<\/p>\n            <\/div>\n            <div class='stage-list__map-card__map__img'>\n                <img decoding=\"async\" src=\"\" alt=\" mapa \" \/>\n            <\/div>\n        <\/div>\n    <\/div>\n\n    <\/div>\n<\/div>\n\n<section id=\"navStage\">\n  <div>\n    <nav id=\"tab-navigation-section\" class=\"tab-navigation-section--cols-4\">\n      <a href=\"#infoSection\" class=\"active\">Informazioni<\/a>\n      <a href=\"#profileSection\">Profilo<\/a>\n      <a href=\"#itinerarySection\">Itinerario<\/a>\n      \n      <a href=\"#locationsSection\">Paesi<\/a>\n    <\/nav>\n\n    <div id=\"infoSection\">\n      <!-- Title Section with Orange Line -->\n      <div>\n        <h2 class=\"p-h2-stage\">Informazioni<\/h2>\n        <hr class=\"orange-bar\" \/>\n        <h3 class=\"p-h3-stage\">Informazioni su questa tappa<\/h3>\n      <\/div>\n\n      \n        <p>Possiamo gi\u00e0 intuire Compostela, ci troviamo prima dell&#8217;ultima tappa del Cammino Portoghese dove si accede vittoriosamente alla citt\u00e0 dell&#8217;Apostolo dopo aver superato i venticinque chilometri che separano le due localit\u00e0. Prima di arrivare, attraverseremo numerosi villaggi e quartieri, proprio come fecero i discepoli di Santiago per portare le sue spoglie in quella che sarebbe stata la sua dimora per il resto dell&#8217;eternit\u00e0.<\/p>\n      \n\n      <div class=\"recomendation-card\">\n        <div>\n          <i class=\"icon-logo-pilgrim\"><\/i>\n          <h5>Recomendaci\u00f3n Pilgrim<\/h5>\n        <\/div>\n\n        \n          <p>Non \u00e8 una tappa molto impegnativa ma, per coloro che desiderano evitare di scalare la collina di Cirauqui, c&#8217;\u00e8 un percorso alternativo segnalato. Per quanto riguarda i ciclisti, non ci sono tratti molto difficili, ma se il tempo non li accompagna, dovranno proseguire a piedi nelle zone pi\u00f9 argillose, dove il fango \u00e8 comune nei giorni di pioggia. Anche a Cirauqui, coloro che desiderano non entrare nel centro storico possono circondare la citt\u00e0 sulla sinistra e collegarsi in seguito con il percorso originale. Quando si guida in alcuni punti delle strade nazionali e regionali, \u00e8 necessario adottare le misure di sicurezza necessarie per evitare incidenti.<\/p>\n        \n          <p>Anche le persone a mobilit\u00e0 ridotta saranno interessate da queste sezioni su strada, dove dovranno procedere con particolare attenzione a causa del traffico di veicoli.<\/p>\n        \n      <\/div>\n    <\/div>\n\n    <div id=\"profileSection\">\n      <div>\n        <h2 class=\"p-h2-stage\">Distanza e altitudine<\/h2>\n        <hr class=\"orange-bar\" \/>\n        <h3 class=\"p-h3-stage\">Profilo<\/h3>\n        <img decoding=\"async\" src=\"https:\/\/cdn.pilgrim.es\/web\/caminos\/default.jpg\" alt=\"Perfil de la etapa tappa-25-padron-santiago-de-compostela\" \/>\n      <\/div>\n    <\/div>\n\n    <div id=\"itinerarySection\">\n      <h2 class=\"p-h2-stage\">Itinerario<\/h2>\n      <hr \/>\n      <h3 class=\"p-h3-stage\">Percorso<\/h3>\n\n      \n        <div>\n          <h4>Km 0 &#8211; Inicio<\/h4>\n\n          \n            <p>Lasciamo Padr\u00f3n alla ricerca del fiume Sar, di cui attraversiamo il ponte per tornare dalla chiesa di Santiago. Una volta nel viale dell&#8217;Espol\u00f3n ci dirigiamo alla r\u00faa Murgar\u00e1n per poi girare a destra nella r\u00faa Corredeoira da Barca y Dolores. Attraversiamo nuovamente il fiume ed entriamo gi\u00e0 in Iria Flavia, parrocchia del Comune di Padr\u00f3n dove, secondo la tradizione, l&#8217;Apostolo Giacomo recit\u00f2 la sua prima predica in territorio spagnolo. Inoltre, fu qui che i suoi discepoli arrivarono su una barca di pietra, che ormeggiarono a un masso, da cui l&#8217;attuale nome di Padr\u00f3n. Questo &#8220;masso&#8221; si trova attualmente sull&#8217;altare della chiesa di Santiago de Padr\u00f3n.<\/p>\n          \n            <p>Dopo questa fermata obbligatoria, riprendiamo la marcia alla ricerca della N-550 e della ferrovia, che attraversiamo con molta precauzione. Passeremo davanti a diverse strutture, un hotel e un ristorante, lasciandoci alle spalle l&#8217;asfalto per immergerci in una ricerca di piccoli villaggi e quartieri. All&#8217;altezza di Vilar ci ritroviamo ancora una volta la ferrovia e poi di nuovo la strada, che dobbiamo attraversare e proseguire lungo la banchina per entrare nella localit\u00e0 di A Escravitude. Qui possiamo visitare l&#8217;omonimo santuario, costruito nel XVI secolo sulla cosiddetta &#8220;Fonte Santa&#8221;. La leggenda narra che le sue acque abbiano guarito un pellegrino che soffriva d&#8217;ipopressione e si recava in citt\u00e0 compostelana a pregare per la guarigione. Durante questo percorso, si \u00e8 fermato a questa fontana da cui ha bevuto e tre giorni dopo era completamente sano. Cos\u00ec esclam\u00f2: &#8220;Grazas, Virxe, que me libraches da escravitude do meu mal&#8221; (Grazie, Vergine, che mi hai liberato dalla schiavit\u00f9 del mio male), da qui il nome di questa enclave. Lasciando da parte questo santuario facciamo una deviazione verso Cruces, e pi\u00f9 precisamente verso la sua chiesa, la Iglesia di Santa Mar\u00eda. Ancora una volta ci imbatteremo nei binari ferroviari, attraversandoli nuovamente con molta precauzione, poich\u00e9 si tratta di un altro passaggio a livello senza barriere. Poco pi\u00f9 avanti, ci colleghiamo con la N-550 all&#8217;altezza di A Picara\u00f1a, dove troveremo diverse strutture.<\/p>\n          \n            <p>Proseguiamo a piedi lungo il ciglio della strada fino a raggiungere un&#8217;area di servizio, dove giriamo a sinistra verso Faramello e Teo, che ha anche un albergo. Qui inizia la parte dura della tappa. I sentieri di salita ci condurranno a R\u00faa de Francos, un piccolo villaggio da dove possiamo fare una deviazione a Castro Lupario (a circa due chilometri e mezzo di distanza), noto anche come Castro de Beca, che si ritiene sia stata la capitale dell&#8217;Amaecos e il luogo di residenza della regina Lupa, personaggio della mitologia galiziana che appare nel Codice Calixtino. La leggenda racconta che \u00e8 stato nella sua casa che i resti dell&#8217;apostolo sono stati momentaneamente depositati al suo arrivo a Iria Flavia. Tornando alla r\u00faa de Francos si trova qui anche l&#8217;eremo di San Marti\u00f1o e uno dei cruceiros galiziani pi\u00f9 antichi. Scendendo verso i binari del treno attraversandoli per mezzo di un passaggio a livello, si arriva a Osebe e al Cammino del Fiume Tinto fino a Pedreira. <\/p>\n          \n            <p>L&#8217;ingresso a o Milladoiro \u00e8 piuttosto scomodo, a causa della presenza di una segheria nei pressi di A Grela e di una zona commerciale. Dopo aver superato questo quartiere dormitorio di Santiago entriamo di nuovo brevemente in una zona boscosa prima d&#8217;incoronare il punto di Agro dos Mosteiros, da dove potremo recuperare il respiro e apprezzare gi\u00e0 la figura della Cattedrale e delle sue torri. Scendiamo ancora con la maestosit\u00e0 della Cattedrale nelle nostre retine verso Rocha Vella, appartenente alla parrocchia di Conxo. In seguito, dovremo attraversare nuovamente il gi\u00e0 noto fiume Sil all&#8217;altezza di Ponte Vella per accedere a Conxo, dove spicca la chiesa di Santa Maria situata in un ospedale psichiatrico. Ora siamo alle porte della citt\u00e0 giacobea. Basta proseguire lungo le r\u00faas di S\u00e1nchez Freire, Garc\u00eda Prieto, il viale di Rosal\u00eda de Castro e quella di Juan Carlos I. Arriviamo cos\u00ec all&#8217;Alameda, un grande parco con tre parti ben distinte: il viale dell&#8217;Alameda, la &#8220;carballeira&#8221; (o rovereto in castigliano) di Santa Susana e il viale della Herradura. Attraversiamo un passaggio pedonale e arriviamo alla Porta Faxeira, da cui si accede al centro storico della citt\u00e0.<\/p>\n          \n\n          \n            <a class=\"town-link\" href=\"https:\/\/www.pilgrim.es\/it\/cammino-portoghese\/padron\/\">\n              <div class=\"town-link__link-content\">\n                <div class=\"town-link__link-content__text\">\n              <p>Informazioni locali<\/p>\n              <p>Polizia, Assistenza medica, Cosa vedere, Dove mangiare&#8230;<\/p>\n                <\/div>\n                <div class=\"town-link__link-content__town-btn\">\n                  <i class=\"icon-arrow\"><\/i>\n                <\/div>\n              <\/div>\n            <\/a>\n          \n        <\/div>\n        <hr \/>\n      \n      <div>\n        <h4>Km 24.4 &#8231; Santiago de Compostela<\/h4>\n        <a class=\"town-link\" href=\"\/cammino-portoghese\/santiago-de-compostela\/\">\n          <div class=\"town-link__link-content\">\n            <div class=\"town-link__link-content__text\">\n              <p>Informazioni locali<\/p>\n              <p>Polizia, Assistenza medica, Cosa vedere, Dove mangiare&#8230;<\/p>\n            <\/div>\n            <div class=\"town-link__link-content__town-btn\">\n              <i class=\"icon-arrow\"><\/i>\n            <\/div>\n          <\/div>\n        <\/a>\n      <\/div>\n    <\/div>\n\n    \n\n  <div id=\"locationsSection\">\n      <h2 class=\"p-h2-stage\">Paesi<\/h2>\n      <hr \/>\n      <h3 class=\"p-h3-stage\">Villaggi<\/h3>\n      <div class=\"grid-container\">\n\n        <div class=\"p-group card-stage p-max-w-full\">\n          <a href=\"https:\/\/www.pilgrim.es\/it\/cammino-portoghese\/padron\/\" class=\"town-card\">\n            <div class=\"card-stage__header\">\n              <img decoding=\"async\" src=\"https:\/\/cdn.pilgrim.es\/web\/caminos\/camino-portugues\/pueblos\/padron\/padron.jpg\" alt=\"Padr\u00f3n\" class=\"group-hover:p-scale-110\" \/>\n              <div class=\"card-overlay group-hover:p-opacity-50\"><\/div>\n            <\/div>\n            <div class=\"town-card__flex-container\">\n              <div class=\"town-card__flex-container__info\">\n                <h3>Padr\u00f3n<\/h3>\n                <p>Provincia: A Coru\u00f1a<\/p>\n              <\/div>\n              <div class=\"town-card__flex-container__btn\">\n                <i class=\"icon-arrow\"><\/i>\n              <\/div>\n            <\/div>\n          <\/a>\n        <\/div>\n        <div class=\"p-group card-stage p-max-w-full\">\n          <a href=\"\/cammino-portoghese\/santiago-de-compostela\/\" class=\"town-card\">\n            <div class=\"card-stage__header\">\n              <img decoding=\"async\" src=\"https:\/\/cdn.pilgrim.es\/web\/caminos\/default.jpg\" alt=\"Santiago de Compostela\" class=\"group-hover:p-scale-110\" \/>\n              <div class=\"card-overlay group-hover:p-opacity-50\"><\/div>\n            <\/div>\n            <div class=\"town-card__flex-container\">\n              <div class=\"town-card__flex-container__info\">\n                <h3>Santiago de Compostela<\/h3>\n                <p>Provincia: A Coru\u00f1a<\/p>\n              <\/div>\n              <div class=\"town-card__flex-container__btn\">\n                <i class=\"icon-arrow\"><\/i>\n              <\/div>\n            <\/div>\n          <\/a>\n        <\/div>\n      <\/div>\n    <\/div>\n    <hr class=\"single-bar\" \/>\n  <\/div>\n<\/section>\n\n<section id=\"stageChange\">\n  <div>\n    <a href=\"https:\/\/www.pilgrim.es\/it\/cammino-portoghese\/tappa-24-caldas-de-reis-padron\/\" class=\"change-btn\">\n    <div class=\"change-btn\">\n      <div class=\"btn-arrow previous\">\n        <i class=\"icon-arrow\"><\/i>\n      <\/div>\n      <div class=\"change-btn__info\">\n        <div>Tappa 24<\/div>\n        <p>\n          Caldas de Reis \u276f <br> Padr\u00f3n\n        <\/p>\n      <\/div>\n    <\/div>\n    <\/a>\n    <a href=\"https:\/\/www.pilgrim.es\/it\/cammino-portoghese\/tappa-25-padron-santiago-de-compostela\/\" class=\"change-btn inactive\">\n      <div class=\"change-btn__info\">\n        <div>Tappa 25<\/div>\n        <p>\n          Padr\u00f3n \u276f <br> Santiago de Compostela\n        <\/p>\n      <\/div>\n      <div class=\"btn-arrow\">\n        <i class=\"icon-arrow\"><\/i>\n      <\/div>\n    <\/a>\n  <\/div>\n<\/section>\n","protected":false},"excerpt":{"rendered":"<p>Cammino Portoghese: Tappa 25 A piedi 25 Tappe \/ 620 Kms Padr\u00f3n &#10093; Santiago de Compostela 24.4 Km &#10094; Tappa 24 Tappa 25 &#10095; Informazioni Profilo Itinerario Paesi Informazioni Informazioni su questa tappa Possiamo gi\u00e0 intuire Compostela, ci troviamo prima dell&#8217;ultima tappa del Cammino Portoghese dove si accede vittoriosamente alla citt\u00e0 dell&#8217;Apostolo dopo aver superato &hellip; <\/p>\n<p class=\"read_more\"><a href=\"https:\/\/www.pilgrim.es\/it\/cammino-portoghese\/tappa-25-padron-santiago-de-compostela\/\">Leer m\u00e1s<\/a><\/p>\n","protected":false},"author":4,"featured_media":12649,"parent":10770,"menu_order":0,"comment_status":"closed","ping_status":"closed","template":"views\/template-new-web-design.blade.php","meta":{"footnotes":""},"categories":[],"tags":[],"class_list":["post-46894","page","type-page","status-publish","has-post-thumbnail","hentry"],"yoast_head":"<!-- This site is optimized with the Yoast SEO plugin v27.4 - https:\/\/yoast.com\/product\/yoast-seo-wordpress\/ -->\n<title>Camino Portugu\u00e9s desde Padr\u00f3n a Santiago de Compostela | Pilgrim<\/title>\n<meta name=\"description\" content=\"Cammino Portoghese: Tappa 25 del Cammino di Santiago che si snoda tra Padr\u00f3n e Santiago de Compostela. Scopri tutte le informazioni per pianificare la tua tappa.\" \/>\n<meta name=\"robots\" content=\"index, follow, max-snippet:-1, max-image-preview:large, max-video-preview:-1\" \/>\n<link rel=\"canonical\" href=\"https:\/\/www.pilgrim.es\/it\/cammino-portoghese\/tappa-25-padron-santiago-de-compostela\/\" \/>\n<meta property=\"og:locale\" content=\"it_IT\" \/>\n<meta property=\"og:type\" content=\"article\" \/>\n<meta property=\"og:title\" content=\"Camino Portugu\u00e9s desde Padr\u00f3n a Santiago de Compostela | Pilgrim\" \/>\n<meta property=\"og:description\" content=\"Cammino Portoghese: Tappa 25 del Cammino di Santiago che si snoda tra Padr\u00f3n e Santiago de Compostela. Scopri tutte le informazioni per pianificare la tua tappa.\" \/>\n<meta property=\"og:url\" content=\"https:\/\/www.pilgrim.es\/it\/cammino-portoghese\/tappa-25-padron-santiago-de-compostela\/\" \/>\n<meta property=\"og:site_name\" content=\"Pilgrim\" \/>\n<meta property=\"article:publisher\" content=\"https:\/\/www.facebook.com\/pilgrim.es\/\" \/>\n<meta property=\"article:modified_time\" content=\"2025-10-09T12:41:05+00:00\" \/>\n<meta property=\"og:image\" content=\"https:\/\/www.pilgrim.es\/wp-content\/uploads\/2019\/03\/camino_portugues_etapa_25.jpg\" \/>\n\t<meta property=\"og:image:width\" content=\"1634\" \/>\n\t<meta property=\"og:image:height\" content=\"549\" \/>\n\t<meta property=\"og:image:type\" content=\"image\/jpeg\" \/>\n<meta name=\"twitter:card\" content=\"summary_large_image\" \/>\n<meta name=\"twitter:site\" content=\"@pilgrim_es\" \/>\n<meta name=\"twitter:label1\" content=\"Tempo di lettura stimato\" \/>\n\t<meta name=\"twitter:data1\" content=\"5 minuti\" \/>\n<script type=\"application\/ld+json\" class=\"yoast-schema-graph\">{\"@context\":\"https:\\\/\\\/schema.org\",\"@graph\":[{\"@type\":\"WebPage\",\"@id\":\"https:\\\/\\\/www.pilgrim.es\\\/it\\\/cammino-portoghese\\\/tappa-25-padron-santiago-de-compostela\\\/\",\"url\":\"https:\\\/\\\/www.pilgrim.es\\\/it\\\/cammino-portoghese\\\/tappa-25-padron-santiago-de-compostela\\\/\",\"name\":\"Camino Portugu\u00e9s desde Padr\u00f3n a Santiago de Compostela | Pilgrim\",\"isPartOf\":{\"@id\":\"https:\\\/\\\/www.pilgrim.es\\\/it\\\/#website\"},\"primaryImageOfPage\":{\"@id\":\"https:\\\/\\\/www.pilgrim.es\\\/it\\\/cammino-portoghese\\\/tappa-25-padron-santiago-de-compostela\\\/#primaryimage\"},\"image\":{\"@id\":\"https:\\\/\\\/www.pilgrim.es\\\/it\\\/cammino-portoghese\\\/tappa-25-padron-santiago-de-compostela\\\/#primaryimage\"},\"thumbnailUrl\":\"https:\\\/\\\/www.pilgrim.es\\\/wp-content\\\/uploads\\\/2019\\\/03\\\/camino_portugues_etapa_25.jpg\",\"datePublished\":\"2019-09-17T16:19:37+00:00\",\"dateModified\":\"2025-10-09T12:41:05+00:00\",\"description\":\"Cammino Portoghese: Tappa 25 del Cammino di Santiago che si snoda tra Padr\u00f3n e Santiago de Compostela. Scopri tutte le informazioni per pianificare la tua tappa.\",\"breadcrumb\":{\"@id\":\"https:\\\/\\\/www.pilgrim.es\\\/it\\\/cammino-portoghese\\\/tappa-25-padron-santiago-de-compostela\\\/#breadcrumb\"},\"inLanguage\":\"it-IT\",\"potentialAction\":[{\"@type\":\"ReadAction\",\"target\":[\"https:\\\/\\\/www.pilgrim.es\\\/it\\\/cammino-portoghese\\\/tappa-25-padron-santiago-de-compostela\\\/\"]}]},{\"@type\":\"ImageObject\",\"inLanguage\":\"it-IT\",\"@id\":\"https:\\\/\\\/www.pilgrim.es\\\/it\\\/cammino-portoghese\\\/tappa-25-padron-santiago-de-compostela\\\/#primaryimage\",\"url\":\"https:\\\/\\\/www.pilgrim.es\\\/wp-content\\\/uploads\\\/2019\\\/03\\\/camino_portugues_etapa_25.jpg\",\"contentUrl\":\"https:\\\/\\\/www.pilgrim.es\\\/wp-content\\\/uploads\\\/2019\\\/03\\\/camino_portugues_etapa_25.jpg\",\"width\":1634,\"height\":549,\"caption\":\"Mappa Tappa 25 Cammino Portoghese\"},{\"@type\":\"BreadcrumbList\",\"@id\":\"https:\\\/\\\/www.pilgrim.es\\\/it\\\/cammino-portoghese\\\/tappa-25-padron-santiago-de-compostela\\\/#breadcrumb\",\"itemListElement\":[{\"@type\":\"ListItem\",\"position\":1,\"name\":\"Camino de Santiago\",\"item\":\"https:\\\/\\\/www.pilgrim.es\\\/it\\\/\"},{\"@type\":\"ListItem\",\"position\":2,\"name\":\"Cammino Portoghese\",\"item\":\"https:\\\/\\\/www.pilgrim.es\\\/it\\\/cammino-portoghese\\\/\"},{\"@type\":\"ListItem\",\"position\":3,\"name\":\"Cammino Portoghese | Tappa 25: Padr\u00f3n &#8211; Santiago de Compostela\"}]},{\"@type\":\"WebSite\",\"@id\":\"https:\\\/\\\/www.pilgrim.es\\\/it\\\/#website\",\"url\":\"https:\\\/\\\/www.pilgrim.es\\\/it\\\/\",\"name\":\"Pilgrim\",\"description\":\"Camino de Santiago | Caminamos Contigo\",\"publisher\":{\"@id\":\"https:\\\/\\\/www.pilgrim.es\\\/it\\\/#organization\"},\"potentialAction\":[{\"@type\":\"SearchAction\",\"target\":{\"@type\":\"EntryPoint\",\"urlTemplate\":\"https:\\\/\\\/www.pilgrim.es\\\/it\\\/?s={search_term_string}\"},\"query-input\":{\"@type\":\"PropertyValueSpecification\",\"valueRequired\":true,\"valueName\":\"search_term_string\"}}],\"inLanguage\":\"it-IT\"},{\"@type\":\"Organization\",\"@id\":\"https:\\\/\\\/www.pilgrim.es\\\/it\\\/#organization\",\"name\":\"Pilgrim Camino de Santiago\",\"url\":\"https:\\\/\\\/www.pilgrim.es\\\/it\\\/\",\"logo\":{\"@type\":\"ImageObject\",\"inLanguage\":\"it-IT\",\"@id\":\"https:\\\/\\\/www.pilgrim.es\\\/it\\\/#\\\/schema\\\/logo\\\/image\\\/\",\"url\":\"https:\\\/\\\/www.pilgrim.es\\\/wp-content\\\/uploads\\\/2019\\\/04\\\/logo_pilgrim.png\",\"contentUrl\":\"https:\\\/\\\/www.pilgrim.es\\\/wp-content\\\/uploads\\\/2019\\\/04\\\/logo_pilgrim.png\",\"width\":512,\"height\":512,\"caption\":\"Pilgrim Camino de Santiago\"},\"image\":{\"@id\":\"https:\\\/\\\/www.pilgrim.es\\\/it\\\/#\\\/schema\\\/logo\\\/image\\\/\"},\"sameAs\":[\"https:\\\/\\\/www.facebook.com\\\/pilgrim.es\\\/\",\"https:\\\/\\\/x.com\\\/pilgrim_es\",\"https:\\\/\\\/www.instagram.com\\\/pilgrim.es\\\/\",\"https:\\\/\\\/www.linkedin.com\\\/company\\\/pilgrim-camino-de-santiago\\\/\",\"https:\\\/\\\/www.pinterest.es\\\/pilgrimcaminodesantiago\\\/\",\"https:\\\/\\\/www.youtube.com\\\/channel\\\/UCIv2ZzFLXVqthkNF32rKedw\\\/featured\"]}]}<\/script>\n<!-- \/ Yoast SEO plugin. -->","yoast_head_json":{"title":"Camino Portugu\u00e9s desde Padr\u00f3n a Santiago de Compostela | Pilgrim","description":"Cammino Portoghese: Tappa 25 del Cammino di Santiago che si snoda tra Padr\u00f3n e Santiago de Compostela. Scopri tutte le informazioni per pianificare la tua tappa.","robots":{"index":"index","follow":"follow","max-snippet":"max-snippet:-1","max-image-preview":"max-image-preview:large","max-video-preview":"max-video-preview:-1"},"canonical":"https:\/\/www.pilgrim.es\/it\/cammino-portoghese\/tappa-25-padron-santiago-de-compostela\/","og_locale":"it_IT","og_type":"article","og_title":"Camino Portugu\u00e9s desde Padr\u00f3n a Santiago de Compostela | Pilgrim","og_description":"Cammino Portoghese: Tappa 25 del Cammino di Santiago che si snoda tra Padr\u00f3n e Santiago de Compostela. Scopri tutte le informazioni per pianificare la tua tappa.","og_url":"https:\/\/www.pilgrim.es\/it\/cammino-portoghese\/tappa-25-padron-santiago-de-compostela\/","og_site_name":"Pilgrim","article_publisher":"https:\/\/www.facebook.com\/pilgrim.es\/","article_modified_time":"2025-10-09T12:41:05+00:00","og_image":[{"width":1634,"height":549,"url":"https:\/\/www.pilgrim.es\/wp-content\/uploads\/2019\/03\/camino_portugues_etapa_25.jpg","type":"image\/jpeg"}],"twitter_card":"summary_large_image","twitter_site":"@pilgrim_es","twitter_misc":{"Tempo di lettura stimato":"5 minuti"},"schema":{"@context":"https:\/\/schema.org","@graph":[{"@type":"WebPage","@id":"https:\/\/www.pilgrim.es\/it\/cammino-portoghese\/tappa-25-padron-santiago-de-compostela\/","url":"https:\/\/www.pilgrim.es\/it\/cammino-portoghese\/tappa-25-padron-santiago-de-compostela\/","name":"Camino Portugu\u00e9s desde Padr\u00f3n a Santiago de Compostela | Pilgrim","isPartOf":{"@id":"https:\/\/www.pilgrim.es\/it\/#website"},"primaryImageOfPage":{"@id":"https:\/\/www.pilgrim.es\/it\/cammino-portoghese\/tappa-25-padron-santiago-de-compostela\/#primaryimage"},"image":{"@id":"https:\/\/www.pilgrim.es\/it\/cammino-portoghese\/tappa-25-padron-santiago-de-compostela\/#primaryimage"},"thumbnailUrl":"https:\/\/www.pilgrim.es\/wp-content\/uploads\/2019\/03\/camino_portugues_etapa_25.jpg","datePublished":"2019-09-17T16:19:37+00:00","dateModified":"2025-10-09T12:41:05+00:00","description":"Cammino Portoghese: Tappa 25 del Cammino di Santiago che si snoda tra Padr\u00f3n e Santiago de Compostela. Scopri tutte le informazioni per pianificare la tua tappa.","breadcrumb":{"@id":"https:\/\/www.pilgrim.es\/it\/cammino-portoghese\/tappa-25-padron-santiago-de-compostela\/#breadcrumb"},"inLanguage":"it-IT","potentialAction":[{"@type":"ReadAction","target":["https:\/\/www.pilgrim.es\/it\/cammino-portoghese\/tappa-25-padron-santiago-de-compostela\/"]}]},{"@type":"ImageObject","inLanguage":"it-IT","@id":"https:\/\/www.pilgrim.es\/it\/cammino-portoghese\/tappa-25-padron-santiago-de-compostela\/#primaryimage","url":"https:\/\/www.pilgrim.es\/wp-content\/uploads\/2019\/03\/camino_portugues_etapa_25.jpg","contentUrl":"https:\/\/www.pilgrim.es\/wp-content\/uploads\/2019\/03\/camino_portugues_etapa_25.jpg","width":1634,"height":549,"caption":"Mappa Tappa 25 Cammino Portoghese"},{"@type":"BreadcrumbList","@id":"https:\/\/www.pilgrim.es\/it\/cammino-portoghese\/tappa-25-padron-santiago-de-compostela\/#breadcrumb","itemListElement":[{"@type":"ListItem","position":1,"name":"Camino de Santiago","item":"https:\/\/www.pilgrim.es\/it\/"},{"@type":"ListItem","position":2,"name":"Cammino Portoghese","item":"https:\/\/www.pilgrim.es\/it\/cammino-portoghese\/"},{"@type":"ListItem","position":3,"name":"Cammino Portoghese | Tappa 25: Padr\u00f3n &#8211; Santiago de Compostela"}]},{"@type":"WebSite","@id":"https:\/\/www.pilgrim.es\/it\/#website","url":"https:\/\/www.pilgrim.es\/it\/","name":"Pilgrim","description":"Camino de Santiago | Caminamos Contigo","publisher":{"@id":"https:\/\/www.pilgrim.es\/it\/#organization"},"potentialAction":[{"@type":"SearchAction","target":{"@type":"EntryPoint","urlTemplate":"https:\/\/www.pilgrim.es\/it\/?s={search_term_string}"},"query-input":{"@type":"PropertyValueSpecification","valueRequired":true,"valueName":"search_term_string"}}],"inLanguage":"it-IT"},{"@type":"Organization","@id":"https:\/\/www.pilgrim.es\/it\/#organization","name":"Pilgrim Camino de Santiago","url":"https:\/\/www.pilgrim.es\/it\/","logo":{"@type":"ImageObject","inLanguage":"it-IT","@id":"https:\/\/www.pilgrim.es\/it\/#\/schema\/logo\/image\/","url":"https:\/\/www.pilgrim.es\/wp-content\/uploads\/2019\/04\/logo_pilgrim.png","contentUrl":"https:\/\/www.pilgrim.es\/wp-content\/uploads\/2019\/04\/logo_pilgrim.png","width":512,"height":512,"caption":"Pilgrim Camino de Santiago"},"image":{"@id":"https:\/\/www.pilgrim.es\/it\/#\/schema\/logo\/image\/"},"sameAs":["https:\/\/www.facebook.com\/pilgrim.es\/","https:\/\/x.com\/pilgrim_es","https:\/\/www.instagram.com\/pilgrim.es\/","https:\/\/www.linkedin.com\/company\/pilgrim-camino-de-santiago\/","https:\/\/www.pinterest.es\/pilgrimcaminodesantiago\/","https:\/\/www.youtube.com\/channel\/UCIv2ZzFLXVqthkNF32rKedw\/featured"]}]}},"_links":{"self":[{"href":"https:\/\/www.pilgrim.es\/it\/wp-json\/wp\/v2\/pages\/46894","targetHints":{"allow":["GET"]}}],"collection":[{"href":"https:\/\/www.pilgrim.es\/it\/wp-json\/wp\/v2\/pages"}],"about":[{"href":"https:\/\/www.pilgrim.es\/it\/wp-json\/wp\/v2\/types\/page"}],"author":[{"embeddable":true,"href":"https:\/\/www.pilgrim.es\/it\/wp-json\/wp\/v2\/users\/4"}],"replies":[{"embeddable":true,"href":"https:\/\/www.pilgrim.es\/it\/wp-json\/wp\/v2\/comments?post=46894"}],"version-history":[{"count":12,"href":"https:\/\/www.pilgrim.es\/it\/wp-json\/wp\/v2\/pages\/46894\/revisions"}],"predecessor-version":[{"id":136446,"href":"https:\/\/www.pilgrim.es\/it\/wp-json\/wp\/v2\/pages\/46894\/revisions\/136446"}],"up":[{"embeddable":true,"href":"https:\/\/www.pilgrim.es\/it\/wp-json\/wp\/v2\/pages\/10770"}],"wp:featuredmedia":[{"embeddable":true,"href":"https:\/\/www.pilgrim.es\/it\/wp-json\/wp\/v2\/media\/12649"}],"wp:attachment":[{"href":"https:\/\/www.pilgrim.es\/it\/wp-json\/wp\/v2\/media?parent=46894"}],"wp:term":[{"taxonomy":"category","embeddable":true,"href":"https:\/\/www.pilgrim.es\/it\/wp-json\/wp\/v2\/categories?post=46894"},{"taxonomy":"post_tag","embeddable":true,"href":"https:\/\/www.pilgrim.es\/it\/wp-json\/wp\/v2\/tags?post=46894"}],"curies":[{"name":"wp","href":"https:\/\/api.w.org\/{rel}","templated":true}]}}