{"id":46802,"date":"2019-09-17T11:54:58","date_gmt":"2019-09-17T11:54:58","guid":{"rendered":"https:\/\/prod.pilgrim.es\/santiago-di-compostela\/"},"modified":"2026-03-04T11:12:29","modified_gmt":"2026-03-04T11:12:29","slug":"santiago-di-compostela","status":"publish","type":"page","link":"https:\/\/www.pilgrim.es\/it\/santiago-di-compostela\/","title":{"rendered":"Santiago de Compostela"},"content":{"rendered":"\n<div class=\"landing-santiago\">\n    <section class=\"header\">\n      <h1>Santiago di Compostela<\/h1>\n      <div class=\"header__hero\" data-background=\"\/wp-content\/uploads\/2019\/04\/que-hacer-en-santiago-de-compostela-2.jpg\">\n        <div>\n          <h2>Santiago di Compostela<\/h2>\n          <ul>\n            <li>Abitanti 95.612<\/li>\n            <li>Provincia: A Coru\u00f1a<\/li>\n          <\/ul>\n        <\/div>\n      <\/div>\n      <div class=\"header__subhero\">\n        <div class=\"header__subhero__intro\">\n          <div class=\"header__subhero__intro__except\">\n            <p>\n              La citt\u00e0 di Compostela \u00e8 considerata la pi\u00f9 grande citt\u00e0 del mondo, anche se \u00e8 anche una delle citt\u00e0 pi\u00f9 piccole. Il calore della gente, gli angoli paesaggistici e il centro storico costruito pietra su pietra intorno alla Cattedrale rendono questa piccola citt\u00e0 molto grande. Una sensazione incredibile per ogni pellegrino che arriva a Santiago per il Cammino Francese, quando a Monte do Gozo vede per la prima volta in lontananza le torri della cattedrale.\n            <\/p>\n          <\/div>\n          <div class=\"header__subhero__intro__holidays\">\n            <div class=\"holiday\">\n              <div class=\"holiday__icon\">\n                <i class=\"icon-holiday\"><\/i>\n              <\/div>\n              <div class=\"holiday__info\">\n                <h5>Festivit\u00e0 locale<\/h5>\n                <p>25 luglio: Festa di Santiago Apostolo<\/p>\n              <\/div>\n            <\/div>\n          <\/div>\n        <\/div>\n        <div class=\"header__subhero__phones\">\n          <div>\n            <div class=\"phone\">\n              <div class=\"phone__icon\">\n                <i class=\"icon-police\"><\/i>\n              <\/div>\n              <div class=\"phone__info\">\n                <h5>Polizia locale<\/h5>\n                <p>981 542 323<\/p>\n              <\/div>\n            <\/div>\n    \n            <div class=\"phone\">\n              <div class=\"phone__icon\">\n                <i class=\"icon-civil-protection\"><\/i>\n              <\/div>\n              <div class=\"phone__info\">\n                <h5>Protezione civile<\/h5>\n                <p>981 543 105<\/p>\n              <\/div>\n            <\/div>\n    \n            <div class=\"phone\">\n              <div class=\"phone__icon\">\n                <i class=\"icon-spanish-military-police\"><\/i>\n              <\/div>\n              <div class=\"phone__info\">\n                <h5>Guardia Civile<\/h5>\n                <p>981 547 654<\/p>\n              <\/div>\n            <\/div>\n    \n            <div class=\"phone\">\n              <div class=\"phone__icon\">\n                <i class=\"icon-firefighters\"><\/i>\n              <\/div>\n              <div class=\"phone__info\">\n                <h5>Vigili del fuoco<\/h5>\n                <p>981 542 446<\/p>\n              <\/div>\n            <\/div>\n    \n            <div class=\"phone\">\n              <div class=\"phone__icon\">\n                <i class=\"icon-hospital\"><\/i>\n              <\/div>\n              <div class=\"phone__info\">\n                <h5>Centro di salute<\/h5>\n                <p>981 577 670<\/p>\n              <\/div>\n            <\/div>\n    \n            <div class=\"phone\">\n              <div class=\"phone__icon\">\n                <i class=\"icon-town-council\"><\/i>\n              <\/div>\n              <div class=\"phone__info\">\n                <h5>Municipio<\/h5>\n                <p>981 542 300<\/p>\n              <\/div>\n            <\/div>\n          <\/div>\n    \n          <div class=\"phone-tourism\">\n            <div class=\"phone-tourism__icon\">\n              <i class=\"icon-tourism\"><\/i>\n            <\/div>\n            <div class=\"phone-tourism__info\">\n              <h5>Turismo<\/h5>\n              <div>\n                <div class=\"phone1\">\n                  <p>981 555 129<\/p>\n                  <p>R\u00faa do Vilar, 63<\/p>\n                <\/div>\n                <div class=\"phone2\">\n                  <p>902 332 010<\/p>\n                  <p>R\u00faa do Vilar, 30-32<\/p>\n                <\/div>\n              <\/div>\n            <\/div>\n          <\/div>\n    \n        <\/div>\n      <\/div>\n    <\/section>\n    <section id=\"infoTown\">\n      <div id=\"locationSection\">\n        <div>\n          <h4 class=\"p-h4--section\">Ubicazione<\/h4>\n          <hr class=\"orange-bar\">\n          <h2>Come raggiungere<\/h2>\n        <\/div>\n        <div>\n          <div>\n            <p>\n              Il modo principale per arrivare al comune \u00e8 con l&#8217;autostrada AP-9, che collega La Coru\u00f1a e Vigo, o con l&#8217;AP-53, che collega Ourense a Santiago. Anche l&#8217;AG-56 che unisce Noia a Santiago e l&#8217;A-54 che collega Lugo alla capitale. Ci sono anche molte strade secondarie e regionali che consentono di arrivare da tutte le localit\u00e0 nei dintorni della capitale della Galizia e dalla Costa da Morte.\n            <\/p>\n            <p>\n              La citt\u00e0 dispone di una stazione ferroviaria e di una stazione degli autobus, entrambe molto ben collegate con le principali citt\u00e0 galiziane e spagnole, oltre che con altre localit\u00e0 intermedie. Inoltre, diverse linee collegano con paesi come Belgio, Germania, Francia, Olanda, Svizzera, Romania e Portogallo. Santiago ha l&#8217;aeroporto pi\u00f9 importante della Galizia, con connessioni sia nazionali che internazionali.\n            <\/p>\n          <\/div>\n          <div>\n            \n          <\/div>\n        <\/div>\n      <\/div>\n      <div id=\"toVisitSection\">\n        <div>\n          <h4 class=\"p-h4--section\">Storia \/ Cultura<\/h4>\n          <hr class=\"orange-bar\">\n          <h2>Cosa vedere<\/h2>\n        <\/div>\n        <div>\n          <div class=\"accordion accordion--p\" data-id=\"1\">\n            <div class=\"accordion__menu\">\n              <nav>\n                <button id=\"catedralSantiagoTab\" class=\"nav-tab-accordion active\">\n                  <span>&#10093;<\/span>\n                  <span>Cattedrale di Santiago<\/span>\n                <\/button>\n                <button id=\"sanMartinPinarioTab\" class=\"nav-tab-accordion\">\n                  <span>&#10093;<\/span>\n                  <span>San Mart\u00edn Pinario<\/span>\n                <\/button>\n                <button id=\"sandoDomingoBonavalTab\" class=\"nav-tab-accordion\">\n                  <span>&#10093;<\/span>\n                  <span>Santo Domingo de Bonaval<\/span>\n                <\/button>\n                <button id=\"mercadoAbastosTab\" class=\"nav-tab-accordion\">\n                  <span>&#10093;<\/span>\n                  <span>Mercado de Abastos<\/span>\n                <\/button>\n              <\/nav>\n            <\/div>\n            <div id=\"catedralSantiagoTab\" class=\"accordion__accordion-content\">\n              <div>\n                <div>\n                  <p class=\"accordion-title\">Cattedrale di Santiago<\/p>\n                  <p>\n                    La Cattedrale di Santiago de Compostela appare come la pi\u00f9 eccellente opera d&#8217;arte romanica in Spagna e simboleggia il punto finale di tutti i cammini che portano a Santiago, cammini che per secoli hanno ispirato numerosi pellegrini a dirigersi verso il sepolcro dell&#8217;Apostolo.\n                  <\/p>\n                  <a href=\"https:\/\/www.pilgrim.es\/it\/pianificare\/la-cattedrale-di-santiago\/\">MOSTRA ALTRO <i class=\"icon-arrow\"><\/i><\/a>\n                <\/div>\n                <img decoding=\"async\" src=\"\/wp-content\/uploads\/2019\/04\/catedral-tab.jpg\" alt=\"Cattedrale di Santiago\">\n              <\/div>\n            <\/div>\n            <div id=\"sanMartinPinarioTab\" class=\"accordion__accordion-content inactive\">\n              <div>\n                <div>\n                  <p class=\"accordion-title\">San Mart\u00edn Pinario<\/p>\n                  <p>\n                    Il monastero di San Mart\u00edn Pinario a Compostela \u00e8 una delle tre pi\u00f9 antiche istituzioni altomedievali della citt\u00e0 di Santiago e, insieme alla Cattedrale e al monastero di Antealtares, rappresenta le radici stesse della citt\u00e0 attuale e la base del suo carattere giacobeo.\n                  <\/p>\n                  <p>\n                    In questi preliminari cercheremo di inquadrare la sua origine nella storia del cristianesimo in Galizia e il suo legame con l&#8217;evento giacobeo e il culto dell&#8217;Apostolo Santiago nell&#8217;Europa occidentale.\n                  <\/p>\n                  <a href=\"https:\/\/www.pilgrim.es\/santiago-de-compostela\/san-martin-pinario\/\">MOSTRA ALTRO <i class=\"icon-arrow\"><\/i><\/a>\n                <\/div>\n                <img decoding=\"async\" src=\"\/wp-content\/uploads\/2019\/04\/santo-domingo-de-bonaval.jpg\" alt=\"San Mart\u00edn Pinario\">\n              <\/div>\n            <\/div>\n            <div id=\"sandoDomingoBonavalTab\" class=\"accordion__accordion-content inactive\">\n              <div>\n                <div>\n                  <p class=\"accordion-title\">Santo Domingo de Bonaval<\/p>\n                  <p>\n                    Si trova vicino alla Puerta del Camino, fuori dalle mura della citt\u00e0 medievale, sul pendio del monte Alm\u00e1ciga.\n                  <\/p>\n                  <p>\n                    Sebbene la tradizione voglia che sia stato fondato dallo stesso Santo Domingo de Guzm\u00e1n durante un pellegrinaggio a Santiago agli inizi del XIII secolo, non esistono prove certe di questo evento. Il primo documento che attesta l&#8217;esistenza del convento risale al 1228 e lo intitola Santa Mar\u00eda. Nel XV secolo viene conosciuto come San Domenico ed \u00e8 patrocinato dalla famiglia Altamira.\n                  <\/p>\n                  <a href=\"https:\/\/www.pilgrim.es\/santiago-de-compostela\/convento-e-iglesia-de-santo-domingo\/\">MOSTRA ALTRO <i class=\"icon-arrow\"><\/i><\/a>\n                <\/div>\n                <img decoding=\"async\" src=\"\/wp-content\/uploads\/2019\/04\/santo-domingo-de-bonaval.jpg\" alt=\"Santo Domingo de Bonaval\">\n              <\/div>\n            <\/div>\n            <div id=\"mercadoAbastosTab\" class=\"accordion__accordion-content inactive\">\n              <div>\n                <div>\n                  <p class=\"accordion-title\">Mercado de Abastos<\/p>\n                  <p>\n                    Il Mercado de Abastos di Santiago fu costruito verso la met\u00e0 del XX secolo e si trova nel cuore della citt\u00e0. Tuttavia, la storia del mercato non pu\u00f2 essere raccontata senza menzionare il suo precursore, il vecchio mercato cittadino.\n                  <\/p>\n                  <p>\n                    Il vecchio mercato era molto importante, ospitando i tradizionali mercatini gi\u00e0 presenti a Santiago all&#8217;epoca. Gi\u00e0 nel 1937 il mercato originario fu demolito per dare spazio all&#8217;attuale Plaza de Abastos, dove sorge l&#8217;edificio attuale.\n                  <\/p>\n                  <a href=\"https:\/\/www.pilgrim.es\/santiago-de-compostela\/mercado-de-abastos\/\">MOSTRA ALTRO <i class=\"icon-arrow\"><\/i><\/a>\n                <\/div>\n                <img decoding=\"async\" src=\"\/wp-content\/uploads\/2019\/04\/mercadodeabastos.jpg\" alt=\"Mercado de Abastos\">\n              <\/div>\n            <\/div>\n          <\/div>\n          <div class=\"interest-points\">\n            <hr class=\"single-bar\">\n            <a href=\"https:\/\/www.pilgrim.es\/santiago-de-compostela\/puntos-de-interes\/\">Mostrare tutti i punti di interesse <i class=\"icon-arrow\"><\/i><\/a>\n          <\/div>\n        <\/div>\n      <\/div>\n      <div id=\"recomendationSection\">\n        <div>\n          <h4 class=\"p-h4--section\">Gastronomia<\/h4>\n          <hr class=\"orange-bar\">\n          <h2>Cosa mangiare<\/h2>\n        <\/div>\n        <div class=\"accordion\" data-id=\"2\">\n          <div class=\"accordion__menu\">\n            <nav>\n              <button id=\"carnesTab\" class=\"nav-tab-accordion active\">\n                <span>&#10093;<\/span>\n                <span>Carni<\/span>\n              <\/button>\n              <button id=\"mariscosTab\" class=\"nav-tab-accordion\">\n                <span>&#10093;<\/span>\n                <span>Frutti di mare<\/span>\n              <\/button>\n              <button id=\"piedrasSantiagoTab\" class=\"nav-tab-accordion\">\n                <span>&#10093;<\/span>\n                <span>Pietre di Santiago<\/span>\n              <\/button>\n              <button id=\"productosFrescosTab\" class=\"nav-tab-accordion\">\n                <span>&#10093;<\/span>\n                <span>Prodotti freschi<\/span>\n              <\/button>\n              <button id=\"tartaSantiagoTab\" class=\"nav-tab-accordion\">\n                <span>&#10093;<\/span>\n                <span>Torta Santiago<\/span>\n              <\/button>\n            <\/nav>\n          <\/div>\n          <div id=\"carnesTab\" class=\"accordion__accordion-content\">\n            <div>\n              <div>\n                <p class=\"accordion-title\">Carni<\/p>\n                <p>\n                  Santiago \u00e8 una citt\u00e0 in cui le steak house, le grigliate e le carni allo spiedo sono molto apprezzate per la loro qualit\u00e0. Le carni bovine e suine arrivano quotidianamente dalle fattorie e dagli allevamenti delle localit\u00e0 vicine.\n                <\/p>\n              <\/div>\n              <img decoding=\"async\" src=\"\/wp-content\/uploads\/2019\/04\/carnes.jpg\" alt=\"Carni a Santiago\">\n            <\/div>\n          <\/div>\n          <div id=\"mariscosTab\" class=\"accordion__accordion-content inactive\">\n            <div>\n              <div>\n                <p class=\"accordion-title\">Frutti di mare<\/p>\n                <p>\n                  La Galizia \u00e8 il regno dei frutti di mare per eccellenza: dalle sue coste provengono esemplari di alta qualit\u00e0 che raggiungono mercati ittici, supermercati e ristoranti in tutta la Spagna. Per questo \u00e8 essenziale assaggiare il prodotto fresco a Santiago, dove \u00e8 possibile ammirare grandi vasche piene di esemplari ancora vivi mentre si percorre la r\u00faa del Franco. Le conchiglie, che richiamano il guscio di Santiago, insieme ad aragoste, granchi e cirripedi, sono piatti imperdibili.\n                <\/p>\n              <\/div>\n              <img decoding=\"async\" src=\"\/wp-content\/uploads\/2019\/04\/mariscos.jpg\" alt=\"Frutti di mare a Santiago\">\n            <\/div>\n          <\/div>\n          <div id=\"piedrasSantiagoTab\" class=\"accordion__accordion-content inactive\">\n            <div>\n              <div>\n                <p class=\"accordion-title\">Pietre di Santiago<\/p>\n                <p>\n                  Questi particolari cioccolatini sono realizzati con mandorle e cioccolato artigianale. Si pensa che le prime ricette di questo dolce siano nate con l&#8217;arrivo del cioccolato dall&#8217;America e, grazie all&#8217;afflusso di pellegrini, si siano diffuse in tutta Europa.\n                <\/p>\n              <\/div>\n              <img decoding=\"async\" src=\"\/wp-content\/uploads\/2019\/04\/piedras-santiago.jpg\" alt=\"Pietre di Santiago\">\n            <\/div>\n          <\/div>\n          <div id=\"productosFrescosTab\" class=\"accordion__accordion-content inactive\">\n            <div>\n              <div>\n                <p class=\"accordion-title\">Prodotti freschi<\/p>\n                <p>\n                  La Galizia, e in particolare la citt\u00e0 di Santiago, \u00e8 rinomata per l&#8217;importanza dei suoi celebri mercati di approvvigionamento. Il mercato di Rua das Ame\u00e1s \u00e8 uno dei luoghi pi\u00f9 visitati della citt\u00e0 ed \u00e8 aperto dal luned\u00ec al sabato fin dalle prime ore del mattino, permettendo ai mattinieri di acquistare prodotti freschi appena raccolti senza dover affrontare l&#8217;ora di punta.\n                <\/p>\n              <\/div>\n              <img decoding=\"async\" src=\"\/wp-content\/uploads\/2019\/04\/Productos-frescos.jpg\" alt=\"Prodotti freschi a Santiago\">\n            <\/div>\n          <\/div>\n          <div id=\"tartaSantiagoTab\" class=\"accordion__accordion-content inactive\">\n            <div>\n              <div>\n                <p class=\"accordion-title\">Torta Santiago<\/p>\n                <p>\n                  La torta di Santiago \u00e8 un dolce tradizionale di Santiago e del Cammino Giacobeo. \u00c8 una torta di mandorle preparata senza farina, reperibile in quasi tutte le pasticcerie di Santiago e nei paesi lungo il Cammino.\n                <\/p>\n                <p>\n                  Anche se sappiamo poco sulla pasticceria nel Medioevo a Santiago, gi\u00e0 nel 1577 esistono testimonianze dell&#8217;esistenza di un dolce a base di mandorle, poi chiamato \u201ctorta reale\u201d. Fu Luis Bartolom\u00e9 de Leybar a scrivere, nel suo ricettario, le istruzioni per prepararlo nel 1838. In pasticceria compostelana \u201cCasa Mora\u201d si inizi\u00f2 a disegnare la silhouette della croce di Santiago sulla torta.\n                <\/p>\n              <\/div>\n              <img decoding=\"async\" src=\"\/wp-content\/uploads\/2019\/04\/tartadesantiago.jpg\" alt=\"Torta Santiago\">\n            <\/div>\n          <\/div>\n        <\/div>\n      <\/div>\n      <div class=\"recomendation-card\">\n        <div>\n          <i class=\"icon-logo-pilgrim\"><\/i>\n          <h3>Feste e pellegrinaggi<\/h3>\n        <\/div>\n        <p>\n          Il 25 luglio si celebra la festa di Giacomo Apostolo, patrono della Spagna, della Galizia e della citt\u00e0 stessa. Piccoli pellegrinaggi si svolgono anche in onore dei santi patroni dei quartieri pi\u00f9 antichi della citt\u00e0.<\/p>\n        <p>\n          L&#8217;Ascensione \u00e8 un&#8217;altra delle feste pi\u00f9 importanti di Santiago, celebrata il sesto gioved\u00ec dopo Pasqua.\n        <\/p>\n      <\/div>\n    <\/section>\n  <\/div>\n","protected":false},"excerpt":{"rendered":"<p>Santiago di Compostela Santiago di Compostela Abitanti 95.612 Provincia: A Coru\u00f1a La citt\u00e0 di Compostela \u00e8 considerata la pi\u00f9 grande citt\u00e0 del mondo, anche se \u00e8 anche una delle citt\u00e0 pi\u00f9 piccole. Il calore della gente, gli angoli paesaggistici e il centro storico costruito pietra su pietra intorno alla Cattedrale rendono questa piccola citt\u00e0 molto &hellip; <\/p>\n<p class=\"read_more\"><a href=\"https:\/\/www.pilgrim.es\/it\/santiago-di-compostela\/\">Leer m\u00e1s<\/a><\/p>\n","protected":false},"author":4,"featured_media":8465,"parent":0,"menu_order":0,"comment_status":"closed","ping_status":"closed","template":"views\/template-new-web-design.blade.php","meta":{"footnotes":""},"categories":[],"tags":[],"class_list":["post-46802","page","type-page","status-publish","has-post-thumbnail","hentry"],"yoast_head":"<!-- This site is optimized with the Yoast SEO plugin v27.4 - https:\/\/yoast.com\/product\/yoast-seo-wordpress\/ -->\n<title>Santiago di Compostela | Termine del Cammino di Santiago | Pilgrim<\/title>\n<meta name=\"description\" content=\"Santiago di Compostela. Tutte le informazioni sulla citt\u00e0 dove il pellegrino risveglia tutte le emozioni accumulate durante il suo viaggio verso il Cammino di Santiago.\" \/>\n<meta name=\"robots\" content=\"index, follow, max-snippet:-1, max-image-preview:large, max-video-preview:-1\" \/>\n<link rel=\"canonical\" href=\"https:\/\/www.pilgrim.es\/it\/santiago-di-compostela\/\" \/>\n<meta property=\"og:locale\" content=\"it_IT\" \/>\n<meta property=\"og:type\" content=\"article\" \/>\n<meta property=\"og:title\" content=\"Santiago di Compostela | Termine del Cammino di Santiago | Pilgrim\" \/>\n<meta property=\"og:description\" content=\"Santiago di Compostela. Tutte le informazioni sulla citt\u00e0 dove il pellegrino risveglia tutte le emozioni accumulate durante il suo viaggio verso il Cammino di Santiago.\" \/>\n<meta property=\"og:url\" content=\"https:\/\/www.pilgrim.es\/it\/santiago-di-compostela\/\" \/>\n<meta property=\"og:site_name\" content=\"Pilgrim\" \/>\n<meta property=\"article:publisher\" content=\"https:\/\/www.facebook.com\/pilgrim.es\/\" \/>\n<meta property=\"article:modified_time\" content=\"2026-03-04T11:12:29+00:00\" \/>\n<meta property=\"og:image\" content=\"https:\/\/www.pilgrim.es\/wp-content\/uploads\/2019\/02\/SantiagoCompostela2-mriqfwoeudqcdro3telkbjl0yxlfy9po5jt7oh6ey4.jpg\" \/>\n\t<meta property=\"og:image:width\" content=\"770\" \/>\n\t<meta property=\"og:image:height\" content=\"350\" \/>\n\t<meta property=\"og:image:type\" content=\"image\/jpeg\" \/>\n<meta name=\"twitter:card\" content=\"summary_large_image\" \/>\n<meta name=\"twitter:site\" content=\"@pilgrim_es\" \/>\n<meta name=\"twitter:label1\" content=\"Tempo di lettura stimato\" \/>\n\t<meta name=\"twitter:data1\" content=\"5 minuti\" \/>\n<script type=\"application\/ld+json\" class=\"yoast-schema-graph\">{\"@context\":\"https:\\\/\\\/schema.org\",\"@graph\":[{\"@type\":\"WebPage\",\"@id\":\"https:\\\/\\\/www.pilgrim.es\\\/it\\\/santiago-di-compostela\\\/\",\"url\":\"https:\\\/\\\/www.pilgrim.es\\\/it\\\/santiago-di-compostela\\\/\",\"name\":\"Santiago di Compostela | Termine del Cammino di Santiago | Pilgrim\",\"isPartOf\":{\"@id\":\"https:\\\/\\\/www.pilgrim.es\\\/it\\\/#website\"},\"primaryImageOfPage\":{\"@id\":\"https:\\\/\\\/www.pilgrim.es\\\/it\\\/santiago-di-compostela\\\/#primaryimage\"},\"image\":{\"@id\":\"https:\\\/\\\/www.pilgrim.es\\\/it\\\/santiago-di-compostela\\\/#primaryimage\"},\"thumbnailUrl\":\"https:\\\/\\\/www.pilgrim.es\\\/wp-content\\\/uploads\\\/2019\\\/02\\\/SantiagoCompostela2-mriqfwoeudqcdro3telkbjl0yxlfy9po5jt7oh6ey4.jpg\",\"datePublished\":\"2019-09-17T11:54:58+00:00\",\"dateModified\":\"2026-03-04T11:12:29+00:00\",\"description\":\"Santiago di Compostela. Tutte le informazioni sulla citt\u00e0 dove il pellegrino risveglia tutte le emozioni accumulate durante il suo viaggio verso il Cammino di Santiago.\",\"breadcrumb\":{\"@id\":\"https:\\\/\\\/www.pilgrim.es\\\/it\\\/santiago-di-compostela\\\/#breadcrumb\"},\"inLanguage\":\"it-IT\",\"potentialAction\":[{\"@type\":\"ReadAction\",\"target\":[\"https:\\\/\\\/www.pilgrim.es\\\/it\\\/santiago-di-compostela\\\/\"]}]},{\"@type\":\"ImageObject\",\"inLanguage\":\"it-IT\",\"@id\":\"https:\\\/\\\/www.pilgrim.es\\\/it\\\/santiago-di-compostela\\\/#primaryimage\",\"url\":\"https:\\\/\\\/www.pilgrim.es\\\/wp-content\\\/uploads\\\/2019\\\/02\\\/SantiagoCompostela2-mriqfwoeudqcdro3telkbjl0yxlfy9po5jt7oh6ey4.jpg\",\"contentUrl\":\"https:\\\/\\\/www.pilgrim.es\\\/wp-content\\\/uploads\\\/2019\\\/02\\\/SantiagoCompostela2-mriqfwoeudqcdro3telkbjl0yxlfy9po5jt7oh6ey4.jpg\",\"width\":770,\"height\":350,\"caption\":\"Santiago de Compostela\"},{\"@type\":\"BreadcrumbList\",\"@id\":\"https:\\\/\\\/www.pilgrim.es\\\/it\\\/santiago-di-compostela\\\/#breadcrumb\",\"itemListElement\":[{\"@type\":\"ListItem\",\"position\":1,\"name\":\"Camino de Santiago\",\"item\":\"https:\\\/\\\/www.pilgrim.es\\\/it\\\/\"},{\"@type\":\"ListItem\",\"position\":2,\"name\":\"Santiago de Compostela\"}]},{\"@type\":\"WebSite\",\"@id\":\"https:\\\/\\\/www.pilgrim.es\\\/it\\\/#website\",\"url\":\"https:\\\/\\\/www.pilgrim.es\\\/it\\\/\",\"name\":\"Pilgrim\",\"description\":\"Camino de Santiago | Caminamos Contigo\",\"publisher\":{\"@id\":\"https:\\\/\\\/www.pilgrim.es\\\/it\\\/#organization\"},\"potentialAction\":[{\"@type\":\"SearchAction\",\"target\":{\"@type\":\"EntryPoint\",\"urlTemplate\":\"https:\\\/\\\/www.pilgrim.es\\\/it\\\/?s={search_term_string}\"},\"query-input\":{\"@type\":\"PropertyValueSpecification\",\"valueRequired\":true,\"valueName\":\"search_term_string\"}}],\"inLanguage\":\"it-IT\"},{\"@type\":\"Organization\",\"@id\":\"https:\\\/\\\/www.pilgrim.es\\\/it\\\/#organization\",\"name\":\"Pilgrim Camino de Santiago\",\"url\":\"https:\\\/\\\/www.pilgrim.es\\\/it\\\/\",\"logo\":{\"@type\":\"ImageObject\",\"inLanguage\":\"it-IT\",\"@id\":\"https:\\\/\\\/www.pilgrim.es\\\/it\\\/#\\\/schema\\\/logo\\\/image\\\/\",\"url\":\"https:\\\/\\\/www.pilgrim.es\\\/wp-content\\\/uploads\\\/2019\\\/04\\\/logo_pilgrim.png\",\"contentUrl\":\"https:\\\/\\\/www.pilgrim.es\\\/wp-content\\\/uploads\\\/2019\\\/04\\\/logo_pilgrim.png\",\"width\":512,\"height\":512,\"caption\":\"Pilgrim Camino de Santiago\"},\"image\":{\"@id\":\"https:\\\/\\\/www.pilgrim.es\\\/it\\\/#\\\/schema\\\/logo\\\/image\\\/\"},\"sameAs\":[\"https:\\\/\\\/www.facebook.com\\\/pilgrim.es\\\/\",\"https:\\\/\\\/x.com\\\/pilgrim_es\",\"https:\\\/\\\/www.instagram.com\\\/pilgrim.es\\\/\",\"https:\\\/\\\/www.linkedin.com\\\/company\\\/pilgrim-camino-de-santiago\\\/\",\"https:\\\/\\\/www.pinterest.es\\\/pilgrimcaminodesantiago\\\/\",\"https:\\\/\\\/www.youtube.com\\\/channel\\\/UCIv2ZzFLXVqthkNF32rKedw\\\/featured\"]}]}<\/script>\n<!-- \/ Yoast SEO plugin. -->","yoast_head_json":{"title":"Santiago di Compostela | Termine del Cammino di Santiago | Pilgrim","description":"Santiago di Compostela. Tutte le informazioni sulla citt\u00e0 dove il pellegrino risveglia tutte le emozioni accumulate durante il suo viaggio verso il Cammino di Santiago.","robots":{"index":"index","follow":"follow","max-snippet":"max-snippet:-1","max-image-preview":"max-image-preview:large","max-video-preview":"max-video-preview:-1"},"canonical":"https:\/\/www.pilgrim.es\/it\/santiago-di-compostela\/","og_locale":"it_IT","og_type":"article","og_title":"Santiago di Compostela | Termine del Cammino di Santiago | Pilgrim","og_description":"Santiago di Compostela. Tutte le informazioni sulla citt\u00e0 dove il pellegrino risveglia tutte le emozioni accumulate durante il suo viaggio verso il Cammino di Santiago.","og_url":"https:\/\/www.pilgrim.es\/it\/santiago-di-compostela\/","og_site_name":"Pilgrim","article_publisher":"https:\/\/www.facebook.com\/pilgrim.es\/","article_modified_time":"2026-03-04T11:12:29+00:00","og_image":[{"width":770,"height":350,"url":"https:\/\/www.pilgrim.es\/wp-content\/uploads\/2019\/02\/SantiagoCompostela2-mriqfwoeudqcdro3telkbjl0yxlfy9po5jt7oh6ey4.jpg","type":"image\/jpeg"}],"twitter_card":"summary_large_image","twitter_site":"@pilgrim_es","twitter_misc":{"Tempo di lettura stimato":"5 minuti"},"schema":{"@context":"https:\/\/schema.org","@graph":[{"@type":"WebPage","@id":"https:\/\/www.pilgrim.es\/it\/santiago-di-compostela\/","url":"https:\/\/www.pilgrim.es\/it\/santiago-di-compostela\/","name":"Santiago di Compostela | Termine del Cammino di Santiago | Pilgrim","isPartOf":{"@id":"https:\/\/www.pilgrim.es\/it\/#website"},"primaryImageOfPage":{"@id":"https:\/\/www.pilgrim.es\/it\/santiago-di-compostela\/#primaryimage"},"image":{"@id":"https:\/\/www.pilgrim.es\/it\/santiago-di-compostela\/#primaryimage"},"thumbnailUrl":"https:\/\/www.pilgrim.es\/wp-content\/uploads\/2019\/02\/SantiagoCompostela2-mriqfwoeudqcdro3telkbjl0yxlfy9po5jt7oh6ey4.jpg","datePublished":"2019-09-17T11:54:58+00:00","dateModified":"2026-03-04T11:12:29+00:00","description":"Santiago di Compostela. Tutte le informazioni sulla citt\u00e0 dove il pellegrino risveglia tutte le emozioni accumulate durante il suo viaggio verso il Cammino di Santiago.","breadcrumb":{"@id":"https:\/\/www.pilgrim.es\/it\/santiago-di-compostela\/#breadcrumb"},"inLanguage":"it-IT","potentialAction":[{"@type":"ReadAction","target":["https:\/\/www.pilgrim.es\/it\/santiago-di-compostela\/"]}]},{"@type":"ImageObject","inLanguage":"it-IT","@id":"https:\/\/www.pilgrim.es\/it\/santiago-di-compostela\/#primaryimage","url":"https:\/\/www.pilgrim.es\/wp-content\/uploads\/2019\/02\/SantiagoCompostela2-mriqfwoeudqcdro3telkbjl0yxlfy9po5jt7oh6ey4.jpg","contentUrl":"https:\/\/www.pilgrim.es\/wp-content\/uploads\/2019\/02\/SantiagoCompostela2-mriqfwoeudqcdro3telkbjl0yxlfy9po5jt7oh6ey4.jpg","width":770,"height":350,"caption":"Santiago de Compostela"},{"@type":"BreadcrumbList","@id":"https:\/\/www.pilgrim.es\/it\/santiago-di-compostela\/#breadcrumb","itemListElement":[{"@type":"ListItem","position":1,"name":"Camino de Santiago","item":"https:\/\/www.pilgrim.es\/it\/"},{"@type":"ListItem","position":2,"name":"Santiago de Compostela"}]},{"@type":"WebSite","@id":"https:\/\/www.pilgrim.es\/it\/#website","url":"https:\/\/www.pilgrim.es\/it\/","name":"Pilgrim","description":"Camino de Santiago | Caminamos Contigo","publisher":{"@id":"https:\/\/www.pilgrim.es\/it\/#organization"},"potentialAction":[{"@type":"SearchAction","target":{"@type":"EntryPoint","urlTemplate":"https:\/\/www.pilgrim.es\/it\/?s={search_term_string}"},"query-input":{"@type":"PropertyValueSpecification","valueRequired":true,"valueName":"search_term_string"}}],"inLanguage":"it-IT"},{"@type":"Organization","@id":"https:\/\/www.pilgrim.es\/it\/#organization","name":"Pilgrim Camino de Santiago","url":"https:\/\/www.pilgrim.es\/it\/","logo":{"@type":"ImageObject","inLanguage":"it-IT","@id":"https:\/\/www.pilgrim.es\/it\/#\/schema\/logo\/image\/","url":"https:\/\/www.pilgrim.es\/wp-content\/uploads\/2019\/04\/logo_pilgrim.png","contentUrl":"https:\/\/www.pilgrim.es\/wp-content\/uploads\/2019\/04\/logo_pilgrim.png","width":512,"height":512,"caption":"Pilgrim Camino de Santiago"},"image":{"@id":"https:\/\/www.pilgrim.es\/it\/#\/schema\/logo\/image\/"},"sameAs":["https:\/\/www.facebook.com\/pilgrim.es\/","https:\/\/x.com\/pilgrim_es","https:\/\/www.instagram.com\/pilgrim.es\/","https:\/\/www.linkedin.com\/company\/pilgrim-camino-de-santiago\/","https:\/\/www.pinterest.es\/pilgrimcaminodesantiago\/","https:\/\/www.youtube.com\/channel\/UCIv2ZzFLXVqthkNF32rKedw\/featured"]}]}},"_links":{"self":[{"href":"https:\/\/www.pilgrim.es\/it\/wp-json\/wp\/v2\/pages\/46802","targetHints":{"allow":["GET"]}}],"collection":[{"href":"https:\/\/www.pilgrim.es\/it\/wp-json\/wp\/v2\/pages"}],"about":[{"href":"https:\/\/www.pilgrim.es\/it\/wp-json\/wp\/v2\/types\/page"}],"author":[{"embeddable":true,"href":"https:\/\/www.pilgrim.es\/it\/wp-json\/wp\/v2\/users\/4"}],"replies":[{"embeddable":true,"href":"https:\/\/www.pilgrim.es\/it\/wp-json\/wp\/v2\/comments?post=46802"}],"version-history":[{"count":12,"href":"https:\/\/www.pilgrim.es\/it\/wp-json\/wp\/v2\/pages\/46802\/revisions"}],"predecessor-version":[{"id":140145,"href":"https:\/\/www.pilgrim.es\/it\/wp-json\/wp\/v2\/pages\/46802\/revisions\/140145"}],"wp:featuredmedia":[{"embeddable":true,"href":"https:\/\/www.pilgrim.es\/it\/wp-json\/wp\/v2\/media\/8465"}],"wp:attachment":[{"href":"https:\/\/www.pilgrim.es\/it\/wp-json\/wp\/v2\/media?parent=46802"}],"wp:term":[{"taxonomy":"category","embeddable":true,"href":"https:\/\/www.pilgrim.es\/it\/wp-json\/wp\/v2\/categories?post=46802"},{"taxonomy":"post_tag","embeddable":true,"href":"https:\/\/www.pilgrim.es\/it\/wp-json\/wp\/v2\/tags?post=46802"}],"curies":[{"name":"wp","href":"https:\/\/api.w.org\/{rel}","templated":true}]}}