{"id":46799,"date":"2019-09-17T11:35:46","date_gmt":"2019-09-17T11:35:46","guid":{"rendered":"https:\/\/prod.pilgrim.es\/esperienze\/cammino-primitivo-da-oviedo-bicicletta\/"},"modified":"2026-03-18T11:27:07","modified_gmt":"2026-03-18T11:27:07","slug":"cammino-primitivo-da-oviedo-bicicletta","status":"publish","type":"page","link":"https:\/\/www.pilgrim.es\/it\/esperienze\/cammino-primitivo-da-oviedo-bicicletta\/","title":{"rendered":"Cammino di Santiago da Oviedo in bicicletta"},"content":{"rendered":"\n<div id=\"experience\">\n    <!-- header -->\n    <section>\n      <div id=\"hero\"\n        class=\"bg-experience-sarria\"\n        style=\"background-image: linear-gradient(to right bottom, rgba(0, 0, 0, 0.4), rgba(0, 0, 0, 0.4)), url('https:\/\/cdn.pilgrim.es\/web\/experiencias\/primitivo-oviedo-bici\/hero-camino-primitivo-oviedo.jpg');\"\n      >\n        <div class=\"info-experience\">\n          <div class=\"info-experience__layout\">\n            <div class=\"content\">\n              <div class=\"labels\">\n                <div class=\"labels__label-modality\">\n                  <p>In bici<\/p>\n                <\/div>\n                <div class=\"labels__label-ready\">\n                  <p>Pronto per viaggiare<\/p>\n                <\/div>\n              <\/div>\n              <p class=\"score\">Questo percorso: 4,7 \u2605 (264 recensioni)<\/p>\n              <h1>Cammino Primitivo da Oviedo in bici<\/h1>\n              <div class=\"summary\">\n                <div class=\"summary__container\">\n                  <div class=\"pill\">\n                    <div class=\"pill__content\">\n                      <div class=\"pill__content__icon\">\n                        <i class=\"icon-signal\"><\/i>\n                      <\/div>\n                      <div class=\"pill__content__text\">\n                        <p>313 km<\/p>\n                      <\/div>\n                    <\/div>\n                  <\/div>\n                  <div class=\"pill\">\n                    <div class=\"pill__content\">\n                      <div class=\"pill__content__icon\">\n                        <i class=\"icon-calendar\"><\/i>\n                      <\/div>\n                      <div class=\"pill__content__text\">\n                        <p>7 tappe<\/p>\n                      <\/div>\n                    <\/div>\n                  <\/div>\n                  <div class=\"pill\">\n                    <div class=\"pill__content\">\n                      <div class=\"pill__content__icon\">\n                        <i class=\"icon-nights\"><\/i>\n                      <\/div>\n                      <div class=\"pill__content__text\">\n                        <p>8 notti<\/p>\n                      <\/div>\n                    <\/div>\n                  <\/div>\n                <\/div>\n              <\/div>\n              <p class=\"description-highlight\">\n                Tutto ci\u00f2 di cui hai bisogno&#8230; in un unico pacchetto!\n              <\/p>\n              <p class=\"description-details\">\n                Percorrerai la distanza che separa Oviedo da Santiago\n                de Compostela, alloggiando nei migliori Hotel,\n                Posadas e Pensioni del Cammino di Santiago, godendoti\n                cos\u00ec un\u2019esperienza unica e vivendo da vicino la\n                storia, la cultura e la bellezza che si cela a\n                ogni passo di questo itinerario secolare.\n              <\/p>\n            <\/div>\n          <\/div>\n        <\/div>\n      <\/div>\n    <\/section>\n\n    <!-- body -->\n    <div id=\"main-content\">\n      <!-- card booking -->\n      <div id=\"containerCard\" class=\"card-container\">\n        <div id=\"scrollY25\" class=\"card-container__display\">\n          <div id=\"cardBuy\" class=\"booking-card p-fixed p-hidden lg:p-block\">\n            <div\n              class=\"booking-card__style-card bg-sarria\"\n              style=\"background-image:url('https:\/\/cdn.pilgrim.es\/web\/experiencias\/primitivo-oviedo-bici\/map-primitivo-oviedo-bici.svg');\"\n            >\n              <div class=\"card-content\">\n                <div class=\"card-content__body\">\n                  <div class=\"card-info\">\n                    <p class=\"card-info__from\">\n                      Da\n                    <\/p>\n                    <p class=\"card-info__price\">\n                      625<span>\u20ac<\/span>\n                    <\/p>\n                    <p class=\"card-info__conditions\">\n                      Prezzo a persona in camera doppia.<br>IVA\n                      inclusa.\n                    <\/p>\n                    <div class=\"card-info__distance\">\n                      <div class=\"col-icon\">\n                        <i class=\"icon-signal\"><\/i>\n                      <\/div>\n                      <div class=\"col-text\">\n                        <p>313 km<\/p>\n                      <\/div>\n                    <\/div>\n                    <div class=\"card-info__stages\">\n                      <div class=\"col-icon\">\n                        <i class=\"icon-calendar\"><\/i>\n                      <\/div>\n                      <div class=\"col-text\">\n                        <p>7 tappe<\/p>\n                      <\/div>\n                    <\/div>\n                    <div class=\"card-info__nights\">\n                      <div class=\"col-icon\">\n                        <i class=\"icon-nights\"><\/i>\n                      <\/div>\n                      <div class=\"col-text\">\n                        <p>8 notti<\/p>\n                      <\/div>\n                    <\/div>\n                  <\/div>\n                  <div class=\"card-button\">\n                    <a href=\"https:\/\/www.pilgrim.es\/checkout\/?id=f5c27993-b83e-4523-9ef9-1341932d934b\">\n                      <button>Prenota ora<\/button>\n                    <\/a>\n                  <\/div>\n                  \n              <\/div><!-- .card-content -->\n            <\/div>\n          <\/div>\n        <\/div>\n      <\/div>\n\n      <!-- versione mobile della card di prenotazione -->\n      <section id=\"cardBuyMobile\" class=\"p-block lg:p-hidden\">\n        <div class=\"card-mobile\">\n          <div class=\"card-mobile__container\">\n            <div class=\"card-mobile-col-start\">\n              <div class=\"content-distance\">\n                <div class=\"content-distance__icon\">\n                  <i class=\"icon-signal\"><\/i>\n                <\/div>\n                <div class=\"content-distance__text\">\n                  <p>313 km<\/p>\n                <\/div>\n              <\/div>\n              <div class=\"content-nights\">\n                <div class=\"content-nights__icon\">\n                  <i class=\"icon-nights\"><\/i>\n                <\/div>\n                <div class=\"content-nights__text\">\n                  <p>7 notti<\/p>\n                <\/div>\n              <\/div>\n            <\/div>\n            <div class=\"card-mobile-col-center\">\n              <p class=\"card-mobile-price\">\n                625<span class=\"card-mobile-price__currency\">\u20ac<\/span>\n                <span class=\"card-mobile-price__vat\">IVA incl.<\/span>\n              <\/p>\n              <p class=\"card-mobile-person\">\n                A persona in cam. doppia\n              <\/p>\n            <\/div>\n            <div class=\"card-mobile-col-end\">\n              <a href=\"https:\/\/www.pilgrim.es\/checkout\/?id=f5c27993-b83e-4523-9ef9-1341932d934b\">\n                <button>\n                  Prenota\n                <\/button>\n              <\/a>\n            <\/div>\n          <\/div>\n        <\/div>\n      <\/section>\n\n      <!-- navigazione della sezione -->\n      <section id=\"navegation\" class=\"nav-experience\">\n        <nav>\n          <div>\n            <a href=\"#including\" class=\"nav-link-experience p-border-b-4 p-border-primary\" data-target=\"including\">\n              Incluso\n            <\/a>\n            <a href=\"#optional\" class=\"nav-link-experience\" data-target=\"optional\">Opzionale<\/a>\n            <a href=\"#itinerary\" class=\"nav-link-experience\" data-target=\"itinerary\">Itinerario<\/a>\n            <a href=\"#gallery\" class=\"nav-link-experience\" data-target=\"gallery\">Galleria<\/a>\n          <\/div>\n        <\/nav>\n      <\/section>\n\n      <!-- servizi inclusi -->\n      <section id=\"including\" class=\"including-services\">\n        <div class=\"including-services__body\">\n          <h4 class=\"category-title\">Tutto il necessario<\/h4>\n          <hr class=\"orange-bar\" \/>\n          <div class=\"services-container\">\n            <div class=\"services-container__row\">\n              <div class=\"services-col-start\">\n                <h2>Compreso nel tuo viaggio<\/h2>\n                <p>\n                  Abbiamo progettato questa esperienza affinch\u00e9 tu possa iniziare il tuo Cammino\n                  con <b>tutti i bisogni principali coperti<\/b>\n                  in modo comodo e sicuro, sapendo dove dormire e senza\n                  dover dedicare tempo a pianificare il viaggio tappa per tappa.\n                <\/p>\n              <\/div>\n              <div class=\"services-col-end\">\n                <div class=\"services-col-end__content\">\n                  <div class=\"service\">\n                    <div class=\"service__icon p-bg-includes\">\n                      <i class=\"icon-moon\"><\/i>\n                    <\/div>\n                    <div class=\"service__text\">\n                      <b>8 notti<\/b><br>in Pensioni e Hotel\n                    <\/div>\n                  <\/div>\n                  <div class=\"service\">\n                    <div class=\"service__icon p-bg-includes\">\n                      <i class=\"icon-calendar\"><\/i>\n                    <\/div>\n                    <div class=\"service__text\">\n                      <b>Assicurazione<\/b><br>di viaggio\n                    <\/div>\n                  <\/div>\n                  <div class=\"service\">\n                    <div class=\"service__icon p-bg-includes\">\n                      <i class=\"icon-credential\"><\/i>\n                    <\/div>\n                    <div class=\"service__text\">\n                      <b>Credenziale<\/b><br>del pellegrino\n                    <\/div>\n                  <\/div>\n                  <div class=\"service\">\n                    <div class=\"service__icon p-bg-includes\">\n                      <i class=\"icon-document\"><\/i>\n                    <\/div>\n                    <div class=\"service__text\">\n                      <b>Guida del Cammino<\/b><br>in formato\n                      PDF\n                    <\/div>\n                  <\/div>\n                  <div class=\"service\">\n                    <div class=\"service__icon p-bg-includes\">\n                      <i class=\"icon-support\"><\/i>\n                    <\/div>\n                    <div class=\"service__text\">\n                      <b>Assistenza 24h<\/b><br>per emergenze\n                    <\/div>\n                  <\/div>\n                  <div class=\"service\">\n                    <div class=\"service__icon p-bg-includes\">\n                      <i class=\"icon-documents\"><\/i>\n                    <\/div>\n                    <div class=\"service__text\">\n                      <b>Documentazione<\/b><br>di viaggio\n                    <\/div>\n                  <\/div>\n                <\/div>\n              <\/div>\n            <\/div>\n          <\/div>\n          <div class=\"services-images\">\n            <img decoding=\"async\" src=\"https:\/\/cdn.pilgrim.es\/web\/experiencias\/primitivo-oviedo-bici\/servicios-incluidos-oviedo-bici-1.jpg\" alt=\"Colazione Oviedo\">\n            <img decoding=\"async\" src=\"https:\/\/cdn.pilgrim.es\/web\/experiencias\/primitivo-oviedo-bici\/servicios-incluidos-oviedo-bici-2.jpg\" alt=\"Alloggio Oviedo\">\n            <img decoding=\"async\" src=\"https:\/\/cdn.pilgrim.es\/web\/experiencias\/primitivo-oviedo-bici\/servicios-incluidos-oviedo-bici-3.jpg\" alt=\"Biciclette\">\n            <img decoding=\"async\" src=\"https:\/\/cdn.pilgrim.es\/web\/experiencias\/primitivo-oviedo-bici\/servicios-incluidos-oviedo-bici-4.jpg\" alt=\"conchiglie pellegrino\">\n          <\/div>\n        <\/div>\n      <\/section>\n\n      <!-- servizi opzionali -->\n      <section id=\"optional\" class=\"optional-services\">\n        <div class=\"optional-services__body\">\n          <h4 class=\"category-title\">A tuo gusto<\/h4>\n          <hr class=\"orange-bar\">\n          <div class=\"services-container\">\n            <div class=\"services-container__row\">\n              <div class=\"services-col-start\">\n                <h2>Hai bisogno di altro?<\/h2>\n                <p>\n                  Se desideri avere il tuo viaggio completamente organizzato e goderti solo\n                  l\u2019esercizio, il paesaggio e il Cammino, puoi aggiungere servizi extra\n                  alla tua prenotazione e iniziare il viaggio sapendo che <b>tutto \u00e8 come vuoi<\/b>\n                  e sotto controllo.\n                <\/p>\n              <\/div>\n              <div class=\"services-col-end\">\n                <div class=\"services-col-end__content\">\n                  <div class=\"service\">\n                    <div class=\"service__icon p-bg-optional\">\n                      <i class=\"icon-coffee\"><\/i>\n                    <\/div>\n                    <div class=\"service__text\">\n                      <b>Colazioni<\/b><br>75\u20ac\n                    <\/div>\n                  <\/div>\n                  <div class=\"service\">\n                    <div class=\"service__icon p-bg-optional\">\n                      <i class=\"icon-cancellation\"><\/i>\n                    <\/div>\n                    <div class=\"service__text\">\n                      <b>Annullamento Pilgrim<\/b><br>20\u20ac\n                    <\/div>\n                  <\/div>\n                  <div class=\"service\">\n                    <div class=\"service__icon p-bg-optional\">\n                      <i class=\"icon-bag\"><\/i>\n                    <\/div>\n                    <div class=\"service__text\">\n                      <b>Trasporto zaino<\/b><br>100\u20ac\n                    <\/div>\n                  <\/div>\n                  <div class=\"service\">\n                    <div class=\"service__icon p-bg-optional\">\n                      <i class=\"icon-taxi\"><\/i>\n                    <\/div>\n                    <div class=\"service__text\">\n                      <b>Trasferimento al punto di partenza<\/b><br>75\u20ac\n                    <\/div>\n                  <\/div>\n                  <div class=\"service\">\n                    <div class=\"service__icon p-bg-optional\">\n                      <i class=\"icon-dinner\"><\/i>\n                    <\/div>\n                    <div class=\"service__text\">\n                      <b>Cene<\/b><br>200\u20ac\n                    <\/div>\n                  <\/div>\n                  <div class=\"service\">\n                    <div class=\"service__icon p-bg-optional\">\n                      <i class=\"icon-taxi\"><\/i>\n                    <\/div>\n                    <div class=\"service__text\">\n                      <b>Trasferimento Aeroporto<\/b><br>35\u20ac\n                    <\/div>\n                  <\/div>\n                  <div class=\"service\">\n                    <div class=\"service__icon p-bg-optional\">\n                      <i class=\"icon-moon\"><\/i>\n                    <\/div>\n                    <div class=\"service__text\">\n                      <b>Notte extra<\/b><br>75\u20ac\n                    <\/div>\n                  <\/div>\n                  <!-- Extra bici -->\n                  <div class=\"service\">\n                    <div class=\"service__icon p-bg-optional\">\n                      <i class=\"icon-by-bike\"><\/i>\n                    <\/div>\n                    <div class=\"service__text\">\n                      <b>Noleggio MTB<\/b><br>265\u20ac\n                    <\/div>\n                  <\/div>\n                  <div class=\"service\">\n                    <div class=\"service__icon p-bg-optional\">\n                      <i class=\"icon-by-bike\"><\/i>\n                    <\/div>\n                    <div class=\"service__text\">\n                      <b>Noleggio EBike<\/b><br>365\u20ac\n                    <\/div>\n                  <\/div>\n                <\/div>\n              <\/div>\n            <\/div>\n          <\/div>\n        <\/div>\n      <\/section>\n\n      <!-- riassunto dell\u2019itinerario -->\n      <section id=\"itinerary\" class=\"experience-itinerary\">\n        <div class=\"experience-itinerary__content\">\n          <h4 class=\"category-title\">Il tuo percorso, in breve<\/h4>\n          <hr class=\"orange-bar\">\n          <h2>Itinerario<\/h2>\n          <p>\n            In questo pacchetto <b>includiamo la tua credenziale del pellegrino<\/b> cos\u00ec non dovrai\n            fare ulteriori preparativi e ti forniamo anche una <b>guida del Cammino in formato digitale<\/b> che potrai\n            avere sul tuo cellulare. Per darti un\u2019idea del percorso e di ogni tappa prima di partire, trovi\n            di seguito il riepilogo dell\u2019itinerario da Oviedo a Santiago.\n          <\/p>\n          <div class=\"experience-summary\">\n            <div class=\"experience-summary__header\">\n              <div>Il tuo percorso, a colpo d\u2019occhio<\/div>\n              <i class=\"icon-yellow-shell\"><\/i>\n            <\/div>\n            <div class=\"experience-summary__body\">\n              <div class=\"experience-stage\">\n                <div class=\"experience-stage__name\">Oviedo<\/div>\n                <div class=\"experience-stage__line\">\n                  <hr>\n                <\/div>\n                <div class=\"experience-stage__km\">0 km<\/div>\n                <div class=\"experience-stage__time\">0 h<\/div>\n              <\/div>\n              <div class=\"experience-stage\">\n                <div class=\"experience-stage__name\">Salas<\/div>\n                <div class=\"experience-stage__line\">\n                  <hr>\n                <\/div>\n                <div class=\"experience-stage__km\">47,3 km<\/div>\n                <div class=\"experience-stage__time\">5 h<\/div>\n              <\/div>\n              <div class=\"experience-stage\">\n                <div class=\"experience-stage__name\">Pola de Allande<\/div>\n                <div class=\"experience-stage__line\">\n                  <hr>\n                <\/div>\n                <div class=\"experience-stage__km\">46,8 km<\/div>\n                <div class=\"experience-stage__time\">5,5 h<\/div>\n              <\/div>\n              <div class=\"experience-stage\">\n                <div class=\"experience-stage__name\">Grandas de Salime<\/div>\n                <div class=\"experience-stage__line\">\n                  <hr>\n                <\/div>\n                <div class=\"experience-stage__km\">37,9 km<\/div>\n                <div class=\"experience-stage__time\">5 h<\/div>\n              <\/div>\n              <div class=\"experience-stage\">\n                <div class=\"experience-stage__name\">O C\u00e1davo<\/div>\n                <div class=\"experience-stage__line\">\n                  <hr>\n                <\/div>\n                <div class=\"experience-stage__km\">49,5 km<\/div>\n                <div class=\"experience-stage__time\">5,5 h<\/div>\n              <\/div>\n              <div class=\"experience-stage\">\n                <div class=\"experience-stage__name\">Lugo<\/div>\n                <div class=\"experience-stage__line\">\n                  <hr>\n                <\/div>\n                <div class=\"experience-stage__km\">29,5 km<\/div>\n                <div class=\"experience-stage__time\">3,5 h<\/div>\n              <\/div>\n              <div class=\"experience-stage\">\n                <div class=\"experience-stage__name\">Melide<\/div>\n                <div class=\"experience-stage__line\">\n                  <hr>\n                <\/div>\n                <div class=\"experience-stage__km\">46,5 km<\/div>\n                <div class=\"experience-stage__time\">5 h<\/div>\n              <\/div>\n              <div class=\"experience-stage\">\n                <div class=\"experience-stage__name\">Santiago<\/div>\n                <div class=\"experience-stage__line\">\n                  <hr>\n                <\/div>\n                <div class=\"experience-stage__km\">52,8 km<\/div>\n                <div class=\"experience-stage__time\">4 h<\/div>\n              <\/div>\n            <\/div>\n          <\/div>\n        <\/div>\n      <\/section>\n\n      <!-- itinerario completo (accordion) -->\n      <section class=\"itinerary-accordion\">\n        <div class=\"itinerary-accordion__container\">\n          <!-- Giorno 1 -->\n          <div class=\"container-day\">\n            <div id=\"mainHeading\" class=\"container-day__heading\">\n              <div class=\"heading-col-start\">\n                <div class=\"heading-col-start__day\">\n                  <p>GIORNO<\/p>\n                  <p>1<\/p>\n                <\/div>\n                <div class=\"heading-col-start__stage\">\n                  <p>Oviedo<\/p>\n                  <p>Pernottamento a Oviedo<\/p>\n                <\/div>\n              <\/div>\n              <button aria-label=\"toggler\" class=\"heading-col-end\" data-menu-experience>\n                <div><i class=\"icon-selector-down\"><\/i><\/div>\n              <\/button>\n            <\/div>\n            <div id=\"menu\" class=\"container-day__summary\">\n              <p>\n                Arriverai a Oviedo autonomamente, oppure se lo desideri, possiamo organizzare il tuo trasferimento\n                da qualsiasi aeroporto o stazione in cui arrivi.\n              <\/p>\n              <p>\n                Da qui e a seconda dell\u2019orario di arrivo, potrai visitare\n                diversi punti di interesse, come la Cattedrale di San Salvador,\n                il Municipio o la Fontana di Foncalada, nonch\u00e9 le visite quasi\n                obbligatorie all\u2019Antico Ospizio o alla Chiesa di San Miguel de Lillo,\n                dichiarate rispettivamente BIC (Bene di Interesse Culturale) e Patrimonio dell\u2019Umanit\u00e0.\n              <\/p>\n            <\/div>\n          <\/div>\n          <hr class=\"single-bar\" \/>\n          <!-- Giorno 2 -->\n          <div class=\"container-day\">\n            <div id=\"mainHeading\" class=\"container-day__heading\">\n              <div class=\"heading-col-start\">\n                <div class=\"heading-col-start__day\">\n                  <p>GIORNO<\/p>\n                  <p>2<\/p>\n                <\/div>\n                <div class=\"heading-col-start__stage\">\n                  <p>Oviedo &gt; Salas<\/p>\n                  <p>Pernottamento a Salas<\/p>\n                <\/div>\n              <\/div>\n              <button aria-label=\"toggler\" class=\"heading-col-end\" data-menu-experience>\n                <div><i class=\"icon-selector-down\"><\/i><\/div>\n              <\/button>\n            <\/div>\n            <div id=\"menu\" class=\"container-day__summary\">\n              <p>\n                Fu il re asturiano Alfonso II il Casto a iniziare questo cammino da\n                Oviedo per venerare le appena scoperte spoglie dell\u2019apostolo. Pertanto,\n                in questa prima tappa, emulerai in bicicletta i primi passi\n                di questo antico monarca.\n              <\/p>\n              <p>\n                Passerai anche per Grado, dove potrai visitare diversi punti di\n                interesse come il Palazzetto della Famiglia Mart\u00ednez o il Palazzo di Indalecio\n                Corujedo. Una volta giunto a Salas, oltre a riposare dopo la lunga tappa in\n                bicicletta, potrai visitare diversi punti di interesse\n                come la Collegiata di Santa Mar\u00eda la Mayor, la Torre e il Palazzo\n                di Vald\u00e9s o il Museo del Preromanico.\n              <\/p>\n            <\/div>\n          <\/div>\n          <hr class=\"single-bar\" \/>\n          <!-- Giorno 3 -->\n          <div class=\"container-day\">\n            <div id=\"mainHeading\" class=\"container-day__heading\">\n              <div class=\"heading-col-start\">\n                <div class=\"heading-col-start__day\">\n                  <p>GIORNO<\/p>\n                  <p>3<\/p>\n                <\/div>\n                <div class=\"heading-col-start__stage\">\n                  <p>Salas &gt; Pola de Allande<\/p>\n                  <p>Pernottamento a Pola de Allande<\/p>\n                <\/div>\n              <\/div>\n              <button aria-label=\"toggler\" class=\"heading-col-end\" data-menu-experience>\n                <div><i class=\"icon-selector-down\"><\/i><\/div>\n              <\/button>\n            <\/div>\n            <div id=\"menu\" class=\"container-day__summary\">\n              <p>\n                Inizierai questa tappa con una salita di poco pi\u00f9 di cinque chilometri\n                fino a Porciles, a circa seicento metri di altitudine. Successivamente, il tracciato prosegue\n                quasi in pianura, attraverso piccoli nuclei abitati come\n                La Pereda o El Pedregal, per la maggior parte privi di servizi ma\n                con una lunga tradizione giacobea. Una volta arrivato a Tineo, potrai prenderti\n                una piccola pausa e visitare luoghi come la Chiesa di San Pedro, il Museo dell\u2019Oro\n                o il Palazzo di Mer\u00e1s.\n              <\/p>\n              <p>\n                Da quel momento, come fosse un ottovolante, salirai e\n                scenderai pi\u00f9 volte attraverso valli e boschi bagnati\n                dalle acque dei fiumi asturiani, fino a giungere finalmente al termine della giornata,\n                Pola de Allande, dove potrai riposare dopo la lunga tappa e prepararti per la successiva.\n              <\/p>\n              <p>\n                Pola de Allande \u00e8 uno dei comuni asturiani in cui si parla l\u2019eonaviego,\n                una variet\u00e0 linguistica del galiziano-asturiano. Questa parrocchia si distingue anche per\n                il Palazzo di Cienfuegos, situato in cima a una collina, appartenuto in origine alla famiglia Ponce\n                e in seguito ricostruito da Rodrigo Gonz\u00e1lez de Cienfuegos, signore di Allande. Qui potrai riposarti dopo\n                questa lunga tappa e prepararti per la prossima.\n              <\/p>\n            <\/div>\n          <\/div>\n          <hr class=\"single-bar\" \/>\n          <!-- Giorno 4 -->\n          <div class=\"container-day\">\n            <div id=\"mainHeading\" class=\"container-day__heading\">\n              <div class=\"heading-col-start\">\n                <div class=\"heading-col-start__day\">\n                  <p>GIORNO<\/p>\n                  <p>4<\/p>\n                <\/div>\n                <div class=\"heading-col-start__stage\">\n                  <p>Pola de Allande &gt; Grandas de Salime<\/p>\n                  <p>Pernottamento a Grandas de Salime<\/p>\n                <\/div>\n              <\/div>\n              <button aria-label=\"toggler\" class=\"heading-col-end\" data-menu-experience>\n                <div><i class=\"icon-selector-down\"><\/i><\/div>\n              <\/button>\n            <\/div>\n            <div id=\"menu\" class=\"container-day__summary\">\n              <p>\n                Questa tappa \u00e8 considerata una delle pi\u00f9 belle di questo Cammino Primitivo,\n                poich\u00e9 oltrepassa il valico di montagna a pi\u00f9 di mille metri di altitudine\n                da cui si gode una vista spettacolare sulla valle del fiume Nis\u00f3n\n                e sulle vicine montagne di Lugo. Tuttavia, questa ricompensa non sar\u00e0 gratuita,\n                in quanto dovrai affrontare pendenze positive di circa il cinque per cento\n                in numerosi tratti.\n              <\/p>\n              <p>\n                Passerai per La Mesa e per il bacino di Salime, bagnato dalle acque del fiume Navia.\n                La costruzione di questo bacino ha cambiato radicalmente l\u2019orografia e la fisionomia\n                della zona, rendendo necessario allagare diverse aree abitate, nonch\u00e9 chiese e\n                cimiteri. Dopo aver attraversato la diga, inizierai una salita lenta ma\n                costante, fino a giungere a Grandas de Salime, ultimo tratto asturiano di questa\n                rotta giacobea.\n              <\/p>\n              <p>\n                Una volta arrivato in questa localit\u00e0, vorrai riposare, ma potrai anche passeggiare\n                e conoscere l\u2019Eremo di Pedreira, la Collegiata di El Salvador o le gallerie romane\n                di Penafurada.\n              <\/p>\n            <\/div>\n          <\/div>\n          <hr class=\"single-bar\" \/>\n          <!-- Giorno 5 -->\n          <div class=\"container-day\">\n            <div id=\"mainHeading\" class=\"container-day__heading\">\n              <div class=\"heading-col-start\">\n                <div class=\"heading-col-start__day\">\n                  <p>GIORNO<\/p>\n                  <p>5<\/p>\n                <\/div>\n                <div class=\"heading-col-start__stage\">\n                  <p>Grandas de Salime &gt; O C\u00e1davo<\/p>\n                  <p>Pernottamento a O C\u00e1davo<\/p>\n                <\/div>\n              <\/div>\n              <button aria-label=\"toggler\" class=\"heading-col-end\" data-menu-experience>\n                <div><i class=\"icon-selector-down\"><\/i><\/div>\n              <\/button>\n            <\/div>\n            <div id=\"menu\" class=\"container-day__summary\">\n              <p>\n                Oggi entrerai ufficialmente nella comunit\u00e0 galiziana, precisamente\n                nella provincia di Lugo e nel luogo chiamato Acebo. Ad A Fonsagrada non perderti\n                luoghi come i \u201cH\u00f3rreos\u201d di Lamas de Moreira o la Cappella di San Jos\u00e9, oltre al\n                museo etnografico presente in questa localit\u00e0. Riprenderai il tragitto dopo\n                questa sosta per affrontare un tratto impegnativo, in cui potrai goderti appieno\n                il panorama e i sentieri, immerso in vaste pinete e la rigogliosa vegetazione\n                delle foreste galiziane.\n              <\/p>\n              <p>\n                Una volta arrivato alla fine della tappa, O C\u00e1davo, oltre a concederti\n                un meritato riposo, avrai l\u2019opportunit\u00e0 di visitare luoghi interessanti come A Fraga\n                da Marronda, un bosco autoctono galiziano in perfetto stato di\n                conservazione e che si estende per circa 611 ettari.\n              <\/p>\n            <\/div>\n          <\/div>\n          <hr class=\"single-bar\" \/>\n          <!-- Giorno 6 -->\n          <div class=\"container-day\">\n            <div id=\"mainHeading\" class=\"container-day__heading\">\n              <div class=\"heading-col-start\">\n                <div class=\"heading-col-start__day\">\n                  <p>GIORNO<\/p>\n                  <p>6<\/p>\n                <\/div>\n                <div class=\"heading-col-start__stage\">\n                  <p>O C\u00e1davo &gt; Lugo<\/p>\n                  <p>Pernottamento a Lugo<\/p>\n                <\/div>\n              <\/div>\n              <button aria-label=\"toggler\" class=\"heading-col-end\" data-menu-experience>\n                <div><i class=\"icon-selector-down\"><\/i><\/div>\n              <\/button>\n            <\/div>\n            <div id=\"menu\" class=\"container-day__summary\">\n              <p>\n                Questa sar\u00e0 una tappa breve e senza grandi difficolt\u00e0, che ti permetter\u00e0 di recuperare\n                dagli sforzi dei giorni precedenti. Per circa 30 chilometri, godrai\n                della bellezza della campagna galiziana, tra piccolissimi villaggi e\n                resti archeologici che raccontano mille storie.\n              <\/p>\n              <p>\n                Una volta arrivato a Lugo, potrai passeggiare sulle sue mura romane,\n                tra le pi\u00f9 antiche e meglio conservate tra quelle della\n                penisola iberica. Inoltre, Lugo possiede un centro storico con numerose\n                piazze e chiese, oltre alla cattedrale di Santa Mar\u00eda.\n                Anche la gastronomia locale \u00e8 una delle principali attrattive di questa capitale di provincia.\n              <\/p>\n            <\/div>\n          <\/div>\n          <hr class=\"single-bar\" \/>\n          <!-- Giorno 7 -->\n          <div class=\"container-day\">\n            <div id=\"mainHeading\" class=\"container-day__heading\">\n              <div class=\"heading-col-start\">\n                <div class=\"heading-col-start__day\">\n                  <p>GIORNO<\/p>\n                  <p>7<\/p>\n                <\/div>\n                <div class=\"heading-col-start__stage\">\n                  <p>Lugo &gt; Melide<\/p>\n                  <p>Pernottamento a Melide<\/p>\n                <\/div>\n              <\/div>\n              <button aria-label=\"toggler\" class=\"heading-col-end\" data-menu-experience>\n                <div><i class=\"icon-selector-down\"><\/i><\/div>\n              <\/button>\n            <\/div>\n            <div id=\"menu\" class=\"container-day__summary\">\n              <p>\n                Oggi passerai dalla provincia di Lugo a quella di A Coru\u00f1a. Attraverserai\n                San Romao da Retorta e la sua chiesa romanica, ristrutturata nel XVIII secolo,\n                nei pressi della quale fu ritrovato un miliario romano dei tempi\n                dell\u2019imperatore Caligola, anche se oggi ne rimane soltanto una replica.\n              <\/p>\n              <p>\n                All\u2019arrivo a Melide, incontrerai i pellegrini provenienti\n                dal Cammino Francese, lasciandoti alle spalle la tranquillit\u00e0 del Cammino Primitivo\n                e iniziando a percepire che la meta \u00e8 molto vicina. In questa localit\u00e0\n                si prepara uno dei migliori polpi di tutta la Galizia, quindi assaggiarlo\n                \u00e8 quasi un obbligo.\n              <\/p>\n            <\/div>\n          <\/div>\n          <hr class=\"single-bar\" \/>\n          <!-- Giorno 8 -->\n          <div class=\"container-day\">\n            <div id=\"mainHeading\" class=\"container-day__heading\">\n              <div class=\"heading-col-start\">\n                <div class=\"heading-col-start__day\">\n                  <p>GIORNO<\/p>\n                  <p>8<\/p>\n                <\/div>\n                <div class=\"heading-col-start__stage\">\n                  <p>Melide &gt; Santiago de Compostela<\/p>\n                  <p>Pernottamento a Santiago de Compostela<\/p>\n                <\/div>\n              <\/div>\n              <button aria-label=\"toggler\" class=\"heading-col-end\" data-menu-experience>\n                <div><i class=\"icon-selector-down\"><\/i><\/div>\n              <\/button>\n            <\/div>\n            <div id=\"menu\" class=\"container-day__summary\">\n              <p>\n                Poco pi\u00f9 di 50 chilometri ci separano da Praza do Obradoiro e dalla tanto desiderata\n                Cattedrale di Santiago. Questa tappa ci porter\u00e0 a oltrepassare piccoli e pittoreschi villaggi\n                come Ribadiso e centri pi\u00f9 grandi come Arz\u00faa, dove convergono anche i\n                pellegrini provenienti dal Cammino del Nord. Qui potrai fare una sosta per visitare\n                il Centro di Divulgazione del Formaggio e del Miele, prodotti locali di grande pregio.\n              <\/p>\n              <p>\n                Gli ultimi chilometri si snodano su strade di servizio tranquille, con quasi\n                nessuna abitazione in vista; l\u2019unico inconveniente \u00e8 dover attraversare\n                pi\u00f9 volte la strada nazionale in punti talvolta potenzialmente pericolosi.\n                Giungendo a Monte do Gozo, scorgerai per la prima volta dall\u2019inizio del tuo percorso\n                le torri della cattedrale, che presto raggiungerai per concludere questa splendida\n                esperienza.\n              <\/p>\n            <\/div>\n          <\/div>\n          <hr class=\"single-bar\" \/>\n          <!-- Giorno 9 -->\n          <div class=\"container-day\">\n            <div id=\"mainHeading\" class=\"container-day__heading\">\n              <div class=\"heading-col-start\">\n                <div class=\"heading-col-start__day\">\n                  <p>GIORNO<\/p>\n                  <p>9<\/p>\n                <\/div>\n                <div class=\"heading-col-start__stage\">\n                  <p>Santiago de Compostela<\/p>\n                  <p>Giornata a Santiago de Compostela<\/p>\n                <\/div>\n              <\/div>\n              <button aria-label=\"toggler\" class=\"heading-col-end\" data-menu-experience>\n                <div><i class=\"icon-selector-down\"><\/i><\/div>\n              <\/button>\n            <\/div>\n            <div id=\"menu\" class=\"container-day__summary\">\n              <p>\n                Giornata libera per visitare tutti quei monumenti che, oltre alla Cattedrale, caratterizzano la\n                grandiosa capitale galiziana. Se hai tempo, non esitare a fermarti uno o due giorni in pi\u00f9\n                per goderti al massimo il soggiorno, poich\u00e9 questa citt\u00e0 offre un meraviglioso centro storico\n                dove potrai immergerti nella pi\u00f9 profonda cultura galiziana e nella migliore gastronomia locale,\n                che si uniscono per offrire al pellegrino il meglio della comunit\u00e0 galiziana.\n              <\/p>\n            <\/div>\n          <\/div>\n        <\/div>\n      <\/section>\n    <\/div>\n  <\/div>\n\n  <!-- galleria -->\n  <section id=\"gallery\" class=\"experience-gallery\">\n    <div class=\"experience-gallery__content\">\n      <div class=\"gallery-col-start\">\n        <div class=\"gallery-col-start__first-item\">\n          <div class=\"img-one\">\n            <img decoding=\"async\"\n              src=\"https:\/\/cdn.pilgrim.es\/web\/experiencias\/primitivo-oviedo-bici\/experiencia-galeria-oviedo-bici-1.jpg\"\n              alt=\"esperienza oviedo santiago\">\n          <\/div>\n          <div class=\"img-two\">\n            <img decoding=\"async\"\n              src=\"https:\/\/cdn.pilgrim.es\/web\/experiencias\/primitivo-oviedo-bici\/experiencia-galeria-oviedo-bici-2.jpg\"\n              alt=\"esperienza oviedo santiago\">\n          <\/div>\n        <\/div>\n        <div class=\"gallery-col-start__second-item\">\n          <img decoding=\"async\"\n            src=\"https:\/\/cdn.pilgrim.es\/web\/experiencias\/primitivo-oviedo-bici\/experiencia-galeria-oviedo-bici-3.jpg\"\n            alt=\"esperienza oviedo santiago\">\n        <\/div>\n      <\/div>\n      <div class=\"gallery-col-center\">\n        <img decoding=\"async\"\n          src=\"https:\/\/cdn.pilgrim.es\/web\/experiencias\/primitivo-oviedo-bici\/experiencia-galeria-oviedo-bici-4.jpg\"\n          alt=\"esperienza oviedo santiago\">\n      <\/div>\n      <div class=\"gallery-col-end\">\n        <div class=\"gallery-col-end__first-item\">\n          <img decoding=\"async\"\n            src=\"https:\/\/cdn.pilgrim.es\/web\/experiencias\/primitivo-oviedo-bici\/experiencia-galeria-oviedo-bici-5.jpg\"\n            alt=\"esperienza oviedo santiago\">\n        <\/div>\n        <div class=\"gallery-col-end__second-item\">\n          <img decoding=\"async\"\n            src=\"https:\/\/cdn.pilgrim.es\/web\/experiencias\/primitivo-oviedo-bici\/experiencia-galeria-oviedo-bici-6.jpg\"\n            alt=\"esperienza oviedo santiago\">\n        <\/div>\n      <\/div>\n    <\/div>\n  <\/section>\n\n  <!-- link utili -->\n  <section id=\"interest\" class=\"interest-links\">\n    <div>\n      <h4 class=\"category-title\">Per tua informazione<\/h4>\n      <hr class=\"orange-bar\">\n      <h2>Link utili<\/h2>\n      <div class=\"interest-links-container\">\n        <div class=\"links-items\">\n          <div class=\"links-items__item\">\n            <p class=\"link-title\">Condizioni Generali<\/p>\n            <p class=\"link-btn\">\n              <a href=\"https:\/\/www.pilgrim.es\/condiciones-generales\/\" target=\"_blank\">Leggi di pi\u00f9<\/a>\n            <\/p>\n          <\/div>\n          <div class=\"links-items__item\">\n            <p class=\"link-title\">Domande Frequenti<\/p>\n            <p class=\"link-btn\">\n              <a href=\"\" target=\"_blank\">Leggi di pi\u00f9<\/a>\n            <\/p>\n          <\/div>\n          <div class=\"links-items__item\">\n            <p class=\"link-title\">Cammino di Santiago in bici<\/p>\n            <p class=\"link-btn\">\n              <a href=\"https:\/\/www.pilgrim.es\/planificar\/camino-santiago-bicicleta\/\" target=\"_blank\">Leggi di pi\u00f9<\/a>\n            <\/p>\n          <\/div>\n          <div class=\"links-items__item\">\n            <p class=\"link-title\">Cosa portare se fai il Cammino in bici<\/p>\n            <p class=\"link-btn\">\n              <a href=\"https:\/\/www.pilgrim.es\/it\/cosa-portare-con-se-cammino-di-santiago-in-bicicletta\/\" target=\"_blank\">Leggi di pi\u00f9<\/a>\n            <\/p>\n          <\/div>\n        <\/div>\n      <\/div>\n    <\/div>\n  <\/section>\n  <section>\n\t<h4 class=\"category-title\">Altri Cammini<\/h4>\n\t<hr class=\"orange-bar\">\n\t<h2>Percorsi simili<\/h2>\n\t<p class=\"p-mt-5\">Uno dei vantaggi del Cammino \u00e8 la sua grande variet\u00e0 di percorsi. Ti proponiamo qualche alternativa, simile a quella che hai scelto.<\/p>\n\t<section class=\"p-w-full lg:p-w-3\/4\"><section id=\"experiencesCarousel\" class=\"p-relative\">\r\n  <div id=\"experiencesCarousel\" class=\"p-container p-mx-auto p-relative p-w-full lg:p-w-4\/5\">\r\n    <button id=\"prev-slide-experiences\" class=\"slide-button material-symbols-rounded\">\r\n        <div class=\"p-self-item p-font-bold\">&#10094;<\/div>\r\n    <\/button>\r\n    <button id=\"next-slide-experiences\" class=\"slide-button material-symbols-rounded\">\r\n        <div class=\"p-font-bold\">&#10095;<\/div>\r\n    <\/button>\r\n    <div id=\"carousel\" class=\"container-slider p-self-center p-mt-10\">\r\n        <ul class=\"card-list card-list--less-gap\">\r\n                                                <div  class=\"card-item card-item--min\" data-category=\"frances\" data-mode=\"a-pie\">\r\n                        <div class=\"p-rounded-lg p-h-80 p-relative p-p-5 p-text-white p-max-w-[250px] lg:p-max-w-full experience-card-item\">\r\n                            <div class=\"experience-card-bg\" style=\"background-image: url('\/wp-content\/uploads\/2024\/07\/experiencia-frances-desde-sarria.jpg');\"><\/div>\r\n                            <div class=\"experience-card-content p-h-72 card-item-container p-max-w-[250px] lg:p-max-w-full\">\r\n                                <div class=\"p-flex p-flex-wrap\">\r\n                                    <p class=\"p-col-auto p-m-0 p-px-2 p-border p-border-white p-rounded-lg p-text-sm p-self-center\">A piedi<\/p>\r\n                                    <p class=\"p-text-sm p-self-center p-px-4 p-mb-0\">4,9 \u2605<\/p>\r\n                                <\/div>\r\n                                <h3 class=\"p-font-['Inter'] p-normal-case p-text-base lg:p-text-xl p-font-bold p-my-5\"> <a href=\"\/it\/esperienze\/cammino-francese-da-sarria\/\" id=\"camino-frances-desde-sarria\" target=\"_blank\" class=\"after:p-absolute after:p-inset-0 p-text-white hover:p-text-light\">Cammino Francese da Sarria<\/a><\/h3>\r\n                                <div class=\"p-flex p-flex-wrap\">\r\n                                    <div class=\"p-col-auto p-flex p-self-center p-pr-0\">\r\n                                        <i class=\"icon-signal\"><\/i>\r\n                                    <\/div>\r\n                                    <div class=\"p-col-auto p-flex p-self-auto p-ml-2\">\r\n                                        <p class=\"p-m-0 p-text-sm p-font-bold\">111 Km<\/p>\r\n                                    <\/div>\r\n                                <\/div>\r\n                                <div class=\"p-flex p-flex-wrap p-my-1\">\r\n                                    <div class=\"p-col-auto p-flex p-self-center p-pr-0\">\r\n                                        <i class=\"icon-calendar\"><\/i>\r\n                                    <\/div>\r\n                                    <div class=\"p-col-auto p-flex p-self-auto p-ml-2\">\r\n                                        <p class=\"p-m-0 p-text-sm p-font-bold\">5 tappe<\/p>\r\n                                    <\/div>\r\n                                <\/div>\r\n                                <div class=\"p-flex p-flex-wrap\">\r\n                                    <div class=\"p-col-auto p-flex p-self-center p-pr-0\">\r\n                                        <i class=\"icon-nights\"><\/i>\r\n                                    <\/div>\r\n                                    <div class=\"p-col-auto p-flex p-align-self-auto p-ml-2\">\r\n                                        <p class=\"p-m-0 p-text-sm p-font-bold\">6 notti<\/p>\r\n                                    <\/div>\r\n                                <\/div>\r\n                                <div class=\"p-w-full p-absolute p-bottom-0 p-pb-3 p-pointer-events-none\">\r\n                                    <div class=\"p-flex p-justify-between\">\r\n                                        <div>\r\n                                            <p class=\"p-text-xs p-uppercase p-font-semibold p-my-1\">A partire da<\/p>\r\n                                            <p class=\"p-text-2xl p-font-semibold p-mt-[-12px]\">450\u20ac<\/p>\r\n                                        <\/div>\r\n                                        <div class=\"p-text-white p-w-auto p-h-auto p-p-2 p-self-center p-rounded-full p-bg-dark-opacity\">\r\n                                            <img decoding=\"async\" src=\"\/wp-content\/uploads\/2024\/07\/flecha-r.svg\" alt=\"icono flecha derecha\" class=\"p-text-center p-self-center\">\r\n                                        <\/div>\r\n                                    <\/div>\r\n                                <\/div>\r\n                            <\/div>\r\n                        <\/div>\r\n                    <\/div>\r\n                                                                <div  class=\"card-item card-item--min\" data-category=\"frances\" data-mode=\"a-pie\">\r\n                        <div class=\"p-rounded-lg p-h-80 p-relative p-p-5 p-text-white p-max-w-[250px] lg:p-max-w-full experience-card-item\">\r\n                            <div class=\"experience-card-bg\" style=\"background-image: url('\/wp-content\/uploads\/2024\/07\/experiencia-santiago-con-perro.jpg');\"><\/div>\r\n                            <div class=\"experience-card-content p-h-72 card-item-container p-max-w-[250px] lg:p-max-w-full\">\r\n                                <div class=\"p-flex p-flex-wrap\">\r\n                                    <p class=\"p-col-auto p-m-0 p-px-2 p-border p-border-white p-rounded-lg p-text-sm p-self-center\">A piedi<\/p>\r\n                                    <p class=\"p-text-sm p-self-center p-px-4 p-mb-0\">4,8 \u2605<\/p>\r\n                                <\/div>\r\n                                <h3 class=\"p-font-['Inter'] p-normal-case p-text-base lg:p-text-xl p-font-bold p-my-5\"> <a href=\"\/it\/esperienze\/cammino-francese-cane\/\" id=\"camino-frances-perro\" target=\"_blank\" class=\"after:p-absolute after:p-inset-0 p-text-white hover:p-text-light\">Cammino Francese da Sarria con il cane<\/a><\/h3>\r\n                                <div class=\"p-flex p-flex-wrap\">\r\n                                    <div class=\"p-col-auto p-flex p-self-center p-pr-0\">\r\n                                        <i class=\"icon-signal\"><\/i>\r\n                                    <\/div>\r\n                                    <div class=\"p-col-auto p-flex p-self-auto p-ml-2\">\r\n                                        <p class=\"p-m-0 p-text-sm p-font-bold\">111 Km<\/p>\r\n                                    <\/div>\r\n                                <\/div>\r\n                                <div class=\"p-flex p-flex-wrap p-my-1\">\r\n                                    <div class=\"p-col-auto p-flex p-self-center p-pr-0\">\r\n                                        <i class=\"icon-calendar\"><\/i>\r\n                                    <\/div>\r\n                                    <div class=\"p-col-auto p-flex p-self-auto p-ml-2\">\r\n                                        <p class=\"p-m-0 p-text-sm p-font-bold\">5 tappe<\/p>\r\n                                    <\/div>\r\n                                <\/div>\r\n                                <div class=\"p-flex p-flex-wrap\">\r\n                                    <div class=\"p-col-auto p-flex p-self-center p-pr-0\">\r\n                                        <i class=\"icon-nights\"><\/i>\r\n                                    <\/div>\r\n                                    <div class=\"p-col-auto p-flex p-align-self-auto p-ml-2\">\r\n                                        <p class=\"p-m-0 p-text-sm p-font-bold\">6 notti<\/p>\r\n                                    <\/div>\r\n                                <\/div>\r\n                                <div class=\"p-w-full p-absolute p-bottom-0 p-pb-3 p-pointer-events-none\">\r\n                                    <div class=\"p-flex p-justify-between\">\r\n                                        <div>\r\n                                            <p class=\"p-text-xs p-uppercase p-font-semibold p-my-1\">A partire da<\/p>\r\n                                            <p class=\"p-text-2xl p-font-semibold p-mt-[-12px]\">495\u20ac<\/p>\r\n                                        <\/div>\r\n                                        <div class=\"p-text-white p-w-auto p-h-auto p-p-2 p-self-center p-rounded-full p-bg-dark-opacity\">\r\n                                            <img decoding=\"async\" src=\"\/wp-content\/uploads\/2024\/07\/flecha-r.svg\" alt=\"icono flecha derecha\" class=\"p-text-center p-self-center\">\r\n                                        <\/div>\r\n                                    <\/div>\r\n                                <\/div>\r\n                            <\/div>\r\n                        <\/div>\r\n                    <\/div>\r\n                                                                <div  class=\"card-item card-item--min\" data-category=\"portugues\" data-mode=\"a-pie\">\r\n                        <div class=\"p-rounded-lg p-h-80 p-relative p-p-5 p-text-white p-max-w-[250px] lg:p-max-w-full experience-card-item\">\r\n                            <div class=\"experience-card-bg\" style=\"background-image: url('\/wp-content\/uploads\/2024\/07\/experiencia-portugues-desde-tui.jpg');\"><\/div>\r\n                            <div class=\"experience-card-content p-h-72 card-item-container p-max-w-[250px] lg:p-max-w-full\">\r\n                                <div class=\"p-flex p-flex-wrap\">\r\n                                    <p class=\"p-col-auto p-m-0 p-px-2 p-border p-border-white p-rounded-lg p-text-sm p-self-center\">A piedi<\/p>\r\n                                    <p class=\"p-text-sm p-self-center p-px-4 p-mb-0\">4,9 \u2605<\/p>\r\n                                <\/div>\r\n                                <h3 class=\"p-font-['Inter'] p-normal-case p-text-base lg:p-text-xl p-font-bold p-my-5\"> <a href=\"\/it\/esperienze\/cammino-portoghese-da-tui\/\" id=\"camino-portugues-desde-tui\" target=\"_blank\" class=\"after:p-absolute after:p-inset-0 p-text-white hover:p-text-light\">Cammino Portoghese Da Tui<\/a><\/h3>\r\n                                <div class=\"p-flex p-flex-wrap\">\r\n                                    <div class=\"p-col-auto p-flex p-self-center p-pr-0\">\r\n                                        <i class=\"icon-signal\"><\/i>\r\n                                    <\/div>\r\n                                    <div class=\"p-col-auto p-flex p-self-auto p-ml-2\">\r\n                                        <p class=\"p-m-0 p-text-sm p-font-bold\">115 Km<\/p>\r\n                                    <\/div>\r\n                                <\/div>\r\n                                <div class=\"p-flex p-flex-wrap p-my-1\">\r\n                                    <div class=\"p-col-auto p-flex p-self-center p-pr-0\">\r\n                                        <i class=\"icon-calendar\"><\/i>\r\n                                    <\/div>\r\n                                    <div class=\"p-col-auto p-flex p-self-auto p-ml-2\">\r\n                                        <p class=\"p-m-0 p-text-sm p-font-bold\">5 tappe<\/p>\r\n                                    <\/div>\r\n                                <\/div>\r\n                                <div class=\"p-flex p-flex-wrap\">\r\n                                    <div class=\"p-col-auto p-flex p-self-center p-pr-0\">\r\n                                        <i class=\"icon-nights\"><\/i>\r\n                                    <\/div>\r\n                                    <div class=\"p-col-auto p-flex p-align-self-auto p-ml-2\">\r\n                                        <p class=\"p-m-0 p-text-sm p-font-bold\">6 notti<\/p>\r\n                                    <\/div>\r\n                                <\/div>\r\n                                <div class=\"p-w-full p-absolute p-bottom-0 p-pb-3 p-pointer-events-none\">\r\n                                    <div class=\"p-flex p-justify-between\">\r\n                                        <div>\r\n                                            <p class=\"p-text-xs p-uppercase p-font-semibold p-my-1\">A partire da<\/p>\r\n                                            <p class=\"p-text-2xl p-font-semibold p-mt-[-12px]\">450\u20ac<\/p>\r\n                                        <\/div>\r\n                                        <div class=\"p-text-white p-w-auto p-h-auto p-p-2 p-self-center p-rounded-full p-bg-dark-opacity\">\r\n                                            <img decoding=\"async\" src=\"\/wp-content\/uploads\/2024\/07\/flecha-r.svg\" alt=\"icono flecha derecha\" class=\"p-text-center p-self-center\">\r\n                                        <\/div>\r\n                                    <\/div>\r\n                                <\/div>\r\n                            <\/div>\r\n                        <\/div>\r\n                    <\/div>\r\n                                                                <div  class=\"card-item card-item--min\" data-category=\"ingles\" data-mode=\"a-pie\">\r\n                        <div class=\"p-rounded-lg p-h-80 p-relative p-p-5 p-text-white p-max-w-[250px] lg:p-max-w-full experience-card-item\">\r\n                            <div class=\"experience-card-bg\" style=\"background-image: url('\/wp-content\/uploads\/2024\/07\/experiencia-ingles-desde-ferrol.jpg');\"><\/div>\r\n                            <div class=\"experience-card-content p-h-72 card-item-container p-max-w-[250px] lg:p-max-w-full\">\r\n                                <div class=\"p-flex p-flex-wrap\">\r\n                                    <p class=\"p-col-auto p-m-0 p-px-2 p-border p-border-white p-rounded-lg p-text-sm p-self-center\">A piedi<\/p>\r\n                                    <p class=\"p-text-sm p-self-center p-px-4 p-mb-0\">4,7 \u2605<\/p>\r\n                                <\/div>\r\n                                <h3 class=\"p-font-['Inter'] p-normal-case p-text-base lg:p-text-xl p-font-bold p-my-5\"> <a href=\"\/it\/esperienze\/cammino-inglese-da-ferrol\/\" id=\"camino-ingles-desde-ferrol\" target=\"_blank\" class=\"after:p-absolute after:p-inset-0 p-text-white hover:p-text-light\">Il Cammino Inglese da Ferrol<\/a><\/h3>\r\n                                <div class=\"p-flex p-flex-wrap\">\r\n                                    <div class=\"p-col-auto p-flex p-self-center p-pr-0\">\r\n                                        <i class=\"icon-signal\"><\/i>\r\n                                    <\/div>\r\n                                    <div class=\"p-col-auto p-flex p-self-auto p-ml-2\">\r\n                                        <p class=\"p-m-0 p-text-sm p-font-bold\">116 Km<\/p>\r\n                                    <\/div>\r\n                                <\/div>\r\n                                <div class=\"p-flex p-flex-wrap p-my-1\">\r\n                                    <div class=\"p-col-auto p-flex p-self-center p-pr-0\">\r\n                                        <i class=\"icon-calendar\"><\/i>\r\n                                    <\/div>\r\n                                    <div class=\"p-col-auto p-flex p-self-auto p-ml-2\">\r\n                                        <p class=\"p-m-0 p-text-sm p-font-bold\">5 tappe<\/p>\r\n                                    <\/div>\r\n                                <\/div>\r\n                                <div class=\"p-flex p-flex-wrap\">\r\n                                    <div class=\"p-col-auto p-flex p-self-center p-pr-0\">\r\n                                        <i class=\"icon-nights\"><\/i>\r\n                                    <\/div>\r\n                                    <div class=\"p-col-auto p-flex p-align-self-auto p-ml-2\">\r\n                                        <p class=\"p-m-0 p-text-sm p-font-bold\">6 notti<\/p>\r\n                                    <\/div>\r\n                                <\/div>\r\n                                <div class=\"p-w-full p-absolute p-bottom-0 p-pb-3 p-pointer-events-none\">\r\n                                    <div class=\"p-flex p-justify-between\">\r\n                                        <div>\r\n                                            <p class=\"p-text-xs p-uppercase p-font-semibold p-my-1\">A partire da<\/p>\r\n                                            <p class=\"p-text-2xl p-font-semibold p-mt-[-12px]\">450\u20ac<\/p>\r\n                                        <\/div>\r\n                                        <div class=\"p-text-white p-w-auto p-h-auto p-p-2 p-self-center p-rounded-full p-bg-dark-opacity\">\r\n                                            <img decoding=\"async\" src=\"\/wp-content\/uploads\/2024\/07\/flecha-r.svg\" alt=\"icono flecha derecha\" class=\"p-text-center p-self-center\">\r\n                                        <\/div>\r\n                                    <\/div>\r\n                                <\/div>\r\n                            <\/div>\r\n                        <\/div>\r\n                    <\/div>\r\n                                                                <div  class=\"card-item card-item--min\" data-category=\"fisterra\" data-mode=\"a-pie\">\r\n                        <div class=\"p-rounded-lg p-h-80 p-relative p-p-5 p-text-white p-max-w-[250px] lg:p-max-w-full experience-card-item\">\r\n                            <div class=\"experience-card-bg\" style=\"background-image: url('\/wp-content\/uploads\/2024\/07\/experiencia-santiago-a-fisterra.jpg');\"><\/div>\r\n                            <div class=\"experience-card-content p-h-72 card-item-container p-max-w-[250px] lg:p-max-w-full\">\r\n                                <div class=\"p-flex p-flex-wrap\">\r\n                                    <p class=\"p-col-auto p-m-0 p-px-2 p-border p-border-white p-rounded-lg p-text-sm p-self-center\">A piedi<\/p>\r\n                                    <p class=\"p-text-sm p-self-center p-px-4 p-mb-0\">4,8 \u2605<\/p>\r\n                                <\/div>\r\n                                <h3 class=\"p-font-['Inter'] p-normal-case p-text-base lg:p-text-xl p-font-bold p-my-5\"> <a href=\"\/it\/esperienze\/cammino-di-santiago-fisterra-a-piedi\/\" id=\"camino-santiago-fisterra-caminando\" target=\"_blank\" class=\"after:p-absolute after:p-inset-0 p-text-white hover:p-text-light\">Cammino di Santiago a Fisterra a piedi<\/a><\/h3>\r\n                                <div class=\"p-flex p-flex-wrap\">\r\n                                    <div class=\"p-col-auto p-flex p-self-center p-pr-0\">\r\n                                        <i class=\"icon-signal\"><\/i>\r\n                                    <\/div>\r\n                                    <div class=\"p-col-auto p-flex p-self-auto p-ml-2\">\r\n                                        <p class=\"p-m-0 p-text-sm p-font-bold\">85 Km<\/p>\r\n                                    <\/div>\r\n                                <\/div>\r\n                                <div class=\"p-flex p-flex-wrap p-my-1\">\r\n                                    <div class=\"p-col-auto p-flex p-self-center p-pr-0\">\r\n                                        <i class=\"icon-calendar\"><\/i>\r\n                                    <\/div>\r\n                                    <div class=\"p-col-auto p-flex p-self-auto p-ml-2\">\r\n                                        <p class=\"p-m-0 p-text-sm p-font-bold\">3 tappe<\/p>\r\n                                    <\/div>\r\n                                <\/div>\r\n                                <div class=\"p-flex p-flex-wrap\">\r\n                                    <div class=\"p-col-auto p-flex p-self-center p-pr-0\">\r\n                                        <i class=\"icon-nights\"><\/i>\r\n                                    <\/div>\r\n                                    <div class=\"p-col-auto p-flex p-align-self-auto p-ml-2\">\r\n                                        <p class=\"p-m-0 p-text-sm p-font-bold\">4 notti<\/p>\r\n                                    <\/div>\r\n                                <\/div>\r\n                                <div class=\"p-w-full p-absolute p-bottom-0 p-pb-3 p-pointer-events-none\">\r\n                                    <div class=\"p-flex p-justify-between\">\r\n                                        <div>\r\n                                            <p class=\"p-text-xs p-uppercase p-font-semibold p-my-1\">A partire da<\/p>\r\n                                            <p class=\"p-text-2xl p-font-semibold p-mt-[-12px]\">315\u20ac<\/p>\r\n                                        <\/div>\r\n                                        <div class=\"p-text-white p-w-auto p-h-auto p-p-2 p-self-center p-rounded-full p-bg-dark-opacity\">\r\n                                            <img decoding=\"async\" src=\"\/wp-content\/uploads\/2024\/07\/flecha-r.svg\" alt=\"icono flecha derecha\" class=\"p-text-center p-self-center\">\r\n                                        <\/div>\r\n                                    <\/div>\r\n                                <\/div>\r\n                            <\/div>\r\n                        <\/div>\r\n                    <\/div>\r\n                                                                <div  class=\"card-item card-item--min\" data-category=\"portugues\" data-mode=\"a-pie\">\r\n                        <div class=\"p-rounded-lg p-h-80 p-relative p-p-5 p-text-white p-max-w-[250px] lg:p-max-w-full experience-card-item\">\r\n                            <div class=\"experience-card-bg\" style=\"background-image: url('\/wp-content\/uploads\/2024\/07\/experiencia-en-bici-desde-oporto.jpg');\"><\/div>\r\n                            <div class=\"experience-card-content p-h-72 card-item-container p-max-w-[250px] lg:p-max-w-full\">\r\n                                <div class=\"p-flex p-flex-wrap\">\r\n                                    <p class=\"p-col-auto p-m-0 p-px-2 p-border p-border-white p-rounded-lg p-text-sm p-self-center\">In bicicletta<\/p>\r\n                                    <p class=\"p-text-sm p-self-center p-px-4 p-mb-0\">4,8 \u2605<\/p>\r\n                                <\/div>\r\n                                <h3 class=\"p-font-['Inter'] p-normal-case p-text-base lg:p-text-xl p-font-bold p-my-5\"> <a href=\"\/it\/esperienze\/cammino-portoghese-in-bicicletta-da-oporto\/\" id=\"camino-portugues-en-bicicleta-desde-oporto\" target=\"_blank\" class=\"after:p-absolute after:p-inset-0 p-text-white hover:p-text-light\">Cammino Portoghese in bicicletta da Oporto<\/a><\/h3>\r\n                                <div class=\"p-flex p-flex-wrap\">\r\n                                    <div class=\"p-col-auto p-flex p-self-center p-pr-0\">\r\n                                        <i class=\"icon-signal\"><\/i>\r\n                                    <\/div>\r\n                                    <div class=\"p-col-auto p-flex p-self-auto p-ml-2\">\r\n                                        <p class=\"p-m-0 p-text-sm p-font-bold\">242 Km<\/p>\r\n                                    <\/div>\r\n                                <\/div>\r\n                                <div class=\"p-flex p-flex-wrap p-my-1\">\r\n                                    <div class=\"p-col-auto p-flex p-self-center p-pr-0\">\r\n                                        <i class=\"icon-calendar\"><\/i>\r\n                                    <\/div>\r\n                                    <div class=\"p-col-auto p-flex p-self-auto p-ml-2\">\r\n                                        <p class=\"p-m-0 p-text-sm p-font-bold\">5 tappe<\/p>\r\n                                    <\/div>\r\n                                <\/div>\r\n                                <div class=\"p-flex p-flex-wrap\">\r\n                                    <div class=\"p-col-auto p-flex p-self-center p-pr-0\">\r\n                                        <i class=\"icon-nights\"><\/i>\r\n                                    <\/div>\r\n                                    <div class=\"p-col-auto p-flex p-align-self-auto p-ml-2\">\r\n                                        <p class=\"p-m-0 p-text-sm p-font-bold\">6 notti<\/p>\r\n                                    <\/div>\r\n                                <\/div>\r\n                                <div class=\"p-w-full p-absolute p-bottom-0 p-pb-3 p-pointer-events-none\">\r\n                                    <div class=\"p-flex p-justify-between\">\r\n                                        <div>\r\n                                            <p class=\"p-text-xs p-uppercase p-font-semibold p-my-1\">A partire da<\/p>\r\n                                            <p class=\"p-text-2xl p-font-semibold p-mt-[-12px]\">490\u20ac<\/p>\r\n                                        <\/div>\r\n                                        <div class=\"p-text-white p-w-auto p-h-auto p-p-2 p-self-center p-rounded-full p-bg-dark-opacity\">\r\n                                            <img decoding=\"async\" src=\"\/wp-content\/uploads\/2024\/07\/flecha-r.svg\" alt=\"icono flecha derecha\" class=\"p-text-center p-self-center\">\r\n                                        <\/div>\r\n                                    <\/div>\r\n                                <\/div>\r\n                            <\/div>\r\n                        <\/div>\r\n                    <\/div>\r\n                                                                <div  class=\"card-item card-item--min\" data-category=\"primitivo\" data-mode=\"a-pie\">\r\n                        <div class=\"p-rounded-lg p-h-80 p-relative p-p-5 p-text-white p-max-w-[250px] lg:p-max-w-full experience-card-item\">\r\n                            <div class=\"experience-card-bg\" style=\"background-image: url('\/wp-content\/uploads\/2024\/07\/experiencia-primitivo-desde-lugo.jpg');\"><\/div>\r\n                            <div class=\"experience-card-content p-h-72 card-item-container p-max-w-[250px] lg:p-max-w-full\">\r\n                                <div class=\"p-flex p-flex-wrap\">\r\n                                    <p class=\"p-col-auto p-m-0 p-px-2 p-border p-border-white p-rounded-lg p-text-sm p-self-center\">A piedi<\/p>\r\n                                    <p class=\"p-text-sm p-self-center p-px-4 p-mb-0\">4,7 \u2605<\/p>\r\n                                <\/div>\r\n                                <h3 class=\"p-font-['Inter'] p-normal-case p-text-base lg:p-text-xl p-font-bold p-my-5\"> <a href=\"\/it\/esperienze\/cammino-primitivo-da-lugo\/\" id=\"el-camino-primitivo-desde-lugo\" target=\"_blank\" class=\"after:p-absolute after:p-inset-0 p-text-white hover:p-text-light\">Il cammino primitivo da Lugo<\/a><\/h3>\r\n                                <div class=\"p-flex p-flex-wrap\">\r\n                                    <div class=\"p-col-auto p-flex p-self-center p-pr-0\">\r\n                                        <i class=\"icon-signal\"><\/i>\r\n                                    <\/div>\r\n                                    <div class=\"p-col-auto p-flex p-self-auto p-ml-2\">\r\n                                        <p class=\"p-m-0 p-text-sm p-font-bold\">102 Km<\/p>\r\n                                    <\/div>\r\n                                <\/div>\r\n                                <div class=\"p-flex p-flex-wrap p-my-1\">\r\n                                    <div class=\"p-col-auto p-flex p-self-center p-pr-0\">\r\n                                        <i class=\"icon-calendar\"><\/i>\r\n                                    <\/div>\r\n                                    <div class=\"p-col-auto p-flex p-self-auto p-ml-2\">\r\n                                        <p class=\"p-m-0 p-text-sm p-font-bold\">5 tappe<\/p>\r\n                                    <\/div>\r\n                                <\/div>\r\n                                <div class=\"p-flex p-flex-wrap\">\r\n                                    <div class=\"p-col-auto p-flex p-self-center p-pr-0\">\r\n                                        <i class=\"icon-nights\"><\/i>\r\n                                    <\/div>\r\n                                    <div class=\"p-col-auto p-flex p-align-self-auto p-ml-2\">\r\n                                        <p class=\"p-m-0 p-text-sm p-font-bold\">6 notti<\/p>\r\n                                    <\/div>\r\n                                <\/div>\r\n                                <div class=\"p-w-full p-absolute p-bottom-0 p-pb-3 p-pointer-events-none\">\r\n                                    <div class=\"p-flex p-justify-between\">\r\n                                        <div>\r\n                                            <p class=\"p-text-xs p-uppercase p-font-semibold p-my-1\">A partire da<\/p>\r\n                                            <p class=\"p-text-2xl p-font-semibold p-mt-[-12px]\">450\u20ac<\/p>\r\n                                        <\/div>\r\n                                        <div class=\"p-text-white p-w-auto p-h-auto p-p-2 p-self-center p-rounded-full p-bg-dark-opacity\">\r\n                                            <img decoding=\"async\" src=\"\/wp-content\/uploads\/2024\/07\/flecha-r.svg\" alt=\"icono flecha derecha\" class=\"p-text-center p-self-center\">\r\n                                        <\/div>\r\n                                    <\/div>\r\n                                <\/div>\r\n                            <\/div>\r\n                        <\/div>\r\n                    <\/div>\r\n                                                                <div  class=\"card-item card-item--min\" data-category=\"frances\" data-mode=\"a-pie\">\r\n                        <div class=\"p-rounded-lg p-h-80 p-relative p-p-5 p-text-white p-max-w-[250px] lg:p-max-w-full experience-card-item\">\r\n                            <div class=\"experience-card-bg\" style=\"background-image: url('\/wp-content\/uploads\/2024\/07\/experiencia-en-bici-desde-ponferrada.jpg');\"><\/div>\r\n                            <div class=\"experience-card-content p-h-72 card-item-container p-max-w-[250px] lg:p-max-w-full\">\r\n                                <div class=\"p-flex p-flex-wrap\">\r\n                                    <p class=\"p-col-auto p-m-0 p-px-2 p-border p-border-white p-rounded-lg p-text-sm p-self-center\">In bicicletta<\/p>\r\n                                    <p class=\"p-text-sm p-self-center p-px-4 p-mb-0\">4,7 \u2605<\/p>\r\n                                <\/div>\r\n                                <h3 class=\"p-font-['Inter'] p-normal-case p-text-base lg:p-text-xl p-font-bold p-my-5\"> <a href=\"\/it\/esperienze\/cammino-francese-in-bicicletta-da-ponferrada\/\" id=\"camino-frances-en-bicicleta-desde-ponferrada\" target=\"_blank\" class=\"after:p-absolute after:p-inset-0 p-text-white hover:p-text-light\">Cammino francese in bicicletta da Ponferrada<\/a><\/h3>\r\n                                <div class=\"p-flex p-flex-wrap\">\r\n                                    <div class=\"p-col-auto p-flex p-self-center p-pr-0\">\r\n                                        <i class=\"icon-signal\"><\/i>\r\n                                    <\/div>\r\n                                    <div class=\"p-col-auto p-flex p-self-auto p-ml-2\">\r\n                                        <p class=\"p-m-0 p-text-sm p-font-bold\">205 Km<\/p>\r\n                                    <\/div>\r\n                                <\/div>\r\n                                <div class=\"p-flex p-flex-wrap p-my-1\">\r\n                                    <div class=\"p-col-auto p-flex p-self-center p-pr-0\">\r\n                                        <i class=\"icon-calendar\"><\/i>\r\n                                    <\/div>\r\n                                    <div class=\"p-col-auto p-flex p-self-auto p-ml-2\">\r\n                                        <p class=\"p-m-0 p-text-sm p-font-bold\">4 tappe<\/p>\r\n                                    <\/div>\r\n                                <\/div>\r\n                                <div class=\"p-flex p-flex-wrap\">\r\n                                    <div class=\"p-col-auto p-flex p-self-center p-pr-0\">\r\n                                        <i class=\"icon-nights\"><\/i>\r\n                                    <\/div>\r\n                                    <div class=\"p-col-auto p-flex p-align-self-auto p-ml-2\">\r\n                                        <p class=\"p-m-0 p-text-sm p-font-bold\">5 notti<\/p>\r\n                                    <\/div>\r\n                                <\/div>\r\n                                <div class=\"p-w-full p-absolute p-bottom-0 p-pb-3 p-pointer-events-none\">\r\n                                    <div class=\"p-flex p-justify-between\">\r\n                                        <div>\r\n                                            <p class=\"p-text-xs p-uppercase p-font-semibold p-my-1\">A partire da<\/p>\r\n                                            <p class=\"p-text-2xl p-font-semibold p-mt-[-12px]\">385\u20ac<\/p>\r\n                                        <\/div>\r\n                                        <div class=\"p-text-white p-w-auto p-h-auto p-p-2 p-self-center p-rounded-full p-bg-dark-opacity\">\r\n                                            <img decoding=\"async\" src=\"\/wp-content\/uploads\/2024\/07\/flecha-r.svg\" alt=\"icono flecha derecha\" class=\"p-text-center p-self-center\">\r\n                                        <\/div>\r\n                                    <\/div>\r\n                                <\/div>\r\n                            <\/div>\r\n                        <\/div>\r\n                    <\/div>\r\n                                        <div class=\"p-group card-item card-item--min p-p-5 p-relative p-rounded-lg p-bg-brown-light p-max-w-[250px] lg:p-max-w-full\">\r\n              <div class=\"p-h-full p-w-full p-flex p-justify-center p-z-10 p-rounded-lg\">\r\n                <div class=\"p-self-center p-flex p-flex-col p-justify-center p-text-center p-content-center\">\r\n                  <div class=\"p-border p-border-2 p-border-primary p-h-10 p-w-10 lg:p-h-16 lg:p-w-16 p-rounded-full p-mb-5 p-self-center\">\r\n                    <p class=\"p-self-center p-text-2xl lg:p-text-4xl p-text-primary\">+<\/p>\r\n                  <\/div>\r\n                  <p class=\"p-text-base lg:p-text-xl p-text-gray p-font-bold\">Vedi tutti <br> le nostre esperienze<\/p>\r\n                  <button class=\"p-bg-primary p-my-5 p-rounded-lg p-px-5 p-py-2 hover:p-bg-primary-dark\">\r\n                    <a href=\"https:\/\/www.pilgrim.es\/it\/esperienze\/\"  class=\"after:p-absolute after:p-inset-0 p-text-white p-h-10 hover:p-text-white p-text-base lg:p-text-xl\">Altri itinerari<\/a>\r\n                  <\/button>\r\n                <\/div>\r\n              <\/div>\r\n            <\/div>\r\n        <\/ul>\r\n        <div class=\"slider-scrollbar\">\r\n            <div class=\"scrollbar-track\">\r\n                <div class=\"scrollbar-thumb\"><\/div>\r\n            <\/div>\r\n        <\/div>\r\n        <div id=\"indicators\" class=\"slider-indicators\"><\/div>\r\n    <\/div>\r\n  <\/div>\r\n<\/section>\r\n<script>\/\/ Aqu\u00ed va el c\u00f3digo JavaScript que maneja el slider\r\nconst initSlider = () => {\r\n  const imageList = document.querySelector(\".slider-wrapper .card-list\");\r\n  const slideButtons = document.querySelectorAll(\r\n    \".slider-wrapper .slide-button\"\r\n  );\r\n  const sliderScrollbar = document.querySelector(\r\n    \".container-slider .slider-scrollbar\"\r\n  );\r\n  const indicators = document.querySelectorAll(\".slider-indicators .indicator\");\r\n\r\n  if (sliderScrollbar && imageList && slideButtons) {\r\n    const scrollbarThumb =\r\n      sliderScrollbar.getElementsByClassName(\"scrollbar-thumb\");\r\n    const maxScrollLeft = imageList.scrollWidth - imageList.clientWidth;\r\n\r\n    \/\/ manejar scroll\r\n    scrollbarThumb.addEventListener(\"mousedown\", (e) => {\r\n      const startX = e.clientX;\r\n      const thumbPosition = scrollbarThumb.offsetLeft;\r\n      const maxThumbPosition =\r\n        sliderScrollbar.getBoundingClientRect().width -\r\n        scrollbarThumb.offsetWidth;\r\n\r\n      \/\/ actualizar posici\u00f3n con movimiento de rat\u00f3n\r\n      const handleMouseMove = (e) => {\r\n        const deltaX = e.clientX - startX;\r\n        const newThumbPosition = thumbPosition + deltaX;\r\n\r\n        \/\/ para que la scrollbar no se salga\r\n        const boundedPosition = Math.max(\r\n          0,\r\n          Math.min(maxThumbPosition, newThumbPosition)\r\n        );\r\n        const scrollPosition =\r\n          (boundedPosition \/ maxThumbPosition) * maxScrollLeft;\r\n\r\n        scrollbarThumb.style.left = `${boundedPosition}px`;\r\n        imageList.scrollLeft = scrollPosition;\r\n      };\r\n\r\n      \/\/ quitar escuchadores en mouse up\r\n      const handleMouseUp = () => {\r\n        document.removeEventListener(\"mousemove\", handleMouseMove);\r\n        document.removeEventListener(\"mouseup\", handleMouseUp);\r\n      };\r\n\r\n      \/\/ a\u00f1adir escuchadores para arrastre\r\n      document.addEventListener(\"mousemove\", handleMouseMove);\r\n      document.addEventListener(\"mouseup\", handleMouseUp);\r\n    });\r\n\r\n    \/\/ mover im\u00e1genes seg\u00fan los clicks al bot\u00f3n del slide\r\n    slideButtons.forEach((button) => {\r\n      button.addEventListener(\"click\", () => {\r\n        const direction = button.id === \"prev-slide\" ? -1 : 1;\r\n        const scrollAmount = imageList.clientWidth * direction;\r\n        imageList.scrollBy({ left: scrollAmount, behavior: \"smooth\" });\r\n        updateIndicators();\r\n      });\r\n    });\r\n\r\n    \/\/ mostrar o no los botones del slide seg\u00fan posici\u00f3n\r\n    const handleSlideButtons = () => {\r\n      slideButtons[0].style.display =\r\n        imageList.scrollLeft <= 0 ? \"none\" : \"flex\";\r\n      slideButtons[1].style.display =\r\n        imageList.scrollLeft >= maxScrollLeft ? \"none\" : \"flex\";\r\n    };\r\n\r\n    \/\/ actualizar posici\u00f3n de la scrollbar seg\u00fan posici\u00f3n\r\n    const updateScrollThumbPosition = () => {\r\n      const scrollPosition = imageList.scrollLeft;\r\n      const thumbPosition =\r\n        (scrollPosition \/ maxScrollLeft) *\r\n        (sliderScrollbar.clientWidth - scrollbarThumb.offsetWidth);\r\n      scrollbarThumb.style.left = `${thumbPosition}px`;\r\n    };\r\n\r\n    \/\/ actualizar indicadores seg\u00fan posici\u00f3n\r\n    const updateIndicators = () => {\r\n      const currentSlide = Math.round(\r\n        imageList.scrollLeft \/ imageList.clientWidth\r\n      );\r\n      indicators.forEach((indicator, index) => {\r\n        indicator.classList.toggle(\"active\", index === currentSlide);\r\n      });\r\n    };\r\n\r\n    \/\/ llamar funciones al hacer scroll en la lista\r\n    imageList.addEventListener(\"scroll\", () => {\r\n      updateScrollThumbPosition();\r\n      handleSlideButtons();\r\n      updateIndicators();\r\n    });\r\n\r\n    \/\/ a\u00f1adir eventos de click en los indicadores\r\n    indicators.forEach((indicator, index) => {\r\n      indicator.addEventListener(\"click\", () => {\r\n        const scrollPosition = index * imageList.clientWidth;\r\n        imageList.scrollTo({ left: scrollPosition, behavior: \"smooth\" });\r\n      });\r\n    });\r\n\r\n    \/\/ configuraci\u00f3n inicial\r\n    updateScrollThumbPosition();\r\n    handleSlideButtons();\r\n    updateIndicators();\r\n  }\r\n};\r\n\r\nwindow.addEventListener(\"resize\", initSlider);\r\nwindow.addEventListener(\"load\", initSlider);\r\n<\/script><\/section>\n<\/section>\n<section>\n\t<h4 class=\"category-title\">Opinioni<\/h4>\n\t<hr class=\"orange-bar\">\n\t<h2>Cosa dicono i nostri clienti?<\/h2>\n\t<p class=\"p-mt-5\">Date un&#8217;occhiata a ci\u00f2 che i nostri pellegrini dicono dei servizi di Pilgrim.<\/p>\n\t<div id=\"opinionsCarousel\" class=\"p-container p-mx-auto p-relative\">\r\n<button id=\"prev-slide-opinions\" class=\"slide-button material-symbols-rounded\">\r\n        <div class=\"p-self-item p-font-bold\">&#10094;<\/div>\r\n    <\/button>\r\n    <button id=\"next-slide-opinions\" class=\"slide-button material-symbols-rounded\">\r\n        <div class=\"p-font-bold\">&#10095;<\/div>\r\n    <\/button>\r\n    <div id=\"carousel-opinions\" class=\"container-slider-opinions p-self-center\">\r\n                    <ul class=\"card-list-opinion card-list-opinion--less-gap\">\r\n                                                    <div class=\"p-mt-12 card-item-opinions card-item-opinions--min\">\r\n                                <div class=\"p-flex p-flex-col p-min-w-0 p-drop-shadow-md p-rounded-3xl p-break-words p-bg-white p-py-2 card-item-container p-min-h-[15rem]\">\r\n                                    <div class=\"p-container p-mx-auto p-p-5\">\r\n                                        <div class=\"p-flex p-flex-wrap p-justify-between p-my-2\">\r\n                                            <div class=\"p-w-1\/2 p-p-0 p-text-start\">\r\n                                                <p class=\"p-font-bold p-text-sm\">Fontenelle sm Centre<\/p>\r\n                                            <\/div>\r\n                                            <div class=\"p-w-1\/12 p-p-0 p-self-center\">\r\n                                                <i class=\"icon-google\"><\/i>\r\n                                                <i class=\"icon-google p-relative p-text-2xl\">\r\n                                                <span class=\"path4 p-absolute\"><\/span>\r\n                                                <span class=\"path3 p-absolute\"><\/span>\r\n                                                <span class=\"path2 p-absolute\"><\/span>\r\n                                                <span class=\"path1 p-absolute\"><\/span>\r\n                                            <\/i>\r\n                                            <\/div>\r\n                                        <\/div>\r\n                                        <div class=\"p-flex p-flex-wrap p-justify-content-left p-mb-4\">\r\n                                                                                            <div class=\"p-w-1\/8 p-flex p-self-center\">\r\n                                                    <i class=\"icon-full-star\"><\/i>\r\n                                                <\/div>\r\n                                                                                            <div class=\"p-w-1\/8 p-flex p-self-center\">\r\n                                                    <i class=\"icon-full-star\"><\/i>\r\n                                                <\/div>\r\n                                                                                            <div class=\"p-w-1\/8 p-flex p-self-center\">\r\n                                                    <i class=\"icon-full-star\"><\/i>\r\n                                                <\/div>\r\n                                                                                            <div class=\"p-w-1\/8 p-flex p-self-center\">\r\n                                                    <i class=\"icon-full-star\"><\/i>\r\n                                                <\/div>\r\n                                                                                            <div class=\"p-w-1\/8 p-flex p-self-center\">\r\n                                                    <i class=\"icon-full-star\"><\/i>\r\n                                                <\/div>\r\n                                                                                    <\/div>\r\n                                        <div>\r\n                                            <p class=\"p-text-sm p-self-center p-text-start\">\r\n                                                10\/10!!!! Un'esperienza magnifica e una gestione eccellente da parte di Pilgrim. Eravamo un gruppo di 24 persone e tutto \u00e8 andato alla perfezione, cosa non facile. Grazie mille a tutto il team!                                            <\/p>\r\n                                        <\/div>\r\n                                    <\/div>\r\n                                <\/div>\r\n                            <\/div>\r\n                                                    <div class=\"p-mt-12 card-item-opinions card-item-opinions--min\">\r\n                                <div class=\"p-flex p-flex-col p-min-w-0 p-drop-shadow-md p-rounded-3xl p-break-words p-bg-white p-py-2 card-item-container p-min-h-[15rem]\">\r\n                                    <div class=\"p-container p-mx-auto p-p-5\">\r\n                                        <div class=\"p-flex p-flex-wrap p-justify-between p-my-2\">\r\n                                            <div class=\"p-w-1\/2 p-p-0 p-text-start\">\r\n                                                <p class=\"p-font-bold p-text-sm\">RAFAEL SOSA<\/p>\r\n                                            <\/div>\r\n                                            <div class=\"p-w-1\/12 p-p-0 p-self-center\">\r\n                                                <i class=\"icon-google\"><\/i>\r\n                                                <i class=\"icon-google p-relative p-text-2xl\">\r\n                                                <span class=\"path4 p-absolute\"><\/span>\r\n                                                <span class=\"path3 p-absolute\"><\/span>\r\n                                                <span class=\"path2 p-absolute\"><\/span>\r\n                                                <span class=\"path1 p-absolute\"><\/span>\r\n                                            <\/i>\r\n                                            <\/div>\r\n                                        <\/div>\r\n                                        <div class=\"p-flex p-flex-wrap p-justify-content-left p-mb-4\">\r\n                                                                                            <div class=\"p-w-1\/8 p-flex p-self-center\">\r\n                                                    <i class=\"icon-full-star\"><\/i>\r\n                                                <\/div>\r\n                                                                                            <div class=\"p-w-1\/8 p-flex p-self-center\">\r\n                                                    <i class=\"icon-full-star\"><\/i>\r\n                                                <\/div>\r\n                                                                                            <div class=\"p-w-1\/8 p-flex p-self-center\">\r\n                                                    <i class=\"icon-full-star\"><\/i>\r\n                                                <\/div>\r\n                                                                                            <div class=\"p-w-1\/8 p-flex p-self-center\">\r\n                                                    <i class=\"icon-full-star\"><\/i>\r\n                                                <\/div>\r\n                                                                                            <div class=\"p-w-1\/8 p-flex p-self-center\">\r\n                                                    <i class=\"icon-full-star\"><\/i>\r\n                                                <\/div>\r\n                                                                                    <\/div>\r\n                                        <div>\r\n                                            <p class=\"p-text-sm p-self-center p-text-start\">\r\n                                                Ottima organizzazione e fornitura di servizi. Tutto nel rispetto di quanto previsto dal contratto, nessun inconveniente di alcun tipo e la migliore disposizione in ogni momento.                                            <\/p>\r\n                                        <\/div>\r\n                                    <\/div>\r\n                                <\/div>\r\n                            <\/div>\r\n                                                    <div class=\"p-mt-12 card-item-opinions card-item-opinions--min\">\r\n                                <div class=\"p-flex p-flex-col p-min-w-0 p-drop-shadow-md p-rounded-3xl p-break-words p-bg-white p-py-2 card-item-container p-min-h-[15rem]\">\r\n                                    <div class=\"p-container p-mx-auto p-p-5\">\r\n                                        <div class=\"p-flex p-flex-wrap p-justify-between p-my-2\">\r\n                                            <div class=\"p-w-1\/2 p-p-0 p-text-start\">\r\n                                                <p class=\"p-font-bold p-text-sm\">Brisa Rodr\u00edguez<\/p>\r\n                                            <\/div>\r\n                                            <div class=\"p-w-1\/12 p-p-0 p-self-center\">\r\n                                                <i class=\"icon-google\"><\/i>\r\n                                                <i class=\"icon-google p-relative p-text-2xl\">\r\n                                                <span class=\"path4 p-absolute\"><\/span>\r\n                                                <span class=\"path3 p-absolute\"><\/span>\r\n                                                <span class=\"path2 p-absolute\"><\/span>\r\n                                                <span class=\"path1 p-absolute\"><\/span>\r\n                                            <\/i>\r\n                                            <\/div>\r\n                                        <\/div>\r\n                                        <div class=\"p-flex p-flex-wrap p-justify-content-left p-mb-4\">\r\n                                                                                            <div class=\"p-w-1\/8 p-flex p-self-center\">\r\n                                                    <i class=\"icon-full-star\"><\/i>\r\n                                                <\/div>\r\n                                                                                            <div class=\"p-w-1\/8 p-flex p-self-center\">\r\n                                                    <i class=\"icon-full-star\"><\/i>\r\n                                                <\/div>\r\n                                                                                            <div class=\"p-w-1\/8 p-flex p-self-center\">\r\n                                                    <i class=\"icon-full-star\"><\/i>\r\n                                                <\/div>\r\n                                                                                            <div class=\"p-w-1\/8 p-flex p-self-center\">\r\n                                                    <i class=\"icon-full-star\"><\/i>\r\n                                                <\/div>\r\n                                                                                            <div class=\"p-w-1\/8 p-flex p-self-center\">\r\n                                                    <i class=\"icon-full-star\"><\/i>\r\n                                                <\/div>\r\n                                                                                    <\/div>\r\n                                        <div>\r\n                                            <p class=\"p-text-sm p-self-center p-text-start\">\r\n                                                Abbiamo fatto il Cammino Francese da SJPP in 33 tappe e tutto \u00e8 stato eccellente. Non abbiamo avuto alcuna difficolt\u00e0, gli alloggi erano molto buoni (ricordate che \u00e8 il Cammino, non una metropoli) e il trasporto dei bagagli era eccellente. Tornerei di nuovo con loro.                                            <\/p>\r\n                                        <\/div>\r\n                                    <\/div>\r\n                                <\/div>\r\n                            <\/div>\r\n                                                    <div class=\"p-mt-12 card-item-opinions card-item-opinions--min\">\r\n                                <div class=\"p-flex p-flex-col p-min-w-0 p-drop-shadow-md p-rounded-3xl p-break-words p-bg-white p-py-2 card-item-container p-min-h-[15rem]\">\r\n                                    <div class=\"p-container p-mx-auto p-p-5\">\r\n                                        <div class=\"p-flex p-flex-wrap p-justify-between p-my-2\">\r\n                                            <div class=\"p-w-1\/2 p-p-0 p-text-start\">\r\n                                                <p class=\"p-font-bold p-text-sm\">Carlos Roncero Alonso<\/p>\r\n                                            <\/div>\r\n                                            <div class=\"p-w-1\/12 p-p-0 p-self-center\">\r\n                                                <i class=\"icon-google\"><\/i>\r\n                                                <i class=\"icon-google p-relative p-text-2xl\">\r\n                                                <span class=\"path4 p-absolute\"><\/span>\r\n                                                <span class=\"path3 p-absolute\"><\/span>\r\n                                                <span class=\"path2 p-absolute\"><\/span>\r\n                                                <span class=\"path1 p-absolute\"><\/span>\r\n                                            <\/i>\r\n                                            <\/div>\r\n                                        <\/div>\r\n                                        <div class=\"p-flex p-flex-wrap p-justify-content-left p-mb-4\">\r\n                                                                                            <div class=\"p-w-1\/8 p-flex p-self-center\">\r\n                                                    <i class=\"icon-full-star\"><\/i>\r\n                                                <\/div>\r\n                                                                                            <div class=\"p-w-1\/8 p-flex p-self-center\">\r\n                                                    <i class=\"icon-full-star\"><\/i>\r\n                                                <\/div>\r\n                                                                                            <div class=\"p-w-1\/8 p-flex p-self-center\">\r\n                                                    <i class=\"icon-full-star\"><\/i>\r\n                                                <\/div>\r\n                                                                                            <div class=\"p-w-1\/8 p-flex p-self-center\">\r\n                                                    <i class=\"icon-full-star\"><\/i>\r\n                                                <\/div>\r\n                                                                                            <div class=\"p-w-1\/8 p-flex p-self-center\">\r\n                                                    <i class=\"icon-full-star\"><\/i>\r\n                                                <\/div>\r\n                                                                                    <\/div>\r\n                                        <div>\r\n                                            <p class=\"p-text-sm p-self-center p-text-start\">\r\n                                                Abbiamo fatto il Cammino di Santiago alla fine di aprile da Tui ed \u00e8 stato un grande successo farlo con Pilgrim. Tutto \u00e8 stato fantastico (informazioni, gestione e attenzione). Abbiamo trovato gli alberghi imbattibili e l'anno prossimo lo ripeteremo con Pilgrim e con un altro percorso.                                            <\/p>\r\n                                        <\/div>\r\n                                    <\/div>\r\n                                <\/div>\r\n                            <\/div>\r\n                                                    <div class=\"p-mt-12 card-item-opinions card-item-opinions--min\">\r\n                                <div class=\"p-flex p-flex-col p-min-w-0 p-drop-shadow-md p-rounded-3xl p-break-words p-bg-white p-py-2 card-item-container p-min-h-[15rem]\">\r\n                                    <div class=\"p-container p-mx-auto p-p-5\">\r\n                                        <div class=\"p-flex p-flex-wrap p-justify-between p-my-2\">\r\n                                            <div class=\"p-w-1\/2 p-p-0 p-text-start\">\r\n                                                <p class=\"p-font-bold p-text-sm\">Maria Mestre de Juan<\/p>\r\n                                            <\/div>\r\n                                            <div class=\"p-w-1\/12 p-p-0 p-self-center\">\r\n                                                <i class=\"icon-google\"><\/i>\r\n                                                <i class=\"icon-google p-relative p-text-2xl\">\r\n                                                <span class=\"path4 p-absolute\"><\/span>\r\n                                                <span class=\"path3 p-absolute\"><\/span>\r\n                                                <span class=\"path2 p-absolute\"><\/span>\r\n                                                <span class=\"path1 p-absolute\"><\/span>\r\n                                            <\/i>\r\n                                            <\/div>\r\n                                        <\/div>\r\n                                        <div class=\"p-flex p-flex-wrap p-justify-content-left p-mb-4\">\r\n                                                                                            <div class=\"p-w-1\/8 p-flex p-self-center\">\r\n                                                    <i class=\"icon-full-star\"><\/i>\r\n                                                <\/div>\r\n                                                                                            <div class=\"p-w-1\/8 p-flex p-self-center\">\r\n                                                    <i class=\"icon-full-star\"><\/i>\r\n                                                <\/div>\r\n                                                                                            <div class=\"p-w-1\/8 p-flex p-self-center\">\r\n                                                    <i class=\"icon-full-star\"><\/i>\r\n                                                <\/div>\r\n                                                                                            <div class=\"p-w-1\/8 p-flex p-self-center\">\r\n                                                    <i class=\"icon-full-star\"><\/i>\r\n                                                <\/div>\r\n                                                                                            <div class=\"p-w-1\/8 p-flex p-self-center\">\r\n                                                    <i class=\"icon-full-star\"><\/i>\r\n                                                <\/div>\r\n                                                                                    <\/div>\r\n                                        <div>\r\n                                            <p class=\"p-text-sm p-self-center p-text-start\">\r\n                                                Grande! Due anni fa ho terminato il Cammino francese. Quest'anno ho terminato il Cammino inglese. Mi resta ancora il Cammino Portoghese, per il quale avr\u00f2 sicuramente i consigli e la competenza di Pilgrim!!!. Non esitate, fatelo con questa organizzazione. Ancora una volta, dal profondo del mio cuore, ... Migliaia di grazie!!!! Buon Cammino a tutti voi.                                            <\/p>\r\n                                        <\/div>\r\n                                    <\/div>\r\n                                <\/div>\r\n                            <\/div>\r\n                                                    <div class=\"p-mt-12 card-item-opinions card-item-opinions--min\">\r\n                                <div class=\"p-flex p-flex-col p-min-w-0 p-drop-shadow-md p-rounded-3xl p-break-words p-bg-white p-py-2 card-item-container p-min-h-[15rem]\">\r\n                                    <div class=\"p-container p-mx-auto p-p-5\">\r\n                                        <div class=\"p-flex p-flex-wrap p-justify-between p-my-2\">\r\n                                            <div class=\"p-w-1\/2 p-p-0 p-text-start\">\r\n                                                <p class=\"p-font-bold p-text-sm\">Juan Jose Erro<\/p>\r\n                                            <\/div>\r\n                                            <div class=\"p-w-1\/12 p-p-0 p-self-center\">\r\n                                                <i class=\"icon-google\"><\/i>\r\n                                                <i class=\"icon-google p-relative p-text-2xl\">\r\n                                                <span class=\"path4 p-absolute\"><\/span>\r\n                                                <span class=\"path3 p-absolute\"><\/span>\r\n                                                <span class=\"path2 p-absolute\"><\/span>\r\n                                                <span class=\"path1 p-absolute\"><\/span>\r\n                                            <\/i>\r\n                                            <\/div>\r\n                                        <\/div>\r\n                                        <div class=\"p-flex p-flex-wrap p-justify-content-left p-mb-4\">\r\n                                                                                            <div class=\"p-w-1\/8 p-flex p-self-center\">\r\n                                                    <i class=\"icon-full-star\"><\/i>\r\n                                                <\/div>\r\n                                                                                            <div class=\"p-w-1\/8 p-flex p-self-center\">\r\n                                                    <i class=\"icon-full-star\"><\/i>\r\n                                                <\/div>\r\n                                                                                            <div class=\"p-w-1\/8 p-flex p-self-center\">\r\n                                                    <i class=\"icon-full-star\"><\/i>\r\n                                                <\/div>\r\n                                                                                            <div class=\"p-w-1\/8 p-flex p-self-center\">\r\n                                                    <i class=\"icon-full-star\"><\/i>\r\n                                                <\/div>\r\n                                                                                            <div class=\"p-w-1\/8 p-flex p-self-center\">\r\n                                                    <i class=\"icon-full-star\"><\/i>\r\n                                                <\/div>\r\n                                                                                    <\/div>\r\n                                        <div>\r\n                                            <p class=\"p-text-sm p-self-center p-text-start\">\r\n                                                Abbiamo fatto il Camino con Pilgrim in due sezioni\/anni, 2021 e 2022. L'esperienza dell'anno scorso era gi\u00e0 molto buona e quest'anno, 2022, si sono superati. L'alloggio era molto buono e non ci sono stati problemi con il trasporto dei bagagli. Li raccomandiamo.                                            <\/p>\r\n                                        <\/div>\r\n                                    <\/div>\r\n                                <\/div>\r\n                            <\/div>\r\n                                                    <div class=\"p-mt-12 card-item-opinions card-item-opinions--min\">\r\n                                <div class=\"p-flex p-flex-col p-min-w-0 p-drop-shadow-md p-rounded-3xl p-break-words p-bg-white p-py-2 card-item-container p-min-h-[15rem]\">\r\n                                    <div class=\"p-container p-mx-auto p-p-5\">\r\n                                        <div class=\"p-flex p-flex-wrap p-justify-between p-my-2\">\r\n                                            <div class=\"p-w-1\/2 p-p-0 p-text-start\">\r\n                                                <p class=\"p-font-bold p-text-sm\">F. J. C. Mu\u00f1oz<\/p>\r\n                                            <\/div>\r\n                                            <div class=\"p-w-1\/12 p-p-0 p-self-center\">\r\n                                                <i class=\"icon-google\"><\/i>\r\n                                                <i class=\"icon-google p-relative p-text-2xl\">\r\n                                                <span class=\"path4 p-absolute\"><\/span>\r\n                                                <span class=\"path3 p-absolute\"><\/span>\r\n                                                <span class=\"path2 p-absolute\"><\/span>\r\n                                                <span class=\"path1 p-absolute\"><\/span>\r\n                                            <\/i>\r\n                                            <\/div>\r\n                                        <\/div>\r\n                                        <div class=\"p-flex p-flex-wrap p-justify-content-left p-mb-4\">\r\n                                                                                            <div class=\"p-w-1\/8 p-flex p-self-center\">\r\n                                                    <i class=\"icon-full-star\"><\/i>\r\n                                                <\/div>\r\n                                                                                            <div class=\"p-w-1\/8 p-flex p-self-center\">\r\n                                                    <i class=\"icon-full-star\"><\/i>\r\n                                                <\/div>\r\n                                                                                            <div class=\"p-w-1\/8 p-flex p-self-center\">\r\n                                                    <i class=\"icon-full-star\"><\/i>\r\n                                                <\/div>\r\n                                                                                            <div class=\"p-w-1\/8 p-flex p-self-center\">\r\n                                                    <i class=\"icon-full-star\"><\/i>\r\n                                                <\/div>\r\n                                                                                            <div class=\"p-w-1\/8 p-flex p-self-center\">\r\n                                                    <i class=\"icon-full-star\"><\/i>\r\n                                                <\/div>\r\n                                                                                    <\/div>\r\n                                        <div>\r\n                                            <p class=\"p-text-sm p-self-center p-text-start\">\r\n                                                Grazie a tutto il team Pilgrim per aver reso questo Cammino Francese un'esperienza meravigliosa. In ogni momento sono stati professionali e molto gentili con noi. Sia la sistemazione che il personale e i servizi appaltati hanno soddisfatto le nostre aspettative. Ripeteremo senza esitazione.                                            <\/p>\r\n                                        <\/div>\r\n                                    <\/div>\r\n                                <\/div>\r\n                            <\/div>\r\n                                                    <div class=\"p-mt-12 card-item-opinions card-item-opinions--min\">\r\n                                <div class=\"p-flex p-flex-col p-min-w-0 p-drop-shadow-md p-rounded-3xl p-break-words p-bg-white p-py-2 card-item-container p-min-h-[15rem]\">\r\n                                    <div class=\"p-container p-mx-auto p-p-5\">\r\n                                        <div class=\"p-flex p-flex-wrap p-justify-between p-my-2\">\r\n                                            <div class=\"p-w-1\/2 p-p-0 p-text-start\">\r\n                                                <p class=\"p-font-bold p-text-sm\">Christine Pion<\/p>\r\n                                            <\/div>\r\n                                            <div class=\"p-w-1\/12 p-p-0 p-self-center\">\r\n                                                <i class=\"icon-google\"><\/i>\r\n                                                <i class=\"icon-google p-relative p-text-2xl\">\r\n                                                <span class=\"path4 p-absolute\"><\/span>\r\n                                                <span class=\"path3 p-absolute\"><\/span>\r\n                                                <span class=\"path2 p-absolute\"><\/span>\r\n                                                <span class=\"path1 p-absolute\"><\/span>\r\n                                            <\/i>\r\n                                            <\/div>\r\n                                        <\/div>\r\n                                        <div class=\"p-flex p-flex-wrap p-justify-content-left p-mb-4\">\r\n                                                                                            <div class=\"p-w-1\/8 p-flex p-self-center\">\r\n                                                    <i class=\"icon-full-star\"><\/i>\r\n                                                <\/div>\r\n                                                                                            <div class=\"p-w-1\/8 p-flex p-self-center\">\r\n                                                    <i class=\"icon-full-star\"><\/i>\r\n                                                <\/div>\r\n                                                                                            <div class=\"p-w-1\/8 p-flex p-self-center\">\r\n                                                    <i class=\"icon-full-star\"><\/i>\r\n                                                <\/div>\r\n                                                                                            <div class=\"p-w-1\/8 p-flex p-self-center\">\r\n                                                    <i class=\"icon-full-star\"><\/i>\r\n                                                <\/div>\r\n                                                                                            <div class=\"p-w-1\/8 p-flex p-self-center\">\r\n                                                    <i class=\"icon-full-star\"><\/i>\r\n                                                <\/div>\r\n                                                                                    <\/div>\r\n                                        <div>\r\n                                            <p class=\"p-text-sm p-self-center p-text-start\">\r\n                                                Un'esperienza incredibile... Grazie a Pilgrim per la sua perfetta organizzazione, senza alcun intoppo.                                            <\/p>\r\n                                        <\/div>\r\n                                    <\/div>\r\n                                <\/div>\r\n                            <\/div>\r\n                                                    <div class=\"p-mt-12 card-item-opinions card-item-opinions--min\">\r\n                                <div class=\"p-flex p-flex-col p-min-w-0 p-drop-shadow-md p-rounded-3xl p-break-words p-bg-white p-py-2 card-item-container p-min-h-[15rem]\">\r\n                                    <div class=\"p-container p-mx-auto p-p-5\">\r\n                                        <div class=\"p-flex p-flex-wrap p-justify-between p-my-2\">\r\n                                            <div class=\"p-w-1\/2 p-p-0 p-text-start\">\r\n                                                <p class=\"p-font-bold p-text-sm\">EVA VEDIA GARC\u00cdA<\/p>\r\n                                            <\/div>\r\n                                            <div class=\"p-w-1\/12 p-p-0 p-self-center\">\r\n                                                <i class=\"icon-google\"><\/i>\r\n                                                <i class=\"icon-google p-relative p-text-2xl\">\r\n                                                <span class=\"path4 p-absolute\"><\/span>\r\n                                                <span class=\"path3 p-absolute\"><\/span>\r\n                                                <span class=\"path2 p-absolute\"><\/span>\r\n                                                <span class=\"path1 p-absolute\"><\/span>\r\n                                            <\/i>\r\n                                            <\/div>\r\n                                        <\/div>\r\n                                        <div class=\"p-flex p-flex-wrap p-justify-content-left p-mb-4\">\r\n                                                                                            <div class=\"p-w-1\/8 p-flex p-self-center\">\r\n                                                    <i class=\"icon-full-star\"><\/i>\r\n                                                <\/div>\r\n                                                                                            <div class=\"p-w-1\/8 p-flex p-self-center\">\r\n                                                    <i class=\"icon-full-star\"><\/i>\r\n                                                <\/div>\r\n                                                                                            <div class=\"p-w-1\/8 p-flex p-self-center\">\r\n                                                    <i class=\"icon-full-star\"><\/i>\r\n                                                <\/div>\r\n                                                                                            <div class=\"p-w-1\/8 p-flex p-self-center\">\r\n                                                    <i class=\"icon-full-star\"><\/i>\r\n                                                <\/div>\r\n                                                                                            <div class=\"p-w-1\/8 p-flex p-self-center\">\r\n                                                    <i class=\"icon-full-star\"><\/i>\r\n                                                <\/div>\r\n                                                                                    <\/div>\r\n                                        <div>\r\n                                            <p class=\"p-text-sm p-self-center p-text-start\">\r\n                                                Abbiamo prenotato il nostro viaggio con loro e abbiamo fatto il Cammino di Santiago da Sarria. Hanno gestito tutto per noi e tutto \u00e8 stato perfetto...alberghi di massimo comfort e qualit\u00e0 e molto ben posizionati e trasferimento dei bagagli e delle nostre valigie, alla perfezione. Non li conoscevo come referenza da nessuno, \u00e8 stata una scommessa ed \u00e8 stato un successo da DIECI...GRAZIE!!!                                            <\/p>\r\n                                        <\/div>\r\n                                    <\/div>\r\n                                <\/div>\r\n                            <\/div>\r\n                                            <\/ul>\r\n                    \r\n                \r\n                <div class=\"slider-scrollbar\">\r\n                    <div class=\"scrollbar-track\">\r\n                        <div class=\"scrollbar-thumb\"><\/div>\r\n                    <\/div>\r\n                <\/div>\r\n            <div id=\"indicatorsOpinions\" class=\"slider-indicators\"><\/div>\r\n    <\/div>\r\n<\/div>\r\n   \r\n<script>\/\/ Slider para Opiniones\nconst initSliderOpinions = () => {\n    const imageList = document.querySelector(\".slider-wrapper-op .card-list-op\");\n    const slideButtons = document.querySelectorAll(\n      \".slider-wrapper-op .slide-button-op\"\n    );\n    const sliderScrollbar = document.querySelector(\n      \".container-slider-op .slider-scrollbar-op\"\n    );\n    const indicators = document.querySelectorAll(\n      \".slider-indicators-op .indicator-op\"\n    );\n    if (sliderScrollbar && imageList && slideButtons) {\n      const scrollbarThumb = sliderScrollbar.querySelector(\".scrollbar-thumb\");\n  \n      const maxScrollLeft = imageList.scrollWidth - imageList.clientWidth;\n  \n      scrollbarThumb.addEventListener(\"mousedown\", (e) => {\n        const startX = e.clientX;\n        const thumbPosition = scrollbarThumb.offsetLeft;\n        const maxThumbPosition =\n          sliderScrollbar.getBoundingClientRect().width -\n          scrollbarThumb.offsetWidth;\n  \n        const handleMouseMove = (e) => {\n          const deltaX = e.clientX - startX;\n          const newThumbPosition = thumbPosition + deltaX;\n  \n          const boundedPosition = Math.max(\n            0,\n            Math.min(maxThumbPosition, newThumbPosition)\n          );\n          const scrollPosition =\n            (boundedPosition \/ maxThumbPosition) * maxScrollLeft;\n  \n          scrollbarThumb.style.left = `${boundedPosition}px`;\n          imageList.scrollLeft = scrollPosition;\n        };\n  \n        const handleMouseUp = () => {\n          document.removeEventListener(\"mousemove\", handleMouseMove);\n          document.removeEventListener(\"mouseup\", handleMouseUp);\n        };\n  \n        document.addEventListener(\"mousemove\", handleMouseMove);\n        document.addEventListener(\"mouseup\", handleMouseUp);\n      });\n  \n      slideButtons.forEach((button) => {\n        button.addEventListener(\"click\", () => {\n          const direction = button.id === \"prev-slide-op\" ? -1 : 1;\n          const scrollAmount = imageList.clientWidth * direction;\n          imageList.scrollBy({ left: scrollAmount, behavior: \"smooth\" });\n          updateIndicators();\n        });\n      });\n  \n      const handleSlideButtons = () => {\n        slideButtons[0].style.display =\n          imageList.scrollLeft <= 0 ? \"none\" : \"flex\";\n        slideButtons[1].style.display =\n          imageList.scrollLeft >= maxScrollLeft ? \"none\" : \"flex\";\n      };\n  \n      const updateScrollThumbPosition = () => {\n        const scrollPosition = imageList.scrollLeft;\n        const thumbPosition =\n          (scrollPosition \/ maxScrollLeft) *\n          (sliderScrollbar.clientWidth - scrollbarThumb.offsetWidth);\n        scrollbarThumb.style.left = `${thumbPosition}px`;\n      };\n  \n      const updateIndicators = () => {\n        const currentSlide = Math.round(\n          imageList.scrollLeft \/ imageList.clientWidth\n        );\n        indicators.forEach((indicator, index) => {\n          indicator.classList.toggle(\"active\", index === currentSlide);\n        });\n      };\n  \n      imageList.addEventListener(\"scroll\", () => {\n        updateScrollThumbPosition();\n        handleSlideButtons();\n        updateIndicators();\n      });\n  \n      indicators.forEach((indicator, index) => {\n        indicator.addEventListener(\"click\", () => {\n          const scrollPosition = index * imageList.clientWidth;\n          imageList.scrollTo({ left: scrollPosition, behavior: \"smooth\" });\n        });\n      });\n  \n      updateScrollThumbPosition();\n      handleSlideButtons();\n      updateIndicators();\n    }\n  };\n  \n  window.addEventListener(\"resize\", initSliderOpinions);\n  window.addEventListener(\"load\", initSliderOpinions);\n  <\/script>\n<\/section>\n<div class=\"footer-reserva\"><\/div>\n\n\n\n<p><\/p>\n","protected":false},"excerpt":{"rendered":"<p>In bici Pronto per viaggiare Questo percorso: 4,7 \u2605 (264 recensioni) Cammino Primitivo da Oviedo in bici 313 km 7 tappe 8 notti Tutto ci\u00f2 di cui hai bisogno&#8230; in un unico pacchetto! Percorrerai la distanza che separa Oviedo da Santiago de Compostela, alloggiando nei migliori Hotel, Posadas e Pensioni del Cammino di Santiago, godendoti &hellip; <\/p>\n<p class=\"read_more\"><a href=\"https:\/\/www.pilgrim.es\/it\/esperienze\/cammino-primitivo-da-oviedo-bicicletta\/\">Leer m\u00e1s<\/a><\/p>\n","protected":false},"author":4,"featured_media":17067,"parent":46598,"menu_order":0,"comment_status":"closed","ping_status":"closed","template":"views\/template-new-experience.blade.php","meta":{"footnotes":""},"categories":[],"tags":[],"class_list":["post-46799","page","type-page","status-publish","has-post-thumbnail","hentry"],"yoast_head":"<!-- This site is optimized with the Yoast SEO plugin v27.4 - https:\/\/yoast.com\/product\/yoast-seo-wordpress\/ -->\n<title>Cammino di Santiago da Oviedo in bicicletta - Pilgrim<\/title>\n<meta name=\"description\" content=\"Percorrere la Via Primitiva da Oviedo in bicicletta, soggiornando nei migliori hotel e case rurali. Approfittate di questa esperienza indimenticabile!\" \/>\n<meta name=\"robots\" content=\"index, follow, max-snippet:-1, max-image-preview:large, max-video-preview:-1\" \/>\n<link rel=\"canonical\" href=\"https:\/\/www.pilgrim.es\/it\/esperienze\/cammino-primitivo-da-oviedo-bicicletta\/\" \/>\n<meta property=\"og:locale\" content=\"it_IT\" \/>\n<meta property=\"og:type\" content=\"article\" \/>\n<meta property=\"og:title\" content=\"Cammino di Santiago da Oviedo in bicicletta - Pilgrim\" \/>\n<meta property=\"og:description\" content=\"Percorrere la Via Primitiva da Oviedo in bicicletta, soggiornando nei migliori hotel e case rurali. Approfittate di questa esperienza indimenticabile!\" \/>\n<meta property=\"og:url\" content=\"https:\/\/www.pilgrim.es\/it\/esperienze\/cammino-primitivo-da-oviedo-bicicletta\/\" \/>\n<meta property=\"og:site_name\" content=\"Pilgrim\" \/>\n<meta property=\"article:publisher\" content=\"https:\/\/www.facebook.com\/pilgrim.es\/\" \/>\n<meta property=\"article:modified_time\" content=\"2026-03-18T11:27:07+00:00\" \/>\n<meta property=\"og:image\" content=\"https:\/\/www.pilgrim.es\/wp-content\/uploads\/2019\/04\/c-primitivo-desde-oviedo-bici.jpg\" \/>\n\t<meta property=\"og:image:width\" content=\"804\" \/>\n\t<meta property=\"og:image:height\" content=\"600\" \/>\n\t<meta property=\"og:image:type\" content=\"image\/jpeg\" \/>\n<meta name=\"twitter:card\" content=\"summary_large_image\" \/>\n<meta name=\"twitter:site\" content=\"@pilgrim_es\" \/>\n<meta name=\"twitter:label1\" content=\"Tempo di lettura stimato\" \/>\n\t<meta name=\"twitter:data1\" content=\"10 minuti\" \/>\n<script type=\"application\/ld+json\" class=\"yoast-schema-graph\">{\"@context\":\"https:\\\/\\\/schema.org\",\"@graph\":[{\"@type\":\"WebPage\",\"@id\":\"https:\\\/\\\/www.pilgrim.es\\\/it\\\/esperienze\\\/cammino-primitivo-da-oviedo-bicicletta\\\/\",\"url\":\"https:\\\/\\\/www.pilgrim.es\\\/it\\\/esperienze\\\/cammino-primitivo-da-oviedo-bicicletta\\\/\",\"name\":\"Cammino di Santiago da Oviedo in bicicletta - Pilgrim\",\"isPartOf\":{\"@id\":\"https:\\\/\\\/www.pilgrim.es\\\/it\\\/#website\"},\"primaryImageOfPage\":{\"@id\":\"https:\\\/\\\/www.pilgrim.es\\\/it\\\/esperienze\\\/cammino-primitivo-da-oviedo-bicicletta\\\/#primaryimage\"},\"image\":{\"@id\":\"https:\\\/\\\/www.pilgrim.es\\\/it\\\/esperienze\\\/cammino-primitivo-da-oviedo-bicicletta\\\/#primaryimage\"},\"thumbnailUrl\":\"https:\\\/\\\/www.pilgrim.es\\\/wp-content\\\/uploads\\\/2019\\\/04\\\/c-primitivo-desde-oviedo-bici.jpg\",\"datePublished\":\"2019-09-17T11:35:46+00:00\",\"dateModified\":\"2026-03-18T11:27:07+00:00\",\"description\":\"Percorrere la Via Primitiva da Oviedo in bicicletta, soggiornando nei migliori hotel e case rurali. Approfittate di questa esperienza indimenticabile!\",\"breadcrumb\":{\"@id\":\"https:\\\/\\\/www.pilgrim.es\\\/it\\\/esperienze\\\/cammino-primitivo-da-oviedo-bicicletta\\\/#breadcrumb\"},\"inLanguage\":\"it-IT\",\"potentialAction\":[{\"@type\":\"ReadAction\",\"target\":[\"https:\\\/\\\/www.pilgrim.es\\\/it\\\/esperienze\\\/cammino-primitivo-da-oviedo-bicicletta\\\/\"]}]},{\"@type\":\"ImageObject\",\"inLanguage\":\"it-IT\",\"@id\":\"https:\\\/\\\/www.pilgrim.es\\\/it\\\/esperienze\\\/cammino-primitivo-da-oviedo-bicicletta\\\/#primaryimage\",\"url\":\"https:\\\/\\\/www.pilgrim.es\\\/wp-content\\\/uploads\\\/2019\\\/04\\\/c-primitivo-desde-oviedo-bici.jpg\",\"contentUrl\":\"https:\\\/\\\/www.pilgrim.es\\\/wp-content\\\/uploads\\\/2019\\\/04\\\/c-primitivo-desde-oviedo-bici.jpg\",\"width\":804,\"height\":600,\"caption\":\"Da Oviedo in bicicletta in pensioni e hotel\"},{\"@type\":\"BreadcrumbList\",\"@id\":\"https:\\\/\\\/www.pilgrim.es\\\/it\\\/esperienze\\\/cammino-primitivo-da-oviedo-bicicletta\\\/#breadcrumb\",\"itemListElement\":[{\"@type\":\"ListItem\",\"position\":1,\"name\":\"Camino de Santiago\",\"item\":\"https:\\\/\\\/www.pilgrim.es\\\/it\\\/\"},{\"@type\":\"ListItem\",\"position\":2,\"name\":\"Esperienze\",\"item\":\"https:\\\/\\\/www.pilgrim.es\\\/it\\\/esperienze\\\/\"},{\"@type\":\"ListItem\",\"position\":3,\"name\":\"Cammino di Santiago da Oviedo in bicicletta\"}]},{\"@type\":\"WebSite\",\"@id\":\"https:\\\/\\\/www.pilgrim.es\\\/it\\\/#website\",\"url\":\"https:\\\/\\\/www.pilgrim.es\\\/it\\\/\",\"name\":\"Pilgrim\",\"description\":\"Camino de Santiago | Caminamos Contigo\",\"publisher\":{\"@id\":\"https:\\\/\\\/www.pilgrim.es\\\/it\\\/#organization\"},\"potentialAction\":[{\"@type\":\"SearchAction\",\"target\":{\"@type\":\"EntryPoint\",\"urlTemplate\":\"https:\\\/\\\/www.pilgrim.es\\\/it\\\/?s={search_term_string}\"},\"query-input\":{\"@type\":\"PropertyValueSpecification\",\"valueRequired\":true,\"valueName\":\"search_term_string\"}}],\"inLanguage\":\"it-IT\"},{\"@type\":\"Organization\",\"@id\":\"https:\\\/\\\/www.pilgrim.es\\\/it\\\/#organization\",\"name\":\"Pilgrim Camino de Santiago\",\"url\":\"https:\\\/\\\/www.pilgrim.es\\\/it\\\/\",\"logo\":{\"@type\":\"ImageObject\",\"inLanguage\":\"it-IT\",\"@id\":\"https:\\\/\\\/www.pilgrim.es\\\/it\\\/#\\\/schema\\\/logo\\\/image\\\/\",\"url\":\"https:\\\/\\\/www.pilgrim.es\\\/wp-content\\\/uploads\\\/2019\\\/04\\\/logo_pilgrim.png\",\"contentUrl\":\"https:\\\/\\\/www.pilgrim.es\\\/wp-content\\\/uploads\\\/2019\\\/04\\\/logo_pilgrim.png\",\"width\":512,\"height\":512,\"caption\":\"Pilgrim Camino de Santiago\"},\"image\":{\"@id\":\"https:\\\/\\\/www.pilgrim.es\\\/it\\\/#\\\/schema\\\/logo\\\/image\\\/\"},\"sameAs\":[\"https:\\\/\\\/www.facebook.com\\\/pilgrim.es\\\/\",\"https:\\\/\\\/x.com\\\/pilgrim_es\",\"https:\\\/\\\/www.instagram.com\\\/pilgrim.es\\\/\",\"https:\\\/\\\/www.linkedin.com\\\/company\\\/pilgrim-camino-de-santiago\\\/\",\"https:\\\/\\\/www.pinterest.es\\\/pilgrimcaminodesantiago\\\/\",\"https:\\\/\\\/www.youtube.com\\\/channel\\\/UCIv2ZzFLXVqthkNF32rKedw\\\/featured\"]}]}<\/script>\n<!-- \/ Yoast SEO plugin. -->","yoast_head_json":{"title":"Cammino di Santiago da Oviedo in bicicletta - Pilgrim","description":"Percorrere la Via Primitiva da Oviedo in bicicletta, soggiornando nei migliori hotel e case rurali. Approfittate di questa esperienza indimenticabile!","robots":{"index":"index","follow":"follow","max-snippet":"max-snippet:-1","max-image-preview":"max-image-preview:large","max-video-preview":"max-video-preview:-1"},"canonical":"https:\/\/www.pilgrim.es\/it\/esperienze\/cammino-primitivo-da-oviedo-bicicletta\/","og_locale":"it_IT","og_type":"article","og_title":"Cammino di Santiago da Oviedo in bicicletta - Pilgrim","og_description":"Percorrere la Via Primitiva da Oviedo in bicicletta, soggiornando nei migliori hotel e case rurali. Approfittate di questa esperienza indimenticabile!","og_url":"https:\/\/www.pilgrim.es\/it\/esperienze\/cammino-primitivo-da-oviedo-bicicletta\/","og_site_name":"Pilgrim","article_publisher":"https:\/\/www.facebook.com\/pilgrim.es\/","article_modified_time":"2026-03-18T11:27:07+00:00","og_image":[{"width":804,"height":600,"url":"https:\/\/www.pilgrim.es\/wp-content\/uploads\/2019\/04\/c-primitivo-desde-oviedo-bici.jpg","type":"image\/jpeg"}],"twitter_card":"summary_large_image","twitter_site":"@pilgrim_es","twitter_misc":{"Tempo di lettura stimato":"10 minuti"},"schema":{"@context":"https:\/\/schema.org","@graph":[{"@type":"WebPage","@id":"https:\/\/www.pilgrim.es\/it\/esperienze\/cammino-primitivo-da-oviedo-bicicletta\/","url":"https:\/\/www.pilgrim.es\/it\/esperienze\/cammino-primitivo-da-oviedo-bicicletta\/","name":"Cammino di Santiago da Oviedo in bicicletta - Pilgrim","isPartOf":{"@id":"https:\/\/www.pilgrim.es\/it\/#website"},"primaryImageOfPage":{"@id":"https:\/\/www.pilgrim.es\/it\/esperienze\/cammino-primitivo-da-oviedo-bicicletta\/#primaryimage"},"image":{"@id":"https:\/\/www.pilgrim.es\/it\/esperienze\/cammino-primitivo-da-oviedo-bicicletta\/#primaryimage"},"thumbnailUrl":"https:\/\/www.pilgrim.es\/wp-content\/uploads\/2019\/04\/c-primitivo-desde-oviedo-bici.jpg","datePublished":"2019-09-17T11:35:46+00:00","dateModified":"2026-03-18T11:27:07+00:00","description":"Percorrere la Via Primitiva da Oviedo in bicicletta, soggiornando nei migliori hotel e case rurali. Approfittate di questa esperienza indimenticabile!","breadcrumb":{"@id":"https:\/\/www.pilgrim.es\/it\/esperienze\/cammino-primitivo-da-oviedo-bicicletta\/#breadcrumb"},"inLanguage":"it-IT","potentialAction":[{"@type":"ReadAction","target":["https:\/\/www.pilgrim.es\/it\/esperienze\/cammino-primitivo-da-oviedo-bicicletta\/"]}]},{"@type":"ImageObject","inLanguage":"it-IT","@id":"https:\/\/www.pilgrim.es\/it\/esperienze\/cammino-primitivo-da-oviedo-bicicletta\/#primaryimage","url":"https:\/\/www.pilgrim.es\/wp-content\/uploads\/2019\/04\/c-primitivo-desde-oviedo-bici.jpg","contentUrl":"https:\/\/www.pilgrim.es\/wp-content\/uploads\/2019\/04\/c-primitivo-desde-oviedo-bici.jpg","width":804,"height":600,"caption":"Da Oviedo in bicicletta in pensioni e hotel"},{"@type":"BreadcrumbList","@id":"https:\/\/www.pilgrim.es\/it\/esperienze\/cammino-primitivo-da-oviedo-bicicletta\/#breadcrumb","itemListElement":[{"@type":"ListItem","position":1,"name":"Camino de Santiago","item":"https:\/\/www.pilgrim.es\/it\/"},{"@type":"ListItem","position":2,"name":"Esperienze","item":"https:\/\/www.pilgrim.es\/it\/esperienze\/"},{"@type":"ListItem","position":3,"name":"Cammino di Santiago da Oviedo in bicicletta"}]},{"@type":"WebSite","@id":"https:\/\/www.pilgrim.es\/it\/#website","url":"https:\/\/www.pilgrim.es\/it\/","name":"Pilgrim","description":"Camino de Santiago | Caminamos Contigo","publisher":{"@id":"https:\/\/www.pilgrim.es\/it\/#organization"},"potentialAction":[{"@type":"SearchAction","target":{"@type":"EntryPoint","urlTemplate":"https:\/\/www.pilgrim.es\/it\/?s={search_term_string}"},"query-input":{"@type":"PropertyValueSpecification","valueRequired":true,"valueName":"search_term_string"}}],"inLanguage":"it-IT"},{"@type":"Organization","@id":"https:\/\/www.pilgrim.es\/it\/#organization","name":"Pilgrim Camino de Santiago","url":"https:\/\/www.pilgrim.es\/it\/","logo":{"@type":"ImageObject","inLanguage":"it-IT","@id":"https:\/\/www.pilgrim.es\/it\/#\/schema\/logo\/image\/","url":"https:\/\/www.pilgrim.es\/wp-content\/uploads\/2019\/04\/logo_pilgrim.png","contentUrl":"https:\/\/www.pilgrim.es\/wp-content\/uploads\/2019\/04\/logo_pilgrim.png","width":512,"height":512,"caption":"Pilgrim Camino de Santiago"},"image":{"@id":"https:\/\/www.pilgrim.es\/it\/#\/schema\/logo\/image\/"},"sameAs":["https:\/\/www.facebook.com\/pilgrim.es\/","https:\/\/x.com\/pilgrim_es","https:\/\/www.instagram.com\/pilgrim.es\/","https:\/\/www.linkedin.com\/company\/pilgrim-camino-de-santiago\/","https:\/\/www.pinterest.es\/pilgrimcaminodesantiago\/","https:\/\/www.youtube.com\/channel\/UCIv2ZzFLXVqthkNF32rKedw\/featured"]}]}},"_links":{"self":[{"href":"https:\/\/www.pilgrim.es\/it\/wp-json\/wp\/v2\/pages\/46799","targetHints":{"allow":["GET"]}}],"collection":[{"href":"https:\/\/www.pilgrim.es\/it\/wp-json\/wp\/v2\/pages"}],"about":[{"href":"https:\/\/www.pilgrim.es\/it\/wp-json\/wp\/v2\/types\/page"}],"author":[{"embeddable":true,"href":"https:\/\/www.pilgrim.es\/it\/wp-json\/wp\/v2\/users\/4"}],"replies":[{"embeddable":true,"href":"https:\/\/www.pilgrim.es\/it\/wp-json\/wp\/v2\/comments?post=46799"}],"version-history":[{"count":22,"href":"https:\/\/www.pilgrim.es\/it\/wp-json\/wp\/v2\/pages\/46799\/revisions"}],"predecessor-version":[{"id":140358,"href":"https:\/\/www.pilgrim.es\/it\/wp-json\/wp\/v2\/pages\/46799\/revisions\/140358"}],"up":[{"embeddable":true,"href":"https:\/\/www.pilgrim.es\/it\/wp-json\/wp\/v2\/pages\/46598"}],"wp:featuredmedia":[{"embeddable":true,"href":"https:\/\/www.pilgrim.es\/it\/wp-json\/wp\/v2\/media\/17067"}],"wp:attachment":[{"href":"https:\/\/www.pilgrim.es\/it\/wp-json\/wp\/v2\/media?parent=46799"}],"wp:term":[{"taxonomy":"category","embeddable":true,"href":"https:\/\/www.pilgrim.es\/it\/wp-json\/wp\/v2\/categories?post=46799"},{"taxonomy":"post_tag","embeddable":true,"href":"https:\/\/www.pilgrim.es\/it\/wp-json\/wp\/v2\/tags?post=46799"}],"curies":[{"name":"wp","href":"https:\/\/api.w.org\/{rel}","templated":true}]}}