{"id":46671,"date":"2019-09-13T08:50:35","date_gmt":"2019-09-13T08:50:35","guid":{"rendered":"https:\/\/prod.pilgrim.es\/pianificare\/storia-del-cammino-di-santiago\/"},"modified":"2025-08-19T07:30:55","modified_gmt":"2025-08-19T07:30:55","slug":"storia-del-cammino-di-santiago","status":"publish","type":"page","link":"https:\/\/www.pilgrim.es\/it\/pianificare\/storia-del-cammino-di-santiago\/","title":{"rendered":"Storia del Cammino di Santiago"},"content":{"rendered":"\n<div id=\"planifyPage\">\n\t<section>\n\t\t<h1>Storia del Cammino di Santiago<\/h1>\n\t<\/section>\n\t<section class=\"navigation\">\n\t\t<article>\n\t\t\t<i class=\"icon-shell\"><\/i>\n\t\t\t<ul>\n\t\t\t\t<li class=\"nav-pill--active\">\n\t\t\t\t\t<a href=\"https:\/\/www.pilgrim.es\/it\/pianificare\/storia-del-cammino-di-santiago\/\">La storia\n\t\t\t\t\t<\/a>\n\t\t\t\t<\/li>\n\t\t\t\t<li>\n\t\t\t\t\t<a href=\"https:\/\/www.pilgrim.es\/it\/pianificare\/il-codice-calixtino\/\">Il C\u00f3dice Calixtino<\/a>\n\t\t\t\t<\/li>\n\t\t\t\t<li>\n\t\t\t\t\t<a href=\"https:\/\/www.pilgrim.es\/it\/pianificare\/giacomo-apostolo\/\">Giacomo Apostolo<\/a>\n\t\t\t\t<\/li>\n\t\t\t<\/ul>\n\t\t<\/article>\n\t\t<article>\n\t\t\t<i class=\"icon-cathedral\"><\/i>\n\t\t\t<ul>\n\t\t\t\t<li>\n\t\t\t\t\t<a href=\"https:\/\/www.pilgrim.es\/it\/pianificare\/la-cattedrale-di-santiago\/\">La Cattedrale di\n\t\t\t\t\t\tSantiago<\/a>\n\t\t\t\t<\/li>\n\t\t\t\t<li>\n\t\t\t\t\t<a href=\"https:\/\/www.pilgrim.es\/it\/pianificare\/il-botafumeiro\/\">Botafumeiro<\/a>\n\t\t\t\t<\/li>\n\t\t\t\t<li>\n\t\t\t\t\t<a href=\"https:\/\/www.pilgrim.es\/it\/pianificare\/anno-giubilare\/\">Anno giubilare<\/a>\n\t\t\t\t<\/li>\n\t\t\t<\/ul>\n\t\t<\/article>\n\t\t<article>\n\t\t\t<i class=\"icon-compostela\"><\/i>\n\t\t\t<ul>\n\t\t\t\t<li>\n\t\t\t\t\t<a href=\"https:\/\/www.pilgrim.es\/it\/pianificare\/la-credenziale-del-pellegrino\/\">La Credenziale<\/a>\n\t\t\t\t<\/li>\n\t\t\t\t<li>\n\t\t\t\t\t<a href=\"https:\/\/www.pilgrim.es\/it\/pianificare\/la-compostela\/\">La Compostela<\/a>\n\t\t\t\t<\/li>\n\t\t\t\t<li>\n\t\t\t\t\t<a href=\"https:\/\/www.pilgrim.es\/it\/pianificare\/il-bastone-e-zucca\/\">Il Bastone e la Zucca<\/a>\n\t\t\t\t<\/li>\n\t\t\t\t<li>\n\t\t\t\t\t<a href=\"https:\/\/www.pilgrim.es\/it\/pianificare\/segnaletica-del-cammino-di-santiago\/\">Segnaletica del\n\t\t\t\t\t\tCammino di Santiago<\/a>\n\t\t\t\t<\/li>\n\t\t\t<\/ul>\n\t\t<\/article>\n\t<\/section>\n\t<div class=\"planify-content\">\n\t\t<section class=\"planify-content__hero\">\n\t\t\t<img decoding=\"async\" src=\"https:\/\/cdn.pilgrim.es\/web\/planificar\/historia-del-camino.webp\" alt=\"Storia del Cammino di Santiago\" \/>\n\t\t\t<div class=\"planner\"><div\r\n  class=\"p-col-span-1 p-rounded-lg p-px-5 p-h-full\"\r\n  style=\"background-image: url('https:\/\/cdn.pilgrim.es\/web\/pilgrim-planner\/bg-plugin-planificador.webp')\"\r\n  rel=\"preload\"\r\n  fetchpriority=\"high\"\r\n  >\r\n    <div class=\"p-text-center p-pt-5 p-text-white p-text-2xl p-font-semibold\">\r\n      Pianifica il tuo cammino    <\/div>\r\n    <div\r\n            id='primary-app'\r\n            data-name='banner'\r\n            data-api='https:\/\/pathfinder.pilgrim.es\/api\/pathfinder\/v2'\r\n            data-mode='normal'\r\n            data-lang='it'\r\n            data-route='1'\r\n            data-destiny='https:\/\/planificador.pilgrim.es'\r\n            data-modality='1'\r\n            data-inline=''\r\n        ><\/div><\/div><\/div>\n\t\t<\/section>\n\n\t\t<section class=\"planify-content__content\">\n\t\t\t<section>\n\t\t\t\t<h3>Indice<\/h3>\n\t\t\t\t<ul>\n\t\t\t\t\t<li><a href=\"#beginnings\">Inizi<\/a><\/li>\n\t\t\t\t\t<li>\n\t\t\t\t\t\t<a href=\"#firstPilgrim\">Primi Pellegrini<\/a>\n\t\t\t\t\t<\/li>\n\t\t\t\t\t<li><a href=\"#decadence\">Decadenza<\/a><\/li>\n\t\t\t\t\t<li><a href=\"#rise\">Auge<\/a><\/li>\n\t\t\t\t<\/ul>\n\t\t\t<\/section>\n\t\t\t\n\t\t\t<section>\n\t\t\t\t<p>\n\t\t\t\t\tCome si suol dire, <i>tutte le strade portano a Roma<\/i>. Questo detto\n\t\t\t\t\tpotrebbe essere applicato anche alla citt\u00e0 di Santiago, data\n\t\t\t\t\tl\u2019esistenza di numerosi itinerari che terminano nella capitale\n\t\t\t\t\tgaliziana.\n\t\t\t\t<\/p>\n\t\t\t\t<p>\n\t\t\t\t\tDopo la scoperta delle spoglie\n\t\t\t\t\t<a href=\"https:\/\/www.pilgrim.es\/it\/pianificare\/giacomo-apostolo\/\">dell\u2019Apostolo<\/a>, milioni di\n\t\t\t\t\tpellegrini hanno solcato gli stessi sentieri e scalato\n\t\t\t\t\tle stesse montagne con il medesimo obiettivo: raggiungere\n\t\t\t\t\t<a href=\"https:\/\/www.pilgrim.es\/it\/pianificare\/la-cattedrale-di-santiago\/\">la Cattedrale di\n\t\t\t\t\t\tSantiago<\/a>.\n\t\t\t\t<\/p>\n\t\t\t<\/section>\n\n\t\t\t<section id=\"beginnings\">\n\t\t\t\t<h2>Gli inizi del Cammino di Santiago<\/h2>\n\t\t\t\t<p>\n\t\t\t\t\tNel IX secolo, nel bel mezzo del conflitto contro i musulmani,\n\t\t\t\t\t<strong>il re Alfonso II volle la costruzione di un sepolcro<\/strong>\n\t\t\t\t\tnel luogo in cui furono scoperte le spoglie dell\u2019Apostolo,\n\t\t\t\t\tcontribuendo cos\u00ec all\u2019inizio dei pellegrinaggi. Un altro personaggio\n\t\t\t\t\tstorico che favor\u00ec l\u2019ascesa di questa tradizione fu<strong>il conquistatore Carlo Magno, che si\n\t\t\t\t\t\tassicur\u00f2 che tutte le vie\n\t\t\t\t\t\tfossero sicure<\/strong>\n\t\t\t\t\te dedic\u00f2 parte della sua vita alla lotta contro gli eserciti\n\t\t\t\t\tmusulmani.\n\t\t\t\t<\/p>\n\t\t\t\t<p>\n\t\t\t\t\tUn secolo dopo, si diffuse in quasi tutta Europa la notizia che la tomba dell\u2019Apostolo si trovasse\n\t\t\t\t\tin Galizia, <strong>attirando migliaia di pellegrini<\/strong> da ogni parte del continente.\n\t\t\t\t\tApprofittando delle antiche strade romane e delle vie commerciali, a partire da questo secolo in\n\t\t\t\t\tpoi, il numero dei pellegrinaggi aument\u00f2 notevolmente, grazie al contributo della nobilt\u00e0 e del\n\t\t\t\t\tclero e alla costruzione di ponti, ospedali e ostelli.\n\t\t\t\t<\/p>\n\t\t\t\t<img decoding=\"async\" src=\"https:\/\/cdn.pilgrim.es\/web\/planificar\/barca-apostol.webp\" alt=\"La barca dell'apostolo Santiago\" \/>\n\t\t\t<\/section>\n\n\t\t\t<section id=\"firstPilgrim\">\n\t\t\t\t<h2>I primi pellegrini<\/h2>\n\t\t\t\t<p>\n\t\t\t\t\tPossiamo affermare che <strong>Alfonso II, re delle Asturie fino all\u2019842, fu il primo\n\t\t\t\t\t\tpellegrino<\/strong> in quanto tale, poich\u00e9 part\u00ec da Oviedo per verificare la veridicit\u00e0 del\n\t\t\t\t\tritrovamento dell\u2019Apostolo. Nacque cos\u00ec la prima rotta ufficiale giacobea, nota come <a href=\"https:\/\/www.pilgrim.es\/it\/cammino-primitivo\/\">Cammino Primitivo<\/a>.\n\t\t\t\t<\/p>\n\t\t\t\t<p>\n\t\t\t\t\tUn altro pellegrino particolarmente famoso fu <strong>Aymeric Picaud, al quale \u00e8 stato attribuito\n\t\t\t\t\t\til<\/strong> <a href=\"https:\/\/www.pilgrim.es\/it\/pianificare\/il-codice-calixtino\/\">Codice\n\t\t\t\t\t\tCalixtinus<\/a>; nello specifico, si ritiene che egli sia l\u2019autore della quinta parte conosciuta\n\t\t\t\t\tcome \u201cGuida del pellegrino\u201d. Quest\u2019ultimo, a differenza del re asturiano, decise di seguire\n\t\t\t\t\tl\u2019itinerario conosciuto come <a href=\"https:\/\/www.pilgrim.es\/it\/cammino-francese\/\">Cammino\n\t\t\t\t\t\tFrancese<\/a>, inserendo nei suoi scritti informazioni utili su alloggi, templi, gastronomia,\n\t\t\t\t\tcultura, usi e costumi locali, ecc.\n\t\t\t\t<\/p>\n\t\t\t\t<p>\n\t\t\t\t\tGi\u00e0 nel XII secolo, questa tradizione si diffuse tra <strong>altre personalit\u00e0 influenti come\n\t\t\t\t\t\tAlfonso VII, Luigi VII e Filippo II<\/strong>, re di Spagna. In quell\u2019epoca, era comune ricordare\n\t\t\t\t\til loro passaggio attraverso la costruzione di monumenti o semplicemente collocando una targa\n\t\t\t\t\tcommemorativa, specialmente negli alloggi in cui avevano passato la notte.\n\t\t\t\t<\/p>\n\t\t\t\t<img decoding=\"async\" src=\"https:\/\/cdn.pilgrim.es\/web\/planificar\/estatua-peregrinos.webp\" alt=\"statua primi pellegrini\" \/>\n\t\t\t<\/section>\n\n\t\t\t<section id=\"decadence\">\n\t\t\t\t<h2>Decadenza del Cammino<\/h2>\n\t\t\t\t<p>\n\t\t\t\t\tNonostante l\u2019importanza acquisita dalla via giacobea, il numero di pellegrini inizi\u00f2 a diminuire nel\n\t\t\t\t\tXIV secolo. Ci\u00f2 deriv\u00f2 principalmente dalla situazione politica ed economica di questi tempi\n\t\t\t\t\tturbolenti. A causa della Riconquista e della crisi della Chiesa cattolica, <strong>gli sforzi\n\t\t\t\t\t\teconomici e politici della monarchia e del clero<\/strong> si concentrarono sulla rioccupazione\n\t\t\t\t\tdei regni perduti della Spagna meridionale.\n\t\t\t\t<\/p>\n\t\t\t\t<p>\n\t\t\t\t\tNel secolo successivo, le guerre, le carestie, la crisi del protestantesimo e la peste non\n\t\t\t\t\tcontribuirono a riaccrescere il prestigio del <strong>Cammino di Santiago<\/strong>.\n\t\t\t\t<\/p>\n\t\t\t\t<p>\n\t\t\t\t\tSolo nel XVII secolo riprese il transito dei fedeli a Compostela; tuttavia il XIX secolo e le nuove\n\t\t\t\t\tscoperte scientifiche ebbero effetti nefasti su questa tradizione medievale.\n\t\t\t\t<\/p>\n\t\t\t<\/section>\n\n\t\t\t<section id=\"rise\">\n\t\t\t\t<h2>Auge<\/h2>\n\t\t\t\t<p>\n\t\t\t\t\t<strong>Dopo la dichiarazione di Papa Leone XIII che nel 1884<\/strong> afferm\u00f2 che i resti ritrovati\n\t\t\t\t\terano realmente quelli dell\u2019Apostolo e in seguito alla designazione della via giacobea come\n\t\t\t\t\t<strong>Patrimonio dell\u2019Umanit\u00e0<\/strong>, questo percorso millenario riacquist\u00f2 l\u2019antico splendore.\n\t\t\t\t<\/p>\n\t\t\t\t<p>\n\t\t\t\t\tAttualmente, Il Cammino vive <strong>uno dei suoi momenti migliori<\/strong>: pi\u00f9 di 270.000 persone\n\t\t\t\t\tnel 2015 camminarono verso la tomba dell\u2019Apostolo e pi\u00f9 di 300.000 nel 2018.\n\t\t\t\t<\/p>\n\t\t\t\t<p>\n\t\t\t\t\tPer quanto riguarda la nazionalit\u00e0, i pellegrini provengono da ogni parte del mondo, sia da Paesi\n\t\t\t\t\tEuropei come l\u2019Italia e la Germania, sia da Stati Uniti e Giappone.\n\t\t\t\t<\/p>\n\t\t\t<\/section>\n\t\t<\/section>\n\t<\/div>\n<\/div>\n","protected":false},"excerpt":{"rendered":"<p>Storia del Cammino di Santiago La storia Il C\u00f3dice Calixtino Giacomo Apostolo La Cattedrale di Santiago Botafumeiro Anno giubilare La Credenziale La Compostela Il Bastone e la Zucca Segnaletica del Cammino di Santiago Indice Inizi Primi Pellegrini Decadenza Auge Come si suol dire, tutte le strade portano a Roma. Questo detto potrebbe essere applicato anche &hellip; <\/p>\n<p class=\"read_more\"><a href=\"https:\/\/www.pilgrim.es\/it\/pianificare\/storia-del-cammino-di-santiago\/\">Leer m\u00e1s<\/a><\/p>\n","protected":false},"author":4,"featured_media":13788,"parent":46449,"menu_order":0,"comment_status":"closed","ping_status":"closed","template":"views\/template-new-web-design.blade.php","meta":{"footnotes":""},"categories":[],"tags":[],"class_list":["post-46671","page","type-page","status-publish","has-post-thumbnail","hentry"],"yoast_head":"<!-- This site is optimized with the Yoast SEO plugin v27.4 - https:\/\/yoast.com\/product\/yoast-seo-wordpress\/ -->\n<title>\u25b7 Storia del Cammino di Santiago | Origine ed evoluzione | Pilgrim<\/title>\n<meta name=\"description\" content=\"Trova tutte le informazioni complete sulla storia del Cammino di Santiago e sugli eventi che hanno segnato l&#039;inizio dei pellegrinaggi.\" \/>\n<meta name=\"robots\" content=\"index, follow, max-snippet:-1, max-image-preview:large, max-video-preview:-1\" \/>\n<link rel=\"canonical\" href=\"https:\/\/www.pilgrim.es\/it\/pianificare\/storia-del-cammino-di-santiago\/\" \/>\n<meta property=\"og:locale\" content=\"it_IT\" \/>\n<meta property=\"og:type\" content=\"article\" \/>\n<meta property=\"og:title\" content=\"\u25b7 Storia del Cammino di Santiago | Origine ed evoluzione | Pilgrim\" \/>\n<meta property=\"og:description\" content=\"Trova tutte le informazioni complete sulla storia del Cammino di Santiago e sugli eventi che hanno segnato l&#039;inizio dei pellegrinaggi.\" \/>\n<meta property=\"og:url\" content=\"https:\/\/www.pilgrim.es\/it\/pianificare\/storia-del-cammino-di-santiago\/\" \/>\n<meta property=\"og:site_name\" content=\"Pilgrim\" \/>\n<meta property=\"article:publisher\" content=\"https:\/\/www.facebook.com\/pilgrim.es\/\" \/>\n<meta property=\"article:modified_time\" content=\"2025-08-19T07:30:55+00:00\" \/>\n<meta property=\"og:image\" content=\"https:\/\/www.pilgrim.es\/wp-content\/uploads\/2019\/03\/049A-Alto-de-San-Roque.jpg\" \/>\n\t<meta property=\"og:image:width\" content=\"1200\" \/>\n\t<meta property=\"og:image:height\" content=\"848\" \/>\n\t<meta property=\"og:image:type\" content=\"image\/jpeg\" \/>\n<meta name=\"twitter:card\" content=\"summary_large_image\" \/>\n<meta name=\"twitter:site\" content=\"@pilgrim_es\" \/>\n<meta name=\"twitter:label1\" content=\"Tempo di lettura stimato\" \/>\n\t<meta name=\"twitter:data1\" content=\"4 minuti\" \/>\n<script type=\"application\/ld+json\" class=\"yoast-schema-graph\">{\"@context\":\"https:\\\/\\\/schema.org\",\"@graph\":[{\"@type\":\"WebPage\",\"@id\":\"https:\\\/\\\/www.pilgrim.es\\\/it\\\/pianificare\\\/storia-del-cammino-di-santiago\\\/\",\"url\":\"https:\\\/\\\/www.pilgrim.es\\\/it\\\/pianificare\\\/storia-del-cammino-di-santiago\\\/\",\"name\":\"\u25b7 Storia del Cammino di Santiago | Origine ed evoluzione | Pilgrim\",\"isPartOf\":{\"@id\":\"https:\\\/\\\/www.pilgrim.es\\\/it\\\/#website\"},\"primaryImageOfPage\":{\"@id\":\"https:\\\/\\\/www.pilgrim.es\\\/it\\\/pianificare\\\/storia-del-cammino-di-santiago\\\/#primaryimage\"},\"image\":{\"@id\":\"https:\\\/\\\/www.pilgrim.es\\\/it\\\/pianificare\\\/storia-del-cammino-di-santiago\\\/#primaryimage\"},\"thumbnailUrl\":\"https:\\\/\\\/www.pilgrim.es\\\/wp-content\\\/uploads\\\/2019\\\/03\\\/049A-Alto-de-San-Roque.jpg\",\"datePublished\":\"2019-09-13T08:50:35+00:00\",\"dateModified\":\"2025-08-19T07:30:55+00:00\",\"description\":\"Trova tutte le informazioni complete sulla storia del Cammino di Santiago e sugli eventi che hanno segnato l'inizio dei pellegrinaggi.\",\"breadcrumb\":{\"@id\":\"https:\\\/\\\/www.pilgrim.es\\\/it\\\/pianificare\\\/storia-del-cammino-di-santiago\\\/#breadcrumb\"},\"inLanguage\":\"it-IT\",\"potentialAction\":[{\"@type\":\"ReadAction\",\"target\":[\"https:\\\/\\\/www.pilgrim.es\\\/it\\\/pianificare\\\/storia-del-cammino-di-santiago\\\/\"]}]},{\"@type\":\"ImageObject\",\"inLanguage\":\"it-IT\",\"@id\":\"https:\\\/\\\/www.pilgrim.es\\\/it\\\/pianificare\\\/storia-del-cammino-di-santiago\\\/#primaryimage\",\"url\":\"https:\\\/\\\/www.pilgrim.es\\\/wp-content\\\/uploads\\\/2019\\\/03\\\/049A-Alto-de-San-Roque.jpg\",\"contentUrl\":\"https:\\\/\\\/www.pilgrim.es\\\/wp-content\\\/uploads\\\/2019\\\/03\\\/049A-Alto-de-San-Roque.jpg\",\"width\":1200,\"height\":848,\"caption\":\"Storia del Cammino di Santiago\"},{\"@type\":\"BreadcrumbList\",\"@id\":\"https:\\\/\\\/www.pilgrim.es\\\/it\\\/pianificare\\\/storia-del-cammino-di-santiago\\\/#breadcrumb\",\"itemListElement\":[{\"@type\":\"ListItem\",\"position\":1,\"name\":\"Camino de Santiago\",\"item\":\"https:\\\/\\\/www.pilgrim.es\\\/it\\\/\"},{\"@type\":\"ListItem\",\"position\":2,\"name\":\"Pianificare\",\"item\":\"https:\\\/\\\/www.pilgrim.es\\\/it\\\/pianificare\\\/\"},{\"@type\":\"ListItem\",\"position\":3,\"name\":\"Storia del Cammino di Santiago\"}]},{\"@type\":\"WebSite\",\"@id\":\"https:\\\/\\\/www.pilgrim.es\\\/it\\\/#website\",\"url\":\"https:\\\/\\\/www.pilgrim.es\\\/it\\\/\",\"name\":\"Pilgrim\",\"description\":\"Camino de Santiago | Caminamos Contigo\",\"publisher\":{\"@id\":\"https:\\\/\\\/www.pilgrim.es\\\/it\\\/#organization\"},\"potentialAction\":[{\"@type\":\"SearchAction\",\"target\":{\"@type\":\"EntryPoint\",\"urlTemplate\":\"https:\\\/\\\/www.pilgrim.es\\\/it\\\/?s={search_term_string}\"},\"query-input\":{\"@type\":\"PropertyValueSpecification\",\"valueRequired\":true,\"valueName\":\"search_term_string\"}}],\"inLanguage\":\"it-IT\"},{\"@type\":\"Organization\",\"@id\":\"https:\\\/\\\/www.pilgrim.es\\\/it\\\/#organization\",\"name\":\"Pilgrim Camino de Santiago\",\"url\":\"https:\\\/\\\/www.pilgrim.es\\\/it\\\/\",\"logo\":{\"@type\":\"ImageObject\",\"inLanguage\":\"it-IT\",\"@id\":\"https:\\\/\\\/www.pilgrim.es\\\/it\\\/#\\\/schema\\\/logo\\\/image\\\/\",\"url\":\"https:\\\/\\\/www.pilgrim.es\\\/wp-content\\\/uploads\\\/2019\\\/04\\\/logo_pilgrim.png\",\"contentUrl\":\"https:\\\/\\\/www.pilgrim.es\\\/wp-content\\\/uploads\\\/2019\\\/04\\\/logo_pilgrim.png\",\"width\":512,\"height\":512,\"caption\":\"Pilgrim Camino de Santiago\"},\"image\":{\"@id\":\"https:\\\/\\\/www.pilgrim.es\\\/it\\\/#\\\/schema\\\/logo\\\/image\\\/\"},\"sameAs\":[\"https:\\\/\\\/www.facebook.com\\\/pilgrim.es\\\/\",\"https:\\\/\\\/x.com\\\/pilgrim_es\",\"https:\\\/\\\/www.instagram.com\\\/pilgrim.es\\\/\",\"https:\\\/\\\/www.linkedin.com\\\/company\\\/pilgrim-camino-de-santiago\\\/\",\"https:\\\/\\\/www.pinterest.es\\\/pilgrimcaminodesantiago\\\/\",\"https:\\\/\\\/www.youtube.com\\\/channel\\\/UCIv2ZzFLXVqthkNF32rKedw\\\/featured\"]}]}<\/script>\n<!-- \/ Yoast SEO plugin. -->","yoast_head_json":{"title":"\u25b7 Storia del Cammino di Santiago | Origine ed evoluzione | Pilgrim","description":"Trova tutte le informazioni complete sulla storia del Cammino di Santiago e sugli eventi che hanno segnato l'inizio dei pellegrinaggi.","robots":{"index":"index","follow":"follow","max-snippet":"max-snippet:-1","max-image-preview":"max-image-preview:large","max-video-preview":"max-video-preview:-1"},"canonical":"https:\/\/www.pilgrim.es\/it\/pianificare\/storia-del-cammino-di-santiago\/","og_locale":"it_IT","og_type":"article","og_title":"\u25b7 Storia del Cammino di Santiago | Origine ed evoluzione | Pilgrim","og_description":"Trova tutte le informazioni complete sulla storia del Cammino di Santiago e sugli eventi che hanno segnato l'inizio dei pellegrinaggi.","og_url":"https:\/\/www.pilgrim.es\/it\/pianificare\/storia-del-cammino-di-santiago\/","og_site_name":"Pilgrim","article_publisher":"https:\/\/www.facebook.com\/pilgrim.es\/","article_modified_time":"2025-08-19T07:30:55+00:00","og_image":[{"width":1200,"height":848,"url":"https:\/\/www.pilgrim.es\/wp-content\/uploads\/2019\/03\/049A-Alto-de-San-Roque.jpg","type":"image\/jpeg"}],"twitter_card":"summary_large_image","twitter_site":"@pilgrim_es","twitter_misc":{"Tempo di lettura stimato":"4 minuti"},"schema":{"@context":"https:\/\/schema.org","@graph":[{"@type":"WebPage","@id":"https:\/\/www.pilgrim.es\/it\/pianificare\/storia-del-cammino-di-santiago\/","url":"https:\/\/www.pilgrim.es\/it\/pianificare\/storia-del-cammino-di-santiago\/","name":"\u25b7 Storia del Cammino di Santiago | Origine ed evoluzione | Pilgrim","isPartOf":{"@id":"https:\/\/www.pilgrim.es\/it\/#website"},"primaryImageOfPage":{"@id":"https:\/\/www.pilgrim.es\/it\/pianificare\/storia-del-cammino-di-santiago\/#primaryimage"},"image":{"@id":"https:\/\/www.pilgrim.es\/it\/pianificare\/storia-del-cammino-di-santiago\/#primaryimage"},"thumbnailUrl":"https:\/\/www.pilgrim.es\/wp-content\/uploads\/2019\/03\/049A-Alto-de-San-Roque.jpg","datePublished":"2019-09-13T08:50:35+00:00","dateModified":"2025-08-19T07:30:55+00:00","description":"Trova tutte le informazioni complete sulla storia del Cammino di Santiago e sugli eventi che hanno segnato l'inizio dei pellegrinaggi.","breadcrumb":{"@id":"https:\/\/www.pilgrim.es\/it\/pianificare\/storia-del-cammino-di-santiago\/#breadcrumb"},"inLanguage":"it-IT","potentialAction":[{"@type":"ReadAction","target":["https:\/\/www.pilgrim.es\/it\/pianificare\/storia-del-cammino-di-santiago\/"]}]},{"@type":"ImageObject","inLanguage":"it-IT","@id":"https:\/\/www.pilgrim.es\/it\/pianificare\/storia-del-cammino-di-santiago\/#primaryimage","url":"https:\/\/www.pilgrim.es\/wp-content\/uploads\/2019\/03\/049A-Alto-de-San-Roque.jpg","contentUrl":"https:\/\/www.pilgrim.es\/wp-content\/uploads\/2019\/03\/049A-Alto-de-San-Roque.jpg","width":1200,"height":848,"caption":"Storia del Cammino di Santiago"},{"@type":"BreadcrumbList","@id":"https:\/\/www.pilgrim.es\/it\/pianificare\/storia-del-cammino-di-santiago\/#breadcrumb","itemListElement":[{"@type":"ListItem","position":1,"name":"Camino de Santiago","item":"https:\/\/www.pilgrim.es\/it\/"},{"@type":"ListItem","position":2,"name":"Pianificare","item":"https:\/\/www.pilgrim.es\/it\/pianificare\/"},{"@type":"ListItem","position":3,"name":"Storia del Cammino di Santiago"}]},{"@type":"WebSite","@id":"https:\/\/www.pilgrim.es\/it\/#website","url":"https:\/\/www.pilgrim.es\/it\/","name":"Pilgrim","description":"Camino de Santiago | Caminamos Contigo","publisher":{"@id":"https:\/\/www.pilgrim.es\/it\/#organization"},"potentialAction":[{"@type":"SearchAction","target":{"@type":"EntryPoint","urlTemplate":"https:\/\/www.pilgrim.es\/it\/?s={search_term_string}"},"query-input":{"@type":"PropertyValueSpecification","valueRequired":true,"valueName":"search_term_string"}}],"inLanguage":"it-IT"},{"@type":"Organization","@id":"https:\/\/www.pilgrim.es\/it\/#organization","name":"Pilgrim Camino de Santiago","url":"https:\/\/www.pilgrim.es\/it\/","logo":{"@type":"ImageObject","inLanguage":"it-IT","@id":"https:\/\/www.pilgrim.es\/it\/#\/schema\/logo\/image\/","url":"https:\/\/www.pilgrim.es\/wp-content\/uploads\/2019\/04\/logo_pilgrim.png","contentUrl":"https:\/\/www.pilgrim.es\/wp-content\/uploads\/2019\/04\/logo_pilgrim.png","width":512,"height":512,"caption":"Pilgrim Camino de Santiago"},"image":{"@id":"https:\/\/www.pilgrim.es\/it\/#\/schema\/logo\/image\/"},"sameAs":["https:\/\/www.facebook.com\/pilgrim.es\/","https:\/\/x.com\/pilgrim_es","https:\/\/www.instagram.com\/pilgrim.es\/","https:\/\/www.linkedin.com\/company\/pilgrim-camino-de-santiago\/","https:\/\/www.pinterest.es\/pilgrimcaminodesantiago\/","https:\/\/www.youtube.com\/channel\/UCIv2ZzFLXVqthkNF32rKedw\/featured"]}]}},"_links":{"self":[{"href":"https:\/\/www.pilgrim.es\/it\/wp-json\/wp\/v2\/pages\/46671","targetHints":{"allow":["GET"]}}],"collection":[{"href":"https:\/\/www.pilgrim.es\/it\/wp-json\/wp\/v2\/pages"}],"about":[{"href":"https:\/\/www.pilgrim.es\/it\/wp-json\/wp\/v2\/types\/page"}],"author":[{"embeddable":true,"href":"https:\/\/www.pilgrim.es\/it\/wp-json\/wp\/v2\/users\/4"}],"replies":[{"embeddable":true,"href":"https:\/\/www.pilgrim.es\/it\/wp-json\/wp\/v2\/comments?post=46671"}],"version-history":[{"count":10,"href":"https:\/\/www.pilgrim.es\/it\/wp-json\/wp\/v2\/pages\/46671\/revisions"}],"predecessor-version":[{"id":135141,"href":"https:\/\/www.pilgrim.es\/it\/wp-json\/wp\/v2\/pages\/46671\/revisions\/135141"}],"up":[{"embeddable":true,"href":"https:\/\/www.pilgrim.es\/it\/wp-json\/wp\/v2\/pages\/46449"}],"wp:featuredmedia":[{"embeddable":true,"href":"https:\/\/www.pilgrim.es\/it\/wp-json\/wp\/v2\/media\/13788"}],"wp:attachment":[{"href":"https:\/\/www.pilgrim.es\/it\/wp-json\/wp\/v2\/media?parent=46671"}],"wp:term":[{"taxonomy":"category","embeddable":true,"href":"https:\/\/www.pilgrim.es\/it\/wp-json\/wp\/v2\/categories?post=46671"},{"taxonomy":"post_tag","embeddable":true,"href":"https:\/\/www.pilgrim.es\/it\/wp-json\/wp\/v2\/tags?post=46671"}],"curies":[{"name":"wp","href":"https:\/\/api.w.org\/{rel}","templated":true}]}}