{"id":46666,"date":"2019-09-13T08:32:44","date_gmt":"2019-09-13T08:32:44","guid":{"rendered":"https:\/\/prod.pilgrim.es\/pianificare\/la-cattedrale-di-santiago\/"},"modified":"2025-08-19T08:20:06","modified_gmt":"2025-08-19T08:20:06","slug":"la-cattedrale-di-santiago","status":"publish","type":"page","link":"https:\/\/www.pilgrim.es\/it\/pianificare\/la-cattedrale-di-santiago\/","title":{"rendered":"La Cattedrale di Santiago"},"content":{"rendered":"\n<div id=\"planifyPage\">\n\t<section>\n\t\t<h1>La Cattedrale di Santiago<\/h1>\n\t<\/section>\n\t<section class=\"navigation\">\n\t\t<article>\n\t\t\t<i class=\"icon-shell\"><\/i>\n\t\t\t<ul>\n\t\t\t\t<li>\n\t\t\t\t\t<a href=\"https:\/\/www.pilgrim.es\/it\/pianificare\/storia-del-cammino-di-santiago\/\">La storia\n\t\t\t\t\t<\/a>\n\t\t\t\t<\/li>\n\t\t\t\t<li>\n\t\t\t\t\t<a href=\"https:\/\/www.pilgrim.es\/it\/pianificare\/il-codice-calixtino\/\">Il C\u00f3dice Calixtino<\/a>\n\t\t\t\t<\/li>\n\t\t\t\t<li>\n\t\t\t\t\t<a href=\"https:\/\/www.pilgrim.es\/it\/pianificare\/giacomo-apostolo\/\">Giacomo Apostolo<\/a>\n\t\t\t\t<\/li>\n\t\t\t<\/ul>\n\t\t<\/article>\n\t\t<article>\n\t\t\t<i class=\"icon-cathedral\"><\/i>\n\t\t\t<ul>\n\t\t\t\t<li class=\"nav-pill--active\">\n\t\t\t\t\t<a href=\"https:\/\/www.pilgrim.es\/it\/pianificare\/la-cattedrale-di-santiago\/\">La Cattedrale di\n\t\t\t\t\t\tSantiago<\/a>\n\t\t\t\t<\/li>\n\t\t\t\t<li>\n\t\t\t\t\t<a href=\"https:\/\/www.pilgrim.es\/it\/pianificare\/il-botafumeiro\/\">Botafumeiro<\/a>\n\t\t\t\t<\/li>\n\t\t\t\t<li>\n\t\t\t\t\t<a href=\"https:\/\/www.pilgrim.es\/it\/pianificare\/anno-giubilare\/\">Anno giubilare<\/a>\n\t\t\t\t<\/li>\n\t\t\t<\/ul>\n\t\t<\/article>\n\t\t<article>\n\t\t\t<i class=\"icon-compostela\"><\/i>\n\t\t\t<ul>\n\t\t\t\t<li>\n\t\t\t\t\t<a href=\"https:\/\/www.pilgrim.es\/it\/pianificare\/la-credenziale-del-pellegrino\/\">La Credenziale<\/a>\n\t\t\t\t<\/li>\n\t\t\t\t<li>\n\t\t\t\t\t<a href=\"https:\/\/www.pilgrim.es\/it\/pianificare\/la-compostela\/\">La Compostela<\/a>\n\t\t\t\t<\/li>\n\t\t\t\t<li>\n\t\t\t\t\t<a href=\"https:\/\/www.pilgrim.es\/it\/pianificare\/il-bastone-e-zucca\/\">Il Bastone e la Zucca<\/a>\n\t\t\t\t<\/li>\n\t\t\t\t<li>\n\t\t\t\t\t<a href=\"https:\/\/www.pilgrim.es\/it\/pianificare\/segnaletica-del-cammino-di-santiago\/\">Segnaletica del\n\t\t\t\t\t\tCammino di Santiago<\/a>\n\t\t\t\t<\/li>\n\t\t\t<\/ul>\n\t\t<\/article>\n\t<\/section>\n\n\t<div class=\"planify-content\">\n\t\t<section class=\"planify-content__hero\">\n\t\t\t<img decoding=\"async\" src=\"https:\/\/cdn.pilgrim.es\/web\/planificar\/catedral-santiago-exterior.webp\" alt=\"La Cattedrale di Santiago\" \/>\n\t\t\t<div class=\"planner\"><div\r\n  class=\"p-col-span-1 p-rounded-lg p-px-5 p-h-full\"\r\n  style=\"background-image: url('https:\/\/cdn.pilgrim.es\/web\/pilgrim-planner\/bg-plugin-planificador.webp')\"\r\n  rel=\"preload\"\r\n  fetchpriority=\"high\"\r\n  >\r\n    <div class=\"p-text-center p-pt-5 p-text-white p-text-2xl p-font-semibold\">\r\n      Pianifica il tuo cammino    <\/div>\r\n    <div\r\n            id='primary-app'\r\n            data-name='banner'\r\n            data-api='https:\/\/pathfinder.pilgrim.es\/api\/pathfinder\/v2'\r\n            data-mode='normal'\r\n            data-lang='it'\r\n            data-route='1'\r\n            data-destiny='https:\/\/planificador.pilgrim.es'\r\n            data-modality='1'\r\n            data-inline=''\r\n        ><\/div><\/div><\/div>\n\t\t<\/section>\n\n\t\t<section class=\"planify-content__content\">\n\t\t\t<section>\n\t\t\t\t<h3>\u00cdndice<\/h3>\n\t\t\t\t<ul>\n\t\t\t\t\t<li><a href=\"#apostle-cathedral\">L\u2019Apostolo e la Cattedrale<\/a><\/li>\n\t\t\t\t\t<li><a href=\"#interior\">Interno della Cattedrale<\/a><\/li>\n\t\t\t\t\t<li><a href=\"#outside\">Esterno della Cattedrale<\/a><\/li>\n\t\t\t\t<\/ul>\n\t\t\t<\/section>\n\n\t\t\t<section>\n\t\t\t\n\t\t\t\t<p>La cattedrale dedicata <a href=\"https:\/\/www.pilgrim.es\/it\/pianificare\/giacomo-apostolo\/\">all\u2019Apostolo\n\t\t\t\t\t\tSantiago<\/a> \u00e8 l\u2019edificio in stile romanico pi\u00f9 emblematico di tutta la penisola iberica ed \u00e8 <strong>uno\n\t\t\t\t\t\tdei luoghi pi\u00f9 rappresentativi della cristianit\u00e0<\/strong>, oltre a Roma e Gerusalemme.<\/p>\n\n\t\t\t\t<p>Per questo motivo migliaia di pellegrini raggiungono questo luogo ogni anno, percorrendo i diversi Cammini che\n\t\t\t\t\thanno come destinazione la capitale galiziana. Le ragioni sono molteplici: motivi strettamente religiosi; la\n\t\t\t\t\tcontemplazione di un\u2019opera architettonica ed artistica <strong>dichiarata Bene di Interesse Culturale<\/strong>;\n\t\t\t\t\tun\u2019escursione nel centro storico di Santiago de Compostela.<\/p>\n\t\t\t\n\t\t\t<\/section>\n\n\t\t\t<section id=\"apostle-cathedral\">\n\n\t\t\t\t<h2>L\u2019Apostolo e la Cattedrale<\/h2>\n\t\t\t\n\t\t\t\t<p>Contrariamente a quanto si potrebbe pensare, <strong>le spoglie dell\u2019Apostolo non riposarono sempre sotto queste\n\t\t\t\t\t\tpietre<\/strong>. Inizialmente, dopo la scoperta del sepolcro, il re asturiano Alfonso II ordin\u00f2 la costruzione di una piccola\n\t\t\t\t\t\tcappella in pietra e fango nello stesso luogo in cui fu ritrovato l\u2019altare in marmo costruito dagli apostoli. Il tempio originario era abbastanza semplice: aveva una pianta ed un corpo centrale attorniato da una serie di\n\t\t\t\t\t\tcolonne e da un portico realizzato con lastre di granito.<\/p>\n\n\t\t\t\t<p>Successivamente, su mandato di Alfonso III, si decise di ingrandire questo sepolcro con la costruzione di un\n\t\t\t\t\taltro edificio, dato l\u2019aumento esponenziale dei visitatori. La struttura realizzata circondava l\u2019antico\n\t\t\t\t\tpresbiterio.<\/p>\n\n\t\t\t\t<p>Tuttavia, quasi alla fine del X secolo, <strong>le truppe musulmane distrussero quest\u2019opera preromanica<\/strong>.\n\t\t\t\t\tMiracolosamente, il sepolcro originale rimase intatto, dando la possibilit\u00e0 a migliaia di fedeli di continuare\n\t\t\t\t\tad adorare i resti dell\u2019apostolo. La chiesa romanica fu costruita nel 1075 per ordine di Alfonso VI e Diego Pel\u00e1ez; qualche anno dopo acquis\u00ec una\n\t\t\t\t\tfunzione arcivescovile per volere del noto Diego Gelm\u00edrez.<\/p>\n\n\t\t\t\t<p>I lavori continuarono per diversi anni; a tal proposito, il Codice Calixtinus afferma che <strong>l\u2019ultima pietra\n\t\t\t\t\t\tfu posata nel 1122<\/strong>. Da questo momento in poi, sia il monarca Alfonso VI che l\u2019arcivescovo,\n\t\t\t\t\tlavorarono incessantemente per incoraggiare e favorire il pellegrinaggio in questo luogo santo.<\/p>\n\n\t\t\t\t<p>Sebbene inizialmente fosse di stile romanico, la Cattedrale <strong>nel secolo XVII fu restaurata in stile\n\t\t\t\t\t\tbarocco<\/strong>. I lavori furono eseguiti principalmente nell\u2019altare maggiore e nella cupola. In questo\n\t\t\t\t\tperiodo venne progettata anche la famosa Porta Santa e fu conclusa la gloriosa facciata dell\u2019Obradoiro.<\/p>\n\n\t\t\t<\/section>\n\n\t\t\t<section id=\"interior\">\n\t\t\t\n\t\t\t\t<h2>Interno della Cattedrale<\/h2>\n\t\t\t\n\t\t\t\t<p>Il suo interno \u00e8 <strong>diviso in tre navate disposte attorno ad una pianta a croce latina<\/strong>. Queste sono\n\t\t\t\t\tparticolarmente lunghe, raggiungendo una ventina di metri e trentadue nel tratto aperto alla cupola: non \u00e8\n\t\t\t\t\tquindi un caso che questo sia considerato il pi\u00f9 grande tempio romanico spagnolo.<\/p>\n\n\t\t\t\t<p>Per quanto riguarda le cappelle, all\u2019 incirca sedici in tutta la Cattedrale, \u00e8 necessario sottolineare che alcune\n\t\t\t\t\tdi esse conservarono caratteristiche tipicamente romaniche , <strong>distribuite tra il deambulatorio e la\n\t\t\t\t\t\tcrociera<\/strong>. Quest\u2019ultima permette l\u2019accesso alla famosa porta di Plater\u00edas e al timpano di Clavijo.\n\t\t\t\t<\/p>\n\n\t\t\t\t<p>Dall\u2019altare maggiore spicca l\u2019immagine di Santiago pellegrino, protetta da un imponente baldacchino ornato da\n\t\t\t\t\tfigure di angeli e dalla figura equestre dell\u2019Apostolo.<\/p>\n\n\t\t\t\t<p>L\u2019interno <strong>contiene due degli elementi pi\u00f9 emblematici<\/strong> e caratteristici dell\u2019intero complesso, <a href=\"https:\/\/www.pilgrim.es\/it\/pianificare\/il-botafumeiro\/\">il botafumeiro<\/a>, che fin dal Medioevo ha\n\t\t\t\t\tpurificato pellegrini e visitatori ogni anno santo, e il magnifico Portico della Gloria, opera del maestro Mateo\n\t\t\t\t\te realizzato tra il XII e il XIII secolo. Sotto i soffitti a volta e le pietre millenarie troviamo il museo della cattedrale, il chiostro del XVI secolo e\n\t\t\t\t\tla cripta, da cui si possono apprezzare diverse vestigia romaniche e gotiche.<\/p>\n\t\t\t\n\t\t\t\t<img decoding=\"async\" src=\"https:\/\/cdn.pilgrim.es\/web\/planificar\/catedral-interior.webp\" alt=\"Interno della Cattedrale di Santiago\">\n\t\t\t\n\t\t\t<\/section>\n\n\t\t\t<section id=\"outside\">\n\t\t\t\n\t\t\t\t<h2>All\u2019esterno della Cattedrale. Le piazze che circondano la cattedrale sono numerose. A Plater\u00edas troviamo l\u2019unica\n\t\t\t\t\tfacciata romanica del tempio rimasta intatta sino ad oggi e realizzata in omaggio ai\n\t\t\t\t\tcommerci passati.<\/h2>\n\t\t\t\t\n\t\t\t\t<p>Dall\u2019altro lato troviamo la Plaza de la Quintana, dominata dalla Casa de la Parra, dal convento di La Quintana de\n\t\t\t\t\tVivos e su cui si erge, maestosa, la Porta Santa .<\/p>\n\t\t\t\t\n\t\t\t\t<p>Infine, la cattedrale \u00e8 sorvegliata da Plaza de la Inmaculada e Plaza de Azabacher\u00eda, che ancora oggi sono\n\t\t\t\t\tcaratterizzate da bancarelle d\u2019ogni tipo, in onore degli antichi scambi commerciali.<\/p>\n\t\t\t\t\n\t\t\t\t<p>Vale la pena, inoltre, sottolineare la bellezza della parte superiore della cattedrale: i meravigliosi tetti.\n\t\t\t\t\tQuesti possono essere visitati su prenotazione grazie ad una visita guidata al Palazzo Gelmirez. Senza dubbio i\n\t\t\t\t\tpanorami dall\u2019alto lasceranno senza fiato pi\u00f9 di un intrepido pellegrino\/turista alla ricerca di forti emozioni.\n\t\t\t\t<\/p>\n\t\t\t\n\t\t\t<\/section>\n\n\t\t\t<section>\n\n\t\t\t\t<h2>Visita alla Cattedrale di Santiago<\/h2>\n\n\t\t\t\t<p>Se vuoi ammirare la grandezza della Cattedrale di Santiago, \u00e8 giunta l\u2019ora di <a href=\"https:\/\/www.pilgrim.es\/it\/pianificare\/\">pianificare il Cammino<\/a>. Ti assicuriamo che pi\u00f9 lungo sar\u00e0 il pellegrinaggio, pi\u00f9 soddisfazione avrai quando giungerai alla Cattedrale.<\/p>\n \n\t\t\t\t<p>Nel 2019, fino al 2020, l&#8217;interno della Cattedrale sar\u00e0 chiuso a causa dei lavori che vi si stanno svolgendo. Fino al 2020, l\u2019interno della Cattedrale sar\u00e0 chiuso per lavori in corso.<\/p>\n\t\t\t\t\n\t\t\t<\/section>\n\n\t\t<\/section>\n\t<\/div>\n<\/div>\n","protected":false},"excerpt":{"rendered":"<p>La Cattedrale di Santiago La storia Il C\u00f3dice Calixtino Giacomo Apostolo La Cattedrale di Santiago Botafumeiro Anno giubilare La Credenziale La Compostela Il Bastone e la Zucca Segnaletica del Cammino di Santiago \u00cdndice L\u2019Apostolo e la Cattedrale Interno della Cattedrale Esterno della Cattedrale La cattedrale dedicata all\u2019Apostolo Santiago \u00e8 l\u2019edificio in stile romanico pi\u00f9 emblematico &hellip; <\/p>\n<p class=\"read_more\"><a href=\"https:\/\/www.pilgrim.es\/it\/pianificare\/la-cattedrale-di-santiago\/\">Leer m\u00e1s<\/a><\/p>\n","protected":false},"author":4,"featured_media":8470,"parent":46449,"menu_order":0,"comment_status":"closed","ping_status":"closed","template":"views\/template-new-web-design.blade.php","meta":{"footnotes":""},"categories":[],"tags":[],"class_list":["post-46666","page","type-page","status-publish","has-post-thumbnail","hentry"],"yoast_head":"<!-- This site is optimized with the Yoast SEO plugin v27.4 - https:\/\/yoast.com\/product\/yoast-seo-wordpress\/ -->\n<title>\u25b7 La Cattedrale di Santiago | Storia e tutti i suoi segreti | Pilgrim<\/title>\n<meta name=\"description\" content=\"La Cattedrale di Santiago \u00e8 una delle pi\u00f9 grandi opere d&#039;arte romanica, oltre ad essere uno dei pi\u00f9 grandi simboli del pellegrinaggio e del cristianesimo.\" \/>\n<meta name=\"robots\" content=\"index, follow, max-snippet:-1, max-image-preview:large, max-video-preview:-1\" \/>\n<link rel=\"canonical\" href=\"https:\/\/www.pilgrim.es\/it\/pianificare\/la-cattedrale-di-santiago\/\" \/>\n<meta property=\"og:locale\" content=\"it_IT\" \/>\n<meta property=\"og:type\" content=\"article\" \/>\n<meta property=\"og:title\" content=\"\u25b7 La Cattedrale di Santiago | Storia e tutti i suoi segreti | Pilgrim\" \/>\n<meta property=\"og:description\" content=\"La Cattedrale di Santiago \u00e8 una delle pi\u00f9 grandi opere d&#039;arte romanica, oltre ad essere uno dei pi\u00f9 grandi simboli del pellegrinaggio e del cristianesimo.\" \/>\n<meta property=\"og:url\" content=\"https:\/\/www.pilgrim.es\/it\/pianificare\/la-cattedrale-di-santiago\/\" \/>\n<meta property=\"og:site_name\" content=\"Pilgrim\" \/>\n<meta property=\"article:publisher\" content=\"https:\/\/www.facebook.com\/pilgrim.es\/\" \/>\n<meta property=\"article:modified_time\" content=\"2025-08-19T08:20:06+00:00\" \/>\n<meta property=\"og:image\" content=\"https:\/\/www.pilgrim.es\/wp-content\/uploads\/2019\/02\/santiagocompostela-mriqfvqknjp225pgyw6xr1tkdjq2qklxtf5q777t4c.jpg\" \/>\n\t<meta property=\"og:image:width\" content=\"770\" \/>\n\t<meta property=\"og:image:height\" content=\"350\" \/>\n\t<meta property=\"og:image:type\" content=\"image\/jpeg\" \/>\n<meta name=\"twitter:card\" content=\"summary_large_image\" \/>\n<meta name=\"twitter:site\" content=\"@pilgrim_es\" \/>\n<meta name=\"twitter:label1\" content=\"Tempo di lettura stimato\" \/>\n\t<meta name=\"twitter:data1\" content=\"4 minuti\" \/>\n<script type=\"application\/ld+json\" class=\"yoast-schema-graph\">{\"@context\":\"https:\\\/\\\/schema.org\",\"@graph\":[{\"@type\":\"WebPage\",\"@id\":\"https:\\\/\\\/www.pilgrim.es\\\/it\\\/pianificare\\\/la-cattedrale-di-santiago\\\/\",\"url\":\"https:\\\/\\\/www.pilgrim.es\\\/it\\\/pianificare\\\/la-cattedrale-di-santiago\\\/\",\"name\":\"\u25b7 La Cattedrale di Santiago | Storia e tutti i suoi segreti | Pilgrim\",\"isPartOf\":{\"@id\":\"https:\\\/\\\/www.pilgrim.es\\\/it\\\/#website\"},\"primaryImageOfPage\":{\"@id\":\"https:\\\/\\\/www.pilgrim.es\\\/it\\\/pianificare\\\/la-cattedrale-di-santiago\\\/#primaryimage\"},\"image\":{\"@id\":\"https:\\\/\\\/www.pilgrim.es\\\/it\\\/pianificare\\\/la-cattedrale-di-santiago\\\/#primaryimage\"},\"thumbnailUrl\":\"https:\\\/\\\/www.pilgrim.es\\\/wp-content\\\/uploads\\\/2019\\\/02\\\/santiagocompostela-mriqfvqknjp225pgyw6xr1tkdjq2qklxtf5q777t4c.jpg\",\"datePublished\":\"2019-09-13T08:32:44+00:00\",\"dateModified\":\"2025-08-19T08:20:06+00:00\",\"description\":\"La Cattedrale di Santiago \u00e8 una delle pi\u00f9 grandi opere d'arte romanica, oltre ad essere uno dei pi\u00f9 grandi simboli del pellegrinaggio e del cristianesimo.\",\"breadcrumb\":{\"@id\":\"https:\\\/\\\/www.pilgrim.es\\\/it\\\/pianificare\\\/la-cattedrale-di-santiago\\\/#breadcrumb\"},\"inLanguage\":\"it-IT\",\"potentialAction\":[{\"@type\":\"ReadAction\",\"target\":[\"https:\\\/\\\/www.pilgrim.es\\\/it\\\/pianificare\\\/la-cattedrale-di-santiago\\\/\"]}]},{\"@type\":\"ImageObject\",\"inLanguage\":\"it-IT\",\"@id\":\"https:\\\/\\\/www.pilgrim.es\\\/it\\\/pianificare\\\/la-cattedrale-di-santiago\\\/#primaryimage\",\"url\":\"https:\\\/\\\/www.pilgrim.es\\\/wp-content\\\/uploads\\\/2019\\\/02\\\/santiagocompostela-mriqfvqknjp225pgyw6xr1tkdjq2qklxtf5q777t4c.jpg\",\"contentUrl\":\"https:\\\/\\\/www.pilgrim.es\\\/wp-content\\\/uploads\\\/2019\\\/02\\\/santiagocompostela-mriqfvqknjp225pgyw6xr1tkdjq2qklxtf5q777t4c.jpg\",\"width\":770,\"height\":350,\"caption\":\"La Cattedrale di Santiago\"},{\"@type\":\"BreadcrumbList\",\"@id\":\"https:\\\/\\\/www.pilgrim.es\\\/it\\\/pianificare\\\/la-cattedrale-di-santiago\\\/#breadcrumb\",\"itemListElement\":[{\"@type\":\"ListItem\",\"position\":1,\"name\":\"Camino de Santiago\",\"item\":\"https:\\\/\\\/www.pilgrim.es\\\/it\\\/\"},{\"@type\":\"ListItem\",\"position\":2,\"name\":\"Pianificare\",\"item\":\"https:\\\/\\\/www.pilgrim.es\\\/it\\\/pianificare\\\/\"},{\"@type\":\"ListItem\",\"position\":3,\"name\":\"La Cattedrale di Santiago\"}]},{\"@type\":\"WebSite\",\"@id\":\"https:\\\/\\\/www.pilgrim.es\\\/it\\\/#website\",\"url\":\"https:\\\/\\\/www.pilgrim.es\\\/it\\\/\",\"name\":\"Pilgrim\",\"description\":\"Camino de Santiago | Caminamos Contigo\",\"publisher\":{\"@id\":\"https:\\\/\\\/www.pilgrim.es\\\/it\\\/#organization\"},\"potentialAction\":[{\"@type\":\"SearchAction\",\"target\":{\"@type\":\"EntryPoint\",\"urlTemplate\":\"https:\\\/\\\/www.pilgrim.es\\\/it\\\/?s={search_term_string}\"},\"query-input\":{\"@type\":\"PropertyValueSpecification\",\"valueRequired\":true,\"valueName\":\"search_term_string\"}}],\"inLanguage\":\"it-IT\"},{\"@type\":\"Organization\",\"@id\":\"https:\\\/\\\/www.pilgrim.es\\\/it\\\/#organization\",\"name\":\"Pilgrim Camino de Santiago\",\"url\":\"https:\\\/\\\/www.pilgrim.es\\\/it\\\/\",\"logo\":{\"@type\":\"ImageObject\",\"inLanguage\":\"it-IT\",\"@id\":\"https:\\\/\\\/www.pilgrim.es\\\/it\\\/#\\\/schema\\\/logo\\\/image\\\/\",\"url\":\"https:\\\/\\\/www.pilgrim.es\\\/wp-content\\\/uploads\\\/2019\\\/04\\\/logo_pilgrim.png\",\"contentUrl\":\"https:\\\/\\\/www.pilgrim.es\\\/wp-content\\\/uploads\\\/2019\\\/04\\\/logo_pilgrim.png\",\"width\":512,\"height\":512,\"caption\":\"Pilgrim Camino de Santiago\"},\"image\":{\"@id\":\"https:\\\/\\\/www.pilgrim.es\\\/it\\\/#\\\/schema\\\/logo\\\/image\\\/\"},\"sameAs\":[\"https:\\\/\\\/www.facebook.com\\\/pilgrim.es\\\/\",\"https:\\\/\\\/x.com\\\/pilgrim_es\",\"https:\\\/\\\/www.instagram.com\\\/pilgrim.es\\\/\",\"https:\\\/\\\/www.linkedin.com\\\/company\\\/pilgrim-camino-de-santiago\\\/\",\"https:\\\/\\\/www.pinterest.es\\\/pilgrimcaminodesantiago\\\/\",\"https:\\\/\\\/www.youtube.com\\\/channel\\\/UCIv2ZzFLXVqthkNF32rKedw\\\/featured\"]}]}<\/script>\n<!-- \/ Yoast SEO plugin. -->","yoast_head_json":{"title":"\u25b7 La Cattedrale di Santiago | Storia e tutti i suoi segreti | Pilgrim","description":"La Cattedrale di Santiago \u00e8 una delle pi\u00f9 grandi opere d'arte romanica, oltre ad essere uno dei pi\u00f9 grandi simboli del pellegrinaggio e del cristianesimo.","robots":{"index":"index","follow":"follow","max-snippet":"max-snippet:-1","max-image-preview":"max-image-preview:large","max-video-preview":"max-video-preview:-1"},"canonical":"https:\/\/www.pilgrim.es\/it\/pianificare\/la-cattedrale-di-santiago\/","og_locale":"it_IT","og_type":"article","og_title":"\u25b7 La Cattedrale di Santiago | Storia e tutti i suoi segreti | Pilgrim","og_description":"La Cattedrale di Santiago \u00e8 una delle pi\u00f9 grandi opere d'arte romanica, oltre ad essere uno dei pi\u00f9 grandi simboli del pellegrinaggio e del cristianesimo.","og_url":"https:\/\/www.pilgrim.es\/it\/pianificare\/la-cattedrale-di-santiago\/","og_site_name":"Pilgrim","article_publisher":"https:\/\/www.facebook.com\/pilgrim.es\/","article_modified_time":"2025-08-19T08:20:06+00:00","og_image":[{"width":770,"height":350,"url":"https:\/\/www.pilgrim.es\/wp-content\/uploads\/2019\/02\/santiagocompostela-mriqfvqknjp225pgyw6xr1tkdjq2qklxtf5q777t4c.jpg","type":"image\/jpeg"}],"twitter_card":"summary_large_image","twitter_site":"@pilgrim_es","twitter_misc":{"Tempo di lettura stimato":"4 minuti"},"schema":{"@context":"https:\/\/schema.org","@graph":[{"@type":"WebPage","@id":"https:\/\/www.pilgrim.es\/it\/pianificare\/la-cattedrale-di-santiago\/","url":"https:\/\/www.pilgrim.es\/it\/pianificare\/la-cattedrale-di-santiago\/","name":"\u25b7 La Cattedrale di Santiago | Storia e tutti i suoi segreti | Pilgrim","isPartOf":{"@id":"https:\/\/www.pilgrim.es\/it\/#website"},"primaryImageOfPage":{"@id":"https:\/\/www.pilgrim.es\/it\/pianificare\/la-cattedrale-di-santiago\/#primaryimage"},"image":{"@id":"https:\/\/www.pilgrim.es\/it\/pianificare\/la-cattedrale-di-santiago\/#primaryimage"},"thumbnailUrl":"https:\/\/www.pilgrim.es\/wp-content\/uploads\/2019\/02\/santiagocompostela-mriqfvqknjp225pgyw6xr1tkdjq2qklxtf5q777t4c.jpg","datePublished":"2019-09-13T08:32:44+00:00","dateModified":"2025-08-19T08:20:06+00:00","description":"La Cattedrale di Santiago \u00e8 una delle pi\u00f9 grandi opere d'arte romanica, oltre ad essere uno dei pi\u00f9 grandi simboli del pellegrinaggio e del cristianesimo.","breadcrumb":{"@id":"https:\/\/www.pilgrim.es\/it\/pianificare\/la-cattedrale-di-santiago\/#breadcrumb"},"inLanguage":"it-IT","potentialAction":[{"@type":"ReadAction","target":["https:\/\/www.pilgrim.es\/it\/pianificare\/la-cattedrale-di-santiago\/"]}]},{"@type":"ImageObject","inLanguage":"it-IT","@id":"https:\/\/www.pilgrim.es\/it\/pianificare\/la-cattedrale-di-santiago\/#primaryimage","url":"https:\/\/www.pilgrim.es\/wp-content\/uploads\/2019\/02\/santiagocompostela-mriqfvqknjp225pgyw6xr1tkdjq2qklxtf5q777t4c.jpg","contentUrl":"https:\/\/www.pilgrim.es\/wp-content\/uploads\/2019\/02\/santiagocompostela-mriqfvqknjp225pgyw6xr1tkdjq2qklxtf5q777t4c.jpg","width":770,"height":350,"caption":"La Cattedrale di Santiago"},{"@type":"BreadcrumbList","@id":"https:\/\/www.pilgrim.es\/it\/pianificare\/la-cattedrale-di-santiago\/#breadcrumb","itemListElement":[{"@type":"ListItem","position":1,"name":"Camino de Santiago","item":"https:\/\/www.pilgrim.es\/it\/"},{"@type":"ListItem","position":2,"name":"Pianificare","item":"https:\/\/www.pilgrim.es\/it\/pianificare\/"},{"@type":"ListItem","position":3,"name":"La Cattedrale di Santiago"}]},{"@type":"WebSite","@id":"https:\/\/www.pilgrim.es\/it\/#website","url":"https:\/\/www.pilgrim.es\/it\/","name":"Pilgrim","description":"Camino de Santiago | Caminamos Contigo","publisher":{"@id":"https:\/\/www.pilgrim.es\/it\/#organization"},"potentialAction":[{"@type":"SearchAction","target":{"@type":"EntryPoint","urlTemplate":"https:\/\/www.pilgrim.es\/it\/?s={search_term_string}"},"query-input":{"@type":"PropertyValueSpecification","valueRequired":true,"valueName":"search_term_string"}}],"inLanguage":"it-IT"},{"@type":"Organization","@id":"https:\/\/www.pilgrim.es\/it\/#organization","name":"Pilgrim Camino de Santiago","url":"https:\/\/www.pilgrim.es\/it\/","logo":{"@type":"ImageObject","inLanguage":"it-IT","@id":"https:\/\/www.pilgrim.es\/it\/#\/schema\/logo\/image\/","url":"https:\/\/www.pilgrim.es\/wp-content\/uploads\/2019\/04\/logo_pilgrim.png","contentUrl":"https:\/\/www.pilgrim.es\/wp-content\/uploads\/2019\/04\/logo_pilgrim.png","width":512,"height":512,"caption":"Pilgrim Camino de Santiago"},"image":{"@id":"https:\/\/www.pilgrim.es\/it\/#\/schema\/logo\/image\/"},"sameAs":["https:\/\/www.facebook.com\/pilgrim.es\/","https:\/\/x.com\/pilgrim_es","https:\/\/www.instagram.com\/pilgrim.es\/","https:\/\/www.linkedin.com\/company\/pilgrim-camino-de-santiago\/","https:\/\/www.pinterest.es\/pilgrimcaminodesantiago\/","https:\/\/www.youtube.com\/channel\/UCIv2ZzFLXVqthkNF32rKedw\/featured"]}]}},"_links":{"self":[{"href":"https:\/\/www.pilgrim.es\/it\/wp-json\/wp\/v2\/pages\/46666","targetHints":{"allow":["GET"]}}],"collection":[{"href":"https:\/\/www.pilgrim.es\/it\/wp-json\/wp\/v2\/pages"}],"about":[{"href":"https:\/\/www.pilgrim.es\/it\/wp-json\/wp\/v2\/types\/page"}],"author":[{"embeddable":true,"href":"https:\/\/www.pilgrim.es\/it\/wp-json\/wp\/v2\/users\/4"}],"replies":[{"embeddable":true,"href":"https:\/\/www.pilgrim.es\/it\/wp-json\/wp\/v2\/comments?post=46666"}],"version-history":[{"count":12,"href":"https:\/\/www.pilgrim.es\/it\/wp-json\/wp\/v2\/pages\/46666\/revisions"}],"predecessor-version":[{"id":135201,"href":"https:\/\/www.pilgrim.es\/it\/wp-json\/wp\/v2\/pages\/46666\/revisions\/135201"}],"up":[{"embeddable":true,"href":"https:\/\/www.pilgrim.es\/it\/wp-json\/wp\/v2\/pages\/46449"}],"wp:featuredmedia":[{"embeddable":true,"href":"https:\/\/www.pilgrim.es\/it\/wp-json\/wp\/v2\/media\/8470"}],"wp:attachment":[{"href":"https:\/\/www.pilgrim.es\/it\/wp-json\/wp\/v2\/media?parent=46666"}],"wp:term":[{"taxonomy":"category","embeddable":true,"href":"https:\/\/www.pilgrim.es\/it\/wp-json\/wp\/v2\/categories?post=46666"},{"taxonomy":"post_tag","embeddable":true,"href":"https:\/\/www.pilgrim.es\/it\/wp-json\/wp\/v2\/tags?post=46666"}],"curies":[{"name":"wp","href":"https:\/\/api.w.org\/{rel}","templated":true}]}}