{"id":46654,"date":"2019-09-12T16:19:52","date_gmt":"2019-09-12T16:19:52","guid":{"rendered":"https:\/\/prod.pilgrim.es\/pianificare\/cammino-di-santiago-con-mobilita-ridotta\/"},"modified":"2025-08-19T10:15:10","modified_gmt":"2025-08-19T10:15:10","slug":"cammino-di-santiago-con-mobilita-ridotta","status":"publish","type":"page","link":"https:\/\/www.pilgrim.es\/it\/pianificare\/cammino-di-santiago-con-mobilita-ridotta\/","title":{"rendered":"Percorrere il Cammino di Santiago con Mobilit\u00e0 Ridotta"},"content":{"rendered":"\n<div id=\"planifyPage\">\n    <section>\n        <h1>Percorrere il Cammino di Santiago con Mobilit\u00e0 Ridotta<\/h1>\n    <\/section>\n\n    <div class=\"planify-content\">\n        <section class=\"planify-content__hero\">\n            <img decoding=\"async\" src=\"https:\/\/cdn.pilgrim.es\/web\/planificar\/camino-de-santiago-con-movilidad-reducida.webp\"\n                alt=\"Percorrere il Cammino di Santiago con Mobilit\u00e0 Ridotta\" \/>\n            <div class=\"planner\"><div\r\n  class=\"p-col-span-1 p-rounded-lg p-px-5 p-h-full\"\r\n  style=\"background-image: url('https:\/\/cdn.pilgrim.es\/web\/pilgrim-planner\/bg-plugin-planificador.webp')\"\r\n  rel=\"preload\"\r\n  fetchpriority=\"high\"\r\n  >\r\n    <div class=\"p-text-center p-pt-5 p-text-white p-text-2xl p-font-semibold\">\r\n      Pianifica il tuo cammino    <\/div>\r\n    <div\r\n            id='primary-app'\r\n            data-name='banner'\r\n            data-api='https:\/\/pathfinder.pilgrim.es\/api\/pathfinder\/v2'\r\n            data-mode='normal'\r\n            data-lang='it'\r\n            data-route='1'\r\n            data-destiny='https:\/\/planificador.pilgrim.es'\r\n            data-modality='1'\r\n            data-inline=''\r\n        ><\/div><\/div><\/div>\n        <\/section>\n\n        <section class=\"planify-content__content\">\n            <section>\n                <h3>Indice<\/h3>\n                <ul>\n                    <li><a href=\"#Preparacion-Fisica\">Preparazione fisica<\/a><\/li>\n                    <li><a href=\"#Mejor-Camino\">Il Cammino migliore<\/a>\n                    <li><a href=\"#Mejor-Estacion\">Migliore stagione dell&#8217;anno<\/a><\/li>\n                    <li><a href=\"#Consejos\">Consigli per la disabilit\u00e0:<\/a>\n                    <li><a href=\"#Fisica\">Fisica<\/a><\/li>\n                    <li><a href=\"#Psiquica\">Psichico<\/a><\/li>\n                    <li><a href=\"#Auditiva\">Acustica<\/a><\/li>\n                    <li><a href=\"#Visual\">Visivo<\/a><\/li>\n                <\/ul>\n            <\/section>\n\n            <section>\n                <p>Con il passare degli anni, il Cammino \u00e8 stato adattato e trasformato il pi\u00f9 possibile per renderlo\n                    <strong>accessibile a tutte le persone con qualsiasi tipo di disabilit\u00e0 fisica o mentale<\/strong>.\n                <\/p>\n                <p>Non \u00e8 un compito facile, in quanto dipende in gran parte dall&#8217;orografia del terreno, in molti casi\n                    completamente inaccessibile e non adattabile.<\/p>\n                <p>In questi casi, <strong>si \u00e8 tentato di creare percorsi alternativi<\/strong>attraverso i quali possa\n                    passare questo gruppo di pellegrini, soprattutto con le sedie a rotelle.<\/p>\n                <p>Gi\u00e0 nel Medioevo c&#8217;erano molte persone disabili che si avventurarono in questo itinerario alla\n                    ricerca di\n                    un miracolo o di una cura da parte dell&#8217;Apostolo, come afferma il Codice Calixtinus.<\/p>\n                <p>Purtroppo, nonostante i progressi del XXI secolo, gli inconvenienti di questo tipo di pellegrini\n                    lungo il\n                    Cammino sono molteplici.<\/p>\n            <\/section>\n            <section>\n                <h2 class=\"mt-3\" id=\"Preparacion-Fisica\">Preparazione fisica per fare il Cammino di Santiago con\n                    Mobilit\u00e0\n                    Ridotta<\/h2>\n                <h3 class=\"mt-3\">Primo handicap<\/h3>\n                <p>Per una persona con mobilit\u00e0 ridotta, il primo handicap del Cammino sar\u00e0 la preparazione fisica.\n                    Questo\n                    sar\u00e0 un fattore essenziale per determinare il numero di tappe e chilometri da percorrere.<\/p>\n                <h3 class=\"mt-3\">Allenamento precedente<\/h3>\n                <p>Come il resto dei pellegrini a piedi, dovranno effettuare un allenamento precedente per poter\n                    <strong>determinare la resistenza fisica e quanti chilometri potranno fare<\/strong>\n                    approssimativamente.\n                    A questo proposito, \u00e8 consuetudine dividere le tappe stabilite in pi\u00f9 tratti, facilitando cos\u00ec il\n                    percorso dello stesso per i pellegrini in sedia a rotelle.\n                <\/p>\n                <h3 class=\"mt-3\">Adattare la sedia a rotelle<\/h3>\n                <p>A questo proposito, c&#8217;\u00e8 la possibilit\u00e0 di adattare leggermente la <strong>nostra solita sedia o\n                        comprare\n                        una handbike<\/strong>, un tipo di sedia a rotelle con solo tre ruote utilizzata nel\n                    paraciclismo.\n                    Quest&#8217;ultima sarebbe l&#8217;ideale se si ha un buono stato di forma fisica, in quanto permetter\u00e0 di\n                    accedere\n                    a luoghi pi\u00f9 ripidi e instabili.<\/p>\n                <p>Il periodo dell&#8217;anno scelto per la realizzazione del Cammino sar\u00e0 una decisione fondamentale, poich\u00e9\n                    n<strong>ei mesi pi\u00f9 piovosi la maggior parte dei cammini sar\u00e0 totalmente inaccessibile<\/strong> a\n                    causa\n                    di allagamenti, in seguito esamineremo la migliore opzione possibile.<\/p>\n                <p>La maggior parte delle tappe non ha un manto stradale stabile, quindi in molte occasioni dovremo fare\n                    delle deviazioni, di solito verso le strade locali e nazionali.<\/p>\n                <p>Ecco perch\u00e9 <strong>il cammino diventa una vera odissea<\/strong>, dovendo correre per la maggior\n                    parte\n                    del tempo e con un occhio sempre sul traffico.<\/p>\n                <img decoding=\"async\" src=\"\/wp-content\/uploads\/2019\/03\/movreducida1.jpg\" alt=\"cammino di Santiago con disabilit\u00e0\"\n                    class=\"img-fluid d-block mx-auto\">\n\n            <\/section>\n            <section>\n                <h2 class=\"mt-3\" id=\"Mejor-Camino\">Il Cammino pi\u00f9 adatto alle persone con disabilit\u00e0 \u00e8&#8230;<\/h2>\n                <p>Indubbiamente il <a href=\"https:\/\/www.pilgrim.es\/it\/cammino-francese\/\">Cammino Francese<\/a>, in quanto questo \u00e8 il pi\u00f9 percorso.\n                <\/p>\n                <p>La <strong>cosa migliore da fare \u00e8 farlo in gruppo<\/strong> e pianificare in anticipo, sia le fermate\n                    intermedie che gli alloggi, dato che molti di loro purtroppo non sono adattati.<\/p>\n                <p>Nel caso del cammino francese, l&#8217;opzione migliore, quindi, \u00e8 quella di suddividere le tappe standard\n                    in\n                    base alla loro accessibilit\u00e0.<\/p>\n                <p>Perci\u00f2, <a href=\"\/it\/\">Pilgrim<\/a>ti offre un monitoraggio personalizzato con percorsi programmati in\n                    anticipo e adattati alle esigenze di ogni persona.<\/p>\n                <h3 class=\"mt-3\" id=\"Mejor-Estacion\">Migliore stagione dell&#8217;anno per i pellegrinaggi a mobilit\u00e0 ridotta<\/h3>\n                <p>Dobbiamo anche tener conto della stagione dell&#8217;anno in cui viaggeremo, perch\u00e9 il cammino non \u00e8\n                    accessibile in inverno come in estate.<\/p>\n                <p>La maggior parte dei pellegrini sceglie l&#8217;opzione d&#8217;intraprendere il <strong>Cammino in\n                        estate<\/strong>,\n                    sia per il clima migliore o perch\u00e9 coincide con le date di vacanza della maggior parte della\n                    popolazione.<\/p>\n                <p>Consigliamo alle persone con disabilit\u00e0 di viaggiare in stagioni meno affollate, ma che consentano\n                    una buona accessibilit\u00e0.\u00a0<strong>La primavera \u00e8 l\u2019opzione pi\u00f9 consigliabile<\/strong>, anche se\n                    l\u2019autunno non \u00e8 una\n                    cattiva opzione, soprattutto verso settembre; in ogni caso nessuno pu\u00f2 essere sicuro che il tempo\n                    sia perfetto.\n                <\/p>\n                <p>Se non avete il tempo necessario per fare il Cammino di Santiago in una sola volta, potete fare le\n                    diverse tappe quando ne avete l&#8217;opportunit\u00e0.<\/p>\n                <p>Molte persone fanno le tappe in diversi periodi dell&#8217;anno, quindi non dovreste preoccuparvi di fare\n                    l&#8217;intero percorso in un colpo solo.<\/p>\n            <\/section>\n            <section>\n                <h2 class=\"mt-3\" id=\"Consejos\">Consigli per realizzare il Cammino di Santiago con disabilit\u00e0<\/h2>\n                <p>A seconda della disabilit\u00e0 di una persona, ci saranno percorsi pi\u00f9 o meno limitati per la\n                    realizzazione\n                    del pellegrinaggio verso <a href=\"https:\/\/www.pilgrim.es\/santiago-de-compostela\/\">Compostela<\/a>.<\/p>\n                <p>In seguito, offriremo alcuni brevi consigli in base alla disabilit\u00e0 del pellegrino:<\/p>\n                <h3 class=\"mt-3\" id=\"Fisica\">Pellegrino con Disabilit\u00e0 Fisica:<\/h3>\n                <p>In precedenza abbiamo sottolineato l&#8217;importanza di una corretta preparazione fisica per affrontare la\n                    sfida, in questo caso dovremo <strong>aumentare l&#8217;allenamento<\/strong> nei possibili inconvenienti\n                    causati dalla ridotta mobilit\u00e0 del pellegrino.<\/p>\n                <p>Il <strong>peso dello zaino deve essere inferiore<\/strong> in questo caso, si consiglia di viaggiare\n                    con\n                    un accompagnatore in quanto possono aiutare a portare il peso e, nel caso di un tratto pi\u00f9\n                    complicato\n                    sul cammino, potr\u00e0 aiutarvi nella sua realizzazione.<\/p>\n                <h3 class=\"mt-3\" id=\"Psiquica\">Pellegrino con Disabilit\u00e0 Psichica<\/h3>\n                <p>In questo caso si raccomanda pi\u00f9 fortemente la possibilit\u00e0 di un pellegrinaggio con l&#8217;aiuto di un\n                    compagno, in questo caso dovrebbe essere <strong>un partner affidabile e competente in materia di\n                        disabilit\u00e0<\/strong> per poter dare un aiuto migliore.<\/p>\n                <h3 class=\"mt-3\" id=\"Auditiva\">Pellegrino con Disabilit\u00e0 Uditiva<\/h3>\n                <p>Non hanno bisogno dell&#8217;aiuto di altre persone, anche se si raccomanda il supporto.<\/p>\n                <p>Si dovr\u00e0 essere pi\u00f9 <strong>attenti all&#8217;ambiente<\/strong> per poter apprezzare i problemi. I n caso\n                    di\n                    pellegrinaggio in zone dove ci pu\u00f2 essere traffico, si dovr\u00e0 prestare pi\u00f9 attenzione.<\/p>\n                <h3 class=\"mt-3\" id=\"Visual\">Pellegrino con Disabilit\u00e0 Visiva<\/h3>\n                <p>In questo caso \u00e8 necessario <strong>l&#8217;appoggio di un compagno di pellegrinaggio<\/strong>, poich\u00e9 ci\n                    sono\n                    moltissimi cambiamenti di terreno, salite e discese inaspettate, nonch\u00e9 qualsiasi situazione che una\n                    disabilit\u00e0 visiva impedisce di continuare o qualche inconveniente.<\/p>\n                <p>Speriamo che questi suggerimenti possano rimuovere la paura dei pellegrini coinvolti nella\n                    realizzazione\n                    del Cammino di Santiago. Tutti dovrebbero avere il diritto e il privilegio di fare il pellegrinaggio\n                    attraverso le meravigliose e incredibili itinerari della via giacobea.<\/p>\n            <\/section>\n\n    <\/div>\n<\/div>\n","protected":false},"excerpt":{"rendered":"<p>Percorrere il Cammino di Santiago con Mobilit\u00e0 Ridotta Indice Preparazione fisica Il Cammino migliore Migliore stagione dell&#8217;anno Consigli per la disabilit\u00e0: Fisica Psichico Acustica Visivo Con il passare degli anni, il Cammino \u00e8 stato adattato e trasformato il pi\u00f9 possibile per renderlo accessibile a tutte le persone con qualsiasi tipo di disabilit\u00e0 fisica o mentale. &hellip; <\/p>\n<p class=\"read_more\"><a href=\"https:\/\/www.pilgrim.es\/it\/pianificare\/cammino-di-santiago-con-mobilita-ridotta\/\">Leer m\u00e1s<\/a><\/p>\n","protected":false},"author":4,"featured_media":12318,"parent":46449,"menu_order":0,"comment_status":"closed","ping_status":"closed","template":"views\/template-new-web-design.blade.php","meta":{"footnotes":""},"categories":[],"tags":[],"class_list":["post-46654","page","type-page","status-publish","has-post-thumbnail","hentry"],"yoast_head":"<!-- This site is optimized with the Yoast SEO plugin v27.4 - https:\/\/yoast.com\/product\/yoast-seo-wordpress\/ -->\n<title>Il Cammino di Santiago con Mobilit\u00e0 ridotta | Percorso migliore<\/title>\n<meta name=\"description\" content=\"Il Cammino di Santiago non conosce limiti, per cui \u00e8 pieno di persone coraggiose che lo fanno pur trovando alcune limitazioni.\" \/>\n<meta name=\"robots\" content=\"index, follow, max-snippet:-1, max-image-preview:large, max-video-preview:-1\" \/>\n<link rel=\"canonical\" href=\"https:\/\/www.pilgrim.es\/it\/pianificare\/cammino-di-santiago-con-mobilita-ridotta\/\" \/>\n<meta property=\"og:locale\" content=\"it_IT\" \/>\n<meta property=\"og:type\" content=\"article\" \/>\n<meta property=\"og:title\" content=\"Il Cammino di Santiago con Mobilit\u00e0 ridotta | Percorso migliore\" \/>\n<meta property=\"og:description\" content=\"Il Cammino di Santiago non conosce limiti, per cui \u00e8 pieno di persone coraggiose che lo fanno pur trovando alcune limitazioni.\" \/>\n<meta property=\"og:url\" content=\"https:\/\/www.pilgrim.es\/it\/pianificare\/cammino-di-santiago-con-mobilita-ridotta\/\" \/>\n<meta property=\"og:site_name\" content=\"Pilgrim\" \/>\n<meta property=\"article:publisher\" content=\"https:\/\/www.facebook.com\/pilgrim.es\/\" \/>\n<meta property=\"article:modified_time\" content=\"2025-08-19T10:15:10+00:00\" \/>\n<meta property=\"og:image\" content=\"https:\/\/www.pilgrim.es\/wp-content\/uploads\/2019\/03\/movreducida2.jpg\" \/>\n\t<meta property=\"og:image:width\" content=\"1024\" \/>\n\t<meta property=\"og:image:height\" content=\"651\" \/>\n\t<meta property=\"og:image:type\" content=\"image\/jpeg\" \/>\n<meta name=\"twitter:card\" content=\"summary_large_image\" \/>\n<meta name=\"twitter:site\" content=\"@pilgrim_es\" \/>\n<meta name=\"twitter:label1\" content=\"Tempo di lettura stimato\" \/>\n\t<meta name=\"twitter:data1\" content=\"4 minuti\" \/>\n<script type=\"application\/ld+json\" class=\"yoast-schema-graph\">{\"@context\":\"https:\\\/\\\/schema.org\",\"@graph\":[{\"@type\":\"WebPage\",\"@id\":\"https:\\\/\\\/www.pilgrim.es\\\/it\\\/pianificare\\\/cammino-di-santiago-con-mobilita-ridotta\\\/\",\"url\":\"https:\\\/\\\/www.pilgrim.es\\\/it\\\/pianificare\\\/cammino-di-santiago-con-mobilita-ridotta\\\/\",\"name\":\"Il Cammino di Santiago con Mobilit\u00e0 ridotta | Percorso migliore\",\"isPartOf\":{\"@id\":\"https:\\\/\\\/www.pilgrim.es\\\/it\\\/#website\"},\"primaryImageOfPage\":{\"@id\":\"https:\\\/\\\/www.pilgrim.es\\\/it\\\/pianificare\\\/cammino-di-santiago-con-mobilita-ridotta\\\/#primaryimage\"},\"image\":{\"@id\":\"https:\\\/\\\/www.pilgrim.es\\\/it\\\/pianificare\\\/cammino-di-santiago-con-mobilita-ridotta\\\/#primaryimage\"},\"thumbnailUrl\":\"https:\\\/\\\/www.pilgrim.es\\\/wp-content\\\/uploads\\\/2019\\\/03\\\/movreducida2.jpg\",\"datePublished\":\"2019-09-12T16:19:52+00:00\",\"dateModified\":\"2025-08-19T10:15:10+00:00\",\"description\":\"Il Cammino di Santiago non conosce limiti, per cui \u00e8 pieno di persone coraggiose che lo fanno pur trovando alcune limitazioni.\",\"breadcrumb\":{\"@id\":\"https:\\\/\\\/www.pilgrim.es\\\/it\\\/pianificare\\\/cammino-di-santiago-con-mobilita-ridotta\\\/#breadcrumb\"},\"inLanguage\":\"it-IT\",\"potentialAction\":[{\"@type\":\"ReadAction\",\"target\":[\"https:\\\/\\\/www.pilgrim.es\\\/it\\\/pianificare\\\/cammino-di-santiago-con-mobilita-ridotta\\\/\"]}]},{\"@type\":\"ImageObject\",\"inLanguage\":\"it-IT\",\"@id\":\"https:\\\/\\\/www.pilgrim.es\\\/it\\\/pianificare\\\/cammino-di-santiago-con-mobilita-ridotta\\\/#primaryimage\",\"url\":\"https:\\\/\\\/www.pilgrim.es\\\/wp-content\\\/uploads\\\/2019\\\/03\\\/movreducida2.jpg\",\"contentUrl\":\"https:\\\/\\\/www.pilgrim.es\\\/wp-content\\\/uploads\\\/2019\\\/03\\\/movreducida2.jpg\",\"width\":1024,\"height\":651,\"caption\":\"Percorrere il Cammino di Santiago con Mobilit\u00e0 Ridotta\"},{\"@type\":\"BreadcrumbList\",\"@id\":\"https:\\\/\\\/www.pilgrim.es\\\/it\\\/pianificare\\\/cammino-di-santiago-con-mobilita-ridotta\\\/#breadcrumb\",\"itemListElement\":[{\"@type\":\"ListItem\",\"position\":1,\"name\":\"Camino de Santiago\",\"item\":\"https:\\\/\\\/www.pilgrim.es\\\/it\\\/\"},{\"@type\":\"ListItem\",\"position\":2,\"name\":\"Pianificare\",\"item\":\"https:\\\/\\\/www.pilgrim.es\\\/it\\\/pianificare\\\/\"},{\"@type\":\"ListItem\",\"position\":3,\"name\":\"Percorrere il Cammino di Santiago con Mobilit\u00e0 Ridotta\"}]},{\"@type\":\"WebSite\",\"@id\":\"https:\\\/\\\/www.pilgrim.es\\\/it\\\/#website\",\"url\":\"https:\\\/\\\/www.pilgrim.es\\\/it\\\/\",\"name\":\"Pilgrim\",\"description\":\"Camino de Santiago | Caminamos Contigo\",\"publisher\":{\"@id\":\"https:\\\/\\\/www.pilgrim.es\\\/it\\\/#organization\"},\"potentialAction\":[{\"@type\":\"SearchAction\",\"target\":{\"@type\":\"EntryPoint\",\"urlTemplate\":\"https:\\\/\\\/www.pilgrim.es\\\/it\\\/?s={search_term_string}\"},\"query-input\":{\"@type\":\"PropertyValueSpecification\",\"valueRequired\":true,\"valueName\":\"search_term_string\"}}],\"inLanguage\":\"it-IT\"},{\"@type\":\"Organization\",\"@id\":\"https:\\\/\\\/www.pilgrim.es\\\/it\\\/#organization\",\"name\":\"Pilgrim Camino de Santiago\",\"url\":\"https:\\\/\\\/www.pilgrim.es\\\/it\\\/\",\"logo\":{\"@type\":\"ImageObject\",\"inLanguage\":\"it-IT\",\"@id\":\"https:\\\/\\\/www.pilgrim.es\\\/it\\\/#\\\/schema\\\/logo\\\/image\\\/\",\"url\":\"https:\\\/\\\/www.pilgrim.es\\\/wp-content\\\/uploads\\\/2019\\\/04\\\/logo_pilgrim.png\",\"contentUrl\":\"https:\\\/\\\/www.pilgrim.es\\\/wp-content\\\/uploads\\\/2019\\\/04\\\/logo_pilgrim.png\",\"width\":512,\"height\":512,\"caption\":\"Pilgrim Camino de Santiago\"},\"image\":{\"@id\":\"https:\\\/\\\/www.pilgrim.es\\\/it\\\/#\\\/schema\\\/logo\\\/image\\\/\"},\"sameAs\":[\"https:\\\/\\\/www.facebook.com\\\/pilgrim.es\\\/\",\"https:\\\/\\\/x.com\\\/pilgrim_es\",\"https:\\\/\\\/www.instagram.com\\\/pilgrim.es\\\/\",\"https:\\\/\\\/www.linkedin.com\\\/company\\\/pilgrim-camino-de-santiago\\\/\",\"https:\\\/\\\/www.pinterest.es\\\/pilgrimcaminodesantiago\\\/\",\"https:\\\/\\\/www.youtube.com\\\/channel\\\/UCIv2ZzFLXVqthkNF32rKedw\\\/featured\"]}]}<\/script>\n<!-- \/ Yoast SEO plugin. -->","yoast_head_json":{"title":"Il Cammino di Santiago con Mobilit\u00e0 ridotta | Percorso migliore","description":"Il Cammino di Santiago non conosce limiti, per cui \u00e8 pieno di persone coraggiose che lo fanno pur trovando alcune limitazioni.","robots":{"index":"index","follow":"follow","max-snippet":"max-snippet:-1","max-image-preview":"max-image-preview:large","max-video-preview":"max-video-preview:-1"},"canonical":"https:\/\/www.pilgrim.es\/it\/pianificare\/cammino-di-santiago-con-mobilita-ridotta\/","og_locale":"it_IT","og_type":"article","og_title":"Il Cammino di Santiago con Mobilit\u00e0 ridotta | Percorso migliore","og_description":"Il Cammino di Santiago non conosce limiti, per cui \u00e8 pieno di persone coraggiose che lo fanno pur trovando alcune limitazioni.","og_url":"https:\/\/www.pilgrim.es\/it\/pianificare\/cammino-di-santiago-con-mobilita-ridotta\/","og_site_name":"Pilgrim","article_publisher":"https:\/\/www.facebook.com\/pilgrim.es\/","article_modified_time":"2025-08-19T10:15:10+00:00","og_image":[{"width":1024,"height":651,"url":"https:\/\/www.pilgrim.es\/wp-content\/uploads\/2019\/03\/movreducida2.jpg","type":"image\/jpeg"}],"twitter_card":"summary_large_image","twitter_site":"@pilgrim_es","twitter_misc":{"Tempo di lettura stimato":"4 minuti"},"schema":{"@context":"https:\/\/schema.org","@graph":[{"@type":"WebPage","@id":"https:\/\/www.pilgrim.es\/it\/pianificare\/cammino-di-santiago-con-mobilita-ridotta\/","url":"https:\/\/www.pilgrim.es\/it\/pianificare\/cammino-di-santiago-con-mobilita-ridotta\/","name":"Il Cammino di Santiago con Mobilit\u00e0 ridotta | Percorso migliore","isPartOf":{"@id":"https:\/\/www.pilgrim.es\/it\/#website"},"primaryImageOfPage":{"@id":"https:\/\/www.pilgrim.es\/it\/pianificare\/cammino-di-santiago-con-mobilita-ridotta\/#primaryimage"},"image":{"@id":"https:\/\/www.pilgrim.es\/it\/pianificare\/cammino-di-santiago-con-mobilita-ridotta\/#primaryimage"},"thumbnailUrl":"https:\/\/www.pilgrim.es\/wp-content\/uploads\/2019\/03\/movreducida2.jpg","datePublished":"2019-09-12T16:19:52+00:00","dateModified":"2025-08-19T10:15:10+00:00","description":"Il Cammino di Santiago non conosce limiti, per cui \u00e8 pieno di persone coraggiose che lo fanno pur trovando alcune limitazioni.","breadcrumb":{"@id":"https:\/\/www.pilgrim.es\/it\/pianificare\/cammino-di-santiago-con-mobilita-ridotta\/#breadcrumb"},"inLanguage":"it-IT","potentialAction":[{"@type":"ReadAction","target":["https:\/\/www.pilgrim.es\/it\/pianificare\/cammino-di-santiago-con-mobilita-ridotta\/"]}]},{"@type":"ImageObject","inLanguage":"it-IT","@id":"https:\/\/www.pilgrim.es\/it\/pianificare\/cammino-di-santiago-con-mobilita-ridotta\/#primaryimage","url":"https:\/\/www.pilgrim.es\/wp-content\/uploads\/2019\/03\/movreducida2.jpg","contentUrl":"https:\/\/www.pilgrim.es\/wp-content\/uploads\/2019\/03\/movreducida2.jpg","width":1024,"height":651,"caption":"Percorrere il Cammino di Santiago con Mobilit\u00e0 Ridotta"},{"@type":"BreadcrumbList","@id":"https:\/\/www.pilgrim.es\/it\/pianificare\/cammino-di-santiago-con-mobilita-ridotta\/#breadcrumb","itemListElement":[{"@type":"ListItem","position":1,"name":"Camino de Santiago","item":"https:\/\/www.pilgrim.es\/it\/"},{"@type":"ListItem","position":2,"name":"Pianificare","item":"https:\/\/www.pilgrim.es\/it\/pianificare\/"},{"@type":"ListItem","position":3,"name":"Percorrere il Cammino di Santiago con Mobilit\u00e0 Ridotta"}]},{"@type":"WebSite","@id":"https:\/\/www.pilgrim.es\/it\/#website","url":"https:\/\/www.pilgrim.es\/it\/","name":"Pilgrim","description":"Camino de Santiago | Caminamos Contigo","publisher":{"@id":"https:\/\/www.pilgrim.es\/it\/#organization"},"potentialAction":[{"@type":"SearchAction","target":{"@type":"EntryPoint","urlTemplate":"https:\/\/www.pilgrim.es\/it\/?s={search_term_string}"},"query-input":{"@type":"PropertyValueSpecification","valueRequired":true,"valueName":"search_term_string"}}],"inLanguage":"it-IT"},{"@type":"Organization","@id":"https:\/\/www.pilgrim.es\/it\/#organization","name":"Pilgrim Camino de Santiago","url":"https:\/\/www.pilgrim.es\/it\/","logo":{"@type":"ImageObject","inLanguage":"it-IT","@id":"https:\/\/www.pilgrim.es\/it\/#\/schema\/logo\/image\/","url":"https:\/\/www.pilgrim.es\/wp-content\/uploads\/2019\/04\/logo_pilgrim.png","contentUrl":"https:\/\/www.pilgrim.es\/wp-content\/uploads\/2019\/04\/logo_pilgrim.png","width":512,"height":512,"caption":"Pilgrim Camino de Santiago"},"image":{"@id":"https:\/\/www.pilgrim.es\/it\/#\/schema\/logo\/image\/"},"sameAs":["https:\/\/www.facebook.com\/pilgrim.es\/","https:\/\/x.com\/pilgrim_es","https:\/\/www.instagram.com\/pilgrim.es\/","https:\/\/www.linkedin.com\/company\/pilgrim-camino-de-santiago\/","https:\/\/www.pinterest.es\/pilgrimcaminodesantiago\/","https:\/\/www.youtube.com\/channel\/UCIv2ZzFLXVqthkNF32rKedw\/featured"]}]}},"_links":{"self":[{"href":"https:\/\/www.pilgrim.es\/it\/wp-json\/wp\/v2\/pages\/46654","targetHints":{"allow":["GET"]}}],"collection":[{"href":"https:\/\/www.pilgrim.es\/it\/wp-json\/wp\/v2\/pages"}],"about":[{"href":"https:\/\/www.pilgrim.es\/it\/wp-json\/wp\/v2\/types\/page"}],"author":[{"embeddable":true,"href":"https:\/\/www.pilgrim.es\/it\/wp-json\/wp\/v2\/users\/4"}],"replies":[{"embeddable":true,"href":"https:\/\/www.pilgrim.es\/it\/wp-json\/wp\/v2\/comments?post=46654"}],"version-history":[{"count":11,"href":"https:\/\/www.pilgrim.es\/it\/wp-json\/wp\/v2\/pages\/46654\/revisions"}],"predecessor-version":[{"id":135381,"href":"https:\/\/www.pilgrim.es\/it\/wp-json\/wp\/v2\/pages\/46654\/revisions\/135381"}],"up":[{"embeddable":true,"href":"https:\/\/www.pilgrim.es\/it\/wp-json\/wp\/v2\/pages\/46449"}],"wp:featuredmedia":[{"embeddable":true,"href":"https:\/\/www.pilgrim.es\/it\/wp-json\/wp\/v2\/media\/12318"}],"wp:attachment":[{"href":"https:\/\/www.pilgrim.es\/it\/wp-json\/wp\/v2\/media?parent=46654"}],"wp:term":[{"taxonomy":"category","embeddable":true,"href":"https:\/\/www.pilgrim.es\/it\/wp-json\/wp\/v2\/categories?post=46654"},{"taxonomy":"post_tag","embeddable":true,"href":"https:\/\/www.pilgrim.es\/it\/wp-json\/wp\/v2\/tags?post=46654"}],"curies":[{"name":"wp","href":"https:\/\/api.w.org\/{rel}","templated":true}]}}