{"id":46592,"date":"2019-09-11T16:10:24","date_gmt":"2019-09-11T16:10:24","guid":{"rendered":"https:\/\/prod.pilgrim.es\/pianificare\/come-arrivare-a-galizia\/"},"modified":"2025-08-19T09:56:27","modified_gmt":"2025-08-19T09:56:27","slug":"come-arrivare-a-galizia","status":"publish","type":"page","link":"https:\/\/www.pilgrim.es\/it\/pianificare\/come-arrivare-a-galizia\/","title":{"rendered":"Come arrivare a Galizia"},"content":{"rendered":"\n<div id=\"plannigTips\">\n    <section id=\"navegationPlannig\">\n        <h1>Come arrivare in Galizia<\/h1>\n        <div class=\"p-grid p-grid-cols-2 md:p-grid-cols-3 lg:p-grid-cols-5 p-gap-6 lg:p-gap-10 p-pt-10\">\n            <a href=\"https:\/\/www.pilgrim.es\/planificar\/consejos-al-empezar-el-camino\/\">\n                <div class=\"p-rounded-lg p-bg-optional  p-flex p-flex-col p-justify-start p-p-4\">\n                    <i class=\"icon-bagpack p-text-6xl\"><\/i>\n                    <p class=\"p-text-sm p-pl-2 p-font-bold\">Prima di <br> iniziare<\/p>\n                <\/div>\n            <\/a>\n            <a href=\"https:\/\/www.pilgrim.es\/planificar\/consejos-en-el-camino\/\">\n                <div class=\"p-rounded-lg p-bg-optional p-flex p-flex-col p-justify-start p-p-4\">\n                    <i class=\"icon-pilgrim p-text-6xl\"><\/i>\n                    <p class=\"p-text-sm p-pl-2 p-font-bold\">Durante <br> il Cammino<\/p>\n                <\/div>\n            <\/a>\n            <a href=\"https:\/\/www.pilgrim.es\/planificar\/consejos-al-llegar-a-santiago\/\">\n                <div class=\"p-rounded-lg p-bg-optional p-flex p-flex-col p-justify-start p-p-4\">\n                    <i class=\"icon-cathedral p-text-6xl\"><\/i>\n                    <p class=\"p-text-sm p-pl-2 p-font-bold\">All\u2019arrivo <br> a Santiago<\/p>\n                <\/div>\n            <\/a>\n            <a href=\"https:\/\/www.pilgrim.es\/planificar\/como-llegar-a-galicia\/\">\n                <div class=\"p-rounded-lg p-bg-primary p-text-white p-flex p-flex-col p-justify-start p-p-4\">\n                    <i class=\"icon-galicia p-text-6xl\"><\/i>\n                    <p class=\"p-text-sm p-pl-2 p-font-bold\">Come arrivare <br> in Galizia<\/p>\n                <\/div>\n            <\/a>\n            <a href=\"https:\/\/www.pilgrim.es\/planificar\/como-llegar-a-los-puntos-de-inicio-de-cada-camino\/\">\n                <div class=\"p-rounded-lg p-bg-optional p-flex p-flex-col p-justify-start p-p-4\">\n                    <i class=\"icon-signage p-text-6xl\"><\/i>\n                    <p class=\"p-text-sm p-pl-2 p-font-bold\">Come arrivare <br> ai Cammini<\/p>\n                <\/div>\n            <\/a>\n        <\/div>\n    <\/section>\n    <section class=\"p-pb-0\">\n        <hr class=\"single-bar p-my-5\">\n        <div class=\"p-grid p-grid-cols-1 md:p-grid-cols-2\">\n            <img decoding=\"async\" src=\"https:\/\/cdn.pilgrim.es\/web\/planificar\/mapa-galicia.webp\" alt=\"Mappa Galizia\"\n                class=\"p-w-full md:p-w-2\/3 p-mx-auto\">\n            <div class=\"p-self-center\">\n                <p class=\"p-underline\">Santiago de Compostela<\/p>\n                <div class=\"p-grid p-grid-cols-2\">\n                    <div class=\"p-my-5\">\n                        <p class=\"p-font-bold p-text-sm\">Cammino Portoghese<\/p>\n                        <p><span class=\"p-underline\">Pontevedra<\/span> &#8211; 64 km<\/p>\n                        <p><span class=\"p-underline\">Vigo<\/span> &#8211; 89 km<\/p>\n                    <\/div>\n                    <div class=\"p-my-5\">\n                        <p class=\"p-font-bold p-text-sm\">Cammino Primitivo<\/p>\n                        <p><span class=\"p-underline\">Lugo<\/span> &#8211; 103 km<\/p>\n                    <\/div>\n                    <div class=\"p-my-5\">\n                        <p class=\"p-font-bold p-text-sm\">Cammino Inglese<\/p>\n                        <p><span class=\"p-underline\">A Coru\u00f1a<\/span> &#8211; 72 km<\/p>\n                        <p><span class=\"p-underline\">Ferrol<\/span> &#8211; 96 km<\/p>\n                    <\/div>\n                    <div class=\"p-my-5\">\n                        <p class=\"p-font-bold p-text-sm\">Cammino Sanabr\u00e9s<\/p>\n                        <p><span class=\"p-underline\">Ourense<\/span> &#8211; 104 km<\/p>\n                    <\/div>\n                <\/div>\n            <\/div>\n        <\/div>\n        <hr class=\"single-bar p-my-5\">\n    <\/section>\n    <section id=\"start-points\">\n        <div class=\"p-text-start p-mb-5\">\n            <h2>Santiago de Compostela<\/h2>\n        <\/div>\n        <div class=\"container\">\n            <div>\n                <button class=\"accordion-btn\">\n                    <div class=\"accordion-btn__question\">\n                        <p class=\"p-text-gray-dark p-text-lg\">Aeroporto &#8211; Rosal\u00eda de Castro<\/p>\n                        <span>+<\/span>\n                    <\/div>\n                    <hr \/>\n                <\/button>\n                <div class=\"accordion-content\">\n                    <p class=\"p-mb-5\">L\u2019aeroporto principale della Galizia \u00e8 Lavacolla, a Santiago de Compostela. \u00c8 quello che riceve il maggior numero di passeggeri di tutta la regione, con diverse compagnie aeree e svariati servizi disponibili.<\/p>\n                    <p>In autobus: tutte le fermate si trovano al piano 0.<\/p>\n                    <ul class=\"p-list-disc p-my-5 p-ml-5\">\n                        <li>Esiste una linea che collega il centro citt\u00e0, in particolare Plaza de Galicia, con vari punti di Santiago come la stazione degli autobus, la stazione ferroviaria e il Pazo de Congresos, tra gli altri. Questa linea opera dalle 7:00 all\u20191:00 di notte, con partenze ogni mezz\u2019ora dall\u2019aeroporto. In direzione opposta, dal centro della capitale, funziona dalle 6:00 a mezzanotte con la stessa frequenza. Il costo di un biglietto andata-ritorno \u00e8 di soli 5,10 \u20ac o di 3 \u20ac solo andata. Per maggiori informazioni: <a href=\"http:\/\/www.empresafreire.com\" rel=\"nofollow\">www.empresafreire.com<\/a><\/li>\n                        <li>Se vogliamo invece raggiungere qualcuna delle principali citt\u00e0 della Galizia, ci sono diverse alternative via terra. Per arrivare a Lugo, c\u2019\u00e8 una linea che collega l\u2019aeroporto con questa citt\u00e0, fermandosi in diversi comuni (Arca, Ferreiros, Arz\u00faa, Melide, Palas de Rei e Gunt\u00edn) per un prezzo di 9,15 \u20ac a tratta. Circola ogni ora e mezza circa; consulta disponibilit\u00e0 e frequenza su: <a href=\"http:\/\/www.empresafreire.com\" rel=\"nofollow\">www.empresafreire.com<\/a><\/li>\n                        <li>Per raggiungere A Coru\u00f1a, abbiamo la possibilit\u00e0 di viaggiare alla \u201ccitt\u00e0 erculea\u201d con un biglietto a 7,55 \u20ac. Dal luned\u00ec al venerd\u00ec, le partenze da Lavacolla sono alle 10:00 e alle 18:30, mentre in direzione opposta partono proprio di fronte all\u2019hotel NH Atl\u00e1ntico (ai giardini di M\u00e9ndez N\u00fa\u00f1ez) alle 6:15 e alle 18:30. Per ulteriori informazioni: <a\n                                href=\"http:\/\/www.empresafreire.com\" rel=\"nofollow\">www.empresafreire.com<\/a><\/li>\n                        <li>Sobrado dos Monxes \u00e8 un comune attraversato dal Cammino del Nord, perci\u00f2 esistono diversi collegamenti dall\u2019aeroporto. Le partenze sono dal luned\u00ec al venerd\u00ec alle 18:10, con fermate ad Arca, Arz\u00faa e Boimorto. Per maggiori informazioni: <a\n                                href=\"http:\/\/www.empresafreire.com\" rel=\"nofollow\">www.empresafreire.com<\/a><\/li>\n                        <li>Per raggiungere Burela, Curtis, Vilalba, Mondo\u00f1edo, Foz, Ribadeo e Viveiro, esiste anche una linea dall\u2019aeroporto con una sola partenza al giorno. Orari variabili; per verificare tariffe e orari puoi contattarci, chiedere in aeroporto o consultare il sito della compagnia: <a href=\"http:\/\/www.arriva.es\/\" rel=\"nofollow\">www.arriva.es<\/a><\/li>\n                    <\/ul>\n                    <iframe\n\t\t\t\t\tsrc=\"https:\/\/www.google.com\/maps\/d\/embed?mid=1jaBx3s9vLkX1RLbRHuSHsSdwmQ_1gOc&#038;ehbc=2E312F\"\n                        width=\"100%\" height=\"450\" frameborder=\"0\" style=\"border:0\" allowfullscreen=\"\"><\/iframe>\n                <\/div>\n            <\/div>\n            <div>\n                <button class=\"accordion-btn\">\n                    <div class=\"accordion-btn__question\">\n                        <p class=\"p-text-gray-dark p-text-lg\">Stazione degli Autobus<\/p>\n                        <span>+<\/span>\n                    <\/div>\n                    <hr \/>\n                <\/button>\n                <div class=\"accordion-content\">\n                    <p>Essendo la capitale galiziana, la stazione degli autobus di Santiago de Compostela \u00e8 servita da numerose compagnie che operano su molte destinazioni. Si trova in Plazas de Camilo D\u00edaz Bali\u00f1o, molto vicina alla sede istituzionale della Xunta de Galicia e a San Caetano. \u00c8 aperta dalle 6:00 alle 22:00. Le principali compagnie di trasporto sono le seguenti:<\/p>\n                    <ul class=\"p-list-disc p-my-5 p-ml-5\">\n                        <li>Alsa: questa compagnia gestisce collegamenti da e verso Santiago da diversi punti al di fuori della Spagna, tra cui Germania, Belgio, Paesi Bassi, Francia, Svizzera, Porto, Lisbona, Zamora, Salamanca, M\u00e9rida, Siviglia, Algeciras, Madrid, Burgos, Saragozza, Barcellona, Asturie, Cantabria, Paesi Baschi, Saragozza, Ponferrada, Astorga, Le\u00f3n, Valladolid, ecc. Per ulteriori dettagli su orari e tariffe: https:\/\/www.alsa.es\/<\/li>\n                        <li>Arriva Noroeste: collega principalmente localit\u00e0 della Galizia, con linee che uniscono Curtis, Vilalba, Mondo\u00f1edo, Burela\/Ribadeo, As Pontes, Viveiro, Padr\u00f3n, Boiro, Ribeira e Agui\u00f1o. Consulta gli orari sul sito: http:\/\/www.arriva.es\/<\/li>\n                        <li>Castromil \/ Monbus: collega le principali citt\u00e0 della Galizia con Santiago de Compostela, in particolare con Ferrol, Padr\u00f3n, Caldas de Reis, Fisterra, Lal\u00edn, Silleda, A R\u00faa e O Barco. Altri percorsi portano a A Coru\u00f1a, <a href=\"https:\/\/www.pilgrim.es\/camino-ingles\/sigueiro\/\">Sig\u00fceiro<\/a>, Ordes, Pontevedra, Vigo, Padr\u00f3n, Pontevedra, Betanzos, Noia, Muros, Cee, Ourense, Chantada, Monforte, Cuntis, Vilagarc\u00eda, Cambados, Sanxenxo, O Grove e A Toxa.<\/li>\n                        <li>Autos Carballo (Aucasa): collega la capitale con Santa Comba, Baio, Camari\u00f1as, Carballo, Malpica, Laxe, Pontepedra e Laracha. Per maggiori informazioni: http:\/\/www.aucasabus.com\/<\/li>\n                        <li>Autobuses de Calo: offre una linea che passa per Milladoiro, Soll\u00e1ns, Luou e Casal de Reis. Per informazioni, telefono: 987 548 581.<\/li>\n                        <li>Autos Bustelo: collega Santiago de Compostela con Rois, e viceversa. Per informazioni: 981 905 000 \/ 981 804 173.<\/li>\n                        <li>Empresa Freire: collega Santiago de Compostela con l\u2019aeroporto di Lavacolla, oltre a Lugo, Arz\u00faa, Melide, Palas de Reis, Sobrado e Ferreiros. Altre info: http:\/\/www.empresafreire.com\/<\/li>\n                        <li>Hermanos Ferr\u00edn: opera da Santiago a Bertamir\u00e1ns, Negreira, Mux\u00eda, Tapia, A Ba\u00f1a, Santa Comba, Picara\u00f1a, Reborido e Casalonga. Per maggiori dettagli: 981 873 643.<\/li>\n                    <\/ul>\n                    <p class=\"p-mb-5\">Le compagnie Grabanxa, Donando Campos, L\u00e1zara, Modesto Riveiro, Mosquera e Seaone collegano Santiago de Compostela con Frades, Grabanxa, Nemenzo, Senra, Budi\u00f1o, Cacheiras, A Estrada, Forcarei, Ponteledesma, Vila de Cruces, Boda\u00f1o, Silleda, Agolada, Monterroso, A Gra\u00f1a, Boqueix\u00f3n, Codeso, Mer\u00e9s, Ponte de Sarand\u00f3n e Mer\u00edn. Per informazioni su orari, chiedi alle biglietterie della stazione o chiama i seguenti numeri (ordinati per compagnia): 981 572 584 \/ 986 570 018 \/ 986 580 485 \/ 981 805 463 \/ 981 587 124 \/ 981 562 832.<\/p>\n                    <iframe loading=\"lazy\" src=\"https:\/\/www.google.com\/maps\/d\/embed?mid=1qnqkvxlm5k3uG-JsDgldD2fp4JFauD8&#038;ehbc=2E312F\" width=\"100%\" height=\"450\" frameborder=\"0\" style=\"border:0\" allowfullscreen=\"\"><\/iframe>\n                <\/div>\n            <\/div>\n            <div>\n                <button class=\"accordion-btn\">\n                    <div class=\"accordion-btn__question\">\n                        <p class=\"p-text-gray-dark p-text-lg\">Stazione dei Treni<\/p>\n                        <span>+<\/span>\n                    <\/div>\n                    <hr \/>\n                <\/button>\n                <div class=\"accordion-content\">\n                    <p class=\"p-mb-5\">Questa \u00e8 la stazione ferroviaria pi\u00f9 trafficata di tutta la Galizia e offre numerose tratte. Si trova nella parte sud della citt\u00e0, a un solo chilometro dalla cattedrale, vicino al fiume Sar. Per i viaggi a lunga percorrenza esiste la possibilit\u00e0 di utilizzare il Trenhotel.<\/p>\n                    <p>Le linee principali, divise per comunit\u00e0 autonome, sono le seguenti:<\/p>\n                    <ul class=\"p-list-disc p-my-5 p-ml-5\">\n                        <li>Galizia: A Coru\u00f1a, A Gudi\u00f1a, Bembibre, Betanzos, Catoira, Cerceda, Cesantes (Redondela), Ferrol, Lal\u00edn, Lugo, Monforte de Lemos, O Barco de Valdeorras, O Carballi\u00f1o, O Irixo, Ordes, Osebe (Teo), Ourense, Padr\u00f3n, Pontecesures, Pontedeume, Pontevedra, Redondela, Sarria, Vigo, Vilagarcia de Arousa.<\/li>\n                        <li>Andalusia: Almer\u00eda, Antequera, Cadice, Cordova, Jerez de la Frontera, M\u00e1laga, El Puerto de Santa Mar\u00eda.<\/li>\n                        <li>Castiglia-La Mancia: Albacete, Guadalajara, Toledo e Cuenca.<\/li>\n                        <li>Castiglia e Le\u00f3n: Le\u00f3n, Palencia, Burgos, Valladolid, Zamora, Segovia, Salamanca e \u00c1vila.<\/li>\n                        <li>Comunit\u00e0 Valenzana: Valencia e Alicante.<\/li>\n                        <li>Catalogna: Lleida, Barcellona, Tarragona e Girona.<\/li>\n                        <li>Estremadura: C\u00e1ceres e Badajoz.<\/li>\n                        <li>La Rioja: Logro\u00f1o.<\/li>\n                        <li>Murcia: Murcia, Cartagena.<\/li>\n                        <li>Madrid: Madrid e Barajas.<\/li>\n                    <\/ul>\n                    <p class=\"p-mb-5\">Per maggiori informazioni su orari e linee, visita: http:\/\/www.renfe.com\/<\/p>\n\t\t\t\t\t<iframe loading=\"lazy\" src=\"https:\/\/www.google.com\/maps\/d\/embed?mid=1KXWXRc2kPdQ2i7D7Nr54tYAk_9EtGls&#038;ehbc=2E312F\" width=\"100%\" height=\"450\" frameborder=\"0\" style=\"border:0\" allowfullscreen=\"\"><\/iframe>\n                <\/div>\n            <\/div>\n            <div>\n                <button class=\"accordion-btn\">\n                    <div class=\"accordion-btn__question\">\n                        <p class=\"p-text-gray-dark p-text-lg\">In auto<\/p>\n                        <span>+<\/span>\n                    <\/div>\n                    <hr \/>\n                <\/button>\n                <div class=\"accordion-content\">\n                    <p>La principale via d\u2019accesso alla capitale della Galizia \u00e8 l\u2019autostrada AP-9, che collega la citt\u00e0 con A Coru\u00f1a, Ferrol, Pontevedra, Vigo e il Portogallo.<\/p>\n                    <p class=\"p-my-5\">Possiamo entrare nella \u201cterra dell\u2019Apostolo\u201d anche tramite la AP-53, che parte da Lal\u00edn e, grazie alla vicinanza della N-525, collega Ourense e Madrid. Un\u2019altra opzione \u00e8 la A-6, che attraversa la parte nord della Galizia, nella provincia di Lugo. Da l\u00ec, si pu\u00f2 collegare con la AP-9 prima di arrivare a A Coru\u00f1a. Infine, se veniamo dal nord della Spagna o dal Portogallo, possiamo utilizzare la A-8 e poi la A-6.<\/p>\n                <\/div>\n            <\/div>\n        <\/div>\n        <div class=\"p-text-start p-mb-5\">\n            <h2>A Coru\u00f1a<\/h2>\n        <\/div>\n        <div class=\"container\">\n            <div>\n                <button class=\"accordion-btn\">\n                    <div class=\"accordion-btn__question\">\n                        <p class=\"p-text-gray-dark p-text-lg\">Aeroporto &#8211; Alvedro<\/p>\n                        <span>+<\/span>\n                    <\/div>\n                    <hr \/>\n                <\/button>\n                <div class=\"accordion-content\">\n                    <p class=\"p-mb-5\">Questo aeroporto si trova a Culleredo, localit\u00e0 confinante con la citt\u00e0 di A Coru\u00f1a, a circa otto chilometri di distanza.<\/p>\n\t\t            <p><strong>Accessi<\/strong><\/p>\n                    <ul class=\"p-list-disc p-my-5 p-ml-5\">\n                        <li>In autobus: tutte le fermate sono al piano 0. C\u2019\u00e8 una linea regolare che collega l\u2019aeroporto con il centro della citt\u00e0 e viceversa, precisamente con la zona di Puerta Real, fermandosi a Casino, Plaza de Ourense, Avenida de Alfonso Molina, Alcampo, Portazgo, Corveira e infine Vilaboa. Nei giorni feriali, in entrambe le direzioni, circola ogni mezz\u2019ora dalle 7:15 alle 21:45, prolungato fino alle 22:00 il sabato. La domenica e festivi opera dalle 8:30 alle 22:30 da A Coru\u00f1a e dalle 9:00 alle 22:00 in senso opposto, con frequenza variabile. Per maggiori informazioni: <a href=\"http:\/\/www.autoscalpita.es\/\" rel=\"nofollow\">www.autoscalpita.es<\/a><\/li>\n\t\t\t\t\t    <li>Per accedere via terra, possiamo raggiungere l\u2019aeroporto tramite la AP-9, prendendo l\u2019uscita O Burgo, poi la AC-211, DP-3103, infine la N-550 e AC-14AL. Se vogliamo spostarci da o verso il centro della citt\u00e0, dobbiamo prendere la AC-14 e Alfonso Molina, quindi deviare sulla AC-11 e AC-14. Se preferiamo un taxi, c\u2019\u00e8 la fermata di fianco a quella degli autobus, con un supplemento di 0,73 \u20ac per il bagagliaio. Per contattare la compagnia di taxi: 981 243 333 \/ 981 287 777.<\/li>\n                    <\/ul>\n                    <iframe loading=\"lazy\" src=\"https:\/\/www.google.com\/maps\/d\/embed?mid=1j1JI8egP98-TN_x8-ScsXFIkEQhIqrQ&#038;ehbc=2E312F\" width=\"100%\" height=\"450\" frameborder=\"0\" style=\"border:0\" allowfullscreen=\"\"><\/iframe>\n                <\/div>\n            <\/div>\n            <div>\n                <button class=\"accordion-btn\">\n                    <div class=\"accordion-btn__question\">\n                        <p class=\"p-text-gray-dark p-text-lg\">Stazione degli Autobus<\/p>\n                        <span>+<\/span>\n                    <\/div>\n                    <hr \/>\n                <\/button>\n\n                <div class=\"accordion-content\">\n                    <p>La stazione centrale degli autobus di A Coru\u00f1a si trova in Calle Caballeros 21, molto vicina alla Ronda de Outeiro e alla stazione ferroviaria. Le compagnie e le linee attive sono:<\/p>\n                    <ul class=\"p-list-disc p-my-5 p-ml-5\">\n                        <li>Alsa: come a Santiago, questa compagnia offre numerosi collegamenti con citt\u00e0 spagnole ed estere. Tra cui Asturie, Madrid, Santander, Valladolid, Badajoz, Baracaldo, Barcellona, Bilbao, Cordova, Logro\u00f1o e Loja. Per l\u2019estero, c\u2019\u00e8 un collegamento con Londra (Victoria Station). Ulteriori dettagli su orari e tariffe: https:\/\/www.alsa.es\/<\/li>\n\t\t\t\t\t    <li>Dainco: un\u2019altra compagnia con servizi al di fuori della Galizia, precisamente verso Algeciras e Salamanca. Maggiori info: http:\/\/www.dainco.es\/<\/li>\n\t\t\t\t\t    <li>Arriva: una delle principali compagnie che operano nella \u201ccitt\u00e0 erculea.\u201d I collegamenti principali sono con Ferrol e Lugo, con fermate a Abad\u00edn, Betanzos, Cabanas, Celeiro, Mera, Monterroso, Sobrado e Vegadeo. Altre info: http:\/\/www.arriva.gal\/<\/li>\n\t\t\t\t\t    <li>Monbus: una delle pi\u00f9 grandi compagnie attive a A Coru\u00f1a, con servizi da\/per Vigo, Santiago de Compostela, Ribadeo, Pontevedram, Picara\u00f1a, Carral, Caldas de Reis, A Barcia, ecc. Info su altre linee: http:\/\/www.monbus.es\/es<\/li>\n\t\t\t\t\t    <li>Autocares V\u00e1zquez: connette Arteixo, Carballo, Corme, Laxe, Malpica, Mux\u00eda e Pontesco. Per fermate e orari: http:\/\/autocaresvazquez.net\/<\/li>\n\t\t\t\t\t    <li>Autos Calpita: collega A Coru\u00f1a con i comuni di Carral e Culleredo, con partenze circa ogni ora. Sito web: http:\/\/autoscalpita.com\/<\/li>\n\t\t\t\t\t    <li>Autos Grabanxa: collega principalmente O Burgo e Mes\u00eda, con fermate a A Cabana, A Cruz de Pastoriza, A Igrexa, A Malata, ecc. Info: http:\/\/www.autosgrabanxa.com\/<\/li>\n\t\t\t\t\t    <li>Autos Gonz\u00e1lez: collega A Coru\u00f1a con Ourense. Info su orari e tariffe: http:\/\/www.autosgonzalez.es\/<\/li>\n\t\t\t\t\t    <li>Autos Paco: collega A Coru\u00f1a con Ferrol e Valdovi\u00f1o. Per maggiori info: http:\/\/www.autospaco.es\/<\/li>\n                    <\/ul>\n                    <iframe loading=\"lazy\" src=\"https:\/\/www.google.com\/maps\/d\/embed?mid=1YJP9qS21MWlCSlKZGlL1Ia6-fowZ_9g&#038;ehbc=2E312F\" width=\"100%\" height=\"450\" frameborder=\"0\" style=\"border:0\" allowfullscreen=\"\"><\/iframe>\n                <\/div>\n            <\/div>\n            <div>\n                <button class=\"accordion-btn\">\n                    <div class=\"accordion-btn__question\">\n                        <p class=\"p-text-gray-dark p-text-lg\">Stazione dei Treni<\/p>\n                        <span>+<\/span>\n                    <\/div>\n                    <hr \/>\n                <\/button>\n                <div class=\"accordion-content\">\n                    <p>La stazione ferroviaria di A Coru\u00f1a si trova in Avenida del Ferrocarril 2, nella zona chiamata Los Mallos, vicino alla stazione degli autobus cittadina. \u00c8 aperta dalle 5:00 a mezzanotte e offre collegamenti con molte aree della Spagna e anche all\u2019estero. Per i viaggi a lunga percorrenza, c\u2019\u00e8 il Trenhotel. Da\/per questa stazione possiamo viaggiare in varie regioni, come:<\/p>\n                    <ul class=\"p-list-disc p-my-5 p-ml-5\">\n                        <li>Galizia: A Gudi\u00f1a, Baamonde, Betanzos, Cabanas, Cerceda, Cesuras, Curtis, Ferrol, Guitiriz, Lugo, Mi\u00f1o, Neda, Ourense, O Barco de Valdeorras, Padr\u00f3n, Pontedeume, Pontevedra, Redondela, Santiago de Compostela, Sarria, Vigo, Vilagarcia de Arousa, ecc.<\/li>\n                        <li>Andalusia: Almer\u00eda, Cadice, Cordova, Jerez de la Frontera, Siviglia, \u00dabeda, M\u00e1laga, ecc.<\/li>\n                        <li>Castiglia-La Mancia: Albacete, Cuenca, Guadalajara, Talavera de la Reina.<\/li>\n                        <li>Castiglia e Le\u00f3n: Le\u00f3n, Astorga, Burgos, Segovia, Zamora, Sahag\u00fan e Valladolid.<\/li>\n                        <li>Comunit\u00e0 Valenzana: Alicante, Villena e Valencia.<\/li>\n                        <li>Catalogna: Barcellona, Lleida e Figueres Vilafant.<\/li>\n                        <li>Estremadura: C\u00e1ceres e Badajoz.<\/li>\n                        <li>La Rioja: Logro\u00f1o.<\/li>\n                        <li>Murcia: Murcia, Cartagena.<\/li>\n                        <li>Madrid: Madrid e Barajas.<\/li>\n                    <\/ul>\n                    <p class=\"p-mb-5\">Per informazioni pi\u00f9 dettagliate su fermate di ogni linea: http:\/\/www.renfe.com\/<\/p>\n                    <iframe loading=\"lazy\" src=\"https:\/\/www.google.com\/maps\/d\/embed?mid=1wtsnTNhjwsURKzYbVYVM-8AfMgBedoc&#038;ehbc=2E312F\" width=\"100%\" height=\"450\" frameborder=\"0\" style=\"border:0\" allowfullscreen=\"\"><\/iframe>\n                <\/div>\n            <\/div>\n            <div>\n                <button class=\"accordion-btn\">\n                    <div class=\"accordion-btn__question\">\n                        <p class=\"p-text-gray-dark p-text-lg\">In auto<\/p>\n                        <span>+<\/span>\n                    <\/div>\n                    <hr \/>\n                <\/button>\n                <div class=\"accordion-content\">\n                    <p>Per arrivare a A Coru\u00f1a in auto ci sono molte opzioni, a seconda del punto di partenza. Come per Santiago, la pi\u00f9 utilizzata \u00e8 l\u2019autostrada AP-9, che collega gran parte della Galizia. Possiamo cos\u00ec raggiungere A Coru\u00f1a da citt\u00e0 come Pontevedra, Vigo o Ferrol. Se preferiamo strade nazionali, dobbiamo seguire la N-364, che attraversa gran parte del nord della penisola fino al sud della Francia. Se viaggiamo dal centro del paese, buona parte del percorso pu\u00f2 essere coperta con l\u2019autovia del Noroeste e l\u2019autostrada di Carballo.<\/p>\n                <\/div>\n            <\/div>\n        <\/div>\n        <div class=\"p-text-start p-mb-5\">\n            <h2>Vigo<\/h2>\n        <\/div>\n        <div class=\"container\">\n            <div>\n                <button class=\"accordion-btn\">\n                    <div class=\"accordion-btn__question\">\n                        <p class=\"p-text-gray-dark p-text-lg\">Aeroporto &#8211; Peinador<\/p>\n                        <span>+<\/span>\n                    <\/div>\n                    <hr \/>\n                <\/button>\n                <div class=\"accordion-content\">\n                    <p>A circa nove chilometri dal centro di Vigo, questo aeroporto serve la provincia di Pontevedra e Ourense, oltre alla regione Galizia-nord del Portogallo.<\/p>\n\t\t            <p><strong>Accessi<\/strong><\/p>\n                    <ul class=\"p-list-disc p-my-5 p-ml-5\">\n                        <li>In autobus: esiste una linea regolare che collega l\u2019aeroporto al centro di Vigo, terminando in Plaza Eugenio Fadrique. Circola ogni 30 minuti dalle 7:30 alle 22:30, con due partenze anticipa alle 5:55, 6:25 e 7:07 nei giorni feriali. Il sabato ci sono due corse alle 6:40 e 7:30, mentre dalle 8:00 alle 22:00 opera con frequenza ogni 30 minuti. La domenica e festivi: ogni ora dalle 9:30 alle 14:30, e il pomeriggio dalle 15:00 alle 23:00 ogni mezz\u2019ora. Ulteriori info: http:\/\/www.vitrasa.es\/<\/li>\n\t\t\t\t\t    <li>In auto: per raggiungere o lasciare Peinador dobbiamo prendere la N-556, a cui possiamo accedere dalla AP-9 o dalla A-55. Se vogliamo un taxi, la fermata \u00e8 al piano 0 accanto a quella degli autobus. Per i comuni di Vigo, Mos e Redondela \u00e8 prevista una tariffa fissa di circa 22\u20ac.<\/li>\n                    <\/ul>\n\t\t\t\t\t<iframe loading=\"lazy\"\n                        src=\"https:\/\/www.google.com\/maps\/d\/embed?mid=1x7IXHADT3QSoM88k5N--jk26L4n2E7A&#038;ehbc=2E312F\"\n                        width=\"100%\" height=\"450\" frameborder=\"0\" style=\"border:0\" allowfullscreen=\"\"><\/iframe>\n                <\/div>\n            <\/div>\n            <div>\n                <button class=\"accordion-btn\">\n                    <div class=\"accordion-btn__question\">\n                        <p class=\"p-text-gray-dark p-text-lg\">Stazione degli Autobus<\/p>\n                        <span>+<\/span>\n                    <\/div>\n                    <hr \/>\n                <\/button>\n\n                <div class=\"accordion-content\">\n                    <p>Essendo un\u2019altra delle principali citt\u00e0 galiziane, la stazione degli autobus di Vigo ospita diverse compagnie importanti con molte linee e collegamenti.<\/p>\n                    <ul class=\"p-list-disc p-my-5 p-ml-5\">\n                        <li>Alsa: presente anche qui, offre collegamenti e relazioni con diverse citt\u00e0 europee e spagnole. Spiccano quelle verso il nord del Paese (Asturie, Cantabria, Paesi Baschi) e le linee regolari verso varie parti dell\u2019Andalusia e la Catalogna. Info: https:\/\/www.alsa.es\/<\/li>\n\t\t\t\t\t    <li>Grupo Avanza: collega Vigo con Madrid, Valladolid e Forcarei. Frequenza\/orari: http:\/\/www.avanzabus.com\/<\/li>\n\t\t\t\t\t    <li>Autna: collega Vigo con le citt\u00e0 portoghesi di Lisbona e Porto.<\/li>\n\t\t\t\t\t    <li>Castromil \/ Monbus: attiva in tutte le principali stazioni degli autobus di Galizia, con linee da Vigo a Morrazo, Pontevedra, Sanxenxo, Santiago, A Coru\u00f1a, Ferrol, Ourense e Lugo. Offre anche rotte fuori dalla Galizia: Valladolid, Burgos, Logro\u00f1o, San Sebasti\u00e1n, Vitoria-Gasteiz, Saragozza, Lleida, Barcellona. Info: http:\/\/www.monbus.es\/<\/li>\n\t\t\t\t\t    <li>Melytour: serve linee da Vigo a Gondomar e all\u2019universit\u00e0 della citt\u00e0. Numero di telefono: 986 442 222<\/li>\n\t\t\t\t\t    <li>Atsa e Autocares Gonz\u00e1lez: soprattutto d\u2019estate, collegano Vigo con Nigr\u00e1n, Playa Am\u00e9rica, Baiona, A Guarda e O Rosal. Info: http:\/\/atsahorarios.com\/ e http:\/\/www.autosgonzalez.es\/<\/li>\n\t\t\t\t\t    <li>Vitrasa: compagnia che gestisce l\u2019area urbana di Vigo. Sito web: http:\/\/www.vitrasa.es<\/li>\n                    <\/ul>\n                    <iframe loading=\"lazy\" src=\"https:\/\/www.google.com\/maps\/d\/embed?mid=1YUZ2S930ptAH_JYZUljd8m_xopD2xwk&#038;ehbc=2E312F\" width=\"100%\" height=\"450\" frameborder=\"0\" style=\"border:0\" allowfullscreen=\"\"><\/iframe>\n                <\/div>\n            <\/div>\n            <div>\n                <button class=\"accordion-btn\">\n                    <div class=\"accordion-btn__question\">\n                        <p class=\"p-text-gray-dark p-text-lg\">Stazione dei Treni<\/p>\n                        <span>+<\/span>\n                    <\/div>\n                    <hr \/>\n                <\/button>\n                <div class=\"accordion-content\">\n                    <p class=\"p-mb-5\">Vigo dispone di due stazioni ferroviarie: Guixar e Urz\u00e1iz. La prima si trova vicino al porto, in R\u00faa Areal, mentre Urz\u00e1iz \u00e8 nell\u2019entroterra, presso Plaza de la Estaci\u00f3n. Entrambe restano aperte fino a tarda sera (Guixar dalle 5:00 alle 00:00 e Urz\u00e1iz un\u2019ora meno) e garantiscono numerose linee.<\/p>\n\t\t            <p>Da Vigo possiamo viaggiare o giungere in citt\u00e0 da moltissime destinazioni, sia all\u2019interno della Galizia che nel resto della Spagna e del Portogallo.<\/p>\n                    <ul class=\"p-list-disc p-my-5 p-ml-5\">\n                        <li>Galizia: A Coru\u00f1a, A Gudi\u00f1a, A Pobra do Broll\u00f3n, A R\u00faa, Arcade, As Neves, Barbantes, Barra de Mi\u00f1o, Bembibre, Catoira, Cerceda, Cesantes, Covas, Pontecesures, Pontevedra, Redondela, Quiroga, San Estevo do Sil, San Pedro de Sil, Santiago de Compostela, Sobradelo, Tui, Vilagarcia de Arousa, Vilamartin de Valdeorras.<\/li>\n\t\t\t\t\t    <li>Andalusia: Cadice, Cordova, M\u00e1laga, El Puerto de Santa Mar\u00eda, San Fernando, Siviglia, ecc.<\/li>\n\t\t\t\t\t    <li>Castiglia-La Mancia: Albacete, Cuenca, Guadalajara, Talavera de la Reina.<\/li>\n\t\t\t\t\t    <li>Castiglia e Le\u00f3n: Le\u00f3n, Astorga, Burgos, Segovia, Zamora, Sahag\u00fan e Valladolid.<\/li>\n\t\t\t\t\t    <li>Comunit\u00e0 Valenzana: Alicante, Villena e Valencia.<\/li>\n\t\t\t\t\t    <li>Catalogna: Lleida, Barcellona e Figueres Vilafant.<\/li>\n\t\t\t\t\t    <li>Estremadura: C\u00e1ceres e Badajoz.<\/li>\n\t\t\t\t\t    <li>La Rioja: Logro\u00f1o.<\/li>\n\t\t\t\t\t    <li>Murcia: Murcia, Cartagena.<\/li>\n\t\t\t\t\t    <li>Madrid: Madrid e Barajas.<\/li>\n                    <\/ul>\n                    <iframe loading=\"lazy\" src=\"https:\/\/www.google.com\/maps\/d\/embed?mid=1PE0BcFE3t1sYIrzImRDLeyND60mKPlw&#038;ehbc=2E312F\" width=\"100%\" height=\"450\" frameborder=\"0\" style=\"border:0\" allowfullscreen=\"\"><\/iframe>\n                <\/div>\n            <\/div>\n            <div>\n                <button class=\"accordion-btn\">\n                    <div class=\"accordion-btn__question\">\n                        <p class=\"p-text-gray-dark p-text-lg\">In auto<\/p>\n                        <span>+<\/span>\n                    <\/div>\n                    <hr \/>\n                <\/button>\n                <div class=\"accordion-content\">\n                    <p>La principale via d\u2019accesso a Vigo \u00e8 ancora l\u2019autostrada AP-9, che la collega con A Coru\u00f1a, Ferrol, Pontevedra o Santiago. Se proveniamo dal sud della penisola o dal Portogallo, l\u2019opzione migliore \u00e8 la A-3, che attraversa il Portogallo da Braga fino al centro di Vigo. Abbiamo anche la possibilit\u00e0 di viaggiare dal nord peninsulare grazie alla A-6 e alla A-52.<\/p>\n                <\/div>\n            <\/div>\n        <\/div>\n        <div class=\"p-text-start p-mb-5\">\n            <h2>Pontevedra<\/h2>\n        <\/div>\n        <div class=\"container\">\n            <div>\n                <button class=\"accordion-btn\">\n                    <div class=\"accordion-btn__question\">\n                        <p class=\"p-text-gray-dark p-text-lg\">Stazione degli Autobus<\/p>\n                        <span>+<\/span>\n                    <\/div>\n                    <hr \/>\n                <\/button>\n\n                <div class=\"accordion-content\">\n                    <p>La stazione degli autobus di Pontevedra si trova nell\u2019Avenida R\u00faa Calvo Sotelo, molto vicina all\u2019Avenida Orense, parallela al fiume. Le principali compagnie operanti sono:<\/p>\n                    <ul class=\"p-list-disc p-my-5 p-ml-5\">\n                        <li>Alsa: collega Pontevedra con Madrid e Lugo. Pi\u00f9 info: https:\/\/www.alsa.es\/<\/li>\n\t\t\t\t\t    <li>Monbus: un\u2019altra grande compagnia che offre servizi da e per questa citt\u00e0. Tra le destinazioni spiccano A Coru\u00f1a, Lugo, O Grove, Ourense, Santiago de Compostela, Sanxenxo, Vigo, Barcellona, Bilbao, Burgos, Ir\u00fan, Lleida, Logro\u00f1o, Vitoria e San Sebasti\u00e1n. Info su: http:\/\/www.monbus.es\/<\/li>\n\t\t\t\t\t    <li>Avanza Grupo: offre linee da Pontevedra a Madrid, Tordesillas e Soutelo de Montes. Info: http:\/\/www.avanzabus.com\/<\/li>\n\t\t\t\t\t    <li>Cui\u00f1a: integrata nel gruppo R\u00edas Altas, serve A Estrada, Silleda, Meis, Ribadumia, Cambados, San Pedro de Ancorados e varie tratte universitarie verso Santiago e Vigo. Info: http:\/\/www.autocarescuina.com\/<\/li>\n\t\t\t\t\t    <li>Garcia Castro: da Pontevedra verso Ponte Caldelas e Carballedo. Info: http:\/\/www.autocaresgarciacastro.com\/<\/li>\n\t\t\t\t\t    <li>N\u00fa\u00f1ez Barros: collega localit\u00e0 come Vilagarc\u00eda, Illa de Arousa, Vilanova, Ponte Arnelas, Andras e Hospital do Saln\u00e9s con Pontevedra. Sito web: http:\/\/www.autocaresnb.com\/<\/li>\n\t\t\t\t\t    <li>Empresa Ra\u00fal: collega Pontevedra con A Ca\u00f1iza e O Porri\u00f1o. Orari e percorsi su: http:\/\/www.empresaraul.com\/<\/li>\n\t\t\t\t\t    <li>R\u00edas Baixas: azienda che gestisce il trasporto metropolitano della citt\u00e0, collegando la stazione degli autobus con luoghi come plaza de Espa\u00f1a, Monte Porreiro e Salcedo. Info: http:\/\/www.autocaresriasbaixas.com\/<\/li>\n                    <\/ul>\n                    <iframe loading=\"lazy\" src=\"https:\/\/www.google.com\/maps\/d\/embed?mid=1hqS4MY3bODx9RMi1jP55QUr2Q6bcwZ0&#038;ehbc=2E312F\" width=\"100%\" height=\"450\" frameborder=\"0\" style=\"border:0\" allowfullscreen=\"\"><\/iframe>\n                <\/div>\n            <\/div>\n            <div>\n                <button class=\"accordion-btn\">\n                    <div class=\"accordion-btn__question\">\n                        <p class=\"p-text-gray-dark p-text-lg\">Stazione dei Treni<\/p>\n                        <span>+<\/span>\n                    <\/div>\n                    <hr \/>\n                <\/button>\n                <div class=\"accordion-content\">\n                    <p>La stazione centrale di Pontevedra si trova in Avenida de la Estaci\u00f3n, a soli cinque minuti dal centro. Aperta dalle 5:30 alle 23:30, con molte linee da\/per questa capitale provinciale.<\/p>\n                    <ul class=\"p-list-disc p-my-5 p-ml-5\">\n                        <li>Galizia: A Coru\u00f1a, A Gudi\u00f1a, A Pobra do Broll\u00f3n, A R\u00faa, Arcade, As Neves, Barbantes, Barra de Mi\u00f1o, Bembibre, Catoira, Cerceda, Cesantes, Covas, Pontecesures, Pontevedra, Redondela, Quiroga, San Estevo do Sil, San Pedro de Sil, Santiago de Compostela, Sobradelo, Tui, Vilagarcia de Arousa, Vilamartin de Valdeorras.<\/li>\n\t\t\t\t\t    <li>Andalusia: Cadice, Cordova, M\u00e1laga, El Puerto de Santa Mar\u00eda, San Fernando, Siviglia, ecc.<\/li>\n\t\t\t\t\t    <li>Castiglia-La Mancia: Albacete, Cuenca, Guadalajara, Talavera de la Reina.<\/li>\n\t\t\t\t\t    <li>Castiglia e Le\u00f3n: Le\u00f3n, Astorga, Burgos, Segovia, Zamora, Sahag\u00fan e Valladolid.<\/li>\n\t\t\t\t\t    <li>Comunit\u00e0 Valenzana: Alicante e Valencia.<\/li>\n\t\t\t\t\t    <li>Catalogna: Barcellona e Figueres Vilafant.<\/li>\n\t\t\t\t\t    <li>Estremadura: C\u00e1ceres e Badajoz.<\/li>\n\t\t\t\t\t    <li>Murcia: Murcia, Cartagena.<\/li>\n\t\t\t\t\t    <li>Madrid: Madrid e Barajas.<\/li>\n                    <\/ul>\n\t\t\t\t\t<iframe loading=\"lazy\" src=\"https:\/\/www.google.com\/maps\/d\/embed?mid=1sIEHPxt9dTfO5cBcSqhJoOwAe1R6oqU&#038;ehbc=2E312F\" width=\"100%\" height=\"450\" frameborder=\"0\" style=\"border:0\" allowfullscreen=\"\"><\/iframe>\n                <\/div>\n            <\/div>\n            <div>\n                <button class=\"accordion-btn\">\n                    <div class=\"accordion-btn__question\">\n                        <p class=\"p-text-gray-dark p-text-lg\">In auto<\/p>\n                        <span>+<\/span>\n                    <\/div>\n                    <hr \/>\n                <\/button>\n                <div class=\"accordion-content\">\n                    <p>Anche questa citt\u00e0 nel sud della Galizia \u00e8 ben collegata al resto della regione grazie all\u2019AP-9 (Autopista del Atl\u00e1ntico). Se arriviamo dal sud della Spagna o dal vicino Portogallo, utilizzeremo la A-3, accessibile da citt\u00e0 come Braga, Lisbona o Porto. L\u2019autostrada A-52 consente di arrivare a Pontevedra dal centro\/sud del Paese. Infine c\u2019\u00e8 la strada veloce VR4.1, che la collega a Vilagarc\u00eda de Arousa.<\/p>\n                <\/div>\n            <\/div>\n        <\/div>\n        <div class=\"p-text-start p-mb-5\">\n            <h2>Ourense<\/h2>\n        <\/div>\n        <div class=\"container\">\n            <div>\n                <button class=\"accordion-btn\">\n                    <div class=\"accordion-btn__question\">\n                        <p class=\"p-text-gray-dark p-text-lg\">Stazione degli Autobus<\/p>\n                        <span>+<\/span>\n                    <\/div>\n                    <hr \/>\n                <\/button>\n\n                <div class=\"accordion-content\">\n                    <p>\u00c8 possibile raggiungere la citt\u00e0 di Ourense tramite la sua stazione degli autobus con le seguenti linee e compagnie:<\/p>\n                    <ul class=\"p-list-disc p-my-5 p-ml-5\">\n                        <li>Alsa, Anpi\u00e1n e Socitransa: offrono servizi internazionali da Ourense. Tra le citt\u00e0 raggiunte, troviamo paesi come Francia, Inghilterra, Germania, Svizzera, Portogallo, ecc. Per dettagli su linee e frequenze, visita i loro siti: https:\/\/www.alsa.es\/ http:\/\/www.anpian.com\/ http:\/\/www.socitransa.com\/<\/li>\n\t\t\t\t\t<li>Per le destinazioni nazionali, Ourense \u00e8 collegata a diverse zone della Spagna grazie a Monbus, Auto-Res e Alsa. Alcune destinazioni includono Barcellona, Madrid, Burgos, Ir\u00fan, Logro\u00f1o, Palencia, Pamplona, Puebla de Sanabria, Astorga, Le\u00f3n, Oviedo, Siviglia, ecc. Maggiori info: http:\/\/www.monbus.es\/es, http:\/\/www.avanzabus.com\/, https:\/\/www.alsa.es\/<\/li>\n\t\t\t\t\t<li>Per le tratte regionali e provinciali, compagnie come Anpi\u00e1n, Monbus, Autos Gonz\u00e1lez, Alfer e Arriva permettono di spostarsi da luoghi come A Coru\u00f1a, Lugo, Monforte, Pontevedra, Santiago, Vigo, Lobios, Ribadavia, Xinzo, Ver\u00edn, Carballi\u00f1o, Maside, Oseira, Xunqueira de Espa\u00f1aredo, Vilamar\u00edn, ecc. Info su orari e tratte su: http:\/\/www.anpian.com\/, http:\/\/www.autosagonzalezmaceda.com\/, http:\/\/www.arriva.es\/<\/li>\n                    <\/ul>\n                    <iframe loading=\"lazy\" src=\"https:\/\/www.google.com\/maps\/d\/embed?mid=1UaeTLlqff07oR1BG2pujimRehxWCUAM&#038;ehbc=2E312F\" width=\"100%\" height=\"450\" frameborder=\"0\" style=\"border:0\" allowfullscreen=\"\"><\/iframe>\n                <\/div>\n            <\/div>\n            <div>\n                <button class=\"accordion-btn\">\n                    <div class=\"accordion-btn__question\">\n                        <p class=\"p-text-gray-dark p-text-lg\">Stazione dei Treni<\/p>\n                        <span>+<\/span>\n                    <\/div>\n                    <hr \/>\n                <\/button>\n                <div class=\"accordion-content\">\n                    <p>La stazione centrale di Pontevedra si trova in Avenida de la Estaci\u00f3n, a soli cinque minuti dal centro della citt\u00e0. Aperta dalle 5:30 alle 23:30, con molte linee da\/per questa capitale provinciale.<\/p>\n                    <ul class=\"p-list-disc p-my-5 p-ml-5\">\n                        <li>Galizia: A Coru\u00f1a, A Gudi\u00f1a, A Pobra do Broll\u00f3n, A R\u00faa, Arcade, As Neves, Barbantes, Barra de Mi\u00f1o, Bembibre, Catoira, Cerceda, Cesantes, Covas, Pontecesures, Pontevedra, Redondela, Quiroga, San Estevo do Sil, San Pedro de Sil, Santiago de Compostela, Sobradelo, Tui, Vilagarcia de Arousa, Vilamartin de Valdeorras.<\/li>\n\t\t\t\t\t    <li>Andalusia: Cadice, Cordova, M\u00e1laga, El Puerto de Santa Mar\u00eda, San Fernando, Siviglia, ecc.<\/li>\n\t\t\t\t\t    <li>Castiglia-La Mancia: Albacete, Cuenca, Guadalajara, Talavera de la Reina.<\/li>\n\t\t\t\t\t    <li>Castiglia e Le\u00f3n: Le\u00f3n, Astorga, Burgos, Segovia, Zamora, Sahag\u00fan e Valladolid.<\/li>\n\t\t\t\t\t    <li>Comunit\u00e0 Valenzana: Alicante e Valencia.<\/li>\n\t\t\t\t\t    <li>Catalogna: Barcellona e Figueres Vilafant.<\/li>\n\t\t\t\t\t    <li>Estremadura: C\u00e1ceres e Badajoz.<\/li>\n\t\t\t\t\t    <li>Murcia: Murcia, Cartagena.<\/li>\n\t\t\t\t\t    <li>Madrid: Madrid e Barajas.<\/li>\n                    <\/ul>\n                    <iframe loading=\"lazy\" src=\"https:\/\/www.google.com\/maps\/d\/embed?mid=1UaeTLlqff07oR1BG2pujimRehxWCUAM&#038;ehbc=2E312F\" width=\"100%\" height=\"450\" frameborder=\"0\" style=\"border:0\" allowfullscreen=\"\"><\/iframe>\n                <\/div>\n            <\/div>\n            <div>\n                <button class=\"accordion-btn\">\n                    <div class=\"accordion-btn__question\">\n                        <p class=\"p-text-gray-dark p-text-lg\">In auto<\/p>\n                        <span>+<\/span>\n                    <\/div>\n                    <hr \/>\n                <\/button>\n                <div class=\"accordion-content\">\n                    <p>La provincia di Ourense e in particolare la sua capitale sono collegate al resto della regione da diverse strade nazionali. Grazie alla N-525 si arriva in citt\u00e0 da localit\u00e0 come Madrid, A Coru\u00f1a e Santiago de Compostela. Da quest\u2019ultima, c\u2019\u00e8 anche l\u2019autostrada A-53 che unisce entrambe le citt\u00e0. La N-120 collega Ourense con Vigo e Monforte, mentre la N-540 la unisce a Lugo e alla citt\u00e0 portoghese di Braga. Infine, se proveniamo da Pontevedra, dobbiamo seguire la N-541.<\/p>\n                <\/div>\n            <\/div>\n        <\/div>\n        <div class=\"p-text-start p-mb-5\">\n            <h2>Ferrol<\/h2>\n        <\/div>\n        <div class=\"container\">\n            <div>\n                <button class=\"accordion-btn\">\n                    <div class=\"accordion-btn__question\">\n                        <p class=\"p-text-gray-dark p-text-lg\">Stazione degli Autobus<\/p>\n                        <span>+<\/span>\n                    <\/div>\n                    <hr \/>\n                <\/button>\n\n                <div class=\"accordion-content\">\n                    <p>La stazione degli autobus del punto di partenza del Cammino Inglese, Ferrol, si trova proprio accanto alla stazione dei treni, vicino a Plaza de Espa\u00f1a.<\/p>\n\t\t            <p class=\"p-my-5\">Le principali compagnie attive sono Alsa, Arriva, Monbus e Autos Paco, con tratte che collegano la citt\u00e0 e, a loro volta, la connettono con Madrid, Barcellona, Granada, Santiago de Compostela, Lugo, Ourense, Vigo, ecc. Per linee regionali e locali, possiamo raggiungere o partire da localit\u00e0 come Betanzos, Burela, Cerdido, Cambre, Cesuras, Chantada, Fene, Melide, Moeche, Neda, Pontedeume, Palas de Reis, Ortigueira, Ribadeo, San Sadurni\u00f1o, Vilalba, Viveiro.<\/p>\n\t\t            <p>Per maggiori informazioni su orari e rotte, visita questi siti o contattaci: <a href=\"https:\/\/www.alsa.es\/\" rel=\"nofollow\">www.alsa.es<\/a> <a href=\"http:\/\/www.arriva.gal\/\" rel=\"nofollow\">www.arriva.gal<\/a> <a href=\"http:\/\/www.monbus.es\/es\" rel=\"nofollow\">www.monbus.es<\/a> <a href=\"http:\/\/www.autospaco.es\/\" rel=\"nofollow\">www.autospaco.es<\/a><\/p>\n                    <iframe loading=\"lazy\" src=\"https:\/\/www.google.com\/maps\/d\/embed?mid=1wtgprGJyQYQzAa2WL0o-vCv83fJYfL8&#038;ehbc=2E312F\" width=\"100%\" height=\"450\" frameborder=\"0\" style=\"border:0\" allowfullscreen=\"\"><\/iframe>\n                <\/div>\n            <\/div>\n            <div>\n                <button class=\"accordion-btn\">\n                    <div class=\"accordion-btn__question\">\n                        <p class=\"p-text-gray-dark p-text-lg\">Stazione dei Treni<\/p>\n                        <span>+<\/span>\n                    <\/div>\n                    <hr \/>\n                <\/button>\n                <div class=\"accordion-content\">\n                    <p>Per visitare o partire dalla \u201ccitt\u00e0 dipartimentale,\u201d abbiamo la possibilit\u00e0 di usare la linea ferroviaria locale, situata in Avenida de Compostela, accanto alla stazione degli autobus e molto vicina a Plaza de Espa\u00f1a. Per i viaggi a lunga percorrenza, possiamo prenotare il Trenhotel.<\/p>\n                    <ul class=\"p-list-disc p-my-5 p-ml-5\">\n                        <li>Galizia: A Coru\u00f1a, A Gudi\u00f1a, A Pobra do Broll\u00f3n, A R\u00faa, Arcade, As Neves, Barbantes, Barra de Mi\u00f1o, Bembibre, Catoira, Cerceda, Cesantes, Covas, Pontecesures, Pontevedra, Redondela, Quiroga, San Estevo do Sil, San Pedro de Sil, Santiago de Compostela, Sobradelo, Tui, Vilagarcia de Arousa, Vilamartin de Valdeorras.<\/li>\n\t\t\t\t\t    <li>Andalusia: Cadice, Cordova, M\u00e1laga, El Puerto de Santa Mar\u00eda, San Fernando, Siviglia, ecc.<\/li>\n\t\t\t\t\t    <li>Castiglia-La Mancia: Albacete, Cuenca, Guadalajara, Talavera de la Reina.<\/li>\n\t\t\t\t\t    <li>Castiglia e Le\u00f3n: Le\u00f3n, Astorga, Burgos, Segovia, Zamora, Sahag\u00fan e Valladolid.<\/li>\n\t\t\t\t\t    <li>Comunit\u00e0 Valenzana: Alicante e Valencia.<\/li>\n\t\t\t\t\t    <li>Catalogna: Barcellona e Figueres Vilafant.<\/li>\n\t\t\t\t\t    <li>Murcia: Murcia, Cartagena.<\/li>\n\t\t\t\t\t    <li>Madrid: Madrid e Barajas.<\/li>\n                    <\/ul>\n                    <iframe loading=\"lazy\" src=\"https:\/\/www.google.com\/maps\/d\/embed?mid=19Xd8n6RjMANtK-OCmsx_Oc9_OSl82LM&#038;ehbc=2E312F\" width=\"100%\" height=\"450\" frameborder=\"0\" style=\"border:0\" allowfullscreen=\"\"><\/iframe>\n                <\/div>\n            <\/div>\n            <div>\n                <button class=\"accordion-btn\">\n                    <div class=\"accordion-btn__question\">\n                        <p class=\"p-text-gray-dark p-text-lg\">In auto<\/p>\n                        <span>+<\/span>\n                    <\/div>\n                    <hr \/>\n                <\/button>\n                <div class=\"accordion-content\">\n                    <p>La \u201ccitt\u00e0 dipartimentale\u201d \u00e8 ben collegata con il resto delle capitali galiziane e con altre citt\u00e0 spagnole tramite l\u2019Autostrada dell\u2019Atlantico (AP-9). Attraverso di essa, possiamo attraversare localit\u00e0 come Tui, Vigo, Pontevedra, Santiago, A Coru\u00f1a e infine Ferrol. L\u2019autostrada che collega questa citt\u00e0 con Vilalba (AA-8) \u00e8 un\u2019altra buona opzione se viaggiamo lungo la costa cantabrica. Consente anche di collegarci con la A-8 e la A-6 verso Madrid e varie zone del nord della penisola. Un\u2019altra autostrada, la A-8, facilita la connessione di Ferrol con tutte le comunit\u00e0 costiere del Mar Cantabrico fino al confine francese. Vicino c\u2019\u00e8 anche la A-6, che attraversa la provincia di Lugo e si collega con Ferrol tramite la AP-9 prima di arrivare a A Coru\u00f1a, oppure con la AG-64 (autostrada Ferrol \u2013 Vilalba).<\/p>\n\t\t            <p class=\"p-my-5\">Infine, l\u2019autostrada AA-52, anche detta R\u00edas Baixas, collega diverse localit\u00e0 del nord della Galizia con la provincia di Ourense, collegandosi alla AP-9 a Vigo o alla AP-53\/AG-53 a Santiago de Compostela.<\/p>\n                <\/div>\n            <\/div>\n        <\/div>\n        <div class=\"p-text-start p-mb-5\">\n            <h2>Lugo<\/h2>\n        <\/div>\n        <div class=\"container\">\n            <div>\n                <button class=\"accordion-btn\">\n                    <div class=\"accordion-btn__question\">\n                        <p class=\"p-text-gray-dark p-text-lg\">Stazione degli Autobus<\/p>\n                        <span>+<\/span>\n                    <\/div>\n                    <hr \/>\n                <\/button>\n\n                <div class=\"accordion-content\">\n                    <p>\u00c8 possibile viaggiare nella citt\u00e0 cinta da mura grazie alle numerose linee che operano nella sua stazione degli autobus, situata in Plaza de la Constituci\u00f3n, vicino al centro storico. Fra le compagnie, si distinguono:<\/p>\n                    <ul class=\"p-list-disc p-my-5 p-ml-5\">\n                        <li>Alsa: anche qui offre un\u2019ampia variet\u00e0 di servizi, a livello nazionale e regionale. Da Lugo, puoi raggiungere citt\u00e0 come Madrid, M\u00e1laga, Valladolid, Albacete, Algeciras, Barcellona, M\u00e9rida, Badajoz, Logro\u00f1o, Oviedo, Ponferrada o San Fernando. Frequenza su: https:\/\/www.alsa.es\/<\/li>\n                        <li>Arriva: permette di andare\/venire da Lugo con Friol, Parga, A Coru\u00f1a, Abad\u00edn, Bergondo, Betanzos, Burela, Cambre, Cesuras, Fene, Ferrol, Foz, Guitiriz, Mondo\u00f1edo, Nar\u00f3n, Neda, Oleiros, As Pontes, Ribadeo, Somozas, San Sadurni\u00f1o, Vegadeo, Vilalba, Viveiro, ecc. Info: http:\/\/www.arriva.gal\/<\/li>\n                        <li>Autocares Her-Vei: gestisce un servizio regolare tra Lugo e Fonsagrada (e viceversa), fermandosi anche a C\u00e1davo. Linee e orari: http:\/\/www.her-vei.es\/<\/li>\n                        <li>Monbus: opera anche a Lugo, offrendo numerose destinazioni in partenza e in arrivo. Spiccano Lalin, Monforte de Lemos, Ourense, O Barco, Pontevedra, Ourense, Santiago de Compostela e Vigo.<\/li>\n                        <li>Empresa Freire \u00e8 presente qui, con un servizio regolare tra Lugo e Santiago de Compostela. Info: http:\/\/www.monbus.es\/es<\/li>\n                    <\/ul>\n                    <iframe loading=\"lazy\" src=\"https:\/\/www.google.com\/maps\/d\/embed?mid=1w96BbeecbX6vWmx059_CmeC8vtY5iOk&#038;ehbc=2E312F\" width=\"100%\" height=\"450\" frameborder=\"0\" style=\"border:0\" allowfullscreen=\"\"><\/iframe>\n                <\/div>\n            <\/div>\n            <div>\n                <button class=\"accordion-btn\">\n                    <div class=\"accordion-btn__question\">\n                        <p class=\"p-text-gray-dark p-text-lg\">Stazione dei Treni<\/p>\n                        <span>+<\/span>\n                    <\/div>\n                    <hr \/>\n                <\/button>\n                <div class=\"accordion-content\">\n                    <p class=\"p-mb-5\">Contrariamente a quanto si potrebbe pensare, non \u00e8 la stazione pi\u00f9 frequentata della provincia di Lugo, primato che spetta a Monforte de Lemos. Tuttavia, rimane un importante snodo ferroviario con collegamenti a molte localit\u00e0.<\/p>\n\t\t            <p>Si trova in Plaza de Conde Fontao, un po\u2019 fuori dal centro cittadino ma a soli 1,5 km dalla Cattedrale di Santa Mar\u00eda di Lugo. Aperta dalle 06:30 alle 14:00 e dalle 15:30 a mezzanotte. Da\/a Lugo si pu\u00f2 viaggiare direttamente da diversi punti della Spagna, tra cui:<\/p>\n                    <ul class=\"p-list-disc p-my-5 p-ml-5\">\n                        <li>Galizia: A Coru\u00f1a, A Gudi\u00f1a, A Pobra do Broll\u00f3n, A R\u00faa, Arcade, As Neves, Barbantes, Barra de Mi\u00f1o, Bembibre, Catoira, Cerceda, Cesantes, Covas, Pontecesures, Pontevedra, Redondela, Quiroga, San Estevo do Sil, San Pedro de Sil, Santiago de Compostela, Sobradelo, Tui, Vilagarcia de Arousa, Vilamartin de Valdeorras.<\/li>\n\t\t\t\t\t    <li>Andalusia: M\u00e1laga, Siviglia, Cordova.<\/li>\n\t\t\t\t\t    <li>Castiglia-La Mancia: Alc\u00e1zar de San Juan, Albacete, ecc.<\/li>\n\t\t\t\t\t    <li>Castiglia e Le\u00f3n: Le\u00f3n, Astorga, Burgos, Segovia, Zamora, Miranda del Ebro e Valladolid.<\/li>\n\t\t\t\t\t    <li>Comunit\u00e0 Valenzana: Valencia.<\/li>\n\t\t\t\t\t    <li>Catalogna: Barcellona e Figueres Vilafant.<\/li>\n\t\t\t\t\t    <li>Murcia: Murcia, Cartagena.<\/li>\n\t\t\t\t\t    <li>Madrid: Madrid e Barajas.<\/li>\n                    <\/ul>\n                    <iframe loading=\"lazy\" src=\"https:\/\/www.google.com\/maps\/d\/embed?mid=1UGRKaD2_8Ec9ymitBETYOOS01aLzPAo&#038;ehbc=2E312F\" width=\"100%\" height=\"450\" frameborder=\"0\" style=\"border:0\" allowfullscreen=\"\"><\/iframe>\n                <\/div>\n            <\/div>\n            <div>\n                <button class=\"accordion-btn\">\n                    <div class=\"accordion-btn__question\">\n                        <p class=\"p-text-gray-dark p-text-lg\">In auto<\/p>\n                        <span>+<\/span>\n                    <\/div>\n                    <hr \/>\n                <\/button>\n                <div class=\"accordion-content\">\n                    <p>Possiamo accedere alla citt\u00e0 famosa per le sue mura romane da diversi punti della Spagna. Il modo migliore \u00e8 tramite l\u2019autostrada A-8, che collega Lugo con le principali citt\u00e0 del nord. Ancora una volta, la AP-9 facilita molto i collegamenti in Galizia, attraversandone gran parte e permettendo di raggiungere Lugo collegandosi poi con la A-6, la A-8 e la N-540.<\/p>\n                <\/div>\n            <\/div>\n        <\/div>\n    <\/section>\n<\/div>\n","protected":false},"excerpt":{"rendered":"<p>Come arrivare in Galizia Prima di iniziare Durante il Cammino All\u2019arrivo a Santiago Come arrivare in Galizia Come arrivare ai Cammini Santiago de Compostela Cammino Portoghese Pontevedra &#8211; 64 km Vigo &#8211; 89 km Cammino Primitivo Lugo &#8211; 103 km Cammino Inglese A Coru\u00f1a &#8211; 72 km Ferrol &#8211; 96 km Cammino Sanabr\u00e9s Ourense &#8211; &hellip; <\/p>\n<p class=\"read_more\"><a href=\"https:\/\/www.pilgrim.es\/it\/pianificare\/come-arrivare-a-galizia\/\">Leer m\u00e1s<\/a><\/p>\n","protected":false},"author":4,"featured_media":0,"parent":46449,"menu_order":0,"comment_status":"closed","ping_status":"closed","template":"views\/template-new-web-design.blade.php","meta":{"footnotes":""},"categories":[],"tags":[],"class_list":["post-46592","page","type-page","status-publish","hentry"],"yoast_head":"<!-- This site is optimized with the Yoast SEO plugin v27.4 - https:\/\/yoast.com\/product\/yoast-seo-wordpress\/ -->\n<title>Come arrivare in Galizia | Aeroporti, strade e stazioni ferroviarie e di autobus<\/title>\n<meta name=\"description\" content=\"Scopri come arrivare in Galizia per iniziare il tuo Camino de Santiago o per godere della cultura, della gastronomia o delle destinazioni turistiche di questa comunit\u00e0.\" \/>\n<meta name=\"robots\" content=\"index, follow, max-snippet:-1, max-image-preview:large, max-video-preview:-1\" \/>\n<link rel=\"canonical\" href=\"https:\/\/www.pilgrim.es\/it\/pianificare\/come-arrivare-a-galizia\/\" \/>\n<meta property=\"og:locale\" content=\"it_IT\" \/>\n<meta property=\"og:type\" content=\"article\" \/>\n<meta property=\"og:title\" content=\"Come arrivare in Galizia | Aeroporti, strade e stazioni ferroviarie e di autobus\" \/>\n<meta property=\"og:description\" content=\"Scopri come arrivare in Galizia per iniziare il tuo Camino de Santiago o per godere della cultura, della gastronomia o delle destinazioni turistiche di questa comunit\u00e0.\" \/>\n<meta property=\"og:url\" content=\"https:\/\/www.pilgrim.es\/it\/pianificare\/come-arrivare-a-galizia\/\" \/>\n<meta property=\"og:site_name\" content=\"Pilgrim\" \/>\n<meta property=\"article:publisher\" content=\"https:\/\/www.facebook.com\/pilgrim.es\/\" \/>\n<meta property=\"article:modified_time\" content=\"2025-08-19T09:56:27+00:00\" \/>\n<meta property=\"og:image\" content=\"https:\/\/cdn.pilgrim.es\/web\/planificar\/mapa-galicia.webp\" \/>\n<meta name=\"twitter:card\" content=\"summary_large_image\" \/>\n<meta name=\"twitter:site\" content=\"@pilgrim_es\" \/>\n<meta name=\"twitter:label1\" content=\"Tempo di lettura stimato\" \/>\n\t<meta name=\"twitter:data1\" content=\"21 minuti\" \/>\n<script type=\"application\/ld+json\" class=\"yoast-schema-graph\">{\"@context\":\"https:\\\/\\\/schema.org\",\"@graph\":[{\"@type\":\"WebPage\",\"@id\":\"https:\\\/\\\/www.pilgrim.es\\\/it\\\/pianificare\\\/come-arrivare-a-galizia\\\/\",\"url\":\"https:\\\/\\\/www.pilgrim.es\\\/it\\\/pianificare\\\/come-arrivare-a-galizia\\\/\",\"name\":\"Come arrivare in Galizia | Aeroporti, strade e stazioni ferroviarie e di autobus\",\"isPartOf\":{\"@id\":\"https:\\\/\\\/www.pilgrim.es\\\/it\\\/#website\"},\"primaryImageOfPage\":{\"@id\":\"https:\\\/\\\/www.pilgrim.es\\\/it\\\/pianificare\\\/come-arrivare-a-galizia\\\/#primaryimage\"},\"image\":{\"@id\":\"https:\\\/\\\/www.pilgrim.es\\\/it\\\/pianificare\\\/come-arrivare-a-galizia\\\/#primaryimage\"},\"thumbnailUrl\":\"https:\\\/\\\/cdn.pilgrim.es\\\/web\\\/planificar\\\/mapa-galicia.webp\",\"datePublished\":\"2019-09-11T16:10:24+00:00\",\"dateModified\":\"2025-08-19T09:56:27+00:00\",\"description\":\"Scopri come arrivare in Galizia per iniziare il tuo Camino de Santiago o per godere della cultura, della gastronomia o delle destinazioni turistiche di questa comunit\u00e0.\",\"breadcrumb\":{\"@id\":\"https:\\\/\\\/www.pilgrim.es\\\/it\\\/pianificare\\\/come-arrivare-a-galizia\\\/#breadcrumb\"},\"inLanguage\":\"it-IT\",\"potentialAction\":[{\"@type\":\"ReadAction\",\"target\":[\"https:\\\/\\\/www.pilgrim.es\\\/it\\\/pianificare\\\/come-arrivare-a-galizia\\\/\"]}]},{\"@type\":\"ImageObject\",\"inLanguage\":\"it-IT\",\"@id\":\"https:\\\/\\\/www.pilgrim.es\\\/it\\\/pianificare\\\/come-arrivare-a-galizia\\\/#primaryimage\",\"url\":\"https:\\\/\\\/cdn.pilgrim.es\\\/web\\\/planificar\\\/mapa-galicia.webp\",\"contentUrl\":\"https:\\\/\\\/cdn.pilgrim.es\\\/web\\\/planificar\\\/mapa-galicia.webp\"},{\"@type\":\"BreadcrumbList\",\"@id\":\"https:\\\/\\\/www.pilgrim.es\\\/it\\\/pianificare\\\/come-arrivare-a-galizia\\\/#breadcrumb\",\"itemListElement\":[{\"@type\":\"ListItem\",\"position\":1,\"name\":\"Camino de Santiago\",\"item\":\"https:\\\/\\\/www.pilgrim.es\\\/it\\\/\"},{\"@type\":\"ListItem\",\"position\":2,\"name\":\"Pianificare\",\"item\":\"https:\\\/\\\/www.pilgrim.es\\\/it\\\/pianificare\\\/\"},{\"@type\":\"ListItem\",\"position\":3,\"name\":\"Come arrivare a Galizia\"}]},{\"@type\":\"WebSite\",\"@id\":\"https:\\\/\\\/www.pilgrim.es\\\/it\\\/#website\",\"url\":\"https:\\\/\\\/www.pilgrim.es\\\/it\\\/\",\"name\":\"Pilgrim\",\"description\":\"Camino de Santiago | Caminamos Contigo\",\"publisher\":{\"@id\":\"https:\\\/\\\/www.pilgrim.es\\\/it\\\/#organization\"},\"potentialAction\":[{\"@type\":\"SearchAction\",\"target\":{\"@type\":\"EntryPoint\",\"urlTemplate\":\"https:\\\/\\\/www.pilgrim.es\\\/it\\\/?s={search_term_string}\"},\"query-input\":{\"@type\":\"PropertyValueSpecification\",\"valueRequired\":true,\"valueName\":\"search_term_string\"}}],\"inLanguage\":\"it-IT\"},{\"@type\":\"Organization\",\"@id\":\"https:\\\/\\\/www.pilgrim.es\\\/it\\\/#organization\",\"name\":\"Pilgrim Camino de Santiago\",\"url\":\"https:\\\/\\\/www.pilgrim.es\\\/it\\\/\",\"logo\":{\"@type\":\"ImageObject\",\"inLanguage\":\"it-IT\",\"@id\":\"https:\\\/\\\/www.pilgrim.es\\\/it\\\/#\\\/schema\\\/logo\\\/image\\\/\",\"url\":\"https:\\\/\\\/www.pilgrim.es\\\/wp-content\\\/uploads\\\/2019\\\/04\\\/logo_pilgrim.png\",\"contentUrl\":\"https:\\\/\\\/www.pilgrim.es\\\/wp-content\\\/uploads\\\/2019\\\/04\\\/logo_pilgrim.png\",\"width\":512,\"height\":512,\"caption\":\"Pilgrim Camino de Santiago\"},\"image\":{\"@id\":\"https:\\\/\\\/www.pilgrim.es\\\/it\\\/#\\\/schema\\\/logo\\\/image\\\/\"},\"sameAs\":[\"https:\\\/\\\/www.facebook.com\\\/pilgrim.es\\\/\",\"https:\\\/\\\/x.com\\\/pilgrim_es\",\"https:\\\/\\\/www.instagram.com\\\/pilgrim.es\\\/\",\"https:\\\/\\\/www.linkedin.com\\\/company\\\/pilgrim-camino-de-santiago\\\/\",\"https:\\\/\\\/www.pinterest.es\\\/pilgrimcaminodesantiago\\\/\",\"https:\\\/\\\/www.youtube.com\\\/channel\\\/UCIv2ZzFLXVqthkNF32rKedw\\\/featured\"]}]}<\/script>\n<!-- \/ Yoast SEO plugin. -->","yoast_head_json":{"title":"Come arrivare in Galizia | Aeroporti, strade e stazioni ferroviarie e di autobus","description":"Scopri come arrivare in Galizia per iniziare il tuo Camino de Santiago o per godere della cultura, della gastronomia o delle destinazioni turistiche di questa comunit\u00e0.","robots":{"index":"index","follow":"follow","max-snippet":"max-snippet:-1","max-image-preview":"max-image-preview:large","max-video-preview":"max-video-preview:-1"},"canonical":"https:\/\/www.pilgrim.es\/it\/pianificare\/come-arrivare-a-galizia\/","og_locale":"it_IT","og_type":"article","og_title":"Come arrivare in Galizia | Aeroporti, strade e stazioni ferroviarie e di autobus","og_description":"Scopri come arrivare in Galizia per iniziare il tuo Camino de Santiago o per godere della cultura, della gastronomia o delle destinazioni turistiche di questa comunit\u00e0.","og_url":"https:\/\/www.pilgrim.es\/it\/pianificare\/come-arrivare-a-galizia\/","og_site_name":"Pilgrim","article_publisher":"https:\/\/www.facebook.com\/pilgrim.es\/","article_modified_time":"2025-08-19T09:56:27+00:00","og_image":[{"url":"https:\/\/cdn.pilgrim.es\/web\/planificar\/mapa-galicia.webp","type":"","width":"","height":""}],"twitter_card":"summary_large_image","twitter_site":"@pilgrim_es","twitter_misc":{"Tempo di lettura stimato":"21 minuti"},"schema":{"@context":"https:\/\/schema.org","@graph":[{"@type":"WebPage","@id":"https:\/\/www.pilgrim.es\/it\/pianificare\/come-arrivare-a-galizia\/","url":"https:\/\/www.pilgrim.es\/it\/pianificare\/come-arrivare-a-galizia\/","name":"Come arrivare in Galizia | Aeroporti, strade e stazioni ferroviarie e di autobus","isPartOf":{"@id":"https:\/\/www.pilgrim.es\/it\/#website"},"primaryImageOfPage":{"@id":"https:\/\/www.pilgrim.es\/it\/pianificare\/come-arrivare-a-galizia\/#primaryimage"},"image":{"@id":"https:\/\/www.pilgrim.es\/it\/pianificare\/come-arrivare-a-galizia\/#primaryimage"},"thumbnailUrl":"https:\/\/cdn.pilgrim.es\/web\/planificar\/mapa-galicia.webp","datePublished":"2019-09-11T16:10:24+00:00","dateModified":"2025-08-19T09:56:27+00:00","description":"Scopri come arrivare in Galizia per iniziare il tuo Camino de Santiago o per godere della cultura, della gastronomia o delle destinazioni turistiche di questa comunit\u00e0.","breadcrumb":{"@id":"https:\/\/www.pilgrim.es\/it\/pianificare\/come-arrivare-a-galizia\/#breadcrumb"},"inLanguage":"it-IT","potentialAction":[{"@type":"ReadAction","target":["https:\/\/www.pilgrim.es\/it\/pianificare\/come-arrivare-a-galizia\/"]}]},{"@type":"ImageObject","inLanguage":"it-IT","@id":"https:\/\/www.pilgrim.es\/it\/pianificare\/come-arrivare-a-galizia\/#primaryimage","url":"https:\/\/cdn.pilgrim.es\/web\/planificar\/mapa-galicia.webp","contentUrl":"https:\/\/cdn.pilgrim.es\/web\/planificar\/mapa-galicia.webp"},{"@type":"BreadcrumbList","@id":"https:\/\/www.pilgrim.es\/it\/pianificare\/come-arrivare-a-galizia\/#breadcrumb","itemListElement":[{"@type":"ListItem","position":1,"name":"Camino de Santiago","item":"https:\/\/www.pilgrim.es\/it\/"},{"@type":"ListItem","position":2,"name":"Pianificare","item":"https:\/\/www.pilgrim.es\/it\/pianificare\/"},{"@type":"ListItem","position":3,"name":"Come arrivare a Galizia"}]},{"@type":"WebSite","@id":"https:\/\/www.pilgrim.es\/it\/#website","url":"https:\/\/www.pilgrim.es\/it\/","name":"Pilgrim","description":"Camino de Santiago | Caminamos Contigo","publisher":{"@id":"https:\/\/www.pilgrim.es\/it\/#organization"},"potentialAction":[{"@type":"SearchAction","target":{"@type":"EntryPoint","urlTemplate":"https:\/\/www.pilgrim.es\/it\/?s={search_term_string}"},"query-input":{"@type":"PropertyValueSpecification","valueRequired":true,"valueName":"search_term_string"}}],"inLanguage":"it-IT"},{"@type":"Organization","@id":"https:\/\/www.pilgrim.es\/it\/#organization","name":"Pilgrim Camino de Santiago","url":"https:\/\/www.pilgrim.es\/it\/","logo":{"@type":"ImageObject","inLanguage":"it-IT","@id":"https:\/\/www.pilgrim.es\/it\/#\/schema\/logo\/image\/","url":"https:\/\/www.pilgrim.es\/wp-content\/uploads\/2019\/04\/logo_pilgrim.png","contentUrl":"https:\/\/www.pilgrim.es\/wp-content\/uploads\/2019\/04\/logo_pilgrim.png","width":512,"height":512,"caption":"Pilgrim Camino de Santiago"},"image":{"@id":"https:\/\/www.pilgrim.es\/it\/#\/schema\/logo\/image\/"},"sameAs":["https:\/\/www.facebook.com\/pilgrim.es\/","https:\/\/x.com\/pilgrim_es","https:\/\/www.instagram.com\/pilgrim.es\/","https:\/\/www.linkedin.com\/company\/pilgrim-camino-de-santiago\/","https:\/\/www.pinterest.es\/pilgrimcaminodesantiago\/","https:\/\/www.youtube.com\/channel\/UCIv2ZzFLXVqthkNF32rKedw\/featured"]}]}},"_links":{"self":[{"href":"https:\/\/www.pilgrim.es\/it\/wp-json\/wp\/v2\/pages\/46592","targetHints":{"allow":["GET"]}}],"collection":[{"href":"https:\/\/www.pilgrim.es\/it\/wp-json\/wp\/v2\/pages"}],"about":[{"href":"https:\/\/www.pilgrim.es\/it\/wp-json\/wp\/v2\/types\/page"}],"author":[{"embeddable":true,"href":"https:\/\/www.pilgrim.es\/it\/wp-json\/wp\/v2\/users\/4"}],"replies":[{"embeddable":true,"href":"https:\/\/www.pilgrim.es\/it\/wp-json\/wp\/v2\/comments?post=46592"}],"version-history":[{"count":18,"href":"https:\/\/www.pilgrim.es\/it\/wp-json\/wp\/v2\/pages\/46592\/revisions"}],"predecessor-version":[{"id":135318,"href":"https:\/\/www.pilgrim.es\/it\/wp-json\/wp\/v2\/pages\/46592\/revisions\/135318"}],"up":[{"embeddable":true,"href":"https:\/\/www.pilgrim.es\/it\/wp-json\/wp\/v2\/pages\/46449"}],"wp:attachment":[{"href":"https:\/\/www.pilgrim.es\/it\/wp-json\/wp\/v2\/media?parent=46592"}],"wp:term":[{"taxonomy":"category","embeddable":true,"href":"https:\/\/www.pilgrim.es\/it\/wp-json\/wp\/v2\/categories?post=46592"},{"taxonomy":"post_tag","embeddable":true,"href":"https:\/\/www.pilgrim.es\/it\/wp-json\/wp\/v2\/tags?post=46592"}],"curies":[{"name":"wp","href":"https:\/\/api.w.org\/{rel}","templated":true}]}}