{"id":46586,"date":"2019-09-11T15:47:53","date_gmt":"2019-09-11T15:47:53","guid":{"rendered":"https:\/\/prod.pilgrim.es\/pianificare\/come-arrivare-a-i-punti-di-partenza-del-cammino-di-santiago\/"},"modified":"2025-10-09T12:55:48","modified_gmt":"2025-10-09T12:55:48","slug":"come-arrivare-a-i-punti-di-partenza-del-cammino-di-santiago","status":"publish","type":"page","link":"https:\/\/www.pilgrim.es\/it\/pianificare\/come-arrivare-a-i-punti-di-partenza-del-cammino-di-santiago\/","title":{"rendered":"Come arrivare a i punti di partenza del Cammino di Santiago"},"content":{"rendered":"\n<div id=\"plannigTips\">\n    <section id=\"navegationPlannig\">\n        <h1>Come arrivare a i punti di partenza del Cammino di Santiago<\/h1>\n        <div class=\"p-grid p-grid-cols-2 md:p-grid-cols-3 lg:p-grid-cols-5 p-gap-6 lg:p-gap-10 p-pt-10\">\n            <a href=\"https:\/\/www.pilgrim.es\/planificar\/consejos-al-empezar-el-camino\/\">\n                <div class=\"p-rounded-lg p-bg-optional  p-flex p-flex-col p-justify-start p-p-4\">\n                    <i class=\"icon-bagpack p-text-6xl\"><\/i>\n                    <p class=\"p-text-sm p-pl-2 p-font-bold\">Prima di <br> iniziare<\/p>\n                <\/div>\n            <\/a>\n            <a href=\"https:\/\/www.pilgrim.es\/planificar\/consejos-en-el-camino\/\">\n                <div class=\"p-rounded-lg p-bg-optional p-flex p-flex-col p-justify-start p-p-4\">\n                    <i class=\"icon-pilgrim p-text-6xl\"><\/i>\n                    <p class=\"p-text-sm p-pl-2 p-font-bold\">Durante <br> il Cammino<\/p>\n                <\/div>\n            <\/a>\n            <a href=\"https:\/\/www.pilgrim.es\/planificar\/consejos-al-llegar-a-santiago\/\">\n                <div class=\"p-rounded-lg p-bg-optional p-flex p-flex-col p-justify-start p-p-4\">\n                    <i class=\"icon-cathedral p-text-6xl\"><\/i>\n                    <p class=\"p-text-sm p-pl-2 p-font-bold\">All\u2019arrivo <br> a Santiago<\/p>\n                <\/div>\n            <\/a>\n            <a href=\"https:\/\/www.pilgrim.es\/planificar\/como-llegar-a-galicia\/\">\n                <div class=\"p-rounded-lg p-bg-optional p-flex p-flex-col p-justify-start p-p-4\">\n                    <i class=\"icon-galicia p-text-6xl\"><\/i>\n                    <p class=\"p-text-sm p-pl-2 p-font-bold\">Come arrivare <br> in Galizia<\/p>\n                <\/div>\n            <\/a>\n            <a href=\"https:\/\/www.pilgrim.es\/planificar\/como-llegar-a-los-puntos-de-inicio-de-cada-camino\/\">\n                <div class=\"p-rounded-lg p-bg-primary p-text-white p-flex p-flex-col p-justify-start p-p-4\">\n                    <i class=\"icon-signage p-text-6xl\"><\/i>\n                    <p class=\"p-text-sm p-pl-2 p-font-bold\">Come arrivare <br> ai Cammini<\/p>\n                <\/div>\n            <\/a>\n        <\/div>\n    <\/section>\n    <section class=\"p-pb-0\">\n        <hr class=\"single-bar p-my-5\">\n        <div class=\"p-grid p-grid-cols-1 md:p-grid-cols-2\">\n            <img decoding=\"async\" src=\"https:\/\/cdn.pilgrim.es\/web\/planificar\/doble-mapa.webp\" alt=\"Mapa de Espa\u00f1a y Galicia\"\n                class=\"p-w-full p-mx-auto\">\n            <div class=\"p-self-center\">\n                <div class=\"p-grid p-grid-cols-3\">\n                    <div class=\"p-my-5\">\n                        <p class=\"p-font-bold p-text-sm\">Cammino Francese<\/p>\n                        <p><span class=\"p-underline\">St. Jean Pied de Port<\/span> \/<\/p> \n                        <p><span class=\"p-underline\">Roncesvalles<\/span> \/ <span class=\"p-underline\">Pamplona<\/span><\/p>\n                        <p><span class=\"p-underline\">O Cebreiro<\/span> \/ <span class=\"p-underline\">Sarria<\/span><\/p>\n                    <\/div>\n                    <div class=\"p-my-5\">\n                        <p class=\"p-font-bold p-text-sm\">Cammino Portoghese<\/p>\n                        <p><span class=\"p-underline\">Lisboa<\/span> \/ <span class=\"p-underline\">Tui<\/span><\/p>\n                    <\/div>\n                    <div class=\"p-my-5\">\n                        <p class=\"p-font-bold p-text-sm\">Cammino del Nord<\/p>\n                        <p><span class=\"p-underline\">Ir\u00fan<\/span> \/ <span class=\"p-underline\">Ribadeo<\/span><\/p>\n                    <\/div>\n                    <div class=\"p-my-5\">\n                        <p class=\"p-font-bold p-text-sm\">Cammino Primitivo<\/p>\n                        <p><span class=\"p-underline\">Oviedo<\/span> \/ <span class=\"p-underline\">A Fonsagrada<\/span><\/p>\n                    <\/div>\n                    <div class=\"p-my-5\">\n                        <p class=\"p-font-bold p-text-sm\">Cammino Inglese<\/p>\n                        <p><span class=\"p-underline\">Ferrol<\/span> \/ <span class=\"p-underline\">A Coru\u00f1a<\/span><\/p>\n                    <\/div>\n                    <div class=\"p-my-5\">\n                        <p class=\"p-font-bold p-text-sm\">V\u00eda de la Plata<\/p>\n                        <p><span class=\"p-underline\">Sevilla<\/span> \/ <span class=\"p-underline\">Granja de Moreruela<\/span><\/p>\n                    <\/div>\n                    <div class=\"p-my-5\">\n                        <p class=\"p-font-bold p-text-sm\">Cammino Sanabr\u00e9s<\/p>\n                        <p><span class=\"p-underline\">A Gudi\u00f1a<\/span> \/ <span class=\"p-underline\">Ver\u00edn<\/span><\/p>\n                    <\/div>\n                    <div class=\"p-my-5\">\n                        <p class=\"p-font-bold p-text-sm\">Cammino d\u2019Inverno<\/p>\n                        <p><span class=\"p-underline\">Ponferrada<\/span> \/ <span class=\"p-underline\">Monforte de Lemos<\/span><\/p>\n                    <\/div>\n                    <div class=\"p-my-5\">\n                        <p class=\"p-font-bold p-text-sm\">Cammino Fisterra\/Muxia<\/p>\n                        <p><span class=\"p-underline\">Fisterra<\/span> \/ <span class=\"p-underline\">Mux\u00eda<\/span><\/p>\n                    <\/div>\n                <\/div>\n            <\/div>\n        <\/div>\n        <hr class=\"single-bar p-my-5\">\n    <\/section>\n    <section id=\"start-points\">\n        <div class=\"title\">\n            <h2>Cammino Francese<\/h2>\n        <\/div>\n        <div class=\"container\">\n            <div>\n                <button class=\"accordion-btn\">\n                    <div class=\"accordion-btn__question\">\n                        <p class=\"p-text-gray-dark p-text-lg\">Come arrivare a Saint Jean Pied de Port<\/p>\n                        <span>+<\/span>\n                    <\/div>\n                    <hr \/>\n                <\/button>\n                <div class=\"accordion-content\">\n                    <p class=\"p-my-5\">Per accedere a questo emblematicopunto di partenza del cammino francese, l\u2019opzione migliore \u00e8 quella di farlo dalla citt\u00e0 di Pamplona, che pu\u00f2 essere raggiunta in aereo, trasporto pubblico o con un veicolo privato. Una volta l\u00ec, prendete la N-135 in direzione Saint Jean Pied de Port senza deviare in nessun momento. Va notato che questo \u00e8 attualmente conosciuto con il nome di D-933. Nei mesi pi\u00f9 affollati c\u2019\u00e8 anche la possibilit\u00e0 di viaggiare in autobus dalla citt\u00e0 di Sanfermines grazie alla compagnia Conda. Un\u2019altra citt\u00e0 da cui possiamo accedere \u00e8 San Sebasti\u00e1n, partendo da San Juan de la Luz e prendendo prima la GI-120 fino all\u2019incrocio con la AP-8 (attualmente conosciuta come A-63). Una volta l\u00ec dobbiamo continuare fino alla D-918 e poi arrivare a destinazione.<\/p>\n                    <iframe loading=\"lazy\"\n                        src=\"https:\/\/www.google.com\/maps\/d\/embed?mid=1FoBIK3NcdnDMEyYnqZlQCgffIt6dMFI&#038;ehbc=2E312F\"\n                        width=\"100%\" height=\"450\" frameborder=\"0\" style=\"border:0\" allowfullscreen=\"\"><\/iframe>\n                <\/div>\n            <\/div>\n            <div>\n                <button class=\"accordion-btn\">\n                    <div class=\"accordion-btn__question\">\n                        <p class=\"p-text-gray-dark p-text-lg\">Come arrivare a Roncesvalles<\/p>\n                        <span>+<\/span>\n                    <\/div>\n                    <hr \/>\n                <\/button>\n                <div class=\"accordion-content\">\n                    <p class=\"p-my-5\">\u00c8 il secondo punto di partenza pi\u00f9 scelto di questo cammino, poich\u00e9 molti sperano di evitare il complicato itinerario da Saint Jean Pied de Port. Per accedere alla piccola localit\u00e0 di Roncesvalles dobbiamo prendere la N-135, una strada che collega la Francia e Pamplona. Se vogliamo viaggiare con il trasporto pubblico possiamo farlo grazie ad una linea regolare della compagnia Artieda che collega Roncisvalle con Pamplona tutti i giorni, tranne la domenica e i giorni festivi. Nel periodo di maggiore affluenza di pellegrini, sia la loro regolarit\u00e0 che il loro numero sono aumentati.<\/p>\n                    <iframe loading=\"lazy\" src=\"https:\/\/www.google.com\/maps\/d\/embed?mid=10BgbJ35oVlUW4UUUniqBig0_ER4vKIM&#038;ehbc=2E312F\" width=\"100%\" height=\"450\" frameborder=\"0\" style=\"border:0\" allowfullscreen=\"\"><\/iframe>\n                <\/div>\n            <\/div>\n            <div>\n                <button class=\"accordion-btn\">\n                    <div class=\"accordion-btn__question\">\n                        <p class=\"p-text-gray-dark p-text-lg\">Come arrivare a Pamplona<\/p>\n                        <span>+<\/span>\n                    <\/div>\n                    <hr \/>\n                <\/button>\n                <div class=\"accordion-content\">\n                    <p class=\"p-my-5\">Questo \u00e8 un altro dei punti da cui possiamo partire o collegarci ad altri punti di partenza del cammino francese. Per questo abbiamo diverse alternative: in primo luogo possiamo accedervi attraverso la strada AP-15, che si collega con San Sebastian, anche con la N-111 da Logro\u00f1o o la N-240 da Jaca. Quest\u2019ultima ci permette anche di accedere da Vitoria, Galizia e dalla capitale di Madrid, passo precedente con la N-1. Se veniamo dalla Francia, possiamo anche utilizzare le strade N-121, N-138 e N135.<\/p>\n                    <p>Essendo una delle principali citt\u00e0 sul cammino francese, \u00e8 anche possibile raggiungerla grazie ai numerosi link e percorsi di autobus e treni. La sua stazione degli autobus \u00e8 collegata con citt\u00e0 come Alicante, Barcellona, Bilbao, Salou, Pe\u00f1\u00edscola, Gij\u00f3n, Oviedo, Jaca, Ir\u00fan, Ja\u00e9n, Logro\u00f1o, Madrid, Santander, Soria, Vigo, Saragozza e diverse localit\u00e0 andaluse. Nel caso della linea ferroviaria, questa collega con punti disparati come Alicante, Barcellona, Burgos, A Coru\u00f1a, Ir\u00fan, Hendaya, Lugo, Madrid, Ourense, Oviedo, Palencia, Vitoria ecc.\n                        Possiamo arrivare a Pamplona anche grazie al suo aeroporto, a soli sei chilometri dalla citt\u00e0, e a un regolare servizio di autobus che collega il centro storico.<\/p>\n                    <iframe loading=\"lazy\" src=\"https:\/\/www.google.com\/maps\/d\/embed?mid=1A2A8kuOdZs30gClxLrnJvDm5aXLGGvI&#038;ehbc=2E312F\" width=\"100%\" height=\"450\" frameborder=\"0\" style=\"border:0\" allowfullscreen=\"\"><\/iframe>\n                <\/div>\n            <\/div>\n            <div>\n                <button class=\"accordion-btn\">\n                    <div class=\"accordion-btn__question\">\n                        <p class=\"p-text-gray-dark p-text-lg\">Come arrivare a Pedrafita de O Cebreiro<\/p>\n                        <span>+<\/span>\n                    <\/div>\n                    <hr \/>\n                <\/button>\n                <div class=\"accordion-content\">\n                    <p>\u00c8 l\u2019ingresso del cammino francese in Galizia, quindi questo \u00e8 un altro dei punti pi\u00f9 scelti dai pellegrini per iniziare la loro avventura.<\/p>\n                    <p class=\"p-my-5\">La principale via di accesso a O Cebreiro \u00e8 attraverso l\u2019A-6 o la N-6. Se si viaggia con il trasporto pubblico si potr\u00e0 prendere un autobus della compagnia Alsa che collega questa localit\u00e0 con punti come Madrid, Barcellona, Bilbao, Lugo, Santiago e tutte le localit\u00e0 intermedie tra questi luoghi. Un\u2019altra compagnia che si occupa di coprire questo percorso \u00e8 Gonz\u00e1lez de la Riva, in concreto da Lugo e Ponferrada. Una volta a Pedrafita dovremo salire a piedi fino a O Cebreiro, per circa quattro chilometri, o andare in taxi al prezzo di circa dieci euro.<\/p>\n                    <iframe loading=\"lazy\" src=\"https:\/\/www.google.com\/maps\/d\/embed?mid=1DQRAEiw57eIef9Wz9QKouu8HcHsV1xw&#038;ehbc=2E312F\" width=\"100%\" height=\"450\" frameborder=\"0\" style=\"border:0\" allowfullscreen=\"\"><\/iframe>\n                <\/div>\n            <\/div>\n            <div>\n                <button class=\"accordion-btn\">\n                    <div class=\"accordion-btn__question\">\n                        <p class=\"p-text-gray-dark p-text-lg\">Come arrivare a Sarria<\/p>\n                        <span>+<\/span>\n                    <\/div>\n                    <hr \/>\n                <\/button>\n                <div class=\"accordion-content\">\n                    <p class=\"p-my-5\">Questo \u00e8 un altro dei principali punti di partenza pi\u00f9 frequentati dai pellegrini, poich\u00e9 da qui segna il numero minimo di chilometri necessari per ottenere la Compostela.\n                        Il modo principale per raggiungere Sarria \u00e8 attraverso la A-6, prendendo l\u2019uscita 488 alla volta della strada LU-546-Sarria. Se si preferisce viaggiare con il trasporto pubblico, si pu\u00f2 arrivare in treno da varie localit\u00e0 come Madrid, La Coru\u00f1a, Barcellona, Lugo, ecc. La linea di autobus copre anche diversi itinerari, tra cui i principali sono quelli che partono da Santiago e Lugo.<\/p>\n                    <iframe loading=\"lazy\" src=\"https:\/\/www.google.com\/maps\/d\/embed?mid=1qHu2OgMoT8yYptbtN4TcJMZP6HbMB4I&#038;ehbc=2E312F\" width=\"100%\" height=\"450\" frameborder=\"0\" style=\"border:0\" allowfullscreen=\"\"><\/iframe>\n                <\/div>\n            <\/div>\n        <\/div>\n        <div class=\"p-text-start p-mb-5\">\n            <h2>Cammino Portoghese<\/h2>\n        <\/div>\n        <div class=\"container\">\n            <div>\n                <button class=\"accordion-btn\">\n                    <div class=\"accordion-btn__question\">\n                        <p class=\"p-text-gray-dark p-text-lg\">Come arrivare a Lisbona<\/p>\n                        <span>+<\/span>\n                    <\/div>\n                    <hr \/>\n                <\/button>\n                <div class=\"accordion-content\">\n                    <p class=\"p-my-5\">La capitale portoghese di Lisbona \u00e8 la citt\u00e0 scelta da molti pellegrini per iniziare il loro viaggio verso Compostela.\n                        Il modo pi\u00f9 comune e pi\u00f9 semplice per raggiungerla \u00e8 attraverso l\u2019autostrada AP-9 o la A-1. Tuttavia, ci sono infinite possibilit\u00e0 di raggiungere Lisbona, poich\u00e9 da qui passano le principali vie di comunicazione del paese e della penisola, vedi le A-2, A-8, A-10, A- 33, A-12, A-37, A-5 o A-16. Il modo pi\u00f9 veloce per raggiungerla dal nord del paese \u00e8 tramite la E1, invece, se si parte da Madrid si deve prendere la A-45 e poi la A-5 ed EX-1 verso Estremadura. Una volta arrivati l\u00ec prenderemo la EX-108 e la A-23 al comune di Castelo Blanco, da dove proseguiremo sulla N-239 fino ad arrivare sulla A-23. Infine dovremo deviarci verso la A-1 e prendere la seconda uscita dalla E-1.<\/p>\n                    <p class=\"p-mb-5\">Essendo una grande citt\u00e0, \u00e8 ben collegata anche grazie al suo aeroporto, che \u00e8 servito da compagnie low-cost come Ryanair, Vueling o Easyjet. Una volta l\u00ec, possiamo raggiungere il centro citt\u00e0 con una delle linee di autobus che esistono per questo scopo.\n                        C\u2019\u00e8 anche la possibilit\u00e0 di raggiungere Lisbona in treno, prendendo l\u2019AVE o il Trenhotel Lusitania da Madrid. In autobus possiamo partire da citt\u00e0 come Madrid, Barcellona, Siviglia, Bilbao e Valencia, tra gli altri, grazie ad aziende come Alsa, Eurolines, Autna o Goeuro.<\/p>\n                    <iframe loading=\"lazy\" src=\"https:\/\/www.google.com\/maps\/d\/embed?mid=17GJiEW7rQrpI9Jh825uaNar_b3ROYgM&#038;ehbc=2E312F\" width=\"100%\" height=\"450\" frameborder=\"0\" style=\"border:0\" allowfullscreen=\"\"><\/iframe>\n                <\/div>\n            <\/div>\n            <div>\n                <button class=\"accordion-btn\">\n                    <div class=\"accordion-btn__question\">\n                        <p class=\"p-text-gray-dark p-text-lg\">Come arrivare a Tui<\/p>\n                        <span>+<\/span>\n                    <\/div>\n                    <hr \/>\n                <\/button>\n\n                <div class=\"accordion-content\">\n                    <p class=\"p-my-5\">Tui apre le porte della Galizia alla frontiera con il Portogallo. Per questo motivo molti pellegrini scelgono di lasciare questa citt\u00e0 medievale per intraprendere il loro viaggio verso Santiago, a circa 107 chilometri di distanza e quindi, con la possibilit\u00e0 di ottenere la Compostela.\n                        La strada principale di accesso a Tui \u00e8 la A-55, che collega la A-52 con il resto del centro della penisola. Ancora una volta abbiamo la possibilit\u00e0 di utilizzare la AP-9, un\u2019autostrada che attraversa tutto il territorio galiziano<\/p>\n                        <p class=\"p-mb-5\">Abbiamo anche la possibilit\u00e0 di utilizzare alcuni mezzi di trasporto pubblico. La fermata del treno ti offre link con Porto e Vigo, mentre la fermata dell\u2019autobus collega con Pontevedra, O Porri\u00f1o, A Guarda, Vigo, Santiago e diversi punti della vicina Portogallo.<\/p>\n                    <iframe loading=\"lazy\" src=\"https:\/\/www.google.com\/maps\/d\/embed?mid=1kvttzwobV-hbkme3hWmk-0adgQUoy60&#038;ehbc=2E312F\" width=\"100%\" height=\"450\" frameborder=\"0\" style=\"border:0\" allowfullscreen=\"\"><\/iframe>\n                <\/div>\n            <\/div>\n        <\/div>\n        <div class=\"p-text-start p-mb-5\">\n            <h2>Cammino del Nord<\/h2>\n        <\/div>\n        <div class=\"container\">\n            <div>\n                <button class=\"accordion-btn\">\n                    <div class=\"accordion-btn__question\">\n                        <p class=\"p-text-gray-dark p-text-lg\">Come arrivare a Ir\u00fan<\/p>\n                        <span>+<\/span>\n                    <\/div>\n                    <hr \/>\n                <\/button>\n                <div class=\"accordion-content\">\n                    <p class=\"p-my-5\">Questa localit\u00e0 basca \u00e8 il punto di partenza ufficiale del cammino del Nord, essendo quindi uno dei pi\u00f9 scelti dai pellegrini che iniziano il loro viaggio verso Santiago de Compostela.\n                        Se vogliamo accedervi in auto, possiamo utilizzare diverse strade che si incontrano qui, come la GI-636, la GI-20 e la AP-8, che collega con il nord della penisola. Se si preferisce utilizzare i trasporto pubblico, questa citt\u00e0 \u00e8 molto ben collegata a citt\u00e0 come Madrid, Barcellona, Lisbona, San Sebasti\u00e1n, Vitoria, Bilbao, ecc. grazie alla sua stazione ferroviaria. Le linee di autobus sono anche un\u2019ottima opzione per raggiungere Ir\u00fan, avendo innumerevoli opzioni da molte parti del paese e all\u2019estero.<\/p>\n                    <p class=\"p-mb-5\">Se, invece, scegliamo di utilizzare l\u2019aereo, l\u2019aeroporto di San Sebastian \u00e8 a soli cinque chilometri di distanza, offrendo percorsi regolari da Madrid e Barcellona, cos\u00ec come altre localit\u00e0 come Malaga o Palma de Mallorca nei mesi estivi.<\/p>\n                    <iframe loading=\"lazy\"\n                        src=\"https:\/\/www.google.com\/maps\/d\/embed?mid=14Zsei-yT2g56KU7WMyehmYt8kQ1yMO8&#038;ehbc=2E312F\"\n                        width=\"100%\" height=\"450\" frameborder=\"0\" style=\"border:0\" allowfullscreen=\"\"><\/iframe>\n                <\/div>\n            <\/div>\n            <div>\n                <button class=\"accordion-btn\">\n                    <div class=\"accordion-btn__question\">\n                        <p class=\"p-text-gray-dark p-text-lg\">Come arrivare a Ribadeo<\/p>\n                        <span>+<\/span>\n                    <\/div>\n                    <hr \/>\n                <\/button>\n\n                <div class=\"accordion-content\">\n                    <p class=\"p-my-5\">\u00c8 l\u2019ingresso della Galizia del nord della penisola, proprio alla frontiera con la comunit\u00e0 asturiana. Molti pellegrini scelgono di iniziare qui il cammino del Nord, poich\u00e9 permette loro di ottenere la Compostelana, che si trova a pi\u00f9 di 100 chilometri da Santiago.\n                        Se vogliamo accedere a Ribadeo su strada, abbiamo questa possibilit\u00e0 grazie alla A-8, che collega l\u2019intera costa di Lugo con il resto della Cornice Cantabrica. Inoltre, a Ribadeo c\u2019\u00e8 una deviazione che si collega con la A-6, una strada statale che collega A Coru\u00f1a e Madrid. Per quanto riguarda le strade nazionali, la N-642 e la N-640 collegano molte localit\u00e0 con questo punto della marina di Lucense.\n                        <\/p>\n                    <p class=\"p-mb-5\">Il trasporto pubblico \u00e8 anche un\u2019altra ottima opzione grazie alla sua stazione degli autobus, dove aziende come Arriva e Alsa offrono percorsi regolari con quasi tutta la Spagna, compresi quelli che collegano con le principali capitali galiziane, la Cornice Cantabrica e Madrid. Nonostante non ci sia una stazione ferroviaria, c\u2019\u00e8 una fermata a Ribadeo, in particolare la linea Ferrol-Gij\u00f3n, facilitando cos\u00ec la connessione della costa di Lugo con le Asturie e i Paesi Baschi.<\/p>\n                    <iframe loading=\"lazy\" src=\"https:\/\/www.google.com\/maps\/d\/embed?mid=1GZggAaZpAyn1hz8H0RGxnihVGrDlNAU&#038;ehbc=2E312F\" width=\"100%\" height=\"450\" frameborder=\"0\" style=\"border:0\" allowfullscreen=\"\"><\/iframe>\n                <\/div>\n            <\/div>\n        <\/div>\n        <div class=\"p-text-start p-mb-5\">\n            <h2>Cammino Primitivo<\/h2>\n        <\/div>\n        <div class=\"container\">\n            <div>\n                <button class=\"accordion-btn\">\n                    <div class=\"accordion-btn__question\">\n                        <p class=\"p-text-gray-dark p-text-lg\">Come arrivare a Oviedo<\/p>\n                        <span>+<\/span>\n                    <\/div>\n                    <hr \/>\n                <\/button>\n\n                <div class=\"accordion-content\">\n                    <p class=\"p-my-5\">Situata a poco pi\u00f9 di trecento chilometri di distanza da Santiago, Oviedo \u00e8 il punto di partenza del Cammino Primitivo, l\u2019itinerario giacobeo pi\u00f9 antico di tutti.\n                        Per accedere a questa citt\u00e0 possiamo farlo attraverso alcune delle numerose strade che la attraversano, evidenziando la A-63, che collega Oviedo con La Espina, la A-66 con Siviglia, la A-64 con Villaviciosa e la AS-II con Gij\u00f3n. Altre strade nazionali e regionali che attraversano questa citt\u00e0 asturiana sono la N-630, N-634, AS-232, AS-242 e AS-266.<\/p>\n                    <p class=\"p-mb-5\">Per quanto riguarda il trasporto pubblico, Oviedo \u00e8 collegata grazie alle sue tre stazioni ferroviarie con diverse citt\u00e0 spagnole come Madrid, Barcellona, Alicante, Ferrol, Le\u00f3n, Santander, ecc. Ha anche un grande centrale di autobus, dove numerose aziende collegano la citt\u00e0 con la maggior parte delle localit\u00e0 spagnole e alcune dall\u2019estero come Belgio, Francia, Regno Unito e Svizzera.<\/p>\n                    <iframe loading=\"lazy\" src=\"https:\/\/www.google.com\/maps\/d\/embed?mid=1ScwUQ0gmeWfOTxC3XyzYW23jLFeCbQw&#038;ehbc=2E312F\" width=\"100%\" height=\"450\" frameborder=\"0\" style=\"border:0\" allowfullscreen=\"\"><\/iframe>\n                <\/div>\n            <\/div>\n            <div>\n                <button class=\"accordion-btn\">\n                    <div class=\"accordion-btn__question\">\n                        <p class=\"p-text-gray-dark p-text-lg\">Come arrivare A Fonsagrada<\/p>\n                        <span>+<\/span>\n                    <\/div>\n                    <hr \/>\n                <\/button>\n                <div class=\"accordion-content\">\n                    <p class=\"p-my-5\">Questa \u00e8 l\u2019altra opzione per iniziare il cammino primitivo, gi\u00e0 nelle terre dell\u2019Apostolo e a pi\u00f9 di centocinquanta chilometri.\n                        L\u2019opzione migliore per accedere a questo villaggio \u00e8 tramite la strada LU-630, parallela alla quale si percorre in molti momenti lo stesso itinerario giacobeo. Se preferiamo viaggiare con i trasporto pubblico possiamo prendere un autobus che si collega con Lugo grazie alla compagnia Her-Vei.<\/p>\n                    <iframe loading=\"lazy\" src=\"https:\/\/www.google.com\/maps\/d\/embed?mid=1erAKPApWgewJFs6ds96w4f7mA669hSc&#038;ehbc=2E312F\" width=\"100%\" height=\"450\" frameborder=\"0\" style=\"border:0\" allowfullscreen=\"\"><\/iframe>\n                <\/div>\n            <\/div>\n        <\/div>\n        <div class=\"p-text-start p-mb-5\">\n            <h2>Cammino Inglese<\/h2>\n        <\/div>\n        <div class=\"container\">\n            <div>\n                <button class=\"accordion-btn\">\n                    <div class=\"accordion-btn__question\">\n                        <p class=\"p-text-gray-dark p-text-lg\">Come arrivare a Ferrol<\/p>\n                        <span>+<\/span>\n                    <\/div>\n                    <hr \/>\n                <\/button>\n\n                <div class=\"accordion-content\">\n                    <p class=\"p-my-5\">Porto mercantile e baluardo della Marina spagnola fin dal XVIII secolo, Ferrol \u00e8 il punto di partenza ideale per iniziare il cammino inglese.\n                        Il suo principale punto di accesso stradale \u00e8 grazie alla AP-9, che collega questa citt\u00e0 con gli altri comuni della comunit\u00e0 galiziana. A nord si collega con la strada statale AG-64 per As Pontes e Vilalba, nonch\u00e9 con la N-651.<\/p>\n                    <p class=\"p-mb-5\">Se optiamo per i trasporto pubblico, la citt\u00e0 dipartimentale \u00e8 ben collegata grazie alla sua stazione degli autobus, con linee da A Coru\u00f1a, Santiago, Pontevedra, Fisterra, Ourense, Vigo, Madrid, Gij\u00f3n, Bilbao, Ponferrada, Astorga, Zamora, Salamanca, Sevilla, ecc. Ci sono anche linee con altri paesi come Portogallo, Germania, Belgio e Svizzera, con servizi forniti dalle compagnie Arriva, Alsa e Castromil-Monbus. Ha anche una stazione ferroviaria, con collegamenti giornalieri con localit\u00e0 come Bilbao, Madrid, Barcellona, A Coru\u00f1a, Santiago, Pontevedra, Vigo, Madrid, Barcellona, ecc.\n                        Se veniamo in aereo, l\u2019aeroporto pi\u00f9 vicino \u00e8 Alvedro in A Coru\u00f1a, circa quarantacinque chilometri, da cui possiamo viaggiare in autobus.<\/p>\n                    <iframe loading=\"lazy\" src=\"https:\/\/www.google.com\/maps\/d\/embed?mid=1gcb8Dy-taCq3_ypaLu1qp4qmMohpnU0&#038;ehbc=2E312F\" width=\"100%\" height=\"450\" frameborder=\"0\" style=\"border:0\" allowfullscreen=\"\"><\/iframe>\n                <\/div>\n            <\/div>\n            <div>\n                <button class=\"accordion-btn\">\n                    <div class=\"accordion-btn__question\">\n                        <p class=\"p-text-gray-dark p-text-lg\">Come arrivare a A Coru\u00f1a<\/p>\n                        <span>+<\/span>\n                    <\/div>\n                    <hr \/>\n                <\/button>\n                <div class=\"accordion-content\">\n                    <p class=\"p-my-5\">La citt\u00e0 erculea \u00e8 un altro dei punti da cui possiamo iniziare il tracciato inglese, anche se non \u00e8 un tracciato ufficiale, molti scelgono di fare questo versante. Il modo pi\u00f9 semplice per raggiungere la citt\u00e0 \u00e8 la strada AP-9 che collega il sud della comunit\u00e0 autonoma con tutto il nord e la A-6 che collega la citt\u00e0 erculea con Madrid. Ci sono anche strade secondarie come la N-VI e la N-550 che hanno lo stesso percorso precedente. La stazione ferroviaria dispone di linee che collegano la citt\u00e0 con Barcellona, Madrid, Bilbao, Vigo, Ferrol, Monforte de Lemos e Ourense.<\/p>\n                    <p class=\"p-mb-5\">La stazione degli autobus ha anche una vasta rete di linee che permettono di raggiungere Santiago, Vigo, Pontevedra, Orense, Fisterra, Lugo, Ferrol, Le\u00f3n, Madrid, Salamanca, Asturias, Cadice, Algeciras e altre citt\u00e0 spagnole.\n                        Ha anche un aeroporto a circa dieci chilometri di distanza con connessioni per Londra, Parigi, Madrid, Barcellona, Siviglia, Bilbao, Saragozza, Valencia, Lisbona, Amsterdam, le Isole Canarie, tra le altre citt\u00e0.<\/p>\n                    <iframe loading=\"lazy\" src=\"https:\/\/www.google.com\/maps\/d\/embed?mid=1Meeg1Zr5_eOv-qjdbaNcw4v2h5OMYJ4&#038;ehbc=2E312F\" width=\"100%\" height=\"450\" frameborder=\"0\" style=\"border:0\" allowfullscreen=\"\"><\/iframe>\n                <\/div>\n            <\/div>\n        <\/div>\n        <div class=\"p-text-start p-mb-5\">\n            <h2>V\u00eda de la Plata<\/h2>\n        <\/div>\n        <div class=\"container\">\n            <div>\n                <button class=\"accordion-btn\">\n                    <div class=\"accordion-btn__question\">\n                        <p class=\"p-text-gray-dark p-text-lg\">Come arrivare a Siviglia<\/p>\n                        <span>+<\/span>\n                    <\/div>\n                    <hr \/>\n                <\/button>\n\n                <div class=\"accordion-content\">\n                    <p class=\"p-my-5\">Quasi mille chilometri separano la capitale andalusa di Santiago de Compostela, una delle principali citt\u00e0 spagnole, quindi per arrivarci avremo diverse opzioni.\n                        Il modo pi\u00f9 semplice \u00e8 attraverso le strade E-5 e AP-4, l\u2019autostrada del sud che collega Dos Hermanas e Puerto Real. Siviglia \u00e8 servita anche dalla A-4, che collega questa localit\u00e0 con Madrid, cos\u00ec come la A-66 tra Gij\u00f3n e Siviglia, la A-1 e la A-49 dal Portogallo e la A-92 da Almer\u00eda.\n                    <\/p>\n\t\t            <p>Per quanto riguarda il trasporto pubblico, abbiamo la possibilit\u00e0 di andare in autobus con uno dei tanti percorsi che arrivano in questa citt\u00e0, da punti come Madrid, Barcellona, Valencia, Bilbao, ecc. Abbiamo anche la possibilit\u00e0 di optare per il treno o l\u2019AVE, con migliaia di collegamenti e percorsi.<\/p>\n\t\t            <p class=\"p-my-5\">L\u2019aeroporto di Siviglia si trova a un quarto d\u2019ora dal centro citt\u00e0, e ci sono molte navette che possono portarci in centro. Essendo uno degli aeroporti pi\u00f9 frequentati della comunit\u00e0, molte compagnie operano qui, evidenziando la presenza di rotte tra Alicante, Almeria, Bilbao, Barcellona, Gran Canaria, Gran Canaria, Lanzarote, Madrid, Palma de Mallorca, Santander, Santiago de Compostela, Tenerife, Valencia e Saragozza, tra gli altri.<\/p>\n                    <iframe loading=\"lazy\" src=\"https:\/\/www.google.com\/maps\/d\/embed?mid=1IYY1Gwf7WIX_9HmzUwvj2v5b7ehd5bc&#038;ehbc=2E312F\" width=\"100%\" height=\"450\" frameborder=\"0\" style=\"border:0\" allowfullscreen=\"\"><\/iframe>\n                <\/div>\n            <\/div>\n            <div>\n                <button class=\"accordion-btn\">\n                    <div class=\"accordion-btn__question\">\n                        <p class=\"p-text-gray-dark p-text-lg\">Come arrivare a Granja de Moreruela<\/p>\n                        <span>+<\/span>\n                    <\/div>\n                    <hr \/>\n                <\/button>\n                <div class=\"accordion-content\">\n                    <p class=\"p-my-5\">Questo piccolo comune di Zamora \u00e8 il punto in cui si biforca la Cammino Argento, proseguendo verso T\u00e1bara o svoltando verso Benavente lungo il Cammino Sanabrese.\n                        Il suo accesso principale \u00e8 attraverso la strada nazionale N-630, e ci sono anche diverse aziende come Alsa che offrono linee regolari tra questo comune con Zamora e Benavente.<\/p>\n                    <iframe loading=\"lazy\" src=\"https:\/\/www.google.com\/maps\/d\/embed?mid=1pMGPyFenb9bEcQ8VhYD5uLfl5HPpuP4&#038;ehbc=2E312F\" width=\"100%\" height=\"450\" frameborder=\"0\" style=\"border:0\" allowfullscreen=\"\"><\/iframe>\n                <\/div>\n            <\/div>\n        <\/div>\n        <div class=\"p-text-start p-mb-5\">\n            <h2>Cammino Sanabr\u00e9s<\/h2>\n        <\/div>\n        <div class=\"container\">\n            <div>\n                <button class=\"accordion-btn\">\n                    <div class=\"accordion-btn__question\">\n                        <p class=\"p-text-gray-dark p-text-lg\">Come arrivare a Gudi\u00f1a<\/p>\n                        <span>+<\/span>\n                    <\/div>\n                    <hr \/>\n                <\/button>\n\n                <div class=\"accordion-content\">\n                    <p class=\"p-my-5\">Il punto di partenza del Cammino Sanabrese \u00e8 Granja de la Moreruela, descritta nel Cammino Argento. Altri possibili punti di partenza sono i seguenti: A Gudi\u00f1a y Ver\u00edn<\/p>\n                    <p class=\"p-mb-5\">Ci sono meno di duecento chilometri da A Gudi\u00f1a a Santiago. La strada di accesso principale \u00e8 la A-52, prendendo l\u2019uscita 124 o 129. Altre strade che attraversano questa localit\u00e0 sono la N-525 e la regionale OU-533, entrambe con accesso al centro di A Gudi\u00f1a.\n                        Se si sceglie di utilizzare il trasporto pubblico, \u00e8 possibile raggiungerla in treno in quanto esistono collegamenti con la localit\u00e0 come Puebla de Sanabria, Medina del Campo, Segovia, \u00c1vila, Madrid, Ourense, Santiago, Pontevedra, Salamanca, Valladolid e Palencia. Se si preferisce la strada, \u00e8 possibile raggiungerla anche in autobus, poich\u00e9 la compagnia Grupo Avanza collega con una linea regolare con Madrid e Vibasa con Vigo, Barcellona e Ir\u00fan. La compagnia Anpian offre anche due linee che collegano con la Galizia e diversi punti in Francia come Parigi o Tours.<\/p>\n                    <iframe loading=\"lazy\" src=\"https:\/\/www.google.com\/maps\/d\/embed?mid=1ren2Gg3ci6rwjYfCvxV7iCX03cXgyos&#038;ehbc=2E312F\" width=\"100%\" height=\"450\" frameborder=\"0\" style=\"border:0\" allowfullscreen=\"\"><\/iframe>\n                <\/div>\n            <\/div>\n            <div>\n                <button class=\"accordion-btn\">\n                    <div class=\"accordion-btn__question\">\n                        <p class=\"p-text-gray-dark p-text-lg\">Come arrivare a Ver\u00edn<\/p>\n                        <span>+<\/span>\n                    <\/div>\n                    <hr \/>\n                <\/button>\n                <div class=\"accordion-content\">\n                    <p class=\"p-my-5\">Questa localit\u00e0, famosa per i suoi carnevali, \u00e8 un\u2019altra alternativa al Cammino Sanabrese, raggiungibile con la strada statale A-52, e da l\u00ec si trova praticamente il paese di Ver\u00edn. Possiamo anche collegarci con la OU-1014 e la N-525, che attraversano entrambe il centro della citt\u00e0. Un\u2019altra opzione \u00e8 quella di viaggiare con il trasporto pubblico, in particolare ci sono diverse linee che collegano Ver\u00edn con citt\u00e0 come Madrid, Ourense o Salamanca.<\/p>\n                    <iframe loading=\"lazy\" src=\"https:\/\/www.google.com\/maps\/d\/embed?mid=1J-zkFdziNdqO8AZvPQkuzjK7zZeGexU&#038;ehbc=2E312F\" width=\"100%\" height=\"450\" frameborder=\"0\" style=\"border:0\" allowfullscreen=\"\"><\/iframe>\n                <\/div>\n            <\/div>\n        <\/div>\n        <div class=\"p-text-start p-mb-5\">\n            <h2>Cammino d&#8217;Inverno<\/h2>\n        <\/div>\n        <div class=\"container\">\n            <div>\n                <button class=\"accordion-btn\">\n                    <div class=\"accordion-btn__question\">\n                        <p class=\"p-text-gray-dark p-text-lg\">Come arrivare a Ponferrada<\/p>\n                        <span>+<\/span>\n                    <\/div>\n                    <hr \/>\n                <\/button>\n\n                <div class=\"accordion-content\">\n                    <p class=\"p-my-5\">Questa citt\u00e0 templare ha uno stretto legame con il Cammino di Santiago fin dal Medioevo, a partire dalla Via dell\u2019Inverno, che evitava di passare da O Cebreiro nei mesi peggiori dell\u2019inverno.<\/p>\n                    <p class=\"p-mb-5\">Il modo principale per arrivarci \u00e8 attraverso la A-6, che unisce La Coru\u00f1a a Madrid, prendendo le uscite 382 o 388. Se optiamo per il trasporto pubblico, ci sono una stazione degli autobus e una ferroviaria, entrambe molto ben collegate con le localit\u00e0 di Le\u00f3n, della Galizia e del resto della Spagna.\n                        L\u2019aeroporto di Le\u00f3n si trova a circa un paio d\u2019ore da Ponferrada, esistendo link sia in treno che in autobus.<\/p>\n                    <iframe loading=\"lazy\" src=\"https:\/\/www.google.com\/maps\/d\/embed?mid=1viTGiqN2Ym9W99oQ9mmvK7onW0hKi3k&#038;ehbc=2E312F\" width=\"100%\" height=\"450\" frameborder=\"0\" style=\"border:0\" allowfullscreen=\"\"><\/iframe>\n                <\/div>\n            <\/div>\n            <div>\n                <button class=\"accordion-btn\">\n                    <div class=\"accordion-btn__question\">\n                        <p class=\"p-text-gray-dark p-text-lg\">Come arrivare a Monforte de Lemos<\/p>\n                        <span>+<\/span>\n                    <\/div>\n                    <hr \/>\n                <\/button>\n                <div class=\"accordion-content\">\n                    <p class=\"p-my-5\">Questa \u00e8 l\u2019altra alternativa per poter ottenere la Compostela, poich\u00e9 da Monforte de Lemos c\u2019\u00e8 qualcosa di pi\u00f9 di centodieci chilometri fino a Santiago. La via principale di accesso \u00e8 la A-52, prendendo l\u2019uscita di Ourense. Intorno a questo anello, ci sono diverse vie secondarie, cos\u00ec come la A-6, con la quale saremo in grado di collegare da Ponferrada alla Ribeira Sacra.\n                        Per quanto riguarda il trasporto pubblico, diverse aziende offrono servizi regolari come Vibasa e Alsa, con collegamenti verso diversi punti del resto della Spagna e verso Santiago, Lugo, Ourense e O Barco de Valdeorras.<\/p>\n                    <iframe loading=\"lazy\" src=\"https:\/\/www.google.com\/maps\/d\/embed?mid=1o4Dmo2Tfg1od7EzFASLnba3sz7F06iY&#038;ehbc=2E312F\" width=\"100%\" height=\"450\" frameborder=\"0\" style=\"border:0\" allowfullscreen=\"\"><\/iframe>\n                <\/div>\n            <\/div>\n        <\/div>\n        <div class=\"p-text-start p-mb-5\">\n            <h2>Cammino Fisterra\/Muxia<\/h2>\n        <\/div>\n        <div class=\"container\">\n            <div>\n                <button class=\"accordion-btn\">\n                    <div class=\"accordion-btn__question\">\n                        <p class=\"p-text-gray-dark p-text-lg\">Come arrivare a Fisterra<\/p>\n                        <span>+<\/span>\n                    <\/div>\n                    <hr \/>\n                <\/button>\n\n                <div class=\"accordion-content\">\n                    <p class=\"p-my-5\">Questa \u00e8 la seconda localit\u00e0 galiziana pi\u00f9 visitata, superata solo da Santiago de Compostela. Il modo pi\u00f9 semplice per raggiungerla \u00e8 da citt\u00e0 come Santiago o Coru\u00f1a. Ci sono cinque autobus al giorno, che aumentano la frequenza nei fine settimana e in certe date dell\u2019anno che uniscono le due localit\u00e0, permettendo cos\u00ec il flusso di visitatori senza problemi.<\/p>\n                    <iframe loading=\"lazy\" src=\"https:\/\/www.google.com\/maps\/d\/embed?mid=1o4Dmo2Tfg1od7EzFASLnba3sz7F06iY&#038;ehbc=2E312F\" width=\"100%\" height=\"450\" frameborder=\"0\" style=\"border:0\" allowfullscreen=\"\"><\/iframe>\n                <\/div>\n            <\/div>\n            <div>\n                <button class=\"accordion-btn\">\n                    <div class=\"accordion-btn__question\">\n                        <p class=\"p-text-gray-dark p-text-lg\">Come arrivare a Mux\u00eda<\/p>\n                        <span>+<\/span>\n                    <\/div>\n                    <hr \/>\n                <\/button>\n                <div class=\"accordion-content\">\n                    <p class=\"p-my-5\">Questa \u00e8 un\u2019altra delle localit\u00e0 pi\u00f9 importanti dell\u2019itinerario giacobeo, avendo calpestato queste terre, l\u2019Apostolo stesso era ancora vivo. Per arrivarci di nuovo, \u00e8 meglio partire da una delle principali citt\u00e0 galiziane come Santiago o Coru\u00f1a. Nel trasporto pubblico possiamo prendere un autobus in alcune delle principali citt\u00e0, ci sono molte alternative da tutti loro grazie a compagnie come Autocares V\u00e1zquez o compagnia Ferr\u00edn.<\/p>\n                    <iframe loading=\"lazy\" src=\"https:\/\/www.google.com\/maps\/d\/embed?mid=1sI2WgMM8pMzjlRAS8Igj2Lzl0nNGMTk&#038;ehbc=2E312F\" width=\"100%\" height=\"450\" frameborder=\"0\" style=\"border:0\" allowfullscreen=\"\"><\/iframe>\n                <\/div>\n            <\/div>\n        <\/div>\n    <\/section>\n<\/div>\n","protected":false},"excerpt":{"rendered":"<p>Come arrivare a i punti di partenza del Cammino di Santiago Prima di iniziare Durante il Cammino All\u2019arrivo a Santiago Come arrivare in Galizia Come arrivare ai Cammini Cammino Francese St. Jean Pied de Port \/ Roncesvalles \/ Pamplona O Cebreiro \/ Sarria Cammino Portoghese Lisboa \/ Tui Cammino del Nord Ir\u00fan \/ Ribadeo Cammino &hellip; <\/p>\n<p class=\"read_more\"><a href=\"https:\/\/www.pilgrim.es\/it\/pianificare\/come-arrivare-a-i-punti-di-partenza-del-cammino-di-santiago\/\">Leer m\u00e1s<\/a><\/p>\n","protected":false},"author":4,"featured_media":13901,"parent":46449,"menu_order":0,"comment_status":"closed","ping_status":"closed","template":"views\/template-new-web-design.blade.php","meta":{"footnotes":""},"categories":[],"tags":[],"class_list":["post-46586","page","type-page","status-publish","has-post-thumbnail","hentry"],"yoast_head":"<!-- This site is optimized with the Yoast SEO plugin v27.4 - https:\/\/yoast.com\/product\/yoast-seo-wordpress\/ -->\n<title>Come arrivare a i punti di partenza del Cammino di Santiago | Pilgrim<\/title>\n<meta name=\"description\" content=\"Le informazioni pi\u00f9 complete per i pellegrini su come raggiungere i principali punti di partenza dei diversi itinerari del Cammino di Santiago.\" \/>\n<meta name=\"robots\" content=\"index, follow, max-snippet:-1, max-image-preview:large, max-video-preview:-1\" \/>\n<link rel=\"canonical\" href=\"https:\/\/www.pilgrim.es\/it\/pianificare\/come-arrivare-a-i-punti-di-partenza-del-cammino-di-santiago\/\" \/>\n<meta property=\"og:locale\" content=\"it_IT\" \/>\n<meta property=\"og:type\" content=\"article\" \/>\n<meta property=\"og:title\" content=\"Come arrivare a i punti di partenza del Cammino di Santiago | Pilgrim\" \/>\n<meta property=\"og:description\" content=\"Le informazioni pi\u00f9 complete per i pellegrini su come raggiungere i principali punti di partenza dei diversi itinerari del Cammino di Santiago.\" \/>\n<meta property=\"og:url\" content=\"https:\/\/www.pilgrim.es\/it\/pianificare\/come-arrivare-a-i-punti-di-partenza-del-cammino-di-santiago\/\" \/>\n<meta property=\"og:site_name\" content=\"Pilgrim\" \/>\n<meta property=\"article:publisher\" content=\"https:\/\/www.facebook.com\/pilgrim.es\/\" \/>\n<meta property=\"article:modified_time\" content=\"2025-10-09T12:55:48+00:00\" \/>\n<meta property=\"og:image\" content=\"https:\/\/www.pilgrim.es\/wp-content\/uploads\/2019\/03\/mapa-ultimos-200-km-01.jpg\" \/>\n\t<meta property=\"og:image:width\" content=\"879\" \/>\n\t<meta property=\"og:image:height\" content=\"894\" \/>\n\t<meta property=\"og:image:type\" content=\"image\/jpeg\" \/>\n<meta name=\"twitter:card\" content=\"summary_large_image\" \/>\n<meta name=\"twitter:site\" content=\"@pilgrim_es\" \/>\n<meta name=\"twitter:label1\" content=\"Tempo di lettura stimato\" \/>\n\t<meta name=\"twitter:data1\" content=\"14 minuti\" \/>\n<script type=\"application\/ld+json\" class=\"yoast-schema-graph\">{\"@context\":\"https:\\\/\\\/schema.org\",\"@graph\":[{\"@type\":\"WebPage\",\"@id\":\"https:\\\/\\\/www.pilgrim.es\\\/it\\\/pianificare\\\/come-arrivare-a-i-punti-di-partenza-del-cammino-di-santiago\\\/\",\"url\":\"https:\\\/\\\/www.pilgrim.es\\\/it\\\/pianificare\\\/come-arrivare-a-i-punti-di-partenza-del-cammino-di-santiago\\\/\",\"name\":\"Come arrivare a i punti di partenza del Cammino di Santiago | Pilgrim\",\"isPartOf\":{\"@id\":\"https:\\\/\\\/www.pilgrim.es\\\/it\\\/#website\"},\"primaryImageOfPage\":{\"@id\":\"https:\\\/\\\/www.pilgrim.es\\\/it\\\/pianificare\\\/come-arrivare-a-i-punti-di-partenza-del-cammino-di-santiago\\\/#primaryimage\"},\"image\":{\"@id\":\"https:\\\/\\\/www.pilgrim.es\\\/it\\\/pianificare\\\/come-arrivare-a-i-punti-di-partenza-del-cammino-di-santiago\\\/#primaryimage\"},\"thumbnailUrl\":\"https:\\\/\\\/www.pilgrim.es\\\/wp-content\\\/uploads\\\/2019\\\/03\\\/mapa-ultimos-200-km-01.jpg\",\"datePublished\":\"2019-09-11T15:47:53+00:00\",\"dateModified\":\"2025-10-09T12:55:48+00:00\",\"description\":\"Le informazioni pi\u00f9 complete per i pellegrini su come raggiungere i principali punti di partenza dei diversi itinerari del Cammino di Santiago.\",\"breadcrumb\":{\"@id\":\"https:\\\/\\\/www.pilgrim.es\\\/it\\\/pianificare\\\/come-arrivare-a-i-punti-di-partenza-del-cammino-di-santiago\\\/#breadcrumb\"},\"inLanguage\":\"it-IT\",\"potentialAction\":[{\"@type\":\"ReadAction\",\"target\":[\"https:\\\/\\\/www.pilgrim.es\\\/it\\\/pianificare\\\/come-arrivare-a-i-punti-di-partenza-del-cammino-di-santiago\\\/\"]}]},{\"@type\":\"ImageObject\",\"inLanguage\":\"it-IT\",\"@id\":\"https:\\\/\\\/www.pilgrim.es\\\/it\\\/pianificare\\\/come-arrivare-a-i-punti-di-partenza-del-cammino-di-santiago\\\/#primaryimage\",\"url\":\"https:\\\/\\\/www.pilgrim.es\\\/wp-content\\\/uploads\\\/2019\\\/03\\\/mapa-ultimos-200-km-01.jpg\",\"contentUrl\":\"https:\\\/\\\/www.pilgrim.es\\\/wp-content\\\/uploads\\\/2019\\\/03\\\/mapa-ultimos-200-km-01.jpg\",\"width\":879,\"height\":894},{\"@type\":\"BreadcrumbList\",\"@id\":\"https:\\\/\\\/www.pilgrim.es\\\/it\\\/pianificare\\\/come-arrivare-a-i-punti-di-partenza-del-cammino-di-santiago\\\/#breadcrumb\",\"itemListElement\":[{\"@type\":\"ListItem\",\"position\":1,\"name\":\"Camino de Santiago\",\"item\":\"https:\\\/\\\/www.pilgrim.es\\\/it\\\/\"},{\"@type\":\"ListItem\",\"position\":2,\"name\":\"Pianificare\",\"item\":\"https:\\\/\\\/www.pilgrim.es\\\/it\\\/pianificare\\\/\"},{\"@type\":\"ListItem\",\"position\":3,\"name\":\"Come arrivare a i punti di partenza del Cammino di Santiago\"}]},{\"@type\":\"WebSite\",\"@id\":\"https:\\\/\\\/www.pilgrim.es\\\/it\\\/#website\",\"url\":\"https:\\\/\\\/www.pilgrim.es\\\/it\\\/\",\"name\":\"Pilgrim\",\"description\":\"Camino de Santiago | Caminamos Contigo\",\"publisher\":{\"@id\":\"https:\\\/\\\/www.pilgrim.es\\\/it\\\/#organization\"},\"potentialAction\":[{\"@type\":\"SearchAction\",\"target\":{\"@type\":\"EntryPoint\",\"urlTemplate\":\"https:\\\/\\\/www.pilgrim.es\\\/it\\\/?s={search_term_string}\"},\"query-input\":{\"@type\":\"PropertyValueSpecification\",\"valueRequired\":true,\"valueName\":\"search_term_string\"}}],\"inLanguage\":\"it-IT\"},{\"@type\":\"Organization\",\"@id\":\"https:\\\/\\\/www.pilgrim.es\\\/it\\\/#organization\",\"name\":\"Pilgrim Camino de Santiago\",\"url\":\"https:\\\/\\\/www.pilgrim.es\\\/it\\\/\",\"logo\":{\"@type\":\"ImageObject\",\"inLanguage\":\"it-IT\",\"@id\":\"https:\\\/\\\/www.pilgrim.es\\\/it\\\/#\\\/schema\\\/logo\\\/image\\\/\",\"url\":\"https:\\\/\\\/www.pilgrim.es\\\/wp-content\\\/uploads\\\/2019\\\/04\\\/logo_pilgrim.png\",\"contentUrl\":\"https:\\\/\\\/www.pilgrim.es\\\/wp-content\\\/uploads\\\/2019\\\/04\\\/logo_pilgrim.png\",\"width\":512,\"height\":512,\"caption\":\"Pilgrim Camino de Santiago\"},\"image\":{\"@id\":\"https:\\\/\\\/www.pilgrim.es\\\/it\\\/#\\\/schema\\\/logo\\\/image\\\/\"},\"sameAs\":[\"https:\\\/\\\/www.facebook.com\\\/pilgrim.es\\\/\",\"https:\\\/\\\/x.com\\\/pilgrim_es\",\"https:\\\/\\\/www.instagram.com\\\/pilgrim.es\\\/\",\"https:\\\/\\\/www.linkedin.com\\\/company\\\/pilgrim-camino-de-santiago\\\/\",\"https:\\\/\\\/www.pinterest.es\\\/pilgrimcaminodesantiago\\\/\",\"https:\\\/\\\/www.youtube.com\\\/channel\\\/UCIv2ZzFLXVqthkNF32rKedw\\\/featured\"]}]}<\/script>\n<!-- \/ Yoast SEO plugin. -->","yoast_head_json":{"title":"Come arrivare a i punti di partenza del Cammino di Santiago | Pilgrim","description":"Le informazioni pi\u00f9 complete per i pellegrini su come raggiungere i principali punti di partenza dei diversi itinerari del Cammino di Santiago.","robots":{"index":"index","follow":"follow","max-snippet":"max-snippet:-1","max-image-preview":"max-image-preview:large","max-video-preview":"max-video-preview:-1"},"canonical":"https:\/\/www.pilgrim.es\/it\/pianificare\/come-arrivare-a-i-punti-di-partenza-del-cammino-di-santiago\/","og_locale":"it_IT","og_type":"article","og_title":"Come arrivare a i punti di partenza del Cammino di Santiago | Pilgrim","og_description":"Le informazioni pi\u00f9 complete per i pellegrini su come raggiungere i principali punti di partenza dei diversi itinerari del Cammino di Santiago.","og_url":"https:\/\/www.pilgrim.es\/it\/pianificare\/come-arrivare-a-i-punti-di-partenza-del-cammino-di-santiago\/","og_site_name":"Pilgrim","article_publisher":"https:\/\/www.facebook.com\/pilgrim.es\/","article_modified_time":"2025-10-09T12:55:48+00:00","og_image":[{"width":879,"height":894,"url":"https:\/\/www.pilgrim.es\/wp-content\/uploads\/2019\/03\/mapa-ultimos-200-km-01.jpg","type":"image\/jpeg"}],"twitter_card":"summary_large_image","twitter_site":"@pilgrim_es","twitter_misc":{"Tempo di lettura stimato":"14 minuti"},"schema":{"@context":"https:\/\/schema.org","@graph":[{"@type":"WebPage","@id":"https:\/\/www.pilgrim.es\/it\/pianificare\/come-arrivare-a-i-punti-di-partenza-del-cammino-di-santiago\/","url":"https:\/\/www.pilgrim.es\/it\/pianificare\/come-arrivare-a-i-punti-di-partenza-del-cammino-di-santiago\/","name":"Come arrivare a i punti di partenza del Cammino di Santiago | Pilgrim","isPartOf":{"@id":"https:\/\/www.pilgrim.es\/it\/#website"},"primaryImageOfPage":{"@id":"https:\/\/www.pilgrim.es\/it\/pianificare\/come-arrivare-a-i-punti-di-partenza-del-cammino-di-santiago\/#primaryimage"},"image":{"@id":"https:\/\/www.pilgrim.es\/it\/pianificare\/come-arrivare-a-i-punti-di-partenza-del-cammino-di-santiago\/#primaryimage"},"thumbnailUrl":"https:\/\/www.pilgrim.es\/wp-content\/uploads\/2019\/03\/mapa-ultimos-200-km-01.jpg","datePublished":"2019-09-11T15:47:53+00:00","dateModified":"2025-10-09T12:55:48+00:00","description":"Le informazioni pi\u00f9 complete per i pellegrini su come raggiungere i principali punti di partenza dei diversi itinerari del Cammino di Santiago.","breadcrumb":{"@id":"https:\/\/www.pilgrim.es\/it\/pianificare\/come-arrivare-a-i-punti-di-partenza-del-cammino-di-santiago\/#breadcrumb"},"inLanguage":"it-IT","potentialAction":[{"@type":"ReadAction","target":["https:\/\/www.pilgrim.es\/it\/pianificare\/come-arrivare-a-i-punti-di-partenza-del-cammino-di-santiago\/"]}]},{"@type":"ImageObject","inLanguage":"it-IT","@id":"https:\/\/www.pilgrim.es\/it\/pianificare\/come-arrivare-a-i-punti-di-partenza-del-cammino-di-santiago\/#primaryimage","url":"https:\/\/www.pilgrim.es\/wp-content\/uploads\/2019\/03\/mapa-ultimos-200-km-01.jpg","contentUrl":"https:\/\/www.pilgrim.es\/wp-content\/uploads\/2019\/03\/mapa-ultimos-200-km-01.jpg","width":879,"height":894},{"@type":"BreadcrumbList","@id":"https:\/\/www.pilgrim.es\/it\/pianificare\/come-arrivare-a-i-punti-di-partenza-del-cammino-di-santiago\/#breadcrumb","itemListElement":[{"@type":"ListItem","position":1,"name":"Camino de Santiago","item":"https:\/\/www.pilgrim.es\/it\/"},{"@type":"ListItem","position":2,"name":"Pianificare","item":"https:\/\/www.pilgrim.es\/it\/pianificare\/"},{"@type":"ListItem","position":3,"name":"Come arrivare a i punti di partenza del Cammino di Santiago"}]},{"@type":"WebSite","@id":"https:\/\/www.pilgrim.es\/it\/#website","url":"https:\/\/www.pilgrim.es\/it\/","name":"Pilgrim","description":"Camino de Santiago | Caminamos Contigo","publisher":{"@id":"https:\/\/www.pilgrim.es\/it\/#organization"},"potentialAction":[{"@type":"SearchAction","target":{"@type":"EntryPoint","urlTemplate":"https:\/\/www.pilgrim.es\/it\/?s={search_term_string}"},"query-input":{"@type":"PropertyValueSpecification","valueRequired":true,"valueName":"search_term_string"}}],"inLanguage":"it-IT"},{"@type":"Organization","@id":"https:\/\/www.pilgrim.es\/it\/#organization","name":"Pilgrim Camino de Santiago","url":"https:\/\/www.pilgrim.es\/it\/","logo":{"@type":"ImageObject","inLanguage":"it-IT","@id":"https:\/\/www.pilgrim.es\/it\/#\/schema\/logo\/image\/","url":"https:\/\/www.pilgrim.es\/wp-content\/uploads\/2019\/04\/logo_pilgrim.png","contentUrl":"https:\/\/www.pilgrim.es\/wp-content\/uploads\/2019\/04\/logo_pilgrim.png","width":512,"height":512,"caption":"Pilgrim Camino de Santiago"},"image":{"@id":"https:\/\/www.pilgrim.es\/it\/#\/schema\/logo\/image\/"},"sameAs":["https:\/\/www.facebook.com\/pilgrim.es\/","https:\/\/x.com\/pilgrim_es","https:\/\/www.instagram.com\/pilgrim.es\/","https:\/\/www.linkedin.com\/company\/pilgrim-camino-de-santiago\/","https:\/\/www.pinterest.es\/pilgrimcaminodesantiago\/","https:\/\/www.youtube.com\/channel\/UCIv2ZzFLXVqthkNF32rKedw\/featured"]}]}},"_links":{"self":[{"href":"https:\/\/www.pilgrim.es\/it\/wp-json\/wp\/v2\/pages\/46586","targetHints":{"allow":["GET"]}}],"collection":[{"href":"https:\/\/www.pilgrim.es\/it\/wp-json\/wp\/v2\/pages"}],"about":[{"href":"https:\/\/www.pilgrim.es\/it\/wp-json\/wp\/v2\/types\/page"}],"author":[{"embeddable":true,"href":"https:\/\/www.pilgrim.es\/it\/wp-json\/wp\/v2\/users\/4"}],"replies":[{"embeddable":true,"href":"https:\/\/www.pilgrim.es\/it\/wp-json\/wp\/v2\/comments?post=46586"}],"version-history":[{"count":12,"href":"https:\/\/www.pilgrim.es\/it\/wp-json\/wp\/v2\/pages\/46586\/revisions"}],"predecessor-version":[{"id":136533,"href":"https:\/\/www.pilgrim.es\/it\/wp-json\/wp\/v2\/pages\/46586\/revisions\/136533"}],"up":[{"embeddable":true,"href":"https:\/\/www.pilgrim.es\/it\/wp-json\/wp\/v2\/pages\/46449"}],"wp:featuredmedia":[{"embeddable":true,"href":"https:\/\/www.pilgrim.es\/it\/wp-json\/wp\/v2\/media\/13901"}],"wp:attachment":[{"href":"https:\/\/www.pilgrim.es\/it\/wp-json\/wp\/v2\/media?parent=46586"}],"wp:term":[{"taxonomy":"category","embeddable":true,"href":"https:\/\/www.pilgrim.es\/it\/wp-json\/wp\/v2\/categories?post=46586"},{"taxonomy":"post_tag","embeddable":true,"href":"https:\/\/www.pilgrim.es\/it\/wp-json\/wp\/v2\/tags?post=46586"}],"curies":[{"name":"wp","href":"https:\/\/api.w.org\/{rel}","templated":true}]}}