{"id":46582,"date":"2019-09-11T15:33:31","date_gmt":"2019-09-11T15:33:31","guid":{"rendered":"https:\/\/prod.pilgrim.es\/pianificare\/segnaletica-del-cammino-di-santiago\/"},"modified":"2025-10-09T12:56:00","modified_gmt":"2025-10-09T12:56:00","slug":"segnaletica-del-cammino-di-santiago","status":"publish","type":"page","link":"https:\/\/www.pilgrim.es\/it\/pianificare\/segnaletica-del-cammino-di-santiago\/","title":{"rendered":"Segnaletica del Cammino di Santiago"},"content":{"rendered":"\n<div id=\"planifyPage\">\n\t<section>\n\t\t<h1>Segnaletica del Cammino di Santiago<\/h1>\n\t<\/section>\n\t<section class=\"navigation\">\n\t\t<article>\n\t\t\t<i class=\"icon-shell\"><\/i>\n\t\t\t<ul>\n\t\t\t\t<li>\n\t\t\t\t\t<a href=\"https:\/\/www.pilgrim.es\/it\/pianificare\/storia-del-cammino-di-santiago\/\">La storia\n\t\t\t\t\t<\/a>\n\t\t\t\t<\/li>\n\t\t\t\t<li>\n\t\t\t\t\t<a href=\"https:\/\/www.pilgrim.es\/it\/pianificare\/il-codice-calixtino\/\">Il C\u00f3dice Calixtino<\/a>\n\t\t\t\t<\/li>\n\t\t\t\t<li>\n\t\t\t\t\t<a href=\"https:\/\/www.pilgrim.es\/it\/pianificare\/giacomo-apostolo\/\">Giacomo Apostolo<\/a>\n\t\t\t\t<\/li>\n\t\t\t<\/ul>\n\t\t<\/article>\n\t\t<article>\n\t\t\t<i class=\"icon-cathedral\"><\/i>\n\t\t\t<ul>\n\t\t\t\t<li>\n\t\t\t\t\t<a href=\"https:\/\/www.pilgrim.es\/it\/pianificare\/la-cattedrale-di-santiago\/\">La Cattedrale di\n\t\t\t\t\t\tSantiago<\/a>\n\t\t\t\t<\/li>\n\t\t\t\t<li>\n\t\t\t\t\t<a href=\"https:\/\/www.pilgrim.es\/it\/pianificare\/il-botafumeiro\/\">Botafumeiro<\/a>\n\t\t\t\t<\/li>\n\t\t\t\t<li>\n\t\t\t\t\t<a href=\"https:\/\/www.pilgrim.es\/it\/pianificare\/anno-giubilare\/\">Anno giubilare<\/a>\n\t\t\t\t<\/li>\n\t\t\t<\/ul>\n\t\t<\/article>\n\t\t<article>\n\t\t\t<i class=\"icon-compostela\"><\/i>\n\t\t\t<ul>\n\t\t\t\t<li>\n\t\t\t\t\t<a href=\"https:\/\/www.pilgrim.es\/it\/pianificare\/la-credenziale-del-pellegrino\/\">La Credenziale<\/a>\n\t\t\t\t<\/li>\n\t\t\t\t<li>\n\t\t\t\t\t<a href=\"https:\/\/www.pilgrim.es\/it\/pianificare\/la-compostela\/\">La Compostela<\/a>\n\t\t\t\t<\/li>\n\t\t\t\t<li>\n\t\t\t\t\t<a href=\"https:\/\/www.pilgrim.es\/it\/pianificare\/il-bastone-e-zucca\/\">Il Bastone e la Zucca<\/a>\n\t\t\t\t<\/li>\n\t\t\t\t<li class=\"nav-pill--active\">\n\t\t\t\t\t<a href=\"https:\/\/www.pilgrim.es\/it\/pianificare\/segnaletica-del-cammino-di-santiago\/\">Segnaletica del\n\t\t\t\t\t\tCammino di Santiago<\/a>\n\t\t\t\t<\/li>\n\t\t\t<\/ul>\n\t\t<\/article>\n\t<\/section>\n\t<div class=\"planify-content\">\n\t\t<section class=\"planify-content__hero\">\n\t\t\t<img decoding=\"async\" src=\"https:\/\/cdn.pilgrim.es\/web\/planificar\/mojon-camino.webp\" alt=\"Segnaletica del Cammino di Santiago\" \/>\n\t\t\t<div class=\"planner\"><div\r\n  class=\"p-col-span-1 p-rounded-lg p-px-5 p-h-full\"\r\n  style=\"background-image: url('https:\/\/cdn.pilgrim.es\/web\/pilgrim-planner\/bg-plugin-planificador.webp')\"\r\n  rel=\"preload\"\r\n  fetchpriority=\"high\"\r\n  >\r\n    <div class=\"p-text-center p-pt-5 p-text-white p-text-2xl p-font-semibold\">\r\n      Pianifica il tuo cammino    <\/div>\r\n    <div\r\n            id='primary-app'\r\n            data-name='banner'\r\n            data-api='https:\/\/pathfinder.pilgrim.es\/api\/pathfinder\/v2'\r\n            data-mode='normal'\r\n            data-lang='it'\r\n            data-route='1'\r\n            data-destiny='https:\/\/planificador.pilgrim.es'\r\n            data-modality='1'\r\n            data-inline=''\r\n        ><\/div><\/div><\/div>\n\t\t<\/section>\n\n\t\t<section class=\"planify-content__content\">\n\t\t\t<section>\n\t\t\t\t<h3>Indice<\/h3>\n\t\t\t\t<ul>\n\t\t\t\t\t<li><a href=\"#yellow-arrow\">Freccia gialla<\/a><\/li>\n\t\t\t\t\t<li><a href=\"#milestones\">Pietre militari<\/a><\/li>\n\t\t\t\t\t<li><a href=\"#panels\">Pannelli informativi<\/a><\/li>\n\t\t\t\t\t<li><a href=\"#yellow-scallop\">Conchiglia gialla<\/a><\/li>\n\t\t\t\t\t<li><a href=\"#bronze-scallop\">Conchiglia di bronzo<\/a><\/li>\n\t\t\t\t\t<li><a href=\"#others\">Altri simboli<\/a><\/li>\n\t\t\t\t<\/ul>\n\t\t\t<\/section>\n\t\t\t<section>\n\n\t\t\t\t<p>Tutti i Cammini di Santiago sono segnalati, in misura minore o maggiore a seconda della Comunit\u00e0 Autonoma o della\n\t\t\t\t\tprovincia, ma tutti sono almeno minimamente segnalati. Durante tutto il percorso \u00e8 possibile seguire vari tipi\n\t\t\t\t\tdi segnali:<\/p>\n\t\t\t\n\t\t\t\t<h2>Un poco di storia\u2026<\/h2>\n\n\t\t\t\t<p>Dal suo impulso nel 1993, grazie alla celebrazione dell\u2019<a\n\t\t\t\t\t\thref=\"https:\/\/www.pilgrim.es\/it\/pianificare\/anno-giubilare\/\">Anno Santo di San Giacomo<\/a>, il Cammino di\n\t\t\t\t\tSantiago ha acquistato una <strong>posizione privilegiata tra le vie di pellegrinaggio di tutto il\n\t\t\t\t\t\tmondo<\/strong>.<\/p>\n\n\t\t\t\t<p>Senza andare oltre, ci sono stati diversi incontri con i promotori del Cammino di Santiago su iniziativa di\n\t\t\t\t\trappresentanti de percorsi come il <strong>cammino di Shikoku o il Kumano Kodo<\/strong> (entrambi in Giappone).\n\t\t\t\t<\/p>\n\n\t\t\t\t<p>Essi stabilirono legami di unione e chiesero anche consigli a esperti della rotta giacobea per migliorare\n\t\t\t\t\taspetti pratici come le segnaletiche presenti nel pellegrinaggio, il che dimostra che, <strong>al di fuori delle\n\t\t\t\t\t\tnostre frontiere la segnaletica \u00e8 un punto di riferimento<\/strong>.<\/p>\n\n\t\t\t\t<h3>Fanno parte del percorso<\/h3>\n\n\t\t\t\t<p>Oltre alla moltitudine di indicazioni che aiutano il pellegrino a orientarsi, come la freccia gialla o la tipica\n\t\t\t\t\tconchiglia, questi segnali <strong>fanno gi\u00e0 parte della storia del percorso<\/strong> e rappresentano di per s\u00e9\n\t\t\t\t\tsimboli dell\u2019Apostolo Giacomo, come si pu\u00f2 capire dalla grande quantit\u00e0 relativa di merchandising esistente.<\/p>\n\n\t\t\t\t<p>Una buona segnaletica si traduce in \u00e8 un <strong>elemento chiave per attirare potenziali\n\t\t\t\t\t\tpellegrini<\/strong>perch\u00e9 ispira fiducia e tranquillit\u00e0 quando si tratta di pianificare quest\u2019avventura.<\/p>\n\n\t\t\t\t<p>Lungo il Cammino \u00e8 possibile trovare tutti questi indicatori, la cui funzione principale \u00e8 quella di segnalare\n\t\t\t\t\tche si sta seguendo il sentiero corretto e di guidare il pellegrino in quei punti in cui possano sussistere dei\n\t\t\t\t\tdubbi sull\u2019itinerario da seguire per arrivare a Santiago.<\/p>\n\t\t\t<\/section>\n\n\t\t\t<section id=\"yellow-arrow\">\n\t\t\t\n\t\t\t\t<h2>Freccia gialla<\/h2>\n\t\t\t\n\t\t\t\t<p>Di tutti gli indicatori, <strong>la freccia gialla \u00e8 la pi\u00f9 importante<\/strong> perch\u00e9 tutte le versanti del\n\t\t\t\tCammino sono segnalate con questo tipo di frecce e accompagnano il pellegrino nel percorso, essendo dipinte sugli\n\t\t\t\talberi, sul suolo, sui segnali verticali, chiese, rocce, ecc.<\/p>\n\n\t\t\t\t<p>La sua origine \u00e8 <strong>legata a Padre El\u00edas Vali\u00f1a<\/strong> nato a Sarria ma residente a O Cebreiro, dove ha\n\t\t\t\t\tprestato servizio come sacerdote e si \u00e8 occupato della ristorazione dell\u2019Ospedale e del Santuario di Santa Mar\u00eda\n\t\t\t\t\tdel Cebreiro.<\/p>\n\n\t\t\t\t<p>\u00c8 anche una delle figure pi\u00f9 influenti e importanti del Cammino di Santiago di Compostela e <strong>noto per aver\n\t\t\t\t\t\tsegnato l\u2019intero cammino francese con una freccia gialla<\/strong> da Roncesvalles a Santiago de Compostela\n\t\t\t\t\tin diverse occasioni, con un chiaro obiettivo: migliorare e promuovere il Camino de Santiago, di cui era un\n\t\t\t\t\tfedele difensore.<\/p>\n\n\t\t\t\t<h3>Perch\u00e9 la freccia sul Cammino di Santiago \u00e8 gialla?<\/h3>\n\n\t\t\t\t<p>La scelta del giallo \u00e8 dovuta a una semplice coincidenza, poich\u00e9 \u00e8 stato grazie al regalo della vernice residua\n\t\t\t\t\tdi alcuni camionisti che dipingevano le linee della strada, per questo motivo dipinte di questo colore.<\/p>\n\n\t\t\t\t<p>\u00c8 curioso che un simbolo semplice come una freccia gialla abbia la seguente forma <strong>una delle immagini pi\u00f9\n\t\t\t\t\t\triconosciute del Cammino<\/strong>.<\/p>\n\n\t\t\t\t<p>Potrebbe essere oggetto di campagne pubblicitarie in cui inserire loghi delle compagnie o sponsor, tuttavia,\n\t\t\t\t\tseguendo con l\u2019essenza della rotta giacobea e con lo spirito della Vali\u00f1a, si mantiene come un marchio austero\n\t\t\t\t\te senza pi\u00f9 pretese che evita inutili deviazioni da parte dei pellegrini pi\u00f9 distratti. <strong>evita inutili\n\t\t\t\t\t\tdeviazioni da parte dei pellegrini pi\u00f9 distratti<\/strong>.<\/p>\n\t\t\t\n\t\t\t\t<img decoding=\"async\" src=\"https:\/\/cdn.pilgrim.es\/web\/planificar\/flecha.webp\" alt=\"Freccia gialla Cammino di Santiago\">\n\t\t\t\n\t\t\t<\/section>\n\t\t\t\n\t\t\t<section id=\"milestones\">\n\t\t\t\n\t\t\t\t<h2>Pietre miliari<\/h2>\n\t\t\t\n\t\t\t\t<p>In secondo luogo, per quanto riguarda l\u2019importanza, si troverebbero le cosiddette pietre miliari,\n\t\t\t\t\t<strong>costruzioni in pietra e calcestruzzo in cui la freccia posta sopra \u00e8 di solito visibile<\/strong>,\n\t\t\t\t\tl\u2019iconica conchiglia e, in alcuni casi, i chilometri rimanenti fino a Santiago (indicatori chilometrici).<\/p>\n\n\t\t\t\t<p>A seconda della provincia o della comunit\u00e0 in cui si trova il pellegrino, esistono pietre miliari di forme e\n\t\t\t\t\tdisegni diversi e <strong>Galizia \u00e8 quella con la migliore segnaletica<\/strong>, poich\u00e9 ha una pietra miliare\n\t\t\t\t\togni 500 metri, misura adottata nel 1993 dalla Xunta de Galicia come azione rivitalizzante del pellegrinaggio\n\t\t\t\t\tgiacobeo. Inoltre, il passaggio del Cammino attraverso <strong>enclavi di qualche importanza storica, religiosa\n\t\t\t\t\t\to monumentale \u00e8 rappresentato anche da pietre miliari<\/strong>, in modo che il pellegrino che voglia\n\t\t\t\t\tapprofittare al massimo dell\u2019esperienza possa prendere coscienza della loro presenza e il tempo necessario per\n\t\t\t\t\tvisitarli.<\/p>\n\n\t\t\t\t<p>Negli ultimi anni <strong>sono state cambiate le tradizionali pietre miliari con delle nuove<\/strong>, che sono\n\t\t\t\t\tstate oggetto di controversie. In questi, una conchiglia gialla su tegola blu navy indica con la freccia la\n\t\t\t\t\tdirezione da seguire.<\/p>\n\n\t\t\t\t<p>Se la freccia \u00e8 stata cancellata o semplicemente non esiste, bisogna stare attenti, perch\u00e9 la direzione giusta\n\t\t\t\t\tsar\u00e0 l\u2019una o l\u2019altra a seconda che si passi o meno per la Galizia.<\/p>\n\n\t\t\t\t<p>Fuori dalla comunit\u00e0, <strong>le linee convergono verso Santiago de Compostela<\/strong> in modo che se si\n\t\t\t\t\tincontrino a sinistra, sar\u00e0 questa la direzione da prendere. Tuttavia, una volta nella comunit\u00e0 galiziana, la\n\t\t\t\t\tdirezione era quella opposta, che sar\u00e0 quella in cui le linee della conchiglia sono separate, vale a dire, per\n\t\t\t\t\tla conchiglia precedenti, verrebbe preso il cammino a destra.<\/p>\n\t\t\t\n\t\t\t\t<img decoding=\"async\" src=\"https:\/\/cdn.pilgrim.es\/web\/planificar\/mojon-camino-2.webp\" alt=\"Pietre miliari Cammino di Santiago\">\n\t\t\t\n\t\t\t<\/section>\n\n\t\t\t<section id=\"panels\">\n\t\t\t\n\t\t\t\t<h2>Segnali stradale e pannelli informativi<\/h2>\n\t\t\t\n\t\t\t\t<p>Questo tipo di segnaletica sar\u00e0 diversa in ogni comunit\u00e0 autonoma o provincia su cui ci muoviamo e sar\u00e0 molto utile per non perdersi.<\/p>\n\t\t\t\n\t\t\t<\/section>\n\t\t\t\n\t\t\t<section id=\"yellow-scallop\">\n\t\t\t\n\t\t\t\t<h2>Conchiglia gialla su sfondo blu<\/h2>\n\t\t\t\n\t\t\t\t<p>Dopo la freccia, la segnale pi\u00f9 visibile sar\u00e0 la conchiglia che identifica il Cammino come itinerario culturale europeo.<\/p>\n\t\t\t\n\t\t\t<\/section>\n\t\t\t\n\t\t\t<section id=\"bronze-scallop\">\n\t\t\t\n\t\t\t\t<h2>Conchiglie di bronzo<\/h2>\n\t\t\t\n\t\t\t\t<p>In misura minore, troveremo anche questa variante di conchiglie lungo il cammino.<\/p>\n\t\t\t\t\n\t\t\t\t<p>\u00c8 anche possibile vedere la propria conchiglia stessa attaccata alle facciate di case, chiese, sul pavimento stesso o\n\t\t\t\t\tin diversi punti strategici di facile visualizzazione durante il pellegrinaggio. Questo simbolo \u00e8 stato collegato al\n\t\t\t\t\tcammino per secoli, poich\u00e9 fa parte dell\u2019abbigliamento giacobeo.<\/p>\n\n\t\t\t\t<p>\u00c8 tipico della costa galiziana e un tempo i pellegrini, una volta tornati nel loro paese di origine, decisero di\n\t\t\t\t\tesporre la loro capasanta come prova del fatto che avevano raggiunto il punto finale del loro viaggio, Santiago de\n\t\t\t\t\tCompostela.<\/p>\n\n\t\t\t\t<p>Nel corso degli anni, \u00e8 stato utilizzato anche per bere facilmente l\u2019acqua delle fontane e dei torrenti che si\n\t\t\t\t\ttrovavano lungo il percorso.<\/p>\n\t\t\t\n\t\t\t<\/section>\n\t\t\t\n\t\t\t<section id=\"others\">\n\t\t\t\n\t\t\t\t<h2>Altri segni del Cammino di Santiago<\/h2>\n\t\t\t\n\t\t\t\t<p>D\u2019altra parte, alcune comunit\u00e0 hanno deciso di incorporare le segnaletiche complementari, come la Navarra con i\n\t\t\t\t\tsegnali bianchi e rossi noti come GR 65 (Sentiero de Gran Percorso) o Le\u00f3n, con un segno che includeva un leone\n\t\t\t\t\tcaratterizzato come pellegrino, ma che non \u00e8 stato accolto molto bene e hanno smesso di utilizzarlo.<\/p>\n\n\t\t\t\t<p>Inoltre, in alcuni punti della rotta giacobea avr\u00e0 la possibilit\u00e0 di contemplare le cosiddette <strong>pietre\n\t\t\t\t\t\tmiliari, antiche costruzioni cilindriche situate sulle carreggiate romane per indicare le distanze ogni\n\t\t\t\t\t\tmille passi romani<\/strong> (un miglio).<\/p>\n\n\t\t\t\t<p>Come ultima opzione, c\u2019\u00e8 la migliore segnaletica di tutte, perch\u00e9 non manca mai il sole finch\u00e9 il giorno \u00e8\n\t\t\t\t\tlimpido. Se il pellegrino vuole far emergere nel cammino il suo spirito pi\u00f9 avventuroso, pu\u00f2 orientarsi grazie\n\t\t\t\t\tal Sole a seconda del punto di partenza e del versante scelto.<\/p>\n\n\t\t\t\t<p>Nel caso del cammino francese, il pi\u00f9 percorso, corre lungo una linea quasi retta da Est a Ovest, cos\u00ec il sole\n\t\t\t\t\trifletter\u00e0 il pellegrino sulla sua sinistra, sul suo collo al mattino e sul suo viso alla fine della giornata.\n\t\t\t\t<\/p>\n\n\t\t\t\t<h3>Unificazione dei segnali<\/h3>\n\n\t\t\t\t<p>Dal 2007 e <strong>in virt\u00f9 del mandato dell\u2019Unesco di mantenere il titolo di Patrimonio mondiale\n\t\t\t\t\t\tdell\u2019umanit\u00e0<\/strong>, divenne essenziale delimitare l\u2019itinerario con esattezza e definire il autentico\n\t\t\t\t\titinerario giacobeo.<\/p>\n\n\t\t\t\t<p>Tutti i nuovi indicatori di percorso devono avere da allora lo stesso disegno, compresa la conchiglia, la freccia\n\t\t\t\t\tche indica la direzione da seguire e il numero di chilometri mancanti per raggiungere Santiago de Compostela.\n\t\t\t\t<\/p>\n\n\t\t\t\t<p>Tuttavia, la cosa pi\u00f9 sorprendente \u00e8 stata l\u2019inclusione, in alcuni luoghi, di alternative per i pellegrini.<\/p>\n\n\t\t\t\t<p>Il risultato \u00e8 stata un cammino moltiplicato, con una variante storica e percorsi alternativi imposti\n\t\t\t\t\tdall\u2019abitudine. <strong>La prima sarebbe quella corrispondente al cammino originale<\/strong>, mentre il percorso\n\t\t\t\t\talternativo potrebbe riferirsi a deviazioni che consentono l\u2019accesso a luoghi di certo interesse turistico,\n\t\t\t\t\tnaturale, gastronomico o anche itinerari con vestigia storiche.<\/p>\n\n\t\t\t\t<p>Tutto ci\u00f2 \u00e8 accompagnato dalla controversia generata dal fatto che il cambiamento del percorso favorir\u00e0 o\n\t\t\t\t\tdannegger\u00e0 alcune localit\u00e0 dell\u2019itinerario.<\/p>\n\t\t\t\n\t\t\t\t<img decoding=\"async\" src=\"https:\/\/cdn.pilgrim.es\/web\/planificar\/senal-camino.webp\" alt=\"Segnale Cammino di Santiago\">\n\t\t\t\n\t\t\t\t<h3 class=\"p-mt-5\">Tumulo di pietre<\/h3>\n\n\t\t\t\t<p>Infine, troveremo anche cumuli di pietre che altri pellegrini lasciano come segnale del loro passaggio. Questi\n\t\t\t\t\tcumuli sono conosciuti con il nome di Milladoiros, humilladeros in spagnolo.<\/p>\n\n\t\t\t\t<p>Secondo la leggenda, queste pietre <strong>rappresentano atti di penitenza<\/strong> poich\u00e9 chi porta una pietra\n\t\t\t\t\tdal punto di partenza al luogo umile ottiene il perdono dei propri peccati proporzionale alla dimensione della\n\t\t\t\t\tpietra e il sacrificio nel trasportarla.<\/p>\n\n\t\t\t\t<p>Se conoscete gi\u00e0 tutti i possibili segnali che potreste trovare nel vostro pellegrinaggio, siete pronti ad\n\t\t\t\t\taccettare la sfida di raggiungere la capitale della Galizia, Santiago de Compostela, apprezzare la cattedrale e\n\t\t\t\t\trendere omaggio all\u2019Apostolo Santiago.<\/p>\n\t\t\t\n\t\t\t<\/section>\n\n\t\t\t<section>\n\n\t\t\t\t<h2>Il nostro Consiglio<\/h2>\n\t\t\t\n\t\t\t\t<p>Lasciando da parte questioni specifiche, <strong>il Cammino di Santiago pu\u00f2 essere orgoglioso di avere una\n\t\t\t\t\t\tsegnaletica modello<\/strong> e serve da esempio a molti altri percorsi di pellegrinaggio.<\/p>\n\n\t\t\t\t<p>Da Pilgrim, vi invitiamo da <a href=\"https:\/\/www.pilgrim.es\/it\/pianificare\/\">avventurarvi nel Cammino<\/a> e vedere di\n\t\t\t\t\tpersona che, con l\u2019aiuto della segnaletica e, soprattutto, pellegrini avanzati che sono fedeli al percorso e lo\n\t\t\t\t\tconoscono come il palmo della loro mano, non ci sar\u00e0 spazio per la perdita.<\/p>\n\n\t\t\t\t<p>Nell\u2019improbabile caso in cui dovessi perderti, se hai pianificato il tuo percorso con noi puoi chiamare i nostri\n\t\t\t\t\tnumeri di emergenza: ti aiuteremo al massimo delle nostre possibilit\u00e0.<\/p>\n\n\t\t\t<\/section>\n\t\t\t\n\t\t<\/section>\n\t<\/div>\n<\/div>\n","protected":false},"excerpt":{"rendered":"<p>Segnaletica del Cammino di Santiago La storia Il C\u00f3dice Calixtino Giacomo Apostolo La Cattedrale di Santiago Botafumeiro Anno giubilare La Credenziale La Compostela Il Bastone e la Zucca Segnaletica del Cammino di Santiago Indice Freccia gialla Pietre militari Pannelli informativi Conchiglia gialla Conchiglia di bronzo Altri simboli Tutti i Cammini di Santiago sono segnalati, in &hellip; <\/p>\n<p class=\"read_more\"><a href=\"https:\/\/www.pilgrim.es\/it\/pianificare\/segnaletica-del-cammino-di-santiago\/\">Leer m\u00e1s<\/a><\/p>\n","protected":false},"author":4,"featured_media":13976,"parent":46449,"menu_order":0,"comment_status":"closed","ping_status":"closed","template":"views\/template-new-web-design.blade.php","meta":{"footnotes":""},"categories":[],"tags":[],"class_list":["post-46582","page","type-page","status-publish","has-post-thumbnail","hentry"],"yoast_head":"<!-- This site is optimized with the Yoast SEO plugin v27.4 - https:\/\/yoast.com\/product\/yoast-seo-wordpress\/ -->\n<title>Segnaletica del Cammino di Santiago - Pilgrim<\/title>\n<meta name=\"description\" content=\"La segnaletica del Cammino di Santiago: la segnaletica che vi permetter\u00e0 di guidarvi nel vostro cammino, come frecce gialle, capesante o punti di riferimento.\" \/>\n<meta name=\"robots\" content=\"index, follow, max-snippet:-1, max-image-preview:large, max-video-preview:-1\" \/>\n<link rel=\"canonical\" href=\"https:\/\/www.pilgrim.es\/it\/pianificare\/segnaletica-del-cammino-di-santiago\/\" \/>\n<meta property=\"og:locale\" content=\"it_IT\" \/>\n<meta property=\"og:type\" content=\"article\" \/>\n<meta property=\"og:title\" content=\"Segnaletica del Cammino di Santiago - Pilgrim\" \/>\n<meta property=\"og:description\" content=\"La segnaletica del Cammino di Santiago: la segnaletica che vi permetter\u00e0 di guidarvi nel vostro cammino, come frecce gialle, capesante o punti di riferimento.\" \/>\n<meta property=\"og:url\" content=\"https:\/\/www.pilgrim.es\/it\/pianificare\/segnaletica-del-cammino-di-santiago\/\" \/>\n<meta property=\"og:site_name\" content=\"Pilgrim\" \/>\n<meta property=\"article:publisher\" content=\"https:\/\/www.facebook.com\/pilgrim.es\/\" \/>\n<meta property=\"article:modified_time\" content=\"2025-10-09T12:56:00+00:00\" \/>\n<meta property=\"og:image\" content=\"https:\/\/www.pilgrim.es\/wp-content\/uploads\/2019\/03\/flecha-camino.jpg\" \/>\n\t<meta property=\"og:image:width\" content=\"599\" \/>\n\t<meta property=\"og:image:height\" content=\"396\" \/>\n\t<meta property=\"og:image:type\" content=\"image\/jpeg\" \/>\n<meta name=\"twitter:card\" content=\"summary_large_image\" \/>\n<meta name=\"twitter:site\" content=\"@pilgrim_es\" \/>\n<meta name=\"twitter:label1\" content=\"Tempo di lettura stimato\" \/>\n\t<meta name=\"twitter:data1\" content=\"8 minuti\" \/>\n<script type=\"application\/ld+json\" class=\"yoast-schema-graph\">{\"@context\":\"https:\\\/\\\/schema.org\",\"@graph\":[{\"@type\":\"WebPage\",\"@id\":\"https:\\\/\\\/www.pilgrim.es\\\/it\\\/pianificare\\\/segnaletica-del-cammino-di-santiago\\\/\",\"url\":\"https:\\\/\\\/www.pilgrim.es\\\/it\\\/pianificare\\\/segnaletica-del-cammino-di-santiago\\\/\",\"name\":\"Segnaletica del Cammino di Santiago - Pilgrim\",\"isPartOf\":{\"@id\":\"https:\\\/\\\/www.pilgrim.es\\\/it\\\/#website\"},\"primaryImageOfPage\":{\"@id\":\"https:\\\/\\\/www.pilgrim.es\\\/it\\\/pianificare\\\/segnaletica-del-cammino-di-santiago\\\/#primaryimage\"},\"image\":{\"@id\":\"https:\\\/\\\/www.pilgrim.es\\\/it\\\/pianificare\\\/segnaletica-del-cammino-di-santiago\\\/#primaryimage\"},\"thumbnailUrl\":\"https:\\\/\\\/www.pilgrim.es\\\/wp-content\\\/uploads\\\/2019\\\/03\\\/flecha-camino.jpg\",\"datePublished\":\"2019-09-11T15:33:31+00:00\",\"dateModified\":\"2025-10-09T12:56:00+00:00\",\"description\":\"La segnaletica del Cammino di Santiago: la segnaletica che vi permetter\u00e0 di guidarvi nel vostro cammino, come frecce gialle, capesante o punti di riferimento.\",\"breadcrumb\":{\"@id\":\"https:\\\/\\\/www.pilgrim.es\\\/it\\\/pianificare\\\/segnaletica-del-cammino-di-santiago\\\/#breadcrumb\"},\"inLanguage\":\"it-IT\",\"potentialAction\":[{\"@type\":\"ReadAction\",\"target\":[\"https:\\\/\\\/www.pilgrim.es\\\/it\\\/pianificare\\\/segnaletica-del-cammino-di-santiago\\\/\"]}]},{\"@type\":\"ImageObject\",\"inLanguage\":\"it-IT\",\"@id\":\"https:\\\/\\\/www.pilgrim.es\\\/it\\\/pianificare\\\/segnaletica-del-cammino-di-santiago\\\/#primaryimage\",\"url\":\"https:\\\/\\\/www.pilgrim.es\\\/wp-content\\\/uploads\\\/2019\\\/03\\\/flecha-camino.jpg\",\"contentUrl\":\"https:\\\/\\\/www.pilgrim.es\\\/wp-content\\\/uploads\\\/2019\\\/03\\\/flecha-camino.jpg\",\"width\":599,\"height\":396,\"caption\":\"Segnaletica del Cammino di Santiago\"},{\"@type\":\"BreadcrumbList\",\"@id\":\"https:\\\/\\\/www.pilgrim.es\\\/it\\\/pianificare\\\/segnaletica-del-cammino-di-santiago\\\/#breadcrumb\",\"itemListElement\":[{\"@type\":\"ListItem\",\"position\":1,\"name\":\"Camino de Santiago\",\"item\":\"https:\\\/\\\/www.pilgrim.es\\\/it\\\/\"},{\"@type\":\"ListItem\",\"position\":2,\"name\":\"Pianificare\",\"item\":\"https:\\\/\\\/www.pilgrim.es\\\/it\\\/pianificare\\\/\"},{\"@type\":\"ListItem\",\"position\":3,\"name\":\"Segnaletica del Cammino di Santiago\"}]},{\"@type\":\"WebSite\",\"@id\":\"https:\\\/\\\/www.pilgrim.es\\\/it\\\/#website\",\"url\":\"https:\\\/\\\/www.pilgrim.es\\\/it\\\/\",\"name\":\"Pilgrim\",\"description\":\"Camino de Santiago | Caminamos Contigo\",\"publisher\":{\"@id\":\"https:\\\/\\\/www.pilgrim.es\\\/it\\\/#organization\"},\"potentialAction\":[{\"@type\":\"SearchAction\",\"target\":{\"@type\":\"EntryPoint\",\"urlTemplate\":\"https:\\\/\\\/www.pilgrim.es\\\/it\\\/?s={search_term_string}\"},\"query-input\":{\"@type\":\"PropertyValueSpecification\",\"valueRequired\":true,\"valueName\":\"search_term_string\"}}],\"inLanguage\":\"it-IT\"},{\"@type\":\"Organization\",\"@id\":\"https:\\\/\\\/www.pilgrim.es\\\/it\\\/#organization\",\"name\":\"Pilgrim Camino de Santiago\",\"url\":\"https:\\\/\\\/www.pilgrim.es\\\/it\\\/\",\"logo\":{\"@type\":\"ImageObject\",\"inLanguage\":\"it-IT\",\"@id\":\"https:\\\/\\\/www.pilgrim.es\\\/it\\\/#\\\/schema\\\/logo\\\/image\\\/\",\"url\":\"https:\\\/\\\/www.pilgrim.es\\\/wp-content\\\/uploads\\\/2019\\\/04\\\/logo_pilgrim.png\",\"contentUrl\":\"https:\\\/\\\/www.pilgrim.es\\\/wp-content\\\/uploads\\\/2019\\\/04\\\/logo_pilgrim.png\",\"width\":512,\"height\":512,\"caption\":\"Pilgrim Camino de Santiago\"},\"image\":{\"@id\":\"https:\\\/\\\/www.pilgrim.es\\\/it\\\/#\\\/schema\\\/logo\\\/image\\\/\"},\"sameAs\":[\"https:\\\/\\\/www.facebook.com\\\/pilgrim.es\\\/\",\"https:\\\/\\\/x.com\\\/pilgrim_es\",\"https:\\\/\\\/www.instagram.com\\\/pilgrim.es\\\/\",\"https:\\\/\\\/www.linkedin.com\\\/company\\\/pilgrim-camino-de-santiago\\\/\",\"https:\\\/\\\/www.pinterest.es\\\/pilgrimcaminodesantiago\\\/\",\"https:\\\/\\\/www.youtube.com\\\/channel\\\/UCIv2ZzFLXVqthkNF32rKedw\\\/featured\"]}]}<\/script>\n<!-- \/ Yoast SEO plugin. -->","yoast_head_json":{"title":"Segnaletica del Cammino di Santiago - Pilgrim","description":"La segnaletica del Cammino di Santiago: la segnaletica che vi permetter\u00e0 di guidarvi nel vostro cammino, come frecce gialle, capesante o punti di riferimento.","robots":{"index":"index","follow":"follow","max-snippet":"max-snippet:-1","max-image-preview":"max-image-preview:large","max-video-preview":"max-video-preview:-1"},"canonical":"https:\/\/www.pilgrim.es\/it\/pianificare\/segnaletica-del-cammino-di-santiago\/","og_locale":"it_IT","og_type":"article","og_title":"Segnaletica del Cammino di Santiago - Pilgrim","og_description":"La segnaletica del Cammino di Santiago: la segnaletica che vi permetter\u00e0 di guidarvi nel vostro cammino, come frecce gialle, capesante o punti di riferimento.","og_url":"https:\/\/www.pilgrim.es\/it\/pianificare\/segnaletica-del-cammino-di-santiago\/","og_site_name":"Pilgrim","article_publisher":"https:\/\/www.facebook.com\/pilgrim.es\/","article_modified_time":"2025-10-09T12:56:00+00:00","og_image":[{"width":599,"height":396,"url":"https:\/\/www.pilgrim.es\/wp-content\/uploads\/2019\/03\/flecha-camino.jpg","type":"image\/jpeg"}],"twitter_card":"summary_large_image","twitter_site":"@pilgrim_es","twitter_misc":{"Tempo di lettura stimato":"8 minuti"},"schema":{"@context":"https:\/\/schema.org","@graph":[{"@type":"WebPage","@id":"https:\/\/www.pilgrim.es\/it\/pianificare\/segnaletica-del-cammino-di-santiago\/","url":"https:\/\/www.pilgrim.es\/it\/pianificare\/segnaletica-del-cammino-di-santiago\/","name":"Segnaletica del Cammino di Santiago - Pilgrim","isPartOf":{"@id":"https:\/\/www.pilgrim.es\/it\/#website"},"primaryImageOfPage":{"@id":"https:\/\/www.pilgrim.es\/it\/pianificare\/segnaletica-del-cammino-di-santiago\/#primaryimage"},"image":{"@id":"https:\/\/www.pilgrim.es\/it\/pianificare\/segnaletica-del-cammino-di-santiago\/#primaryimage"},"thumbnailUrl":"https:\/\/www.pilgrim.es\/wp-content\/uploads\/2019\/03\/flecha-camino.jpg","datePublished":"2019-09-11T15:33:31+00:00","dateModified":"2025-10-09T12:56:00+00:00","description":"La segnaletica del Cammino di Santiago: la segnaletica che vi permetter\u00e0 di guidarvi nel vostro cammino, come frecce gialle, capesante o punti di riferimento.","breadcrumb":{"@id":"https:\/\/www.pilgrim.es\/it\/pianificare\/segnaletica-del-cammino-di-santiago\/#breadcrumb"},"inLanguage":"it-IT","potentialAction":[{"@type":"ReadAction","target":["https:\/\/www.pilgrim.es\/it\/pianificare\/segnaletica-del-cammino-di-santiago\/"]}]},{"@type":"ImageObject","inLanguage":"it-IT","@id":"https:\/\/www.pilgrim.es\/it\/pianificare\/segnaletica-del-cammino-di-santiago\/#primaryimage","url":"https:\/\/www.pilgrim.es\/wp-content\/uploads\/2019\/03\/flecha-camino.jpg","contentUrl":"https:\/\/www.pilgrim.es\/wp-content\/uploads\/2019\/03\/flecha-camino.jpg","width":599,"height":396,"caption":"Segnaletica del Cammino di Santiago"},{"@type":"BreadcrumbList","@id":"https:\/\/www.pilgrim.es\/it\/pianificare\/segnaletica-del-cammino-di-santiago\/#breadcrumb","itemListElement":[{"@type":"ListItem","position":1,"name":"Camino de Santiago","item":"https:\/\/www.pilgrim.es\/it\/"},{"@type":"ListItem","position":2,"name":"Pianificare","item":"https:\/\/www.pilgrim.es\/it\/pianificare\/"},{"@type":"ListItem","position":3,"name":"Segnaletica del Cammino di Santiago"}]},{"@type":"WebSite","@id":"https:\/\/www.pilgrim.es\/it\/#website","url":"https:\/\/www.pilgrim.es\/it\/","name":"Pilgrim","description":"Camino de Santiago | Caminamos Contigo","publisher":{"@id":"https:\/\/www.pilgrim.es\/it\/#organization"},"potentialAction":[{"@type":"SearchAction","target":{"@type":"EntryPoint","urlTemplate":"https:\/\/www.pilgrim.es\/it\/?s={search_term_string}"},"query-input":{"@type":"PropertyValueSpecification","valueRequired":true,"valueName":"search_term_string"}}],"inLanguage":"it-IT"},{"@type":"Organization","@id":"https:\/\/www.pilgrim.es\/it\/#organization","name":"Pilgrim Camino de Santiago","url":"https:\/\/www.pilgrim.es\/it\/","logo":{"@type":"ImageObject","inLanguage":"it-IT","@id":"https:\/\/www.pilgrim.es\/it\/#\/schema\/logo\/image\/","url":"https:\/\/www.pilgrim.es\/wp-content\/uploads\/2019\/04\/logo_pilgrim.png","contentUrl":"https:\/\/www.pilgrim.es\/wp-content\/uploads\/2019\/04\/logo_pilgrim.png","width":512,"height":512,"caption":"Pilgrim Camino de Santiago"},"image":{"@id":"https:\/\/www.pilgrim.es\/it\/#\/schema\/logo\/image\/"},"sameAs":["https:\/\/www.facebook.com\/pilgrim.es\/","https:\/\/x.com\/pilgrim_es","https:\/\/www.instagram.com\/pilgrim.es\/","https:\/\/www.linkedin.com\/company\/pilgrim-camino-de-santiago\/","https:\/\/www.pinterest.es\/pilgrimcaminodesantiago\/","https:\/\/www.youtube.com\/channel\/UCIv2ZzFLXVqthkNF32rKedw\/featured"]}]}},"_links":{"self":[{"href":"https:\/\/www.pilgrim.es\/it\/wp-json\/wp\/v2\/pages\/46582","targetHints":{"allow":["GET"]}}],"collection":[{"href":"https:\/\/www.pilgrim.es\/it\/wp-json\/wp\/v2\/pages"}],"about":[{"href":"https:\/\/www.pilgrim.es\/it\/wp-json\/wp\/v2\/types\/page"}],"author":[{"embeddable":true,"href":"https:\/\/www.pilgrim.es\/it\/wp-json\/wp\/v2\/users\/4"}],"replies":[{"embeddable":true,"href":"https:\/\/www.pilgrim.es\/it\/wp-json\/wp\/v2\/comments?post=46582"}],"version-history":[{"count":12,"href":"https:\/\/www.pilgrim.es\/it\/wp-json\/wp\/v2\/pages\/46582\/revisions"}],"predecessor-version":[{"id":136539,"href":"https:\/\/www.pilgrim.es\/it\/wp-json\/wp\/v2\/pages\/46582\/revisions\/136539"}],"up":[{"embeddable":true,"href":"https:\/\/www.pilgrim.es\/it\/wp-json\/wp\/v2\/pages\/46449"}],"wp:featuredmedia":[{"embeddable":true,"href":"https:\/\/www.pilgrim.es\/it\/wp-json\/wp\/v2\/media\/13976"}],"wp:attachment":[{"href":"https:\/\/www.pilgrim.es\/it\/wp-json\/wp\/v2\/media?parent=46582"}],"wp:term":[{"taxonomy":"category","embeddable":true,"href":"https:\/\/www.pilgrim.es\/it\/wp-json\/wp\/v2\/categories?post=46582"},{"taxonomy":"post_tag","embeddable":true,"href":"https:\/\/www.pilgrim.es\/it\/wp-json\/wp\/v2\/tags?post=46582"}],"curies":[{"name":"wp","href":"https:\/\/api.w.org\/{rel}","templated":true}]}}