{"id":46562,"date":"2019-09-11T14:54:08","date_gmt":"2019-09-11T14:54:08","guid":{"rendered":"https:\/\/prod.pilgrim.es\/pianificare\/anno-giubilare\/"},"modified":"2025-08-19T08:38:15","modified_gmt":"2025-08-19T08:38:15","slug":"anno-giubilare","status":"publish","type":"page","link":"https:\/\/www.pilgrim.es\/it\/pianificare\/anno-giubilare\/","title":{"rendered":"L&#8217;anno giubilare"},"content":{"rendered":"\n<div id=\"planifyPage\">\n\t<section>\n\t\t<h1>L\u2019anno giubilare<\/h1>\n\t<\/section>\n\t<section class=\"navigation\">\n\t\t<article>\n\t\t\t<i class=\"icon-shell\"><\/i>\n\t\t\t<ul>\n\t\t\t\t<li>\n\t\t\t\t\t<a href=\"https:\/\/www.pilgrim.es\/it\/pianificare\/storia-del-cammino-di-santiago\/\">La storia\n\t\t\t\t\t<\/a>\n\t\t\t\t<\/li>\n\t\t\t\t<li>\n\t\t\t\t\t<a href=\"https:\/\/www.pilgrim.es\/it\/pianificare\/il-codice-calixtino\/\">Il C\u00f3dice Calixtino<\/a>\n\t\t\t\t<\/li>\n\t\t\t\t<li>\n\t\t\t\t\t<a href=\"https:\/\/www.pilgrim.es\/it\/pianificare\/giacomo-apostolo\/\">Giacomo Apostolo<\/a>\n\t\t\t\t<\/li>\n\t\t\t<\/ul>\n\t\t<\/article>\n\t\t<article>\n\t\t\t<i class=\"icon-cathedral\"><\/i>\n\t\t\t<ul>\n\t\t\t\t<li>\n\t\t\t\t\t<a href=\"https:\/\/www.pilgrim.es\/it\/pianificare\/la-cattedrale-di-santiago\/\">La Cattedrale di\n\t\t\t\t\t\tSantiago<\/a>\n\t\t\t\t<\/li>\n\t\t\t\t<li>\n\t\t\t\t\t<a href=\"https:\/\/www.pilgrim.es\/it\/pianificare\/il-botafumeiro\/\">Botafumeiro<\/a>\n\t\t\t\t<\/li>\n\t\t\t\t<li class=\"nav-pill--active\">\n\t\t\t\t\t<a href=\"https:\/\/www.pilgrim.es\/it\/pianificare\/anno-giubilare\/\">Anno giubilare<\/a>\n\t\t\t\t<\/li>\n\t\t\t<\/ul>\n\t\t<\/article>\n\t\t<article>\n\t\t\t<i class=\"icon-compostela\"><\/i>\n\t\t\t<ul>\n\t\t\t\t<li>\n\t\t\t\t\t<a href=\"https:\/\/www.pilgrim.es\/it\/pianificare\/la-credenziale-del-pellegrino\/\">La Credenziale<\/a>\n\t\t\t\t<\/li>\n\t\t\t\t<li>\n\t\t\t\t\t<a href=\"https:\/\/www.pilgrim.es\/it\/pianificare\/la-compostela\/\">La Compostela<\/a>\n\t\t\t\t<\/li>\n\t\t\t\t<li>\n\t\t\t\t\t<a href=\"https:\/\/www.pilgrim.es\/it\/pianificare\/il-bastone-e-zucca\/\">Il Bastone e la Zucca<\/a>\n\t\t\t\t<\/li>\n\t\t\t\t<li>\n\t\t\t\t\t<a href=\"https:\/\/www.pilgrim.es\/it\/pianificare\/segnaletica-del-cammino-di-santiago\/\">Segnaletica del\n\t\t\t\t\t\tCammino di Santiago<\/a>\n\t\t\t\t<\/li>\n\t\t\t<\/ul>\n\t\t<\/article>\n\t<\/section>\n\t<div class=\"planify-content\">\n\t\t<section class=\"planify-content__hero\">\n\t\t\t<img decoding=\"async\" src=\"https:\/\/cdn.pilgrim.es\/web\/planificar\/catedral-santiago-exterior.webp\" alt=\"L'anno giubilare\" \/>\n\t\t\t<div class=\"planner\"><div\r\n  class=\"p-col-span-1 p-rounded-lg p-px-5 p-h-full\"\r\n  style=\"background-image: url('https:\/\/cdn.pilgrim.es\/web\/pilgrim-planner\/bg-plugin-planificador.webp')\"\r\n  rel=\"preload\"\r\n  fetchpriority=\"high\"\r\n  >\r\n    <div class=\"p-text-center p-pt-5 p-text-white p-text-2xl p-font-semibold\">\r\n      Pianifica il tuo cammino    <\/div>\r\n    <div\r\n            id='primary-app'\r\n            data-name='banner'\r\n            data-api='https:\/\/pathfinder.pilgrim.es\/api\/pathfinder\/v2'\r\n            data-mode='normal'\r\n            data-lang='it'\r\n            data-route='1'\r\n            data-destiny='https:\/\/planificador.pilgrim.es'\r\n            data-modality='1'\r\n            data-inline=''\r\n        ><\/div><\/div><\/div>\n\t\t<\/section>\n\n\t\t<section class=\"planify-content__content\">\n\t\t\t<section>\n\t\t\t\t<h3>Indice<\/h3>\n\t\t\t\t<ul>\n\t\t\t\t\t<li><a href=\"#origins\">Origini<\/a><\/li>\n\t\t\t\t\t<li><a href=\"#what\">Che cos\u2019\u00e8<\/a><\/li>\n\t\t\t\t\t<li><a href=\"#evolution\">Evoluzione<\/a><\/li>\n\t\t\t\t\t<li><a href=\"#forgiveness\">Il Perdono<\/a><\/li>\n\t\t\t\t\t<li><a href=\"#next-holy-year\">Prossimo Anno Santo<\/a><\/li>\n\t\t\t\t<\/ul>\n\t\t\t<\/section>\n\t\t\t<section id=\"origins\">\n\t\t\t\n\t\t\t\t<h2>Origini del Giubileo<\/h2>\n\t\t\t\n\t\t\t\t<p>Conosciuto anche come <i>A\u00f1o Santo<\/i> o <i>A\u00f1o Xacobeo<\/i>, l\u2019A\u00f1o Jubilar \u00e8 radicato nelle leggi di Mos\u00e8. In\n\t\t\t\t\tparticolare,<strong> la parola giubileo deriva dall\u2019ebraico \u201cyobel\u201d<\/strong>, uno strumento musicale a forma di\n\t\t\t\t\tcorno usato per annunciare la buona notizia.<\/p>\n\t\t\t\n\t\t\t\t<p>\u00c8 cos\u00ec che l\u2019Antico Testamento narra che <strong>ogni cinquant\u2019anni si proclamava il cosiddetto anno del\n\t\t\t\t\t\tGiubileo<\/strong>, secondo la tradizione ebraica, tutti i peccati dovevano essere perdonati, la terra\n\t\t\t\t\trestituita ai suoi proprietari e gli schiavi liberati.<\/p>\n\n\t\t\t\t<p>Questa tradizione <strong>proviene dalla legge di Mos\u00e8<\/strong> stesso in cui venne stabilito che la terra\n\t\t\t\t\tsarebbe stata coltivata per sei anni, riposando cos\u00ec il settimo ed essendo, quindi, questo un anno sabbatico.\n\t\t\t\t\tInoltre, dopo sette cicli e quindi quarantotto anni, il quarantanovesimo anno sarebbe stato sabbatico e il\n\t\t\t\t\tcinquantesimo santo.<\/p>\n\t\t\t\n\t\t\t<\/section>\n\n\t\t\t<section id=\"what\">\n\t\t\t\n\t\t\t\t<h2>Che cos\u2019\u00e8 l\u2019A\u00f1o Xacobeo?<\/h2>\n\t\t\t\n\t\t\t\t<p>In questo anno speciale, gli appartenenti ai ceti privilegiati dovevano perdonare i debiti ai loro servi e\n\t\t\t\t\tliberare i loro schiavi, con lo scopo di favorire l\u2019uguaglianza di tutti gli ebrei.<\/p>\n\n\t\t\t\t<p>Come dice il Levitico 26,1-17, <strong>questo \u00e8 un anno di riposo, dove i beni saranno restituiti a coloro che li\n\t\t\t\t\t\thanno perduti<\/strong> e in cui \u201cnon seminerete, n\u00e9 raccoglierete ci\u00f2 che nasce dalla loro terra, n\u00e9\n\t\t\t\t\traccoglierete le loro vigneti\u201d.<\/p>\n\t\t\t\n\t\t\t<\/section>\n\n\t\t\t<section id=\"evolution\">\n\t\t\t\n\t\t\t\t<h2>Evoluzione dell\u2019Anno Santo giubilare<\/h2>\n\t\t\t\n\t\t\t\t<p>Successivamente<strong>la chiesa cattolica ha leggermente modificato questa tradizione<\/strong>, conferendole un\n\t\t\t\t\tsignificato molto pi\u00f9 spirituale. Invece di restituire le loro terre e i loro possedimenti a coloro che li\n\t\t\t\t\tavevano perduti, in quest\u2019anno <strong>tutti i cattolici potrebbero chiedere perdono per tutti i loro\n\t\t\t\t\t\tpeccati<\/strong> e rinnovare i propri voti.<\/p>\n\n\t\t\t\t<h3>Il primo anno santo cattolico<\/h3>\n\n\t\t\t\t<p>Era il 1300 e Papa Bonifacio VIII stabil\u00ec che da quel momento in poi sarebbe stato un anno giubilare ordinario\n\t\t\t\t\tuna volta ogni secolo. Ma dopo soli cinquant\u2019anni, Papa Clemente VI chiese che l\u2019Anno Santo sia convocato in\n\t\t\t\t\tanticipo, dopo i tragici eventi che stavano assediando Roma: epidemie di peste, terremoti e vari scontri\n\t\t\t\t\tmilitari.<\/p>\n\n\t\t\t\t<p>Questa non sar\u00e0 quella definitiva, poich\u00e9 negli anni successivi fu modificata per la prima volta all\u2019et\u00e0 di\n\t\t\t\t\ttrentatr\u00e9 anni, in onore dell\u2019et\u00e0 di Cristo quando mor\u00ec e di nuovo all\u2019et\u00e0 di cinquant\u2019anni.<\/p>\n\n\t\t\t\t<p>Infine, il periodo \u00e8 stato fissato a venticinque anni, con l\u2019intenzione che tutte le generazioni di fedeli\n\t\t\t\t\tpossano godere di questo perdono almeno una volta.<\/p>\n\n\t\t\t\t<p>Ciononostante, grazie a un privilegio concesso da Papa Callisto II alla citt\u00e0 di Compostela, gli Anni Santi\n\t\t\t\t\t<strong>si celebrano ogni volta che la domenica coincide con il 25 luglio<\/strong>, festa di Santiago.<\/p>\n\n\t\t\t\t<p>Ogni Anno Santo <strong>la cerimonia inaugurale inizia con l\u2019apertura della Porta Santa della Cattedrale di\n\t\t\t\t\t\tSantiago il 31 dicembre<\/strong>, processo nel quale l\u2019arcivescovo bussa tre volte a questa porta\n\t\t\t\t\tdall\u2019esterno, chiedendo all\u2019Apostolo il permesso di entrare nel suo tempio. Questa si trova nella nota piazza\n\t\t\t\t\tdella Quintana, in un lato della Cattedrale.<\/p>\n\t\t\t\n\t\t\t\t<img decoding=\"async\" src=\"https:\/\/cdn.pilgrim.es\/web\/planificar\/jubilar.webp\" alt=\"L'Anno Santo giacobeo\">\n\t\t\t\n\t\t\t<\/section>\n\n\t\t\t<section id=\"forgiveness\">\n\t\t\t\n\t\t\t\t<h2>Il perdono nell\u2019anno giubilare<\/h2>\n\t\t\t\n\t\t\t\t<p>I requisiti per ottenere l\u2019indulgenza di Dio nell\u2019Anno Santo sono variati nel corso degli anni, e non \u00e8\n\t\t\t\t\tattualmente necessario percorrere un certo numero di chilometri per ottenere questo perdono. D\u2019altra parte, s\u00ec\n\t\t\t\t\t<strong>\u00e8 un requisito indispensabile visitare la cattedrale in onore dell\u2019apostolo Santiago<\/strong>, cos\u00ec come\n\t\t\t\t\tricevere il Sacramento e la Comunione.<\/p>\n\n\t\t\t\t<p>Oltre a questi anni Santi Ordinari, <strong>furono stabiliti dal XVI secolo gli anni dei cosiddetti Santi\n\t\t\t\t\t\tStraordinari<\/strong>, celebrati nel 2016 sul mandato di Papa Francesco. Questi si celebrano come\n\t\t\t\t\tcommemorazione di un evento speciale, o in questo caso come metodo per rivendicare il potere e l\u2019importanza\n\t\t\t\t\tdella chiesa in questi tempi difficili.<\/p>\n\n\t\t\t\t<p>Non solo Santiago gode del privilegio di concedere questo tipo di indulgenza, ma esistono in tutto altri\n\t\t\t\t\t<strong>cinque templi sparsi nel mondo con la possibilit\u00e0 di accordare il Giubileo<\/strong>: oltre quello di\n\t\t\t\t\tCompostela in Spagna, ci sono quelli di Santo Toribio de Li\u00e9bana e Villafranca del Bierzo; all\u2019estero, i centri\n\t\t\t\t\tdi pellegrinaggio principali sono quelli di Gerusalemme, Roma e Caravaca de la Cruz.<\/p>\n\n\t\t\t\t<p>Non \u00e8 solo un evento religioso riservato al cattolicesimo, ma vuole unirsi e fraternizzare con gli ebrei e con\n\t\t\t\t\taltre religioni cattoliche.<\/p>\n\t\t\t\n\t\t\t<\/section>\n\n\t\t\t<section id=\"next-holy-year\">\n\n\t\t\t\t<h2>Prossimo Anno Santo Giacobeo<\/h2>\n\n\t\t\t\t<p>Di seguito \u00e8 riportata una tabella con tutti i periodi dell\u2019Anno Santo dal 1909 al 2094. Cos\u00ec puoi fare programmi:<\/p>\n\n\t\t\t\t<table>\n\t\t\t\t\t<thead>\n\t\t\t\t\t\t<tr>\n\t\t\t\t\t\t\t<th scope=\"col\"><\/th>\n\t\t\t\t\t\t\t<th scope=\"col\">6 ANNI DOPO<\/th>\n\t\t\t\t\t\t\t<th scope=\"col\">5 ANNI DOPO<\/th>\n\t\t\t\t\t\t\t<th scope=\"col\">6 ANNI DOPO<\/th>\n\t\t\t\t\t\t\t<th scope=\"col\">11 ANNI DOPO<\/th>\n\t\t\t\t\t\t<\/tr>\n\t\t\t\t\t<\/thead>\n\t\t\t\t\t<tbody>\n\t\t\t\t\t\t<tr>\n\t\t\t\t\t\t\t<th scope=\"row\">28+<\/th>\n\t\t\t\t\t\t\t<td>1909<\/td>\n\t\t\t\t\t\t\t<td>1915<\/td>\n\t\t\t\t\t\t\t<td>1920<\/td>\n\t\t\t\t\t\t\t<td>1926<\/td>\n\t\t\t\t\t\t<\/tr>\n\t\t\t\t\t\t<tr>\n\t\t\t\t\t\t\t<th scope=\"row\">28+<\/th>\n\t\t\t\t\t\t\t<td>1937<\/td>\n\t\t\t\t\t\t\t<td>1943<\/td>\n\t\t\t\t\t\t\t<td>1948<\/td>\n\t\t\t\t\t\t\t<td>1954<\/td>\n\t\t\t\t\t\t<\/tr>\n\t\t\t\t\t\t<tr>\n\t\t\t\t\t\t\t<th scope=\"row\">28+<\/th>\n\t\t\t\t\t\t\t<td>1965<\/td>\n\t\t\t\t\t\t\t<td>1971<\/td>\n\t\t\t\t\t\t\t<td>1976<\/td>\n\t\t\t\t\t\t\t<td>1982<\/td>\n\t\t\t\t\t\t<\/tr>\n\t\t\t\t\t\t<tr>\n\t\t\t\t\t\t\t<th scope=\"row\">28+<\/th>\n\t\t\t\t\t\t\t<td>1993<\/td>\n\t\t\t\t\t\t\t<td>1999<\/td>\n\t\t\t\t\t\t\t<td>2004<\/td>\n\t\t\t\t\t\t\t<td>2010<\/td>\n\t\t\t\t\t\t<\/tr>\n\t\t\t\t\t\t<tr>\n\t\t\t\t\t\t\t<th scope=\"row\">28+<\/th>\n\t\t\t\t\t\t\t<td>2021<\/td>\n\t\t\t\t\t\t\t<td>2027<\/td>\n\t\t\t\t\t\t\t<td>2032<\/td>\n\t\t\t\t\t\t\t<td>2038<\/td>\n\t\t\t\t\t\t<\/tr>\n\t\t\t\t\t\t<tr>\n\t\t\t\t\t\t\t<th scope=\"row\">28+<\/th>\n\t\t\t\t\t\t\t<td>2049<\/td>\n\t\t\t\t\t\t\t<td>2055<\/td>\n\t\t\t\t\t\t\t<td>2060<\/td>\n\t\t\t\t\t\t\t<td>2066<\/td>\n\t\t\t\t\t\t<\/tr>\n\t\t\t\t\t\t<tr>\n\t\t\t\t\t\t\t<th scope=\"row\">28+<\/th>\n\t\t\t\t\t\t\t<td>2077<\/td>\n\t\t\t\t\t\t\t<td>2083<\/td>\n\t\t\t\t\t\t\t<td>2088<\/td>\n\t\t\t\t\t\t\t<td>2094<\/td>\n\t\t\t\t\t\t<\/tr>\n\t\t\t\t\t<\/tbody>\n\t\t\t\t<\/table>\n\n\t\t\t<\/section>\n\t\t<\/section>\n\t<\/div>\n<\/div>\n","protected":false},"excerpt":{"rendered":"<p>L\u2019anno giubilare La storia Il C\u00f3dice Calixtino Giacomo Apostolo La Cattedrale di Santiago Botafumeiro Anno giubilare La Credenziale La Compostela Il Bastone e la Zucca Segnaletica del Cammino di Santiago Indice Origini Che cos\u2019\u00e8 Evoluzione Il Perdono Prossimo Anno Santo Origini del Giubileo Conosciuto anche come A\u00f1o Santo o A\u00f1o Xacobeo, l\u2019A\u00f1o Jubilar \u00e8 radicato &hellip; <\/p>\n<p class=\"read_more\"><a href=\"https:\/\/www.pilgrim.es\/it\/pianificare\/anno-giubilare\/\">Leer m\u00e1s<\/a><\/p>\n","protected":false},"author":4,"featured_media":13841,"parent":46449,"menu_order":0,"comment_status":"closed","ping_status":"closed","template":"views\/template-new-web-design.blade.php","meta":{"footnotes":""},"categories":[],"tags":[],"class_list":["post-46562","page","type-page","status-publish","has-post-thumbnail","hentry"],"yoast_head":"<!-- This site is optimized with the Yoast SEO plugin v27.4 - https:\/\/yoast.com\/product\/yoast-seo-wordpress\/ -->\n<title>L&#039;Anno Santo giacobeo | Origini, informazioni e date | Pilgrim<\/title>\n<meta name=\"description\" content=\"L&#039;anno giubilare, noto anche come Anno Santo o Anno Xacobiano. Scopri tutte le informazioni su questo evento, quando si svolge e cosa significa.\" \/>\n<meta name=\"robots\" content=\"index, follow, max-snippet:-1, max-image-preview:large, max-video-preview:-1\" \/>\n<link rel=\"canonical\" href=\"https:\/\/www.pilgrim.es\/it\/pianificare\/anno-giubilare\/\" \/>\n<meta property=\"og:locale\" content=\"it_IT\" \/>\n<meta property=\"og:type\" content=\"article\" \/>\n<meta property=\"og:title\" content=\"L&#039;Anno Santo giacobeo | Origini, informazioni e date | Pilgrim\" \/>\n<meta property=\"og:description\" content=\"L&#039;anno giubilare, noto anche come Anno Santo o Anno Xacobiano. Scopri tutte le informazioni su questo evento, quando si svolge e cosa significa.\" \/>\n<meta property=\"og:url\" content=\"https:\/\/www.pilgrim.es\/it\/pianificare\/anno-giubilare\/\" \/>\n<meta property=\"og:site_name\" content=\"Pilgrim\" \/>\n<meta property=\"article:publisher\" content=\"https:\/\/www.facebook.com\/pilgrim.es\/\" \/>\n<meta property=\"article:modified_time\" content=\"2025-08-19T08:38:15+00:00\" \/>\n<meta property=\"og:image\" content=\"https:\/\/www.pilgrim.es\/wp-content\/uploads\/2019\/03\/jubilar.jpg\" \/>\n\t<meta property=\"og:image:width\" content=\"650\" \/>\n\t<meta property=\"og:image:height\" content=\"433\" \/>\n\t<meta property=\"og:image:type\" content=\"image\/jpeg\" \/>\n<meta name=\"twitter:card\" content=\"summary_large_image\" \/>\n<meta name=\"twitter:site\" content=\"@pilgrim_es\" \/>\n<meta name=\"twitter:label1\" content=\"Tempo di lettura stimato\" \/>\n\t<meta name=\"twitter:data1\" content=\"4 minuti\" \/>\n<script type=\"application\/ld+json\" class=\"yoast-schema-graph\">{\"@context\":\"https:\\\/\\\/schema.org\",\"@graph\":[{\"@type\":\"WebPage\",\"@id\":\"https:\\\/\\\/www.pilgrim.es\\\/it\\\/pianificare\\\/anno-giubilare\\\/\",\"url\":\"https:\\\/\\\/www.pilgrim.es\\\/it\\\/pianificare\\\/anno-giubilare\\\/\",\"name\":\"L'Anno Santo giacobeo | Origini, informazioni e date | Pilgrim\",\"isPartOf\":{\"@id\":\"https:\\\/\\\/www.pilgrim.es\\\/it\\\/#website\"},\"primaryImageOfPage\":{\"@id\":\"https:\\\/\\\/www.pilgrim.es\\\/it\\\/pianificare\\\/anno-giubilare\\\/#primaryimage\"},\"image\":{\"@id\":\"https:\\\/\\\/www.pilgrim.es\\\/it\\\/pianificare\\\/anno-giubilare\\\/#primaryimage\"},\"thumbnailUrl\":\"https:\\\/\\\/www.pilgrim.es\\\/wp-content\\\/uploads\\\/2019\\\/03\\\/jubilar.jpg\",\"datePublished\":\"2019-09-11T14:54:08+00:00\",\"dateModified\":\"2025-08-19T08:38:15+00:00\",\"description\":\"L'anno giubilare, noto anche come Anno Santo o Anno Xacobiano. Scopri tutte le informazioni su questo evento, quando si svolge e cosa significa.\",\"breadcrumb\":{\"@id\":\"https:\\\/\\\/www.pilgrim.es\\\/it\\\/pianificare\\\/anno-giubilare\\\/#breadcrumb\"},\"inLanguage\":\"it-IT\",\"potentialAction\":[{\"@type\":\"ReadAction\",\"target\":[\"https:\\\/\\\/www.pilgrim.es\\\/it\\\/pianificare\\\/anno-giubilare\\\/\"]}]},{\"@type\":\"ImageObject\",\"inLanguage\":\"it-IT\",\"@id\":\"https:\\\/\\\/www.pilgrim.es\\\/it\\\/pianificare\\\/anno-giubilare\\\/#primaryimage\",\"url\":\"https:\\\/\\\/www.pilgrim.es\\\/wp-content\\\/uploads\\\/2019\\\/03\\\/jubilar.jpg\",\"contentUrl\":\"https:\\\/\\\/www.pilgrim.es\\\/wp-content\\\/uploads\\\/2019\\\/03\\\/jubilar.jpg\",\"width\":650,\"height\":433,\"caption\":\"L'anno giubilare\"},{\"@type\":\"BreadcrumbList\",\"@id\":\"https:\\\/\\\/www.pilgrim.es\\\/it\\\/pianificare\\\/anno-giubilare\\\/#breadcrumb\",\"itemListElement\":[{\"@type\":\"ListItem\",\"position\":1,\"name\":\"Camino de Santiago\",\"item\":\"https:\\\/\\\/www.pilgrim.es\\\/it\\\/\"},{\"@type\":\"ListItem\",\"position\":2,\"name\":\"Pianificare\",\"item\":\"https:\\\/\\\/www.pilgrim.es\\\/it\\\/pianificare\\\/\"},{\"@type\":\"ListItem\",\"position\":3,\"name\":\"L&#8217;anno giubilare\"}]},{\"@type\":\"WebSite\",\"@id\":\"https:\\\/\\\/www.pilgrim.es\\\/it\\\/#website\",\"url\":\"https:\\\/\\\/www.pilgrim.es\\\/it\\\/\",\"name\":\"Pilgrim\",\"description\":\"Camino de Santiago | Caminamos Contigo\",\"publisher\":{\"@id\":\"https:\\\/\\\/www.pilgrim.es\\\/it\\\/#organization\"},\"potentialAction\":[{\"@type\":\"SearchAction\",\"target\":{\"@type\":\"EntryPoint\",\"urlTemplate\":\"https:\\\/\\\/www.pilgrim.es\\\/it\\\/?s={search_term_string}\"},\"query-input\":{\"@type\":\"PropertyValueSpecification\",\"valueRequired\":true,\"valueName\":\"search_term_string\"}}],\"inLanguage\":\"it-IT\"},{\"@type\":\"Organization\",\"@id\":\"https:\\\/\\\/www.pilgrim.es\\\/it\\\/#organization\",\"name\":\"Pilgrim Camino de Santiago\",\"url\":\"https:\\\/\\\/www.pilgrim.es\\\/it\\\/\",\"logo\":{\"@type\":\"ImageObject\",\"inLanguage\":\"it-IT\",\"@id\":\"https:\\\/\\\/www.pilgrim.es\\\/it\\\/#\\\/schema\\\/logo\\\/image\\\/\",\"url\":\"https:\\\/\\\/www.pilgrim.es\\\/wp-content\\\/uploads\\\/2019\\\/04\\\/logo_pilgrim.png\",\"contentUrl\":\"https:\\\/\\\/www.pilgrim.es\\\/wp-content\\\/uploads\\\/2019\\\/04\\\/logo_pilgrim.png\",\"width\":512,\"height\":512,\"caption\":\"Pilgrim Camino de Santiago\"},\"image\":{\"@id\":\"https:\\\/\\\/www.pilgrim.es\\\/it\\\/#\\\/schema\\\/logo\\\/image\\\/\"},\"sameAs\":[\"https:\\\/\\\/www.facebook.com\\\/pilgrim.es\\\/\",\"https:\\\/\\\/x.com\\\/pilgrim_es\",\"https:\\\/\\\/www.instagram.com\\\/pilgrim.es\\\/\",\"https:\\\/\\\/www.linkedin.com\\\/company\\\/pilgrim-camino-de-santiago\\\/\",\"https:\\\/\\\/www.pinterest.es\\\/pilgrimcaminodesantiago\\\/\",\"https:\\\/\\\/www.youtube.com\\\/channel\\\/UCIv2ZzFLXVqthkNF32rKedw\\\/featured\"]}]}<\/script>\n<!-- \/ Yoast SEO plugin. -->","yoast_head_json":{"title":"L'Anno Santo giacobeo | Origini, informazioni e date | Pilgrim","description":"L'anno giubilare, noto anche come Anno Santo o Anno Xacobiano. Scopri tutte le informazioni su questo evento, quando si svolge e cosa significa.","robots":{"index":"index","follow":"follow","max-snippet":"max-snippet:-1","max-image-preview":"max-image-preview:large","max-video-preview":"max-video-preview:-1"},"canonical":"https:\/\/www.pilgrim.es\/it\/pianificare\/anno-giubilare\/","og_locale":"it_IT","og_type":"article","og_title":"L'Anno Santo giacobeo | Origini, informazioni e date | Pilgrim","og_description":"L'anno giubilare, noto anche come Anno Santo o Anno Xacobiano. Scopri tutte le informazioni su questo evento, quando si svolge e cosa significa.","og_url":"https:\/\/www.pilgrim.es\/it\/pianificare\/anno-giubilare\/","og_site_name":"Pilgrim","article_publisher":"https:\/\/www.facebook.com\/pilgrim.es\/","article_modified_time":"2025-08-19T08:38:15+00:00","og_image":[{"width":650,"height":433,"url":"https:\/\/www.pilgrim.es\/wp-content\/uploads\/2019\/03\/jubilar.jpg","type":"image\/jpeg"}],"twitter_card":"summary_large_image","twitter_site":"@pilgrim_es","twitter_misc":{"Tempo di lettura stimato":"4 minuti"},"schema":{"@context":"https:\/\/schema.org","@graph":[{"@type":"WebPage","@id":"https:\/\/www.pilgrim.es\/it\/pianificare\/anno-giubilare\/","url":"https:\/\/www.pilgrim.es\/it\/pianificare\/anno-giubilare\/","name":"L'Anno Santo giacobeo | Origini, informazioni e date | Pilgrim","isPartOf":{"@id":"https:\/\/www.pilgrim.es\/it\/#website"},"primaryImageOfPage":{"@id":"https:\/\/www.pilgrim.es\/it\/pianificare\/anno-giubilare\/#primaryimage"},"image":{"@id":"https:\/\/www.pilgrim.es\/it\/pianificare\/anno-giubilare\/#primaryimage"},"thumbnailUrl":"https:\/\/www.pilgrim.es\/wp-content\/uploads\/2019\/03\/jubilar.jpg","datePublished":"2019-09-11T14:54:08+00:00","dateModified":"2025-08-19T08:38:15+00:00","description":"L'anno giubilare, noto anche come Anno Santo o Anno Xacobiano. Scopri tutte le informazioni su questo evento, quando si svolge e cosa significa.","breadcrumb":{"@id":"https:\/\/www.pilgrim.es\/it\/pianificare\/anno-giubilare\/#breadcrumb"},"inLanguage":"it-IT","potentialAction":[{"@type":"ReadAction","target":["https:\/\/www.pilgrim.es\/it\/pianificare\/anno-giubilare\/"]}]},{"@type":"ImageObject","inLanguage":"it-IT","@id":"https:\/\/www.pilgrim.es\/it\/pianificare\/anno-giubilare\/#primaryimage","url":"https:\/\/www.pilgrim.es\/wp-content\/uploads\/2019\/03\/jubilar.jpg","contentUrl":"https:\/\/www.pilgrim.es\/wp-content\/uploads\/2019\/03\/jubilar.jpg","width":650,"height":433,"caption":"L'anno giubilare"},{"@type":"BreadcrumbList","@id":"https:\/\/www.pilgrim.es\/it\/pianificare\/anno-giubilare\/#breadcrumb","itemListElement":[{"@type":"ListItem","position":1,"name":"Camino de Santiago","item":"https:\/\/www.pilgrim.es\/it\/"},{"@type":"ListItem","position":2,"name":"Pianificare","item":"https:\/\/www.pilgrim.es\/it\/pianificare\/"},{"@type":"ListItem","position":3,"name":"L&#8217;anno giubilare"}]},{"@type":"WebSite","@id":"https:\/\/www.pilgrim.es\/it\/#website","url":"https:\/\/www.pilgrim.es\/it\/","name":"Pilgrim","description":"Camino de Santiago | Caminamos Contigo","publisher":{"@id":"https:\/\/www.pilgrim.es\/it\/#organization"},"potentialAction":[{"@type":"SearchAction","target":{"@type":"EntryPoint","urlTemplate":"https:\/\/www.pilgrim.es\/it\/?s={search_term_string}"},"query-input":{"@type":"PropertyValueSpecification","valueRequired":true,"valueName":"search_term_string"}}],"inLanguage":"it-IT"},{"@type":"Organization","@id":"https:\/\/www.pilgrim.es\/it\/#organization","name":"Pilgrim Camino de Santiago","url":"https:\/\/www.pilgrim.es\/it\/","logo":{"@type":"ImageObject","inLanguage":"it-IT","@id":"https:\/\/www.pilgrim.es\/it\/#\/schema\/logo\/image\/","url":"https:\/\/www.pilgrim.es\/wp-content\/uploads\/2019\/04\/logo_pilgrim.png","contentUrl":"https:\/\/www.pilgrim.es\/wp-content\/uploads\/2019\/04\/logo_pilgrim.png","width":512,"height":512,"caption":"Pilgrim Camino de Santiago"},"image":{"@id":"https:\/\/www.pilgrim.es\/it\/#\/schema\/logo\/image\/"},"sameAs":["https:\/\/www.facebook.com\/pilgrim.es\/","https:\/\/x.com\/pilgrim_es","https:\/\/www.instagram.com\/pilgrim.es\/","https:\/\/www.linkedin.com\/company\/pilgrim-camino-de-santiago\/","https:\/\/www.pinterest.es\/pilgrimcaminodesantiago\/","https:\/\/www.youtube.com\/channel\/UCIv2ZzFLXVqthkNF32rKedw\/featured"]}]}},"_links":{"self":[{"href":"https:\/\/www.pilgrim.es\/it\/wp-json\/wp\/v2\/pages\/46562","targetHints":{"allow":["GET"]}}],"collection":[{"href":"https:\/\/www.pilgrim.es\/it\/wp-json\/wp\/v2\/pages"}],"about":[{"href":"https:\/\/www.pilgrim.es\/it\/wp-json\/wp\/v2\/types\/page"}],"author":[{"embeddable":true,"href":"https:\/\/www.pilgrim.es\/it\/wp-json\/wp\/v2\/users\/4"}],"replies":[{"embeddable":true,"href":"https:\/\/www.pilgrim.es\/it\/wp-json\/wp\/v2\/comments?post=46562"}],"version-history":[{"count":9,"href":"https:\/\/www.pilgrim.es\/it\/wp-json\/wp\/v2\/pages\/46562\/revisions"}],"predecessor-version":[{"id":135231,"href":"https:\/\/www.pilgrim.es\/it\/wp-json\/wp\/v2\/pages\/46562\/revisions\/135231"}],"up":[{"embeddable":true,"href":"https:\/\/www.pilgrim.es\/it\/wp-json\/wp\/v2\/pages\/46449"}],"wp:featuredmedia":[{"embeddable":true,"href":"https:\/\/www.pilgrim.es\/it\/wp-json\/wp\/v2\/media\/13841"}],"wp:attachment":[{"href":"https:\/\/www.pilgrim.es\/it\/wp-json\/wp\/v2\/media?parent=46562"}],"wp:term":[{"taxonomy":"category","embeddable":true,"href":"https:\/\/www.pilgrim.es\/it\/wp-json\/wp\/v2\/categories?post=46562"},{"taxonomy":"post_tag","embeddable":true,"href":"https:\/\/www.pilgrim.es\/it\/wp-json\/wp\/v2\/tags?post=46562"}],"curies":[{"name":"wp","href":"https:\/\/api.w.org\/{rel}","templated":true}]}}