{"id":37486,"date":"2019-05-03T11:19:01","date_gmt":"2019-05-03T11:19:01","guid":{"rendered":"https:\/\/prod.pilgrim.es\/cammino-portoghese\/tappa-20-tui-o-porrino\/"},"modified":"2025-08-06T08:04:27","modified_gmt":"2025-08-06T08:04:27","slug":"tappa-20-tui-o-porrino","status":"publish","type":"page","link":"https:\/\/www.pilgrim.es\/it\/cammino-portoghese\/tappa-20-tui-o-porrino\/","title":{"rendered":"Cammino Portoghese | Tapa 20: Tui &#8211; O Porri\u00f1o"},"content":{"rendered":"\n<section id=\"heroStage\">\n  <h1>Cammino Portoghese: Tappa 20<\/h1>\n  <div>\n    <div class=\"hero\" data-background=\"https:\/\/cdn.pilgrim.es\/web\/caminos\/camino-portugues\/pueblos\/tui\/tui.jpg\">\n      <div class=\"hero__container\">\n        <div class=\"hero__container__labels\">\n          <p>A piedi<\/p>\n          <p>25 Tappe \/ 620 Kms<\/p>\n        <\/div>\n        <div class=\"hero__container__stage-name\">\n          <h2>\n            Tui <br \/>\n            <span>&#10093;<\/span>\n            O Porri\u00f1o\n          <\/h2>\n          <p>13.3 Km<\/p>\n        <\/div>\n        <div class=\"hero__container__stage-changer\">\n            <div class=\"stage-control\">\n              <a class=\"stage-control__link\" href=\"https:\/\/www.pilgrim.es\/it\/cammino-portoghese\/tappa-19-rubiaes-tui\/\"><span>&#10094;<\/span> Tappa 19<\/a>\n            <\/div>\n          <div class=\"stage-control\">\n            <a class=\"stage-control__link\" href=\"https:\/\/www.pilgrim.es\/it\/cammino-portoghese\/tappa-21-o-porrino-redondela\/\">Tappa 21 <span>&#10095;<\/span><\/a>\n          <\/div>\n        <\/div>\n      <\/div>\n    <\/div>\n    <div class=\"planner\"><div\r\n  class=\"p-col-span-1 p-rounded-lg p-px-5 p-h-full\"\r\n  style=\"background-image: url('https:\/\/cdn.pilgrim.es\/web\/pilgrim-planner\/bg-plugin-planificador.webp')\"\r\n  rel=\"preload\"\r\n  fetchpriority=\"high\"\r\n  >\r\n    <div class=\"p-text-center p-pt-5 p-text-white p-text-2xl p-font-semibold\">\r\n      Pianifica il tuo cammino    <\/div>\r\n    <div\r\n            id='primary-app'\r\n            data-name='banner'\r\n            data-api='https:\/\/pathfinder.pilgrim.es\/api\/pathfinder\/v2'\r\n            data-mode='normal'\r\n            data-lang='it'\r\n            data-route='1'\r\n            data-destiny='https:\/\/planificador.pilgrim.es'\r\n            data-modality='1'\r\n            data-inline=''\r\n        ><\/div><\/div><\/div>\n  <\/div>\n<\/section>\n\n<section id=\"scoreBarsStage\">\n  <section>\r\n  <div class=\"p-flex p-flex-nowrap p-space-x-4 p-py-5 p-overflow-x-auto md:p-grid md:p-grid-cols-3 lg:p-grid-cols-5 md:p-gap-8 md:p-space-x-0 md:p-overflow-hidden scrollbar-thin\">\r\n    <div class=\"p-grid p-grid-cols-4 p-shrink-0 p-w-72 p-snap-start md:p-w-full\">\r\n        <div class=\"p-col-span-1 p-self-center p-text-center p-text-3xl\">\r\n            <i class=\"icon-influx\"><\/i>\r\n        <\/div>\r\n        <div class=\"p-col-span-3 p-flex p-flex-col p-items-start\">\r\n            <div class=\"p-text-start p-text-secondary p-mb-1 p-bold\"> Afflusso <\/div>\r\n            <div class=\"p-w-full p-bg-light p-rounded-full p-h-2 p-relative\">\r\n                <div class=\"p-bg-primary p-h-2 p-rounded-full p-absolute\" style=\"width: 40%;\"><\/div>\r\n            <\/div>\r\n        <\/div>\r\n    <\/div>\r\n\r\n    <div class=\"p-grid p-grid-cols-4 p-shrink-0 p-w-72 p-snap-start md:p-w-full\">\r\n        <div class=\"p-col-span-1 p-self-center p-text-center p-text-3xl\">\r\n            <i class=\"icon-difficulty\"><\/i>\r\n        <\/div>\r\n        <div class=\"p-col-span-3 p-flex p-flex-col p-items-start\">\r\n            <div class=\"p-text-start p-text-secondary p-mb-1 p-bold\"> Difficolt\u00e0 <\/div>\r\n            <div class=\"p-w-full p-bg-light p-rounded-full p-h-2 p-relative\">\r\n                <div class=\"p-bg-primary p-h-2 p-rounded-full p-absolute\" style=\"width: 100%;\"><\/div>\r\n            <\/div>\r\n        <\/div>\r\n    <\/div>\r\n\r\n    <div class=\"p-grid p-grid-cols-4 p-shrink-0 p-w-72 p-snap-start md:p-w-full\">\r\n        <div class=\"p-col-span-1 p-self-center p-text-center p-text-3xl\">\r\n            <i class=\"icon-patrimony\"><\/i>\r\n        <\/div>\r\n        <div class=\"p-col-span-3 p-flex p-flex-col p-items-start\">\r\n            <div class=\"p-text-start p-text-secondary p-mb-1 p-bold\"> Arte\/Storia <\/div>\r\n            <div class=\"p-w-full p-bg-light p-rounded-full p-h-2 p-relative\">\r\n                <div class=\"p-bg-primary p-h-2 p-rounded-full p-absolute\" style=\"width: 40%;\"><\/div>\r\n            <\/div>\r\n        <\/div>\r\n    <\/div>\r\n\r\n    <div class=\"p-grid p-grid-cols-4 p-shrink-0 p-w-72 p-snap-start md:p-w-full\">\r\n        <div class=\"p-col-span-1 p-self-center p-text-center p-text-3xl\">\r\n            <i class=\"icon-nature\"><\/i>\r\n        <\/div>\r\n        <div class=\"p-col-span-3 p-flex p-flex-col p-items-start\">\r\n            <div class=\"p-text-start p-text-secondary p-mb-1 p-bold\"> Natura <\/div>\r\n            <div class=\"p-w-full p-bg-light p-rounded-full p-h-2 p-relative\">\r\n                <div class=\"p-bg-primary p-h-2 p-rounded-full p-absolute\" style=\"width: 60%;\"><\/div>\r\n            <\/div>\r\n        <\/div>\r\n    <\/div>\r\n\r\n    <div class=\"p-grid p-grid-cols-4 p-shrink-0 p-w-72 p-snap-start md:p-w-full\">\r\n        <div class=\"p-col-span-1 p-self-center p-text-center p-text-3xl\">\r\n            <i class=\"icon-urban\"><\/i>\r\n        <\/div>\r\n        <div class=\"p-col-span-3 p-flex p-flex-col p-items-start\">\r\n            <div class=\"p-text-start p-text-secondary p-mb-1 p-bold\"> Cammino Francese <\/div>\r\n            <div class=\"p-w-full p-bg-light p-rounded-full p-h-2 p-relative\">\r\n                <div class=\"p-bg-primary p-h-2 p-rounded-full p-absolute\" style=\"width: 40%;\"><\/div>\r\n            <\/div>\r\n        <\/div>\r\n    <\/div>\r\n  <\/div>\r\n<\/section>\n<\/section>\n\n<div id=\"stage-list-section\"><div class=\"stage-list\">\n    <div class='stage-list__map-card'>\n        <div class='stage-list__map-card__map'>\n            <div class='stage-list__map-card__map__text'>\n                <h2> Pages <\/h2>\n                <p> A piedi<\/p>\n                <p> 0tappe<\/p>\n            <\/div>\n            <div class='stage-list__map-card__map__img'>\n                <img decoding=\"async\" src=\"\" alt=\" mapa \" \/>\n            <\/div>\n        <\/div>\n    <\/div>\n\n    <\/div>\n<\/div>\n\n<section id=\"navStage\">\n  <div>\n    <nav id=\"tab-navigation-section\" class=\"tab-navigation-section--cols-5\">\n      <a href=\"#infoSection\" class=\"active\">Informazioni<\/a>\n      <a href=\"#profileSection\">Profilo<\/a>\n      <a href=\"#itinerarySection\">Itinerario<\/a>\n      \n      <a href=\"#locationsSection\">Paesi<\/a>\n    <\/nav>\n\n    <div id=\"infoSection\">\n      <!-- Title Section with Orange Line -->\n      <div>\n        <h2 class=\"p-h2-stage\">Informazioni<\/h2>\n        <hr class=\"orange-bar\" \/>\n        <h3 class=\"p-h3-stage\">Informazioni su questa tappa<\/h3>\n      <\/div>\n\n      \n        <p>Questa prima tappa del Cammino Portoghese in Galizia ha un tracciato liscio, confortevole e ben segnalato, ad eccezione delle piste che precedono la Cattedrale di Tui.<\/p>\n      \n        <p>Superato il confine, si entra nella provincia di Pontevedra, comunit\u00e0 galiziana, attraverso il ponte internazionale che collega Valen\u00e7a a Tui e che dal 1886 \u00e8 considerato il confine geografico e politico tra Spagna e Portogallo. Da quello stesso ponte avrete la possibilit\u00e0 di osservare una delle pi\u00f9 belle stampe che offre il palcoscenico, potrete visualizzare per la prima volta la citt\u00e0 di Tui e tutto il suo patrimonio culturale.<\/p>\n      \n        <p>Questa tappa, a 115 km da Santiago, inizia con la discesa al fiume Mi\u00f1o per proseguire lungo la sua riva lungo il lungomare che offre un paesaggio idilliaco, per poi continuare a camminare accanto ai vigneti ed entrare in boschi lussureggianti. Ma per raggiungere questi luoghi incantevoli dovremo percorrere tratti di strada e anche una zona industriale. Da due anni si pu\u00f2 prendere un percorso alternativo che allunga di soli 500 metri il percorso ma evita di attraversare la spiacevole vista della pericolosa zona industriale.<\/p>\n      \n\n      <div class=\"recomendation-card\">\n        <div>\n          <i class=\"icon-logo-pilgrim\"><\/i>\n          <h5>Recomendaci\u00f3n Pilgrim<\/h5>\n        <\/div>\n\n        \n          <p>Durante tutta la tappa bisogna tenere presente che molti dei tratti sono su strada e bisogna essere estremamente sicuri. In alcuni punti si dovr\u00e0 camminare sull&#8217;orlo senza marciapiedi e attraversare strade senza gradini adeguatamente segnalati o inesistenti, per questo motivo si consiglia di assicurarsi bene prima di attraversare e di includere indumenti riflettenti in modo che i veicoli che circolano possano vedervi in anticipo. Questa raccomandazione \u00e8 importante che la prendano in considerazione anche i pellegrini in bicicletta e le persone a mobilit\u00e0 ridotta, per questi ultimi inoltre in alcuni tratti dove si va in profondit\u00e0 nella foresta si potrebbe proseguire sulla N-550 in direzione Santiago.<\/p>\n        \n      <\/div>\n    <\/div>\n\n    <div id=\"profileSection\">\n      <div>\n        <h2 class=\"p-h2-stage\">Distanza e altitudine<\/h2>\n        <hr class=\"orange-bar\" \/>\n        <h3 class=\"p-h3-stage\">Profilo<\/h3>\n        <img decoding=\"async\" src=\"https:\/\/cdn.pilgrim.es\/web\/caminos\/camino-portugues\/etapas\/etapa-20\/etapa20_perfil-tui-o-porrino.jpg\" alt=\"Perfil de la etapa tappa-20-tui-o-porrino\" \/>\n      <\/div>\n    <\/div>\n\n    <div id=\"itinerarySection\">\n      <h2 class=\"p-h2-stage\">Itinerario<\/h2>\n      <hr \/>\n      <h3 class=\"p-h3-stage\">Percorso<\/h3>\n\n      \n        <div>\n          <h4>Km 0 &#8211; Inicio<\/h4>\n\n          \n            <p>Passando il Ponte Internacional, ci dirigiamo a sinistra ed entriamo gradualmente nel villaggio storico di Tui, passeggiando per le sue vie pi\u00f9 antiche come Obispo Maceira, Pi\u00f1eiro o Sanz, tra le altre. Queste strade accanto alle frecce gialle ci condurranno alla Vecchia Prigione e alla Cattedrale di Santa Maria e a molti altri edifici storici. Il percorso giacobea ci dar\u00e0 un percorso attraverso le strade e i monumenti pi\u00f9 importanti del centro citt\u00e0 e poi andremo alla parrocchia di Bartolom\u00e9 de Rebordans. In questo paese si trova la Chiesa di San Bartolomeu, considerata uno dei pi\u00f9 antichi santuari della Galizia, una volta visitata prendiamo la strada sterrata alle sue spalle. In questo itinerario, in A Pico\u00f1a, ci troviamo per la prima volta con la N-550, strada nazionale che arriva fino ad A Coru\u00f1a e che quindi ci seguir\u00e0 molto da vicino nel nostro itinerario verso Santiago, in questa occasione dobbiamo attraversare un piccolo tratto che ci permetter\u00e0 di prendere la strada adatta per arrivare a Virxe do Cami\u00f1o.<\/p>\n          \n            <p>Dopo il villaggio di Virxe do Cami\u00f1o si presentano pochi chilometri di asfalto per raggiungere Ponte de San Telmo o anche conosciuto come il &#8220;Puente das Febres&#8221;, poi continuare il nostro viaggio accanto alla lussureggiante vegetazione del Rio Louro, per raggiungere il villaggio di Magdalena.<\/p>\n          \n            <p>Quando lasciamo Magdalena prendiamo la strada per Ribadelouro ma entriamo in un piacevole percorso lontano dall&#8217;orribile asfalto che ci porter\u00e0 a Orbenlle, primo paese del Concello de O Porri\u00f1o.<\/p>\n          \n            <p>Una volta qui dovremo decidere se seguire l&#8217;itinerario tradizionale e attraversare la Zona Industriale ed optare per l&#8217;itinerario alternativo. Quest&#8217;itinerario \u00e8 stato adattato e ben attrezzato con segnaletica appropriata per offrire tratti di vegetazione, strade invernali, cappelle e chiese, cos\u00ec come una bella passeggiata lungo il fiume Louro per condurci a O Porri\u00f1o. Anche se questa alternativa ha meno asfalto, ha anche piccoli tratti di strada e 500 metri in pi\u00f9 di cammino.<\/p>\n          \n            <p>L&#8217;itinerario tradizionale continua dopo l&#8217;area di sosta di Orbenlle, attraversando il poligono con una delle strade principali, ma si dovr\u00e0 anche attraversare il binario ferroviario per poi entrare nuovamente nella N-550 e seguire il suo percorso fino al centro di O Porri\u00f1o.<\/p>\n          \n            <p>La stragrande maggioranza dei pellegrini termina la tappa qui, ma molti altri continuano verso il villaggio di Mos o addirittura Redondela in alcuni casi. La decisione \u00e8 personale, anche se molti degli escursionisti decidono in base a quanto hanno camminato in precedenza, vale a dire, se questa \u00e8 la loro prima tappa \u00e8 consigliabile non fare sforzi eccessivi, fare una tappa pi\u00f9 breve \u00e8 la cosa migliore in modo che il giorno dopo sar\u00e0 facile continuare. D&#8217;altra parte, se sei un pellegrino che ha gi\u00e0 le gambe abbronzate per il passaggio dal Portogallo, \u00e8 normale continuare, ma dipende sempre dalla stanchezza accumulata, poich\u00e9 ci troviamo con ancora 6 chilometri davanti per arrivare a Mos o 16 km circa fino a Redondela .<\/p>\n          \n            <p>Se decidi di passare la notte a O Porri\u00f1o, non ti mancher\u00e0 nulla, poich\u00e9 questa citt\u00e0 copre tutti i servizi di cui un pellegrino pu\u00f2 aver bisogno, ma soddisfer\u00e1 anche le tue aspettative in termini di patrimonio culturale.<\/p>\n          \n\n          \n            <a class=\"town-link\" href=\"https:\/\/www.pilgrim.es\/it\/cammino-portoghese\/tui\/\">\n              <div class=\"town-link__link-content\">\n                <div class=\"town-link__link-content__text\">\n              <p>Informazioni locali<\/p>\n              <p>Polizia, Assistenza medica, Cosa vedere, Dove mangiare&#8230;<\/p>\n                <\/div>\n                <div class=\"town-link__link-content__town-btn\">\n                  <i class=\"icon-arrow\"><\/i>\n                <\/div>\n              <\/div>\n            <\/a>\n          \n        <\/div>\n        <hr \/>\n      \n      <div>\n        <h4>Km 13.3 &#8231; O Porri\u00f1o<\/h4>\n        <a class=\"town-link\" href=\"https:\/\/www.pilgrim.es\/it\/cammino-portoghese\/o-porrino\/\">\n          <div class=\"town-link__link-content\">\n            <div class=\"town-link__link-content__text\">\n              <p>Informazioni locali<\/p>\n              <p>Polizia, Assistenza medica, Cosa vedere, Dove mangiare&#8230;<\/p>\n            <\/div>\n            <div class=\"town-link__link-content__town-btn\">\n              <i class=\"icon-arrow\"><\/i>\n            <\/div>\n          <\/div>\n        <\/a>\n      <\/div>\n    <\/div>\n\n    \n\n  <div id=\"locationsSection\">\n      <h2 class=\"p-h2-stage\">Paesi<\/h2>\n      <hr \/>\n      <h3 class=\"p-h3-stage\">Villaggi<\/h3>\n      <div class=\"grid-container\">\n\n        <div class=\"p-group card-stage p-max-w-full\">\n          <a href=\"https:\/\/www.pilgrim.es\/it\/cammino-portoghese\/tui\/\" class=\"town-card\">\n            <div class=\"card-stage__header\">\n              <img decoding=\"async\" src=\"https:\/\/cdn.pilgrim.es\/web\/caminos\/camino-portugues\/pueblos\/tui\/tui.jpg\" alt=\"Tui\" class=\"group-hover:p-scale-110\" \/>\n              <div class=\"card-overlay group-hover:p-opacity-50\"><\/div>\n            <\/div>\n            <div class=\"town-card__flex-container\">\n              <div class=\"town-card__flex-container__info\">\n                <h3>Tui<\/h3>\n                <p>Provincia: Pontevedra<\/p>\n              <\/div>\n              <div class=\"town-card__flex-container__btn\">\n                <i class=\"icon-arrow\"><\/i>\n              <\/div>\n            <\/div>\n          <\/a>\n        <\/div>\n        <div class=\"p-group card-stage p-max-w-full\">\n          <a href=\"https:\/\/www.pilgrim.es\/it\/cammino-portoghese\/o-porrino\/\" class=\"town-card\">\n            <div class=\"card-stage__header\">\n              <img decoding=\"async\" src=\"https:\/\/cdn.pilgrim.es\/web\/caminos\/camino-portugues\/pueblos\/o-porrino\/o-porrino.jpg\" alt=\"O Porri\u00f1o\" class=\"group-hover:p-scale-110\" \/>\n              <div class=\"card-overlay group-hover:p-opacity-50\"><\/div>\n            <\/div>\n            <div class=\"town-card__flex-container\">\n              <div class=\"town-card__flex-container__info\">\n                <h3>O Porri\u00f1o<\/h3>\n                <p>Provincia: Pontevedra<\/p>\n              <\/div>\n              <div class=\"town-card__flex-container__btn\">\n                <i class=\"icon-arrow\"><\/i>\n              <\/div>\n            <\/div>\n          <\/a>\n        <\/div>\n      <\/div>\n    <\/div>\n    <hr class=\"single-bar\" \/>\n  <\/div>\n<\/section>\n\n<section id=\"stageChange\">\n  <div>\n    <a href=\"https:\/\/www.pilgrim.es\/it\/cammino-portoghese\/tappa-19-rubiaes-tui\/\" class=\"change-btn\">\n    <div class=\"change-btn\">\n      <div class=\"btn-arrow previous\">\n        <i class=\"icon-arrow\"><\/i>\n      <\/div>\n      <div class=\"change-btn__info\">\n        <div>Tappa 19<\/div>\n        <p>\n          Rubi\u00e3es \u276f <br> Tui\n        <\/p>\n      <\/div>\n    <\/div>\n    <\/a>\n    <a href=\"https:\/\/www.pilgrim.es\/it\/cammino-portoghese\/tappa-21-o-porrino-redondela\/\" class=\"change-btn\">\n      <div class=\"change-btn__info\">\n        <div>Tappa 21<\/div>\n        <p>\n          O Porri\u00f1o \u276f <br> Redondela\n        <\/p>\n      <\/div>\n      <div class=\"btn-arrow\">\n        <i class=\"icon-arrow\"><\/i>\n      <\/div>\n    <\/a>\n  <\/div>\n<\/section>\n","protected":false},"excerpt":{"rendered":"<p>Cammino Portoghese: Tappa 20 A piedi 25 Tappe \/ 620 Kms Tui &#10093; O Porri\u00f1o 13.3 Km &#10094; Tappa 19 Tappa 21 &#10095; Informazioni Profilo Itinerario Paesi Informazioni Informazioni su questa tappa Questa prima tappa del Cammino Portoghese in Galizia ha un tracciato liscio, confortevole e ben segnalato, ad eccezione delle piste che precedono la &hellip; <\/p>\n<p class=\"read_more\"><a href=\"https:\/\/www.pilgrim.es\/it\/cammino-portoghese\/tappa-20-tui-o-porrino\/\">Leer m\u00e1s<\/a><\/p>\n","protected":false},"author":4,"featured_media":12601,"parent":10770,"menu_order":0,"comment_status":"closed","ping_status":"closed","template":"views\/template-new-web-design.blade.php","meta":{"footnotes":""},"categories":[],"tags":[],"class_list":["post-37486","page","type-page","status-publish","has-post-thumbnail","hentry"],"yoast_head":"<!-- This site is optimized with the Yoast SEO plugin v27.4 - https:\/\/yoast.com\/product\/yoast-seo-wordpress\/ -->\n<title>Camino Portugu\u00e9s desde Tui a O Porri\u00f1o | Camino de Santiago | Pilgrim<\/title>\n<meta name=\"description\" content=\"Cammino portoghese: tappa 20 del Cammino di Santiago che si snoda tra Tui e O Porri\u00f1o..... Scopri tutte le informazioni necessarie e pianifica la tua tappa.\" \/>\n<meta name=\"robots\" content=\"index, follow, max-snippet:-1, max-image-preview:large, max-video-preview:-1\" \/>\n<link rel=\"canonical\" href=\"https:\/\/www.pilgrim.es\/it\/cammino-portoghese\/tappa-20-tui-o-porrino\/\" \/>\n<meta property=\"og:locale\" content=\"it_IT\" \/>\n<meta property=\"og:type\" content=\"article\" \/>\n<meta property=\"og:title\" content=\"Camino Portugu\u00e9s desde Tui a O Porri\u00f1o | Camino de Santiago | Pilgrim\" \/>\n<meta property=\"og:description\" content=\"Cammino portoghese: tappa 20 del Cammino di Santiago che si snoda tra Tui e O Porri\u00f1o..... Scopri tutte le informazioni necessarie e pianifica la tua tappa.\" \/>\n<meta property=\"og:url\" content=\"https:\/\/www.pilgrim.es\/it\/cammino-portoghese\/tappa-20-tui-o-porrino\/\" \/>\n<meta property=\"og:site_name\" content=\"Pilgrim\" \/>\n<meta property=\"article:publisher\" content=\"https:\/\/www.facebook.com\/pilgrim.es\/\" \/>\n<meta property=\"article:modified_time\" content=\"2025-08-06T08:04:27+00:00\" \/>\n<meta property=\"og:image\" content=\"https:\/\/www.pilgrim.es\/wp-content\/uploads\/2019\/03\/camino_portugues_etapa_20.jpg\" \/>\n\t<meta property=\"og:image:width\" content=\"1633\" \/>\n\t<meta property=\"og:image:height\" content=\"549\" \/>\n\t<meta property=\"og:image:type\" content=\"image\/jpeg\" \/>\n<meta name=\"twitter:card\" content=\"summary_large_image\" \/>\n<meta name=\"twitter:site\" content=\"@pilgrim_es\" \/>\n<meta name=\"twitter:label1\" content=\"Tempo di lettura stimato\" \/>\n\t<meta name=\"twitter:data1\" content=\"4 minuti\" \/>\n<script type=\"application\/ld+json\" class=\"yoast-schema-graph\">{\"@context\":\"https:\\\/\\\/schema.org\",\"@graph\":[{\"@type\":\"WebPage\",\"@id\":\"https:\\\/\\\/www.pilgrim.es\\\/it\\\/cammino-portoghese\\\/tappa-20-tui-o-porrino\\\/\",\"url\":\"https:\\\/\\\/www.pilgrim.es\\\/it\\\/cammino-portoghese\\\/tappa-20-tui-o-porrino\\\/\",\"name\":\"Camino Portugu\u00e9s desde Tui a O Porri\u00f1o | Camino de Santiago | Pilgrim\",\"isPartOf\":{\"@id\":\"https:\\\/\\\/www.pilgrim.es\\\/it\\\/#website\"},\"primaryImageOfPage\":{\"@id\":\"https:\\\/\\\/www.pilgrim.es\\\/it\\\/cammino-portoghese\\\/tappa-20-tui-o-porrino\\\/#primaryimage\"},\"image\":{\"@id\":\"https:\\\/\\\/www.pilgrim.es\\\/it\\\/cammino-portoghese\\\/tappa-20-tui-o-porrino\\\/#primaryimage\"},\"thumbnailUrl\":\"https:\\\/\\\/www.pilgrim.es\\\/wp-content\\\/uploads\\\/2019\\\/03\\\/camino_portugues_etapa_20.jpg\",\"datePublished\":\"2019-05-03T11:19:01+00:00\",\"dateModified\":\"2025-08-06T08:04:27+00:00\",\"description\":\"Cammino portoghese: tappa 20 del Cammino di Santiago che si snoda tra Tui e O Porri\u00f1o..... Scopri tutte le informazioni necessarie e pianifica la tua tappa.\",\"breadcrumb\":{\"@id\":\"https:\\\/\\\/www.pilgrim.es\\\/it\\\/cammino-portoghese\\\/tappa-20-tui-o-porrino\\\/#breadcrumb\"},\"inLanguage\":\"it-IT\",\"potentialAction\":[{\"@type\":\"ReadAction\",\"target\":[\"https:\\\/\\\/www.pilgrim.es\\\/it\\\/cammino-portoghese\\\/tappa-20-tui-o-porrino\\\/\"]}]},{\"@type\":\"ImageObject\",\"inLanguage\":\"it-IT\",\"@id\":\"https:\\\/\\\/www.pilgrim.es\\\/it\\\/cammino-portoghese\\\/tappa-20-tui-o-porrino\\\/#primaryimage\",\"url\":\"https:\\\/\\\/www.pilgrim.es\\\/wp-content\\\/uploads\\\/2019\\\/03\\\/camino_portugues_etapa_20.jpg\",\"contentUrl\":\"https:\\\/\\\/www.pilgrim.es\\\/wp-content\\\/uploads\\\/2019\\\/03\\\/camino_portugues_etapa_20.jpg\",\"width\":1633,\"height\":549,\"caption\":\"Mappa Tappa 20 Cammino Portoghese\"},{\"@type\":\"BreadcrumbList\",\"@id\":\"https:\\\/\\\/www.pilgrim.es\\\/it\\\/cammino-portoghese\\\/tappa-20-tui-o-porrino\\\/#breadcrumb\",\"itemListElement\":[{\"@type\":\"ListItem\",\"position\":1,\"name\":\"Camino de Santiago\",\"item\":\"https:\\\/\\\/www.pilgrim.es\\\/it\\\/\"},{\"@type\":\"ListItem\",\"position\":2,\"name\":\"Cammino Portoghese\",\"item\":\"https:\\\/\\\/www.pilgrim.es\\\/it\\\/cammino-portoghese\\\/\"},{\"@type\":\"ListItem\",\"position\":3,\"name\":\"Cammino Portoghese | Tapa 20: Tui &#8211; O Porri\u00f1o\"}]},{\"@type\":\"WebSite\",\"@id\":\"https:\\\/\\\/www.pilgrim.es\\\/it\\\/#website\",\"url\":\"https:\\\/\\\/www.pilgrim.es\\\/it\\\/\",\"name\":\"Pilgrim\",\"description\":\"Camino de Santiago | Caminamos Contigo\",\"publisher\":{\"@id\":\"https:\\\/\\\/www.pilgrim.es\\\/it\\\/#organization\"},\"potentialAction\":[{\"@type\":\"SearchAction\",\"target\":{\"@type\":\"EntryPoint\",\"urlTemplate\":\"https:\\\/\\\/www.pilgrim.es\\\/it\\\/?s={search_term_string}\"},\"query-input\":{\"@type\":\"PropertyValueSpecification\",\"valueRequired\":true,\"valueName\":\"search_term_string\"}}],\"inLanguage\":\"it-IT\"},{\"@type\":\"Organization\",\"@id\":\"https:\\\/\\\/www.pilgrim.es\\\/it\\\/#organization\",\"name\":\"Pilgrim Camino de Santiago\",\"url\":\"https:\\\/\\\/www.pilgrim.es\\\/it\\\/\",\"logo\":{\"@type\":\"ImageObject\",\"inLanguage\":\"it-IT\",\"@id\":\"https:\\\/\\\/www.pilgrim.es\\\/it\\\/#\\\/schema\\\/logo\\\/image\\\/\",\"url\":\"https:\\\/\\\/www.pilgrim.es\\\/wp-content\\\/uploads\\\/2019\\\/04\\\/logo_pilgrim.png\",\"contentUrl\":\"https:\\\/\\\/www.pilgrim.es\\\/wp-content\\\/uploads\\\/2019\\\/04\\\/logo_pilgrim.png\",\"width\":512,\"height\":512,\"caption\":\"Pilgrim Camino de Santiago\"},\"image\":{\"@id\":\"https:\\\/\\\/www.pilgrim.es\\\/it\\\/#\\\/schema\\\/logo\\\/image\\\/\"},\"sameAs\":[\"https:\\\/\\\/www.facebook.com\\\/pilgrim.es\\\/\",\"https:\\\/\\\/x.com\\\/pilgrim_es\",\"https:\\\/\\\/www.instagram.com\\\/pilgrim.es\\\/\",\"https:\\\/\\\/www.linkedin.com\\\/company\\\/pilgrim-camino-de-santiago\\\/\",\"https:\\\/\\\/www.pinterest.es\\\/pilgrimcaminodesantiago\\\/\",\"https:\\\/\\\/www.youtube.com\\\/channel\\\/UCIv2ZzFLXVqthkNF32rKedw\\\/featured\"]}]}<\/script>\n<!-- \/ Yoast SEO plugin. -->","yoast_head_json":{"title":"Camino Portugu\u00e9s desde Tui a O Porri\u00f1o | Camino de Santiago | Pilgrim","description":"Cammino portoghese: tappa 20 del Cammino di Santiago che si snoda tra Tui e O Porri\u00f1o..... Scopri tutte le informazioni necessarie e pianifica la tua tappa.","robots":{"index":"index","follow":"follow","max-snippet":"max-snippet:-1","max-image-preview":"max-image-preview:large","max-video-preview":"max-video-preview:-1"},"canonical":"https:\/\/www.pilgrim.es\/it\/cammino-portoghese\/tappa-20-tui-o-porrino\/","og_locale":"it_IT","og_type":"article","og_title":"Camino Portugu\u00e9s desde Tui a O Porri\u00f1o | Camino de Santiago | Pilgrim","og_description":"Cammino portoghese: tappa 20 del Cammino di Santiago che si snoda tra Tui e O Porri\u00f1o..... Scopri tutte le informazioni necessarie e pianifica la tua tappa.","og_url":"https:\/\/www.pilgrim.es\/it\/cammino-portoghese\/tappa-20-tui-o-porrino\/","og_site_name":"Pilgrim","article_publisher":"https:\/\/www.facebook.com\/pilgrim.es\/","article_modified_time":"2025-08-06T08:04:27+00:00","og_image":[{"width":1633,"height":549,"url":"https:\/\/www.pilgrim.es\/wp-content\/uploads\/2019\/03\/camino_portugues_etapa_20.jpg","type":"image\/jpeg"}],"twitter_card":"summary_large_image","twitter_site":"@pilgrim_es","twitter_misc":{"Tempo di lettura stimato":"4 minuti"},"schema":{"@context":"https:\/\/schema.org","@graph":[{"@type":"WebPage","@id":"https:\/\/www.pilgrim.es\/it\/cammino-portoghese\/tappa-20-tui-o-porrino\/","url":"https:\/\/www.pilgrim.es\/it\/cammino-portoghese\/tappa-20-tui-o-porrino\/","name":"Camino Portugu\u00e9s desde Tui a O Porri\u00f1o | Camino de Santiago | Pilgrim","isPartOf":{"@id":"https:\/\/www.pilgrim.es\/it\/#website"},"primaryImageOfPage":{"@id":"https:\/\/www.pilgrim.es\/it\/cammino-portoghese\/tappa-20-tui-o-porrino\/#primaryimage"},"image":{"@id":"https:\/\/www.pilgrim.es\/it\/cammino-portoghese\/tappa-20-tui-o-porrino\/#primaryimage"},"thumbnailUrl":"https:\/\/www.pilgrim.es\/wp-content\/uploads\/2019\/03\/camino_portugues_etapa_20.jpg","datePublished":"2019-05-03T11:19:01+00:00","dateModified":"2025-08-06T08:04:27+00:00","description":"Cammino portoghese: tappa 20 del Cammino di Santiago che si snoda tra Tui e O Porri\u00f1o..... Scopri tutte le informazioni necessarie e pianifica la tua tappa.","breadcrumb":{"@id":"https:\/\/www.pilgrim.es\/it\/cammino-portoghese\/tappa-20-tui-o-porrino\/#breadcrumb"},"inLanguage":"it-IT","potentialAction":[{"@type":"ReadAction","target":["https:\/\/www.pilgrim.es\/it\/cammino-portoghese\/tappa-20-tui-o-porrino\/"]}]},{"@type":"ImageObject","inLanguage":"it-IT","@id":"https:\/\/www.pilgrim.es\/it\/cammino-portoghese\/tappa-20-tui-o-porrino\/#primaryimage","url":"https:\/\/www.pilgrim.es\/wp-content\/uploads\/2019\/03\/camino_portugues_etapa_20.jpg","contentUrl":"https:\/\/www.pilgrim.es\/wp-content\/uploads\/2019\/03\/camino_portugues_etapa_20.jpg","width":1633,"height":549,"caption":"Mappa Tappa 20 Cammino Portoghese"},{"@type":"BreadcrumbList","@id":"https:\/\/www.pilgrim.es\/it\/cammino-portoghese\/tappa-20-tui-o-porrino\/#breadcrumb","itemListElement":[{"@type":"ListItem","position":1,"name":"Camino de Santiago","item":"https:\/\/www.pilgrim.es\/it\/"},{"@type":"ListItem","position":2,"name":"Cammino Portoghese","item":"https:\/\/www.pilgrim.es\/it\/cammino-portoghese\/"},{"@type":"ListItem","position":3,"name":"Cammino Portoghese | Tapa 20: Tui &#8211; O Porri\u00f1o"}]},{"@type":"WebSite","@id":"https:\/\/www.pilgrim.es\/it\/#website","url":"https:\/\/www.pilgrim.es\/it\/","name":"Pilgrim","description":"Camino de Santiago | Caminamos Contigo","publisher":{"@id":"https:\/\/www.pilgrim.es\/it\/#organization"},"potentialAction":[{"@type":"SearchAction","target":{"@type":"EntryPoint","urlTemplate":"https:\/\/www.pilgrim.es\/it\/?s={search_term_string}"},"query-input":{"@type":"PropertyValueSpecification","valueRequired":true,"valueName":"search_term_string"}}],"inLanguage":"it-IT"},{"@type":"Organization","@id":"https:\/\/www.pilgrim.es\/it\/#organization","name":"Pilgrim Camino de Santiago","url":"https:\/\/www.pilgrim.es\/it\/","logo":{"@type":"ImageObject","inLanguage":"it-IT","@id":"https:\/\/www.pilgrim.es\/it\/#\/schema\/logo\/image\/","url":"https:\/\/www.pilgrim.es\/wp-content\/uploads\/2019\/04\/logo_pilgrim.png","contentUrl":"https:\/\/www.pilgrim.es\/wp-content\/uploads\/2019\/04\/logo_pilgrim.png","width":512,"height":512,"caption":"Pilgrim Camino de Santiago"},"image":{"@id":"https:\/\/www.pilgrim.es\/it\/#\/schema\/logo\/image\/"},"sameAs":["https:\/\/www.facebook.com\/pilgrim.es\/","https:\/\/x.com\/pilgrim_es","https:\/\/www.instagram.com\/pilgrim.es\/","https:\/\/www.linkedin.com\/company\/pilgrim-camino-de-santiago\/","https:\/\/www.pinterest.es\/pilgrimcaminodesantiago\/","https:\/\/www.youtube.com\/channel\/UCIv2ZzFLXVqthkNF32rKedw\/featured"]}]}},"_links":{"self":[{"href":"https:\/\/www.pilgrim.es\/it\/wp-json\/wp\/v2\/pages\/37486","targetHints":{"allow":["GET"]}}],"collection":[{"href":"https:\/\/www.pilgrim.es\/it\/wp-json\/wp\/v2\/pages"}],"about":[{"href":"https:\/\/www.pilgrim.es\/it\/wp-json\/wp\/v2\/types\/page"}],"author":[{"embeddable":true,"href":"https:\/\/www.pilgrim.es\/it\/wp-json\/wp\/v2\/users\/4"}],"replies":[{"embeddable":true,"href":"https:\/\/www.pilgrim.es\/it\/wp-json\/wp\/v2\/comments?post=37486"}],"version-history":[{"count":7,"href":"https:\/\/www.pilgrim.es\/it\/wp-json\/wp\/v2\/pages\/37486\/revisions"}],"predecessor-version":[{"id":134517,"href":"https:\/\/www.pilgrim.es\/it\/wp-json\/wp\/v2\/pages\/37486\/revisions\/134517"}],"up":[{"embeddable":true,"href":"https:\/\/www.pilgrim.es\/it\/wp-json\/wp\/v2\/pages\/10770"}],"wp:featuredmedia":[{"embeddable":true,"href":"https:\/\/www.pilgrim.es\/it\/wp-json\/wp\/v2\/media\/12601"}],"wp:attachment":[{"href":"https:\/\/www.pilgrim.es\/it\/wp-json\/wp\/v2\/media?parent=37486"}],"wp:term":[{"taxonomy":"category","embeddable":true,"href":"https:\/\/www.pilgrim.es\/it\/wp-json\/wp\/v2\/categories?post=37486"},{"taxonomy":"post_tag","embeddable":true,"href":"https:\/\/www.pilgrim.es\/it\/wp-json\/wp\/v2\/tags?post=37486"}],"curies":[{"name":"wp","href":"https:\/\/api.w.org\/{rel}","templated":true}]}}