{"id":35332,"date":"2019-04-21T10:33:07","date_gmt":"2019-04-21T10:33:07","guid":{"rendered":"https:\/\/desarrollo.pilgrim.es\/cammino-portoghese\/tappa-16-vilarinho-barcelos\/"},"modified":"2025-04-08T10:50:07","modified_gmt":"2025-04-08T10:50:07","slug":"tappa-16-sao-miguel-de-arcos-barcelos","status":"publish","type":"page","link":"https:\/\/www.pilgrim.es\/it\/cammino-portoghese\/tappa-16-sao-miguel-de-arcos-barcelos\/","title":{"rendered":"Cammino Portoghese | tappa 16: S\u00e3o Miguel de Arcos &#8211; Barcelos"},"content":{"rendered":"\n<section id=\"heroStage\">\n    <h1>Cammino Portoghese &#8231; Tappa 16<\/h1>\n    <div>\n        <div class=\"hero\"\n            data-background=\"https:\/\/cdn.pilgrim.es\/web\/caminos\/camino-portugues\/pueblos\/sao-miguel-de-arcos\/sao-miguel-de-arcos.jpg\">\n            <div class=\" hero__container\">\n                <div class=\"hero__container__labels\">\n                    <p>A piedi<\/p>\n                    <p>25 tappe \/ 620 kms<\/p>\n                <\/div>\n                <div class=\"hero__container__stage-name\">\n                    <h2>\n                        S\u00e3o Miguel de Arcos <br \/>\n                        <span>&#10093;<\/span>\n                        Barcelos\n                    <\/h2>\n                    <p>19,8 Km<\/p>\n                <\/div>\n                <div class=\"hero__container__stage-changer\">\n                    <div class=\"stage-control\">\n                        <a class=\"stage-control__link\" href=\"https:\/\/www.pilgrim.es\/it\/cammino-portoghese\/tappa-15-oporto-sao-miguel-de-arcos\/\"><span>&#10094;<\/span>\n                            Tappa 15<\/a>\n                    <\/div>\n                    <div class=\"stage-control\">\n                        <a class=\"stage-control__link\" href=\"https:\/\/www.pilgrim.es\/it\/cammino-portoghese\/tappa-17-barcelos-ponte-de-lima\/\">Tappa\n                            17 <span>&#10095;<\/span><\/a>\n                    <\/div>\n                <\/div>\n            <\/div>\n        <\/div>\n        <div class=\"planner\"><div\r\n  class=\"p-col-span-1 p-rounded-lg p-px-5 p-h-full\"\r\n  style=\"background-image: url('https:\/\/cdn.pilgrim.es\/web\/pilgrim-planner\/bg-plugin-planificador.webp')\"\r\n  rel=\"preload\"\r\n  fetchpriority=\"high\"\r\n  >\r\n    <div class=\"p-text-center p-pt-5 p-text-white p-text-2xl p-font-semibold\">\r\n      Pianifica il tuo cammino    <\/div>\r\n    <div\r\n            id='primary-app'\r\n            data-name='banner'\r\n            data-api='https:\/\/pathfinder.pilgrim.es\/api\/pathfinder\/v2'\r\n            data-mode='normal'\r\n            data-lang='it'\r\n            data-route='1'\r\n            data-destiny='https:\/\/planificador.pilgrim.es'\r\n            data-modality='1'\r\n            data-inline=''\r\n        ><\/div><\/div><\/div>\n    <\/div>\n<\/section>\n\n<section id=\"scoreBarsStage\">\n    <section>\r\n  <div class=\"p-flex p-flex-nowrap p-space-x-4 p-py-5 p-overflow-x-auto md:p-grid md:p-grid-cols-3 lg:p-grid-cols-5 md:p-gap-8 md:p-space-x-0 md:p-overflow-hidden scrollbar-thin\">\r\n    <div class=\"p-grid p-grid-cols-4 p-shrink-0 p-w-72 p-snap-start md:p-w-full\">\r\n        <div class=\"p-col-span-1 p-self-center p-text-center p-text-3xl\">\r\n            <i class=\"icon-influx\"><\/i>\r\n        <\/div>\r\n        <div class=\"p-col-span-3 p-flex p-flex-col p-items-start\">\r\n            <div class=\"p-text-start p-text-secondary p-mb-1 p-bold\"> Afflusso <\/div>\r\n            <div class=\"p-w-full p-bg-light p-rounded-full p-h-2 p-relative\">\r\n                <div class=\"p-bg-primary p-h-2 p-rounded-full p-absolute\" style=\"width: 60%;\"><\/div>\r\n            <\/div>\r\n        <\/div>\r\n    <\/div>\r\n\r\n    <div class=\"p-grid p-grid-cols-4 p-shrink-0 p-w-72 p-snap-start md:p-w-full\">\r\n        <div class=\"p-col-span-1 p-self-center p-text-center p-text-3xl\">\r\n            <i class=\"icon-difficulty\"><\/i>\r\n        <\/div>\r\n        <div class=\"p-col-span-3 p-flex p-flex-col p-items-start\">\r\n            <div class=\"p-text-start p-text-secondary p-mb-1 p-bold\"> Difficolt\u00e0 <\/div>\r\n            <div class=\"p-w-full p-bg-light p-rounded-full p-h-2 p-relative\">\r\n                <div class=\"p-bg-primary p-h-2 p-rounded-full p-absolute\" style=\"width: 40%;\"><\/div>\r\n            <\/div>\r\n        <\/div>\r\n    <\/div>\r\n\r\n    <div class=\"p-grid p-grid-cols-4 p-shrink-0 p-w-72 p-snap-start md:p-w-full\">\r\n        <div class=\"p-col-span-1 p-self-center p-text-center p-text-3xl\">\r\n            <i class=\"icon-patrimony\"><\/i>\r\n        <\/div>\r\n        <div class=\"p-col-span-3 p-flex p-flex-col p-items-start\">\r\n            <div class=\"p-text-start p-text-secondary p-mb-1 p-bold\"> Arte\/Storia <\/div>\r\n            <div class=\"p-w-full p-bg-light p-rounded-full p-h-2 p-relative\">\r\n                <div class=\"p-bg-primary p-h-2 p-rounded-full p-absolute\" style=\"width: 40%;\"><\/div>\r\n            <\/div>\r\n        <\/div>\r\n    <\/div>\r\n\r\n    <div class=\"p-grid p-grid-cols-4 p-shrink-0 p-w-72 p-snap-start md:p-w-full\">\r\n        <div class=\"p-col-span-1 p-self-center p-text-center p-text-3xl\">\r\n            <i class=\"icon-nature\"><\/i>\r\n        <\/div>\r\n        <div class=\"p-col-span-3 p-flex p-flex-col p-items-start\">\r\n            <div class=\"p-text-start p-text-secondary p-mb-1 p-bold\"> Natura <\/div>\r\n            <div class=\"p-w-full p-bg-light p-rounded-full p-h-2 p-relative\">\r\n                <div class=\"p-bg-primary p-h-2 p-rounded-full p-absolute\" style=\"width: 60%;\"><\/div>\r\n            <\/div>\r\n        <\/div>\r\n    <\/div>\r\n\r\n    <div class=\"p-grid p-grid-cols-4 p-shrink-0 p-w-72 p-snap-start md:p-w-full\">\r\n        <div class=\"p-col-span-1 p-self-center p-text-center p-text-3xl\">\r\n            <i class=\"icon-urban\"><\/i>\r\n        <\/div>\r\n        <div class=\"p-col-span-3 p-flex p-flex-col p-items-start\">\r\n            <div class=\"p-text-start p-text-secondary p-mb-1 p-bold\"> Cammino Francese <\/div>\r\n            <div class=\"p-w-full p-bg-light p-rounded-full p-h-2 p-relative\">\r\n                <div class=\"p-bg-primary p-h-2 p-rounded-full p-absolute\" style=\"width: 20%;\"><\/div>\r\n            <\/div>\r\n        <\/div>\r\n    <\/div>\r\n  <\/div>\r\n<\/section>\n<\/section>\n\n<div id=\"stage-list-section\"><div class=\"stage-list\">\n    <div class='stage-list__map-card'>\n        <div class='stage-list__map-card__map'>\n            <div class='stage-list__map-card__map__text'>\n                <h2> Pages <\/h2>\n                <p> A piedi<\/p>\n                <p> 0tappe<\/p>\n            <\/div>\n            <div class='stage-list__map-card__map__img'>\n                <img decoding=\"async\" src=\"\" alt=\" mapa \" \/>\n            <\/div>\n        <\/div>\n    <\/div>\n\n    <\/div>\n<\/div>\n\n<section id=\"navStage\">\n    <div>\n        <nav id=\"tab-navigation-section\" class=\"tab-navigation-section--cols-5\">\n            <a href=\"#infoSection\" class=\"active\">Informazioni<\/a>\n            <a href=\"#profileSection\">Profilo<\/a>\n            <a href=\"#itinerarySection\">Itinerario<\/a>\n            <a href=\"#seeSection\">Cosa vedere<\/a>\n            <a href=\"#locationsSection\">Localit\u00e0<\/a>\n        <\/nav>\n\n        <div id=\"infoSection\">\n            <!-- Title Section with Orange Line -->\n            <div>\n                <h4 class=\"p-h4--section\">Informazioni<\/h4>\n                <hr class=\"orange-bar\" \/>\n                <h3 class=\"p-h3\">Su questa tappa<\/h3>\n            <\/div>\n\n            <!-- Main Content Section -->\n            <p>\n                Se partiamo da S\u00e3o Miguel de Arcos avremo di fronte a noi quasi venti chilometri fino a Barcelos, poi\n                potremo godere del vasto patrimonio della citt\u00e0 di fine tappa per la restante parte del\n                giorno.\n            <\/p>\n\n            <div class=\"recomendation-card\">\n                <div>\n                    <i class=\"icon-logo-pilgrim\"><\/i>\n                    <h5>Raccomandazione di Pilgrim<\/h5>\n                <\/div>\n\n                <p>\n                    Puoi dedicare un altro giorno a Barcelos, fermandoti in uno dei suoi numerosi stabilimenti e\n                    attraversando le stradine del suo centro storico. Questa fase non implica ulteriori difficolt\u00e0 per i\n                    ciclisti o le persone a mobilit\u00e0 ridotta.\n                <\/p>\n            <\/div>\n        <\/div>\n\n        <div id=\"profileSection\">\n            <div>\n                <h4 class=\"p-h4--section\">Distanza e altitudine<\/h4>\n                <hr class=\"orange-bar\" \/>\n                <h3 class=\"p-h3\">Profilo della tappa<\/h3>\n                <img decoding=\"async\" src=\"https:\/\/cdn.pilgrim.es\/web\/caminos\/camino-portugues\/etapas\/etapa-16\/etapa16-perfil-sao-miguel-barcelos.jpg\"\n                    alt=\"Profilo della tappa\" \/>\n            <\/div>\n        <\/div>\n\n        <div id=\"itinerarySection\">\n            <h4 class=\"p-h4--section\">Percorso<\/h4>\n            <hr \/>\n            <h3 class=\"p-h3\">Itinerario<\/h3>\n            <div>\n                <h4>Km 0 &#8231; S\u00e3o Miguel de Arcos<\/h4>\n                <p>\n                    All&#8217;uscita del villaggio facciamo una deviazione a destra. Arriviamo poco dopo alla strada\n                    N-206. Giriamo a sinistra e la seguiamo per 300 metri, per uscire da una strada a destra.\n                    Attraversiamo cos\u00ec il piccolo villaggio di Borgonha. Siamo arrivati a S\u00e3o Pedro de Rates\n                    con la sua chiesa romanica.\n\n                <\/p>\n                <a class=\"town-link\" href=\"https:\/\/www.pilgrim.es\/it\/cammino-portoghese\/sao-miguel-de-arcos\/\">\n                    <div class=\"town-link__link-content\">\n                        <div class=\"town-link__link-content__text\">\n                            <p>Informazioni locali<\/p>\n                            <p>Polizia, Assistenza medica, Cosa vedere, Dove mangiare&#8230;<\/p>\n                        <\/div>\n                        <div class=\"town-link__link-content__town-btn\">\n                            <i class=\"icon-arrow\"><\/i>\n                        <\/div>\n                    <\/div>\n                <\/a>\n            <\/div>\n            <hr \/>\n            <div>\n                <h4>Km 3,9 &#8231; Sao Pedro de Rates<\/h4>\n                <p>\n                    Questo tempio romanico \u00e8 uno dei monasteri benedettini cluniacensi pi\u00f9 importanti del\n                    paese, risalendo alle sue origini al periodo svevo-visigoto. Nella salita verso la parte alta\n                    della citt\u00e0 passiamo accanto alla fontana di San Pedro e alla cappella di Santo Ant\u00f3nio.\n                    Iniziamo ora la discesa per una strada che pi\u00f9 avanti diventa un sentiero di terra. Dopo\n                    circa 7 chilometri arriviamo a Pedra Furada.\n                <\/p>\n            <\/div>\n            <hr \/>\n            <div>\n                <h4>Km 10,6 &#8231; Pedra Furada<\/h4>\n                <p>\n                    Lungo qualche chilometro camminiamo lungo la N306 fino alla vicina localit\u00e0 di Pereira.\n                <\/p>\n            <\/div>\n            <hr \/>\n            <div>\n                <h4>Km 14,1 &#8231; Pereira (Barcelos)<\/h4>\n                <p>\n                    Passiamo attraverso le localit\u00e0 di Ponteg\u00e3os, Monte de Cima, Ful\u00f5es, Vila Ch\u00e3, Porto\n                    Carreiro, Santa Cruz e Mereces, prima di arrivare a Barcelinhos.\n                <\/p>\n            <\/div>\n            <hr \/>\n            <div>\n                <h4>Km 19,4 &#8231; Barcelinhos<\/h4>\n                <p>\n                    Una volta arrivati qui, dobbiamo solo attraversare il ponte medievale di Barcelos per\n                    accedere a questa localit\u00e0, punto finale di questa tappa e dove potremo rilassarci e\n                    visitare i suoi numerosi monumenti e punti d&#8217;interesse. Il suo centro storico \u00e8 un luogo di\n                    visita indispensabile; qui troviamo la maggior parte del suo patrimonio come la sua\n                    chiesa madre, il palazzo dei Conti, il suo museo archeologico o la chiesa di Bom Jesus\n                    da Cruz, tra gli altri, oltre alla fiera settimanale, considerata il pi\u00f9 grande mercato\n                    all&#8217;aperto di tutto il paese. Della sua gastronomia si distinguono le patate di sarrabulho, il\n                    polpo e l\u2019arroz pica, come dessert spiccano la crema di latte, svariati tipi di dolci e come\n                    accompagnamento il vinho verde.\n                <\/p>\n            <\/div>\n            <hr \/>\n            <div>\n                <h4>Km 19,8 &#8231; Barcelos<\/h4>\n                <a class=\"town-link\" href=\"https:\/\/www.pilgrim.es\/it\/cammino-portoghese\/barcelos\/\">\n                    <div class=\"town-link__link-content\">\n                        <div class=\"town-link__link-content__text\">\n                            <p>Informazioni locali<\/p>\n                            <p>Polizia, Assistenza medica, Cosa vedere, Dove mangiare&#8230;<\/p>\n                        <\/div>\n                        <div class=\"town-link__link-content__town-btn\">\n                            <i class=\"icon-arrow\"><\/i>\n                        <\/div>\n                    <\/div>\n                <\/a>\n            <\/div>\n            <hr \/>\n        <\/div>\n\n        <div id=\"seeSection\">\n            <h4 class=\"p-h4--section\">Cosa vedere<\/h4>\n            <hr \/>\n            <h3 class=\"p-h3\">Durante il percorso<\/h3>\n            <div class=\"accordion\">\n                <div class=\"accordion__menu\">\n                    <nav>\n                        <button class=\"nav-tab-accordion active\">\n                            &#10093; Monastero di S\u00e3o Sim\u00e3o da Junqueira\n                        <\/button>\n                        <button class=\"nav-tab-accordion\">\n                            &#10093; Chiesa di San Pietro di Tassi\n                        <\/button>\n                    <\/nav>\n                <\/div>\n                <div class=\"accordion__accordion-content\">\n                    <div>\n                        <div>\n                            <h4>Monastero di S\u00e3o Sim\u00e3o da Junqueira<\/h4>\n                            <p>\n                                Il Monastero di S\u00e3o Sim\u00e3o da Junqueira si trova nella citt\u00e0 di Vila do Conde e fu eretto\n                                nell&#8217;XI secolo. Nel 1082, questo monastero ospitava gi\u00e0 sette monaci osservanti\n                                appartenenti all&#8217;ordine di Sant&#8217;Agostino.\n                            <\/p>\n                            <p>\n                                Questo monastero fu coordinato da abati perpetui fino all&#8217;inizio del XVI secolo,\n                                dopodich\u00e9 pass\u00f2 ad abati minori commendatari fino alla fine dello stesso secolo. In\n                                seguito, entr\u00f2 a far parte della Congregazione di Santa Cruz de Coimbra e per qualche\n                                tempo appartenne anche al Monastero di Moreira. Tuttavia, riacquist\u00f2 la sua indipendenza\n                                alla fine del XVII secolo, quando inizi\u00f2 la ricostruzione della chiesa del convento,\n                                l&#8217;attuale chiesa di Junqueira. In questo periodo fu ricostruito anche il monastero, con\n                                nuove stanze per i monaci e un chiostro decorato con piastrelle e una fontana al centro.\n                            <\/p>\n                            <p>\n                                Nel XVIII secolo, il monastero fu abolito da Papa Clemente e tutte le reliquie e i beni\n                                che ospitava furono trasferiti al convento di Mafra. Cos\u00ec, la chiesa del monastero\n                                divenne la chiesa parrocchiale e il monastero fu venduto a privati ed \u00e8 ora utilizzato\n                                come casa padronale.\n                            <\/p>\n                        <\/div>\n                        <img decoding=\"async\" src=\"https:\/\/cdn.pilgrim.es\/web\/caminos\/camino-portugues\/etapas\/etapa-16\/puntos-de-interes\/monasterio-sao-simao-junqueira.jpg\"\n                            alt=\"Monastero di S\u00e3o Sim\u00e3o da Junqueira\" \/>\n                    <\/div>\n                <\/div>\n                <div class=\"accordion__accordion-content inactive\">\n                    <div>\n                        <div>\n                            <h4>Chiesa di San Pietro di Tassi<\/h4>\n                            <p>\n                                Dichiarata monumento nazionale, questa chiesa \u00e8 considerata uno degli edifici religiosi\n                                romanici pi\u00f9 emblematici del Portogallo.\n                            <\/p>\n                            <p>\n                                Questa chiesa ha origine da una piccola cappella che sembra essere stata ricostruita\n                                alla fine dell&#8217;XI secolo. Il tempio \u00e8 stato costruito in granito e ha una pianta a croce\n                                latina. Ha inoltre tre navate, separate da quattro campate disuguali. Il tetto della\n                                chiesa \u00e8 in legno.\n                            <\/p>\n                            <p>\n                                La caratteristica pi\u00f9 rilevante della chiesa sono i capitelli, tutti riccamente decorati\n                                con ornamenti scultorei. Alcuni sono decorati con motivi animali, altri con motivi\n                                vegetali, mentre altri ancora raffigurano esseri mitologici, elementi antropomorfi e\n                                figure che simboleggiano gli apostoli.\n                            <\/p>\n                        <\/div>\n                        <img decoding=\"async\" src=\"https:\/\/cdn.pilgrim.es\/web\/caminos\/camino-portugues\/etapas\/etapa-16\/puntos-de-interes\/iglesia-sao-pedro-rates.JPG\"\n                            alt=\"Chiesa di San Pietro di Tassi\" \/>\n                    <\/div>\n                <\/div>\n            <\/div>\n        <\/div>\n\n        <div id=\"locationsSection\">\n            <h4 class=\"p-h4--section\">Localit\u00e0<\/h4>\n            <hr \/>\n            <h3 class=\"p-h3\">Villaggi<\/h3>\n            <div class=\"grid-container\">\n                <div class=\"p-group card-stage p-max-w-full\">\n                    <a href=\"https:\/\/www.pilgrim.es\/it\/cammino-portoghese\/sao-miguel-de-arcos\/\" class=\"town-card\">\n                        <div class=\"card-stage__header\">\n                            <img decoding=\"async\" src=\"https:\/\/cdn.pilgrim.es\/web\/caminos\/camino-portugues\/pueblos\/sao-miguel-de-arcos\/sao-miguel-de-arcos.jpg\"\n                                alt=\"S\u00e3o Miguel de Arcos\" class=\"group-hover:p-scale-110\" \/>\n                            <div class=\"card-overlay group-hover:p-opacity-50\"><\/div>\n                        <\/div>\n                        <div class=\"town-card__flex-container\">\n                            <div class=\"town-card__flex-container__info\">\n                                <h3>S\u00e3o Miguel de Arcos<\/h3>\n                                <p>Provincia: Porto<\/p>\n                            <\/div>\n                            <div class=\"town-card__flex-container__btn\">\n                                <i class=\"icon-arrow\"><\/i>\n                            <\/div>\n                        <\/div>\n                    <\/a>\n                <\/div>\n                <div class=\"p-group card-stage p-max-w-full\">\n                    <a href=\"https:\/\/www.pilgrim.es\/it\/cammino-portoghese\/barcelos\/\" class=\"town-card\">\n                        <div class=\"card-stage__header\">\n                            <img decoding=\"async\" src=\"https:\/\/cdn.pilgrim.es\/web\/caminos\/camino-portugues\/pueblos\/barcelos\/barcelos.jpg\"\n                                alt=\"Barcelos\" class=\"group-hover:p-scale-110\" \/>\n                            <div class=\"card-overlay group-hover:p-opacity-50\"><\/div>\n                        <\/div>\n                        <div class=\"town-card__flex-container\">\n                            <div class=\"town-card__flex-container__info\">\n                                <h3>Barcelos<\/h3>\n                                <p>Provincia: Braga<\/p>\n                            <\/div>\n                            <div class=\"town-card__flex-container__btn\">\n                                <i class=\"icon-arrow\"><\/i>\n                            <\/div>\n                        <\/div>\n                    <\/a>\n                <\/div>\n            <\/div>\n        <\/div>\n        <hr class=\"single-bar\" \/>\n    <\/div>\n<\/section>\n\n<section id=\"stageChange\">\n    <div>\n        <a href=\"https:\/\/www.pilgrim.es\/it\/cammino-portoghese\/tappa-15-oporto-sao-miguel-de-arcos\/\" class=\"change-btn\">\n            <div class=\"btn-arrow previous\">\n                <i class=\"icon-arrow\"><\/i>\n            <\/div>\n            <div class=\"change-btn__info\">\n                <div>Tappa 15<\/div>\n                <p>\n                    Oporto &#10095; <br \/>\n                    S\u00e3o Miguel de Arcos\n                <\/p>\n            <\/div>\n        <\/a>\n        <a href=\"https:\/\/www.pilgrim.es\/it\/cammino-portoghese\/tappa-17-barcelos-ponte-de-lima\/\" class=\"change-btn\">\n            <div class=\"change-btn__info\">\n                <div>Tappa 17<\/div>\n                <p>\n                    Barcelos &#10095; <br \/>\n                    Ponte de Lima\n                <\/p>\n            <\/div>\n            <div class=\"btn-arrow\">\n                <i class=\"icon-arrow\"><\/i>\n            <\/div>\n        <\/a>\n    <\/div>\n<\/section>\n","protected":false},"excerpt":{"rendered":"<p>Cammino Portoghese &#8231; Tappa 16 A piedi 25 tappe \/ 620 kms S\u00e3o Miguel de Arcos &#10093; Barcelos 19,8 Km &#10094; Tappa 15 Tappa 17 &#10095; Informazioni Profilo Itinerario Cosa vedere Localit\u00e0 Informazioni Su questa tappa Se partiamo da S\u00e3o Miguel de Arcos avremo di fronte a noi quasi venti chilometri fino a Barcelos, poi &hellip; <\/p>\n<p class=\"read_more\"><a href=\"https:\/\/www.pilgrim.es\/it\/cammino-portoghese\/tappa-16-sao-miguel-de-arcos-barcelos\/\">Leer m\u00e1s<\/a><\/p>\n","protected":false},"author":4,"featured_media":12561,"parent":10770,"menu_order":0,"comment_status":"closed","ping_status":"closed","template":"views\/template-new-web-design.blade.php","meta":{"footnotes":""},"categories":[],"tags":[],"class_list":["post-35332","page","type-page","status-publish","has-post-thumbnail","hentry"],"yoast_head":"<!-- This site is optimized with the Yoast SEO plugin v27.4 - https:\/\/yoast.com\/product\/yoast-seo-wordpress\/ -->\n<title>Cammino Portoghese da Vilarinho a Barcel\u00f3s | Cammino di Santiago | Pilgrim<\/title>\n<meta name=\"description\" content=\"Cammino Portoghese: Tappa 16 del Cammino di Santiago che passa tra Vilarinho e Barcelos. scopri tutte le informazioni necessarie e pianifica la tua tappa.\" \/>\n<meta name=\"robots\" content=\"index, follow, max-snippet:-1, max-image-preview:large, max-video-preview:-1\" \/>\n<link rel=\"canonical\" href=\"https:\/\/www.pilgrim.es\/it\/cammino-portoghese\/tappa-16-sao-miguel-de-arcos-barcelos\/\" \/>\n<meta property=\"og:locale\" content=\"it_IT\" \/>\n<meta property=\"og:type\" content=\"article\" \/>\n<meta property=\"og:title\" content=\"Cammino Portoghese da Vilarinho a Barcel\u00f3s | Cammino di Santiago | Pilgrim\" \/>\n<meta property=\"og:description\" content=\"Cammino Portoghese: Tappa 16 del Cammino di Santiago che passa tra Vilarinho e Barcelos. scopri tutte le informazioni necessarie e pianifica la tua tappa.\" \/>\n<meta property=\"og:url\" content=\"https:\/\/www.pilgrim.es\/it\/cammino-portoghese\/tappa-16-sao-miguel-de-arcos-barcelos\/\" \/>\n<meta property=\"og:site_name\" content=\"Pilgrim\" \/>\n<meta property=\"article:publisher\" content=\"https:\/\/www.facebook.com\/pilgrim.es\/\" \/>\n<meta property=\"article:modified_time\" content=\"2025-04-08T10:50:07+00:00\" \/>\n<meta property=\"og:image\" content=\"https:\/\/www.pilgrim.es\/wp-content\/uploads\/2019\/03\/camino_portugues_etapa_16.jpg\" \/>\n\t<meta property=\"og:image:width\" content=\"1635\" \/>\n\t<meta property=\"og:image:height\" content=\"551\" \/>\n\t<meta property=\"og:image:type\" content=\"image\/jpeg\" \/>\n<meta name=\"twitter:card\" content=\"summary_large_image\" \/>\n<meta name=\"twitter:site\" content=\"@pilgrim_es\" \/>\n<meta name=\"twitter:label1\" content=\"Tempo di lettura stimato\" \/>\n\t<meta name=\"twitter:data1\" content=\"4 minuti\" \/>\n<script type=\"application\/ld+json\" class=\"yoast-schema-graph\">{\"@context\":\"https:\\\/\\\/schema.org\",\"@graph\":[{\"@type\":\"WebPage\",\"@id\":\"https:\\\/\\\/www.pilgrim.es\\\/it\\\/cammino-portoghese\\\/tappa-16-sao-miguel-de-arcos-barcelos\\\/\",\"url\":\"https:\\\/\\\/www.pilgrim.es\\\/it\\\/cammino-portoghese\\\/tappa-16-sao-miguel-de-arcos-barcelos\\\/\",\"name\":\"Cammino Portoghese da Vilarinho a Barcel\u00f3s | Cammino di Santiago | Pilgrim\",\"isPartOf\":{\"@id\":\"https:\\\/\\\/www.pilgrim.es\\\/it\\\/#website\"},\"primaryImageOfPage\":{\"@id\":\"https:\\\/\\\/www.pilgrim.es\\\/it\\\/cammino-portoghese\\\/tappa-16-sao-miguel-de-arcos-barcelos\\\/#primaryimage\"},\"image\":{\"@id\":\"https:\\\/\\\/www.pilgrim.es\\\/it\\\/cammino-portoghese\\\/tappa-16-sao-miguel-de-arcos-barcelos\\\/#primaryimage\"},\"thumbnailUrl\":\"https:\\\/\\\/www.pilgrim.es\\\/wp-content\\\/uploads\\\/2019\\\/03\\\/camino_portugues_etapa_16.jpg\",\"datePublished\":\"2019-04-21T10:33:07+00:00\",\"dateModified\":\"2025-04-08T10:50:07+00:00\",\"description\":\"Cammino Portoghese: Tappa 16 del Cammino di Santiago che passa tra Vilarinho e Barcelos. scopri tutte le informazioni necessarie e pianifica la tua tappa.\",\"breadcrumb\":{\"@id\":\"https:\\\/\\\/www.pilgrim.es\\\/it\\\/cammino-portoghese\\\/tappa-16-sao-miguel-de-arcos-barcelos\\\/#breadcrumb\"},\"inLanguage\":\"it-IT\",\"potentialAction\":[{\"@type\":\"ReadAction\",\"target\":[\"https:\\\/\\\/www.pilgrim.es\\\/it\\\/cammino-portoghese\\\/tappa-16-sao-miguel-de-arcos-barcelos\\\/\"]}]},{\"@type\":\"ImageObject\",\"inLanguage\":\"it-IT\",\"@id\":\"https:\\\/\\\/www.pilgrim.es\\\/it\\\/cammino-portoghese\\\/tappa-16-sao-miguel-de-arcos-barcelos\\\/#primaryimage\",\"url\":\"https:\\\/\\\/www.pilgrim.es\\\/wp-content\\\/uploads\\\/2019\\\/03\\\/camino_portugues_etapa_16.jpg\",\"contentUrl\":\"https:\\\/\\\/www.pilgrim.es\\\/wp-content\\\/uploads\\\/2019\\\/03\\\/camino_portugues_etapa_16.jpg\",\"width\":1635,\"height\":551,\"caption\":\"Mappa Tappa 16 Cammino Portoghese\"},{\"@type\":\"BreadcrumbList\",\"@id\":\"https:\\\/\\\/www.pilgrim.es\\\/it\\\/cammino-portoghese\\\/tappa-16-sao-miguel-de-arcos-barcelos\\\/#breadcrumb\",\"itemListElement\":[{\"@type\":\"ListItem\",\"position\":1,\"name\":\"Camino de Santiago\",\"item\":\"https:\\\/\\\/www.pilgrim.es\\\/it\\\/\"},{\"@type\":\"ListItem\",\"position\":2,\"name\":\"Cammino Portoghese\",\"item\":\"https:\\\/\\\/www.pilgrim.es\\\/it\\\/cammino-portoghese\\\/\"},{\"@type\":\"ListItem\",\"position\":3,\"name\":\"Cammino Portoghese | tappa 16: S\u00e3o Miguel de Arcos &#8211; Barcelos\"}]},{\"@type\":\"WebSite\",\"@id\":\"https:\\\/\\\/www.pilgrim.es\\\/it\\\/#website\",\"url\":\"https:\\\/\\\/www.pilgrim.es\\\/it\\\/\",\"name\":\"Pilgrim\",\"description\":\"Camino de Santiago | Caminamos Contigo\",\"publisher\":{\"@id\":\"https:\\\/\\\/www.pilgrim.es\\\/it\\\/#organization\"},\"potentialAction\":[{\"@type\":\"SearchAction\",\"target\":{\"@type\":\"EntryPoint\",\"urlTemplate\":\"https:\\\/\\\/www.pilgrim.es\\\/it\\\/?s={search_term_string}\"},\"query-input\":{\"@type\":\"PropertyValueSpecification\",\"valueRequired\":true,\"valueName\":\"search_term_string\"}}],\"inLanguage\":\"it-IT\"},{\"@type\":\"Organization\",\"@id\":\"https:\\\/\\\/www.pilgrim.es\\\/it\\\/#organization\",\"name\":\"Pilgrim Camino de Santiago\",\"url\":\"https:\\\/\\\/www.pilgrim.es\\\/it\\\/\",\"logo\":{\"@type\":\"ImageObject\",\"inLanguage\":\"it-IT\",\"@id\":\"https:\\\/\\\/www.pilgrim.es\\\/it\\\/#\\\/schema\\\/logo\\\/image\\\/\",\"url\":\"https:\\\/\\\/www.pilgrim.es\\\/wp-content\\\/uploads\\\/2019\\\/04\\\/logo_pilgrim.png\",\"contentUrl\":\"https:\\\/\\\/www.pilgrim.es\\\/wp-content\\\/uploads\\\/2019\\\/04\\\/logo_pilgrim.png\",\"width\":512,\"height\":512,\"caption\":\"Pilgrim Camino de Santiago\"},\"image\":{\"@id\":\"https:\\\/\\\/www.pilgrim.es\\\/it\\\/#\\\/schema\\\/logo\\\/image\\\/\"},\"sameAs\":[\"https:\\\/\\\/www.facebook.com\\\/pilgrim.es\\\/\",\"https:\\\/\\\/x.com\\\/pilgrim_es\",\"https:\\\/\\\/www.instagram.com\\\/pilgrim.es\\\/\",\"https:\\\/\\\/www.linkedin.com\\\/company\\\/pilgrim-camino-de-santiago\\\/\",\"https:\\\/\\\/www.pinterest.es\\\/pilgrimcaminodesantiago\\\/\",\"https:\\\/\\\/www.youtube.com\\\/channel\\\/UCIv2ZzFLXVqthkNF32rKedw\\\/featured\"]}]}<\/script>\n<!-- \/ Yoast SEO plugin. -->","yoast_head_json":{"title":"Cammino Portoghese da Vilarinho a Barcel\u00f3s | Cammino di Santiago | Pilgrim","description":"Cammino Portoghese: Tappa 16 del Cammino di Santiago che passa tra Vilarinho e Barcelos. scopri tutte le informazioni necessarie e pianifica la tua tappa.","robots":{"index":"index","follow":"follow","max-snippet":"max-snippet:-1","max-image-preview":"max-image-preview:large","max-video-preview":"max-video-preview:-1"},"canonical":"https:\/\/www.pilgrim.es\/it\/cammino-portoghese\/tappa-16-sao-miguel-de-arcos-barcelos\/","og_locale":"it_IT","og_type":"article","og_title":"Cammino Portoghese da Vilarinho a Barcel\u00f3s | Cammino di Santiago | Pilgrim","og_description":"Cammino Portoghese: Tappa 16 del Cammino di Santiago che passa tra Vilarinho e Barcelos. scopri tutte le informazioni necessarie e pianifica la tua tappa.","og_url":"https:\/\/www.pilgrim.es\/it\/cammino-portoghese\/tappa-16-sao-miguel-de-arcos-barcelos\/","og_site_name":"Pilgrim","article_publisher":"https:\/\/www.facebook.com\/pilgrim.es\/","article_modified_time":"2025-04-08T10:50:07+00:00","og_image":[{"width":1635,"height":551,"url":"https:\/\/www.pilgrim.es\/wp-content\/uploads\/2019\/03\/camino_portugues_etapa_16.jpg","type":"image\/jpeg"}],"twitter_card":"summary_large_image","twitter_site":"@pilgrim_es","twitter_misc":{"Tempo di lettura stimato":"4 minuti"},"schema":{"@context":"https:\/\/schema.org","@graph":[{"@type":"WebPage","@id":"https:\/\/www.pilgrim.es\/it\/cammino-portoghese\/tappa-16-sao-miguel-de-arcos-barcelos\/","url":"https:\/\/www.pilgrim.es\/it\/cammino-portoghese\/tappa-16-sao-miguel-de-arcos-barcelos\/","name":"Cammino Portoghese da Vilarinho a Barcel\u00f3s | Cammino di Santiago | Pilgrim","isPartOf":{"@id":"https:\/\/www.pilgrim.es\/it\/#website"},"primaryImageOfPage":{"@id":"https:\/\/www.pilgrim.es\/it\/cammino-portoghese\/tappa-16-sao-miguel-de-arcos-barcelos\/#primaryimage"},"image":{"@id":"https:\/\/www.pilgrim.es\/it\/cammino-portoghese\/tappa-16-sao-miguel-de-arcos-barcelos\/#primaryimage"},"thumbnailUrl":"https:\/\/www.pilgrim.es\/wp-content\/uploads\/2019\/03\/camino_portugues_etapa_16.jpg","datePublished":"2019-04-21T10:33:07+00:00","dateModified":"2025-04-08T10:50:07+00:00","description":"Cammino Portoghese: Tappa 16 del Cammino di Santiago che passa tra Vilarinho e Barcelos. scopri tutte le informazioni necessarie e pianifica la tua tappa.","breadcrumb":{"@id":"https:\/\/www.pilgrim.es\/it\/cammino-portoghese\/tappa-16-sao-miguel-de-arcos-barcelos\/#breadcrumb"},"inLanguage":"it-IT","potentialAction":[{"@type":"ReadAction","target":["https:\/\/www.pilgrim.es\/it\/cammino-portoghese\/tappa-16-sao-miguel-de-arcos-barcelos\/"]}]},{"@type":"ImageObject","inLanguage":"it-IT","@id":"https:\/\/www.pilgrim.es\/it\/cammino-portoghese\/tappa-16-sao-miguel-de-arcos-barcelos\/#primaryimage","url":"https:\/\/www.pilgrim.es\/wp-content\/uploads\/2019\/03\/camino_portugues_etapa_16.jpg","contentUrl":"https:\/\/www.pilgrim.es\/wp-content\/uploads\/2019\/03\/camino_portugues_etapa_16.jpg","width":1635,"height":551,"caption":"Mappa Tappa 16 Cammino Portoghese"},{"@type":"BreadcrumbList","@id":"https:\/\/www.pilgrim.es\/it\/cammino-portoghese\/tappa-16-sao-miguel-de-arcos-barcelos\/#breadcrumb","itemListElement":[{"@type":"ListItem","position":1,"name":"Camino de Santiago","item":"https:\/\/www.pilgrim.es\/it\/"},{"@type":"ListItem","position":2,"name":"Cammino Portoghese","item":"https:\/\/www.pilgrim.es\/it\/cammino-portoghese\/"},{"@type":"ListItem","position":3,"name":"Cammino Portoghese | tappa 16: S\u00e3o Miguel de Arcos &#8211; Barcelos"}]},{"@type":"WebSite","@id":"https:\/\/www.pilgrim.es\/it\/#website","url":"https:\/\/www.pilgrim.es\/it\/","name":"Pilgrim","description":"Camino de Santiago | Caminamos Contigo","publisher":{"@id":"https:\/\/www.pilgrim.es\/it\/#organization"},"potentialAction":[{"@type":"SearchAction","target":{"@type":"EntryPoint","urlTemplate":"https:\/\/www.pilgrim.es\/it\/?s={search_term_string}"},"query-input":{"@type":"PropertyValueSpecification","valueRequired":true,"valueName":"search_term_string"}}],"inLanguage":"it-IT"},{"@type":"Organization","@id":"https:\/\/www.pilgrim.es\/it\/#organization","name":"Pilgrim Camino de Santiago","url":"https:\/\/www.pilgrim.es\/it\/","logo":{"@type":"ImageObject","inLanguage":"it-IT","@id":"https:\/\/www.pilgrim.es\/it\/#\/schema\/logo\/image\/","url":"https:\/\/www.pilgrim.es\/wp-content\/uploads\/2019\/04\/logo_pilgrim.png","contentUrl":"https:\/\/www.pilgrim.es\/wp-content\/uploads\/2019\/04\/logo_pilgrim.png","width":512,"height":512,"caption":"Pilgrim Camino de Santiago"},"image":{"@id":"https:\/\/www.pilgrim.es\/it\/#\/schema\/logo\/image\/"},"sameAs":["https:\/\/www.facebook.com\/pilgrim.es\/","https:\/\/x.com\/pilgrim_es","https:\/\/www.instagram.com\/pilgrim.es\/","https:\/\/www.linkedin.com\/company\/pilgrim-camino-de-santiago\/","https:\/\/www.pinterest.es\/pilgrimcaminodesantiago\/","https:\/\/www.youtube.com\/channel\/UCIv2ZzFLXVqthkNF32rKedw\/featured"]}]}},"_links":{"self":[{"href":"https:\/\/www.pilgrim.es\/it\/wp-json\/wp\/v2\/pages\/35332","targetHints":{"allow":["GET"]}}],"collection":[{"href":"https:\/\/www.pilgrim.es\/it\/wp-json\/wp\/v2\/pages"}],"about":[{"href":"https:\/\/www.pilgrim.es\/it\/wp-json\/wp\/v2\/types\/page"}],"author":[{"embeddable":true,"href":"https:\/\/www.pilgrim.es\/it\/wp-json\/wp\/v2\/users\/4"}],"replies":[{"embeddable":true,"href":"https:\/\/www.pilgrim.es\/it\/wp-json\/wp\/v2\/comments?post=35332"}],"version-history":[{"count":17,"href":"https:\/\/www.pilgrim.es\/it\/wp-json\/wp\/v2\/pages\/35332\/revisions"}],"predecessor-version":[{"id":126375,"href":"https:\/\/www.pilgrim.es\/it\/wp-json\/wp\/v2\/pages\/35332\/revisions\/126375"}],"up":[{"embeddable":true,"href":"https:\/\/www.pilgrim.es\/it\/wp-json\/wp\/v2\/pages\/10770"}],"wp:featuredmedia":[{"embeddable":true,"href":"https:\/\/www.pilgrim.es\/it\/wp-json\/wp\/v2\/media\/12561"}],"wp:attachment":[{"href":"https:\/\/www.pilgrim.es\/it\/wp-json\/wp\/v2\/media?parent=35332"}],"wp:term":[{"taxonomy":"category","embeddable":true,"href":"https:\/\/www.pilgrim.es\/it\/wp-json\/wp\/v2\/categories?post=35332"},{"taxonomy":"post_tag","embeddable":true,"href":"https:\/\/www.pilgrim.es\/it\/wp-json\/wp\/v2\/tags?post=35332"}],"curies":[{"name":"wp","href":"https:\/\/api.w.org\/{rel}","templated":true}]}}