{"id":35318,"date":"2019-04-17T16:12:38","date_gmt":"2019-04-17T16:12:38","guid":{"rendered":"https:\/\/desarrollo.pilgrim.es\/cammino-portoghese\/tappa-15-oporto-vilarinho\/"},"modified":"2025-04-08T10:32:56","modified_gmt":"2025-04-08T10:32:56","slug":"tappa-15-oporto-sao-miguel-de-arcos","status":"publish","type":"page","link":"https:\/\/www.pilgrim.es\/it\/cammino-portoghese\/tappa-15-oporto-sao-miguel-de-arcos\/","title":{"rendered":"Cammino Portoghese | Tappa 15: Oporto &#8211; S\u00e3o Miguel de Arcos"},"content":{"rendered":"\n<section id=\"heroStage\">\n    <h1>Cammino Portoghese &#8231; Tappa 15<\/h1>\n    <div>\n        <div class=\"hero\" data-background=\"https:\/\/cdn.pilgrim.es\/web\/caminos\/camino-portugues\/pueblos\/porto\/porto.jpg\">\n            <div class=\" hero__container\">\n                <div class=\"hero__container__labels\">\n                    <p>A piedi<\/p>\n                    <p>25 tappe \/ 620 kms<\/p>\n                <\/div>\n                <div class=\"hero__container__stage-name\">\n                    <h2>\n                        Oporto <br \/>\n                        <span>&#10093;<\/span>\n                        Sa\u0303o Miguel de Arcos\n                    <\/h2>\n                    <p>34 Km<\/p>\n                <\/div>\n                <div class=\"hero__container__stage-changer\">\n                    <div class=\"stage-control\">\n                        <a class=\"stage-control__link\" href=\"https:\/\/www.pilgrim.es\/it\/cammino-portoghese\/tappa-14-grijo-oporto\/\"><span>&#10094;<\/span> Tappa 14<\/a>\n                    <\/div>\n                    <div class=\"stage-control\">\n                        <a class=\"stage-control__link\" href=\"https:\/\/www.pilgrim.es\/it\/cammino-portoghese\/tappa-16-sao-miguel-de-arcos-barcelos\/\">Tappa 16\n                            <span>&#10095;<\/span><\/a>\n                    <\/div>\n                <\/div>\n            <\/div>\n        <\/div>\n        <div class=\"planner\"><div\r\n  class=\"p-col-span-1 p-rounded-lg p-px-5 p-h-full\"\r\n  style=\"background-image: url('https:\/\/cdn.pilgrim.es\/web\/pilgrim-planner\/bg-plugin-planificador.webp')\"\r\n  rel=\"preload\"\r\n  fetchpriority=\"high\"\r\n  >\r\n    <div class=\"p-text-center p-pt-5 p-text-white p-text-2xl p-font-semibold\">\r\n      Pianifica il tuo cammino    <\/div>\r\n    <div\r\n            id='primary-app'\r\n            data-name='banner'\r\n            data-api='https:\/\/pathfinder.pilgrim.es\/api\/pathfinder\/v2'\r\n            data-mode='normal'\r\n            data-lang='it'\r\n            data-route='1'\r\n            data-destiny='https:\/\/planificador.pilgrim.es'\r\n            data-modality='1'\r\n            data-inline=''\r\n        ><\/div><\/div><\/div>\n    <\/div>\n<\/section>\n\n<section id=\"scoreBarsStage\">\n    <section>\r\n  <div class=\"p-flex p-flex-nowrap p-space-x-4 p-py-5 p-overflow-x-auto md:p-grid md:p-grid-cols-3 lg:p-grid-cols-5 md:p-gap-8 md:p-space-x-0 md:p-overflow-hidden scrollbar-thin\">\r\n    <div class=\"p-grid p-grid-cols-4 p-shrink-0 p-w-72 p-snap-start md:p-w-full\">\r\n        <div class=\"p-col-span-1 p-self-center p-text-center p-text-3xl\">\r\n            <i class=\"icon-influx\"><\/i>\r\n        <\/div>\r\n        <div class=\"p-col-span-3 p-flex p-flex-col p-items-start\">\r\n            <div class=\"p-text-start p-text-secondary p-mb-1 p-bold\"> Afflusso <\/div>\r\n            <div class=\"p-w-full p-bg-light p-rounded-full p-h-2 p-relative\">\r\n                <div class=\"p-bg-primary p-h-2 p-rounded-full p-absolute\" style=\"width: 60%;\"><\/div>\r\n            <\/div>\r\n        <\/div>\r\n    <\/div>\r\n\r\n    <div class=\"p-grid p-grid-cols-4 p-shrink-0 p-w-72 p-snap-start md:p-w-full\">\r\n        <div class=\"p-col-span-1 p-self-center p-text-center p-text-3xl\">\r\n            <i class=\"icon-difficulty\"><\/i>\r\n        <\/div>\r\n        <div class=\"p-col-span-3 p-flex p-flex-col p-items-start\">\r\n            <div class=\"p-text-start p-text-secondary p-mb-1 p-bold\"> Difficolt\u00e0 <\/div>\r\n            <div class=\"p-w-full p-bg-light p-rounded-full p-h-2 p-relative\">\r\n                <div class=\"p-bg-primary p-h-2 p-rounded-full p-absolute\" style=\"width: 60%;\"><\/div>\r\n            <\/div>\r\n        <\/div>\r\n    <\/div>\r\n\r\n    <div class=\"p-grid p-grid-cols-4 p-shrink-0 p-w-72 p-snap-start md:p-w-full\">\r\n        <div class=\"p-col-span-1 p-self-center p-text-center p-text-3xl\">\r\n            <i class=\"icon-patrimony\"><\/i>\r\n        <\/div>\r\n        <div class=\"p-col-span-3 p-flex p-flex-col p-items-start\">\r\n            <div class=\"p-text-start p-text-secondary p-mb-1 p-bold\"> Arte\/Storia <\/div>\r\n            <div class=\"p-w-full p-bg-light p-rounded-full p-h-2 p-relative\">\r\n                <div class=\"p-bg-primary p-h-2 p-rounded-full p-absolute\" style=\"width: 80%;\"><\/div>\r\n            <\/div>\r\n        <\/div>\r\n    <\/div>\r\n\r\n    <div class=\"p-grid p-grid-cols-4 p-shrink-0 p-w-72 p-snap-start md:p-w-full\">\r\n        <div class=\"p-col-span-1 p-self-center p-text-center p-text-3xl\">\r\n            <i class=\"icon-nature\"><\/i>\r\n        <\/div>\r\n        <div class=\"p-col-span-3 p-flex p-flex-col p-items-start\">\r\n            <div class=\"p-text-start p-text-secondary p-mb-1 p-bold\"> Natura <\/div>\r\n            <div class=\"p-w-full p-bg-light p-rounded-full p-h-2 p-relative\">\r\n                <div class=\"p-bg-primary p-h-2 p-rounded-full p-absolute\" style=\"width: 20%;\"><\/div>\r\n            <\/div>\r\n        <\/div>\r\n    <\/div>\r\n\r\n    <div class=\"p-grid p-grid-cols-4 p-shrink-0 p-w-72 p-snap-start md:p-w-full\">\r\n        <div class=\"p-col-span-1 p-self-center p-text-center p-text-3xl\">\r\n            <i class=\"icon-urban\"><\/i>\r\n        <\/div>\r\n        <div class=\"p-col-span-3 p-flex p-flex-col p-items-start\">\r\n            <div class=\"p-text-start p-text-secondary p-mb-1 p-bold\"> Cammino Francese <\/div>\r\n            <div class=\"p-w-full p-bg-light p-rounded-full p-h-2 p-relative\">\r\n                <div class=\"p-bg-primary p-h-2 p-rounded-full p-absolute\" style=\"width: 60%;\"><\/div>\r\n            <\/div>\r\n        <\/div>\r\n    <\/div>\r\n  <\/div>\r\n<\/section>\n<\/section>\n\n<div id=\"stage-list-section\"><div class=\"stage-list\">\n    <div class='stage-list__map-card'>\n        <div class='stage-list__map-card__map'>\n            <div class='stage-list__map-card__map__text'>\n                <h2> Pages <\/h2>\n                <p> A piedi<\/p>\n                <p> 0tappe<\/p>\n            <\/div>\n            <div class='stage-list__map-card__map__img'>\n                <img decoding=\"async\" src=\"\" alt=\" mapa \" \/>\n            <\/div>\n        <\/div>\n    <\/div>\n\n    <\/div>\n<\/div>\n\n<section id=\"navStage\">\n    <div>\n        <nav id=\"tab-navigation-section\" class=\"tab-navigation-section--cols-5\">\n            <a href=\"#infoSection\" class=\"active\">Informazioni<\/a>\n            <a href=\"#profileSection\">Profilo<\/a>\n            <a href=\"#itinerarySection\">Itinerario<\/a>\n            <a href=\"#seeSection\">Cosa vedere<\/a>\n            <a href=\"#locationsSection\">Localit\u00e0<\/a>\n        <\/nav>\n\n        <div id=\"infoSection\">\n            <!-- Title Section with Orange Line -->\n            <div>\n                <h4 class=\"p-h4--section\">Informazioni<\/h4>\n                <hr class=\"orange-bar\" \/>\n                <h3 class=\"p-h3\">Su questa tappa<\/h3>\n            <\/div>\n\n            <!-- Main Content Section -->\n            <p>\n                Da Oporto si pu\u00f2 proseguire fino a S\u00e3o Miguel de Arcos, a poco pi\u00f9 di trenta chilometri, oppure dividere\n                la tappa in due e pernottare in qualche luogo lungo il percorso, come ad esempio a Maia, a soli tredici\n                chilometri da Oporto.\n            <\/p>\n\n            <div class=\"recomendation-card\">\n                <div>\n                    <i class=\"icon-logo-pilgrim\"><\/i>\n                    <h5>Raccomandazione di Pilgrim<\/h5>\n                <\/div>\n\n                <p>\n                    \u00c8 una tappa con un grande chilometraggio quindi possiamo fare una sosta intermedia a Maia, deviando\n                    leggermente verso una delle sue strutture alberghiere. Tuttavia, questa fase non implica ulteriori\n                    difficolt\u00e0 per i ciclisti o le persone a mobilit\u00e0 ridotta.\n                <\/p>\n            <\/div>\n        <\/div>\n\n        <div id=\"profileSection\">\n            <div>\n                <h4 class=\"p-h4--section\">Distanza e altitudine<\/h4>\n                <hr class=\"orange-bar\" \/>\n                <h3 class=\"p-h3\">Profilo della tappa<\/h3>\n                <img decoding=\"async\" src=\"https:\/\/cdn.pilgrim.es\/web\/caminos\/camino-portugues\/etapas\/etapa-15\/etapa15-perfil-oporto-sao-miguel.jpg\"\n                    alt=\"Profilo della tappa\" \/>\n            <\/div>\n        <\/div>\n\n        <div id=\"itinerarySection\">\n            <h4 class=\"p-h4--section\">Percorso<\/h4>\n            <hr \/>\n            <h3 class=\"p-h3\">Itinerario<\/h3>\n            <div>\n                <h4>Km 0 &#8231; Oporto<\/h4>\n                <p>\n                    Il riferimento per uscire da Porto \u00e8 Piazza Carlo Alberto, dove si trova il monumento ai\n                    caduti nella I Guerra Mondiale. Da l\u00ec prendiamo la pedonale Via di Cedofeita, verso nord.\n                    Arriviamo alla Cappella di Ramada Alta. Dietro la cappella prendiamo la Via 9 de Julho;\n                    senza lasciarla attraversiamo un passaggio pedonale sotto un blocco di appartamenti,\n                    usciamo alla V\u00eda da Constitui\u00e7\u00e3o, la attraversiamo, passiamo sotto un altro blocco e\n                    giriamo a sinistra. Poco dopo passiamo davanti alla chiesa do Carvalhido e seguiamo\n                    nella stessa direzione la strada dello stesso nome. Attraversiamo l&#8217;autostrada A20\n                    (Circonvallazione di Porto). Proseguiamo diritto lungo la via-strada Montes dos Burgos.\n                    Passiamo sotto l&#8217;autostrada A4 e proseguiamo dritto. Poco dopo entriamo in Ara\u00fajo\n                    attraversando, dall&#8217;alto, il binario del treno\n                <\/p>\n                <a class=\"town-link\" href=\"https:\/\/www.pilgrim.es\/it\/cammino-portoghese\/porto\/\">\n                    <div class=\"town-link__link-content\">\n                        <div class=\"town-link__link-content__text\">\n                            <p>Informazioni locali<\/p>\n                            <p>Polizia, Assistenza medica, Cosa vedere, Dove mangiare&#8230;<\/p>\n                        <\/div>\n                        <div class=\"town-link__link-content__town-btn\">\n                            <i class=\"icon-arrow\"><\/i>\n                        <\/div>\n                    <\/div>\n                <\/a>\n            <\/div>\n            <hr \/>\n            <div>\n                <h4>Km 9,3 &#8231; Ara\u00fajo<\/h4>\n                <p>\n                    Dalla piazza vicino alla chiesa abbiamo due opzioni: continuare dritti sul ponte di\n                    Moreira, seguendo pi\u00f9 avanti la strada EN13 fino a Soutelo e Carrapata, oppure prendere\n                    sulla destra un sentiero stretto che attraversa diverse strade fino a Sousa Prata, dove\n                    usciamo al ponte romano di Barreiros e ci colleghiamo sempre con la EN13. I due\n                    percorsi si ricongiungono prima di raggiungere Mosteir\u00f3, tuttavia la seconda opzione \u00e8\n                    sconsigliata per l&#8217;esistenza di un incrocio che attraversa la strada carrabile.\n                <\/p>\n            <\/div>\n            <hr \/>\n            <div>\n                <h4>Km 13,0 &#8231; Moreira da Maia<\/h4>\n                <p>\n                    Lasciamo la nazionale verso destra proseguendo per rua Mestre Clara. Arriviamo a rua\n                    Engenheiro Federico Ulrich e andiamo in cerca di ronda de Outeiro dove seguiamo nella\n                    stessa direzione; si succederanno diversi nuclei urbani fino a Mosteir\u00f3.\n                <\/p>\n            <\/div>\n            <hr \/>\n            <div>\n                <h4>Km 17,6 &#8231; Mosteir\u00f3<\/h4>\n                <p>\n                    Ci dirigiamo alla chiesa di Vilar e ci colleghiamo con la N306, stretta e quasi senza\n                    marciapiede, avanziamo fino a raggiungere, poco dopo, il nucleo di Vilar e dopo quasi tre\n                    chilometri arriveremo a Gi\u00e3o.\n                <\/p>\n            <\/div>\n            <hr \/>\n            <div>\n                <h4>Km 21,9 &#8231; Gi\u00e3o<\/h4>\n                <p>\n                    Continuiamo per la rua da Igreja e passiamo davanti alla chiesa. Attraversiamo il nucleo\n                    di Tresval e dopo due chilometri arriviamo a Vair\u00e3o.\n                <\/p>\n            <\/div>\n            <hr \/>\n            <div>\n                <h4>Km 23,9 &#8231; Vair\u00e3o<\/h4>\n                <p>\n                    Prima di arrivare a Vilarinho percorriamo un breve tratto di strada sterrata attraverso una\n                    zona boscosa. All&#8217;ingresso del paese svoltiamo a destra e, uscendo sulla strada, la\n                    imbocchiamo a sinistra.\n                <\/p>\n            <\/div>\n            <hr \/>\n            <div>\n                <h4>Km 26,5 &#8231; Vilarinho<\/h4>\n                <p>\n                    Partiamo da Vilarinho per la Via da Ponte de Ave, che non \u00e8 altro che la strada nazionale\n                    N-306. A poco pi\u00f9 di 1 km prendiamo a destra la strada che ci porta al bellissimo ponte di\n                    Zameiro sul fiume Ave. Subito partiamo di nuovo alla N-306, che seguiamo alcuni metri\n                    per lasciarla a sinistra. Torniamo pi\u00f9 tardi alla stessa nazionale, per abbandonarla di\n                    nuovo su una strada lastricata a destra. Arriviamo a S\u00e3o Mamede.\n                <\/p>\n            <\/div>\n            <hr \/>\n            <div>\n                <h4>Km 31,4 &#8231; Sa\u0303o Mamede<\/h4>\n                <p>\n                    Da dietro giriamo di nuovo a destra per la via de S\u00e3o Mamede e continuiamo verso\n                    l&#8217;antica &#8220;Estalagem das Pulgas&#8221;, antico ospizio e locanda per gli escursionisti che si\n                    dirigevano a Santiago. Ci troviamo nelle immediate vicinanze del monastero di S\u00e3o Sim\u00e3o\n                    da Junqueira, fondato nell\u2019XI secolo, prima della nascita del regno del Portogallo.\n                <\/p>\n            <\/div>\n            <hr \/>\n            <div>\n                <h4>Km 34 &#8231; Sa\u0303o Miguel de Arcos<\/h4>\n                <a class=\"town-link\" href=\"https:\/\/www.pilgrim.es\/it\/cammino-portoghese\/sao-miguel-de-arcos\/\">\n                    <div class=\"town-link__link-content\">\n                        <div class=\"town-link__link-content__text\">\n                            <p>Informazioni locali<\/p>\n                            <p>Polizia, Assistenza medica, Cosa vedere, Dove mangiare&#8230;<\/p>\n                        <\/div>\n                        <div class=\"town-link__link-content__town-btn\">\n                            <i class=\"icon-arrow\"><\/i>\n                        <\/div>\n                    <\/div>\n                <\/a>\n            <\/div>\n            <hr \/>\n        <\/div>\n\n        <div id=\"seeSection\">\n            <h4 class=\"p-h4--section\">Cosa vedere<\/h4>\n            <hr \/>\n            <h3 class=\"p-h3\">Durante il percorso<\/h3>\n            <div class=\"accordion\">\n                <div class=\"accordion__menu\">\n                    <nav>\n                        <button class=\"nav-tab-accordion active\">\n                            &#10093; Zoo\n                        <\/button>\n                    <\/nav>\n                <\/div>\n                <div class=\"accordion__accordion-content\">\n                    <div>\n                        <div>\n                            <h4>Zoo<\/h4>\n                            <p>\n                                Lo Zoo di Maia \u00e8 stato creato con l&#8217;obiettivo di proteggere e curare le circa cento\n                                specie di animali che coesistono in questo spazio, oltre a ricreare un ambiente naturale\n                                per il loro sviluppo.\n                            <\/p>\n                            <p>\n                                Questo zoo ospita pi\u00f9 di cento specie diverse provenienti dai cinque continenti del\n                                mondo. Tra gli animali pi\u00f9 spettacolari che i visitatori possono vedere allo zoo ci sono\n                                pantere, tigri, macachi, leoni e linci, oltre a rettili, tartarughe, rane e diversi tipi\n                                di uccelli.\n                            <\/p>\n                            <p>\n                                Informazioni utili\n                                <br \/>\n                                Telefono: +351 229 442 303 \/ 917 229 943\n                                <br \/>\n                                E-mail: bilheteira.zoodamaia@gmail.com\n                            <\/p>\n                        <\/div>\n                        <img decoding=\"async\" src=\"https:\/\/cdn.pilgrim.es\/web\/caminos\/camino-portugues\/etapas\/etapa-15\/puntos-de-interes\/zoo-maia.jpg\"\n                            alt=\"Zoo\" \/>\n                    <\/div>\n                <\/div>\n            <\/div>\n        <\/div>\n\n        <div id=\"locationsSection\">\n            <h4 class=\"p-h4--section\">Localit\u00e0<\/h4>\n            <hr \/>\n            <h3 class=\"p-h3\">Villaggi<\/h3>\n            <div class=\"grid-container\">\n                <div class=\"p-group card-stage p-max-w-full\">\n                    <a href=\"https:\/\/www.pilgrim.es\/it\/cammino-portoghese\/porto\/\" class=\"town-card\">\n                        <div class=\"card-stage__header\">\n                            <img decoding=\"async\" src=\"https:\/\/cdn.pilgrim.es\/web\/caminos\/camino-portugues\/pueblos\/porto\/porto.jpg\"\n                                alt=\"Oporto\" class=\"group-hover:p-scale-110\" \/>\n                            <div class=\"card-overlay group-hover:p-opacity-50\"><\/div>\n                        <\/div>\n                        <div class=\"town-card__flex-container\">\n                            <div class=\"town-card__flex-container__info\">\n                                <h3>Oporto<\/h3>\n                                <p>Provincia: Porto<\/p>\n                            <\/div>\n                            <div class=\"town-card__flex-container__btn\">\n                                <i class=\"icon-arrow\"><\/i>\n                            <\/div>\n                        <\/div>\n                    <\/a>\n                <\/div>\n                <div class=\"p-group card-stage p-max-w-full\">\n                    <a href=\"https:\/\/www.pilgrim.es\/it\/cammino-portoghese\/sao-miguel-de-arcos\/\" class=\"town-card\">\n                        <div class=\"card-stage__header\">\n                            <img decoding=\"async\" src=\"https:\/\/cdn.pilgrim.es\/web\/caminos\/camino-portugues\/pueblos\/sao-miguel-de-arcos\/sao-miguel-de-arcos.jpg\"\n                                alt=\"S\u00e3o Miguel de Arcos\" class=\"group-hover:p-scale-110\" \/>\n                            <div class=\"card-overlay group-hover:p-opacity-50\"><\/div>\n                        <\/div>\n                        <div class=\"town-card__flex-container\">\n                            <div class=\"town-card__flex-container__info\">\n                                <h3>Sa\u0303o Miguel de Arcos<\/h3>\n                                <p>Provincia: Porto<\/p>\n                            <\/div>\n                            <div class=\"town-card__flex-container__btn\">\n                                <i class=\"icon-arrow\"><\/i>\n                            <\/div>\n                        <\/div>\n                    <\/a>\n                <\/div>\n            <\/div>\n        <\/div>\n        <hr class=\"single-bar\" \/>\n    <\/div>\n<\/section>\n\n<section id=\"stageChange\">\n    <div>\n        <a href=\"https:\/\/www.pilgrim.es\/it\/cammino-portoghese\/tappa-14-grijo-oporto\/\" class=\"change-btn\">\n            <div class=\"btn-arrow previous\">\n                <i class=\"icon-arrow\"><\/i>\n            <\/div>\n            <div class=\"change-btn__info\">\n                <div>Tappa 14<\/div>\n                <p>\n                    Grij\u00f3 &#10095; <br \/>\n                    Oporto\n                <\/p>\n            <\/div>\n        <\/a>\n        <a href=\"https:\/\/www.pilgrim.es\/it\/cammino-portoghese\/tappa-16-sao-miguel-de-arcos-barcelos\/\" class=\"change-btn\">\n            <div class=\"change-btn__info\">\n                <div>Tappa 16<\/div>\n                <p>\n                    S\u00e3o Miguel de Arcos &#10095; <br \/>\n                    Oporto\n                <\/p>\n            <\/div>\n            <div class=\"btn-arrow\">\n                <i class=\"icon-arrow\"><\/i>\n            <\/div>\n        <\/a>\n    <\/div>\n<\/section>\n\n\n\n<p><\/p>\n","protected":false},"excerpt":{"rendered":"<p>Cammino Portoghese &#8231; Tappa 15 A piedi 25 tappe \/ 620 kms Oporto &#10093; Sa\u0303o Miguel de Arcos 34 Km &#10094; Tappa 14 Tappa 16 &#10095; Informazioni Profilo Itinerario Cosa vedere Localit\u00e0 Informazioni Su questa tappa Da Oporto si pu\u00f2 proseguire fino a S\u00e3o Miguel de Arcos, a poco pi\u00f9 di trenta chilometri, oppure dividere &hellip; <\/p>\n<p class=\"read_more\"><a href=\"https:\/\/www.pilgrim.es\/it\/cammino-portoghese\/tappa-15-oporto-sao-miguel-de-arcos\/\">Leer m\u00e1s<\/a><\/p>\n","protected":false},"author":4,"featured_media":12553,"parent":10770,"menu_order":0,"comment_status":"closed","ping_status":"closed","template":"views\/template-new-web-design.blade.php","meta":{"footnotes":""},"categories":[],"tags":[],"class_list":["post-35318","page","type-page","status-publish","has-post-thumbnail","hentry"],"yoast_head":"<!-- This site is optimized with the Yoast SEO plugin v27.4 - https:\/\/yoast.com\/product\/yoast-seo-wordpress\/ -->\n<title>Camino Portugu\u00e9s desde Oporto a Rates | Camino de Santiago | Pilgrim<\/title>\n<meta name=\"description\" content=\"Cammino Portoghese: tappa 15 del Cammino di Santiago che scorre fra Oporto e Rates. scopri tutta l&#039;informazione necessaria e pianifica la tua tappa.\" \/>\n<meta name=\"robots\" content=\"index, follow, max-snippet:-1, max-image-preview:large, max-video-preview:-1\" \/>\n<link rel=\"canonical\" href=\"https:\/\/www.pilgrim.es\/it\/cammino-portoghese\/tappa-15-oporto-sao-miguel-de-arcos\/\" \/>\n<meta property=\"og:locale\" content=\"it_IT\" \/>\n<meta property=\"og:type\" content=\"article\" \/>\n<meta property=\"og:title\" content=\"Camino Portugu\u00e9s desde Oporto a Rates | Camino de Santiago | Pilgrim\" \/>\n<meta property=\"og:description\" content=\"Cammino Portoghese: tappa 15 del Cammino di Santiago che scorre fra Oporto e Rates. scopri tutta l&#039;informazione necessaria e pianifica la tua tappa.\" \/>\n<meta property=\"og:url\" content=\"https:\/\/www.pilgrim.es\/it\/cammino-portoghese\/tappa-15-oporto-sao-miguel-de-arcos\/\" \/>\n<meta property=\"og:site_name\" content=\"Pilgrim\" \/>\n<meta property=\"article:publisher\" content=\"https:\/\/www.facebook.com\/pilgrim.es\/\" \/>\n<meta property=\"article:modified_time\" content=\"2025-04-08T10:32:56+00:00\" \/>\n<meta property=\"og:image\" content=\"https:\/\/www.pilgrim.es\/wp-content\/uploads\/2019\/03\/camino_portugues_etapa_15.jpg\" \/>\n\t<meta property=\"og:image:width\" content=\"1631\" \/>\n\t<meta property=\"og:image:height\" content=\"548\" \/>\n\t<meta property=\"og:image:type\" content=\"image\/jpeg\" \/>\n<meta name=\"twitter:card\" content=\"summary_large_image\" \/>\n<meta name=\"twitter:site\" content=\"@pilgrim_es\" \/>\n<meta name=\"twitter:label1\" content=\"Tempo di lettura stimato\" \/>\n\t<meta name=\"twitter:data1\" content=\"4 minuti\" \/>\n<script type=\"application\/ld+json\" class=\"yoast-schema-graph\">{\"@context\":\"https:\\\/\\\/schema.org\",\"@graph\":[{\"@type\":\"WebPage\",\"@id\":\"https:\\\/\\\/www.pilgrim.es\\\/it\\\/cammino-portoghese\\\/tappa-15-oporto-sao-miguel-de-arcos\\\/\",\"url\":\"https:\\\/\\\/www.pilgrim.es\\\/it\\\/cammino-portoghese\\\/tappa-15-oporto-sao-miguel-de-arcos\\\/\",\"name\":\"Camino Portugu\u00e9s desde Oporto a Rates | Camino de Santiago | Pilgrim\",\"isPartOf\":{\"@id\":\"https:\\\/\\\/www.pilgrim.es\\\/it\\\/#website\"},\"primaryImageOfPage\":{\"@id\":\"https:\\\/\\\/www.pilgrim.es\\\/it\\\/cammino-portoghese\\\/tappa-15-oporto-sao-miguel-de-arcos\\\/#primaryimage\"},\"image\":{\"@id\":\"https:\\\/\\\/www.pilgrim.es\\\/it\\\/cammino-portoghese\\\/tappa-15-oporto-sao-miguel-de-arcos\\\/#primaryimage\"},\"thumbnailUrl\":\"https:\\\/\\\/www.pilgrim.es\\\/wp-content\\\/uploads\\\/2019\\\/03\\\/camino_portugues_etapa_15.jpg\",\"datePublished\":\"2019-04-17T16:12:38+00:00\",\"dateModified\":\"2025-04-08T10:32:56+00:00\",\"description\":\"Cammino Portoghese: tappa 15 del Cammino di Santiago che scorre fra Oporto e Rates. scopri tutta l'informazione necessaria e pianifica la tua tappa.\",\"breadcrumb\":{\"@id\":\"https:\\\/\\\/www.pilgrim.es\\\/it\\\/cammino-portoghese\\\/tappa-15-oporto-sao-miguel-de-arcos\\\/#breadcrumb\"},\"inLanguage\":\"it-IT\",\"potentialAction\":[{\"@type\":\"ReadAction\",\"target\":[\"https:\\\/\\\/www.pilgrim.es\\\/it\\\/cammino-portoghese\\\/tappa-15-oporto-sao-miguel-de-arcos\\\/\"]}]},{\"@type\":\"ImageObject\",\"inLanguage\":\"it-IT\",\"@id\":\"https:\\\/\\\/www.pilgrim.es\\\/it\\\/cammino-portoghese\\\/tappa-15-oporto-sao-miguel-de-arcos\\\/#primaryimage\",\"url\":\"https:\\\/\\\/www.pilgrim.es\\\/wp-content\\\/uploads\\\/2019\\\/03\\\/camino_portugues_etapa_15.jpg\",\"contentUrl\":\"https:\\\/\\\/www.pilgrim.es\\\/wp-content\\\/uploads\\\/2019\\\/03\\\/camino_portugues_etapa_15.jpg\",\"width\":1631,\"height\":548,\"caption\":\"Mappa Tappa 15 Cammino Portoghese\"},{\"@type\":\"BreadcrumbList\",\"@id\":\"https:\\\/\\\/www.pilgrim.es\\\/it\\\/cammino-portoghese\\\/tappa-15-oporto-sao-miguel-de-arcos\\\/#breadcrumb\",\"itemListElement\":[{\"@type\":\"ListItem\",\"position\":1,\"name\":\"Camino de Santiago\",\"item\":\"https:\\\/\\\/www.pilgrim.es\\\/it\\\/\"},{\"@type\":\"ListItem\",\"position\":2,\"name\":\"Cammino Portoghese\",\"item\":\"https:\\\/\\\/www.pilgrim.es\\\/it\\\/cammino-portoghese\\\/\"},{\"@type\":\"ListItem\",\"position\":3,\"name\":\"Cammino Portoghese | Tappa 15: Oporto &#8211; S\u00e3o Miguel de Arcos\"}]},{\"@type\":\"WebSite\",\"@id\":\"https:\\\/\\\/www.pilgrim.es\\\/it\\\/#website\",\"url\":\"https:\\\/\\\/www.pilgrim.es\\\/it\\\/\",\"name\":\"Pilgrim\",\"description\":\"Camino de Santiago | Caminamos Contigo\",\"publisher\":{\"@id\":\"https:\\\/\\\/www.pilgrim.es\\\/it\\\/#organization\"},\"potentialAction\":[{\"@type\":\"SearchAction\",\"target\":{\"@type\":\"EntryPoint\",\"urlTemplate\":\"https:\\\/\\\/www.pilgrim.es\\\/it\\\/?s={search_term_string}\"},\"query-input\":{\"@type\":\"PropertyValueSpecification\",\"valueRequired\":true,\"valueName\":\"search_term_string\"}}],\"inLanguage\":\"it-IT\"},{\"@type\":\"Organization\",\"@id\":\"https:\\\/\\\/www.pilgrim.es\\\/it\\\/#organization\",\"name\":\"Pilgrim Camino de Santiago\",\"url\":\"https:\\\/\\\/www.pilgrim.es\\\/it\\\/\",\"logo\":{\"@type\":\"ImageObject\",\"inLanguage\":\"it-IT\",\"@id\":\"https:\\\/\\\/www.pilgrim.es\\\/it\\\/#\\\/schema\\\/logo\\\/image\\\/\",\"url\":\"https:\\\/\\\/www.pilgrim.es\\\/wp-content\\\/uploads\\\/2019\\\/04\\\/logo_pilgrim.png\",\"contentUrl\":\"https:\\\/\\\/www.pilgrim.es\\\/wp-content\\\/uploads\\\/2019\\\/04\\\/logo_pilgrim.png\",\"width\":512,\"height\":512,\"caption\":\"Pilgrim Camino de Santiago\"},\"image\":{\"@id\":\"https:\\\/\\\/www.pilgrim.es\\\/it\\\/#\\\/schema\\\/logo\\\/image\\\/\"},\"sameAs\":[\"https:\\\/\\\/www.facebook.com\\\/pilgrim.es\\\/\",\"https:\\\/\\\/x.com\\\/pilgrim_es\",\"https:\\\/\\\/www.instagram.com\\\/pilgrim.es\\\/\",\"https:\\\/\\\/www.linkedin.com\\\/company\\\/pilgrim-camino-de-santiago\\\/\",\"https:\\\/\\\/www.pinterest.es\\\/pilgrimcaminodesantiago\\\/\",\"https:\\\/\\\/www.youtube.com\\\/channel\\\/UCIv2ZzFLXVqthkNF32rKedw\\\/featured\"]}]}<\/script>\n<!-- \/ Yoast SEO plugin. -->","yoast_head_json":{"title":"Camino Portugu\u00e9s desde Oporto a Rates | Camino de Santiago | Pilgrim","description":"Cammino Portoghese: tappa 15 del Cammino di Santiago che scorre fra Oporto e Rates. scopri tutta l'informazione necessaria e pianifica la tua tappa.","robots":{"index":"index","follow":"follow","max-snippet":"max-snippet:-1","max-image-preview":"max-image-preview:large","max-video-preview":"max-video-preview:-1"},"canonical":"https:\/\/www.pilgrim.es\/it\/cammino-portoghese\/tappa-15-oporto-sao-miguel-de-arcos\/","og_locale":"it_IT","og_type":"article","og_title":"Camino Portugu\u00e9s desde Oporto a Rates | Camino de Santiago | Pilgrim","og_description":"Cammino Portoghese: tappa 15 del Cammino di Santiago che scorre fra Oporto e Rates. scopri tutta l'informazione necessaria e pianifica la tua tappa.","og_url":"https:\/\/www.pilgrim.es\/it\/cammino-portoghese\/tappa-15-oporto-sao-miguel-de-arcos\/","og_site_name":"Pilgrim","article_publisher":"https:\/\/www.facebook.com\/pilgrim.es\/","article_modified_time":"2025-04-08T10:32:56+00:00","og_image":[{"width":1631,"height":548,"url":"https:\/\/www.pilgrim.es\/wp-content\/uploads\/2019\/03\/camino_portugues_etapa_15.jpg","type":"image\/jpeg"}],"twitter_card":"summary_large_image","twitter_site":"@pilgrim_es","twitter_misc":{"Tempo di lettura stimato":"4 minuti"},"schema":{"@context":"https:\/\/schema.org","@graph":[{"@type":"WebPage","@id":"https:\/\/www.pilgrim.es\/it\/cammino-portoghese\/tappa-15-oporto-sao-miguel-de-arcos\/","url":"https:\/\/www.pilgrim.es\/it\/cammino-portoghese\/tappa-15-oporto-sao-miguel-de-arcos\/","name":"Camino Portugu\u00e9s desde Oporto a Rates | Camino de Santiago | Pilgrim","isPartOf":{"@id":"https:\/\/www.pilgrim.es\/it\/#website"},"primaryImageOfPage":{"@id":"https:\/\/www.pilgrim.es\/it\/cammino-portoghese\/tappa-15-oporto-sao-miguel-de-arcos\/#primaryimage"},"image":{"@id":"https:\/\/www.pilgrim.es\/it\/cammino-portoghese\/tappa-15-oporto-sao-miguel-de-arcos\/#primaryimage"},"thumbnailUrl":"https:\/\/www.pilgrim.es\/wp-content\/uploads\/2019\/03\/camino_portugues_etapa_15.jpg","datePublished":"2019-04-17T16:12:38+00:00","dateModified":"2025-04-08T10:32:56+00:00","description":"Cammino Portoghese: tappa 15 del Cammino di Santiago che scorre fra Oporto e Rates. scopri tutta l'informazione necessaria e pianifica la tua tappa.","breadcrumb":{"@id":"https:\/\/www.pilgrim.es\/it\/cammino-portoghese\/tappa-15-oporto-sao-miguel-de-arcos\/#breadcrumb"},"inLanguage":"it-IT","potentialAction":[{"@type":"ReadAction","target":["https:\/\/www.pilgrim.es\/it\/cammino-portoghese\/tappa-15-oporto-sao-miguel-de-arcos\/"]}]},{"@type":"ImageObject","inLanguage":"it-IT","@id":"https:\/\/www.pilgrim.es\/it\/cammino-portoghese\/tappa-15-oporto-sao-miguel-de-arcos\/#primaryimage","url":"https:\/\/www.pilgrim.es\/wp-content\/uploads\/2019\/03\/camino_portugues_etapa_15.jpg","contentUrl":"https:\/\/www.pilgrim.es\/wp-content\/uploads\/2019\/03\/camino_portugues_etapa_15.jpg","width":1631,"height":548,"caption":"Mappa Tappa 15 Cammino Portoghese"},{"@type":"BreadcrumbList","@id":"https:\/\/www.pilgrim.es\/it\/cammino-portoghese\/tappa-15-oporto-sao-miguel-de-arcos\/#breadcrumb","itemListElement":[{"@type":"ListItem","position":1,"name":"Camino de Santiago","item":"https:\/\/www.pilgrim.es\/it\/"},{"@type":"ListItem","position":2,"name":"Cammino Portoghese","item":"https:\/\/www.pilgrim.es\/it\/cammino-portoghese\/"},{"@type":"ListItem","position":3,"name":"Cammino Portoghese | Tappa 15: Oporto &#8211; S\u00e3o Miguel de Arcos"}]},{"@type":"WebSite","@id":"https:\/\/www.pilgrim.es\/it\/#website","url":"https:\/\/www.pilgrim.es\/it\/","name":"Pilgrim","description":"Camino de Santiago | Caminamos Contigo","publisher":{"@id":"https:\/\/www.pilgrim.es\/it\/#organization"},"potentialAction":[{"@type":"SearchAction","target":{"@type":"EntryPoint","urlTemplate":"https:\/\/www.pilgrim.es\/it\/?s={search_term_string}"},"query-input":{"@type":"PropertyValueSpecification","valueRequired":true,"valueName":"search_term_string"}}],"inLanguage":"it-IT"},{"@type":"Organization","@id":"https:\/\/www.pilgrim.es\/it\/#organization","name":"Pilgrim Camino de Santiago","url":"https:\/\/www.pilgrim.es\/it\/","logo":{"@type":"ImageObject","inLanguage":"it-IT","@id":"https:\/\/www.pilgrim.es\/it\/#\/schema\/logo\/image\/","url":"https:\/\/www.pilgrim.es\/wp-content\/uploads\/2019\/04\/logo_pilgrim.png","contentUrl":"https:\/\/www.pilgrim.es\/wp-content\/uploads\/2019\/04\/logo_pilgrim.png","width":512,"height":512,"caption":"Pilgrim Camino de Santiago"},"image":{"@id":"https:\/\/www.pilgrim.es\/it\/#\/schema\/logo\/image\/"},"sameAs":["https:\/\/www.facebook.com\/pilgrim.es\/","https:\/\/x.com\/pilgrim_es","https:\/\/www.instagram.com\/pilgrim.es\/","https:\/\/www.linkedin.com\/company\/pilgrim-camino-de-santiago\/","https:\/\/www.pinterest.es\/pilgrimcaminodesantiago\/","https:\/\/www.youtube.com\/channel\/UCIv2ZzFLXVqthkNF32rKedw\/featured"]}]}},"_links":{"self":[{"href":"https:\/\/www.pilgrim.es\/it\/wp-json\/wp\/v2\/pages\/35318","targetHints":{"allow":["GET"]}}],"collection":[{"href":"https:\/\/www.pilgrim.es\/it\/wp-json\/wp\/v2\/pages"}],"about":[{"href":"https:\/\/www.pilgrim.es\/it\/wp-json\/wp\/v2\/types\/page"}],"author":[{"embeddable":true,"href":"https:\/\/www.pilgrim.es\/it\/wp-json\/wp\/v2\/users\/4"}],"replies":[{"embeddable":true,"href":"https:\/\/www.pilgrim.es\/it\/wp-json\/wp\/v2\/comments?post=35318"}],"version-history":[{"count":17,"href":"https:\/\/www.pilgrim.es\/it\/wp-json\/wp\/v2\/pages\/35318\/revisions"}],"predecessor-version":[{"id":126363,"href":"https:\/\/www.pilgrim.es\/it\/wp-json\/wp\/v2\/pages\/35318\/revisions\/126363"}],"up":[{"embeddable":true,"href":"https:\/\/www.pilgrim.es\/it\/wp-json\/wp\/v2\/pages\/10770"}],"wp:featuredmedia":[{"embeddable":true,"href":"https:\/\/www.pilgrim.es\/it\/wp-json\/wp\/v2\/media\/12553"}],"wp:attachment":[{"href":"https:\/\/www.pilgrim.es\/it\/wp-json\/wp\/v2\/media?parent=35318"}],"wp:term":[{"taxonomy":"category","embeddable":true,"href":"https:\/\/www.pilgrim.es\/it\/wp-json\/wp\/v2\/categories?post=35318"},{"taxonomy":"post_tag","embeddable":true,"href":"https:\/\/www.pilgrim.es\/it\/wp-json\/wp\/v2\/tags?post=35318"}],"curies":[{"name":"wp","href":"https:\/\/api.w.org\/{rel}","templated":true}]}}