{"id":34724,"date":"2019-04-16T12:25:58","date_gmt":"2019-04-16T12:25:58","guid":{"rendered":"https:\/\/desarrollo.pilgrim.es\/cammino-francese\/tappa-31-melide-arzua\/"},"modified":"2025-04-30T10:24:44","modified_gmt":"2025-04-30T10:24:44","slug":"tappa-31-melide-arzua","status":"publish","type":"page","link":"https:\/\/www.pilgrim.es\/it\/cammino-francese\/tappa-31-melide-arzua\/","title":{"rendered":"Cammino Francese | Tappa 31: Melide &#8211; Arz\u00faa"},"content":{"rendered":"\n<section id=\"heroStage\">\n\t<h1>Cammino Francese &#8231; Tappa 31 (Continuazione del Cammino Primitivo)<\/h1>\n\t<div>\n\t\t<div class=\"hero\" data-background=\"https:\/\/cdn.pilgrim.es\/web\/caminos\/camino-frances\/pueblos\/melide\/melide.jpg\">\n\t\t\t<div class=\"hero__container\">\n\t\t\t\t<div class=\"hero__container__labels\">\n\t\t\t\t\t<p>A piedi<\/p>\n\t\t\t\t\t<p>33 tappe \/ 764 kms<\/p>\n\t\t\t\t<\/div>\n\t\t\t\t<div class=\"hero__container__stage-name\">\n\t\t\t\t\t<h2>\n\t\t\t\t\t\tMelide <br \/>\n\t\t\t\t\t\t<span>&#10093;<\/span>\n\t\t\t\t\t\tArz\u00faa\n\t\t\t\t\t<\/h2>\n\t\t\t\t\t<p>14 Km<\/p>\n\t\t\t\t<\/div>\n\t\t\t\t<div class=\"hero__container__stage-changer\">\n\t\t\t\t\t<div class=\"stage-control\">\n\t\t\t\t\t\t<a class=\"stage-control__link\"\n\t\t\t\t\t\t\thref=\"https:\/\/www.pilgrim.es\/it\/cammino-primitivo\/tappa-11-san-romao-da-retorta-melide\/\"><span>&#10094;<\/span>\n\t\t\t\t\t\t\tTappa 11<\/a>\n\t\t\t\t\t<\/div>\n\t\t\t\t\t<div class=\"stage-control\">\n\t\t\t\t\t\t<a class=\"stage-control__link\" href=\"https:\/\/www.pilgrim.es\/it\/cammino-francese\/tappa-32-arzua-o-pedrouzo\/\">Tappa 32\n\t\t\t\t\t\t\t(Cammino Francese)\n\t\t\t\t\t\t\t<span>&#10095;<\/span><\/a>\n\t\t\t\t\t<\/div>\n\t\t\t\t<\/div>\n\t\t\t<\/div>\n\t\t<\/div>\n\t\t<div class=\"planner\"><div\r\n  class=\"p-col-span-1 p-rounded-lg p-px-5 p-h-full\"\r\n  style=\"background-image: url('https:\/\/cdn.pilgrim.es\/web\/pilgrim-planner\/bg-plugin-planificador.webp')\"\r\n  rel=\"preload\"\r\n  fetchpriority=\"high\"\r\n  >\r\n    <div class=\"p-text-center p-pt-5 p-text-white p-text-2xl p-font-semibold\">\r\n      Pianifica il tuo cammino    <\/div>\r\n    <div\r\n            id='primary-app'\r\n            data-name='banner'\r\n            data-api='https:\/\/pathfinder.pilgrim.es\/api\/pathfinder\/v2'\r\n            data-mode='normal'\r\n            data-lang='it'\r\n            data-route='1'\r\n            data-destiny='https:\/\/planificador.pilgrim.es'\r\n            data-modality='1'\r\n            data-inline=''\r\n        ><\/div><\/div><\/div>\n\t<\/div>\n<\/section>\n\n<section id=\"scoreBarsStage\">\n\t<section>\r\n  <div class=\"p-flex p-flex-nowrap p-space-x-4 p-py-5 p-overflow-x-auto md:p-grid md:p-grid-cols-3 lg:p-grid-cols-5 md:p-gap-8 md:p-space-x-0 md:p-overflow-hidden scrollbar-thin\">\r\n    <div class=\"p-grid p-grid-cols-4 p-shrink-0 p-w-72 p-snap-start md:p-w-full\">\r\n        <div class=\"p-col-span-1 p-self-center p-text-center p-text-3xl\">\r\n            <i class=\"icon-influx\"><\/i>\r\n        <\/div>\r\n        <div class=\"p-col-span-3 p-flex p-flex-col p-items-start\">\r\n            <div class=\"p-text-start p-text-secondary p-mb-1 p-bold\"> Afflusso <\/div>\r\n            <div class=\"p-w-full p-bg-light p-rounded-full p-h-2 p-relative\">\r\n                <div class=\"p-bg-primary p-h-2 p-rounded-full p-absolute\" style=\"width: 100%;\"><\/div>\r\n            <\/div>\r\n        <\/div>\r\n    <\/div>\r\n\r\n    <div class=\"p-grid p-grid-cols-4 p-shrink-0 p-w-72 p-snap-start md:p-w-full\">\r\n        <div class=\"p-col-span-1 p-self-center p-text-center p-text-3xl\">\r\n            <i class=\"icon-difficulty\"><\/i>\r\n        <\/div>\r\n        <div class=\"p-col-span-3 p-flex p-flex-col p-items-start\">\r\n            <div class=\"p-text-start p-text-secondary p-mb-1 p-bold\"> Difficolt\u00e0 <\/div>\r\n            <div class=\"p-w-full p-bg-light p-rounded-full p-h-2 p-relative\">\r\n                <div class=\"p-bg-primary p-h-2 p-rounded-full p-absolute\" style=\"width: 40%;\"><\/div>\r\n            <\/div>\r\n        <\/div>\r\n    <\/div>\r\n\r\n    <div class=\"p-grid p-grid-cols-4 p-shrink-0 p-w-72 p-snap-start md:p-w-full\">\r\n        <div class=\"p-col-span-1 p-self-center p-text-center p-text-3xl\">\r\n            <i class=\"icon-patrimony\"><\/i>\r\n        <\/div>\r\n        <div class=\"p-col-span-3 p-flex p-flex-col p-items-start\">\r\n            <div class=\"p-text-start p-text-secondary p-mb-1 p-bold\"> Arte\/Storia <\/div>\r\n            <div class=\"p-w-full p-bg-light p-rounded-full p-h-2 p-relative\">\r\n                <div class=\"p-bg-primary p-h-2 p-rounded-full p-absolute\" style=\"width: 40%;\"><\/div>\r\n            <\/div>\r\n        <\/div>\r\n    <\/div>\r\n\r\n    <div class=\"p-grid p-grid-cols-4 p-shrink-0 p-w-72 p-snap-start md:p-w-full\">\r\n        <div class=\"p-col-span-1 p-self-center p-text-center p-text-3xl\">\r\n            <i class=\"icon-nature\"><\/i>\r\n        <\/div>\r\n        <div class=\"p-col-span-3 p-flex p-flex-col p-items-start\">\r\n            <div class=\"p-text-start p-text-secondary p-mb-1 p-bold\"> Natura <\/div>\r\n            <div class=\"p-w-full p-bg-light p-rounded-full p-h-2 p-relative\">\r\n                <div class=\"p-bg-primary p-h-2 p-rounded-full p-absolute\" style=\"width: 60%;\"><\/div>\r\n            <\/div>\r\n        <\/div>\r\n    <\/div>\r\n\r\n    <div class=\"p-grid p-grid-cols-4 p-shrink-0 p-w-72 p-snap-start md:p-w-full\">\r\n        <div class=\"p-col-span-1 p-self-center p-text-center p-text-3xl\">\r\n            <i class=\"icon-urban\"><\/i>\r\n        <\/div>\r\n        <div class=\"p-col-span-3 p-flex p-flex-col p-items-start\">\r\n            <div class=\"p-text-start p-text-secondary p-mb-1 p-bold\"> Cammino Francese <\/div>\r\n            <div class=\"p-w-full p-bg-light p-rounded-full p-h-2 p-relative\">\r\n                <div class=\"p-bg-primary p-h-2 p-rounded-full p-absolute\" style=\"width: 40%;\"><\/div>\r\n            <\/div>\r\n        <\/div>\r\n    <\/div>\r\n  <\/div>\r\n<\/section>\n<\/section>\n\n<div id=\"stage-list-section\"><div class=\"stage-list\">\n    <div class='stage-list__map-card'>\n        <div class='stage-list__map-card__map'>\n            <div class='stage-list__map-card__map__text'>\n                <h2> Pages <\/h2>\n                <p> A piedi<\/p>\n                <p> 0tappe<\/p>\n            <\/div>\n            <div class='stage-list__map-card__map__img'>\n                <img decoding=\"async\" src=\"\" alt=\" mapa \" \/>\n            <\/div>\n        <\/div>\n    <\/div>\n\n    <\/div>\n<\/div>\n\n<section id=\"navStage\">\n\t<div>\n\t\t<nav id=\"tab-navigation-section\" class=\"tab-navigation-section--cols-4\">\n\t\t\t<a href=\"#infoSection\" class=\"active\">Informazioni<\/a>\n\t\t\t<a href=\"#profileSection\">Profilo<\/a>\n\t\t\t<a href=\"#itinerarySection\">Itinerario<\/a>\n\t\t\t<a href=\"#locationsSection\">Localit\u00e0<\/a>\n\t\t<\/nav>\n\n\t\t<div id=\"infoSection\">\n\t\t\t<!-- Title Section with Orange Line -->\n\t\t\t<div>\n\t\t\t\t<h4 class=\"p-h4--section\">Informazioni<\/h4>\n\t\t\t\t<hr class=\"orange-bar\" \/>\n\t\t\t\t<h3 class=\"p-h3\">Su questa tappa<\/h3>\n\t\t\t<\/div>\n\n\t\t\t<!-- Main Content Section -->\n\t\t\t<p>\n\t\t\t\tSi tratta di una tappa dal profilo spezzato e irregolare, dove sono frequenti le brevi ma\n\t\t\t\tfisicamente difficili salite, in cui sezioni in uno stato di conservazione eccezionale,\n\t\t\t\tpassando per bei villaggi della Galizia profonda, coesistono con aree meno gratificanti\n\t\t\t\tcome zone industriali o tratti in uno stato di conservazione che pu\u00f2 essere migliorato.\n\t\t\t\tArrivati alla citt\u00e0 di destinazione, Arzua, i pellegrini del Cammino Francese si uniscono a\n\t\t\t\tquelli del Cammino del Nord per affrontare le ultime due tappe che li separano da\n\t\t\t\tSantiago de Compostela.\n\t\t\t<\/p>\n\n\t\t\t<div class=\"recomendation-card\">\n\t\t\t\t<div>\n\t\t\t\t\t<i class=\"icon-logo-pilgrim\"><\/i>\n\t\t\t\t\t<h5>Raccomandazione di Pilgrim<\/h5>\n\t\t\t\t<\/div>\n\t\t\t\t<p>\n\t\t\t\t\tPer le persone a mobilit\u00e0 ridotta \u00e8 necessario studiare la possibilit\u00e0 di prendere la strada LU-663\n\t\t\t\t\tcome percorso alternativo, ma tenendo sempre presente che si tratta di una strada senza grande\n\t\t\t\t\tpericolosit\u00e1. Per i ciclisti \u00e8 una fase di difficolt\u00e0 moderata, poich\u00e9 sebbene ci siano discese\n\t\t\t\t\tcomplicate nelle\n\t\t\t\t\tstagioni piovose, sono facili da superare se facciamo la discesa con attenzione e con la bicicletta\n\t\t\t\t\tadatta.\n\t\t\t\t<\/p>\n\t\t\t<\/div>\n\t\t<\/div>\n\n\t\t<div id=\"profileSection\">\n\t\t\t<div>\n\t\t\t\t<h4 class=\"p-h4--section\">Distanza e altitudine<\/h4>\n\t\t\t\t<hr class=\"orange-bar\" \/>\n\t\t\t\t<h3 class=\"p-h3\">Profilo della tappa<\/h3>\n\t\t\t\t<img decoding=\"async\" src=\"https:\/\/cdn.pilgrim.es\/web\/caminos\/camino-primitivo\/etapas\/etapa-12\/etapa12-perfil-melide_arzua.jpg\"\n\t\t\t\t\talt=\"Profilo della tappa\" \/>\n\t\t\t<\/div>\n\t\t<\/div>\n\n\t\t<div id=\"itinerarySection\">\n\t\t\t<h4 class=\"p-h4--section\">Percorso<\/h4>\n\t\t\t<hr \/>\n\t\t\t<h3 class=\"p-h3\">Itinerario<\/h3>\n\t\t\t<div>\n\t\t\t\t<h4>Km 0 &#8231; Melide<\/h4>\n\t\t\t\t<p>\n\t\t\t\t\tAlla rotonda nel centro di Melide, gireremo a destra lungo la stretta via San Pedro.\n\t\t\t\t\tLasceremo Melide, attraverseremo la strada nazionale N-547 e, poco pi\u00f9 avanti, gireremo\n\t\t\t\t\ta destra, passando per la chiesa romanica di Santa Mar\u00eda. Attraverseremo poi dense\n\t\t\t\t\tforeste di querce, pini ed eucalipti, con una successione di salite e discese. Dopo quasi\n\t\t\t\t\ttre chilometri e mezzo, arriveremo alla strada nazionale N-547. Senza attraversarla, la\n\t\t\t\t\tpercorreremo per 150 metri in parallelo fino a lasciarla sulla sinistra.\n\n\t\t\t\t<\/p>\n\t\t\t\t<a class=\"town-link\" href=\"https:\/\/www.pilgrim.es\/it\/cammino-francese\/melide\/\">\n\t\t\t\t\t<div class=\"town-link__link-content\">\n\t\t\t\t\t\t<div class=\"town-link__link-content__text\">\n\t\t\t\t\t\t\t<p>Informazioni locali<\/p>\n\t\t\t\t\t\t\t<p>Polizia, Assistenza medica, Cosa vedere, Dove mangiare&#8230;<\/p>\n\t\t\t\t\t\t<\/div>\n\t\t\t\t\t\t<div class=\"town-link__link-content__town-btn\">\n\t\t\t\t\t\t\t<i class=\"icon-arrow\"><\/i>\n\t\t\t\t\t\t<\/div>\n\t\t\t\t\t<\/div>\n\t\t\t\t<\/a>\n\t\t\t<\/div>\n\t\t\t<hr \/>\n\t\t\t<div>\n\t\t\t\t<h4>Km 5,6 &#8231; Boente<\/h4>\n\t\t\t\t<p>\n\t\t\t\t\tImboccheremo un sentiero a destra della strada nazionale e continueremo lungo una\n\t\t\t\t\tstrada sterrata. Questa volta attraverseremo la N-547 con un metraggio. Pi\u00f9 avanti, un\n\t\t\t\t\tripido pendio ci porter\u00e0 al prossimo villaggio: Fraga Alta (Casta\u00f1eda).\n\t\t\t\t<\/p>\n\t\t\t<\/div>\n\t\t\t<hr \/>\n\t\t\t<div>\n\t\t\t\t<h4>Km 7,9 &#8231; Fraga Alta (Casta\u00f1eda)<\/h4>\n\t\t\t\t<p>\n\t\t\t\t\tGireremo a sinistra e raggiungeremo l&#8217;area di sosta di O R\u00edo. Svolteremo poi di nuovo a\n\t\t\t\t\tsinistra; pi\u00f9 avanti attraverseremo un ponte sulla N-547 e scenderemo nella bella valle\n\t\t\t\t\tdel fiume Iso.\n\t\t\t\t<\/p>\n\t\t\t<\/div>\n\t\t\t<hr \/>\n\t\t\t<div>\n\t\t\t\t<h4>Km 11,0 &#8231; Ribadiso de Baixo<\/h4>\n\t\t\t\t<p>\n\t\t\t\t\tContinueremo nella stessa direzione, salendo costantemente, attraverseremo la strada\n\t\t\t\t\tnazionale N-547 attraverso un tunnel e prenderemo la strada di destra che ci porter\u00e0\n\t\t\t\t\taccanto strada nazionale: parallelamente ad essa arriveremo ad Arz\u00faa. Nel centro della\n\t\t\t\t\tcitt\u00e0, all&#8217;altezza del tribunale, imboccheremo via Cima do Lugar.\n\t\t\t\t<\/p>\n\t\t\t<\/div>\n\t\t\t<hr \/>\n\t\t\t<div>\n\t\t\t\t<h4>Km 14,1 &#8231; Arz\u00faa<\/h4>\n\t\t\t\t<a class=\"town-link\" href=\"https:\/\/www.pilgrim.es\/it\/cammino-francese\/arzua\/\">\n\t\t\t\t\t<div class=\"town-link__link-content\">\n\t\t\t\t\t\t<div class=\"town-link__link-content__text\">\n\t\t\t\t\t\t\t<p>Informazioni locali<\/p>\n\t\t\t\t\t\t\t<p>Polizia, Assistenza medica, Cosa vedere, Dove mangiare&#8230;<\/p>\n\t\t\t\t\t\t<\/div>\n\t\t\t\t\t\t<div class=\"town-link__link-content__town-btn\">\n\t\t\t\t\t\t\t<i class=\"icon-arrow\"><\/i>\n\t\t\t\t\t\t<\/div>\n\t\t\t\t\t<\/div>\n\t\t\t\t<\/a>\n\t\t\t<\/div>\n\t\t\t<hr \/>\n\t\t<\/div>\n\n\t\t<div id=\"locationsSection\">\n\t\t\t<h4 class=\"p-h4--section\">Localit\u00e0<\/h4>\n\t\t\t<hr \/>\n\t\t\t<h3 class=\"p-h3\">Villaggi<\/h3>\n\t\t\t<div class=\"grid-container\">\n\t\t\t\t<div class=\"p-group card-stage p-max-w-full\">\n\t\t\t\t\t<a href=\"https:\/\/www.pilgrim.es\/it\/cammino-francese\/melide\/\" class=\"town-card\">\n\t\t\t\t\t\t<div class=\"card-stage__header\">\n\t\t\t\t\t\t\t<img decoding=\"async\" src=\"https:\/\/cdn.pilgrim.es\/web\/caminos\/camino-frances\/pueblos\/melide\/melide.jpg\"\n\t\t\t\t\t\t\t\talt=\"Melide\" class=\"group-hover:p-scale-110\" \/>\n\t\t\t\t\t\t\t<div class=\"card-overlay group-hover:p-opacity-50\"><\/div>\n\t\t\t\t\t\t<\/div>\n\t\t\t\t\t\t<div class=\"town-card__flex-container\">\n\t\t\t\t\t\t\t<div class=\"town-card__flex-container__info\">\n\t\t\t\t\t\t\t\t<h3>Melide<\/h3>\n\t\t\t\t\t\t\t\t<p>Provincia: A Coru\u00f1a<\/p>\n\t\t\t\t\t\t\t<\/div>\n\t\t\t\t\t\t\t<div class=\"town-card__flex-container__btn\">\n\t\t\t\t\t\t\t\t<i class=\"icon-arrow\"><\/i>\n\t\t\t\t\t\t\t<\/div>\n\t\t\t\t\t\t<\/div>\n\t\t\t\t\t<\/a>\n\t\t\t\t<\/div>\n\t\t\t\t<div class=\"p-group card-stage p-max-w-full\">\n\t\t\t\t\t<a href=\"https:\/\/www.pilgrim.es\/it\/cammino-francese\/arzua\/\" class=\"town-card\">\n\t\t\t\t\t\t<div class=\"card-stage__header\">\n\t\t\t\t\t\t\t<img decoding=\"async\" src=\"https:\/\/cdn.pilgrim.es\/web\/caminos\/camino-frances\/pueblos\/arzua\/arzua.jpg\"\n\t\t\t\t\t\t\t\talt=\"Arz\u00faa\" class=\"group-hover:p-scale-110\" \/>\n\t\t\t\t\t\t\t<div class=\"card-overlay group-hover:p-opacity-50\"><\/div>\n\t\t\t\t\t\t<\/div>\n\t\t\t\t\t\t<div class=\"town-card__flex-container\">\n\t\t\t\t\t\t\t<div class=\"town-card__flex-container__info\">\n\t\t\t\t\t\t\t\t<h3>Arz\u00faa<\/h3>\n\t\t\t\t\t\t\t\t<p>Provincia: A Coru\u00f1a<\/p>\n\t\t\t\t\t\t\t<\/div>\n\t\t\t\t\t\t\t<div class=\"town-card__flex-container__btn\">\n\t\t\t\t\t\t\t\t<i class=\"icon-arrow\"><\/i>\n\t\t\t\t\t\t\t<\/div>\n\t\t\t\t\t\t<\/div>\n\t\t\t\t\t<\/a>\n\t\t\t\t<\/div>\n\t\t\t<\/div>\n\t\t<\/div>\n\t\t<hr class=\"single-bar\" \/>\n\t<\/div>\n<\/section>\n\n<section id=\"stageChange\">\n\t<div>\n\t\t<a href=\"https:\/\/www.pilgrim.es\/it\/cammino-primitivo\/tappa-11-san-romao-da-retorta-melide\/\" class=\"change-btn\">\n\t\t\t<div class=\"btn-arrow previous\">\n\t\t\t\t<i class=\"icon-arrow\"><\/i>\n\t\t\t<\/div>\n\t\t\t<div class=\"change-btn__info\">\n\t\t\t\t<div>Tappa 11<\/div>\n\t\t\t\t<p>\n\t\t\t\t\tFerreira &#10095; <br \/>\n\t\t\t\t\tMelide\n\t\t\t\t<\/p>\n\t\t\t<\/div>\n\t\t<\/a>\n\t\t<a href=\"https:\/\/www.pilgrim.es\/it\/cammino-francese\/tappa-32-arzua-o-pedrouzo\/\" class=\"change-btn\">\n\t\t\t<div class=\"change-btn__info\">\n\t\t\t\t<div>Tappa 32 (Cammino Francese)<\/div>\n\t\t\t\t<p>\n\t\t\t\t\tArz\u00faa &#10095; <br \/>\n\t\t\t\t\tO Pedrouzo\n\t\t\t\t<\/p>\n\t\t\t<\/div>\n\t\t\t<div class=\"btn-arrow\">\n\t\t\t\t<i class=\"icon-arrow\"><\/i>\n\t\t\t<\/div>\n\t\t<\/a>\n\t<\/div>\n<\/section>\n","protected":false},"excerpt":{"rendered":"<p>Cammino Francese &#8231; Tappa 31 (Continuazione del Cammino Primitivo) A piedi 33 tappe \/ 764 kms Melide &#10093; Arz\u00faa 14 Km &#10094; Tappa 11 Tappa 32 (Cammino Francese) &#10095; Informazioni Profilo Itinerario Localit\u00e0 Informazioni Su questa tappa Si tratta di una tappa dal profilo spezzato e irregolare, dove sono frequenti le brevi ma fisicamente difficili &hellip; <\/p>\n<p class=\"read_more\"><a href=\"https:\/\/www.pilgrim.es\/it\/cammino-francese\/tappa-31-melide-arzua\/\">Leer m\u00e1s<\/a><\/p>\n","protected":false},"author":4,"featured_media":13096,"parent":10735,"menu_order":0,"comment_status":"closed","ping_status":"closed","template":"views\/template-new-web-design.blade.php","meta":{"footnotes":""},"categories":[],"tags":[],"class_list":["post-34724","page","type-page","status-publish","has-post-thumbnail","hentry"],"yoast_head":"<!-- This site is optimized with the Yoast SEO plugin v27.4 - https:\/\/yoast.com\/product\/yoast-seo-wordpress\/ -->\n<title>Camino de Santiago desde Melide | Camino Primitivo | Pilgrim<\/title>\n<meta name=\"description\" content=\"Cammino Francese: Tappa 31 del Camino de Santiago che corre tra le citt\u00e0 di Melide e Arz\u00faa. Scopri tutte le informazioni e pianifica il tuo percorso.\" \/>\n<meta name=\"robots\" content=\"index, follow, max-snippet:-1, max-image-preview:large, max-video-preview:-1\" \/>\n<link rel=\"canonical\" href=\"https:\/\/www.pilgrim.es\/it\/cammino-francese\/tappa-31-melide-arzua\/\" \/>\n<meta property=\"og:locale\" content=\"it_IT\" \/>\n<meta property=\"og:type\" content=\"article\" \/>\n<meta property=\"og:title\" content=\"Camino de Santiago desde Melide | Camino Primitivo | Pilgrim\" \/>\n<meta property=\"og:description\" content=\"Cammino Francese: Tappa 31 del Camino de Santiago che corre tra le citt\u00e0 di Melide e Arz\u00faa. Scopri tutte le informazioni e pianifica il tuo percorso.\" \/>\n<meta property=\"og:url\" content=\"https:\/\/www.pilgrim.es\/it\/cammino-francese\/tappa-31-melide-arzua\/\" \/>\n<meta property=\"og:site_name\" content=\"Pilgrim\" \/>\n<meta property=\"article:publisher\" content=\"https:\/\/www.facebook.com\/pilgrim.es\/\" \/>\n<meta property=\"article:modified_time\" content=\"2025-04-30T10:24:44+00:00\" \/>\n<meta property=\"og:image\" content=\"https:\/\/www.pilgrim.es\/wp-content\/uploads\/2019\/03\/camino_frances_etapa_31.jpg\" \/>\n\t<meta property=\"og:image:width\" content=\"1632\" \/>\n\t<meta property=\"og:image:height\" content=\"546\" \/>\n\t<meta property=\"og:image:type\" content=\"image\/jpeg\" \/>\n<meta name=\"twitter:card\" content=\"summary_large_image\" \/>\n<meta name=\"twitter:site\" content=\"@pilgrim_es\" \/>\n<meta name=\"twitter:label1\" content=\"Tempo di lettura stimato\" \/>\n\t<meta name=\"twitter:data1\" content=\"7 minuti\" \/>\n<script type=\"application\/ld+json\" class=\"yoast-schema-graph\">{\"@context\":\"https:\\\/\\\/schema.org\",\"@graph\":[{\"@type\":\"WebPage\",\"@id\":\"https:\\\/\\\/www.pilgrim.es\\\/it\\\/cammino-francese\\\/tappa-31-melide-arzua\\\/\",\"url\":\"https:\\\/\\\/www.pilgrim.es\\\/it\\\/cammino-francese\\\/tappa-31-melide-arzua\\\/\",\"name\":\"Camino de Santiago desde Melide | Camino Primitivo | Pilgrim\",\"isPartOf\":{\"@id\":\"https:\\\/\\\/www.pilgrim.es\\\/it\\\/#website\"},\"primaryImageOfPage\":{\"@id\":\"https:\\\/\\\/www.pilgrim.es\\\/it\\\/cammino-francese\\\/tappa-31-melide-arzua\\\/#primaryimage\"},\"image\":{\"@id\":\"https:\\\/\\\/www.pilgrim.es\\\/it\\\/cammino-francese\\\/tappa-31-melide-arzua\\\/#primaryimage\"},\"thumbnailUrl\":\"https:\\\/\\\/www.pilgrim.es\\\/wp-content\\\/uploads\\\/2019\\\/03\\\/camino_frances_etapa_31.jpg\",\"datePublished\":\"2019-04-16T12:25:58+00:00\",\"dateModified\":\"2025-04-30T10:24:44+00:00\",\"description\":\"Cammino Francese: Tappa 31 del Camino de Santiago che corre tra le citt\u00e0 di Melide e Arz\u00faa. Scopri tutte le informazioni e pianifica il tuo percorso.\",\"breadcrumb\":{\"@id\":\"https:\\\/\\\/www.pilgrim.es\\\/it\\\/cammino-francese\\\/tappa-31-melide-arzua\\\/#breadcrumb\"},\"inLanguage\":\"it-IT\",\"potentialAction\":[{\"@type\":\"ReadAction\",\"target\":[\"https:\\\/\\\/www.pilgrim.es\\\/it\\\/cammino-francese\\\/tappa-31-melide-arzua\\\/\"]}]},{\"@type\":\"ImageObject\",\"inLanguage\":\"it-IT\",\"@id\":\"https:\\\/\\\/www.pilgrim.es\\\/it\\\/cammino-francese\\\/tappa-31-melide-arzua\\\/#primaryimage\",\"url\":\"https:\\\/\\\/www.pilgrim.es\\\/wp-content\\\/uploads\\\/2019\\\/03\\\/camino_frances_etapa_31.jpg\",\"contentUrl\":\"https:\\\/\\\/www.pilgrim.es\\\/wp-content\\\/uploads\\\/2019\\\/03\\\/camino_frances_etapa_31.jpg\",\"width\":1632,\"height\":546,\"caption\":\"Mappa tappa 31 Cammino Francese\"},{\"@type\":\"BreadcrumbList\",\"@id\":\"https:\\\/\\\/www.pilgrim.es\\\/it\\\/cammino-francese\\\/tappa-31-melide-arzua\\\/#breadcrumb\",\"itemListElement\":[{\"@type\":\"ListItem\",\"position\":1,\"name\":\"Camino de Santiago\",\"item\":\"https:\\\/\\\/www.pilgrim.es\\\/it\\\/\"},{\"@type\":\"ListItem\",\"position\":2,\"name\":\"Cammino Francese\",\"item\":\"https:\\\/\\\/www.pilgrim.es\\\/it\\\/cammino-francese\\\/\"},{\"@type\":\"ListItem\",\"position\":3,\"name\":\"Cammino Francese | Tappa 31: Melide &#8211; Arz\u00faa\"}]},{\"@type\":\"WebSite\",\"@id\":\"https:\\\/\\\/www.pilgrim.es\\\/it\\\/#website\",\"url\":\"https:\\\/\\\/www.pilgrim.es\\\/it\\\/\",\"name\":\"Pilgrim\",\"description\":\"Camino de Santiago | Caminamos Contigo\",\"publisher\":{\"@id\":\"https:\\\/\\\/www.pilgrim.es\\\/it\\\/#organization\"},\"potentialAction\":[{\"@type\":\"SearchAction\",\"target\":{\"@type\":\"EntryPoint\",\"urlTemplate\":\"https:\\\/\\\/www.pilgrim.es\\\/it\\\/?s={search_term_string}\"},\"query-input\":{\"@type\":\"PropertyValueSpecification\",\"valueRequired\":true,\"valueName\":\"search_term_string\"}}],\"inLanguage\":\"it-IT\"},{\"@type\":\"Organization\",\"@id\":\"https:\\\/\\\/www.pilgrim.es\\\/it\\\/#organization\",\"name\":\"Pilgrim Camino de Santiago\",\"url\":\"https:\\\/\\\/www.pilgrim.es\\\/it\\\/\",\"logo\":{\"@type\":\"ImageObject\",\"inLanguage\":\"it-IT\",\"@id\":\"https:\\\/\\\/www.pilgrim.es\\\/it\\\/#\\\/schema\\\/logo\\\/image\\\/\",\"url\":\"https:\\\/\\\/www.pilgrim.es\\\/wp-content\\\/uploads\\\/2019\\\/04\\\/logo_pilgrim.png\",\"contentUrl\":\"https:\\\/\\\/www.pilgrim.es\\\/wp-content\\\/uploads\\\/2019\\\/04\\\/logo_pilgrim.png\",\"width\":512,\"height\":512,\"caption\":\"Pilgrim Camino de Santiago\"},\"image\":{\"@id\":\"https:\\\/\\\/www.pilgrim.es\\\/it\\\/#\\\/schema\\\/logo\\\/image\\\/\"},\"sameAs\":[\"https:\\\/\\\/www.facebook.com\\\/pilgrim.es\\\/\",\"https:\\\/\\\/x.com\\\/pilgrim_es\",\"https:\\\/\\\/www.instagram.com\\\/pilgrim.es\\\/\",\"https:\\\/\\\/www.linkedin.com\\\/company\\\/pilgrim-camino-de-santiago\\\/\",\"https:\\\/\\\/www.pinterest.es\\\/pilgrimcaminodesantiago\\\/\",\"https:\\\/\\\/www.youtube.com\\\/channel\\\/UCIv2ZzFLXVqthkNF32rKedw\\\/featured\"]}]}<\/script>\n<!-- \/ Yoast SEO plugin. -->","yoast_head_json":{"title":"Camino de Santiago desde Melide | Camino Primitivo | Pilgrim","description":"Cammino Francese: Tappa 31 del Camino de Santiago che corre tra le citt\u00e0 di Melide e Arz\u00faa. Scopri tutte le informazioni e pianifica il tuo percorso.","robots":{"index":"index","follow":"follow","max-snippet":"max-snippet:-1","max-image-preview":"max-image-preview:large","max-video-preview":"max-video-preview:-1"},"canonical":"https:\/\/www.pilgrim.es\/it\/cammino-francese\/tappa-31-melide-arzua\/","og_locale":"it_IT","og_type":"article","og_title":"Camino de Santiago desde Melide | Camino Primitivo | Pilgrim","og_description":"Cammino Francese: Tappa 31 del Camino de Santiago che corre tra le citt\u00e0 di Melide e Arz\u00faa. Scopri tutte le informazioni e pianifica il tuo percorso.","og_url":"https:\/\/www.pilgrim.es\/it\/cammino-francese\/tappa-31-melide-arzua\/","og_site_name":"Pilgrim","article_publisher":"https:\/\/www.facebook.com\/pilgrim.es\/","article_modified_time":"2025-04-30T10:24:44+00:00","og_image":[{"width":1632,"height":546,"url":"https:\/\/www.pilgrim.es\/wp-content\/uploads\/2019\/03\/camino_frances_etapa_31.jpg","type":"image\/jpeg"}],"twitter_card":"summary_large_image","twitter_site":"@pilgrim_es","twitter_misc":{"Tempo di lettura stimato":"7 minuti"},"schema":{"@context":"https:\/\/schema.org","@graph":[{"@type":"WebPage","@id":"https:\/\/www.pilgrim.es\/it\/cammino-francese\/tappa-31-melide-arzua\/","url":"https:\/\/www.pilgrim.es\/it\/cammino-francese\/tappa-31-melide-arzua\/","name":"Camino de Santiago desde Melide | Camino Primitivo | Pilgrim","isPartOf":{"@id":"https:\/\/www.pilgrim.es\/it\/#website"},"primaryImageOfPage":{"@id":"https:\/\/www.pilgrim.es\/it\/cammino-francese\/tappa-31-melide-arzua\/#primaryimage"},"image":{"@id":"https:\/\/www.pilgrim.es\/it\/cammino-francese\/tappa-31-melide-arzua\/#primaryimage"},"thumbnailUrl":"https:\/\/www.pilgrim.es\/wp-content\/uploads\/2019\/03\/camino_frances_etapa_31.jpg","datePublished":"2019-04-16T12:25:58+00:00","dateModified":"2025-04-30T10:24:44+00:00","description":"Cammino Francese: Tappa 31 del Camino de Santiago che corre tra le citt\u00e0 di Melide e Arz\u00faa. Scopri tutte le informazioni e pianifica il tuo percorso.","breadcrumb":{"@id":"https:\/\/www.pilgrim.es\/it\/cammino-francese\/tappa-31-melide-arzua\/#breadcrumb"},"inLanguage":"it-IT","potentialAction":[{"@type":"ReadAction","target":["https:\/\/www.pilgrim.es\/it\/cammino-francese\/tappa-31-melide-arzua\/"]}]},{"@type":"ImageObject","inLanguage":"it-IT","@id":"https:\/\/www.pilgrim.es\/it\/cammino-francese\/tappa-31-melide-arzua\/#primaryimage","url":"https:\/\/www.pilgrim.es\/wp-content\/uploads\/2019\/03\/camino_frances_etapa_31.jpg","contentUrl":"https:\/\/www.pilgrim.es\/wp-content\/uploads\/2019\/03\/camino_frances_etapa_31.jpg","width":1632,"height":546,"caption":"Mappa tappa 31 Cammino Francese"},{"@type":"BreadcrumbList","@id":"https:\/\/www.pilgrim.es\/it\/cammino-francese\/tappa-31-melide-arzua\/#breadcrumb","itemListElement":[{"@type":"ListItem","position":1,"name":"Camino de Santiago","item":"https:\/\/www.pilgrim.es\/it\/"},{"@type":"ListItem","position":2,"name":"Cammino Francese","item":"https:\/\/www.pilgrim.es\/it\/cammino-francese\/"},{"@type":"ListItem","position":3,"name":"Cammino Francese | Tappa 31: Melide &#8211; Arz\u00faa"}]},{"@type":"WebSite","@id":"https:\/\/www.pilgrim.es\/it\/#website","url":"https:\/\/www.pilgrim.es\/it\/","name":"Pilgrim","description":"Camino de Santiago | Caminamos Contigo","publisher":{"@id":"https:\/\/www.pilgrim.es\/it\/#organization"},"potentialAction":[{"@type":"SearchAction","target":{"@type":"EntryPoint","urlTemplate":"https:\/\/www.pilgrim.es\/it\/?s={search_term_string}"},"query-input":{"@type":"PropertyValueSpecification","valueRequired":true,"valueName":"search_term_string"}}],"inLanguage":"it-IT"},{"@type":"Organization","@id":"https:\/\/www.pilgrim.es\/it\/#organization","name":"Pilgrim Camino de Santiago","url":"https:\/\/www.pilgrim.es\/it\/","logo":{"@type":"ImageObject","inLanguage":"it-IT","@id":"https:\/\/www.pilgrim.es\/it\/#\/schema\/logo\/image\/","url":"https:\/\/www.pilgrim.es\/wp-content\/uploads\/2019\/04\/logo_pilgrim.png","contentUrl":"https:\/\/www.pilgrim.es\/wp-content\/uploads\/2019\/04\/logo_pilgrim.png","width":512,"height":512,"caption":"Pilgrim Camino de Santiago"},"image":{"@id":"https:\/\/www.pilgrim.es\/it\/#\/schema\/logo\/image\/"},"sameAs":["https:\/\/www.facebook.com\/pilgrim.es\/","https:\/\/x.com\/pilgrim_es","https:\/\/www.instagram.com\/pilgrim.es\/","https:\/\/www.linkedin.com\/company\/pilgrim-camino-de-santiago\/","https:\/\/www.pinterest.es\/pilgrimcaminodesantiago\/","https:\/\/www.youtube.com\/channel\/UCIv2ZzFLXVqthkNF32rKedw\/featured"]}]}},"_links":{"self":[{"href":"https:\/\/www.pilgrim.es\/it\/wp-json\/wp\/v2\/pages\/34724","targetHints":{"allow":["GET"]}}],"collection":[{"href":"https:\/\/www.pilgrim.es\/it\/wp-json\/wp\/v2\/pages"}],"about":[{"href":"https:\/\/www.pilgrim.es\/it\/wp-json\/wp\/v2\/types\/page"}],"author":[{"embeddable":true,"href":"https:\/\/www.pilgrim.es\/it\/wp-json\/wp\/v2\/users\/4"}],"replies":[{"embeddable":true,"href":"https:\/\/www.pilgrim.es\/it\/wp-json\/wp\/v2\/comments?post=34724"}],"version-history":[{"count":17,"href":"https:\/\/www.pilgrim.es\/it\/wp-json\/wp\/v2\/pages\/34724\/revisions"}],"predecessor-version":[{"id":130335,"href":"https:\/\/www.pilgrim.es\/it\/wp-json\/wp\/v2\/pages\/34724\/revisions\/130335"}],"up":[{"embeddable":true,"href":"https:\/\/www.pilgrim.es\/it\/wp-json\/wp\/v2\/pages\/10735"}],"wp:featuredmedia":[{"embeddable":true,"href":"https:\/\/www.pilgrim.es\/it\/wp-json\/wp\/v2\/media\/13096"}],"wp:attachment":[{"href":"https:\/\/www.pilgrim.es\/it\/wp-json\/wp\/v2\/media?parent=34724"}],"wp:term":[{"taxonomy":"category","embeddable":true,"href":"https:\/\/www.pilgrim.es\/it\/wp-json\/wp\/v2\/categories?post=34724"},{"taxonomy":"post_tag","embeddable":true,"href":"https:\/\/www.pilgrim.es\/it\/wp-json\/wp\/v2\/tags?post=34724"}],"curies":[{"name":"wp","href":"https:\/\/api.w.org\/{rel}","templated":true}]}}