{"id":34637,"date":"2019-04-16T11:51:01","date_gmt":"2019-04-16T11:51:01","guid":{"rendered":"https:\/\/desarrollo.pilgrim.es\/cammino-francese\/tappa-29-sarria-portomarin\/"},"modified":"2025-03-24T15:28:41","modified_gmt":"2025-03-24T15:28:41","slug":"tappa-29-sarria-portomarin","status":"publish","type":"page","link":"https:\/\/www.pilgrim.es\/it\/cammino-francese\/tappa-29-sarria-portomarin\/","title":{"rendered":"Cammino Francese | tappa 29: Sarria &#8211; Portomar\u00edn"},"content":{"rendered":" <section id=\"heroStage\">\n  <h1>Cammino Francese: tappa 29<\/h1>\n  <div>\n    <div class=\"hero\" data-background=\"https:\/\/cdn.pilgrim.es\/web\/caminos\/camino-frances\/pueblos\/sarria\/sarria.jpg\">\n      <div class=\"hero__container\">\n        <div class=\"hero__container__labels\">\n          <p>A piedi<\/p>\n          <p>33 Tappe \/ 764 Kms<\/p>\n        <\/div>\n        <div class=\"hero__container__stage-name\">\n          <h2>\n            Sarria <br \/>\n            <span>&#10093;<\/span>\n            Portomar\u00edn\n          <\/h2>\n          <p>22.2 Km<\/p>\n        <\/div>\n        <div class=\"hero__container__stage-changer\">\n            <div class=\"stage-control\">\n              <a class=\"stage-control__link\" href=\"\/it\/cammino-francese\/tappa-28-triacastela-sarria\/\"><span>&#10094;<\/span> Tappa 28<\/a>\n            <\/div>\n          <div class=\"stage-control\">\n            <a class=\"stage-control__link\" href=\"\/it\/cammino-francese\/tappa-30-portomarin-palas-de-rei\/\">Tappa 30 <span>&#10095;<\/span><\/a>\n          <\/div>\n        <\/div>\n      <\/div>\n    <\/div>\n    <div class=\"planner\"><div\r\n  class=\"p-col-span-1 p-rounded-lg p-px-5 p-h-full\"\r\n  style=\"background-image: url('https:\/\/cdn.pilgrim.es\/web\/pilgrim-planner\/bg-plugin-planificador.webp')\"\r\n  rel=\"preload\"\r\n  fetchpriority=\"high\"\r\n  >\r\n    <div class=\"p-text-center p-pt-5 p-text-white p-text-2xl p-font-semibold\">\r\n      Pianifica il tuo cammino    <\/div>\r\n    <div\r\n            id='primary-app'\r\n            data-name='banner'\r\n            data-api='https:\/\/pathfinder.pilgrim.es\/api\/pathfinder\/v2'\r\n            data-mode='normal'\r\n            data-lang='it'\r\n            data-route='1'\r\n            data-destiny='https:\/\/planificador.pilgrim.es'\r\n            data-modality='1'\r\n            data-inline=''\r\n        ><\/div><\/div><\/div>\n  <\/div>\n<\/section>\n\n<section id=\"scoreBarsStage\">\n  <section>\r\n  <div class=\"p-flex p-flex-nowrap p-space-x-4 p-py-5 p-overflow-x-auto md:p-grid md:p-grid-cols-3 lg:p-grid-cols-5 md:p-gap-8 md:p-space-x-0 md:p-overflow-hidden scrollbar-thin\">\r\n    <div class=\"p-grid p-grid-cols-4 p-shrink-0 p-w-72 p-snap-start md:p-w-full\">\r\n        <div class=\"p-col-span-1 p-self-center p-text-center p-text-3xl\">\r\n            <i class=\"icon-influx\"><\/i>\r\n        <\/div>\r\n        <div class=\"p-col-span-3 p-flex p-flex-col p-items-start\">\r\n            <div class=\"p-text-start p-text-secondary p-mb-1 p-bold\"> Afflusso <\/div>\r\n            <div class=\"p-w-full p-bg-light p-rounded-full p-h-2 p-relative\">\r\n                <div class=\"p-bg-primary p-h-2 p-rounded-full p-absolute\" style=\"width: 40%;\"><\/div>\r\n            <\/div>\r\n        <\/div>\r\n    <\/div>\r\n\r\n    <div class=\"p-grid p-grid-cols-4 p-shrink-0 p-w-72 p-snap-start md:p-w-full\">\r\n        <div class=\"p-col-span-1 p-self-center p-text-center p-text-3xl\">\r\n            <i class=\"icon-difficulty\"><\/i>\r\n        <\/div>\r\n        <div class=\"p-col-span-3 p-flex p-flex-col p-items-start\">\r\n            <div class=\"p-text-start p-text-secondary p-mb-1 p-bold\"> Difficolt\u00e0 <\/div>\r\n            <div class=\"p-w-full p-bg-light p-rounded-full p-h-2 p-relative\">\r\n                <div class=\"p-bg-primary p-h-2 p-rounded-full p-absolute\" style=\"width: 100%;\"><\/div>\r\n            <\/div>\r\n        <\/div>\r\n    <\/div>\r\n\r\n    <div class=\"p-grid p-grid-cols-4 p-shrink-0 p-w-72 p-snap-start md:p-w-full\">\r\n        <div class=\"p-col-span-1 p-self-center p-text-center p-text-3xl\">\r\n            <i class=\"icon-patrimony\"><\/i>\r\n        <\/div>\r\n        <div class=\"p-col-span-3 p-flex p-flex-col p-items-start\">\r\n            <div class=\"p-text-start p-text-secondary p-mb-1 p-bold\"> Arte\/Storia <\/div>\r\n            <div class=\"p-w-full p-bg-light p-rounded-full p-h-2 p-relative\">\r\n                <div class=\"p-bg-primary p-h-2 p-rounded-full p-absolute\" style=\"width: 20%;\"><\/div>\r\n            <\/div>\r\n        <\/div>\r\n    <\/div>\r\n\r\n    <div class=\"p-grid p-grid-cols-4 p-shrink-0 p-w-72 p-snap-start md:p-w-full\">\r\n        <div class=\"p-col-span-1 p-self-center p-text-center p-text-3xl\">\r\n            <i class=\"icon-nature\"><\/i>\r\n        <\/div>\r\n        <div class=\"p-col-span-3 p-flex p-flex-col p-items-start\">\r\n            <div class=\"p-text-start p-text-secondary p-mb-1 p-bold\"> Natura <\/div>\r\n            <div class=\"p-w-full p-bg-light p-rounded-full p-h-2 p-relative\">\r\n                <div class=\"p-bg-primary p-h-2 p-rounded-full p-absolute\" style=\"width: 60%;\"><\/div>\r\n            <\/div>\r\n        <\/div>\r\n    <\/div>\r\n\r\n    <div class=\"p-grid p-grid-cols-4 p-shrink-0 p-w-72 p-snap-start md:p-w-full\">\r\n        <div class=\"p-col-span-1 p-self-center p-text-center p-text-3xl\">\r\n            <i class=\"icon-urban\"><\/i>\r\n        <\/div>\r\n        <div class=\"p-col-span-3 p-flex p-flex-col p-items-start\">\r\n            <div class=\"p-text-start p-text-secondary p-mb-1 p-bold\"> Cammino Francese <\/div>\r\n            <div class=\"p-w-full p-bg-light p-rounded-full p-h-2 p-relative\">\r\n                <div class=\"p-bg-primary p-h-2 p-rounded-full p-absolute\" style=\"width: 20%;\"><\/div>\r\n            <\/div>\r\n        <\/div>\r\n    <\/div>\r\n  <\/div>\r\n<\/section>\n<\/section>\n\n<div id=\"stage-list-section\"><div class=\"stage-list\">\n    <div class='stage-list__map-card'>\n        <div class='stage-list__map-card__map'>\n            <div class='stage-list__map-card__map__text'>\n                <h2> Pages <\/h2>\n                <p> A piedi<\/p>\n                <p> 0tappe<\/p>\n            <\/div>\n            <div class='stage-list__map-card__map__img'>\n                <img decoding=\"async\" src=\"\" alt=\" mapa \" \/>\n            <\/div>\n        <\/div>\n    <\/div>\n\n    <\/div>\n<\/div>\n\n<section id=\"navStage\">\n  <div>\n    <nav id=\"tab-navigation-section\" class=\"tab-navigation-section--cols-5\">\n      <a href=\"#infoSection\" class=\"active\">Informazioni<\/a>\n      <a href=\"#profileSection\">Profilo<\/a>\n      <a href=\"#itinerarySection\">Itinerario<\/a>\n      \n      <a href=\"#locationsSection\">Paesi<\/a>\n    <\/nav>\n\n    <div id=\"infoSection\">\n      <!-- Title Section with Orange Line -->\n      <div>\n        <h2 class=\"p-h2-stage\">Informazioni<\/h2>\n        <hr class=\"orange-bar\" \/>\n        <h3 class=\"p-h3-stage\">Informazioni su questa tappa<\/h3>\n      <\/div>\n\n      \n        <p>Oggi inizia il Camino per molti dei nostri pellegrini, perch\u00e9 Sarria \u00e8 uno dei punti di partenza per eccellenza dato che questa citt\u00e0 nella provincia di Lugo, \u00e8 a circa 100 chilometri da Santiago, e questa \u00e8 la distanza minima che dobbiamo percorrere a piedi per ricevere la Compostela.<\/p>\n      \n        <p>La tappa ci regaler\u00e0 una camminata gratificante, separata dalle strade asfaltate e abbracciata alla pi\u00f9 rurale Galizia, dove godremo della campagna e dei piccoli villaggi dei comuni di Sarria, Paradela e Portomar\u00edn, oltre ad attraversare fiumi su ponti medievali e scoprire numerose vestigia ecclesiastiche di epoca romana. \u00c8 anche una tappa semplice, con molti punti di ristoro e una lunghezza moderata che non presenta pendenze pronunciate, come accade invece in altri punti del percorso.<\/p>\n      \n\n      <div class=\"recomendation-card\">\n        <div>\n          <i class=\"icon-logo-pilgrim\"><\/i>\n          <h5>Recomendaci\u00f3n Pilgrim<\/h5>\n        <\/div>\n\n        \n          <p>\u00c8 una tappa senza apparente difficolt\u00e0, con una distanza che non \u00e8 eccessivamente lunga o difficile, semplicemente \u00e8 necessario sottolineare che il fatto di non essere in grado di mantenere un ritmo costante a causa delle piccole pendenze ripide che dobbiamo affrontare e dei piccoli cambiamenti nel pavimento, ci provocher\u00e1 stanchezza se non avremo la preparazione fisica adeguata.<\/p>\n        \n          <p>Non esiste alcun tipo di impedimento aggiuntivo per le persone a mobilit\u00e0 ridotta, tranne nei punti in cui dobbiamo attraversare i flussi se si tratta di una stagione delle piogge, poich\u00e9 le passerelle delle lastre possono essere molto scivolose o persino difficili da raggiungere.<\/p>\n        \n      <\/div>\n    <\/div>\n\n    <div id=\"profileSection\">\n      <div>\n        <h2 class=\"p-h2-stage\">Distanza e altitudine<\/h2>\n        <hr class=\"orange-bar\" \/>\n        <h3 class=\"p-h3-stage\">Profilo<\/h3>\n        <img decoding=\"async\" src=\"https:\/\/cdn.pilgrim.es\/web\/caminos\/camino-frances\/etapas\/etapa-29-sarria-portomarin\/etapa29-perfil-sarria-portomarin.jpg\" alt=\"Perfil de la etapa tappa-29-sarria-portomarin\" \/>\n      <\/div>\n    <\/div>\n\n    <div id=\"itinerarySection\">\n      <h2 class=\"p-h2-stage\">Itinerario<\/h2>\n      <hr \/>\n      <h3 class=\"p-h3-stage\">Percorso<\/h3>\n\n      \n        <div>\n          <h4>Km 0 &#8211; Inicio<\/h4>\n\n          \n            <p>Il r\u00faa maior de Sarria ci d\u00e0 il benvenuto alle prime ore del mattino per introdurre la nostra tappa, dove affrontiamo quello che per molti \u00e8 il primo chilometro dell&#8217; avventura. Cominciando a camminare passiamo davanti alla vecchia prigione convertita in rifugio provvisorio molti anni fa e ora chiusa, per raggiungere il belvedere della citt\u00e0 dove un crocifisso in pietra ci allontana dalla citt\u00e0 di Lugo, nello stesso momento in cui ci accoglie assieme a tutti i tesori che ci attendono nel nostro viaggio oggi. Ne \u00e8 prova anche la fortezza murata che possiamo vedere sulla nostra mano sinistra, mentre continuiamo a scendere verso il Convento di A Magdalena, anche se non passeremo di fronte ad essa.Innanzitutto giriamo a sinistra, costeggiando il muro del cimitero lungo un sentiero che ci porter\u00e0 al ponte dell&#8217;Aspero, di origine medievale, e che ci permette di attraversare il fiume Celeriro per proseguire sulla nostra strada.<\/p>\n          \n            <p>Dall&#8217;altro lato ci attende un buon tratto di terra, che corre parallelo al binario del treno, che dobbiamo attraversare tramite un passaggio correttamente segnalato che non presenta pericoli. Dopo di che, attraverseremo un piccolo ruscello su una passerella di legno per affrontare il pendio pi\u00f9 difficile della giornata, che \u00e8 reso pi\u00f9 piacevole grazie all&#8217;imponente quercia che ci accompagna nel nostro cammino e che ci porter\u00e0 al posto di As Paredes, luogo che nasconde un castro di origine preromanica. Dopo questa meravigliosa enclave, ci ritroveremo pi\u00f9 tardi con Vilei, dove troveremo molti servizi utili per quello di cui abbiamo bisogno, anche se vogliamo ignorare l&#8217;offerta del luogo, possiamo scegliere di riposare all&#8217;uscita del nucleo del quartiere, dove troveremo una fonte d&#8217;acqua naturale e un luogo di riposo per recuperare la forza.<\/p>\n          \n            <p>Ora ci dirigiamo verso Barbadelo,una tappa obbligatoria anche se significa deviare a pochi metri dal cammino, per vedere la sua chiesa in onore di Santiago di epoca romana e il suo imponente cimitero. Superiamo questa localit\u00e1 lasciando il riparo pubblico sulla destra e proseguiamo (anche se a questo punto ci sono due piccoli pendii che solo pochi metri dopo si ricongiungono) il sentiero porta al posto di Rente e poi a Mercado da Serra, conosciuto con questo nome per il mercato che si teneva in questo luogo nel Medioevo. Attraversiamo a questo punto la strada locale LU-5709 , osservando con cautela le indicazioni per non perderci e non cadere nella trappola dei mercanti che vogliono portarci ai loro stabilimenti sviandoci dal nostro percorso e, continuiamo sotto una cupola di alberi che ci proteggono mentre camminiamo fino a raggiungere una fontana decorata dal famoso Pelegrin, la mascotte dell&#8217;anno Xacobeo 1993. Dopodich\u00e9, continuiamo lasciandoci alle spalle il mulino Marz\u00e1n, e svoltiamo a destra in discesa per poi superare un piccolo ruscello su una passerella costruita con lastre di pietra.<\/p>\n          \n            <p>Di nuovo attraverseremo una strada, questa volta la LU-633 per raggiungere Leiman e Peruscallo, dove possiamo vedere i granai di legno che mantengono le radici della profonda Galizia. Il percorso ora ci porta a Corti\u00f1as, con l&#8217;inestimabile compagnia delle querce, che ci accompagneranno fino a Lavandeira. Accompagnati da muri di pietra e da percorsi pi\u00f9 asfaltati raggiungiamo il luogo di Brea, dove troveremo una pietra miliare che indica che rimangono esattamente 100 chilometri fino a Santiago ma che \u00e8 un falso punto di riferimento, dato che quello reale lo troveremo qualche metro pi\u00f9 avanti, facilmente riconoscibile dal gran numero di graffiti e dalla corona di pietre come segno di penitenza e ricordi che lo incoronano. \u00c8 uno dei punti di riferimento pi\u00f9 emblematici, dal momento che indica la distanza minima per poter ottenere la compostela se facciamo il cammino francese a piedi.<\/p>\n          \n            <p>Continuiamo il percorso che ci porter\u00e0 a Morgade, con la sua fonte del Diavolo e la Cappella della Trinit\u00e0, dove \u00e8 tradizione lasciare note sull&#8217;esperienza di pellegrinaggio vissuta finora. Siamo di fronte a un altro piccolo pendio con un torrente che superiamo su lastre di granito per accedere a Ferreiros, un luogo che ci da il benevenuto al Concello de Paradela. Proseguiamo lungo la strada asfaltata fino a Mirallos, dove inizieremo una leggera discesa e troveremo un&#8217;altra meraviglia del romanico, la Chiesa di Santa Mar\u00eda. \u00c8 ora di risalire leggermente attraverso il terreno asfaltato fino al luogo di A Pena, che lasciamo indietro per continuare ad avanzare verso O Couto e Rozas, dove ancora una volta lasciamo l&#8217;asfalto e ricominciamo un sentiero riparato da querce e pini. Dopo pochi metri troviamo un bivio che dobbiamo intraprendere a sinistra per raggiungere Moimentos, Mercadoiro e Moutr\u00e1s. Il Cammino in direzione verso queste localit\u00e1 non presenta difficolt\u00e0, dove la pi\u00f9 sorprendente \u00e8 la croce di legno che troveremo sulla nostra strada e che i pellegrini hanno adornato con ogni genere di cose, come le promesse da compiere, i propositi per una nuova vita o ricordi della tua stessa avventura.<\/p>\n          \n            <p>Iniziamo la discesa che ci guider\u00e0 a Portomar\u00edn, incontrandoci prima con le parrocchie di Parrocha e Vilach\u00e1. Entrambe ci portano al fiume Mi\u00f1o, sulla nostra discesa per invitarci ad attraversare il ponte che ci accoglie in citt\u00e0. Entriamo attraverso uno degli archi del vecchio ponte medievale e dopo aver passato il Centro virtuale di informazione al pellegrino, la stessa via del pellegrino ci conduce al centro della citt\u00e0 dove concludiamo la nostra tappa.<\/p>\n          \n\n          \n            <a class=\"town-link\" href=\"https:\/\/www.pilgrim.es\/it\/cammino-francese\/sarria\/\">\n              <div class=\"town-link__link-content\">\n                <div class=\"town-link__link-content__text\">\n              <p>Informazioni locali<\/p>\n              <p>Polizia, Assistenza medica, Cosa vedere, Dove mangiare&#8230;<\/p>\n                <\/div>\n                <div class=\"town-link__link-content__town-btn\">\n                  <i class=\"icon-arrow\"><\/i>\n                <\/div>\n              <\/div>\n            <\/a>\n          \n        <\/div>\n        <hr \/>\n      \n      <div>\n        <h4>Km 22.2 &#8231; Portomar\u00edn<\/h4>\n        <a class=\"town-link\" href=\"https:\/\/www.pilgrim.es\/it\/cammino-francese\/portomarin\/\">\n          <div class=\"town-link__link-content\">\n            <div class=\"town-link__link-content__text\">\n              <p>Informazioni locali<\/p>\n              <p>Polizia, Assistenza medica, Cosa vedere, Dove mangiare&#8230;<\/p>\n            <\/div>\n            <div class=\"town-link__link-content__town-btn\">\n              <i class=\"icon-arrow\"><\/i>\n            <\/div>\n          <\/div>\n        <\/a>\n      <\/div>\n    <\/div>\n\n    \n\n  <div id=\"locationsSection\">\n      <h2 class=\"p-h2-stage\">Paesi<\/h2>\n      <hr \/>\n      <h3 class=\"p-h3-stage\">Villaggi<\/h3>\n      <div class=\"grid-container\">\n\n        <div class=\"p-group card-stage p-max-w-full\">\n          <a href=\"https:\/\/www.pilgrim.es\/it\/cammino-francese\/sarria\/\" class=\"town-card\">\n            <div class=\"card-stage__header\">\n              <img decoding=\"async\" src=\"https:\/\/cdn.pilgrim.es\/web\/caminos\/camino-frances\/pueblos\/sarria\/sarria.jpg\" alt=\"Sarria\" class=\"group-hover:p-scale-110\" \/>\n              <div class=\"card-overlay group-hover:p-opacity-50\"><\/div>\n            <\/div>\n            <div class=\"town-card__flex-container\">\n              <div class=\"town-card__flex-container__info\">\n                <h3>Sarria<\/h3>\n                <p>Provincia: Lugo<\/p>\n              <\/div>\n              <div class=\"town-card__flex-container__btn\">\n                <i class=\"icon-arrow\"><\/i>\n              <\/div>\n            <\/div>\n          <\/a>\n        <\/div>\n        <div class=\"p-group card-stage p-max-w-full\">\n          <a href=\"https:\/\/www.pilgrim.es\/it\/cammino-francese\/portomarin\/\" class=\"town-card\">\n            <div class=\"card-stage__header\">\n              <img decoding=\"async\" src=\"https:\/\/cdn.pilgrim.es\/web\/caminos\/camino-frances\/pueblos\/portomarin\/portomarin.jpg\" alt=\"Portomar\u00edn\" class=\"group-hover:p-scale-110\" \/>\n              <div class=\"card-overlay group-hover:p-opacity-50\"><\/div>\n            <\/div>\n            <div class=\"town-card__flex-container\">\n              <div class=\"town-card__flex-container__info\">\n                <h3>Portomar\u00edn<\/h3>\n                <p>Provincia: Lugo<\/p>\n              <\/div>\n              <div class=\"town-card__flex-container__btn\">\n                <i class=\"icon-arrow\"><\/i>\n              <\/div>\n            <\/div>\n          <\/a>\n        <\/div>\n      <\/div>\n    <\/div>\n    <hr class=\"single-bar\" \/>\n  <\/div>\n<\/section>\n\n<section id=\"stageChange\">\n  <div>\n    <a href=\"\/it\/cammino-francese\/tappa-28-triacastela-sarria\/\" class=\"change-btn\">\n    <div class=\"change-btn\">\n      <div class=\"btn-arrow previous\">\n        <i class=\"icon-arrow\"><\/i>\n      <\/div>\n      <div class=\"change-btn__info\">\n        <div>Tappa 28<\/div>\n        <p>\n          Triacastela \u276f <br> Sarria\n        <\/p>\n      <\/div>\n    <\/div>\n    <\/a>\n    <a href=\"\/it\/cammino-francese\/tappa-30-portomarin-palas-de-rei\/\" class=\"change-btn\">\n      <div class=\"change-btn__info\">\n        <div>Tappa 30<\/div>\n        <p>\n          Portomar\u00edn \u276f <br> Palas de Rei\n        <\/p>\n      <\/div>\n      <div class=\"btn-arrow\">\n        <i class=\"icon-arrow\"><\/i>\n      <\/div>\n    <\/a>\n  <\/div>\n<\/section> ","protected":false},"excerpt":{"rendered":"<p>Cammino Francese: tappa 29 A piedi 33 Tappe \/ 764 Kms Sarria &#10093; Portomar\u00edn 22.2 Km &#10094; Tappa 28 Tappa 30 &#10095; Informazioni Profilo Itinerario Paesi Informazioni Informazioni su questa tappa Oggi inizia il Camino per molti dei nostri pellegrini, perch\u00e9 Sarria \u00e8 uno dei punti di partenza per eccellenza dato che questa citt\u00e0 nella &hellip; <\/p>\n<p class=\"read_more\"><a href=\"https:\/\/www.pilgrim.es\/it\/cammino-francese\/tappa-29-sarria-portomarin\/\">Leer m\u00e1s<\/a><\/p>\n","protected":false},"author":4,"featured_media":11418,"parent":10735,"menu_order":0,"comment_status":"closed","ping_status":"closed","template":"views\/template-new-web-design.blade.php","meta":{"footnotes":""},"categories":[],"tags":[],"class_list":["post-34637","page","type-page","status-publish","has-post-thumbnail","hentry"],"yoast_head":"<!-- This site is optimized with the Yoast SEO plugin v27.4 - https:\/\/yoast.com\/product\/yoast-seo-wordpress\/ -->\n<title>Camino Franc\u00e9s desde Sarria a Portomar\u00edn | Camino de Santiago | Pilgrim<\/title>\n<meta name=\"description\" content=\"Cammino Francese: Tappa 29 del Cammino de Santiago che corre tra Sarria e Portomar\u00edn. scopri tutta l&#039;informazione necessaria e pianifica la tua tappa.\" \/>\n<meta name=\"robots\" content=\"index, follow, max-snippet:-1, max-image-preview:large, max-video-preview:-1\" \/>\n<link rel=\"canonical\" href=\"https:\/\/www.pilgrim.es\/it\/cammino-francese\/tappa-29-sarria-portomarin\/\" \/>\n<meta property=\"og:locale\" content=\"it_IT\" \/>\n<meta property=\"og:type\" content=\"article\" \/>\n<meta property=\"og:title\" content=\"Camino Franc\u00e9s desde Sarria a Portomar\u00edn | Camino de Santiago | Pilgrim\" \/>\n<meta property=\"og:description\" content=\"Cammino Francese: Tappa 29 del Cammino de Santiago che corre tra Sarria e Portomar\u00edn. scopri tutta l&#039;informazione necessaria e pianifica la tua tappa.\" \/>\n<meta property=\"og:url\" content=\"https:\/\/www.pilgrim.es\/it\/cammino-francese\/tappa-29-sarria-portomarin\/\" \/>\n<meta property=\"og:site_name\" content=\"Pilgrim\" \/>\n<meta property=\"article:publisher\" content=\"https:\/\/www.facebook.com\/pilgrim.es\/\" \/>\n<meta property=\"article:modified_time\" content=\"2025-03-24T15:28:41+00:00\" \/>\n<meta property=\"og:image\" content=\"https:\/\/www.pilgrim.es\/wp-content\/uploads\/2019\/02\/camino_frances_etapa_29.jpg\" \/>\n\t<meta property=\"og:image:width\" content=\"1635\" \/>\n\t<meta property=\"og:image:height\" content=\"548\" \/>\n\t<meta property=\"og:image:type\" content=\"image\/jpeg\" \/>\n<meta name=\"twitter:card\" content=\"summary_large_image\" \/>\n<meta name=\"twitter:site\" content=\"@pilgrim_es\" \/>\n<meta name=\"twitter:label1\" content=\"Tempo di lettura stimato\" \/>\n\t<meta name=\"twitter:data1\" content=\"6 minuti\" \/>\n<script type=\"application\/ld+json\" class=\"yoast-schema-graph\">{\"@context\":\"https:\\\/\\\/schema.org\",\"@graph\":[{\"@type\":\"WebPage\",\"@id\":\"https:\\\/\\\/www.pilgrim.es\\\/it\\\/cammino-francese\\\/tappa-29-sarria-portomarin\\\/\",\"url\":\"https:\\\/\\\/www.pilgrim.es\\\/it\\\/cammino-francese\\\/tappa-29-sarria-portomarin\\\/\",\"name\":\"Camino Franc\u00e9s desde Sarria a Portomar\u00edn | Camino de Santiago | Pilgrim\",\"isPartOf\":{\"@id\":\"https:\\\/\\\/www.pilgrim.es\\\/it\\\/#website\"},\"primaryImageOfPage\":{\"@id\":\"https:\\\/\\\/www.pilgrim.es\\\/it\\\/cammino-francese\\\/tappa-29-sarria-portomarin\\\/#primaryimage\"},\"image\":{\"@id\":\"https:\\\/\\\/www.pilgrim.es\\\/it\\\/cammino-francese\\\/tappa-29-sarria-portomarin\\\/#primaryimage\"},\"thumbnailUrl\":\"https:\\\/\\\/www.pilgrim.es\\\/wp-content\\\/uploads\\\/2019\\\/02\\\/camino_frances_etapa_29.jpg\",\"datePublished\":\"2019-04-16T11:51:01+00:00\",\"dateModified\":\"2025-03-24T15:28:41+00:00\",\"description\":\"Cammino Francese: Tappa 29 del Cammino de Santiago che corre tra Sarria e Portomar\u00edn. scopri tutta l'informazione necessaria e pianifica la tua tappa.\",\"breadcrumb\":{\"@id\":\"https:\\\/\\\/www.pilgrim.es\\\/it\\\/cammino-francese\\\/tappa-29-sarria-portomarin\\\/#breadcrumb\"},\"inLanguage\":\"it-IT\",\"potentialAction\":[{\"@type\":\"ReadAction\",\"target\":[\"https:\\\/\\\/www.pilgrim.es\\\/it\\\/cammino-francese\\\/tappa-29-sarria-portomarin\\\/\"]}]},{\"@type\":\"ImageObject\",\"inLanguage\":\"it-IT\",\"@id\":\"https:\\\/\\\/www.pilgrim.es\\\/it\\\/cammino-francese\\\/tappa-29-sarria-portomarin\\\/#primaryimage\",\"url\":\"https:\\\/\\\/www.pilgrim.es\\\/wp-content\\\/uploads\\\/2019\\\/02\\\/camino_frances_etapa_29.jpg\",\"contentUrl\":\"https:\\\/\\\/www.pilgrim.es\\\/wp-content\\\/uploads\\\/2019\\\/02\\\/camino_frances_etapa_29.jpg\",\"width\":1635,\"height\":548,\"caption\":\"Mappa tappa 29 Cammino Francese\"},{\"@type\":\"BreadcrumbList\",\"@id\":\"https:\\\/\\\/www.pilgrim.es\\\/it\\\/cammino-francese\\\/tappa-29-sarria-portomarin\\\/#breadcrumb\",\"itemListElement\":[{\"@type\":\"ListItem\",\"position\":1,\"name\":\"Camino de Santiago\",\"item\":\"https:\\\/\\\/www.pilgrim.es\\\/it\\\/\"},{\"@type\":\"ListItem\",\"position\":2,\"name\":\"Cammino Francese | tappa 29: Sarria &#8211; Portomar\u00edn\"}]},{\"@type\":\"WebSite\",\"@id\":\"https:\\\/\\\/www.pilgrim.es\\\/it\\\/#website\",\"url\":\"https:\\\/\\\/www.pilgrim.es\\\/it\\\/\",\"name\":\"Pilgrim\",\"description\":\"Camino de Santiago | Caminamos Contigo\",\"publisher\":{\"@id\":\"https:\\\/\\\/www.pilgrim.es\\\/it\\\/#organization\"},\"potentialAction\":[{\"@type\":\"SearchAction\",\"target\":{\"@type\":\"EntryPoint\",\"urlTemplate\":\"https:\\\/\\\/www.pilgrim.es\\\/it\\\/?s={search_term_string}\"},\"query-input\":{\"@type\":\"PropertyValueSpecification\",\"valueRequired\":true,\"valueName\":\"search_term_string\"}}],\"inLanguage\":\"it-IT\"},{\"@type\":\"Organization\",\"@id\":\"https:\\\/\\\/www.pilgrim.es\\\/it\\\/#organization\",\"name\":\"Pilgrim Camino de Santiago\",\"url\":\"https:\\\/\\\/www.pilgrim.es\\\/it\\\/\",\"logo\":{\"@type\":\"ImageObject\",\"inLanguage\":\"it-IT\",\"@id\":\"https:\\\/\\\/www.pilgrim.es\\\/it\\\/#\\\/schema\\\/logo\\\/image\\\/\",\"url\":\"https:\\\/\\\/www.pilgrim.es\\\/wp-content\\\/uploads\\\/2019\\\/04\\\/logo_pilgrim.png\",\"contentUrl\":\"https:\\\/\\\/www.pilgrim.es\\\/wp-content\\\/uploads\\\/2019\\\/04\\\/logo_pilgrim.png\",\"width\":512,\"height\":512,\"caption\":\"Pilgrim Camino de Santiago\"},\"image\":{\"@id\":\"https:\\\/\\\/www.pilgrim.es\\\/it\\\/#\\\/schema\\\/logo\\\/image\\\/\"},\"sameAs\":[\"https:\\\/\\\/www.facebook.com\\\/pilgrim.es\\\/\",\"https:\\\/\\\/x.com\\\/pilgrim_es\",\"https:\\\/\\\/www.instagram.com\\\/pilgrim.es\\\/\",\"https:\\\/\\\/www.linkedin.com\\\/company\\\/pilgrim-camino-de-santiago\\\/\",\"https:\\\/\\\/www.pinterest.es\\\/pilgrimcaminodesantiago\\\/\",\"https:\\\/\\\/www.youtube.com\\\/channel\\\/UCIv2ZzFLXVqthkNF32rKedw\\\/featured\"]}]}<\/script>\n<!-- \/ Yoast SEO plugin. -->","yoast_head_json":{"title":"Camino Franc\u00e9s desde Sarria a Portomar\u00edn | Camino de Santiago | Pilgrim","description":"Cammino Francese: Tappa 29 del Cammino de Santiago che corre tra Sarria e Portomar\u00edn. scopri tutta l'informazione necessaria e pianifica la tua tappa.","robots":{"index":"index","follow":"follow","max-snippet":"max-snippet:-1","max-image-preview":"max-image-preview:large","max-video-preview":"max-video-preview:-1"},"canonical":"https:\/\/www.pilgrim.es\/it\/cammino-francese\/tappa-29-sarria-portomarin\/","og_locale":"it_IT","og_type":"article","og_title":"Camino Franc\u00e9s desde Sarria a Portomar\u00edn | Camino de Santiago | Pilgrim","og_description":"Cammino Francese: Tappa 29 del Cammino de Santiago che corre tra Sarria e Portomar\u00edn. scopri tutta l'informazione necessaria e pianifica la tua tappa.","og_url":"https:\/\/www.pilgrim.es\/it\/cammino-francese\/tappa-29-sarria-portomarin\/","og_site_name":"Pilgrim","article_publisher":"https:\/\/www.facebook.com\/pilgrim.es\/","article_modified_time":"2025-03-24T15:28:41+00:00","og_image":[{"width":1635,"height":548,"url":"https:\/\/www.pilgrim.es\/wp-content\/uploads\/2019\/02\/camino_frances_etapa_29.jpg","type":"image\/jpeg"}],"twitter_card":"summary_large_image","twitter_site":"@pilgrim_es","twitter_misc":{"Tempo di lettura stimato":"6 minuti"},"schema":{"@context":"https:\/\/schema.org","@graph":[{"@type":"WebPage","@id":"https:\/\/www.pilgrim.es\/it\/cammino-francese\/tappa-29-sarria-portomarin\/","url":"https:\/\/www.pilgrim.es\/it\/cammino-francese\/tappa-29-sarria-portomarin\/","name":"Camino Franc\u00e9s desde Sarria a Portomar\u00edn | Camino de Santiago | Pilgrim","isPartOf":{"@id":"https:\/\/www.pilgrim.es\/it\/#website"},"primaryImageOfPage":{"@id":"https:\/\/www.pilgrim.es\/it\/cammino-francese\/tappa-29-sarria-portomarin\/#primaryimage"},"image":{"@id":"https:\/\/www.pilgrim.es\/it\/cammino-francese\/tappa-29-sarria-portomarin\/#primaryimage"},"thumbnailUrl":"https:\/\/www.pilgrim.es\/wp-content\/uploads\/2019\/02\/camino_frances_etapa_29.jpg","datePublished":"2019-04-16T11:51:01+00:00","dateModified":"2025-03-24T15:28:41+00:00","description":"Cammino Francese: Tappa 29 del Cammino de Santiago che corre tra Sarria e Portomar\u00edn. scopri tutta l'informazione necessaria e pianifica la tua tappa.","breadcrumb":{"@id":"https:\/\/www.pilgrim.es\/it\/cammino-francese\/tappa-29-sarria-portomarin\/#breadcrumb"},"inLanguage":"it-IT","potentialAction":[{"@type":"ReadAction","target":["https:\/\/www.pilgrim.es\/it\/cammino-francese\/tappa-29-sarria-portomarin\/"]}]},{"@type":"ImageObject","inLanguage":"it-IT","@id":"https:\/\/www.pilgrim.es\/it\/cammino-francese\/tappa-29-sarria-portomarin\/#primaryimage","url":"https:\/\/www.pilgrim.es\/wp-content\/uploads\/2019\/02\/camino_frances_etapa_29.jpg","contentUrl":"https:\/\/www.pilgrim.es\/wp-content\/uploads\/2019\/02\/camino_frances_etapa_29.jpg","width":1635,"height":548,"caption":"Mappa tappa 29 Cammino Francese"},{"@type":"BreadcrumbList","@id":"https:\/\/www.pilgrim.es\/it\/cammino-francese\/tappa-29-sarria-portomarin\/#breadcrumb","itemListElement":[{"@type":"ListItem","position":1,"name":"Camino de Santiago","item":"https:\/\/www.pilgrim.es\/it\/"},{"@type":"ListItem","position":2,"name":"Cammino Francese | tappa 29: Sarria &#8211; Portomar\u00edn"}]},{"@type":"WebSite","@id":"https:\/\/www.pilgrim.es\/it\/#website","url":"https:\/\/www.pilgrim.es\/it\/","name":"Pilgrim","description":"Camino de Santiago | Caminamos Contigo","publisher":{"@id":"https:\/\/www.pilgrim.es\/it\/#organization"},"potentialAction":[{"@type":"SearchAction","target":{"@type":"EntryPoint","urlTemplate":"https:\/\/www.pilgrim.es\/it\/?s={search_term_string}"},"query-input":{"@type":"PropertyValueSpecification","valueRequired":true,"valueName":"search_term_string"}}],"inLanguage":"it-IT"},{"@type":"Organization","@id":"https:\/\/www.pilgrim.es\/it\/#organization","name":"Pilgrim Camino de Santiago","url":"https:\/\/www.pilgrim.es\/it\/","logo":{"@type":"ImageObject","inLanguage":"it-IT","@id":"https:\/\/www.pilgrim.es\/it\/#\/schema\/logo\/image\/","url":"https:\/\/www.pilgrim.es\/wp-content\/uploads\/2019\/04\/logo_pilgrim.png","contentUrl":"https:\/\/www.pilgrim.es\/wp-content\/uploads\/2019\/04\/logo_pilgrim.png","width":512,"height":512,"caption":"Pilgrim Camino de Santiago"},"image":{"@id":"https:\/\/www.pilgrim.es\/it\/#\/schema\/logo\/image\/"},"sameAs":["https:\/\/www.facebook.com\/pilgrim.es\/","https:\/\/x.com\/pilgrim_es","https:\/\/www.instagram.com\/pilgrim.es\/","https:\/\/www.linkedin.com\/company\/pilgrim-camino-de-santiago\/","https:\/\/www.pinterest.es\/pilgrimcaminodesantiago\/","https:\/\/www.youtube.com\/channel\/UCIv2ZzFLXVqthkNF32rKedw\/featured"]}]}},"_links":{"self":[{"href":"https:\/\/www.pilgrim.es\/it\/wp-json\/wp\/v2\/pages\/34637","targetHints":{"allow":["GET"]}}],"collection":[{"href":"https:\/\/www.pilgrim.es\/it\/wp-json\/wp\/v2\/pages"}],"about":[{"href":"https:\/\/www.pilgrim.es\/it\/wp-json\/wp\/v2\/types\/page"}],"author":[{"embeddable":true,"href":"https:\/\/www.pilgrim.es\/it\/wp-json\/wp\/v2\/users\/4"}],"replies":[{"embeddable":true,"href":"https:\/\/www.pilgrim.es\/it\/wp-json\/wp\/v2\/comments?post=34637"}],"version-history":[{"count":5,"href":"https:\/\/www.pilgrim.es\/it\/wp-json\/wp\/v2\/pages\/34637\/revisions"}],"predecessor-version":[{"id":95517,"href":"https:\/\/www.pilgrim.es\/it\/wp-json\/wp\/v2\/pages\/34637\/revisions\/95517"}],"up":[{"embeddable":true,"href":"https:\/\/www.pilgrim.es\/it\/wp-json\/wp\/v2\/pages\/10735"}],"wp:featuredmedia":[{"embeddable":true,"href":"https:\/\/www.pilgrim.es\/it\/wp-json\/wp\/v2\/media\/11418"}],"wp:attachment":[{"href":"https:\/\/www.pilgrim.es\/it\/wp-json\/wp\/v2\/media?parent=34637"}],"wp:term":[{"taxonomy":"category","embeddable":true,"href":"https:\/\/www.pilgrim.es\/it\/wp-json\/wp\/v2\/categories?post=34637"},{"taxonomy":"post_tag","embeddable":true,"href":"https:\/\/www.pilgrim.es\/it\/wp-json\/wp\/v2\/tags?post=34637"}],"curies":[{"name":"wp","href":"https:\/\/api.w.org\/{rel}","templated":true}]}}