{"id":16813,"date":"2019-04-04T12:23:38","date_gmt":"2019-04-04T12:23:38","guid":{"rendered":"https:\/\/desarrollo.pilgrim.es\/cammino-francese\/tappa-32-arzua-o-pedrouzo\/"},"modified":"2025-04-30T08:13:54","modified_gmt":"2025-04-30T08:13:54","slug":"tappa-32-arzua-o-pedrouzo","status":"publish","type":"page","link":"https:\/\/www.pilgrim.es\/it\/cammino-francese\/tappa-32-arzua-o-pedrouzo\/","title":{"rendered":"Cammino Francese | tappa 32: Arz\u00faa &#8211; O Pedrouzo"},"content":{"rendered":"\n<section id=\"heroStage\">\n\t<h1>Cammino Francese &#8231; Tappa 32<\/h1>\n\t<div>\n\t\t<div class=\"hero\" data-background=\"https:\/\/cdn.pilgrim.es\/web\/caminos\/camino-frances\/pueblos\/arzua\/arzua.jpg\">\n\t\t\t<div class=\"hero__container\">\n\t\t\t\t<div class=\"hero__container__labels\">\n\t\t\t\t\t<p>A piedi<\/p>\n\t\t\t\t\t<p>33 Tappe \/ 764 Kms<\/p>\n\t\t\t\t<\/div>\n\t\t\t\t<div class=\"hero__container__stage-name\">\n\t\t\t\t\t<h2>\n\t\t\t\t\t\tArz\u00faa <br \/>\n\t\t\t\t\t\t<span>&#10093;<\/span>\n\t\t\t\t\t\tO Pedrouzo\n\t\t\t\t\t<\/h2>\n\t\t\t\t\t<p>19,3 Km<\/p>\n\t\t\t\t<\/div>\n\t\t\t\t<div class=\"hero__container__stage-changer\">\n\t\t\t\t\t<div class=\"p-flex p-flex-col p-gap-4\">\n\t\t\t\t\t\t<div class=\"stage-control p-w-full p-flex\">\n\t\t\t\t\t\t\t<a class=\"stage-control__link\"\n\t\t\t\t\t\t\t\thref=\"https:\/\/www.pilgrim.es\/it\/cammino-francese\/tappa-31-palas-arzua\/\"><span>&#10094;<\/span> Tappa 31 (Palas\n\t\t\t\t\t\t\t\t&#8211; Arz\u00faa)<\/a>\n\t\t\t\t\t\t<\/div>\n\t\t\t\t\t\t<div class=\"stage-control\">\n\t\t\t\t\t\t\t<a class=\"stage-control__link\"\n\t\t\t\t\t\t\t\thref=\"https:\/\/www.pilgrim.es\/it\/cammino-francese\/tappa-31-melide-arzua\/\"><span>&#10094;<\/span> Tappa 31\n\t\t\t\t\t\t\t\t(Melide &#8211; Arz\u00faa)<\/a>\n\t\t\t\t\t\t<\/div>\n\t\t\t\t\t<\/div>\n\t\t\t\t\t<div class=\"stage-control\">\n\t\t\t\t\t\t<a class=\"stage-control__link\"\n\t\t\t\t\t\t\thref=\"https:\/\/www.pilgrim.es\/it\/cammino-francese\/tappa-33-o-pedrouzo-santiago-de-compostela\/\">Tappa 33\n\t\t\t\t\t\t\t<span>&#10095;<\/span><\/a>\n\t\t\t\t\t<\/div>\n\t\t\t\t<\/div>\n\t\t\t<\/div>\n\t\t<\/div>\n\t\t<div class=\"planner\"><div\r\n  class=\"p-col-span-1 p-rounded-lg p-px-5 p-h-full\"\r\n  style=\"background-image: url('https:\/\/cdn.pilgrim.es\/web\/pilgrim-planner\/bg-plugin-planificador.webp')\"\r\n  rel=\"preload\"\r\n  fetchpriority=\"high\"\r\n  >\r\n    <div class=\"p-text-center p-pt-5 p-text-white p-text-2xl p-font-semibold\">\r\n      Pianifica il tuo cammino    <\/div>\r\n    <div\r\n            id='primary-app'\r\n            data-name='banner'\r\n            data-api='https:\/\/pathfinder.pilgrim.es\/api\/pathfinder\/v2'\r\n            data-mode='normal'\r\n            data-lang='it'\r\n            data-route='1'\r\n            data-destiny='https:\/\/planificador.pilgrim.es'\r\n            data-modality='1'\r\n            data-inline=''\r\n        ><\/div><\/div><\/div>\n\t<\/div>\n<\/section>\n\n<section id=\"scoreBarsStage\">\n\t<section>\r\n  <div class=\"p-flex p-flex-nowrap p-space-x-4 p-py-5 p-overflow-x-auto md:p-grid md:p-grid-cols-3 lg:p-grid-cols-5 md:p-gap-8 md:p-space-x-0 md:p-overflow-hidden scrollbar-thin\">\r\n    <div class=\"p-grid p-grid-cols-4 p-shrink-0 p-w-72 p-snap-start md:p-w-full\">\r\n        <div class=\"p-col-span-1 p-self-center p-text-center p-text-3xl\">\r\n            <i class=\"icon-influx\"><\/i>\r\n        <\/div>\r\n        <div class=\"p-col-span-3 p-flex p-flex-col p-items-start\">\r\n            <div class=\"p-text-start p-text-secondary p-mb-1 p-bold\"> Afflusso <\/div>\r\n            <div class=\"p-w-full p-bg-light p-rounded-full p-h-2 p-relative\">\r\n                <div class=\"p-bg-primary p-h-2 p-rounded-full p-absolute\" style=\"width: 40%;\"><\/div>\r\n            <\/div>\r\n        <\/div>\r\n    <\/div>\r\n\r\n    <div class=\"p-grid p-grid-cols-4 p-shrink-0 p-w-72 p-snap-start md:p-w-full\">\r\n        <div class=\"p-col-span-1 p-self-center p-text-center p-text-3xl\">\r\n            <i class=\"icon-difficulty\"><\/i>\r\n        <\/div>\r\n        <div class=\"p-col-span-3 p-flex p-flex-col p-items-start\">\r\n            <div class=\"p-text-start p-text-secondary p-mb-1 p-bold\"> Difficolt\u00e0 <\/div>\r\n            <div class=\"p-w-full p-bg-light p-rounded-full p-h-2 p-relative\">\r\n                <div class=\"p-bg-primary p-h-2 p-rounded-full p-absolute\" style=\"width: 100%;\"><\/div>\r\n            <\/div>\r\n        <\/div>\r\n    <\/div>\r\n\r\n    <div class=\"p-grid p-grid-cols-4 p-shrink-0 p-w-72 p-snap-start md:p-w-full\">\r\n        <div class=\"p-col-span-1 p-self-center p-text-center p-text-3xl\">\r\n            <i class=\"icon-patrimony\"><\/i>\r\n        <\/div>\r\n        <div class=\"p-col-span-3 p-flex p-flex-col p-items-start\">\r\n            <div class=\"p-text-start p-text-secondary p-mb-1 p-bold\"> Arte\/Storia <\/div>\r\n            <div class=\"p-w-full p-bg-light p-rounded-full p-h-2 p-relative\">\r\n                <div class=\"p-bg-primary p-h-2 p-rounded-full p-absolute\" style=\"width: 20%;\"><\/div>\r\n            <\/div>\r\n        <\/div>\r\n    <\/div>\r\n\r\n    <div class=\"p-grid p-grid-cols-4 p-shrink-0 p-w-72 p-snap-start md:p-w-full\">\r\n        <div class=\"p-col-span-1 p-self-center p-text-center p-text-3xl\">\r\n            <i class=\"icon-nature\"><\/i>\r\n        <\/div>\r\n        <div class=\"p-col-span-3 p-flex p-flex-col p-items-start\">\r\n            <div class=\"p-text-start p-text-secondary p-mb-1 p-bold\"> Natura <\/div>\r\n            <div class=\"p-w-full p-bg-light p-rounded-full p-h-2 p-relative\">\r\n                <div class=\"p-bg-primary p-h-2 p-rounded-full p-absolute\" style=\"width: 40%;\"><\/div>\r\n            <\/div>\r\n        <\/div>\r\n    <\/div>\r\n\r\n    <div class=\"p-grid p-grid-cols-4 p-shrink-0 p-w-72 p-snap-start md:p-w-full\">\r\n        <div class=\"p-col-span-1 p-self-center p-text-center p-text-3xl\">\r\n            <i class=\"icon-urban\"><\/i>\r\n        <\/div>\r\n        <div class=\"p-col-span-3 p-flex p-flex-col p-items-start\">\r\n            <div class=\"p-text-start p-text-secondary p-mb-1 p-bold\"> Cammino Francese <\/div>\r\n            <div class=\"p-w-full p-bg-light p-rounded-full p-h-2 p-relative\">\r\n                <div class=\"p-bg-primary p-h-2 p-rounded-full p-absolute\" style=\"width: 40%;\"><\/div>\r\n            <\/div>\r\n        <\/div>\r\n    <\/div>\r\n  <\/div>\r\n<\/section>\n<\/section>\n\n<div id=\"stage-list-section\"><div class=\"stage-list\">\n    <div class='stage-list__map-card'>\n        <div class='stage-list__map-card__map'>\n            <div class='stage-list__map-card__map__text'>\n                <h2> Pages <\/h2>\n                <p> A piedi<\/p>\n                <p> 0tappe<\/p>\n            <\/div>\n            <div class='stage-list__map-card__map__img'>\n                <img decoding=\"async\" src=\"\" alt=\" mapa \" \/>\n            <\/div>\n        <\/div>\n    <\/div>\n\n    <\/div>\n<\/div>\n\n<section id=\"navStage\">\n\t<div>\n\t\t<nav id=\"tab-navigation-section\" class=\"tab-navigation-section--cols-4\">\n\t\t\t<a href=\"#infoSection\" class=\"active\">Informazioni<\/a>\n\t\t\t<a href=\"#profileSection\">Profilo<\/a>\n\t\t\t<a href=\"#itinerarySection\">Itinerario<\/a>\n\t\t\t<a href=\"#locationsSection\">Paesi<\/a>\n\t\t<\/nav>\n\n\t\t<div id=\"infoSection\">\n\t\t\t<!-- Title Section with Orange Line -->\n\t\t\t<div>\n\t\t\t\t<h2 class=\"p-h2-stage\">Informazioni<\/h2>\n\t\t\t\t<hr class=\"orange-bar\" \/>\n\t\t\t\t<h3 class=\"p-h3-stage\">Informazioni su questa tappa<\/h3>\n\t\t\t<\/div>\n\n\n\t\t\t<p>Ci restano solo due tappe da completare e questa \u00e8 una delle pi\u00f9 semplici che abbiamo\n\t\t\t\trealizzato finora. Con poco pi\u00f9 di 19 km e senza apparente complessit\u00e0, la tappa passa\n\t\t\t\tper vie di servizio tranquille, attraversando boschi e prati e con scarsi divari. L&#8217;unico,\n\t\t\t\tper\u00f2, \u00e8 che dovremo attraversare pi\u00f9 volte la strada.\n\t\t\t<\/p>\n\n\n\t\t\t<div class=\"recomendation-card\">\n\t\t\t\t<div>\n\t\t\t\t\t<i class=\"icon-logo-pilgrim\"><\/i>\n\t\t\t\t\t<h5>Raccomandazione di Pilgrim<\/h5>\n\t\t\t\t<\/div>\n\n\n\t\t\t\t<p>In generale, \u00e8 una fase semplice per qualsiasi tipo di profilo fisico, incluse le persone a mobilit\u00e0\n\t\t\t\t\tridotta, dato che le piste forestali, le strade di servizio e le spalle della strada nazionale\n\t\t\t\t\tdominano il percorso e si trovano tutte in uno stato accettabile.<\/p>\n\n\t\t\t<\/div>\n\t\t<\/div>\n\n\t\t<div id=\"profileSection\">\n\t\t\t<div>\n\t\t\t\t<h2 class=\"p-h2-stage\">Distanza e altitudine<\/h2>\n\t\t\t\t<hr class=\"orange-bar\" \/>\n\t\t\t\t<h3 class=\"p-h3-stage\">Profilo della tappa<\/h3>\n\t\t\t\t<img decoding=\"async\" src=\"https:\/\/cdn.pilgrim.es\/web\/caminos\/camino-frances\/etapas\/etapa-32-arzua-o-pedrouzo\/etapa32-perfil-arzua-o-pedrouzo.jpg\"\n\t\t\t\t\talt=\"Profilo della tappa\" \/>\n\t\t\t<\/div>\n\t\t<\/div>\n\n\t\t<div id=\"itinerarySection\">\n\t\t\t<h2 class=\"p-h2-stage\">Itinerario<\/h2>\n\t\t\t<hr \/>\n\t\t\t<h3 class=\"p-h3-stage\">Percorso<\/h3>\n\n\n\t\t\t<div>\n\t\t\t\t<h4>Km 0 &#8231; Arz\u00faa<\/h4>\n\t\t\t\t<p>Abbandoniamo Arz\u00faa per la via do Carmen e discendiamo su una pista lastricata. Nel\n\t\t\t\t\tnostro percorso incontreremo piccoli villaggi come Pregunto\u00f1o o A Peroxa, dove siamo\n\t\t\t\t\tarrivati dopo aver attraversato la N-547 per un passo inferiore. Continuando a circa un\n\t\t\t\t\tchilometro attraverso una foresta di castagni e querce di una bellezza significativa,\n\t\t\t\t\traggiungiamo un altro piccolo villaggio, As Quintas. Procediamo nella stessa direzione e\n\t\t\t\t\tpassiamo dal posto di A Calzada e poi da Ferreiros. Allora prenderemo una pista sterrata\n\t\t\t\t\tsegnalata a destra della strada e arriveremo a Salceda..<\/p>\n\t\t\t\t<a class=\"town-link\" href=\"https:\/\/www.pilgrim.es\/it\/cammino-francese\/arzua\/\">\n\t\t\t\t\t<div class=\"town-link__link-content\">\n\t\t\t\t\t\t<div class=\"town-link__link-content__text\">\n\t\t\t\t\t\t\t<p>Informazioni locali<\/p>\n\t\t\t\t\t\t\t<p>Polizia, Assistenza medica, Cosa vedere, Dove mangiare&#8230;<\/p>\n\t\t\t\t\t\t<\/div>\n\t\t\t\t\t\t<div class=\"town-link__link-content__town-btn\">\n\t\t\t\t\t\t\t<i class=\"icon-arrow\"><\/i>\n\t\t\t\t\t\t<\/div>\n\t\t\t\t\t<\/div>\n\t\t\t\t<\/a>\n\t\t\t<\/div>\n\t\t\t<hr \/>\n\t\t\t<div>\n\t\t\t\t<h4>Km 11,3 &#8231; Salceda<\/h4>\n\t\t\t\t<p>A Salceda potremo ricostituire forze e viveri, poich\u00e9 disponiamo di vari servizi. Dopo la\n\t\t\t\t\tfermata, continueremo ad andare oltre la N-547 e raggiungere A Brea.\n\t\t\t\t<\/p>\n\t\t\t<\/div>\n\t\t\t<hr \/>\n\t\t\t<div>\n\t\t\t\t<h4>Km 13,2 &#8231; A Brea<\/h4>\n\t\t\t\t<p>Uscendo da A Brea avanzeremo paralleli alla strada e dopo aver attraversato il posto di O Empalme\n\t\t\t\t\tprenderemo una strada a destra che ci porter\u00e0 a Santa Irene.\n\t\t\t\t<\/p>\n\t\t\t<\/div>\n\t\t\t<hr \/>\n\t\t\t<div>\n\t\t\t\t<h4>Km 15,9 &#8231; Santa Irene<\/h4>\n\t\t\t\t<p>Arrivati a Santa Irene, l&#8217;ostello dei pellegrini ci rimarr\u00e0 a destra e il villaggio, dove\n\t\t\t\t\tpotremo trovare numerosi servizi, a sinistra, dall&#8217;altro lato della strada. Passeremo\n\t\t\t\t\tdavanti all&#8217;ostello e scenderemo per attraversare la strada nazionale di un passo\n\t\t\t\t\tinferiore. Cos\u00ec raggiungeremo la prossima popolazione, A R\u00faa, l&#8217;ultima prima di arrivare a\n\t\t\t\t\tdestinazione e finire la tappa.\n\t\t\t\t<\/p>\n\t\t\t<\/div>\n\t\t\t<hr \/>\n\t\t\t<div>\n\t\t\t\t<h4>Km 17,7 &#8231; R\u00faa<\/h4>\n\t\t\t\t<p>Arriveremo a A R\u00faa camminando parallelamente alla strada nazionale, e dopo aver\n\t\t\t\t\tsorpassato questa citt\u00e0 senza uscire dal tracciato. Dovremo attraversare la strada per\n\t\t\t\t\traggiungere il margine sinistro e avanzare di fronte alla pista di servizio fino a vedere la\n\t\t\t\t\tpopolazione di O Pedrouzo. Accederemo al villaggio dal margine stesso della strada,\n\t\t\t\t\tperch\u00e9 questa attraversa il centro ed \u00e8 qui che si raccoglie la maggior parte dei servizi di\n\t\t\t\t\tristorazione e di alloggio. A questo punto poniamo fine alla nostra tappa e ci rimane solo\n\t\t\t\t\tuna giornata per finire il nostro Cammino.\n\t\t\t\t<\/p>\n\t\t\t<\/div>\n\t\t\t<hr \/>\n\t\t\t<div>\n\t\t\t\t<h4>Km 19,3 &#8231; O Pedrouzo<\/h4>\n\t\t\t\t<a class=\"town-link\" href=\"https:\/\/www.pilgrim.es\/it\/cammino-francese\/o-pedrouzo\/\">\n\t\t\t\t\t<div class=\"town-link__link-content\">\n\t\t\t\t\t\t<div class=\"town-link__link-content__text\">\n\t\t\t\t\t\t\t<p>Informazioni locali<\/p>\n\t\t\t\t\t\t\t<p>Polizia, Assistenza medica, Cosa vedere, Dove mangiare&#8230;<\/p>\n\t\t\t\t\t\t<\/div>\n\t\t\t\t\t\t<div class=\"town-link__link-content__town-btn\">\n\t\t\t\t\t\t\t<i class=\"icon-arrow\"><\/i>\n\t\t\t\t\t\t<\/div>\n\t\t\t\t\t<\/div>\n\t\t\t\t<\/a>\n\t\t\t<\/div>\n\t\t<\/div>\n\t\t<div id=\"locationsSection\">\n\t\t\t<h2 class=\"p-h2-stage\">Paesi<\/h2>\n\t\t\t<hr \/>\n\t\t\t<h3 class=\"p-h3-stage\">Villaggi<\/h3>\n\t\t\t<div class=\"grid-container\">\n\n\t\t\t\t<div class=\"p-group card-stage p-max-w-full\">\n\t\t\t\t\t<a href=\"https:\/\/www.pilgrim.es\/it\/cammino-francese\/arzua\/\" class=\"town-card\">\n\t\t\t\t\t\t<div class=\"card-stage__header\">\n\t\t\t\t\t\t\t<img decoding=\"async\" src=\"https:\/\/cdn.pilgrim.es\/web\/caminos\/camino-frances\/pueblos\/arzua\/arzua.jpg\"\n\t\t\t\t\t\t\t\talt=\"Arz\u00faa\" class=\"group-hover:p-scale-110\" \/>\n\t\t\t\t\t\t\t<div class=\"card-overlay group-hover:p-opacity-50\"><\/div>\n\t\t\t\t\t\t<\/div>\n\t\t\t\t\t\t<div class=\"town-card__flex-container\">\n\t\t\t\t\t\t\t<div class=\"town-card__flex-container__info\">\n\t\t\t\t\t\t\t\t<h3>Arz\u00faa<\/h3>\n\t\t\t\t\t\t\t\t<p>Provincia: A Coru\u00f1a<\/p>\n\t\t\t\t\t\t\t<\/div>\n\t\t\t\t\t\t\t<div class=\"town-card__flex-container__btn\">\n\t\t\t\t\t\t\t\t<i class=\"icon-arrow\"><\/i>\n\t\t\t\t\t\t\t<\/div>\n\t\t\t\t\t\t<\/div>\n\t\t\t\t\t<\/a>\n\t\t\t\t<\/div>\n\t\t\t\t<div class=\"p-group card-stage p-max-w-full\">\n\t\t\t\t\t<a href=\"https:\/\/www.pilgrim.es\/it\/cammino-francese\/o-pedrouzo\/\" class=\"town-card\">\n\t\t\t\t\t\t<div class=\"card-stage__header\">\n\t\t\t\t\t\t\t<img decoding=\"async\" src=\"https:\/\/cdn.pilgrim.es\/web\/caminos\/camino-frances\/pueblos\/o-pedrouzo\/o-pedrouzo.jpg\"\n\t\t\t\t\t\t\t\talt=\"O Pedrouzo\" class=\"group-hover:p-scale-110\" \/>\n\t\t\t\t\t\t\t<div class=\"card-overlay group-hover:p-opacity-50\"><\/div>\n\t\t\t\t\t\t<\/div>\n\t\t\t\t\t\t<div class=\"town-card__flex-container\">\n\t\t\t\t\t\t\t<div class=\"town-card__flex-container__info\">\n\t\t\t\t\t\t\t\t<h3>O Pedrouzo<\/h3>\n\t\t\t\t\t\t\t\t<p>Provincia: A Coru\u00f1a<\/p>\n\t\t\t\t\t\t\t<\/div>\n\t\t\t\t\t\t\t<div class=\"town-card__flex-container__btn\">\n\t\t\t\t\t\t\t\t<i class=\"icon-arrow\"><\/i>\n\t\t\t\t\t\t\t<\/div>\n\t\t\t\t\t\t<\/div>\n\t\t\t\t\t<\/a>\n\t\t\t\t<\/div>\n\t\t\t<\/div>\n\t\t<\/div>\n\t\t<hr class=\"single-bar\" \/>\n\t<\/div>\n<\/section>\n\n<section id=\"stageChange\">\n\t<div>\n\t\t<div class=\"p-flex p-flex-col p-gap-4\">\n\t\t\t<a href=\"https:\/\/www.pilgrim.es\/it\/cammino-francese\/tappa-31-palas-arzua\/\" class=\"change-btn\">\n\t\t\t\t<div class=\"change-btn\">\n\t\t\t\t\t<div class=\"btn-arrow previous\">\n\t\t\t\t\t\t<i class=\"icon-arrow\"><\/i>\n\t\t\t\t\t<\/div>\n\t\t\t\t\t<div class=\"change-btn__info\">\n\t\t\t\t\t\t<div>Tappa 31<\/div>\n\t\t\t\t\t\t<p>\n\t\t\t\t\t\t\tPalas de Rei \u276f <br> Arz\u00faa\n\t\t\t\t\t\t<\/p>\n\t\t\t\t\t<\/div>\n\t\t\t\t<\/div>\n\t\t\t<\/a>\n\t\t\t<a href=\"https:\/\/www.pilgrim.es\/it\/cammino-francese\/tappa-31-melide-arzua\/\" class=\"change-btn\">\n\t\t\t\t<div class=\"change-btn\">\n\t\t\t\t\t<div class=\"btn-arrow previous\">\n\t\t\t\t\t\t<i class=\"icon-arrow\"><\/i>\n\t\t\t\t\t<\/div>\n\t\t\t\t\t<div class=\"change-btn__info\">\n\t\t\t\t\t\t<div>Tappa 31<\/div>\n\t\t\t\t\t\t<p>\n\t\t\t\t\t\t\tMelide \u276f <br> Arz\u00faa\n\t\t\t\t\t\t<\/p>\n\t\t\t\t\t<\/div>\n\t\t\t\t<\/div>\n\t\t\t<\/a>\n\t\t<\/div>\n\t\t<a href=\"https:\/\/www.pilgrim.es\/it\/cammino-francese\/tappa-33-o-pedrouzo-santiago-de-compostela\/\" class=\"change-btn p-items-center\">\n\t\t\t<div class=\"change-btn__info\">\n\t\t\t\t<div>Tappa 33<\/div>\n\t\t\t\t<p>\n\t\t\t\t\tO Pedrouzo \u276f <br> Santiago de Compostela\n\t\t\t\t<\/p>\n\t\t\t<\/div>\n\t\t\t<div class=\"btn-arrow\">\n\t\t\t\t<i class=\"icon-arrow\"><\/i>\n\t\t\t<\/div>\n\t\t<\/a>\n\t<\/div>\n<\/section>\n","protected":false},"excerpt":{"rendered":"<p>Cammino Francese &#8231; Tappa 32 A piedi 33 Tappe \/ 764 Kms Arz\u00faa &#10093; O Pedrouzo 19,3 Km &#10094; Tappa 31 (Palas &#8211; Arz\u00faa) &#10094; Tappa 31 (Melide &#8211; Arz\u00faa) Tappa 33 &#10095; Informazioni Profilo Itinerario Paesi Informazioni Informazioni su questa tappa Ci restano solo due tappe da completare e questa \u00e8 una delle pi\u00f9 &hellip; <\/p>\n<p class=\"read_more\"><a href=\"https:\/\/www.pilgrim.es\/it\/cammino-francese\/tappa-32-arzua-o-pedrouzo\/\">Leer m\u00e1s<\/a><\/p>\n","protected":false},"author":4,"featured_media":11447,"parent":10735,"menu_order":0,"comment_status":"closed","ping_status":"closed","template":"views\/template-new-web-design.blade.php","meta":{"footnotes":""},"categories":[],"tags":[],"class_list":["post-16813","page","type-page","status-publish","has-post-thumbnail","hentry"],"yoast_head":"<!-- This site is optimized with the Yoast SEO plugin v27.4 - https:\/\/yoast.com\/product\/yoast-seo-wordpress\/ -->\n<title>Camino Franc\u00e9s desde Arz\u00faa a O Pedrouzo | Camino de Santiago | Pilgrim<\/title>\n<meta name=\"description\" content=\"Cammino Francese: tappa 32 del Cammino di Santiago che scorre entre Arz\u00faa y O Pedrouzo. Scopri tutte le informazioni di interesse e pianifica la tua tappa.\" \/>\n<meta name=\"robots\" content=\"index, follow, max-snippet:-1, max-image-preview:large, max-video-preview:-1\" \/>\n<link rel=\"canonical\" href=\"https:\/\/www.pilgrim.es\/it\/cammino-francese\/tappa-32-arzua-o-pedrouzo\/\" \/>\n<meta property=\"og:locale\" content=\"it_IT\" \/>\n<meta property=\"og:type\" content=\"article\" \/>\n<meta property=\"og:title\" content=\"Camino Franc\u00e9s desde Arz\u00faa a O Pedrouzo | Camino de Santiago | Pilgrim\" \/>\n<meta property=\"og:description\" content=\"Cammino Francese: tappa 32 del Cammino di Santiago che scorre entre Arz\u00faa y O Pedrouzo. Scopri tutte le informazioni di interesse e pianifica la tua tappa.\" \/>\n<meta property=\"og:url\" content=\"https:\/\/www.pilgrim.es\/it\/cammino-francese\/tappa-32-arzua-o-pedrouzo\/\" \/>\n<meta property=\"og:site_name\" content=\"Pilgrim\" \/>\n<meta property=\"article:publisher\" content=\"https:\/\/www.facebook.com\/pilgrim.es\/\" \/>\n<meta property=\"article:modified_time\" content=\"2025-04-30T08:13:54+00:00\" \/>\n<meta property=\"og:image\" content=\"https:\/\/www.pilgrim.es\/wp-content\/uploads\/2019\/02\/camino_frances_etapa_32.jpg\" \/>\n\t<meta property=\"og:image:width\" content=\"1633\" \/>\n\t<meta property=\"og:image:height\" content=\"548\" \/>\n\t<meta property=\"og:image:type\" content=\"image\/jpeg\" \/>\n<meta name=\"twitter:card\" content=\"summary_large_image\" \/>\n<meta name=\"twitter:site\" content=\"@pilgrim_es\" \/>\n<meta name=\"twitter:label1\" content=\"Tempo di lettura stimato\" \/>\n\t<meta name=\"twitter:data1\" content=\"9 minuti\" \/>\n<script type=\"application\/ld+json\" class=\"yoast-schema-graph\">{\"@context\":\"https:\\\/\\\/schema.org\",\"@graph\":[{\"@type\":\"WebPage\",\"@id\":\"https:\\\/\\\/www.pilgrim.es\\\/it\\\/cammino-francese\\\/tappa-32-arzua-o-pedrouzo\\\/\",\"url\":\"https:\\\/\\\/www.pilgrim.es\\\/it\\\/cammino-francese\\\/tappa-32-arzua-o-pedrouzo\\\/\",\"name\":\"Camino Franc\u00e9s desde Arz\u00faa a O Pedrouzo | Camino de Santiago | Pilgrim\",\"isPartOf\":{\"@id\":\"https:\\\/\\\/www.pilgrim.es\\\/it\\\/#website\"},\"primaryImageOfPage\":{\"@id\":\"https:\\\/\\\/www.pilgrim.es\\\/it\\\/cammino-francese\\\/tappa-32-arzua-o-pedrouzo\\\/#primaryimage\"},\"image\":{\"@id\":\"https:\\\/\\\/www.pilgrim.es\\\/it\\\/cammino-francese\\\/tappa-32-arzua-o-pedrouzo\\\/#primaryimage\"},\"thumbnailUrl\":\"https:\\\/\\\/www.pilgrim.es\\\/wp-content\\\/uploads\\\/2019\\\/02\\\/camino_frances_etapa_32.jpg\",\"datePublished\":\"2019-04-04T12:23:38+00:00\",\"dateModified\":\"2025-04-30T08:13:54+00:00\",\"description\":\"Cammino Francese: tappa 32 del Cammino di Santiago che scorre entre Arz\u00faa y O Pedrouzo. Scopri tutte le informazioni di interesse e pianifica la tua tappa.\",\"breadcrumb\":{\"@id\":\"https:\\\/\\\/www.pilgrim.es\\\/it\\\/cammino-francese\\\/tappa-32-arzua-o-pedrouzo\\\/#breadcrumb\"},\"inLanguage\":\"it-IT\",\"potentialAction\":[{\"@type\":\"ReadAction\",\"target\":[\"https:\\\/\\\/www.pilgrim.es\\\/it\\\/cammino-francese\\\/tappa-32-arzua-o-pedrouzo\\\/\"]}]},{\"@type\":\"ImageObject\",\"inLanguage\":\"it-IT\",\"@id\":\"https:\\\/\\\/www.pilgrim.es\\\/it\\\/cammino-francese\\\/tappa-32-arzua-o-pedrouzo\\\/#primaryimage\",\"url\":\"https:\\\/\\\/www.pilgrim.es\\\/wp-content\\\/uploads\\\/2019\\\/02\\\/camino_frances_etapa_32.jpg\",\"contentUrl\":\"https:\\\/\\\/www.pilgrim.es\\\/wp-content\\\/uploads\\\/2019\\\/02\\\/camino_frances_etapa_32.jpg\",\"width\":1633,\"height\":548,\"caption\":\"Mappa tappa 32 Cammino Francese\"},{\"@type\":\"BreadcrumbList\",\"@id\":\"https:\\\/\\\/www.pilgrim.es\\\/it\\\/cammino-francese\\\/tappa-32-arzua-o-pedrouzo\\\/#breadcrumb\",\"itemListElement\":[{\"@type\":\"ListItem\",\"position\":1,\"name\":\"Camino de Santiago\",\"item\":\"https:\\\/\\\/www.pilgrim.es\\\/it\\\/\"},{\"@type\":\"ListItem\",\"position\":2,\"name\":\"Cammino Francese\",\"item\":\"https:\\\/\\\/www.pilgrim.es\\\/it\\\/cammino-francese\\\/\"},{\"@type\":\"ListItem\",\"position\":3,\"name\":\"Cammino Francese | tappa 32: Arz\u00faa &#8211; O Pedrouzo\"}]},{\"@type\":\"WebSite\",\"@id\":\"https:\\\/\\\/www.pilgrim.es\\\/it\\\/#website\",\"url\":\"https:\\\/\\\/www.pilgrim.es\\\/it\\\/\",\"name\":\"Pilgrim\",\"description\":\"Camino de Santiago | Caminamos Contigo\",\"publisher\":{\"@id\":\"https:\\\/\\\/www.pilgrim.es\\\/it\\\/#organization\"},\"potentialAction\":[{\"@type\":\"SearchAction\",\"target\":{\"@type\":\"EntryPoint\",\"urlTemplate\":\"https:\\\/\\\/www.pilgrim.es\\\/it\\\/?s={search_term_string}\"},\"query-input\":{\"@type\":\"PropertyValueSpecification\",\"valueRequired\":true,\"valueName\":\"search_term_string\"}}],\"inLanguage\":\"it-IT\"},{\"@type\":\"Organization\",\"@id\":\"https:\\\/\\\/www.pilgrim.es\\\/it\\\/#organization\",\"name\":\"Pilgrim Camino de Santiago\",\"url\":\"https:\\\/\\\/www.pilgrim.es\\\/it\\\/\",\"logo\":{\"@type\":\"ImageObject\",\"inLanguage\":\"it-IT\",\"@id\":\"https:\\\/\\\/www.pilgrim.es\\\/it\\\/#\\\/schema\\\/logo\\\/image\\\/\",\"url\":\"https:\\\/\\\/www.pilgrim.es\\\/wp-content\\\/uploads\\\/2019\\\/04\\\/logo_pilgrim.png\",\"contentUrl\":\"https:\\\/\\\/www.pilgrim.es\\\/wp-content\\\/uploads\\\/2019\\\/04\\\/logo_pilgrim.png\",\"width\":512,\"height\":512,\"caption\":\"Pilgrim Camino de Santiago\"},\"image\":{\"@id\":\"https:\\\/\\\/www.pilgrim.es\\\/it\\\/#\\\/schema\\\/logo\\\/image\\\/\"},\"sameAs\":[\"https:\\\/\\\/www.facebook.com\\\/pilgrim.es\\\/\",\"https:\\\/\\\/x.com\\\/pilgrim_es\",\"https:\\\/\\\/www.instagram.com\\\/pilgrim.es\\\/\",\"https:\\\/\\\/www.linkedin.com\\\/company\\\/pilgrim-camino-de-santiago\\\/\",\"https:\\\/\\\/www.pinterest.es\\\/pilgrimcaminodesantiago\\\/\",\"https:\\\/\\\/www.youtube.com\\\/channel\\\/UCIv2ZzFLXVqthkNF32rKedw\\\/featured\"]}]}<\/script>\n<!-- \/ Yoast SEO plugin. -->","yoast_head_json":{"title":"Camino Franc\u00e9s desde Arz\u00faa a O Pedrouzo | Camino de Santiago | Pilgrim","description":"Cammino Francese: tappa 32 del Cammino di Santiago che scorre entre Arz\u00faa y O Pedrouzo. Scopri tutte le informazioni di interesse e pianifica la tua tappa.","robots":{"index":"index","follow":"follow","max-snippet":"max-snippet:-1","max-image-preview":"max-image-preview:large","max-video-preview":"max-video-preview:-1"},"canonical":"https:\/\/www.pilgrim.es\/it\/cammino-francese\/tappa-32-arzua-o-pedrouzo\/","og_locale":"it_IT","og_type":"article","og_title":"Camino Franc\u00e9s desde Arz\u00faa a O Pedrouzo | Camino de Santiago | Pilgrim","og_description":"Cammino Francese: tappa 32 del Cammino di Santiago che scorre entre Arz\u00faa y O Pedrouzo. Scopri tutte le informazioni di interesse e pianifica la tua tappa.","og_url":"https:\/\/www.pilgrim.es\/it\/cammino-francese\/tappa-32-arzua-o-pedrouzo\/","og_site_name":"Pilgrim","article_publisher":"https:\/\/www.facebook.com\/pilgrim.es\/","article_modified_time":"2025-04-30T08:13:54+00:00","og_image":[{"width":1633,"height":548,"url":"https:\/\/www.pilgrim.es\/wp-content\/uploads\/2019\/02\/camino_frances_etapa_32.jpg","type":"image\/jpeg"}],"twitter_card":"summary_large_image","twitter_site":"@pilgrim_es","twitter_misc":{"Tempo di lettura stimato":"9 minuti"},"schema":{"@context":"https:\/\/schema.org","@graph":[{"@type":"WebPage","@id":"https:\/\/www.pilgrim.es\/it\/cammino-francese\/tappa-32-arzua-o-pedrouzo\/","url":"https:\/\/www.pilgrim.es\/it\/cammino-francese\/tappa-32-arzua-o-pedrouzo\/","name":"Camino Franc\u00e9s desde Arz\u00faa a O Pedrouzo | Camino de Santiago | Pilgrim","isPartOf":{"@id":"https:\/\/www.pilgrim.es\/it\/#website"},"primaryImageOfPage":{"@id":"https:\/\/www.pilgrim.es\/it\/cammino-francese\/tappa-32-arzua-o-pedrouzo\/#primaryimage"},"image":{"@id":"https:\/\/www.pilgrim.es\/it\/cammino-francese\/tappa-32-arzua-o-pedrouzo\/#primaryimage"},"thumbnailUrl":"https:\/\/www.pilgrim.es\/wp-content\/uploads\/2019\/02\/camino_frances_etapa_32.jpg","datePublished":"2019-04-04T12:23:38+00:00","dateModified":"2025-04-30T08:13:54+00:00","description":"Cammino Francese: tappa 32 del Cammino di Santiago che scorre entre Arz\u00faa y O Pedrouzo. Scopri tutte le informazioni di interesse e pianifica la tua tappa.","breadcrumb":{"@id":"https:\/\/www.pilgrim.es\/it\/cammino-francese\/tappa-32-arzua-o-pedrouzo\/#breadcrumb"},"inLanguage":"it-IT","potentialAction":[{"@type":"ReadAction","target":["https:\/\/www.pilgrim.es\/it\/cammino-francese\/tappa-32-arzua-o-pedrouzo\/"]}]},{"@type":"ImageObject","inLanguage":"it-IT","@id":"https:\/\/www.pilgrim.es\/it\/cammino-francese\/tappa-32-arzua-o-pedrouzo\/#primaryimage","url":"https:\/\/www.pilgrim.es\/wp-content\/uploads\/2019\/02\/camino_frances_etapa_32.jpg","contentUrl":"https:\/\/www.pilgrim.es\/wp-content\/uploads\/2019\/02\/camino_frances_etapa_32.jpg","width":1633,"height":548,"caption":"Mappa tappa 32 Cammino Francese"},{"@type":"BreadcrumbList","@id":"https:\/\/www.pilgrim.es\/it\/cammino-francese\/tappa-32-arzua-o-pedrouzo\/#breadcrumb","itemListElement":[{"@type":"ListItem","position":1,"name":"Camino de Santiago","item":"https:\/\/www.pilgrim.es\/it\/"},{"@type":"ListItem","position":2,"name":"Cammino Francese","item":"https:\/\/www.pilgrim.es\/it\/cammino-francese\/"},{"@type":"ListItem","position":3,"name":"Cammino Francese | tappa 32: Arz\u00faa &#8211; O Pedrouzo"}]},{"@type":"WebSite","@id":"https:\/\/www.pilgrim.es\/it\/#website","url":"https:\/\/www.pilgrim.es\/it\/","name":"Pilgrim","description":"Camino de Santiago | Caminamos Contigo","publisher":{"@id":"https:\/\/www.pilgrim.es\/it\/#organization"},"potentialAction":[{"@type":"SearchAction","target":{"@type":"EntryPoint","urlTemplate":"https:\/\/www.pilgrim.es\/it\/?s={search_term_string}"},"query-input":{"@type":"PropertyValueSpecification","valueRequired":true,"valueName":"search_term_string"}}],"inLanguage":"it-IT"},{"@type":"Organization","@id":"https:\/\/www.pilgrim.es\/it\/#organization","name":"Pilgrim Camino de Santiago","url":"https:\/\/www.pilgrim.es\/it\/","logo":{"@type":"ImageObject","inLanguage":"it-IT","@id":"https:\/\/www.pilgrim.es\/it\/#\/schema\/logo\/image\/","url":"https:\/\/www.pilgrim.es\/wp-content\/uploads\/2019\/04\/logo_pilgrim.png","contentUrl":"https:\/\/www.pilgrim.es\/wp-content\/uploads\/2019\/04\/logo_pilgrim.png","width":512,"height":512,"caption":"Pilgrim Camino de Santiago"},"image":{"@id":"https:\/\/www.pilgrim.es\/it\/#\/schema\/logo\/image\/"},"sameAs":["https:\/\/www.facebook.com\/pilgrim.es\/","https:\/\/x.com\/pilgrim_es","https:\/\/www.instagram.com\/pilgrim.es\/","https:\/\/www.linkedin.com\/company\/pilgrim-camino-de-santiago\/","https:\/\/www.pinterest.es\/pilgrimcaminodesantiago\/","https:\/\/www.youtube.com\/channel\/UCIv2ZzFLXVqthkNF32rKedw\/featured"]}]}},"_links":{"self":[{"href":"https:\/\/www.pilgrim.es\/it\/wp-json\/wp\/v2\/pages\/16813","targetHints":{"allow":["GET"]}}],"collection":[{"href":"https:\/\/www.pilgrim.es\/it\/wp-json\/wp\/v2\/pages"}],"about":[{"href":"https:\/\/www.pilgrim.es\/it\/wp-json\/wp\/v2\/types\/page"}],"author":[{"embeddable":true,"href":"https:\/\/www.pilgrim.es\/it\/wp-json\/wp\/v2\/users\/4"}],"replies":[{"embeddable":true,"href":"https:\/\/www.pilgrim.es\/it\/wp-json\/wp\/v2\/comments?post=16813"}],"version-history":[{"count":13,"href":"https:\/\/www.pilgrim.es\/it\/wp-json\/wp\/v2\/pages\/16813\/revisions"}],"predecessor-version":[{"id":130251,"href":"https:\/\/www.pilgrim.es\/it\/wp-json\/wp\/v2\/pages\/16813\/revisions\/130251"}],"up":[{"embeddable":true,"href":"https:\/\/www.pilgrim.es\/it\/wp-json\/wp\/v2\/pages\/10735"}],"wp:featuredmedia":[{"embeddable":true,"href":"https:\/\/www.pilgrim.es\/it\/wp-json\/wp\/v2\/media\/11447"}],"wp:attachment":[{"href":"https:\/\/www.pilgrim.es\/it\/wp-json\/wp\/v2\/media?parent=16813"}],"wp:term":[{"taxonomy":"category","embeddable":true,"href":"https:\/\/www.pilgrim.es\/it\/wp-json\/wp\/v2\/categories?post=16813"},{"taxonomy":"post_tag","embeddable":true,"href":"https:\/\/www.pilgrim.es\/it\/wp-json\/wp\/v2\/tags?post=16813"}],"curies":[{"name":"wp","href":"https:\/\/api.w.org\/{rel}","templated":true}]}}