{"id":16800,"date":"2019-04-04T11:10:13","date_gmt":"2019-04-04T11:10:13","guid":{"rendered":"https:\/\/desarrollo.pilgrim.es\/cammino-francese\/tappa-31-palas-arzua\/"},"modified":"2025-03-24T15:28:50","modified_gmt":"2025-03-24T15:28:50","slug":"tappa-31-palas-arzua","status":"publish","type":"page","link":"https:\/\/www.pilgrim.es\/it\/cammino-francese\/tappa-31-palas-arzua\/","title":{"rendered":"Cammino Francese | Tappa 31: Palas de Rei &#8211; Arz\u00faa"},"content":{"rendered":" <section id=\"heroStage\">\n  <h1>Cammino Francese: Tappa 31<\/h1>\n  <div>\n    <div class=\"hero\" data-background=\"https:\/\/cdn.pilgrim.es\/web\/caminos\/camino-frances\/pueblos\/palas-de-rei\/palas-de-rei.jpg\">\n      <div class=\"hero__container\">\n        <div class=\"hero__container__labels\">\n          <p>A piedi<\/p>\n          <p>33 Tappe \/ 764 Kms<\/p>\n        <\/div>\n        <div class=\"hero__container__stage-name\">\n          <h2>\n            Palas de Rei <br \/>\n            <span>&#10093;<\/span>\n            Arz\u00faa\n          <\/h2>\n          <p>28.5 Km<\/p>\n        <\/div>\n        <div class=\"hero__container__stage-changer\">\n            <div class=\"stage-control\">\n              <a class=\"stage-control__link\" href=\"\/it\/cammino-francese\/tappa-30-portomarin-palas-de-rei\/\"><span>&#10094;<\/span> Tappa 30<\/a>\n            <\/div>\n          <div class=\"stage-control\">\n            <a class=\"stage-control__link\" href=\"\/it\/cammino-francese\/tappa-32-arzua-o-pedrouzo\/\">Tappa 32 <span>&#10095;<\/span><\/a>\n          <\/div>\n        <\/div>\n      <\/div>\n    <\/div>\n    <div class=\"planner\"><div\r\n  class=\"p-col-span-1 p-rounded-lg p-px-5 p-h-full\"\r\n  style=\"background-image: url('https:\/\/cdn.pilgrim.es\/web\/pilgrim-planner\/bg-plugin-planificador.webp')\"\r\n  rel=\"preload\"\r\n  fetchpriority=\"high\"\r\n  >\r\n    <div class=\"p-text-center p-pt-5 p-text-white p-text-2xl p-font-semibold\">\r\n      Pianifica il tuo cammino    <\/div>\r\n    <div\r\n            id='primary-app'\r\n            data-name='banner'\r\n            data-api='https:\/\/pathfinder.pilgrim.es\/api\/pathfinder\/v2'\r\n            data-mode='normal'\r\n            data-lang='it'\r\n            data-route='1'\r\n            data-destiny='https:\/\/planificador.pilgrim.es'\r\n            data-modality='1'\r\n            data-inline=''\r\n        ><\/div><\/div><\/div>\n  <\/div>\n<\/section>\n\n<section id=\"scoreBarsStage\">\n  <section>\r\n  <div class=\"p-flex p-flex-nowrap p-space-x-4 p-py-5 p-overflow-x-auto md:p-grid md:p-grid-cols-3 lg:p-grid-cols-5 md:p-gap-8 md:p-space-x-0 md:p-overflow-hidden scrollbar-thin\">\r\n    <div class=\"p-grid p-grid-cols-4 p-shrink-0 p-w-72 p-snap-start md:p-w-full\">\r\n        <div class=\"p-col-span-1 p-self-center p-text-center p-text-3xl\">\r\n            <i class=\"icon-influx\"><\/i>\r\n        <\/div>\r\n        <div class=\"p-col-span-3 p-flex p-flex-col p-items-start\">\r\n            <div class=\"p-text-start p-text-secondary p-mb-1 p-bold\"> Afflusso <\/div>\r\n            <div class=\"p-w-full p-bg-light p-rounded-full p-h-2 p-relative\">\r\n                <div class=\"p-bg-primary p-h-2 p-rounded-full p-absolute\" style=\"width: 60%;\"><\/div>\r\n            <\/div>\r\n        <\/div>\r\n    <\/div>\r\n\r\n    <div class=\"p-grid p-grid-cols-4 p-shrink-0 p-w-72 p-snap-start md:p-w-full\">\r\n        <div class=\"p-col-span-1 p-self-center p-text-center p-text-3xl\">\r\n            <i class=\"icon-difficulty\"><\/i>\r\n        <\/div>\r\n        <div class=\"p-col-span-3 p-flex p-flex-col p-items-start\">\r\n            <div class=\"p-text-start p-text-secondary p-mb-1 p-bold\"> Difficolt\u00e0 <\/div>\r\n            <div class=\"p-w-full p-bg-light p-rounded-full p-h-2 p-relative\">\r\n                <div class=\"p-bg-primary p-h-2 p-rounded-full p-absolute\" style=\"width: 100%;\"><\/div>\r\n            <\/div>\r\n        <\/div>\r\n    <\/div>\r\n\r\n    <div class=\"p-grid p-grid-cols-4 p-shrink-0 p-w-72 p-snap-start md:p-w-full\">\r\n        <div class=\"p-col-span-1 p-self-center p-text-center p-text-3xl\">\r\n            <i class=\"icon-patrimony\"><\/i>\r\n        <\/div>\r\n        <div class=\"p-col-span-3 p-flex p-flex-col p-items-start\">\r\n            <div class=\"p-text-start p-text-secondary p-mb-1 p-bold\"> Arte\/Storia <\/div>\r\n            <div class=\"p-w-full p-bg-light p-rounded-full p-h-2 p-relative\">\r\n                <div class=\"p-bg-primary p-h-2 p-rounded-full p-absolute\" style=\"width: 40%;\"><\/div>\r\n            <\/div>\r\n        <\/div>\r\n    <\/div>\r\n\r\n    <div class=\"p-grid p-grid-cols-4 p-shrink-0 p-w-72 p-snap-start md:p-w-full\">\r\n        <div class=\"p-col-span-1 p-self-center p-text-center p-text-3xl\">\r\n            <i class=\"icon-nature\"><\/i>\r\n        <\/div>\r\n        <div class=\"p-col-span-3 p-flex p-flex-col p-items-start\">\r\n            <div class=\"p-text-start p-text-secondary p-mb-1 p-bold\"> Natura <\/div>\r\n            <div class=\"p-w-full p-bg-light p-rounded-full p-h-2 p-relative\">\r\n                <div class=\"p-bg-primary p-h-2 p-rounded-full p-absolute\" style=\"width: 60%;\"><\/div>\r\n            <\/div>\r\n        <\/div>\r\n    <\/div>\r\n\r\n    <div class=\"p-grid p-grid-cols-4 p-shrink-0 p-w-72 p-snap-start md:p-w-full\">\r\n        <div class=\"p-col-span-1 p-self-center p-text-center p-text-3xl\">\r\n            <i class=\"icon-urban\"><\/i>\r\n        <\/div>\r\n        <div class=\"p-col-span-3 p-flex p-flex-col p-items-start\">\r\n            <div class=\"p-text-start p-text-secondary p-mb-1 p-bold\"> Cammino Francese <\/div>\r\n            <div class=\"p-w-full p-bg-light p-rounded-full p-h-2 p-relative\">\r\n                <div class=\"p-bg-primary p-h-2 p-rounded-full p-absolute\" style=\"width: 40%;\"><\/div>\r\n            <\/div>\r\n        <\/div>\r\n    <\/div>\r\n  <\/div>\r\n<\/section>\n<\/section>\n\n<div id=\"stage-list-section\"><div class=\"stage-list\">\n    <div class='stage-list__map-card'>\n        <div class='stage-list__map-card__map'>\n            <div class='stage-list__map-card__map__text'>\n                <h2> Pages <\/h2>\n                <p> A piedi<\/p>\n                <p> 0tappe<\/p>\n            <\/div>\n            <div class='stage-list__map-card__map__img'>\n                <img decoding=\"async\" src=\"\" alt=\" mapa \" \/>\n            <\/div>\n        <\/div>\n    <\/div>\n\n    <\/div>\n<\/div>\n\n<section id=\"navStage\">\n  <div>\n    <nav id=\"tab-navigation-section\" class=\"tab-navigation-section--cols-5\">\n      <a href=\"#infoSection\" class=\"active\">Informazioni<\/a>\n      <a href=\"#profileSection\">Profilo<\/a>\n      <a href=\"#itinerarySection\">Itinerario<\/a>\n      \n      <a href=\"#locationsSection\">Paesi<\/a>\n    <\/nav>\n\n    <div id=\"infoSection\">\n      <!-- Title Section with Orange Line -->\n      <div>\n        <h2 class=\"p-h2-stage\">Informazioni<\/h2>\n        <hr class=\"orange-bar\" \/>\n        <h3 class=\"p-h3-stage\">Informazioni su questa tappa<\/h3>\n      <\/div>\n\n      \n        <p>Questa tappa \u00e8 quella con la maggiore distanza di quelle che attraversano il territorio galiziano. In questa tappa la provincia di Lugo viene abbandonata per entrare nelle ultime province attraverso le quali corre:la provincia di A Coru\u00f1a da dove entra attraverso il villaggio di O Coto, confine tra le due province. \u00c8 una tappa impegnativa, con un profilo spezzato e irregolare, dove sono frequenti le salite brevi ma fisicamente difficili, in cui si alternano tratti in uno stato eccezionale di conservazione che attraversano meravigliosi villaggi della profonda Galizia ed aree meno gratificanti come insediamenti industriali o sezioni con uno stato di conservazione molto migliorabile.<\/p>\n      \n        <p>Arrivando alla citt\u00e0 di destinazione, Arz\u00faa, i pellegrini della Via francese si uniscono a quelli che vengono dalla Via del Nord per affrontare le ultime due tappe che li separano da Compostela.<\/p>\n      \n\n      <div class=\"recomendation-card\">\n        <div>\n          <i class=\"icon-logo-pilgrim\"><\/i>\n          <h5>Recomendaci\u00f3n Pilgrim<\/h5>\n        <\/div>\n\n        \n          <p>Alcune sezioni della tappa sono difficili a causa dell&#8217;alternanza di alti e bassi in aree che non sono molto ben conservate o che sono molto umide in inverno, in particolare tra Palas de Rei e Casanova, quindi a volte per le persone con mobilit\u00e0 ridotta \u00e8 necessario studiare la possibilit\u00e0 di prendere la strada LU-663 come percorso alternativo, ma tenendo sempre presente che si tratta di una strada con pericolosit\u00e1 elevata.<\/p>\n        \n          <p>Per i ciclisti \u00e8 una tappa di moderata difficolt\u00e0, perch\u00e9 anche se ci sono discese complicate nelle stagioni piovose, sono facili da superare se facciamo la discesa con attenzione e con la bicicletta adatta.<\/p>\n        \n          <p>Per quelle persone che non godono di un&#8217;adeguata preparazione fisica, \u00e8 conveniente dividere il palco in due:<\/p>\n        \n          <p><strong>Tappa 1: Palas de Rei \u2013 Melide<\/strong>, con una duraci\u00f3n de 15 km<\/p>\n        \n          <p><strong>Tappa 2: Melide \u2013 Arz\u00faa<\/strong>, con una duraci\u00f3n de 14,5 km.<\/p>\n        \n      <\/div>\n    <\/div>\n\n    <div id=\"profileSection\">\n      <div>\n        <h2 class=\"p-h2-stage\">Distanza e altitudine<\/h2>\n        <hr class=\"orange-bar\" \/>\n        <h3 class=\"p-h3-stage\">Profilo<\/h3>\n        <img decoding=\"async\" src=\"https:\/\/cdn.pilgrim.es\/web\/caminos\/camino-frances\/etapas\/etapa-31-palas-arzua\/etapa31-perfil-palas-arzua.jpg\" alt=\"Perfil de la etapa tappa-31-palas-arzua\" \/>\n      <\/div>\n    <\/div>\n\n    <div id=\"itinerarySection\">\n      <h2 class=\"p-h2-stage\">Itinerario<\/h2>\n      <hr \/>\n      <h3 class=\"p-h3-stage\">Percorso<\/h3>\n\n      \n        <div>\n          <h4>Km 0 &#8211; Inicio<\/h4>\n\n          \n            <p>Il cammino lascia la citt\u00e0 di Palas de Rei dalla Nazionale 547, precisamente al chilometro 35, entrando pochi metri pi\u00fa avanti sulla destra e seguendo l&#8217;indicatore Curuxas, tornando di nuovo sulla strada nazionale dopo questo breve soggiorno su un sentiero acciottolato . Sempre a destra, lasciamo la strada seguendo l&#8217;indicatore Carballal, attraversando il villaggio di Riba attraverso una ripida salita; Dopo aver raggiunto la fine del villaggio stesso, scendiamo di nuovo per tornare sulla strada e attraversarlo, questa volta per lasciarlo dietro il margine sinistro, seguendo una pietra miliare del pellegrino che indica il percorso che ci porter\u00e0 lungo un sentiero ben conservato verso San Xuli\u00e1n do Cami\u00f1o, a circa 3 km da Palas de Rei. Una volta sorpassato il villaggio, l&#8217;asfalto cede il passo a un terreno pi\u00f9 naturale, una miscela di terra e pietra, dove a pochi metri di distanza, un incrocio mal indicato ci costringe a prendere la decisione su dove proseguire il nostro percorso, sapendo per\u00f3 che la scelta corretta per continuare il Camino \u00e8 di fronte a noi.<\/p>\n          \n            <p>Superando una serie di saliscendi, ci godremo uno dei tratti pi\u00f9 spettacolari del percorso, con imponenti corridoi e paesaggi degni della vivace foresta, dove rami, pietre e uno scialle verde uniforme si uniscono dando origine a quella meraviglia che chiamiamo semplicemente Galizia. Godiamoci la magia della strada mentre attraversiamo il fiume Pambre e lasciamo il posto di Ponte Campa\u00f1a, appartenente alla parrocchia di Mato, dove troviamo il nostro prossimo passo, Casanova, dove le case ancestrali custodiscono mille storie di Combattenti galiziani e che ci chiamano l&#8217;attenzione. A questo punto, dopo aver camminato per circa 5,6 km, troviamo un rifugio pubblico e uno privato, che funge anche da casa di turismo rurale. Dopo questo, continuiamo lungo la pista asfaltata per alcuni metri e lasciamo a sinistra, tornando nuovamente al sentiero, che ci porter\u00e0 gi\u00f9 nella valle di Porto de Bois, dove attraverseremo il suo fiume per avanzare, questa volta in salita, verso Campanilla. Una volta qui, dobbiamo fermarci a guardare indietro, poich\u00e9 \u00e8 ora di dire addio alla provincia di Lugo, poich\u00e9 nel prossimo punto del nostro viaggio, O Coto, una pietra miliare del pellegrino indicher\u00e0 che abbiamo toccato per la prima volta terra appartenente alla provincia di A Coru\u00f1a.<\/p>\n          \n            <p>La localit\u00e1 di O Coto nasconde una casa di turismo rurale e un droghiere dove possiamo riprendere forza se ne abbiamo bisogno. Dopo il rifornimento, proseguiamo il nostro viaggio lasciando nuovamente la strada sulla sinistra su un sentiero che conduce al villaggio di Leboreiro, uno dei villaggi pi\u00f9 spettacolari del palcoscenico, con un impressionante pavimento di ciottoli e un crocifisso che annuncia l&#8217;arrivo alla Chiesa di Santa Mar\u00eda de Leboreiro, dichiarata dalla Conseller\u00eda de Cultura come patrimonio del Cammino. Continuiamo e il mucchio 56 indica che ci troviamo a Discabio, posto che d\u00e0 accesso a una delle sezioni pi\u00f9 noiose della tappa, che corre parallela alla strada nazionale da una strada di servizio che non lasceremo fino a quando non finir\u00e1 il poligono Industriale di Melide. Vedremo, ora, un nuovo posto che merita di essere menzionato nel nostro diario di bordo, l&#8217;area ricreativa del fiume Furelos, dove mentre attraversiamo questo affluente dell&#8217;Ulla da un imponente ponte medievale con quattro archi, accediamo alla parrocchia di Furelos, che sar\u00e0 il preludio al nostro ingresso in Melide, una delle citt\u00e0 pi\u00f9 grandi del cammino francese in terra galiziana.<\/p>\n          \n            <p>Non possiamo lasciare Melide senza assaggiare il suo famoso polpo, e abbiamo una vasta offerta gastronomica in questa citt\u00e0 considerata l&#8217;epicentro della comunit\u00e0 galiziana e piena di ricchezze culturali che non dovremmo trascurare nel nostro soggiorno.<\/p>\n          \n            <p>Continuiamo il nostro corso ancora sulla strada nazionale 547, che attraversiamo per entrare nel distretto 4603 in direzione di San Marti\u00f1o, girando a destra, pochi metri pi\u00f9 avanti verso Santa Maria de Melide, un piccolo villaggio che conserva una chiesa romanica con una facciata spettacolare in attesa di essere contemplata dagli occhi del pellegrino e se lo si desidera, anche immortalata dalla fotocamera. Tra ampi prati e boschi di eucalipti, abbiamo attraversato i luoghi di Raido e Parabispo ed anche il torrente Valverde, dove dall&#8217;altra parte ci attende il luogo di A Peroxa, anticamera della parrocchia di Boente, divisa in due dalla strada nazionale e dove possiamo trovare una caffetteria e due ostelli privati, cos\u00ec come la fonte della Saleta, un luogo in cui centinaia di pellegrini approfittano dell&#8217;occasione per riempire le loro borracce con acqua naturale.<\/p>\n          \n            <p>Lasciamo Boente di fronte a una dura salita che ci porta alle parrocchie di Figueiroa e Casta\u00f1eda, dove ricominceremo a scendere al torrente Ribeiral, situato tra le parrocchie di Pedrido e R\u00edo. A questo punto il Cammino sale ancora per l&#8217;ennesima volta, dove attraverseremo la strada e arriveremo a un breve tratto di ciottoli e scendiamo in discesa verso quello che \u00e8 forse il luogo pi\u00f9 magico del nostro intero palco, Ribadiso, con un ostello ideale per pernottare. Entriamo a Ribadiso da un ponte sul fiume Iso, sulla riva del quale si trova l&#8217;ostello di cui sopra, con le scale dirette al fiume e un&#8217;area di sosta che difficilmente troveremo in altre tappe. Abbandonare Ribadiso significa non solo lasciare questa enclave paradisiaca, ma anche percorrere i 3,4 km che rimangono fino ad Arz\u00faa, con un pendio fastidioso che corre lungo una strada di servizio parallela all&#8217;autostrada nazionale. Non appena il terreno inizia a livellarsi, finalmente vediamo il cartello d&#8217;ingresso ad Arz\u00faa, che ci riceve a 900 metri dal centro della citt\u00e0, dove finiremo la nostra tappa e troveremo tutti i servizi necessari per finire la giornata.Non dimentichiamoci di provare il formaggio con denominazione di origine che fanno in queste terre.<\/p>\n          \n\n          \n            <a class=\"town-link\" href=\"https:\/\/www.pilgrim.es\/it\/cammino-francese\/palas-de-rei\/\">\n              <div class=\"town-link__link-content\">\n                <div class=\"town-link__link-content__text\">\n              <p>Informazioni locali<\/p>\n              <p>Polizia, Assistenza medica, Cosa vedere, Dove mangiare&#8230;<\/p>\n                <\/div>\n                <div class=\"town-link__link-content__town-btn\">\n                  <i class=\"icon-arrow\"><\/i>\n                <\/div>\n              <\/div>\n            <\/a>\n          \n        <\/div>\n        <hr \/>\n      \n      <div>\n        <h4>Km 28.5 &#8231; Arz\u00faa<\/h4>\n        <a class=\"town-link\" href=\"https:\/\/www.pilgrim.es\/it\/cammino-francese\/arzua\/\">\n          <div class=\"town-link__link-content\">\n            <div class=\"town-link__link-content__text\">\n              <p>Informazioni locali<\/p>\n              <p>Polizia, Assistenza medica, Cosa vedere, Dove mangiare&#8230;<\/p>\n            <\/div>\n            <div class=\"town-link__link-content__town-btn\">\n              <i class=\"icon-arrow\"><\/i>\n            <\/div>\n          <\/div>\n        <\/a>\n      <\/div>\n    <\/div>\n\n    \n\n  <div id=\"locationsSection\">\n      <h2 class=\"p-h2-stage\">Paesi<\/h2>\n      <hr \/>\n      <h3 class=\"p-h3-stage\">Villaggi<\/h3>\n      <div class=\"grid-container\">\n\n        <div class=\"p-group card-stage p-max-w-full\">\n          <a href=\"https:\/\/www.pilgrim.es\/it\/cammino-francese\/palas-de-rei\/\" class=\"town-card\">\n            <div class=\"card-stage__header\">\n              <img decoding=\"async\" src=\"https:\/\/cdn.pilgrim.es\/web\/caminos\/camino-frances\/pueblos\/palas-de-rei\/palas-de-rei.jpg\" alt=\"Palas de Rei\" class=\"group-hover:p-scale-110\" \/>\n              <div class=\"card-overlay group-hover:p-opacity-50\"><\/div>\n            <\/div>\n            <div class=\"town-card__flex-container\">\n              <div class=\"town-card__flex-container__info\">\n                <h3>Palas de Rei<\/h3>\n                <p>Provincia: Lugo<\/p>\n              <\/div>\n              <div class=\"town-card__flex-container__btn\">\n                <i class=\"icon-arrow\"><\/i>\n              <\/div>\n            <\/div>\n          <\/a>\n        <\/div>\n        <div class=\"p-group card-stage p-max-w-full\">\n          <a href=\"https:\/\/www.pilgrim.es\/it\/cammino-francese\/arzua\/\" class=\"town-card\">\n            <div class=\"card-stage__header\">\n              <img decoding=\"async\" src=\"https:\/\/cdn.pilgrim.es\/web\/caminos\/camino-frances\/pueblos\/arzua\/arzua.jpg\" alt=\"Arz\u00faa\" class=\"group-hover:p-scale-110\" \/>\n              <div class=\"card-overlay group-hover:p-opacity-50\"><\/div>\n            <\/div>\n            <div class=\"town-card__flex-container\">\n              <div class=\"town-card__flex-container__info\">\n                <h3>Arz\u00faa<\/h3>\n                <p>Provincia: A Coru\u00f1a<\/p>\n              <\/div>\n              <div class=\"town-card__flex-container__btn\">\n                <i class=\"icon-arrow\"><\/i>\n              <\/div>\n            <\/div>\n          <\/a>\n        <\/div>\n      <\/div>\n    <\/div>\n    <hr class=\"single-bar\" \/>\n  <\/div>\n<\/section>\n\n<section id=\"stageChange\">\n  <div>\n    <a href=\"\/it\/cammino-francese\/tappa-30-portomarin-palas-de-rei\/\" class=\"change-btn\">\n    <div class=\"change-btn\">\n      <div class=\"btn-arrow previous\">\n        <i class=\"icon-arrow\"><\/i>\n      <\/div>\n      <div class=\"change-btn__info\">\n        <div>Tappa 30<\/div>\n        <p>\n          Portomar\u00edn \u276f <br> Palas de Rei\n        <\/p>\n      <\/div>\n    <\/div>\n    <\/a>\n    <a href=\"\/it\/cammino-francese\/tappa-32-arzua-o-pedrouzo\/\" class=\"change-btn\">\n      <div class=\"change-btn__info\">\n        <div>Tappa 32<\/div>\n        <p>\n          Arz\u00faa \u276f <br> O Pedrouzo\n        <\/p>\n      <\/div>\n      <div class=\"btn-arrow\">\n        <i class=\"icon-arrow\"><\/i>\n      <\/div>\n    <\/a>\n  <\/div>\n<\/section> ","protected":false},"excerpt":{"rendered":"<p>Cammino Francese: Tappa 31 A piedi 33 Tappe \/ 764 Kms Palas de Rei &#10093; Arz\u00faa 28.5 Km &#10094; Tappa 30 Tappa 32 &#10095; Informazioni Profilo Itinerario Paesi Informazioni Informazioni su questa tappa Questa tappa \u00e8 quella con la maggiore distanza di quelle che attraversano il territorio galiziano. In questa tappa la provincia di Lugo &hellip; <\/p>\n<p class=\"read_more\"><a href=\"https:\/\/www.pilgrim.es\/it\/cammino-francese\/tappa-31-palas-arzua\/\">Leer m\u00e1s<\/a><\/p>\n","protected":false},"author":4,"featured_media":11436,"parent":10735,"menu_order":0,"comment_status":"closed","ping_status":"closed","template":"views\/template-new-web-design.blade.php","meta":{"footnotes":""},"categories":[],"tags":[],"class_list":["post-16800","page","type-page","status-publish","has-post-thumbnail","hentry"],"yoast_head":"<!-- This site is optimized with the Yoast SEO plugin v27.4 - https:\/\/yoast.com\/product\/yoast-seo-wordpress\/ -->\n<title>Camino Franc\u00e9s desde Palas de Rei a Arz\u00faa | Camino de Santiago | Pilgrim<\/title>\n<meta name=\"description\" content=\"Cammino Francese: Tappa 31 del Cammino de Santiago che scorre fra Palas de Rei y Arz\u00faa. Scopri tutte le informazioni di interesse e pianifica la tua tappa.\" \/>\n<meta name=\"robots\" content=\"index, follow, max-snippet:-1, max-image-preview:large, max-video-preview:-1\" \/>\n<link rel=\"canonical\" href=\"https:\/\/www.pilgrim.es\/it\/cammino-francese\/tappa-31-palas-arzua\/\" \/>\n<meta property=\"og:locale\" content=\"it_IT\" \/>\n<meta property=\"og:type\" content=\"article\" \/>\n<meta property=\"og:title\" content=\"Camino Franc\u00e9s desde Palas de Rei a Arz\u00faa | Camino de Santiago | Pilgrim\" \/>\n<meta property=\"og:description\" content=\"Cammino Francese: Tappa 31 del Cammino de Santiago che scorre fra Palas de Rei y Arz\u00faa. Scopri tutte le informazioni di interesse e pianifica la tua tappa.\" \/>\n<meta property=\"og:url\" content=\"https:\/\/www.pilgrim.es\/it\/cammino-francese\/tappa-31-palas-arzua\/\" \/>\n<meta property=\"og:site_name\" content=\"Pilgrim\" \/>\n<meta property=\"article:publisher\" content=\"https:\/\/www.facebook.com\/pilgrim.es\/\" \/>\n<meta property=\"article:modified_time\" content=\"2025-03-24T15:28:50+00:00\" \/>\n<meta property=\"og:image\" content=\"https:\/\/www.pilgrim.es\/wp-content\/uploads\/2019\/02\/camino_frances_etapa_31.jpg\" \/>\n\t<meta property=\"og:image:width\" content=\"1633\" \/>\n\t<meta property=\"og:image:height\" content=\"547\" \/>\n\t<meta property=\"og:image:type\" content=\"image\/jpeg\" \/>\n<meta name=\"twitter:card\" content=\"summary_large_image\" \/>\n<meta name=\"twitter:site\" content=\"@pilgrim_es\" \/>\n<meta name=\"twitter:label1\" content=\"Tempo di lettura stimato\" \/>\n\t<meta name=\"twitter:data1\" content=\"7 minuti\" \/>\n<script type=\"application\/ld+json\" class=\"yoast-schema-graph\">{\"@context\":\"https:\\\/\\\/schema.org\",\"@graph\":[{\"@type\":\"WebPage\",\"@id\":\"https:\\\/\\\/www.pilgrim.es\\\/it\\\/cammino-francese\\\/tappa-31-palas-arzua\\\/\",\"url\":\"https:\\\/\\\/www.pilgrim.es\\\/it\\\/cammino-francese\\\/tappa-31-palas-arzua\\\/\",\"name\":\"Camino Franc\u00e9s desde Palas de Rei a Arz\u00faa | Camino de Santiago | Pilgrim\",\"isPartOf\":{\"@id\":\"https:\\\/\\\/www.pilgrim.es\\\/it\\\/#website\"},\"primaryImageOfPage\":{\"@id\":\"https:\\\/\\\/www.pilgrim.es\\\/it\\\/cammino-francese\\\/tappa-31-palas-arzua\\\/#primaryimage\"},\"image\":{\"@id\":\"https:\\\/\\\/www.pilgrim.es\\\/it\\\/cammino-francese\\\/tappa-31-palas-arzua\\\/#primaryimage\"},\"thumbnailUrl\":\"https:\\\/\\\/www.pilgrim.es\\\/wp-content\\\/uploads\\\/2019\\\/02\\\/camino_frances_etapa_31.jpg\",\"datePublished\":\"2019-04-04T11:10:13+00:00\",\"dateModified\":\"2025-03-24T15:28:50+00:00\",\"description\":\"Cammino Francese: Tappa 31 del Cammino de Santiago che scorre fra Palas de Rei y Arz\u00faa. Scopri tutte le informazioni di interesse e pianifica la tua tappa.\",\"breadcrumb\":{\"@id\":\"https:\\\/\\\/www.pilgrim.es\\\/it\\\/cammino-francese\\\/tappa-31-palas-arzua\\\/#breadcrumb\"},\"inLanguage\":\"it-IT\",\"potentialAction\":[{\"@type\":\"ReadAction\",\"target\":[\"https:\\\/\\\/www.pilgrim.es\\\/it\\\/cammino-francese\\\/tappa-31-palas-arzua\\\/\"]}]},{\"@type\":\"ImageObject\",\"inLanguage\":\"it-IT\",\"@id\":\"https:\\\/\\\/www.pilgrim.es\\\/it\\\/cammino-francese\\\/tappa-31-palas-arzua\\\/#primaryimage\",\"url\":\"https:\\\/\\\/www.pilgrim.es\\\/wp-content\\\/uploads\\\/2019\\\/02\\\/camino_frances_etapa_31.jpg\",\"contentUrl\":\"https:\\\/\\\/www.pilgrim.es\\\/wp-content\\\/uploads\\\/2019\\\/02\\\/camino_frances_etapa_31.jpg\",\"width\":1633,\"height\":547,\"caption\":\"Mappa tappa 31 Cammino Francese\"},{\"@type\":\"BreadcrumbList\",\"@id\":\"https:\\\/\\\/www.pilgrim.es\\\/it\\\/cammino-francese\\\/tappa-31-palas-arzua\\\/#breadcrumb\",\"itemListElement\":[{\"@type\":\"ListItem\",\"position\":1,\"name\":\"Camino de Santiago\",\"item\":\"https:\\\/\\\/www.pilgrim.es\\\/it\\\/\"},{\"@type\":\"ListItem\",\"position\":2,\"name\":\"Cammino Francese | Tappa 31: Palas de Rei &#8211; Arz\u00faa\"}]},{\"@type\":\"WebSite\",\"@id\":\"https:\\\/\\\/www.pilgrim.es\\\/it\\\/#website\",\"url\":\"https:\\\/\\\/www.pilgrim.es\\\/it\\\/\",\"name\":\"Pilgrim\",\"description\":\"Camino de Santiago | Caminamos Contigo\",\"publisher\":{\"@id\":\"https:\\\/\\\/www.pilgrim.es\\\/it\\\/#organization\"},\"potentialAction\":[{\"@type\":\"SearchAction\",\"target\":{\"@type\":\"EntryPoint\",\"urlTemplate\":\"https:\\\/\\\/www.pilgrim.es\\\/it\\\/?s={search_term_string}\"},\"query-input\":{\"@type\":\"PropertyValueSpecification\",\"valueRequired\":true,\"valueName\":\"search_term_string\"}}],\"inLanguage\":\"it-IT\"},{\"@type\":\"Organization\",\"@id\":\"https:\\\/\\\/www.pilgrim.es\\\/it\\\/#organization\",\"name\":\"Pilgrim Camino de Santiago\",\"url\":\"https:\\\/\\\/www.pilgrim.es\\\/it\\\/\",\"logo\":{\"@type\":\"ImageObject\",\"inLanguage\":\"it-IT\",\"@id\":\"https:\\\/\\\/www.pilgrim.es\\\/it\\\/#\\\/schema\\\/logo\\\/image\\\/\",\"url\":\"https:\\\/\\\/www.pilgrim.es\\\/wp-content\\\/uploads\\\/2019\\\/04\\\/logo_pilgrim.png\",\"contentUrl\":\"https:\\\/\\\/www.pilgrim.es\\\/wp-content\\\/uploads\\\/2019\\\/04\\\/logo_pilgrim.png\",\"width\":512,\"height\":512,\"caption\":\"Pilgrim Camino de Santiago\"},\"image\":{\"@id\":\"https:\\\/\\\/www.pilgrim.es\\\/it\\\/#\\\/schema\\\/logo\\\/image\\\/\"},\"sameAs\":[\"https:\\\/\\\/www.facebook.com\\\/pilgrim.es\\\/\",\"https:\\\/\\\/x.com\\\/pilgrim_es\",\"https:\\\/\\\/www.instagram.com\\\/pilgrim.es\\\/\",\"https:\\\/\\\/www.linkedin.com\\\/company\\\/pilgrim-camino-de-santiago\\\/\",\"https:\\\/\\\/www.pinterest.es\\\/pilgrimcaminodesantiago\\\/\",\"https:\\\/\\\/www.youtube.com\\\/channel\\\/UCIv2ZzFLXVqthkNF32rKedw\\\/featured\"]}]}<\/script>\n<!-- \/ Yoast SEO plugin. -->","yoast_head_json":{"title":"Camino Franc\u00e9s desde Palas de Rei a Arz\u00faa | Camino de Santiago | Pilgrim","description":"Cammino Francese: Tappa 31 del Cammino de Santiago che scorre fra Palas de Rei y Arz\u00faa. Scopri tutte le informazioni di interesse e pianifica la tua tappa.","robots":{"index":"index","follow":"follow","max-snippet":"max-snippet:-1","max-image-preview":"max-image-preview:large","max-video-preview":"max-video-preview:-1"},"canonical":"https:\/\/www.pilgrim.es\/it\/cammino-francese\/tappa-31-palas-arzua\/","og_locale":"it_IT","og_type":"article","og_title":"Camino Franc\u00e9s desde Palas de Rei a Arz\u00faa | Camino de Santiago | Pilgrim","og_description":"Cammino Francese: Tappa 31 del Cammino de Santiago che scorre fra Palas de Rei y Arz\u00faa. Scopri tutte le informazioni di interesse e pianifica la tua tappa.","og_url":"https:\/\/www.pilgrim.es\/it\/cammino-francese\/tappa-31-palas-arzua\/","og_site_name":"Pilgrim","article_publisher":"https:\/\/www.facebook.com\/pilgrim.es\/","article_modified_time":"2025-03-24T15:28:50+00:00","og_image":[{"width":1633,"height":547,"url":"https:\/\/www.pilgrim.es\/wp-content\/uploads\/2019\/02\/camino_frances_etapa_31.jpg","type":"image\/jpeg"}],"twitter_card":"summary_large_image","twitter_site":"@pilgrim_es","twitter_misc":{"Tempo di lettura stimato":"7 minuti"},"schema":{"@context":"https:\/\/schema.org","@graph":[{"@type":"WebPage","@id":"https:\/\/www.pilgrim.es\/it\/cammino-francese\/tappa-31-palas-arzua\/","url":"https:\/\/www.pilgrim.es\/it\/cammino-francese\/tappa-31-palas-arzua\/","name":"Camino Franc\u00e9s desde Palas de Rei a Arz\u00faa | Camino de Santiago | Pilgrim","isPartOf":{"@id":"https:\/\/www.pilgrim.es\/it\/#website"},"primaryImageOfPage":{"@id":"https:\/\/www.pilgrim.es\/it\/cammino-francese\/tappa-31-palas-arzua\/#primaryimage"},"image":{"@id":"https:\/\/www.pilgrim.es\/it\/cammino-francese\/tappa-31-palas-arzua\/#primaryimage"},"thumbnailUrl":"https:\/\/www.pilgrim.es\/wp-content\/uploads\/2019\/02\/camino_frances_etapa_31.jpg","datePublished":"2019-04-04T11:10:13+00:00","dateModified":"2025-03-24T15:28:50+00:00","description":"Cammino Francese: Tappa 31 del Cammino de Santiago che scorre fra Palas de Rei y Arz\u00faa. Scopri tutte le informazioni di interesse e pianifica la tua tappa.","breadcrumb":{"@id":"https:\/\/www.pilgrim.es\/it\/cammino-francese\/tappa-31-palas-arzua\/#breadcrumb"},"inLanguage":"it-IT","potentialAction":[{"@type":"ReadAction","target":["https:\/\/www.pilgrim.es\/it\/cammino-francese\/tappa-31-palas-arzua\/"]}]},{"@type":"ImageObject","inLanguage":"it-IT","@id":"https:\/\/www.pilgrim.es\/it\/cammino-francese\/tappa-31-palas-arzua\/#primaryimage","url":"https:\/\/www.pilgrim.es\/wp-content\/uploads\/2019\/02\/camino_frances_etapa_31.jpg","contentUrl":"https:\/\/www.pilgrim.es\/wp-content\/uploads\/2019\/02\/camino_frances_etapa_31.jpg","width":1633,"height":547,"caption":"Mappa tappa 31 Cammino Francese"},{"@type":"BreadcrumbList","@id":"https:\/\/www.pilgrim.es\/it\/cammino-francese\/tappa-31-palas-arzua\/#breadcrumb","itemListElement":[{"@type":"ListItem","position":1,"name":"Camino de Santiago","item":"https:\/\/www.pilgrim.es\/it\/"},{"@type":"ListItem","position":2,"name":"Cammino Francese | Tappa 31: Palas de Rei &#8211; Arz\u00faa"}]},{"@type":"WebSite","@id":"https:\/\/www.pilgrim.es\/it\/#website","url":"https:\/\/www.pilgrim.es\/it\/","name":"Pilgrim","description":"Camino de Santiago | Caminamos Contigo","publisher":{"@id":"https:\/\/www.pilgrim.es\/it\/#organization"},"potentialAction":[{"@type":"SearchAction","target":{"@type":"EntryPoint","urlTemplate":"https:\/\/www.pilgrim.es\/it\/?s={search_term_string}"},"query-input":{"@type":"PropertyValueSpecification","valueRequired":true,"valueName":"search_term_string"}}],"inLanguage":"it-IT"},{"@type":"Organization","@id":"https:\/\/www.pilgrim.es\/it\/#organization","name":"Pilgrim Camino de Santiago","url":"https:\/\/www.pilgrim.es\/it\/","logo":{"@type":"ImageObject","inLanguage":"it-IT","@id":"https:\/\/www.pilgrim.es\/it\/#\/schema\/logo\/image\/","url":"https:\/\/www.pilgrim.es\/wp-content\/uploads\/2019\/04\/logo_pilgrim.png","contentUrl":"https:\/\/www.pilgrim.es\/wp-content\/uploads\/2019\/04\/logo_pilgrim.png","width":512,"height":512,"caption":"Pilgrim Camino de Santiago"},"image":{"@id":"https:\/\/www.pilgrim.es\/it\/#\/schema\/logo\/image\/"},"sameAs":["https:\/\/www.facebook.com\/pilgrim.es\/","https:\/\/x.com\/pilgrim_es","https:\/\/www.instagram.com\/pilgrim.es\/","https:\/\/www.linkedin.com\/company\/pilgrim-camino-de-santiago\/","https:\/\/www.pinterest.es\/pilgrimcaminodesantiago\/","https:\/\/www.youtube.com\/channel\/UCIv2ZzFLXVqthkNF32rKedw\/featured"]}]}},"_links":{"self":[{"href":"https:\/\/www.pilgrim.es\/it\/wp-json\/wp\/v2\/pages\/16800","targetHints":{"allow":["GET"]}}],"collection":[{"href":"https:\/\/www.pilgrim.es\/it\/wp-json\/wp\/v2\/pages"}],"about":[{"href":"https:\/\/www.pilgrim.es\/it\/wp-json\/wp\/v2\/types\/page"}],"author":[{"embeddable":true,"href":"https:\/\/www.pilgrim.es\/it\/wp-json\/wp\/v2\/users\/4"}],"replies":[{"embeddable":true,"href":"https:\/\/www.pilgrim.es\/it\/wp-json\/wp\/v2\/comments?post=16800"}],"version-history":[{"count":5,"href":"https:\/\/www.pilgrim.es\/it\/wp-json\/wp\/v2\/pages\/16800\/revisions"}],"predecessor-version":[{"id":95523,"href":"https:\/\/www.pilgrim.es\/it\/wp-json\/wp\/v2\/pages\/16800\/revisions\/95523"}],"up":[{"embeddable":true,"href":"https:\/\/www.pilgrim.es\/it\/wp-json\/wp\/v2\/pages\/10735"}],"wp:featuredmedia":[{"embeddable":true,"href":"https:\/\/www.pilgrim.es\/it\/wp-json\/wp\/v2\/media\/11436"}],"wp:attachment":[{"href":"https:\/\/www.pilgrim.es\/it\/wp-json\/wp\/v2\/media?parent=16800"}],"wp:term":[{"taxonomy":"category","embeddable":true,"href":"https:\/\/www.pilgrim.es\/it\/wp-json\/wp\/v2\/categories?post=16800"},{"taxonomy":"post_tag","embeddable":true,"href":"https:\/\/www.pilgrim.es\/it\/wp-json\/wp\/v2\/tags?post=16800"}],"curies":[{"name":"wp","href":"https:\/\/api.w.org\/{rel}","templated":true}]}}