{"id":16458,"date":"2019-04-03T10:20:28","date_gmt":"2019-04-03T10:20:28","guid":{"rendered":"https:\/\/desarrollo.pilgrim.es\/cammino-francese\/tappa-27-o-cebreiro-triacastela\/"},"modified":"2025-03-24T15:28:31","modified_gmt":"2025-03-24T15:28:31","slug":"tappa-27-o-cebreiro-triacastela","status":"publish","type":"page","link":"https:\/\/www.pilgrim.es\/it\/cammino-francese\/tappa-27-o-cebreiro-triacastela\/","title":{"rendered":"Cammino Francese | tappa 27: O Cebreiro &#8211; Triacastela"},"content":{"rendered":" <section id=\"heroStage\">\n  <h1>Cammino Francese: tappa 27<\/h1>\n  <div>\n    <div class=\"hero\" data-background=\"https:\/\/cdn.pilgrim.es\/web\/caminos\/camino-frances\/pueblos\/o-cebreiro\/o-cebreiro.jpg\">\n      <div class=\"hero__container\">\n        <div class=\"hero__container__labels\">\n          <p>A piedi<\/p>\n          <p>33 Tappe \/ 764 Kms<\/p>\n        <\/div>\n        <div class=\"hero__container__stage-name\">\n          <h2>\n            O Cebreiro <br \/>\n            <span>&#10093;<\/span>\n            Triacastela\n          <\/h2>\n          <p>20.8 Km<\/p>\n        <\/div>\n        <div class=\"hero__container__stage-changer\">\n            <div class=\"stage-control\">\n              <a class=\"stage-control__link\" href=\"\/it\/cammino-francese\/tappa-26-villafranca-o-cebreiro\/\"><span>&#10094;<\/span> Tappa 26<\/a>\n            <\/div>\n          <div class=\"stage-control\">\n            <a class=\"stage-control__link\" href=\"\/it\/cammino-francese\/tappa-28-triacastela-sarria\/\">Tappa 28 <span>&#10095;<\/span><\/a>\n          <\/div>\n        <\/div>\n      <\/div>\n    <\/div>\n    <div class=\"planner\"><div\r\n  class=\"p-col-span-1 p-rounded-lg p-px-5 p-h-full\"\r\n  style=\"background-image: url('https:\/\/cdn.pilgrim.es\/web\/pilgrim-planner\/bg-plugin-planificador.webp')\"\r\n  rel=\"preload\"\r\n  fetchpriority=\"high\"\r\n  >\r\n    <div class=\"p-text-center p-pt-5 p-text-white p-text-2xl p-font-semibold\">\r\n      Pianifica il tuo cammino    <\/div>\r\n    <div\r\n            id='primary-app'\r\n            data-name='banner'\r\n            data-api='https:\/\/pathfinder.pilgrim.es\/api\/pathfinder\/v2'\r\n            data-mode='normal'\r\n            data-lang='it'\r\n            data-route='1'\r\n            data-destiny='https:\/\/planificador.pilgrim.es'\r\n            data-modality='1'\r\n            data-inline=''\r\n        ><\/div><\/div><\/div>\n  <\/div>\n<\/section>\n\n<section id=\"scoreBarsStage\">\n  <section>\r\n  <div class=\"p-flex p-flex-nowrap p-space-x-4 p-py-5 p-overflow-x-auto md:p-grid md:p-grid-cols-3 lg:p-grid-cols-5 md:p-gap-8 md:p-space-x-0 md:p-overflow-hidden scrollbar-thin\">\r\n    <div class=\"p-grid p-grid-cols-4 p-shrink-0 p-w-72 p-snap-start md:p-w-full\">\r\n        <div class=\"p-col-span-1 p-self-center p-text-center p-text-3xl\">\r\n            <i class=\"icon-influx\"><\/i>\r\n        <\/div>\r\n        <div class=\"p-col-span-3 p-flex p-flex-col p-items-start\">\r\n            <div class=\"p-text-start p-text-secondary p-mb-1 p-bold\"> Afflusso <\/div>\r\n            <div class=\"p-w-full p-bg-light p-rounded-full p-h-2 p-relative\">\r\n                <div class=\"p-bg-primary p-h-2 p-rounded-full p-absolute\" style=\"width: 40%;\"><\/div>\r\n            <\/div>\r\n        <\/div>\r\n    <\/div>\r\n\r\n    <div class=\"p-grid p-grid-cols-4 p-shrink-0 p-w-72 p-snap-start md:p-w-full\">\r\n        <div class=\"p-col-span-1 p-self-center p-text-center p-text-3xl\">\r\n            <i class=\"icon-difficulty\"><\/i>\r\n        <\/div>\r\n        <div class=\"p-col-span-3 p-flex p-flex-col p-items-start\">\r\n            <div class=\"p-text-start p-text-secondary p-mb-1 p-bold\"> Difficolt\u00e0 <\/div>\r\n            <div class=\"p-w-full p-bg-light p-rounded-full p-h-2 p-relative\">\r\n                <div class=\"p-bg-primary p-h-2 p-rounded-full p-absolute\" style=\"width: 80%;\"><\/div>\r\n            <\/div>\r\n        <\/div>\r\n    <\/div>\r\n\r\n    <div class=\"p-grid p-grid-cols-4 p-shrink-0 p-w-72 p-snap-start md:p-w-full\">\r\n        <div class=\"p-col-span-1 p-self-center p-text-center p-text-3xl\">\r\n            <i class=\"icon-patrimony\"><\/i>\r\n        <\/div>\r\n        <div class=\"p-col-span-3 p-flex p-flex-col p-items-start\">\r\n            <div class=\"p-text-start p-text-secondary p-mb-1 p-bold\"> Arte\/Storia <\/div>\r\n            <div class=\"p-w-full p-bg-light p-rounded-full p-h-2 p-relative\">\r\n                <div class=\"p-bg-primary p-h-2 p-rounded-full p-absolute\" style=\"width: 20%;\"><\/div>\r\n            <\/div>\r\n        <\/div>\r\n    <\/div>\r\n\r\n    <div class=\"p-grid p-grid-cols-4 p-shrink-0 p-w-72 p-snap-start md:p-w-full\">\r\n        <div class=\"p-col-span-1 p-self-center p-text-center p-text-3xl\">\r\n            <i class=\"icon-nature\"><\/i>\r\n        <\/div>\r\n        <div class=\"p-col-span-3 p-flex p-flex-col p-items-start\">\r\n            <div class=\"p-text-start p-text-secondary p-mb-1 p-bold\"> Natura <\/div>\r\n            <div class=\"p-w-full p-bg-light p-rounded-full p-h-2 p-relative\">\r\n                <div class=\"p-bg-primary p-h-2 p-rounded-full p-absolute\" style=\"width: 80%;\"><\/div>\r\n            <\/div>\r\n        <\/div>\r\n    <\/div>\r\n\r\n    <div class=\"p-grid p-grid-cols-4 p-shrink-0 p-w-72 p-snap-start md:p-w-full\">\r\n        <div class=\"p-col-span-1 p-self-center p-text-center p-text-3xl\">\r\n            <i class=\"icon-urban\"><\/i>\r\n        <\/div>\r\n        <div class=\"p-col-span-3 p-flex p-flex-col p-items-start\">\r\n            <div class=\"p-text-start p-text-secondary p-mb-1 p-bold\"> Cammino Francese <\/div>\r\n            <div class=\"p-w-full p-bg-light p-rounded-full p-h-2 p-relative\">\r\n                <div class=\"p-bg-primary p-h-2 p-rounded-full p-absolute\" style=\"width: 20%;\"><\/div>\r\n            <\/div>\r\n        <\/div>\r\n    <\/div>\r\n  <\/div>\r\n<\/section>\n<\/section>\n\n<div id=\"stage-list-section\"><div class=\"stage-list\">\n    <div class='stage-list__map-card'>\n        <div class='stage-list__map-card__map'>\n            <div class='stage-list__map-card__map__text'>\n                <h2> Pages <\/h2>\n                <p> A piedi<\/p>\n                <p> 0tappe<\/p>\n            <\/div>\n            <div class='stage-list__map-card__map__img'>\n                <img decoding=\"async\" src=\"\" alt=\" mapa \" \/>\n            <\/div>\n        <\/div>\n    <\/div>\n\n    <\/div>\n<\/div>\n\n<section id=\"navStage\">\n  <div>\n    <nav id=\"tab-navigation-section\" class=\"tab-navigation-section--cols-5\">\n      <a href=\"#infoSection\" class=\"active\">Informazioni<\/a>\n      <a href=\"#profileSection\">Profilo<\/a>\n      <a href=\"#itinerarySection\">Itinerario<\/a>\n      \n      <a href=\"#locationsSection\">Paesi<\/a>\n    <\/nav>\n\n    <div id=\"infoSection\">\n      <!-- Title Section with Orange Line -->\n      <div>\n        <h2 class=\"p-h2-stage\">Informazioni<\/h2>\n        <hr class=\"orange-bar\" \/>\n        <h3 class=\"p-h3-stage\">Informazioni su questa tappa<\/h3>\n      <\/div>\n\n      \n        <p>Dopo la dura tappa di ieri , oggi si presentano poco pi\u00f9 di venti chilometri tra le montagne di O Courel e Os Ancares. Possiamo respirare l&#8217;aria pi\u00f9 pura tra valloni profondi e profondi pieni di castagni, querce, agrifogli, frassini, ecc. Cos\u00ec come l&#8217;architettura e le usanze ereditate dalla cultura castre\u00f1a, una delle pi\u00f9 antiche d&#8217;Europa. Scenderemo tra questi splendidi paesaggi verso la valle che accoglie Triacastela, sotto l&#8217;occhio vigile del Monte Oribio.<\/p>\n      \n\n      <div class=\"recomendation-card\">\n        <div>\n          <i class=\"icon-logo-pilgrim\"><\/i>\n          <h5>Recomendaci\u00f3n Pilgrim<\/h5>\n        <\/div>\n\n        \n          <p>Dopo la dura fase finale, sulla strada per Triacastela dovremo solo affrontare i venti chilometri che lo separano da O Cebreiro. Pur essendoci delle pendenze, solo la salita a Alto do Poio \u00e8 notevole. Tuttavia, per le persone con qualche tipo di disabilit\u00e0, potrebbe presentare dei problemi. Inoltre, il tratto che corre lungo la strada \u00e8 piuttosto pericolosa, data l&#8217;esistenza di numerosi tornanti bruschi e l&#8217;assenza di attraversamenti pedonali.<\/p>\n        \n          <p>Per quanto riguarda i ciclisti, si consiglia loro di seguire la LU-633 da O Cebreiro in caso di trovare neve e prestare attenzione ai pendii ripidi in discesa, poich\u00e9 nella maggior parte la strada \u00e8 sassosa.<\/p>\n        \n      <\/div>\n    <\/div>\n\n    <div id=\"profileSection\">\n      <div>\n        <h2 class=\"p-h2-stage\">Distanza e altitudine<\/h2>\n        <hr class=\"orange-bar\" \/>\n        <h3 class=\"p-h3-stage\">Profilo<\/h3>\n        <img decoding=\"async\" src=\"https:\/\/cdn.pilgrim.es\/web\/caminos\/camino-frances\/etapas\/etapa-27-o-cebreiro-triacastela\/etapa27-perfil-o-cebreiro-triacastela.jpg\" alt=\"Perfil de la etapa tappa-27-o-cebreiro-triacastela\" \/>\n      <\/div>\n    <\/div>\n\n    <div id=\"itinerarySection\">\n      <h2 class=\"p-h2-stage\">Itinerario<\/h2>\n      <hr \/>\n      <h3 class=\"p-h3-stage\">Percorso<\/h3>\n\n      \n        <div>\n          <h4>Km 0 &#8211; Inicio<\/h4>\n\n          \n            <p>Da O Cebreiro dovremo ancora salire un p\u00f2 di pi\u00f9 per raggiungere il punto pi\u00f9 alto del Cammino in Galizia. Non troveremo un gran dislivello, ma considerando che siamo gi\u00e0 oltre i 1200 metri di altezza, \u00e8 probabile che se viaggeremo in inverno o addirittura in autunno, troveremo la neve. In questi casi, molti pellegrini scelgono di continuare dal villaggio sulla strada LU-633 fino a Li\u00f1ares. Tuttavia, le viste dalla cima della montagna sono impressionanti; Da l\u00ec possiamo osservare la Sierra de Os Ancares sulla destra e O Courel sulla sinistra, dove si trova una delle pi\u00f9 antiche foreste d&#8217;Europa: La Devesa de Nogueira.<\/p>\n          \n            <p>Lasciamo la pista forestale per imboccare la strada provinciale che conduce a Li\u00f1ares, dove ci ricever\u00e1 la sua chiesa pre-romanica Santo Estevo de Li\u00f1ares. Qui attraversiamo la strada per prendere un sentiero che sale a Os Ancares sulla sinistra, circondato da una rigogliosa vegetazione atlantica. La nostra prossima fermata sar\u00e0 San Roque, dove un&#8217;interessante scultura in bronzo mostra la figura di un pellegrino in lotta contro il vento, molto tipico di questa zona data l&#8217;altitudine alla quale ci troviamo. Continuiamo parallelamente alla LU-633 per scendere a Hospital de la Condesa, un nome coniato in onore di una contessa che presumibilmente fond\u00f3 l&#8217;ospedale per pellegrini situato vicino al santuario di Santa Maria la Real nel nono secolo. Un p\u00f2 pi\u00f9 avanti, lasceremo finalmente l&#8217;asfalto per fare una deviazione verso Padornelo, un luogo scelto dall&#8217;Ordine di San Giovanni di Gerusalemme per stabilirsi e frequentare i fedeli che hanno fatto il pellegrinaggio a Santiago. Abbiamo ancora un&#8217;altra dura salita, breve ma intensa, per raggiungere l&#8217;Alto do Poio. Ancora una volta, saremo ricompensati dall&#8217;imponente paesaggio ai nostri piedi, posizionandoci nel punto pi\u00f9 alto del cammino Francese in Galizia.Possiamo recuperare le forze in un bar strategicamente posizionato un po &#8216;pi\u00f9 avanti.<\/p>\n          \n            <p>La nostra prossima destinazione sar\u00e0 Fonfr\u00eda, a cui accediamo tramite un percorso parallelo alla LU-633, dove possiamo riempire le nostre borracce nella sua magnifica fontana. Abbiamo gi\u00e0 notato come abbiamo iniziato a scendere, lasciandoci alle spalle la montagna, ma senza perdere di vista lo splendido paesaggio. A due chilometri e mezzo arriveremo a O Bidueiro, appartenente al concello di Triacastela e come indica il nome, pieno di bidueiros (betulle in spagnolo). Ora iniziamo definitivamente a perdere quota, deviando in molte occasioni per evitare la strada il pi\u00f9 possibile. Dopo aver percorso alcuni chilometri e aver dato una curva abbastanza ampia, il Monte Oribio appare davanti a noi sul fondo della valle in tutto il suo splendore.<\/p>\n          \n            <p>Prima di arrivare a Triacastela dovremo ancora attraversare Fillobal accanto a una piccola area pic-nic pi\u00f9 avanti sulla LU-633 verso Pasantes e Ramil, dove un albero di castagno centenario ci ricorda che siamo in terre ancestrali. in questo concello si trova anche la grotta di Eir\u00f3s, dove sono stati rinvenuti resti di Homo neanderthalensis.<\/p>\n          \n\n          \n            <a class=\"town-link\" href=\"https:\/\/www.pilgrim.es\/it\/cammino-francese\/o-cebreiro\/\">\n              <div class=\"town-link__link-content\">\n                <div class=\"town-link__link-content__text\">\n              <p>Informazioni locali<\/p>\n              <p>Polizia, Assistenza medica, Cosa vedere, Dove mangiare&#8230;<\/p>\n                <\/div>\n                <div class=\"town-link__link-content__town-btn\">\n                  <i class=\"icon-arrow\"><\/i>\n                <\/div>\n              <\/div>\n            <\/a>\n          \n        <\/div>\n        <hr \/>\n      \n      <div>\n        <h4>Km 20.8 &#8231; Triacastela<\/h4>\n        <a class=\"town-link\" href=\"https:\/\/www.pilgrim.es\/it\/cammino-francese\/triacastela\/\">\n          <div class=\"town-link__link-content\">\n            <div class=\"town-link__link-content__text\">\n              <p>Informazioni locali<\/p>\n              <p>Polizia, Assistenza medica, Cosa vedere, Dove mangiare&#8230;<\/p>\n            <\/div>\n            <div class=\"town-link__link-content__town-btn\">\n              <i class=\"icon-arrow\"><\/i>\n            <\/div>\n          <\/div>\n        <\/a>\n      <\/div>\n    <\/div>\n\n    \n\n  <div id=\"locationsSection\">\n      <h2 class=\"p-h2-stage\">Paesi<\/h2>\n      <hr \/>\n      <h3 class=\"p-h3-stage\">Villaggi<\/h3>\n      <div class=\"grid-container\">\n\n        <div class=\"p-group card-stage p-max-w-full\">\n          <a href=\"https:\/\/www.pilgrim.es\/it\/cammino-francese\/o-cebreiro\/\" class=\"town-card\">\n            <div class=\"card-stage__header\">\n              <img decoding=\"async\" src=\"https:\/\/cdn.pilgrim.es\/web\/caminos\/camino-frances\/pueblos\/o-cebreiro\/o-cebreiro.jpg\" alt=\"O Cebreiro\" class=\"group-hover:p-scale-110\" \/>\n              <div class=\"card-overlay group-hover:p-opacity-50\"><\/div>\n            <\/div>\n            <div class=\"town-card__flex-container\">\n              <div class=\"town-card__flex-container__info\">\n                <h3>O Cebreiro<\/h3>\n                <p>Provincia: Lugo<\/p>\n              <\/div>\n              <div class=\"town-card__flex-container__btn\">\n                <i class=\"icon-arrow\"><\/i>\n              <\/div>\n            <\/div>\n          <\/a>\n        <\/div>\n        <div class=\"p-group card-stage p-max-w-full\">\n          <a href=\"https:\/\/www.pilgrim.es\/it\/cammino-francese\/triacastela\/\" class=\"town-card\">\n            <div class=\"card-stage__header\">\n              <img decoding=\"async\" src=\"https:\/\/cdn.pilgrim.es\/web\/caminos\/camino-frances\/pueblos\/triacastela\/triacastela.jpg\" alt=\"Triacastela\" class=\"group-hover:p-scale-110\" \/>\n              <div class=\"card-overlay group-hover:p-opacity-50\"><\/div>\n            <\/div>\n            <div class=\"town-card__flex-container\">\n              <div class=\"town-card__flex-container__info\">\n                <h3>Triacastela<\/h3>\n                <p>Provincia: Lugo<\/p>\n              <\/div>\n              <div class=\"town-card__flex-container__btn\">\n                <i class=\"icon-arrow\"><\/i>\n              <\/div>\n            <\/div>\n          <\/a>\n        <\/div>\n      <\/div>\n    <\/div>\n    <hr class=\"single-bar\" \/>\n  <\/div>\n<\/section>\n\n<section id=\"stageChange\">\n  <div>\n    <a href=\"\/it\/cammino-francese\/tappa-26-villafranca-o-cebreiro\/\" class=\"change-btn\">\n    <div class=\"change-btn\">\n      <div class=\"btn-arrow previous\">\n        <i class=\"icon-arrow\"><\/i>\n      <\/div>\n      <div class=\"change-btn__info\">\n        <div>Tappa 26<\/div>\n        <p>\n          Villafranca del Bierzo \u276f <br> O Cebreiro\n        <\/p>\n      <\/div>\n    <\/div>\n    <\/a>\n    <a href=\"\/it\/cammino-francese\/tappa-28-triacastela-sarria\/\" class=\"change-btn\">\n      <div class=\"change-btn__info\">\n        <div>Tappa 28<\/div>\n        <p>\n          Triacastela \u276f <br> Sarria\n        <\/p>\n      <\/div>\n      <div class=\"btn-arrow\">\n        <i class=\"icon-arrow\"><\/i>\n      <\/div>\n    <\/a>\n  <\/div>\n<\/section> ","protected":false},"excerpt":{"rendered":"<p>Cammino Francese: tappa 27 A piedi 33 Tappe \/ 764 Kms O Cebreiro &#10093; Triacastela 20.8 Km &#10094; Tappa 26 Tappa 28 &#10095; Informazioni Profilo Itinerario Paesi Informazioni Informazioni su questa tappa Dopo la dura tappa di ieri , oggi si presentano poco pi\u00f9 di venti chilometri tra le montagne di O Courel e Os &hellip; <\/p>\n<p class=\"read_more\"><a href=\"https:\/\/www.pilgrim.es\/it\/cammino-francese\/tappa-27-o-cebreiro-triacastela\/\">Leer m\u00e1s<\/a><\/p>\n","protected":false},"author":4,"featured_media":11397,"parent":10735,"menu_order":0,"comment_status":"closed","ping_status":"closed","template":"views\/template-new-web-design.blade.php","meta":{"footnotes":""},"categories":[],"tags":[],"class_list":["post-16458","page","type-page","status-publish","has-post-thumbnail","hentry"],"yoast_head":"<!-- This site is optimized with the Yoast SEO plugin v27.4 - https:\/\/yoast.com\/product\/yoast-seo-wordpress\/ -->\n<title>Camino Franc\u00e9s dede O Cebreiro a Triacastela | Camino de Santiago<\/title>\n<meta name=\"description\" content=\"Cammino Francese: tappa 27 del Cammino de Santiago che scorre fra O Cebreiro y Triacastela. scopri tutta l&#039;informazione necessaria e pianifica la tua tappa.\" \/>\n<meta name=\"robots\" content=\"index, follow, max-snippet:-1, max-image-preview:large, max-video-preview:-1\" \/>\n<link rel=\"canonical\" href=\"https:\/\/www.pilgrim.es\/it\/cammino-francese\/tappa-27-o-cebreiro-triacastela\/\" \/>\n<meta property=\"og:locale\" content=\"it_IT\" \/>\n<meta property=\"og:type\" content=\"article\" \/>\n<meta property=\"og:title\" content=\"Camino Franc\u00e9s dede O Cebreiro a Triacastela | Camino de Santiago\" \/>\n<meta property=\"og:description\" content=\"Cammino Francese: tappa 27 del Cammino de Santiago che scorre fra O Cebreiro y Triacastela. scopri tutta l&#039;informazione necessaria e pianifica la tua tappa.\" \/>\n<meta property=\"og:url\" content=\"https:\/\/www.pilgrim.es\/it\/cammino-francese\/tappa-27-o-cebreiro-triacastela\/\" \/>\n<meta property=\"og:site_name\" content=\"Pilgrim\" \/>\n<meta property=\"article:publisher\" content=\"https:\/\/www.facebook.com\/pilgrim.es\/\" \/>\n<meta property=\"article:modified_time\" content=\"2025-03-24T15:28:31+00:00\" \/>\n<meta property=\"og:image\" content=\"https:\/\/www.pilgrim.es\/wp-content\/uploads\/2019\/02\/camino_frances_etapa_27.jpg\" \/>\n\t<meta property=\"og:image:width\" content=\"1633\" \/>\n\t<meta property=\"og:image:height\" content=\"547\" \/>\n\t<meta property=\"og:image:type\" content=\"image\/jpeg\" \/>\n<meta name=\"twitter:card\" content=\"summary_large_image\" \/>\n<meta name=\"twitter:site\" content=\"@pilgrim_es\" \/>\n<meta name=\"twitter:label1\" content=\"Tempo di lettura stimato\" \/>\n\t<meta name=\"twitter:data1\" content=\"4 minuti\" \/>\n<script type=\"application\/ld+json\" class=\"yoast-schema-graph\">{\"@context\":\"https:\\\/\\\/schema.org\",\"@graph\":[{\"@type\":\"WebPage\",\"@id\":\"https:\\\/\\\/www.pilgrim.es\\\/it\\\/cammino-francese\\\/tappa-27-o-cebreiro-triacastela\\\/\",\"url\":\"https:\\\/\\\/www.pilgrim.es\\\/it\\\/cammino-francese\\\/tappa-27-o-cebreiro-triacastela\\\/\",\"name\":\"Camino Franc\u00e9s dede O Cebreiro a Triacastela | Camino de Santiago\",\"isPartOf\":{\"@id\":\"https:\\\/\\\/www.pilgrim.es\\\/it\\\/#website\"},\"primaryImageOfPage\":{\"@id\":\"https:\\\/\\\/www.pilgrim.es\\\/it\\\/cammino-francese\\\/tappa-27-o-cebreiro-triacastela\\\/#primaryimage\"},\"image\":{\"@id\":\"https:\\\/\\\/www.pilgrim.es\\\/it\\\/cammino-francese\\\/tappa-27-o-cebreiro-triacastela\\\/#primaryimage\"},\"thumbnailUrl\":\"https:\\\/\\\/www.pilgrim.es\\\/wp-content\\\/uploads\\\/2019\\\/02\\\/camino_frances_etapa_27.jpg\",\"datePublished\":\"2019-04-03T10:20:28+00:00\",\"dateModified\":\"2025-03-24T15:28:31+00:00\",\"description\":\"Cammino Francese: tappa 27 del Cammino de Santiago che scorre fra O Cebreiro y Triacastela. scopri tutta l'informazione necessaria e pianifica la tua tappa.\",\"breadcrumb\":{\"@id\":\"https:\\\/\\\/www.pilgrim.es\\\/it\\\/cammino-francese\\\/tappa-27-o-cebreiro-triacastela\\\/#breadcrumb\"},\"inLanguage\":\"it-IT\",\"potentialAction\":[{\"@type\":\"ReadAction\",\"target\":[\"https:\\\/\\\/www.pilgrim.es\\\/it\\\/cammino-francese\\\/tappa-27-o-cebreiro-triacastela\\\/\"]}]},{\"@type\":\"ImageObject\",\"inLanguage\":\"it-IT\",\"@id\":\"https:\\\/\\\/www.pilgrim.es\\\/it\\\/cammino-francese\\\/tappa-27-o-cebreiro-triacastela\\\/#primaryimage\",\"url\":\"https:\\\/\\\/www.pilgrim.es\\\/wp-content\\\/uploads\\\/2019\\\/02\\\/camino_frances_etapa_27.jpg\",\"contentUrl\":\"https:\\\/\\\/www.pilgrim.es\\\/wp-content\\\/uploads\\\/2019\\\/02\\\/camino_frances_etapa_27.jpg\",\"width\":1633,\"height\":547,\"caption\":\"Mappa tappa 27 Cammino Francese\"},{\"@type\":\"BreadcrumbList\",\"@id\":\"https:\\\/\\\/www.pilgrim.es\\\/it\\\/cammino-francese\\\/tappa-27-o-cebreiro-triacastela\\\/#breadcrumb\",\"itemListElement\":[{\"@type\":\"ListItem\",\"position\":1,\"name\":\"Camino de Santiago\",\"item\":\"https:\\\/\\\/www.pilgrim.es\\\/it\\\/\"},{\"@type\":\"ListItem\",\"position\":2,\"name\":\"Cammino Francese | tappa 27: O Cebreiro &#8211; Triacastela\"}]},{\"@type\":\"WebSite\",\"@id\":\"https:\\\/\\\/www.pilgrim.es\\\/it\\\/#website\",\"url\":\"https:\\\/\\\/www.pilgrim.es\\\/it\\\/\",\"name\":\"Pilgrim\",\"description\":\"Camino de Santiago | Caminamos Contigo\",\"publisher\":{\"@id\":\"https:\\\/\\\/www.pilgrim.es\\\/it\\\/#organization\"},\"potentialAction\":[{\"@type\":\"SearchAction\",\"target\":{\"@type\":\"EntryPoint\",\"urlTemplate\":\"https:\\\/\\\/www.pilgrim.es\\\/it\\\/?s={search_term_string}\"},\"query-input\":{\"@type\":\"PropertyValueSpecification\",\"valueRequired\":true,\"valueName\":\"search_term_string\"}}],\"inLanguage\":\"it-IT\"},{\"@type\":\"Organization\",\"@id\":\"https:\\\/\\\/www.pilgrim.es\\\/it\\\/#organization\",\"name\":\"Pilgrim Camino de Santiago\",\"url\":\"https:\\\/\\\/www.pilgrim.es\\\/it\\\/\",\"logo\":{\"@type\":\"ImageObject\",\"inLanguage\":\"it-IT\",\"@id\":\"https:\\\/\\\/www.pilgrim.es\\\/it\\\/#\\\/schema\\\/logo\\\/image\\\/\",\"url\":\"https:\\\/\\\/www.pilgrim.es\\\/wp-content\\\/uploads\\\/2019\\\/04\\\/logo_pilgrim.png\",\"contentUrl\":\"https:\\\/\\\/www.pilgrim.es\\\/wp-content\\\/uploads\\\/2019\\\/04\\\/logo_pilgrim.png\",\"width\":512,\"height\":512,\"caption\":\"Pilgrim Camino de Santiago\"},\"image\":{\"@id\":\"https:\\\/\\\/www.pilgrim.es\\\/it\\\/#\\\/schema\\\/logo\\\/image\\\/\"},\"sameAs\":[\"https:\\\/\\\/www.facebook.com\\\/pilgrim.es\\\/\",\"https:\\\/\\\/x.com\\\/pilgrim_es\",\"https:\\\/\\\/www.instagram.com\\\/pilgrim.es\\\/\",\"https:\\\/\\\/www.linkedin.com\\\/company\\\/pilgrim-camino-de-santiago\\\/\",\"https:\\\/\\\/www.pinterest.es\\\/pilgrimcaminodesantiago\\\/\",\"https:\\\/\\\/www.youtube.com\\\/channel\\\/UCIv2ZzFLXVqthkNF32rKedw\\\/featured\"]}]}<\/script>\n<!-- \/ Yoast SEO plugin. -->","yoast_head_json":{"title":"Camino Franc\u00e9s dede O Cebreiro a Triacastela | Camino de Santiago","description":"Cammino Francese: tappa 27 del Cammino de Santiago che scorre fra O Cebreiro y Triacastela. scopri tutta l'informazione necessaria e pianifica la tua tappa.","robots":{"index":"index","follow":"follow","max-snippet":"max-snippet:-1","max-image-preview":"max-image-preview:large","max-video-preview":"max-video-preview:-1"},"canonical":"https:\/\/www.pilgrim.es\/it\/cammino-francese\/tappa-27-o-cebreiro-triacastela\/","og_locale":"it_IT","og_type":"article","og_title":"Camino Franc\u00e9s dede O Cebreiro a Triacastela | Camino de Santiago","og_description":"Cammino Francese: tappa 27 del Cammino de Santiago che scorre fra O Cebreiro y Triacastela. scopri tutta l'informazione necessaria e pianifica la tua tappa.","og_url":"https:\/\/www.pilgrim.es\/it\/cammino-francese\/tappa-27-o-cebreiro-triacastela\/","og_site_name":"Pilgrim","article_publisher":"https:\/\/www.facebook.com\/pilgrim.es\/","article_modified_time":"2025-03-24T15:28:31+00:00","og_image":[{"width":1633,"height":547,"url":"https:\/\/www.pilgrim.es\/wp-content\/uploads\/2019\/02\/camino_frances_etapa_27.jpg","type":"image\/jpeg"}],"twitter_card":"summary_large_image","twitter_site":"@pilgrim_es","twitter_misc":{"Tempo di lettura stimato":"4 minuti"},"schema":{"@context":"https:\/\/schema.org","@graph":[{"@type":"WebPage","@id":"https:\/\/www.pilgrim.es\/it\/cammino-francese\/tappa-27-o-cebreiro-triacastela\/","url":"https:\/\/www.pilgrim.es\/it\/cammino-francese\/tappa-27-o-cebreiro-triacastela\/","name":"Camino Franc\u00e9s dede O Cebreiro a Triacastela | Camino de Santiago","isPartOf":{"@id":"https:\/\/www.pilgrim.es\/it\/#website"},"primaryImageOfPage":{"@id":"https:\/\/www.pilgrim.es\/it\/cammino-francese\/tappa-27-o-cebreiro-triacastela\/#primaryimage"},"image":{"@id":"https:\/\/www.pilgrim.es\/it\/cammino-francese\/tappa-27-o-cebreiro-triacastela\/#primaryimage"},"thumbnailUrl":"https:\/\/www.pilgrim.es\/wp-content\/uploads\/2019\/02\/camino_frances_etapa_27.jpg","datePublished":"2019-04-03T10:20:28+00:00","dateModified":"2025-03-24T15:28:31+00:00","description":"Cammino Francese: tappa 27 del Cammino de Santiago che scorre fra O Cebreiro y Triacastela. scopri tutta l'informazione necessaria e pianifica la tua tappa.","breadcrumb":{"@id":"https:\/\/www.pilgrim.es\/it\/cammino-francese\/tappa-27-o-cebreiro-triacastela\/#breadcrumb"},"inLanguage":"it-IT","potentialAction":[{"@type":"ReadAction","target":["https:\/\/www.pilgrim.es\/it\/cammino-francese\/tappa-27-o-cebreiro-triacastela\/"]}]},{"@type":"ImageObject","inLanguage":"it-IT","@id":"https:\/\/www.pilgrim.es\/it\/cammino-francese\/tappa-27-o-cebreiro-triacastela\/#primaryimage","url":"https:\/\/www.pilgrim.es\/wp-content\/uploads\/2019\/02\/camino_frances_etapa_27.jpg","contentUrl":"https:\/\/www.pilgrim.es\/wp-content\/uploads\/2019\/02\/camino_frances_etapa_27.jpg","width":1633,"height":547,"caption":"Mappa tappa 27 Cammino Francese"},{"@type":"BreadcrumbList","@id":"https:\/\/www.pilgrim.es\/it\/cammino-francese\/tappa-27-o-cebreiro-triacastela\/#breadcrumb","itemListElement":[{"@type":"ListItem","position":1,"name":"Camino de Santiago","item":"https:\/\/www.pilgrim.es\/it\/"},{"@type":"ListItem","position":2,"name":"Cammino Francese | tappa 27: O Cebreiro &#8211; Triacastela"}]},{"@type":"WebSite","@id":"https:\/\/www.pilgrim.es\/it\/#website","url":"https:\/\/www.pilgrim.es\/it\/","name":"Pilgrim","description":"Camino de Santiago | Caminamos Contigo","publisher":{"@id":"https:\/\/www.pilgrim.es\/it\/#organization"},"potentialAction":[{"@type":"SearchAction","target":{"@type":"EntryPoint","urlTemplate":"https:\/\/www.pilgrim.es\/it\/?s={search_term_string}"},"query-input":{"@type":"PropertyValueSpecification","valueRequired":true,"valueName":"search_term_string"}}],"inLanguage":"it-IT"},{"@type":"Organization","@id":"https:\/\/www.pilgrim.es\/it\/#organization","name":"Pilgrim Camino de Santiago","url":"https:\/\/www.pilgrim.es\/it\/","logo":{"@type":"ImageObject","inLanguage":"it-IT","@id":"https:\/\/www.pilgrim.es\/it\/#\/schema\/logo\/image\/","url":"https:\/\/www.pilgrim.es\/wp-content\/uploads\/2019\/04\/logo_pilgrim.png","contentUrl":"https:\/\/www.pilgrim.es\/wp-content\/uploads\/2019\/04\/logo_pilgrim.png","width":512,"height":512,"caption":"Pilgrim Camino de Santiago"},"image":{"@id":"https:\/\/www.pilgrim.es\/it\/#\/schema\/logo\/image\/"},"sameAs":["https:\/\/www.facebook.com\/pilgrim.es\/","https:\/\/x.com\/pilgrim_es","https:\/\/www.instagram.com\/pilgrim.es\/","https:\/\/www.linkedin.com\/company\/pilgrim-camino-de-santiago\/","https:\/\/www.pinterest.es\/pilgrimcaminodesantiago\/","https:\/\/www.youtube.com\/channel\/UCIv2ZzFLXVqthkNF32rKedw\/featured"]}]}},"_links":{"self":[{"href":"https:\/\/www.pilgrim.es\/it\/wp-json\/wp\/v2\/pages\/16458","targetHints":{"allow":["GET"]}}],"collection":[{"href":"https:\/\/www.pilgrim.es\/it\/wp-json\/wp\/v2\/pages"}],"about":[{"href":"https:\/\/www.pilgrim.es\/it\/wp-json\/wp\/v2\/types\/page"}],"author":[{"embeddable":true,"href":"https:\/\/www.pilgrim.es\/it\/wp-json\/wp\/v2\/users\/4"}],"replies":[{"embeddable":true,"href":"https:\/\/www.pilgrim.es\/it\/wp-json\/wp\/v2\/comments?post=16458"}],"version-history":[{"count":5,"href":"https:\/\/www.pilgrim.es\/it\/wp-json\/wp\/v2\/pages\/16458\/revisions"}],"predecessor-version":[{"id":95511,"href":"https:\/\/www.pilgrim.es\/it\/wp-json\/wp\/v2\/pages\/16458\/revisions\/95511"}],"up":[{"embeddable":true,"href":"https:\/\/www.pilgrim.es\/it\/wp-json\/wp\/v2\/pages\/10735"}],"wp:featuredmedia":[{"embeddable":true,"href":"https:\/\/www.pilgrim.es\/it\/wp-json\/wp\/v2\/media\/11397"}],"wp:attachment":[{"href":"https:\/\/www.pilgrim.es\/it\/wp-json\/wp\/v2\/media?parent=16458"}],"wp:term":[{"taxonomy":"category","embeddable":true,"href":"https:\/\/www.pilgrim.es\/it\/wp-json\/wp\/v2\/categories?post=16458"},{"taxonomy":"post_tag","embeddable":true,"href":"https:\/\/www.pilgrim.es\/it\/wp-json\/wp\/v2\/tags?post=16458"}],"curies":[{"name":"wp","href":"https:\/\/api.w.org\/{rel}","templated":true}]}}