{"id":16182,"date":"2019-04-02T15:48:01","date_gmt":"2019-04-02T15:48:01","guid":{"rendered":"https:\/\/desarrollo.pilgrim.es\/cammino-francese\/tappa-26-villafranca-o-cebreiro\/"},"modified":"2025-03-24T15:28:24","modified_gmt":"2025-03-24T15:28:24","slug":"tappa-26-villafranca-o-cebreiro","status":"publish","type":"page","link":"https:\/\/www.pilgrim.es\/it\/cammino-francese\/tappa-26-villafranca-o-cebreiro\/","title":{"rendered":"Cammino Francese | tappa 26: Villafranca del Bierzo &#8211; O Cebreiro"},"content":{"rendered":" <section id=\"heroStage\">\n  <h1>Cammino Francese: tappa 26<\/h1>\n  <div>\n    <div class=\"hero\" data-background=\"https:\/\/cdn.pilgrim.es\/web\/caminos\/camino-frances\/pueblos\/villafranca-del-bierzo\/villafranca-del-bierzo.jpg\">\n      <div class=\"hero__container\">\n        <div class=\"hero__container__labels\">\n          <p>A piedi<\/p>\n          <p>33 Tappe \/ 764 Kms<\/p>\n        <\/div>\n        <div class=\"hero__container__stage-name\">\n          <h2>\n            Villafranca del Bierzo <br \/>\n            <span>&#10093;<\/span>\n            O Cebreiro\n          <\/h2>\n          <p>27.8 Km<\/p>\n        <\/div>\n        <div class=\"hero__container__stage-changer\">\n            <div class=\"stage-control\">\n              <a class=\"stage-control__link\" href=\"\/it\/cammino-francese\/tappa-25-ponferrada-villafranca\/\"><span>&#10094;<\/span> Tappa 25<\/a>\n            <\/div>\n          <div class=\"stage-control\">\n            <a class=\"stage-control__link\" href=\"\/it\/cammino-francese\/tappa-27-o-cebreiro-triacastela\/\">Tappa 27 <span>&#10095;<\/span><\/a>\n          <\/div>\n        <\/div>\n      <\/div>\n    <\/div>\n    <div class=\"planner\"><div\r\n  class=\"p-col-span-1 p-rounded-lg p-px-5 p-h-full\"\r\n  style=\"background-image: url('https:\/\/cdn.pilgrim.es\/web\/pilgrim-planner\/bg-plugin-planificador.webp')\"\r\n  rel=\"preload\"\r\n  fetchpriority=\"high\"\r\n  >\r\n    <div class=\"p-text-center p-pt-5 p-text-white p-text-2xl p-font-semibold\">\r\n      Pianifica il tuo cammino    <\/div>\r\n    <div\r\n            id='primary-app'\r\n            data-name='banner'\r\n            data-api='https:\/\/pathfinder.pilgrim.es\/api\/pathfinder\/v2'\r\n            data-mode='normal'\r\n            data-lang='it'\r\n            data-route='1'\r\n            data-destiny='https:\/\/planificador.pilgrim.es'\r\n            data-modality='1'\r\n            data-inline=''\r\n        ><\/div><\/div><\/div>\n  <\/div>\n<\/section>\n\n<section id=\"scoreBarsStage\">\n  <section>\r\n  <div class=\"p-flex p-flex-nowrap p-space-x-4 p-py-5 p-overflow-x-auto md:p-grid md:p-grid-cols-3 lg:p-grid-cols-5 md:p-gap-8 md:p-space-x-0 md:p-overflow-hidden scrollbar-thin\">\r\n    <div class=\"p-grid p-grid-cols-4 p-shrink-0 p-w-72 p-snap-start md:p-w-full\">\r\n        <div class=\"p-col-span-1 p-self-center p-text-center p-text-3xl\">\r\n            <i class=\"icon-influx\"><\/i>\r\n        <\/div>\r\n        <div class=\"p-col-span-3 p-flex p-flex-col p-items-start\">\r\n            <div class=\"p-text-start p-text-secondary p-mb-1 p-bold\"> Afflusso <\/div>\r\n            <div class=\"p-w-full p-bg-light p-rounded-full p-h-2 p-relative\">\r\n                <div class=\"p-bg-primary p-h-2 p-rounded-full p-absolute\" style=\"width: 80%;\"><\/div>\r\n            <\/div>\r\n        <\/div>\r\n    <\/div>\r\n\r\n    <div class=\"p-grid p-grid-cols-4 p-shrink-0 p-w-72 p-snap-start md:p-w-full\">\r\n        <div class=\"p-col-span-1 p-self-center p-text-center p-text-3xl\">\r\n            <i class=\"icon-difficulty\"><\/i>\r\n        <\/div>\r\n        <div class=\"p-col-span-3 p-flex p-flex-col p-items-start\">\r\n            <div class=\"p-text-start p-text-secondary p-mb-1 p-bold\"> Difficolt\u00e0 <\/div>\r\n            <div class=\"p-w-full p-bg-light p-rounded-full p-h-2 p-relative\">\r\n                <div class=\"p-bg-primary p-h-2 p-rounded-full p-absolute\" style=\"width: 80%;\"><\/div>\r\n            <\/div>\r\n        <\/div>\r\n    <\/div>\r\n\r\n    <div class=\"p-grid p-grid-cols-4 p-shrink-0 p-w-72 p-snap-start md:p-w-full\">\r\n        <div class=\"p-col-span-1 p-self-center p-text-center p-text-3xl\">\r\n            <i class=\"icon-patrimony\"><\/i>\r\n        <\/div>\r\n        <div class=\"p-col-span-3 p-flex p-flex-col p-items-start\">\r\n            <div class=\"p-text-start p-text-secondary p-mb-1 p-bold\"> Arte\/Storia <\/div>\r\n            <div class=\"p-w-full p-bg-light p-rounded-full p-h-2 p-relative\">\r\n                <div class=\"p-bg-primary p-h-2 p-rounded-full p-absolute\" style=\"width: 20%;\"><\/div>\r\n            <\/div>\r\n        <\/div>\r\n    <\/div>\r\n\r\n    <div class=\"p-grid p-grid-cols-4 p-shrink-0 p-w-72 p-snap-start md:p-w-full\">\r\n        <div class=\"p-col-span-1 p-self-center p-text-center p-text-3xl\">\r\n            <i class=\"icon-nature\"><\/i>\r\n        <\/div>\r\n        <div class=\"p-col-span-3 p-flex p-flex-col p-items-start\">\r\n            <div class=\"p-text-start p-text-secondary p-mb-1 p-bold\"> Natura <\/div>\r\n            <div class=\"p-w-full p-bg-light p-rounded-full p-h-2 p-relative\">\r\n                <div class=\"p-bg-primary p-h-2 p-rounded-full p-absolute\" style=\"width: 100%;\"><\/div>\r\n            <\/div>\r\n        <\/div>\r\n    <\/div>\r\n\r\n    <div class=\"p-grid p-grid-cols-4 p-shrink-0 p-w-72 p-snap-start md:p-w-full\">\r\n        <div class=\"p-col-span-1 p-self-center p-text-center p-text-3xl\">\r\n            <i class=\"icon-urban\"><\/i>\r\n        <\/div>\r\n        <div class=\"p-col-span-3 p-flex p-flex-col p-items-start\">\r\n            <div class=\"p-text-start p-text-secondary p-mb-1 p-bold\"> Cammino Francese <\/div>\r\n            <div class=\"p-w-full p-bg-light p-rounded-full p-h-2 p-relative\">\r\n                <div class=\"p-bg-primary p-h-2 p-rounded-full p-absolute\" style=\"width: 40%;\"><\/div>\r\n            <\/div>\r\n        <\/div>\r\n    <\/div>\r\n  <\/div>\r\n<\/section>\n<\/section>\n\n<div id=\"stage-list-section\"><div class=\"stage-list\">\n    <div class='stage-list__map-card'>\n        <div class='stage-list__map-card__map'>\n            <div class='stage-list__map-card__map__text'>\n                <h2> Pages <\/h2>\n                <p> A piedi<\/p>\n                <p> 0tappe<\/p>\n            <\/div>\n            <div class='stage-list__map-card__map__img'>\n                <img decoding=\"async\" src=\"\" alt=\" mapa \" \/>\n            <\/div>\n        <\/div>\n    <\/div>\n\n    <\/div>\n<\/div>\n\n<section id=\"navStage\">\n  <div>\n    <nav id=\"tab-navigation-section\" class=\"tab-navigation-section--cols-5\">\n      <a href=\"#infoSection\" class=\"active\">Informazioni<\/a>\n      <a href=\"#profileSection\">Profilo<\/a>\n      <a href=\"#itinerarySection\">Itinerario<\/a>\n      \n      <a href=\"#locationsSection\">Paesi<\/a>\n    <\/nav>\n\n    <div id=\"infoSection\">\n      <!-- Title Section with Orange Line -->\n      <div>\n        <h2 class=\"p-h2-stage\">Informazioni<\/h2>\n        <hr class=\"orange-bar\" \/>\n        <h3 class=\"p-h3-stage\">Informazioni su questa tappa<\/h3>\n      <\/div>\n\n      \n        <p>Siamo separati a meno di duecento chilometri da Santiago de Compostela e oggi apriremo le porte della Galizia, in particolare attraverso il passo di montagna di O Cebreiro, un insediamento pre-romanico dove possiamo vedere la comunit\u00e0 galiziana dalle sue famose pallozas. Molti pellegrini scelgono di iniziare il loro viaggio qui, data l&#8217;importanza di questo posto e la bellezza di esso, un luogo che certamente non lascer\u00e0 nessuno indifferente.<\/p>\n      \n\n      <div class=\"recomendation-card\">\n        <div>\n          <i class=\"icon-logo-pilgrim\"><\/i>\n          <h5>Recomendaci\u00f3n Pilgrim<\/h5>\n        <\/div>\n\n        \n          <p>Essendo un passo di montagna questa tappa \u00e8 molto dura ed impegnativa, non \u00e8 quindi adatta a persone con disabilit\u00e0 a causa dell&#8217;esistenza di pendii ripidi e persino di neve in alcune zone. La parte peggiore del tragitto \u00e8 quella compresa fra Hospital y La Faba. Si consiglia di seguire la N-VI fino a raggiungere O Cebreiro. Allo stesso modo, i ciclisti dovrebbero prestare particolare attenzione nell&#8217;area di Perexe e A Portela, essendo molto vicini ad altri veicoli. All&#8217;uscita di Herrer\u00edas, i ciclisti sono invitati a continuare sulla strada, dal momento che la ripida salita a O Cebreiro non \u00e8 adatta a tutti i pubblici.<\/p>\n        \n          <p>A differenza di alcune fasi precedenti, oggi non avremo alcun problema a trovare tutti i tipi di servizi lungo il Camino. Tutte le localit\u00e0 hanno almeno uno stabilimento dove passare la notte e un negozio o un bar.<\/p>\n        \n      <\/div>\n    <\/div>\n\n    <div id=\"profileSection\">\n      <div>\n        <h2 class=\"p-h2-stage\">Distanza e altitudine<\/h2>\n        <hr class=\"orange-bar\" \/>\n        <h3 class=\"p-h3-stage\">Profilo<\/h3>\n        <img decoding=\"async\" src=\"https:\/\/cdn.pilgrim.es\/web\/caminos\/camino-frances\/etapas\/etapa-26-villafranca-o-cebreiro\/etapa26-perfil-villafranca-o-cebreiro.jpg\" alt=\"Perfil de la etapa tappa-26-villafranca-o-cebreiro\" \/>\n      <\/div>\n    <\/div>\n\n    <div id=\"itinerarySection\">\n      <h2 class=\"p-h2-stage\">Itinerario<\/h2>\n      <hr \/>\n      <h3 class=\"p-h3-stage\">Percorso<\/h3>\n\n      \n        <div>\n          <h4>Km 0 &#8211; Inicio<\/h4>\n\n          \n            <p>Abbiamo salutato Villafranca attraversando il fiume Burbia, attraverso le strade di La Concepci\u00f3n e Esp\u00edritu Santo, seguendo il corso del fiume Valcarce, parallelo alla strada. I cinque chilometri che rimangono per raggiungere Pereje saranno attraversati dal margine sinistro di un sentiero molto vicino alla strada. Attraversiamo il villaggio per tornare al precedente percorso pedonale fino a raggiungere un&#8217;area di sosta, da dove centinaia di castagne e il suono del fiume Valcerce ci guideranno fino a Trabadelo, il prossimo centro urbano. Qui possiamo fare scorta o fare una piccola pausa in uno degli stabilimenti, creati pi\u00f9 sotto la protezione del Camino. Dovremo ritornare al sentiero precedente, dopo aver attraversato un torrente, che ci condurr\u00e0 infine a La Portela de Valcarce e alla sua chiesa parrocchiale barocca dedicata a San Juan Bautista. Siamo ripartiti alla ricerca dell&#8217;autostrada N-6 sulla sua riva sinistra, raggiungendo dopo due chilometri la stazione di servizio Valcarce, ben nota ai piloti che entrano e escono dalla Galizia, poich\u00e9 \u00e8 aperta 24 ore al giorno e conta con un ristorante e persino un hotel. Dall&#8217;altra parte della strada si trova la citt\u00e0 di A Portela, il cui nome si ritiene derivi dalla tassa nota come &#8220;portazgo&#8221;, che si riscuoteva in questa zona come tributo per entrare e uscire dalla comunit\u00e0 galiziana.<\/p>\n          \n            <p>Pochi metri pi\u00f9 avanti dobbiamo fare una deviazione per Ambambestas sulla sinistra, dove convergono i fiumi Balboa e Valcarce. Pi\u00f9 tardi entreremo a Vega de Valcarce, una citt\u00e0 con tutti i servizi necessari dove possiamo nutrire e ottenere forza per la salita a O Cebreiro. Due chilometri pi\u00f9 avanti, a Ruitel\u00e1n, inizieremo a notare l&#8217;ascesa, prendendo un po &#8216;pi\u00f9 avanti una deviazione a sinistra verso Las Herrer\u00edas, dove nel quartiere dell&#8217;Ospedale c&#8217;era un vecchio ostello e un sanatorio per i pellegrini. Qui dovremo prepararci sia fisicamente che mentalmente per quello che ci aspetta, un sentiero lastricato che si alza per poco pi\u00f9 di un chilometro. Lasceremo la strada asfaltata un po &#8216;pi\u00f9 in alto, a sinistra da un sentiero, se viaggeremo su ruote continueremo dritto. Troviamo un&#8217;altra insenatura, in questo caso il Refoxo, incoraggiandoci a continuare a salire a La Faba, una piccola citt\u00e0 dove possiamo vedere una bellissima chiesa barocca. Inoltre, \u00e8 in questo tempio che una Messa ecumenica viene celebrata ogni giorno alle otto del pomeriggio, aprendo cos\u00ec le porte del tempio a tutti i pellegrini indipendentemente dalla loro religione. Continuando la nostra ascesa senza vacillare, se guardiamo in alto possiamo vedere la cima, circondata da enormi castagni e querce; Abbiamo gi\u00e0 la Galizia a un tiro di schioppo.<\/p>\n          \n            <p>Prima di raggiungere il nostro obiettivo dovremo attraversare Laguna de Castilla, l&#8217;ultima citt\u00e0 di questa comunit\u00e0 autonoma. L\u00ec troveremo qualche altro servizio e possiamo apprezzare gli edifici preromanici delle pallozas. Si consiglia di prestare molta attenzione quando si lascia la citt\u00e0 e seguire il sentiero sulla sinistra indicato da un punto di riferimento, guadagnando quota a poco a poco. Un po &#8216;pi\u00f9 avanti, un cartello indica che stiamo gi\u00e0 calpestando terre galiziane. Nonostante sia una salita ripida, le viste in cima restituiranno le forze perse, incoraggiandoci a continuare ancora un giorno. Entriamo a O Cebreiro, una parrocchia incorniciata negli splendidi paesaggi di Los Ancares e un luogo dove la leggenda individua la realizzazione del miracolo dell&#8217;Eucaristia. Oltre alle sue uniche pali, possiamo visitare la chiesa pre-romanica di Santa Mar\u00eda la Real.<\/p>\n          \n\n          \n            <a class=\"town-link\" href=\"https:\/\/www.pilgrim.es\/it\/cammino-francese\/villafranca-del-bierzo\/\">\n              <div class=\"town-link__link-content\">\n                <div class=\"town-link__link-content__text\">\n              <p>Informazioni locali<\/p>\n              <p>Polizia, Assistenza medica, Cosa vedere, Dove mangiare&#8230;<\/p>\n                <\/div>\n                <div class=\"town-link__link-content__town-btn\">\n                  <i class=\"icon-arrow\"><\/i>\n                <\/div>\n              <\/div>\n            <\/a>\n          \n        <\/div>\n        <hr \/>\n      \n      <div>\n        <h4>Km 27.8 &#8231; O Cebreiro<\/h4>\n        <a class=\"town-link\" href=\"https:\/\/www.pilgrim.es\/it\/cammino-francese\/o-cebreiro\/\">\n          <div class=\"town-link__link-content\">\n            <div class=\"town-link__link-content__text\">\n              <p>Informazioni locali<\/p>\n              <p>Polizia, Assistenza medica, Cosa vedere, Dove mangiare&#8230;<\/p>\n            <\/div>\n            <div class=\"town-link__link-content__town-btn\">\n              <i class=\"icon-arrow\"><\/i>\n            <\/div>\n          <\/div>\n        <\/a>\n      <\/div>\n    <\/div>\n\n    \n\n  <div id=\"locationsSection\">\n      <h2 class=\"p-h2-stage\">Paesi<\/h2>\n      <hr \/>\n      <h3 class=\"p-h3-stage\">Villaggi<\/h3>\n      <div class=\"grid-container\">\n\n        <div class=\"p-group card-stage p-max-w-full\">\n          <a href=\"https:\/\/www.pilgrim.es\/it\/cammino-francese\/villafranca-del-bierzo\/\" class=\"town-card\">\n            <div class=\"card-stage__header\">\n              <img decoding=\"async\" src=\"https:\/\/cdn.pilgrim.es\/web\/caminos\/camino-frances\/pueblos\/villafranca-del-bierzo\/villafranca-del-bierzo.jpg\" alt=\"Villafranca del Bierzo\" class=\"group-hover:p-scale-110\" \/>\n              <div class=\"card-overlay group-hover:p-opacity-50\"><\/div>\n            <\/div>\n            <div class=\"town-card__flex-container\">\n              <div class=\"town-card__flex-container__info\">\n                <h3>Villafranca del Bierzo<\/h3>\n                <p>Provincia: Le\u00f3n<\/p>\n              <\/div>\n              <div class=\"town-card__flex-container__btn\">\n                <i class=\"icon-arrow\"><\/i>\n              <\/div>\n            <\/div>\n          <\/a>\n        <\/div>\n        <div class=\"p-group card-stage p-max-w-full\">\n          <a href=\"https:\/\/www.pilgrim.es\/it\/cammino-francese\/o-cebreiro\/\" class=\"town-card\">\n            <div class=\"card-stage__header\">\n              <img decoding=\"async\" src=\"https:\/\/cdn.pilgrim.es\/web\/caminos\/camino-frances\/pueblos\/o-cebreiro\/o-cebreiro.jpg\" alt=\"O Cebreiro\" class=\"group-hover:p-scale-110\" \/>\n              <div class=\"card-overlay group-hover:p-opacity-50\"><\/div>\n            <\/div>\n            <div class=\"town-card__flex-container\">\n              <div class=\"town-card__flex-container__info\">\n                <h3>O Cebreiro<\/h3>\n                <p>Provincia: Lugo<\/p>\n              <\/div>\n              <div class=\"town-card__flex-container__btn\">\n                <i class=\"icon-arrow\"><\/i>\n              <\/div>\n            <\/div>\n          <\/a>\n        <\/div>\n      <\/div>\n    <\/div>\n    <hr class=\"single-bar\" \/>\n  <\/div>\n<\/section>\n\n<section id=\"stageChange\">\n  <div>\n    <a href=\"\/it\/cammino-francese\/tappa-25-ponferrada-villafranca\/\" class=\"change-btn\">\n    <div class=\"change-btn\">\n      <div class=\"btn-arrow previous\">\n        <i class=\"icon-arrow\"><\/i>\n      <\/div>\n      <div class=\"change-btn__info\">\n        <div>Tappa 25<\/div>\n        <p>\n          Ponferrada \u276f <br> Villafranca del Bierzo\n        <\/p>\n      <\/div>\n    <\/div>\n    <\/a>\n    <a href=\"\/it\/cammino-francese\/tappa-27-o-cebreiro-triacastela\/\" class=\"change-btn\">\n      <div class=\"change-btn__info\">\n        <div>Tappa 27<\/div>\n        <p>\n          O Cebreiro \u276f <br> Triacastela\n        <\/p>\n      <\/div>\n      <div class=\"btn-arrow\">\n        <i class=\"icon-arrow\"><\/i>\n      <\/div>\n    <\/a>\n  <\/div>\n<\/section> ","protected":false},"excerpt":{"rendered":"<p>Cammino Francese: tappa 26 A piedi 33 Tappe \/ 764 Kms Villafranca del Bierzo &#10093; O Cebreiro 27.8 Km &#10094; Tappa 25 Tappa 27 &#10095; Informazioni Profilo Itinerario Paesi Informazioni Informazioni su questa tappa Siamo separati a meno di duecento chilometri da Santiago de Compostela e oggi apriremo le porte della Galizia, in particolare attraverso &hellip; <\/p>\n<p class=\"read_more\"><a href=\"https:\/\/www.pilgrim.es\/it\/cammino-francese\/tappa-26-villafranca-o-cebreiro\/\">Leer m\u00e1s<\/a><\/p>\n","protected":false},"author":4,"featured_media":11389,"parent":10735,"menu_order":0,"comment_status":"closed","ping_status":"closed","template":"views\/template-new-web-design.blade.php","meta":{"footnotes":""},"categories":[],"tags":[],"class_list":["post-16182","page","type-page","status-publish","has-post-thumbnail","hentry"],"yoast_head":"<!-- This site is optimized with the Yoast SEO plugin v27.4 - https:\/\/yoast.com\/product\/yoast-seo-wordpress\/ -->\n<title>Camino Franc\u00e9s desde Villafranca del Bierzo a O Cebreiro | Pilgrim<\/title>\n<meta name=\"description\" content=\"Cammino Francese: tappa 26 del Camino de Santiago che intercorre fra Villafranca del Bierzo e O Cebreiro. Scopri tutte le informazioni e pianifica il tuo percorso.\" \/>\n<meta name=\"robots\" content=\"index, follow, max-snippet:-1, max-image-preview:large, max-video-preview:-1\" \/>\n<link rel=\"canonical\" href=\"https:\/\/www.pilgrim.es\/it\/cammino-francese\/tappa-26-villafranca-o-cebreiro\/\" \/>\n<meta property=\"og:locale\" content=\"it_IT\" \/>\n<meta property=\"og:type\" content=\"article\" \/>\n<meta property=\"og:title\" content=\"Camino Franc\u00e9s desde Villafranca del Bierzo a O Cebreiro | Pilgrim\" \/>\n<meta property=\"og:description\" content=\"Cammino Francese: tappa 26 del Camino de Santiago che intercorre fra Villafranca del Bierzo e O Cebreiro. Scopri tutte le informazioni e pianifica il tuo percorso.\" \/>\n<meta property=\"og:url\" content=\"https:\/\/www.pilgrim.es\/it\/cammino-francese\/tappa-26-villafranca-o-cebreiro\/\" \/>\n<meta property=\"og:site_name\" content=\"Pilgrim\" \/>\n<meta property=\"article:publisher\" content=\"https:\/\/www.facebook.com\/pilgrim.es\/\" \/>\n<meta property=\"article:modified_time\" content=\"2025-03-24T15:28:24+00:00\" \/>\n<meta property=\"og:image\" content=\"https:\/\/www.pilgrim.es\/wp-content\/uploads\/2019\/02\/camino_frances_etapa_26.jpg\" \/>\n\t<meta property=\"og:image:width\" content=\"1633\" \/>\n\t<meta property=\"og:image:height\" content=\"549\" \/>\n\t<meta property=\"og:image:type\" content=\"image\/jpeg\" \/>\n<meta name=\"twitter:card\" content=\"summary_large_image\" \/>\n<meta name=\"twitter:site\" content=\"@pilgrim_es\" \/>\n<meta name=\"twitter:label1\" content=\"Tempo di lettura stimato\" \/>\n\t<meta name=\"twitter:data1\" content=\"4 minuti\" \/>\n<script type=\"application\/ld+json\" class=\"yoast-schema-graph\">{\"@context\":\"https:\\\/\\\/schema.org\",\"@graph\":[{\"@type\":\"WebPage\",\"@id\":\"https:\\\/\\\/www.pilgrim.es\\\/it\\\/cammino-francese\\\/tappa-26-villafranca-o-cebreiro\\\/\",\"url\":\"https:\\\/\\\/www.pilgrim.es\\\/it\\\/cammino-francese\\\/tappa-26-villafranca-o-cebreiro\\\/\",\"name\":\"Camino Franc\u00e9s desde Villafranca del Bierzo a O Cebreiro | Pilgrim\",\"isPartOf\":{\"@id\":\"https:\\\/\\\/www.pilgrim.es\\\/it\\\/#website\"},\"primaryImageOfPage\":{\"@id\":\"https:\\\/\\\/www.pilgrim.es\\\/it\\\/cammino-francese\\\/tappa-26-villafranca-o-cebreiro\\\/#primaryimage\"},\"image\":{\"@id\":\"https:\\\/\\\/www.pilgrim.es\\\/it\\\/cammino-francese\\\/tappa-26-villafranca-o-cebreiro\\\/#primaryimage\"},\"thumbnailUrl\":\"https:\\\/\\\/www.pilgrim.es\\\/wp-content\\\/uploads\\\/2019\\\/02\\\/camino_frances_etapa_26.jpg\",\"datePublished\":\"2019-04-02T15:48:01+00:00\",\"dateModified\":\"2025-03-24T15:28:24+00:00\",\"description\":\"Cammino Francese: tappa 26 del Camino de Santiago che intercorre fra Villafranca del Bierzo e O Cebreiro. Scopri tutte le informazioni e pianifica il tuo percorso.\",\"breadcrumb\":{\"@id\":\"https:\\\/\\\/www.pilgrim.es\\\/it\\\/cammino-francese\\\/tappa-26-villafranca-o-cebreiro\\\/#breadcrumb\"},\"inLanguage\":\"it-IT\",\"potentialAction\":[{\"@type\":\"ReadAction\",\"target\":[\"https:\\\/\\\/www.pilgrim.es\\\/it\\\/cammino-francese\\\/tappa-26-villafranca-o-cebreiro\\\/\"]}]},{\"@type\":\"ImageObject\",\"inLanguage\":\"it-IT\",\"@id\":\"https:\\\/\\\/www.pilgrim.es\\\/it\\\/cammino-francese\\\/tappa-26-villafranca-o-cebreiro\\\/#primaryimage\",\"url\":\"https:\\\/\\\/www.pilgrim.es\\\/wp-content\\\/uploads\\\/2019\\\/02\\\/camino_frances_etapa_26.jpg\",\"contentUrl\":\"https:\\\/\\\/www.pilgrim.es\\\/wp-content\\\/uploads\\\/2019\\\/02\\\/camino_frances_etapa_26.jpg\",\"width\":1633,\"height\":549,\"caption\":\"Mappa tappa 26 Cammino Francese\"},{\"@type\":\"BreadcrumbList\",\"@id\":\"https:\\\/\\\/www.pilgrim.es\\\/it\\\/cammino-francese\\\/tappa-26-villafranca-o-cebreiro\\\/#breadcrumb\",\"itemListElement\":[{\"@type\":\"ListItem\",\"position\":1,\"name\":\"Camino de Santiago\",\"item\":\"https:\\\/\\\/www.pilgrim.es\\\/it\\\/\"},{\"@type\":\"ListItem\",\"position\":2,\"name\":\"Cammino Francese | tappa 26: Villafranca del Bierzo &#8211; O Cebreiro\"}]},{\"@type\":\"WebSite\",\"@id\":\"https:\\\/\\\/www.pilgrim.es\\\/it\\\/#website\",\"url\":\"https:\\\/\\\/www.pilgrim.es\\\/it\\\/\",\"name\":\"Pilgrim\",\"description\":\"Camino de Santiago | Caminamos Contigo\",\"publisher\":{\"@id\":\"https:\\\/\\\/www.pilgrim.es\\\/it\\\/#organization\"},\"potentialAction\":[{\"@type\":\"SearchAction\",\"target\":{\"@type\":\"EntryPoint\",\"urlTemplate\":\"https:\\\/\\\/www.pilgrim.es\\\/it\\\/?s={search_term_string}\"},\"query-input\":{\"@type\":\"PropertyValueSpecification\",\"valueRequired\":true,\"valueName\":\"search_term_string\"}}],\"inLanguage\":\"it-IT\"},{\"@type\":\"Organization\",\"@id\":\"https:\\\/\\\/www.pilgrim.es\\\/it\\\/#organization\",\"name\":\"Pilgrim Camino de Santiago\",\"url\":\"https:\\\/\\\/www.pilgrim.es\\\/it\\\/\",\"logo\":{\"@type\":\"ImageObject\",\"inLanguage\":\"it-IT\",\"@id\":\"https:\\\/\\\/www.pilgrim.es\\\/it\\\/#\\\/schema\\\/logo\\\/image\\\/\",\"url\":\"https:\\\/\\\/www.pilgrim.es\\\/wp-content\\\/uploads\\\/2019\\\/04\\\/logo_pilgrim.png\",\"contentUrl\":\"https:\\\/\\\/www.pilgrim.es\\\/wp-content\\\/uploads\\\/2019\\\/04\\\/logo_pilgrim.png\",\"width\":512,\"height\":512,\"caption\":\"Pilgrim Camino de Santiago\"},\"image\":{\"@id\":\"https:\\\/\\\/www.pilgrim.es\\\/it\\\/#\\\/schema\\\/logo\\\/image\\\/\"},\"sameAs\":[\"https:\\\/\\\/www.facebook.com\\\/pilgrim.es\\\/\",\"https:\\\/\\\/x.com\\\/pilgrim_es\",\"https:\\\/\\\/www.instagram.com\\\/pilgrim.es\\\/\",\"https:\\\/\\\/www.linkedin.com\\\/company\\\/pilgrim-camino-de-santiago\\\/\",\"https:\\\/\\\/www.pinterest.es\\\/pilgrimcaminodesantiago\\\/\",\"https:\\\/\\\/www.youtube.com\\\/channel\\\/UCIv2ZzFLXVqthkNF32rKedw\\\/featured\"]}]}<\/script>\n<!-- \/ Yoast SEO plugin. -->","yoast_head_json":{"title":"Camino Franc\u00e9s desde Villafranca del Bierzo a O Cebreiro | Pilgrim","description":"Cammino Francese: tappa 26 del Camino de Santiago che intercorre fra Villafranca del Bierzo e O Cebreiro. Scopri tutte le informazioni e pianifica il tuo percorso.","robots":{"index":"index","follow":"follow","max-snippet":"max-snippet:-1","max-image-preview":"max-image-preview:large","max-video-preview":"max-video-preview:-1"},"canonical":"https:\/\/www.pilgrim.es\/it\/cammino-francese\/tappa-26-villafranca-o-cebreiro\/","og_locale":"it_IT","og_type":"article","og_title":"Camino Franc\u00e9s desde Villafranca del Bierzo a O Cebreiro | Pilgrim","og_description":"Cammino Francese: tappa 26 del Camino de Santiago che intercorre fra Villafranca del Bierzo e O Cebreiro. Scopri tutte le informazioni e pianifica il tuo percorso.","og_url":"https:\/\/www.pilgrim.es\/it\/cammino-francese\/tappa-26-villafranca-o-cebreiro\/","og_site_name":"Pilgrim","article_publisher":"https:\/\/www.facebook.com\/pilgrim.es\/","article_modified_time":"2025-03-24T15:28:24+00:00","og_image":[{"width":1633,"height":549,"url":"https:\/\/www.pilgrim.es\/wp-content\/uploads\/2019\/02\/camino_frances_etapa_26.jpg","type":"image\/jpeg"}],"twitter_card":"summary_large_image","twitter_site":"@pilgrim_es","twitter_misc":{"Tempo di lettura stimato":"4 minuti"},"schema":{"@context":"https:\/\/schema.org","@graph":[{"@type":"WebPage","@id":"https:\/\/www.pilgrim.es\/it\/cammino-francese\/tappa-26-villafranca-o-cebreiro\/","url":"https:\/\/www.pilgrim.es\/it\/cammino-francese\/tappa-26-villafranca-o-cebreiro\/","name":"Camino Franc\u00e9s desde Villafranca del Bierzo a O Cebreiro | Pilgrim","isPartOf":{"@id":"https:\/\/www.pilgrim.es\/it\/#website"},"primaryImageOfPage":{"@id":"https:\/\/www.pilgrim.es\/it\/cammino-francese\/tappa-26-villafranca-o-cebreiro\/#primaryimage"},"image":{"@id":"https:\/\/www.pilgrim.es\/it\/cammino-francese\/tappa-26-villafranca-o-cebreiro\/#primaryimage"},"thumbnailUrl":"https:\/\/www.pilgrim.es\/wp-content\/uploads\/2019\/02\/camino_frances_etapa_26.jpg","datePublished":"2019-04-02T15:48:01+00:00","dateModified":"2025-03-24T15:28:24+00:00","description":"Cammino Francese: tappa 26 del Camino de Santiago che intercorre fra Villafranca del Bierzo e O Cebreiro. Scopri tutte le informazioni e pianifica il tuo percorso.","breadcrumb":{"@id":"https:\/\/www.pilgrim.es\/it\/cammino-francese\/tappa-26-villafranca-o-cebreiro\/#breadcrumb"},"inLanguage":"it-IT","potentialAction":[{"@type":"ReadAction","target":["https:\/\/www.pilgrim.es\/it\/cammino-francese\/tappa-26-villafranca-o-cebreiro\/"]}]},{"@type":"ImageObject","inLanguage":"it-IT","@id":"https:\/\/www.pilgrim.es\/it\/cammino-francese\/tappa-26-villafranca-o-cebreiro\/#primaryimage","url":"https:\/\/www.pilgrim.es\/wp-content\/uploads\/2019\/02\/camino_frances_etapa_26.jpg","contentUrl":"https:\/\/www.pilgrim.es\/wp-content\/uploads\/2019\/02\/camino_frances_etapa_26.jpg","width":1633,"height":549,"caption":"Mappa tappa 26 Cammino Francese"},{"@type":"BreadcrumbList","@id":"https:\/\/www.pilgrim.es\/it\/cammino-francese\/tappa-26-villafranca-o-cebreiro\/#breadcrumb","itemListElement":[{"@type":"ListItem","position":1,"name":"Camino de Santiago","item":"https:\/\/www.pilgrim.es\/it\/"},{"@type":"ListItem","position":2,"name":"Cammino Francese | tappa 26: Villafranca del Bierzo &#8211; O Cebreiro"}]},{"@type":"WebSite","@id":"https:\/\/www.pilgrim.es\/it\/#website","url":"https:\/\/www.pilgrim.es\/it\/","name":"Pilgrim","description":"Camino de Santiago | Caminamos Contigo","publisher":{"@id":"https:\/\/www.pilgrim.es\/it\/#organization"},"potentialAction":[{"@type":"SearchAction","target":{"@type":"EntryPoint","urlTemplate":"https:\/\/www.pilgrim.es\/it\/?s={search_term_string}"},"query-input":{"@type":"PropertyValueSpecification","valueRequired":true,"valueName":"search_term_string"}}],"inLanguage":"it-IT"},{"@type":"Organization","@id":"https:\/\/www.pilgrim.es\/it\/#organization","name":"Pilgrim Camino de Santiago","url":"https:\/\/www.pilgrim.es\/it\/","logo":{"@type":"ImageObject","inLanguage":"it-IT","@id":"https:\/\/www.pilgrim.es\/it\/#\/schema\/logo\/image\/","url":"https:\/\/www.pilgrim.es\/wp-content\/uploads\/2019\/04\/logo_pilgrim.png","contentUrl":"https:\/\/www.pilgrim.es\/wp-content\/uploads\/2019\/04\/logo_pilgrim.png","width":512,"height":512,"caption":"Pilgrim Camino de Santiago"},"image":{"@id":"https:\/\/www.pilgrim.es\/it\/#\/schema\/logo\/image\/"},"sameAs":["https:\/\/www.facebook.com\/pilgrim.es\/","https:\/\/x.com\/pilgrim_es","https:\/\/www.instagram.com\/pilgrim.es\/","https:\/\/www.linkedin.com\/company\/pilgrim-camino-de-santiago\/","https:\/\/www.pinterest.es\/pilgrimcaminodesantiago\/","https:\/\/www.youtube.com\/channel\/UCIv2ZzFLXVqthkNF32rKedw\/featured"]}]}},"_links":{"self":[{"href":"https:\/\/www.pilgrim.es\/it\/wp-json\/wp\/v2\/pages\/16182","targetHints":{"allow":["GET"]}}],"collection":[{"href":"https:\/\/www.pilgrim.es\/it\/wp-json\/wp\/v2\/pages"}],"about":[{"href":"https:\/\/www.pilgrim.es\/it\/wp-json\/wp\/v2\/types\/page"}],"author":[{"embeddable":true,"href":"https:\/\/www.pilgrim.es\/it\/wp-json\/wp\/v2\/users\/4"}],"replies":[{"embeddable":true,"href":"https:\/\/www.pilgrim.es\/it\/wp-json\/wp\/v2\/comments?post=16182"}],"version-history":[{"count":5,"href":"https:\/\/www.pilgrim.es\/it\/wp-json\/wp\/v2\/pages\/16182\/revisions"}],"predecessor-version":[{"id":95508,"href":"https:\/\/www.pilgrim.es\/it\/wp-json\/wp\/v2\/pages\/16182\/revisions\/95508"}],"up":[{"embeddable":true,"href":"https:\/\/www.pilgrim.es\/it\/wp-json\/wp\/v2\/pages\/10735"}],"wp:featuredmedia":[{"embeddable":true,"href":"https:\/\/www.pilgrim.es\/it\/wp-json\/wp\/v2\/media\/11389"}],"wp:attachment":[{"href":"https:\/\/www.pilgrim.es\/it\/wp-json\/wp\/v2\/media?parent=16182"}],"wp:term":[{"taxonomy":"category","embeddable":true,"href":"https:\/\/www.pilgrim.es\/it\/wp-json\/wp\/v2\/categories?post=16182"},{"taxonomy":"post_tag","embeddable":true,"href":"https:\/\/www.pilgrim.es\/it\/wp-json\/wp\/v2\/tags?post=16182"}],"curies":[{"name":"wp","href":"https:\/\/api.w.org\/{rel}","templated":true}]}}