{"id":15728,"date":"2019-04-01T09:38:55","date_gmt":"2019-04-01T09:38:55","guid":{"rendered":"https:\/\/desarrollo.pilgrim.es\/cammino-francese\/tappa-17-carrion-de-los-condes-terradillo-de-los-templarios\/"},"modified":"2025-03-24T15:27:57","modified_gmt":"2025-03-24T15:27:57","slug":"tappa-17-carrion-de-los-condes-terradillo-de-los-templarios","status":"publish","type":"page","link":"https:\/\/www.pilgrim.es\/it\/cammino-francese\/tappa-17-carrion-de-los-condes-terradillo-de-los-templarios\/","title":{"rendered":"Cammino Francese | tappa 17: Carri\u00f3n de los Condes &#8211; Terradillo de los Templarios"},"content":{"rendered":" <section id=\"heroStage\">\n  <h1>Cammino Francese: Tappa 17<\/h1>\n  <div>\n    <div class=\"hero\" data-background=\"https:\/\/cdn.pilgrim.es\/web\/caminos\/camino-frances\/pueblos\/carrion-de-los-condes\/carrion-de-los-condes.jpg\">\n      <div class=\"hero__container\">\n        <div class=\"hero__container__labels\">\n          <p>A piedi<\/p>\n          <p>33 Tappe \/ 764 Kms<\/p>\n        <\/div>\n        <div class=\"hero__container__stage-name\">\n          <h2>\n            Carri\u00f3n de los Condes <br \/>\n            <span>&#10093;<\/span>\n            Terradillos de los Templarios\n          <\/h2>\n          <p>26.3 Km<\/p>\n        <\/div>\n        <div class=\"hero__container__stage-changer\">\n            <div class=\"stage-control\">\n              <a class=\"stage-control__link\" href=\"\/it\/cammino-francese\/tappa-16-fromista-carrion-de-los-condes\/\"><span>&#10094;<\/span> Tappa 16<\/a>\n            <\/div>\n          <div class=\"stage-control\">\n            <a class=\"stage-control__link\" href=\"\/it\/cammino-francese\/tappa-18-terradillos-de-los-templarios-bercianos-del-real-camino\/\">Tappa 18 <span>&#10095;<\/span><\/a>\n          <\/div>\n        <\/div>\n      <\/div>\n    <\/div>\n    <div class=\"planner\"><div\r\n  class=\"p-col-span-1 p-rounded-lg p-px-5 p-h-full\"\r\n  style=\"background-image: url('https:\/\/cdn.pilgrim.es\/web\/pilgrim-planner\/bg-plugin-planificador.webp')\"\r\n  rel=\"preload\"\r\n  fetchpriority=\"high\"\r\n  >\r\n    <div class=\"p-text-center p-pt-5 p-text-white p-text-2xl p-font-semibold\">\r\n      Pianifica il tuo cammino    <\/div>\r\n    <div\r\n            id='primary-app'\r\n            data-name='banner'\r\n            data-api='https:\/\/pathfinder.pilgrim.es\/api\/pathfinder\/v2'\r\n            data-mode='normal'\r\n            data-lang='it'\r\n            data-route='1'\r\n            data-destiny='https:\/\/planificador.pilgrim.es'\r\n            data-modality='1'\r\n            data-inline=''\r\n        ><\/div><\/div><\/div>\n  <\/div>\n<\/section>\n\n<section id=\"scoreBarsStage\">\n  <section>\r\n  <div class=\"p-flex p-flex-nowrap p-space-x-4 p-py-5 p-overflow-x-auto md:p-grid md:p-grid-cols-3 lg:p-grid-cols-5 md:p-gap-8 md:p-space-x-0 md:p-overflow-hidden scrollbar-thin\">\r\n    <div class=\"p-grid p-grid-cols-4 p-shrink-0 p-w-72 p-snap-start md:p-w-full\">\r\n        <div class=\"p-col-span-1 p-self-center p-text-center p-text-3xl\">\r\n            <i class=\"icon-influx\"><\/i>\r\n        <\/div>\r\n        <div class=\"p-col-span-3 p-flex p-flex-col p-items-start\">\r\n            <div class=\"p-text-start p-text-secondary p-mb-1 p-bold\"> Afflusso <\/div>\r\n            <div class=\"p-w-full p-bg-light p-rounded-full p-h-2 p-relative\">\r\n                <div class=\"p-bg-primary p-h-2 p-rounded-full p-absolute\" style=\"width: 40%;\"><\/div>\r\n            <\/div>\r\n        <\/div>\r\n    <\/div>\r\n\r\n    <div class=\"p-grid p-grid-cols-4 p-shrink-0 p-w-72 p-snap-start md:p-w-full\">\r\n        <div class=\"p-col-span-1 p-self-center p-text-center p-text-3xl\">\r\n            <i class=\"icon-difficulty\"><\/i>\r\n        <\/div>\r\n        <div class=\"p-col-span-3 p-flex p-flex-col p-items-start\">\r\n            <div class=\"p-text-start p-text-secondary p-mb-1 p-bold\"> Difficolt\u00e0 <\/div>\r\n            <div class=\"p-w-full p-bg-light p-rounded-full p-h-2 p-relative\">\r\n                <div class=\"p-bg-primary p-h-2 p-rounded-full p-absolute\" style=\"width: 40%;\"><\/div>\r\n            <\/div>\r\n        <\/div>\r\n    <\/div>\r\n\r\n    <div class=\"p-grid p-grid-cols-4 p-shrink-0 p-w-72 p-snap-start md:p-w-full\">\r\n        <div class=\"p-col-span-1 p-self-center p-text-center p-text-3xl\">\r\n            <i class=\"icon-patrimony\"><\/i>\r\n        <\/div>\r\n        <div class=\"p-col-span-3 p-flex p-flex-col p-items-start\">\r\n            <div class=\"p-text-start p-text-secondary p-mb-1 p-bold\"> Arte\/Storia <\/div>\r\n            <div class=\"p-w-full p-bg-light p-rounded-full p-h-2 p-relative\">\r\n                <div class=\"p-bg-primary p-h-2 p-rounded-full p-absolute\" style=\"width: 20%;\"><\/div>\r\n            <\/div>\r\n        <\/div>\r\n    <\/div>\r\n\r\n    <div class=\"p-grid p-grid-cols-4 p-shrink-0 p-w-72 p-snap-start md:p-w-full\">\r\n        <div class=\"p-col-span-1 p-self-center p-text-center p-text-3xl\">\r\n            <i class=\"icon-nature\"><\/i>\r\n        <\/div>\r\n        <div class=\"p-col-span-3 p-flex p-flex-col p-items-start\">\r\n            <div class=\"p-text-start p-text-secondary p-mb-1 p-bold\"> Natura <\/div>\r\n            <div class=\"p-w-full p-bg-light p-rounded-full p-h-2 p-relative\">\r\n                <div class=\"p-bg-primary p-h-2 p-rounded-full p-absolute\" style=\"width: 40%;\"><\/div>\r\n            <\/div>\r\n        <\/div>\r\n    <\/div>\r\n\r\n    <div class=\"p-grid p-grid-cols-4 p-shrink-0 p-w-72 p-snap-start md:p-w-full\">\r\n        <div class=\"p-col-span-1 p-self-center p-text-center p-text-3xl\">\r\n            <i class=\"icon-urban\"><\/i>\r\n        <\/div>\r\n        <div class=\"p-col-span-3 p-flex p-flex-col p-items-start\">\r\n            <div class=\"p-text-start p-text-secondary p-mb-1 p-bold\"> Cammino Francese <\/div>\r\n            <div class=\"p-w-full p-bg-light p-rounded-full p-h-2 p-relative\">\r\n                <div class=\"p-bg-primary p-h-2 p-rounded-full p-absolute\" style=\"width: 20%;\"><\/div>\r\n            <\/div>\r\n        <\/div>\r\n    <\/div>\r\n  <\/div>\r\n<\/section>\n<\/section>\n\n<div id=\"stage-list-section\"><div class=\"stage-list\">\n    <div class='stage-list__map-card'>\n        <div class='stage-list__map-card__map'>\n            <div class='stage-list__map-card__map__text'>\n                <h2> Pages <\/h2>\n                <p> A piedi<\/p>\n                <p> 0tappe<\/p>\n            <\/div>\n            <div class='stage-list__map-card__map__img'>\n                <img decoding=\"async\" src=\"\" alt=\" mapa \" \/>\n            <\/div>\n        <\/div>\n    <\/div>\n\n    <\/div>\n<\/div>\n\n<section id=\"navStage\">\n  <div>\n    <nav id=\"tab-navigation-section\" class=\"tab-navigation-section--cols-5\">\n      <a href=\"#infoSection\" class=\"active\">Informazioni<\/a>\n      <a href=\"#profileSection\">Profilo<\/a>\n      <a href=\"#itinerarySection\">Itinerario<\/a>\n      \n      <a href=\"#locationsSection\">Paesi<\/a>\n    <\/nav>\n\n    <div id=\"infoSection\">\n      <!-- Title Section with Orange Line -->\n      <div>\n        <h2 class=\"p-h2-stage\">Informazioni<\/h2>\n        <hr class=\"orange-bar\" \/>\n        <h3 class=\"p-h3-stage\">Informazioni su questa tappa<\/h3>\n      <\/div>\n\n      \n        <p>Questa fase non \u00e8 una grande sfida in termini di orografia, ma in termini di lunghezza e assenza di servizi per poco pi\u00f9 di dieci chilometri. N\u00e9 passeremo attraverso troppi villaggi, quindi \u00e8 necessario andare ben carichi d&#8217;acqua, specialmente d&#8217;estate. Ancora una volta, le interminabili linee tra i campi di cereali renderanno il viaggio un po &#8216;monotono, ma in cambio, cammineremo lungo la stessa Via Aquitania, antica strada romana che collegava Bordeaux ad Astorga. Quindi, intraprenderemo questo viaggio con un occhio ai Terradillos de los Templarios, dove la leggenda pone l&#8217;oca che depone le uova d&#8217;oro.<\/p>\n      \n\n      <div class=\"recomendation-card\">\n        <div>\n          <i class=\"icon-logo-pilgrim\"><\/i>\n          <h5>Recomendaci\u00f3n Pilgrim<\/h5>\n        <\/div>\n\n        \n          <p>Come nella giornata di ieri, questa fase non ha alcuna difficolt\u00e0 in termini di orografia della strada. Tuttavia, da Carri\u00f3n de los Condes a Calzadilla de La Cueza non troveremo alcun servizio, nemmeno una fontana per riempire le borracce. In alcuni mesi dell&#8217;anno, un bar itinerante \u00e8 collocato oltre l&#8217;abbazia di Benev\u00edvere, ma dato che si tratta di un servizio itinerante non dovremmo contare su di esso ed essere ben forniti, soprattutto con l&#8217;acqua, nei mesi pi\u00f9 caldi. Come sempre, dovresti prestare molta attenzione agli attraversamenti stradali, poich\u00e9 in questo caso, trattandosi di una strada nazionale, il traffico veicolare \u00e8 costante.<\/p>\n        \n          <p>Per quanto riguarda i pellegrini che viaggiano in bicicletta, l&#8217;orografia gentile della tappa ne faciliter\u00e0 il normale sviluppo Sin embargo, para los peregrinos con alg\u00fan tipo de discapacidad, es probable que en determinadas \u00e9pocas del a\u00f1o se encuentren piedras sueltas y zonas embarradas por la V\u00eda Aquitana. Si consiglia di seguire la N-120 da Carri\u00f3n de los Condes.<\/p>\n        \n          <p>Ancora una volta, il nostro principale nemico in questa fase sar\u00e0 il caldo nei mesi estivi, data l&#8217;assenza di ombre e servizi per quasi dieci chilometri.<\/p>\n        \n      <\/div>\n    <\/div>\n\n    <div id=\"profileSection\">\n      <div>\n        <h2 class=\"p-h2-stage\">Distanza e altitudine<\/h2>\n        <hr class=\"orange-bar\" \/>\n        <h3 class=\"p-h3-stage\">Profilo<\/h3>\n        <img decoding=\"async\" src=\"https:\/\/cdn.pilgrim.es\/web\/caminos\/camino-frances\/etapas\/etapa-17-carrion-de-los-condes-terradillos-de-los-templarios\/etapa17-perfil-carrion-de-los-condes-terradillos-de-los-templarios.jpg\" alt=\"Perfil de la etapa tappa-17-carrion-de-los-condes-terradillo-de-los-templarios\" \/>\n      <\/div>\n    <\/div>\n\n    <div id=\"itinerarySection\">\n      <h2 class=\"p-h2-stage\">Itinerario<\/h2>\n      <hr \/>\n      <h3 class=\"p-h3-stage\">Percorso<\/h3>\n\n      \n        <div>\n          <h4>Km 0 &#8211; Inicio<\/h4>\n\n          \n            <p>Lasciamo Carri\u00f3n de los Condes dietro ad un ponte, arrivando velocemente al monastero di San Zoilo, alla periferia di questa citt\u00e0. In piedi a destra del tempio, un punto di riferimento ci reindirizzer\u00e0 verso la rotta Giacobea. Attraversiamo una rotonda e proseguiamo dritto lungo Avenida de Donantes.<\/p>\n          \n            <p>Dobbiamo attraversare nuovamente, in questo caso dalla N-120, per prendere la strada PR-2411, che percorreremo il suo margine sinistro per poco pi\u00f9 di tre chilometri fino a raggiungere Villotilla. Prima di calpestare la Via Aquitania possiamo intravedere con leggerezza i resti dell&#8217;abbazia di Benev\u00edvere, a destra, un monastero del XII secolo che fu distrutto dopo la confisca di Mendiz\u00e1bal. A pochi metri proseguiremo la famosa strada romana, che percorriamo per poco pi\u00f9 di dieci chilometri, senza ombra o riparo. Nell&#8217;antichit\u00e0, i pellegrini potevano riposare e riacquistare forza in uno dei due ospedali pellegrini esistenti nel Medioevo, ma sfortunatamente dobbiamo prendere questo tratto con calma e pazienza.<\/p>\n          \n            <p>Passeremo attraverso un&#8217;area ricreativa, che manca di una fontana, e poi proseguiremo dritto fino a un incrocio. In alta stagione possiamo trovare un bar in viaggio prima di questo incrocio, che apprezzeremo come un&#8217;autentica oasi nel deserto. Un paio di chilometri pi\u00f9 avanti, un indicatore ci ricorder\u00e0 che siamo nella famosa Ca\u00f1ada Real Leonesa, una delle vie pi\u00f9 importanti della transumanza nella penisola iberica.<\/p>\n          \n            <p>Con la compagnia solitaria dei pioppi, dovremo percorrere altri quattro chilometri per raggiungere la prima tappa oggi: Calzadilla de la Cueza, dove possiamo mangiare qualcosa o comprare generi alimentari. Circonderemo questa citt\u00e0 sul lato sinistro fino ad un incrocio con la N-120, dove continueremo a destra per entrare in una pista parallela all&#8217;autostrada nazionale. Ci avvicineremo alle rovine dell&#8217;antico monastero di Santa Mar\u00eda de las Tiendas o conosciuto anche come Hospital del Gran Caballero. Questo centro fu fondato dall&#8217;Ordine di Santiago nel XII secolo, che in seguito port\u00f2 alla costruzione del monastero. Era in funzione fino al diciannovesimo secolo, da qui in poi si \u00e8 deteriorata nel corso degli anni.<\/p>\n          \n            <p>Camminiamo momentaneamente su asfalto per tornare al percorso parallelo alla strada nazionale verso un&#8217;area ricreativa dove abbiamo due opzioni: proseguire sulla strada nazionale per L\u00e9digos, dopo aver attraversato la strada e prendere una deviazione a destra, o lasciare questa strada per intraprendere un sentiero che, dopo essere passati a sinistra dopo aver superato l&#8217;area ricreativa, si dirige verso una chiesa parrocchiale. Non ci sono grandi differenze tra le alternative, n\u00e9 di chilometraggio n\u00e9 di difficolt\u00e0.<\/p>\n          \n            <p>Gi\u00e0 a L\u00e9digos, dobbiamo visitare il tempio dove l&#8217;Apostolo Santiago \u00e8 venerato nelle sue tre rappresentazioni: il pellegrino, l&#8217;apostolo e il &#8220;matamoros&#8221;. Molti pellegrini decidono di passare la notte in questa citt\u00e0 perch\u00e9 ci sono due ostelli. Da questo punto alto possiamo gi\u00e0 vedere la fine di questa tappa, Terradillos de los Templarios, a poco pi\u00f9 di tre chilometri di distanza; Oltre alla sua stretta relazione con l&#8217;Ordine Templare, la leggenda individua qui il luogo di sepoltura dell&#8217;oca che depone le uova d&#8217;oro.<\/p>\n          \n\n          \n            <a class=\"town-link\" href=\"https:\/\/www.pilgrim.es\/it\/cammino-francese\/carrion-de-los-condes\/\">\n              <div class=\"town-link__link-content\">\n                <div class=\"town-link__link-content__text\">\n              <p>Informazioni locali<\/p>\n              <p>Polizia, Assistenza medica, Cosa vedere, Dove mangiare&#8230;<\/p>\n                <\/div>\n                <div class=\"town-link__link-content__town-btn\">\n                  <i class=\"icon-arrow\"><\/i>\n                <\/div>\n              <\/div>\n            <\/a>\n          \n        <\/div>\n        <hr \/>\n      \n      <div>\n        <h4>Km 26.3 &#8231; Terradillos de los Templarios<\/h4>\n        <a class=\"town-link\" href=\"https:\/\/www.pilgrim.es\/it\/cammino-francese\/terradillos-de-los-templarios\/\">\n          <div class=\"town-link__link-content\">\n            <div class=\"town-link__link-content__text\">\n              <p>Informazioni locali<\/p>\n              <p>Polizia, Assistenza medica, Cosa vedere, Dove mangiare&#8230;<\/p>\n            <\/div>\n            <div class=\"town-link__link-content__town-btn\">\n              <i class=\"icon-arrow\"><\/i>\n            <\/div>\n          <\/div>\n        <\/a>\n      <\/div>\n    <\/div>\n\n    \n\n  <div id=\"locationsSection\">\n      <h2 class=\"p-h2-stage\">Paesi<\/h2>\n      <hr \/>\n      <h3 class=\"p-h3-stage\">Villaggi<\/h3>\n      <div class=\"grid-container\">\n\n        <div class=\"p-group card-stage p-max-w-full\">\n          <a href=\"https:\/\/www.pilgrim.es\/it\/cammino-francese\/carrion-de-los-condes\/\" class=\"town-card\">\n            <div class=\"card-stage__header\">\n              <img decoding=\"async\" src=\"https:\/\/cdn.pilgrim.es\/web\/caminos\/camino-frances\/pueblos\/carrion-de-los-condes\/carrion-de-los-condes.jpg\" alt=\"Carri\u00f3n de los Condes\" class=\"group-hover:p-scale-110\" \/>\n              <div class=\"card-overlay group-hover:p-opacity-50\"><\/div>\n            <\/div>\n            <div class=\"town-card__flex-container\">\n              <div class=\"town-card__flex-container__info\">\n                <h3>Carri\u00f3n de los Condes<\/h3>\n                <p>Provincia: Palencia<\/p>\n              <\/div>\n              <div class=\"town-card__flex-container__btn\">\n                <i class=\"icon-arrow\"><\/i>\n              <\/div>\n            <\/div>\n          <\/a>\n        <\/div>\n        <div class=\"p-group card-stage p-max-w-full\">\n          <a href=\"https:\/\/www.pilgrim.es\/it\/cammino-francese\/terradillos-de-los-templarios\/\" class=\"town-card\">\n            <div class=\"card-stage__header\">\n              <img decoding=\"async\" src=\"https:\/\/cdn.pilgrim.es\/web\/caminos\/camino-frances\/pueblos\/terradillos-de-los-templarios\/terradillos-de-los-templarios.jpg\" alt=\"Terradillos de los Templarios\" class=\"group-hover:p-scale-110\" \/>\n              <div class=\"card-overlay group-hover:p-opacity-50\"><\/div>\n            <\/div>\n            <div class=\"town-card__flex-container\">\n              <div class=\"town-card__flex-container__info\">\n                <h3>Terradillos de los Templarios<\/h3>\n                <p>Provincia: Palencia<\/p>\n              <\/div>\n              <div class=\"town-card__flex-container__btn\">\n                <i class=\"icon-arrow\"><\/i>\n              <\/div>\n            <\/div>\n          <\/a>\n        <\/div>\n      <\/div>\n    <\/div>\n    <hr class=\"single-bar\" \/>\n  <\/div>\n<\/section>\n\n<section id=\"stageChange\">\n  <div>\n    <a href=\"\/it\/cammino-francese\/tappa-16-fromista-carrion-de-los-condes\/\" class=\"change-btn\">\n    <div class=\"change-btn\">\n      <div class=\"btn-arrow previous\">\n        <i class=\"icon-arrow\"><\/i>\n      <\/div>\n      <div class=\"change-btn__info\">\n        <div>Tappa 16<\/div>\n        <p>\n          Fr\u00f3mista \u276f <br> Carri\u00f3n de los Condes\n        <\/p>\n      <\/div>\n    <\/div>\n    <\/a>\n    <a href=\"\/it\/cammino-francese\/tappa-18-terradillos-de-los-templarios-bercianos-del-real-camino\/\" class=\"change-btn\">\n      <div class=\"change-btn__info\">\n        <div>Tappa 18<\/div>\n        <p>\n          Terradillos de los Templarios \u276f <br> Bercianos del Real Camino\n        <\/p>\n      <\/div>\n      <div class=\"btn-arrow\">\n        <i class=\"icon-arrow\"><\/i>\n      <\/div>\n    <\/a>\n  <\/div>\n<\/section> ","protected":false},"excerpt":{"rendered":"<p>Cammino Francese: Tappa 17 A piedi 33 Tappe \/ 764 Kms Carri\u00f3n de los Condes &#10093; Terradillos de los Templarios 26.3 Km &#10094; Tappa 16 Tappa 18 &#10095; Informazioni Profilo Itinerario Paesi Informazioni Informazioni su questa tappa Questa fase non \u00e8 una grande sfida in termini di orografia, ma in termini di lunghezza e assenza &hellip; <\/p>\n<p class=\"read_more\"><a href=\"https:\/\/www.pilgrim.es\/it\/cammino-francese\/tappa-17-carrion-de-los-condes-terradillo-de-los-templarios\/\">Leer m\u00e1s<\/a><\/p>\n","protected":false},"author":4,"featured_media":11267,"parent":10735,"menu_order":0,"comment_status":"closed","ping_status":"closed","template":"views\/template-new-web-design.blade.php","meta":{"footnotes":""},"categories":[],"tags":[],"class_list":["post-15728","page","type-page","status-publish","has-post-thumbnail","hentry"],"yoast_head":"<!-- This site is optimized with the Yoast SEO plugin v27.4 - https:\/\/yoast.com\/product\/yoast-seo-wordpress\/ -->\n<title>Cammino Francese | Tappa 17: Carri\u00f3n - Terradillo de los Templarios<\/title>\n<meta name=\"description\" content=\"Cammino Francese: Tappa 17 del Camino de Santiago che corre tra Carri\u00f3n de los Condes e Terradillo de los Templarios. Informaci\u00f3n completa sobre la etapa\" \/>\n<meta name=\"robots\" content=\"index, follow, max-snippet:-1, max-image-preview:large, max-video-preview:-1\" \/>\n<link rel=\"canonical\" href=\"https:\/\/www.pilgrim.es\/it\/cammino-francese\/tappa-17-carrion-de-los-condes-terradillo-de-los-templarios\/\" \/>\n<meta property=\"og:locale\" content=\"it_IT\" \/>\n<meta property=\"og:type\" content=\"article\" \/>\n<meta property=\"og:title\" content=\"Cammino Francese | Tappa 17: Carri\u00f3n - Terradillo de los Templarios\" \/>\n<meta property=\"og:description\" content=\"Cammino Francese: Tappa 17 del Camino de Santiago che corre tra Carri\u00f3n de los Condes e Terradillo de los Templarios. Informaci\u00f3n completa sobre la etapa\" \/>\n<meta property=\"og:url\" content=\"https:\/\/www.pilgrim.es\/it\/cammino-francese\/tappa-17-carrion-de-los-condes-terradillo-de-los-templarios\/\" \/>\n<meta property=\"og:site_name\" content=\"Pilgrim\" \/>\n<meta property=\"article:publisher\" content=\"https:\/\/www.facebook.com\/pilgrim.es\/\" \/>\n<meta property=\"article:modified_time\" content=\"2025-03-24T15:27:57+00:00\" \/>\n<meta property=\"og:image\" content=\"https:\/\/www.pilgrim.es\/wp-content\/uploads\/2019\/02\/camino_frances_etapa_17.jpg\" \/>\n\t<meta property=\"og:image:width\" content=\"1634\" \/>\n\t<meta property=\"og:image:height\" content=\"548\" \/>\n\t<meta property=\"og:image:type\" content=\"image\/jpeg\" \/>\n<meta name=\"twitter:card\" content=\"summary_large_image\" \/>\n<meta name=\"twitter:site\" content=\"@pilgrim_es\" \/>\n<meta name=\"twitter:label1\" content=\"Tempo di lettura stimato\" \/>\n\t<meta name=\"twitter:data1\" content=\"4 minuti\" \/>\n<script type=\"application\/ld+json\" class=\"yoast-schema-graph\">{\"@context\":\"https:\\\/\\\/schema.org\",\"@graph\":[{\"@type\":\"WebPage\",\"@id\":\"https:\\\/\\\/www.pilgrim.es\\\/it\\\/cammino-francese\\\/tappa-17-carrion-de-los-condes-terradillo-de-los-templarios\\\/\",\"url\":\"https:\\\/\\\/www.pilgrim.es\\\/it\\\/cammino-francese\\\/tappa-17-carrion-de-los-condes-terradillo-de-los-templarios\\\/\",\"name\":\"Cammino Francese | Tappa 17: Carri\u00f3n - Terradillo de los Templarios\",\"isPartOf\":{\"@id\":\"https:\\\/\\\/www.pilgrim.es\\\/it\\\/#website\"},\"primaryImageOfPage\":{\"@id\":\"https:\\\/\\\/www.pilgrim.es\\\/it\\\/cammino-francese\\\/tappa-17-carrion-de-los-condes-terradillo-de-los-templarios\\\/#primaryimage\"},\"image\":{\"@id\":\"https:\\\/\\\/www.pilgrim.es\\\/it\\\/cammino-francese\\\/tappa-17-carrion-de-los-condes-terradillo-de-los-templarios\\\/#primaryimage\"},\"thumbnailUrl\":\"https:\\\/\\\/www.pilgrim.es\\\/wp-content\\\/uploads\\\/2019\\\/02\\\/camino_frances_etapa_17.jpg\",\"datePublished\":\"2019-04-01T09:38:55+00:00\",\"dateModified\":\"2025-03-24T15:27:57+00:00\",\"description\":\"Cammino Francese: Tappa 17 del Camino de Santiago che corre tra Carri\u00f3n de los Condes e Terradillo de los Templarios. Informaci\u00f3n completa sobre la etapa\",\"breadcrumb\":{\"@id\":\"https:\\\/\\\/www.pilgrim.es\\\/it\\\/cammino-francese\\\/tappa-17-carrion-de-los-condes-terradillo-de-los-templarios\\\/#breadcrumb\"},\"inLanguage\":\"it-IT\",\"potentialAction\":[{\"@type\":\"ReadAction\",\"target\":[\"https:\\\/\\\/www.pilgrim.es\\\/it\\\/cammino-francese\\\/tappa-17-carrion-de-los-condes-terradillo-de-los-templarios\\\/\"]}]},{\"@type\":\"ImageObject\",\"inLanguage\":\"it-IT\",\"@id\":\"https:\\\/\\\/www.pilgrim.es\\\/it\\\/cammino-francese\\\/tappa-17-carrion-de-los-condes-terradillo-de-los-templarios\\\/#primaryimage\",\"url\":\"https:\\\/\\\/www.pilgrim.es\\\/wp-content\\\/uploads\\\/2019\\\/02\\\/camino_frances_etapa_17.jpg\",\"contentUrl\":\"https:\\\/\\\/www.pilgrim.es\\\/wp-content\\\/uploads\\\/2019\\\/02\\\/camino_frances_etapa_17.jpg\",\"width\":1634,\"height\":548,\"caption\":\"Mappa Tappa 17 Cammino Francese\"},{\"@type\":\"BreadcrumbList\",\"@id\":\"https:\\\/\\\/www.pilgrim.es\\\/it\\\/cammino-francese\\\/tappa-17-carrion-de-los-condes-terradillo-de-los-templarios\\\/#breadcrumb\",\"itemListElement\":[{\"@type\":\"ListItem\",\"position\":1,\"name\":\"Camino de Santiago\",\"item\":\"https:\\\/\\\/www.pilgrim.es\\\/it\\\/\"},{\"@type\":\"ListItem\",\"position\":2,\"name\":\"Cammino Francese | tappa 17: Carri\u00f3n de los Condes &#8211; Terradillo de los Templarios\"}]},{\"@type\":\"WebSite\",\"@id\":\"https:\\\/\\\/www.pilgrim.es\\\/it\\\/#website\",\"url\":\"https:\\\/\\\/www.pilgrim.es\\\/it\\\/\",\"name\":\"Pilgrim\",\"description\":\"Camino de Santiago | Caminamos Contigo\",\"publisher\":{\"@id\":\"https:\\\/\\\/www.pilgrim.es\\\/it\\\/#organization\"},\"potentialAction\":[{\"@type\":\"SearchAction\",\"target\":{\"@type\":\"EntryPoint\",\"urlTemplate\":\"https:\\\/\\\/www.pilgrim.es\\\/it\\\/?s={search_term_string}\"},\"query-input\":{\"@type\":\"PropertyValueSpecification\",\"valueRequired\":true,\"valueName\":\"search_term_string\"}}],\"inLanguage\":\"it-IT\"},{\"@type\":\"Organization\",\"@id\":\"https:\\\/\\\/www.pilgrim.es\\\/it\\\/#organization\",\"name\":\"Pilgrim Camino de Santiago\",\"url\":\"https:\\\/\\\/www.pilgrim.es\\\/it\\\/\",\"logo\":{\"@type\":\"ImageObject\",\"inLanguage\":\"it-IT\",\"@id\":\"https:\\\/\\\/www.pilgrim.es\\\/it\\\/#\\\/schema\\\/logo\\\/image\\\/\",\"url\":\"https:\\\/\\\/www.pilgrim.es\\\/wp-content\\\/uploads\\\/2019\\\/04\\\/logo_pilgrim.png\",\"contentUrl\":\"https:\\\/\\\/www.pilgrim.es\\\/wp-content\\\/uploads\\\/2019\\\/04\\\/logo_pilgrim.png\",\"width\":512,\"height\":512,\"caption\":\"Pilgrim Camino de Santiago\"},\"image\":{\"@id\":\"https:\\\/\\\/www.pilgrim.es\\\/it\\\/#\\\/schema\\\/logo\\\/image\\\/\"},\"sameAs\":[\"https:\\\/\\\/www.facebook.com\\\/pilgrim.es\\\/\",\"https:\\\/\\\/x.com\\\/pilgrim_es\",\"https:\\\/\\\/www.instagram.com\\\/pilgrim.es\\\/\",\"https:\\\/\\\/www.linkedin.com\\\/company\\\/pilgrim-camino-de-santiago\\\/\",\"https:\\\/\\\/www.pinterest.es\\\/pilgrimcaminodesantiago\\\/\",\"https:\\\/\\\/www.youtube.com\\\/channel\\\/UCIv2ZzFLXVqthkNF32rKedw\\\/featured\"]}]}<\/script>\n<!-- \/ Yoast SEO plugin. -->","yoast_head_json":{"title":"Cammino Francese | Tappa 17: Carri\u00f3n - Terradillo de los Templarios","description":"Cammino Francese: Tappa 17 del Camino de Santiago che corre tra Carri\u00f3n de los Condes e Terradillo de los Templarios. Informaci\u00f3n completa sobre la etapa","robots":{"index":"index","follow":"follow","max-snippet":"max-snippet:-1","max-image-preview":"max-image-preview:large","max-video-preview":"max-video-preview:-1"},"canonical":"https:\/\/www.pilgrim.es\/it\/cammino-francese\/tappa-17-carrion-de-los-condes-terradillo-de-los-templarios\/","og_locale":"it_IT","og_type":"article","og_title":"Cammino Francese | Tappa 17: Carri\u00f3n - Terradillo de los Templarios","og_description":"Cammino Francese: Tappa 17 del Camino de Santiago che corre tra Carri\u00f3n de los Condes e Terradillo de los Templarios. Informaci\u00f3n completa sobre la etapa","og_url":"https:\/\/www.pilgrim.es\/it\/cammino-francese\/tappa-17-carrion-de-los-condes-terradillo-de-los-templarios\/","og_site_name":"Pilgrim","article_publisher":"https:\/\/www.facebook.com\/pilgrim.es\/","article_modified_time":"2025-03-24T15:27:57+00:00","og_image":[{"width":1634,"height":548,"url":"https:\/\/www.pilgrim.es\/wp-content\/uploads\/2019\/02\/camino_frances_etapa_17.jpg","type":"image\/jpeg"}],"twitter_card":"summary_large_image","twitter_site":"@pilgrim_es","twitter_misc":{"Tempo di lettura stimato":"4 minuti"},"schema":{"@context":"https:\/\/schema.org","@graph":[{"@type":"WebPage","@id":"https:\/\/www.pilgrim.es\/it\/cammino-francese\/tappa-17-carrion-de-los-condes-terradillo-de-los-templarios\/","url":"https:\/\/www.pilgrim.es\/it\/cammino-francese\/tappa-17-carrion-de-los-condes-terradillo-de-los-templarios\/","name":"Cammino Francese | Tappa 17: Carri\u00f3n - Terradillo de los Templarios","isPartOf":{"@id":"https:\/\/www.pilgrim.es\/it\/#website"},"primaryImageOfPage":{"@id":"https:\/\/www.pilgrim.es\/it\/cammino-francese\/tappa-17-carrion-de-los-condes-terradillo-de-los-templarios\/#primaryimage"},"image":{"@id":"https:\/\/www.pilgrim.es\/it\/cammino-francese\/tappa-17-carrion-de-los-condes-terradillo-de-los-templarios\/#primaryimage"},"thumbnailUrl":"https:\/\/www.pilgrim.es\/wp-content\/uploads\/2019\/02\/camino_frances_etapa_17.jpg","datePublished":"2019-04-01T09:38:55+00:00","dateModified":"2025-03-24T15:27:57+00:00","description":"Cammino Francese: Tappa 17 del Camino de Santiago che corre tra Carri\u00f3n de los Condes e Terradillo de los Templarios. Informaci\u00f3n completa sobre la etapa","breadcrumb":{"@id":"https:\/\/www.pilgrim.es\/it\/cammino-francese\/tappa-17-carrion-de-los-condes-terradillo-de-los-templarios\/#breadcrumb"},"inLanguage":"it-IT","potentialAction":[{"@type":"ReadAction","target":["https:\/\/www.pilgrim.es\/it\/cammino-francese\/tappa-17-carrion-de-los-condes-terradillo-de-los-templarios\/"]}]},{"@type":"ImageObject","inLanguage":"it-IT","@id":"https:\/\/www.pilgrim.es\/it\/cammino-francese\/tappa-17-carrion-de-los-condes-terradillo-de-los-templarios\/#primaryimage","url":"https:\/\/www.pilgrim.es\/wp-content\/uploads\/2019\/02\/camino_frances_etapa_17.jpg","contentUrl":"https:\/\/www.pilgrim.es\/wp-content\/uploads\/2019\/02\/camino_frances_etapa_17.jpg","width":1634,"height":548,"caption":"Mappa Tappa 17 Cammino Francese"},{"@type":"BreadcrumbList","@id":"https:\/\/www.pilgrim.es\/it\/cammino-francese\/tappa-17-carrion-de-los-condes-terradillo-de-los-templarios\/#breadcrumb","itemListElement":[{"@type":"ListItem","position":1,"name":"Camino de Santiago","item":"https:\/\/www.pilgrim.es\/it\/"},{"@type":"ListItem","position":2,"name":"Cammino Francese | tappa 17: Carri\u00f3n de los Condes &#8211; Terradillo de los Templarios"}]},{"@type":"WebSite","@id":"https:\/\/www.pilgrim.es\/it\/#website","url":"https:\/\/www.pilgrim.es\/it\/","name":"Pilgrim","description":"Camino de Santiago | Caminamos Contigo","publisher":{"@id":"https:\/\/www.pilgrim.es\/it\/#organization"},"potentialAction":[{"@type":"SearchAction","target":{"@type":"EntryPoint","urlTemplate":"https:\/\/www.pilgrim.es\/it\/?s={search_term_string}"},"query-input":{"@type":"PropertyValueSpecification","valueRequired":true,"valueName":"search_term_string"}}],"inLanguage":"it-IT"},{"@type":"Organization","@id":"https:\/\/www.pilgrim.es\/it\/#organization","name":"Pilgrim Camino de Santiago","url":"https:\/\/www.pilgrim.es\/it\/","logo":{"@type":"ImageObject","inLanguage":"it-IT","@id":"https:\/\/www.pilgrim.es\/it\/#\/schema\/logo\/image\/","url":"https:\/\/www.pilgrim.es\/wp-content\/uploads\/2019\/04\/logo_pilgrim.png","contentUrl":"https:\/\/www.pilgrim.es\/wp-content\/uploads\/2019\/04\/logo_pilgrim.png","width":512,"height":512,"caption":"Pilgrim Camino de Santiago"},"image":{"@id":"https:\/\/www.pilgrim.es\/it\/#\/schema\/logo\/image\/"},"sameAs":["https:\/\/www.facebook.com\/pilgrim.es\/","https:\/\/x.com\/pilgrim_es","https:\/\/www.instagram.com\/pilgrim.es\/","https:\/\/www.linkedin.com\/company\/pilgrim-camino-de-santiago\/","https:\/\/www.pinterest.es\/pilgrimcaminodesantiago\/","https:\/\/www.youtube.com\/channel\/UCIv2ZzFLXVqthkNF32rKedw\/featured"]}]}},"_links":{"self":[{"href":"https:\/\/www.pilgrim.es\/it\/wp-json\/wp\/v2\/pages\/15728","targetHints":{"allow":["GET"]}}],"collection":[{"href":"https:\/\/www.pilgrim.es\/it\/wp-json\/wp\/v2\/pages"}],"about":[{"href":"https:\/\/www.pilgrim.es\/it\/wp-json\/wp\/v2\/types\/page"}],"author":[{"embeddable":true,"href":"https:\/\/www.pilgrim.es\/it\/wp-json\/wp\/v2\/users\/4"}],"replies":[{"embeddable":true,"href":"https:\/\/www.pilgrim.es\/it\/wp-json\/wp\/v2\/comments?post=15728"}],"version-history":[{"count":5,"href":"https:\/\/www.pilgrim.es\/it\/wp-json\/wp\/v2\/pages\/15728\/revisions"}],"predecessor-version":[{"id":95487,"href":"https:\/\/www.pilgrim.es\/it\/wp-json\/wp\/v2\/pages\/15728\/revisions\/95487"}],"up":[{"embeddable":true,"href":"https:\/\/www.pilgrim.es\/it\/wp-json\/wp\/v2\/pages\/10735"}],"wp:featuredmedia":[{"embeddable":true,"href":"https:\/\/www.pilgrim.es\/it\/wp-json\/wp\/v2\/media\/11267"}],"wp:attachment":[{"href":"https:\/\/www.pilgrim.es\/it\/wp-json\/wp\/v2\/media?parent=15728"}],"wp:term":[{"taxonomy":"category","embeddable":true,"href":"https:\/\/www.pilgrim.es\/it\/wp-json\/wp\/v2\/categories?post=15728"},{"taxonomy":"post_tag","embeddable":true,"href":"https:\/\/www.pilgrim.es\/it\/wp-json\/wp\/v2\/tags?post=15728"}],"curies":[{"name":"wp","href":"https:\/\/api.w.org\/{rel}","templated":true}]}}