{"id":15462,"date":"2019-03-29T13:45:02","date_gmt":"2019-03-29T13:45:02","guid":{"rendered":"https:\/\/desarrollo.pilgrim.es\/cammino-francese\/tappa-16-fromista-carrion-de-los-condes\/"},"modified":"2025-10-09T12:44:19","modified_gmt":"2025-10-09T12:44:19","slug":"tappa-16-fromista-carrion-de-los-condes","status":"publish","type":"page","link":"https:\/\/www.pilgrim.es\/it\/cammino-francese\/tappa-16-fromista-carrion-de-los-condes\/","title":{"rendered":"Cammino Francese | tappa 16: Fr\u00f3mista &#8211; Carri\u00f3n de los Condes"},"content":{"rendered":"\n<section id=\"heroStage\">\n  <h1>Cammino Francese: tappa 16<\/h1>\n  <div>\n    <div class=\"hero\" data-background=\"https:\/\/cdn.pilgrim.es\/web\/caminos\/camino-frances\/pueblos\/fromista\/fromista.jpg\">\n      <div class=\"hero__container\">\n        <div class=\"hero__container__labels\">\n          <p>A piedi<\/p>\n          <p>33 Tappe \/ 764 Kms<\/p>\n        <\/div>\n        <div class=\"hero__container__stage-name\">\n          <h2>\n            Fr\u00f3mista <br \/>\n            <span>&#10093;<\/span>\n            Carri\u00f3n de los Condes\n          <\/h2>\n          <p>18.8 Km<\/p>\n        <\/div>\n        <div class=\"hero__container__stage-changer\">\n            <div class=\"stage-control\">\n              <a class=\"stage-control__link\" href=\"https:\/\/www.pilgrim.es\/it\/cammino-francese\/tappa-15-castrojeriz-fromista\/\"><span>&#10094;<\/span> Tappa 15<\/a>\n            <\/div>\n          <div class=\"stage-control\">\n            <a class=\"stage-control__link\" href=\"https:\/\/www.pilgrim.es\/it\/cammino-francese\/tappa-17-carrion-de-los-condes-terradillo-de-los-templarios\/\">Tappa 17 <span>&#10095;<\/span><\/a>\n          <\/div>\n        <\/div>\n      <\/div>\n    <\/div>\n    <div class=\"planner\"><div\r\n  class=\"p-col-span-1 p-rounded-lg p-px-5 p-h-full\"\r\n  style=\"background-image: url('https:\/\/cdn.pilgrim.es\/web\/pilgrim-planner\/bg-plugin-planificador.webp')\"\r\n  rel=\"preload\"\r\n  fetchpriority=\"high\"\r\n  >\r\n    <div class=\"p-text-center p-pt-5 p-text-white p-text-2xl p-font-semibold\">\r\n      Pianifica il tuo cammino    <\/div>\r\n    <div\r\n            id='primary-app'\r\n            data-name='banner'\r\n            data-api='https:\/\/pathfinder.pilgrim.es\/api\/pathfinder\/v2'\r\n            data-mode='normal'\r\n            data-lang='it'\r\n            data-route='1'\r\n            data-destiny='https:\/\/planificador.pilgrim.es'\r\n            data-modality='1'\r\n            data-inline=''\r\n        ><\/div><\/div><\/div>\n  <\/div>\n<\/section>\n\n<section id=\"scoreBarsStage\">\n  <section>\r\n  <div class=\"p-flex p-flex-nowrap p-space-x-4 p-py-5 p-overflow-x-auto md:p-grid md:p-grid-cols-3 lg:p-grid-cols-5 md:p-gap-8 md:p-space-x-0 md:p-overflow-hidden scrollbar-thin\">\r\n    <div class=\"p-grid p-grid-cols-4 p-shrink-0 p-w-72 p-snap-start md:p-w-full\">\r\n        <div class=\"p-col-span-1 p-self-center p-text-center p-text-3xl\">\r\n            <i class=\"icon-influx\"><\/i>\r\n        <\/div>\r\n        <div class=\"p-col-span-3 p-flex p-flex-col p-items-start\">\r\n            <div class=\"p-text-start p-text-secondary p-mb-1 p-bold\"> Afflusso <\/div>\r\n            <div class=\"p-w-full p-bg-light p-rounded-full p-h-2 p-relative\">\r\n                <div class=\"p-bg-primary p-h-2 p-rounded-full p-absolute\" style=\"width: 20%;\"><\/div>\r\n            <\/div>\r\n        <\/div>\r\n    <\/div>\r\n\r\n    <div class=\"p-grid p-grid-cols-4 p-shrink-0 p-w-72 p-snap-start md:p-w-full\">\r\n        <div class=\"p-col-span-1 p-self-center p-text-center p-text-3xl\">\r\n            <i class=\"icon-difficulty\"><\/i>\r\n        <\/div>\r\n        <div class=\"p-col-span-3 p-flex p-flex-col p-items-start\">\r\n            <div class=\"p-text-start p-text-secondary p-mb-1 p-bold\"> Difficolt\u00e0 <\/div>\r\n            <div class=\"p-w-full p-bg-light p-rounded-full p-h-2 p-relative\">\r\n                <div class=\"p-bg-primary p-h-2 p-rounded-full p-absolute\" style=\"width: 40%;\"><\/div>\r\n            <\/div>\r\n        <\/div>\r\n    <\/div>\r\n\r\n    <div class=\"p-grid p-grid-cols-4 p-shrink-0 p-w-72 p-snap-start md:p-w-full\">\r\n        <div class=\"p-col-span-1 p-self-center p-text-center p-text-3xl\">\r\n            <i class=\"icon-patrimony\"><\/i>\r\n        <\/div>\r\n        <div class=\"p-col-span-3 p-flex p-flex-col p-items-start\">\r\n            <div class=\"p-text-start p-text-secondary p-mb-1 p-bold\"> Arte\/Storia <\/div>\r\n            <div class=\"p-w-full p-bg-light p-rounded-full p-h-2 p-relative\">\r\n                <div class=\"p-bg-primary p-h-2 p-rounded-full p-absolute\" style=\"width: 20%;\"><\/div>\r\n            <\/div>\r\n        <\/div>\r\n    <\/div>\r\n\r\n    <div class=\"p-grid p-grid-cols-4 p-shrink-0 p-w-72 p-snap-start md:p-w-full\">\r\n        <div class=\"p-col-span-1 p-self-center p-text-center p-text-3xl\">\r\n            <i class=\"icon-nature\"><\/i>\r\n        <\/div>\r\n        <div class=\"p-col-span-3 p-flex p-flex-col p-items-start\">\r\n            <div class=\"p-text-start p-text-secondary p-mb-1 p-bold\"> Natura <\/div>\r\n            <div class=\"p-w-full p-bg-light p-rounded-full p-h-2 p-relative\">\r\n                <div class=\"p-bg-primary p-h-2 p-rounded-full p-absolute\" style=\"width: 40%;\"><\/div>\r\n            <\/div>\r\n        <\/div>\r\n    <\/div>\r\n\r\n    <div class=\"p-grid p-grid-cols-4 p-shrink-0 p-w-72 p-snap-start md:p-w-full\">\r\n        <div class=\"p-col-span-1 p-self-center p-text-center p-text-3xl\">\r\n            <i class=\"icon-urban\"><\/i>\r\n        <\/div>\r\n        <div class=\"p-col-span-3 p-flex p-flex-col p-items-start\">\r\n            <div class=\"p-text-start p-text-secondary p-mb-1 p-bold\"> Cammino Francese <\/div>\r\n            <div class=\"p-w-full p-bg-light p-rounded-full p-h-2 p-relative\">\r\n                <div class=\"p-bg-primary p-h-2 p-rounded-full p-absolute\" style=\"width: 20%;\"><\/div>\r\n            <\/div>\r\n        <\/div>\r\n    <\/div>\r\n  <\/div>\r\n<\/section>\n<\/section>\n\n<div id=\"stage-list-section\"><div class=\"stage-list\">\n    <div class='stage-list__map-card'>\n        <div class='stage-list__map-card__map'>\n            <div class='stage-list__map-card__map__text'>\n                <h2> Pages <\/h2>\n                <p> A piedi<\/p>\n                <p> 0tappe<\/p>\n            <\/div>\n            <div class='stage-list__map-card__map__img'>\n                <img decoding=\"async\" src=\"\" alt=\" mapa \" \/>\n            <\/div>\n        <\/div>\n    <\/div>\n\n    <\/div>\n<\/div>\n\n<section id=\"navStage\">\n  <div>\n    <nav id=\"tab-navigation-section\" class=\"tab-navigation-section--cols-5\">\n      <a href=\"#infoSection\" class=\"active\">Informazioni<\/a>\n      <a href=\"#profileSection\">Profilo<\/a>\n      <a href=\"#itinerarySection\">Itinerario<\/a>\n      \n      <a href=\"#locationsSection\">Paesi<\/a>\n    <\/nav>\n\n    <div id=\"infoSection\">\n      <!-- Title Section with Orange Line -->\n      <div>\n        <h2 class=\"p-h2-stage\">Informazioni<\/h2>\n        <hr class=\"orange-bar\" \/>\n        <h3 class=\"p-h3-stage\">Informazioni su questa tappa<\/h3>\n      <\/div>\n\n      \n        <p>Giornata rilassata, meno di venti chilometri separano Fr\u00f3mista da Carri\u00f3n de los Condes. Questa tappa, chiaramente di profilo piatto, \u00e8 caratterizzata dalla monotona pianura castigliana, punteggiata da un susseguirsi di tipiche citt\u00e0 del Camino dove \u00e8 possibile riposare all&#8217;ombra di monumenti di grande bellezza e tradizione giacobea.<\/p>\n      \n\n      <div class=\"recomendation-card\">\n        <div>\n          <i class=\"icon-logo-pilgrim\"><\/i>\n          <h5>Recomendaci\u00f3n Pilgrim<\/h5>\n        <\/div>\n\n        \n          <p>Dopo le complicazioni delle fasi precedenti, in questo caso i pellegrini con qualche tipo di disabilit\u00e0 non troveranno alcun ostacolo sulla loro strada. Il bicigrino attraverser\u00e0 questa semplice tappa in poco meno di due ore, poich\u00e9 \u00e8 un palcoscenico semplice e breve in cui non ci sono grandi pendenze ripide da affrontare.<\/p>\n        \n      <\/div>\n    <\/div>\n\n    <div id=\"profileSection\">\n      <div>\n        <h2 class=\"p-h2-stage\">Distanza e altitudine<\/h2>\n        <hr class=\"orange-bar\" \/>\n        <h3 class=\"p-h3-stage\">Profilo<\/h3>\n        <img decoding=\"async\" src=\"https:\/\/cdn.pilgrim.es\/web\/caminos\/camino-frances\/etapas\/etapa-16-fromista-carrion-de-los-condes\/etapa16-perfil-fromista-carrion-de-los-condes.jpg\" alt=\"Perfil de la etapa tappa-16-fromista-carrion-de-los-condes\" \/>\n      <\/div>\n    <\/div>\n\n    <div id=\"itinerarySection\">\n      <h2 class=\"p-h2-stage\">Itinerario<\/h2>\n      <hr \/>\n      <h3 class=\"p-h3-stage\">Percorso<\/h3>\n\n      \n        <div>\n          <h4>Km 0 &#8211; Inicio<\/h4>\n\n          \n            <p>Dato che ieri siamo arrivati a Fr\u00f3mista, abbiamo lasciato la sua area urbana in direzione del P-980, seguendola su uno dei suoi lati praticamente durante l&#8217;intero percorso. Dopo aver attraversato un paio di rotatorie, siamo entrati in un percorso parallelo a questa strada che ci porter\u00e0 direttamente alla prima citt\u00e0 oggi: Popolazione di Campos.<\/p>\n          \n            <p>Questa piccola citt\u00e0 ospita alcuni eremi e chiese di grande bellezza, evidenziando San Miguel, incorniciato in un ambiente idilliaco. Attraversiamo la strada principale, dove possiamo trovare diversi stabilimenti dove alloggiare o mangiare qualcosa, continuando con il nostro viaggio aggirando il fiume Ucieza da un ponte. Qui, prima di attraversare il fiume e vicino all&#8217;eremo di Socorro, c&#8217;\u00e8 un percorso alternativo che attraversa Villovieco, dove possiamo visitare la chiesa di Santa Maria del XVI secolo. Questa deviazione si ricongiunge al percorso originale, dopo aver attraversato un ponte sul fiume Ucieza e aver imboccato una pista a destra, a Villarmentero de Campos.<\/p>\n          \n            <p>Chi non decide di prendere questa deviazione alternativa, continuer\u00e0 dopo aver attraversato il ponte da un percorso parallelo al P-980 fino a Revenga de Campos. Attraverseremo il paese, che si distingue per la chiesa barocca di San Lorenzo e un insieme di case con blasonati, per tornare alla strada parallela alla strada. Circa quattro chilometri pi\u00f9 avanti, un cartello indicher\u00e0 la deviazione a destra verso Villalc\u00e1zar de Sirga, nella cui grande piazza si trova la chiesa attribuita ai Templari di Santa Mar\u00eda la Blanca. Questo tempio fortificato si distingue per la porta del 13 \u00b0 secolo e le tombe policrome che ospita all&#8217;interno. Alfonso X El Sabio racconta la sua lunga tradizione storica e religiosa, che si ispir\u00f3 a questa chiesa dichiarata sito di interesse culturale per scrivere dodici delle sue Cantigas de Santa Mar\u00eda.<\/p>\n          \n            <p>Dopo questa visita obbligatoria, lasciamo la citt\u00e0 per tornare al sentiero sul lato del P-980, dove cammineremo per i rimanenti cinque chilometri che ci separano da Carri\u00f3n de los Condes, il nostro ultimo punto di oggi. Era una delle citt\u00e0 pi\u00f9 importanti del cristianesimo nell&#8217;alto medioevo, essendo celebrata in essa numerosi conclavi. Sottolinea la chiesa di Santa Maria del Camino, costruita in onore della Vergine delle Vittorie, dove secondo la leggenda fu compiuto il miracolo delle fanciulle. La storia racconta che alcuni tori liberarono alcune vergini della citt\u00e0 che furono trattenute per essere consegnate come offerta ai re moreschi.<\/p>\n          \n\n          \n            <a class=\"town-link\" href=\"https:\/\/www.pilgrim.es\/it\/cammino-francese\/fromista\/\">\n              <div class=\"town-link__link-content\">\n                <div class=\"town-link__link-content__text\">\n              <p>Informazioni locali<\/p>\n              <p>Polizia, Assistenza medica, Cosa vedere, Dove mangiare&#8230;<\/p>\n                <\/div>\n                <div class=\"town-link__link-content__town-btn\">\n                  <i class=\"icon-arrow\"><\/i>\n                <\/div>\n              <\/div>\n            <\/a>\n          \n        <\/div>\n        <hr \/>\n      \n      <div>\n        <h4>Km 18.8 &#8231; Carri\u00f3n de los Condes<\/h4>\n        <a class=\"town-link\" href=\"https:\/\/www.pilgrim.es\/it\/cammino-francese\/carrion-de-los-condes\/\">\n          <div class=\"town-link__link-content\">\n            <div class=\"town-link__link-content__text\">\n              <p>Informazioni locali<\/p>\n              <p>Polizia, Assistenza medica, Cosa vedere, Dove mangiare&#8230;<\/p>\n            <\/div>\n            <div class=\"town-link__link-content__town-btn\">\n              <i class=\"icon-arrow\"><\/i>\n            <\/div>\n          <\/div>\n        <\/a>\n      <\/div>\n    <\/div>\n\n    \n\n  <div id=\"locationsSection\">\n      <h2 class=\"p-h2-stage\">Paesi<\/h2>\n      <hr \/>\n      <h3 class=\"p-h3-stage\">Villaggi<\/h3>\n      <div class=\"grid-container\">\n\n        <div class=\"p-group card-stage p-max-w-full\">\n          <a href=\"https:\/\/www.pilgrim.es\/it\/cammino-francese\/fromista\/\" class=\"town-card\">\n            <div class=\"card-stage__header\">\n              <img decoding=\"async\" src=\"https:\/\/cdn.pilgrim.es\/web\/caminos\/camino-frances\/pueblos\/fromista\/fromista.jpg\" alt=\"Fr\u00f3mista\" class=\"group-hover:p-scale-110\" \/>\n              <div class=\"card-overlay group-hover:p-opacity-50\"><\/div>\n            <\/div>\n            <div class=\"town-card__flex-container\">\n              <div class=\"town-card__flex-container__info\">\n                <h3>Fr\u00f3mista<\/h3>\n                <p>Provincia: Palencia<\/p>\n              <\/div>\n              <div class=\"town-card__flex-container__btn\">\n                <i class=\"icon-arrow\"><\/i>\n              <\/div>\n            <\/div>\n          <\/a>\n        <\/div>\n        <div class=\"p-group card-stage p-max-w-full\">\n          <a href=\"https:\/\/www.pilgrim.es\/it\/cammino-francese\/carrion-de-los-condes\/\" class=\"town-card\">\n            <div class=\"card-stage__header\">\n              <img decoding=\"async\" src=\"https:\/\/cdn.pilgrim.es\/web\/caminos\/camino-frances\/pueblos\/carrion-de-los-condes\/carrion-de-los-condes.jpg\" alt=\"Carri\u00f3n de los Condes\" class=\"group-hover:p-scale-110\" \/>\n              <div class=\"card-overlay group-hover:p-opacity-50\"><\/div>\n            <\/div>\n            <div class=\"town-card__flex-container\">\n              <div class=\"town-card__flex-container__info\">\n                <h3>Carri\u00f3n de los Condes<\/h3>\n                <p>Provincia: Palencia<\/p>\n              <\/div>\n              <div class=\"town-card__flex-container__btn\">\n                <i class=\"icon-arrow\"><\/i>\n              <\/div>\n            <\/div>\n          <\/a>\n        <\/div>\n      <\/div>\n    <\/div>\n    <hr class=\"single-bar\" \/>\n  <\/div>\n<\/section>\n\n<section id=\"stageChange\">\n  <div>\n    <a href=\"https:\/\/www.pilgrim.es\/it\/cammino-francese\/tappa-15-castrojeriz-fromista\/\" class=\"change-btn\">\n    <div class=\"change-btn\">\n      <div class=\"btn-arrow previous\">\n        <i class=\"icon-arrow\"><\/i>\n      <\/div>\n      <div class=\"change-btn__info\">\n        <div>Tappa 15<\/div>\n        <p>\n          Castrojeriz \u276f <br> Fr\u00f3mista\n        <\/p>\n      <\/div>\n    <\/div>\n    <\/a>\n    <a href=\"https:\/\/www.pilgrim.es\/it\/cammino-francese\/tappa-17-carrion-de-los-condes-terradillo-de-los-templarios\/\" class=\"change-btn\">\n      <div class=\"change-btn__info\">\n        <div>Tappa 17<\/div>\n        <p>\n          Carri\u00f3n de los Condes \u276f <br> Terradillos de los Templarios\n        <\/p>\n      <\/div>\n      <div class=\"btn-arrow\">\n        <i class=\"icon-arrow\"><\/i>\n      <\/div>\n    <\/a>\n  <\/div>\n<\/section>\n","protected":false},"excerpt":{"rendered":"<p>Cammino Francese: tappa 16 A piedi 33 Tappe \/ 764 Kms Fr\u00f3mista &#10093; Carri\u00f3n de los Condes 18.8 Km &#10094; Tappa 15 Tappa 17 &#10095; Informazioni Profilo Itinerario Paesi Informazioni Informazioni su questa tappa Giornata rilassata, meno di venti chilometri separano Fr\u00f3mista da Carri\u00f3n de los Condes. Questa tappa, chiaramente di profilo piatto, \u00e8 caratterizzata &hellip; <\/p>\n<p class=\"read_more\"><a href=\"https:\/\/www.pilgrim.es\/it\/cammino-francese\/tappa-16-fromista-carrion-de-los-condes\/\">Leer m\u00e1s<\/a><\/p>\n","protected":false},"author":4,"featured_media":11257,"parent":10735,"menu_order":0,"comment_status":"closed","ping_status":"closed","template":"views\/template-new-web-design.blade.php","meta":{"footnotes":""},"categories":[],"tags":[],"class_list":["post-15462","page","type-page","status-publish","has-post-thumbnail","hentry"],"yoast_head":"<!-- This site is optimized with the Yoast SEO plugin v27.4 - https:\/\/yoast.com\/product\/yoast-seo-wordpress\/ -->\n<title>Camino Franc\u00e9s desde Fr\u00f3mista a Carri\u00f3n de los Condes | Pilgrim<\/title>\n<meta name=\"description\" content=\"Cammino Francese: tappa 16 del Cammino di Santiago che corre tra Fromista e Carri\u00f3n de los Condes. Scopri tutte le informazioni sulla tappa.\" \/>\n<meta name=\"robots\" content=\"index, follow, max-snippet:-1, max-image-preview:large, max-video-preview:-1\" \/>\n<link rel=\"canonical\" href=\"https:\/\/www.pilgrim.es\/it\/cammino-francese\/tappa-16-fromista-carrion-de-los-condes\/\" \/>\n<meta property=\"og:locale\" content=\"it_IT\" \/>\n<meta property=\"og:type\" content=\"article\" \/>\n<meta property=\"og:title\" content=\"Camino Franc\u00e9s desde Fr\u00f3mista a Carri\u00f3n de los Condes | Pilgrim\" \/>\n<meta property=\"og:description\" content=\"Cammino Francese: tappa 16 del Cammino di Santiago che corre tra Fromista e Carri\u00f3n de los Condes. Scopri tutte le informazioni sulla tappa.\" \/>\n<meta property=\"og:url\" content=\"https:\/\/www.pilgrim.es\/it\/cammino-francese\/tappa-16-fromista-carrion-de-los-condes\/\" \/>\n<meta property=\"og:site_name\" content=\"Pilgrim\" \/>\n<meta property=\"article:publisher\" content=\"https:\/\/www.facebook.com\/pilgrim.es\/\" \/>\n<meta property=\"article:modified_time\" content=\"2025-10-09T12:44:19+00:00\" \/>\n<meta property=\"og:image\" content=\"https:\/\/www.pilgrim.es\/wp-content\/uploads\/2019\/02\/camino_frances_etapa_16.jpg\" \/>\n\t<meta property=\"og:image:width\" content=\"1637\" \/>\n\t<meta property=\"og:image:height\" content=\"546\" \/>\n\t<meta property=\"og:image:type\" content=\"image\/jpeg\" \/>\n<meta name=\"twitter:card\" content=\"summary_large_image\" \/>\n<meta name=\"twitter:site\" content=\"@pilgrim_es\" \/>\n<meta name=\"twitter:label1\" content=\"Tempo di lettura stimato\" \/>\n\t<meta name=\"twitter:data1\" content=\"3 minuti\" \/>\n<script type=\"application\/ld+json\" class=\"yoast-schema-graph\">{\"@context\":\"https:\\\/\\\/schema.org\",\"@graph\":[{\"@type\":\"WebPage\",\"@id\":\"https:\\\/\\\/www.pilgrim.es\\\/it\\\/cammino-francese\\\/tappa-16-fromista-carrion-de-los-condes\\\/\",\"url\":\"https:\\\/\\\/www.pilgrim.es\\\/it\\\/cammino-francese\\\/tappa-16-fromista-carrion-de-los-condes\\\/\",\"name\":\"Camino Franc\u00e9s desde Fr\u00f3mista a Carri\u00f3n de los Condes | Pilgrim\",\"isPartOf\":{\"@id\":\"https:\\\/\\\/www.pilgrim.es\\\/it\\\/#website\"},\"primaryImageOfPage\":{\"@id\":\"https:\\\/\\\/www.pilgrim.es\\\/it\\\/cammino-francese\\\/tappa-16-fromista-carrion-de-los-condes\\\/#primaryimage\"},\"image\":{\"@id\":\"https:\\\/\\\/www.pilgrim.es\\\/it\\\/cammino-francese\\\/tappa-16-fromista-carrion-de-los-condes\\\/#primaryimage\"},\"thumbnailUrl\":\"https:\\\/\\\/www.pilgrim.es\\\/wp-content\\\/uploads\\\/2019\\\/02\\\/camino_frances_etapa_16.jpg\",\"datePublished\":\"2019-03-29T13:45:02+00:00\",\"dateModified\":\"2025-10-09T12:44:19+00:00\",\"description\":\"Cammino Francese: tappa 16 del Cammino di Santiago che corre tra Fromista e Carri\u00f3n de los Condes. Scopri tutte le informazioni sulla tappa.\",\"breadcrumb\":{\"@id\":\"https:\\\/\\\/www.pilgrim.es\\\/it\\\/cammino-francese\\\/tappa-16-fromista-carrion-de-los-condes\\\/#breadcrumb\"},\"inLanguage\":\"it-IT\",\"potentialAction\":[{\"@type\":\"ReadAction\",\"target\":[\"https:\\\/\\\/www.pilgrim.es\\\/it\\\/cammino-francese\\\/tappa-16-fromista-carrion-de-los-condes\\\/\"]}]},{\"@type\":\"ImageObject\",\"inLanguage\":\"it-IT\",\"@id\":\"https:\\\/\\\/www.pilgrim.es\\\/it\\\/cammino-francese\\\/tappa-16-fromista-carrion-de-los-condes\\\/#primaryimage\",\"url\":\"https:\\\/\\\/www.pilgrim.es\\\/wp-content\\\/uploads\\\/2019\\\/02\\\/camino_frances_etapa_16.jpg\",\"contentUrl\":\"https:\\\/\\\/www.pilgrim.es\\\/wp-content\\\/uploads\\\/2019\\\/02\\\/camino_frances_etapa_16.jpg\",\"width\":1637,\"height\":546,\"caption\":\"Mappa tappa 16 Cammino Francese\"},{\"@type\":\"BreadcrumbList\",\"@id\":\"https:\\\/\\\/www.pilgrim.es\\\/it\\\/cammino-francese\\\/tappa-16-fromista-carrion-de-los-condes\\\/#breadcrumb\",\"itemListElement\":[{\"@type\":\"ListItem\",\"position\":1,\"name\":\"Camino de Santiago\",\"item\":\"https:\\\/\\\/www.pilgrim.es\\\/it\\\/\"},{\"@type\":\"ListItem\",\"position\":2,\"name\":\"Cammino Francese\",\"item\":\"https:\\\/\\\/www.pilgrim.es\\\/it\\\/cammino-francese\\\/\"},{\"@type\":\"ListItem\",\"position\":3,\"name\":\"Cammino Francese | tappa 16: Fr\u00f3mista &#8211; Carri\u00f3n de los Condes\"}]},{\"@type\":\"WebSite\",\"@id\":\"https:\\\/\\\/www.pilgrim.es\\\/it\\\/#website\",\"url\":\"https:\\\/\\\/www.pilgrim.es\\\/it\\\/\",\"name\":\"Pilgrim\",\"description\":\"Camino de Santiago | Caminamos Contigo\",\"publisher\":{\"@id\":\"https:\\\/\\\/www.pilgrim.es\\\/it\\\/#organization\"},\"potentialAction\":[{\"@type\":\"SearchAction\",\"target\":{\"@type\":\"EntryPoint\",\"urlTemplate\":\"https:\\\/\\\/www.pilgrim.es\\\/it\\\/?s={search_term_string}\"},\"query-input\":{\"@type\":\"PropertyValueSpecification\",\"valueRequired\":true,\"valueName\":\"search_term_string\"}}],\"inLanguage\":\"it-IT\"},{\"@type\":\"Organization\",\"@id\":\"https:\\\/\\\/www.pilgrim.es\\\/it\\\/#organization\",\"name\":\"Pilgrim Camino de Santiago\",\"url\":\"https:\\\/\\\/www.pilgrim.es\\\/it\\\/\",\"logo\":{\"@type\":\"ImageObject\",\"inLanguage\":\"it-IT\",\"@id\":\"https:\\\/\\\/www.pilgrim.es\\\/it\\\/#\\\/schema\\\/logo\\\/image\\\/\",\"url\":\"https:\\\/\\\/www.pilgrim.es\\\/wp-content\\\/uploads\\\/2019\\\/04\\\/logo_pilgrim.png\",\"contentUrl\":\"https:\\\/\\\/www.pilgrim.es\\\/wp-content\\\/uploads\\\/2019\\\/04\\\/logo_pilgrim.png\",\"width\":512,\"height\":512,\"caption\":\"Pilgrim Camino de Santiago\"},\"image\":{\"@id\":\"https:\\\/\\\/www.pilgrim.es\\\/it\\\/#\\\/schema\\\/logo\\\/image\\\/\"},\"sameAs\":[\"https:\\\/\\\/www.facebook.com\\\/pilgrim.es\\\/\",\"https:\\\/\\\/x.com\\\/pilgrim_es\",\"https:\\\/\\\/www.instagram.com\\\/pilgrim.es\\\/\",\"https:\\\/\\\/www.linkedin.com\\\/company\\\/pilgrim-camino-de-santiago\\\/\",\"https:\\\/\\\/www.pinterest.es\\\/pilgrimcaminodesantiago\\\/\",\"https:\\\/\\\/www.youtube.com\\\/channel\\\/UCIv2ZzFLXVqthkNF32rKedw\\\/featured\"]}]}<\/script>\n<!-- \/ Yoast SEO plugin. -->","yoast_head_json":{"title":"Camino Franc\u00e9s desde Fr\u00f3mista a Carri\u00f3n de los Condes | Pilgrim","description":"Cammino Francese: tappa 16 del Cammino di Santiago che corre tra Fromista e Carri\u00f3n de los Condes. Scopri tutte le informazioni sulla tappa.","robots":{"index":"index","follow":"follow","max-snippet":"max-snippet:-1","max-image-preview":"max-image-preview:large","max-video-preview":"max-video-preview:-1"},"canonical":"https:\/\/www.pilgrim.es\/it\/cammino-francese\/tappa-16-fromista-carrion-de-los-condes\/","og_locale":"it_IT","og_type":"article","og_title":"Camino Franc\u00e9s desde Fr\u00f3mista a Carri\u00f3n de los Condes | Pilgrim","og_description":"Cammino Francese: tappa 16 del Cammino di Santiago che corre tra Fromista e Carri\u00f3n de los Condes. Scopri tutte le informazioni sulla tappa.","og_url":"https:\/\/www.pilgrim.es\/it\/cammino-francese\/tappa-16-fromista-carrion-de-los-condes\/","og_site_name":"Pilgrim","article_publisher":"https:\/\/www.facebook.com\/pilgrim.es\/","article_modified_time":"2025-10-09T12:44:19+00:00","og_image":[{"width":1637,"height":546,"url":"https:\/\/www.pilgrim.es\/wp-content\/uploads\/2019\/02\/camino_frances_etapa_16.jpg","type":"image\/jpeg"}],"twitter_card":"summary_large_image","twitter_site":"@pilgrim_es","twitter_misc":{"Tempo di lettura stimato":"3 minuti"},"schema":{"@context":"https:\/\/schema.org","@graph":[{"@type":"WebPage","@id":"https:\/\/www.pilgrim.es\/it\/cammino-francese\/tappa-16-fromista-carrion-de-los-condes\/","url":"https:\/\/www.pilgrim.es\/it\/cammino-francese\/tappa-16-fromista-carrion-de-los-condes\/","name":"Camino Franc\u00e9s desde Fr\u00f3mista a Carri\u00f3n de los Condes | Pilgrim","isPartOf":{"@id":"https:\/\/www.pilgrim.es\/it\/#website"},"primaryImageOfPage":{"@id":"https:\/\/www.pilgrim.es\/it\/cammino-francese\/tappa-16-fromista-carrion-de-los-condes\/#primaryimage"},"image":{"@id":"https:\/\/www.pilgrim.es\/it\/cammino-francese\/tappa-16-fromista-carrion-de-los-condes\/#primaryimage"},"thumbnailUrl":"https:\/\/www.pilgrim.es\/wp-content\/uploads\/2019\/02\/camino_frances_etapa_16.jpg","datePublished":"2019-03-29T13:45:02+00:00","dateModified":"2025-10-09T12:44:19+00:00","description":"Cammino Francese: tappa 16 del Cammino di Santiago che corre tra Fromista e Carri\u00f3n de los Condes. Scopri tutte le informazioni sulla tappa.","breadcrumb":{"@id":"https:\/\/www.pilgrim.es\/it\/cammino-francese\/tappa-16-fromista-carrion-de-los-condes\/#breadcrumb"},"inLanguage":"it-IT","potentialAction":[{"@type":"ReadAction","target":["https:\/\/www.pilgrim.es\/it\/cammino-francese\/tappa-16-fromista-carrion-de-los-condes\/"]}]},{"@type":"ImageObject","inLanguage":"it-IT","@id":"https:\/\/www.pilgrim.es\/it\/cammino-francese\/tappa-16-fromista-carrion-de-los-condes\/#primaryimage","url":"https:\/\/www.pilgrim.es\/wp-content\/uploads\/2019\/02\/camino_frances_etapa_16.jpg","contentUrl":"https:\/\/www.pilgrim.es\/wp-content\/uploads\/2019\/02\/camino_frances_etapa_16.jpg","width":1637,"height":546,"caption":"Mappa tappa 16 Cammino Francese"},{"@type":"BreadcrumbList","@id":"https:\/\/www.pilgrim.es\/it\/cammino-francese\/tappa-16-fromista-carrion-de-los-condes\/#breadcrumb","itemListElement":[{"@type":"ListItem","position":1,"name":"Camino de Santiago","item":"https:\/\/www.pilgrim.es\/it\/"},{"@type":"ListItem","position":2,"name":"Cammino Francese","item":"https:\/\/www.pilgrim.es\/it\/cammino-francese\/"},{"@type":"ListItem","position":3,"name":"Cammino Francese | tappa 16: Fr\u00f3mista &#8211; Carri\u00f3n de los Condes"}]},{"@type":"WebSite","@id":"https:\/\/www.pilgrim.es\/it\/#website","url":"https:\/\/www.pilgrim.es\/it\/","name":"Pilgrim","description":"Camino de Santiago | Caminamos Contigo","publisher":{"@id":"https:\/\/www.pilgrim.es\/it\/#organization"},"potentialAction":[{"@type":"SearchAction","target":{"@type":"EntryPoint","urlTemplate":"https:\/\/www.pilgrim.es\/it\/?s={search_term_string}"},"query-input":{"@type":"PropertyValueSpecification","valueRequired":true,"valueName":"search_term_string"}}],"inLanguage":"it-IT"},{"@type":"Organization","@id":"https:\/\/www.pilgrim.es\/it\/#organization","name":"Pilgrim Camino de Santiago","url":"https:\/\/www.pilgrim.es\/it\/","logo":{"@type":"ImageObject","inLanguage":"it-IT","@id":"https:\/\/www.pilgrim.es\/it\/#\/schema\/logo\/image\/","url":"https:\/\/www.pilgrim.es\/wp-content\/uploads\/2019\/04\/logo_pilgrim.png","contentUrl":"https:\/\/www.pilgrim.es\/wp-content\/uploads\/2019\/04\/logo_pilgrim.png","width":512,"height":512,"caption":"Pilgrim Camino de Santiago"},"image":{"@id":"https:\/\/www.pilgrim.es\/it\/#\/schema\/logo\/image\/"},"sameAs":["https:\/\/www.facebook.com\/pilgrim.es\/","https:\/\/x.com\/pilgrim_es","https:\/\/www.instagram.com\/pilgrim.es\/","https:\/\/www.linkedin.com\/company\/pilgrim-camino-de-santiago\/","https:\/\/www.pinterest.es\/pilgrimcaminodesantiago\/","https:\/\/www.youtube.com\/channel\/UCIv2ZzFLXVqthkNF32rKedw\/featured"]}]}},"_links":{"self":[{"href":"https:\/\/www.pilgrim.es\/it\/wp-json\/wp\/v2\/pages\/15462","targetHints":{"allow":["GET"]}}],"collection":[{"href":"https:\/\/www.pilgrim.es\/it\/wp-json\/wp\/v2\/pages"}],"about":[{"href":"https:\/\/www.pilgrim.es\/it\/wp-json\/wp\/v2\/types\/page"}],"author":[{"embeddable":true,"href":"https:\/\/www.pilgrim.es\/it\/wp-json\/wp\/v2\/users\/4"}],"replies":[{"embeddable":true,"href":"https:\/\/www.pilgrim.es\/it\/wp-json\/wp\/v2\/comments?post=15462"}],"version-history":[{"count":7,"href":"https:\/\/www.pilgrim.es\/it\/wp-json\/wp\/v2\/pages\/15462\/revisions"}],"predecessor-version":[{"id":136461,"href":"https:\/\/www.pilgrim.es\/it\/wp-json\/wp\/v2\/pages\/15462\/revisions\/136461"}],"up":[{"embeddable":true,"href":"https:\/\/www.pilgrim.es\/it\/wp-json\/wp\/v2\/pages\/10735"}],"wp:featuredmedia":[{"embeddable":true,"href":"https:\/\/www.pilgrim.es\/it\/wp-json\/wp\/v2\/media\/11257"}],"wp:attachment":[{"href":"https:\/\/www.pilgrim.es\/it\/wp-json\/wp\/v2\/media?parent=15462"}],"wp:term":[{"taxonomy":"category","embeddable":true,"href":"https:\/\/www.pilgrim.es\/it\/wp-json\/wp\/v2\/categories?post=15462"},{"taxonomy":"post_tag","embeddable":true,"href":"https:\/\/www.pilgrim.es\/it\/wp-json\/wp\/v2\/tags?post=15462"}],"curies":[{"name":"wp","href":"https:\/\/api.w.org\/{rel}","templated":true}]}}