{"id":15425,"date":"2019-03-29T11:46:18","date_gmt":"2019-03-29T11:46:18","guid":{"rendered":"https:\/\/desarrollo.pilgrim.es\/cammino-nord\/tappa-3-zarautz-deba\/"},"modified":"2025-04-14T14:05:24","modified_gmt":"2025-04-14T14:05:24","slug":"tappa-3-zarautz-deba","status":"publish","type":"page","link":"https:\/\/www.pilgrim.es\/it\/cammino-nord\/tappa-3-zarautz-deba\/","title":{"rendered":"Cammino del Nord | tappa 3: Zarautz &#8211; Deba"},"content":{"rendered":" <section id=\"heroStage\">\n  <h1>Cammino del Nord: tappa 3<\/h1>\n  <div>\n    <div class=\"hero\" data-background=\"https:\/\/cdn.pilgrim.es\/web\/caminos\/camino-norte\/pueblos\/zarautz.jpg\">\n      <div class=\"hero__container\">\n        <div class=\"hero__container__labels\">\n          <p>A piedi<\/p>\n          <p>35 Tappe \/ 804 Kms<\/p>\n        <\/div>\n        <div class=\"hero__container__stage-name\">\n          <h2>\n            Zarautz <br \/>\n            <span>&#10093;<\/span>\n            Deba\n          <\/h2>\n          <p>21.0 Km<\/p>\n        <\/div>\n        <div class=\"hero__container__stage-changer\">\n            <div class=\"stage-control\">\n              <a class=\"stage-control__link\" href=\"\/it\/cammino-nord\/tappa-2-sansebastian-zarautz\/\"><span>&#10094;<\/span> Tappa 2<\/a>\n            <\/div>\n          <div class=\"stage-control\">\n            <a class=\"stage-control__link\" href=\"\/it\/cammino-nord\/tappa-4-deba-markinaxemein\/\">Tappa 4 <span>&#10095;<\/span><\/a>\n          <\/div>\n        <\/div>\n      <\/div>\n    <\/div>\n    <div class=\"planner\"><div\r\n  class=\"p-col-span-1 p-rounded-lg p-px-5 p-h-full\"\r\n  style=\"background-image: url('https:\/\/cdn.pilgrim.es\/web\/pilgrim-planner\/bg-plugin-planificador.webp')\"\r\n  rel=\"preload\"\r\n  fetchpriority=\"high\"\r\n  >\r\n    <div class=\"p-text-center p-pt-5 p-text-white p-text-2xl p-font-semibold\">\r\n      Pianifica il tuo cammino    <\/div>\r\n    <div\r\n            id='primary-app'\r\n            data-name='banner'\r\n            data-api='https:\/\/pathfinder.pilgrim.es\/api\/pathfinder\/v2'\r\n            data-mode='normal'\r\n            data-lang='it'\r\n            data-route='1'\r\n            data-destiny='https:\/\/planificador.pilgrim.es'\r\n            data-modality='1'\r\n            data-inline=''\r\n        ><\/div><\/div><\/div>\n  <\/div>\n<\/section>\n\n<section id=\"scoreBarsStage\">\n  <section>\r\n  <div class=\"p-flex p-flex-nowrap p-space-x-4 p-py-5 p-overflow-x-auto md:p-grid md:p-grid-cols-3 lg:p-grid-cols-5 md:p-gap-8 md:p-space-x-0 md:p-overflow-hidden scrollbar-thin\">\r\n    <div class=\"p-grid p-grid-cols-4 p-shrink-0 p-w-72 p-snap-start md:p-w-full\">\r\n        <div class=\"p-col-span-1 p-self-center p-text-center p-text-3xl\">\r\n            <i class=\"icon-influx\"><\/i>\r\n        <\/div>\r\n        <div class=\"p-col-span-3 p-flex p-flex-col p-items-start\">\r\n            <div class=\"p-text-start p-text-secondary p-mb-1 p-bold\"> Afflusso <\/div>\r\n            <div class=\"p-w-full p-bg-light p-rounded-full p-h-2 p-relative\">\r\n                <div class=\"p-bg-primary p-h-2 p-rounded-full p-absolute\" style=\"width: 60%;\"><\/div>\r\n            <\/div>\r\n        <\/div>\r\n    <\/div>\r\n\r\n    <div class=\"p-grid p-grid-cols-4 p-shrink-0 p-w-72 p-snap-start md:p-w-full\">\r\n        <div class=\"p-col-span-1 p-self-center p-text-center p-text-3xl\">\r\n            <i class=\"icon-difficulty\"><\/i>\r\n        <\/div>\r\n        <div class=\"p-col-span-3 p-flex p-flex-col p-items-start\">\r\n            <div class=\"p-text-start p-text-secondary p-mb-1 p-bold\"> Difficolt\u00e0 <\/div>\r\n            <div class=\"p-w-full p-bg-light p-rounded-full p-h-2 p-relative\">\r\n                <div class=\"p-bg-primary p-h-2 p-rounded-full p-absolute\" style=\"width: 40%;\"><\/div>\r\n            <\/div>\r\n        <\/div>\r\n    <\/div>\r\n\r\n    <div class=\"p-grid p-grid-cols-4 p-shrink-0 p-w-72 p-snap-start md:p-w-full\">\r\n        <div class=\"p-col-span-1 p-self-center p-text-center p-text-3xl\">\r\n            <i class=\"icon-patrimony\"><\/i>\r\n        <\/div>\r\n        <div class=\"p-col-span-3 p-flex p-flex-col p-items-start\">\r\n            <div class=\"p-text-start p-text-secondary p-mb-1 p-bold\"> Arte\/Storia <\/div>\r\n            <div class=\"p-w-full p-bg-light p-rounded-full p-h-2 p-relative\">\r\n                <div class=\"p-bg-primary p-h-2 p-rounded-full p-absolute\" style=\"width: 20%;\"><\/div>\r\n            <\/div>\r\n        <\/div>\r\n    <\/div>\r\n\r\n    <div class=\"p-grid p-grid-cols-4 p-shrink-0 p-w-72 p-snap-start md:p-w-full\">\r\n        <div class=\"p-col-span-1 p-self-center p-text-center p-text-3xl\">\r\n            <i class=\"icon-nature\"><\/i>\r\n        <\/div>\r\n        <div class=\"p-col-span-3 p-flex p-flex-col p-items-start\">\r\n            <div class=\"p-text-start p-text-secondary p-mb-1 p-bold\"> Natura <\/div>\r\n            <div class=\"p-w-full p-bg-light p-rounded-full p-h-2 p-relative\">\r\n                <div class=\"p-bg-primary p-h-2 p-rounded-full p-absolute\" style=\"width: 80%;\"><\/div>\r\n            <\/div>\r\n        <\/div>\r\n    <\/div>\r\n\r\n    <div class=\"p-grid p-grid-cols-4 p-shrink-0 p-w-72 p-snap-start md:p-w-full\">\r\n        <div class=\"p-col-span-1 p-self-center p-text-center p-text-3xl\">\r\n            <i class=\"icon-urban\"><\/i>\r\n        <\/div>\r\n        <div class=\"p-col-span-3 p-flex p-flex-col p-items-start\">\r\n            <div class=\"p-text-start p-text-secondary p-mb-1 p-bold\"> Cammino Francese <\/div>\r\n            <div class=\"p-w-full p-bg-light p-rounded-full p-h-2 p-relative\">\r\n                <div class=\"p-bg-primary p-h-2 p-rounded-full p-absolute\" style=\"width: 20%;\"><\/div>\r\n            <\/div>\r\n        <\/div>\r\n    <\/div>\r\n  <\/div>\r\n<\/section>\n<\/section>\n\n<div id=\"stage-list-section\"><div class=\"stage-list\">\n    <div class='stage-list__map-card'>\n        <div class='stage-list__map-card__map'>\n            <div class='stage-list__map-card__map__text'>\n                <h2> Pages <\/h2>\n                <p> A piedi<\/p>\n                <p> 0tappe<\/p>\n            <\/div>\n            <div class='stage-list__map-card__map__img'>\n                <img decoding=\"async\" src=\"\" alt=\" mapa \" \/>\n            <\/div>\n        <\/div>\n    <\/div>\n\n    <\/div>\n<\/div>\n\n<section id=\"navStage\">\n  <div>\n    <nav id=\"tab-navigation-section\" class=\"tab-navigation-section--cols-5\">\n      <a href=\"#infoSection\" class=\"active\">Informazioni<\/a>\n      <a href=\"#profileSection\">Profilo<\/a>\n      <a href=\"#itinerarySection\">Itinerario<\/a>\n      \n      <a href=\"#locationsSection\">Paesi<\/a>\n    <\/nav>\n\n    <div id=\"infoSection\">\n      <!-- Title Section with Orange Line -->\n      <div>\n        <h2 class=\"p-h2-stage\">Informazioni<\/h2>\n        <hr class=\"orange-bar\" \/>\n        <h3 class=\"p-h3-stage\">Informazioni su questa tappa<\/h3>\n      <\/div>\n\n      \n        <div aria-labelledby=\"nav-info-tab\" class=\"tab-pane fade show active\" id=\"Info\" role=\"tabpanel\">\n\n\t\tIl salnitro del Golfo di Biscaglia ci accarezzer\u00e0 all&#8217;inizio di questa fase, ma lo cambieremo rapidamente\n\t\tnell&#8217;entroterra delle Asturie e della Galizia. Prima passeremo attraverso spiagge spettacolari, come Deba, e\n\t\tscogliere da sogno che faranno di questo palcoscenico uno spettacolo idilliaco.\n\n\t<\/div>\n      \n\n      <div class=\"recomendation-card\">\n        <div>\n          <i class=\"icon-logo-pilgrim\"><\/i>\n          <h5>Raccomandazione Pilgrim<\/h5>\n        <\/div>\n\n        \n      <\/div>\n    <\/div>\n\n    <div id=\"profileSection\">\n      <div>\n        <h2 class=\"p-h2-stage\">Distanza e altitudine<\/h2>\n        <hr class=\"orange-bar\" \/>\n        <h3 class=\"p-h3-stage\">Profilo<\/h3>\n        <img decoding=\"async\" src=\"https:\/\/cdn.pilgrim.es\/web\/caminos\/camino-norte\/etapas\/etapa-3\/etapa3_perfil-zarautz-deba.jpg\" alt=\"Perfil de la etapa tappa-3-zarautz-deba\" \/>\n      <\/div>\n    <\/div>\n\n    <div id=\"itinerarySection\">\n      <h2 class=\"p-h2-stage\">Itinerario<\/h2>\n      <hr \/>\n      <h3 class=\"p-h3-stage\">Percorso<\/h3>\n\n      \n        <div>\n          <h4><\/h4>\n\n          \n            <div aria-labelledby=\"nav-itinerary-tab\" class=\"tab-pane fade\" id=\"Itinerario\" role=\"tabpanel\">\n\n\t\tAbbiamo lasciato la citt\u00e0 di Zarautz in direzione di Getaria e non appena iniziamo questa fase, arrivano due\n\t\talternative. A seconda delle nostre condizioni fisiche o della fatica accumulata possiamo scegliere l&#8217;una o\n\t\tl&#8217;altra. La prima alternativa corre per una passeggiata lungo il mare, parallela alla strada nazionale.\n\t\tTuttavia, se troviamo abbastanza forza per iniziare il palco, possiamo salire all&#8217;eremo di Santa Barbara, poich\u00e9\n\t\tle vedute dall&#8217;alto non hanno eguali. In questo caso, dobbiamo prendere la strada che conduce a Meagas, proprio\n\t\taccanto alla chiesa di Santa Mar\u00eda. Una volta presa questa strada, dovremo deviare per una strada in salita\n\t\tverso l&#8217;eremo di Santa B\u00e1rbara, facendo una deviazione per Getaria. Questo tempio del XVIII secolo rappresentava\n\t\tuna vera sfida per i costruttori, in quanto la mancanza di fondi li ha obbligati a rinviare le opere in diverse\n\t\toccasioni, ma grazie al contributo, tra gli altri, dei pescatori della zona in cambio del vino txakol\u00ed, fu\n\t\tpossibile completarlo con successo. Una volta in cima e dopo una breve sosta per ammirare i panorami, \u00e8 ora di\n\t\tscendere alla vicina Getaria.\n\n\t\tTuttavia, se la fatica accumulata ce lo impedisce, possiamo sempre continuare lungo la passeggiata costiera,\n\t\tpartendo dalle strade di Zigordia e di Orape e andiamo verso la nazionale alla ricerca della passeggiata che\n\t\tdisegna il contorno della costa. Costeggiamo il mare visualizzando i panorami da Punta Ailla e Punta Iteiko, da\n\t\tdove possiamo apprezzare la citt\u00e0 di Getaria.\n\n\t\tAccediamo alla citt\u00e0 che ha visto Juan Sebasti\u00e1n Elcano nato lungo il passaggio noto come Katrapona sotto la\n\t\tchiesa di San Salvador, accedendo cos\u00ec alla Calle Mayor da scale. Questo tempio in stile gotico del XIV secolo \u00e8\n\t\tun must per tutti i visitatori e i pellegrini. Oltre alla bellezza del suo interno si distingue anche per la\n\t\ttestimonianza di eventi chiave nella storia del nostro paese, dal momento che ha ospitato le prime riunioni\n\t\tgenerali di Gipuzkoa alla fine del 14 \u00b0 secolo. Il suo presbiterio si distingue in una posizione elevata, a\n\t\tcausa del terreno irregolare su cui si trova. Proprio alla fine del porto possiamo vedere la montagna di San\n\t\tAnt\u00f3n, un parco naturale che fu un&#8217;isola fino al 15 \u00b0 secolo. Questo \u00e8 il modo in cui il centro citt\u00e0 di questa\n\t\tcitt\u00e0 si trova in un istmo, collegandosi cos\u00ec alla vecchia isola. Questa montagna \u00e8 anche conosciuta con il nome\n\t\tdi &#8220;topo&#8221; perch\u00e9 la sua forma assomiglia a quella di questo roditore in alcuni punti, simile alla coda del\n\t\troditore.\n\n\t\tNonostante la bellezza di questa citt\u00e0 di mare non dovremmo intrattenere troppo perch\u00e9 dobbiamo continuare con\n\t\til palco. Da Calle Herrerieta saliamo una breve ma intensa salita fino al quartiere di San Prudencio, ad\n\t\tAkarregi. Da l\u00ec proseguiamo sull&#8217;asfalto della GI-3392 per lasciarla pochi metri pi\u00f9 avanti a sinistra verso la\n\t\tfrazione di Aziategi. Seguendo questo sentiero, a tratti ascendente, fino al tempio di San Mart\u00edn de Tours de\n\t\tAskizu. Anche il tempio \u00e8 in stile gotico e il XVI secolo e con un&#8217;unica volta ci accoglie per far posto a una\n\t\tsorgente dove poter riacquistare forza. All&#8217;uscita di Getaria possiamo trovare due ostelli, la Kanpaia\n\t\tnell&#8217;antico quartiere di San Prudencio e l&#8217;Agote Aundi un po &#8216;pi\u00f9 avanti rispetto alla chiesa di San Mart\u00edn. Se\n\t\tdecidiamo di continuare , dobbiamo scendere gi\u00f9 alla ricerca della strada nazionale e dell&#8217;eremo di Santiago,\n\t\tproprio accanto al museo della casa di Ignacio Zuloaga, uno dei principali pittori spagnoli della fine del XIX\n\t\tsecolo, evidenziato dai suoi ritratti e dai dipinti delle usanze locali . Risaliamo in questo caso per andare a\n\t\tZumaia, al cui centro storico accediamo dopo aver attraversato il fiume Urola e svoltando a destra attraverso i\n\t\tgiardini che lasciano il posto a un altro ponte sul fiume Narrondo.\n\n\t\tPer le strade di \u00c1ngeles Sorazu, Nagusi e Arritokieta abbiamo raggiunto il convento di San Jos\u00e9 de los\n\t\tCarmelitas Descalzas, riconvertito durante i mesi estivi in un rifugio municipale, e l&#8217;annesso eremo di\n\t\tArritokieta, che ospita l&#8217;intaglio del santo patrono della citt\u00e0 di quel secolo XVI. Dopo aver attraversato\n\t\tun&#8217;area di sosta arriviamo al primo quartiere del municipio di Deba, Elorriaga. Da qui \u00e8 possibile proseguire\n\t\tlungo il percorso originale o continuare lungo la costa, contrassegnato dal GR-121. Se continuiamo sulla strada\n\t\tdovremo risalire vertiginosamente per scendere dopo questa sezione spezza gambe indietro verso la N-634 nel\n\t\tquartiere di Mardari. Dopo un passo sull&#8217;autostrada proseguiamo il tracciato di questa strada intervallando\n\t\tforti pendenze che metteranno alla prova pi\u00f9 di un pellegrino. Arrivati a Itziar \u00e8 probabile che dovremo\n\t\tfermarci, dopo tanti saliscendi, per visitare la sua chiesa dedicata a Santa Maria, costruita su un antico\n\t\ttempio romanico. Ancora una volta, non troveremo problemi per fare scorta in questa localit\u00e0. Siamo molto vicini\n\t\ta Deba, a cui accediamo scendendo attraverso una vista che ci porta in precedenza all&#8217;eremo di San Roque.\n\t\tProseguiamo lungo via Mogel per raggiungere il rifugio municipale, dove possiamo passare la notte precedente\n\t\tnell&#8217;ufficio del turismo. Questa citt\u00e0 balneare si distingue per la bellezza della sua spiaggia e del suo viale\n\t\talberato.\n\n\t<\/div>\n          \n\n          \n        <\/div>\n        <hr \/>\n      \n      <div>\n        <h4>Km 21.0 &#8231; Deba<\/h4>\n\n        \n          <a class=\"town-link\" href=\"\/it\/cammino-nord\/deba\/\">\n            <div class=\"town-link__link-content\">\n              <div class=\"town-link__link-content__text\">\n                <p>Informazioni locali<\/p>\n                <p>Polizia, Assistenza medica, Cosa vedere, Dove mangiare&#8230;<\/p>\n              <\/div>\n              <div class=\"town-link__link-content__town-btn\">\n                <i class=\"icon-arrow\"><\/i>\n              <\/div>\n            <\/div>\n          <\/a>\n        \n      <\/div>\n    <\/div>\n\n    \n\n  <div id=\"locationsSection\">\n      <h2 class=\"p-h2-stage\">Paesi<\/h2>\n      <hr \/>\n      <h3 class=\"p-h3-stage\">Villaggi<\/h3>\n      <div class=\"grid-container\">\n\n        <div class=\"p-group card-stage p-max-w-full\">\n          <a href=\"\/it\/cammino-nord\/zarautz\/\" class=\"town-card\">\n            <div class=\"card-stage__header\">\n              <img decoding=\"async\" src=\"https:\/\/cdn.pilgrim.es\/web\/caminos\/camino-norte\/pueblos\/zarautz.jpg\" alt=\"Zarautz\" class=\"group-hover:p-scale-110\" \/>\n              <div class=\"card-overlay group-hover:p-opacity-50\"><\/div>\n            <\/div>\n            <div class=\"town-card__flex-container\">\n              <div class=\"town-card__flex-container__info\">\n                <h4>Zarautz<\/h4>\n                <p>Provincia: Guip\u00fazcoa<\/p>\n              <\/div>\n              \n              <div class=\"town-card__flex-container__btn\">\n                <i class=\"icon-arrow\"><\/i>\n              <\/div>\n              \n            <\/div>\n          <\/a>\n        <\/div>\n        <div class=\"p-group card-stage p-max-w-full\">\n          <a href=\"\/it\/cammino-nord\/deba\/\" class=\"town-card\">\n            <div class=\"card-stage__header\">\n              <img decoding=\"async\" src=\"https:\/\/cdn.pilgrim.es\/web\/caminos\/camino-norte\/pueblos\/deba.jpg\" alt=\"Deba\" class=\"group-hover:p-scale-110\" \/>\n              <div class=\"card-overlay group-hover:p-opacity-50\"><\/div>\n            <\/div>\n            <div class=\"town-card__flex-container\">\n              <div class=\"town-card__flex-container__info\">\n                <h4>Deba<\/h4>\n                <p>Provincia: Guip\u00fazcoa<\/p>\n              <\/div>\n              \n                <div class=\"town-card__flex-container__btn\">\n                  <i class=\"icon-arrow\"><\/i>\n                <\/div>\n              \n            <\/div>\n          <\/a>\n        <\/div>\n      <\/div>\n    <\/div>\n    <hr class=\"single-bar\" \/>\n  <\/div>\n<\/section>\n\n<section id=\"stageChange\">\n  <div>\n    <a href=\"\/it\/cammino-nord\/tappa-2-sansebastian-zarautz\/\" class=\"change-btn\">\n    <div class=\"change-btn\">\n      <div class=\"btn-arrow previous\">\n        <i class=\"icon-arrow\"><\/i>\n      <\/div>\n      <div class=\"change-btn__info\">\n        <div>Tappa 2<\/div>\n        <p>\n          San Sebasti\u00e1n \u276f <br> Zarautz\n        <\/p>\n      <\/div>\n    <\/div>\n    <\/a>\n    <a href=\"\/it\/cammino-nord\/tappa-4-deba-markinaxemein\/\" class=\"change-btn\">\n      <div class=\"change-btn__info\">\n        <div>Tappa 4<\/div>\n        <p>\n          Deba \u276f <br> Markina-Xemein\n        <\/p>\n      <\/div>\n      <div class=\"btn-arrow\">\n        <i class=\"icon-arrow\"><\/i>\n      <\/div>\n    <\/a>\n  <\/div>\n<\/section> ","protected":false},"excerpt":{"rendered":"<p>Cammino del Nord: tappa 3 A piedi 35 Tappe \/ 804 Kms Zarautz &#10093; Deba 21.0 Km &#10094; Tappa 2 Tappa 4 &#10095; Informazioni Profilo Itinerario Paesi Informazioni Informazioni su questa tappa Il salnitro del Golfo di Biscaglia ci accarezzer\u00e0 all&#8217;inizio di questa fase, ma lo cambieremo rapidamente nell&#8217;entroterra delle Asturie e della Galizia. Prima &hellip; <\/p>\n<p class=\"read_more\"><a href=\"https:\/\/www.pilgrim.es\/it\/cammino-nord\/tappa-3-zarautz-deba\/\">Leer m\u00e1s<\/a><\/p>\n","protected":false},"author":4,"featured_media":11509,"parent":10817,"menu_order":0,"comment_status":"closed","ping_status":"closed","template":"views\/template-new-web-design.blade.php","meta":{"footnotes":""},"categories":[],"tags":[],"class_list":["post-15425","page","type-page","status-publish","has-post-thumbnail","hentry"],"yoast_head":"<!-- This site is optimized with the Yoast SEO plugin v27.4 - https:\/\/yoast.com\/product\/yoast-seo-wordpress\/ -->\n<title>Cammino del Nord da Zarautz a Deba | Cammino di Santiago | Pilgrim<\/title>\n<meta name=\"description\" content=\"Cammino del Nord: 3 \u00b0 tappa del Cammino di Santiago che passa tra le citt\u00e0 di Zarautz e Deba. Scopri tutte le informazioni e pianifica il tuo percorso.\" \/>\n<meta name=\"robots\" content=\"index, follow, max-snippet:-1, max-image-preview:large, max-video-preview:-1\" \/>\n<link rel=\"canonical\" href=\"https:\/\/www.pilgrim.es\/it\/cammino-nord\/tappa-3-zarautz-deba\/\" \/>\n<meta property=\"og:locale\" content=\"it_IT\" \/>\n<meta property=\"og:type\" content=\"article\" \/>\n<meta property=\"og:title\" content=\"Cammino del Nord da Zarautz a Deba | Cammino di Santiago | Pilgrim\" \/>\n<meta property=\"og:description\" content=\"Cammino del Nord: 3 \u00b0 tappa del Cammino di Santiago che passa tra le citt\u00e0 di Zarautz e Deba. Scopri tutte le informazioni e pianifica il tuo percorso.\" \/>\n<meta property=\"og:url\" content=\"https:\/\/www.pilgrim.es\/it\/cammino-nord\/tappa-3-zarautz-deba\/\" \/>\n<meta property=\"og:site_name\" content=\"Pilgrim\" \/>\n<meta property=\"article:publisher\" content=\"https:\/\/www.facebook.com\/pilgrim.es\/\" \/>\n<meta property=\"article:modified_time\" content=\"2025-04-14T14:05:24+00:00\" \/>\n<meta property=\"og:image\" content=\"https:\/\/www.pilgrim.es\/wp-content\/uploads\/2019\/02\/camino_norte_etapa_3.jpg\" \/>\n\t<meta property=\"og:image:width\" content=\"1633\" \/>\n\t<meta property=\"og:image:height\" content=\"549\" \/>\n\t<meta property=\"og:image:type\" content=\"image\/jpeg\" \/>\n<meta name=\"twitter:card\" content=\"summary_large_image\" \/>\n<meta name=\"twitter:site\" content=\"@pilgrim_es\" \/>\n<meta name=\"twitter:label1\" content=\"Tempo di lettura stimato\" \/>\n\t<meta name=\"twitter:data1\" content=\"5 minuti\" \/>\n<script type=\"application\/ld+json\" class=\"yoast-schema-graph\">{\"@context\":\"https:\\\/\\\/schema.org\",\"@graph\":[{\"@type\":\"WebPage\",\"@id\":\"https:\\\/\\\/www.pilgrim.es\\\/it\\\/cammino-nord\\\/tappa-3-zarautz-deba\\\/\",\"url\":\"https:\\\/\\\/www.pilgrim.es\\\/it\\\/cammino-nord\\\/tappa-3-zarautz-deba\\\/\",\"name\":\"Cammino del Nord da Zarautz a Deba | Cammino di Santiago | Pilgrim\",\"isPartOf\":{\"@id\":\"https:\\\/\\\/www.pilgrim.es\\\/it\\\/#website\"},\"primaryImageOfPage\":{\"@id\":\"https:\\\/\\\/www.pilgrim.es\\\/it\\\/cammino-nord\\\/tappa-3-zarautz-deba\\\/#primaryimage\"},\"image\":{\"@id\":\"https:\\\/\\\/www.pilgrim.es\\\/it\\\/cammino-nord\\\/tappa-3-zarautz-deba\\\/#primaryimage\"},\"thumbnailUrl\":\"https:\\\/\\\/www.pilgrim.es\\\/wp-content\\\/uploads\\\/2019\\\/02\\\/camino_norte_etapa_3.jpg\",\"datePublished\":\"2019-03-29T11:46:18+00:00\",\"dateModified\":\"2025-04-14T14:05:24+00:00\",\"description\":\"Cammino del Nord: 3 \u00b0 tappa del Cammino di Santiago che passa tra le citt\u00e0 di Zarautz e Deba. Scopri tutte le informazioni e pianifica il tuo percorso.\",\"breadcrumb\":{\"@id\":\"https:\\\/\\\/www.pilgrim.es\\\/it\\\/cammino-nord\\\/tappa-3-zarautz-deba\\\/#breadcrumb\"},\"inLanguage\":\"it-IT\",\"potentialAction\":[{\"@type\":\"ReadAction\",\"target\":[\"https:\\\/\\\/www.pilgrim.es\\\/it\\\/cammino-nord\\\/tappa-3-zarautz-deba\\\/\"]}]},{\"@type\":\"ImageObject\",\"inLanguage\":\"it-IT\",\"@id\":\"https:\\\/\\\/www.pilgrim.es\\\/it\\\/cammino-nord\\\/tappa-3-zarautz-deba\\\/#primaryimage\",\"url\":\"https:\\\/\\\/www.pilgrim.es\\\/wp-content\\\/uploads\\\/2019\\\/02\\\/camino_norte_etapa_3.jpg\",\"contentUrl\":\"https:\\\/\\\/www.pilgrim.es\\\/wp-content\\\/uploads\\\/2019\\\/02\\\/camino_norte_etapa_3.jpg\",\"width\":1633,\"height\":549,\"caption\":\"Mappa tappa 3 Cammino del Nord\"},{\"@type\":\"BreadcrumbList\",\"@id\":\"https:\\\/\\\/www.pilgrim.es\\\/it\\\/cammino-nord\\\/tappa-3-zarautz-deba\\\/#breadcrumb\",\"itemListElement\":[{\"@type\":\"ListItem\",\"position\":1,\"name\":\"Camino de Santiago\",\"item\":\"https:\\\/\\\/www.pilgrim.es\\\/it\\\/\"},{\"@type\":\"ListItem\",\"position\":2,\"name\":\"Cammino del Nord | tappa 3: Zarautz &#8211; Deba\"}]},{\"@type\":\"WebSite\",\"@id\":\"https:\\\/\\\/www.pilgrim.es\\\/it\\\/#website\",\"url\":\"https:\\\/\\\/www.pilgrim.es\\\/it\\\/\",\"name\":\"Pilgrim\",\"description\":\"Camino de Santiago | Caminamos Contigo\",\"publisher\":{\"@id\":\"https:\\\/\\\/www.pilgrim.es\\\/it\\\/#organization\"},\"potentialAction\":[{\"@type\":\"SearchAction\",\"target\":{\"@type\":\"EntryPoint\",\"urlTemplate\":\"https:\\\/\\\/www.pilgrim.es\\\/it\\\/?s={search_term_string}\"},\"query-input\":{\"@type\":\"PropertyValueSpecification\",\"valueRequired\":true,\"valueName\":\"search_term_string\"}}],\"inLanguage\":\"it-IT\"},{\"@type\":\"Organization\",\"@id\":\"https:\\\/\\\/www.pilgrim.es\\\/it\\\/#organization\",\"name\":\"Pilgrim Camino de Santiago\",\"url\":\"https:\\\/\\\/www.pilgrim.es\\\/it\\\/\",\"logo\":{\"@type\":\"ImageObject\",\"inLanguage\":\"it-IT\",\"@id\":\"https:\\\/\\\/www.pilgrim.es\\\/it\\\/#\\\/schema\\\/logo\\\/image\\\/\",\"url\":\"https:\\\/\\\/www.pilgrim.es\\\/wp-content\\\/uploads\\\/2019\\\/04\\\/logo_pilgrim.png\",\"contentUrl\":\"https:\\\/\\\/www.pilgrim.es\\\/wp-content\\\/uploads\\\/2019\\\/04\\\/logo_pilgrim.png\",\"width\":512,\"height\":512,\"caption\":\"Pilgrim Camino de Santiago\"},\"image\":{\"@id\":\"https:\\\/\\\/www.pilgrim.es\\\/it\\\/#\\\/schema\\\/logo\\\/image\\\/\"},\"sameAs\":[\"https:\\\/\\\/www.facebook.com\\\/pilgrim.es\\\/\",\"https:\\\/\\\/x.com\\\/pilgrim_es\",\"https:\\\/\\\/www.instagram.com\\\/pilgrim.es\\\/\",\"https:\\\/\\\/www.linkedin.com\\\/company\\\/pilgrim-camino-de-santiago\\\/\",\"https:\\\/\\\/www.pinterest.es\\\/pilgrimcaminodesantiago\\\/\",\"https:\\\/\\\/www.youtube.com\\\/channel\\\/UCIv2ZzFLXVqthkNF32rKedw\\\/featured\"]}]}<\/script>\n<!-- \/ Yoast SEO plugin. -->","yoast_head_json":{"title":"Cammino del Nord da Zarautz a Deba | Cammino di Santiago | Pilgrim","description":"Cammino del Nord: 3 \u00b0 tappa del Cammino di Santiago che passa tra le citt\u00e0 di Zarautz e Deba. Scopri tutte le informazioni e pianifica il tuo percorso.","robots":{"index":"index","follow":"follow","max-snippet":"max-snippet:-1","max-image-preview":"max-image-preview:large","max-video-preview":"max-video-preview:-1"},"canonical":"https:\/\/www.pilgrim.es\/it\/cammino-nord\/tappa-3-zarautz-deba\/","og_locale":"it_IT","og_type":"article","og_title":"Cammino del Nord da Zarautz a Deba | Cammino di Santiago | Pilgrim","og_description":"Cammino del Nord: 3 \u00b0 tappa del Cammino di Santiago che passa tra le citt\u00e0 di Zarautz e Deba. Scopri tutte le informazioni e pianifica il tuo percorso.","og_url":"https:\/\/www.pilgrim.es\/it\/cammino-nord\/tappa-3-zarautz-deba\/","og_site_name":"Pilgrim","article_publisher":"https:\/\/www.facebook.com\/pilgrim.es\/","article_modified_time":"2025-04-14T14:05:24+00:00","og_image":[{"width":1633,"height":549,"url":"https:\/\/www.pilgrim.es\/wp-content\/uploads\/2019\/02\/camino_norte_etapa_3.jpg","type":"image\/jpeg"}],"twitter_card":"summary_large_image","twitter_site":"@pilgrim_es","twitter_misc":{"Tempo di lettura stimato":"5 minuti"},"schema":{"@context":"https:\/\/schema.org","@graph":[{"@type":"WebPage","@id":"https:\/\/www.pilgrim.es\/it\/cammino-nord\/tappa-3-zarautz-deba\/","url":"https:\/\/www.pilgrim.es\/it\/cammino-nord\/tappa-3-zarautz-deba\/","name":"Cammino del Nord da Zarautz a Deba | Cammino di Santiago | Pilgrim","isPartOf":{"@id":"https:\/\/www.pilgrim.es\/it\/#website"},"primaryImageOfPage":{"@id":"https:\/\/www.pilgrim.es\/it\/cammino-nord\/tappa-3-zarautz-deba\/#primaryimage"},"image":{"@id":"https:\/\/www.pilgrim.es\/it\/cammino-nord\/tappa-3-zarautz-deba\/#primaryimage"},"thumbnailUrl":"https:\/\/www.pilgrim.es\/wp-content\/uploads\/2019\/02\/camino_norte_etapa_3.jpg","datePublished":"2019-03-29T11:46:18+00:00","dateModified":"2025-04-14T14:05:24+00:00","description":"Cammino del Nord: 3 \u00b0 tappa del Cammino di Santiago che passa tra le citt\u00e0 di Zarautz e Deba. Scopri tutte le informazioni e pianifica il tuo percorso.","breadcrumb":{"@id":"https:\/\/www.pilgrim.es\/it\/cammino-nord\/tappa-3-zarautz-deba\/#breadcrumb"},"inLanguage":"it-IT","potentialAction":[{"@type":"ReadAction","target":["https:\/\/www.pilgrim.es\/it\/cammino-nord\/tappa-3-zarautz-deba\/"]}]},{"@type":"ImageObject","inLanguage":"it-IT","@id":"https:\/\/www.pilgrim.es\/it\/cammino-nord\/tappa-3-zarautz-deba\/#primaryimage","url":"https:\/\/www.pilgrim.es\/wp-content\/uploads\/2019\/02\/camino_norte_etapa_3.jpg","contentUrl":"https:\/\/www.pilgrim.es\/wp-content\/uploads\/2019\/02\/camino_norte_etapa_3.jpg","width":1633,"height":549,"caption":"Mappa tappa 3 Cammino del Nord"},{"@type":"BreadcrumbList","@id":"https:\/\/www.pilgrim.es\/it\/cammino-nord\/tappa-3-zarautz-deba\/#breadcrumb","itemListElement":[{"@type":"ListItem","position":1,"name":"Camino de Santiago","item":"https:\/\/www.pilgrim.es\/it\/"},{"@type":"ListItem","position":2,"name":"Cammino del Nord | tappa 3: Zarautz &#8211; Deba"}]},{"@type":"WebSite","@id":"https:\/\/www.pilgrim.es\/it\/#website","url":"https:\/\/www.pilgrim.es\/it\/","name":"Pilgrim","description":"Camino de Santiago | Caminamos Contigo","publisher":{"@id":"https:\/\/www.pilgrim.es\/it\/#organization"},"potentialAction":[{"@type":"SearchAction","target":{"@type":"EntryPoint","urlTemplate":"https:\/\/www.pilgrim.es\/it\/?s={search_term_string}"},"query-input":{"@type":"PropertyValueSpecification","valueRequired":true,"valueName":"search_term_string"}}],"inLanguage":"it-IT"},{"@type":"Organization","@id":"https:\/\/www.pilgrim.es\/it\/#organization","name":"Pilgrim Camino de Santiago","url":"https:\/\/www.pilgrim.es\/it\/","logo":{"@type":"ImageObject","inLanguage":"it-IT","@id":"https:\/\/www.pilgrim.es\/it\/#\/schema\/logo\/image\/","url":"https:\/\/www.pilgrim.es\/wp-content\/uploads\/2019\/04\/logo_pilgrim.png","contentUrl":"https:\/\/www.pilgrim.es\/wp-content\/uploads\/2019\/04\/logo_pilgrim.png","width":512,"height":512,"caption":"Pilgrim Camino de Santiago"},"image":{"@id":"https:\/\/www.pilgrim.es\/it\/#\/schema\/logo\/image\/"},"sameAs":["https:\/\/www.facebook.com\/pilgrim.es\/","https:\/\/x.com\/pilgrim_es","https:\/\/www.instagram.com\/pilgrim.es\/","https:\/\/www.linkedin.com\/company\/pilgrim-camino-de-santiago\/","https:\/\/www.pinterest.es\/pilgrimcaminodesantiago\/","https:\/\/www.youtube.com\/channel\/UCIv2ZzFLXVqthkNF32rKedw\/featured"]}]}},"_links":{"self":[{"href":"https:\/\/www.pilgrim.es\/it\/wp-json\/wp\/v2\/pages\/15425","targetHints":{"allow":["GET"]}}],"collection":[{"href":"https:\/\/www.pilgrim.es\/it\/wp-json\/wp\/v2\/pages"}],"about":[{"href":"https:\/\/www.pilgrim.es\/it\/wp-json\/wp\/v2\/types\/page"}],"author":[{"embeddable":true,"href":"https:\/\/www.pilgrim.es\/it\/wp-json\/wp\/v2\/users\/4"}],"replies":[{"embeddable":true,"href":"https:\/\/www.pilgrim.es\/it\/wp-json\/wp\/v2\/comments?post=15425"}],"version-history":[{"count":9,"href":"https:\/\/www.pilgrim.es\/it\/wp-json\/wp\/v2\/pages\/15425\/revisions"}],"predecessor-version":[{"id":127038,"href":"https:\/\/www.pilgrim.es\/it\/wp-json\/wp\/v2\/pages\/15425\/revisions\/127038"}],"up":[{"embeddable":true,"href":"https:\/\/www.pilgrim.es\/it\/wp-json\/wp\/v2\/pages\/10817"}],"wp:featuredmedia":[{"embeddable":true,"href":"https:\/\/www.pilgrim.es\/it\/wp-json\/wp\/v2\/media\/11509"}],"wp:attachment":[{"href":"https:\/\/www.pilgrim.es\/it\/wp-json\/wp\/v2\/media?parent=15425"}],"wp:term":[{"taxonomy":"category","embeddable":true,"href":"https:\/\/www.pilgrim.es\/it\/wp-json\/wp\/v2\/categories?post=15425"},{"taxonomy":"post_tag","embeddable":true,"href":"https:\/\/www.pilgrim.es\/it\/wp-json\/wp\/v2\/tags?post=15425"}],"curies":[{"name":"wp","href":"https:\/\/api.w.org\/{rel}","templated":true}]}}