{"id":15414,"date":"2019-03-29T11:06:20","date_gmt":"2019-03-29T11:06:20","guid":{"rendered":"https:\/\/desarrollo.pilgrim.es\/via-plata\/tappa-11-alcuescar-caceres\/"},"modified":"2025-03-25T13:56:18","modified_gmt":"2025-03-25T13:56:18","slug":"tappa-11-alcuescar-caceres","status":"publish","type":"page","link":"https:\/\/www.pilgrim.es\/it\/via-plata\/tappa-11-alcuescar-caceres\/","title":{"rendered":"V\u00eda de la Plata | tappa 11: Alcu\u00e9scar &#8211; C\u00e1ceres"},"content":{"rendered":" <section id=\"heroStage\">\n  <h1>V\u00eda de la Plata: tappa 11<\/h1>\n  <div>\n    <div class=\"hero\" data-background=\"https:\/\/cdn.pilgrim.es\/web\/caminos\/via-de-la-plata\/pueblos\/alcuescar.jpg\">\n      <div class=\"hero__container\">\n        <div class=\"hero__container__labels\">\n          <p>A piedi<\/p>\n          <p>36 Tappe \/ 970 Kms<\/p>\n        <\/div>\n        <div class=\"hero__container__stage-name\">\n          <h2>\n            Alcu\u00e9scar <br \/>\n            <span>&#10093;<\/span>\n            C\u00e1ceres\n          <\/h2>\n          <p>37.4 Km<\/p>\n        <\/div>\n        <div class=\"hero__container__stage-changer\">\n            <div class=\"stage-control\">\n              <a class=\"stage-control__link\" href=\"\/it\/via-plata\/tappa-10-merida-alcuescar\/\"><span>&#10094;<\/span> Tappa 10<\/a>\n            <\/div>\n          <div class=\"stage-control\">\n            <a class=\"stage-control__link\" href=\"\/it\/via-plata\/tappa-12-caceres-embalse-de-alcantara\/\">Tappa 12 <span>&#10095;<\/span><\/a>\n          <\/div>\n        <\/div>\n      <\/div>\n    <\/div>\n    <div class=\"planner\"><div\r\n  class=\"p-col-span-1 p-rounded-lg p-px-5 p-h-full\"\r\n  style=\"background-image: url('https:\/\/cdn.pilgrim.es\/web\/pilgrim-planner\/bg-plugin-planificador.webp')\"\r\n  rel=\"preload\"\r\n  fetchpriority=\"high\"\r\n  >\r\n    <div class=\"p-text-center p-pt-5 p-text-white p-text-2xl p-font-semibold\">\r\n      Pianifica il tuo cammino    <\/div>\r\n    <div\r\n            id='primary-app'\r\n            data-name='banner'\r\n            data-api='https:\/\/pathfinder.pilgrim.es\/api\/pathfinder\/v2'\r\n            data-mode='normal'\r\n            data-lang='it'\r\n            data-route='1'\r\n            data-destiny='https:\/\/planificador.pilgrim.es'\r\n            data-modality='1'\r\n            data-inline=''\r\n        ><\/div><\/div><\/div>\n  <\/div>\n<\/section>\n\n<section id=\"scoreBarsStage\">\n  <section>\r\n  <div class=\"p-flex p-flex-nowrap p-space-x-4 p-py-5 p-overflow-x-auto md:p-grid md:p-grid-cols-3 lg:p-grid-cols-5 md:p-gap-8 md:p-space-x-0 md:p-overflow-hidden scrollbar-thin\">\r\n    <div class=\"p-grid p-grid-cols-4 p-shrink-0 p-w-72 p-snap-start md:p-w-full\">\r\n        <div class=\"p-col-span-1 p-self-center p-text-center p-text-3xl\">\r\n            <i class=\"icon-influx\"><\/i>\r\n        <\/div>\r\n        <div class=\"p-col-span-3 p-flex p-flex-col p-items-start\">\r\n            <div class=\"p-text-start p-text-secondary p-mb-1 p-bold\"> Afflusso <\/div>\r\n            <div class=\"p-w-full p-bg-light p-rounded-full p-h-2 p-relative\">\r\n                <div class=\"p-bg-primary p-h-2 p-rounded-full p-absolute\" style=\"width: 80%;\"><\/div>\r\n            <\/div>\r\n        <\/div>\r\n    <\/div>\r\n\r\n    <div class=\"p-grid p-grid-cols-4 p-shrink-0 p-w-72 p-snap-start md:p-w-full\">\r\n        <div class=\"p-col-span-1 p-self-center p-text-center p-text-3xl\">\r\n            <i class=\"icon-difficulty\"><\/i>\r\n        <\/div>\r\n        <div class=\"p-col-span-3 p-flex p-flex-col p-items-start\">\r\n            <div class=\"p-text-start p-text-secondary p-mb-1 p-bold\"> Difficolt\u00e0 <\/div>\r\n            <div class=\"p-w-full p-bg-light p-rounded-full p-h-2 p-relative\">\r\n                <div class=\"p-bg-primary p-h-2 p-rounded-full p-absolute\" style=\"width: 20%;\"><\/div>\r\n            <\/div>\r\n        <\/div>\r\n    <\/div>\r\n\r\n    <div class=\"p-grid p-grid-cols-4 p-shrink-0 p-w-72 p-snap-start md:p-w-full\">\r\n        <div class=\"p-col-span-1 p-self-center p-text-center p-text-3xl\">\r\n            <i class=\"icon-patrimony\"><\/i>\r\n        <\/div>\r\n        <div class=\"p-col-span-3 p-flex p-flex-col p-items-start\">\r\n            <div class=\"p-text-start p-text-secondary p-mb-1 p-bold\"> Arte\/Storia <\/div>\r\n            <div class=\"p-w-full p-bg-light p-rounded-full p-h-2 p-relative\">\r\n                <div class=\"p-bg-primary p-h-2 p-rounded-full p-absolute\" style=\"width: 80%;\"><\/div>\r\n            <\/div>\r\n        <\/div>\r\n    <\/div>\r\n\r\n    <div class=\"p-grid p-grid-cols-4 p-shrink-0 p-w-72 p-snap-start md:p-w-full\">\r\n        <div class=\"p-col-span-1 p-self-center p-text-center p-text-3xl\">\r\n            <i class=\"icon-nature\"><\/i>\r\n        <\/div>\r\n        <div class=\"p-col-span-3 p-flex p-flex-col p-items-start\">\r\n            <div class=\"p-text-start p-text-secondary p-mb-1 p-bold\"> Natura <\/div>\r\n            <div class=\"p-w-full p-bg-light p-rounded-full p-h-2 p-relative\">\r\n                <div class=\"p-bg-primary p-h-2 p-rounded-full p-absolute\" style=\"width: 60%;\"><\/div>\r\n            <\/div>\r\n        <\/div>\r\n    <\/div>\r\n\r\n    <div class=\"p-grid p-grid-cols-4 p-shrink-0 p-w-72 p-snap-start md:p-w-full\">\r\n        <div class=\"p-col-span-1 p-self-center p-text-center p-text-3xl\">\r\n            <i class=\"icon-urban\"><\/i>\r\n        <\/div>\r\n        <div class=\"p-col-span-3 p-flex p-flex-col p-items-start\">\r\n            <div class=\"p-text-start p-text-secondary p-mb-1 p-bold\"> Cammino Francese <\/div>\r\n            <div class=\"p-w-full p-bg-light p-rounded-full p-h-2 p-relative\">\r\n                <div class=\"p-bg-primary p-h-2 p-rounded-full p-absolute\" style=\"width: 20%;\"><\/div>\r\n            <\/div>\r\n        <\/div>\r\n    <\/div>\r\n  <\/div>\r\n<\/section>\n<\/section>\n\n<div id=\"stage-list-section\"><div class=\"stage-list\">\n    <div class='stage-list__map-card'>\n        <div class='stage-list__map-card__map'>\n            <div class='stage-list__map-card__map__text'>\n                <h2> Pages <\/h2>\n                <p> A piedi<\/p>\n                <p> 0tappe<\/p>\n            <\/div>\n            <div class='stage-list__map-card__map__img'>\n                <img decoding=\"async\" src=\"\" alt=\" mapa \" \/>\n            <\/div>\n        <\/div>\n    <\/div>\n\n    <\/div>\n<\/div>\n\n<section id=\"navStage\">\n  <div>\n    <nav id=\"tab-navigation-section\" class=\"tab-navigation-section--cols-5\">\n      <a href=\"#infoSection\" class=\"active\">Informazioni<\/a>\n      <a href=\"#profileSection\">Profilo<\/a>\n      <a href=\"#itinerarySection\">Itinerario<\/a>\n      \n      <a href=\"#locationsSection\">Paesi<\/a>\n    <\/nav>\n\n    <div id=\"infoSection\">\n      <!-- Title Section with Orange Line -->\n      <div>\n        <h2 class=\"p-h2-stage\">Informazioni<\/h2>\n        <hr class=\"orange-bar\" \/>\n        <h3 class=\"p-h3-stage\">Informazioni su questa tappa<\/h3>\n      <\/div>\n\n      \n        <p>tappa che pu\u00f2 essere divisa in due, pernottando all&#8217;Aldea del Cano o in Valdesalor, per coloro che desiderano arrivare presto a C\u00e1ceres e visitare la citt\u00e0. Nonostante siano quasi quaranta chilometri la distanza tra Alcu\u00e9scar e la fine della tappa, va notato che le irregolarit\u00e0 non sono molto grandi, quindi per coloro che possono vedersi con forza, possono salvare una gita di un giorno e visitare C\u00e1ceres il giorno successivo.<\/p>\n      \n\n      <div class=\"recomendation-card\">\n        <div>\n          <i class=\"icon-logo-pilgrim\"><\/i>\n          <h5>Recomendaci\u00f3n Pilgrim<\/h5>\n        <\/div>\n\n        \n          <p>Oltre al chilometraggio questa fase non presenta troppe difficolt\u00e0. La cosa pi\u00f9 consigliabile \u00e8 dividerlo in due per visitare la citt\u00e0 di C\u00e1ceres, o comunque stare una notte in pi\u00f9 per non partire da qui senza vedere i suoi principali punti di interesse.<\/p>\n        \n      <\/div>\n    <\/div>\n\n    <div id=\"profileSection\">\n      <div>\n        <h2 class=\"p-h2-stage\">Distanza e altitudine<\/h2>\n        <hr class=\"orange-bar\" \/>\n        <h3 class=\"p-h3-stage\">Profilo<\/h3>\n        <img decoding=\"async\" src=\"https:\/\/cdn.pilgrim.es\/web\/caminos\/via-de-la-plata\/etapas\/etapa-11\/etapa11-perfil-alcuescar-caceres.jpg\" alt=\"Perfil de la etapa tappa-11-alcuescar-caceres\" \/>\n      <\/div>\n    <\/div>\n\n    <div id=\"itinerarySection\">\n      <h2 class=\"p-h2-stage\">Itinerario<\/h2>\n      <hr \/>\n      <h3 class=\"p-h3-stage\">Percorso<\/h3>\n\n      \n        <div>\n          <h4>Km 0 &#8211; Inicio<\/h4>\n\n          \n            <p>Lasciamo Alcu\u00e9scar alla ricerca del centro sportivo, dal quale percorreremo un chilometro scarso per deviare a sinistra da un sentiero per il corso dell&#8217;Olio. Dopo averlo attraversato, proseguiamo attraverso campi di pascolo e prati, circondati da entrambi i lati dalla strada nazionale e dal bacino di Ayuela Per avvicinarci al nucleo di Casas de Don Antonio dovremo attraversare il fiume che alimenta il precedente serbatoio, con lo stesso nome. In realt\u00e0 non passeremo attraverso il centro di questo comune, nel quale troveremo qualche altro servizio deviando leggermente Questa citt\u00e0 \u00e8 nata, come le adiacenti, grazie all&#8217;Impero Romano e in particolare nella tappa delle ville Ad Sorores e Iter ab Emerita Asturicam. Queste &#8220;dimore&#8221; erano luoghi strategicamente posizionati sulle strade in modo che i viaggiatori potessero trascorrere la notte, ci\u00f2 che attualmente conosciamo come pensioni. Proseguiamo lungo un eremo e in direzione di Aldea del Cano su un sentiero parallelo a quello nazionale. Ancora una volta incontreremo un piccolo torrente che salveremo su un ponte romano, al confine con Aldea del Cano. Come nel caso precedente, il percorso non attraversa il centro di questa citt\u00e0, ma dovremo solo deviare di qualche metro se lo si vuole visitare. Nelle sue vicinanze si trova il Castillo de Mayoralgo, una delle pi\u00f9 antiche fortificazioni della provincia e dichiarato patrimonio di interesse culturale. Quando lasciamo questo comune dobbiamo attraversare la strada che porta alla stazione ferroviaria e un po &#8216;pi\u00f9 avanti, salvare l&#8217;autostrada sotto un ponte. Di nuovo, un altro flusso viene fuori al nostro passaggio, in questo caso il Molinillo, che possiamo attraversare senza problemi se non porta troppa acqua. Da qui dovremo salire alcuni pendii ripidi fino all&#8217;aerodromo della Cervera, per poi scendere per circa quattro chilometri fino al fiume Salor e al suo ponte La Mocha, che accede a Valdesalor. Per coloro che decidono di passare la notte qui per arrivare domani, pi\u00f9 fresco a C\u00e1ceres possono farlo in un ostello recentemente aperto. Tuttavia, coloro che preferiscono continuare hanno ancora venti chilometri fino alla citt\u00e0 di Caceres. Abbiamo lasciato facilmente Valdesalor per la via nazionale, e continuiamo fino a quando non abbiamo raggiunto una stazione di servizio. L\u00ec attraversiamo con molta cautela il collegamento con un sentiero a destra di esso fino a raggiungere un ponte che salva l&#8217;autostrada. Da l\u00ec proseguiamo lungo lo stesso sentiero asfaltato, lasciando da parte la strada nazionale, e attraversiamo nuovamente attraverso un tunnel in questo caso evitando la N-630. Il nostro prossimo obiettivo sar\u00e0 quello di incoronare il Puerto de las Camellas, vicino all&#8217;area militare di Santa Ana. Pi\u00f9 tardi, abbiamo incontrato di nuovo quella nazionale, che abbiamo attraversato per l&#8217;ultima volta per entrare nella periferia di C\u00e1ceres, a circa tre chilometri da qui. Attraverso le strade dell&#8217;Oceano Atlantico, il giro di San Francisco e la piazza con lo stesso nome entreranno ufficialmente nel centro storico. Possiamo continuare fino a Casar de C\u00e1ceres, a circa undici chilometri di distanza, e poi tornare a visitare la citt\u00e0 o fare una sosta ora. Da Plaza Mayor ci colleghiamo con le strade di Gabriel e Gal\u00e1n a Plaza del Duque. L\u00ec svoltiamo a sinistra fino all&#8217;arena e attraversiamo la strada fino a una rotonda. \u00c8 ora di salire per almeno due chilometri finch\u00e9 non svoltiamo a sinistra attraverso una strada per Casar. Per accedere finalmente a questa citt\u00e0, percorreremo parte della passeggiata pedonale fino alla strada Larga Alta, nelle vicinanze del rifugio municipale e dove si trova il resto dei servizi. Come abbiamo gi\u00e0 sottolineato, possiamo fermarci a C\u00e1ceres sulla strada o lasciare gli zaini e tornare con calma a visitare questa citt\u00e0 dichiarata patrimonio dell&#8217;umanit\u00e0 dall&#8217;UNESCO, considerata l&#8217;importanza del suo centro storico rinascimentale, uno dei meglio conservati e pi\u00f9 completi del mondo.Non possiamo non visitare la Plaza Mayor e Santa Maria, cos\u00ec come il palazzo di Carvajal o la chiesa di San Francisco Javier, nella Plaza de San Jorge. Se vogliamo apprezzare l&#8217;eredit\u00e0 musulmana in questa zona, dovremo solo visitare la Casa de las Valetas, che ospita una grande cisterna ed un&#8217;esposizione permanente .<\/p>\n          \n\n          \n            <a class=\"town-link\" href=\"https:\/\/www.pilgrim.es\/it\/via-plata\/alcuescar\/\">\n              <div class=\"town-link__link-content\">\n                <div class=\"town-link__link-content__text\">\n              <p>Informazioni locali<\/p>\n              <p>Polizia, Assistenza medica, Cosa vedere, Dove mangiare&#8230;<\/p>\n                <\/div>\n                <div class=\"town-link__link-content__town-btn\">\n                  <i class=\"icon-arrow\"><\/i>\n                <\/div>\n              <\/div>\n            <\/a>\n          \n        <\/div>\n        <hr \/>\n      \n      <div>\n        <h4>Km 37.4 &#8231; C\u00e1ceres<\/h4>\n        <a class=\"town-link\" href=\"https:\/\/www.pilgrim.es\/it\/via-plata\/caceres\/\">\n          <div class=\"town-link__link-content\">\n            <div class=\"town-link__link-content__text\">\n              <p>Informazioni locali<\/p>\n              <p>Polizia, Assistenza medica, Cosa vedere, Dove mangiare&#8230;<\/p>\n            <\/div>\n            <div class=\"town-link__link-content__town-btn\">\n              <i class=\"icon-arrow\"><\/i>\n            <\/div>\n          <\/div>\n        <\/a>\n      <\/div>\n    <\/div>\n\n    \n\n  <div id=\"locationsSection\">\n      <h2 class=\"p-h2-stage\">Paesi<\/h2>\n      <hr \/>\n      <h3 class=\"p-h3-stage\">Villaggi<\/h3>\n      <div class=\"grid-container\">\n\n        <div class=\"p-group card-stage p-max-w-full\">\n          <a href=\"https:\/\/www.pilgrim.es\/it\/via-plata\/alcuescar\/\" class=\"town-card\">\n            <div class=\"card-stage__header\">\n              <img decoding=\"async\" src=\"https:\/\/cdn.pilgrim.es\/web\/caminos\/via-de-la-plata\/pueblos\/alcuescar.jpg\" alt=\"Alcu\u00e9scar\" class=\"group-hover:p-scale-110\" \/>\n              <div class=\"card-overlay group-hover:p-opacity-50\"><\/div>\n            <\/div>\n            <div class=\"town-card__flex-container\">\n              <div class=\"town-card__flex-container__info\">\n                <h3>Alcu\u00e9scar<\/h3>\n                <p>Provincia: C\u00e1ceres<\/p>\n              <\/div>\n              <div class=\"town-card__flex-container__btn\">\n                <i class=\"icon-arrow\"><\/i>\n              <\/div>\n            <\/div>\n          <\/a>\n        <\/div>\n        <div class=\"p-group card-stage p-max-w-full\">\n          <a href=\"https:\/\/www.pilgrim.es\/it\/via-plata\/caceres\/\" class=\"town-card\">\n            <div class=\"card-stage__header\">\n              <img decoding=\"async\" src=\"https:\/\/cdn.pilgrim.es\/web\/caminos\/via-de-la-plata\/pueblos\/caceres.jpg\" alt=\"C\u00e1ceres\" class=\"group-hover:p-scale-110\" \/>\n              <div class=\"card-overlay group-hover:p-opacity-50\"><\/div>\n            <\/div>\n            <div class=\"town-card__flex-container\">\n              <div class=\"town-card__flex-container__info\">\n                <h3>C\u00e1ceres<\/h3>\n                <p>Provincia: C\u00e1ceres<\/p>\n              <\/div>\n              <div class=\"town-card__flex-container__btn\">\n                <i class=\"icon-arrow\"><\/i>\n              <\/div>\n            <\/div>\n          <\/a>\n        <\/div>\n      <\/div>\n    <\/div>\n    <hr class=\"single-bar\" \/>\n  <\/div>\n<\/section>\n\n<section id=\"stageChange\">\n  <div>\n    <a href=\"\/it\/via-plata\/tappa-10-merida-alcuescar\/\" class=\"change-btn\">\n    <div class=\"change-btn\">\n      <div class=\"btn-arrow previous\">\n        <i class=\"icon-arrow\"><\/i>\n      <\/div>\n      <div class=\"change-btn__info\">\n        <div>Tappa 10<\/div>\n        <p>\n          M\u00e9rida \u276f <br> Alcu\u00e9scar\n        <\/p>\n      <\/div>\n    <\/div>\n    <\/a>\n    <a href=\"\/it\/via-plata\/tappa-12-caceres-embalse-de-alcantara\/\" class=\"change-btn\">\n      <div class=\"change-btn__info\">\n        <div>Tappa 12<\/div>\n        <p>\n          C\u00e1ceres \u276f <br> Embalse de Alc\u00e1ntara\n        <\/p>\n      <\/div>\n      <div class=\"btn-arrow\">\n        <i class=\"icon-arrow\"><\/i>\n      <\/div>\n    <\/a>\n  <\/div>\n<\/section> ","protected":false},"excerpt":{"rendered":"<p>V\u00eda de la Plata: tappa 11 A piedi 36 Tappe \/ 970 Kms Alcu\u00e9scar &#10093; C\u00e1ceres 37.4 Km &#10094; Tappa 10 Tappa 12 &#10095; Informazioni Profilo Itinerario Paesi Informazioni Informazioni su questa tappa tappa che pu\u00f2 essere divisa in due, pernottando all&#8217;Aldea del Cano o in Valdesalor, per coloro che desiderano arrivare presto a C\u00e1ceres &hellip; <\/p>\n<p class=\"read_more\"><a href=\"https:\/\/www.pilgrim.es\/it\/via-plata\/tappa-11-alcuescar-caceres\/\">Leer m\u00e1s<\/a><\/p>\n","protected":false},"author":4,"featured_media":12803,"parent":10683,"menu_order":0,"comment_status":"closed","ping_status":"closed","template":"views\/template-new-web-design.blade.php","meta":{"footnotes":""},"categories":[],"tags":[],"class_list":["post-15414","page","type-page","status-publish","has-post-thumbnail","hentry"],"yoast_head":"<!-- This site is optimized with the Yoast SEO plugin v27.4 - https:\/\/yoast.com\/product\/yoast-seo-wordpress\/ -->\n<title>V\u00eda de la Plata desde Alcu\u00e9scar a C\u00e1ceres | Camino de Santiago | Pilgrim<\/title>\n<meta name=\"description\" content=\"Via de la Plata: 11 \u00b0 tappa del Cammino di Santiago tra le citt\u00e0 di Alcu\u00e9scar e C\u00e1ceres Scopri tutte le informazioni e pianifica il tuo percorso\" \/>\n<meta name=\"robots\" content=\"index, follow, max-snippet:-1, max-image-preview:large, max-video-preview:-1\" \/>\n<link rel=\"canonical\" href=\"https:\/\/www.pilgrim.es\/it\/via-plata\/tappa-11-alcuescar-caceres\/\" \/>\n<meta property=\"og:locale\" content=\"it_IT\" \/>\n<meta property=\"og:type\" content=\"article\" \/>\n<meta property=\"og:title\" content=\"V\u00eda de la Plata desde Alcu\u00e9scar a C\u00e1ceres | Camino de Santiago | Pilgrim\" \/>\n<meta property=\"og:description\" content=\"Via de la Plata: 11 \u00b0 tappa del Cammino di Santiago tra le citt\u00e0 di Alcu\u00e9scar e C\u00e1ceres Scopri tutte le informazioni e pianifica il tuo percorso\" \/>\n<meta property=\"og:url\" content=\"https:\/\/www.pilgrim.es\/it\/via-plata\/tappa-11-alcuescar-caceres\/\" \/>\n<meta property=\"og:site_name\" content=\"Pilgrim\" \/>\n<meta property=\"article:publisher\" content=\"https:\/\/www.facebook.com\/pilgrim.es\/\" \/>\n<meta property=\"article:modified_time\" content=\"2025-03-25T13:56:18+00:00\" \/>\n<meta property=\"og:image\" content=\"https:\/\/www.pilgrim.es\/wp-content\/uploads\/2019\/03\/via_plata_etapa_11.jpg\" \/>\n\t<meta property=\"og:image:width\" content=\"1633\" \/>\n\t<meta property=\"og:image:height\" content=\"548\" \/>\n\t<meta property=\"og:image:type\" content=\"image\/jpeg\" \/>\n<meta name=\"twitter:card\" content=\"summary_large_image\" \/>\n<meta name=\"twitter:site\" content=\"@pilgrim_es\" \/>\n<meta name=\"twitter:label1\" content=\"Tempo di lettura stimato\" \/>\n\t<meta name=\"twitter:data1\" content=\"4 minuti\" \/>\n<script type=\"application\/ld+json\" class=\"yoast-schema-graph\">{\"@context\":\"https:\\\/\\\/schema.org\",\"@graph\":[{\"@type\":\"WebPage\",\"@id\":\"https:\\\/\\\/www.pilgrim.es\\\/it\\\/via-plata\\\/tappa-11-alcuescar-caceres\\\/\",\"url\":\"https:\\\/\\\/www.pilgrim.es\\\/it\\\/via-plata\\\/tappa-11-alcuescar-caceres\\\/\",\"name\":\"V\u00eda de la Plata desde Alcu\u00e9scar a C\u00e1ceres | Camino de Santiago | Pilgrim\",\"isPartOf\":{\"@id\":\"https:\\\/\\\/www.pilgrim.es\\\/it\\\/#website\"},\"primaryImageOfPage\":{\"@id\":\"https:\\\/\\\/www.pilgrim.es\\\/it\\\/via-plata\\\/tappa-11-alcuescar-caceres\\\/#primaryimage\"},\"image\":{\"@id\":\"https:\\\/\\\/www.pilgrim.es\\\/it\\\/via-plata\\\/tappa-11-alcuescar-caceres\\\/#primaryimage\"},\"thumbnailUrl\":\"https:\\\/\\\/www.pilgrim.es\\\/wp-content\\\/uploads\\\/2019\\\/03\\\/via_plata_etapa_11.jpg\",\"datePublished\":\"2019-03-29T11:06:20+00:00\",\"dateModified\":\"2025-03-25T13:56:18+00:00\",\"description\":\"Via de la Plata: 11 \u00b0 tappa del Cammino di Santiago tra le citt\u00e0 di Alcu\u00e9scar e C\u00e1ceres Scopri tutte le informazioni e pianifica il tuo percorso\",\"breadcrumb\":{\"@id\":\"https:\\\/\\\/www.pilgrim.es\\\/it\\\/via-plata\\\/tappa-11-alcuescar-caceres\\\/#breadcrumb\"},\"inLanguage\":\"it-IT\",\"potentialAction\":[{\"@type\":\"ReadAction\",\"target\":[\"https:\\\/\\\/www.pilgrim.es\\\/it\\\/via-plata\\\/tappa-11-alcuescar-caceres\\\/\"]}]},{\"@type\":\"ImageObject\",\"inLanguage\":\"it-IT\",\"@id\":\"https:\\\/\\\/www.pilgrim.es\\\/it\\\/via-plata\\\/tappa-11-alcuescar-caceres\\\/#primaryimage\",\"url\":\"https:\\\/\\\/www.pilgrim.es\\\/wp-content\\\/uploads\\\/2019\\\/03\\\/via_plata_etapa_11.jpg\",\"contentUrl\":\"https:\\\/\\\/www.pilgrim.es\\\/wp-content\\\/uploads\\\/2019\\\/03\\\/via_plata_etapa_11.jpg\",\"width\":1633,\"height\":548,\"caption\":\"Mapa Etapa 11 V\u00eda de la Plata\"},{\"@type\":\"BreadcrumbList\",\"@id\":\"https:\\\/\\\/www.pilgrim.es\\\/it\\\/via-plata\\\/tappa-11-alcuescar-caceres\\\/#breadcrumb\",\"itemListElement\":[{\"@type\":\"ListItem\",\"position\":1,\"name\":\"Camino de Santiago\",\"item\":\"https:\\\/\\\/www.pilgrim.es\\\/it\\\/\"},{\"@type\":\"ListItem\",\"position\":2,\"name\":\"V\u00eda de la Plata\",\"item\":\"https:\\\/\\\/www.pilgrim.es\\\/it\\\/via-plata\\\/\"},{\"@type\":\"ListItem\",\"position\":3,\"name\":\"V\u00eda de la Plata | tappa 11: Alcu\u00e9scar &#8211; C\u00e1ceres\"}]},{\"@type\":\"WebSite\",\"@id\":\"https:\\\/\\\/www.pilgrim.es\\\/it\\\/#website\",\"url\":\"https:\\\/\\\/www.pilgrim.es\\\/it\\\/\",\"name\":\"Pilgrim\",\"description\":\"Camino de Santiago | Caminamos Contigo\",\"publisher\":{\"@id\":\"https:\\\/\\\/www.pilgrim.es\\\/it\\\/#organization\"},\"potentialAction\":[{\"@type\":\"SearchAction\",\"target\":{\"@type\":\"EntryPoint\",\"urlTemplate\":\"https:\\\/\\\/www.pilgrim.es\\\/it\\\/?s={search_term_string}\"},\"query-input\":{\"@type\":\"PropertyValueSpecification\",\"valueRequired\":true,\"valueName\":\"search_term_string\"}}],\"inLanguage\":\"it-IT\"},{\"@type\":\"Organization\",\"@id\":\"https:\\\/\\\/www.pilgrim.es\\\/it\\\/#organization\",\"name\":\"Pilgrim Camino de Santiago\",\"url\":\"https:\\\/\\\/www.pilgrim.es\\\/it\\\/\",\"logo\":{\"@type\":\"ImageObject\",\"inLanguage\":\"it-IT\",\"@id\":\"https:\\\/\\\/www.pilgrim.es\\\/it\\\/#\\\/schema\\\/logo\\\/image\\\/\",\"url\":\"https:\\\/\\\/www.pilgrim.es\\\/wp-content\\\/uploads\\\/2019\\\/04\\\/logo_pilgrim.png\",\"contentUrl\":\"https:\\\/\\\/www.pilgrim.es\\\/wp-content\\\/uploads\\\/2019\\\/04\\\/logo_pilgrim.png\",\"width\":512,\"height\":512,\"caption\":\"Pilgrim Camino de Santiago\"},\"image\":{\"@id\":\"https:\\\/\\\/www.pilgrim.es\\\/it\\\/#\\\/schema\\\/logo\\\/image\\\/\"},\"sameAs\":[\"https:\\\/\\\/www.facebook.com\\\/pilgrim.es\\\/\",\"https:\\\/\\\/x.com\\\/pilgrim_es\",\"https:\\\/\\\/www.instagram.com\\\/pilgrim.es\\\/\",\"https:\\\/\\\/www.linkedin.com\\\/company\\\/pilgrim-camino-de-santiago\\\/\",\"https:\\\/\\\/www.pinterest.es\\\/pilgrimcaminodesantiago\\\/\",\"https:\\\/\\\/www.youtube.com\\\/channel\\\/UCIv2ZzFLXVqthkNF32rKedw\\\/featured\"]}]}<\/script>\n<!-- \/ Yoast SEO plugin. -->","yoast_head_json":{"title":"V\u00eda de la Plata desde Alcu\u00e9scar a C\u00e1ceres | Camino de Santiago | Pilgrim","description":"Via de la Plata: 11 \u00b0 tappa del Cammino di Santiago tra le citt\u00e0 di Alcu\u00e9scar e C\u00e1ceres Scopri tutte le informazioni e pianifica il tuo percorso","robots":{"index":"index","follow":"follow","max-snippet":"max-snippet:-1","max-image-preview":"max-image-preview:large","max-video-preview":"max-video-preview:-1"},"canonical":"https:\/\/www.pilgrim.es\/it\/via-plata\/tappa-11-alcuescar-caceres\/","og_locale":"it_IT","og_type":"article","og_title":"V\u00eda de la Plata desde Alcu\u00e9scar a C\u00e1ceres | Camino de Santiago | Pilgrim","og_description":"Via de la Plata: 11 \u00b0 tappa del Cammino di Santiago tra le citt\u00e0 di Alcu\u00e9scar e C\u00e1ceres Scopri tutte le informazioni e pianifica il tuo percorso","og_url":"https:\/\/www.pilgrim.es\/it\/via-plata\/tappa-11-alcuescar-caceres\/","og_site_name":"Pilgrim","article_publisher":"https:\/\/www.facebook.com\/pilgrim.es\/","article_modified_time":"2025-03-25T13:56:18+00:00","og_image":[{"width":1633,"height":548,"url":"https:\/\/www.pilgrim.es\/wp-content\/uploads\/2019\/03\/via_plata_etapa_11.jpg","type":"image\/jpeg"}],"twitter_card":"summary_large_image","twitter_site":"@pilgrim_es","twitter_misc":{"Tempo di lettura stimato":"4 minuti"},"schema":{"@context":"https:\/\/schema.org","@graph":[{"@type":"WebPage","@id":"https:\/\/www.pilgrim.es\/it\/via-plata\/tappa-11-alcuescar-caceres\/","url":"https:\/\/www.pilgrim.es\/it\/via-plata\/tappa-11-alcuescar-caceres\/","name":"V\u00eda de la Plata desde Alcu\u00e9scar a C\u00e1ceres | Camino de Santiago | Pilgrim","isPartOf":{"@id":"https:\/\/www.pilgrim.es\/it\/#website"},"primaryImageOfPage":{"@id":"https:\/\/www.pilgrim.es\/it\/via-plata\/tappa-11-alcuescar-caceres\/#primaryimage"},"image":{"@id":"https:\/\/www.pilgrim.es\/it\/via-plata\/tappa-11-alcuescar-caceres\/#primaryimage"},"thumbnailUrl":"https:\/\/www.pilgrim.es\/wp-content\/uploads\/2019\/03\/via_plata_etapa_11.jpg","datePublished":"2019-03-29T11:06:20+00:00","dateModified":"2025-03-25T13:56:18+00:00","description":"Via de la Plata: 11 \u00b0 tappa del Cammino di Santiago tra le citt\u00e0 di Alcu\u00e9scar e C\u00e1ceres Scopri tutte le informazioni e pianifica il tuo percorso","breadcrumb":{"@id":"https:\/\/www.pilgrim.es\/it\/via-plata\/tappa-11-alcuescar-caceres\/#breadcrumb"},"inLanguage":"it-IT","potentialAction":[{"@type":"ReadAction","target":["https:\/\/www.pilgrim.es\/it\/via-plata\/tappa-11-alcuescar-caceres\/"]}]},{"@type":"ImageObject","inLanguage":"it-IT","@id":"https:\/\/www.pilgrim.es\/it\/via-plata\/tappa-11-alcuescar-caceres\/#primaryimage","url":"https:\/\/www.pilgrim.es\/wp-content\/uploads\/2019\/03\/via_plata_etapa_11.jpg","contentUrl":"https:\/\/www.pilgrim.es\/wp-content\/uploads\/2019\/03\/via_plata_etapa_11.jpg","width":1633,"height":548,"caption":"Mapa Etapa 11 V\u00eda de la Plata"},{"@type":"BreadcrumbList","@id":"https:\/\/www.pilgrim.es\/it\/via-plata\/tappa-11-alcuescar-caceres\/#breadcrumb","itemListElement":[{"@type":"ListItem","position":1,"name":"Camino de Santiago","item":"https:\/\/www.pilgrim.es\/it\/"},{"@type":"ListItem","position":2,"name":"V\u00eda de la Plata","item":"https:\/\/www.pilgrim.es\/it\/via-plata\/"},{"@type":"ListItem","position":3,"name":"V\u00eda de la Plata | tappa 11: Alcu\u00e9scar &#8211; C\u00e1ceres"}]},{"@type":"WebSite","@id":"https:\/\/www.pilgrim.es\/it\/#website","url":"https:\/\/www.pilgrim.es\/it\/","name":"Pilgrim","description":"Camino de Santiago | Caminamos Contigo","publisher":{"@id":"https:\/\/www.pilgrim.es\/it\/#organization"},"potentialAction":[{"@type":"SearchAction","target":{"@type":"EntryPoint","urlTemplate":"https:\/\/www.pilgrim.es\/it\/?s={search_term_string}"},"query-input":{"@type":"PropertyValueSpecification","valueRequired":true,"valueName":"search_term_string"}}],"inLanguage":"it-IT"},{"@type":"Organization","@id":"https:\/\/www.pilgrim.es\/it\/#organization","name":"Pilgrim Camino de Santiago","url":"https:\/\/www.pilgrim.es\/it\/","logo":{"@type":"ImageObject","inLanguage":"it-IT","@id":"https:\/\/www.pilgrim.es\/it\/#\/schema\/logo\/image\/","url":"https:\/\/www.pilgrim.es\/wp-content\/uploads\/2019\/04\/logo_pilgrim.png","contentUrl":"https:\/\/www.pilgrim.es\/wp-content\/uploads\/2019\/04\/logo_pilgrim.png","width":512,"height":512,"caption":"Pilgrim Camino de Santiago"},"image":{"@id":"https:\/\/www.pilgrim.es\/it\/#\/schema\/logo\/image\/"},"sameAs":["https:\/\/www.facebook.com\/pilgrim.es\/","https:\/\/x.com\/pilgrim_es","https:\/\/www.instagram.com\/pilgrim.es\/","https:\/\/www.linkedin.com\/company\/pilgrim-camino-de-santiago\/","https:\/\/www.pinterest.es\/pilgrimcaminodesantiago\/","https:\/\/www.youtube.com\/channel\/UCIv2ZzFLXVqthkNF32rKedw\/featured"]}]}},"_links":{"self":[{"href":"https:\/\/www.pilgrim.es\/it\/wp-json\/wp\/v2\/pages\/15414","targetHints":{"allow":["GET"]}}],"collection":[{"href":"https:\/\/www.pilgrim.es\/it\/wp-json\/wp\/v2\/pages"}],"about":[{"href":"https:\/\/www.pilgrim.es\/it\/wp-json\/wp\/v2\/types\/page"}],"author":[{"embeddable":true,"href":"https:\/\/www.pilgrim.es\/it\/wp-json\/wp\/v2\/users\/4"}],"replies":[{"embeddable":true,"href":"https:\/\/www.pilgrim.es\/it\/wp-json\/wp\/v2\/comments?post=15414"}],"version-history":[{"count":4,"href":"https:\/\/www.pilgrim.es\/it\/wp-json\/wp\/v2\/pages\/15414\/revisions"}],"predecessor-version":[{"id":96372,"href":"https:\/\/www.pilgrim.es\/it\/wp-json\/wp\/v2\/pages\/15414\/revisions\/96372"}],"up":[{"embeddable":true,"href":"https:\/\/www.pilgrim.es\/it\/wp-json\/wp\/v2\/pages\/10683"}],"wp:featuredmedia":[{"embeddable":true,"href":"https:\/\/www.pilgrim.es\/it\/wp-json\/wp\/v2\/media\/12803"}],"wp:attachment":[{"href":"https:\/\/www.pilgrim.es\/it\/wp-json\/wp\/v2\/media?parent=15414"}],"wp:term":[{"taxonomy":"category","embeddable":true,"href":"https:\/\/www.pilgrim.es\/it\/wp-json\/wp\/v2\/categories?post=15414"},{"taxonomy":"post_tag","embeddable":true,"href":"https:\/\/www.pilgrim.es\/it\/wp-json\/wp\/v2\/tags?post=15414"}],"curies":[{"name":"wp","href":"https:\/\/api.w.org\/{rel}","templated":true}]}}