{"id":11912,"date":"2019-03-01T13:30:17","date_gmt":"2019-03-01T13:30:17","guid":{"rendered":"https:\/\/desarrollo.pilgrim.es\/cammino-francese\/cammino-francese-tappa-11-belorado-san-juan-de-ortega\/"},"modified":"2025-10-09T12:53:42","modified_gmt":"2025-10-09T12:53:42","slug":"tappa-11-belorado-san-juan-de-ortega","status":"publish","type":"page","link":"https:\/\/www.pilgrim.es\/it\/cammino-francese\/tappa-11-belorado-san-juan-de-ortega\/","title":{"rendered":"Cammino Francese | Tappa 11: Belorado &#8211; San Juan de Ortega"},"content":{"rendered":"\n<section id=\"heroStage\">\n  <h1>Cammino Francese: Tappa 11<\/h1>\n  <div>\n    <div class=\"hero\" data-background=\"https:\/\/cdn.pilgrim.es\/web\/caminos\/camino-frances\/pueblos\/belorado\/belorado.jpg\">\n      <div class=\"hero__container\">\n        <div class=\"hero__container__labels\">\n          <p>A piedi<\/p>\n          <p>33 Tappe \/ 764 Kms<\/p>\n        <\/div>\n        <div class=\"hero__container__stage-name\">\n          <h2>\n            Belorado <br \/>\n            <span>&#10093;<\/span>\n            San Juan de Ortega\n          <\/h2>\n          <p>23,9 Km<\/p>\n        <\/div>\n        <div class=\"hero__container__stage-changer\">\n            <div class=\"stage-control\">\n              <a class=\"stage-control__link\" href=\"https:\/\/www.pilgrim.es\/it\/cammino-francese\/tappa-10-santo-domingo-de-la-calzada-belorado\/\"><span>&#10094;<\/span> Tappa 10<\/a>\n            <\/div>\n          <div class=\"stage-control\">\n            <a class=\"stage-control__link\" href=\"https:\/\/www.pilgrim.es\/it\/cammino-francese\/tappa-12-san-juan-de-ortega-burgos\/\">Tappa 12 <span>&#10095;<\/span><\/a>\n          <\/div>\n        <\/div>\n      <\/div>\n    <\/div>\n    <div class=\"planner\"><div\r\n  class=\"p-col-span-1 p-rounded-lg p-px-5 p-h-full\"\r\n  style=\"background-image: url('https:\/\/cdn.pilgrim.es\/web\/pilgrim-planner\/bg-plugin-planificador.webp')\"\r\n  rel=\"preload\"\r\n  fetchpriority=\"high\"\r\n  >\r\n    <div class=\"p-text-center p-pt-5 p-text-white p-text-2xl p-font-semibold\">\r\n      Pianifica il tuo cammino    <\/div>\r\n    <div\r\n            id='primary-app'\r\n            data-name='banner'\r\n            data-api='https:\/\/pathfinder.pilgrim.es\/api\/pathfinder\/v2'\r\n            data-mode='normal'\r\n            data-lang='it'\r\n            data-route='1'\r\n            data-destiny='https:\/\/planificador.pilgrim.es'\r\n            data-modality='1'\r\n            data-inline=''\r\n        ><\/div><\/div><\/div>\n  <\/div>\n<\/section>\n\n<section id=\"scoreBarsStage\">\n  <section>\r\n  <div class=\"p-flex p-flex-nowrap p-space-x-4 p-py-5 p-overflow-x-auto md:p-grid md:p-grid-cols-3 lg:p-grid-cols-5 md:p-gap-8 md:p-space-x-0 md:p-overflow-hidden scrollbar-thin\">\r\n    <div class=\"p-grid p-grid-cols-4 p-shrink-0 p-w-72 p-snap-start md:p-w-full\">\r\n        <div class=\"p-col-span-1 p-self-center p-text-center p-text-3xl\">\r\n            <i class=\"icon-influx\"><\/i>\r\n        <\/div>\r\n        <div class=\"p-col-span-3 p-flex p-flex-col p-items-start\">\r\n            <div class=\"p-text-start p-text-secondary p-mb-1 p-bold\"> Afflusso <\/div>\r\n            <div class=\"p-w-full p-bg-light p-rounded-full p-h-2 p-relative\">\r\n                <div class=\"p-bg-primary p-h-2 p-rounded-full p-absolute\" style=\"width: 40%;\"><\/div>\r\n            <\/div>\r\n        <\/div>\r\n    <\/div>\r\n\r\n    <div class=\"p-grid p-grid-cols-4 p-shrink-0 p-w-72 p-snap-start md:p-w-full\">\r\n        <div class=\"p-col-span-1 p-self-center p-text-center p-text-3xl\">\r\n            <i class=\"icon-difficulty\"><\/i>\r\n        <\/div>\r\n        <div class=\"p-col-span-3 p-flex p-flex-col p-items-start\">\r\n            <div class=\"p-text-start p-text-secondary p-mb-1 p-bold\"> Difficolt\u00e0 <\/div>\r\n            <div class=\"p-w-full p-bg-light p-rounded-full p-h-2 p-relative\">\r\n                <div class=\"p-bg-primary p-h-2 p-rounded-full p-absolute\" style=\"width: 20%;\"><\/div>\r\n            <\/div>\r\n        <\/div>\r\n    <\/div>\r\n\r\n    <div class=\"p-grid p-grid-cols-4 p-shrink-0 p-w-72 p-snap-start md:p-w-full\">\r\n        <div class=\"p-col-span-1 p-self-center p-text-center p-text-3xl\">\r\n            <i class=\"icon-patrimony\"><\/i>\r\n        <\/div>\r\n        <div class=\"p-col-span-3 p-flex p-flex-col p-items-start\">\r\n            <div class=\"p-text-start p-text-secondary p-mb-1 p-bold\"> Arte\/Storia <\/div>\r\n            <div class=\"p-w-full p-bg-light p-rounded-full p-h-2 p-relative\">\r\n                <div class=\"p-bg-primary p-h-2 p-rounded-full p-absolute\" style=\"width: 20%;\"><\/div>\r\n            <\/div>\r\n        <\/div>\r\n    <\/div>\r\n\r\n    <div class=\"p-grid p-grid-cols-4 p-shrink-0 p-w-72 p-snap-start md:p-w-full\">\r\n        <div class=\"p-col-span-1 p-self-center p-text-center p-text-3xl\">\r\n            <i class=\"icon-nature\"><\/i>\r\n        <\/div>\r\n        <div class=\"p-col-span-3 p-flex p-flex-col p-items-start\">\r\n            <div class=\"p-text-start p-text-secondary p-mb-1 p-bold\"> Natura <\/div>\r\n            <div class=\"p-w-full p-bg-light p-rounded-full p-h-2 p-relative\">\r\n                <div class=\"p-bg-primary p-h-2 p-rounded-full p-absolute\" style=\"width: 60%;\"><\/div>\r\n            <\/div>\r\n        <\/div>\r\n    <\/div>\r\n\r\n    <div class=\"p-grid p-grid-cols-4 p-shrink-0 p-w-72 p-snap-start md:p-w-full\">\r\n        <div class=\"p-col-span-1 p-self-center p-text-center p-text-3xl\">\r\n            <i class=\"icon-urban\"><\/i>\r\n        <\/div>\r\n        <div class=\"p-col-span-3 p-flex p-flex-col p-items-start\">\r\n            <div class=\"p-text-start p-text-secondary p-mb-1 p-bold\"> Cammino Francese <\/div>\r\n            <div class=\"p-w-full p-bg-light p-rounded-full p-h-2 p-relative\">\r\n                <div class=\"p-bg-primary p-h-2 p-rounded-full p-absolute\" style=\"width: 40%;\"><\/div>\r\n            <\/div>\r\n        <\/div>\r\n    <\/div>\r\n  <\/div>\r\n<\/section>\n<\/section>\n\n<div id=\"stage-list-section\"><div class=\"stage-list\">\n    <div class='stage-list__map-card'>\n        <div class='stage-list__map-card__map'>\n            <div class='stage-list__map-card__map__text'>\n                <h2> Pages <\/h2>\n                <p> A piedi<\/p>\n                <p> 0tappe<\/p>\n            <\/div>\n            <div class='stage-list__map-card__map__img'>\n                <img decoding=\"async\" src=\"\" alt=\" mapa \" \/>\n            <\/div>\n        <\/div>\n    <\/div>\n\n    <\/div>\n<\/div>\n\n<section id=\"navStage\">\n  <div>\n    <nav id=\"tab-navigation-section\" class=\"tab-navigation-section--cols-5\">\n      <a href=\"#infoSection\" class=\"active\">Informazioni<\/a>\n      <a href=\"#profileSection\">Profilo<\/a>\n      <a href=\"#itinerarySection\">Itinerario<\/a>\n      \n      <a href=\"#locationsSection\">Paesi<\/a>\n    <\/nav>\n\n    <div id=\"infoSection\">\n      <!-- Title Section with Orange Line -->\n      <div>\n        <h2 class=\"p-h2-stage\">Informazioni<\/h2>\n        <hr class=\"orange-bar\" \/>\n        <h3 class=\"p-h3-stage\">Informazioni su questa tappa<\/h3>\n      <\/div>\n\n      \n        <p>Oggi passeremo tra paesaggi montani e strade solitarie dove possiamo disconnettere e abbandonare i nostri pensieri. Possiamo suddividere questa tappa in due parti differenziate, la prima passa senza quasi colline tra le piccole citt\u00e0 tipiche del Camino, e la seconda inizia a Villafranca, da dove dovremo salire ai Montes de Oca. Solo gli alberi e il mormorio del vento ci accompagneranno in questo tratto con vista su San Juan de Ortega.<\/p>\n      \n\n      <div class=\"recomendation-card\">\n        <div>\n          <i class=\"icon-logo-pilgrim\"><\/i>\n          <h5>Recomendaci\u00f3n Pilgrim<\/h5>\n        <\/div>\n\n        \n          <p>Per le persone a mobilit\u00e0 ridotta questo stadio \u00e8 categoricamente impraticabile, fatta eccezione per alcune piccole sezioni. \u00c8 necessario viaggiare in alcuni mezzi di trasporto fino a San Juan de Ortega. D&#8217;altra parte, per i ciclisti, significher\u00e0 anche un viaggio complicato in alcune sezioni, ma in generale non avranno alcuna difficolt\u00e0 a superarlo.<\/p>\n        \n          <p>Se il giorno \u00e8 piovoso \u00e8 probabile che le sezioni che corrono tra i terreni siano fangose, riuscendo nel peggiore dei casi a deviare e proseguire sulla N-120, soprattutto nella salita da Villafranca.<\/p>\n        \n      <\/div>\n    <\/div>\n\n    <div id=\"profileSection\">\n      <div>\n        <h2 class=\"p-h2-stage\">Distanza e altitudine<\/h2>\n        <hr class=\"orange-bar\" \/>\n        <h3 class=\"p-h3-stage\">Profilo<\/h3>\n        <img decoding=\"async\" src=\"https:\/\/cdn.pilgrim.es\/web\/caminos\/camino-frances\/etapas\/etapa-11-belorado-san-juan-de-ortega\/etapa11-perfil-belorado-san-juan-de-ortega.jpg\" alt=\"Perfil de la etapa tappa-11-belorado-san-juan-de-ortega\" \/>\n      <\/div>\n    <\/div>\n\n    <div id=\"itinerarySection\">\n      <h2 class=\"p-h2-stage\">Itinerario<\/h2>\n      <hr \/>\n      <h3 class=\"p-h3-stage\">Percorso<\/h3>\n\n      \n        <div>\n          <h4>Km 0 &#8211; Inicio<\/h4>\n\n          \n            <p>Lasciamo Belorado per la via Hip\u00f3lito L\u00f3pez Bernal e per il Camino de Santiago Avenue per riscoprire la N-120 mentre attraversa il fiume Tir\u00f3n, che attraversiamo anche noi. Attraverseremo un sentiero parallelo alla strada fino a raggiungere una stazione di servizio, dove prendiamo un&#8217;altra traccia che ci porter\u00e0 a Tosantos, che potrebbe essere la nostra prima tappa.<\/p>\n          \n            <p>Un&#8217;area di sosta ci ricever\u00e0 all&#8217;ingresso di questo tipico villaggio del Camino, dove possiamo trovare un ostello e un bar dove fare colazione. Nella parte superiore possiamo vedere un santuario costruito all&#8217;interno della montagna, l&#8217;eremo della Virgen de la Piedra. Nei dintorni ci sono alcune grotte e grotte che nei tempi antichi servivano come abitazioni per gli eremiti che adoravano la Vergine. Una traccia a sinistra ci porter\u00e0 nella prossima citt\u00e0: Villambistia, una piccola citt\u00e0 che ospita una bella chiesa parrocchiale dove venerano San Esteban. All&#8217;interno possiamo apprezzare diverse pale d&#8217;altare rinascimentali. Dalla sua fonte, dice la leggenda, l&#8217;acqua scorre con poteri curativi. Secondo la storia, tutti gli escursionisti che si bagnano recuperano vitalit\u00e0 e si liberano della fatica.<\/p>\n          \n            <p>Dopo esserci rinfrescati in questa fonte di guarigione, abbiamo proseguito per Espinosa del Camino, attraversando nuovamente la N-120. L\u00ec possiamo fermarci e mangiare qualcosa in uno dei loro stabilimenti. Dopo aver attraversato una piccola collina raggiungeremo i resti del vecchio monastero mozarabico di San Felice, costruito su una villa romana. Si ritiene che in esso riposano i resti del fondatore di Burgos e del Conte di Castiglia, Diego Porcelos.<\/p>\n          \n            <p>Riprenderemo un percorso parallelo al margine destro del N-120 per vedere gi\u00e0 Villafranca de Montes de Oca, che sar\u00e0 un punto e seguito nella giornata di oggi. Prima di iniziare la salita dobbiamo raccogliere tutte le provviste che potremmo aver bisogno, dal momento che ci sono meno di dodici chilometri fino alla prossima citt\u00e0 e nel frattempo non troveremo alcun servizio. Approfittando di questa sosta per fare rifornimento, possiamo visitare la chiesa di Santiago, la cui porta del perdono \u00e8 aperta solo nell&#8217;anno giacobeo, facilitando cos\u00ec il giubileo a quei pellegrini che per qualche motivo non riescono a completare la strada per Compostela. Questo tempio barocco della cappella ospita tre immagini e un fonte battesimale costruito con un grande guscio naturale. Lasciamo la chiesa alla nostra sinistra e il vecchio Ospedale dei Pellegrini della Regina (ora una struttura alberghiera) per intraprendere il tratto pi\u00f9 complicato di oggi, la salita a San Juan de Ortega.<\/p>\n          \n            <p>Questa ascesa attraverser\u00e0 il conosciuto come Montes de Oca, un ambiente di grande bellezza ma che sar\u00e0 un tratto complicato per pi\u00f9 di un pellegrino date le sue arrampicate. Queste montagne sono considerate il passaggio naturale tra le pianure delle valli della Rioja e l&#8217;altopiano di Burgos, attraversando il sistema iberico. Nell&#8217;antichit\u00e0, oltre alla difficolt\u00e0 intrinseca dei suoi pendii ripidi, i pellegrini dovevano anche affrontare i malfattori che si annidavano tra i cespugli pronti a rubare le loro cose. Oggi, la solitudine di queste foreste vi invita a disconnettere e godervi il paesaggio, pieno di faggi, querce e frassini.<\/p>\n          \n            <p>Dopo quasi due chilometri di salita possiamo riprendere fiato al punto di vista di San Mill\u00e1n e La Demanda, da qui le piste iniziano ad ammorbidirsi. Attraverso una pista forestale, siamo passati accanto a un monumento ai caduti nella guerra civile spagnola e grazie a un piccolo ponte disegneremo il fiume Catarr\u00f3n. Dobbiamo fare un ultimo sforzo per salire a Alto de la Pedraja, a un&#8217;altitudine di 1.150 metri, per raggiungere il tempio dedicato a San Nicol\u00e1s de Bari, opera di San Juan de Ortega. Questo santo, il cui nome originale era Juan de Vel\u00e1zquez e fu discepolo di Santo Domingo de la Calzada, dedic\u00f2 la sua vita ad aiutare i pellegrini, finanziando la costruzione di ponti, rifugi e strade. La sua grande opera \u00e8 stata questa chiesa monastica, testimone ogni anno del famoso &#8220;Miracolo della luce&#8221;. Ogni 21 marzo e 22 settembre, equinozio di primavera e d&#8217;autunno, la luce entra attraverso una finestra del tempio per illuminare la capitale dell&#8217;Annunciazione. Se viaggiamo in questi giorni non possiamo perderci questo bellissimo evento, normalmente alle cinque del pomeriggio e perfetto per finire questa undicesima tappa.<\/p>\n          \n\n          \n            <a class=\"town-link\" href=\"https:\/\/www.pilgrim.es\/it\/cammino-francese\/belorado\/\">\n              <div class=\"town-link__link-content\">\n                <div class=\"town-link__link-content__text\">\n              <p>Informazioni locali<\/p>\n              <p>Polizia, Assistenza medica, Cosa vedere, Dove mangiare&#8230;<\/p>\n                <\/div>\n                <div class=\"town-link__link-content__town-btn\">\n                  <i class=\"icon-arrow\"><\/i>\n                <\/div>\n              <\/div>\n            <\/a>\n          \n        <\/div>\n        <hr \/>\n      \n      <div>\n        <h4>Km 23,9 &#8231; San Juan de Ortega<\/h4>\n        <a class=\"town-link\" href=\"https:\/\/www.pilgrim.es\/it\/cammino-francese\/san-juan-de-ortega\/\">\n          <div class=\"town-link__link-content\">\n            <div class=\"town-link__link-content__text\">\n              <p>Informazioni locali<\/p>\n              <p>Polizia, Assistenza medica, Cosa vedere, Dove mangiare&#8230;<\/p>\n            <\/div>\n            <div class=\"town-link__link-content__town-btn\">\n              <i class=\"icon-arrow\"><\/i>\n            <\/div>\n          <\/div>\n        <\/a>\n      <\/div>\n    <\/div>\n\n    \n\n  <div id=\"locationsSection\">\n      <h2 class=\"p-h2-stage\">Paesi<\/h2>\n      <hr \/>\n      <h3 class=\"p-h3-stage\">Villaggi<\/h3>\n      <div class=\"grid-container\">\n\n        <div class=\"p-group card-stage p-max-w-full\">\n          <a href=\"https:\/\/www.pilgrim.es\/it\/cammino-francese\/belorado\/\" class=\"town-card\">\n            <div class=\"card-stage__header\">\n              <img decoding=\"async\" src=\"https:\/\/cdn.pilgrim.es\/web\/caminos\/camino-frances\/pueblos\/belorado\/belorado.jpg\" alt=\"Belorado\" class=\"group-hover:p-scale-110\" \/>\n              <div class=\"card-overlay group-hover:p-opacity-50\"><\/div>\n            <\/div>\n            <div class=\"town-card__flex-container\">\n              <div class=\"town-card__flex-container__info\">\n                <h3>Belorado<\/h3>\n                <p>Provincia: Burgos<\/p>\n              <\/div>\n              <div class=\"town-card__flex-container__btn\">\n                <i class=\"icon-arrow\"><\/i>\n              <\/div>\n            <\/div>\n          <\/a>\n        <\/div>\n        <div class=\"p-group card-stage p-max-w-full\">\n          <a href=\"https:\/\/www.pilgrim.es\/it\/cammino-francese\/san-juan-de-ortega\/\" class=\"town-card\">\n            <div class=\"card-stage__header\">\n              <img decoding=\"async\" src=\"https:\/\/cdn.pilgrim.es\/web\/caminos\/camino-frances\/pueblos\/san-juan-de-ortega\/san-juan-de-ortega.jpg\" alt=\"San Juan de Ortega\" class=\"group-hover:p-scale-110\" \/>\n              <div class=\"card-overlay group-hover:p-opacity-50\"><\/div>\n            <\/div>\n            <div class=\"town-card__flex-container\">\n              <div class=\"town-card__flex-container__info\">\n                <h3>San Juan de Ortega<\/h3>\n                <p>Provincia: Burgos<\/p>\n              <\/div>\n              <div class=\"town-card__flex-container__btn\">\n                <i class=\"icon-arrow\"><\/i>\n              <\/div>\n            <\/div>\n          <\/a>\n        <\/div>\n      <\/div>\n    <\/div>\n    <hr class=\"single-bar\" \/>\n  <\/div>\n<\/section>\n\n<section id=\"stageChange\">\n  <div>\n    <a href=\"https:\/\/www.pilgrim.es\/it\/cammino-francese\/tappa-10-santo-domingo-de-la-calzada-belorado\/\" class=\"change-btn\">\n    <div class=\"change-btn\">\n      <div class=\"btn-arrow previous\">\n        <i class=\"icon-arrow\"><\/i>\n      <\/div>\n      <div class=\"change-btn__info\">\n        <div>Tappa 10<\/div>\n        <p>\n          Santo Domingo de la Calzada \u276f <br> Belorado\n        <\/p>\n      <\/div>\n    <\/div>\n    <\/a>\n    <a href=\"https:\/\/www.pilgrim.es\/it\/cammino-francese\/tappa-12-san-juan-de-ortega-burgos\/\" class=\"change-btn\">\n      <div class=\"change-btn__info\">\n        <div>Tappa 12<\/div>\n        <p>\n          San Juan de Ortega \u276f <br> Burgos\n        <\/p>\n      <\/div>\n      <div class=\"btn-arrow\">\n        <i class=\"icon-arrow\"><\/i>\n      <\/div>\n    <\/a>\n  <\/div>\n<\/section>\n","protected":false},"excerpt":{"rendered":"<p>Cammino Francese: Tappa 11 A piedi 33 Tappe \/ 764 Kms Belorado &#10093; San Juan de Ortega 23,9 Km &#10094; Tappa 10 Tappa 12 &#10095; Informazioni Profilo Itinerario Paesi Informazioni Informazioni su questa tappa Oggi passeremo tra paesaggi montani e strade solitarie dove possiamo disconnettere e abbandonare i nostri pensieri. Possiamo suddividere questa tappa in &hellip; <\/p>\n<p class=\"read_more\"><a href=\"https:\/\/www.pilgrim.es\/it\/cammino-francese\/tappa-11-belorado-san-juan-de-ortega\/\">Leer m\u00e1s<\/a><\/p>\n","protected":false},"author":4,"featured_media":10915,"parent":10735,"menu_order":0,"comment_status":"closed","ping_status":"closed","template":"views\/template-new-web-design.blade.php","meta":{"footnotes":""},"categories":[],"tags":[],"class_list":["post-11912","page","type-page","status-publish","has-post-thumbnail","hentry"],"yoast_head":"<!-- This site is optimized with the Yoast SEO plugin v27.4 - https:\/\/yoast.com\/product\/yoast-seo-wordpress\/ -->\n<title>Camino Franc\u00e9s desde San Juan de Ortega a Belorado | Pilgrim.es<\/title>\n<meta name=\"description\" content=\"Cammino Francese : Tappa 11 del Cammino di Santiago che corre tra San Juan de Ortega e Belorado. Scopri tutte le informazioni sulla tappa.\" \/>\n<meta name=\"robots\" content=\"index, follow, max-snippet:-1, max-image-preview:large, max-video-preview:-1\" \/>\n<link rel=\"canonical\" href=\"https:\/\/www.pilgrim.es\/it\/cammino-francese\/tappa-11-belorado-san-juan-de-ortega\/\" \/>\n<meta property=\"og:locale\" content=\"it_IT\" \/>\n<meta property=\"og:type\" content=\"article\" \/>\n<meta property=\"og:title\" content=\"Camino Franc\u00e9s desde San Juan de Ortega a Belorado | Pilgrim.es\" \/>\n<meta property=\"og:description\" content=\"Cammino Francese : Tappa 11 del Cammino di Santiago che corre tra San Juan de Ortega e Belorado. Scopri tutte le informazioni sulla tappa.\" \/>\n<meta property=\"og:url\" content=\"https:\/\/www.pilgrim.es\/it\/cammino-francese\/tappa-11-belorado-san-juan-de-ortega\/\" \/>\n<meta property=\"og:site_name\" content=\"Pilgrim\" \/>\n<meta property=\"article:publisher\" content=\"https:\/\/www.facebook.com\/pilgrim.es\/\" \/>\n<meta property=\"article:modified_time\" content=\"2025-10-09T12:53:42+00:00\" \/>\n<meta property=\"og:image\" content=\"https:\/\/www.pilgrim.es\/wp-content\/uploads\/2019\/02\/camino_frances_etapa_11.jpg\" \/>\n\t<meta property=\"og:image:width\" content=\"1634\" \/>\n\t<meta property=\"og:image:height\" content=\"547\" \/>\n\t<meta property=\"og:image:type\" content=\"image\/jpeg\" \/>\n<meta name=\"twitter:card\" content=\"summary_large_image\" \/>\n<meta name=\"twitter:site\" content=\"@pilgrim_es\" \/>\n<meta name=\"twitter:label1\" content=\"Tempo di lettura stimato\" \/>\n\t<meta name=\"twitter:data1\" content=\"5 minuti\" \/>\n<script type=\"application\/ld+json\" class=\"yoast-schema-graph\">{\"@context\":\"https:\\\/\\\/schema.org\",\"@graph\":[{\"@type\":\"WebPage\",\"@id\":\"https:\\\/\\\/www.pilgrim.es\\\/it\\\/cammino-francese\\\/tappa-11-belorado-san-juan-de-ortega\\\/\",\"url\":\"https:\\\/\\\/www.pilgrim.es\\\/it\\\/cammino-francese\\\/tappa-11-belorado-san-juan-de-ortega\\\/\",\"name\":\"Camino Franc\u00e9s desde San Juan de Ortega a Belorado | Pilgrim.es\",\"isPartOf\":{\"@id\":\"https:\\\/\\\/www.pilgrim.es\\\/it\\\/#website\"},\"primaryImageOfPage\":{\"@id\":\"https:\\\/\\\/www.pilgrim.es\\\/it\\\/cammino-francese\\\/tappa-11-belorado-san-juan-de-ortega\\\/#primaryimage\"},\"image\":{\"@id\":\"https:\\\/\\\/www.pilgrim.es\\\/it\\\/cammino-francese\\\/tappa-11-belorado-san-juan-de-ortega\\\/#primaryimage\"},\"thumbnailUrl\":\"https:\\\/\\\/www.pilgrim.es\\\/wp-content\\\/uploads\\\/2019\\\/02\\\/camino_frances_etapa_11.jpg\",\"datePublished\":\"2019-03-01T13:30:17+00:00\",\"dateModified\":\"2025-10-09T12:53:42+00:00\",\"description\":\"Cammino Francese : Tappa 11 del Cammino di Santiago che corre tra San Juan de Ortega e Belorado. Scopri tutte le informazioni sulla tappa.\",\"breadcrumb\":{\"@id\":\"https:\\\/\\\/www.pilgrim.es\\\/it\\\/cammino-francese\\\/tappa-11-belorado-san-juan-de-ortega\\\/#breadcrumb\"},\"inLanguage\":\"it-IT\",\"potentialAction\":[{\"@type\":\"ReadAction\",\"target\":[\"https:\\\/\\\/www.pilgrim.es\\\/it\\\/cammino-francese\\\/tappa-11-belorado-san-juan-de-ortega\\\/\"]}]},{\"@type\":\"ImageObject\",\"inLanguage\":\"it-IT\",\"@id\":\"https:\\\/\\\/www.pilgrim.es\\\/it\\\/cammino-francese\\\/tappa-11-belorado-san-juan-de-ortega\\\/#primaryimage\",\"url\":\"https:\\\/\\\/www.pilgrim.es\\\/wp-content\\\/uploads\\\/2019\\\/02\\\/camino_frances_etapa_11.jpg\",\"contentUrl\":\"https:\\\/\\\/www.pilgrim.es\\\/wp-content\\\/uploads\\\/2019\\\/02\\\/camino_frances_etapa_11.jpg\",\"width\":1634,\"height\":547,\"caption\":\"Mappa tappa 11 Cammino Francese\"},{\"@type\":\"BreadcrumbList\",\"@id\":\"https:\\\/\\\/www.pilgrim.es\\\/it\\\/cammino-francese\\\/tappa-11-belorado-san-juan-de-ortega\\\/#breadcrumb\",\"itemListElement\":[{\"@type\":\"ListItem\",\"position\":1,\"name\":\"Camino de Santiago\",\"item\":\"https:\\\/\\\/www.pilgrim.es\\\/it\\\/\"},{\"@type\":\"ListItem\",\"position\":2,\"name\":\"Cammino Francese\",\"item\":\"https:\\\/\\\/www.pilgrim.es\\\/it\\\/cammino-francese\\\/\"},{\"@type\":\"ListItem\",\"position\":3,\"name\":\"Cammino Francese | Tappa 11: Belorado &#8211; San Juan de Ortega\"}]},{\"@type\":\"WebSite\",\"@id\":\"https:\\\/\\\/www.pilgrim.es\\\/it\\\/#website\",\"url\":\"https:\\\/\\\/www.pilgrim.es\\\/it\\\/\",\"name\":\"Pilgrim\",\"description\":\"Camino de Santiago | Caminamos Contigo\",\"publisher\":{\"@id\":\"https:\\\/\\\/www.pilgrim.es\\\/it\\\/#organization\"},\"potentialAction\":[{\"@type\":\"SearchAction\",\"target\":{\"@type\":\"EntryPoint\",\"urlTemplate\":\"https:\\\/\\\/www.pilgrim.es\\\/it\\\/?s={search_term_string}\"},\"query-input\":{\"@type\":\"PropertyValueSpecification\",\"valueRequired\":true,\"valueName\":\"search_term_string\"}}],\"inLanguage\":\"it-IT\"},{\"@type\":\"Organization\",\"@id\":\"https:\\\/\\\/www.pilgrim.es\\\/it\\\/#organization\",\"name\":\"Pilgrim Camino de Santiago\",\"url\":\"https:\\\/\\\/www.pilgrim.es\\\/it\\\/\",\"logo\":{\"@type\":\"ImageObject\",\"inLanguage\":\"it-IT\",\"@id\":\"https:\\\/\\\/www.pilgrim.es\\\/it\\\/#\\\/schema\\\/logo\\\/image\\\/\",\"url\":\"https:\\\/\\\/www.pilgrim.es\\\/wp-content\\\/uploads\\\/2019\\\/04\\\/logo_pilgrim.png\",\"contentUrl\":\"https:\\\/\\\/www.pilgrim.es\\\/wp-content\\\/uploads\\\/2019\\\/04\\\/logo_pilgrim.png\",\"width\":512,\"height\":512,\"caption\":\"Pilgrim Camino de Santiago\"},\"image\":{\"@id\":\"https:\\\/\\\/www.pilgrim.es\\\/it\\\/#\\\/schema\\\/logo\\\/image\\\/\"},\"sameAs\":[\"https:\\\/\\\/www.facebook.com\\\/pilgrim.es\\\/\",\"https:\\\/\\\/x.com\\\/pilgrim_es\",\"https:\\\/\\\/www.instagram.com\\\/pilgrim.es\\\/\",\"https:\\\/\\\/www.linkedin.com\\\/company\\\/pilgrim-camino-de-santiago\\\/\",\"https:\\\/\\\/www.pinterest.es\\\/pilgrimcaminodesantiago\\\/\",\"https:\\\/\\\/www.youtube.com\\\/channel\\\/UCIv2ZzFLXVqthkNF32rKedw\\\/featured\"]}]}<\/script>\n<!-- \/ Yoast SEO plugin. -->","yoast_head_json":{"title":"Camino Franc\u00e9s desde San Juan de Ortega a Belorado | Pilgrim.es","description":"Cammino Francese : Tappa 11 del Cammino di Santiago che corre tra San Juan de Ortega e Belorado. Scopri tutte le informazioni sulla tappa.","robots":{"index":"index","follow":"follow","max-snippet":"max-snippet:-1","max-image-preview":"max-image-preview:large","max-video-preview":"max-video-preview:-1"},"canonical":"https:\/\/www.pilgrim.es\/it\/cammino-francese\/tappa-11-belorado-san-juan-de-ortega\/","og_locale":"it_IT","og_type":"article","og_title":"Camino Franc\u00e9s desde San Juan de Ortega a Belorado | Pilgrim.es","og_description":"Cammino Francese : Tappa 11 del Cammino di Santiago che corre tra San Juan de Ortega e Belorado. Scopri tutte le informazioni sulla tappa.","og_url":"https:\/\/www.pilgrim.es\/it\/cammino-francese\/tappa-11-belorado-san-juan-de-ortega\/","og_site_name":"Pilgrim","article_publisher":"https:\/\/www.facebook.com\/pilgrim.es\/","article_modified_time":"2025-10-09T12:53:42+00:00","og_image":[{"width":1634,"height":547,"url":"https:\/\/www.pilgrim.es\/wp-content\/uploads\/2019\/02\/camino_frances_etapa_11.jpg","type":"image\/jpeg"}],"twitter_card":"summary_large_image","twitter_site":"@pilgrim_es","twitter_misc":{"Tempo di lettura stimato":"5 minuti"},"schema":{"@context":"https:\/\/schema.org","@graph":[{"@type":"WebPage","@id":"https:\/\/www.pilgrim.es\/it\/cammino-francese\/tappa-11-belorado-san-juan-de-ortega\/","url":"https:\/\/www.pilgrim.es\/it\/cammino-francese\/tappa-11-belorado-san-juan-de-ortega\/","name":"Camino Franc\u00e9s desde San Juan de Ortega a Belorado | Pilgrim.es","isPartOf":{"@id":"https:\/\/www.pilgrim.es\/it\/#website"},"primaryImageOfPage":{"@id":"https:\/\/www.pilgrim.es\/it\/cammino-francese\/tappa-11-belorado-san-juan-de-ortega\/#primaryimage"},"image":{"@id":"https:\/\/www.pilgrim.es\/it\/cammino-francese\/tappa-11-belorado-san-juan-de-ortega\/#primaryimage"},"thumbnailUrl":"https:\/\/www.pilgrim.es\/wp-content\/uploads\/2019\/02\/camino_frances_etapa_11.jpg","datePublished":"2019-03-01T13:30:17+00:00","dateModified":"2025-10-09T12:53:42+00:00","description":"Cammino Francese : Tappa 11 del Cammino di Santiago che corre tra San Juan de Ortega e Belorado. Scopri tutte le informazioni sulla tappa.","breadcrumb":{"@id":"https:\/\/www.pilgrim.es\/it\/cammino-francese\/tappa-11-belorado-san-juan-de-ortega\/#breadcrumb"},"inLanguage":"it-IT","potentialAction":[{"@type":"ReadAction","target":["https:\/\/www.pilgrim.es\/it\/cammino-francese\/tappa-11-belorado-san-juan-de-ortega\/"]}]},{"@type":"ImageObject","inLanguage":"it-IT","@id":"https:\/\/www.pilgrim.es\/it\/cammino-francese\/tappa-11-belorado-san-juan-de-ortega\/#primaryimage","url":"https:\/\/www.pilgrim.es\/wp-content\/uploads\/2019\/02\/camino_frances_etapa_11.jpg","contentUrl":"https:\/\/www.pilgrim.es\/wp-content\/uploads\/2019\/02\/camino_frances_etapa_11.jpg","width":1634,"height":547,"caption":"Mappa tappa 11 Cammino Francese"},{"@type":"BreadcrumbList","@id":"https:\/\/www.pilgrim.es\/it\/cammino-francese\/tappa-11-belorado-san-juan-de-ortega\/#breadcrumb","itemListElement":[{"@type":"ListItem","position":1,"name":"Camino de Santiago","item":"https:\/\/www.pilgrim.es\/it\/"},{"@type":"ListItem","position":2,"name":"Cammino Francese","item":"https:\/\/www.pilgrim.es\/it\/cammino-francese\/"},{"@type":"ListItem","position":3,"name":"Cammino Francese | Tappa 11: Belorado &#8211; San Juan de Ortega"}]},{"@type":"WebSite","@id":"https:\/\/www.pilgrim.es\/it\/#website","url":"https:\/\/www.pilgrim.es\/it\/","name":"Pilgrim","description":"Camino de Santiago | Caminamos Contigo","publisher":{"@id":"https:\/\/www.pilgrim.es\/it\/#organization"},"potentialAction":[{"@type":"SearchAction","target":{"@type":"EntryPoint","urlTemplate":"https:\/\/www.pilgrim.es\/it\/?s={search_term_string}"},"query-input":{"@type":"PropertyValueSpecification","valueRequired":true,"valueName":"search_term_string"}}],"inLanguage":"it-IT"},{"@type":"Organization","@id":"https:\/\/www.pilgrim.es\/it\/#organization","name":"Pilgrim Camino de Santiago","url":"https:\/\/www.pilgrim.es\/it\/","logo":{"@type":"ImageObject","inLanguage":"it-IT","@id":"https:\/\/www.pilgrim.es\/it\/#\/schema\/logo\/image\/","url":"https:\/\/www.pilgrim.es\/wp-content\/uploads\/2019\/04\/logo_pilgrim.png","contentUrl":"https:\/\/www.pilgrim.es\/wp-content\/uploads\/2019\/04\/logo_pilgrim.png","width":512,"height":512,"caption":"Pilgrim Camino de Santiago"},"image":{"@id":"https:\/\/www.pilgrim.es\/it\/#\/schema\/logo\/image\/"},"sameAs":["https:\/\/www.facebook.com\/pilgrim.es\/","https:\/\/x.com\/pilgrim_es","https:\/\/www.instagram.com\/pilgrim.es\/","https:\/\/www.linkedin.com\/company\/pilgrim-camino-de-santiago\/","https:\/\/www.pinterest.es\/pilgrimcaminodesantiago\/","https:\/\/www.youtube.com\/channel\/UCIv2ZzFLXVqthkNF32rKedw\/featured"]}]}},"_links":{"self":[{"href":"https:\/\/www.pilgrim.es\/it\/wp-json\/wp\/v2\/pages\/11912","targetHints":{"allow":["GET"]}}],"collection":[{"href":"https:\/\/www.pilgrim.es\/it\/wp-json\/wp\/v2\/pages"}],"about":[{"href":"https:\/\/www.pilgrim.es\/it\/wp-json\/wp\/v2\/types\/page"}],"author":[{"embeddable":true,"href":"https:\/\/www.pilgrim.es\/it\/wp-json\/wp\/v2\/users\/4"}],"replies":[{"embeddable":true,"href":"https:\/\/www.pilgrim.es\/it\/wp-json\/wp\/v2\/comments?post=11912"}],"version-history":[{"count":12,"href":"https:\/\/www.pilgrim.es\/it\/wp-json\/wp\/v2\/pages\/11912\/revisions"}],"predecessor-version":[{"id":136515,"href":"https:\/\/www.pilgrim.es\/it\/wp-json\/wp\/v2\/pages\/11912\/revisions\/136515"}],"up":[{"embeddable":true,"href":"https:\/\/www.pilgrim.es\/it\/wp-json\/wp\/v2\/pages\/10735"}],"wp:featuredmedia":[{"embeddable":true,"href":"https:\/\/www.pilgrim.es\/it\/wp-json\/wp\/v2\/media\/10915"}],"wp:attachment":[{"href":"https:\/\/www.pilgrim.es\/it\/wp-json\/wp\/v2\/media?parent=11912"}],"wp:term":[{"taxonomy":"category","embeddable":true,"href":"https:\/\/www.pilgrim.es\/it\/wp-json\/wp\/v2\/categories?post=11912"},{"taxonomy":"post_tag","embeddable":true,"href":"https:\/\/www.pilgrim.es\/it\/wp-json\/wp\/v2\/tags?post=11912"}],"curies":[{"name":"wp","href":"https:\/\/api.w.org\/{rel}","templated":true}]}}