{"id":11906,"date":"2019-03-01T11:15:10","date_gmt":"2019-03-01T11:15:10","guid":{"rendered":"https:\/\/desarrollo.pilgrim.es\/cammino-francese\/cammino-francese-tappa-9-najera-santo-domingo-de-la-calzada\/"},"modified":"2025-03-24T15:27:26","modified_gmt":"2025-03-24T15:27:26","slug":"tappa-9-najera-santo-domingo-de-la-calzada","status":"publish","type":"page","link":"https:\/\/www.pilgrim.es\/it\/cammino-francese\/tappa-9-najera-santo-domingo-de-la-calzada\/","title":{"rendered":"Cammino Francese | Tappa 9: N\u00e1jera &#8211; Santo Domingo de la Calzada"},"content":{"rendered":" <section id=\"heroStage\">\n  <h1>Cammino Francese : Tappa 9<\/h1>\n  <div>\n    <div class=\"hero\" data-background=\"https:\/\/cdn.pilgrim.es\/web\/caminos\/camino-frances\/pueblos\/najera\/najera.jpg\">\n      <div class=\"hero__container\">\n        <div class=\"hero__container__labels\">\n          <p>A piedi<\/p>\n          <p>33 Tappe \/ 764 Kms<\/p>\n        <\/div>\n        <div class=\"hero__container__stage-name\">\n          <h2>\n            N\u00e1jera <br \/>\n            <span>&#10093;<\/span>\n            Santo Domingo de la Calzada\n          <\/h2>\n          <p>20,7 Km<\/p>\n        <\/div>\n        <div class=\"hero__container__stage-changer\">\n            <div class=\"stage-control\">\n              <a class=\"stage-control__link\" href=\"\/it\/cammino-francese\/tappa-8-logrono-najera\/\"><span>&#10094;<\/span> Tappa 8<\/a>\n            <\/div>\n          <div class=\"stage-control\">\n            <a class=\"stage-control__link\" href=\"\/it\/cammino-francese\/tappa-10-santo-domingo-de-la-calzada-belorado\/\">Tappa 10 <span>&#10095;<\/span><\/a>\n          <\/div>\n        <\/div>\n      <\/div>\n    <\/div>\n    <div class=\"planner\"><div\r\n  class=\"p-col-span-1 p-rounded-lg p-px-5 p-h-full\"\r\n  style=\"background-image: url('https:\/\/cdn.pilgrim.es\/web\/pilgrim-planner\/bg-plugin-planificador.webp')\"\r\n  rel=\"preload\"\r\n  fetchpriority=\"high\"\r\n  >\r\n    <div class=\"p-text-center p-pt-5 p-text-white p-text-2xl p-font-semibold\">\r\n      Pianifica il tuo cammino    <\/div>\r\n    <div\r\n            id='primary-app'\r\n            data-name='banner'\r\n            data-api='https:\/\/pathfinder.pilgrim.es\/api\/pathfinder\/v2'\r\n            data-mode='normal'\r\n            data-lang='it'\r\n            data-route='1'\r\n            data-destiny='https:\/\/planificador.pilgrim.es'\r\n            data-modality='1'\r\n            data-inline=''\r\n        ><\/div><\/div><\/div>\n  <\/div>\n<\/section>\n\n<section id=\"scoreBarsStage\">\n  <section>\r\n  <div class=\"p-flex p-flex-nowrap p-space-x-4 p-py-5 p-overflow-x-auto md:p-grid md:p-grid-cols-3 lg:p-grid-cols-5 md:p-gap-8 md:p-space-x-0 md:p-overflow-hidden scrollbar-thin\">\r\n    <div class=\"p-grid p-grid-cols-4 p-shrink-0 p-w-72 p-snap-start md:p-w-full\">\r\n        <div class=\"p-col-span-1 p-self-center p-text-center p-text-3xl\">\r\n            <i class=\"icon-influx\"><\/i>\r\n        <\/div>\r\n        <div class=\"p-col-span-3 p-flex p-flex-col p-items-start\">\r\n            <div class=\"p-text-start p-text-secondary p-mb-1 p-bold\"> Afflusso <\/div>\r\n            <div class=\"p-w-full p-bg-light p-rounded-full p-h-2 p-relative\">\r\n                <div class=\"p-bg-primary p-h-2 p-rounded-full p-absolute\" style=\"width: 20%;\"><\/div>\r\n            <\/div>\r\n        <\/div>\r\n    <\/div>\r\n\r\n    <div class=\"p-grid p-grid-cols-4 p-shrink-0 p-w-72 p-snap-start md:p-w-full\">\r\n        <div class=\"p-col-span-1 p-self-center p-text-center p-text-3xl\">\r\n            <i class=\"icon-difficulty\"><\/i>\r\n        <\/div>\r\n        <div class=\"p-col-span-3 p-flex p-flex-col p-items-start\">\r\n            <div class=\"p-text-start p-text-secondary p-mb-1 p-bold\"> Difficolt\u00e0 <\/div>\r\n            <div class=\"p-w-full p-bg-light p-rounded-full p-h-2 p-relative\">\r\n                <div class=\"p-bg-primary p-h-2 p-rounded-full p-absolute\" style=\"width: 20%;\"><\/div>\r\n            <\/div>\r\n        <\/div>\r\n    <\/div>\r\n\r\n    <div class=\"p-grid p-grid-cols-4 p-shrink-0 p-w-72 p-snap-start md:p-w-full\">\r\n        <div class=\"p-col-span-1 p-self-center p-text-center p-text-3xl\">\r\n            <i class=\"icon-patrimony\"><\/i>\r\n        <\/div>\r\n        <div class=\"p-col-span-3 p-flex p-flex-col p-items-start\">\r\n            <div class=\"p-text-start p-text-secondary p-mb-1 p-bold\"> Arte\/Storia <\/div>\r\n            <div class=\"p-w-full p-bg-light p-rounded-full p-h-2 p-relative\">\r\n                <div class=\"p-bg-primary p-h-2 p-rounded-full p-absolute\" style=\"width: 20%;\"><\/div>\r\n            <\/div>\r\n        <\/div>\r\n    <\/div>\r\n\r\n    <div class=\"p-grid p-grid-cols-4 p-shrink-0 p-w-72 p-snap-start md:p-w-full\">\r\n        <div class=\"p-col-span-1 p-self-center p-text-center p-text-3xl\">\r\n            <i class=\"icon-nature\"><\/i>\r\n        <\/div>\r\n        <div class=\"p-col-span-3 p-flex p-flex-col p-items-start\">\r\n            <div class=\"p-text-start p-text-secondary p-mb-1 p-bold\"> Natura <\/div>\r\n            <div class=\"p-w-full p-bg-light p-rounded-full p-h-2 p-relative\">\r\n                <div class=\"p-bg-primary p-h-2 p-rounded-full p-absolute\" style=\"width: 60%;\"><\/div>\r\n            <\/div>\r\n        <\/div>\r\n    <\/div>\r\n\r\n    <div class=\"p-grid p-grid-cols-4 p-shrink-0 p-w-72 p-snap-start md:p-w-full\">\r\n        <div class=\"p-col-span-1 p-self-center p-text-center p-text-3xl\">\r\n            <i class=\"icon-urban\"><\/i>\r\n        <\/div>\r\n        <div class=\"p-col-span-3 p-flex p-flex-col p-items-start\">\r\n            <div class=\"p-text-start p-text-secondary p-mb-1 p-bold\"> Cammino Francese <\/div>\r\n            <div class=\"p-w-full p-bg-light p-rounded-full p-h-2 p-relative\">\r\n                <div class=\"p-bg-primary p-h-2 p-rounded-full p-absolute\" style=\"width: 20%;\"><\/div>\r\n            <\/div>\r\n        <\/div>\r\n    <\/div>\r\n  <\/div>\r\n<\/section>\n<\/section>\n\n<div id=\"stage-list-section\"><div class=\"stage-list\">\n    <div class='stage-list__map-card'>\n        <div class='stage-list__map-card__map'>\n            <div class='stage-list__map-card__map__text'>\n                <h2> Pages <\/h2>\n                <p> A piedi<\/p>\n                <p> 0tappe<\/p>\n            <\/div>\n            <div class='stage-list__map-card__map__img'>\n                <img decoding=\"async\" src=\"\" alt=\" mapa \" \/>\n            <\/div>\n        <\/div>\n    <\/div>\n\n    <\/div>\n<\/div>\n\n<section id=\"navStage\">\n  <div>\n    <nav id=\"tab-navigation-section\" class=\"tab-navigation-section--cols-5\">\n      <a href=\"#infoSection\" class=\"active\">Informazioni<\/a>\n      <a href=\"#profileSection\">Profilo<\/a>\n      <a href=\"#itinerarySection\">Itinerario<\/a>\n      \n      <a href=\"#locationsSection\">Paesi<\/a>\n    <\/nav>\n\n    <div id=\"infoSection\">\n      <!-- Title Section with Orange Line -->\n      <div>\n        <h2 class=\"p-h2-stage\">Informazioni<\/h2>\n        <hr class=\"orange-bar\" \/>\n        <h3 class=\"p-h3-stage\">Informazioni su questa tappa<\/h3>\n      <\/div>\n\n      \n        <p>Partiamo per il prossimo luogo magico sul Camino: Santo Domingo de la Calzada, dove, secondo la leggenda, fu compiuto il miracolo del gallo e del pollo. Questa nona tappa si snoda tra vasti campi di cereali e aree agricole, ed \u00e8 insieme alla precedente, una delle pi\u00f9 lunghe della Via francese. Ma questo non sar\u00e0 un problema per i pellegrini gi\u00e0 esperti, perch\u00e9 la rotta giacobiana ci ricompenser\u00e0 con bellissimi paesaggi e storie magiche.<\/p>\n      \n\n      <div class=\"recomendation-card\">\n        <div>\n          <i class=\"icon-logo-pilgrim\"><\/i>\n          <h5>Recomendaci\u00f3n Pilgrim<\/h5>\n        <\/div>\n\n        \n          <p>In questa fase mancano grandi pendenze e tratti pericolosi, ma la salita a Cirue\u00f1a pu\u00f2 essere difficile per le persone a mobilit\u00e0 ridotta. In questo caso \u00e8 preferibile continuare sull&#8217;N-120, prendendo sempre molte precauzioni in quanto \u00e8 una strada ad alta densit\u00e0 di traffico in determinati punti e ore del giorno.<\/p>\n        \n          <p>I ciclisti non dovranno affrontare nessuna sfida oggi, vista la delicata orografia di questo stadio. Saranno anche i pi\u00f9 fortunati, dal momento che saranno in grado di affrontare pi\u00f9 facilmente la deviazione verso San Mill\u00e1n.<\/p>\n        \n      <\/div>\n    <\/div>\n\n    <div id=\"profileSection\">\n      <div>\n        <h2 class=\"p-h2-stage\">Distanza e altitudine<\/h2>\n        <hr class=\"orange-bar\" \/>\n        <h3 class=\"p-h3-stage\">Profilo<\/h3>\n        <img decoding=\"async\" src=\"https:\/\/cdn.pilgrim.es\/web\/caminos\/camino-frances\/etapas\/etapa-9-najera-santo-domingo-de-la-calzada\/etapa9-perfil-najera-santo-domingo-de-la-calzada.jpg\" alt=\"Perfil de la etapa tappa-9-najera-santo-domingo-de-la-calzada\" \/>\n      <\/div>\n    <\/div>\n\n    <div id=\"itinerarySection\">\n      <h2 class=\"p-h2-stage\">Itinerario<\/h2>\n      <hr \/>\n      <h3 class=\"p-h3-stage\">Percorso<\/h3>\n\n      \n        <div>\n          <h4>Km 0 &#8211; Inicio<\/h4>\n\n          \n            <p>Inizieremo la tappa di oggi al confine con il monastero di Santa Mar\u00eda la Real, in cui possiamo apprezzare i molteplici stili architettonici presenti nella facciata. La sua costruzione fu eseguita dal re Don Garcia Sanchez III, perch\u00e9, secondo la leggenda, adorasse la Vergine. Presumibilmente questo lo aveva aiutato durante una caccia, imbattendosi in una grotta con un&#8217;immagine misteriosa della Vergine, una campana e un vaso di gigli. Questo edificio si distingue per il famoso Chiostro dei Cavalieri, luogo di sepoltura di molti nobili dal 16 \u00b0 secolo.<\/p>\n          \n            <p>Sul lato del monastero, proseguiamo lungo via Costanilla , lasciando N\u00e1jera alle spalle di Azofra dopo aver attraversato il torrente Pozuelos o Valdeca\u00f1as. Una pista asfaltata ci indirizzer\u00e0 direttamente al primo comune che troveremo in questa fase. Attraverseremo Azofra attraverso la sua strada principale, dove troveremo la maggior parte dei servizi. \u00c8 opportuno sottolineare che non troveremo alcun insediamento fino a dieci chilometri pi\u00f9 avanti, quindi \u00e8 consigliabile fare scorta per evitare di rimanere senza acqua, specialmente nei mesi pi\u00f9 caldi. Questa strada cittadina di origine araba fu costruita da e per il Camino; Ha anche avuto un ospedale per pellegrini in funzione fino al 19 \u00b0 secolo. Qui possiamo visitare la chiesa di Nostra Signora degli Angeli, che ospita una scultura dell&#8217;apostolo Santiago.<\/p>\n          \n            <p>Arriviamo in un parco dove dovremo decidere quale strada prendere: una segue la rotta originale per Cirue\u00f1a e l&#8217;altra devia verso San Mill\u00e1n de la Cogolla, il cui monastero nasconde numerosi tesori millenari. Entrambe le strade si incontrano pi\u00f9 tardi per seguire la strada per Cirue\u00f1a.<\/p>\n          \n            <p>Se scegliamo di andare a San Mill\u00e1n (a meno di venti chilometri di distanza), prenderemo la strada LR-206 in direzione di Alesanco. Molti pellegrini decidono di visitare questa citt\u00e0 perch\u00e9 ospita due monumenti dichiarati patrimonio dell&#8217;umanit\u00e0: i monasteri di Suso e Yuso, entrambi oggi noti come Monastero di San Mill\u00e1n, nonostante siano monumenti gestiti in modo indipendente. Nascondono tesori di valore incommensurabile, come la scrivania San Mill\u00e1n , una delle pi\u00f9 antiche d&#8217;Europa, e molti codici che mostrano l&#8217;importante valore culturale di questa citt\u00e0. In alcuni di questi testi sono raccolte le prime parole scritte in basco e in Navarra-Aragonese, essendo quindi nota San Mill\u00e1n come la &#8220;Culla della lingua&#8221;. Per ricollegarsi con il resto dei pellegrini che hanno deciso di non fermarsi in questa citt\u00e0, dobbiamo solo seguire la strada LR-204 o Villar de Torres, che collega in seguito con il percorso originale.<\/p>\n          \n            <p>Se, al contrario, abbiamo deciso di non visitare San Mill\u00e1n, dovremo continuare sulla strada verso Alesanco sulla destra. Dobbiamo essere vigili in modo che la Fuente de los Romeros non passi inosservata, poich\u00e9 \u00e8 nascosta per met\u00e0 sotto la strada. Qui faremo una deviazione a sinistra per proseguire su strade asfaltate e sterrate qualche altro chilometro.<\/p>\n          \n            <p>Prima di arrivare al Cerro de los Templarios, incontreremo un &#8220;rotolo&#8221; del 16 \u00b0 secolo, un monumento che indica che siamo in un&#8217;area regale. In molti casi, questa colonna di pietra veniva usata per eseguire banditi e criminali, nel qual caso la sua denominazione corretta sarebbe &#8220;picota&#8221;.<\/p>\n          \n            <p>Seguendo a tratti il percorso della N-120 notiamo il cambiamento nel paesaggio. Stiamo lasciando La Rioja alle spalle e i tipici campi di cereali di Castilla ce lo mostrano. Abbiamo poche miglia davanti a noi dove, l&#8217;assenza di servizi e i sentieri senza ombra, ci faranno desiderare ancora di pi\u00f9 di riuscire a raggiungere la nostra destinazione. Un&#8217;area picnic ci aiuter\u00e0 a ricomporci e a continuare in buone condizioni verso Cirue\u00f1a, dopo aver costeggiato un campo da golf e una zona residenziale di nuova costruzione. Qui possiamo deviare a destra fino a Ciri\u00f1uela, una citt\u00e0 che ha anche tutti i servizi. Se continuiamo attraverso la zona residenziale, dopo aver superato una piccola collina giriamo a sinistra e passiamo davanti al bar del campo da golf. Sulla strada Bajero Barrio raggiungiamo una strada e una rotonda pi\u00f9 avanti, attraverso la quale proseguiamo dritto verso una pista agricola.<\/p>\n          \n            <p>Dopo una tranquilla passeggiata tra campi di cereali, finalmente abbiamo intravisto la maestosa cattedrale di Santo Domingo de la Calzada. Entriamo in questa citt\u00e0 attraverso una serie di edifici industriali in periferia e il suo campo da calcio. Giriamo a sinistra verso le strade 12 de Mayo e Mayor e termineremo oggi, non senza prima visitare il suo monumento pi\u00f9 prezioso. La sua concattedrale, dichiarata di interesse culturale, fu costruita su una primitiva chiesa romanica nel 12 \u00b0 secolo, predominante in un amalgama di stili architettonici (dal romanico al barocco o al gotico). Di fronte alla tomba, possiamo ricordare la leggenda del gallo e del pollo. Secondo le cronache popolari, nel XIV secolo una giovane donna di La Rioja si innamor\u00f2 di un pellegrino tedesco che soggiornava con i suoi genitori in una locanda, ma lui la rifiut\u00f2. Per dispetto, mette una coppa d&#8217;argento tra le sue cose e in seguito lo accusa di furto. In risposta, il ragazzo \u00e8 condannato alla forca ma, dopo essere stato giustiziato ingiustamente, apre gli occhi e dice ai suoi genitori che \u00e8 vivo grazie alla grazia dell&#8217;Apostolo. Quando i suoi genitori sono pronti a dire al consigliere comunale, che stava mangiando alcuni uccelli arrostiti, proclama: &#8220;vostro figlio \u00e8 vivo come questo gallo e questo pollo che mi stavo preparando a mangiare prima che mi disturbaste&#8221;. Subito dopo, gli uccelli prendono vita cantando e volando via dal piatto, lasciando tutti presenti pietrificati. Cos\u00ec nacque il detto &#8220;a Santo Domingo de la Calzada, dove il pollo cantava dopo essere stato arrostito&#8221;.<\/p>\n          \n\n          \n            <a class=\"town-link\" href=\"https:\/\/www.pilgrim.es\/it\/cammino-francese\/najera\/\">\n              <div class=\"town-link__link-content\">\n                <div class=\"town-link__link-content__text\">\n              <p>Informazioni locali<\/p>\n              <p>Polizia, Assistenza medica, Cosa vedere, Dove mangiare&#8230;<\/p>\n                <\/div>\n                <div class=\"town-link__link-content__town-btn\">\n                  <i class=\"icon-arrow\"><\/i>\n                <\/div>\n              <\/div>\n            <\/a>\n          \n        <\/div>\n        <hr \/>\n      \n      <div>\n        <h4>Km 20,7 &#8231; Santo Domingo de la Calzada<\/h4>\n        <a class=\"town-link\" href=\"https:\/\/www.pilgrim.es\/it\/cammino-francese\/santo-domingo-de-la-calzada\/\">\n          <div class=\"town-link__link-content\">\n            <div class=\"town-link__link-content__text\">\n              <p>Informazioni locali<\/p>\n              <p>Polizia, Assistenza medica, Cosa vedere, Dove mangiare&#8230;<\/p>\n            <\/div>\n            <div class=\"town-link__link-content__town-btn\">\n              <i class=\"icon-arrow\"><\/i>\n            <\/div>\n          <\/div>\n        <\/a>\n      <\/div>\n    <\/div>\n\n    \n\n  <div id=\"locationsSection\">\n      <h2 class=\"p-h2-stage\">Paesi<\/h2>\n      <hr \/>\n      <h3 class=\"p-h3-stage\">Villaggi<\/h3>\n      <div class=\"grid-container\">\n\n        <div class=\"p-group card-stage p-max-w-full\">\n          <a href=\"https:\/\/www.pilgrim.es\/it\/cammino-francese\/najera\/\" class=\"town-card\">\n            <div class=\"card-stage__header\">\n              <img decoding=\"async\" src=\"https:\/\/cdn.pilgrim.es\/web\/caminos\/camino-frances\/pueblos\/najera\/najera.jpg\" alt=\"N\u00e1jera\" class=\"group-hover:p-scale-110\" \/>\n              <div class=\"card-overlay group-hover:p-opacity-50\"><\/div>\n            <\/div>\n            <div class=\"town-card__flex-container\">\n              <div class=\"town-card__flex-container__info\">\n                <h3>N\u00e1jera<\/h3>\n                <p>Provincia: La Rioja<\/p>\n              <\/div>\n              <div class=\"town-card__flex-container__btn\">\n                <i class=\"icon-arrow\"><\/i>\n              <\/div>\n            <\/div>\n          <\/a>\n        <\/div>\n        <div class=\"p-group card-stage p-max-w-full\">\n          <a href=\"https:\/\/www.pilgrim.es\/it\/cammino-francese\/santo-domingo-de-la-calzada\/\" class=\"town-card\">\n            <div class=\"card-stage__header\">\n              <img decoding=\"async\" src=\"https:\/\/cdn.pilgrim.es\/web\/caminos\/camino-frances\/pueblos\/santo-domingo-de-la-calzada\/santo-domingo-de-la-calzada.jpg\" alt=\"Santo Domingo de la Calzada\" class=\"group-hover:p-scale-110\" \/>\n              <div class=\"card-overlay group-hover:p-opacity-50\"><\/div>\n            <\/div>\n            <div class=\"town-card__flex-container\">\n              <div class=\"town-card__flex-container__info\">\n                <h3>Santo Domingo de la Calzada<\/h3>\n                <p>Provincia: La Rioja<\/p>\n              <\/div>\n              <div class=\"town-card__flex-container__btn\">\n                <i class=\"icon-arrow\"><\/i>\n              <\/div>\n            <\/div>\n          <\/a>\n        <\/div>\n      <\/div>\n    <\/div>\n    <hr class=\"single-bar\" \/>\n  <\/div>\n<\/section>\n\n<section id=\"stageChange\">\n  <div>\n    <a href=\"\/it\/cammino-francese\/tappa-8-logrono-najera\/\" class=\"change-btn\">\n    <div class=\"change-btn\">\n      <div class=\"btn-arrow previous\">\n        <i class=\"icon-arrow\"><\/i>\n      <\/div>\n      <div class=\"change-btn__info\">\n        <div>Tappa 8<\/div>\n        <p>\n          Logro\u00f1o \u276f <br> N\u00e1jera\n        <\/p>\n      <\/div>\n    <\/div>\n    <\/a>\n    <a href=\"\/it\/cammino-francese\/tappa-10-santo-domingo-de-la-calzada-belorado\/\" class=\"change-btn\">\n      <div class=\"change-btn__info\">\n        <div>Tappa 10<\/div>\n        <p>\n          Santo Domingo de la Calzada \u276f <br> Belorado\n        <\/p>\n      <\/div>\n      <div class=\"btn-arrow\">\n        <i class=\"icon-arrow\"><\/i>\n      <\/div>\n    <\/a>\n  <\/div>\n<\/section> ","protected":false},"excerpt":{"rendered":"<p>Cammino Francese : Tappa 9 A piedi 33 Tappe \/ 764 Kms N\u00e1jera &#10093; Santo Domingo de la Calzada 20,7 Km &#10094; Tappa 8 Tappa 10 &#10095; Informazioni Profilo Itinerario Paesi Informazioni Informazioni su questa tappa Partiamo per il prossimo luogo magico sul Camino: Santo Domingo de la Calzada, dove, secondo la leggenda, fu compiuto &hellip; <\/p>\n<p class=\"read_more\"><a href=\"https:\/\/www.pilgrim.es\/it\/cammino-francese\/tappa-9-najera-santo-domingo-de-la-calzada\/\">Leer m\u00e1s<\/a><\/p>\n","protected":false},"author":4,"featured_media":10899,"parent":10735,"menu_order":0,"comment_status":"closed","ping_status":"closed","template":"views\/template-new-web-design.blade.php","meta":{"footnotes":""},"categories":[],"tags":[],"class_list":["post-11906","page","type-page","status-publish","has-post-thumbnail","hentry"],"yoast_head":"<!-- This site is optimized with the Yoast SEO plugin v27.4 - https:\/\/yoast.com\/product\/yoast-seo-wordpress\/ -->\n<title>Camino Franc\u00e9s desde N\u00e1jera a Santo Domingo de la Calzada | Pilgrim<\/title>\n<meta name=\"description\" content=\"Cammino Francese: tappa 9 del Cammino di Santiago che corre fra N\u00e1jera y Santo Domingo de la Calzada. Scopri tutte le informazioni su questa tappa.\" \/>\n<meta name=\"robots\" content=\"index, follow, max-snippet:-1, max-image-preview:large, max-video-preview:-1\" \/>\n<link rel=\"canonical\" href=\"https:\/\/www.pilgrim.es\/it\/cammino-francese\/tappa-9-najera-santo-domingo-de-la-calzada\/\" \/>\n<meta property=\"og:locale\" content=\"it_IT\" \/>\n<meta property=\"og:type\" content=\"article\" \/>\n<meta property=\"og:title\" content=\"Camino Franc\u00e9s desde N\u00e1jera a Santo Domingo de la Calzada | Pilgrim\" \/>\n<meta property=\"og:description\" content=\"Cammino Francese: tappa 9 del Cammino di Santiago che corre fra N\u00e1jera y Santo Domingo de la Calzada. Scopri tutte le informazioni su questa tappa.\" \/>\n<meta property=\"og:url\" content=\"https:\/\/www.pilgrim.es\/it\/cammino-francese\/tappa-9-najera-santo-domingo-de-la-calzada\/\" \/>\n<meta property=\"og:site_name\" content=\"Pilgrim\" \/>\n<meta property=\"article:publisher\" content=\"https:\/\/www.facebook.com\/pilgrim.es\/\" \/>\n<meta property=\"article:modified_time\" content=\"2025-03-24T15:27:26+00:00\" \/>\n<meta property=\"og:image\" content=\"https:\/\/www.pilgrim.es\/wp-content\/uploads\/2019\/02\/camino_frances_etapa_9.jpg\" \/>\n\t<meta property=\"og:image:width\" content=\"1633\" \/>\n\t<meta property=\"og:image:height\" content=\"547\" \/>\n\t<meta property=\"og:image:type\" content=\"image\/jpeg\" \/>\n<meta name=\"twitter:card\" content=\"summary_large_image\" \/>\n<meta name=\"twitter:site\" content=\"@pilgrim_es\" \/>\n<meta name=\"twitter:label1\" content=\"Tempo di lettura stimato\" \/>\n\t<meta name=\"twitter:data1\" content=\"6 minuti\" \/>\n<script type=\"application\/ld+json\" class=\"yoast-schema-graph\">{\"@context\":\"https:\\\/\\\/schema.org\",\"@graph\":[{\"@type\":\"WebPage\",\"@id\":\"https:\\\/\\\/www.pilgrim.es\\\/it\\\/cammino-francese\\\/tappa-9-najera-santo-domingo-de-la-calzada\\\/\",\"url\":\"https:\\\/\\\/www.pilgrim.es\\\/it\\\/cammino-francese\\\/tappa-9-najera-santo-domingo-de-la-calzada\\\/\",\"name\":\"Camino Franc\u00e9s desde N\u00e1jera a Santo Domingo de la Calzada | Pilgrim\",\"isPartOf\":{\"@id\":\"https:\\\/\\\/www.pilgrim.es\\\/it\\\/#website\"},\"primaryImageOfPage\":{\"@id\":\"https:\\\/\\\/www.pilgrim.es\\\/it\\\/cammino-francese\\\/tappa-9-najera-santo-domingo-de-la-calzada\\\/#primaryimage\"},\"image\":{\"@id\":\"https:\\\/\\\/www.pilgrim.es\\\/it\\\/cammino-francese\\\/tappa-9-najera-santo-domingo-de-la-calzada\\\/#primaryimage\"},\"thumbnailUrl\":\"https:\\\/\\\/www.pilgrim.es\\\/wp-content\\\/uploads\\\/2019\\\/02\\\/camino_frances_etapa_9.jpg\",\"datePublished\":\"2019-03-01T11:15:10+00:00\",\"dateModified\":\"2025-03-24T15:27:26+00:00\",\"description\":\"Cammino Francese: tappa 9 del Cammino di Santiago che corre fra N\u00e1jera y Santo Domingo de la Calzada. Scopri tutte le informazioni su questa tappa.\",\"breadcrumb\":{\"@id\":\"https:\\\/\\\/www.pilgrim.es\\\/it\\\/cammino-francese\\\/tappa-9-najera-santo-domingo-de-la-calzada\\\/#breadcrumb\"},\"inLanguage\":\"it-IT\",\"potentialAction\":[{\"@type\":\"ReadAction\",\"target\":[\"https:\\\/\\\/www.pilgrim.es\\\/it\\\/cammino-francese\\\/tappa-9-najera-santo-domingo-de-la-calzada\\\/\"]}]},{\"@type\":\"ImageObject\",\"inLanguage\":\"it-IT\",\"@id\":\"https:\\\/\\\/www.pilgrim.es\\\/it\\\/cammino-francese\\\/tappa-9-najera-santo-domingo-de-la-calzada\\\/#primaryimage\",\"url\":\"https:\\\/\\\/www.pilgrim.es\\\/wp-content\\\/uploads\\\/2019\\\/02\\\/camino_frances_etapa_9.jpg\",\"contentUrl\":\"https:\\\/\\\/www.pilgrim.es\\\/wp-content\\\/uploads\\\/2019\\\/02\\\/camino_frances_etapa_9.jpg\",\"width\":1633,\"height\":547,\"caption\":\"Mappa tappa 9 cammino Francese\"},{\"@type\":\"BreadcrumbList\",\"@id\":\"https:\\\/\\\/www.pilgrim.es\\\/it\\\/cammino-francese\\\/tappa-9-najera-santo-domingo-de-la-calzada\\\/#breadcrumb\",\"itemListElement\":[{\"@type\":\"ListItem\",\"position\":1,\"name\":\"Camino de Santiago\",\"item\":\"https:\\\/\\\/www.pilgrim.es\\\/it\\\/\"},{\"@type\":\"ListItem\",\"position\":2,\"name\":\"Cammino Francese | Tappa 9: N\u00e1jera &#8211; Santo Domingo de la Calzada\"}]},{\"@type\":\"WebSite\",\"@id\":\"https:\\\/\\\/www.pilgrim.es\\\/it\\\/#website\",\"url\":\"https:\\\/\\\/www.pilgrim.es\\\/it\\\/\",\"name\":\"Pilgrim\",\"description\":\"Camino de Santiago | Caminamos Contigo\",\"publisher\":{\"@id\":\"https:\\\/\\\/www.pilgrim.es\\\/it\\\/#organization\"},\"potentialAction\":[{\"@type\":\"SearchAction\",\"target\":{\"@type\":\"EntryPoint\",\"urlTemplate\":\"https:\\\/\\\/www.pilgrim.es\\\/it\\\/?s={search_term_string}\"},\"query-input\":{\"@type\":\"PropertyValueSpecification\",\"valueRequired\":true,\"valueName\":\"search_term_string\"}}],\"inLanguage\":\"it-IT\"},{\"@type\":\"Organization\",\"@id\":\"https:\\\/\\\/www.pilgrim.es\\\/it\\\/#organization\",\"name\":\"Pilgrim Camino de Santiago\",\"url\":\"https:\\\/\\\/www.pilgrim.es\\\/it\\\/\",\"logo\":{\"@type\":\"ImageObject\",\"inLanguage\":\"it-IT\",\"@id\":\"https:\\\/\\\/www.pilgrim.es\\\/it\\\/#\\\/schema\\\/logo\\\/image\\\/\",\"url\":\"https:\\\/\\\/www.pilgrim.es\\\/wp-content\\\/uploads\\\/2019\\\/04\\\/logo_pilgrim.png\",\"contentUrl\":\"https:\\\/\\\/www.pilgrim.es\\\/wp-content\\\/uploads\\\/2019\\\/04\\\/logo_pilgrim.png\",\"width\":512,\"height\":512,\"caption\":\"Pilgrim Camino de Santiago\"},\"image\":{\"@id\":\"https:\\\/\\\/www.pilgrim.es\\\/it\\\/#\\\/schema\\\/logo\\\/image\\\/\"},\"sameAs\":[\"https:\\\/\\\/www.facebook.com\\\/pilgrim.es\\\/\",\"https:\\\/\\\/x.com\\\/pilgrim_es\",\"https:\\\/\\\/www.instagram.com\\\/pilgrim.es\\\/\",\"https:\\\/\\\/www.linkedin.com\\\/company\\\/pilgrim-camino-de-santiago\\\/\",\"https:\\\/\\\/www.pinterest.es\\\/pilgrimcaminodesantiago\\\/\",\"https:\\\/\\\/www.youtube.com\\\/channel\\\/UCIv2ZzFLXVqthkNF32rKedw\\\/featured\"]}]}<\/script>\n<!-- \/ Yoast SEO plugin. -->","yoast_head_json":{"title":"Camino Franc\u00e9s desde N\u00e1jera a Santo Domingo de la Calzada | Pilgrim","description":"Cammino Francese: tappa 9 del Cammino di Santiago che corre fra N\u00e1jera y Santo Domingo de la Calzada. Scopri tutte le informazioni su questa tappa.","robots":{"index":"index","follow":"follow","max-snippet":"max-snippet:-1","max-image-preview":"max-image-preview:large","max-video-preview":"max-video-preview:-1"},"canonical":"https:\/\/www.pilgrim.es\/it\/cammino-francese\/tappa-9-najera-santo-domingo-de-la-calzada\/","og_locale":"it_IT","og_type":"article","og_title":"Camino Franc\u00e9s desde N\u00e1jera a Santo Domingo de la Calzada | Pilgrim","og_description":"Cammino Francese: tappa 9 del Cammino di Santiago che corre fra N\u00e1jera y Santo Domingo de la Calzada. Scopri tutte le informazioni su questa tappa.","og_url":"https:\/\/www.pilgrim.es\/it\/cammino-francese\/tappa-9-najera-santo-domingo-de-la-calzada\/","og_site_name":"Pilgrim","article_publisher":"https:\/\/www.facebook.com\/pilgrim.es\/","article_modified_time":"2025-03-24T15:27:26+00:00","og_image":[{"width":1633,"height":547,"url":"https:\/\/www.pilgrim.es\/wp-content\/uploads\/2019\/02\/camino_frances_etapa_9.jpg","type":"image\/jpeg"}],"twitter_card":"summary_large_image","twitter_site":"@pilgrim_es","twitter_misc":{"Tempo di lettura stimato":"6 minuti"},"schema":{"@context":"https:\/\/schema.org","@graph":[{"@type":"WebPage","@id":"https:\/\/www.pilgrim.es\/it\/cammino-francese\/tappa-9-najera-santo-domingo-de-la-calzada\/","url":"https:\/\/www.pilgrim.es\/it\/cammino-francese\/tappa-9-najera-santo-domingo-de-la-calzada\/","name":"Camino Franc\u00e9s desde N\u00e1jera a Santo Domingo de la Calzada | Pilgrim","isPartOf":{"@id":"https:\/\/www.pilgrim.es\/it\/#website"},"primaryImageOfPage":{"@id":"https:\/\/www.pilgrim.es\/it\/cammino-francese\/tappa-9-najera-santo-domingo-de-la-calzada\/#primaryimage"},"image":{"@id":"https:\/\/www.pilgrim.es\/it\/cammino-francese\/tappa-9-najera-santo-domingo-de-la-calzada\/#primaryimage"},"thumbnailUrl":"https:\/\/www.pilgrim.es\/wp-content\/uploads\/2019\/02\/camino_frances_etapa_9.jpg","datePublished":"2019-03-01T11:15:10+00:00","dateModified":"2025-03-24T15:27:26+00:00","description":"Cammino Francese: tappa 9 del Cammino di Santiago che corre fra N\u00e1jera y Santo Domingo de la Calzada. Scopri tutte le informazioni su questa tappa.","breadcrumb":{"@id":"https:\/\/www.pilgrim.es\/it\/cammino-francese\/tappa-9-najera-santo-domingo-de-la-calzada\/#breadcrumb"},"inLanguage":"it-IT","potentialAction":[{"@type":"ReadAction","target":["https:\/\/www.pilgrim.es\/it\/cammino-francese\/tappa-9-najera-santo-domingo-de-la-calzada\/"]}]},{"@type":"ImageObject","inLanguage":"it-IT","@id":"https:\/\/www.pilgrim.es\/it\/cammino-francese\/tappa-9-najera-santo-domingo-de-la-calzada\/#primaryimage","url":"https:\/\/www.pilgrim.es\/wp-content\/uploads\/2019\/02\/camino_frances_etapa_9.jpg","contentUrl":"https:\/\/www.pilgrim.es\/wp-content\/uploads\/2019\/02\/camino_frances_etapa_9.jpg","width":1633,"height":547,"caption":"Mappa tappa 9 cammino Francese"},{"@type":"BreadcrumbList","@id":"https:\/\/www.pilgrim.es\/it\/cammino-francese\/tappa-9-najera-santo-domingo-de-la-calzada\/#breadcrumb","itemListElement":[{"@type":"ListItem","position":1,"name":"Camino de Santiago","item":"https:\/\/www.pilgrim.es\/it\/"},{"@type":"ListItem","position":2,"name":"Cammino Francese | Tappa 9: N\u00e1jera &#8211; Santo Domingo de la Calzada"}]},{"@type":"WebSite","@id":"https:\/\/www.pilgrim.es\/it\/#website","url":"https:\/\/www.pilgrim.es\/it\/","name":"Pilgrim","description":"Camino de Santiago | Caminamos Contigo","publisher":{"@id":"https:\/\/www.pilgrim.es\/it\/#organization"},"potentialAction":[{"@type":"SearchAction","target":{"@type":"EntryPoint","urlTemplate":"https:\/\/www.pilgrim.es\/it\/?s={search_term_string}"},"query-input":{"@type":"PropertyValueSpecification","valueRequired":true,"valueName":"search_term_string"}}],"inLanguage":"it-IT"},{"@type":"Organization","@id":"https:\/\/www.pilgrim.es\/it\/#organization","name":"Pilgrim Camino de Santiago","url":"https:\/\/www.pilgrim.es\/it\/","logo":{"@type":"ImageObject","inLanguage":"it-IT","@id":"https:\/\/www.pilgrim.es\/it\/#\/schema\/logo\/image\/","url":"https:\/\/www.pilgrim.es\/wp-content\/uploads\/2019\/04\/logo_pilgrim.png","contentUrl":"https:\/\/www.pilgrim.es\/wp-content\/uploads\/2019\/04\/logo_pilgrim.png","width":512,"height":512,"caption":"Pilgrim Camino de Santiago"},"image":{"@id":"https:\/\/www.pilgrim.es\/it\/#\/schema\/logo\/image\/"},"sameAs":["https:\/\/www.facebook.com\/pilgrim.es\/","https:\/\/x.com\/pilgrim_es","https:\/\/www.instagram.com\/pilgrim.es\/","https:\/\/www.linkedin.com\/company\/pilgrim-camino-de-santiago\/","https:\/\/www.pinterest.es\/pilgrimcaminodesantiago\/","https:\/\/www.youtube.com\/channel\/UCIv2ZzFLXVqthkNF32rKedw\/featured"]}]}},"_links":{"self":[{"href":"https:\/\/www.pilgrim.es\/it\/wp-json\/wp\/v2\/pages\/11906","targetHints":{"allow":["GET"]}}],"collection":[{"href":"https:\/\/www.pilgrim.es\/it\/wp-json\/wp\/v2\/pages"}],"about":[{"href":"https:\/\/www.pilgrim.es\/it\/wp-json\/wp\/v2\/types\/page"}],"author":[{"embeddable":true,"href":"https:\/\/www.pilgrim.es\/it\/wp-json\/wp\/v2\/users\/4"}],"replies":[{"embeddable":true,"href":"https:\/\/www.pilgrim.es\/it\/wp-json\/wp\/v2\/comments?post=11906"}],"version-history":[{"count":11,"href":"https:\/\/www.pilgrim.es\/it\/wp-json\/wp\/v2\/pages\/11906\/revisions"}],"predecessor-version":[{"id":95463,"href":"https:\/\/www.pilgrim.es\/it\/wp-json\/wp\/v2\/pages\/11906\/revisions\/95463"}],"up":[{"embeddable":true,"href":"https:\/\/www.pilgrim.es\/it\/wp-json\/wp\/v2\/pages\/10735"}],"wp:featuredmedia":[{"embeddable":true,"href":"https:\/\/www.pilgrim.es\/it\/wp-json\/wp\/v2\/media\/10899"}],"wp:attachment":[{"href":"https:\/\/www.pilgrim.es\/it\/wp-json\/wp\/v2\/media?parent=11906"}],"wp:term":[{"taxonomy":"category","embeddable":true,"href":"https:\/\/www.pilgrim.es\/it\/wp-json\/wp\/v2\/categories?post=11906"},{"taxonomy":"post_tag","embeddable":true,"href":"https:\/\/www.pilgrim.es\/it\/wp-json\/wp\/v2\/tags?post=11906"}],"curies":[{"name":"wp","href":"https:\/\/api.w.org\/{rel}","templated":true}]}}