{"id":11903,"date":"2019-02-28T18:55:05","date_gmt":"2019-02-28T18:55:05","guid":{"rendered":"https:\/\/desarrollo.pilgrim.es\/cammino-francese\/cammino-francese-tappa-8-logrono-najera\/"},"modified":"2025-03-24T15:27:22","modified_gmt":"2025-03-24T15:27:22","slug":"tappa-8-logrono-najera","status":"publish","type":"page","link":"https:\/\/www.pilgrim.es\/it\/cammino-francese\/tappa-8-logrono-najera\/","title":{"rendered":"Cammino Francese | Tappa 8: Logro\u00f1o &#8211; N\u00e1jera"},"content":{"rendered":" <section id=\"heroStage\">\n  <h1>Cammino Francese: Tappa 8<\/h1>\n  <div>\n    <div class=\"hero\" data-background=\"https:\/\/cdn.pilgrim.es\/web\/caminos\/camino-frances\/pueblos\/logrono\/logrono.jpg\">\n      <div class=\"hero__container\">\n        <div class=\"hero__container__labels\">\n          <p>A piedi<\/p>\n          <p>33 Tappe \/ 764 Kms<\/p>\n        <\/div>\n        <div class=\"hero__container__stage-name\">\n          <h2>\n            Logro\u00f1o <br \/>\n            <span>&#10093;<\/span>\n            N\u00e1jera\n          <\/h2>\n          <p>29 Km<\/p>\n        <\/div>\n        <div class=\"hero__container__stage-changer\">\n            <div class=\"stage-control\">\n              <a class=\"stage-control__link\" href=\"\/it\/cammino-francese\/tappa-7-los-arcos-logrono\/\"><span>&#10094;<\/span> Tappa 7<\/a>\n            <\/div>\n          <div class=\"stage-control\">\n            <a class=\"stage-control__link\" href=\"\/it\/cammino-francese\/tappa-9-najera-santo-domingo-de-la-calzada\/\">Tappa 9 <span>&#10095;<\/span><\/a>\n          <\/div>\n        <\/div>\n      <\/div>\n    <\/div>\n    <div class=\"planner\"><div\r\n  class=\"p-col-span-1 p-rounded-lg p-px-5 p-h-full\"\r\n  style=\"background-image: url('https:\/\/cdn.pilgrim.es\/web\/pilgrim-planner\/bg-plugin-planificador.webp')\"\r\n  rel=\"preload\"\r\n  fetchpriority=\"high\"\r\n  >\r\n    <div class=\"p-text-center p-pt-5 p-text-white p-text-2xl p-font-semibold\">\r\n      Pianifica il tuo cammino    <\/div>\r\n    <div\r\n            id='primary-app'\r\n            data-name='banner'\r\n            data-api='https:\/\/pathfinder.pilgrim.es\/api\/pathfinder\/v2'\r\n            data-mode='normal'\r\n            data-lang='it'\r\n            data-route='1'\r\n            data-destiny='https:\/\/planificador.pilgrim.es'\r\n            data-modality='1'\r\n            data-inline=''\r\n        ><\/div><\/div><\/div>\n  <\/div>\n<\/section>\n\n<section id=\"scoreBarsStage\">\n  <section>\r\n  <div class=\"p-flex p-flex-nowrap p-space-x-4 p-py-5 p-overflow-x-auto md:p-grid md:p-grid-cols-3 lg:p-grid-cols-5 md:p-gap-8 md:p-space-x-0 md:p-overflow-hidden scrollbar-thin\">\r\n    <div class=\"p-grid p-grid-cols-4 p-shrink-0 p-w-72 p-snap-start md:p-w-full\">\r\n        <div class=\"p-col-span-1 p-self-center p-text-center p-text-3xl\">\r\n            <i class=\"icon-influx\"><\/i>\r\n        <\/div>\r\n        <div class=\"p-col-span-3 p-flex p-flex-col p-items-start\">\r\n            <div class=\"p-text-start p-text-secondary p-mb-1 p-bold\"> Afflusso <\/div>\r\n            <div class=\"p-w-full p-bg-light p-rounded-full p-h-2 p-relative\">\r\n                <div class=\"p-bg-primary p-h-2 p-rounded-full p-absolute\" style=\"width: 40%;\"><\/div>\r\n            <\/div>\r\n        <\/div>\r\n    <\/div>\r\n\r\n    <div class=\"p-grid p-grid-cols-4 p-shrink-0 p-w-72 p-snap-start md:p-w-full\">\r\n        <div class=\"p-col-span-1 p-self-center p-text-center p-text-3xl\">\r\n            <i class=\"icon-difficulty\"><\/i>\r\n        <\/div>\r\n        <div class=\"p-col-span-3 p-flex p-flex-col p-items-start\">\r\n            <div class=\"p-text-start p-text-secondary p-mb-1 p-bold\"> Difficolt\u00e0 <\/div>\r\n            <div class=\"p-w-full p-bg-light p-rounded-full p-h-2 p-relative\">\r\n                <div class=\"p-bg-primary p-h-2 p-rounded-full p-absolute\" style=\"width: 20%;\"><\/div>\r\n            <\/div>\r\n        <\/div>\r\n    <\/div>\r\n\r\n    <div class=\"p-grid p-grid-cols-4 p-shrink-0 p-w-72 p-snap-start md:p-w-full\">\r\n        <div class=\"p-col-span-1 p-self-center p-text-center p-text-3xl\">\r\n            <i class=\"icon-patrimony\"><\/i>\r\n        <\/div>\r\n        <div class=\"p-col-span-3 p-flex p-flex-col p-items-start\">\r\n            <div class=\"p-text-start p-text-secondary p-mb-1 p-bold\"> Arte\/Storia <\/div>\r\n            <div class=\"p-w-full p-bg-light p-rounded-full p-h-2 p-relative\">\r\n                <div class=\"p-bg-primary p-h-2 p-rounded-full p-absolute\" style=\"width: 20%;\"><\/div>\r\n            <\/div>\r\n        <\/div>\r\n    <\/div>\r\n\r\n    <div class=\"p-grid p-grid-cols-4 p-shrink-0 p-w-72 p-snap-start md:p-w-full\">\r\n        <div class=\"p-col-span-1 p-self-center p-text-center p-text-3xl\">\r\n            <i class=\"icon-nature\"><\/i>\r\n        <\/div>\r\n        <div class=\"p-col-span-3 p-flex p-flex-col p-items-start\">\r\n            <div class=\"p-text-start p-text-secondary p-mb-1 p-bold\"> Natura <\/div>\r\n            <div class=\"p-w-full p-bg-light p-rounded-full p-h-2 p-relative\">\r\n                <div class=\"p-bg-primary p-h-2 p-rounded-full p-absolute\" style=\"width: 40%;\"><\/div>\r\n            <\/div>\r\n        <\/div>\r\n    <\/div>\r\n\r\n    <div class=\"p-grid p-grid-cols-4 p-shrink-0 p-w-72 p-snap-start md:p-w-full\">\r\n        <div class=\"p-col-span-1 p-self-center p-text-center p-text-3xl\">\r\n            <i class=\"icon-urban\"><\/i>\r\n        <\/div>\r\n        <div class=\"p-col-span-3 p-flex p-flex-col p-items-start\">\r\n            <div class=\"p-text-start p-text-secondary p-mb-1 p-bold\"> Cammino Francese <\/div>\r\n            <div class=\"p-w-full p-bg-light p-rounded-full p-h-2 p-relative\">\r\n                <div class=\"p-bg-primary p-h-2 p-rounded-full p-absolute\" style=\"width: 40%;\"><\/div>\r\n            <\/div>\r\n        <\/div>\r\n    <\/div>\r\n  <\/div>\r\n<\/section>\n<\/section>\n\n<div id=\"stage-list-section\"><div class=\"stage-list\">\n    <div class='stage-list__map-card'>\n        <div class='stage-list__map-card__map'>\n            <div class='stage-list__map-card__map__text'>\n                <h2> Pages <\/h2>\n                <p> A piedi<\/p>\n                <p> 0tappe<\/p>\n            <\/div>\n            <div class='stage-list__map-card__map__img'>\n                <img decoding=\"async\" src=\"\" alt=\" mapa \" \/>\n            <\/div>\n        <\/div>\n    <\/div>\n\n    <\/div>\n<\/div>\n\n<section id=\"navStage\">\n  <div>\n    <nav id=\"tab-navigation-section\" class=\"tab-navigation-section--cols-5\">\n      <a href=\"#infoSection\" class=\"active\">Informazioni<\/a>\n      <a href=\"#profileSection\">Profilo<\/a>\n      <a href=\"#itinerarySection\">Itinerario<\/a>\n      \n      <a href=\"#locationsSection\">Paesi<\/a>\n    <\/nav>\n\n    <div id=\"infoSection\">\n      <!-- Title Section with Orange Line -->\n      <div>\n        <h2 class=\"p-h2-stage\">Informazioni<\/h2>\n        <hr class=\"orange-bar\" \/>\n        <h3 class=\"p-h3-stage\">Informazioni su questa tappa<\/h3>\n      <\/div>\n\n      \n        <p>Nonostante sia una tappa di quasi trenta chilometri, non trover\u00e0 alcuna difficolt\u00e0 per la maggior parte dei pellegrini. Cammineremo su pendii di carattere moderato, circondati da vigneti e alberi colorati pieni di frutta. Attraverseremo una moltitudine di citt\u00e0 collegate al Camino, per raggiungere il municipio di N\u00e1jera, un nome ereditato dagli arabi, N\u00e1xara, che significa &#8220;luogo tra le rocce&#8221; o &#8220;luogo a mezzogiorno&#8221;.<\/p>\n      \n        <p>Fu qui che Sancho III dispens\u00f2 nell&#8217;undicesimo secolo la nota giurisdizione di N\u00e1jera, collocando questa citt\u00e0 come uno dei primi fueros della Spagna e costituendo la base della successiva legislazione navarra e della legge nazionale. Ci\u00f2 ha contribuito in particolare allo sviluppo della citt\u00e0, rendendolo un punto chiave del Camino a Santiago.<\/p>\n      \n\n      <div class=\"recomendation-card\">\n        <div>\n          <i class=\"icon-logo-pilgrim\"><\/i>\n          <h5>Recomendaci\u00f3n Pilgrim<\/h5>\n        <\/div>\n\n        \n          <p>Nonostante sia il palcoscenico pi\u00f9 lungo di tutto il cammino Francese, non presenta praticamente alcuna difficolt\u00e0. A differenza dei giorni precedenti, non ci sono pendii ripidi, ma la discesa da San Ant\u00f3n pu\u00f2 essere un po &#8216;lunga dato l&#8217;effetto visivo che ci mostra N\u00e1jera a un tiro di schioppo, in realt\u00e0 ancora due ore circa.<\/p>\n        \n          <p>Ci sono solo due punti pericolosi, quelli che attraversano l&#8217;N-120, dal momento che non ci sono attraversamenti pedonali quindi dobbiamo fare estrema attenzione quando attraversiamo questa strada nazionale.<\/p>\n        \n          <p>Anche le persone a mobilit\u00e0 ridotta non troveranno molti ostacoli, raccomandando comunque di seguire la N-120 (sempre con estrema cautela dato il traffico di veicoli) da Alto de San Ant\u00f3n.<\/p>\n        \n      <\/div>\n    <\/div>\n\n    <div id=\"profileSection\">\n      <div>\n        <h2 class=\"p-h2-stage\">Distanza e altitudine<\/h2>\n        <hr class=\"orange-bar\" \/>\n        <h3 class=\"p-h3-stage\">Profilo<\/h3>\n        <img decoding=\"async\" src=\"https:\/\/cdn.pilgrim.es\/web\/caminos\/camino-frances\/etapas\/etapa-8-logrono-najera\/etapa8-perfil-logrono-najera.jpg\" alt=\"Perfil de la etapa tappa-8-logrono-najera\" \/>\n      <\/div>\n    <\/div>\n\n    <div id=\"itinerarySection\">\n      <h2 class=\"p-h2-stage\">Itinerario<\/h2>\n      <hr \/>\n      <h3 class=\"p-h3-stage\">Percorso<\/h3>\n\n      \n        <div>\n          <h4>Km 0 &#8211; Inicio<\/h4>\n\n          \n            <p>Diremo addio alla grande citt\u00e0 di Logro\u00f1o tramite la Plaza de Santiago, a cui accediamo attraverso le strade Ruavieja e Barriocepo. Ci lasciamo alle spalle la chiesa dove gli storici affermano che l&#8217;Apostolo stesso ha predicato di passare sotto la Puerta del Camino, uno dei punti di ingresso del vecchio muro che circondava la citt\u00e0. Se viaggiamo in estate, le alte temperature saranno molto comuni e potremo rinfrescarci in una delle tante fontane che ci attendono prima di dirigerci verso la strada commerciale Marqu\u00e9s de Murrieta. Dopo circa un chilometro, svoltiamo a sinistra lungo la via Duques de N\u00e1jera, lasciandoci dietro il trambusto dei negozi e immergendoci nella vegetazione del Parco di San Miguel.<\/p>\n          \n            <p>Attraverso una comoda passeggiata, cammineremo all&#8217;ombra dei suoi alberi per circa due chilometri per raggiungere un altro parco, in questo caso quello di La Grajera. \u00c8 l&#8217;area perfetta per fare una breve sosta presso l&#8217;omonimo lago artificiale, costruito nel diciannovesimo secolo per accumulare acqua dal fiume Iregu e irrigare il terreno circostante, essendo una delle poche zone umide dell&#8217;intera Comunit\u00e0.<\/p>\n          \n            <p>Dopo questa sosta tecnica e lasciandosi alle spalle l&#8217;aula didattica del bacino, saliremo su una pista all&#8217;ombra delle viti. La salita sar\u00e0 premiata da una splendida vista dell&#8217;intera citt\u00e0. Avanzeremo parallelamente ad una recinzione metallica che discende dall&#8217;Alto de la Grajera verso Navarrete, attraversando momentaneamente la N-120 per recuperare la strada sterrata tra i vigneti. Attraverseremo l&#8217;A-68 da un cavalcavia sotto l&#8217;occhio attento del famoso toro Osborne e ci troveremo a pochi metri da Navarrete, dichiarato sito storico-artistico.<\/p>\n          \n            <p>Come possiamo dedurre dal suo nome, \u00e8 stata concessa questa denominazione poich\u00e9 rappresentava l&#8217;area di confine con la Navarra, in posizione strategica in modo che i monarchi castigliani del 12 \u00b0 secolo potessero difendere il loro territorio. Abbiamo allineato la strada La Cruz per intravedere e la Chiesa dell&#8217;Assunzione, costruita da Juan de Vallejo nel periodo rinascimentale. Attraverseremo questa citt\u00e0 attraverso la sua strada principale nella citt\u00e0 vecchia, la Calle Mayor Alta, passando per la Plaza del Arco, dove gireremo a sinistra in Calle Arrabal e di fronte a San Roque Street.<\/p>\n          \n            <p>Qui dobbiamo fare tappa sulla strada per apprezzare i resti dell&#8217;antico ospedale dei pellegrini di San Juan de Acre, uno dei monumenti pi\u00f9 importanti dell&#8217;architettura romanica dell&#8217;intera comunit\u00e0 di Rioja. Inizialmente era un monastero, ma fu presto riutilizzato come ospedale e rifugio per i pellegrini in viaggio verso Santiago. Fu distrutto nel diciannovesimo secolo, lasciando solo l&#8217;entrata e due finestre, che fungono da ingresso al cimitero comunale.<\/p>\n          \n            <p>Prendiamo la strada di circa un chilometro che porta alla Cooperativa Vitivin\u00edcola de Sotes, dove possiamo deviare verso questa citt\u00e0 attraversando una piccola strada. Qui possiamo trovare un ostello, un bar e una farmacia aperti di recente.<\/p>\n          \n            <p>Ritornando sull&#8217;itinerario del Cammino, proseguiamo una traccia, accanto alla A-12, dove in seguito, sulla sinistra, una deviazione ci indica la strada per un&#8217;altra posizione al di fuori dell&#8217;originale: Ventosa, un chilometro e mezzo. Come nel caso precedente, possiamo deviare momentaneamente se abbiamo bisogno di forniture perch\u00e9 ha diversi bar e un ostello, o per visitare la Chiesa di San Saturnino, nel diciassettesimo secolo. Se decidiamo di non prendere la deviazione, continueremo dritto e poi attraverseremo la strada LR-341 e proseguiremo per alcuni tratti rocciosi.<\/p>\n          \n            <p>Quasi senza accorgercene saliremo verso l&#8217;Alto de San Ant\u00f3n, da dove potremo scorgere la valle argillosa di Najerilla, a poco pi\u00f9 di venti chilometri da N\u00e1jera. Scendiamo lasciando dietro le cantine della dinastia Vivanco per salvare l&#8217;N-120 attraverso un passaggio sotterraneo. Continueremo su una pista, potendo osservare alla nostra sinistra l&#8217;Alto de San Lorenzo, nella Sierra de la Demanda, la vetta pi\u00f9 alta dell&#8217;intera Rioja, a 2271 metri. Raggiungiamo quindi la collina dove si trova una delle storie pi\u00f9 famose del Cammino (dove attualmente si trova un ripetitore telefonico): la battaglia tra Rold\u00e1n e il gigante Ferragut, nel Poyo (collina) di Rold\u00e1n. La leggenda narra che nel castello di N\u00e1jera vivesse una gigantesca e gigantesca discendente di Golia. Un giorno, quando il gigante era seduto alle porte del suo castello, Roldan lo vide dalla collina e lanci\u00f2 una pietra che pesava due arrobas (circa ventidue chili). Questo colp\u00ec la fronte di Ferrugat, facendolo cadere a terra.<\/p>\n          \n            <p>Continueremo lungo un sentiero che conduce a un ponte sul fiume Yalde, e dopo un miglio e mezzo, arriveremo al parco ricreativo di Poema del Camino. Se vogliamo, possiamo prendere una piccola pausa sotto alcune delle sue ombre e proseguire verso N\u00e1jera, dopo aver attraversato la N-120, dove non ci sono attraversamenti pedonali. Ci sposteremo lungo i viali di Logro\u00f1o e San Fernando per attraversare in questo caso il fiume Najerilla. L&#8217;ostello si trova sulla sinistra seguendo un percorso parallelo al corso del fiume. Finiremo la tappa di oggi.<\/p>\n          \n\n          \n            <a class=\"town-link\" href=\"https:\/\/www.pilgrim.es\/it\/cammino-francese\/logrono\/\">\n              <div class=\"town-link__link-content\">\n                <div class=\"town-link__link-content__text\">\n              <p>Informazioni locali<\/p>\n              <p>Polizia, Assistenza medica, Cosa vedere, Dove mangiare&#8230;<\/p>\n                <\/div>\n                <div class=\"town-link__link-content__town-btn\">\n                  <i class=\"icon-arrow\"><\/i>\n                <\/div>\n              <\/div>\n            <\/a>\n          \n        <\/div>\n        <hr \/>\n      \n      <div>\n        <h4>Km 29 &#8231; N\u00e1jera<\/h4>\n        <a class=\"town-link\" href=\"https:\/\/www.pilgrim.es\/it\/cammino-francese\/najera\/\">\n          <div class=\"town-link__link-content\">\n            <div class=\"town-link__link-content__text\">\n              <p>Informazioni locali<\/p>\n              <p>Polizia, Assistenza medica, Cosa vedere, Dove mangiare&#8230;<\/p>\n            <\/div>\n            <div class=\"town-link__link-content__town-btn\">\n              <i class=\"icon-arrow\"><\/i>\n            <\/div>\n          <\/div>\n        <\/a>\n      <\/div>\n    <\/div>\n\n    \n\n  <div id=\"locationsSection\">\n      <h2 class=\"p-h2-stage\">Paesi<\/h2>\n      <hr \/>\n      <h3 class=\"p-h3-stage\">Villaggi<\/h3>\n      <div class=\"grid-container\">\n\n        <div class=\"p-group card-stage p-max-w-full\">\n          <a href=\"https:\/\/www.pilgrim.es\/it\/cammino-francese\/logrono\/\" class=\"town-card\">\n            <div class=\"card-stage__header\">\n              <img decoding=\"async\" src=\"https:\/\/cdn.pilgrim.es\/web\/caminos\/camino-frances\/pueblos\/logrono\/logrono.jpg\" alt=\"Logro\u00f1o\" class=\"group-hover:p-scale-110\" \/>\n              <div class=\"card-overlay group-hover:p-opacity-50\"><\/div>\n            <\/div>\n            <div class=\"town-card__flex-container\">\n              <div class=\"town-card__flex-container__info\">\n                <h3>Logro\u00f1o<\/h3>\n                <p>Provincia: La Rioja<\/p>\n              <\/div>\n              <div class=\"town-card__flex-container__btn\">\n                <i class=\"icon-arrow\"><\/i>\n              <\/div>\n            <\/div>\n          <\/a>\n        <\/div>\n        <div class=\"p-group card-stage p-max-w-full\">\n          <a href=\"https:\/\/www.pilgrim.es\/it\/cammino-francese\/najera\/\" class=\"town-card\">\n            <div class=\"card-stage__header\">\n              <img decoding=\"async\" src=\"https:\/\/cdn.pilgrim.es\/web\/caminos\/camino-frances\/pueblos\/najera\/najera.jpg\" alt=\"N\u00e1jera\" class=\"group-hover:p-scale-110\" \/>\n              <div class=\"card-overlay group-hover:p-opacity-50\"><\/div>\n            <\/div>\n            <div class=\"town-card__flex-container\">\n              <div class=\"town-card__flex-container__info\">\n                <h3>N\u00e1jera<\/h3>\n                <p>Provincia: La Rioja<\/p>\n              <\/div>\n              <div class=\"town-card__flex-container__btn\">\n                <i class=\"icon-arrow\"><\/i>\n              <\/div>\n            <\/div>\n          <\/a>\n        <\/div>\n      <\/div>\n    <\/div>\n    <hr class=\"single-bar\" \/>\n  <\/div>\n<\/section>\n\n<section id=\"stageChange\">\n  <div>\n    <a href=\"\/it\/cammino-francese\/tappa-7-los-arcos-logrono\/\" class=\"change-btn\">\n    <div class=\"change-btn\">\n      <div class=\"btn-arrow previous\">\n        <i class=\"icon-arrow\"><\/i>\n      <\/div>\n      <div class=\"change-btn__info\">\n        <div>Tappa 7<\/div>\n        <p>\n          Los Arcos \u276f <br> Logro\u00f1o\n        <\/p>\n      <\/div>\n    <\/div>\n    <\/a>\n    <a href=\"\/it\/cammino-francese\/tappa-9-najera-santo-domingo-de-la-calzada\/\" class=\"change-btn\">\n      <div class=\"change-btn__info\">\n        <div>Tappa 9<\/div>\n        <p>\n          N\u00e1jera \u276f <br> Santo Domingo de la Calzada\n        <\/p>\n      <\/div>\n      <div class=\"btn-arrow\">\n        <i class=\"icon-arrow\"><\/i>\n      <\/div>\n    <\/a>\n  <\/div>\n<\/section> ","protected":false},"excerpt":{"rendered":"<p>Cammino Francese: Tappa 8 A piedi 33 Tappe \/ 764 Kms Logro\u00f1o &#10093; N\u00e1jera 29 Km &#10094; Tappa 7 Tappa 9 &#10095; Informazioni Profilo Itinerario Paesi Informazioni Informazioni su questa tappa Nonostante sia una tappa di quasi trenta chilometri, non trover\u00e0 alcuna difficolt\u00e0 per la maggior parte dei pellegrini. Cammineremo su pendii di carattere moderato, &hellip; <\/p>\n<p class=\"read_more\"><a href=\"https:\/\/www.pilgrim.es\/it\/cammino-francese\/tappa-8-logrono-najera\/\">Leer m\u00e1s<\/a><\/p>\n","protected":false},"author":4,"featured_media":10891,"parent":10735,"menu_order":0,"comment_status":"closed","ping_status":"closed","template":"views\/template-new-web-design.blade.php","meta":{"footnotes":""},"categories":[],"tags":[],"class_list":["post-11903","page","type-page","status-publish","has-post-thumbnail","hentry"],"yoast_head":"<!-- This site is optimized with the Yoast SEO plugin v27.4 - https:\/\/yoast.com\/product\/yoast-seo-wordpress\/ -->\n<title>Camino Franc\u00e9s desde Logro\u00f1o a N\u00e1jera | Camino de Santiago | Pilgrim<\/title>\n<meta name=\"description\" content=\"Cammino Francese : tappa 8 del Cammino di Santiago che corre fra Logro\u00f1o y N\u00e1jera. Scopri tutte le informazioni sulla tua tappa e come pianificare il tuo percorso.\" \/>\n<meta name=\"robots\" content=\"index, follow, max-snippet:-1, max-image-preview:large, max-video-preview:-1\" \/>\n<link rel=\"canonical\" href=\"https:\/\/www.pilgrim.es\/it\/cammino-francese\/tappa-8-logrono-najera\/\" \/>\n<meta property=\"og:locale\" content=\"it_IT\" \/>\n<meta property=\"og:type\" content=\"article\" \/>\n<meta property=\"og:title\" content=\"Camino Franc\u00e9s desde Logro\u00f1o a N\u00e1jera | Camino de Santiago | Pilgrim\" \/>\n<meta property=\"og:description\" content=\"Cammino Francese : tappa 8 del Cammino di Santiago che corre fra Logro\u00f1o y N\u00e1jera. Scopri tutte le informazioni sulla tua tappa e come pianificare il tuo percorso.\" \/>\n<meta property=\"og:url\" content=\"https:\/\/www.pilgrim.es\/it\/cammino-francese\/tappa-8-logrono-najera\/\" \/>\n<meta property=\"og:site_name\" content=\"Pilgrim\" \/>\n<meta property=\"article:publisher\" content=\"https:\/\/www.facebook.com\/pilgrim.es\/\" \/>\n<meta property=\"article:modified_time\" content=\"2025-03-24T15:27:22+00:00\" \/>\n<meta property=\"og:image\" content=\"https:\/\/www.pilgrim.es\/wp-content\/uploads\/2019\/02\/camino_frances_etapa_8.jpg\" \/>\n\t<meta property=\"og:image:width\" content=\"1633\" \/>\n\t<meta property=\"og:image:height\" content=\"547\" \/>\n\t<meta property=\"og:image:type\" content=\"image\/jpeg\" \/>\n<meta name=\"twitter:card\" content=\"summary_large_image\" \/>\n<meta name=\"twitter:site\" content=\"@pilgrim_es\" \/>\n<meta name=\"twitter:label1\" content=\"Tempo di lettura stimato\" \/>\n\t<meta name=\"twitter:data1\" content=\"6 minuti\" \/>\n<script type=\"application\/ld+json\" class=\"yoast-schema-graph\">{\"@context\":\"https:\\\/\\\/schema.org\",\"@graph\":[{\"@type\":\"WebPage\",\"@id\":\"https:\\\/\\\/www.pilgrim.es\\\/it\\\/cammino-francese\\\/tappa-8-logrono-najera\\\/\",\"url\":\"https:\\\/\\\/www.pilgrim.es\\\/it\\\/cammino-francese\\\/tappa-8-logrono-najera\\\/\",\"name\":\"Camino Franc\u00e9s desde Logro\u00f1o a N\u00e1jera | Camino de Santiago | Pilgrim\",\"isPartOf\":{\"@id\":\"https:\\\/\\\/www.pilgrim.es\\\/it\\\/#website\"},\"primaryImageOfPage\":{\"@id\":\"https:\\\/\\\/www.pilgrim.es\\\/it\\\/cammino-francese\\\/tappa-8-logrono-najera\\\/#primaryimage\"},\"image\":{\"@id\":\"https:\\\/\\\/www.pilgrim.es\\\/it\\\/cammino-francese\\\/tappa-8-logrono-najera\\\/#primaryimage\"},\"thumbnailUrl\":\"https:\\\/\\\/www.pilgrim.es\\\/wp-content\\\/uploads\\\/2019\\\/02\\\/camino_frances_etapa_8.jpg\",\"datePublished\":\"2019-02-28T18:55:05+00:00\",\"dateModified\":\"2025-03-24T15:27:22+00:00\",\"description\":\"Cammino Francese : tappa 8 del Cammino di Santiago che corre fra Logro\u00f1o y N\u00e1jera. Scopri tutte le informazioni sulla tua tappa e come pianificare il tuo percorso.\",\"breadcrumb\":{\"@id\":\"https:\\\/\\\/www.pilgrim.es\\\/it\\\/cammino-francese\\\/tappa-8-logrono-najera\\\/#breadcrumb\"},\"inLanguage\":\"it-IT\",\"potentialAction\":[{\"@type\":\"ReadAction\",\"target\":[\"https:\\\/\\\/www.pilgrim.es\\\/it\\\/cammino-francese\\\/tappa-8-logrono-najera\\\/\"]}]},{\"@type\":\"ImageObject\",\"inLanguage\":\"it-IT\",\"@id\":\"https:\\\/\\\/www.pilgrim.es\\\/it\\\/cammino-francese\\\/tappa-8-logrono-najera\\\/#primaryimage\",\"url\":\"https:\\\/\\\/www.pilgrim.es\\\/wp-content\\\/uploads\\\/2019\\\/02\\\/camino_frances_etapa_8.jpg\",\"contentUrl\":\"https:\\\/\\\/www.pilgrim.es\\\/wp-content\\\/uploads\\\/2019\\\/02\\\/camino_frances_etapa_8.jpg\",\"width\":1633,\"height\":547,\"caption\":\"Mappa tappa 8 Cammino Francese\"},{\"@type\":\"BreadcrumbList\",\"@id\":\"https:\\\/\\\/www.pilgrim.es\\\/it\\\/cammino-francese\\\/tappa-8-logrono-najera\\\/#breadcrumb\",\"itemListElement\":[{\"@type\":\"ListItem\",\"position\":1,\"name\":\"Camino de Santiago\",\"item\":\"https:\\\/\\\/www.pilgrim.es\\\/it\\\/\"},{\"@type\":\"ListItem\",\"position\":2,\"name\":\"Cammino Francese | Tappa 8: Logro\u00f1o &#8211; N\u00e1jera\"}]},{\"@type\":\"WebSite\",\"@id\":\"https:\\\/\\\/www.pilgrim.es\\\/it\\\/#website\",\"url\":\"https:\\\/\\\/www.pilgrim.es\\\/it\\\/\",\"name\":\"Pilgrim\",\"description\":\"Camino de Santiago | Caminamos Contigo\",\"publisher\":{\"@id\":\"https:\\\/\\\/www.pilgrim.es\\\/it\\\/#organization\"},\"potentialAction\":[{\"@type\":\"SearchAction\",\"target\":{\"@type\":\"EntryPoint\",\"urlTemplate\":\"https:\\\/\\\/www.pilgrim.es\\\/it\\\/?s={search_term_string}\"},\"query-input\":{\"@type\":\"PropertyValueSpecification\",\"valueRequired\":true,\"valueName\":\"search_term_string\"}}],\"inLanguage\":\"it-IT\"},{\"@type\":\"Organization\",\"@id\":\"https:\\\/\\\/www.pilgrim.es\\\/it\\\/#organization\",\"name\":\"Pilgrim Camino de Santiago\",\"url\":\"https:\\\/\\\/www.pilgrim.es\\\/it\\\/\",\"logo\":{\"@type\":\"ImageObject\",\"inLanguage\":\"it-IT\",\"@id\":\"https:\\\/\\\/www.pilgrim.es\\\/it\\\/#\\\/schema\\\/logo\\\/image\\\/\",\"url\":\"https:\\\/\\\/www.pilgrim.es\\\/wp-content\\\/uploads\\\/2019\\\/04\\\/logo_pilgrim.png\",\"contentUrl\":\"https:\\\/\\\/www.pilgrim.es\\\/wp-content\\\/uploads\\\/2019\\\/04\\\/logo_pilgrim.png\",\"width\":512,\"height\":512,\"caption\":\"Pilgrim Camino de Santiago\"},\"image\":{\"@id\":\"https:\\\/\\\/www.pilgrim.es\\\/it\\\/#\\\/schema\\\/logo\\\/image\\\/\"},\"sameAs\":[\"https:\\\/\\\/www.facebook.com\\\/pilgrim.es\\\/\",\"https:\\\/\\\/x.com\\\/pilgrim_es\",\"https:\\\/\\\/www.instagram.com\\\/pilgrim.es\\\/\",\"https:\\\/\\\/www.linkedin.com\\\/company\\\/pilgrim-camino-de-santiago\\\/\",\"https:\\\/\\\/www.pinterest.es\\\/pilgrimcaminodesantiago\\\/\",\"https:\\\/\\\/www.youtube.com\\\/channel\\\/UCIv2ZzFLXVqthkNF32rKedw\\\/featured\"]}]}<\/script>\n<!-- \/ Yoast SEO plugin. -->","yoast_head_json":{"title":"Camino Franc\u00e9s desde Logro\u00f1o a N\u00e1jera | Camino de Santiago | Pilgrim","description":"Cammino Francese : tappa 8 del Cammino di Santiago che corre fra Logro\u00f1o y N\u00e1jera. Scopri tutte le informazioni sulla tua tappa e come pianificare il tuo percorso.","robots":{"index":"index","follow":"follow","max-snippet":"max-snippet:-1","max-image-preview":"max-image-preview:large","max-video-preview":"max-video-preview:-1"},"canonical":"https:\/\/www.pilgrim.es\/it\/cammino-francese\/tappa-8-logrono-najera\/","og_locale":"it_IT","og_type":"article","og_title":"Camino Franc\u00e9s desde Logro\u00f1o a N\u00e1jera | Camino de Santiago | Pilgrim","og_description":"Cammino Francese : tappa 8 del Cammino di Santiago che corre fra Logro\u00f1o y N\u00e1jera. Scopri tutte le informazioni sulla tua tappa e come pianificare il tuo percorso.","og_url":"https:\/\/www.pilgrim.es\/it\/cammino-francese\/tappa-8-logrono-najera\/","og_site_name":"Pilgrim","article_publisher":"https:\/\/www.facebook.com\/pilgrim.es\/","article_modified_time":"2025-03-24T15:27:22+00:00","og_image":[{"width":1633,"height":547,"url":"https:\/\/www.pilgrim.es\/wp-content\/uploads\/2019\/02\/camino_frances_etapa_8.jpg","type":"image\/jpeg"}],"twitter_card":"summary_large_image","twitter_site":"@pilgrim_es","twitter_misc":{"Tempo di lettura stimato":"6 minuti"},"schema":{"@context":"https:\/\/schema.org","@graph":[{"@type":"WebPage","@id":"https:\/\/www.pilgrim.es\/it\/cammino-francese\/tappa-8-logrono-najera\/","url":"https:\/\/www.pilgrim.es\/it\/cammino-francese\/tappa-8-logrono-najera\/","name":"Camino Franc\u00e9s desde Logro\u00f1o a N\u00e1jera | Camino de Santiago | Pilgrim","isPartOf":{"@id":"https:\/\/www.pilgrim.es\/it\/#website"},"primaryImageOfPage":{"@id":"https:\/\/www.pilgrim.es\/it\/cammino-francese\/tappa-8-logrono-najera\/#primaryimage"},"image":{"@id":"https:\/\/www.pilgrim.es\/it\/cammino-francese\/tappa-8-logrono-najera\/#primaryimage"},"thumbnailUrl":"https:\/\/www.pilgrim.es\/wp-content\/uploads\/2019\/02\/camino_frances_etapa_8.jpg","datePublished":"2019-02-28T18:55:05+00:00","dateModified":"2025-03-24T15:27:22+00:00","description":"Cammino Francese : tappa 8 del Cammino di Santiago che corre fra Logro\u00f1o y N\u00e1jera. Scopri tutte le informazioni sulla tua tappa e come pianificare il tuo percorso.","breadcrumb":{"@id":"https:\/\/www.pilgrim.es\/it\/cammino-francese\/tappa-8-logrono-najera\/#breadcrumb"},"inLanguage":"it-IT","potentialAction":[{"@type":"ReadAction","target":["https:\/\/www.pilgrim.es\/it\/cammino-francese\/tappa-8-logrono-najera\/"]}]},{"@type":"ImageObject","inLanguage":"it-IT","@id":"https:\/\/www.pilgrim.es\/it\/cammino-francese\/tappa-8-logrono-najera\/#primaryimage","url":"https:\/\/www.pilgrim.es\/wp-content\/uploads\/2019\/02\/camino_frances_etapa_8.jpg","contentUrl":"https:\/\/www.pilgrim.es\/wp-content\/uploads\/2019\/02\/camino_frances_etapa_8.jpg","width":1633,"height":547,"caption":"Mappa tappa 8 Cammino Francese"},{"@type":"BreadcrumbList","@id":"https:\/\/www.pilgrim.es\/it\/cammino-francese\/tappa-8-logrono-najera\/#breadcrumb","itemListElement":[{"@type":"ListItem","position":1,"name":"Camino de Santiago","item":"https:\/\/www.pilgrim.es\/it\/"},{"@type":"ListItem","position":2,"name":"Cammino Francese | Tappa 8: Logro\u00f1o &#8211; N\u00e1jera"}]},{"@type":"WebSite","@id":"https:\/\/www.pilgrim.es\/it\/#website","url":"https:\/\/www.pilgrim.es\/it\/","name":"Pilgrim","description":"Camino de Santiago | Caminamos Contigo","publisher":{"@id":"https:\/\/www.pilgrim.es\/it\/#organization"},"potentialAction":[{"@type":"SearchAction","target":{"@type":"EntryPoint","urlTemplate":"https:\/\/www.pilgrim.es\/it\/?s={search_term_string}"},"query-input":{"@type":"PropertyValueSpecification","valueRequired":true,"valueName":"search_term_string"}}],"inLanguage":"it-IT"},{"@type":"Organization","@id":"https:\/\/www.pilgrim.es\/it\/#organization","name":"Pilgrim Camino de Santiago","url":"https:\/\/www.pilgrim.es\/it\/","logo":{"@type":"ImageObject","inLanguage":"it-IT","@id":"https:\/\/www.pilgrim.es\/it\/#\/schema\/logo\/image\/","url":"https:\/\/www.pilgrim.es\/wp-content\/uploads\/2019\/04\/logo_pilgrim.png","contentUrl":"https:\/\/www.pilgrim.es\/wp-content\/uploads\/2019\/04\/logo_pilgrim.png","width":512,"height":512,"caption":"Pilgrim Camino de Santiago"},"image":{"@id":"https:\/\/www.pilgrim.es\/it\/#\/schema\/logo\/image\/"},"sameAs":["https:\/\/www.facebook.com\/pilgrim.es\/","https:\/\/x.com\/pilgrim_es","https:\/\/www.instagram.com\/pilgrim.es\/","https:\/\/www.linkedin.com\/company\/pilgrim-camino-de-santiago\/","https:\/\/www.pinterest.es\/pilgrimcaminodesantiago\/","https:\/\/www.youtube.com\/channel\/UCIv2ZzFLXVqthkNF32rKedw\/featured"]}]}},"_links":{"self":[{"href":"https:\/\/www.pilgrim.es\/it\/wp-json\/wp\/v2\/pages\/11903","targetHints":{"allow":["GET"]}}],"collection":[{"href":"https:\/\/www.pilgrim.es\/it\/wp-json\/wp\/v2\/pages"}],"about":[{"href":"https:\/\/www.pilgrim.es\/it\/wp-json\/wp\/v2\/types\/page"}],"author":[{"embeddable":true,"href":"https:\/\/www.pilgrim.es\/it\/wp-json\/wp\/v2\/users\/4"}],"replies":[{"embeddable":true,"href":"https:\/\/www.pilgrim.es\/it\/wp-json\/wp\/v2\/comments?post=11903"}],"version-history":[{"count":11,"href":"https:\/\/www.pilgrim.es\/it\/wp-json\/wp\/v2\/pages\/11903\/revisions"}],"predecessor-version":[{"id":95460,"href":"https:\/\/www.pilgrim.es\/it\/wp-json\/wp\/v2\/pages\/11903\/revisions\/95460"}],"up":[{"embeddable":true,"href":"https:\/\/www.pilgrim.es\/it\/wp-json\/wp\/v2\/pages\/10735"}],"wp:featuredmedia":[{"embeddable":true,"href":"https:\/\/www.pilgrim.es\/it\/wp-json\/wp\/v2\/media\/10891"}],"wp:attachment":[{"href":"https:\/\/www.pilgrim.es\/it\/wp-json\/wp\/v2\/media?parent=11903"}],"wp:term":[{"taxonomy":"category","embeddable":true,"href":"https:\/\/www.pilgrim.es\/it\/wp-json\/wp\/v2\/categories?post=11903"},{"taxonomy":"post_tag","embeddable":true,"href":"https:\/\/www.pilgrim.es\/it\/wp-json\/wp\/v2\/tags?post=11903"}],"curies":[{"name":"wp","href":"https:\/\/api.w.org\/{rel}","templated":true}]}}