{"id":11213,"date":"2019-02-21T12:07:39","date_gmt":"2019-02-21T12:07:39","guid":{"rendered":"https:\/\/desarrollo.pilgrim.es\/cammino-francese\/cammino-francese-tappe-6-estella-los-arcos\/"},"modified":"2025-03-24T15:27:14","modified_gmt":"2025-03-24T15:27:14","slug":"tappa-6-estella-los-arcos","status":"publish","type":"page","link":"https:\/\/www.pilgrim.es\/it\/cammino-francese\/tappa-6-estella-los-arcos\/","title":{"rendered":"Cammino Francese | Tappe 6: Estella &#8211; Los Arcos"},"content":{"rendered":" <section id=\"heroStage\">\n  <h1>Cammino Francese: Tappa 6<\/h1>\n  <div>\n    <div class=\"hero\" data-background=\"https:\/\/cdn.pilgrim.es\/web\/caminos\/camino-frances\/pueblos\/estella\/estella.jpg\">\n      <div class=\"hero__container\">\n        <div class=\"hero__container__labels\">\n          <p>A piedi<\/p>\n          <p>33 Tappe \/ 764 Kms<\/p>\n        <\/div>\n        <div class=\"hero__container__stage-name\">\n          <h2>\n            Estella <br \/>\n            <span>&#10093;<\/span>\n            Los Arcos\n          <\/h2>\n          <p>21,3 Km<\/p>\n        <\/div>\n        <div class=\"hero__container__stage-changer\">\n            <div class=\"stage-control\">\n              <a class=\"stage-control__link\" href=\"\/it\/cammino-francese\/tappa-5-puente-de-la-reina-estella\/\"><span>&#10094;<\/span> Tappa 5<\/a>\n            <\/div>\n          <div class=\"stage-control\">\n            <a class=\"stage-control__link\" href=\"\/it\/cammino-francese\/tappa-7-los-arcos-logrono\/\">Tappa 7 <span>&#10095;<\/span><\/a>\n          <\/div>\n        <\/div>\n      <\/div>\n    <\/div>\n    <div class=\"planner\"><div\r\n  class=\"p-col-span-1 p-rounded-lg p-px-5 p-h-full\"\r\n  style=\"background-image: url('https:\/\/cdn.pilgrim.es\/web\/pilgrim-planner\/bg-plugin-planificador.webp')\"\r\n  rel=\"preload\"\r\n  fetchpriority=\"high\"\r\n  >\r\n    <div class=\"p-text-center p-pt-5 p-text-white p-text-2xl p-font-semibold\">\r\n      Pianifica il tuo cammino    <\/div>\r\n    <div\r\n            id='primary-app'\r\n            data-name='banner'\r\n            data-api='https:\/\/pathfinder.pilgrim.es\/api\/pathfinder\/v2'\r\n            data-mode='normal'\r\n            data-lang='it'\r\n            data-route='1'\r\n            data-destiny='https:\/\/planificador.pilgrim.es'\r\n            data-modality='1'\r\n            data-inline=''\r\n        ><\/div><\/div><\/div>\n  <\/div>\n<\/section>\n\n<section id=\"scoreBarsStage\">\n  <section>\r\n  <div class=\"p-flex p-flex-nowrap p-space-x-4 p-py-5 p-overflow-x-auto md:p-grid md:p-grid-cols-3 lg:p-grid-cols-5 md:p-gap-8 md:p-space-x-0 md:p-overflow-hidden scrollbar-thin\">\r\n    <div class=\"p-grid p-grid-cols-4 p-shrink-0 p-w-72 p-snap-start md:p-w-full\">\r\n        <div class=\"p-col-span-1 p-self-center p-text-center p-text-3xl\">\r\n            <i class=\"icon-influx\"><\/i>\r\n        <\/div>\r\n        <div class=\"p-col-span-3 p-flex p-flex-col p-items-start\">\r\n            <div class=\"p-text-start p-text-secondary p-mb-1 p-bold\"> Afflusso <\/div>\r\n            <div class=\"p-w-full p-bg-light p-rounded-full p-h-2 p-relative\">\r\n                <div class=\"p-bg-primary p-h-2 p-rounded-full p-absolute\" style=\"width: 40%;\"><\/div>\r\n            <\/div>\r\n        <\/div>\r\n    <\/div>\r\n\r\n    <div class=\"p-grid p-grid-cols-4 p-shrink-0 p-w-72 p-snap-start md:p-w-full\">\r\n        <div class=\"p-col-span-1 p-self-center p-text-center p-text-3xl\">\r\n            <i class=\"icon-difficulty\"><\/i>\r\n        <\/div>\r\n        <div class=\"p-col-span-3 p-flex p-flex-col p-items-start\">\r\n            <div class=\"p-text-start p-text-secondary p-mb-1 p-bold\"> Difficolt\u00e0 <\/div>\r\n            <div class=\"p-w-full p-bg-light p-rounded-full p-h-2 p-relative\">\r\n                <div class=\"p-bg-primary p-h-2 p-rounded-full p-absolute\" style=\"width: 60%;\"><\/div>\r\n            <\/div>\r\n        <\/div>\r\n    <\/div>\r\n\r\n    <div class=\"p-grid p-grid-cols-4 p-shrink-0 p-w-72 p-snap-start md:p-w-full\">\r\n        <div class=\"p-col-span-1 p-self-center p-text-center p-text-3xl\">\r\n            <i class=\"icon-patrimony\"><\/i>\r\n        <\/div>\r\n        <div class=\"p-col-span-3 p-flex p-flex-col p-items-start\">\r\n            <div class=\"p-text-start p-text-secondary p-mb-1 p-bold\"> Arte\/Storia <\/div>\r\n            <div class=\"p-w-full p-bg-light p-rounded-full p-h-2 p-relative\">\r\n                <div class=\"p-bg-primary p-h-2 p-rounded-full p-absolute\" style=\"width: 20%;\"><\/div>\r\n            <\/div>\r\n        <\/div>\r\n    <\/div>\r\n\r\n    <div class=\"p-grid p-grid-cols-4 p-shrink-0 p-w-72 p-snap-start md:p-w-full\">\r\n        <div class=\"p-col-span-1 p-self-center p-text-center p-text-3xl\">\r\n            <i class=\"icon-nature\"><\/i>\r\n        <\/div>\r\n        <div class=\"p-col-span-3 p-flex p-flex-col p-items-start\">\r\n            <div class=\"p-text-start p-text-secondary p-mb-1 p-bold\"> Natura <\/div>\r\n            <div class=\"p-w-full p-bg-light p-rounded-full p-h-2 p-relative\">\r\n                <div class=\"p-bg-primary p-h-2 p-rounded-full p-absolute\" style=\"width: 60%;\"><\/div>\r\n            <\/div>\r\n        <\/div>\r\n    <\/div>\r\n\r\n    <div class=\"p-grid p-grid-cols-4 p-shrink-0 p-w-72 p-snap-start md:p-w-full\">\r\n        <div class=\"p-col-span-1 p-self-center p-text-center p-text-3xl\">\r\n            <i class=\"icon-urban\"><\/i>\r\n        <\/div>\r\n        <div class=\"p-col-span-3 p-flex p-flex-col p-items-start\">\r\n            <div class=\"p-text-start p-text-secondary p-mb-1 p-bold\"> Cammino Francese <\/div>\r\n            <div class=\"p-w-full p-bg-light p-rounded-full p-h-2 p-relative\">\r\n                <div class=\"p-bg-primary p-h-2 p-rounded-full p-absolute\" style=\"width: 20%;\"><\/div>\r\n            <\/div>\r\n        <\/div>\r\n    <\/div>\r\n  <\/div>\r\n<\/section>\n<\/section>\n\n<div id=\"stage-list-section\"><div class=\"stage-list\">\n    <div class='stage-list__map-card'>\n        <div class='stage-list__map-card__map'>\n            <div class='stage-list__map-card__map__text'>\n                <h2> Pages <\/h2>\n                <p> A piedi<\/p>\n                <p> 0tappe<\/p>\n            <\/div>\n            <div class='stage-list__map-card__map__img'>\n                <img decoding=\"async\" src=\"\" alt=\" mapa \" \/>\n            <\/div>\n        <\/div>\n    <\/div>\n\n    <\/div>\n<\/div>\n\n<section id=\"navStage\">\n  <div>\n    <nav id=\"tab-navigation-section\" class=\"tab-navigation-section--cols-5\">\n      <a href=\"#infoSection\" class=\"active\">Informazioni<\/a>\n      <a href=\"#profileSection\">Profilo<\/a>\n      <a href=\"#itinerarySection\">Itinerario<\/a>\n      \n      <a href=\"#locationsSection\">Paesi<\/a>\n    <\/nav>\n\n    <div id=\"infoSection\">\n      <!-- Title Section with Orange Line -->\n      <div>\n        <h2 class=\"p-h2-stage\">Informazioni<\/h2>\n        <hr class=\"orange-bar\" \/>\n        <h3 class=\"p-h3-stage\">Informazioni su questa tappa<\/h3>\n      <\/div>\n\n      \n        <p>Viaggeremo per i venti chilometri che separano Estella dalla citt\u00e0 di Los Arcos tra ulivi, boschi, deserto e persino aree abbandonate. L&#8217;unica sfida che dovremo affrontare sar\u00e0 la salita a Villamayor de Monjard\u00edn e, in alcuni punti, l&#8217;assenza di posti per ripararsi dalla pioggia o dal sole. Possiamo concludere la giornata a Los Arcos o continuare a Torres del R\u00edo, nove chilometri pi\u00f9 avanti, dove avremo Logro\u00f1o a un tiro di schioppo.<\/p>\n      \n\n      <div class=\"recomendation-card\">\n        <div>\n          <i class=\"icon-logo-pilgrim\"><\/i>\n          <h5>Recomendaci\u00f3n Pilgrim<\/h5>\n        <\/div>\n\n        \n          <p>L&#8217;orografia di questa sezione del Cammino \u00e8 scorrevole, ci sono continui ma lievi saliscendi, che supererete senza difficolt\u00e0, tranne la salita a Villamayor de Monjard\u00edn. Come nel giorno precedente, dovrete sempre fare attenzione nelle sezioni parallele alla strada N-111, con traffico intenso nelle ore di punta.<\/p>\n        \n          <p>Per quanto riguarda le citt\u00e0 che chiudono questa sesta tappa, possiamo alloggiare in uno degli alloggi multipli di Los Arcos o proseguire per altri nove chilometri fino a Torres del R\u00edo, dove troveremo anche diversi posti dove stare.<\/p>\n        \n          <p>La sezione tra Villamayor de Monjard\u00edn e Los Arcos manca di servizi, quindi dobbiamo rifornirci adeguatamente prima di continuare, specialmente nei mesi pi\u00f9 caldi in cui dovremo riempire le borracce per evitare la disidratazione. Prima di arrivare a Los Arcos, ad \u00c1zqueta e Sansol troveremo un paio di strutture se vogliamo passare la notte in questi posti anzich\u00e9 a Los Arcos.<\/p>\n        \n          <p>Per le persone con disabilit\u00e0, si consiglia di muoversi costeggiando laN-111 da \u00c1zqueta a Villamayor de Monjard\u00edn o Los Arcos, con giubbotti catarifrangenti e con un occhio rivolto al traffico per evitare incidenti.<\/p>\n        \n      <\/div>\n    <\/div>\n\n    <div id=\"profileSection\">\n      <div>\n        <h2 class=\"p-h2-stage\">Distanza e altitudine<\/h2>\n        <hr class=\"orange-bar\" \/>\n        <h3 class=\"p-h3-stage\">Profilo<\/h3>\n        <img decoding=\"async\" src=\"https:\/\/cdn.pilgrim.es\/web\/caminos\/camino-frances\/etapas\/etapa-6-estella-los-arcos\/etapa6-perfil-estella-los-arcos.jpg\" alt=\"Perfil de la etapa tappa-6-estella-los-arcos\" \/>\n      <\/div>\n    <\/div>\n\n    <div id=\"itinerarySection\">\n      <h2 class=\"p-h2-stage\">Itinerario<\/h2>\n      <hr \/>\n      <h3 class=\"p-h3-stage\">Percorso<\/h3>\n\n      \n        <div>\n          <h4>Km 0 &#8211; Inicio<\/h4>\n\n          \n            <p>Lasceremo Estella lungo la strada di San Nicol\u00e1s, sulla sponda opposta del fiume Ega. Incrociamo sulla strada il maestoso Palazzo dei Re di Navarra e la chiesa di San Pedro. Dobbiamo seguire il corso della strada fino a raggiungere una stazione di servizio; Una scultura situata in una rotonda sar\u00e0 il nostro punto di riferimento per deviare a destra. Solo un chilometro e mezzo dopo entreremo nel vecchio maniero ecclesiastico di Ayegui.<\/p>\n          \n            <p>Andremo alla ricerca della famosa fonte del vino Irache, ma prima di raggiungerla dobbiamo lasciare un&#8217;altra fonte dove \u00e8 indicata la posizione dell&#8217;ostello in questa citt\u00e0. Scenderemo nuovamente sulla strada nazionale, dopo un breve tratto, per dissetarci e brindare con i nostri compagni di viaggio in uno dei due rubinetti gratuiti. La scelta \u00e8 nostra, una viene dall&#8217;acqua dolce e l&#8217;altra proviene dalle cantine di Irache. Dopo questa tappa obbligatoria ci dirigiamo verso uno dei pi\u00f9 importanti monasteri dell&#8217;intera comunit\u00e0 navarrese: il monastero medievale di Irache. Nel corso della storia ha accolto molti escursionisti, poich\u00e9 come molti altri monasteri sul Camino, era un tempo un ospedale per pellegrini (infatti, era il primo ospedale per pellegrini in tutta Navarra). Le sue mura testimoniarono anche gli orrori della guerra, con un centro ospitale durante gli scontri carlisti, gli insegnamenti all&#8217;universit\u00e0 e successivamente trasformati in un centro religioso. Non possiamo perdere l&#8217;opportunit\u00e0 di apprezzare uno dei pi\u00f9 importanti gruppi monumentali della comunit\u00e0 regionale.<\/p>\n          \n            <p>Il Cammino continua un po &#8216;oltre, presentandoci con due opzioni: la prima, un po&#8217; pi\u00f9 corta e frontale, attraversa le colline di Montejurra attraverso una zona boscosa a Luquin e la seconda corre lungo il ramo destro verso Azqueta e Villamayor de Monjard\u00edn. Quest&#8217;ultima \u00e8 la via originale e quella che la maggior parte dei pellegrini segue, quindi in questo caso prenderemo la deviazione a destra. Dovremo incontrarci di nuovo con la N-111, che attraverseremo per proseguire lungo una strada secondaria, tra un campeggio e un&#8217;urbanizzazione. Ad eccezione dell&#8217;incrocio sulla strada Ig\u00fazquiza, quello che rimane della strada per \u00c1zqueta percorre labirinti e campi di leccio che saranno una sfida per le nostre gambe poich\u00e9 le irregolarit\u00e0 saranno costanti.<\/p>\n          \n            <p>Se abbiamo lasciato il nostro bastone da trekking a casa o abbiamo perso il nostro punto di appoggio, Pablo Sanz Zudaire, o meglio conosciuto come Pablito el de Varas, \u00e8 l\u00ec per fornircene uno molto gentilmente. Nessuno meglio di lui per spiegare tutti i trucchi del corretto uso dei bastoni di nocciolo, una scienza che ci aiuter\u00e0 a fare ci\u00f2 che rimane di Cammino in condizioni ottimali. La sua conoscenza non \u00e8 casuale perch\u00e9 \u00e8 considerato uno dei primi ad aver fato il Cammino in bicicletta, negli anni &#8217;60, e avendolo fatto cos\u00ec tante volte, a piedi e su ruote, non ricorda nemmeno il numero esatto. Abbiamo salutato Pablo e abbiamo proseguito verso alcuni edifici industriali, prendendo un sentiero a sinistra ed entrando di nuovo tra i vigneti.<\/p>\n          \n            <p>Poco prima di raggiungere la vetta del Villamayor de Monjard\u00edn possiamo rinfrescarci nella Fuente de los Moros, un pozzo che dal XIII secolo disseta i pellegrini che salgono a questa vetta. \u00c8 conveniente fare una pausa per fare scorta di cibo e bevande (da Monjard\u00edn fino alla fine della tappa non troveremo pi\u00f9 servizi) e apprezzare uno dei gioielli del Cammino: la Chiesa di San Andr\u00e9s. Questo tempio del XII secolo ospita un&#8217;impressionante croce processionale in argento, anche se il suo portale romanico con capitelli, che ricorda la battaglia tra Carlo Magno e un principe Navarro, non toglie nulla al suo aspetto esteriore. Nella parte superiore del villaggio sono i resti del vecchio castello di San Esteban de Deyo, dichiarato patrimonio di interesse turistico nazionale.<\/p>\n          \n            <p>Salutiamo il borgo medievale tra i vigneti e discendendo ripidi pendii che lasciano il posto a piste infinite sui campi arati e strade secondarie. Sono qualcosa di pi\u00f9 di due ore in cui dobbiamo armarci di pazienza, dal momento che il paesaggio pu\u00f2 essere un po &#8216;monotono. Prima di arrivare a Los Arcos, un bar itinerante chiamato La Flecha Amarilla serve bevande fredde, panini e persino piatti misti ai pellegrini che viaggiano in alta stagione (di solito da aprile a ottobre).<\/p>\n          \n            <p>Solo un&#8217;ora e mezza ci separa da Los Arcos, una citt\u00e0 a cui accediamo attraverso la sua strada principale. Nella Plaza de Santa Mar\u00eda possiamo fare una breve sosta e visitare la chiesa omonima. Per alcuni qui termina questa sesta tappa, ma molti altri trarranno forza per continuare a Torres del R\u00edo. Dopo aver attraversato il Portal de Castilla e pi\u00f9 tardi il fiume Odr\u00f3n, seguiremo una pista parallela alla N-111. Circa tre chilometri pi\u00f9 avanti, quando ci dice la freccia, svoltiamo a destra verso il ruscello di San Pedro, entrando in Sansol su strada.<\/p>\n          \n            <p>Dopo una breve discesa arriviamo a Torres del R\u00edo, dove tra le sue strade medievali si trova la chiesa del Santo Sepolcro, che si ritiene abbia un faro (nella torre del tempio) che guida i pellegrini dal XII secolo. Con quella che potrebbe essere l&#8217;opera dei Cavalieri Templari concludiamo la giornata di oggi.<\/p>\n          \n\n          \n            <a class=\"town-link\" href=\"https:\/\/www.pilgrim.es\/it\/cammino-francese\/estella\/\">\n              <div class=\"town-link__link-content\">\n                <div class=\"town-link__link-content__text\">\n              <p>Informazioni locali<\/p>\n              <p>Polizia, Assistenza medica, Cosa vedere, Dove mangiare&#8230;<\/p>\n                <\/div>\n                <div class=\"town-link__link-content__town-btn\">\n                  <i class=\"icon-arrow\"><\/i>\n                <\/div>\n              <\/div>\n            <\/a>\n          \n        <\/div>\n        <hr \/>\n      \n      <div>\n        <h4>Km 21,3 &#8231; Los Arcos<\/h4>\n        <a class=\"town-link\" href=\"https:\/\/www.pilgrim.es\/it\/cammino-francese\/los-arcos\/\">\n          <div class=\"town-link__link-content\">\n            <div class=\"town-link__link-content__text\">\n              <p>Informazioni locali<\/p>\n              <p>Polizia, Assistenza medica, Cosa vedere, Dove mangiare&#8230;<\/p>\n            <\/div>\n            <div class=\"town-link__link-content__town-btn\">\n              <i class=\"icon-arrow\"><\/i>\n            <\/div>\n          <\/div>\n        <\/a>\n      <\/div>\n    <\/div>\n\n    \n\n  <div id=\"locationsSection\">\n      <h2 class=\"p-h2-stage\">Paesi<\/h2>\n      <hr \/>\n      <h3 class=\"p-h3-stage\">Villaggi<\/h3>\n      <div class=\"grid-container\">\n\n        <div class=\"p-group card-stage p-max-w-full\">\n          <a href=\"https:\/\/www.pilgrim.es\/it\/cammino-francese\/estella\/\" class=\"town-card\">\n            <div class=\"card-stage__header\">\n              <img decoding=\"async\" src=\"https:\/\/cdn.pilgrim.es\/web\/caminos\/camino-frances\/pueblos\/estella\/estella.jpg\" alt=\"Estella\" class=\"group-hover:p-scale-110\" \/>\n              <div class=\"card-overlay group-hover:p-opacity-50\"><\/div>\n            <\/div>\n            <div class=\"town-card__flex-container\">\n              <div class=\"town-card__flex-container__info\">\n                <h3>Estella<\/h3>\n                <p>Provincia: Navarra<\/p>\n              <\/div>\n              <div class=\"town-card__flex-container__btn\">\n                <i class=\"icon-arrow\"><\/i>\n              <\/div>\n            <\/div>\n          <\/a>\n        <\/div>\n        <div class=\"p-group card-stage p-max-w-full\">\n          <a href=\"https:\/\/www.pilgrim.es\/it\/cammino-francese\/los-arcos\/\" class=\"town-card\">\n            <div class=\"card-stage__header\">\n              <img decoding=\"async\" src=\"https:\/\/cdn.pilgrim.es\/web\/caminos\/camino-frances\/pueblos\/los-arcos\/los-arcos.jpg\" alt=\"Los Arcos\" class=\"group-hover:p-scale-110\" \/>\n              <div class=\"card-overlay group-hover:p-opacity-50\"><\/div>\n            <\/div>\n            <div class=\"town-card__flex-container\">\n              <div class=\"town-card__flex-container__info\">\n                <h3>Los Arcos<\/h3>\n                <p>Provincia: Navarra<\/p>\n              <\/div>\n              <div class=\"town-card__flex-container__btn\">\n                <i class=\"icon-arrow\"><\/i>\n              <\/div>\n            <\/div>\n          <\/a>\n        <\/div>\n      <\/div>\n    <\/div>\n    <hr class=\"single-bar\" \/>\n  <\/div>\n<\/section>\n\n<section id=\"stageChange\">\n  <div>\n    <a href=\"\/it\/cammino-francese\/tappa-5-puente-de-la-reina-estella\/\" class=\"change-btn\">\n    <div class=\"change-btn\">\n      <div class=\"btn-arrow previous\">\n        <i class=\"icon-arrow\"><\/i>\n      <\/div>\n      <div class=\"change-btn__info\">\n        <div>Tappa 5<\/div>\n        <p>\n          Puente de la Reina \u276f <br> Estella\n        <\/p>\n      <\/div>\n    <\/div>\n    <\/a>\n    <a href=\"\/it\/cammino-francese\/tappa-7-los-arcos-logrono\/\" class=\"change-btn\">\n      <div class=\"change-btn__info\">\n        <div>Tappa 7<\/div>\n        <p>\n          Los Arcos \u276f <br> Logro\u00f1o\n        <\/p>\n      <\/div>\n      <div class=\"btn-arrow\">\n        <i class=\"icon-arrow\"><\/i>\n      <\/div>\n    <\/a>\n  <\/div>\n<\/section> ","protected":false},"excerpt":{"rendered":"<p>Cammino Francese: Tappa 6 A piedi 33 Tappe \/ 764 Kms Estella &#10093; Los Arcos 21,3 Km &#10094; Tappa 5 Tappa 7 &#10095; Informazioni Profilo Itinerario Paesi Informazioni Informazioni su questa tappa Viaggeremo per i venti chilometri che separano Estella dalla citt\u00e0 di Los Arcos tra ulivi, boschi, deserto e persino aree abbandonate. L&#8217;unica sfida &hellip; <\/p>\n<p class=\"read_more\"><a href=\"https:\/\/www.pilgrim.es\/it\/cammino-francese\/tappa-6-estella-los-arcos\/\">Leer m\u00e1s<\/a><\/p>\n","protected":false},"author":4,"featured_media":10869,"parent":10735,"menu_order":0,"comment_status":"closed","ping_status":"closed","template":"views\/template-new-web-design.blade.php","meta":{"footnotes":""},"categories":[],"tags":[],"class_list":["post-11213","page","type-page","status-publish","has-post-thumbnail","hentry"],"yoast_head":"<!-- This site is optimized with the Yoast SEO plugin v27.4 - https:\/\/yoast.com\/product\/yoast-seo-wordpress\/ -->\n<title>Camino Franc\u00e9s desde Estella a Los Arcos | Camino de Santiago | Pilgrim<\/title>\n<meta name=\"description\" content=\"Cammino Francese : 6 tappe del Cammino di Santiago che scorre fra Estella e Los Arcos. Scopri tutte le informazioni e pianifica il tuo percorso.\" \/>\n<meta name=\"robots\" content=\"index, follow, max-snippet:-1, max-image-preview:large, max-video-preview:-1\" \/>\n<link rel=\"canonical\" href=\"https:\/\/www.pilgrim.es\/it\/cammino-francese\/tappa-6-estella-los-arcos\/\" \/>\n<meta property=\"og:locale\" content=\"it_IT\" \/>\n<meta property=\"og:type\" content=\"article\" \/>\n<meta property=\"og:title\" content=\"Camino Franc\u00e9s desde Estella a Los Arcos | Camino de Santiago | Pilgrim\" \/>\n<meta property=\"og:description\" content=\"Cammino Francese : 6 tappe del Cammino di Santiago che scorre fra Estella e Los Arcos. Scopri tutte le informazioni e pianifica il tuo percorso.\" \/>\n<meta property=\"og:url\" content=\"https:\/\/www.pilgrim.es\/it\/cammino-francese\/tappa-6-estella-los-arcos\/\" \/>\n<meta property=\"og:site_name\" content=\"Pilgrim\" \/>\n<meta property=\"article:publisher\" content=\"https:\/\/www.facebook.com\/pilgrim.es\/\" \/>\n<meta property=\"article:modified_time\" content=\"2025-03-24T15:27:14+00:00\" \/>\n<meta property=\"og:image\" content=\"https:\/\/www.pilgrim.es\/wp-content\/uploads\/2019\/02\/camino_frances_etapa_6.jpg\" \/>\n\t<meta property=\"og:image:width\" content=\"1633\" \/>\n\t<meta property=\"og:image:height\" content=\"547\" \/>\n\t<meta property=\"og:image:type\" content=\"image\/jpeg\" \/>\n<meta name=\"twitter:card\" content=\"summary_large_image\" \/>\n<meta name=\"twitter:site\" content=\"@pilgrim_es\" \/>\n<meta name=\"twitter:label1\" content=\"Tempo di lettura stimato\" \/>\n\t<meta name=\"twitter:data1\" content=\"6 minuti\" \/>\n<script type=\"application\/ld+json\" class=\"yoast-schema-graph\">{\"@context\":\"https:\\\/\\\/schema.org\",\"@graph\":[{\"@type\":\"WebPage\",\"@id\":\"https:\\\/\\\/www.pilgrim.es\\\/it\\\/cammino-francese\\\/tappa-6-estella-los-arcos\\\/\",\"url\":\"https:\\\/\\\/www.pilgrim.es\\\/it\\\/cammino-francese\\\/tappa-6-estella-los-arcos\\\/\",\"name\":\"Camino Franc\u00e9s desde Estella a Los Arcos | Camino de Santiago | Pilgrim\",\"isPartOf\":{\"@id\":\"https:\\\/\\\/www.pilgrim.es\\\/it\\\/#website\"},\"primaryImageOfPage\":{\"@id\":\"https:\\\/\\\/www.pilgrim.es\\\/it\\\/cammino-francese\\\/tappa-6-estella-los-arcos\\\/#primaryimage\"},\"image\":{\"@id\":\"https:\\\/\\\/www.pilgrim.es\\\/it\\\/cammino-francese\\\/tappa-6-estella-los-arcos\\\/#primaryimage\"},\"thumbnailUrl\":\"https:\\\/\\\/www.pilgrim.es\\\/wp-content\\\/uploads\\\/2019\\\/02\\\/camino_frances_etapa_6.jpg\",\"datePublished\":\"2019-02-21T12:07:39+00:00\",\"dateModified\":\"2025-03-24T15:27:14+00:00\",\"description\":\"Cammino Francese : 6 tappe del Cammino di Santiago che scorre fra Estella e Los Arcos. Scopri tutte le informazioni e pianifica il tuo percorso.\",\"breadcrumb\":{\"@id\":\"https:\\\/\\\/www.pilgrim.es\\\/it\\\/cammino-francese\\\/tappa-6-estella-los-arcos\\\/#breadcrumb\"},\"inLanguage\":\"it-IT\",\"potentialAction\":[{\"@type\":\"ReadAction\",\"target\":[\"https:\\\/\\\/www.pilgrim.es\\\/it\\\/cammino-francese\\\/tappa-6-estella-los-arcos\\\/\"]}]},{\"@type\":\"ImageObject\",\"inLanguage\":\"it-IT\",\"@id\":\"https:\\\/\\\/www.pilgrim.es\\\/it\\\/cammino-francese\\\/tappa-6-estella-los-arcos\\\/#primaryimage\",\"url\":\"https:\\\/\\\/www.pilgrim.es\\\/wp-content\\\/uploads\\\/2019\\\/02\\\/camino_frances_etapa_6.jpg\",\"contentUrl\":\"https:\\\/\\\/www.pilgrim.es\\\/wp-content\\\/uploads\\\/2019\\\/02\\\/camino_frances_etapa_6.jpg\",\"width\":1633,\"height\":547,\"caption\":\"Mappa Tappa 6 Cammino Francese\"},{\"@type\":\"BreadcrumbList\",\"@id\":\"https:\\\/\\\/www.pilgrim.es\\\/it\\\/cammino-francese\\\/tappa-6-estella-los-arcos\\\/#breadcrumb\",\"itemListElement\":[{\"@type\":\"ListItem\",\"position\":1,\"name\":\"Camino de Santiago\",\"item\":\"https:\\\/\\\/www.pilgrim.es\\\/it\\\/\"},{\"@type\":\"ListItem\",\"position\":2,\"name\":\"Cammino Francese | Tappe 6: Estella &#8211; Los Arcos\"}]},{\"@type\":\"WebSite\",\"@id\":\"https:\\\/\\\/www.pilgrim.es\\\/it\\\/#website\",\"url\":\"https:\\\/\\\/www.pilgrim.es\\\/it\\\/\",\"name\":\"Pilgrim\",\"description\":\"Camino de Santiago | Caminamos Contigo\",\"publisher\":{\"@id\":\"https:\\\/\\\/www.pilgrim.es\\\/it\\\/#organization\"},\"potentialAction\":[{\"@type\":\"SearchAction\",\"target\":{\"@type\":\"EntryPoint\",\"urlTemplate\":\"https:\\\/\\\/www.pilgrim.es\\\/it\\\/?s={search_term_string}\"},\"query-input\":{\"@type\":\"PropertyValueSpecification\",\"valueRequired\":true,\"valueName\":\"search_term_string\"}}],\"inLanguage\":\"it-IT\"},{\"@type\":\"Organization\",\"@id\":\"https:\\\/\\\/www.pilgrim.es\\\/it\\\/#organization\",\"name\":\"Pilgrim Camino de Santiago\",\"url\":\"https:\\\/\\\/www.pilgrim.es\\\/it\\\/\",\"logo\":{\"@type\":\"ImageObject\",\"inLanguage\":\"it-IT\",\"@id\":\"https:\\\/\\\/www.pilgrim.es\\\/it\\\/#\\\/schema\\\/logo\\\/image\\\/\",\"url\":\"https:\\\/\\\/www.pilgrim.es\\\/wp-content\\\/uploads\\\/2019\\\/04\\\/logo_pilgrim.png\",\"contentUrl\":\"https:\\\/\\\/www.pilgrim.es\\\/wp-content\\\/uploads\\\/2019\\\/04\\\/logo_pilgrim.png\",\"width\":512,\"height\":512,\"caption\":\"Pilgrim Camino de Santiago\"},\"image\":{\"@id\":\"https:\\\/\\\/www.pilgrim.es\\\/it\\\/#\\\/schema\\\/logo\\\/image\\\/\"},\"sameAs\":[\"https:\\\/\\\/www.facebook.com\\\/pilgrim.es\\\/\",\"https:\\\/\\\/x.com\\\/pilgrim_es\",\"https:\\\/\\\/www.instagram.com\\\/pilgrim.es\\\/\",\"https:\\\/\\\/www.linkedin.com\\\/company\\\/pilgrim-camino-de-santiago\\\/\",\"https:\\\/\\\/www.pinterest.es\\\/pilgrimcaminodesantiago\\\/\",\"https:\\\/\\\/www.youtube.com\\\/channel\\\/UCIv2ZzFLXVqthkNF32rKedw\\\/featured\"]}]}<\/script>\n<!-- \/ Yoast SEO plugin. -->","yoast_head_json":{"title":"Camino Franc\u00e9s desde Estella a Los Arcos | Camino de Santiago | Pilgrim","description":"Cammino Francese : 6 tappe del Cammino di Santiago che scorre fra Estella e Los Arcos. Scopri tutte le informazioni e pianifica il tuo percorso.","robots":{"index":"index","follow":"follow","max-snippet":"max-snippet:-1","max-image-preview":"max-image-preview:large","max-video-preview":"max-video-preview:-1"},"canonical":"https:\/\/www.pilgrim.es\/it\/cammino-francese\/tappa-6-estella-los-arcos\/","og_locale":"it_IT","og_type":"article","og_title":"Camino Franc\u00e9s desde Estella a Los Arcos | Camino de Santiago | Pilgrim","og_description":"Cammino Francese : 6 tappe del Cammino di Santiago che scorre fra Estella e Los Arcos. Scopri tutte le informazioni e pianifica il tuo percorso.","og_url":"https:\/\/www.pilgrim.es\/it\/cammino-francese\/tappa-6-estella-los-arcos\/","og_site_name":"Pilgrim","article_publisher":"https:\/\/www.facebook.com\/pilgrim.es\/","article_modified_time":"2025-03-24T15:27:14+00:00","og_image":[{"width":1633,"height":547,"url":"https:\/\/www.pilgrim.es\/wp-content\/uploads\/2019\/02\/camino_frances_etapa_6.jpg","type":"image\/jpeg"}],"twitter_card":"summary_large_image","twitter_site":"@pilgrim_es","twitter_misc":{"Tempo di lettura stimato":"6 minuti"},"schema":{"@context":"https:\/\/schema.org","@graph":[{"@type":"WebPage","@id":"https:\/\/www.pilgrim.es\/it\/cammino-francese\/tappa-6-estella-los-arcos\/","url":"https:\/\/www.pilgrim.es\/it\/cammino-francese\/tappa-6-estella-los-arcos\/","name":"Camino Franc\u00e9s desde Estella a Los Arcos | Camino de Santiago | Pilgrim","isPartOf":{"@id":"https:\/\/www.pilgrim.es\/it\/#website"},"primaryImageOfPage":{"@id":"https:\/\/www.pilgrim.es\/it\/cammino-francese\/tappa-6-estella-los-arcos\/#primaryimage"},"image":{"@id":"https:\/\/www.pilgrim.es\/it\/cammino-francese\/tappa-6-estella-los-arcos\/#primaryimage"},"thumbnailUrl":"https:\/\/www.pilgrim.es\/wp-content\/uploads\/2019\/02\/camino_frances_etapa_6.jpg","datePublished":"2019-02-21T12:07:39+00:00","dateModified":"2025-03-24T15:27:14+00:00","description":"Cammino Francese : 6 tappe del Cammino di Santiago che scorre fra Estella e Los Arcos. Scopri tutte le informazioni e pianifica il tuo percorso.","breadcrumb":{"@id":"https:\/\/www.pilgrim.es\/it\/cammino-francese\/tappa-6-estella-los-arcos\/#breadcrumb"},"inLanguage":"it-IT","potentialAction":[{"@type":"ReadAction","target":["https:\/\/www.pilgrim.es\/it\/cammino-francese\/tappa-6-estella-los-arcos\/"]}]},{"@type":"ImageObject","inLanguage":"it-IT","@id":"https:\/\/www.pilgrim.es\/it\/cammino-francese\/tappa-6-estella-los-arcos\/#primaryimage","url":"https:\/\/www.pilgrim.es\/wp-content\/uploads\/2019\/02\/camino_frances_etapa_6.jpg","contentUrl":"https:\/\/www.pilgrim.es\/wp-content\/uploads\/2019\/02\/camino_frances_etapa_6.jpg","width":1633,"height":547,"caption":"Mappa Tappa 6 Cammino Francese"},{"@type":"BreadcrumbList","@id":"https:\/\/www.pilgrim.es\/it\/cammino-francese\/tappa-6-estella-los-arcos\/#breadcrumb","itemListElement":[{"@type":"ListItem","position":1,"name":"Camino de Santiago","item":"https:\/\/www.pilgrim.es\/it\/"},{"@type":"ListItem","position":2,"name":"Cammino Francese | Tappe 6: Estella &#8211; Los Arcos"}]},{"@type":"WebSite","@id":"https:\/\/www.pilgrim.es\/it\/#website","url":"https:\/\/www.pilgrim.es\/it\/","name":"Pilgrim","description":"Camino de Santiago | Caminamos Contigo","publisher":{"@id":"https:\/\/www.pilgrim.es\/it\/#organization"},"potentialAction":[{"@type":"SearchAction","target":{"@type":"EntryPoint","urlTemplate":"https:\/\/www.pilgrim.es\/it\/?s={search_term_string}"},"query-input":{"@type":"PropertyValueSpecification","valueRequired":true,"valueName":"search_term_string"}}],"inLanguage":"it-IT"},{"@type":"Organization","@id":"https:\/\/www.pilgrim.es\/it\/#organization","name":"Pilgrim Camino de Santiago","url":"https:\/\/www.pilgrim.es\/it\/","logo":{"@type":"ImageObject","inLanguage":"it-IT","@id":"https:\/\/www.pilgrim.es\/it\/#\/schema\/logo\/image\/","url":"https:\/\/www.pilgrim.es\/wp-content\/uploads\/2019\/04\/logo_pilgrim.png","contentUrl":"https:\/\/www.pilgrim.es\/wp-content\/uploads\/2019\/04\/logo_pilgrim.png","width":512,"height":512,"caption":"Pilgrim Camino de Santiago"},"image":{"@id":"https:\/\/www.pilgrim.es\/it\/#\/schema\/logo\/image\/"},"sameAs":["https:\/\/www.facebook.com\/pilgrim.es\/","https:\/\/x.com\/pilgrim_es","https:\/\/www.instagram.com\/pilgrim.es\/","https:\/\/www.linkedin.com\/company\/pilgrim-camino-de-santiago\/","https:\/\/www.pinterest.es\/pilgrimcaminodesantiago\/","https:\/\/www.youtube.com\/channel\/UCIv2ZzFLXVqthkNF32rKedw\/featured"]}]}},"_links":{"self":[{"href":"https:\/\/www.pilgrim.es\/it\/wp-json\/wp\/v2\/pages\/11213","targetHints":{"allow":["GET"]}}],"collection":[{"href":"https:\/\/www.pilgrim.es\/it\/wp-json\/wp\/v2\/pages"}],"about":[{"href":"https:\/\/www.pilgrim.es\/it\/wp-json\/wp\/v2\/types\/page"}],"author":[{"embeddable":true,"href":"https:\/\/www.pilgrim.es\/it\/wp-json\/wp\/v2\/users\/4"}],"replies":[{"embeddable":true,"href":"https:\/\/www.pilgrim.es\/it\/wp-json\/wp\/v2\/comments?post=11213"}],"version-history":[{"count":10,"href":"https:\/\/www.pilgrim.es\/it\/wp-json\/wp\/v2\/pages\/11213\/revisions"}],"predecessor-version":[{"id":95454,"href":"https:\/\/www.pilgrim.es\/it\/wp-json\/wp\/v2\/pages\/11213\/revisions\/95454"}],"up":[{"embeddable":true,"href":"https:\/\/www.pilgrim.es\/it\/wp-json\/wp\/v2\/pages\/10735"}],"wp:featuredmedia":[{"embeddable":true,"href":"https:\/\/www.pilgrim.es\/it\/wp-json\/wp\/v2\/media\/10869"}],"wp:attachment":[{"href":"https:\/\/www.pilgrim.es\/it\/wp-json\/wp\/v2\/media?parent=11213"}],"wp:term":[{"taxonomy":"category","embeddable":true,"href":"https:\/\/www.pilgrim.es\/it\/wp-json\/wp\/v2\/categories?post=11213"},{"taxonomy":"post_tag","embeddable":true,"href":"https:\/\/www.pilgrim.es\/it\/wp-json\/wp\/v2\/tags?post=11213"}],"curies":[{"name":"wp","href":"https:\/\/api.w.org\/{rel}","templated":true}]}}