{"id":11211,"date":"2019-02-21T11:26:57","date_gmt":"2019-02-21T11:26:57","guid":{"rendered":"https:\/\/desarrollo.pilgrim.es\/percorsi-del-cammino-di-santiago\/"},"modified":"2025-03-24T10:50:16","modified_gmt":"2025-03-24T10:50:16","slug":"cammini","status":"publish","type":"page","link":"https:\/\/www.pilgrim.es\/it\/cammini\/","title":{"rendered":"Percorsi del Cammino di Santiago"},"content":{"rendered":"\n<div id=\"ways\">\n    <section id=\"heroWays\">\n        <h1>Cammino di Santiago: Percorsi, Tappe, Mappe e Paesi<\/h1>\n        <div class=\"main-content\">\n            <div class=\"main-content__col-map\">\n                <img decoding=\"async\" src=\"https:\/\/cdn.pilgrim.es\/web\/caminos\/home\/todos-los-caminos.jpg\" alt=\"Mappa del Cammino di Santiago\" \/>\n            <\/div>\n            <div class=\"main-content__col-planner\"><div\r\n  class=\"p-col-span-1 p-rounded-lg p-px-5 p-h-full\"\r\n  style=\"background-image: url('https:\/\/cdn.pilgrim.es\/web\/pilgrim-planner\/bg-plugin-planificador.webp')\"\r\n  rel=\"preload\"\r\n  fetchpriority=\"high\"\r\n  >\r\n    <div class=\"p-text-center p-pt-5 p-text-white p-text-2xl p-font-semibold\">\r\n      Pianifica il tuo cammino    <\/div>\r\n    <div\r\n            id='primary-app'\r\n            data-name='banner'\r\n            data-api='https:\/\/pathfinder.pilgrim.es\/api\/pathfinder\/v2'\r\n            data-mode='normal'\r\n            data-lang='it'\r\n            data-route='1'\r\n            data-destiny='https:\/\/planificador.pilgrim.es'\r\n            data-modality='1'\r\n            data-inline=''\r\n        ><\/div><\/div><\/div>\n        <\/div>\n        <div class=\"anchor-bar\">\n            <div>\n                <i class=\"icon-info p-self-center\"><\/i>\n                <p><b>Sei lontano dai Percorsi Principali? Scopri le rotte alternative!<\/b> Esistono molteplici itinerari\n                    che partono da tutta la Spagna e si collegano ai percorsi pi\u00f9 importanti.<\/p>\n            <\/div>\n            <a href=\"#secondaryWays\">\n                <button class=\"btn-arrow\">\n                    <i class=\"icon-arrow\"><\/i>\n                <\/button>\n            <\/a>\n        <\/div>\n    <\/section>\n\n    <section id=\"primaryWays\">\n\t\t<div class=\"subtitle\">\n\t\t  <p class=\"p-uppercase p-text-gray p-font-['Rasa']\">Percorsi principali<\/p>\n\t\t  <hr class=\"orange-bar\" \/>\n\t\t  <h2>Informazioni, Tappe, Mappe e Punti di Interesse<\/h2>\n\t\t  <p class=\"p-py-5\">\n\t\t\tNel 1997 il Consiglio d&#8217;Europa ha dichiarato il Cammino di Santiago il\n\t\t\tPrimo Itinerario Culturale Europeo, riconoscendo che &#8220;i percorsi del\n\t\t\tCammino di Santiago sono un simbolo, riflettendo quasi mille anni di\n\t\t\tstoria europea e servendo come modello di cooperazione culturale per\n\t\t\ttutta l&#8217;Europa.&#8221;\n\t\t  <\/p>\n\t\t<\/div>\n\t\t<div class=\"cards-primary-ways\">\n\t\t  <div>\n\t\t\t<div\n\t\t\t  class=\"cards-primary-ways__card card-best-experience p-group\"\n\t\t\t  data-title=\"Cammino Francese\"\n\t\t\t  data-content='[\"Esiste documentazione su questo percorso dal 1135, in particolare negli archivi del Codex Calixtinus, dove per la prima volta si potevano trovare le distanze che separavano la tomba dell\u00b4Apostolo Santiago da molte delle principali citt\u00e0 europee. Tutto ci\u00f2, sommato alla sua attualit\u00e0, rende questo itinerario il pi\u00f9 documentato.\", \"A causa della cultura cristiana, questo percorso del Cammino di Santiago divenne il pi\u00f9 frequentato dai pellegrini nell\u00b4Europa medievale, per poter ammirare la tanto desiderata tomba a Santiago di Compostela. Questo port\u00f2 ad un crescente riconoscimento tra i pellegrini e gli studiosi, guadagnandosi l\u00b4onore di essere il percorso pi\u00f9 riconosciuto al mondo, con un grande riconoscimento economico e sociale.\", \"Oggi \u00e8 il percorso pi\u00f9 frequentato in quanto il pi\u00f9 riconosciuto a livello mondiale ed \u00e8 anche il meglio attrezzato per accogliere il gran numero di pellegrini che lo percorrono. Ha un itinerario vicino al nord della penisola, di circa 760 km, suddiviso in 31 tappe, con inizio a Saint Jean Pied de Port\u2026\"]'\n\t\t\t  data-link=\"\/it\/cammino-francese\/\"\n\t\t\t>\n\t\t\t  <div class=\"card-best-experience__header\">\n\t\t\t\t<div class=\"content-card\">\n\t\t\t\t  <img\n\t\t\t\t\tsrc=\"https:\/\/cdn.pilgrim.es\/web\/caminos\/home\/caminos-principales\/camino-frances.jpg\"\n\t\t\t\t\talt=\"Cammino Francese\"\n\t\t\t\t\tclass=\"img-card group-hover:p-scale-110\"\n\t\t\t\t  \/>\n\t\t\t\t  <div class=\"card-overlay group-hover:p-opacity-50\"><\/div>\n\t\t\t\t  <div class=\"content-card__info-top p-h-full p-z-10\">\n\t\t\t\t\t<h3 class=\"content-card__info-top__way\">\n\t\t\t\t\t  <a\n\t\t\t\t\t\thref=\"https:\/\/www.pilgrim.es\/it\/cammino-francese\/\"\n\t\t\t\t\t\tclass=\"after:p-absolute after:p-inset-0 p-text-white hover:p-text-light\"\n\t\t\t\t\t\t>Cammino <br \/>\n\t\t\t\t\t\t<span>Francese<\/span><\/a\n\t\t\t\t\t  >\n\t\t\t\t\t<\/h3>\n\t\t\t\t\t<div class=\"content-card__info-top__town p-self-start\">\n\t\t\t\t\t  <div>Burgos<\/div>\n\t\t\t\t\t<\/div>\n\t\t\t\t  <\/div>\n\t\t\t\t  <div class=\"content-card__info-bottom\">\n\t\t\t\t\t<div class=\"content-card__info-bottom__stages\">\n\t\t\t\t\t  <div class=\"col-apie\">\n\t\t\t\t\t\t<i class=\"icon-on-foot\"><\/i>\n\t\t\t\t\t\t<div>\n\t\t\t\t\t\t  <p class=\"number-km\">764 kms<\/p>\n\t\t\t\t\t\t  <p>33 tappe<\/p>\n\t\t\t\t\t\t<\/div>\n\t\t\t\t\t  <\/div>\n\t\t\t\t\t  <div class=\"col-enbici\">\n\t\t\t\t\t\t<i class=\"icon-by-bike\"><\/i>\n\t\t\t\t\t\t<div>\n\t\t\t\t\t\t  <p class=\"number-km\">741 kms<\/p>\n\t\t\t\t\t\t  <p>14 tappe<\/p>\n\t\t\t\t\t\t<\/div>\n\t\t\t\t\t  <\/div>\n\t\t\t\t\t<\/div>\n\t\t\t\t\t<div class=\"content-card__info-bottom__btn\">\n\t\t\t\t\t  <button>\n\t\t\t\t\t\t<i class=\"icon-arrow\"><\/i>\n\t\t\t\t\t  <\/button>\n\t\t\t\t\t<\/div>\n\t\t\t\t  <\/div>\n\t\t\t\t<\/div>\n\t\t\t  <\/div>\n\t\t\t<\/div>\n\t\t\t<p class=\"cards-primary-ways__text\">\n\t\t\t  Questo percorso, descritto nel Codex Calixtinus (XII secolo), \u00e8 il pi\u00f9\n\t\t\t  rilevante dal punto di vista storico. Al suo punto di partenza\n\t\t\t  convergono la maggior parte delle rotte europee.\n\t\t\t<\/p>\n\t\t\t<button\n\t\t\t  class=\"cards-primary-ways__btn\"\n\t\t\t  data-toggle=\"modal-history\"\n\t\t\t  type=\"button\"\n\t\t\t>\n\t\t\t  Storia &#8599;\n\t\t\t<\/button>\n\t\t\t<div class=\"cards-primary-ways__variant\">\n\t\t\t  <p class=\"variant-title\">Variante del Cammino Francese<\/p>\n\t\t\t  \n\t\t\t\t<div class=\"variant-info\">\n\t\t\t\t  <img\n\t\t\t\t\tsrc=\"https:\/\/cdn.pilgrim.es\/web\/caminos\/home\/mapas-variantes\/camino-aragones.jpg\"\n\t\t\t\t\talt=\"Cammino Aragonese\"\n\t\t\t\t  \/>\n\t\t\t\t  <div>\n\t\t\t\t\t<hr class=\"hr-top\" \/>\n\t\t\t\t\t<div class=\"variant-way p-group p-relative\">\n\t\t\t\t\t  <div><a href=\"https:\/\/www.pilgrim.es\/it\/cammino-aragonese\/\" class=\"after:p-absolute after:p-inset-0 p-col-span-3 p-text-secondary\">\n\t\t\t\t\t\tCammino Aragonese <br \/>\n\t\t\t\t\t\t<span>205 Kms<\/span>\n\t\t\t\t\t  <\/a><\/div>\n\t\t\t\t\t  <button class=\"group-hover:p-opacity-50\">\n\t\t\t\t\t\t<i class=\"icon-arrow\"><\/i>\n\t\t\t\t\t  <\/button>\n\t\t\t\t\t<\/div>\n\t\t\t\t\t<hr class=\"hr-bottom\" \/>\n\t\t\t\t  <\/div>\n\t\t\t\t<\/div>\n\t\t\t  \n\t\t\t<\/div>\n\t\t  <\/div>\n\t\t  <div>\n\t\t\t<div\n\t\t\t  class=\"cards-primary-ways__card card-best-experience p-group\"\n\t\t\t  data-title=\"Cammino Portoghese\"\n\t\t\t  data-content='[\"Questo percorso del Cammino di Santiago ha vissuto una crescita significativa dopo l\u00b4indipendenza del Portogallo nel XII secolo, essendo attraversato dal Re Alfonso I. Il tragitto dalle terre portoghesi fino alla capitale Compostelana andava oltre i motivi spirituali: a causa dell\u00b4indipendenza, le ragioni culturali ed economiche aumentarono i rapporti tra i territori vicini. Ci\u00f2 port\u00f2 alla costruzione di una rete stradale dalle terre lusitane, che \u00e8 perdurata nel tempo fino ad oggi, creando un itinerario ricco di storia tra il paese vicino e la comunit\u00e0 galiziana.\", \"Molti furono i re, i nobili e i religiosi che, con i loro pellegrinaggi, contribuirono alla crescita dell\u00b4importanza della rotta giacobea, rendendola una delle pi\u00f9 percorse ancora oggi. Un esempio \u00e8 quello di Donna Isabella del Portogallo che, dopo aver pellegrinato fino alla Cattedrale di Santiago, offr\u00ec la sua corona di imperatrice del Sacro Romano Impero all\u00b4Apostolo nel XIV secolo. Successivamente, alla sua morte, i suoi resti furono sepolti nella citt\u00e0 portoghese di Coimbra con un bastone da pellegrina, come aveva espresso prima del decesso\u2026\"]'\n\t\t\t  data-link=\"\/it\/cammino-portoghese\/\"\n\t\t\t>\n\t\t\t  <div class=\"card-best-experience__header p-relative\">\n\t\t\t\t<div class=\"content-card\">\n\t\t\t\t  <img\n\t\t\t\t\tsrc=\"https:\/\/cdn.pilgrim.es\/web\/caminos\/home\/caminos-principales\/camino-portugues.jpg\"\n\t\t\t\t\talt=\"Cammino Portoghese\"\n\t\t\t\t\tclass=\"img-card group-hover:p-scale-110\"\n\t\t\t\t  \/>\n\t\t\t\t  <div class=\"card-overlay group-hover:p-opacity-50\"><\/div>\n\t\t\t\t  <div class=\"content-card__info-top p-h-full p-z-10\">\n\t\t\t\t\t<h3 class=\"content-card__info-top__way\">\n\t\t\t\t\t  <a\n\t\t\t\t\t\thref=\"https:\/\/www.pilgrim.es\/it\/cammino-portoghese\/\"\n\t\t\t\t\t\tclass=\"after:p-absolute after:p-inset-0 p-text-white hover:p-text-light\"\n\t\t\t\t\t\t>Cammino <br \/>\n\t\t\t\t\t\t<span>Portoghese<\/span><\/a\n\t\t\t\t\t  >\n\t\t\t\t\t<\/h3>\n\t\t\t\t\t<div class=\"content-card__info-top__town p-self-start\">\n\t\t\t\t\t  <div>Lisbona<\/div>\n\t\t\t\t\t<\/div>\n\t\t\t\t  <\/div>\n\t\t\t\t  <div class=\"content-card__info-bottom\">\n\t\t\t\t\t<div class=\"content-card__info-bottom__stages\">\n\t\t\t\t\t  <div class=\"col-apie\">\n\t\t\t\t\t\t<i class=\"icon-on-foot\"><\/i>\n\t\t\t\t\t\t<div>\n\t\t\t\t\t\t  <p class=\"number-km\">620 kms<\/p>\n\t\t\t\t\t\t  <p>25 tappe<\/p>\n\t\t\t\t\t\t<\/div>\n\t\t\t\t\t  <\/div>\n\t\t\t\t\t  <div class=\"col-enbici\">\n\t\t\t\t\t\t<i class=\"icon-by-bike\"><\/i>\n\t\t\t\t\t\t<div>\n\t\t\t\t\t\t  <p class=\"number-km\">582 kms<\/p>\n\t\t\t\t\t\t  <p>11 tappe<\/p>\n\t\t\t\t\t\t<\/div>\n\t\t\t\t\t  <\/div>\n\t\t\t\t\t<\/div>\n\t\t\t\t\t<div class=\"content-card__info-bottom__btn\">\n\t\t\t\t\t  <button>\n\t\t\t\t\t\t<i class=\"icon-arrow\"><\/i>\n\t\t\t\t\t  <\/button>\n\t\t\t\t\t<\/div>\n\t\t\t\t  <\/div>\n\t\t\t\t<\/div>\n\t\t\t  <\/div>\n\t\t\t<\/div>\n\t\t\t<p class=\"cards-primary-ways__text\">\n\t\t\t  Il secondo itinerario pi\u00f9 popolare, con antiche strade ereditate\n\t\t\t  dall&#8217;epoca romana e percorso da illustri pellegrini.\n\t\t\t<\/p>\n\t\t\t<button\n\t\t\t  class=\"cards-primary-ways__btn\"\n\t\t\t  data-toggle=\"modal-history\"\n\t\t\t  type=\"button\"\n\t\t\t>\n\t\t\t  Storia &#8599;\n\t\t\t<\/button>\n\t\t\t<div class=\"cards-primary-ways__variant\">\n\t\t\t  <p class=\"variant-title\">Variante del Cammino Portoghese<\/p>\n\t\t\t\t<div class=\"variant-info\">\n\t\t\t\t  <img\n\t\t\t\t\tsrc=\"https:\/\/cdn.pilgrim.es\/web\/caminos\/home\/mapas-variantes\/camino-portugues-variante-espiritual.jpg\"\n\t\t\t\t\talt=\"Cammino Spirituale\"\n\t\t\t\t  \/>\n\t\t\t\t  <div>\n\t\t\t\t\t<hr class=\"hr-top\" \/>\n\t\t\t\t\t<div class=\"variant-way p-group p-relative\">\n\t\t\t\t\t  <div> <a\n\t\t\t\thref=\"https:\/\/www.pilgrim.es\/it\/esperienze\/cammino-portoghese-da-tui-variante-spirituale\/\" class=\"after:p-absolute after:p-inset-0 p-col-span-3 p-text-secondary\"\"\n\t\t\t  >\n\t\t\t\t\t\tCammino Spirituale <br \/>\n\t\t\t\t\t\t<span>266 Kms<\/span>\n\t\t\t\t\t  <\/a><\/div>\n\t\t\t\t\t  <button class=\"group-hover:p-opacity-50\">\n\t\t\t\t\t\t<i class=\"icon-arrow\"><\/i>\n\t\t\t\t\t  <\/button>\n\t\t\t\t\t<\/div>\n\t\t\t\t\t<hr class=\"hr-bottom\" \/>\n\t\t\t\t  <\/div>\n\t\t\t\t<\/div>\n\t\t\t<\/div>\n\t\t  <\/div>\n\t\t  <div>\n\t\t\t<div\n\t\t\t  class=\"cards-primary-ways__card card-best-experience p-group\"\n\t\t\t  data-title=\"Cammino Portoghese lungo la Costa\"\n\t\t\t  data-content='[\"Il percorso \u00e8 generalmente pianeggiante e percorribile tutto l\u00b4anno, si snoda tra scogliere, montagne ed estuari. Inizia nella citt\u00e0 importante di Porto e attraversa citt\u00e0 come P\u00f3voa de Varzim, Viana do Castelo, Esposende, A Guarda, Baiona\u2026\", \"Il fiume Mi\u00f1o attende i pellegrini alle porte del territorio galiziano provenienti dal Portogallo. Per secoli l\u00b4opzione principale era deviare verso l\u00b4interno in direzione di Tui, ma seguendo il percorso costiero, una volta arrivati in Galizia, si pu\u00f2 optare per un\u00b4altra via: dalla localit\u00e0 di Caminha, prendere il traghetto per A Guarda.\"]'\n\t\t\t  data-link=\"\/it\/cammino-portoghese-per-la-costa\/\"\n\t\t\t>\n\t\t\t  <div class=\"card-best-experience__header p-relative\">\n\t\t\t\t<div class=\"content-card\">\n\t\t\t\t  <img\n\t\t\t\t\tsrc=\"https:\/\/cdn.pilgrim.es\/web\/caminos\/home\/caminos-principales\/camino-portugues-costa.jpg\"\n\t\t\t\t\talt=\"Cammino Portoghese lungo la Costa\"\n\t\t\t\t\tclass=\"img-card group-hover:p-scale-110\"\n\t\t\t\t  \/>\n\t\t\t\t  <div class=\"card-overlay group-hover:p-opacity-50\"><\/div>\n\t\t\t\t  <div class=\"content-card__info-top p-h-full p-z-10\">\n\t\t\t\t\t<h3 class=\"content-card__info-top__way\">\n\t\t\t\t\t  <a\n\t\t\t\t\t\thref=\"https:\/\/www.pilgrim.es\/it\/cammino-portoghese-per-la-costa\/\"\n\t\t\t\t\t\tclass=\"after:p-absolute after:p-inset-0 p-text-white hover:p-text-light\"\n\t\t\t\t\t\t>Cammino <br \/>\n\t\t\t\t\t\t<span\n\t\t\t\t\t\t  >Portoghese <br \/>\n\t\t\t\t\t\t  lungo la Costa<\/span\n\t\t\t\t\t\t><\/a\n\t\t\t\t\t  >\n\t\t\t\t\t<\/h3>\n\t\t\t\t\t<div class=\"content-card__info-top__town p-self-start\">\n\t\t\t\t\t  <div>Porto<\/div>\n\t\t\t\t\t<\/div>\n\t\t\t\t  <\/div>\n\t\t\t\t  <div class=\"content-card__info-bottom\">\n\t\t\t\t\t<div class=\"content-card__info-bottom__stages\">\n\t\t\t\t\t  <div class=\"col-apie\">\n\t\t\t\t\t\t<i class=\"icon-on-foot\"><\/i>\n\t\t\t\t\t\t<div>\n\t\t\t\t\t\t  <p class=\"number-km\">266 kms<\/p>\n\t\t\t\t\t\t  <p>13 tappe<\/p>\n\t\t\t\t\t\t<\/div>\n\t\t\t\t\t  <\/div>\n\t\t\t\t\t  <div class=\"col-enbici\">\n\t\t\t\t\t\t<i class=\"icon-by-bike\"><\/i>\n\t\t\t\t\t\t<div>\n\t\t\t\t\t\t  <p class=\"number-km\">268 kms<\/p>\n\t\t\t\t\t\t  <p>4 tappe<\/p>\n\t\t\t\t\t\t<\/div>\n\t\t\t\t\t  <\/div>\n\t\t\t\t\t<\/div>\n\t\t\t\t\t<div class=\"content-card__info-bottom__btn\">\n\t\t\t\t\t  <button>\n\t\t\t\t\t\t<i class=\"icon-arrow\"><\/i>\n\t\t\t\t\t  <\/button>\n\t\t\t\t\t<\/div>\n\t\t\t\t  <\/div>\n\t\t\t\t<\/div>\n\t\t\t  <\/div>\n\t\t\t<\/div>\n\t\t\t<p class=\"cards-primary-ways__text\">\n\t\t\t  Il Cammino lungo la Costa \u00e8 anche conosciuto come Cammino Monastico\n\t\t\t  per i numerosi monasteri che si trovano lungo il percorso.\n\t\t\t<\/p>\n\t\t\t<button\n\t\t\t  class=\"cards-primary-ways__btn\"\n\t\t\t  data-toggle=\"modal-history\"\n\t\t\t  type=\"button\"\n\t\t\t>\n\t\t\t  Storia &#8599;\n\t\t\t<\/button>\n\t\t\t<div class=\"cards-primary-ways__variant\">\n\t\t\t  <p class=\"variant-title\">Variante del Cammino Portoghese<\/p>\n\t\t\t  \n\t\t\t\t<div class=\"variant-info\">\n\t\t\t\t  <img\n\t\t\t\t\tsrc=\"https:\/\/cdn.pilgrim.es\/web\/caminos\/home\/mapas-variantes\/camino-portugues-variante-espiritual.jpg\"\n\t\t\t\t\talt=\"Cammino Spirituale\"\n\t\t\t\t  \/>\n\t\t\t\t  <div>\n\t\t\t\t\t<hr class=\"hr-top\" \/>\n\t\t\t\t\t<div class=\"variant-way p-group p-relative\">\n\t\t\t\t\t  <div><a\n\t\t\t\thref=\"https:\/\/www.pilgrim.es\/it\/esperienze\/cammino-portoghese-da-tui-variante-spirituale\/\" class=\"after:p-absolute after:p-inset-0 p-col-span-3 p-text-secondary\"\"\n\t\t\t  >\n\t\t\t\t\t\tCammino Spirituale <br \/>\n\t\t\t\t\t\t<\/a><span>266 Kms<\/span>\n\t\t\t\t\t  <\/div>\n\t\t\t\t\t  <button class=\"group-hover:p-opacity-50\">\n\t\t\t\t\t\t<i class=\"icon-arrow\"><\/i>\n\t\t\t\t\t  <\/button>\n\t\t\t\t\t<\/div>\n\t\t\t\t\t<hr class=\"hr-bottom\" \/>\n\t\t\t\t  <\/div>\n\t\t\t\t<\/div>\n\t\t\t  \n\t\t\t<\/div>\n\t\t  <\/div>\n\t\n\t\t  <div>\n\t\t\t<div\n\t\t\t  class=\"cards-primary-ways__card card-best-experience p-group\"\n\t\t\t  data-title=\"Cammino del Nord\"\n\t\t\t  data-content='[\"Il suo tracciato attraversa tutta la zona nord della Spagna, dalle terre basche fino a Santiago di Compostela, lungo le coste del Mar Cantabrico. Inizia a Ir\u00fan e lungo il percorso attraversa incredibili citt\u00e0 come San Sebasti\u00e1n, Bilbao, Santander o Gij\u00f3n. Una volta alla frontiera galiziana, entra nella comunit\u00e0 attraverso la localit\u00e0 di Ribadeo, nella provincia di Lugo, a soli 180 chilometri dalla Cattedrale di Santiago.\", \"Dopo il Cammino Primitivo, \u00e8 considerato uno dei percorsi con pi\u00f9 storia, al pari del Cammino Francese. Molti re e regine di diversi paesi europei hanno percorso questa rotta per contemplare, infine, i resti dell\u00b4Apostolo. Dopo la riconquista del territorio spagnolo occupato dai musulmani, questo cammino del nord perse importanza a favore della via francese, che ricevette anche maggiore sostegno dalla monarchia spagnola nel XII secolo. Tuttavia, molti pellegrini scelsero di continuare a percorrere la costa e i porti baschi e cantabrici, motivo per cui \u00e8 stato anche chiamato Cammino della Costa\u2026\"]'\n\t\t\t  data-link=\"\/it\/cammino-nord\/\"\n\t\t\t>\n\t\t\t  <div class=\"card-best-experience__header p-relative\">\n\t\t\t\t<div class=\"content-card\">\n\t\t\t\t  <img\n\t\t\t\t\tsrc=\"https:\/\/cdn.pilgrim.es\/web\/caminos\/home\/caminos-principales\/camino-norte.jpg\"\n\t\t\t\t\talt=\"Cammino del Nord\"\n\t\t\t\t\tclass=\"img-card group-hover:p-scale-110\"\n\t\t\t\t  \/>\n\t\t\t\t  <div class=\"card-overlay group-hover:p-opacity-50\"><\/div>\n\t\t\t\t  <div class=\"content-card__info-top p-h-full p-z-10\">\n\t\t\t\t\t<h3 class=\"content-card__info-top__way\">\n\t\t\t\t\t  <a\n\t\t\t\t\t\thref=\"https:\/\/www.pilgrim.es\/it\/cammino-nord\/\"\n\t\t\t\t\t\tclass=\"after:p-absolute after:p-inset-0 p-text-white hover:p-text-light\"\n\t\t\t\t\t\t>Cammino <br \/>\n\t\t\t\t\t\t<span>Del Nord<\/span><\/a\n\t\t\t\t\t  >\n\t\t\t\t\t<\/h3>\n\t\t\t\t\t<div class=\"content-card__info-top__town p-self-start\">\n\t\t\t\t\t  <div>Bilbao<\/div>\n\t\t\t\t\t<\/div>\n\t\t\t\t  <\/div>\n\t\t\t\t  <div class=\"content-card__info-bottom\">\n\t\t\t\t\t<div class=\"content-card__info-bottom__stages\">\n\t\t\t\t\t  <div class=\"col-apie\">\n\t\t\t\t\t\t<i class=\"icon-on-foot\"><\/i>\n\t\t\t\t\t\t<div>\n\t\t\t\t\t\t  <p class=\"number-km\">824 kms<\/p>\n\t\t\t\t\t\t  <p>34 tappe<\/p>\n\t\t\t\t\t\t<\/div>\n\t\t\t\t\t  <\/div>\n\t\t\t\t\t  <div class=\"col-enbici\">\n\t\t\t\t\t\t<i class=\"icon-by-bike\"><\/i>\n\t\t\t\t\t\t<div>\n\t\t\t\t\t\t  <p class=\"number-km\">827 kms<\/p>\n\t\t\t\t\t\t  <p>18 tappe<\/p>\n\t\t\t\t\t\t<\/div>\n\t\t\t\t\t  <\/div>\n\t\t\t\t\t<\/div>\n\t\t\t\t\t<div class=\"content-card__info-bottom__btn\">\n\t\t\t\t\t  <button>\n\t\t\t\t\t\t<i class=\"icon-arrow\"><\/i>\n\t\t\t\t\t  <\/button>\n\t\t\t\t\t<\/div>\n\t\t\t\t  <\/div>\n\t\t\t\t<\/div>\n\t\t\t  <\/div>\n\t\t\t<\/div>\n\t\t\t<p class=\"cards-primary-ways__text\">\n\t\t\t  Un cammino medievale, sostenuto dall&#8217;insediamento di ordini religiosi,\n\t\t\t  templi e ospedali. Si snoda principalmente attraverso localit\u00e0\n\t\t\t  costiere.\n\t\t\t<\/p>\n\t\t\t<button\n\t\t\t  class=\"cards-primary-ways__btn\"\n\t\t\t  data-toggle=\"modal-history\"\n\t\t\t  type=\"button\"\n\t\t\t>\n\t\t\t  Storia &#8599;\n\t\t\t<\/button>\n\t\t\t<div class=\"cards-primary-ways__variant\">\n\t\t\t  <p class=\"variant-title\">Variante del Cammino del Nord<\/p>\n\t\t\t\t<div class=\"variant-info\">\n\t\t\t\t  <img\n\t\t\t\t\tsrc=\"https:\/\/cdn.pilgrim.es\/web\/caminos\/home\/mapas-variantes\/camino-vasco-norte.jpg\"\n\t\t\t\t\talt=\"Cammino Vasco\"\n\t\t\t\t  \/>\n\t\t\t\t  <div>\n\t\t\t\t\t<hr class=\"hr-top\" \/>\n\t\t\t\t\t<div class=\"variant-way p-group p-relative\">\n\t\t\t\t\t  <div><a href=\"https:\/\/www.pilgrim.es\/it\/cammino-basco\/\" class=\"after:p-absolute after:p-inset-0 p-col-span-3 p-text-secondary\">\n\t\t\t\t\t\tCammino Vasco del Nord <br \/>\n\t\t\t\t\t\t<span>252 Kms \/ 199 Kms<\/span>\n\t\t\t\t\t  <\/a><\/div>\n\t\t\t\t\t  <button class=\"group-hover:p-opacity-50\">\n\t\t\t\t\t\t<i class=\"icon-arrow\"><\/i>\n\t\t\t\t\t  <\/button>\n\t\t\t\t\t<\/div>\n\t\t\t\t\t<hr class=\"hr-bottom\" \/>\n\t\t\t\t  <\/div>\n\t\t\t\t<\/div>\n\t\t\t<\/div>\n\t\t  <\/div>\n\t\t  <div>\n\t\t\t<div\n\t\t\t  class=\"cards-primary-ways__card card-best-experience p-group\"\n\t\t\t  data-title=\"Cammino Inglese\"\n\t\t\t  data-content='[\"Grazie alla posizione dei porti di ingresso delle citt\u00e0 di Ferrol e A Coru\u00f1a, nacque questo percorso galiziano. Non furono solo i navigatori inglesi a solcare le coste galiziane; scozzesi, irlandesi e molti altri provenienti dai paesi scandinavi e dai Paesi Bassi arrivavano nei porti per poi proseguire via terra lungo percorsi tracciati per il commercio. I pellegrinaggi iniziarono a guadagnare fama tra i marinai a met\u00e0 del XIV secolo, quando desiderarono conoscere santuari cristiani oltre quelli presenti nei loro territori.\", \"120 km separano le citt\u00e0 di Ferrol e Santiago di Compostela. Un percorso ricco di storia e patrimonio, dove il verde domina ogni tappa e la tranquillit\u00e0 accompagna i pellegrini su un cammino lontano dalla folla di altre rotte. Esistono due varianti: una da Ferrol e un\u00b4altra da A Coru\u00f1a, con 5 tappe nella prima e solo 3 nella seconda fino a Santiago\u2026\"]'\n\t\t\t  data-link=\"\/it\/cammino-inglese\/\"\n\t\t\t>\n\t\t\t  <div class=\"card-best-experience__header p-relative\">\n\t\t\t\t<div class=\"content-card\">\n\t\t\t\t  <img\n\t\t\t\t\tsrc=\"https:\/\/cdn.pilgrim.es\/web\/caminos\/home\/caminos-principales\/camino-ingles.jpg\"\n\t\t\t\t\talt=\"Cammino Inglese\"\n\t\t\t\t\tclass=\"img-card group-hover:p-scale-110\"\n\t\t\t\t  \/>\n\t\t\t\t  <div class=\"card-overlay group-hover:p-opacity-50\"><\/div>\n\t\t\t\t  <div class=\"content-card__info-top p-h-full p-z-10\">\n\t\t\t\t\t<h3 class=\"content-card__info-top__way\">\n\t\t\t\t\t  <a\n\t\t\t\t\t\thref=\"https:\/\/www.pilgrim.es\/it\/cammino-inglese\/\"\n\t\t\t\t\t\tclass=\"after:p-absolute after:p-inset-0 p-text-white hover:p-text-light\"\n\t\t\t\t\t\t>Cammino <br \/>\n\t\t\t\t\t\t<span>Inglese<\/span><\/a\n\t\t\t\t\t  >\n\t\t\t\t\t<\/h3>\n\t\t\t\t\t<div class=\"content-card__info-top__town p-self-start\">\n\t\t\t\t\t  <div>Ferrol<\/div>\n\t\t\t\t\t<\/div>\n\t\t\t\t  <\/div>\n\t\t\t\t  <div class=\"content-card__info-bottom\">\n\t\t\t\t\t<div class=\"content-card__info-bottom__stages\">\n\t\t\t\t\t  <div class=\"col-apie\">\n\t\t\t\t\t\t<i class=\"icon-on-foot\"><\/i>\n\t\t\t\t\t\t<div>\n\t\t\t\t\t\t  <p class=\"number-km\">119 kms<\/p>\n\t\t\t\t\t\t  <p>6 tappe<\/p>\n\t\t\t\t\t\t<\/div>\n\t\t\t\t\t  <\/div>\n\t\t\t\t\t<\/div>\n\t\t\t\t\t<div class=\"content-card__info-bottom__btn\">\n\t\t\t\t\t  <button>\n\t\t\t\t\t\t<i class=\"icon-arrow\"><\/i>\n\t\t\t\t\t  <\/button>\n\t\t\t\t\t<\/div>\n\t\t\t\t  <\/div>\n\t\t\t\t<\/div>\n\t\t\t  <\/div>\n\t\t\t<\/div>\n\t\t\t<p class=\"cards-primary-ways__text\">\n\t\t\t  L&#8217;unico percorso con origine dal mare, dove sbarcavano pellegrini\n\t\t\t  provenienti dalle Isole Britanniche, dall&#8217;Irlanda e dal Nord Europa.\n\t\t\t<\/p>\n\t\t\t<button\n\t\t\t  class=\"cards-primary-ways__btn\"\n\t\t\t  data-toggle=\"modal-history\"\n\t\t\t  type=\"button\"\n\t\t\t>\n\t\t\t  Storia &#8599;\n\t\t\t<\/button>\n\t\t\t<div class=\"cards-primary-ways__variant\">\n\t\t\t  <p class=\"variant-title\">Variante del Cammino Inglese<\/p>\n\t\t\t\t<div class=\"variant-info\">\n\t\t\t\t  <img\n\t\t\t\t\tsrc=\"https:\/\/cdn.pilgrim.es\/web\/caminos\/home\/mapas-variantes\/camino-ingles-coruna.jpg\"\n\t\t\t\t\talt=\"Cammino Inglese da A Coru\u00f1a\"\n\t\t\t\t  \/>\n\t\t\t\t  <div>\n\t\t\t\t\t<hr class=\"hr-top\" \/>\n\t\t\t\t\t<div class=\"variant-way p-group p-relative\">\n\t\t\t\t\t  <div><a href=\"https:\/\/www.pilgrim.es\/it\/cammino-di-santiago-dalla-a-coruna-ottenere-compostela\/\" class=\"after:p-absolute after:p-inset-0 p-col-span-3 p-text-secondary\">\n\t\t\t\t\t\tCammino Inglese da A Coru\u00f1a <br \/>\n\t\t\t\t\t\t<span>98 Kms<\/span>\n\t\t\t\t\t  <\/a><\/div>\n\t\t\t\t\t  <button class=\"group-hover:p-opacity-50\">\n\t\t\t\t\t\t<i class=\"icon-arrow\"><\/i>\n\t\t\t\t\t  <\/button>\n\t\t\t\t\t<\/div>\n\t\t\t\t\t<hr class=\"hr-bottom\" \/>\n\t\t\t\t  <\/div>\n\t\t\t\t<\/div>\n\t\t\t<\/div>\n\t\t  <\/div>\n\t\t  <div>\n\t\t\t<div\n\t\t\t  class=\"cards-primary-ways__card card-best-experience p-group\"\n\t\t\t  data-title=\"Via della Plata\"\n\t\t\t  data-content='[\"Questo Cammino nasce nell\u00b4epoca romana. Inizialmente, era una strada utilizzata dall\u00b4antico impero nel suo percorso attraverso l\u00b4Hispania, impiegata dalla localit\u00e0 di M\u00e9rida (Augusta Emerita) fino ad Astorga (Art\u00farica Augusta). Fu un importante asse di comunicazione nell\u00b4ovest della penisola, il che trasform\u00f2 questa Via della Plata nell\u00b4itinerario scelto per salire dal sud fino alla capitale Compostelana.\", \"Dopo la riconquista dei territori meridionali dall\u00b4esercito musulmano, la rotta si estese artificialmente verso sud. Nel X secolo, Almanzor effettu\u00f2 un saccheggio portando le campane della Cattedrale di Santiago a sud, utilizzando prigionieri cristiani per il loro trasporto verso C\u00f3rdoba. Questo evento rappresent\u00f2 la prima grande affluenza di persone su questo percorso. Successivamente, dopo la ricristianizzazione della penisola iberica, le campane furono restituite alla loro origine attraverso la Via della Plata, stabilendo le basi per i futuri pellegrinaggi dalla comunit\u00e0 andalusa ed estrema\u00f1a fino alla Galizia\u2026\"]'\n\t\t\t  data-link=\"\/it\/via-plata\/\"\n\t\t\t>\n\t\t\t  <div class=\"card-best-experience__header p-relative\">\n\t\t\t\t<div class=\"content-card\">\n\t\t\t\t  <img\n\t\t\t\t\tsrc=\"https:\/\/cdn.pilgrim.es\/web\/caminos\/home\/caminos-principales\/via-plata.jpg\"\n\t\t\t\t\talt=\"Via della Plata\"\n\t\t\t\t\tclass=\"img-card group-hover:p-scale-110\"\n\t\t\t\t  \/>\n\t\t\t\t  <div class=\"card-overlay group-hover:p-opacity-50\"><\/div>\n\t\t\t\t  <div class=\"content-card__info-top p-h-full p-z-10\">\n\t\t\t\t\t<h3 class=\"content-card__info-top__way\">\n\t\t\t\t\t  <a\n\t\t\t\t\t\thref=\"https:\/\/www.pilgrim.es\/it\/via-plata\/\"\n\t\t\t\t\t\tclass=\"after:p-absolute after:p-inset-0 p-text-white hover:p-text-light\"\n\t\t\t\t\t\t>Cammino <br \/>\n\t\t\t\t\t\t<span>Via della Plata<\/span>\n\t\t\t\t\t  <\/a>\n\t\t\t\t\t<\/h3>\n\t\t\t\t\t<div class=\"content-card__info-top__town p-self-start\">\n\t\t\t\t\t  <div>Siviglia<\/div>\n\t\t\t\t\t<\/div>\n\t\t\t\t  <\/div>\n\t\t\t\t  <div class=\"content-card__info-bottom\">\n\t\t\t\t\t<div class=\"content-card__info-bottom__stages\">\n\t\t\t\t\t  <div class=\"col-apie\">\n\t\t\t\t\t\t<i class=\"icon-on-foot\"><\/i>\n\t\t\t\t\t\t<div>\n\t\t\t\t\t\t  <p class=\"number-km\">970 kms<\/p>\n\t\t\t\t\t\t  <p>36 tappe<\/p>\n\t\t\t\t\t\t<\/div>\n\t\t\t\t\t  <\/div>\n\t\t\t\t\t  <div class=\"col-enbici\">\n\t\t\t\t\t\t<i class=\"icon-by-bike\"><\/i>\n\t\t\t\t\t\t<div>\n\t\t\t\t\t\t  <p class=\"number-km\">960 kms<\/p>\n\t\t\t\t\t\t  <p>16 tappe<\/p>\n\t\t\t\t\t\t<\/div>\n\t\t\t\t\t  <\/div>\n\t\t\t\t\t<\/div>\n\t\t\t\t\t<div class=\"content-card__info-bottom__btn\">\n\t\t\t\t\t  <button>\n\t\t\t\t\t\t<i class=\"icon-arrow\"><\/i>\n\t\t\t\t\t  <\/button>\n\t\t\t\t\t<\/div>\n\t\t\t\t  <\/div>\n\t\t\t\t<\/div>\n\t\t\t  <\/div>\n\t\t\t<\/div>\n\t\t\t<p class=\"cards-primary-ways__text\">\n\t\t\t  Il percorso pi\u00f9 lungo, che attraversa la penisola da sud a nord.\n\t\t\t  Un&#8217;opportunit\u00e0 per conoscere luoghi di grande rilevanza storica e\n\t\t\t  artistica.\n\t\t\t<\/p>\n\t\t\t<button\n\t\t\t  class=\"cards-primary-ways__btn\"\n\t\t\t  data-toggle=\"modal-history\"\n\t\t\t  type=\"button\"\n\t\t\t>\n\t\t\t  Storia &#8599;\n\t\t\t<\/button>\n\t\t\t<div class=\"cards-primary-ways__variant\">\n\t\t\t  <p class=\"variant-title\">Variante della Via della Plata<\/p>\n\t\t\t\t<div class=\"variant-info\">\n\t\t\t\t  <img\n\t\t\t\t\tsrc=\"https:\/\/cdn.pilgrim.es\/web\/caminos\/home\/mapas-variantes\/camino-sanabres.jpg\"\n\t\t\t\t\talt=\"Cammino Sanabrese\"\n\t\t\t\t  \/>\n\t\t\t\t  <div>\n\t\t\t\t\t<hr class=\"hr-top\" \/>\n\t\t\t\t\t<div class=\"variant-way p-group p-relative\">\n\t\t\t\t\t  <div><a href=\"https:\/\/www.pilgrim.es\/it\/cammino-sanabrese\/\" class=\"after:p-absolute after:p-inset-0 p-col-span-3 p-text-secondary\">\n\t\t\t\t\t\tCammino Sanabrese <br \/>\n\t\t\t\t\t\t<span>369 Kms<\/span>\n\t\t\t\t\t  <\/a><\/div>\n\t\t\t\t\t  <button class=\"group-hover:p-opacity-50\">\n\t\t\t\t\t\t<i class=\"icon-arrow\"><\/i>\n\t\t\t\t\t  <\/button>\n\t\t\t\t\t<\/div>\n\t\t\t\t\t<hr class=\"hr-bottom\" \/>\n\t\t\t\t  <\/div>\n\t\t\t\t<\/div>\n\t\t\t<\/div>\n\t\t  <\/div>\n\t\t  <div>\n\t\t\t<div\n\t\t\t  class=\"cards-primary-ways__card card-best-experience p-group\"\n\t\t\t  data-title=\"Cammino Primitivo\"\n\t\t\t  data-content='[\"Non appena fu scoperta la tomba dell\u00b4Apostolo Santiago nell\u00b4anno 813, Alfonso II, soprannominato il Casto e re della nota Gallaecia, intraprese il cammino verso le terre galiziane partendo dalle Asturie con la mente rivolta all\u00b4incredibile ritrovamento. Percorse il sentiero che attraversa l\u00b4interno delle terre asturiane per arrivare a Lugo, e da l\u00ec proseguire fino alla capitale compostelana, dove, al suo arrivo, ordin\u00f2 la costruzione di una chiesa di culto per custodire le reliquie dell\u00b4Apostolo, gettando cos\u00ec le basi dell\u00b4attuale celebre Cattedrale e creando quello che sarebbe diventato il primo di tutti i Cammini verso Santiago, il Cammino Primitivo.\", \"\u00c8 un\u00b4opzione meravigliosa per scoprire le vere radici del pellegrinaggio, partendo da Oviedo e attraversando il Principato delle Asturie nella sua parte occidentale per entrare in Galizia attraverso la provincia di Lugo, fino a congiungersi con il tracciato del Cammino Francese nel comune di Melide, a soli 55 km da Santiago di Compostela. Il percorso offre uno spettacolare paesaggio naturale, oltre a innumerevoli risorse storiche e patrimoniali\u2026\"]'\n\t\t\t  data-link=\"\/it\/cammino-primitivo\/\"\n\t\t\t>\n\t\t\t  <div class=\"card-best-experience__header p-relative\">\n\t\t\t\t<div class=\"content-card\">\n\t\t\t\t  <img\n\t\t\t\t\tsrc=\"https:\/\/cdn.pilgrim.es\/web\/caminos\/home\/caminos-principales\/camino-primitivo.jpg\"\n\t\t\t\t\talt=\"Cammino Primitivo\"\n\t\t\t\t\tclass=\"img-card group-hover:p-scale-110\"\n\t\t\t\t  \/>\n\t\t\t\t  <div class=\"card-overlay group-hover:p-opacity-50\"><\/div>\n\t\t\t\t  <div class=\"content-card__info-top p-h-full p-z-10\">\n\t\t\t\t\t<h3 class=\"content-card__info-top__way\">\n\t\t\t\t\t  <a\n\t\t\t\t\t\thref=\"https:\/\/www.pilgrim.es\/it\/cammino-primitivo\/\"\n\t\t\t\t\t\tclass=\"after:p-absolute after:p-inset-0 p-text-white hover:p-text-light\"\n\t\t\t\t\t\t>Cammino <br \/>\n\t\t\t\t\t\t<span>Primitivo<\/span><\/a\n\t\t\t\t\t  >\n\t\t\t\t\t<\/h3>\n\t\t\t\t\t<div class=\"content-card__info-top__town p-self-start\">\n\t\t\t\t\t  <div>Oviedo<\/div>\n\t\t\t\t\t<\/div>\n\t\t\t\t  <\/div>\n\t\t\t\t  <div class=\"content-card__info-bottom\">\n\t\t\t\t\t<div class=\"content-card__info-bottom__stages\">\n\t\t\t\t\t  <div class=\"col-apie\">\n\t\t\t\t\t\t<i class=\"icon-on-foot\"><\/i>\n\t\t\t\t\t\t<div>\n\t\t\t\t\t\t  <p class=\"number-km\">313 kms<\/p>\n\t\t\t\t\t\t  <p>14 tappe<\/p>\n\t\t\t\t\t\t<\/div>\n\t\t\t\t\t  <\/div>\n\t\t\t\t\t  <div class=\"col-enbici\">\n\t\t\t\t\t\t<i class=\"icon-by-bike\"><\/i>\n\t\t\t\t\t\t<div>\n\t\t\t\t\t\t  <p class=\"number-km\">313 kms<\/p>\n\t\t\t\t\t\t  <p>7 tappe<\/p>\n\t\t\t\t\t\t<\/div>\n\t\t\t\t\t  <\/div>\n\t\t\t\t\t<\/div>\n\t\t\t\t\t<div class=\"content-card__info-bottom__btn\">\n\t\t\t\t\t  <button>\n\t\t\t\t\t\t<i class=\"icon-arrow\"><\/i>\n\t\t\t\t\t  <\/button>\n\t\t\t\t\t<\/div>\n\t\t\t\t  <\/div>\n\t\t\t\t<\/div>\n\t\t\t  <\/div>\n\t\t\t<\/div>\n\t\t\t<p class=\"cards-primary-ways__text\">\n\t\t\t  Conosciuto anche come il Cammino Originale, \u00e8 stato il primo di tutti\n\t\t\t  i Cammini. Alfonso II percorse questa rotta nel IX secolo per\n\t\t\t  raggiungere Compostela.\n\t\t\t<\/p>\n\t\t\t<button\n\t\t\t  class=\"cards-primary-ways__btn\"\n\t\t\t  data-toggle=\"modal-history\"\n\t\t\t  type=\"button\"\n\t\t\t>\n\t\t\t  Storia &#8599;\n\t\t\t<\/button>\n\t\t  <\/div>\n\t\t  <div>\n\t\t\t<div\n\t\t\t  class=\"cards-primary-ways__card card-best-experience p-group\"\n\t\t\t  data-title=\"Cammino d'Inverno\"\n\t\t\t  data-content='[\"Le stagioni invernali possono essere difficili in alcuni tratti del Cammino di Santiago. Sebbene i paesaggi invernali siano affascinanti, l\u00b4arrivo a Ponferrada presentava aree coperte di neve e sentieri con abbondanti pozzanghere, rendendo il pellegrinaggio difficile. Tutto ci\u00f2, unito all\u00b4umidit\u00e0 che penetrava nelle ossa in modo implacabile, spinse i pellegrini a cercare un percorso alternativo per accedere alla Galizia in modo pi\u00f9 sicuro e meno faticoso. Cos\u00ec nacque il Cammino d\u00b4Inverno.\", \"Oggi, tuttavia, questa rotta alternativa ha perso la sua stagionalit\u00e0 ed \u00e8 diventata un percorso molto frequentato indipendentemente dal periodo dell\u00b4anno. Questo \u00e8 dovuto ai numerosi paesaggi e tesori patrimoniali che offre, attirando pellegrini in ogni stagione. \u00c8 particolarmente consigliata in primavera, per godere dei suoi panorami suggestivi, e in estate, per evitare la folla del tracciato originale francese\u2026\"]'\n\t\t\t  data-link=\"\/it\/cammino-inverno\/\"\n\t\t\t>\n\t\t\t  <div class=\"card-best-experience__header p-relative\">\n\t\t\t\t<div class=\"content-card\">\n\t\t\t\t  <img\n\t\t\t\t\tsrc=\"https:\/\/cdn.pilgrim.es\/web\/caminos\/home\/caminos-principales\/camino-invierno.jpg\"\n\t\t\t\t\talt=\"Cammino d'Inverno\"\n\t\t\t\t\tclass=\"img-card group-hover:p-scale-110\"\n\t\t\t\t  \/>\n\t\t\t\t  <div class=\"card-overlay group-hover:p-opacity-50\"><\/div>\n\t\t\t\t  <div class=\"content-card__info-top p-h-full p-z-10\">\n\t\t\t\t\t<h3 class=\"content-card__info-top__way\">\n\t\t\t\t\t  <a\n\t\t\t\t\t\thref=\"https:\/\/www.pilgrim.es\/it\/cammino-inverno\/\"\n\t\t\t\t\t\tclass=\"after:p-absolute after:p-inset-0 p-text-white hover:p-text-light\"\n\t\t\t\t\t\t>Cammino <br \/>\n\t\t\t\t\t\t<span>d&#8217;Inverno<\/span><\/a\n\t\t\t\t\t  >\n\t\t\t\t\t<\/h3>\n\t\t\t\t\t<div class=\"content-card__info-top__town p-self-start\">\n\t\t\t\t\t  <div>Ponferrada<\/div>\n\t\t\t\t\t<\/div>\n\t\t\t\t  <\/div>\n\t\t\t\t  <div class=\"content-card__info-bottom\">\n\t\t\t\t\t<div class=\"content-card__info-bottom__stages\">\n\t\t\t\t\t  <div class=\"col-apie\">\n\t\t\t\t\t\t<i class=\"icon-on-foot\"><\/i>\n\t\t\t\t\t\t<div>\n\t\t\t\t\t\t  <p class=\"number-km\">263 kms<\/p>\n\t\t\t\t\t\t  <p>10 tappe<\/p>\n\t\t\t\t\t\t<\/div>\n\t\t\t\t\t  <\/div>\n\t\t\t\t\t<\/div>\n\t\t\t\t\t<div class=\"content-card__info-bottom__btn\">\n\t\t\t\t\t  <button>\n\t\t\t\t\t\t<i class=\"icon-arrow\"><\/i>\n\t\t\t\t\t  <\/button>\n\t\t\t\t\t<\/div>\n\t\t\t\t  <\/div>\n\t\t\t\t<\/div>\n\t\t\t  <\/div>\n\t\t\t<\/div>\n\t\t\t<p class=\"cards-primary-ways__text\">\n\t\t\t  Seguendo un percorso gi\u00e0 utilizzato dai Romani, si ritiene che questa\n\t\t\t  rotta sia nata per evitare le avverse condizioni climatiche invernali\n\t\t\t  di questa zona del Cammino.\n\t\t\t<\/p>\n\t\t\t<button\n\t\t\t  class=\"cards-primary-ways__btn\"\n\t\t\t  data-toggle=\"modal-history\"\n\t\t\t  type=\"button\"\n\t\t\t>\n\t\t\t  Storia &#8599;\n\t\t\t<\/button>\n\t\t  <\/div>\n\t\t  <div>\n\t\t\t<div\n\t\t\t  class=\"cards-primary-ways__card card-best-experience p-group\"\n\t\t\t  data-title=\"Epilogo Fisterra-Mux\u00eda\"\n\t\t\t  data-content='[\"Fisterra, dal latino finis terrae, ha una storia che precede di molto l\u00b4inizio dei pellegrinaggi. In questo luogo, alcuni studiosi collocano l\u00b4antica citt\u00e0 di Dugium con la leggendaria Atlantide e il luogo di insediamento della trib\u00f9 celtica dei Nerios, giunti dal sud della penisola iberica. La scelta di questa zona non fu casuale, poich\u00e9 si credeva che il Capo Finisterre fosse l\u00b4ultima terra conosciuta del mondo. Cos\u00ec iniziarono a costruire numerosi insediamenti e edifici per venerare il dio sole, che ogni giorno sorgeva nuovamente dalle acque dell\u00b4Oceano Atlantico.\", \"Esisteva un importante altare e centro spirituale dedicato all\u00b4astro re, l\u00b4Ara Solis, un tempio visitato sia dai Celti che, successivamente, dai Romani. Secondo le leggende, fu lo stesso Apostolo a ordinare la distruzione di questo tempio, considerandolo un culto pagano. Una grande inondazione distrusse infine l\u00b4Ara Solis, nonostante l\u00b4opposizione del popolo, e spazz\u00f2 via l\u00b4intero insediamento, risparmiando solo due buoi che riuscirono a fuggire. Tuttavia, il loro destino fu breve, poich\u00e9 in seguito si trasformarono in pietra come punizione divina, dando origine alle attuali isole di Bois de Gures.\", \"Come potete vedere, l\u00b4unico percorso che parte da Santiago non \u00e8 un\u00b4invenzione moderna come molti potrebbero pensare. Recenti scavi nell\u00b4eremo di San Guillermo hanno dimostrato il suo stretto legame con l\u00b4Apostolo e con altre tradizioni e culti molto pi\u00f9 antichi\u2026\"]'\n\t\t\t  data-link=\"\/it\/epilogo-fisterra-muxia\/\"\n\t\t\t>\n\t\t\t  <div class=\"card-best-experience__header p-relative\">\n\t\t\t\t<div class=\"content-card\">\n\t\t\t\t  <img\n\t\t\t\t\tsrc=\"https:\/\/cdn.pilgrim.es\/web\/caminos\/home\/caminos-principales\/epilogo-fisterra-muxia.jpg\"\n\t\t\t\t\talt=\"Epilogo Fisterra-Mux\u00eda\"\n\t\t\t\t\tclass=\"img-card group-hover:p-scale-110\"\n\t\t\t\t  \/>\n\t\t\t\t  <div class=\"card-overlay group-hover:p-opacity-50\"><\/div>\n\t\t\t\t  <div class=\"content-card__info-top p-h-full p-z-10\">\n\t\t\t\t\t<h3 class=\"content-card__info-top__way\">\n\t\t\t\t\t  <a\n\t\t\t\t\t\thref=\"https:\/\/www.pilgrim.es\/it\/epilogo-fisterra-muxia\/\"\n\t\t\t\t\t\tclass=\"after:p-absolute after:p-inset-0 p-text-white hover:p-text-light\"\n\t\t\t\t\t\t>Epilogo <br \/>\n\t\t\t\t\t\t<span>Fisterra &#8211; Mux\u00eda<\/span>\n\t\t\t\t\t  <\/a>\n\t\t\t\t\t<\/h3>\n\t\t\t\t\t<div class=\"content-card__info-top__town p-self-start\">\n\t\t\t\t\t  <div>Fisterra<\/div>\n\t\t\t\t\t<\/div>\n\t\t\t\t  <\/div>\n\t\t\t\t  <div class=\"content-card__info-bottom\">\n\t\t\t\t\t<div class=\"content-card__info-bottom__stages\">\n\t\t\t\t\t  <div class=\"col-apie\">\n\t\t\t\t\t\t<i class=\"icon-on-foot\"><\/i>\n\t\t\t\t\t\t<div>\n\t\t\t\t\t\t  <p class=\"number-km\">119 kms<\/p>\n\t\t\t\t\t\t  <p>5 tappe<\/p>\n\t\t\t\t\t\t<\/div>\n\t\t\t\t\t  <\/div>\n\t\t\t\t\t<\/div>\n\t\t\t\t\t<div class=\"content-card__info-bottom__btn\">\n\t\t\t\t\t  <button>\n\t\t\t\t\t\t<i class=\"icon-arrow\"><\/i>\n\t\t\t\t\t  <\/button>\n\t\t\t\t\t<\/div>\n\t\t\t\t  <\/div>\n\t\t\t\t<\/div>\n\t\t\t  <\/div>\n\t\t\t<\/div>\n\t\t\t<p class=\"cards-primary-ways__text\">\n\t\t\t  Considerato la &#8220;Fine della Terra&#8221; dai Romani. Qui si venerava il sole,\n\t\t\t  che &#8211; secondo le credenze &#8211; ogni notte si inabissava nell&#8217;Atlantico.\n\t\t\t<\/p>\n\t\t\t<button\n\t\t\t  class=\"cards-primary-ways__btn\"\n\t\t\t  data-toggle=\"modal-history\"\n\t\t\t  type=\"button\"\n\t\t\t>\n\t\t\t  Storia &#8599;\n\t\t\t<\/button>\n\t\t  <\/div>\n\t\t<\/div>\n\t  <\/section>\n\t\n\t  <section id=\"secondaryWays\">\n\t\t<div class=\"subtitle\">\n\t\t  <p class=\"p-uppercase p-text-gray p-font-['Rasa']\">Cammini alternativi<\/p>\n\t\t  <hr class=\"orange-bar\" \/>\n\t\t  <h2>Percorsi secondari del Cammino di Santiago<\/h2>\n\t\t  <p class=\"p-py-5\">\n\t\t\tIl Cammino di Santiago intreccia un&#8217;ampia rete di percorsi in tutta la\n\t\t\tPenisola Iberica. Questi itinerari servono da collegamento ai Cammini\n\t\t\tPrincipali e offrono percorsi aggiuntivi di grande valore paesaggistico,\n\t\t\tstorico e culturale.\n\t\t  <\/p>\n\t\t<\/div>\n\t\t<div class=\"main-content p-my-10\">\n\t\t  <div class=\"main-content__col-map\">\n\t\t\t<img decoding=\"async\"\n\t\t\t  src=\"https:\/\/cdn.pilgrim.es\/web\/caminos\/home\/caminos-secundarios.jpg\"\n\t\t\t  alt=\"Mappa percorsi secondari\"\n\t\t\t\/>\n\t\t  <\/div>\n\t\t  <div\n\t\t\tclass=\"main-content__col-planner p-rounded-lg p-text-white p-p-10 p-text-center\"\n\t\t\tstyle=\"\n\t\t\t  background-image: url('\/wp-content\/uploads\/2024\/10\/bg-plugin-planificador.jpg');\n\t\t\t\"\n\t\t  >\n\t\t\t<div class=\"map-planner\">\n\t\t\t  <p class=\"title-form\">Ti aiutiamo a pianificare il tuo Cammino<\/p>\n\t\t\t  <p>Forniscici i tuoi dati e ti consiglieremo<\/p>\n\t\t\t  <form method=\"post\" data-url=\"\/wp-admin\/admin-ajax.php\" id=\"planner--client\" class=\"flag-right form-client\">\n    <div class=\"form-data\">\n        <input name=\"form_id\" type=\"hidden\" value=\"Formulario contacto\">\n        <input name=\"type\" type=\"hidden\" value=\"planner_client\">\n        <input type=\"text\" name=\"nombre\" value=\"\" size=\"40\" class=\"form-control\" aria-required=\"true\" aria-invalid=\"false\" placeholder=\"Nome\">\n        <input type=\"email\" name=\"email\" value=\"\" size=\"40\" class=\"form-control\" aria-required=\"true\" aria-invalid=\"false\" placeholder=\"Mail\">\n        <input type=\"text\" id=\"phone-input\" name=\"tel\" value=\"\" size=\"40\" class=\"phone-input form-control\" aria-required=\"true\" aria-invalid=\"false\" placeholder=\"Telefono\">\n        <input type=\"hidden\" name=\"telefono\">\n    <\/div>\n    <div class=\"form-checkbox\">\n        <span>\n            Pilgrim Travel. S.L. informa, come previsto dal Regolamento 2016\/679, che i dati utilizzati in questo modulo verranno utilizzati sia per la risposta delle eventuali consultazioni sia per la pub-blicazione dei commenti, essendo il consenso dell'utente la base di legittimazione. Potranno esse-re esercitati i diritti in conformit\u00e0 con quanto stabilito dalla nostra             <a href=\"https:\/\/www.pilgrim.es\/it\/informativa-sulla-privacy\/\" target=\"_blank\" rel=\"noopener noreferrer nofollow\">Politica di privacy.<\/a>\n        <\/span>\n    <\/div>\n\n    <div class=\"form-submit\">\n        <button id=\"planner--client-create\" type=\"submit\">Formulario di contatto<\/button>\n        <div class=\"loadingDiv\"><i class=\"p-spinner\"><\/i><\/div>\n    <\/div>\n\n    <div class=\"contact-content-form-success\">\n        <p><i class=\"fas fa-check\"><\/i> Il modulo \u00e8 stato inviato correttamente<\/p>\n    <\/div>\n\n    <div class=\"contact-content-form-error\">\n        <span class=\"input-error\"><\/span>\n    <\/div>\n<\/form>\n\t\t\t<\/div>\n\t\t  <\/div>\n\t\t<\/div>\n\t\n\t\t<div class=\"cards-primary-ways container-secondary-ways scrollbar-thin\">\n\t\t  <div class=\"card-stage p-max-w-full\">\n\t\t\t<div class=\"cards-primary-ways__card card-best-experience p-group\">\n\t\t\t  <div class=\"card-best-experience__header\">\n\t\t\t\t<div class=\"content-card\">\n\t\t\t\t  <img\n\t\t\t\t\tsrc=\"https:\/\/cdn.pilgrim.es\/web\/caminos\/home\/caminos-secundarios\/salvador.jpg\"\n\t\t\t\t\talt=\"Cammino del Salvatore\"\n\t\t\t\t\tclass=\"group-hover:p-scale-110 p-h-64\"\n\t\t\t\t  \/>\n\t\t\t\t  <div class=\"card-overlay group-hover:p-opacity-50\"><\/div>\n\t\t\t\t  <div class=\"content-card__info-top\">\n\t\t\t\t\t<div class=\"content-card__info-top__way\"><\/div>\n\t\t\t\t\t<div class=\"content-card__info-top__town p-self-start\">\n\t\t\t\t\t  <div>Oviedo<\/div>\n\t\t\t\t\t<\/div>\n\t\t\t\t  <\/div>\n\t\t\t\t  <div class=\"content-card__info-bottom\">\n\t\t\t\t\t<div class=\"content-card__info-bottom__stages\">\n\t\t\t\t\t  <div class=\"col-apie\">\n\t\t\t\t\t\t<i class=\"icon-on-foot\"><\/i>\n\t\t\t\t\t\t<div>\n\t\t\t\t\t\t  <p class=\"number-km\">130 kms<\/p>\n\t\t\t\t\t\t  <p>5 tappe<\/p>\n\t\t\t\t\t\t<\/div>\n\t\t\t\t\t  <\/div>\n\t\t\t\t\t<\/div>\n\t\t\t\t\t<div class=\"content-card__info-bottom__btn p-right-2\">\n\t\t\t\t\t  <button class=\"p-pointer-events-none\">\n\t\t\t\t\t\t<i class=\"icon-arrow\"><\/i>\n\t\t\t\t\t  <\/button>\n\t\t\t\t\t<\/div>\n\t\t\t\t  <\/div>\n\t\t\t\t<\/div>\n\t\t\t  <\/div>\n\t\t\t<\/div>\n\t\t\t<h3 class=\"p-mt-5 p-font-bold p-text-secondary p-text-xl\">Cammino del Salvatore<\/h3>\n\t\t\t<p class=\"cards-primary-ways__text\">\n\t\t\t  Conosciuto anche come il Cammino di San Salvatore, collega Le\u00f3n con\n\t\t\t  Oviedo. Tradizionalmente, i pellegrini deviavano verso Oviedo per\n\t\t\t  visitare la Cattedrale di San Salvatore. Una volta giunti a Oviedo,\n\t\t\t  proseguivano lungo il Cammino Primitivo&#8230;\n\t\t\t<\/p>\n\t\t\t<div class=\"p-mt-5\">\n\t\t\t  <hr class=\"single-bar\" \/>\n\t\t\t  <div class=\"p-grid p-grid-cols-2 p-justify-between p-text-sm\">\n\t\t\t\t<p class=\"p-uppercase\">Collega con<\/p>\n\t\t\t\t<p class=\"p-text-end\">C. Francese<\/p>\n\t\t\t  <\/div>\n\t\t\t  <hr class=\"single-bar\" \/>\n\t\t\t<\/div>\n\t\t  <\/div>\n\t\t  <div class=\"card-stage p-max-w-full\">\n\t\t\t<div class=\"cards-primary-ways__card card-best-experience p-group\">\n\t\t\t  <div class=\"card-best-experience__header\">\n\t\t\t\t<div class=\"content-card\">\n\t\t\t\t  <img\n\t\t\t\t\tsrc=\"https:\/\/cdn.pilgrim.es\/web\/caminos\/home\/caminos-secundarios\/olvidado.jpg\"\n\t\t\t\t\talt=\"Il Cammino olvidado\"\n\t\t\t\t\tclass=\"group-hover:p-scale-110 p-h-64\"\n\t\t\t\t  \/>\n\t\t\t\t  <div class=\"card-overlay group-hover:p-opacity-50\"><\/div>\n\t\t\t\t  <div class=\"content-card__info-top\">\n\t\t\t\t\t<div class=\"content-card__info-top__way\"><\/div>\n\t\t\t\t\t<div class=\"content-card__info-top__town p-self-start\">\n\t\t\t\t\t  <div>Bilbao<\/div>\n\t\t\t\t\t<\/div>\n\t\t\t\t  <\/div>\n\t\t\t\t  <div class=\"content-card__info-bottom\">\n\t\t\t\t\t<div class=\"content-card__info-bottom__stages\">\n\t\t\t\t\t  <div class=\"col-apie\">\n\t\t\t\t\t\t<i class=\"icon-on-foot\"><\/i>\n\t\t\t\t\t\t<div>\n\t\t\t\t\t\t  <p class=\"number-km\">637 kms<\/p>\n\t\t\t\t\t\t  <p>18 tappe<\/p>\n\t\t\t\t\t\t<\/div>\n\t\t\t\t\t  <\/div>\n\t\t\t\t\t<\/div>\n\t\t\t\t\t<div class=\"content-card__info-bottom__btn p-right-2\">\n\t\t\t\t\t  <button>\n\t\t\t\t\t\t<i class=\"icon-arrow\"><\/i>\n\t\t\t\t\t  <\/button>\n\t\t\t\t\t<\/div>\n\t\t\t\t  <\/div>\n\t\t\t\t<\/div>\n\t\t\t  <\/div>\n\t\t\t<\/div>\n\t\t\t<h3 class=\"p-mt-5 p-font-bold p-text-secondary p-text-xl\">Il Cammino olvidado<\/h3>\n\t\t\t<p class=\"cards-primary-ways__text\">\n\t\t\t  Questo Cammino \u00e8 documentato come una delle prime vie della storia\n\t\t\t  delle rotte giacobee e collega le citt\u00e0 di Bilbao e Villafranca del\n\t\t\t  Bierzo, per poi unirsi al Cammino Francese o al Cammino d\u2019Inverno\u2026\n\t\t\t<\/p>\n\t\t\t<div class=\"p-mt-5\">\n\t\t\t  <hr class=\"single-bar\" \/>\n\t\t\t  <div class=\"p-grid p-grid-cols-2 p-justify-between p-text-sm\">\n\t\t\t\t<p class=\"p-uppercase\">Collega con<\/p>\n\t\t\t\t<p class=\"p-text-end\">C. Francese o C. d\u2019Inverno<\/p>\n\t\t\t  <\/div>\n\t\t\t  <hr class=\"single-bar\" \/>\n\t\t\t<\/div>\n\t\t  <\/div>\n\t\t  <div class=\"card-stage p-max-w-full\">\n\t\t\t<div class=\"cards-primary-ways__card card-best-experience p-group\">\n\t\t\t  <div class=\"card-best-experience__header\">\n\t\t\t\t<div class=\"content-card\">\n\t\t\t\t  <img\n\t\t\t\t\tsrc=\"https:\/\/cdn.pilgrim.es\/web\/caminos\/home\/caminos-secundarios\/vasco-interior.jpg\"\n\t\t\t\t\talt=\"Cammino Vasco Interno\"\n\t\t\t\t\tclass=\"group-hover:p-scale-110 p-h-64\"\n\t\t\t\t  \/>\n\t\t\t\t  <div class=\"card-overlay group-hover:p-opacity-50\"><\/div>\n\t\t\t\t  <div class=\"content-card__info-top\">\n\t\t\t\t\t<div class=\"content-card__info-top__way\"><\/div>\n\t\t\t\t\t<div class=\"content-card__info-top__town p-self-start\">\n\t\t\t\t\t  <div>Ir\u00fan<\/div>\n\t\t\t\t\t<\/div>\n\t\t\t\t  <\/div>\n\t\t\t\t  <div class=\"content-card__info-bottom\">\n\t\t\t\t\t<div class=\"content-card__info-bottom__stages\">\n\t\t\t\t\t  <div class=\"col-apie\">\n\t\t\t\t\t\t<i class=\"icon-on-foot\"><\/i>\n\t\t\t\t\t\t<div>\n\t\t\t\t\t\t  <p class=\"number-km\">252 kms o 199 kms<\/p>\n\t\t\t\t\t\t  <p>12 tappe o 9 tappe<\/p>\n\t\t\t\t\t\t<\/div>\n\t\t\t\t\t  <\/div>\n\t\t\t\t\t<\/div>\n\t\t\t\t\t<div class=\"content-card__info-bottom__btn p-right-2\">\n\t\t\t\t\t  <button>\n\t\t\t\t\t\t<i class=\"icon-arrow\"><\/i>\n\t\t\t\t\t  <\/button>\n\t\t\t\t\t<\/div>\n\t\t\t\t  <\/div>\n\t\t\t\t<\/div>\n\t\t\t  <\/div>\n\t\t\t<\/div>\n\t\t\t<h3 class=\"p-mt-5 p-font-bold p-text-secondary p-text-xl\">\n\t\t\t  <a\n\t\t\t\thref=\"https:\/\/www.pilgrim.es\/it\/cammino-basco\/\"\n\t\t\t\tclass=\"after:p-absolute after:p-inset-0 p-col-span-3 p-text-secondary hover:p-text-secondary\"\n\t\t\t\t>Cammino Vasco Interno<\/a\n\t\t\t  >\n\t\t\t<\/h3>\n\t\t\t<p class=\"cards-primary-ways__text\">\n\t\t\t  \u00c8 stato un asse giacobeo fondamentale in epoca romana, poich\u00e9\n\t\t\t  costituiva l&#8217;ingresso al centro della Penisola da Ir\u00fan. Il Cammino\n\t\t\t  inizia a Ir\u00fan e a Santo Domingo de la Calzada (La Rioja) si unisce al\n\t\t\t  Cammino Francese\u2026\n\t\t\t  <a href=\"https:\/\/www.pilgrim.es\/it\/cammino-basco\/\" class=\"p-underline\">Leggi di pi\u00f9<\/a>\n\t\t\t<\/p>\n\t\t\t<div class=\"p-mt-5\">\n\t\t\t  <hr class=\"single-bar\" \/>\n\t\t\t  <div class=\"p-grid p-grid-cols-2 p-justify-between p-text-sm\">\n\t\t\t\t<p class=\"p-uppercase\">Collega con<\/p>\n\t\t\t\t<p class=\"p-text-end\">C. Francese<\/p>\n\t\t\t  <\/div>\n\t\t\t  <hr class=\"single-bar\" \/>\n\t\t\t<\/div>\n\t\t  <\/div>\n\t\n\t\t  <div class=\"card-stage p-max-w-full\">\n\t\t\t<div class=\"cards-primary-ways__card card-best-experience p-group\">\n\t\t\t  <div class=\"card-best-experience__header\">\n\t\t\t\t<div class=\"content-card\">\n\t\t\t\t  <img\n\t\t\t\t\tsrc=\"https:\/\/cdn.pilgrim.es\/web\/caminos\/home\/caminos-secundarios\/batzanes.jpg\"\n\t\t\t\t\talt=\"Cammino Baztanes\"\n\t\t\t\t\tclass=\"group-hover:p-scale-110 p-h-64\"\n\t\t\t\t  \/>\n\t\t\t\t  <div class=\"card-overlay group-hover:p-opacity-50\"><\/div>\n\t\t\t\t  <div class=\"content-card__info-top\">\n\t\t\t\t\t<div class=\"content-card__info-top__way\"><\/div>\n\t\t\t\t\t<div class=\"content-card__info-top__town p-self-start\">\n\t\t\t\t\t  <div>Pamplona<\/div>\n\t\t\t\t\t<\/div>\n\t\t\t\t  <\/div>\n\t\t\t\t  <div class=\"content-card__info-bottom\">\n\t\t\t\t\t<div class=\"content-card__info-bottom__stages\">\n\t\t\t\t\t  <div class=\"col-apie\">\n\t\t\t\t\t\t<i class=\"icon-on-foot\"><\/i>\n\t\t\t\t\t\t<div>\n\t\t\t\t\t\t  <p class=\"number-km\">110 kms<\/p>\n\t\t\t\t\t\t  <p>6 tappe<\/p>\n\t\t\t\t\t\t<\/div>\n\t\t\t\t\t  <\/div>\n\t\t\t\t\t<\/div>\n\t\t\t\t\t<div class=\"content-card__info-bottom__btn p-right-2\">\n\t\t\t\t\t  <button class=\"p-pointer-events-none\">\n\t\t\t\t\t\t<i class=\"icon-arrow\"><\/i>\n\t\t\t\t\t  <\/button>\n\t\t\t\t\t<\/div>\n\t\t\t\t  <\/div>\n\t\t\t\t<\/div>\n\t\t\t  <\/div>\n\t\t\t<\/div>\n\t\t\t<h3 class=\"p-mt-5 p-font-bold p-text-secondary p-text-xl\">Cammino Baztanes<\/h3>\n\t\t\t<p class=\"cards-primary-ways__text\">\n\t\t\t  Inizia a Bayona e termina a Pamplona collegandosi al Cammino Francese,\n\t\t\t  109 km ricchi di storia. Questo cammino fu ampiamente utilizzato nel\n\t\t\t  Medioevo sia dai pellegrini che dai re e dagli eserciti. Da qui\n\t\t\t  l&#8217;impegno per la sua ricostruzione\u2026\n\t\t\t<\/p>\n\t\t\t<div class=\"p-mt-5\">\n\t\t\t  <hr class=\"single-bar\" \/>\n\t\t\t  <div class=\"p-grid p-grid-cols-2 p-justify-between p-text-sm\">\n\t\t\t\t<p class=\"p-uppercase\">Collega con<\/p>\n\t\t\t\t<p class=\"p-text-end\">C. Francese<\/p>\n\t\t\t  <\/div>\n\t\t\t  <hr class=\"single-bar\" \/>\n\t\t\t<\/div>\n\t\t  <\/div>\n\t\t  <div class=\"card-stage p-max-w-full\">\n\t\t\t<div class=\"cards-primary-ways__card card-best-experience p-group\">\n\t\t\t  <div class=\"card-best-experience__header\">\n\t\t\t\t<div class=\"content-card\">\n\t\t\t\t  <img\n\t\t\t\t\tsrc=\"https:\/\/cdn.pilgrim.es\/web\/caminos\/home\/caminos-secundarios\/podiensis.jpg\"\n\t\t\t\t\talt=\"V\u00eda Podiensis\"\n\t\t\t\t\tclass=\"group-hover:p-scale-110 p-h-64\"\n\t\t\t\t  \/>\n\t\t\t\t  <div class=\"card-overlay group-hover:p-opacity-50\"><\/div>\n\t\t\t\t  <div class=\"content-card__info-top\">\n\t\t\t\t\t<div class=\"content-card__info-top__way\"><\/div>\n\t\t\t\t\t<div class=\"content-card__info-top__town p-self-start\">\n\t\t\t\t\t  <div>Puy en Velay<\/div>\n\t\t\t\t\t<\/div>\n\t\t\t\t  <\/div>\n\t\t\t\t  <div class=\"content-card__info-bottom\">\n\t\t\t\t\t<div class=\"content-card__info-bottom__stages\">\n\t\t\t\t\t  <div class=\"col-apie\">\n\t\t\t\t\t\t<i class=\"icon-on-foot\"><\/i>\n\t\t\t\t\t\t<div>\n\t\t\t\t\t\t  <p class=\"number-km\">110 kms<\/p>\n\t\t\t\t\t\t  <p>6 tappe<\/p>\n\t\t\t\t\t\t<\/div>\n\t\t\t\t\t  <\/div>\n\t\t\t\t\t<\/div>\n\t\t\t\t\t<div class=\"content-card__info-bottom__btn p-right-2\">\n\t\t\t\t\t  <button>\n\t\t\t\t\t\t<i class=\"icon-arrow\"><\/i>\n\t\t\t\t\t  <\/button>\n\t\t\t\t\t<\/div>\n\t\t\t\t  <\/div>\n\t\t\t\t<\/div>\n\t\t\t  <\/div>\n\t\t\t<\/div>\n\t\t\t<h3 class=\"p-mt-5 p-font-bold p-text-secondary p-text-xl\">V\u00eda Podiensis<\/h3>\n\t\t\t<p class=\"cards-primary-ways__text\">\n\t\t\t  Conosciuta anche come La V\u00eda Podiensis, parte da Le Puy-en-Velay e\n\t\t\t  percorre il tragitto fino al passo di Roncisvalle, punto in cui si\n\t\t\t  unisce al Cammino Francese, uno dei modi per evitare la lunga salita\n\t\t\t  che segue dopo St. Jean Pied de Port\u2026\n\t\t\t<\/p>\n\t\t\t<div class=\"p-mt-5\">\n\t\t\t  <hr class=\"single-bar\" \/>\n\t\t\t  <div class=\"p-grid p-grid-cols-2 p-justify-between p-text-sm\">\n\t\t\t\t<p class=\"p-uppercase\">Collega con<\/p>\n\t\t\t\t<p class=\"p-text-end\">C. Francese<\/p>\n\t\t\t  <\/div>\n\t\t\t  <hr class=\"single-bar\" \/>\n\t\t\t<\/div>\n\t\t  <\/div>\n\t\t  <div class=\"card-stage p-max-w-full\">\n\t\t\t<div class=\"cards-primary-ways__card card-best-experience p-group\">\n\t\t\t  <div class=\"card-best-experience__header\">\n\t\t\t\t<div class=\"content-card\">\n\t\t\t\t  <img\n\t\t\t\t\tsrc=\"https:\/\/cdn.pilgrim.es\/web\/caminos\/home\/caminos-secundarios\/aragones.jpg\"\n\t\t\t\t\talt=\"Cammino Aragonese\"\n\t\t\t\t\tclass=\"group-hover:p-scale-110 p-h-64\"\n\t\t\t\t  \/>\n\t\t\t\t  <div class=\"card-overlay group-hover:p-opacity-50\"><\/div>\n\t\t\t\t  <div class=\"content-card__info-top\">\n\t\t\t\t\t<div class=\"content-card__info-top__way\"><\/div>\n\t\t\t\t\t<div class=\"content-card__info-top__town p-self-start\">\n\t\t\t\t\t  <div>Somport<\/div>\n\t\t\t\t\t<\/div>\n\t\t\t\t  <\/div>\n\t\t\t\t  <div class=\"content-card__info-bottom\">\n\t\t\t\t\t<div class=\"content-card__info-bottom__stages\">\n\t\t\t\t\t  <div class=\"col-apie\">\n\t\t\t\t\t\t<i class=\"icon-on-foot\"><\/i>\n\t\t\t\t\t\t<div>\n\t\t\t\t\t\t  <p class=\"number-km\">205 kms<\/p>\n\t\t\t\t\t\t  <p>6 tappe<\/p>\n\t\t\t\t\t\t<\/div>\n\t\t\t\t\t  <\/div>\n\t\t\t\t\t<\/div>\n\t\t\t\t\t<div class=\"content-card__info-bottom__btn p-right-2\">\n\t\t\t\t\t  <button>\n\t\t\t\t\t\t<i class=\"icon-arrow\"><\/i>\n\t\t\t\t\t  <\/button>\n\t\t\t\t\t<\/div>\n\t\t\t\t  <\/div>\n\t\t\t\t<\/div>\n\t\t\t  <\/div>\n\t\t\t<\/div>\n\t\t\t<h3 class=\"p-mt-5 p-font-bold p-text-secondary p-text-xl\">\n\t\t\t  <a\n\t\t\t\thref=\"https:\/\/www.pilgrim.es\/it\/cammino-aragonese\/\"\n\t\t\t\tclass=\"after:p-absolute after:p-inset-0 p-col-span-3 p-text-secondary hover:p-text-secondary\"\n\t\t\t\t>Cammino Aragonese<\/a\n\t\t\t  >\n\t\t\t<\/h3>\n\t\t\t<p class=\"cards-primary-ways__text\">\n\t\t\t  Collega il confine ispano-francese, Somport, con la localit\u00e0 navarrese\n\t\t\t  di Puente de la Reina, dove si unisce al Cammino Francese. \u00c8 un\n\t\t\t  percorso alternativo che permette di godere maggiormente della natura\n\t\t\t  offerta dalla comunit\u00e0 di Aragona\u2026<a\n\t\t\t\thref=\"https:\/\/www.pilgrim.es\/it\/cammino-aragonese\/\"\n\t\t\t\tclass=\"p-underline\"\n\t\t\t\t>Leggi di pi\u00f9<\/a\n\t\t\t  >\n\t\t\t<\/p>\n\t\t\t<div class=\"p-mt-5\">\n\t\t\t  <hr class=\"single-bar\" \/>\n\t\t\t  <div class=\"p-grid p-grid-cols-2 p-justify-between p-text-sm\">\n\t\t\t\t<p class=\"p-uppercase\">Collega con<\/p>\n\t\t\t\t<p class=\"p-text-end\">C. Francese<\/p>\n\t\t\t  <\/div>\n\t\t\t  <hr class=\"single-bar\" \/>\n\t\t\t<\/div>\n\t\t  <\/div>\n\t\t  <div class=\"card-stage p-max-w-full\">\n\t\t\t<div class=\"cards-primary-ways__card card-best-experience p-group\">\n\t\t\t  <div class=\"card-best-experience__header\">\n\t\t\t\t<div class=\"content-card\">\n\t\t\t\t  <img\n\t\t\t\t\tsrc=\"https:\/\/cdn.pilgrim.es\/web\/caminos\/home\/caminos-secundarios\/catalan.jpg\"\n\t\t\t\t\talt=\"Cammino Catalano\"\n\t\t\t\t\tclass=\"group-hover:p-scale-110 p-h-64\"\n\t\t\t\t  \/>\n\t\t\t\t  <div class=\"card-overlay group-hover:p-opacity-50\"><\/div>\n\t\t\t\t  <div class=\"content-card__info-top\">\n\t\t\t\t\t<div class=\"content-card__info-top__way\"><\/div>\n\t\t\t\t\t<div class=\"content-card__info-top__town p-self-start\">\n\t\t\t\t\t  <div>Montserrat<\/div>\n\t\t\t\t\t<\/div>\n\t\t\t\t  <\/div>\n\t\t\t\t  <div class=\"content-card__info-bottom\">\n\t\t\t\t\t<div class=\"content-card__info-bottom__stages\">\n\t\t\t\t\t  <div class=\"col-apie\">\n\t\t\t\t\t\t<i class=\"icon-on-foot\"><\/i>\n\t\t\t\t\t\t<div>\n\t\t\t\t\t\t  <p class=\"number-km\">395 kms<\/p>\n\t\t\t\t\t\t  <p>19 tappe<\/p>\n\t\t\t\t\t\t<\/div>\n\t\t\t\t\t  <\/div>\n\t\t\t\t\t<\/div>\n\t\t\t\t\t<div class=\"content-card__info-bottom__btn p-right-2\">\n\t\t\t\t\t  <button class=\"p-pointer-events-none\">\n\t\t\t\t\t\t<i class=\"icon-arrow\"><\/i>\n\t\t\t\t\t  <\/button>\n\t\t\t\t\t<\/div>\n\t\t\t\t  <\/div>\n\t\t\t\t<\/div>\n\t\t\t  <\/div>\n\t\t\t<\/div>\n\t\t\t<h3 class=\"p-mt-5 p-font-bold p-text-secondary p-text-xl\">Cammino Catalano \/ Per Saragozza<\/h3>\n\t\t\t<p class=\"cards-primary-ways__text\">\n\t\t\t  Questo percorso inizia al confine con i Pirenei e continua\n\t\t\t  attraversando la Catalogna da nord a sud fino a raggiungere l&#8217;Aragona,\n\t\t\t  dove si unisce al Cammino dell&#8217;Ebro nella localit\u00e0 di Fuentes de Ebro\u2026\n\t\t\t<\/p>\n\t\t\t<div class=\"p-mt-5\">\n\t\t\t  <hr class=\"single-bar\" \/>\n\t\t\t  <div class=\"p-grid p-grid-cols-2 p-justify-between p-text-sm\">\n\t\t\t\t<p class=\"p-uppercase\">Collega con<\/p>\n\t\t\t\t<p class=\"p-text-end\">C. Francese<\/p>\n\t\t\t  <\/div>\n\t\t\t  <hr class=\"single-bar\" \/>\n\t\t\t<\/div>\n\t\t  <\/div>\n\t\t  <div class=\"card-stage p-max-w-full\">\n\t\t\t<div class=\"cards-primary-ways__card card-best-experience p-group\">\n\t\t\t  <div class=\"card-best-experience__header\">\n\t\t\t\t<div class=\"content-card\">\n\t\t\t\t  <img\n\t\t\t\t\tsrc=\"https:\/\/cdn.pilgrim.es\/web\/caminos\/home\/caminos-secundarios\/ebro.jpg\"\n\t\t\t\t\talt=\"Cammino dell'Ebro\"\n\t\t\t\t\tclass=\"group-hover:p-scale-110 p-h-64\"\n\t\t\t\t  \/>\n\t\t\t\t  <div class=\"card-overlay group-hover:p-opacity-50\"><\/div>\n\t\t\t\t  <div class=\"content-card__info-top\">\n\t\t\t\t\t<div class=\"content-card__info-top__way\"><\/div>\n\t\t\t\t\t<div class=\"content-card__info-top__town p-self-start\">\n\t\t\t\t\t  <div>Saragozza<\/div>\n\t\t\t\t\t<\/div>\n\t\t\t\t  <\/div>\n\t\t\t\t  <div class=\"content-card__info-bottom\">\n\t\t\t\t\t<div class=\"content-card__info-bottom__stages\">\n\t\t\t\t\t  <div class=\"col-apie\">\n\t\t\t\t\t\t<i class=\"icon-on-foot\"><\/i>\n\t\t\t\t\t\t<div>\n\t\t\t\t\t\t  <p class=\"number-km\">362,8 kms<\/p>\n\t\t\t\t\t\t  <p>17 tappe<\/p>\n\t\t\t\t\t\t<\/div>\n\t\t\t\t\t  <\/div>\n\t\t\t\t\t<\/div>\n\t\t\t\t\t<div class=\"content-card__info-bottom__btn p-right-2\">\n\t\t\t\t\t  <button class=\"p-pointer-events-none\">\n\t\t\t\t\t\t<i class=\"icon-arrow\"><\/i>\n\t\t\t\t\t  <\/button>\n\t\t\t\t\t<\/div>\n\t\t\t\t  <\/div>\n\t\t\t\t<\/div>\n\t\t\t  <\/div>\n\t\t\t<\/div>\n\t\t\t<h3 class=\"p-mt-5 p-font-bold p-text-secondary p-text-xl\">Cammino dell&#8217;Ebro<\/h3>\n\t\t\t<p class=\"cards-primary-ways__text\">\n\t\t\t  Inizia nella localit\u00e0 di Deltebre e continua fino a Fuentes de Ebro,\n\t\t\t  dove si unisce alla variante del Cammino Catalano attraverso\n\t\t\t  Saragozza\u2026\n\t\t\t<\/p>\n\t\t\t<div class=\"p-mt-5\">\n\t\t\t  <hr class=\"single-bar\" \/>\n\t\t\t  <div class=\"p-grid p-grid-cols-2 p-justify-between p-text-sm\">\n\t\t\t\t<p class=\"p-uppercase\">Collega con<\/p>\n\t\t\t\t<p class=\"p-text-end\">C. Francese<\/p>\n\t\t\t  <\/div>\n\t\t\t  <hr class=\"single-bar\" \/>\n\t\t\t<\/div>\n\t\t  <\/div>\n\t\t  <div class=\"card-stage p-max-w-full\">\n\t\t\t<div class=\"cards-primary-ways__card card-best-experience p-group\">\n\t\t\t  <div class=\"card-best-experience__header\">\n\t\t\t\t<div class=\"content-card\">\n\t\t\t\t  <img\n\t\t\t\t\tsrc=\"https:\/\/cdn.pilgrim.es\/web\/caminos\/home\/caminos-secundarios\/madrid.jpg\"\n\t\t\t\t\talt=\"Cammino di Madrid\"\n\t\t\t\t\tclass=\"group-hover:p-scale-110 p-h-64\"\n\t\t\t\t  \/>\n\t\t\t\t  <div class=\"card-overlay group-hover:p-opacity-50\"><\/div>\n\t\t\t\t  <div class=\"content-card__info-top\">\n\t\t\t\t\t<div class=\"content-card__info-top__way\"><\/div>\n\t\t\t\t\t<div class=\"content-card__info-top__town p-self-start\">\n\t\t\t\t\t  <div>Madrid<\/div>\n\t\t\t\t\t<\/div>\n\t\t\t\t  <\/div>\n\t\t\t\t  <div class=\"content-card__info-bottom\">\n\t\t\t\t\t<div class=\"content-card__info-bottom__stages\">\n\t\t\t\t\t  <div class=\"col-apie\">\n\t\t\t\t\t\t<i class=\"icon-on-foot\"><\/i>\n\t\t\t\t\t\t<div>\n\t\t\t\t\t\t  <p class=\"number-km\">600 kms<\/p>\n\t\t\t\t\t\t  <p>29 tappe<\/p>\n\t\t\t\t\t\t<\/div>\n\t\t\t\t\t  <\/div>\n\t\t\t\t\t<\/div>\n\t\t\t\t\t<div class=\"content-card__info-bottom__btn p-right-2\">\n\t\t\t\t\t  <button class=\"p-pointer-events-none\">\n\t\t\t\t\t\t<i class=\"icon-arrow\"><\/i>\n\t\t\t\t\t  <\/button>\n\t\t\t\t\t<\/div>\n\t\t\t\t  <\/div>\n\t\t\t\t<\/div>\n\t\t\t  <\/div>\n\t\t\t<\/div>\n\t\t\t<h3 class=\"p-mt-5 p-font-bold p-text-secondary p-text-xl\">Cammino di Madrid<\/h3>\n\t\t\t<p class=\"cards-primary-ways__text\">\n\t\t\t  Inizia nella capitale della Spagna e attraversa la Sierra de\n\t\t\t  Guadarrama, percorrendo gran parte dell&#8217;altopiano settentrionale\n\t\t\t  attraverso Segovia, Valladolid e Le\u00f3n per\u2026\n\t\t\t<\/p>\n\t\t\t<div class=\"p-mt-5\">\n\t\t\t  <hr class=\"single-bar\" \/>\n\t\t\t  <div class=\"p-grid p-grid-cols-2 p-justify-between p-text-sm\">\n\t\t\t\t<p class=\"p-uppercase\">Collega con<\/p>\n\t\t\t\t<p class=\"p-text-end\">C. Francese<\/p>\n\t\t\t  <\/div>\n\t\t\t  <hr class=\"single-bar\" \/>\n\t\t\t<\/div>\n\t\t  <\/div>\n\t\t  <div class=\"card-stage p-max-w-full\">\n\t\t\t<div class=\"cards-primary-ways__card card-best-experience p-group\">\n\t\t\t  <div class=\"card-best-experience__header\">\n\t\t\t\t<div class=\"content-card\">\n\t\t\t\t  <img\n\t\t\t\t\tsrc=\"https:\/\/cdn.pilgrim.es\/web\/caminos\/home\/caminos-secundarios\/levante.jpg\"\n\t\t\t\t\talt=\"Cammino di Levante\"\n\t\t\t\t\tclass=\"group-hover:p-scale-110 p-h-64\"\n\t\t\t\t  \/>\n\t\t\t\t  <div class=\"card-overlay group-hover:p-opacity-50\"><\/div>\n\t\t\t\t  <div class=\"content-card__info-top\">\n\t\t\t\t\t<div class=\"content-card__info-top__way\"><\/div>\n\t\t\t\t\t<div class=\"content-card__info-top__town p-self-start\">\n\t\t\t\t\t  <div>Valencia<\/div>\n\t\t\t\t\t<\/div>\n\t\t\t\t  <\/div>\n\t\t\t\t  <div class=\"content-card__info-bottom\">\n\t\t\t\t\t<div class=\"content-card__info-bottom__stages\">\n\t\t\t\t\t  <div class=\"col-apie\">\n\t\t\t\t\t\t<i class=\"icon-on-foot\"><\/i>\n\t\t\t\t\t\t<div>\n\t\t\t\t\t\t  <p class=\"number-km\">842 kms<\/p>\n\t\t\t\t\t\t  <p>42 tappe<\/p>\n\t\t\t\t\t\t<\/div>\n\t\t\t\t\t  <\/div>\n\t\t\t\t\t<\/div>\n\t\t\t\t\t<div class=\"content-card__info-bottom__btn p-right-2\">\n\t\t\t\t\t  <button class=\"p-pointer-events-none\">\n\t\t\t\t\t\t<i class=\"icon-arrow\"><\/i>\n\t\t\t\t\t  <\/button>\n\t\t\t\t\t<\/div>\n\t\t\t\t  <\/div>\n\t\t\t\t<\/div>\n\t\t\t  <\/div>\n\t\t\t<\/div>\n\t\t\t<h3 class=\"p-mt-5 p-font-bold p-text-secondary p-text-xl\">Cammino di Levante<\/h3>\n\t\t\t<p class=\"cards-primary-ways__text\">\n\t\t\t  Ha inizio a Valencia e attraversa cinque comunit\u00e0 prima di arrivare in\n\t\t\t  Galizia con l&#8217;obiettivo di unire i due grandi mari della penisola\u2026\n\t\t\t<\/p>\n\t\t\t<div class=\"p-mt-5\">\n\t\t\t  <hr class=\"single-bar\" \/>\n\t\t\t  <div class=\"p-grid p-grid-cols-2 p-justify-between p-text-sm\">\n\t\t\t\t<p class=\"p-uppercase\">Collega con<\/p>\n\t\t\t\t<p class=\"p-text-end\">C. Francese<\/p>\n\t\t\t  <\/div>\n\t\t\t  <hr class=\"single-bar\" \/>\n\t\t\t<\/div>\n\t\t  <\/div>\n\t\t  <div class=\"card-stage p-max-w-full\">\n\t\t\t<div class=\"cards-primary-ways__card card-best-experience p-group\">\n\t\t\t  <div class=\"card-best-experience__header\">\n\t\t\t\t<div class=\"content-card\">\n\t\t\t\t  <img\n\t\t\t\t\tsrc=\"https:\/\/cdn.pilgrim.es\/web\/caminos\/home\/caminos-secundarios\/lana.jpg\"\n\t\t\t\t\talt=\"Ruta della Lana\"\n\t\t\t\t\tclass=\"group-hover:p-scale-110 p-h-64\"\n\t\t\t\t  \/>\n\t\t\t\t  <div class=\"card-overlay group-hover:p-opacity-50\"><\/div>\n\t\t\t\t  <div class=\"content-card__info-top\">\n\t\t\t\t\t<div class=\"content-card__info-top__way\"><\/div>\n\t\t\t\t\t<div class=\"content-card__info-top__town p-self-start\">\n\t\t\t\t\t  <div>Alicante<\/div>\n\t\t\t\t\t<\/div>\n\t\t\t\t  <\/div>\n\t\t\t\t  <div class=\"content-card__info-bottom\">\n\t\t\t\t\t<div class=\"content-card__info-bottom__stages\">\n\t\t\t\t\t  <div class=\"col-apie\">\n\t\t\t\t\t\t<i class=\"icon-on-foot\"><\/i>\n\t\t\t\t\t\t<div>\n\t\t\t\t\t\t  <p class=\"number-km\">1160 kms<\/p>\n\t\t\t\t\t\t  <p>48 tappe<\/p>\n\t\t\t\t\t\t<\/div>\n\t\t\t\t\t  <\/div>\n\t\t\t\t\t<\/div>\n\t\t\t\t\t<div class=\"content-card__info-bottom__btn p-right-2\">\n\t\t\t\t\t  <button class=\"p-pointer-events-none\">\n\t\t\t\t\t\t<i class=\"icon-arrow\"><\/i>\n\t\t\t\t\t  <\/button>\n\t\t\t\t\t<\/div>\n\t\t\t\t  <\/div>\n\t\t\t\t<\/div>\n\t\t\t  <\/div>\n\t\t\t<\/div>\n\t\t\t<h3 class=\"p-mt-5 p-font-bold p-text-secondary p-text-xl\">Ruta della Lana \/ Sud-Est<\/h3>\n\t\t\t<p class=\"cards-primary-ways__text\">\n\t\t\t  Inizia ad Alicante e attraversa le terre della Mancha fino ad arrivare\n\t\t\t  alla capitale Burgos, dove si unisce al Cammino Francese\u2026\n\t\t\t<\/p>\n\t\t\t<div class=\"p-mt-5\">\n\t\t\t  <hr class=\"single-bar\" \/>\n\t\t\t  <div class=\"p-grid p-grid-cols-2 p-justify-between p-text-sm\">\n\t\t\t\t<p class=\"p-uppercase\">Collega con<\/p>\n\t\t\t\t<p class=\"p-text-end\">C. Francese<\/p>\n\t\t\t  <\/div>\n\t\t\t  <hr class=\"single-bar\" \/>\n\t\t\t<\/div>\n\t\t  <\/div>\n\t\t  <div class=\"card-stage p-max-w-full\">\n\t\t\t<div class=\"cards-primary-ways__card card-best-experience p-group\">\n\t\t\t  <div class=\"card-best-experience__header\">\n\t\t\t\t<div class=\"content-card\">\n\t\t\t\t  <img\n\t\t\t\t\tsrc=\"https:\/\/cdn.pilgrim.es\/web\/caminos\/home\/caminos-secundarios\/mozarabe.jpg\"\n\t\t\t\t\talt=\"Cammino Moz\u00e1rabe\"\n\t\t\t\t\tclass=\"group-hover:p-scale-110 p-h-64\"\n\t\t\t\t  \/>\n\t\t\t\t  <div class=\"card-overlay group-hover:p-opacity-50\"><\/div>\n\t\t\t\t  <div class=\"content-card__info-top\">\n\t\t\t\t\t<div class=\"content-card__info-top__way\"><\/div>\n\t\t\t\t\t<div class=\"content-card__info-top__town p-self-start\">\n\t\t\t\t\t  <div>M\u00e1laga<\/div>\n\t\t\t\t\t<\/div>\n\t\t\t\t  <\/div>\n\t\t\t\t  <div class=\"content-card__info-bottom\">\n\t\t\t\t\t<div class=\"content-card__info-bottom__stages\">\n\t\t\t\t\t  <div class=\"col-apie\">\n\t\t\t\t\t\t<i class=\"icon-on-foot\"><\/i>\n\t\t\t\t\t\t<div>\n\t\t\t\t\t\t  <p class=\"number-km\">1039 kms<\/p>\n\t\t\t\t\t\t  <p>39 tappe<\/p>\n\t\t\t\t\t\t<\/div>\n\t\t\t\t\t  <\/div>\n\t\t\t\t\t<\/div>\n\t\t\t\t\t<div class=\"content-card__info-bottom__btn p-right-2\">\n\t\t\t\t\t  <button class=\"p-pointer-events-none\">\n\t\t\t\t\t\t<i class=\"icon-arrow\"><\/i>\n\t\t\t\t\t  <\/button>\n\t\t\t\t\t<\/div>\n\t\t\t\t  <\/div>\n\t\t\t\t<\/div>\n\t\t\t  <\/div>\n\t\t\t<\/div>\n\t\t\t<h3 class=\"p-mt-5 p-font-bold p-text-secondary p-text-xl\">Cammino Moz\u00e1rabe<\/h3>\n\t\t\t<p class=\"cards-primary-ways__text\">\n\t\t\t  Questo percorso ha tre punti di partenza diversi in Andalusia: M\u00e1laga,\n\t\t\t  Almer\u00eda e Ja\u00e9n, con punto d&#8217;incontro nella localit\u00e0 di Baena&#8230;\n\t\t\t<\/p>\n\t\t\t<div class=\"p-mt-5\">\n\t\t\t  <hr class=\"single-bar\" \/>\n\t\t\t  <div class=\"p-grid p-grid-cols-2 p-justify-between p-text-sm\">\n\t\t\t\t<p class=\"p-uppercase\">Collega con<\/p>\n\t\t\t\t<p class=\"p-text-end\">Via de la Plata<\/p>\n\t\t\t  <\/div>\n\t\t\t  <hr class=\"single-bar\" \/>\n\t\t\t<\/div>\n\t\t  <\/div>\n\t\t  <div class=\"card-stage p-max-w-full\">\n\t\t\t<div class=\"cards-primary-ways__card card-best-experience p-group\">\n\t\t\t  <div class=\"card-best-experience__header\">\n\t\t\t\t<div class=\"content-card\">\n\t\t\t\t  <img\n\t\t\t\t\tsrc=\"https:\/\/cdn.pilgrim.es\/web\/caminos\/home\/caminos-secundarios\/augusta.jpg\"\n\t\t\t\t\talt=\"Via Augusta\"\n\t\t\t\t\tclass=\"group-hover:p-scale-110 p-h-64\"\n\t\t\t\t  \/>\n\t\t\t\t  <div class=\"card-overlay group-hover:p-opacity-50\"><\/div>\n\t\t\t\t  <div class=\"content-card__info-top\">\n\t\t\t\t\t<div class=\"content-card__info-top__way\"><\/div>\n\t\t\t\t\t<div class=\"content-card__info-top__town p-self-start\">\n\t\t\t\t\t  <div>C\u00e1diz<\/div>\n\t\t\t\t\t<\/div>\n\t\t\t\t  <\/div>\n\t\t\t\t  <div class=\"content-card__info-bottom\">\n\t\t\t\t\t<div class=\"content-card__info-bottom__stages\">\n\t\t\t\t\t  <div class=\"col-apie\">\n\t\t\t\t\t\t<i class=\"icon-on-foot\"><\/i>\n\t\t\t\t\t\t<div>\n\t\t\t\t\t\t  <p class=\"number-km\">1142 kms<\/p>\n\t\t\t\t\t\t  <p>42 tappe<\/p>\n\t\t\t\t\t\t<\/div>\n\t\t\t\t\t  <\/div>\n\t\t\t\t\t<\/div>\n\t\t\t\t\t<div class=\"content-card__info-bottom__btn p-right-2\">\n\t\t\t\t\t  <button class=\"p-pointer-events-none\">\n\t\t\t\t\t\t<i class=\"icon-arrow\"><\/i>\n\t\t\t\t\t  <\/button>\n\t\t\t\t\t<\/div>\n\t\t\t\t  <\/div>\n\t\t\t\t<\/div>\n\t\t\t  <\/div>\n\t\t\t<\/div>\n\t\t\t<h3 class=\"p-mt-5 p-font-bold p-text-secondary p-text-xl\">Via Augusta<\/h3>\n\t\t\t<p class=\"cards-primary-ways__text\">\n\t\t\t  Inizia a C\u00e1diz e termina a Siviglia, dove ha inizio la Via de la\n\t\t\t  Plata. \u00c8 anche conosciuta come il Cammino di C\u00e1diz\u2026\n\t\t\t<\/p>\n\t\t\t<div class=\"p-mt-5\">\n\t\t\t  <hr class=\"single-bar\" \/>\n\t\t\t  <div class=\"p-grid p-grid-cols-2 p-justify-between p-text-sm\">\n\t\t\t\t<p class=\"p-uppercase\">Collega con<\/p>\n\t\t\t\t<p class=\"p-text-end\">Via de la Plata<\/p>\n\t\t\t  <\/div>\n\t\t\t  <hr class=\"single-bar\" \/>\n\t\t\t<\/div>\n\t\t  <\/div>\n\t\n\t\t  <div class=\"card-stage p-max-w-full\">\n\t\t\t<div class=\"cards-primary-ways__card card-best-experience p-group\">\n\t\t\t  <div class=\"card-best-experience__header\">\n\t\t\t\t<div class=\"content-card\">\n\t\t\t\t  <img\n\t\t\t\t\tsrc=\"https:\/\/cdn.pilgrim.es\/web\/caminos\/home\/caminos-secundarios\/arousa.jpg\"\n\t\t\t\t\talt=\"Via Arousa\"\n\t\t\t\t\tclass=\"group-hover:p-scale-110 p-h-64\"\n\t\t\t\t  \/>\n\t\t\t\t  <div class=\"card-overlay group-hover:p-opacity-50\"><\/div>\n\t\t\t\t  <div class=\"content-card__info-top\">\n\t\t\t\t\t<div class=\"content-card__info-top__way\"><\/div>\n\t\t\t\t\t<div class=\"content-card__info-top__town p-self-start\">\n\t\t\t\t\t  <div>Isola di Arousa<\/div>\n\t\t\t\t\t<\/div>\n\t\t\t\t  <\/div>\n\t\t\t\t  <div class=\"content-card__info-bottom\">\n\t\t\t\t\t<div class=\"content-card__info-bottom__stages\">\n\t\t\t\t\t  <div class=\"col-apie\">\n\t\t\t\t\t\t<i class=\"icon-on-foot\"><\/i>\n\t\t\t\t\t\t<div>\n\t\t\t\t\t\t  <p class=\"number-km\">102 kms<\/p>\n\t\t\t\t\t\t  <p>5 tappe<\/p>\n\t\t\t\t\t\t<\/div>\n\t\t\t\t\t  <\/div>\n\t\t\t\t\t<\/div>\n\t\t\t\t\t<div class=\"content-card__info-bottom__btn p-right-2\">\n\t\t\t\t\t  <button class=\"p-pointer-events-none\">\n\t\t\t\t\t\t<i class=\"icon-arrow\"><\/i>\n\t\t\t\t\t  <\/button>\n\t\t\t\t\t<\/div>\n\t\t\t\t  <\/div>\n\t\t\t\t<\/div>\n\t\t\t  <\/div>\n\t\t\t<\/div>\n\t\t\t<h3 class=\"p-mt-5 p-font-bold p-text-secondary p-text-xl\">Itinerario del Mare di Arousa<\/h3>\n\t\t\t<p class=\"cards-primary-ways__text\">\n\t\t\t  Questo itinerario marittimo-fluviale commemora l&#8217;arrivo in Galizia via\n\t\t\t  mare, proprio come accadde con il corpo dell&#8217;Apostolo Giacomo.\n\t\t\t<\/p>\n\t\t\t<div class=\"p-mt-5\">\n\t\t\t  <hr class=\"single-bar\" \/>\n\t\t\t  <div class=\"p-grid p-grid-cols-2 p-justify-between p-text-sm\">\n\t\t\t\t<p class=\"p-uppercase\">Collega con<\/p>\n\t\t\t\t<p class=\"p-text-end\">Cammino Portoghese<\/p>\n\t\t\t  <\/div>\n\t\t\t  <hr class=\"single-bar\" \/>\n\t\t\t<\/div>\n\t\t  <\/div>\n\t\t<\/div>\n\t  <\/section>\n\t\n\t  <section id=\"nonJacobean\">\n\t\t<div class=\"p-grid p-grid-cols-1 md:p-grid-cols-5 p-gap-8\">\n\t\t  <div class=\"p-col-span-2 p-w-full md:p-w-4\/5\">\n\t\t\t<p class=\"p-uppercase p-text-gray p-font-['Rasa']\">Cammini non giacobei<\/p>\n\t\t\t<hr class=\"orange-bar\" \/>\n\t\t\t<h2>\n\t\t\t  Altri percorsi di pellegrinaggio, indipendenti dalle rotte del Cammino\n\t\t\t  di Santiago\n\t\t\t<\/h2>\n\t\t\t<p>\n\t\t\t  Esistono altre rotte di pellegrinaggio e sentieri escursionistici in\n\t\t\t  tutto il territorio spagnolo che, con il passare degli anni, hanno\n\t\t\t  acquisito rilevanza. Scopri le informazioni e le tappe di ciascuna di\n\t\t\t  esse.\n\t\t\t<\/p>\n\t\t  <\/div>\n\t\t  <div class=\"p-col-span-3\">\n\t\t\t<div class=\"p-grid p-grid-cols-1 md:p-grid-cols-2 p-gap-4\">\n\t\t\t  <div class=\"card-stage p-max-w-full\">\n\t\t\t\t<div class=\"cards-primary-ways__card card-best-experience p-group\">\n\t\t\t\t  <div class=\"card-best-experience__header\">\n\t\t\t\t\t<div class=\"content-card\">\n\t\t\t\t\t  <img\n\t\t\t\t\t\tsrc=\"https:\/\/cdn.pilgrim.es\/web\/caminos\/home\/caminos-secundarios\/lebaniego.jpg\"\n\t\t\t\t\t\talt=\"Cammino Lebaniego\"\n\t\t\t\t\t\tclass=\"group-hover:p-scale-110 p-h-64\"\n\t\t\t\t\t  \/>\n\t\t\t\t\t  <div class=\"card-overlay group-hover:p-opacity-50\"><\/div>\n\t\t\t\t\t  <div class=\"content-card__info-top\">\n\t\t\t\t\t\t<div class=\"content-card__info-top__way\"><\/div>\n\t\t\t\t\t\t<div class=\"content-card__info-top__town p-self-start\">\n\t\t\t\t\t\t  <div>San Vicente de la Barquera<\/div>\n\t\t\t\t\t\t<\/div>\n\t\t\t\t\t  <\/div>\n\t\t\t\t\t  <div class=\"content-card__info-bottom\">\n\t\t\t\t\t\t<div class=\"content-card__info-bottom__stages\">\n\t\t\t\t\t\t  <div class=\"col-apie\">\n\t\t\t\t\t\t\t<i class=\"icon-on-foot\"><\/i>\n\t\t\t\t\t\t\t<div>\n\t\t\t\t\t\t\t  <p class=\"number-km\">201 kms<\/p>\n\t\t\t\t\t\t\t  <p>9 tappe<\/p>\n\t\t\t\t\t\t\t<\/div>\n\t\t\t\t\t\t  <\/div>\n\t\t\t\t\t\t<\/div>\n\t\t\t\t\t\t<div class=\"content-card__info-bottom__btn p-right-2\">\n\t\t\t\t\t\t  <button>\n\t\t\t\t\t\t\t<i class=\"icon-arrow\"><\/i>\n\t\t\t\t\t\t  <\/button>\n\t\t\t\t\t\t<\/div>\n\t\t\t\t\t  <\/div>\n\t\t\t\t\t<\/div>\n\t\t\t\t  <\/div>\n\t\t\t\t<\/div>\n\t\t\t\t<h3 class=\"p-mt-5 p-font-bold p-text-secondary p-text-xl\">\n\t\t\t\t  <a\n\t\t\t\t\thref=\"https:\/\/www.pilgrim.es\/it\/il-cammino-lebaniego\/\"\n\t\t\t\t\tclass=\"after:p-absolute after:p-inset-0 p-col-span-3 p-text-secondary hover:p-text-secondary\"\n\t\t\t\t\t>Cammino Lebaniego<\/a\n\t\t\t\t  >\n\t\t\t\t<\/h3>\n\t\t\t\t<p class=\"cards-primary-ways__text\">\n\t\t\t\t  Uno dei cammini con una storia propria, indipendente dall&#8217;Apostolo\n\t\t\t\t  Giacomo. \u00c8 una rotta famosa per conservare nel monastero di Santo\n\t\t\t\t  Toribio una delle pi\u00f9 grandi reliquie\u2026<a\n\t\t\t\t\thref=\"https:\/\/www.pilgrim.es\/it\/il-cammino-lebaniego\/\"\n\t\t\t\t\tclass=\"p-underline\"\n\t\t\t\t\t>Leggi di pi\u00f9<\/a\n\t\t\t\t  >\n\t\t\t\t<\/p>\n\t\t\t  <\/div>\n\t\t\t<\/div>\n\t\t  <\/div>\n\t\t<\/div>\n\t  <\/section>\n\t  <section id=\"internationalWays\">\n\t\t<div class=\"p-grid p-grid-cols-1 md:p-grid-cols-5 p-gap-8\">\n\t\t  <div class=\"p-col-span-2 p-w-full md:p-w-4\/5\">\n\t\t\t<h4 class=\"p-uppercase p-text-gray p-font-['Rasa']\">Cammini internazionali<\/h4>\n\t\t\t<hr class=\"orange-bar\" \/>\n\t\t\t<h2>Altri cammini di pellegrinaggio in Asia ed Europa<\/h2>\n\t\t\t<p class=\"p-mt-10\">\n\t\t\t  Scopri tutte le informazioni necessarie su alcuni dei principali\n\t\t\t  percorsi di pellegrinaggio nel mondo, alcuni dei quali hanno\n\t\t\t  un&#8217;importanza storica significativa e molte somiglianze con il Cammino\n\t\t\t  di Santiago.\n\t\t\t<\/p>\n\t\t  <\/div>\n\t\t  <div class=\"p-col-span-3\">\n\t\t\t<div class=\"p-grid p-grid-cols-1 md:p-grid-cols-2 p-gap-4\">\n\t\t\t  <div class=\"card-stage p-max-w-full\">\n\t\t\t\t<div class=\"cards-primary-ways__card card-best-experience p-group\">\n\t\t\t\t  <div class=\"card-best-experience__header\">\n\t\t\t\t\t<div class=\"content-card\">\n\t\t\t\t\t  <img\n\t\t\t\t\t\tsrc=\"https:\/\/cdn.pilgrim.es\/web\/caminos\/home\/caminos-secundarios\/kumanokodo.jpg\"\n\t\t\t\t\t\talt=\"Kumano Kodo\"\n\t\t\t\t\t\tclass=\"group-hover:p-scale-110 p-h-64\"\n\t\t\t\t\t  \/>\n\t\t\t\t\t  <div class=\"card-overlay group-hover:p-opacity-50\"><\/div>\n\t\t\t\t\t  <div class=\"content-card__info-top\">\n\t\t\t\t\t\t<div class=\"content-card__info-top__way\"><\/div>\n\t\t\t\t\t\t<div class=\"content-card__info-top__town p-self-start\">\n\t\t\t\t\t\t  <div>Kumano Kodo<\/div>\n\t\t\t\t\t\t<\/div>\n\t\t\t\t\t  <\/div>\n\t\t\t\t\t  <div class=\"content-card__info-bottom\">\n\t\t\t\t\t\t<div class=\"content-card__info-bottom__stages\"><\/div>\n\t\t\t\t\t\t<div class=\"content-card__info-bottom__btn p-right-2\">\n\t\t\t\t\t\t  <button class=\"p-pointer-events-none\">\n\t\t\t\t\t\t\t<i class=\"icon-arrow\"><\/i>\n\t\t\t\t\t\t  <\/button>\n\t\t\t\t\t\t<\/div>\n\t\t\t\t\t  <\/div>\n\t\t\t\t\t<\/div>\n\t\t\t\t  <\/div>\n\t\t\t\t<\/div>\n\t\t\t\t<h3 class=\"p-mt-5 p-font-bold p-text-secondary p-text-xl\">Kumano Kodo, Giappone<\/h3>\n\t\t\t\t<p class=\"cards-primary-ways__text\">\n\t\t\t\t  Percorso internazionale giapponese gemellato con il Cammino di\n\t\t\t\t  Santiago. Scopri uno dei pi\u00f9 importanti itinerari di\n\t\t\t\t  pellegrinaggio al mondo\u2026\n\t\t\t\t<\/p>\n\t\t\t  <\/div>\n\t\t\t  <div class=\"card-stage p-max-w-full\">\n\t\t\t\t<div class=\"cards-primary-ways__card card-best-experience p-group\">\n\t\t\t\t  <div class=\"card-best-experience__header\">\n\t\t\t\t\t<div class=\"content-card\">\n\t\t\t\t\t  <img\n\t\t\t\t\t\tsrc=\"https:\/\/cdn.pilgrim.es\/web\/caminos\/home\/caminos-secundarios\/aragones.jpg\"\n\t\t\t\t\t\talt=\"Via Francigena\"\n\t\t\t\t\t\tclass=\"group-hover:p-scale-110 p-h-64\"\n\t\t\t\t\t  \/>\n\t\t\t\t\t  <div class=\"card-overlay group-hover:p-opacity-50\"><\/div>\n\t\t\t\t\t  <div class=\"content-card__info-top\">\n\t\t\t\t\t\t<div class=\"content-card__info-top__way\"><\/div>\n\t\t\t\t\t\t<div class=\"content-card__info-top__town p-self-start\">\n\t\t\t\t\t\t  <div>Canterbury<\/div>\n\t\t\t\t\t\t<\/div>\n\t\t\t\t\t  <\/div>\n\t\t\t\t\t  <div class=\"content-card__info-bottom\">\n\t\t\t\t\t\t<div class=\"content-card__info-bottom__stages\">\n\t\t\t\t\t\t  <div class=\"col-apie\"><\/div>\n\t\t\t\t\t\t<\/div>\n\t\t\t\t\t\t<div class=\"content-card__info-bottom__btn p-right-2\">\n\t\t\t\t\t\t  <button class=\"p-pointer-events-none\">\n\t\t\t\t\t\t\t<i class=\"icon-arrow\"><\/i>\n\t\t\t\t\t\t  <\/button>\n\t\t\t\t\t\t<\/div>\n\t\t\t\t\t  <\/div>\n\t\t\t\t\t<\/div>\n\t\t\t\t  <\/div>\n\t\t\t\t<\/div>\n\t\t\t\t<h3 class=\"p-mt-5 p-font-bold p-text-secondary p-text-xl\">Via Francigena, Europa<\/h3>\n\t\t\t\t<p class=\"cards-primary-ways__text\">\n\t\t\t\t  La Via Francigena \u00e8 un percorso che si estende dal nord-ovest\n\t\t\t\t  dell&#8217;Europa fino al centro dell&#8217;Italia, con destinazione finale in\n\t\t\t\t  Piazza San Pietro, in Vaticano.\n\t\t\t\t<\/p>\n\t\t\t  <\/div>\n\t\t\t<\/div>\n\t\t  <\/div>\n\t\t<\/div>\n\t  <\/section>\n\t\n\t  <section id=\"faqs\">\n\t\t<div class=\"title\">\n\t\t  <p class=\"p-uppercase p-text-gray p-font-['Rasa']\">Informazioni Pratiche<\/p>\n\t\t  <hr \/>\n\t\t  <h2>Domande Frequenti<\/h2>\n\t\t<\/div>\n\t\t<div class=\"container\">\n\t\t  <div>\n\t\t\t<button class=\"accordion-btn\">\n\t\t\t  <div class=\"accordion-btn__question\">\n\t\t\t\t<h3>Qual \u00e8 il Cammino di Santiago pi\u00f9 corto?<\/h3>\n\t\t\t\t<span>+<\/span>\n\t\t\t  <\/div>\n\t\t\t  <hr \/>\n\t\t\t<\/button>\n\t\t\t<div class=\"accordion-content\">\n\t\t\t  <p>\n\t\t\t\tSe consideriamo tutti i chilometri che compongono ogni percorso, il\n\t\t\t\tCammino di Santiago pi\u00f9 corto \u00e8 la\n\t\t\t\t<a class=\"p-underline\" href=\"https:\/\/www.pilgrim.es\/it\/epilogo-fisterra-muxia\/\"\n\t\t\t\t  >rotta Santiago-Finisterre<\/a\n\t\t\t\t>, l&#8217;ultima rotta verso la &#8220;Fine del Mondo&#8221; in Galizia.\n\t\t\t  <\/p>\n\t\t\t<\/div>\n\t\t  <\/div>\n\t\t  <div>\n\t\t\t<button class=\"accordion-btn\">\n\t\t\t  <div class=\"accordion-btn__question\">\n\t\t\t\t<h3>Qual \u00e8 il Cammino di Santiago pi\u00f9 lungo?<\/h3>\n\t\t\t\t<span>+<\/span>\n\t\t\t  <\/div>\n\t\t\t  <hr \/>\n\t\t\t<\/button>\n\t\t\t<div class=\"accordion-content\">\n\t\t\t  <p>\n\t\t\t\tSenza considerare le connessioni o le rotte secondarie, il cammino\n\t\t\t\tpi\u00f9 lungo \u00e8 il\n\t\t\t\t<a class=\"p-underline\" href=\"https:\/\/www.pilgrim.es\/it\/cammino-nord\/\">Cammino del Nord<\/a>\n\t\t\t\tcon oltre 820 km di lunghezza.\n\t\t\t  <\/p>\n\t\t\t<\/div>\n\t\t  <\/div>\n\t\t  <div>\n\t\t\t<button class=\"accordion-btn\">\n\t\t\t  <div class=\"accordion-btn__question\">\n\t\t\t\t<h3>Qual \u00e8 il Cammino di Santiago pi\u00f9 difficile?<\/h3>\n\t\t\t\t<span>+<\/span>\n\t\t\t  <\/div>\n\t\t\t  <hr \/>\n\t\t\t<\/button>\n\t\t\t<div class=\"accordion-content\">\n\t\t\t  <p>\n\t\t\t\tIl\n\t\t\t\t<a class=\"p-underline\" href=\"https:\/\/www.pilgrim.es\/it\/cammino-primitivo\/\"\n\t\t\t\t  >Cammino Primitivo<\/a\n\t\t\t\t>\n\t\t\t\t\u00e8 considerato il pi\u00f9 impegnativo poich\u00e9 attraversa zone montuose per\n\t\t\t\tsuperare il confine tra le regioni della Galizia e delle Asturie.\n\t\t\t  <\/p>\n\t\t\t<\/div>\n\t\t  <\/div>\n\t\t  <div>\n\t\t\t<button class=\"accordion-btn\">\n\t\t\t  <div class=\"accordion-btn__question\">\n\t\t\t\t<h3>Qual \u00e8 il Cammino di Santiago pi\u00f9 facile?<\/h3>\n\t\t\t\t<span>+<\/span>\n\t\t\t  <\/div>\n\t\t\t  <hr \/>\n\t\t\t<\/button>\n\t\t\t<div class=\"accordion-content\">\n\t\t\t  <p>\n\t\t\t\tIl percorso pi\u00f9 semplice \u00e8 il\n\t\t\t\t<a class=\"p-underline\" href=\"https:\/\/www.pilgrim.es\/it\/cammino-di-santiago-da-sarria\/\"\n\t\t\t\t  >Cammino di Santiago da Sarria<\/a\n\t\t\t\t>, gli ultimi 100 km del Cammino Francese e il pi\u00f9 frequentato dai\n\t\t\t\tpellegrini che si avvicinano per la prima volta a questa esperienza.\n\t\t\t  <\/p>\n\t\t\t<\/div>\n\t\t  <\/div>\n\t\t  <div>\n\t\t\t<button class=\"accordion-btn\">\n\t\t\t  <div class=\"accordion-btn__question\">\n\t\t\t\t<h3>Qual \u00e8 il Cammino di Santiago pi\u00f9 bello?<\/h3>\n\t\t\t\t<span>+<\/span>\n\t\t\t  <\/div>\n\t\t\t  <hr \/>\n\t\t\t<\/button>\n\t\t\t<div class=\"accordion-content\">\n\t\t\t  <p>\n\t\t\t\tIl percorso con il maggior numero di paesaggi mozzafiato \u00e8\n\t\t\t\t<a class=\"p-underline\" href=\"https:\/\/www.pilgrim.es\/it\/cammino-nord\/\"\n\t\t\t\t  >il Cammino del Nord<\/a\n\t\t\t\t>, per la sua combinazione tra la natura delle foreste e la bellezza\n\t\t\t\tdelle coste del nord della Spagna.\n\t\t\t  <\/p>\n\t\t\t<\/div>\n\t\t  <\/div>\n\t\t  <div>\n\t\t\t<button class=\"accordion-btn\">\n\t\t\t  <div class=\"accordion-btn__question\">\n\t\t\t\t<h3>Quale percorso del Cammino di Santiago segue la costa?<\/h3>\n\t\t\t\t<span>+<\/span>\n\t\t\t  <\/div>\n\t\t\t  <hr \/>\n\t\t\t<\/button>\n\t\t\t<div class=\"accordion-content\">\n\t\t\t  <p>\n\t\t\t\tCi sono due percorsi principali del Cammino di Santiago che si\n\t\t\t\tsnodano lungo la costa:\n\t\t\t\t<a class=\"p-underline\" href=\"https:\/\/www.pilgrim.es\/it\/cammino-nord\/\"\n\t\t\t\t  >il Cammino del Nord<\/a\n\t\t\t\t>\n\t\t\t\te\n\t\t\t\t<a href=\"https:\/\/www.pilgrim.es\/it\/cammino-portoghese-per-la-costa\/\" class=\"p-underline\"\n\t\t\t\t  >il Cammino Portoghese lungo la Costa<\/a\n\t\t\t\t>. Il primo segue la costa del Mar Cantabrico, nel nord della\n\t\t\t\tSpagna, mentre il secondo percorre le coste dell&#8217;Oceano Atlantico,\n\t\t\t\ttoccando il nord del Portogallo e il sud della Galizia.\n\t\t\t  <\/p>\n\t\t\t<\/div>\n\t\t  <\/div>\n\t\t  <div>\n\t\t\t<button class=\"accordion-btn\">\n\t\t\t  <div class=\"accordion-btn__question\">\n\t\t\t\t<h3>\n\t\t\t\t  Quanti km bisogna percorrere per completare il Cammino di\n\t\t\t\t  Santiago?\n\t\t\t\t<\/h3>\n\t\t\t\t<span>+<\/span>\n\t\t\t  <\/div>\n\t\t\t  <hr \/>\n\t\t\t<\/button>\n\t\t\t<div class=\"accordion-content\">\n\t\t\t  <p>\n\t\t\t\tIl minimo necessario per ottenere\n\t\t\t\t<a class=\"p-underline\" href=\"https:\/\/www.pilgrim.es\/it\/pianificare\/la-compostela\/\"\n\t\t\t\t  >la Compostela<\/a\n\t\t\t\t>\n\t\t\t\t\u00e8 di 100 km a piedi o a cavallo e 200 km in bicicletta.\n\t\t\t  <\/p>\n\t\t\t<\/div>\n\t\t  <\/div>\n\t\t  <div>\n\t\t\t<button class=\"accordion-btn\">\n\t\t\t  <div class=\"accordion-btn__question\">\n\t\t\t\t<h3>Da dove si parte per il Cammino di Santiago?<\/h3>\n\t\t\t\t<span>+<\/span>\n\t\t\t  <\/div>\n\t\t\t  <hr \/>\n\t\t\t<\/button>\n\t\t\t<div class=\"accordion-content\">\n\t\t\t  <p>\n\t\t\t\tIl Cammino di Santiago ha numerosi percorsi, ognuno con un punto di\n\t\t\t\tpartenza diverso:\n\t\t\t\t<a class=\"p-underline\" href=\"https:\/\/www.pilgrim.es\/it\/cammino-francese\/\"\n\t\t\t\t  >Cammino Francese<\/a\n\t\t\t\t>\n\t\t\t\t\u2013 Saint Jean Pied de Port,\n\t\t\t\t<a href=\"https:\/\/www.pilgrim.es\/it\/cammino-nord\/\" class=\"p-underline\">Cammino del Nord<\/a>\n\t\t\t\t\u2013 Ir\u00fan,\n\t\t\t\t<a href=\"https:\/\/www.pilgrim.es\/it\/cammino-portoghese\/\" class=\"p-underline\"\n\t\t\t\t  >Cammino Portoghese<\/a\n\t\t\t\t>\n\t\t\t\t\u2013 Lisbona,\n\t\t\t\t<a href=\"https:\/\/www.pilgrim.es\/it\/cammino-inglese\/\" class=\"p-underline\"\n\t\t\t\t  >Cammino Inglese<\/a\n\t\t\t\t>\n\t\t\t\t\u2013 Ferrol\u2026\n\t\t\t  <\/p>\n\t\t\t<\/div>\n\t\t  <\/div>\n\t\t<\/div>\n\t  <\/section>\n\t<\/div>\n\t\n\t<!-- Modales  -->\n\t\n\t<div\n\t  role=\"dialog\"\n\t  id=\"modal-history\"\n\t  aria-hidden=\"true\"\n\t  class=\"modal fade p-opacity-0 p-invisible\"\n\t  tabindex=\"-1\"\n\t>\n\t  <div class=\"overlay-modal\" tabindex=\"-1\" data-dismiss=\"modal\"><\/div>\n\t\n\t  <article\n\t\tclass=\"modal-content\"\n\t\taria-labelledby=\"modal-title\"\n\t\taria-describedby=\"modal-body\"\n\t  >\n\t\t<header class=\"modal-header\">\n\t\t\t<p class=\"title-modal\">Cammino <br \/><span id=\"modal-title-sub\"><\/span><\/p>\n\t\t  <button type=\"button\" data-dismiss=\"modal\" aria-label=\"Close\">\n\t\t\t<svg\n\t\t\t  xmlns=\"http:\/\/www.w3.org\/2000\/svg\"\n\t\t\t  width=\"22\"\n\t\t\t  height=\"22\"\n\t\t\t  viewBox=\"0 0 24 24\"\n\t\t\t  fill=\"none\"\n\t\t\t  stroke=\"#7A8382\"\n\t\t\t  stroke-width=\"2\"\n\t\t\t  stroke-linecap=\"round\"\n\t\t\t  stroke-linejoin=\"round\"\n\t\t\t>\n\t\t\t  <line x1=\"18\" y1=\"6\" x2=\"6\" y2=\"18\"><\/line>\n\t\t\t  <line x1=\"6\" y1=\"6\" x2=\"18\" y2=\"18\"><\/line>\n\t\t\t<\/svg>\n\t\t  <\/button>\n\t\t<\/header>\n\t\t<p class=\"text-history\">Storia<\/p>\n\t\t<main class=\"modal-body\" id=\"modal-content\"><\/main>\n\t\t<footer class=\"modal-footer\">\n\t\t  <div class=\"modal-footer__content\">\n\t\t\t<a href=\"#\" id=\"modal-link\">\n\t\t\t  <button type=\"button\" data-dismiss=\"modal\">\n\t\t\t\t<p class=\"button-text\">Vedi il cammino<\/p>\n\t\t\t\t<i class=\"icon-arrow button-icon\"><\/i>\n\t\t\t  <\/button>\n\t\t\t<\/a>\n\t\t  <\/div>\n\t\t<\/footer>\n\t  <\/article>\n\t<\/div>\n\t\n","protected":false},"excerpt":{"rendered":"<p>Cammino di Santiago: Percorsi, Tappe, Mappe e Paesi Sei lontano dai Percorsi Principali? Scopri le rotte alternative! Esistono molteplici itinerari che partono da tutta la Spagna e si collegano ai percorsi pi\u00f9 importanti. Percorsi principali Informazioni, Tappe, Mappe e Punti di Interesse Nel 1997 il Consiglio d&#8217;Europa ha dichiarato il Cammino di Santiago il Primo &hellip; <\/p>\n<p class=\"read_more\"><a href=\"https:\/\/www.pilgrim.es\/it\/cammini\/\">Leer m\u00e1s<\/a><\/p>\n","protected":false},"author":4,"featured_media":6240,"parent":0,"menu_order":0,"comment_status":"closed","ping_status":"closed","template":"views\/template-new-web-design.blade.php","meta":{"footnotes":""},"categories":[],"tags":[],"class_list":["post-11211","page","type-page","status-publish","has-post-thumbnail","hentry"],"yoast_head":"<!-- This site is optimized with the Yoast SEO plugin v27.4 - https:\/\/yoast.com\/product\/yoast-seo-wordpress\/ -->\n<title>Tutti i Cammini di Santiago | Principali rotte, mappe e tappe | Pilgrim<\/title>\n<meta name=\"description\" content=\"lll\u27a4 Scopri tutti i percorsi del Cammino di Santiago con Pilgrim \u2705 Le informazioni pi\u00f9 complete per pianificare la tua esperienza in ogni percorso: mappe, tappe ...\" \/>\n<meta name=\"robots\" content=\"index, follow, max-snippet:-1, max-image-preview:large, max-video-preview:-1\" \/>\n<link rel=\"canonical\" href=\"https:\/\/www.pilgrim.es\/it\/cammini\/\" \/>\n<meta property=\"og:locale\" content=\"it_IT\" \/>\n<meta property=\"og:type\" content=\"article\" \/>\n<meta property=\"og:title\" content=\"Tutti i Cammini di Santiago | Principali rotte, mappe e tappe | Pilgrim\" \/>\n<meta property=\"og:description\" content=\"lll\u27a4 Scopri tutti i percorsi del Cammino di Santiago con Pilgrim \u2705 Le informazioni pi\u00f9 complete per pianificare la tua esperienza in ogni percorso: mappe, tappe ...\" \/>\n<meta property=\"og:url\" content=\"https:\/\/www.pilgrim.es\/it\/cammini\/\" \/>\n<meta property=\"og:site_name\" content=\"Pilgrim\" \/>\n<meta property=\"article:publisher\" content=\"https:\/\/www.facebook.com\/pilgrim.es\/\" \/>\n<meta property=\"article:modified_time\" content=\"2025-03-24T10:50:16+00:00\" \/>\n<meta property=\"og:image\" content=\"https:\/\/www.pilgrim.es\/wp-content\/uploads\/2019\/02\/mapa-full-01-1000x700.jpg\" \/>\n\t<meta property=\"og:image:width\" content=\"1000\" \/>\n\t<meta property=\"og:image:height\" content=\"700\" \/>\n\t<meta property=\"og:image:type\" content=\"image\/jpeg\" \/>\n<meta name=\"twitter:card\" content=\"summary_large_image\" \/>\n<meta name=\"twitter:site\" content=\"@pilgrim_es\" \/>\n<meta name=\"twitter:label1\" content=\"Tempo di lettura stimato\" \/>\n\t<meta name=\"twitter:data1\" content=\"7 minuti\" \/>\n<script type=\"application\/ld+json\" class=\"yoast-schema-graph\">{\"@context\":\"https:\\\/\\\/schema.org\",\"@graph\":[{\"@type\":\"WebPage\",\"@id\":\"https:\\\/\\\/www.pilgrim.es\\\/it\\\/cammini\\\/\",\"url\":\"https:\\\/\\\/www.pilgrim.es\\\/it\\\/cammini\\\/\",\"name\":\"Tutti i Cammini di Santiago | Principali rotte, mappe e tappe | Pilgrim\",\"isPartOf\":{\"@id\":\"https:\\\/\\\/www.pilgrim.es\\\/it\\\/#website\"},\"primaryImageOfPage\":{\"@id\":\"https:\\\/\\\/www.pilgrim.es\\\/it\\\/cammini\\\/#primaryimage\"},\"image\":{\"@id\":\"https:\\\/\\\/www.pilgrim.es\\\/it\\\/cammini\\\/#primaryimage\"},\"thumbnailUrl\":\"https:\\\/\\\/www.pilgrim.es\\\/wp-content\\\/uploads\\\/2019\\\/02\\\/mapa-full-01-1000x700.jpg\",\"datePublished\":\"2019-02-21T11:26:57+00:00\",\"dateModified\":\"2025-03-24T10:50:16+00:00\",\"description\":\"lll\u27a4 Scopri tutti i percorsi del Cammino di Santiago con Pilgrim \u2705 Le informazioni pi\u00f9 complete per pianificare la tua esperienza in ogni percorso: mappe, tappe ...\",\"breadcrumb\":{\"@id\":\"https:\\\/\\\/www.pilgrim.es\\\/it\\\/cammini\\\/#breadcrumb\"},\"inLanguage\":\"it-IT\",\"potentialAction\":[{\"@type\":\"ReadAction\",\"target\":[\"https:\\\/\\\/www.pilgrim.es\\\/it\\\/cammini\\\/\"]}]},{\"@type\":\"ImageObject\",\"inLanguage\":\"it-IT\",\"@id\":\"https:\\\/\\\/www.pilgrim.es\\\/it\\\/cammini\\\/#primaryimage\",\"url\":\"https:\\\/\\\/www.pilgrim.es\\\/wp-content\\\/uploads\\\/2019\\\/02\\\/mapa-full-01-1000x700.jpg\",\"contentUrl\":\"https:\\\/\\\/www.pilgrim.es\\\/wp-content\\\/uploads\\\/2019\\\/02\\\/mapa-full-01-1000x700.jpg\",\"width\":1000,\"height\":700,\"caption\":\"Mappa del Cammino di Santiago\"},{\"@type\":\"BreadcrumbList\",\"@id\":\"https:\\\/\\\/www.pilgrim.es\\\/it\\\/cammini\\\/#breadcrumb\",\"itemListElement\":[{\"@type\":\"ListItem\",\"position\":1,\"name\":\"Camino de Santiago\",\"item\":\"https:\\\/\\\/www.pilgrim.es\\\/it\\\/\"},{\"@type\":\"ListItem\",\"position\":2,\"name\":\"Percorsi del Cammino di Santiago\"}]},{\"@type\":\"WebSite\",\"@id\":\"https:\\\/\\\/www.pilgrim.es\\\/it\\\/#website\",\"url\":\"https:\\\/\\\/www.pilgrim.es\\\/it\\\/\",\"name\":\"Pilgrim\",\"description\":\"Camino de Santiago | Caminamos Contigo\",\"publisher\":{\"@id\":\"https:\\\/\\\/www.pilgrim.es\\\/it\\\/#organization\"},\"potentialAction\":[{\"@type\":\"SearchAction\",\"target\":{\"@type\":\"EntryPoint\",\"urlTemplate\":\"https:\\\/\\\/www.pilgrim.es\\\/it\\\/?s={search_term_string}\"},\"query-input\":{\"@type\":\"PropertyValueSpecification\",\"valueRequired\":true,\"valueName\":\"search_term_string\"}}],\"inLanguage\":\"it-IT\"},{\"@type\":\"Organization\",\"@id\":\"https:\\\/\\\/www.pilgrim.es\\\/it\\\/#organization\",\"name\":\"Pilgrim Camino de Santiago\",\"url\":\"https:\\\/\\\/www.pilgrim.es\\\/it\\\/\",\"logo\":{\"@type\":\"ImageObject\",\"inLanguage\":\"it-IT\",\"@id\":\"https:\\\/\\\/www.pilgrim.es\\\/it\\\/#\\\/schema\\\/logo\\\/image\\\/\",\"url\":\"https:\\\/\\\/www.pilgrim.es\\\/wp-content\\\/uploads\\\/2019\\\/04\\\/logo_pilgrim.png\",\"contentUrl\":\"https:\\\/\\\/www.pilgrim.es\\\/wp-content\\\/uploads\\\/2019\\\/04\\\/logo_pilgrim.png\",\"width\":512,\"height\":512,\"caption\":\"Pilgrim Camino de Santiago\"},\"image\":{\"@id\":\"https:\\\/\\\/www.pilgrim.es\\\/it\\\/#\\\/schema\\\/logo\\\/image\\\/\"},\"sameAs\":[\"https:\\\/\\\/www.facebook.com\\\/pilgrim.es\\\/\",\"https:\\\/\\\/x.com\\\/pilgrim_es\",\"https:\\\/\\\/www.instagram.com\\\/pilgrim.es\\\/\",\"https:\\\/\\\/www.linkedin.com\\\/company\\\/pilgrim-camino-de-santiago\\\/\",\"https:\\\/\\\/www.pinterest.es\\\/pilgrimcaminodesantiago\\\/\",\"https:\\\/\\\/www.youtube.com\\\/channel\\\/UCIv2ZzFLXVqthkNF32rKedw\\\/featured\"]}]}<\/script>\n<!-- \/ Yoast SEO plugin. -->","yoast_head_json":{"title":"Tutti i Cammini di Santiago | Principali rotte, mappe e tappe | Pilgrim","description":"lll\u27a4 Scopri tutti i percorsi del Cammino di Santiago con Pilgrim \u2705 Le informazioni pi\u00f9 complete per pianificare la tua esperienza in ogni percorso: mappe, tappe ...","robots":{"index":"index","follow":"follow","max-snippet":"max-snippet:-1","max-image-preview":"max-image-preview:large","max-video-preview":"max-video-preview:-1"},"canonical":"https:\/\/www.pilgrim.es\/it\/cammini\/","og_locale":"it_IT","og_type":"article","og_title":"Tutti i Cammini di Santiago | Principali rotte, mappe e tappe | Pilgrim","og_description":"lll\u27a4 Scopri tutti i percorsi del Cammino di Santiago con Pilgrim \u2705 Le informazioni pi\u00f9 complete per pianificare la tua esperienza in ogni percorso: mappe, tappe ...","og_url":"https:\/\/www.pilgrim.es\/it\/cammini\/","og_site_name":"Pilgrim","article_publisher":"https:\/\/www.facebook.com\/pilgrim.es\/","article_modified_time":"2025-03-24T10:50:16+00:00","og_image":[{"width":1000,"height":700,"url":"https:\/\/www.pilgrim.es\/wp-content\/uploads\/2019\/02\/mapa-full-01-1000x700.jpg","type":"image\/jpeg"}],"twitter_card":"summary_large_image","twitter_site":"@pilgrim_es","twitter_misc":{"Tempo di lettura stimato":"7 minuti"},"schema":{"@context":"https:\/\/schema.org","@graph":[{"@type":"WebPage","@id":"https:\/\/www.pilgrim.es\/it\/cammini\/","url":"https:\/\/www.pilgrim.es\/it\/cammini\/","name":"Tutti i Cammini di Santiago | Principali rotte, mappe e tappe | Pilgrim","isPartOf":{"@id":"https:\/\/www.pilgrim.es\/it\/#website"},"primaryImageOfPage":{"@id":"https:\/\/www.pilgrim.es\/it\/cammini\/#primaryimage"},"image":{"@id":"https:\/\/www.pilgrim.es\/it\/cammini\/#primaryimage"},"thumbnailUrl":"https:\/\/www.pilgrim.es\/wp-content\/uploads\/2019\/02\/mapa-full-01-1000x700.jpg","datePublished":"2019-02-21T11:26:57+00:00","dateModified":"2025-03-24T10:50:16+00:00","description":"lll\u27a4 Scopri tutti i percorsi del Cammino di Santiago con Pilgrim \u2705 Le informazioni pi\u00f9 complete per pianificare la tua esperienza in ogni percorso: mappe, tappe ...","breadcrumb":{"@id":"https:\/\/www.pilgrim.es\/it\/cammini\/#breadcrumb"},"inLanguage":"it-IT","potentialAction":[{"@type":"ReadAction","target":["https:\/\/www.pilgrim.es\/it\/cammini\/"]}]},{"@type":"ImageObject","inLanguage":"it-IT","@id":"https:\/\/www.pilgrim.es\/it\/cammini\/#primaryimage","url":"https:\/\/www.pilgrim.es\/wp-content\/uploads\/2019\/02\/mapa-full-01-1000x700.jpg","contentUrl":"https:\/\/www.pilgrim.es\/wp-content\/uploads\/2019\/02\/mapa-full-01-1000x700.jpg","width":1000,"height":700,"caption":"Mappa del Cammino di Santiago"},{"@type":"BreadcrumbList","@id":"https:\/\/www.pilgrim.es\/it\/cammini\/#breadcrumb","itemListElement":[{"@type":"ListItem","position":1,"name":"Camino de Santiago","item":"https:\/\/www.pilgrim.es\/it\/"},{"@type":"ListItem","position":2,"name":"Percorsi del Cammino di Santiago"}]},{"@type":"WebSite","@id":"https:\/\/www.pilgrim.es\/it\/#website","url":"https:\/\/www.pilgrim.es\/it\/","name":"Pilgrim","description":"Camino de Santiago | Caminamos Contigo","publisher":{"@id":"https:\/\/www.pilgrim.es\/it\/#organization"},"potentialAction":[{"@type":"SearchAction","target":{"@type":"EntryPoint","urlTemplate":"https:\/\/www.pilgrim.es\/it\/?s={search_term_string}"},"query-input":{"@type":"PropertyValueSpecification","valueRequired":true,"valueName":"search_term_string"}}],"inLanguage":"it-IT"},{"@type":"Organization","@id":"https:\/\/www.pilgrim.es\/it\/#organization","name":"Pilgrim Camino de Santiago","url":"https:\/\/www.pilgrim.es\/it\/","logo":{"@type":"ImageObject","inLanguage":"it-IT","@id":"https:\/\/www.pilgrim.es\/it\/#\/schema\/logo\/image\/","url":"https:\/\/www.pilgrim.es\/wp-content\/uploads\/2019\/04\/logo_pilgrim.png","contentUrl":"https:\/\/www.pilgrim.es\/wp-content\/uploads\/2019\/04\/logo_pilgrim.png","width":512,"height":512,"caption":"Pilgrim Camino de Santiago"},"image":{"@id":"https:\/\/www.pilgrim.es\/it\/#\/schema\/logo\/image\/"},"sameAs":["https:\/\/www.facebook.com\/pilgrim.es\/","https:\/\/x.com\/pilgrim_es","https:\/\/www.instagram.com\/pilgrim.es\/","https:\/\/www.linkedin.com\/company\/pilgrim-camino-de-santiago\/","https:\/\/www.pinterest.es\/pilgrimcaminodesantiago\/","https:\/\/www.youtube.com\/channel\/UCIv2ZzFLXVqthkNF32rKedw\/featured"]}]}},"_links":{"self":[{"href":"https:\/\/www.pilgrim.es\/it\/wp-json\/wp\/v2\/pages\/11211","targetHints":{"allow":["GET"]}}],"collection":[{"href":"https:\/\/www.pilgrim.es\/it\/wp-json\/wp\/v2\/pages"}],"about":[{"href":"https:\/\/www.pilgrim.es\/it\/wp-json\/wp\/v2\/types\/page"}],"author":[{"embeddable":true,"href":"https:\/\/www.pilgrim.es\/it\/wp-json\/wp\/v2\/users\/4"}],"replies":[{"embeddable":true,"href":"https:\/\/www.pilgrim.es\/it\/wp-json\/wp\/v2\/comments?post=11211"}],"version-history":[{"count":44,"href":"https:\/\/www.pilgrim.es\/it\/wp-json\/wp\/v2\/pages\/11211\/revisions"}],"predecessor-version":[{"id":94989,"href":"https:\/\/www.pilgrim.es\/it\/wp-json\/wp\/v2\/pages\/11211\/revisions\/94989"}],"wp:featuredmedia":[{"embeddable":true,"href":"https:\/\/www.pilgrim.es\/it\/wp-json\/wp\/v2\/media\/6240"}],"wp:attachment":[{"href":"https:\/\/www.pilgrim.es\/it\/wp-json\/wp\/v2\/media?parent=11211"}],"wp:term":[{"taxonomy":"category","embeddable":true,"href":"https:\/\/www.pilgrim.es\/it\/wp-json\/wp\/v2\/categories?post=11211"},{"taxonomy":"post_tag","embeddable":true,"href":"https:\/\/www.pilgrim.es\/it\/wp-json\/wp\/v2\/tags?post=11211"}],"curies":[{"name":"wp","href":"https:\/\/api.w.org\/{rel}","templated":true}]}}