{"id":10930,"date":"2019-02-15T14:40:53","date_gmt":"2019-02-15T14:40:53","guid":{"rendered":"https:\/\/desarrollo.pilgrim.es\/fisterra-y-muxia\/"},"modified":"2025-11-25T11:51:41","modified_gmt":"2025-11-25T11:51:41","slug":"epilogo-fisterra-muxia","status":"publish","type":"page","link":"https:\/\/www.pilgrim.es\/it\/epilogo-fisterra-muxia\/","title":{"rendered":"Fisterra y Mux\u00eda"},"content":{"rendered":"\n<div id=\"way\">\n  <section id=\"heroWay\">\n    <h1>Cammino a Finisterre \/ Mux\u00eda<\/h1>\n    <div class=\"options-stages\">\n      <p>\n        <a href=\"#stagesFoot\">5 Tappe a piedi <\/a>\n      <\/p>\n    <\/div>\n    <div class=\"main-content\">\n      <div class=\"main-content__col-map\">\n        <img decoding=\"async\" src=\"https:\/\/cdn.pilgrim.es\/web\/caminos\/camino-fisterra-muxia\/home\/map-epilogo.jpg\" alt=\"Mappa Cammino Finisterre\" \/>\n      <\/div>\n      <div class=\"main-content__col-planner\"><div\r\n  class=\"p-col-span-1 p-rounded-lg p-px-5 p-h-full\"\r\n  style=\"background-image: url('https:\/\/cdn.pilgrim.es\/web\/pilgrim-planner\/bg-plugin-planificador.webp')\"\r\n  rel=\"preload\"\r\n  fetchpriority=\"high\"\r\n  >\r\n    <div class=\"p-text-center p-pt-5 p-text-white p-text-2xl p-font-semibold\">\r\n      Pianifica il tuo cammino    <\/div>\r\n    <div\r\n            id='primary-app'\r\n            data-name='banner'\r\n            data-api='https:\/\/pathfinder.pilgrim.es\/api\/pathfinder\/v2'\r\n            data-mode='normal'\r\n            data-lang='it'\r\n            data-route='1'\r\n            data-destiny='https:\/\/planificador.pilgrim.es'\r\n            data-modality='1'\r\n            data-inline=''\r\n        ><\/div><\/div><\/div>\n    <\/div>\n  <\/section>\n\n  <section id=\"scoreBarsWay\">\n    <section>\r\n  <div class=\"p-flex p-flex-nowrap p-space-x-4 p-py-5 p-overflow-x-auto md:p-grid md:p-grid-cols-3 lg:p-grid-cols-5 md:p-gap-8 md:p-space-x-0 md:p-overflow-hidden scrollbar-thin\">\r\n    <div class=\"p-grid p-grid-cols-4 p-shrink-0 p-w-72 p-snap-start md:p-w-full\">\r\n        <div class=\"p-col-span-1 p-self-center p-text-center p-text-3xl\">\r\n            <i class=\"icon-influx\"><\/i>\r\n        <\/div>\r\n        <div class=\"p-col-span-3 p-flex p-flex-col p-items-start\">\r\n            <div class=\"p-text-start p-text-secondary p-mb-1 p-bold\"> Afflusso <\/div>\r\n            <div class=\"p-w-full p-bg-light p-rounded-full p-h-2 p-relative\">\r\n                <div class=\"p-bg-primary p-h-2 p-rounded-full p-absolute\" style=\"width: 60%;\"><\/div>\r\n            <\/div>\r\n        <\/div>\r\n    <\/div>\r\n\r\n    <div class=\"p-grid p-grid-cols-4 p-shrink-0 p-w-72 p-snap-start md:p-w-full\">\r\n        <div class=\"p-col-span-1 p-self-center p-text-center p-text-3xl\">\r\n            <i class=\"icon-difficulty\"><\/i>\r\n        <\/div>\r\n        <div class=\"p-col-span-3 p-flex p-flex-col p-items-start\">\r\n            <div class=\"p-text-start p-text-secondary p-mb-1 p-bold\"> Difficolt\u00e0 <\/div>\r\n            <div class=\"p-w-full p-bg-light p-rounded-full p-h-2 p-relative\">\r\n                <div class=\"p-bg-primary p-h-2 p-rounded-full p-absolute\" style=\"width: 60%;\"><\/div>\r\n            <\/div>\r\n        <\/div>\r\n    <\/div>\r\n\r\n    <div class=\"p-grid p-grid-cols-4 p-shrink-0 p-w-72 p-snap-start md:p-w-full\">\r\n        <div class=\"p-col-span-1 p-self-center p-text-center p-text-3xl\">\r\n            <i class=\"icon-patrimony\"><\/i>\r\n        <\/div>\r\n        <div class=\"p-col-span-3 p-flex p-flex-col p-items-start\">\r\n            <div class=\"p-text-start p-text-secondary p-mb-1 p-bold\"> Arte\/Storia <\/div>\r\n            <div class=\"p-w-full p-bg-light p-rounded-full p-h-2 p-relative\">\r\n                <div class=\"p-bg-primary p-h-2 p-rounded-full p-absolute\" style=\"width: 40%;\"><\/div>\r\n            <\/div>\r\n        <\/div>\r\n    <\/div>\r\n\r\n    <div class=\"p-grid p-grid-cols-4 p-shrink-0 p-w-72 p-snap-start md:p-w-full\">\r\n        <div class=\"p-col-span-1 p-self-center p-text-center p-text-3xl\">\r\n            <i class=\"icon-nature\"><\/i>\r\n        <\/div>\r\n        <div class=\"p-col-span-3 p-flex p-flex-col p-items-start\">\r\n            <div class=\"p-text-start p-text-secondary p-mb-1 p-bold\"> Natura <\/div>\r\n            <div class=\"p-w-full p-bg-light p-rounded-full p-h-2 p-relative\">\r\n                <div class=\"p-bg-primary p-h-2 p-rounded-full p-absolute\" style=\"width: 60%;\"><\/div>\r\n            <\/div>\r\n        <\/div>\r\n    <\/div>\r\n\r\n    <div class=\"p-grid p-grid-cols-4 p-shrink-0 p-w-72 p-snap-start md:p-w-full\">\r\n        <div class=\"p-col-span-1 p-self-center p-text-center p-text-3xl\">\r\n            <i class=\"icon-urban\"><\/i>\r\n        <\/div>\r\n        <div class=\"p-col-span-3 p-flex p-flex-col p-items-start\">\r\n            <div class=\"p-text-start p-text-secondary p-mb-1 p-bold\"> Cammino Francese <\/div>\r\n            <div class=\"p-w-full p-bg-light p-rounded-full p-h-2 p-relative\">\r\n                <div class=\"p-bg-primary p-h-2 p-rounded-full p-absolute\" style=\"width: 20%;\"><\/div>\r\n            <\/div>\r\n        <\/div>\r\n    <\/div>\r\n  <\/div>\r\n<\/section>\n  <\/section>\n\n  <section id=\"summaryWay\">\n    <div class=\"subtitle\">\n      <h4 class=\"p-h4--section\">\u00a1Buon cammino!<\/h4>\n      <hr \/>\n    <\/div>\n    <div class=\"content-summary\">\n      <div class=\"content-summary__col-text\">\n        <h2>Perch\u00e8 scegliere il Cammino a Finisterre?<\/h2>\n\n        <p class=\"p-my-3\">\n          Essendo un epilogo alla rotta giacobiana propriamente detta, c\u2019\u00e8 la\n          <strong>possibilit\u00e0 di partire da Santiago direttamente a Finisterre e poi\n            proseguire per Muxia o fare la rotta inversa.<\/strong>\n          La scelta \u00e8 nelle tue mani! Per quanto riguarda la segnaletica, \u00e8 in\n          buone condizioni, con la prima conchiglia situata nel parco di San\n          Lorenzo.\n        <\/p>\n\n        <p class=\"p-mb-3\">\n          \u00c8 probabile che incontrerai un pellegrino che cammina nella direzione\n          opposta, non aver paura! Ci\u00f2 pu\u00f2 essere dovuto al fatto che hanno\n          scelto di eseguire questa sezione al contrario, come descritto sopra.\n          Una volta a Finisterre o a Mux\u00eda non avremo problemi quando ci\n          orienteremo in una direzione o nell\u2019altra, oggi ci sono molti\n          pellegrini che decidono di\n          <strong>visitare la meravigliosa Costa da Morte.<\/strong>\n        <\/p>\n      <\/div>\n      <div class=\"content-summary__col-experiences\">\n        <section id=\"experiencesCarousel\" class=\"p-relative\">\r\n  <div id=\"experiencesCarousel\" class=\"p-container p-mx-auto p-relative p-w-full lg:p-w-4\/5\">\r\n    <button id=\"prev-slide-experiences\" class=\"slide-button material-symbols-rounded\">\r\n        <div class=\"p-self-item p-font-bold\">&#10094;<\/div>\r\n    <\/button>\r\n    <button id=\"next-slide-experiences\" class=\"slide-button material-symbols-rounded\">\r\n        <div class=\"p-font-bold\">&#10095;<\/div>\r\n    <\/button>\r\n    <div id=\"carousel\" class=\"container-slider p-self-center p-mt-10\">\r\n        <ul class=\"card-list card-list--less-gap\">\r\n                                                <div  class=\"card-item card-item--min\" data-category=\"fisterra\" data-mode=\"a-pie\">\r\n                        <div class=\"p-rounded-lg p-h-80 p-relative p-p-5 p-text-white p-max-w-[250px] lg:p-max-w-full experience-card-item\">\r\n                            <div class=\"experience-card-bg\" style=\"background-image: url('\/wp-content\/uploads\/2024\/07\/experiencia-santiago-a-fisterra.jpg');\"><\/div>\r\n                            <div class=\"experience-card-content p-h-72 card-item-container p-max-w-[250px] lg:p-max-w-full\">\r\n                                <div class=\"p-flex p-flex-wrap\">\r\n                                    <p class=\"p-col-auto p-m-0 p-px-2 p-border p-border-white p-rounded-lg p-text-sm p-self-center\">A piedi<\/p>\r\n                                    <p class=\"p-text-sm p-self-center p-px-4 p-mb-0\">4,8 \u2605<\/p>\r\n                                <\/div>\r\n                                <h3 class=\"p-font-['Inter'] p-normal-case p-text-base lg:p-text-xl p-font-bold p-my-5\"> <a href=\"\/it\/esperienze\/cammino-di-santiago-fisterra-a-piedi\/\" id=\"camino-santiago-fisterra-caminando\" target=\"_blank\" class=\"after:p-absolute after:p-inset-0 p-text-white hover:p-text-light\">Cammino di Santiago a Fisterra a piedi<\/a><\/h3>\r\n                                <div class=\"p-flex p-flex-wrap\">\r\n                                    <div class=\"p-col-auto p-flex p-self-center p-pr-0\">\r\n                                        <i class=\"icon-signal\"><\/i>\r\n                                    <\/div>\r\n                                    <div class=\"p-col-auto p-flex p-self-auto p-ml-2\">\r\n                                        <p class=\"p-m-0 p-text-sm p-font-bold\">85 Km<\/p>\r\n                                    <\/div>\r\n                                <\/div>\r\n                                <div class=\"p-flex p-flex-wrap p-my-1\">\r\n                                    <div class=\"p-col-auto p-flex p-self-center p-pr-0\">\r\n                                        <i class=\"icon-calendar\"><\/i>\r\n                                    <\/div>\r\n                                    <div class=\"p-col-auto p-flex p-self-auto p-ml-2\">\r\n                                        <p class=\"p-m-0 p-text-sm p-font-bold\">3 tappe<\/p>\r\n                                    <\/div>\r\n                                <\/div>\r\n                                <div class=\"p-flex p-flex-wrap\">\r\n                                    <div class=\"p-col-auto p-flex p-self-center p-pr-0\">\r\n                                        <i class=\"icon-nights\"><\/i>\r\n                                    <\/div>\r\n                                    <div class=\"p-col-auto p-flex p-align-self-auto p-ml-2\">\r\n                                        <p class=\"p-m-0 p-text-sm p-font-bold\">4 notti<\/p>\r\n                                    <\/div>\r\n                                <\/div>\r\n                                <div class=\"p-w-full p-absolute p-bottom-0 p-pb-3 p-pointer-events-none\">\r\n                                    <div class=\"p-flex p-justify-between\">\r\n                                        <div>\r\n                                            <p class=\"p-text-xs p-uppercase p-font-semibold p-my-1\">A partire da<\/p>\r\n                                            <p class=\"p-text-2xl p-font-semibold p-mt-[-12px]\">315\u20ac<\/p>\r\n                                        <\/div>\r\n                                        <div class=\"p-text-white p-w-auto p-h-auto p-p-2 p-self-center p-rounded-full p-bg-dark-opacity\">\r\n                                            <img decoding=\"async\" src=\"\/wp-content\/uploads\/2024\/07\/flecha-r.svg\" alt=\"icono flecha derecha\" class=\"p-text-center p-self-center\">\r\n                                        <\/div>\r\n                                    <\/div>\r\n                                <\/div>\r\n                            <\/div>\r\n                        <\/div>\r\n                    <\/div>\r\n                                                                <div  class=\"card-item card-item--min\" data-category=\"frances\" data-mode=\"a-pie\">\r\n                        <div class=\"p-rounded-lg p-h-80 p-relative p-p-5 p-text-white p-max-w-[250px] lg:p-max-w-full experience-card-item\">\r\n                            <div class=\"experience-card-bg\" style=\"background-image: url('\/wp-content\/uploads\/2024\/07\/experiencia-frances-desde-sarria.jpg');\"><\/div>\r\n                            <div class=\"experience-card-content p-h-72 card-item-container p-max-w-[250px] lg:p-max-w-full\">\r\n                                <div class=\"p-flex p-flex-wrap\">\r\n                                    <p class=\"p-col-auto p-m-0 p-px-2 p-border p-border-white p-rounded-lg p-text-sm p-self-center\">A piedi<\/p>\r\n                                    <p class=\"p-text-sm p-self-center p-px-4 p-mb-0\">4,9 \u2605<\/p>\r\n                                <\/div>\r\n                                <h3 class=\"p-font-['Inter'] p-normal-case p-text-base lg:p-text-xl p-font-bold p-my-5\"> <a href=\"\/it\/esperienze\/cammino-francese-da-sarria\/\" id=\"camino-frances-desde-sarria\" target=\"_blank\" class=\"after:p-absolute after:p-inset-0 p-text-white hover:p-text-light\">Cammino Francese da Sarria<\/a><\/h3>\r\n                                <div class=\"p-flex p-flex-wrap\">\r\n                                    <div class=\"p-col-auto p-flex p-self-center p-pr-0\">\r\n                                        <i class=\"icon-signal\"><\/i>\r\n                                    <\/div>\r\n                                    <div class=\"p-col-auto p-flex p-self-auto p-ml-2\">\r\n                                        <p class=\"p-m-0 p-text-sm p-font-bold\">111 Km<\/p>\r\n                                    <\/div>\r\n                                <\/div>\r\n                                <div class=\"p-flex p-flex-wrap p-my-1\">\r\n                                    <div class=\"p-col-auto p-flex p-self-center p-pr-0\">\r\n                                        <i class=\"icon-calendar\"><\/i>\r\n                                    <\/div>\r\n                                    <div class=\"p-col-auto p-flex p-self-auto p-ml-2\">\r\n                                        <p class=\"p-m-0 p-text-sm p-font-bold\">5 tappe<\/p>\r\n                                    <\/div>\r\n                                <\/div>\r\n                                <div class=\"p-flex p-flex-wrap\">\r\n                                    <div class=\"p-col-auto p-flex p-self-center p-pr-0\">\r\n                                        <i class=\"icon-nights\"><\/i>\r\n                                    <\/div>\r\n                                    <div class=\"p-col-auto p-flex p-align-self-auto p-ml-2\">\r\n                                        <p class=\"p-m-0 p-text-sm p-font-bold\">6 notti<\/p>\r\n                                    <\/div>\r\n                                <\/div>\r\n                                <div class=\"p-w-full p-absolute p-bottom-0 p-pb-3 p-pointer-events-none\">\r\n                                    <div class=\"p-flex p-justify-between\">\r\n                                        <div>\r\n                                            <p class=\"p-text-xs p-uppercase p-font-semibold p-my-1\">A partire da<\/p>\r\n                                            <p class=\"p-text-2xl p-font-semibold p-mt-[-12px]\">450\u20ac<\/p>\r\n                                        <\/div>\r\n                                        <div class=\"p-text-white p-w-auto p-h-auto p-p-2 p-self-center p-rounded-full p-bg-dark-opacity\">\r\n                                            <img decoding=\"async\" src=\"\/wp-content\/uploads\/2024\/07\/flecha-r.svg\" alt=\"icono flecha derecha\" class=\"p-text-center p-self-center\">\r\n                                        <\/div>\r\n                                    <\/div>\r\n                                <\/div>\r\n                            <\/div>\r\n                        <\/div>\r\n                    <\/div>\r\n                                                                <div  class=\"card-item card-item--min\" data-category=\"frances\" data-mode=\"a-pie\">\r\n                        <div class=\"p-rounded-lg p-h-80 p-relative p-p-5 p-text-white p-max-w-[250px] lg:p-max-w-full experience-card-item\">\r\n                            <div class=\"experience-card-bg\" style=\"background-image: url('\/wp-content\/uploads\/2024\/07\/experiencia-santiago-con-perro.jpg');\"><\/div>\r\n                            <div class=\"experience-card-content p-h-72 card-item-container p-max-w-[250px] lg:p-max-w-full\">\r\n                                <div class=\"p-flex p-flex-wrap\">\r\n                                    <p class=\"p-col-auto p-m-0 p-px-2 p-border p-border-white p-rounded-lg p-text-sm p-self-center\">A piedi<\/p>\r\n                                    <p class=\"p-text-sm p-self-center p-px-4 p-mb-0\">4,8 \u2605<\/p>\r\n                                <\/div>\r\n                                <h3 class=\"p-font-['Inter'] p-normal-case p-text-base lg:p-text-xl p-font-bold p-my-5\"> <a href=\"\/it\/esperienze\/cammino-francese-cane\/\" id=\"camino-frances-perro\" target=\"_blank\" class=\"after:p-absolute after:p-inset-0 p-text-white hover:p-text-light\">Cammino Francese da Sarria con il cane<\/a><\/h3>\r\n                                <div class=\"p-flex p-flex-wrap\">\r\n                                    <div class=\"p-col-auto p-flex p-self-center p-pr-0\">\r\n                                        <i class=\"icon-signal\"><\/i>\r\n                                    <\/div>\r\n                                    <div class=\"p-col-auto p-flex p-self-auto p-ml-2\">\r\n                                        <p class=\"p-m-0 p-text-sm p-font-bold\">111 Km<\/p>\r\n                                    <\/div>\r\n                                <\/div>\r\n                                <div class=\"p-flex p-flex-wrap p-my-1\">\r\n                                    <div class=\"p-col-auto p-flex p-self-center p-pr-0\">\r\n                                        <i class=\"icon-calendar\"><\/i>\r\n                                    <\/div>\r\n                                    <div class=\"p-col-auto p-flex p-self-auto p-ml-2\">\r\n                                        <p class=\"p-m-0 p-text-sm p-font-bold\">5 tappe<\/p>\r\n                                    <\/div>\r\n                                <\/div>\r\n                                <div class=\"p-flex p-flex-wrap\">\r\n                                    <div class=\"p-col-auto p-flex p-self-center p-pr-0\">\r\n                                        <i class=\"icon-nights\"><\/i>\r\n                                    <\/div>\r\n                                    <div class=\"p-col-auto p-flex p-align-self-auto p-ml-2\">\r\n                                        <p class=\"p-m-0 p-text-sm p-font-bold\">6 notti<\/p>\r\n                                    <\/div>\r\n                                <\/div>\r\n                                <div class=\"p-w-full p-absolute p-bottom-0 p-pb-3 p-pointer-events-none\">\r\n                                    <div class=\"p-flex p-justify-between\">\r\n                                        <div>\r\n                                            <p class=\"p-text-xs p-uppercase p-font-semibold p-my-1\">A partire da<\/p>\r\n                                            <p class=\"p-text-2xl p-font-semibold p-mt-[-12px]\">495\u20ac<\/p>\r\n                                        <\/div>\r\n                                        <div class=\"p-text-white p-w-auto p-h-auto p-p-2 p-self-center p-rounded-full p-bg-dark-opacity\">\r\n                                            <img decoding=\"async\" src=\"\/wp-content\/uploads\/2024\/07\/flecha-r.svg\" alt=\"icono flecha derecha\" class=\"p-text-center p-self-center\">\r\n                                        <\/div>\r\n                                    <\/div>\r\n                                <\/div>\r\n                            <\/div>\r\n                        <\/div>\r\n                    <\/div>\r\n                                                                <div  class=\"card-item card-item--min\" data-category=\"portugues\" data-mode=\"a-pie\">\r\n                        <div class=\"p-rounded-lg p-h-80 p-relative p-p-5 p-text-white p-max-w-[250px] lg:p-max-w-full experience-card-item\">\r\n                            <div class=\"experience-card-bg\" style=\"background-image: url('\/wp-content\/uploads\/2024\/07\/experiencia-portugues-desde-tui.jpg');\"><\/div>\r\n                            <div class=\"experience-card-content p-h-72 card-item-container p-max-w-[250px] lg:p-max-w-full\">\r\n                                <div class=\"p-flex p-flex-wrap\">\r\n                                    <p class=\"p-col-auto p-m-0 p-px-2 p-border p-border-white p-rounded-lg p-text-sm p-self-center\">A piedi<\/p>\r\n                                    <p class=\"p-text-sm p-self-center p-px-4 p-mb-0\">4,9 \u2605<\/p>\r\n                                <\/div>\r\n                                <h3 class=\"p-font-['Inter'] p-normal-case p-text-base lg:p-text-xl p-font-bold p-my-5\"> <a href=\"\/it\/esperienze\/cammino-portoghese-da-tui\/\" id=\"camino-portugues-desde-tui\" target=\"_blank\" class=\"after:p-absolute after:p-inset-0 p-text-white hover:p-text-light\">Cammino Portoghese Da Tui<\/a><\/h3>\r\n                                <div class=\"p-flex p-flex-wrap\">\r\n                                    <div class=\"p-col-auto p-flex p-self-center p-pr-0\">\r\n                                        <i class=\"icon-signal\"><\/i>\r\n                                    <\/div>\r\n                                    <div class=\"p-col-auto p-flex p-self-auto p-ml-2\">\r\n                                        <p class=\"p-m-0 p-text-sm p-font-bold\">115 Km<\/p>\r\n                                    <\/div>\r\n                                <\/div>\r\n                                <div class=\"p-flex p-flex-wrap p-my-1\">\r\n                                    <div class=\"p-col-auto p-flex p-self-center p-pr-0\">\r\n                                        <i class=\"icon-calendar\"><\/i>\r\n                                    <\/div>\r\n                                    <div class=\"p-col-auto p-flex p-self-auto p-ml-2\">\r\n                                        <p class=\"p-m-0 p-text-sm p-font-bold\">5 tappe<\/p>\r\n                                    <\/div>\r\n                                <\/div>\r\n                                <div class=\"p-flex p-flex-wrap\">\r\n                                    <div class=\"p-col-auto p-flex p-self-center p-pr-0\">\r\n                                        <i class=\"icon-nights\"><\/i>\r\n                                    <\/div>\r\n                                    <div class=\"p-col-auto p-flex p-align-self-auto p-ml-2\">\r\n                                        <p class=\"p-m-0 p-text-sm p-font-bold\">6 notti<\/p>\r\n                                    <\/div>\r\n                                <\/div>\r\n                                <div class=\"p-w-full p-absolute p-bottom-0 p-pb-3 p-pointer-events-none\">\r\n                                    <div class=\"p-flex p-justify-between\">\r\n                                        <div>\r\n                                            <p class=\"p-text-xs p-uppercase p-font-semibold p-my-1\">A partire da<\/p>\r\n                                            <p class=\"p-text-2xl p-font-semibold p-mt-[-12px]\">450\u20ac<\/p>\r\n                                        <\/div>\r\n                                        <div class=\"p-text-white p-w-auto p-h-auto p-p-2 p-self-center p-rounded-full p-bg-dark-opacity\">\r\n                                            <img decoding=\"async\" src=\"\/wp-content\/uploads\/2024\/07\/flecha-r.svg\" alt=\"icono flecha derecha\" class=\"p-text-center p-self-center\">\r\n                                        <\/div>\r\n                                    <\/div>\r\n                                <\/div>\r\n                            <\/div>\r\n                        <\/div>\r\n                    <\/div>\r\n                                                                <div  class=\"card-item card-item--min\" data-category=\"ingles\" data-mode=\"a-pie\">\r\n                        <div class=\"p-rounded-lg p-h-80 p-relative p-p-5 p-text-white p-max-w-[250px] lg:p-max-w-full experience-card-item\">\r\n                            <div class=\"experience-card-bg\" style=\"background-image: url('\/wp-content\/uploads\/2024\/07\/experiencia-ingles-desde-ferrol.jpg');\"><\/div>\r\n                            <div class=\"experience-card-content p-h-72 card-item-container p-max-w-[250px] lg:p-max-w-full\">\r\n                                <div class=\"p-flex p-flex-wrap\">\r\n                                    <p class=\"p-col-auto p-m-0 p-px-2 p-border p-border-white p-rounded-lg p-text-sm p-self-center\">A piedi<\/p>\r\n                                    <p class=\"p-text-sm p-self-center p-px-4 p-mb-0\">4,7 \u2605<\/p>\r\n                                <\/div>\r\n                                <h3 class=\"p-font-['Inter'] p-normal-case p-text-base lg:p-text-xl p-font-bold p-my-5\"> <a href=\"\/it\/esperienze\/cammino-inglese-da-ferrol\/\" id=\"camino-ingles-desde-ferrol\" target=\"_blank\" class=\"after:p-absolute after:p-inset-0 p-text-white hover:p-text-light\">Il Cammino Inglese da Ferrol<\/a><\/h3>\r\n                                <div class=\"p-flex p-flex-wrap\">\r\n                                    <div class=\"p-col-auto p-flex p-self-center p-pr-0\">\r\n                                        <i class=\"icon-signal\"><\/i>\r\n                                    <\/div>\r\n                                    <div class=\"p-col-auto p-flex p-self-auto p-ml-2\">\r\n                                        <p class=\"p-m-0 p-text-sm p-font-bold\">116 Km<\/p>\r\n                                    <\/div>\r\n                                <\/div>\r\n                                <div class=\"p-flex p-flex-wrap p-my-1\">\r\n                                    <div class=\"p-col-auto p-flex p-self-center p-pr-0\">\r\n                                        <i class=\"icon-calendar\"><\/i>\r\n                                    <\/div>\r\n                                    <div class=\"p-col-auto p-flex p-self-auto p-ml-2\">\r\n                                        <p class=\"p-m-0 p-text-sm p-font-bold\">5 tappe<\/p>\r\n                                    <\/div>\r\n                                <\/div>\r\n                                <div class=\"p-flex p-flex-wrap\">\r\n                                    <div class=\"p-col-auto p-flex p-self-center p-pr-0\">\r\n                                        <i class=\"icon-nights\"><\/i>\r\n                                    <\/div>\r\n                                    <div class=\"p-col-auto p-flex p-align-self-auto p-ml-2\">\r\n                                        <p class=\"p-m-0 p-text-sm p-font-bold\">6 notti<\/p>\r\n                                    <\/div>\r\n                                <\/div>\r\n                                <div class=\"p-w-full p-absolute p-bottom-0 p-pb-3 p-pointer-events-none\">\r\n                                    <div class=\"p-flex p-justify-between\">\r\n                                        <div>\r\n                                            <p class=\"p-text-xs p-uppercase p-font-semibold p-my-1\">A partire da<\/p>\r\n                                            <p class=\"p-text-2xl p-font-semibold p-mt-[-12px]\">450\u20ac<\/p>\r\n                                        <\/div>\r\n                                        <div class=\"p-text-white p-w-auto p-h-auto p-p-2 p-self-center p-rounded-full p-bg-dark-opacity\">\r\n                                            <img decoding=\"async\" src=\"\/wp-content\/uploads\/2024\/07\/flecha-r.svg\" alt=\"icono flecha derecha\" class=\"p-text-center p-self-center\">\r\n                                        <\/div>\r\n                                    <\/div>\r\n                                <\/div>\r\n                            <\/div>\r\n                        <\/div>\r\n                    <\/div>\r\n                                                                <div  class=\"card-item card-item--min\" data-category=\"portugues\" data-mode=\"a-pie\">\r\n                        <div class=\"p-rounded-lg p-h-80 p-relative p-p-5 p-text-white p-max-w-[250px] lg:p-max-w-full experience-card-item\">\r\n                            <div class=\"experience-card-bg\" style=\"background-image: url('\/wp-content\/uploads\/2024\/07\/experiencia-en-bici-desde-oporto.jpg');\"><\/div>\r\n                            <div class=\"experience-card-content p-h-72 card-item-container p-max-w-[250px] lg:p-max-w-full\">\r\n                                <div class=\"p-flex p-flex-wrap\">\r\n                                    <p class=\"p-col-auto p-m-0 p-px-2 p-border p-border-white p-rounded-lg p-text-sm p-self-center\">In bicicletta<\/p>\r\n                                    <p class=\"p-text-sm p-self-center p-px-4 p-mb-0\">4,8 \u2605<\/p>\r\n                                <\/div>\r\n                                <h3 class=\"p-font-['Inter'] p-normal-case p-text-base lg:p-text-xl p-font-bold p-my-5\"> <a href=\"\/it\/esperienze\/cammino-portoghese-in-bicicletta-da-oporto\/\" id=\"camino-portugues-en-bicicleta-desde-oporto\" target=\"_blank\" class=\"after:p-absolute after:p-inset-0 p-text-white hover:p-text-light\">Cammino Portoghese in bicicletta da Oporto<\/a><\/h3>\r\n                                <div class=\"p-flex p-flex-wrap\">\r\n                                    <div class=\"p-col-auto p-flex p-self-center p-pr-0\">\r\n                                        <i class=\"icon-signal\"><\/i>\r\n                                    <\/div>\r\n                                    <div class=\"p-col-auto p-flex p-self-auto p-ml-2\">\r\n                                        <p class=\"p-m-0 p-text-sm p-font-bold\">242 Km<\/p>\r\n                                    <\/div>\r\n                                <\/div>\r\n                                <div class=\"p-flex p-flex-wrap p-my-1\">\r\n                                    <div class=\"p-col-auto p-flex p-self-center p-pr-0\">\r\n                                        <i class=\"icon-calendar\"><\/i>\r\n                                    <\/div>\r\n                                    <div class=\"p-col-auto p-flex p-self-auto p-ml-2\">\r\n                                        <p class=\"p-m-0 p-text-sm p-font-bold\">5 tappe<\/p>\r\n                                    <\/div>\r\n                                <\/div>\r\n                                <div class=\"p-flex p-flex-wrap\">\r\n                                    <div class=\"p-col-auto p-flex p-self-center p-pr-0\">\r\n                                        <i class=\"icon-nights\"><\/i>\r\n                                    <\/div>\r\n                                    <div class=\"p-col-auto p-flex p-align-self-auto p-ml-2\">\r\n                                        <p class=\"p-m-0 p-text-sm p-font-bold\">6 notti<\/p>\r\n                                    <\/div>\r\n                                <\/div>\r\n                                <div class=\"p-w-full p-absolute p-bottom-0 p-pb-3 p-pointer-events-none\">\r\n                                    <div class=\"p-flex p-justify-between\">\r\n                                        <div>\r\n                                            <p class=\"p-text-xs p-uppercase p-font-semibold p-my-1\">A partire da<\/p>\r\n                                            <p class=\"p-text-2xl p-font-semibold p-mt-[-12px]\">490\u20ac<\/p>\r\n                                        <\/div>\r\n                                        <div class=\"p-text-white p-w-auto p-h-auto p-p-2 p-self-center p-rounded-full p-bg-dark-opacity\">\r\n                                            <img decoding=\"async\" src=\"\/wp-content\/uploads\/2024\/07\/flecha-r.svg\" alt=\"icono flecha derecha\" class=\"p-text-center p-self-center\">\r\n                                        <\/div>\r\n                                    <\/div>\r\n                                <\/div>\r\n                            <\/div>\r\n                        <\/div>\r\n                    <\/div>\r\n                                                                <div  class=\"card-item card-item--min\" data-category=\"primitivo\" data-mode=\"a-pie\">\r\n                        <div class=\"p-rounded-lg p-h-80 p-relative p-p-5 p-text-white p-max-w-[250px] lg:p-max-w-full experience-card-item\">\r\n                            <div class=\"experience-card-bg\" style=\"background-image: url('\/wp-content\/uploads\/2024\/07\/experiencia-en-bici-desde-oviedo.jpg');\"><\/div>\r\n                            <div class=\"experience-card-content p-h-72 card-item-container p-max-w-[250px] lg:p-max-w-full\">\r\n                                <div class=\"p-flex p-flex-wrap\">\r\n                                    <p class=\"p-col-auto p-m-0 p-px-2 p-border p-border-white p-rounded-lg p-text-sm p-self-center\">In bicicletta<\/p>\r\n                                    <p class=\"p-text-sm p-self-center p-px-4 p-mb-0\">4,8 \u2605<\/p>\r\n                                <\/div>\r\n                                <h3 class=\"p-font-['Inter'] p-normal-case p-text-base lg:p-text-xl p-font-bold p-my-5\"> <a href=\"\/it\/esperienze\/cammino-primitivo-da-oviedo-bicicletta\/\" id=\"camino-primitivo-desde-oviedo-bici\" target=\"_blank\" class=\"after:p-absolute after:p-inset-0 p-text-white hover:p-text-light\">Il Cammino Primitivo in bicicletta da Oviedo<\/a><\/h3>\r\n                                <div class=\"p-flex p-flex-wrap\">\r\n                                    <div class=\"p-col-auto p-flex p-self-center p-pr-0\">\r\n                                        <i class=\"icon-signal\"><\/i>\r\n                                    <\/div>\r\n                                    <div class=\"p-col-auto p-flex p-self-auto p-ml-2\">\r\n                                        <p class=\"p-m-0 p-text-sm p-font-bold\">313 Km<\/p>\r\n                                    <\/div>\r\n                                <\/div>\r\n                                <div class=\"p-flex p-flex-wrap p-my-1\">\r\n                                    <div class=\"p-col-auto p-flex p-self-center p-pr-0\">\r\n                                        <i class=\"icon-calendar\"><\/i>\r\n                                    <\/div>\r\n                                    <div class=\"p-col-auto p-flex p-self-auto p-ml-2\">\r\n                                        <p class=\"p-m-0 p-text-sm p-font-bold\">7 tappe<\/p>\r\n                                    <\/div>\r\n                                <\/div>\r\n                                <div class=\"p-flex p-flex-wrap\">\r\n                                    <div class=\"p-col-auto p-flex p-self-center p-pr-0\">\r\n                                        <i class=\"icon-nights\"><\/i>\r\n                                    <\/div>\r\n                                    <div class=\"p-col-auto p-flex p-align-self-auto p-ml-2\">\r\n                                        <p class=\"p-m-0 p-text-sm p-font-bold\">8 notti<\/p>\r\n                                    <\/div>\r\n                                <\/div>\r\n                                <div class=\"p-w-full p-absolute p-bottom-0 p-pb-3 p-pointer-events-none\">\r\n                                    <div class=\"p-flex p-justify-between\">\r\n                                        <div>\r\n                                            <p class=\"p-text-xs p-uppercase p-font-semibold p-my-1\">A partire da<\/p>\r\n                                            <p class=\"p-text-2xl p-font-semibold p-mt-[-12px]\">625\u20ac<\/p>\r\n                                        <\/div>\r\n                                        <div class=\"p-text-white p-w-auto p-h-auto p-p-2 p-self-center p-rounded-full p-bg-dark-opacity\">\r\n                                            <img decoding=\"async\" src=\"\/wp-content\/uploads\/2024\/07\/flecha-r.svg\" alt=\"icono flecha derecha\" class=\"p-text-center p-self-center\">\r\n                                        <\/div>\r\n                                    <\/div>\r\n                                <\/div>\r\n                            <\/div>\r\n                        <\/div>\r\n                    <\/div>\r\n                                                                <div  class=\"card-item card-item--min\" data-category=\"primitivo\" data-mode=\"a-pie\">\r\n                        <div class=\"p-rounded-lg p-h-80 p-relative p-p-5 p-text-white p-max-w-[250px] lg:p-max-w-full experience-card-item\">\r\n                            <div class=\"experience-card-bg\" style=\"background-image: url('\/wp-content\/uploads\/2024\/07\/experiencia-primitivo-desde-lugo.jpg');\"><\/div>\r\n                            <div class=\"experience-card-content p-h-72 card-item-container p-max-w-[250px] lg:p-max-w-full\">\r\n                                <div class=\"p-flex p-flex-wrap\">\r\n                                    <p class=\"p-col-auto p-m-0 p-px-2 p-border p-border-white p-rounded-lg p-text-sm p-self-center\">A piedi<\/p>\r\n                                    <p class=\"p-text-sm p-self-center p-px-4 p-mb-0\">4,7 \u2605<\/p>\r\n                                <\/div>\r\n                                <h3 class=\"p-font-['Inter'] p-normal-case p-text-base lg:p-text-xl p-font-bold p-my-5\"> <a href=\"\/it\/esperienze\/cammino-primitivo-da-lugo\/\" id=\"el-camino-primitivo-desde-lugo\" target=\"_blank\" class=\"after:p-absolute after:p-inset-0 p-text-white hover:p-text-light\">Il cammino primitivo da Lugo<\/a><\/h3>\r\n                                <div class=\"p-flex p-flex-wrap\">\r\n                                    <div class=\"p-col-auto p-flex p-self-center p-pr-0\">\r\n                                        <i class=\"icon-signal\"><\/i>\r\n                                    <\/div>\r\n                                    <div class=\"p-col-auto p-flex p-self-auto p-ml-2\">\r\n                                        <p class=\"p-m-0 p-text-sm p-font-bold\">102 Km<\/p>\r\n                                    <\/div>\r\n                                <\/div>\r\n                                <div class=\"p-flex p-flex-wrap p-my-1\">\r\n                                    <div class=\"p-col-auto p-flex p-self-center p-pr-0\">\r\n                                        <i class=\"icon-calendar\"><\/i>\r\n                                    <\/div>\r\n                                    <div class=\"p-col-auto p-flex p-self-auto p-ml-2\">\r\n                                        <p class=\"p-m-0 p-text-sm p-font-bold\">5 tappe<\/p>\r\n                                    <\/div>\r\n                                <\/div>\r\n                                <div class=\"p-flex p-flex-wrap\">\r\n                                    <div class=\"p-col-auto p-flex p-self-center p-pr-0\">\r\n                                        <i class=\"icon-nights\"><\/i>\r\n                                    <\/div>\r\n                                    <div class=\"p-col-auto p-flex p-align-self-auto p-ml-2\">\r\n                                        <p class=\"p-m-0 p-text-sm p-font-bold\">6 notti<\/p>\r\n                                    <\/div>\r\n                                <\/div>\r\n                                <div class=\"p-w-full p-absolute p-bottom-0 p-pb-3 p-pointer-events-none\">\r\n                                    <div class=\"p-flex p-justify-between\">\r\n                                        <div>\r\n                                            <p class=\"p-text-xs p-uppercase p-font-semibold p-my-1\">A partire da<\/p>\r\n                                            <p class=\"p-text-2xl p-font-semibold p-mt-[-12px]\">450\u20ac<\/p>\r\n                                        <\/div>\r\n                                        <div class=\"p-text-white p-w-auto p-h-auto p-p-2 p-self-center p-rounded-full p-bg-dark-opacity\">\r\n                                            <img decoding=\"async\" src=\"\/wp-content\/uploads\/2024\/07\/flecha-r.svg\" alt=\"icono flecha derecha\" class=\"p-text-center p-self-center\">\r\n                                        <\/div>\r\n                                    <\/div>\r\n                                <\/div>\r\n                            <\/div>\r\n                        <\/div>\r\n                    <\/div>\r\n                                        <div class=\"p-group card-item card-item--min p-p-5 p-relative p-rounded-lg p-bg-brown-light p-max-w-[250px] lg:p-max-w-full\">\r\n              <div class=\"p-h-full p-w-full p-flex p-justify-center p-z-10 p-rounded-lg\">\r\n                <div class=\"p-self-center p-flex p-flex-col p-justify-center p-text-center p-content-center\">\r\n                  <div class=\"p-border p-border-2 p-border-primary p-h-10 p-w-10 lg:p-h-16 lg:p-w-16 p-rounded-full p-mb-5 p-self-center\">\r\n                    <p class=\"p-self-center p-text-2xl lg:p-text-4xl p-text-primary\">+<\/p>\r\n                  <\/div>\r\n                  <p class=\"p-text-base lg:p-text-xl p-text-gray p-font-bold\">Vedi tutti <br> le nostre esperienze<\/p>\r\n                  <button class=\"p-bg-primary p-my-5 p-rounded-lg p-px-5 p-py-2 hover:p-bg-primary-dark\">\r\n                    <a href=\"https:\/\/www.pilgrim.es\/it\/esperienze\/\"  class=\"after:p-absolute after:p-inset-0 p-text-white p-h-10 hover:p-text-white p-text-base lg:p-text-xl\">Altri itinerari<\/a>\r\n                  <\/button>\r\n                <\/div>\r\n              <\/div>\r\n            <\/div>\r\n        <\/ul>\r\n        <div class=\"slider-scrollbar\">\r\n            <div class=\"scrollbar-track\">\r\n                <div class=\"scrollbar-thumb\"><\/div>\r\n            <\/div>\r\n        <\/div>\r\n        <div id=\"indicators\" class=\"slider-indicators\"><\/div>\r\n    <\/div>\r\n  <\/div>\r\n<\/section>\r\n<script>\/\/ Aqu\u00ed va el c\u00f3digo JavaScript que maneja el slider\r\nconst initSlider = () => {\r\n  const imageList = document.querySelector(\".slider-wrapper .card-list\");\r\n  const slideButtons = document.querySelectorAll(\r\n    \".slider-wrapper .slide-button\"\r\n  );\r\n  const sliderScrollbar = document.querySelector(\r\n    \".container-slider .slider-scrollbar\"\r\n  );\r\n  const indicators = document.querySelectorAll(\".slider-indicators .indicator\");\r\n\r\n  if (sliderScrollbar && imageList && slideButtons) {\r\n    const scrollbarThumb =\r\n      sliderScrollbar.getElementsByClassName(\"scrollbar-thumb\");\r\n    const maxScrollLeft = imageList.scrollWidth - imageList.clientWidth;\r\n\r\n    \/\/ manejar scroll\r\n    scrollbarThumb.addEventListener(\"mousedown\", (e) => {\r\n      const startX = e.clientX;\r\n      const thumbPosition = scrollbarThumb.offsetLeft;\r\n      const maxThumbPosition =\r\n        sliderScrollbar.getBoundingClientRect().width -\r\n        scrollbarThumb.offsetWidth;\r\n\r\n      \/\/ actualizar posici\u00f3n con movimiento de rat\u00f3n\r\n      const handleMouseMove = (e) => {\r\n        const deltaX = e.clientX - startX;\r\n        const newThumbPosition = thumbPosition + deltaX;\r\n\r\n        \/\/ para que la scrollbar no se salga\r\n        const boundedPosition = Math.max(\r\n          0,\r\n          Math.min(maxThumbPosition, newThumbPosition)\r\n        );\r\n        const scrollPosition =\r\n          (boundedPosition \/ maxThumbPosition) * maxScrollLeft;\r\n\r\n        scrollbarThumb.style.left = `${boundedPosition}px`;\r\n        imageList.scrollLeft = scrollPosition;\r\n      };\r\n\r\n      \/\/ quitar escuchadores en mouse up\r\n      const handleMouseUp = () => {\r\n        document.removeEventListener(\"mousemove\", handleMouseMove);\r\n        document.removeEventListener(\"mouseup\", handleMouseUp);\r\n      };\r\n\r\n      \/\/ a\u00f1adir escuchadores para arrastre\r\n      document.addEventListener(\"mousemove\", handleMouseMove);\r\n      document.addEventListener(\"mouseup\", handleMouseUp);\r\n    });\r\n\r\n    \/\/ mover im\u00e1genes seg\u00fan los clicks al bot\u00f3n del slide\r\n    slideButtons.forEach((button) => {\r\n      button.addEventListener(\"click\", () => {\r\n        const direction = button.id === \"prev-slide\" ? -1 : 1;\r\n        const scrollAmount = imageList.clientWidth * direction;\r\n        imageList.scrollBy({ left: scrollAmount, behavior: \"smooth\" });\r\n        updateIndicators();\r\n      });\r\n    });\r\n\r\n    \/\/ mostrar o no los botones del slide seg\u00fan posici\u00f3n\r\n    const handleSlideButtons = () => {\r\n      slideButtons[0].style.display =\r\n        imageList.scrollLeft <= 0 ? \"none\" : \"flex\";\r\n      slideButtons[1].style.display =\r\n        imageList.scrollLeft >= maxScrollLeft ? \"none\" : \"flex\";\r\n    };\r\n\r\n    \/\/ actualizar posici\u00f3n de la scrollbar seg\u00fan posici\u00f3n\r\n    const updateScrollThumbPosition = () => {\r\n      const scrollPosition = imageList.scrollLeft;\r\n      const thumbPosition =\r\n        (scrollPosition \/ maxScrollLeft) *\r\n        (sliderScrollbar.clientWidth - scrollbarThumb.offsetWidth);\r\n      scrollbarThumb.style.left = `${thumbPosition}px`;\r\n    };\r\n\r\n    \/\/ actualizar indicadores seg\u00fan posici\u00f3n\r\n    const updateIndicators = () => {\r\n      const currentSlide = Math.round(\r\n        imageList.scrollLeft \/ imageList.clientWidth\r\n      );\r\n      indicators.forEach((indicator, index) => {\r\n        indicator.classList.toggle(\"active\", index === currentSlide);\r\n      });\r\n    };\r\n\r\n    \/\/ llamar funciones al hacer scroll en la lista\r\n    imageList.addEventListener(\"scroll\", () => {\r\n      updateScrollThumbPosition();\r\n      handleSlideButtons();\r\n      updateIndicators();\r\n    });\r\n\r\n    \/\/ a\u00f1adir eventos de click en los indicadores\r\n    indicators.forEach((indicator, index) => {\r\n      indicator.addEventListener(\"click\", () => {\r\n        const scrollPosition = index * imageList.clientWidth;\r\n        imageList.scrollTo({ left: scrollPosition, behavior: \"smooth\" });\r\n      });\r\n    });\r\n\r\n    \/\/ configuraci\u00f3n inicial\r\n    updateScrollThumbPosition();\r\n    handleSlideButtons();\r\n    updateIndicators();\r\n  }\r\n};\r\n\r\nwindow.addEventListener(\"resize\", initSlider);\r\nwindow.addEventListener(\"load\", initSlider);\r\n<\/script>\n      <\/div>\n    <\/div>\n  <\/section>\n  <section id=\"stagesFoot\">\n    <div class=\"subtitle\">\n      <h4 class=\"p-h4--section\">5 Tappe \/ 119 <span class=\"p-normal-case\">Kms<\/span><\/h4>\n      <hr \/>\n      <h2>Tappe del Cammino di Santiago a Finisterre a piedi<\/h2>\n    <\/div>\n    <div id=\"stagesContainer\" class=\"container-stages scrollbar-thin\">\n      <div class=\"p-group card-stage\">\n        <a href=\"https:\/\/www.pilgrim.es\/it\/epilogo-fisterra-muxia\/tappa-1-santiago-negreira\/\" class=\"hover:p-text-gray-dark\">\n          <div class=\"card-stage__header\">\n            <img decoding=\"async\" src=\"https:\/\/cdn.pilgrim.es\/web\/caminos\/camino-frances\/pueblos\/santiago-de-compostela\/santiago-de-compostela.jpg\" alt=\"Santiago de Compostela\" class=\"group-hover:p-scale-110\" \/>\n            <div class=\"card-overlay group-hover:p-opacity-50\"><\/div>\n            <div class=\"number-stage\"><span>1<\/span><\/div>\n          <\/div>\n          <div class=\"card-stage__body\">\n            <div class=\"title-stage\">\n              <h3 class=\"title-stage__start\">Santiago de Compostela<\/h3>\n              <h3><span>&#10095;<\/span> Negreira<\/h3>\n              <div class=\"title-stage__tips\">\n                <h3>Tappa 1 :<\/h3>\n                <div><i class=\"icon-location\"><\/i> 20,6Km<\/div>\n                <div><i class=\"icon-clock\"><\/i> 5h<\/div>\n                <div><i class=\"icon-difficulty\"><\/i> 2\/5<\/div>\n              <\/div>\n            <\/div>\n            <button class=\"btn-arrow\">\n              <i class=\"icon-arrow\"><\/i>\n            <\/button>\n          <\/div>\n        <\/a>\n      <\/div>\n\n      <div class=\"p-group card-stage\">\n        <a href=\"https:\/\/www.pilgrim.es\/it\/epilogo-fisterra-muxia\/tappa-2-negreira-olveiroa\/\" class=\"hover:p-text-gray-dark\">\n          <div class=\"card-stage__header\">\n            <img decoding=\"async\" src=\"https:\/\/cdn.pilgrim.es\/web\/caminos\/camino-fisterra-muxia\/pueblos\/negreira.jpg\" alt=\"Negreira\" class=\"group-hover:p-scale-110\" \/>\n            <div class=\"card-overlay group-hover:p-opacity-50\"><\/div>\n            <div class=\"number-stage\"><span>2<\/span><\/div>\n          <\/div>\n          <div class=\"card-stage__body\">\n            <div class=\"title-stage\">\n              <h3 class=\"title-stage__start\">Negreira<\/h3>\n              <h3><span>&#10095;<\/span> Olveiroa<\/h3>\n              <div class=\"title-stage__tips\">\n                <h3>Tappa 2 :<\/h3>\n                <div><i class=\"icon-location\"><\/i> 27,8Km<\/div>\n                <div><i class=\"icon-clock\"><\/i> 6,5h<\/div>\n                <div><i class=\"icon-difficulty\"><\/i> 3\/5<\/div>\n              <\/div>\n            <\/div>\n            <button class=\"btn-arrow\">\n              <i class=\"icon-arrow\"><\/i>\n            <\/button>\n          <\/div>\n        <\/a>\n      <\/div>\n\n      <div class=\"p-group card-stage\">\n        <a href=\"https:\/\/www.pilgrim.es\/it\/epilogo-fisterra-muxia\/tappa-3-olveiroa-fisterra\/\" class=\"hover:p-text-gray-dark\">\n          <div class=\"card-stage__header\">\n            <img decoding=\"async\" src=\"https:\/\/cdn.pilgrim.es\/web\/caminos\/camino-fisterra-muxia\/pueblos\/olveiroa.jpg\" alt=\"Fisterra\" class=\"group-hover:p-scale-110\" \/>\n            <div class=\"card-overlay group-hover:p-opacity-50\"><\/div>\n            <div class=\"number-stage\"><span>3<\/span><\/div>\n          <\/div>\n          <div class=\"card-stage__body\">\n            <div class=\"title-stage\">\n              <h3 class=\"title-stage__start\">Olveiroa<\/h3>\n              <h3><span>&#10095;<\/span> Fisterra<\/h3>\n              <div class=\"title-stage__tips\">\n                <h3>Tappa 3 :<\/h3>\n                <div><i class=\"icon-location\"><\/i> 32,2Km<\/div>\n                <div><i class=\"icon-clock\"><\/i> 7,5h<\/div>\n                <div><i class=\"icon-difficulty\"><\/i> 2\/5<\/div>\n              <\/div>\n            <\/div>\n            <button class=\"btn-arrow\">\n              <i class=\"icon-arrow\"><\/i>\n            <\/button>\n          <\/div>\n        <\/a>\n      <\/div>\n\n      <div class=\"p-group card-stage\">\n        <a href=\"https:\/\/www.pilgrim.es\/it\/epilogo-fisterra-muxia\/tappa-3b-olveiroa-muxia\/\" class=\"hover:p-text-gray-dark\">\n          <div class=\"card-stage__header\">\n            <img decoding=\"async\" src=\"https:\/\/cdn.pilgrim.es\/web\/caminos\/camino-fisterra-muxia\/pueblos\/muxia.jpg\" alt=\"Mux\u00eda\" class=\"group-hover:p-scale-110\" \/>\n            <div class=\"card-overlay group-hover:p-opacity-50\"><\/div>\n            <div class=\"number-stage\"><span>3B<\/span><\/div>\n          <\/div>\n          <div class=\"card-stage__body\">\n            <div class=\"title-stage\">\n              <h3 class=\"title-stage__start\">Olveiroa<\/h3>\n              <h3><span>&#10095;<\/span> Mux\u00eda<\/h3>\n              <div class=\"title-stage__tips\">\n                <h3>Tappa 3B :<\/h3>\n                <div><i class=\"icon-location\"><\/i> 31,1Km<\/div>\n                <div><i class=\"icon-clock\"><\/i> 7,5h<\/div>\n                <div><i class=\"icon-difficulty\"><\/i> 3\/5<\/div>\n              <\/div>\n            <\/div>\n            <button class=\"btn-arrow\">\n              <i class=\"icon-arrow\"><\/i>\n            <\/button>\n          <\/div>\n        <\/a>\n      <\/div>\n\n      <div class=\"p-group card-stage\">\n        <a href=\"https:\/\/www.pilgrim.es\/it\/epilogo-fisterra-muxia\/tappa-4-fisterra-muxia\/\" class=\"hover:p-text-gray-dark\">\n          <div class=\"card-stage__header\">\n            <img decoding=\"async\" src=\"https:\/\/cdn.pilgrim.es\/web\/caminos\/camino-fisterra-muxia\/pueblos\/fisterra.jpg\" alt=\"Fisterra\" class=\"group-hover:p-scale-110\" \/>\n            <div class=\"card-overlay group-hover:p-opacity-50\"><\/div>\n            <div class=\"number-stage\"><span>4<\/span><\/div>\n          <\/div>\n          <div class=\"card-stage__body\">\n            <div class=\"title-stage\">\n              <h3 class=\"title-stage__start\">Mux\u00eda<\/h3>\n              <h3><span>&#10095;<\/span> Fisterra<\/h3>\n              <div class=\"title-stage__tips\">\n                <h3>Tappa 4 :<\/h3>\n                <div><i class=\"icon-location\"><\/i> 29,6Km<\/div>\n                <div><i class=\"icon-clock\"><\/i> 7h<\/div>\n                <div><i class=\"icon-difficulty\"><\/i> 4\/5<\/div>\n              <\/div>\n            <\/div>\n            <button class=\"btn-arrow\">\n              <i class=\"icon-arrow\"><\/i>\n            <\/button>\n          <\/div>\n        <\/a>\n      <\/div>\n    <\/div>\n  <\/section>\n\n  <section id=\"citiesTowns\">\n    <div class=\"container-cities-towns\">\n      <h4 class=\"p-h4--section\">Questo cammino vi piacer\u00e0, se vi piace\u2026<\/h4>\n      <hr class=\"orange-bar\" \/>\n      <h2>Citt\u00e0 e paesi<\/h2>\n      <div class=\"pills\">\n        <div class=\"label-pill label-pill--brown\">Storia<\/div>\n        <div class=\"label-pill label-pill--brown\">Patrimonio art\u00edstico<\/div>\n        <div class=\"label-pill label-pill--brown\">Cattedrali<\/div>\n        <div class=\"label-pill label-pill--brown\">Monasteri<\/div>\n        <div class=\"label-pill label-pill--brown\">Castelli<\/div>\n        <div class=\"label-pill label-pill--brown\">Architettura<\/div>\n      <\/div>\n    <\/div>\n  <\/section>\n\n  <div class=\"gallery-cities\">\n    <div class=\"item-gallery p-group\">\n      <img decoding=\"async\" src=\"https:\/\/cdn.pilgrim.es\/web\/caminos\/camino-frances\/pueblos\/santiago-de-compostela\/santiago-de-compostela.jpg\" alt=\"Santiago de Compostela\" class=\"group-hover:p-scale-110\"\/>\n      <div class=\"overlay-darked group-hover:p-opacity-50\"><\/div>\n      <a class=\"stretched-link\" href=\"https:\/\/www.pilgrim.es\/santiago-de-compostela\/\"><p><b>Santiago de Compostela<\/b><\/p><\/a>\n    <\/div>\n    <div class=\"item-gallery p-group\">\n      <img decoding=\"async\" src=\"https:\/\/cdn.pilgrim.es\/web\/caminos\/camino-fisterra-muxia\/pueblos\/negreira.jpg\" alt=\"Negreira\" class=\"group-hover:p-scale-110\"\/>\n      <div class=\"overlay-darked group-hover:p-opacity-50\"><\/div>\n      <a class=\"stretched-link\" href=\"negreira\/\"><p><b>Negreira<\/b><\/p><\/a>\n    <\/div>\n    <div class=\"item-gallery p-group\">\n      <img decoding=\"async\" src=\"https:\/\/cdn.pilgrim.es\/web\/caminos\/camino-fisterra-muxia\/pueblos\/olveiroa.jpg\" alt=\"Olveiroa\" class=\"group-hover:p-scale-110\"\/>\n      <div class=\"overlay-darked group-hover:p-opacity-50\"><\/div>\n      <a class=\"stretched-link\" href=\"olveiroa\/\"><p><b>Olveiroa<\/b><\/p><\/a>\n    <\/div>\n    <div class=\"item-gallery p-group\">\n      <img decoding=\"async\" src=\"https:\/\/cdn.pilgrim.es\/web\/caminos\/camino-fisterra-muxia\/pueblos\/cee.jpg\" alt=\"Cee\" class=\"group-hover:p-scale-110\"\/>\n      <div class=\"overlay-darked group-hover:p-opacity-50\"><\/div>\n      <a class=\"stretched-link\" href=\"cee\/\"><p><b>Cee<\/b><\/p><\/a>\n    <\/div>\n    <div class=\"item-gallery p-group\">\n      <img decoding=\"async\" src=\"https:\/\/cdn.pilgrim.es\/web\/caminos\/camino-fisterra-muxia\/pueblos\/fisterra.jpg\" alt=\"Fisterra\" class=\"group-hover:p-scale-110\"\/>\n      <div class=\"overlay-darked group-hover:p-opacity-50\"><\/div>\n      <a class=\"stretched-link\" href=\"fisterra\/\"><p><b>Fisterra<\/b><\/p><\/a>\n    <\/div>\n    <div class=\"item-gallery p-group\">\n      <img decoding=\"async\" src=\"https:\/\/cdn.pilgrim.es\/web\/caminos\/camino-fisterra-muxia\/pueblos\/muxia.jpg\" alt=\"Mux\u00eda\" class=\"group-hover:p-scale-110\"\/>\n      <div class=\"overlay-darked group-hover:p-opacity-50\"><\/div>\n      <a class=\"stretched-link\" href=\"muxia\/\"><p><b>Mux\u00eda<\/b><\/p><\/a>\n    <\/div>\n  <\/div>\n\n  <section id=\"infoWay\">\n    <div class=\"info-way-content\">\n      <nav class=\"nav-tab-info nav-tab-info--2-cols\">\n        <button id=\"infoTab\" data-target=\"history\" class=\"nav-link-info active\">\n          Informazioni\n        <\/button>\n        <button id=\"profileTab\" data-target=\"profileWay\" class=\"nav-link-info\">\n          Profilo\n        <\/button>\n      <\/nav>\n      <div id=\"history\" class=\"content-section-info\">\n        <div class=\"subtitle\">\n          <h4 class=\"p-h4--section\">Informazioni&#8230;<\/h4>\n          <hr \/>\n          <h2>Informazioni sul Cammino di Santiago a Finisterre<\/h2>\n        <\/div>\n        <h3>Storia<\/h3>\n        <p class=\"p-my-3\">\n          Fisterra, dal latino finis terrae, individua le sue radici molto prima\n          della nascita della\n          <a href=\"\/it\/\" class=\"p-underline\">rotta giacobea<\/a>. \u00c8 qui che\n          molti studiosi ritengono di poter collegare l\u2019antica citt\u00e0 di Dugium\n          con la famosa Atlantide e dove si era insediata la trib\u00f9 celtica dei\n          neri, proveniente dal sud della penisola e vicini della citt\u00e0 di\n          \u00c1rtabro. La scelta di quest\u2019area non fu casuale, perch\u00e9\n          <strong>fino al Medioevo si credeva che Cape Finisterre fosse l\u2019ultimo\n            baluardo del mondo<\/strong>\n          per come si conosceva il mondo a quell\u2019epoca\n        <\/p>\n        <p class=\"p-mb-3\">\n          Fu cos\u00ec che cominciarono a proliferare diversi insediamenti e attivit\u00e0\n          di culto al dio Sole, che ogni giorno sorgeva dalle acque\n          dell\u2019Atlantico. Si ritiene che ci fosse anche un importante altare e\n          un centro spirituale in onore del re stellato, l\u2019Ara Solis, un tempio\n          a cui si recavano sia i Celti che i Romani. Secondo la leggenda, fu\n          <strong>lo stesso Apostolo a ordinare la distruzione di questo\n            tempio<\/strong>, considerandolo un culto pagano. Dato il rifiuto del popolo, una\n          grande alluvione abbatt\u00e9 finalmente l\u2019Ara Solis e distrusse l\u2019intero\n          villaggio, salvando solo due buoi che riuscirono a fuggire dal luogo.\n          Il loro destino cambierebbe rapidamente mentre diventavano pietre come\n          punizione, formando le attuali isole di Bois de Gures.\n        <\/p>\n        <p class=\"p-mb-3\">\n          Anche i discepoli di Santiago erano qui, in particolare a Duio,\n          chiedendo il permesso necessario per dare riposo ai resti\n          dell\u2019Apostolo. Dato lo smarrimento e la sfiducia del governatore della\n          zona, furono imprigionati ma riuscirono a fuggire e ad andare di nuovo\n          a Iria Flavia.\n        <\/p>\n        <p class=\"p-mb-3\">\n          Quindi, l\u2019unica via che parte da Santiago non \u00e8 un\u2019invenzione moderna\n          come molti potrebbero pensare. Recenti scavi presso l\u2019eremo di San\n          Guillermo hanno mostrato il loro stretto legame con l\u2019Apostolo e con\n          altre tradizioni e culti molto pi\u00f9 antichi.\n        <\/p>\n        <p class=\"p-mb-3\">\n          Come Fisterra, anche la vicina citt\u00e0 di Mux\u00eda pu\u00f2 vantarsi di\n          assistere ai miracoli legati all\u2019Apostolo. \u00c8 qui dove la storia\n          inserisce Santiago, che dopo aver distrutto l\u2019Ara Solis di Fisterra\n          decide di ritirarsi in questa zona per riflettere e cercare di\n          conquistare il favore dei suoi abitanti predicando la sua fede.\n        <\/p>\n        <p class=\"p-mb-3\">\n          La leggenda narra che mentre stava meditando sulle rocce dove oggi si\n          trova il santuario, vide una barca avvicinarsi alla Vergine Maria,\n          incoraggiandolo a continuare a predicare la parola del Signore. Si\n          ritiene che la stessa barca potrebbe essere la famosa pietra di\n          Abalar, essendo accompagnata dalla Pedra dos Cadr\u00eds (la vela della\n          barca) e quella del Tim\u00f3n. Attualmente, c\u2019\u00e8 la convinzione che coloro\n          che riescono a passare nove volte sotto il pedra dos cadr\u00eds, saranno\n          guariti da tutti i loro malanni alla schiena e ai reni.\n        <\/p>\n      <\/div>\n      <div id=\"profileWay\" class=\"p-hidden content-section-info\">\n        <div class=\"subtitle\">\n          <h4 class=\"p-h4--section\">Profilo del Cammino di Santiago a Finisterre<\/h4>\n          <hr \/>\n          <h2>Distanze e altitudine<\/h2>\n        <\/div>\n        <img decoding=\"async\" src=\"https:\/\/cdn.pilgrim.es\/web\/caminos\/camino-fisterra-muxia\/home\/perfil-fisterra-muxia.jpg\" alt=\"Profilo Cammino Finisterre\" \/>\n      <\/div>\n    <\/div>\n  <\/section>\n\n  <section id=\"othersWays\" class=\"others-ways\">\n    <div class=\"others-ways__title\">\n      <h4 class=\"p-h4--section\">Altri percorsi consigliati<\/h4>\n      <hr \/>\n      <h2>\n        Ci sono altri percorsi, date un\u2019occhiata alle migliori alternative:\n      <\/h2>\n    <\/div>\n    <div class=\"others-ways__content\">\n      <div>\n        <div class=\"each-way\">\n          <a href=\"https:\/\/www.pilgrim.es\/it\/cammino-nord\/\">\n            <div class=\"each-way__title\">Cammino del Nord<\/div>\n          <\/a>\n          <div class=\"each-way__tips\">\n            <p>804 km \/ 35 giorni<\/p>\n            <i class=\"icon-arrow\"><\/i>\n          <\/div>\n        <\/div>\n        <hr \/>\n      <\/div>\n      <div>\n        <div class=\"each-way\">\n          <a href=\"https:\/\/www.pilgrim.es\/it\/cammino-primitivo\/\">\n            <div class=\"each-way__title\">Cammino Primitivo<\/div>\n          <\/a>\n          <div class=\"each-way__tips\">\n            <p>119 km \/ 6 giorni<\/p>\n            <i class=\"icon-arrow\"><\/i>\n          <\/div>\n        <\/div>\n        <hr \/>\n      <\/div>\n      <div>\n        <div class=\"each-way\">\n          <a href=\"https:\/\/www.pilgrim.es\/it\/cammino-francese\/\">\n            <div class=\"each-way__title\">Camino Francese<\/div>\n          <\/a>\n          <div class=\"each-way__tips\">\n            <p>764 km \/ 33 giorni<\/p>\n            <i class=\"icon-arrow\"><\/i>\n          <\/div>\n        <\/div>\n        <hr \/>\n      <\/div>\n      <div>\n        <div class=\"each-way\">\n          <a href=\"https:\/\/www.pilgrim.es\/it\/cammino-inverno\/\">\n            <div class=\"each-way__title\">Cammino d\u2019Inverno<\/div>\n          <\/a>\n          <div class=\"each-way__tips\">\n            <p>263 km \/ 10 giorni<\/p>\n            <i class=\"icon-arrow\"><\/i>\n          <\/div>\n        <\/div>\n        <hr \/>\n      <\/div>\n\n      <div>\n        <div class=\"each-way\">\n          <a href=\"https:\/\/www.pilgrim.es\/it\/cammino-di-santiago-da-sarria\/\">\n            <div class=\"each-way__title\">Cammino Francese (Sarria)<\/div>\n          <\/a>\n          <div class=\"each-way__tips\">\n            <p>115 km \/ 5 giorni<\/p>\n            <i class=\"icon-arrow\"><\/i>\n          <\/div>\n        <\/div>\n        <hr \/>\n      <\/div>\n      <div>\n        <div class=\"each-way\">\n          <a href=\"https:\/\/www.pilgrim.es\/it\/cammino-portoghese\/\">\n            <div class=\"each-way__title\">Cammino Portoghese<\/div>\n          <\/a>\n          <div class=\"each-way__tips\">\n            <p>620 km \/ 25 giorni<\/p>\n            <i class=\"icon-arrow\"><\/i>\n          <\/div>\n        <\/div>\n        <hr \/>\n      <\/div>\n    <\/div>\n  <\/section>\n  <section id=\"faqs\">\n    <div class=\"title\">\n      <h4 class=\"p-h4--section\">Informazioni pratiche<\/h4>\n      <hr \/>\n      <h2>Domande frequenti sul Cammino di Santiago a Finisterre<\/h2>\n    <\/div>\n    <div class=\"container\">\n      <div>\n        <button class=\"accordion-btn\">\n          <div class=\"accordion-btn__question\">\n            <h3>Quante tappe compongono il Cammino fino a Finisterre?<\/h3>\n            <span>+<\/span>\n          <\/div>\n          <hr \/>\n        <\/button>\n        <div class=\"accordion-content\">\n          <p>\n            Come riportato nella\n            <a href=\"#stagesFoot\" class=\"p-underline\">sezione delle tappe<\/a>,\n            il Cammino fino a Finisterre \u00e8 composto da un totale di 4 tappe per\n            una distanza di 90 km a partire da Santiago di Compostela.\n          <\/p>\n        <\/div>\n      <\/div>\n      <div>\n        <button class=\"accordion-btn\">\n          <div class=\"accordion-btn__question\">\n            <h3>\u00c8 necessario fare tutto il Cammino fino a Finisterre?<\/h3>\n            <span>+<\/span>\n          <\/div>\n          <hr \/>\n        <\/button>\n        <div class=\"accordion-content\">\n          <p>\n            Se il tuo obiettivo \u00e8 ottenere\n            <a href=\"https:\/\/www.pilgrim.es\/it\/pianificare\/la-compostela\/\" class=\"p-underline\">la Compostela<\/a>, su questa rotta non potrai ottenerla, poich\u00e9 \u00e8 l\u2019unica che parte\n            da\n            <a href=\"https:\/\/www.pilgrim.es\/it\/santiago-di-compostela\/\" class=\"p-underline\">Santiago di Compostela<\/a>. Tuttavia, se percorri il Cammino fino a Finisterre, una volta l\u00ec\n            ti sar\u00e0 rilasciato un certificato che attesta la distanza percorsa\n            da Santiago alla Fine del Mondo.\n          <\/p>\n        <\/div>\n      <\/div>\n\n      <div>\n        <button class=\"accordion-btn\">\n          <div class=\"accordion-btn__question\">\n            <h3>\n              Quali sono i paesi pi\u00f9 famosi lungo il Cammino fino a Finisterre?\n            <\/h3>\n            <span>+<\/span>\n          <\/div>\n          <hr \/>\n        <\/button>\n        <div class=\"accordion-content\">\n          <p>\n            La distanza \u00e8 molto breve e, senza dubbio, il meglio di questo\n            Cammino sono le sue destinazioni finali; sia Mux\u00eda che Finisterre\n            sono paesi ricchi di storia e molto legati alla religione cristiana.\n          <\/p>\n        <\/div>\n      <\/div>\n      <div>\n        <button class=\"accordion-btn\">\n          <div class=\"accordion-btn__question\">\n            <h3>Curiosit\u00e0 sul Cammino fino a Finisterre<\/h3>\n            <span>+<\/span>\n          <\/div>\n          <hr \/>\n        <\/button>\n        <div class=\"accordion-content\">\n          <p>\n            Il Cammino fino a Finisterre \u00e8 l\u2019unica rotta che parte da\n            <a href=\"https:\/\/www.pilgrim.es\/it\/santiago-di-compostela\/\" class=\"p-underline\">Santiago di Compostela<\/a>. Finisterre prende questo nome poich\u00e9, in epoca romana, questa\n            localit\u00e0 era considerata la Fine del Mondo.\n          <\/p>\n        <\/div>\n      <\/div>\n      <div>\n        <button class=\"accordion-btn\">\n          <div class=\"accordion-btn__question\">\n            <h3>\n              Volete avere maggiori informazioni sui percorsi del Cammino?\n            <\/h3>\n            <span>+<\/span>\n          <\/div>\n          <hr \/>\n        <\/button>\n        <div class=\"accordion-content\">\n          <p>\n            In\n            <a href=\"\/it\/\" class=\"p-underline\">Pilgrim.es<\/a>\n            abbiamo le informazioni pi\u00f9 complete su questo Cammino e su molti\n            altri. Entrate nel nostro sito e scoprite tutti gli itinerari che\n            compongono il\n            <a href=\"https:\/\/www.pilgrim.es\/it\/cammini\/\" class=\"p-underline\">Camino di Santiago<\/a>,\n            le sue tappe, le mappe e persino i villaggi con le indicazioni su\n            cosa vedere in ognuno di essi.\n          <\/p>\n        <\/div>\n      <\/div>\n    <\/div>\n  <\/section>\n  <section id=\"infoPilgrim\">\n    <div class=\"title\">\n      <h4 class=\"p-h4--section\">Conosceteci meglio<\/h4>\n      <hr \/>\n      <h2>Aiutare i pellegrini dal 2016<\/h2>\n    <\/div>\n    <div class=\"content\">\n      <div class=\"content__card\">\n        <div class=\"content__card__icon\">\n          <i class=\"icon-users\"><\/i>\n        <\/div>\n        <p class=\"content__card__title\">Pellegrini<\/p>\n        <p class=\"content__card__quantity\">+54.000<\/p>\n      <\/div>\n      <div class=\"content__card\">\n        <div class=\"content__card__icon\">\n          <i class=\"icon-world\"><\/i>\n        <\/div>\n        <p class=\"content__card__title\">Nazionalit\u00e0<\/p>\n        <p class=\"content__card__quantity\">+45<\/p>\n      <\/div>\n      <div class=\"content__card\">\n        <div class=\"content__card__icon\">\n          <i class=\"icon-star\"><\/i>\n        <\/div>\n        <p class=\"content__card__title\">Valutazione di Google<\/p>\n        <p class=\"content__card__quantity\">4,7 \u2605<\/p>\n      <\/div>\n      <div class=\"content__card\">\n        <div class=\"content__card__icon\">\n          <i class=\"icon-home\"><\/i>\n        <\/div>\n        <p class=\"content__card__title\">Aziende affiliate<\/p>\n        <p class=\"content__card__quantity\">+7500<\/p>\n      <\/div>\n    <\/div>\n  <\/section>\n<\/div>\n","protected":false},"excerpt":{"rendered":"<p>Cammino a Finisterre \/ Mux\u00eda 5 Tappe a piedi \u00a1Buon cammino! Perch\u00e8 scegliere il Cammino a Finisterre? Essendo un epilogo alla rotta giacobiana propriamente detta, c\u2019\u00e8 la possibilit\u00e0 di partire da Santiago direttamente a Finisterre e poi proseguire per Muxia o fare la rotta inversa. La scelta \u00e8 nelle tue mani! Per quanto riguarda la &hellip; <\/p>\n<p class=\"read_more\"><a href=\"https:\/\/www.pilgrim.es\/it\/epilogo-fisterra-muxia\/\">Leer m\u00e1s<\/a><\/p>\n","protected":false},"author":4,"featured_media":10526,"parent":0,"menu_order":0,"comment_status":"closed","ping_status":"closed","template":"views\/template-new-web-design.blade.php","meta":{"footnotes":""},"categories":[],"tags":[],"class_list":["post-10930","page","type-page","status-publish","has-post-thumbnail","hentry"],"yoast_head":"<!-- This site is optimized with the Yoast SEO plugin v27.4 - https:\/\/yoast.com\/product\/yoast-seo-wordpress\/ -->\n<title>\u25b7 Cammino di Santiago a Finisterre e Mux\u00eda | Tappe e mappa | Pilgrim<\/title>\n<meta name=\"description\" content=\"\u27a4 Scopri tutte le informazioni sulle tappe, le distanze o i villaggi del Cammino di Santiago nell&#039;epilogo di Fisterra - Mux\u00eda \u2705.\" \/>\n<meta name=\"robots\" content=\"index, follow, max-snippet:-1, max-image-preview:large, max-video-preview:-1\" \/>\n<link rel=\"canonical\" href=\"https:\/\/www.pilgrim.es\/it\/epilogo-fisterra-muxia\/\" \/>\n<meta property=\"og:locale\" content=\"it_IT\" \/>\n<meta property=\"og:type\" content=\"article\" \/>\n<meta property=\"og:title\" content=\"\u25b7 Cammino di Santiago a Finisterre e Mux\u00eda | Tappe e mappa | Pilgrim\" \/>\n<meta property=\"og:description\" content=\"\u27a4 Scopri tutte le informazioni sulle tappe, le distanze o i villaggi del Cammino di Santiago nell&#039;epilogo di Fisterra - Mux\u00eda \u2705.\" \/>\n<meta property=\"og:url\" content=\"https:\/\/www.pilgrim.es\/it\/epilogo-fisterra-muxia\/\" \/>\n<meta property=\"og:site_name\" content=\"Pilgrim\" \/>\n<meta property=\"article:publisher\" content=\"https:\/\/www.facebook.com\/pilgrim.es\/\" \/>\n<meta property=\"article:modified_time\" content=\"2025-11-25T11:51:41+00:00\" \/>\n<meta property=\"og:image\" content=\"https:\/\/www.pilgrim.es\/wp-content\/uploads\/2019\/02\/Imagen_fondo_fiesterra-muxia-012.jpg\" \/>\n\t<meta property=\"og:image:width\" content=\"1131\" \/>\n\t<meta property=\"og:image:height\" content=\"523\" \/>\n\t<meta property=\"og:image:type\" content=\"image\/jpeg\" \/>\n<meta name=\"twitter:card\" content=\"summary_large_image\" \/>\n<meta name=\"twitter:site\" content=\"@pilgrim_es\" \/>\n<meta name=\"twitter:label1\" content=\"Tempo di lettura stimato\" \/>\n\t<meta name=\"twitter:data1\" content=\"5 minuti\" \/>\n<script type=\"application\/ld+json\" class=\"yoast-schema-graph\">{\"@context\":\"https:\\\/\\\/schema.org\",\"@graph\":[{\"@type\":\"WebPage\",\"@id\":\"https:\\\/\\\/www.pilgrim.es\\\/it\\\/epilogo-fisterra-muxia\\\/\",\"url\":\"https:\\\/\\\/www.pilgrim.es\\\/it\\\/epilogo-fisterra-muxia\\\/\",\"name\":\"\u25b7 Cammino di Santiago a Finisterre e Mux\u00eda | Tappe e mappa | Pilgrim\",\"isPartOf\":{\"@id\":\"https:\\\/\\\/www.pilgrim.es\\\/it\\\/#website\"},\"primaryImageOfPage\":{\"@id\":\"https:\\\/\\\/www.pilgrim.es\\\/it\\\/epilogo-fisterra-muxia\\\/#primaryimage\"},\"image\":{\"@id\":\"https:\\\/\\\/www.pilgrim.es\\\/it\\\/epilogo-fisterra-muxia\\\/#primaryimage\"},\"thumbnailUrl\":\"https:\\\/\\\/www.pilgrim.es\\\/wp-content\\\/uploads\\\/2019\\\/02\\\/Imagen_fondo_fiesterra-muxia-012.jpg\",\"datePublished\":\"2019-02-15T14:40:53+00:00\",\"dateModified\":\"2025-11-25T11:51:41+00:00\",\"description\":\"\u27a4 Scopri tutte le informazioni sulle tappe, le distanze o i villaggi del Cammino di Santiago nell'epilogo di Fisterra - Mux\u00eda \u2705.\",\"breadcrumb\":{\"@id\":\"https:\\\/\\\/www.pilgrim.es\\\/it\\\/epilogo-fisterra-muxia\\\/#breadcrumb\"},\"inLanguage\":\"it-IT\",\"potentialAction\":[{\"@type\":\"ReadAction\",\"target\":[\"https:\\\/\\\/www.pilgrim.es\\\/it\\\/epilogo-fisterra-muxia\\\/\"]}]},{\"@type\":\"ImageObject\",\"inLanguage\":\"it-IT\",\"@id\":\"https:\\\/\\\/www.pilgrim.es\\\/it\\\/epilogo-fisterra-muxia\\\/#primaryimage\",\"url\":\"https:\\\/\\\/www.pilgrim.es\\\/wp-content\\\/uploads\\\/2019\\\/02\\\/Imagen_fondo_fiesterra-muxia-012.jpg\",\"contentUrl\":\"https:\\\/\\\/www.pilgrim.es\\\/wp-content\\\/uploads\\\/2019\\\/02\\\/Imagen_fondo_fiesterra-muxia-012.jpg\",\"width\":1131,\"height\":523,\"caption\":\"percorso cammino a finisterre\"},{\"@type\":\"BreadcrumbList\",\"@id\":\"https:\\\/\\\/www.pilgrim.es\\\/it\\\/epilogo-fisterra-muxia\\\/#breadcrumb\",\"itemListElement\":[{\"@type\":\"ListItem\",\"position\":1,\"name\":\"Camino de Santiago\",\"item\":\"https:\\\/\\\/www.pilgrim.es\\\/it\\\/\"},{\"@type\":\"ListItem\",\"position\":2,\"name\":\"Fisterra y Mux\u00eda\"}]},{\"@type\":\"WebSite\",\"@id\":\"https:\\\/\\\/www.pilgrim.es\\\/it\\\/#website\",\"url\":\"https:\\\/\\\/www.pilgrim.es\\\/it\\\/\",\"name\":\"Pilgrim\",\"description\":\"Camino de Santiago | Caminamos Contigo\",\"publisher\":{\"@id\":\"https:\\\/\\\/www.pilgrim.es\\\/it\\\/#organization\"},\"potentialAction\":[{\"@type\":\"SearchAction\",\"target\":{\"@type\":\"EntryPoint\",\"urlTemplate\":\"https:\\\/\\\/www.pilgrim.es\\\/it\\\/?s={search_term_string}\"},\"query-input\":{\"@type\":\"PropertyValueSpecification\",\"valueRequired\":true,\"valueName\":\"search_term_string\"}}],\"inLanguage\":\"it-IT\"},{\"@type\":\"Organization\",\"@id\":\"https:\\\/\\\/www.pilgrim.es\\\/it\\\/#organization\",\"name\":\"Pilgrim Camino de Santiago\",\"url\":\"https:\\\/\\\/www.pilgrim.es\\\/it\\\/\",\"logo\":{\"@type\":\"ImageObject\",\"inLanguage\":\"it-IT\",\"@id\":\"https:\\\/\\\/www.pilgrim.es\\\/it\\\/#\\\/schema\\\/logo\\\/image\\\/\",\"url\":\"https:\\\/\\\/www.pilgrim.es\\\/wp-content\\\/uploads\\\/2019\\\/04\\\/logo_pilgrim.png\",\"contentUrl\":\"https:\\\/\\\/www.pilgrim.es\\\/wp-content\\\/uploads\\\/2019\\\/04\\\/logo_pilgrim.png\",\"width\":512,\"height\":512,\"caption\":\"Pilgrim Camino de Santiago\"},\"image\":{\"@id\":\"https:\\\/\\\/www.pilgrim.es\\\/it\\\/#\\\/schema\\\/logo\\\/image\\\/\"},\"sameAs\":[\"https:\\\/\\\/www.facebook.com\\\/pilgrim.es\\\/\",\"https:\\\/\\\/x.com\\\/pilgrim_es\",\"https:\\\/\\\/www.instagram.com\\\/pilgrim.es\\\/\",\"https:\\\/\\\/www.linkedin.com\\\/company\\\/pilgrim-camino-de-santiago\\\/\",\"https:\\\/\\\/www.pinterest.es\\\/pilgrimcaminodesantiago\\\/\",\"https:\\\/\\\/www.youtube.com\\\/channel\\\/UCIv2ZzFLXVqthkNF32rKedw\\\/featured\"]}]}<\/script>\n<!-- \/ Yoast SEO plugin. -->","yoast_head_json":{"title":"\u25b7 Cammino di Santiago a Finisterre e Mux\u00eda | Tappe e mappa | Pilgrim","description":"\u27a4 Scopri tutte le informazioni sulle tappe, le distanze o i villaggi del Cammino di Santiago nell'epilogo di Fisterra - Mux\u00eda \u2705.","robots":{"index":"index","follow":"follow","max-snippet":"max-snippet:-1","max-image-preview":"max-image-preview:large","max-video-preview":"max-video-preview:-1"},"canonical":"https:\/\/www.pilgrim.es\/it\/epilogo-fisterra-muxia\/","og_locale":"it_IT","og_type":"article","og_title":"\u25b7 Cammino di Santiago a Finisterre e Mux\u00eda | Tappe e mappa | Pilgrim","og_description":"\u27a4 Scopri tutte le informazioni sulle tappe, le distanze o i villaggi del Cammino di Santiago nell'epilogo di Fisterra - Mux\u00eda \u2705.","og_url":"https:\/\/www.pilgrim.es\/it\/epilogo-fisterra-muxia\/","og_site_name":"Pilgrim","article_publisher":"https:\/\/www.facebook.com\/pilgrim.es\/","article_modified_time":"2025-11-25T11:51:41+00:00","og_image":[{"width":1131,"height":523,"url":"https:\/\/www.pilgrim.es\/wp-content\/uploads\/2019\/02\/Imagen_fondo_fiesterra-muxia-012.jpg","type":"image\/jpeg"}],"twitter_card":"summary_large_image","twitter_site":"@pilgrim_es","twitter_misc":{"Tempo di lettura stimato":"5 minuti"},"schema":{"@context":"https:\/\/schema.org","@graph":[{"@type":"WebPage","@id":"https:\/\/www.pilgrim.es\/it\/epilogo-fisterra-muxia\/","url":"https:\/\/www.pilgrim.es\/it\/epilogo-fisterra-muxia\/","name":"\u25b7 Cammino di Santiago a Finisterre e Mux\u00eda | Tappe e mappa | Pilgrim","isPartOf":{"@id":"https:\/\/www.pilgrim.es\/it\/#website"},"primaryImageOfPage":{"@id":"https:\/\/www.pilgrim.es\/it\/epilogo-fisterra-muxia\/#primaryimage"},"image":{"@id":"https:\/\/www.pilgrim.es\/it\/epilogo-fisterra-muxia\/#primaryimage"},"thumbnailUrl":"https:\/\/www.pilgrim.es\/wp-content\/uploads\/2019\/02\/Imagen_fondo_fiesterra-muxia-012.jpg","datePublished":"2019-02-15T14:40:53+00:00","dateModified":"2025-11-25T11:51:41+00:00","description":"\u27a4 Scopri tutte le informazioni sulle tappe, le distanze o i villaggi del Cammino di Santiago nell'epilogo di Fisterra - Mux\u00eda \u2705.","breadcrumb":{"@id":"https:\/\/www.pilgrim.es\/it\/epilogo-fisterra-muxia\/#breadcrumb"},"inLanguage":"it-IT","potentialAction":[{"@type":"ReadAction","target":["https:\/\/www.pilgrim.es\/it\/epilogo-fisterra-muxia\/"]}]},{"@type":"ImageObject","inLanguage":"it-IT","@id":"https:\/\/www.pilgrim.es\/it\/epilogo-fisterra-muxia\/#primaryimage","url":"https:\/\/www.pilgrim.es\/wp-content\/uploads\/2019\/02\/Imagen_fondo_fiesterra-muxia-012.jpg","contentUrl":"https:\/\/www.pilgrim.es\/wp-content\/uploads\/2019\/02\/Imagen_fondo_fiesterra-muxia-012.jpg","width":1131,"height":523,"caption":"percorso cammino a finisterre"},{"@type":"BreadcrumbList","@id":"https:\/\/www.pilgrim.es\/it\/epilogo-fisterra-muxia\/#breadcrumb","itemListElement":[{"@type":"ListItem","position":1,"name":"Camino de Santiago","item":"https:\/\/www.pilgrim.es\/it\/"},{"@type":"ListItem","position":2,"name":"Fisterra y Mux\u00eda"}]},{"@type":"WebSite","@id":"https:\/\/www.pilgrim.es\/it\/#website","url":"https:\/\/www.pilgrim.es\/it\/","name":"Pilgrim","description":"Camino de Santiago | Caminamos Contigo","publisher":{"@id":"https:\/\/www.pilgrim.es\/it\/#organization"},"potentialAction":[{"@type":"SearchAction","target":{"@type":"EntryPoint","urlTemplate":"https:\/\/www.pilgrim.es\/it\/?s={search_term_string}"},"query-input":{"@type":"PropertyValueSpecification","valueRequired":true,"valueName":"search_term_string"}}],"inLanguage":"it-IT"},{"@type":"Organization","@id":"https:\/\/www.pilgrim.es\/it\/#organization","name":"Pilgrim Camino de Santiago","url":"https:\/\/www.pilgrim.es\/it\/","logo":{"@type":"ImageObject","inLanguage":"it-IT","@id":"https:\/\/www.pilgrim.es\/it\/#\/schema\/logo\/image\/","url":"https:\/\/www.pilgrim.es\/wp-content\/uploads\/2019\/04\/logo_pilgrim.png","contentUrl":"https:\/\/www.pilgrim.es\/wp-content\/uploads\/2019\/04\/logo_pilgrim.png","width":512,"height":512,"caption":"Pilgrim Camino de Santiago"},"image":{"@id":"https:\/\/www.pilgrim.es\/it\/#\/schema\/logo\/image\/"},"sameAs":["https:\/\/www.facebook.com\/pilgrim.es\/","https:\/\/x.com\/pilgrim_es","https:\/\/www.instagram.com\/pilgrim.es\/","https:\/\/www.linkedin.com\/company\/pilgrim-camino-de-santiago\/","https:\/\/www.pinterest.es\/pilgrimcaminodesantiago\/","https:\/\/www.youtube.com\/channel\/UCIv2ZzFLXVqthkNF32rKedw\/featured"]}]}},"_links":{"self":[{"href":"https:\/\/www.pilgrim.es\/it\/wp-json\/wp\/v2\/pages\/10930","targetHints":{"allow":["GET"]}}],"collection":[{"href":"https:\/\/www.pilgrim.es\/it\/wp-json\/wp\/v2\/pages"}],"about":[{"href":"https:\/\/www.pilgrim.es\/it\/wp-json\/wp\/v2\/types\/page"}],"author":[{"embeddable":true,"href":"https:\/\/www.pilgrim.es\/it\/wp-json\/wp\/v2\/users\/4"}],"replies":[{"embeddable":true,"href":"https:\/\/www.pilgrim.es\/it\/wp-json\/wp\/v2\/comments?post=10930"}],"version-history":[{"count":36,"href":"https:\/\/www.pilgrim.es\/it\/wp-json\/wp\/v2\/pages\/10930\/revisions"}],"predecessor-version":[{"id":139137,"href":"https:\/\/www.pilgrim.es\/it\/wp-json\/wp\/v2\/pages\/10930\/revisions\/139137"}],"wp:featuredmedia":[{"embeddable":true,"href":"https:\/\/www.pilgrim.es\/it\/wp-json\/wp\/v2\/media\/10526"}],"wp:attachment":[{"href":"https:\/\/www.pilgrim.es\/it\/wp-json\/wp\/v2\/media?parent=10930"}],"wp:term":[{"taxonomy":"category","embeddable":true,"href":"https:\/\/www.pilgrim.es\/it\/wp-json\/wp\/v2\/categories?post=10930"},{"taxonomy":"post_tag","embeddable":true,"href":"https:\/\/www.pilgrim.es\/it\/wp-json\/wp\/v2\/tags?post=10930"}],"curies":[{"name":"wp","href":"https:\/\/api.w.org\/{rel}","templated":true}]}}