{"id":10817,"date":"2019-02-14T11:03:45","date_gmt":"2019-02-14T11:03:45","guid":{"rendered":"https:\/\/desarrollo.pilgrim.es\/cammino-del-nord\/"},"modified":"2025-11-21T13:20:36","modified_gmt":"2025-11-21T13:20:36","slug":"cammino-nord","status":"publish","type":"page","link":"https:\/\/www.pilgrim.es\/it\/cammino-nord\/","title":{"rendered":"Cammino del Nord"},"content":{"rendered":"\n<div id=\"way\">\n  <section id=\"heroWay\">\n    <h1>Cammino del Nord<\/h1>\n    <div class=\"options-stages\">\n      <p>\n        <a href=\"#stagesFoot\">35 Tappe a piedi <\/a> \/\n        <a href=\"#stagesBike\">18 Tappe in bicicleta<\/a>\n      <\/p>\n    <\/div>\n    <div class=\"main-content\">\n      <div class=\"main-content__col-map\">\n        <img decoding=\"async\" src=\"https:\/\/cdn.pilgrim.es\/web\/caminos\/camino-norte\/home\/mapa-camino-norte.jpg\" alt=\"Mappa del Cammino del Nord\" \/>\n      <\/div>\n      <div class=\"main-content__col-planner\"><div\r\n  class=\"p-col-span-1 p-rounded-lg p-px-5 p-h-full\"\r\n  style=\"background-image: url('https:\/\/cdn.pilgrim.es\/web\/pilgrim-planner\/bg-plugin-planificador.webp')\"\r\n  rel=\"preload\"\r\n  fetchpriority=\"high\"\r\n  >\r\n    <div class=\"p-text-center p-pt-5 p-text-white p-text-2xl p-font-semibold\">\r\n      Pianifica il tuo cammino    <\/div>\r\n    <div\r\n            id='primary-app'\r\n            data-name='banner'\r\n            data-api='https:\/\/pathfinder.pilgrim.es\/api\/pathfinder\/v2'\r\n            data-mode='normal'\r\n            data-lang='it'\r\n            data-route='1'\r\n            data-destiny='https:\/\/planificador.pilgrim.es'\r\n            data-modality='1'\r\n            data-inline=''\r\n        ><\/div><\/div><\/div>\n    <\/div>\n  <\/section>\n\n  <section id=\"scoreBarsWay\">\n    <section>\r\n  <div class=\"p-flex p-flex-nowrap p-space-x-4 p-py-5 p-overflow-x-auto md:p-grid md:p-grid-cols-3 lg:p-grid-cols-5 md:p-gap-8 md:p-space-x-0 md:p-overflow-hidden scrollbar-thin\">\r\n    <div class=\"p-grid p-grid-cols-4 p-shrink-0 p-w-72 p-snap-start md:p-w-full\">\r\n        <div class=\"p-col-span-1 p-self-center p-text-center p-text-3xl\">\r\n            <i class=\"icon-influx\"><\/i>\r\n        <\/div>\r\n        <div class=\"p-col-span-3 p-flex p-flex-col p-items-start\">\r\n            <div class=\"p-text-start p-text-secondary p-mb-1 p-bold\"> Afflusso <\/div>\r\n            <div class=\"p-w-full p-bg-light p-rounded-full p-h-2 p-relative\">\r\n                <div class=\"p-bg-primary p-h-2 p-rounded-full p-absolute\" style=\"width: 40%;\"><\/div>\r\n            <\/div>\r\n        <\/div>\r\n    <\/div>\r\n\r\n    <div class=\"p-grid p-grid-cols-4 p-shrink-0 p-w-72 p-snap-start md:p-w-full\">\r\n        <div class=\"p-col-span-1 p-self-center p-text-center p-text-3xl\">\r\n            <i class=\"icon-difficulty\"><\/i>\r\n        <\/div>\r\n        <div class=\"p-col-span-3 p-flex p-flex-col p-items-start\">\r\n            <div class=\"p-text-start p-text-secondary p-mb-1 p-bold\"> Difficolt\u00e0 <\/div>\r\n            <div class=\"p-w-full p-bg-light p-rounded-full p-h-2 p-relative\">\r\n                <div class=\"p-bg-primary p-h-2 p-rounded-full p-absolute\" style=\"width: 60%;\"><\/div>\r\n            <\/div>\r\n        <\/div>\r\n    <\/div>\r\n\r\n    <div class=\"p-grid p-grid-cols-4 p-shrink-0 p-w-72 p-snap-start md:p-w-full\">\r\n        <div class=\"p-col-span-1 p-self-center p-text-center p-text-3xl\">\r\n            <i class=\"icon-patrimony\"><\/i>\r\n        <\/div>\r\n        <div class=\"p-col-span-3 p-flex p-flex-col p-items-start\">\r\n            <div class=\"p-text-start p-text-secondary p-mb-1 p-bold\"> Arte\/Storia <\/div>\r\n            <div class=\"p-w-full p-bg-light p-rounded-full p-h-2 p-relative\">\r\n                <div class=\"p-bg-primary p-h-2 p-rounded-full p-absolute\" style=\"width: 40%;\"><\/div>\r\n            <\/div>\r\n        <\/div>\r\n    <\/div>\r\n\r\n    <div class=\"p-grid p-grid-cols-4 p-shrink-0 p-w-72 p-snap-start md:p-w-full\">\r\n        <div class=\"p-col-span-1 p-self-center p-text-center p-text-3xl\">\r\n            <i class=\"icon-nature\"><\/i>\r\n        <\/div>\r\n        <div class=\"p-col-span-3 p-flex p-flex-col p-items-start\">\r\n            <div class=\"p-text-start p-text-secondary p-mb-1 p-bold\"> Natura <\/div>\r\n            <div class=\"p-w-full p-bg-light p-rounded-full p-h-2 p-relative\">\r\n                <div class=\"p-bg-primary p-h-2 p-rounded-full p-absolute\" style=\"width: 60%;\"><\/div>\r\n            <\/div>\r\n        <\/div>\r\n    <\/div>\r\n\r\n    <div class=\"p-grid p-grid-cols-4 p-shrink-0 p-w-72 p-snap-start md:p-w-full\">\r\n        <div class=\"p-col-span-1 p-self-center p-text-center p-text-3xl\">\r\n            <i class=\"icon-urban\"><\/i>\r\n        <\/div>\r\n        <div class=\"p-col-span-3 p-flex p-flex-col p-items-start\">\r\n            <div class=\"p-text-start p-text-secondary p-mb-1 p-bold\"> Cammino Francese <\/div>\r\n            <div class=\"p-w-full p-bg-light p-rounded-full p-h-2 p-relative\">\r\n                <div class=\"p-bg-primary p-h-2 p-rounded-full p-absolute\" style=\"width: 20%;\"><\/div>\r\n            <\/div>\r\n        <\/div>\r\n    <\/div>\r\n  <\/div>\r\n<\/section>\n  <\/section>\n\n  <section id=\"summaryWay\">\n    <div class=\"subtitle\">\n      <h4 class=\"p-h4--section\">\u00a1Buon Cammino!<\/h4>\n      <hr \/>\n    <\/div>\n    <div class=\"content-summary\">\n      <div class=\"content-summary__col-text\">\n        <h2>Perch\u00e8 scegliere il Cammino del Nord?<\/h2>\n\n        <p class=\"p-my-3\">\n          Troviamo in questo versante un cammino\n          <strong>meno massificato rispetto al Francese,<\/strong> che ha una\n          buona segnaletica ma che ha anche meno infrastrutture. \u00c9 il\n          <strong>secondo percorso pi\u00fa largo,<\/strong>proprio dietro la V\u00eda de\n          la Plata, che ci avvolger\u00e0 con la tranquillit\u00e0 dei villaggi costiere e\n          dei marinai che raggiungeremo sulla nostra strada e con un tracciato\n          che si presenta abbastanza tranquillo, tranne nelle salite, verso le\n          montagne dove avremmo bisogno di tutte le nostre forze.\n        <\/p>\n\n        <p>\n          Il Cammino del Nord \u00e8 forse una delle opzioni che\n          <strong>ci fornir\u00e0 una maggiore bellezza paesaggistica<\/strong>,\n          grazie al suo intreccio tra mare e montagna, dove il verde dei piccoli\n          paesi baschi, cantabrici, asturiani o galiziani svanisce in lontananza\n          con il blu incontaminato del Golfo di Biscaglia . Inoltre, la sua\n          cucina ha la reputazione di essere un ricordo trionfale del nostro\n          viaggio, quindi\n          <strong>la scelta di questo percorso \u00e8 sinonimo di sicuro trionfo<\/strong>\n          nel nostro desiderio di scoprire la magia del\n          <a href=\"\/it\/\" class=\"p-underline\">Cammino di Santiago.<\/a>\n        <\/p>\n\n        <!-- Aqu\u00ed agregamos un contenedor para los p\u00e1rrafos ocultos -->\n        <div id=\"moreContent\" class=\"p-hidden\">\n          <p class=\"p-my-3\">\n            Il Cammino del Nord percorre l\u2019intera costa della penisola da est a\n            ovest, al confine con il Golfo di Biscaglia, lungo i principali\n            comuni della Spagna settentrionale. Parte da Ir\u00fan in direzione di\n            Compostela, lasciando sulla sua scia un sentiero indelebile in citt\u00e0\n            come San Sebasti\u00e1n, Bilbao, Santander o Gij\u00f3n fino all\u2019ingresso in\n            Galizia. Da Gij\u00f3n si presenta la\n            <strong>decisione chiave del nostro pellegrinaggio<\/strong>, poich\u00e9\n            abbiamo la possibilit\u00e0 di prendere un collegamento che ci porta a\n            Oviedo per continuare lungo la Via Primitiva o, al contrario,\n            <strong>continuare il Cammino del Nord<\/strong> in direzione di\n            Avil\u00e9s entrando in Galizia attraverso la citt\u00e0 di Lugo di Ribadeo,\n            un comune costiero della Mari\u00f1a Lucense che ci separa circa 180 km\n            dal nostro arrivo a Santiago.\n          <\/p>\n          <p>\n            Arrivato nella citt\u00e0 di San Vicente de la Barquera, in Cantabria, si\n            presenta l\u2019opportunit\u00e0 di seguire un percorso con la storia,cos\u00ec\n            importante da avere il suo Anno Giubilare che ha l\u2019onore di\n            condividere i pellegrinaggi a Roma o per Santiago di Compostela\n            stessa.Questo tratto \u00e8 definito\n            <a href=\"https:\/\/www.pilgrim.es\/it\/il-cammino-lebaniego\/\" class=\"p-underline\">Cammino Lebaniego<\/a>.\n          <\/p>\n        <\/div>\n        <button id=\"btnSeeMore\">Vedere pi\u00fa<\/button>\n        <button id=\"btnSeeLess\" class=\"p-hidden\">Vedere meno<\/button>\n      <\/div>\n      <div class=\"content-summary__col-experiences\">\n        <section id=\"experiencesCarousel\" class=\"p-relative\">\r\n  <div id=\"experiencesCarousel\" class=\"p-container p-mx-auto p-relative p-w-full lg:p-w-4\/5\">\r\n    <button id=\"prev-slide-experiences\" class=\"slide-button material-symbols-rounded\">\r\n        <div class=\"p-self-item p-font-bold\">&#10094;<\/div>\r\n    <\/button>\r\n    <button id=\"next-slide-experiences\" class=\"slide-button material-symbols-rounded\">\r\n        <div class=\"p-font-bold\">&#10095;<\/div>\r\n    <\/button>\r\n    <div id=\"carousel\" class=\"container-slider p-self-center p-mt-10\">\r\n        <ul class=\"card-list card-list--less-gap\">\r\n                                                <div  class=\"card-item card-item--min\" data-category=\"norte\" data-mode=\"a-pie\">\r\n                        <div class=\"p-rounded-lg p-h-80 p-relative p-p-5 p-text-white p-max-w-[250px] lg:p-max-w-full experience-card-item\">\r\n                            <div class=\"experience-card-bg\" style=\"background-image: url('\/wp-content\/uploads\/2024\/07\/experiencia-norte-desde-vilalba.jpg');\"><\/div>\r\n                            <div class=\"experience-card-content p-h-72 card-item-container p-max-w-[250px] lg:p-max-w-full\">\r\n                                <div class=\"p-flex p-flex-wrap\">\r\n                                    <p class=\"p-col-auto p-m-0 p-px-2 p-border p-border-white p-rounded-lg p-text-sm p-self-center\">A piedi<\/p>\r\n                                    <p class=\"p-text-sm p-self-center p-px-4 p-mb-0\">4,8 \u2605<\/p>\r\n                                <\/div>\r\n                                <h3 class=\"p-font-['Inter'] p-normal-case p-text-base lg:p-text-xl p-font-bold p-my-5\"> <a href=\"\/it\/esperienze\/cammino-del-nord-da-vilalba-piedi\/\" id=\"camino-del-norte-desde-vilalba-pie\" target=\"_blank\" class=\"after:p-absolute after:p-inset-0 p-text-white hover:p-text-light\">Cammino del Nord da Vilalba<\/a><\/h3>\r\n                                <div class=\"p-flex p-flex-wrap\">\r\n                                    <div class=\"p-col-auto p-flex p-self-center p-pr-0\">\r\n                                        <i class=\"icon-signal\"><\/i>\r\n                                    <\/div>\r\n                                    <div class=\"p-col-auto p-flex p-self-auto p-ml-2\">\r\n                                        <p class=\"p-m-0 p-text-sm p-font-bold\">120 Km<\/p>\r\n                                    <\/div>\r\n                                <\/div>\r\n                                <div class=\"p-flex p-flex-wrap p-my-1\">\r\n                                    <div class=\"p-col-auto p-flex p-self-center p-pr-0\">\r\n                                        <i class=\"icon-calendar\"><\/i>\r\n                                    <\/div>\r\n                                    <div class=\"p-col-auto p-flex p-self-auto p-ml-2\">\r\n                                        <p class=\"p-m-0 p-text-sm p-font-bold\">6 tappe<\/p>\r\n                                    <\/div>\r\n                                <\/div>\r\n                                <div class=\"p-flex p-flex-wrap\">\r\n                                    <div class=\"p-col-auto p-flex p-self-center p-pr-0\">\r\n                                        <i class=\"icon-nights\"><\/i>\r\n                                    <\/div>\r\n                                    <div class=\"p-col-auto p-flex p-align-self-auto p-ml-2\">\r\n                                        <p class=\"p-m-0 p-text-sm p-font-bold\">7 notti<\/p>\r\n                                    <\/div>\r\n                                <\/div>\r\n                                <div class=\"p-w-full p-absolute p-bottom-0 p-pb-3 p-pointer-events-none\">\r\n                                    <div class=\"p-flex p-justify-between\">\r\n                                        <div>\r\n                                            <p class=\"p-text-xs p-uppercase p-font-semibold p-my-1\">A partire da<\/p>\r\n                                            <p class=\"p-text-2xl p-font-semibold p-mt-[-12px]\">455\u20ac<\/p>\r\n                                        <\/div>\r\n                                        <div class=\"p-text-white p-w-auto p-h-auto p-p-2 p-self-center p-rounded-full p-bg-dark-opacity\">\r\n                                            <img decoding=\"async\" src=\"\/wp-content\/uploads\/2024\/07\/flecha-r.svg\" alt=\"icono flecha derecha\" class=\"p-text-center p-self-center\">\r\n                                        <\/div>\r\n                                    <\/div>\r\n                                <\/div>\r\n                            <\/div>\r\n                        <\/div>\r\n                    <\/div>\r\n                                                                <div  class=\"card-item card-item--min\" data-category=\"frances\" data-mode=\"a-pie\">\r\n                        <div class=\"p-rounded-lg p-h-80 p-relative p-p-5 p-text-white p-max-w-[250px] lg:p-max-w-full experience-card-item\">\r\n                            <div class=\"experience-card-bg\" style=\"background-image: url('\/wp-content\/uploads\/2024\/07\/experiencia-frances-desde-sarria.jpg');\"><\/div>\r\n                            <div class=\"experience-card-content p-h-72 card-item-container p-max-w-[250px] lg:p-max-w-full\">\r\n                                <div class=\"p-flex p-flex-wrap\">\r\n                                    <p class=\"p-col-auto p-m-0 p-px-2 p-border p-border-white p-rounded-lg p-text-sm p-self-center\">A piedi<\/p>\r\n                                    <p class=\"p-text-sm p-self-center p-px-4 p-mb-0\">4,9 \u2605<\/p>\r\n                                <\/div>\r\n                                <h3 class=\"p-font-['Inter'] p-normal-case p-text-base lg:p-text-xl p-font-bold p-my-5\"> <a href=\"\/it\/esperienze\/cammino-francese-da-sarria\/\" id=\"camino-frances-desde-sarria\" target=\"_blank\" class=\"after:p-absolute after:p-inset-0 p-text-white hover:p-text-light\">Cammino Francese da Sarria<\/a><\/h3>\r\n                                <div class=\"p-flex p-flex-wrap\">\r\n                                    <div class=\"p-col-auto p-flex p-self-center p-pr-0\">\r\n                                        <i class=\"icon-signal\"><\/i>\r\n                                    <\/div>\r\n                                    <div class=\"p-col-auto p-flex p-self-auto p-ml-2\">\r\n                                        <p class=\"p-m-0 p-text-sm p-font-bold\">111 Km<\/p>\r\n                                    <\/div>\r\n                                <\/div>\r\n                                <div class=\"p-flex p-flex-wrap p-my-1\">\r\n                                    <div class=\"p-col-auto p-flex p-self-center p-pr-0\">\r\n                                        <i class=\"icon-calendar\"><\/i>\r\n                                    <\/div>\r\n                                    <div class=\"p-col-auto p-flex p-self-auto p-ml-2\">\r\n                                        <p class=\"p-m-0 p-text-sm p-font-bold\">5 tappe<\/p>\r\n                                    <\/div>\r\n                                <\/div>\r\n                                <div class=\"p-flex p-flex-wrap\">\r\n                                    <div class=\"p-col-auto p-flex p-self-center p-pr-0\">\r\n                                        <i class=\"icon-nights\"><\/i>\r\n                                    <\/div>\r\n                                    <div class=\"p-col-auto p-flex p-align-self-auto p-ml-2\">\r\n                                        <p class=\"p-m-0 p-text-sm p-font-bold\">6 notti<\/p>\r\n                                    <\/div>\r\n                                <\/div>\r\n                                <div class=\"p-w-full p-absolute p-bottom-0 p-pb-3 p-pointer-events-none\">\r\n                                    <div class=\"p-flex p-justify-between\">\r\n                                        <div>\r\n                                            <p class=\"p-text-xs p-uppercase p-font-semibold p-my-1\">A partire da<\/p>\r\n                                            <p class=\"p-text-2xl p-font-semibold p-mt-[-12px]\">450\u20ac<\/p>\r\n                                        <\/div>\r\n                                        <div class=\"p-text-white p-w-auto p-h-auto p-p-2 p-self-center p-rounded-full p-bg-dark-opacity\">\r\n                                            <img decoding=\"async\" src=\"\/wp-content\/uploads\/2024\/07\/flecha-r.svg\" alt=\"icono flecha derecha\" class=\"p-text-center p-self-center\">\r\n                                        <\/div>\r\n                                    <\/div>\r\n                                <\/div>\r\n                            <\/div>\r\n                        <\/div>\r\n                    <\/div>\r\n                                                                <div  class=\"card-item card-item--min\" data-category=\"frances\" data-mode=\"a-pie\">\r\n                        <div class=\"p-rounded-lg p-h-80 p-relative p-p-5 p-text-white p-max-w-[250px] lg:p-max-w-full experience-card-item\">\r\n                            <div class=\"experience-card-bg\" style=\"background-image: url('\/wp-content\/uploads\/2024\/07\/experiencia-santiago-con-perro.jpg');\"><\/div>\r\n                            <div class=\"experience-card-content p-h-72 card-item-container p-max-w-[250px] lg:p-max-w-full\">\r\n                                <div class=\"p-flex p-flex-wrap\">\r\n                                    <p class=\"p-col-auto p-m-0 p-px-2 p-border p-border-white p-rounded-lg p-text-sm p-self-center\">A piedi<\/p>\r\n                                    <p class=\"p-text-sm p-self-center p-px-4 p-mb-0\">4,8 \u2605<\/p>\r\n                                <\/div>\r\n                                <h3 class=\"p-font-['Inter'] p-normal-case p-text-base lg:p-text-xl p-font-bold p-my-5\"> <a href=\"\/it\/esperienze\/cammino-francese-cane\/\" id=\"camino-frances-perro\" target=\"_blank\" class=\"after:p-absolute after:p-inset-0 p-text-white hover:p-text-light\">Cammino Francese da Sarria con il cane<\/a><\/h3>\r\n                                <div class=\"p-flex p-flex-wrap\">\r\n                                    <div class=\"p-col-auto p-flex p-self-center p-pr-0\">\r\n                                        <i class=\"icon-signal\"><\/i>\r\n                                    <\/div>\r\n                                    <div class=\"p-col-auto p-flex p-self-auto p-ml-2\">\r\n                                        <p class=\"p-m-0 p-text-sm p-font-bold\">111 Km<\/p>\r\n                                    <\/div>\r\n                                <\/div>\r\n                                <div class=\"p-flex p-flex-wrap p-my-1\">\r\n                                    <div class=\"p-col-auto p-flex p-self-center p-pr-0\">\r\n                                        <i class=\"icon-calendar\"><\/i>\r\n                                    <\/div>\r\n                                    <div class=\"p-col-auto p-flex p-self-auto p-ml-2\">\r\n                                        <p class=\"p-m-0 p-text-sm p-font-bold\">5 tappe<\/p>\r\n                                    <\/div>\r\n                                <\/div>\r\n                                <div class=\"p-flex p-flex-wrap\">\r\n                                    <div class=\"p-col-auto p-flex p-self-center p-pr-0\">\r\n                                        <i class=\"icon-nights\"><\/i>\r\n                                    <\/div>\r\n                                    <div class=\"p-col-auto p-flex p-align-self-auto p-ml-2\">\r\n                                        <p class=\"p-m-0 p-text-sm p-font-bold\">6 notti<\/p>\r\n                                    <\/div>\r\n                                <\/div>\r\n                                <div class=\"p-w-full p-absolute p-bottom-0 p-pb-3 p-pointer-events-none\">\r\n                                    <div class=\"p-flex p-justify-between\">\r\n                                        <div>\r\n                                            <p class=\"p-text-xs p-uppercase p-font-semibold p-my-1\">A partire da<\/p>\r\n                                            <p class=\"p-text-2xl p-font-semibold p-mt-[-12px]\">495\u20ac<\/p>\r\n                                        <\/div>\r\n                                        <div class=\"p-text-white p-w-auto p-h-auto p-p-2 p-self-center p-rounded-full p-bg-dark-opacity\">\r\n                                            <img decoding=\"async\" src=\"\/wp-content\/uploads\/2024\/07\/flecha-r.svg\" alt=\"icono flecha derecha\" class=\"p-text-center p-self-center\">\r\n                                        <\/div>\r\n                                    <\/div>\r\n                                <\/div>\r\n                            <\/div>\r\n                        <\/div>\r\n                    <\/div>\r\n                                                                <div  class=\"card-item card-item--min\" data-category=\"portugues\" data-mode=\"a-pie\">\r\n                        <div class=\"p-rounded-lg p-h-80 p-relative p-p-5 p-text-white p-max-w-[250px] lg:p-max-w-full experience-card-item\">\r\n                            <div class=\"experience-card-bg\" style=\"background-image: url('\/wp-content\/uploads\/2024\/07\/experiencia-portugues-desde-tui.jpg');\"><\/div>\r\n                            <div class=\"experience-card-content p-h-72 card-item-container p-max-w-[250px] lg:p-max-w-full\">\r\n                                <div class=\"p-flex p-flex-wrap\">\r\n                                    <p class=\"p-col-auto p-m-0 p-px-2 p-border p-border-white p-rounded-lg p-text-sm p-self-center\">A piedi<\/p>\r\n                                    <p class=\"p-text-sm p-self-center p-px-4 p-mb-0\">4,9 \u2605<\/p>\r\n                                <\/div>\r\n                                <h3 class=\"p-font-['Inter'] p-normal-case p-text-base lg:p-text-xl p-font-bold p-my-5\"> <a href=\"\/it\/esperienze\/cammino-portoghese-da-tui\/\" id=\"camino-portugues-desde-tui\" target=\"_blank\" class=\"after:p-absolute after:p-inset-0 p-text-white hover:p-text-light\">Cammino Portoghese Da Tui<\/a><\/h3>\r\n                                <div class=\"p-flex p-flex-wrap\">\r\n                                    <div class=\"p-col-auto p-flex p-self-center p-pr-0\">\r\n                                        <i class=\"icon-signal\"><\/i>\r\n                                    <\/div>\r\n                                    <div class=\"p-col-auto p-flex p-self-auto p-ml-2\">\r\n                                        <p class=\"p-m-0 p-text-sm p-font-bold\">115 Km<\/p>\r\n                                    <\/div>\r\n                                <\/div>\r\n                                <div class=\"p-flex p-flex-wrap p-my-1\">\r\n                                    <div class=\"p-col-auto p-flex p-self-center p-pr-0\">\r\n                                        <i class=\"icon-calendar\"><\/i>\r\n                                    <\/div>\r\n                                    <div class=\"p-col-auto p-flex p-self-auto p-ml-2\">\r\n                                        <p class=\"p-m-0 p-text-sm p-font-bold\">5 tappe<\/p>\r\n                                    <\/div>\r\n                                <\/div>\r\n                                <div class=\"p-flex p-flex-wrap\">\r\n                                    <div class=\"p-col-auto p-flex p-self-center p-pr-0\">\r\n                                        <i class=\"icon-nights\"><\/i>\r\n                                    <\/div>\r\n                                    <div class=\"p-col-auto p-flex p-align-self-auto p-ml-2\">\r\n                                        <p class=\"p-m-0 p-text-sm p-font-bold\">6 notti<\/p>\r\n                                    <\/div>\r\n                                <\/div>\r\n                                <div class=\"p-w-full p-absolute p-bottom-0 p-pb-3 p-pointer-events-none\">\r\n                                    <div class=\"p-flex p-justify-between\">\r\n                                        <div>\r\n                                            <p class=\"p-text-xs p-uppercase p-font-semibold p-my-1\">A partire da<\/p>\r\n                                            <p class=\"p-text-2xl p-font-semibold p-mt-[-12px]\">450\u20ac<\/p>\r\n                                        <\/div>\r\n                                        <div class=\"p-text-white p-w-auto p-h-auto p-p-2 p-self-center p-rounded-full p-bg-dark-opacity\">\r\n                                            <img decoding=\"async\" src=\"\/wp-content\/uploads\/2024\/07\/flecha-r.svg\" alt=\"icono flecha derecha\" class=\"p-text-center p-self-center\">\r\n                                        <\/div>\r\n                                    <\/div>\r\n                                <\/div>\r\n                            <\/div>\r\n                        <\/div>\r\n                    <\/div>\r\n                                                                <div  class=\"card-item card-item--min\" data-category=\"ingles\" data-mode=\"a-pie\">\r\n                        <div class=\"p-rounded-lg p-h-80 p-relative p-p-5 p-text-white p-max-w-[250px] lg:p-max-w-full experience-card-item\">\r\n                            <div class=\"experience-card-bg\" style=\"background-image: url('\/wp-content\/uploads\/2024\/07\/experiencia-ingles-desde-ferrol.jpg');\"><\/div>\r\n                            <div class=\"experience-card-content p-h-72 card-item-container p-max-w-[250px] lg:p-max-w-full\">\r\n                                <div class=\"p-flex p-flex-wrap\">\r\n                                    <p class=\"p-col-auto p-m-0 p-px-2 p-border p-border-white p-rounded-lg p-text-sm p-self-center\">A piedi<\/p>\r\n                                    <p class=\"p-text-sm p-self-center p-px-4 p-mb-0\">4,7 \u2605<\/p>\r\n                                <\/div>\r\n                                <h3 class=\"p-font-['Inter'] p-normal-case p-text-base lg:p-text-xl p-font-bold p-my-5\"> <a href=\"\/it\/esperienze\/cammino-inglese-da-ferrol\/\" id=\"camino-ingles-desde-ferrol\" target=\"_blank\" class=\"after:p-absolute after:p-inset-0 p-text-white hover:p-text-light\">Il Cammino Inglese da Ferrol<\/a><\/h3>\r\n                                <div class=\"p-flex p-flex-wrap\">\r\n                                    <div class=\"p-col-auto p-flex p-self-center p-pr-0\">\r\n                                        <i class=\"icon-signal\"><\/i>\r\n                                    <\/div>\r\n                                    <div class=\"p-col-auto p-flex p-self-auto p-ml-2\">\r\n                                        <p class=\"p-m-0 p-text-sm p-font-bold\">116 Km<\/p>\r\n                                    <\/div>\r\n                                <\/div>\r\n                                <div class=\"p-flex p-flex-wrap p-my-1\">\r\n                                    <div class=\"p-col-auto p-flex p-self-center p-pr-0\">\r\n                                        <i class=\"icon-calendar\"><\/i>\r\n                                    <\/div>\r\n                                    <div class=\"p-col-auto p-flex p-self-auto p-ml-2\">\r\n                                        <p class=\"p-m-0 p-text-sm p-font-bold\">5 tappe<\/p>\r\n                                    <\/div>\r\n                                <\/div>\r\n                                <div class=\"p-flex p-flex-wrap\">\r\n                                    <div class=\"p-col-auto p-flex p-self-center p-pr-0\">\r\n                                        <i class=\"icon-nights\"><\/i>\r\n                                    <\/div>\r\n                                    <div class=\"p-col-auto p-flex p-align-self-auto p-ml-2\">\r\n                                        <p class=\"p-m-0 p-text-sm p-font-bold\">6 notti<\/p>\r\n                                    <\/div>\r\n                                <\/div>\r\n                                <div class=\"p-w-full p-absolute p-bottom-0 p-pb-3 p-pointer-events-none\">\r\n                                    <div class=\"p-flex p-justify-between\">\r\n                                        <div>\r\n                                            <p class=\"p-text-xs p-uppercase p-font-semibold p-my-1\">A partire da<\/p>\r\n                                            <p class=\"p-text-2xl p-font-semibold p-mt-[-12px]\">450\u20ac<\/p>\r\n                                        <\/div>\r\n                                        <div class=\"p-text-white p-w-auto p-h-auto p-p-2 p-self-center p-rounded-full p-bg-dark-opacity\">\r\n                                            <img decoding=\"async\" src=\"\/wp-content\/uploads\/2024\/07\/flecha-r.svg\" alt=\"icono flecha derecha\" class=\"p-text-center p-self-center\">\r\n                                        <\/div>\r\n                                    <\/div>\r\n                                <\/div>\r\n                            <\/div>\r\n                        <\/div>\r\n                    <\/div>\r\n                                                                <div  class=\"card-item card-item--min\" data-category=\"fisterra\" data-mode=\"a-pie\">\r\n                        <div class=\"p-rounded-lg p-h-80 p-relative p-p-5 p-text-white p-max-w-[250px] lg:p-max-w-full experience-card-item\">\r\n                            <div class=\"experience-card-bg\" style=\"background-image: url('\/wp-content\/uploads\/2024\/07\/experiencia-santiago-a-fisterra.jpg');\"><\/div>\r\n                            <div class=\"experience-card-content p-h-72 card-item-container p-max-w-[250px] lg:p-max-w-full\">\r\n                                <div class=\"p-flex p-flex-wrap\">\r\n                                    <p class=\"p-col-auto p-m-0 p-px-2 p-border p-border-white p-rounded-lg p-text-sm p-self-center\">A piedi<\/p>\r\n                                    <p class=\"p-text-sm p-self-center p-px-4 p-mb-0\">4,8 \u2605<\/p>\r\n                                <\/div>\r\n                                <h3 class=\"p-font-['Inter'] p-normal-case p-text-base lg:p-text-xl p-font-bold p-my-5\"> <a href=\"\/it\/esperienze\/cammino-di-santiago-fisterra-a-piedi\/\" id=\"camino-santiago-fisterra-caminando\" target=\"_blank\" class=\"after:p-absolute after:p-inset-0 p-text-white hover:p-text-light\">Cammino di Santiago a Fisterra a piedi<\/a><\/h3>\r\n                                <div class=\"p-flex p-flex-wrap\">\r\n                                    <div class=\"p-col-auto p-flex p-self-center p-pr-0\">\r\n                                        <i class=\"icon-signal\"><\/i>\r\n                                    <\/div>\r\n                                    <div class=\"p-col-auto p-flex p-self-auto p-ml-2\">\r\n                                        <p class=\"p-m-0 p-text-sm p-font-bold\">85 Km<\/p>\r\n                                    <\/div>\r\n                                <\/div>\r\n                                <div class=\"p-flex p-flex-wrap p-my-1\">\r\n                                    <div class=\"p-col-auto p-flex p-self-center p-pr-0\">\r\n                                        <i class=\"icon-calendar\"><\/i>\r\n                                    <\/div>\r\n                                    <div class=\"p-col-auto p-flex p-self-auto p-ml-2\">\r\n                                        <p class=\"p-m-0 p-text-sm p-font-bold\">3 tappe<\/p>\r\n                                    <\/div>\r\n                                <\/div>\r\n                                <div class=\"p-flex p-flex-wrap\">\r\n                                    <div class=\"p-col-auto p-flex p-self-center p-pr-0\">\r\n                                        <i class=\"icon-nights\"><\/i>\r\n                                    <\/div>\r\n                                    <div class=\"p-col-auto p-flex p-align-self-auto p-ml-2\">\r\n                                        <p class=\"p-m-0 p-text-sm p-font-bold\">4 notti<\/p>\r\n                                    <\/div>\r\n                                <\/div>\r\n                                <div class=\"p-w-full p-absolute p-bottom-0 p-pb-3 p-pointer-events-none\">\r\n                                    <div class=\"p-flex p-justify-between\">\r\n                                        <div>\r\n                                            <p class=\"p-text-xs p-uppercase p-font-semibold p-my-1\">A partire da<\/p>\r\n                                            <p class=\"p-text-2xl p-font-semibold p-mt-[-12px]\">315\u20ac<\/p>\r\n                                        <\/div>\r\n                                        <div class=\"p-text-white p-w-auto p-h-auto p-p-2 p-self-center p-rounded-full p-bg-dark-opacity\">\r\n                                            <img decoding=\"async\" src=\"\/wp-content\/uploads\/2024\/07\/flecha-r.svg\" alt=\"icono flecha derecha\" class=\"p-text-center p-self-center\">\r\n                                        <\/div>\r\n                                    <\/div>\r\n                                <\/div>\r\n                            <\/div>\r\n                        <\/div>\r\n                    <\/div>\r\n                                                                <div  class=\"card-item card-item--min\" data-category=\"portugues\" data-mode=\"a-pie\">\r\n                        <div class=\"p-rounded-lg p-h-80 p-relative p-p-5 p-text-white p-max-w-[250px] lg:p-max-w-full experience-card-item\">\r\n                            <div class=\"experience-card-bg\" style=\"background-image: url('\/wp-content\/uploads\/2024\/07\/experiencia-en-bici-desde-oporto.jpg');\"><\/div>\r\n                            <div class=\"experience-card-content p-h-72 card-item-container p-max-w-[250px] lg:p-max-w-full\">\r\n                                <div class=\"p-flex p-flex-wrap\">\r\n                                    <p class=\"p-col-auto p-m-0 p-px-2 p-border p-border-white p-rounded-lg p-text-sm p-self-center\">In bicicletta<\/p>\r\n                                    <p class=\"p-text-sm p-self-center p-px-4 p-mb-0\">4,8 \u2605<\/p>\r\n                                <\/div>\r\n                                <h3 class=\"p-font-['Inter'] p-normal-case p-text-base lg:p-text-xl p-font-bold p-my-5\"> <a href=\"\/it\/esperienze\/cammino-portoghese-in-bicicletta-da-oporto\/\" id=\"camino-portugues-en-bicicleta-desde-oporto\" target=\"_blank\" class=\"after:p-absolute after:p-inset-0 p-text-white hover:p-text-light\">Cammino Portoghese in bicicletta da Oporto<\/a><\/h3>\r\n                                <div class=\"p-flex p-flex-wrap\">\r\n                                    <div class=\"p-col-auto p-flex p-self-center p-pr-0\">\r\n                                        <i class=\"icon-signal\"><\/i>\r\n                                    <\/div>\r\n                                    <div class=\"p-col-auto p-flex p-self-auto p-ml-2\">\r\n                                        <p class=\"p-m-0 p-text-sm p-font-bold\">242 Km<\/p>\r\n                                    <\/div>\r\n                                <\/div>\r\n                                <div class=\"p-flex p-flex-wrap p-my-1\">\r\n                                    <div class=\"p-col-auto p-flex p-self-center p-pr-0\">\r\n                                        <i class=\"icon-calendar\"><\/i>\r\n                                    <\/div>\r\n                                    <div class=\"p-col-auto p-flex p-self-auto p-ml-2\">\r\n                                        <p class=\"p-m-0 p-text-sm p-font-bold\">5 tappe<\/p>\r\n                                    <\/div>\r\n                                <\/div>\r\n                                <div class=\"p-flex p-flex-wrap\">\r\n                                    <div class=\"p-col-auto p-flex p-self-center p-pr-0\">\r\n                                        <i class=\"icon-nights\"><\/i>\r\n                                    <\/div>\r\n                                    <div class=\"p-col-auto p-flex p-align-self-auto p-ml-2\">\r\n                                        <p class=\"p-m-0 p-text-sm p-font-bold\">6 notti<\/p>\r\n                                    <\/div>\r\n                                <\/div>\r\n                                <div class=\"p-w-full p-absolute p-bottom-0 p-pb-3 p-pointer-events-none\">\r\n                                    <div class=\"p-flex p-justify-between\">\r\n                                        <div>\r\n                                            <p class=\"p-text-xs p-uppercase p-font-semibold p-my-1\">A partire da<\/p>\r\n                                            <p class=\"p-text-2xl p-font-semibold p-mt-[-12px]\">490\u20ac<\/p>\r\n                                        <\/div>\r\n                                        <div class=\"p-text-white p-w-auto p-h-auto p-p-2 p-self-center p-rounded-full p-bg-dark-opacity\">\r\n                                            <img decoding=\"async\" src=\"\/wp-content\/uploads\/2024\/07\/flecha-r.svg\" alt=\"icono flecha derecha\" class=\"p-text-center p-self-center\">\r\n                                        <\/div>\r\n                                    <\/div>\r\n                                <\/div>\r\n                            <\/div>\r\n                        <\/div>\r\n                    <\/div>\r\n                                                                <div  class=\"card-item card-item--min\" data-category=\"primitivo\" data-mode=\"a-pie\">\r\n                        <div class=\"p-rounded-lg p-h-80 p-relative p-p-5 p-text-white p-max-w-[250px] lg:p-max-w-full experience-card-item\">\r\n                            <div class=\"experience-card-bg\" style=\"background-image: url('\/wp-content\/uploads\/2024\/07\/experiencia-en-bici-desde-oviedo.jpg');\"><\/div>\r\n                            <div class=\"experience-card-content p-h-72 card-item-container p-max-w-[250px] lg:p-max-w-full\">\r\n                                <div class=\"p-flex p-flex-wrap\">\r\n                                    <p class=\"p-col-auto p-m-0 p-px-2 p-border p-border-white p-rounded-lg p-text-sm p-self-center\">In bicicletta<\/p>\r\n                                    <p class=\"p-text-sm p-self-center p-px-4 p-mb-0\">4,8 \u2605<\/p>\r\n                                <\/div>\r\n                                <h3 class=\"p-font-['Inter'] p-normal-case p-text-base lg:p-text-xl p-font-bold p-my-5\"> <a href=\"\/it\/esperienze\/cammino-primitivo-da-oviedo-bicicletta\/\" id=\"camino-primitivo-desde-oviedo-bici\" target=\"_blank\" class=\"after:p-absolute after:p-inset-0 p-text-white hover:p-text-light\">Il Cammino Primitivo in bicicletta da Oviedo<\/a><\/h3>\r\n                                <div class=\"p-flex p-flex-wrap\">\r\n                                    <div class=\"p-col-auto p-flex p-self-center p-pr-0\">\r\n                                        <i class=\"icon-signal\"><\/i>\r\n                                    <\/div>\r\n                                    <div class=\"p-col-auto p-flex p-self-auto p-ml-2\">\r\n                                        <p class=\"p-m-0 p-text-sm p-font-bold\">313 Km<\/p>\r\n                                    <\/div>\r\n                                <\/div>\r\n                                <div class=\"p-flex p-flex-wrap p-my-1\">\r\n                                    <div class=\"p-col-auto p-flex p-self-center p-pr-0\">\r\n                                        <i class=\"icon-calendar\"><\/i>\r\n                                    <\/div>\r\n                                    <div class=\"p-col-auto p-flex p-self-auto p-ml-2\">\r\n                                        <p class=\"p-m-0 p-text-sm p-font-bold\">7 tappe<\/p>\r\n                                    <\/div>\r\n                                <\/div>\r\n                                <div class=\"p-flex p-flex-wrap\">\r\n                                    <div class=\"p-col-auto p-flex p-self-center p-pr-0\">\r\n                                        <i class=\"icon-nights\"><\/i>\r\n                                    <\/div>\r\n                                    <div class=\"p-col-auto p-flex p-align-self-auto p-ml-2\">\r\n                                        <p class=\"p-m-0 p-text-sm p-font-bold\">8 notti<\/p>\r\n                                    <\/div>\r\n                                <\/div>\r\n                                <div class=\"p-w-full p-absolute p-bottom-0 p-pb-3 p-pointer-events-none\">\r\n                                    <div class=\"p-flex p-justify-between\">\r\n                                        <div>\r\n                                            <p class=\"p-text-xs p-uppercase p-font-semibold p-my-1\">A partire da<\/p>\r\n                                            <p class=\"p-text-2xl p-font-semibold p-mt-[-12px]\">625\u20ac<\/p>\r\n                                        <\/div>\r\n                                        <div class=\"p-text-white p-w-auto p-h-auto p-p-2 p-self-center p-rounded-full p-bg-dark-opacity\">\r\n                                            <img decoding=\"async\" src=\"\/wp-content\/uploads\/2024\/07\/flecha-r.svg\" alt=\"icono flecha derecha\" class=\"p-text-center p-self-center\">\r\n                                        <\/div>\r\n                                    <\/div>\r\n                                <\/div>\r\n                            <\/div>\r\n                        <\/div>\r\n                    <\/div>\r\n                                        <div class=\"p-group card-item card-item--min p-p-5 p-relative p-rounded-lg p-bg-brown-light p-max-w-[250px] lg:p-max-w-full\">\r\n              <div class=\"p-h-full p-w-full p-flex p-justify-center p-z-10 p-rounded-lg\">\r\n                <div class=\"p-self-center p-flex p-flex-col p-justify-center p-text-center p-content-center\">\r\n                  <div class=\"p-border p-border-2 p-border-primary p-h-10 p-w-10 lg:p-h-16 lg:p-w-16 p-rounded-full p-mb-5 p-self-center\">\r\n                    <p class=\"p-self-center p-text-2xl lg:p-text-4xl p-text-primary\">+<\/p>\r\n                  <\/div>\r\n                  <p class=\"p-text-base lg:p-text-xl p-text-gray p-font-bold\">Vedi tutti <br> le nostre esperienze<\/p>\r\n                  <button class=\"p-bg-primary p-my-5 p-rounded-lg p-px-5 p-py-2 hover:p-bg-primary-dark\">\r\n                    <a href=\"https:\/\/www.pilgrim.es\/it\/esperienze\/\"  class=\"after:p-absolute after:p-inset-0 p-text-white p-h-10 hover:p-text-white p-text-base lg:p-text-xl\">Altri itinerari<\/a>\r\n                  <\/button>\r\n                <\/div>\r\n              <\/div>\r\n            <\/div>\r\n        <\/ul>\r\n        <div class=\"slider-scrollbar\">\r\n            <div class=\"scrollbar-track\">\r\n                <div class=\"scrollbar-thumb\"><\/div>\r\n            <\/div>\r\n        <\/div>\r\n        <div id=\"indicators\" class=\"slider-indicators\"><\/div>\r\n    <\/div>\r\n  <\/div>\r\n<\/section>\r\n<script>\/\/ Aqu\u00ed va el c\u00f3digo JavaScript que maneja el slider\r\nconst initSlider = () => {\r\n  const imageList = document.querySelector(\".slider-wrapper .card-list\");\r\n  const slideButtons = document.querySelectorAll(\r\n    \".slider-wrapper .slide-button\"\r\n  );\r\n  const sliderScrollbar = document.querySelector(\r\n    \".container-slider .slider-scrollbar\"\r\n  );\r\n  const indicators = document.querySelectorAll(\".slider-indicators .indicator\");\r\n\r\n  if (sliderScrollbar && imageList && slideButtons) {\r\n    const scrollbarThumb =\r\n      sliderScrollbar.getElementsByClassName(\"scrollbar-thumb\");\r\n    const maxScrollLeft = imageList.scrollWidth - imageList.clientWidth;\r\n\r\n    \/\/ manejar scroll\r\n    scrollbarThumb.addEventListener(\"mousedown\", (e) => {\r\n      const startX = e.clientX;\r\n      const thumbPosition = scrollbarThumb.offsetLeft;\r\n      const maxThumbPosition =\r\n        sliderScrollbar.getBoundingClientRect().width -\r\n        scrollbarThumb.offsetWidth;\r\n\r\n      \/\/ actualizar posici\u00f3n con movimiento de rat\u00f3n\r\n      const handleMouseMove = (e) => {\r\n        const deltaX = e.clientX - startX;\r\n        const newThumbPosition = thumbPosition + deltaX;\r\n\r\n        \/\/ para que la scrollbar no se salga\r\n        const boundedPosition = Math.max(\r\n          0,\r\n          Math.min(maxThumbPosition, newThumbPosition)\r\n        );\r\n        const scrollPosition =\r\n          (boundedPosition \/ maxThumbPosition) * maxScrollLeft;\r\n\r\n        scrollbarThumb.style.left = `${boundedPosition}px`;\r\n        imageList.scrollLeft = scrollPosition;\r\n      };\r\n\r\n      \/\/ quitar escuchadores en mouse up\r\n      const handleMouseUp = () => {\r\n        document.removeEventListener(\"mousemove\", handleMouseMove);\r\n        document.removeEventListener(\"mouseup\", handleMouseUp);\r\n      };\r\n\r\n      \/\/ a\u00f1adir escuchadores para arrastre\r\n      document.addEventListener(\"mousemove\", handleMouseMove);\r\n      document.addEventListener(\"mouseup\", handleMouseUp);\r\n    });\r\n\r\n    \/\/ mover im\u00e1genes seg\u00fan los clicks al bot\u00f3n del slide\r\n    slideButtons.forEach((button) => {\r\n      button.addEventListener(\"click\", () => {\r\n        const direction = button.id === \"prev-slide\" ? -1 : 1;\r\n        const scrollAmount = imageList.clientWidth * direction;\r\n        imageList.scrollBy({ left: scrollAmount, behavior: \"smooth\" });\r\n        updateIndicators();\r\n      });\r\n    });\r\n\r\n    \/\/ mostrar o no los botones del slide seg\u00fan posici\u00f3n\r\n    const handleSlideButtons = () => {\r\n      slideButtons[0].style.display =\r\n        imageList.scrollLeft <= 0 ? \"none\" : \"flex\";\r\n      slideButtons[1].style.display =\r\n        imageList.scrollLeft >= maxScrollLeft ? \"none\" : \"flex\";\r\n    };\r\n\r\n    \/\/ actualizar posici\u00f3n de la scrollbar seg\u00fan posici\u00f3n\r\n    const updateScrollThumbPosition = () => {\r\n      const scrollPosition = imageList.scrollLeft;\r\n      const thumbPosition =\r\n        (scrollPosition \/ maxScrollLeft) *\r\n        (sliderScrollbar.clientWidth - scrollbarThumb.offsetWidth);\r\n      scrollbarThumb.style.left = `${thumbPosition}px`;\r\n    };\r\n\r\n    \/\/ actualizar indicadores seg\u00fan posici\u00f3n\r\n    const updateIndicators = () => {\r\n      const currentSlide = Math.round(\r\n        imageList.scrollLeft \/ imageList.clientWidth\r\n      );\r\n      indicators.forEach((indicator, index) => {\r\n        indicator.classList.toggle(\"active\", index === currentSlide);\r\n      });\r\n    };\r\n\r\n    \/\/ llamar funciones al hacer scroll en la lista\r\n    imageList.addEventListener(\"scroll\", () => {\r\n      updateScrollThumbPosition();\r\n      handleSlideButtons();\r\n      updateIndicators();\r\n    });\r\n\r\n    \/\/ a\u00f1adir eventos de click en los indicadores\r\n    indicators.forEach((indicator, index) => {\r\n      indicator.addEventListener(\"click\", () => {\r\n        const scrollPosition = index * imageList.clientWidth;\r\n        imageList.scrollTo({ left: scrollPosition, behavior: \"smooth\" });\r\n      });\r\n    });\r\n\r\n    \/\/ configuraci\u00f3n inicial\r\n    updateScrollThumbPosition();\r\n    handleSlideButtons();\r\n    updateIndicators();\r\n  }\r\n};\r\n\r\nwindow.addEventListener(\"resize\", initSlider);\r\nwindow.addEventListener(\"load\", initSlider);\r\n<\/script>\n      <\/div>\n    <\/div>\n  <\/section>\n  <section id=\"stagesFoot\">\n    <div class=\"subtitle\">\n      <h4 class=\"p-h4--section\">35 Tappe \/ 804 <span class=\"p-normal-case\">Kms<\/span><\/h4>\n      <hr \/>\n      <h2>Tappe a piedi.<\/h2>\n    <\/div>\n    <div id=\"stagesContainer\" class=\"container-stages scrollbar-thin\">\n      <div class=\"p-group card-stage\">\n        <a href=\"https:\/\/www.pilgrim.es\/it\/cammino-nord\/tappa-1-irun-san-sebastian\/\" class=\"hover:p-text-gray-dark\">\n          <div class=\"card-stage__header\">\n            <img decoding=\"async\" src=\"https:\/\/cdn.pilgrim.es\/web\/caminos\/camino-norte\/pueblos\/irun.jpg\" alt=\"Ir\u00fan\" class=\"group-hover:p-scale-110\" \/>\n            <div class=\"card-overlay group-hover:p-opacity-50\"><\/div>\n            <div class=\"number-stage\">\n              <span>1<\/span>\n            <\/div>\n          <\/div>\n\n          <div class=\"card-stage__body\">\n            <div class=\"title-stage\">\n              <h3 class=\"title-stage__start\">Ir\u00fan<\/h3>\n              <h3><span>&#10095;<\/span> San Sebasti\u00e1n<\/h3>\n              <div class=\"title-stage__tips\">\n                <h3>Tappa 1 :<\/h3>\n                <div><i class=\"icon-location\"><\/i> 24,7Km<\/div>\n                <div><i class=\"icon-clock\"><\/i> 5,5h<\/div>\n                <div><i class=\"icon-difficulty\"><\/i> 3\/5<\/div>\n              <\/div>\n            <\/div>\n            <button class=\"btn-arrow\">\n              <i class=\"icon-arrow\"><\/i>\n            <\/button>\n          <\/div>\n        <\/a>\n      <\/div>\n      <div class=\"p-group card-stage\">\n        <a href=\"https:\/\/www.pilgrim.es\/it\/cammino-nord\/tappa-2-sansebastian-zarautz\/\" class=\"hover:p-text-gray-dark\">\n          <div class=\"card-stage__header\">\n            <img decoding=\"async\" src=\"https:\/\/cdn.pilgrim.es\/web\/caminos\/camino-norte\/pueblos\/san-sebastian.jpg\" alt=\"San Sebasti\u00e1n\" class=\"group-hover:p-scale-110\" \/>\n            <div class=\"card-overlay group-hover:p-opacity-50\"><\/div>\n            <div class=\"number-stage\">\n              <span>2<\/span>\n            <\/div>\n          <\/div>\n          <div class=\"card-stage__body\">\n            <div class=\"title-stage\">\n              <h3 class=\"title-stage__start\">San Sebasti\u00e1n<\/h3>\n              <h3><span>&#10095;<\/span> Zarautz<\/h3>\n              <div class=\"title-stage__tips\">\n                <h3>Tappa 2 :<\/h3>\n                <div><i class=\"icon-location\"><\/i> 22,1Km<\/div>\n                <div><i class=\"icon-clock\"><\/i> 5h<\/div>\n                <div><i class=\"icon-difficulty\"><\/i> 3\/5<\/div>\n              <\/div>\n            <\/div>\n            <button class=\"btn-arrow\">\n              <i class=\"icon-arrow\"><\/i>\n            <\/button>\n          <\/div>\n        <\/a>\n      <\/div>\n      <div class=\"p-group card-stage\">\n        <a href=\"https:\/\/www.pilgrim.es\/it\/cammino-nord\/tappa-3-zarautz-deba\/\" class=\"hover:p-text-gray-dark\">\n          <div class=\"card-stage__header\">\n            <img decoding=\"async\" src=\"https:\/\/cdn.pilgrim.es\/web\/caminos\/camino-norte\/pueblos\/deba.jpg\" alt=\"Deba\" class=\"group-hover:p-scale-110\" \/>\n            <div class=\"card-overlay group-hover:p-opacity-50\"><\/div>\n            <div class=\"number-stage\">\n              <span>3<\/span>\n            <\/div>\n          <\/div>\n          <div class=\"card-stage__body\">\n            <div class=\"title-stage\">\n              <h3 class=\"title-stage__start\">Zarautz<\/h3>\n              <h3><span>&#10095;<\/span> Deba<\/h3>\n              <div class=\"title-stage__tips\">\n                <h3>Tappa 3 :<\/h3>\n                <div><i class=\"icon-location\"><\/i> 21Km<\/div>\n                <div><i class=\"icon-clock\"><\/i> 5h<\/div>\n                <div><i class=\"icon-difficulty\"><\/i> 3\/5<\/div>\n              <\/div>\n            <\/div>\n            <button class=\"btn-arrow\">\n              <i class=\"icon-arrow\"><\/i>\n            <\/button>\n          <\/div>\n        <\/a>\n      <\/div>\n      <div class=\"p-group card-stage\">\n        <a href=\"https:\/\/www.pilgrim.es\/it\/cammino-nord\/tappa-4-deba-markinaxemein\/\" class=\"hover:p-text-gray-dark\">\n          <div class=\"card-stage__header\">\n            <img decoding=\"async\" src=\"https:\/\/cdn.pilgrim.es\/web\/caminos\/camino-norte\/pueblos\/markina.jpg\" alt=\"Markina\" class=\"group-hover:p-scale-110\" \/>\n            <div class=\"card-overlay group-hover:p-opacity-50\"><\/div>\n            <div class=\"number-stage\">\n              <span>4<\/span>\n            <\/div>\n          <\/div>\n          <div class=\"card-stage__body\">\n            <div class=\"title-stage\">\n              <h3 class=\"title-stage__start\">Deba<\/h3>\n              <h3><span>&#10095;<\/span> Markina<\/h3>\n              <div class=\"title-stage__tips\">\n                <h3>Tappa 4 :<\/h3>\n                <div><i class=\"icon-location\"><\/i> 24Km<\/div>\n                <div><i class=\"icon-clock\"><\/i> 5,5h<\/div>\n                <div><i class=\"icon-difficulty\"><\/i> 4\/5<\/div>\n              <\/div>\n            <\/div>\n            <button class=\"btn-arrow\">\n              <i class=\"icon-arrow\"><\/i>\n            <\/button>\n          <\/div>\n        <\/a>\n      <\/div>\n      <div class=\"p-group card-stage\">\n        <a href=\"https:\/\/www.pilgrim.es\/it\/cammino-nord\/tappa-5-markinaxemein-guernika-lumo\/\" class=\"hover:p-text-gray-dark\">\n          <div class=\"card-stage__header\">\n            <img decoding=\"async\" src=\"https:\/\/cdn.pilgrim.es\/web\/caminos\/camino-norte\/pueblos\/gernika.jpg\" alt=\"Gernika\" class=\"group-hover:p-scale-110\" \/>\n            <div class=\"card-overlay group-hover:p-opacity-50\"><\/div>\n            <div class=\"number-stage\">\n              <span>5<\/span>\n            <\/div>\n          <\/div>\n          <div class=\"card-stage__body\">\n            <div class=\"title-stage\">\n              <h3 class=\"title-stage__start\">Markina<\/h3>\n              <h3><span>&#10095;<\/span> Gernika<\/h3>\n              <div class=\"title-stage__tips\">\n                <h3>Tappa 5 :<\/h3>\n                <div><i class=\"icon-location\"><\/i> 25,4Km<\/div>\n                <div><i class=\"icon-clock\"><\/i> 5,5h<\/div>\n                <div><i class=\"icon-difficulty\"><\/i> 3\/5<\/div>\n              <\/div>\n            <\/div>\n            <button class=\"btn-arrow\">\n              <i class=\"icon-arrow\"><\/i>\n            <\/button>\n          <\/div>\n        <\/a>\n      <\/div>\n      <div class=\"p-group card-stage\">\n        <a href=\"https:\/\/www.pilgrim.es\/it\/cammino-nord\/tappa-6-guernika-lumo-lezama\/\" class=\"hover:p-text-gray-dark\">\n          <div class=\"card-stage__header\">\n            <img decoding=\"async\" src=\"https:\/\/cdn.pilgrim.es\/web\/caminos\/camino-norte\/pueblos\/lezama.jpg\" alt=\"Lezama\" class=\"group-hover:p-scale-110\" \/>\n            <div class=\"card-overlay group-hover:p-opacity-50\"><\/div>\n            <div class=\"number-stage\"><span>6<\/span><\/div>\n          <\/div>\n          <div class=\"card-stage__body\">\n            <div class=\"title-stage\">\n              <h3 class=\"title-stage__start\">Gernika<\/h3>\n              <h3><span>&#10095;<\/span> Lezama<\/h3>\n              <div class=\"title-stage__tips\">\n                <h3>Tappa 6 :<\/h3>\n                <div><i class=\"icon-location\"><\/i> 19,8Km<\/div>\n                <div><i class=\"icon-clock\"><\/i> 4,5h<\/div>\n                <div><i class=\"icon-difficulty\"><\/i> 3\/5<\/div>\n              <\/div>\n            <\/div>\n            <button class=\"btn-arrow\">\n              <i class=\"icon-arrow\"><\/i>\n            <\/button>\n          <\/div>\n        <\/a>\n      <\/div>\n\n      <div class=\"p-group card-stage\">\n        <a href=\"https:\/\/www.pilgrim.es\/it\/cammino-nord\/tappa-7-lezama-bilbao\/\" class=\"hover:p-text-gray-dark\">\n          <div class=\"card-stage__header\">\n            <img decoding=\"async\" src=\"https:\/\/cdn.pilgrim.es\/web\/caminos\/camino-norte\/pueblos\/bilbao.jpg\" alt=\"Bilbao\" class=\"group-hover:p-scale-110\" \/>\n            <div class=\"card-overlay group-hover:p-opacity-50\"><\/div>\n            <div class=\"number-stage\"><span>7<\/span><\/div>\n          <\/div>\n          <div class=\"card-stage__body\">\n            <div class=\"title-stage\">\n              <h3 class=\"title-stage__start\">Lezama<\/h3>\n              <h3><span>&#10095;<\/span> Bilbao<\/h3>\n              <div class=\"title-stage__tips\">\n                <h3>Tappa 7 :<\/h3>\n                <div><i class=\"icon-location\"><\/i> 11Km<\/div>\n                <div><i class=\"icon-clock\"><\/i> 2,5h<\/div>\n                <div><i class=\"icon-difficulty\"><\/i> 2\/5<\/div>\n              <\/div>\n            <\/div>\n            <button class=\"btn-arrow\">\n              <i class=\"icon-arrow\"><\/i>\n            <\/button>\n          <\/div>\n        <\/a>\n      <\/div>\n\n      <div class=\"p-group card-stage\">\n        <a href=\"https:\/\/www.pilgrim.es\/it\/cammino-nord\/tappa-8-bilbao-portugalete\/\" class=\"hover:p-text-gray-dark\">\n          <div class=\"card-stage__header\">\n            <img decoding=\"async\" src=\"https:\/\/cdn.pilgrim.es\/web\/caminos\/camino-norte\/pueblos\/portugalete.jpg\" alt=\"Portugalete\" class=\"group-hover:p-scale-110\" \/>\n            <div class=\"card-overlay group-hover:p-opacity-50\"><\/div>\n            <div class=\"number-stage\"><span>8<\/span><\/div>\n          <\/div>\n          <div class=\"card-stage__body\">\n            <div class=\"title-stage\">\n              <h3 class=\"title-stage__start\">Bilbao<\/h3>\n              <h3><span>&#10095;<\/span> Portugalete<\/h3>\n              <div class=\"title-stage__tips\">\n                <h3>Tappa 8 :<\/h3>\n                <div><i class=\"icon-location\"><\/i> 19,2Km<\/div>\n                <div><i class=\"icon-clock\"><\/i> 4,5h<\/div>\n                <div><i class=\"icon-difficulty\"><\/i> 2\/5<\/div>\n              <\/div>\n            <\/div>\n            <button class=\"btn-arrow\">\n              <i class=\"icon-arrow\"><\/i>\n            <\/button>\n          <\/div>\n        <\/a>\n      <\/div>\n\n      <div class=\"p-group card-stage\">\n        <a href=\"https:\/\/www.pilgrim.es\/it\/cammino-nord\/tappa-9-portugalete-pobenacastro-urdiales\/\" class=\"hover:p-text-gray-dark\">\n          <div class=\"card-stage__header\">\n            <img decoding=\"async\" src=\"https:\/\/cdn.pilgrim.es\/web\/caminos\/camino-norte\/pueblos\/castro-urdiales.jpg\" alt=\"Castro Urdiales\" class=\"group-hover:p-scale-110\" \/>\n            <div class=\"card-overlay group-hover:p-opacity-50\"><\/div>\n            <div class=\"number-stage\"><span>9<\/span><\/div>\n          <\/div>\n          <div class=\"card-stage__body\">\n            <div class=\"title-stage\">\n              <h3 class=\"title-stage__start\">Portugalete<\/h3>\n              <h3><span>&#10095;<\/span> Castro Urdiales<\/h3>\n              <div class=\"title-stage__tips\">\n                <h3>Tappa 9 :<\/h3>\n                <div><i class=\"icon-location\"><\/i> 25,4Km<\/div>\n                <div><i class=\"icon-clock\"><\/i> 5,5h<\/div>\n                <div><i class=\"icon-difficulty\"><\/i> 3\/5<\/div>\n              <\/div>\n            <\/div>\n            <button class=\"btn-arrow\">\n              <i class=\"icon-arrow\"><\/i>\n            <\/button>\n          <\/div>\n        <\/a>\n      <\/div>\n\n      <div class=\"p-group card-stage\">\n        <a href=\"https:\/\/www.pilgrim.es\/it\/cammino-nord\/tappa-10-castro-urdiales-laredo\/\" class=\"hover:p-text-gray-dark\">\n          <div class=\"card-stage__header\">\n            <img decoding=\"async\" src=\"https:\/\/cdn.pilgrim.es\/web\/caminos\/camino-norte\/pueblos\/laredo.jpg\" alt=\"Laredo\" class=\"group-hover:p-scale-110\" \/>\n            <div class=\"card-overlay group-hover:p-opacity-50\"><\/div>\n            <div class=\"number-stage\"><span>10<\/span><\/div>\n          <\/div>\n          <div class=\"card-stage__body\">\n            <div class=\"title-stage\">\n              <h3 class=\"title-stage__start\">Castro Urdiales<\/h3>\n              <h3><span>&#10095;<\/span> Laredo<\/h3>\n              <div class=\"title-stage__tips\">\n                <h3>Tappa 10 :<\/h3>\n                <div><i class=\"icon-location\"><\/i> 25,7Km<\/div>\n                <div><i class=\"icon-clock\"><\/i> 6h<\/div>\n                <div><i class=\"icon-difficulty\"><\/i> 3\/5<\/div>\n              <\/div>\n            <\/div>\n            <button class=\"btn-arrow\">\n              <i class=\"icon-arrow\"><\/i>\n            <\/button>\n          <\/div>\n        <\/a>\n      <\/div>\n\n      <div class=\"p-group card-stage\">\n        <a href=\"https:\/\/www.pilgrim.es\/it\/cammino-nord\/tappa-11-laredo-guemes\/\" class=\"hover:p-text-gray-dark\">\n          <div class=\"card-stage__header\">\n            <img decoding=\"async\" src=\"https:\/\/cdn.pilgrim.es\/web\/caminos\/camino-norte\/pueblos\/guemes.jpg\" alt=\"Guemes\" class=\"group-hover:p-scale-110\" \/>\n            <div class=\"card-overlay group-hover:p-opacity-50\"><\/div>\n            <div class=\"number-stage\"><span>11<\/span><\/div>\n          <\/div>\n          <div class=\"card-stage__body\">\n            <div class=\"title-stage\">\n              <h3 class=\"title-stage__start\">Laredo<\/h3>\n              <h3><span>&#10095;<\/span> Guemes<\/h3>\n              <div class=\"title-stage__tips\">\n                <h3>Tappa 11 :<\/h3>\n                <div><i class=\"icon-location\"><\/i> 28,7km<\/div>\n                <div><i class=\"icon-clock\"><\/i> 6,5h<\/div>\n                <div><i class=\"icon-difficulty\"><\/i> 3\/5<\/div>\n              <\/div>\n            <\/div>\n            <button class=\"btn-arrow\">\n              <i class=\"icon-arrow\"><\/i>\n            <\/button>\n          <\/div>\n        <\/a>\n      <\/div>\n\n      <div class=\"p-group card-stage\">\n        <a href=\"https:\/\/www.pilgrim.es\/it\/cammino-nord\/tappa-12-guemes-santander\/\" class=\"hover:p-text-gray-dark\">\n          <div class=\"card-stage__header\">\n            <img decoding=\"async\" src=\"https:\/\/cdn.pilgrim.es\/web\/caminos\/camino-norte\/pueblos\/santander.jpg\" alt=\"Santander\" class=\"group-hover:p-scale-110\" \/>\n            <div class=\"card-overlay group-hover:p-opacity-50\"><\/div>\n            <div class=\"number-stage\"><span>12<\/span><\/div>\n          <\/div>\n          <div class=\"card-stage__body\">\n            <div class=\"title-stage\">\n              <h3 class=\"title-stage__start\">Guemes<\/h3>\n              <h3><span>&#10095;<\/span> Santander<\/h3>\n              <div class=\"title-stage__tips\">\n                <h3>Tappa 12 :<\/h3>\n                <div><i class=\"icon-location\"><\/i> 15,3Km<\/div>\n                <div><i class=\"icon-clock\"><\/i> 3,5h<\/div>\n                <div><i class=\"icon-difficulty\"><\/i> 1\/5<\/div>\n              <\/div>\n            <\/div>\n            <button class=\"btn-arrow\">\n              <i class=\"icon-arrow\"><\/i>\n            <\/button>\n          <\/div>\n        <\/a>\n      <\/div>\n\n      <!-- M\u00e1s Etapas -->\n      <div class=\"p-group card-stage\">\n        <a href=\"https:\/\/www.pilgrim.es\/it\/cammino-nord\/tappa-13-santander-santillana-del-mar\/\" class=\"hover:p-text-gray-dark\">\n          <div class=\"card-stage__header\">\n            <img decoding=\"async\" src=\"https:\/\/cdn.pilgrim.es\/web\/caminos\/camino-norte\/pueblos\/santillana-del-mar.jpg\" alt=\"Santillana del Mar\" class=\"group-hover:p-scale-110\" \/>\n            <div class=\"card-overlay group-hover:p-opacity-50\"><\/div>\n            <div class=\"number-stage\"><span>13<\/span><\/div>\n          <\/div>\n          <div class=\"card-stage__body\">\n            <div class=\"title-stage\">\n              <h3 class=\"title-stage__start\">Santander<\/h3>\n              <h3><span>&#10095;<\/span> Santillana del Mar<\/h3>\n              <div class=\"title-stage__tips\">\n                <h3>Tappa 13 :<\/h3>\n                <div><i class=\"icon-location\"><\/i> 36,3Km<\/div>\n                <div><i class=\"icon-clock\"><\/i> 8,5h<\/div>\n                <div><i class=\"icon-difficulty\"><\/i> 4\/5<\/div>\n              <\/div>\n            <\/div>\n            <button class=\"btn-arrow\">\n              <i class=\"icon-arrow\"><\/i>\n            <\/button>\n          <\/div>\n        <\/a>\n      <\/div>\n\n      <div class=\"p-group card-stage\">\n        <a href=\"https:\/\/www.pilgrim.es\/it\/cammino-nord\/tappa-14-santillana-del-mar-comillas\/\" class=\"hover:p-text-gray-dark\">\n          <div class=\"card-stage__header\">\n            <img decoding=\"async\" src=\"https:\/\/cdn.pilgrim.es\/web\/caminos\/camino-norte\/pueblos\/comillas.jpg\" alt=\"Comillas\" class=\"group-hover:p-scale-110\" \/>\n            <div class=\"card-overlay group-hover:p-opacity-50\"><\/div>\n            <div class=\"number-stage\"><span>14<\/span><\/div>\n          <\/div>\n          <div class=\"card-stage__body\">\n            <div class=\"title-stage\">\n              <h3 class=\"title-stage__start\">Santillana del Mar<\/h3>\n              <h3><span>&#10095;<\/span> Comillas<\/h3>\n              <div class=\"title-stage__tips\">\n                <h3>Tappa 14 :<\/h3>\n                <div><i class=\"icon-location\"><\/i> 22,2Km<\/div>\n                <div><i class=\"icon-clock\"><\/i> 5h<\/div>\n                <div><i class=\"icon-difficulty\"><\/i> 2\/5<\/div>\n              <\/div>\n            <\/div>\n            <button class=\"btn-arrow\">\n              <i class=\"icon-arrow\"><\/i>\n            <\/button>\n          <\/div>\n        <\/a>\n      <\/div>\n\n      <div class=\"p-group card-stage\">\n        <a href=\"https:\/\/www.pilgrim.es\/it\/cammino-nord\/tappa-15-comillas-colombres\/\" class=\"hover:p-text-gray-dark\">\n          <div class=\"card-stage__header\">\n            <img decoding=\"async\" src=\"https:\/\/cdn.pilgrim.es\/web\/caminos\/camino-norte\/pueblos\/colombres.jpg\" alt=\"Colombres\" class=\"group-hover:p-scale-110\" \/>\n            <div class=\"card-overlay group-hover:p-opacity-50\"><\/div>\n            <div class=\"number-stage\"><span>15<\/span><\/div>\n          <\/div>\n          <div class=\"card-stage__body\">\n            <div class=\"title-stage\">\n              <h3 class=\"title-stage__start\">Comillas<\/h3>\n              <h3><span>&#10095;<\/span> Colombres<\/h3>\n              <div class=\"title-stage__tips\">\n                <h3>Tappa 15 :<\/h3>\n                <div><i class=\"icon-location\"><\/i> 28Km<\/div>\n                <div><i class=\"icon-clock\"><\/i> 6h<\/div>\n                <div><i class=\"icon-difficulty\"><\/i> 3\/5<\/div>\n              <\/div>\n            <\/div>\n            <button class=\"btn-arrow\">\n              <i class=\"icon-arrow\"><\/i>\n            <\/button>\n          <\/div>\n        <\/a>\n      <\/div>\n\n      <div class=\"p-group card-stage\">\n        <a href=\"https:\/\/www.pilgrim.es\/it\/cammino-nord\/tappa-16-colombres-llanes\/\" class=\"hover:p-text-gray-dark\">\n          <div class=\"card-stage__header\">\n            <img decoding=\"async\" src=\"https:\/\/cdn.pilgrim.es\/web\/caminos\/camino-norte\/pueblos\/llanes.jpg\" alt=\"Llanes\" class=\"group-hover:p-scale-110\" \/>\n            <div class=\"card-overlay group-hover:p-opacity-50\"><\/div>\n            <div class=\"number-stage\"><span>16<\/span><\/div>\n          <\/div>\n          <div class=\"card-stage__body\">\n            <div class=\"title-stage\">\n              <h3 class=\"title-stage__start\">Colombres<\/h3>\n              <h3><span>&#10095;<\/span> Llanes<\/h3>\n              <div class=\"title-stage__tips\">\n                <h3>Tappa 16 :<\/h3>\n                <div><i class=\"icon-location\"><\/i> 22,9Km<\/div>\n                <div><i class=\"icon-clock\"><\/i> 5h<\/div>\n                <div><i class=\"icon-difficulty\"><\/i> 2\/5<\/div>\n              <\/div>\n            <\/div>\n            <button class=\"btn-arrow\">\n              <i class=\"icon-arrow\"><\/i>\n            <\/button>\n          <\/div>\n        <\/a>\n      <\/div>\n\n      <div class=\"p-group card-stage\">\n        <a href=\"https:\/\/www.pilgrim.es\/it\/cammino-nord\/tappa-17-llanes-ribadesella\/\" class=\"hover:p-text-gray-dark\">\n          <div class=\"card-stage__header\">\n            <img decoding=\"async\" src=\"https:\/\/cdn.pilgrim.es\/web\/caminos\/camino-norte\/pueblos\/ribadesella.jpg\" alt=\"Ribadesella\" class=\"group-hover:p-scale-110\" \/>\n            <div class=\"card-overlay group-hover:p-opacity-50\"><\/div>\n            <div class=\"number-stage\"><span>17<\/span><\/div>\n          <\/div>\n          <div class=\"card-stage__body\">\n            <div class=\"title-stage\">\n              <h3 class=\"title-stage__start\">Llanes<\/h3>\n              <h3><span>&#10095;<\/span> Ribadesella<\/h3>\n              <div class=\"title-stage__tips\">\n                <h3>Tappa 17 :<\/h3>\n                <div><i class=\"icon-location\"><\/i> 30Km<\/div>\n                <div><i class=\"icon-clock\"><\/i> 6h<\/div>\n                <div><i class=\"icon-difficulty\"><\/i> 3\/5<\/div>\n              <\/div>\n            <\/div>\n            <button class=\"btn-arrow\">\n              <i class=\"icon-arrow\"><\/i>\n            <\/button>\n          <\/div>\n        <\/a>\n      <\/div>\n\n      <div class=\"p-group card-stage\">\n        <a href=\"https:\/\/www.pilgrim.es\/it\/cammino-nord\/tappa-18-ribadesella-colunga\/\" class=\"hover:p-text-gray-dark\">\n          <div class=\"card-stage__header\">\n            <img decoding=\"async\" src=\"https:\/\/cdn.pilgrim.es\/web\/caminos\/camino-norte\/pueblos\/colunga.jpg\" alt=\"Colunga\" class=\"group-hover:p-scale-110\" \/>\n            <div class=\"card-overlay group-hover:p-opacity-50\"><\/div>\n            <div class=\"number-stage\"><span>18<\/span><\/div>\n          <\/div>\n          <div class=\"card-stage__body\">\n            <div class=\"title-stage\">\n              <h3 class=\"title-stage__start\">Ribadesella<\/h3>\n              <h3><span>&#10095;<\/span> Colunga<\/h3>\n              <div class=\"title-stage__tips\">\n                <h3>Tappa 18 :<\/h3>\n                <div><i class=\"icon-location\"><\/i> 20Km<\/div>\n                <div><i class=\"icon-clock\"><\/i> 4,5h<\/div>\n                <div><i class=\"icon-difficulty\"><\/i> 2\/5<\/div>\n              <\/div>\n            <\/div>\n            <button class=\"btn-arrow\">\n              <i class=\"icon-arrow\"><\/i>\n            <\/button>\n          <\/div>\n        <\/a>\n      <\/div>\n\n      <div class=\"p-group card-stage\">\n        <a href=\"https:\/\/www.pilgrim.es\/it\/cammino-nord\/tappa-19-colunga-villaviciosa\/\" class=\"hover:p-text-gray-dark\">\n          <div class=\"card-stage__header\">\n            <img decoding=\"async\" src=\"https:\/\/cdn.pilgrim.es\/web\/caminos\/camino-norte\/pueblos\/villaviciosa.jpg\" alt=\"Villaviciosa\" class=\"group-hover:p-scale-110\" \/>\n            <div class=\"card-overlay group-hover:p-opacity-50\"><\/div>\n            <div class=\"number-stage\"><span>19<\/span><\/div>\n          <\/div>\n          <div class=\"card-stage__body\">\n            <div class=\"title-stage\">\n              <h3 class=\"title-stage__start\">Colunga<\/h3>\n              <h3><span>&#10095;<\/span> Villaviciosa<\/h3>\n              <div class=\"title-stage__tips\">\n                <h3>Tappa 19 :<\/h3>\n                <div><i class=\"icon-location\"><\/i> 17,7Km<\/div>\n                <div><i class=\"icon-clock\"><\/i> 4h<\/div>\n                <div><i class=\"icon-difficulty\"><\/i> 2\/5<\/div>\n              <\/div>\n            <\/div>\n            <button class=\"btn-arrow\">\n              <i class=\"icon-arrow\"><\/i>\n            <\/button>\n          <\/div>\n        <\/a>\n      <\/div>\n\n      <div class=\"p-group card-stage\">\n        <a href=\"https:\/\/www.pilgrim.es\/it\/cammino-nord\/tappa-20-villaviciosa-gijon\/\" class=\"hover:p-text-gray-dark\">\n          <div class=\"card-stage__header\">\n            <img decoding=\"async\" src=\"https:\/\/cdn.pilgrim.es\/web\/caminos\/camino-norte\/pueblos\/gijon.jpg\" alt=\"Gij\u00f3n\" class=\"group-hover:p-scale-110\" \/>\n            <div class=\"card-overlay group-hover:p-opacity-50\"><\/div>\n            <div class=\"number-stage\"><span>20<\/span><\/div>\n          <\/div>\n          <div class=\"card-stage__body\">\n            <div class=\"title-stage\">\n              <h3 class=\"title-stage__start\">Villaviciosa<\/h3>\n              <h3><span>&#10095;<\/span> Gij\u00f3n<\/h3>\n              <div class=\"title-stage__tips\">\n                <h3>Tappa 20 :<\/h3>\n                <div><i class=\"icon-location\"><\/i> 29,8Km<\/div>\n                <div><i class=\"icon-clock\"><\/i> 7h<\/div>\n                <div><i class=\"icon-difficulty\"><\/i> 4\/5<\/div>\n              <\/div>\n            <\/div>\n            <button class=\"btn-arrow\">\n              <i class=\"icon-arrow\"><\/i>\n            <\/button>\n          <\/div>\n        <\/a>\n      <\/div>\n\n      <div class=\"p-group card-stage\">\n        <a href=\"https:\/\/www.pilgrim.es\/it\/cammino-nord\/tappa-21-gijon-aviles\/\" class=\"hover:p-text-gray-dark\">\n          <div class=\"card-stage__header\">\n            <img decoding=\"async\" src=\"https:\/\/cdn.pilgrim.es\/web\/caminos\/camino-norte\/pueblos\/aviles.jpg\" alt=\"Avil\u00e9s\" class=\"group-hover:p-scale-110\" \/>\n            <div class=\"card-overlay group-hover:p-opacity-50\"><\/div>\n            <div class=\"number-stage\"><span>21<\/span><\/div>\n          <\/div>\n          <div class=\"card-stage__body\">\n            <div class=\"title-stage\">\n              <h3 class=\"title-stage__start\">Gij\u00f3n<\/h3>\n              <h3><span>&#10095;<\/span> Avil\u00e9s<\/h3>\n              <div class=\"title-stage__tips\">\n                <h3>Tappa 21 :<\/h3>\n                <div><i class=\"icon-location\"><\/i> 25,4Km<\/div>\n                <div><i class=\"icon-clock\"><\/i> 5,5h<\/div>\n                <div><i class=\"icon-difficulty\"><\/i> 2\/5<\/div>\n              <\/div>\n            <\/div>\n            <button class=\"btn-arrow\">\n              <i class=\"icon-arrow\"><\/i>\n            <\/button>\n          <\/div>\n        <\/a>\n      <\/div>\n\n      <div class=\"p-group card-stage\">\n        <a href=\"https:\/\/www.pilgrim.es\/it\/cammino-nord\/tappa-22-aviles-muros-de-nalon\/\" class=\"hover:p-text-gray-dark\">\n          <div class=\"card-stage__header\">\n            <img decoding=\"async\" src=\"https:\/\/cdn.pilgrim.es\/web\/caminos\/camino-norte\/pueblos\/muros-de-nalon.jpg\" alt=\"Muros de Nal\u00f3n\" class=\"group-hover:p-scale-110\" \/>\n            <div class=\"card-overlay group-hover:p-opacity-50\"><\/div>\n            <div class=\"number-stage\"><span>22<\/span><\/div>\n          <\/div>\n          <div class=\"card-stage__body\">\n            <div class=\"title-stage\">\n              <h3 class=\"title-stage__start\">Avil\u00e9s<\/h3>\n              <h3><span>&#10095;<\/span> Muros de Nal\u00f3n<\/h3>\n              <div class=\"title-stage__tips\">\n                <h3>Tappa 22 :<\/h3>\n                <div><i class=\"icon-location\"><\/i> 23,2Km<\/div>\n                <div><i class=\"icon-clock\"><\/i> 5h<\/div>\n                <div><i class=\"icon-difficulty\"><\/i> 2\/5<\/div>\n              <\/div>\n            <\/div>\n            <button class=\"btn-arrow\">\n              <i class=\"icon-arrow\"><\/i>\n            <\/button>\n          <\/div>\n        <\/a>\n      <\/div>\n\n      <div class=\"p-group card-stage\">\n        <a href=\"https:\/\/www.pilgrim.es\/it\/cammino-nord\/tappa-23-muros-de-nalon-soto-de-luina\/\" class=\"hover:p-text-gray-dark\">\n          <div class=\"card-stage__header\">\n            <img decoding=\"async\" src=\"https:\/\/cdn.pilgrim.es\/web\/caminos\/camino-norte\/pueblos\/soto-de-luina.jpg\" alt=\"Soto de Lui\u00f1a\" class=\"group-hover:p-scale-110\" \/>\n            <div class=\"card-overlay group-hover:p-opacity-50\"><\/div>\n            <div class=\"number-stage\"><span>23<\/span><\/div>\n          <\/div>\n          <div class=\"card-stage__body\">\n            <div class=\"title-stage\">\n              <h3 class=\"title-stage__start\">Muros de nal\u00f3n<\/h3>\n              <h3><span>&#10095;<\/span> Soto de Lui\u00f1a<\/h3>\n              <div class=\"title-stage__tips\">\n                <h3>Tappa 23 :<\/h3>\n                <div><i class=\"icon-location\"><\/i> 15,3Km<\/div>\n                <div><i class=\"icon-clock\"><\/i> 3,5h<\/div>\n                <div><i class=\"icon-difficulty\"><\/i> 2\/5<\/div>\n              <\/div>\n            <\/div>\n            <button class=\"btn-arrow\">\n              <i class=\"icon-arrow\"><\/i>\n            <\/button>\n          <\/div>\n        <\/a>\n      <\/div>\n\n      <div class=\"p-group card-stage\">\n        <a href=\"https:\/\/www.pilgrim.es\/it\/cammino-nord\/tappa-24-soto-de-luina-cadavedo\/\" class=\"hover:p-text-gray-dark\">\n          <div class=\"card-stage__header\">\n            <img decoding=\"async\" src=\"https:\/\/cdn.pilgrim.es\/web\/caminos\/camino-norte\/pueblos\/cadavedo.jpg\" alt=\"Cadavedo\" class=\"group-hover:p-scale-110\" \/>\n            <div class=\"card-overlay group-hover:p-opacity-50\"><\/div>\n            <div class=\"number-stage\"><span>24<\/span><\/div>\n          <\/div>\n          <div class=\"card-stage__body\">\n            <div class=\"title-stage\">\n              <h3 class=\"title-stage__start\">Soto de Lui\u00f1a<\/h3>\n              <h3><span>&#10095;<\/span> Cadavedo<\/h3>\n              <div class=\"title-stage__tips\">\n                <h3>Tappa 24 :<\/h3>\n                <div><i class=\"icon-location\"><\/i> 18,5Km<\/div>\n                <div><i class=\"icon-clock\"><\/i> 4h<\/div>\n                <div><i class=\"icon-difficulty\"><\/i> 3\/5<\/div>\n              <\/div>\n            <\/div>\n            <button class=\"btn-arrow\">\n              <i class=\"icon-arrow\"><\/i>\n            <\/button>\n          <\/div>\n        <\/a>\n      <\/div>\n\n      <div class=\"p-group card-stage\">\n        <a href=\"https:\/\/www.pilgrim.es\/it\/cammino-nord\/tappa-25-cadavedo-luarca\/\" class=\"hover:p-text-gray-dark\">\n          <div class=\"card-stage__header\">\n            <img decoding=\"async\" src=\"https:\/\/cdn.pilgrim.es\/web\/caminos\/camino-norte\/pueblos\/luarca.jpg\" alt=\"Luarca\" class=\"group-hover:p-scale-110\" \/>\n            <div class=\"card-overlay group-hover:p-opacity-50\"><\/div>\n            <div class=\"number-stage\"><span>25<\/span><\/div>\n          <\/div>\n          <div class=\"card-stage__body\">\n            <div class=\"title-stage\">\n              <h3 class=\"title-stage__start\">Cadavedo<\/h3>\n              <h3><span>&#10095;<\/span> Luarca<\/h3>\n              <div class=\"title-stage__tips\">\n                <h3>Tappa 25 :<\/h3>\n                <div><i class=\"icon-location\"><\/i> 15,3Km<\/div>\n                <div><i class=\"icon-clock\"><\/i> 3,5h<\/div>\n                <div><i class=\"icon-difficulty\"><\/i> 2\/5<\/div>\n              <\/div>\n            <\/div>\n            <button class=\"btn-arrow\">\n              <i class=\"icon-arrow\"><\/i>\n            <\/button>\n          <\/div>\n        <\/a>\n      <\/div>\n\n      <div class=\"p-group card-stage\">\n        <a href=\"https:\/\/www.pilgrim.es\/it\/cammino-nord\/tappa-26-luarca-la-caridad\/\" class=\"hover:p-text-gray-dark\">\n          <div class=\"card-stage__header\">\n            <img decoding=\"async\" src=\"https:\/\/cdn.pilgrim.es\/web\/caminos\/camino-norte\/pueblos\/la-caridad.jpg\" alt=\"La caridad\" class=\"group-hover:p-scale-110\" \/>\n            <div class=\"card-overlay group-hover:p-opacity-50\"><\/div>\n            <div class=\"number-stage\"><span>26<\/span><\/div>\n          <\/div>\n          <div class=\"card-stage__body\">\n            <div class=\"title-stage\">\n              <h3 class=\"title-stage__start\">Luarca<\/h3>\n              <h3><span>&#10095;<\/span> La caridad<\/h3>\n              <div class=\"title-stage__tips\">\n                <h3>Tappa 26 :<\/h3>\n                <div><i class=\"icon-location\"><\/i> 30,5Km<\/div>\n                <div><i class=\"icon-clock\"><\/i> 7h<\/div>\n                <div><i class=\"icon-difficulty\"><\/i> 3\/5<\/div>\n              <\/div>\n            <\/div>\n            <button class=\"btn-arrow\">\n              <i class=\"icon-arrow\"><\/i>\n            <\/button>\n          <\/div>\n        <\/a>\n      <\/div>\n\n      <div class=\"p-group card-stage\">\n        <a href=\"https:\/\/www.pilgrim.es\/it\/cammino-nord\/tappa-27-la-caridad-ribadeo\/\" class=\"hover:p-text-gray-dark\">\n          <div class=\"card-stage__header\">\n            <img decoding=\"async\" src=\"https:\/\/cdn.pilgrim.es\/web\/caminos\/camino-norte\/pueblos\/ribadeo.jpg\" alt=\"Ribadeo\" class=\"group-hover:p-scale-110\" \/>\n            <div class=\"card-overlay group-hover:p-opacity-50\"><\/div>\n            <div class=\"number-stage\"><span>27<\/span><\/div>\n          <\/div>\n          <div class=\"card-stage__body\">\n            <div class=\"title-stage\">\n              <h3 class=\"title-stage__start\">La Caridad<\/h3>\n              <h3><span>&#10095;<\/span> Ribadeo<\/h3>\n              <div class=\"title-stage__tips\">\n                <h3>Tappa 27 :<\/h3>\n                <div><i class=\"icon-location\"><\/i> 21,3Km<\/div>\n                <div><i class=\"icon-clock\"><\/i> 5h<\/div>\n                <div><i class=\"icon-difficulty\"><\/i> 1\/5<\/div>\n              <\/div>\n            <\/div>\n            <button class=\"btn-arrow\">\n              <i class=\"icon-arrow\"><\/i>\n            <\/button>\n          <\/div>\n        <\/a>\n      <\/div>\n\n      <div class=\"p-group card-stage\">\n        <a href=\"https:\/\/www.pilgrim.es\/it\/cammino-nord\/tappa-28-ribadeo-lourenza\/\" class=\"hover:p-text-gray-dark\">\n          <div class=\"card-stage__header\">\n            <img decoding=\"async\" src=\"https:\/\/cdn.pilgrim.es\/web\/caminos\/camino-norte\/pueblos\/lourenza.jpg\" alt=\"Lourenz\u00e1\" class=\"group-hover:p-scale-110\" \/>\n            <div class=\"card-overlay group-hover:p-opacity-50\"><\/div>\n            <div class=\"number-stage\"><span>28<\/span><\/div>\n          <\/div>\n          <div class=\"card-stage__body\">\n            <div class=\"title-stage\">\n              <h3 class=\"title-stage__start\">Ribadeo<\/h3>\n              <h3><span>&#10095;<\/span> Lourenz\u00e1<\/h3>\n              <div class=\"title-stage__tips\">\n                <h3>Tappa 28 :<\/h3>\n                <div><i class=\"icon-location\"><\/i> 28,4Km<\/div>\n                <div><i class=\"icon-clock\"><\/i> 6,5h<\/div>\n                <div><i class=\"icon-difficulty\"><\/i> 4\/5<\/div>\n              <\/div>\n            <\/div>\n            <button class=\"btn-arrow\">\n              <i class=\"icon-arrow\"><\/i>\n            <\/button>\n          <\/div>\n        <\/a>\n      <\/div>\n\n      <div class=\"p-group card-stage\">\n        <a href=\"https:\/\/www.pilgrim.es\/it\/cammino-nord\/tappa-29-lourenza-abadin\/\" class=\"hover:p-text-gray-dark\">\n          <div class=\"card-stage__header\">\n            <img decoding=\"async\" src=\"https:\/\/cdn.pilgrim.es\/web\/caminos\/camino-norte\/pueblos\/abadin.jpg\" alt=\"Abad\u00edn\" class=\"group-hover:p-scale-110\" \/>\n            <div class=\"card-overlay group-hover:p-opacity-50\"><\/div>\n            <div class=\"number-stage\"><span>29<\/span><\/div>\n          <\/div>\n          <div class=\"card-stage__body\">\n            <div class=\"title-stage\">\n              <h3 class=\"title-stage__start\">Lourenz\u00e1<\/h3>\n              <h3><span>&#10095;<\/span> Abad\u00edn<\/h3>\n              <div class=\"title-stage__tips\">\n                <h3>Tappa 29 :<\/h3>\n                <div><i class=\"icon-location\"><\/i> 25,2Km<\/div>\n                <div><i class=\"icon-clock\"><\/i> 5,5h<\/div>\n                <div><i class=\"icon-difficulty\"><\/i> 3\/5<\/div>\n              <\/div>\n            <\/div>\n            <button class=\"btn-arrow\">\n              <i class=\"icon-arrow\"><\/i>\n            <\/button>\n          <\/div>\n        <\/a>\n      <\/div>\n\n      <div class=\"p-group card-stage\">\n        <a href=\"https:\/\/www.pilgrim.es\/it\/cammino-nord\/tappa-30-abadin-vilalba\/\" class=\"hover:p-text-gray-dark\">\n          <div class=\"card-stage__header\">\n            <img decoding=\"async\" src=\"https:\/\/cdn.pilgrim.es\/web\/caminos\/camino-norte\/pueblos\/vilalba.jpg\" alt=\"Vilalba\" class=\"group-hover:p-scale-110\" \/>\n            <div class=\"card-overlay group-hover:p-opacity-50\"><\/div>\n            <div class=\"number-stage\"><span>30<\/span><\/div>\n          <\/div>\n          <div class=\"card-stage__body\">\n            <div class=\"title-stage\">\n              <h3 class=\"title-stage__start\">Abad\u00edn<\/h3>\n              <h3><span>&#10095;<\/span> Vilalba<\/h3>\n              <div class=\"title-stage__tips\">\n                <h3>Tappa 30 :<\/h3>\n                <div><i class=\"icon-location\"><\/i> 20,8Km<\/div>\n                <div><i class=\"icon-clock\"><\/i> 5h<\/div>\n                <div><i class=\"icon-difficulty\"><\/i> 1\/5<\/div>\n              <\/div>\n            <\/div>\n            <button class=\"btn-arrow\">\n              <i class=\"icon-arrow\"><\/i>\n            <\/button>\n          <\/div>\n        <\/a>\n      <\/div>\n\n      <div class=\"p-group card-stage\">\n        <a href=\"https:\/\/www.pilgrim.es\/it\/cammino-nord\/tappa-31-vilalba-baamonde\/\" class=\"hover:p-text-gray-dark\">\n          <div class=\"card-stage__header\">\n            <img decoding=\"async\" src=\"https:\/\/cdn.pilgrim.es\/web\/caminos\/camino-norte\/pueblos\/baamonde.jpg\" alt=\"Baamonde\" class=\"group-hover:p-scale-110\" \/>\n            <div class=\"card-overlay group-hover:p-opacity-50\"><\/div>\n            <div class=\"number-stage\"><span>31<\/span><\/div>\n          <\/div>\n          <div class=\"card-stage__body\">\n            <div class=\"title-stage\">\n              <h3 class=\"title-stage__start\">Vilalba<\/h3>\n              <h3><span>&#10095;<\/span> Baamonde<\/h3>\n              <div class=\"title-stage__tips\">\n                <h3>Tappa 31 :<\/h3>\n                <div><i class=\"icon-location\"><\/i> 18,5Km<\/div>\n                <div><i class=\"icon-clock\"><\/i> 4h<\/div>\n                <div><i class=\"icon-difficulty\"><\/i> 1\/5<\/div>\n              <\/div>\n            <\/div>\n            <button class=\"btn-arrow\">\n              <i class=\"icon-arrow\"><\/i>\n            <\/button>\n          <\/div>\n        <\/a>\n      <\/div>\n\n      <div class=\"p-group card-stage\">\n        <a href=\"https:\/\/www.pilgrim.es\/it\/cammino-nord\/tappa-32-baamonde-sobrado-dos-monxes\/\" class=\"hover:p-text-gray-dark\">\n          <div class=\"card-stage__header\">\n            <img decoding=\"async\" src=\"https:\/\/cdn.pilgrim.es\/web\/caminos\/camino-norte\/pueblos\/sobrado-dos-monxes.jpg\" alt=\"Sobrado dos Monxes\" class=\"group-hover:p-scale-110\" \/>\n            <div class=\"card-overlay group-hover:p-opacity-50\"><\/div>\n            <div class=\"number-stage\"><span>32<\/span><\/div>\n          <\/div>\n          <div class=\"card-stage__body\">\n            <div class=\"title-stage\">\n              <h3 class=\"title-stage__start\">Baamonde<\/h3>\n              <h3><span>&#10095;<\/span> Sobrado dos Monxes<\/h3>\n              <div class=\"title-stage__tips\">\n                <h3>Tappa 32 :<\/h3>\n                <div><i class=\"icon-location\"><\/i> 32Km<\/div>\n                <div><i class=\"icon-clock\"><\/i> 7h<\/div>\n                <div><i class=\"icon-difficulty\"><\/i> 4\/5<\/div>\n              <\/div>\n            <\/div>\n            <button class=\"btn-arrow\">\n              <i class=\"icon-arrow\"><\/i>\n            <\/button>\n          <\/div>\n        <\/a>\n      <\/div>\n\n      <div class=\"p-group card-stage\">\n        <a href=\"https:\/\/www.pilgrim.es\/it\/cammino-nord\/tappa-33-sobrado-dos-monxes-arzua\/\" class=\"hover:p-text-gray-dark\">\n          <div class=\"card-stage__header\">\n            <img decoding=\"async\" src=\"https:\/\/cdn.pilgrim.es\/web\/caminos\/camino-frances\/pueblos\/arzua\/arzua.jpg\" alt=\"Arz\u00faa\" class=\"group-hover:p-scale-110\" \/>\n            <div class=\"card-overlay group-hover:p-opacity-50\"><\/div>\n            <div class=\"number-stage\"><span>33<\/span><\/div>\n          <\/div>\n          <div class=\"card-stage__body\">\n            <div class=\"title-stage\">\n              <h3 class=\"title-stage__start\">Sobrado dos Monxes<\/h3>\n              <h3><span>&#10095;<\/span> Arz\u00faa<\/h3>\n              <div class=\"title-stage__tips\">\n                <h3>Tappa 33 :<\/h3>\n                <div><i class=\"icon-location\"><\/i> 22Km<\/div>\n                <div><i class=\"icon-clock\"><\/i> 5h<\/div>\n                <div><i class=\"icon-difficulty\"><\/i> 2\/5<\/div>\n              <\/div>\n            <\/div>\n            <button class=\"btn-arrow\">\n              <i class=\"icon-arrow\"><\/i>\n            <\/button>\n          <\/div>\n        <\/a>\n      <\/div>\n\n      <div class=\"p-col-span-full\">\n        <h4 class=\"p-text-secondary p-text-xl\">\n          Proseguimento lungo il Cammino Francese\n        <\/h4>\n      <\/div>\n\n      <div class=\"p-group card-stage\">\n        <a href=\"https:\/\/www.pilgrim.es\/it\/cammino-francese\/tappa-32-arzua-o-pedrouzo\/\" class=\"hover:p-text-gray-dark\">\n          <div class=\"card-stage__header\">\n            <img decoding=\"async\" src=\"https:\/\/cdn.pilgrim.es\/web\/caminos\/camino-frances\/pueblos\/o-pedrouzo\/o-pedrouzo.jpg\" alt=\"Pedrouzo\" class=\"group-hover:p-scale-110\" \/>\n            <div class=\"card-overlay group-hover:p-opacity-50\"><\/div>\n            <div class=\"number-stage\"><span>34<\/span><\/div>\n          <\/div>\n          <div class=\"card-stage__body\">\n            <div class=\"title-stage\">\n              <h3 class=\"title-stage__start\">Arz\u00faa<\/h3>\n              <h3><span>&#10095;<\/span> Pedrouzo<\/h3>\n              <div class=\"title-stage__tips\">\n                <h3>Tappa 34 :<\/h3>\n                <div><i class=\"icon-location\"><\/i> 19,3Km<\/div>\n                <div><i class=\"icon-clock\"><\/i> 4,5h<\/div>\n                <div><i class=\"icon-difficulty\"><\/i> 2\/5<\/div>\n              <\/div>\n            <\/div>\n            <button class=\"btn-arrow\">\n              <i class=\"icon-arrow\"><\/i>\n            <\/button>\n          <\/div>\n        <\/a>\n      <\/div>\n\n      <div class=\"p-group card-stage\">\n        <a href=\"https:\/\/www.pilgrim.es\/it\/cammino-francese\/tappa-33-o-pedrouzo-santiago-de-compostela\/\" class=\"hover:p-text-gray-dark\">\n          <div class=\"card-stage__header\">\n            <img decoding=\"async\" src=\"https:\/\/cdn.pilgrim.es\/web\/caminos\/camino-frances\/pueblos\/santiago-de-compostela\/santiago-de-compostela.jpg\" alt=\"Santiago de Compostela\" class=\"group-hover:p-scale-110\" \/>\n            <div class=\"card-overlay group-hover:p-opacity-50\"><\/div>\n            <div class=\"number-stage\"><span>35<\/span><\/div>\n          <\/div>\n          <div class=\"card-stage__body\">\n            <div class=\"title-stage\">\n              <h3 class=\"title-stage__start\">Pedrouzo<\/h3>\n              <h3><span>&#10095;<\/span> Santiago de Compostela<\/h3>\n              <div class=\"title-stage__tips\">\n                <h3>Tappa 35 :<\/h3>\n                <div><i class=\"icon-location\"><\/i> 19,4Km<\/div>\n                <div><i class=\"icon-clock\"><\/i> 4,5h<\/div>\n                <div><i class=\"icon-difficulty\"><\/i> 2\/5<\/div>\n              <\/div>\n            <\/div>\n            <button class=\"btn-arrow\">\n              <i class=\"icon-arrow\"><\/i>\n            <\/button>\n          <\/div>\n        <\/a>\n      <\/div>\n    <\/div>\n    <div id=\"showMoreStages\" class=\"show-more-stages\">\n      <button id=\"btnMoreStages\" class=\"btn-see-stages\">\n        Vedi tutte le tappe\n      <\/button>\n      <button id=\"btnLessStages\" class=\"p-hidden btn-see-stages\">\n        Vedi meno tappe\n      <\/button>\n    <\/div>\n  <\/section>\n\n  <section id=\"stagesBike\">\n    <div class=\"subtitle\">\n      <h4 class=\"p-h4--section\">18 Tappe \/ 827 <span class=\"p-normal-case\">Kms<\/span><\/h4>\n      <hr \/>\n      <h2>Tappe del cammino del nord in Bici<\/h2>\n    <\/div>\n    <div class=\"container-stages-bike scrollbar-thin\">\n      <div class=\"card-stage-bike\">\n        <div class=\"info-stage-bike\">\n          <div class=\"info-stage-bike__col-start\">\n            <div>1.<\/div>\n            <div><span> Ir\u00fan <\/span><br \/>&#10095; Zarautz<\/div>\n            <p>\n              <i class=\"icon-location\"><\/i> 47Km &#8226;\n              <i class=\"icon-difficulty\"><\/i> 4\/5\n            <\/p>\n          <\/div>\n          <div class=\"info-stage-bike__col-end\">\n            <img decoding=\"async\" src=\"https:\/\/cdn.pilgrim.es\/web\/caminos\/camino-norte\/pueblos\/irun.jpg\" alt=\"Ir\u00fan\" \/>\n          <\/div>\n        <\/div>\n        <hr \/>\n      <\/div>\n      <div class=\"card-stage-bike\">\n        <div class=\"info-stage-bike\">\n          <div class=\"info-stage-bike__col-start\">\n            <div>2.<\/div>\n            <div><span>Zarautz <\/span><br \/>&#10095; Markina<\/div>\n            <p>\n              <i class=\"icon-location\"><\/i> 46Km &#8226;\n              <i class=\"icon-difficulty\"><\/i> 4\/5\n            <\/p>\n          <\/div>\n          <div class=\"info-stage-bike__col-end\">\n            <img decoding=\"async\" src=\"https:\/\/cdn.pilgrim.es\/web\/caminos\/camino-norte\/pueblos\/zarautz.jpg\" alt=\"Zarautz\" \/>\n          <\/div>\n        <\/div>\n        <hr \/>\n      <\/div>\n      <div class=\"card-stage-bike\">\n        <div class=\"info-stage-bike\">\n          <div class=\"info-stage-bike__col-start\">\n            <div>3.<\/div>\n            <div><span>Markina <\/span><br \/>&#10095; Bilbao<\/div>\n            <p>\n              <i class=\"icon-location\"><\/i> 57Km &#8226;\n              <i class=\"icon-difficulty\"><\/i> 3\/5\n            <\/p>\n          <\/div>\n          <div class=\"info-stage-bike__col-end\">\n            <img decoding=\"async\" src=\"https:\/\/cdn.pilgrim.es\/web\/caminos\/camino-norte\/pueblos\/markina.jpg\" alt=\"Markina\" \/>\n          <\/div>\n        <\/div>\n        <hr \/>\n      <\/div>\n      <div class=\"card-stage-bike\">\n        <div class=\"info-stage-bike\">\n          <div class=\"info-stage-bike__col-start\">\n            <div>4.<\/div>\n            <div><span>Bilbao <\/span><br \/>&#10095; Castro Urdiales<\/div>\n            <p>\n              <i class=\"icon-location\"><\/i> 48Km &#8226;\n              <i class=\"icon-difficulty\"><\/i> 3\/5\n            <\/p>\n          <\/div>\n          <div class=\"info-stage-bike__col-end\">\n            <img decoding=\"async\" src=\"https:\/\/cdn.pilgrim.es\/web\/caminos\/camino-norte\/pueblos\/bilbao.jpg\" alt=\"Bilbao\" \/>\n          <\/div>\n        <\/div>\n        <hr \/>\n      <\/div>\n      <div class=\"card-stage-bike\">\n        <div class=\"info-stage-bike\">\n          <div class=\"info-stage-bike__col-start\">\n            <div>5.<\/div>\n            <div><span>Castro Urdiales <\/span><br \/>&#10095; Noja<\/div>\n            <p>\n              <i class=\"icon-location\"><\/i> 41Km &#8226;\n              <i class=\"icon-difficulty\"><\/i> 3\/5\n            <\/p>\n          <\/div>\n          <div class=\"info-stage-bike__col-end\">\n            <img decoding=\"async\" src=\"https:\/\/cdn.pilgrim.es\/web\/caminos\/camino-norte\/pueblos\/castro-urdiales.jpg\" alt=\"Castro Urdiales\" \/>\n          <\/div>\n        <\/div>\n        <hr \/>\n      <\/div>\n      <div class=\"card-stage-bike\">\n        <div class=\"info-stage-bike\">\n          <div class=\"info-stage-bike__col-start\">\n            <div>6.<\/div>\n            <div><span>Noja <\/span><br \/>&#10095; Santander<\/div>\n            <p>\n              <i class=\"icon-location\"><\/i> 31Km &#8226;\n              <i class=\"icon-difficulty\"><\/i> 2\/5\n            <\/p>\n          <\/div>\n          <div class=\"info-stage-bike__col-end\">\n            <img decoding=\"async\" src=\"https:\/\/cdn.pilgrim.es\/web\/caminos\/camino-norte\/pueblos\/santander.jpg\" alt=\"Santander\" \/>\n          <\/div>\n        <\/div>\n        <hr \/>\n      <\/div>\n      <div class=\"card-stage-bike\">\n        <div class=\"info-stage-bike\">\n          <div class=\"info-stage-bike__col-start\">\n            <div>7.<\/div>\n            <div><span>Santander <\/span><br \/>&#10095; Santillana del Mar<\/div>\n            <p>\n              <i class=\"icon-location\"><\/i> 37Km &#8226;\n              <i class=\"icon-difficulty\"><\/i> 4\/5\n            <\/p>\n          <\/div>\n          <div class=\"info-stage-bike__col-end\">\n            <img decoding=\"async\" src=\"https:\/\/cdn.pilgrim.es\/web\/caminos\/camino-norte\/pueblos\/santillana-del-mar.jpg\" alt=\"Santillana del Mar\" \/>\n          <\/div>\n        <\/div>\n        <hr \/>\n      <\/div>\n      <div class=\"card-stage-bike\">\n        <div class=\"info-stage-bike\">\n          <div class=\"info-stage-bike__col-start\">\n            <div>8.<\/div>\n            <div><span>Santillana del Mar <\/span><br \/>&#10095; Colombres<\/div>\n            <p>\n              <i class=\"icon-location\"><\/i> 51Km &#8226;\n              <i class=\"icon-difficulty\"><\/i> 3\/5\n            <\/p>\n          <\/div>\n          <div class=\"info-stage-bike__col-end\">\n            <img decoding=\"async\" src=\"https:\/\/cdn.pilgrim.es\/web\/caminos\/camino-norte\/pueblos\/colombres.jpg\" alt=\"Colombres\" \/>\n          <\/div>\n        <\/div>\n        <hr \/>\n      <\/div>\n      <div class=\"card-stage-bike\">\n        <div class=\"info-stage-bike\">\n          <div class=\"info-stage-bike__col-start\">\n            <div>9.<\/div>\n            <div><span>Colombres <\/span><br \/>&#10095; Ribadesella<\/div>\n            <p>\n              <i class=\"icon-location\"><\/i> 55Km &#8226;\n              <i class=\"icon-difficulty\"><\/i> 4\/5\n            <\/p>\n          <\/div>\n          <div class=\"info-stage-bike__col-end\">\n            <img decoding=\"async\" src=\"https:\/\/cdn.pilgrim.es\/web\/caminos\/camino-norte\/pueblos\/ribadesella.jpg\" alt=\"Ribadesella\" \/>\n          <\/div>\n        <\/div>\n        <hr \/>\n      <\/div>\n      <div class=\"card-stage-bike\">\n        <div class=\"info-stage-bike\">\n          <div class=\"info-stage-bike__col-start\">\n            <div>10.<\/div>\n            <div><span>Ribadesella <\/span><br \/>&#10095; Villaviciosa<\/div>\n            <p>\n              <i class=\"icon-location\"><\/i> 38Km &#8226;\n              <i class=\"icon-difficulty\"><\/i> 5\/5\n            <\/p>\n          <\/div>\n          <div class=\"info-stage-bike__col-end\">\n            <img decoding=\"async\" src=\"https:\/\/cdn.pilgrim.es\/web\/caminos\/camino-norte\/pueblos\/villaviciosa.jpg\" alt=\"Villaviciosa\" \/>\n          <\/div>\n        <\/div>\n        <hr \/>\n      <\/div>\n      <div class=\"card-stage-bike\">\n        <div class=\"info-stage-bike\">\n          <div class=\"info-stage-bike__col-start\">\n            <div>11.<\/div>\n            <div><span>Villaviciosa <\/span><br \/>&#10095; Avil\u00e9s<\/div>\n            <p>\n              <i class=\"icon-location\"><\/i> 55Km &#8226;\n              <i class=\"icon-difficulty\"><\/i> 4\/5\n            <\/p>\n          <\/div>\n          <div class=\"info-stage-bike__col-end\">\n            <img decoding=\"async\" src=\"https:\/\/cdn.pilgrim.es\/web\/caminos\/camino-norte\/pueblos\/aviles.jpg\" alt=\"Avil\u00e9s\" \/>\n          <\/div>\n        <\/div>\n        <hr \/>\n      <\/div>\n      <div class=\"card-stage-bike\">\n        <div class=\"info-stage-bike\">\n          <div class=\"info-stage-bike__col-start\">\n            <div>12.<\/div>\n            <div><span>Avil\u00e9s <\/span><br \/>&#10095; Soto de Lui\u00f1a<\/div>\n            <p>\n              <i class=\"icon-location\"><\/i> 39Km &#8226;\n              <i class=\"icon-difficulty\"><\/i> 2\/5\n            <\/p>\n          <\/div>\n          <div class=\"info-stage-bike__col-end\">\n            <img decoding=\"async\" src=\"https:\/\/cdn.pilgrim.es\/web\/caminos\/camino-norte\/pueblos\/soto-de-luina.jpg\" alt=\"Soto de Lui\u00f1a\" \/>\n          <\/div>\n        <\/div>\n        <hr \/>\n      <\/div>\n      <div class=\"card-stage-bike\">\n        <div class=\"info-stage-bike\">\n          <div class=\"info-stage-bike__col-start\">\n            <div>13.<\/div>\n            <div><span>Soto de Lui\u00f1a <\/span><br \/>&#10095; Luarca<\/div>\n            <p>\n              <i class=\"icon-location\"><\/i> 39Km &#8226;\n              <i class=\"icon-difficulty\"><\/i> 3\/5\n            <\/p>\n          <\/div>\n          <div class=\"info-stage-bike__col-end\">\n            <img decoding=\"async\" src=\"https:\/\/cdn.pilgrim.es\/web\/caminos\/camino-norte\/pueblos\/luarca.jpg\" alt=\"Luarca\" \/>\n          <\/div>\n        <\/div>\n        <hr \/>\n      <\/div>\n\n      <div class=\"card-stage-bike\">\n        <div class=\"info-stage-bike\">\n          <div class=\"info-stage-bike__col-start\">\n            <div>14.<\/div>\n            <div><span>Luarca <\/span><br \/>&#10095; Ribadeo<\/div>\n            <p>\n              <i class=\"icon-location\"><\/i> 50Km &#8226;\n              <i class=\"icon-difficulty\"><\/i> 3\/5\n            <\/p>\n          <\/div>\n          <div class=\"info-stage-bike__col-end\">\n            <img decoding=\"async\" src=\"https:\/\/cdn.pilgrim.es\/web\/caminos\/camino-norte\/pueblos\/ribadeo.jpg\" alt=\"Ribadeo\" \/>\n          <\/div>\n        <\/div>\n        <hr \/>\n      <\/div>\n      <div class=\"card-stage-bike\">\n        <div class=\"info-stage-bike\">\n          <div class=\"info-stage-bike__col-start\">\n            <div>15.<\/div>\n            <div><span>Ribadeo <\/span><br \/>&#10095; Abad\u00edn<\/div>\n            <p>\n              <i class=\"icon-location\"><\/i> 52Km &#8226;\n              <i class=\"icon-difficulty\"><\/i> 4\/5\n            <\/p>\n          <\/div>\n          <div class=\"info-stage-bike__col-end\">\n            <img decoding=\"async\" src=\"https:\/\/cdn.pilgrim.es\/web\/caminos\/camino-norte\/pueblos\/abadin.jpg\" alt=\"Abad\u00edn\" \/>\n          <\/div>\n        <\/div>\n        <hr \/>\n      <\/div>\n      <div class=\"card-stage-bike\">\n        <div class=\"info-stage-bike\">\n          <div class=\"info-stage-bike__col-start\">\n            <div>16.<\/div>\n            <div><span>Abad\u00edn <\/span><br \/>&#10095; Baamonde<\/div>\n            <p>\n              <i class=\"icon-location\"><\/i> 39Km &#8226;\n              <i class=\"icon-difficulty\"><\/i> 1\/5\n            <\/p>\n          <\/div>\n          <div class=\"info-stage-bike__col-end\">\n            <img decoding=\"async\" src=\"https:\/\/cdn.pilgrim.es\/web\/caminos\/camino-norte\/pueblos\/baamonde.jpg\" alt=\"Baamonde\" \/>\n          <\/div>\n        <\/div>\n        <hr \/>\n      <\/div>\n      <div class=\"card-stage-bike\">\n        <div class=\"info-stage-bike\">\n          <div class=\"info-stage-bike__col-start\">\n            <div>17.<\/div>\n            <div><span>Baamonde <\/span><br \/>&#10095; Arz\u00faa<\/div>\n            <p>\n              <i class=\"icon-location\"><\/i> 63Km &#8226;\n              <i class=\"icon-difficulty\"><\/i> 4\/5\n            <\/p>\n          <\/div>\n          <div class=\"info-stage-bike__col-end\">\n            <img decoding=\"async\" src=\"https:\/\/cdn.pilgrim.es\/web\/caminos\/camino-frances\/pueblos\/arzua\/arzua.jpg\" alt=\"Arz\u00faa\" \/>\n          <\/div>\n        <\/div>\n        <hr \/>\n      <\/div>\n      <div class=\"card-stage-bike\">\n        <div class=\"info-stage-bike\">\n          <div class=\"info-stage-bike__col-start\">\n            <div>18.<\/div>\n            <div><span>Arz\u00faa <\/span><br \/>&#10095; Santiago de Compostela<\/div>\n            <p>\n              <i class=\"icon-location\"><\/i> 39Km &#8226;\n              <i class=\"icon-difficulty\"><\/i> 2\/5\n            <\/p>\n          <\/div>\n          <div class=\"info-stage-bike__col-end\">\n            <img decoding=\"async\" src=\"https:\/\/cdn.pilgrim.es\/web\/caminos\/camino-frances\/pueblos\/santiago-de-compostela\/santiago-de-compostela.jpg\" alt=\"Santiago de Compostela\" \/>\n          <\/div>\n        <\/div>\n        <hr \/>\n      <\/div>\n    <\/div>\n  <\/section>\n\n  <section id=\"citiesTowns\">\n    <div class=\"container-cities-towns\">\n      <h4 class=\"p-h4--section\">Questo cammino vi piacer\u00e0, se vi piace\u2026<\/h4>\n      <hr class=\"orange-bar\" \/>\n      <h2>Citt\u00e0 e paesi<\/h2>\n      <div class=\"pills\">\n        <div class=\"label-pill label-pill--brown\">Storia<\/div>\n        <div class=\"label-pill label-pill--brown\">Patrimonio art\u00edstico<\/div>\n        <div class=\"label-pill label-pill--brown\">Cattedrali<\/div>\n        <div class=\"label-pill label-pill--brown\">Monasterios<\/div>\n        <div class=\"label-pill label-pill--brown\">Castelli<\/div>\n        <div class=\"label-pill label-pill--brown\">Architettura<\/div>\n      <\/div>\n    <\/div>\n  <\/section>\n\n  <div class=\"gallery-cities\">\n    <div class=\"item-gallery p-group \">\n      <img decoding=\"async\" src=\"https:\/\/cdn.pilgrim.es\/web\/caminos\/camino-norte\/pueblos\/san-sebastian.jpg\" alt=\"San Sebasti\u00e1n\" class=\"group-hover:p-scale-110\" \/>\n      <div class=\"overlay-darked group-hover:p-opacity-50\"><\/div>\n      <a class=\"stretched-link\" href=\"san-sebastian\/\"><p><b>San Sebasti\u00e1n<\/b><\/p><\/a>\n    <\/div>\n    <div class=\"item-gallery p-group\">\n      <img decoding=\"async\" src=\"https:\/\/cdn.pilgrim.es\/web\/caminos\/camino-norte\/pueblos\/bilbao.jpg\" alt=\"Bilbao\" class=\"group-hover:p-scale-110\"\/>\n      <div class=\"overlay-darked group-hover:p-opacity-50\"><\/div>\n      <a class=\"stretched-link\" href=\"bilbao\/\"><p><b>Bilbao<\/b><\/p><\/a>\n    <\/div>\n    <div class=\"item-gallery p-group\">\n      <img decoding=\"async\" src=\"https:\/\/cdn.pilgrim.es\/web\/caminos\/camino-norte\/pueblos\/santander.jpg\" alt=\"Santander\"  class=\"group-hover:p-scale-110\"\/>\n      <div class=\"overlay-darked group-hover:p-opacity-50\"><\/div>\n      <a class=\"stretched-link\" href=\"santander\/\"><p><b>Santander<\/b><\/p><\/a>\n    <\/div>\n    <div class=\"item-gallery p-group\">\n      <img decoding=\"async\" src=\"https:\/\/cdn.pilgrim.es\/web\/caminos\/camino-norte\/pueblos\/santillana-del-mar.jpg\" alt=\"Santillana del Mar\" class=\"group-hover:p-scale-110\"\/>\n      <div class=\"overlay-darked group-hover:p-opacity-50\"><\/div>\n      <a class=\"stretched-link\" href=\"santillana-del-mar\/\"><p><b>Santillana del Mar<\/b><\/p><\/a>\n    <\/div>\n    <div class=\"item-gallery p-group\">\n      <img decoding=\"async\" src=\"https:\/\/cdn.pilgrim.es\/web\/caminos\/camino-norte\/pueblos\/gijon.jpg\" alt=\"Gij\u00f3n\"  class=\"group-hover:p-scale-110\"\/>\n      <div class=\"overlay-darked group-hover:p-opacity-50\"><\/div>\n      <a class=\"stretched-link\" href=\"gijon\/\"><p><b>Gij\u00f3n<\/b><\/p><\/a>\n    <\/div>\n    <div class=\"item-gallery p-group\">\n      <img decoding=\"async\" src=\"https:\/\/cdn.pilgrim.es\/web\/caminos\/camino-norte\/pueblos\/ribadeo.jpg\" alt=\"Ribadeo\" class=\"group-hover:p-scale-110\"\/>\n      <div class=\"overlay-darked group-hover:p-opacity-50\"><\/div>\n      <a class=\"stretched-link\" href=\"ribadeo\/\"><p><b>Ribadeo<\/b><\/p><\/a>\n    <\/div>\n  <\/div>\n\n  <section id=\"infoWay\">\n    <div class=\"info-way-content\">\n      <nav class=\"nav-tab-info nav-tab-info--2-cols\">\n        <button id=\"infoTab\" data-target=\"history\" class=\"nav-link-info active\">\n          Informazioni\n        <\/button>\n        <button id=\"profileTab\" data-target=\"profileWay\" class=\"nav-link-info\">\n          Profilo\n        <\/button>\n      <\/nav>\n      <div id=\"history\" class=\"content-section-info\">\n        <div class=\"subtitle\">\n          <h4 class=\"p-h4--section\">Informazioni&#8230;<\/h4>\n          <hr \/>\n          <h2>Informazioni sul Cammino del Nord<\/h2>\n        <\/div>\n        <h3>Storia<\/h3>\n        <p class=\"p-mb-3\">\n          \u00c8 <strong>uno dei percorsi con pi\u00f9 storia,<\/strong> insieme al Cammino\n          Primitivo con un\u2019antichit\u00e0 simile alla tratta francese. Era il\n          percorso utilizzato in numerose occasioni dai re di tutto il\n          continente europeo per raggiungere Santiago. Tuttavia, ha perso\n          importanza a causa della stabilizzazione dei territori peninsulari\n          meridionali, dopo la Riconquista e il potenziamento del cammino\n          francese dalla monarchia del XII secolo. Nonostante ci\u00f2, la\n          persistenza dei pellegrinaggi che occasionalmente raggiungevano i\n          porti baschi e cantabrici via mare riuscirono a consolidare quello che\n          <strong>sarebbe gi\u00e0 diventato noto come il Sentiero costiero.<\/strong>\n        <\/p>\n        <p>\n          Illustri pellegrini contribuirono a questo processo di rinascita e\n          consolidamento della Via Settentrionale, come nel caso di San\n          Francesco d\u2019Assisi, che fece un pellegrinaggio a Santiago nel 1214 e,\n          secondo la leggenda, approfitt\u00f2 del suo pellegrinaggio per fondare\n          numerosi templi francescani. L\u2019esistenza di questi templi cristiani,\n          insediamenti templari e ospedali pellegrini ha anche contribuito a\n          posizionare il percorso lungo la costa ,nel posto che occupa oggi.\n        <\/p>\n      <\/div>\n      <div id=\"profileWay\" class=\"p-hidden content-section-info\">\n        <div class=\"subtitle\">\n          <h4 class=\"p-h4--section\">Profilo del Cammino del nord<\/h4>\n          <hr \/>\n          <h2>Distanze e altitudine<\/h2>\n        <\/div>\n        <img decoding=\"async\" src=\"https:\/\/cdn.pilgrim.es\/web\/caminos\/camino-norte\/home\/perfil-camino-del-norte.jpg\" alt=\"Profilo Cammino del Nord\" \/>\n      <\/div>\n    <\/div>\n  <\/section>\n\n  <section id=\"othersWays\" class=\"others-ways\">\n    <div class=\"others-ways__title\">\n      <h4 class=\"p-h4--section\">Ci sono altri percorsi, date un\u2019occhiata alle migliori alternative<\/h4>\n      <hr \/>\n      <h2>Altri percorsi consigliati<\/h2>\n    <\/div>\n    <div class=\"others-ways__content\">\n      <div>\n        <div class=\"each-way\">\n          <a href=\"https:\/\/www.pilgrim.es\/camino-primitivo\/\">\n            <div class=\"each-way__title\">Cammino Primitivo<\/div>\n          <\/a>\n          <div class=\"each-way__tips\">\n            <p>313 km \/ 14 giorni<\/p>\n            <i class=\"icon-arrow\"><\/i>\n          <\/div>\n        <\/div>\n        <hr \/>\n      <\/div>\n      <div>\n        <div class=\"each-way\">\n          <a href=\"https:\/\/www.pilgrim.es\/it\/cammino-francese\/\">\n            <div class=\"each-way__title\">Cammino Francese<\/div>\n          <\/a>\n          <div class=\"each-way__tips\">\n            <p>764 km \/ 33 giorni<\/p>\n            <i class=\"icon-arrow\"><\/i>\n          <\/div>\n        <\/div>\n        <hr \/>\n      <\/div>\n      <div>\n        <div class=\"each-way\">\n          <a href=\"https:\/\/www.pilgrim.es\/it\/cammino-inglese\/\">\n            <div class=\"each-way__title\">Cammino Inglese<\/div>\n          <\/a>\n          <div class=\"each-way__tips\">\n            <p>119 km \/ 6 giorni<\/p>\n            <i class=\"icon-arrow\"><\/i>\n          <\/div>\n        <\/div>\n        <hr \/>\n      <\/div>\n      <div>\n        <div class=\"each-way\">\n          <a href=\"https:\/\/www.pilgrim.es\/it\/cammino-di-santiago-da-sarria\/\">\n            <div class=\"each-way__title\">Camino Francese (Sarria)<\/div>\n          <\/a>\n          <div class=\"each-way__tips\">\n            <p>115 km \/ 5 giorni<\/p>\n            <i class=\"icon-arrow\"><\/i>\n          <\/div>\n        <\/div>\n        <hr \/>\n      <\/div>\n      <div>\n        <div class=\"each-way\">\n          <a href=\"https:\/\/www.pilgrim.es\/it\/cammino-portoghese\/\">\n            <div class=\"each-way__title\">Cammino Portoghese<\/div>\n          <\/a>\n          <div class=\"each-way__tips\">\n            <p>620 km \/ 25 giorni<\/p>\n            <i class=\"icon-arrow\"><\/i>\n          <\/div>\n        <\/div>\n        <hr \/>\n      <\/div>\n      <div>\n        <div class=\"each-way\">\n          <a href=\"https:\/\/www.pilgrim.es\/it\/via-plata\/\">\n            <div class=\"each-way__title\">V\u00eda de la Plata<\/div>\n          <\/a>\n          <div class=\"each-way__tips\">\n            <p>960 km \/ 38 giorni<\/p>\n            <i class=\"icon-arrow\"><\/i>\n          <\/div>\n        <\/div>\n        <hr \/>\n      <\/div>\n    <\/div>\n  <\/section>\n  <section id=\"faqs\">\n    <div class=\"title\">\n      <h4 class=\"p-h4--section\">Informazioni pratiche<\/h4>\n      <hr \/>\n      <h2>Le domande pi\u00fa frequenti sul Cammino del Nord<\/h2>\n    <\/div>\n    <div class=\"container\">\n      <div>\n        <button class=\"accordion-btn\">\n          <div class=\"accordion-btn__question\">\n            <h3>Quante sono le tappe del Camino del Nord?<\/h3>\n            <span>+<\/span>\n          <\/div>\n          <hr \/>\n        <\/button>\n        <div class=\"accordion-content\">\n          <p>\n            Come si evince dal\n            <a href=\"#stagesFoot\" class=\"p-underline\">sezione palco<\/a>, Il\n            Cammino del Nord \u00e8 composto da un totale di 35 tappe per una\n            distanza di 804 km a partire dalla citt\u00e0 basca di Ir\u00fan. Se si\n            percorre il\n            <a href=\"#stagesBike\" class=\"p-underline\">Camino del Nord in bici<\/a>\n            il numero di tappe sar\u00e0 di 18.\n          <\/p>\n        <\/div>\n      <\/div>\n      <div>\n        <button class=\"accordion-btn\">\n          <div class=\"accordion-btn__question\">\n            <h3>\u00c8 necessario fare tutto il Cammino del Nord?<\/h3>\n            <span>+<\/span>\n          <\/div>\n          <hr \/>\n        <\/button>\n        <div class=\"accordion-content\">\n          <p>\n            Se il vostro obiettivo \u00e8 ottenere\n            <a href=\"https:\/\/www.pilgrim.es\/it\/pianificare\/la-compostela\/\" class=\"p-underline\">la Compostela<\/a>, \u00e8 necessario percorrere almeno gli ultimi 100 km del Camino, che\n            nel caso di questo itinerario si fanno partendo dalla citt\u00e0 di\n            Vilalba. Tuttavia, se si percorre il Camino in bicicletta, la\n            distanza minima \u00e8 di 200 km, il che porta a partire da La Caridad.\n          <\/p>\n        <\/div>\n      <\/div>\n      <div>\n        <button class=\"accordion-btn\">\n          <div class=\"accordion-btn__question\">\n            <h3>Quali sono i luoghi pi\u00f9 famosi del Cammino del Nord?<\/h3>\n            <span>+<\/span>\n          <\/div>\n          <hr \/>\n        <\/button>\n        <div class=\"accordion-content\">\n          <p>\n            Lungo il percorso settentrionale si attraversano numerose citt\u00e0,\n            ognuna con il suo fascino. Tuttavia, ci sono alcune citt\u00e0 che fanno\n            innamorare i pellegrini del loro passaggio, tra cui: San Sebastian,\n            Deba, Bilbao Santander o Llanes, tra le altre.\n          <\/p>\n        <\/div>\n      <\/div>\n      <div>\n        <button class=\"accordion-btn\">\n          <div class=\"accordion-btn__question\">\n            <h3>I migliori paesaggi del Camino del Nord<\/h3>\n            <span>+<\/span>\n          <\/div>\n          <hr \/>\n        <\/button>\n        <div class=\"accordion-content\">\n          <p>\n            Il Cammino del Nord \u00e8 unico dal punto di vista paesaggistico, poich\u00e9\n            il suo percorso si snoda lungo la costa della Spagna settentrionale,\n            scontrandosi con i prati e le verdi foreste caratteristiche di\n            queste terre. Potrete scoprire un gran numero di spiagge che\n            toglieranno il fiato a qualsiasi pellegrino.\n          <\/p>\n        <\/div>\n      <\/div>\n      <div>\n        <button class=\"accordion-btn\">\n          <div class=\"accordion-btn__question\">\n            <h3>Curiosit\u00e0 del Cammino del Nord<\/h3>\n            <span>+<\/span>\n          <\/div>\n          <hr \/>\n        <\/button>\n        <div class=\"accordion-content\">\n          <p>\n            Il Cammino del Nord \u00e8 chiamato anche\n            <a href=\"https:\/\/www.pilgrim.es\/it\/cammino-nord\/\" class=\"p-underline\">Cammino della Costa<\/a>\n            per il suo percorso vicino al Mar Cantabrico. Fu molto importante\n            durante la conquista musulmana della Penisola Iberica e la\n            conseguente insicurezza della rotta francese. Il percorso attraversa\n            regioni come i Paesi Baschi, considerati uno dei luoghi con la\n            migliore gastronomia al mondo.\n          <\/p>\n        <\/div>\n      <\/div>\n      <div>\n        <button class=\"accordion-btn\">\n          <div class=\"accordion-btn__question\">\n            <h3>\n              Volete avere maggiori informazioni sui percorsi del Cammino?\n            <\/h3>\n            <span>+<\/span>\n          <\/div>\n          <hr \/>\n        <\/button>\n        <div class=\"accordion-content\">\n          <p>\n            In\n            <a href=\"\/it\/\" class=\"p-underline\">Pilgrim.es<\/a>\n            abbiamo le informazioni pi\u00f9 complete su questo Cammino e su molti\n            altri. Entrate nel nostro sito e scoprite tutti gli itinerari che\n            compongono il\n            <a href=\"https:\/\/www.pilgrim.es\/it\/cammini\/\" class=\"p-underline\">Camino di Santiago<\/a>,\n            le sue tappe, le mappe e persino i villaggi con le indicazioni su\n            cosa vedere in ognuno di essi.\n          <\/p>\n        <\/div>\n      <\/div>\n    <\/div>\n  <\/section>\n  <section id=\"infoPilgrim\">\n    <div class=\"title\">\n      <h4 class=\"p-h4--section\">Conosceteci meglio<\/h4>\n      <hr \/>\n      <h2>Aiutare i pellegrini dal 2016<\/h2>\n    <\/div>\n    <div class=\"content\">\n      <div class=\"content__card\">\n        <div class=\"content__card__icon\">\n          <i class=\"icon-users\"><\/i>\n        <\/div>\n        <p class=\"content__card__title\">Pellegrini<\/p>\n        <p class=\"content__card__quantity\">+54.000<\/p>\n      <\/div>\n      <div class=\"content__card\">\n        <div class=\"content__card__icon\">\n          <i class=\"icon-world\"><\/i>\n        <\/div>\n        <p class=\"content__card__title\">Nazionalit\u00e0<\/p>\n        <p class=\"content__card__quantity\">+45<\/p>\n      <\/div>\n      <div class=\"content__card\">\n        <div class=\"content__card__icon\">\n          <i class=\"icon-star\"><\/i>\n        <\/div>\n        <p class=\"content__card__title\">Valutazione di Google<\/p>\n        <p class=\"content__card__quantity\">4,7 &#9733;<\/p>\n      <\/div>\n      <div class=\"content__card\">\n        <div class=\"content__card__icon\">\n          <i class=\"icon-home\"><\/i>\n        <\/div>\n        <p class=\"content__card__title\">Aziende affiliate<\/p>\n        <p class=\"content__card__quantity\">+7500<\/p>\n      <\/div>\n    <\/div>\n  <\/section>\n<\/div>\n","protected":false},"excerpt":{"rendered":"<p>Cammino del Nord 35 Tappe a piedi \/ 18 Tappe in bicicleta \u00a1Buon Cammino! Perch\u00e8 scegliere il Cammino del Nord? Troviamo in questo versante un cammino meno massificato rispetto al Francese, che ha una buona segnaletica ma che ha anche meno infrastrutture. \u00c9 il secondo percorso pi\u00fa largo,proprio dietro la V\u00eda de la Plata, che &hellip; <\/p>\n<p class=\"read_more\"><a href=\"https:\/\/www.pilgrim.es\/it\/cammino-nord\/\">Leer m\u00e1s<\/a><\/p>\n","protected":false},"author":4,"featured_media":10480,"parent":0,"menu_order":0,"comment_status":"closed","ping_status":"open","template":"views\/template-new-web-design.blade.php","meta":{"footnotes":""},"categories":[],"tags":[],"class_list":["post-10817","page","type-page","status-publish","has-post-thumbnail","hentry"],"yoast_head":"<!-- This site is optimized with the Yoast SEO plugin v27.4 - https:\/\/yoast.com\/product\/yoast-seo-wordpress\/ -->\n<title>\u25b7 Cammino del Nord | Tappe e Mappa | Cammino di Santiago | Pilgrim.es<\/title>\n<meta name=\"description\" content=\"Cammino del Nord Scopri tutte le informazioni sulle tappe, distanze, punti di interessi e tracciato \u2705. Sperimenta la magia del Cammino di Santiago.\" \/>\n<meta name=\"robots\" content=\"index, follow, max-snippet:-1, max-image-preview:large, max-video-preview:-1\" \/>\n<link rel=\"canonical\" href=\"https:\/\/www.pilgrim.es\/it\/cammino-nord\/\" \/>\n<meta property=\"og:locale\" content=\"it_IT\" \/>\n<meta property=\"og:type\" content=\"article\" \/>\n<meta property=\"og:title\" content=\"\u25b7 Cammino del Nord | Tappe e Mappa | Cammino di Santiago | Pilgrim.es\" \/>\n<meta property=\"og:description\" content=\"Cammino del Nord Scopri tutte le informazioni sulle tappe, distanze, punti di interessi e tracciato \u2705. Sperimenta la magia del Cammino di Santiago.\" \/>\n<meta property=\"og:url\" content=\"https:\/\/www.pilgrim.es\/it\/cammino-nord\/\" \/>\n<meta property=\"og:site_name\" content=\"Pilgrim\" \/>\n<meta property=\"article:publisher\" content=\"https:\/\/www.facebook.com\/pilgrim.es\/\" \/>\n<meta property=\"article:modified_time\" content=\"2025-11-21T13:20:36+00:00\" \/>\n<meta property=\"og:image\" content=\"https:\/\/www.pilgrim.es\/wp-content\/uploads\/2019\/02\/fondo-camino-del-norte-def-01.jpg\" \/>\n\t<meta property=\"og:image:width\" content=\"1131\" \/>\n\t<meta property=\"og:image:height\" content=\"523\" \/>\n\t<meta property=\"og:image:type\" content=\"image\/jpeg\" \/>\n<meta name=\"twitter:card\" content=\"summary_large_image\" \/>\n<meta name=\"twitter:site\" content=\"@pilgrim_es\" \/>\n<meta name=\"twitter:label1\" content=\"Tempo di lettura stimato\" \/>\n\t<meta name=\"twitter:data1\" content=\"6 minuti\" \/>\n<script type=\"application\/ld+json\" class=\"yoast-schema-graph\">{\"@context\":\"https:\\\/\\\/schema.org\",\"@graph\":[{\"@type\":\"WebPage\",\"@id\":\"https:\\\/\\\/www.pilgrim.es\\\/it\\\/cammino-nord\\\/\",\"url\":\"https:\\\/\\\/www.pilgrim.es\\\/it\\\/cammino-nord\\\/\",\"name\":\"\u25b7 Cammino del Nord | Tappe e Mappa | Cammino di Santiago | Pilgrim.es\",\"isPartOf\":{\"@id\":\"https:\\\/\\\/www.pilgrim.es\\\/it\\\/#website\"},\"primaryImageOfPage\":{\"@id\":\"https:\\\/\\\/www.pilgrim.es\\\/it\\\/cammino-nord\\\/#primaryimage\"},\"image\":{\"@id\":\"https:\\\/\\\/www.pilgrim.es\\\/it\\\/cammino-nord\\\/#primaryimage\"},\"thumbnailUrl\":\"https:\\\/\\\/www.pilgrim.es\\\/wp-content\\\/uploads\\\/2019\\\/02\\\/fondo-camino-del-norte-def-01.jpg\",\"datePublished\":\"2019-02-14T11:03:45+00:00\",\"dateModified\":\"2025-11-21T13:20:36+00:00\",\"description\":\"Cammino del Nord Scopri tutte le informazioni sulle tappe, distanze, punti di interessi e tracciato \u2705. Sperimenta la magia del Cammino di Santiago.\",\"breadcrumb\":{\"@id\":\"https:\\\/\\\/www.pilgrim.es\\\/it\\\/cammino-nord\\\/#breadcrumb\"},\"inLanguage\":\"it-IT\",\"potentialAction\":[{\"@type\":\"ReadAction\",\"target\":[\"https:\\\/\\\/www.pilgrim.es\\\/it\\\/cammino-nord\\\/\"]}]},{\"@type\":\"ImageObject\",\"inLanguage\":\"it-IT\",\"@id\":\"https:\\\/\\\/www.pilgrim.es\\\/it\\\/cammino-nord\\\/#primaryimage\",\"url\":\"https:\\\/\\\/www.pilgrim.es\\\/wp-content\\\/uploads\\\/2019\\\/02\\\/fondo-camino-del-norte-def-01.jpg\",\"contentUrl\":\"https:\\\/\\\/www.pilgrim.es\\\/wp-content\\\/uploads\\\/2019\\\/02\\\/fondo-camino-del-norte-def-01.jpg\",\"width\":1131,\"height\":523,\"caption\":\"Percorso cammino del nord\"},{\"@type\":\"BreadcrumbList\",\"@id\":\"https:\\\/\\\/www.pilgrim.es\\\/it\\\/cammino-nord\\\/#breadcrumb\",\"itemListElement\":[{\"@type\":\"ListItem\",\"position\":1,\"name\":\"Camino de Santiago\",\"item\":\"https:\\\/\\\/www.pilgrim.es\\\/it\\\/\"},{\"@type\":\"ListItem\",\"position\":2,\"name\":\"Cammino del Nord\"}]},{\"@type\":\"WebSite\",\"@id\":\"https:\\\/\\\/www.pilgrim.es\\\/it\\\/#website\",\"url\":\"https:\\\/\\\/www.pilgrim.es\\\/it\\\/\",\"name\":\"Pilgrim\",\"description\":\"Camino de Santiago | Caminamos Contigo\",\"publisher\":{\"@id\":\"https:\\\/\\\/www.pilgrim.es\\\/it\\\/#organization\"},\"potentialAction\":[{\"@type\":\"SearchAction\",\"target\":{\"@type\":\"EntryPoint\",\"urlTemplate\":\"https:\\\/\\\/www.pilgrim.es\\\/it\\\/?s={search_term_string}\"},\"query-input\":{\"@type\":\"PropertyValueSpecification\",\"valueRequired\":true,\"valueName\":\"search_term_string\"}}],\"inLanguage\":\"it-IT\"},{\"@type\":\"Organization\",\"@id\":\"https:\\\/\\\/www.pilgrim.es\\\/it\\\/#organization\",\"name\":\"Pilgrim Camino de Santiago\",\"url\":\"https:\\\/\\\/www.pilgrim.es\\\/it\\\/\",\"logo\":{\"@type\":\"ImageObject\",\"inLanguage\":\"it-IT\",\"@id\":\"https:\\\/\\\/www.pilgrim.es\\\/it\\\/#\\\/schema\\\/logo\\\/image\\\/\",\"url\":\"https:\\\/\\\/www.pilgrim.es\\\/wp-content\\\/uploads\\\/2019\\\/04\\\/logo_pilgrim.png\",\"contentUrl\":\"https:\\\/\\\/www.pilgrim.es\\\/wp-content\\\/uploads\\\/2019\\\/04\\\/logo_pilgrim.png\",\"width\":512,\"height\":512,\"caption\":\"Pilgrim Camino de Santiago\"},\"image\":{\"@id\":\"https:\\\/\\\/www.pilgrim.es\\\/it\\\/#\\\/schema\\\/logo\\\/image\\\/\"},\"sameAs\":[\"https:\\\/\\\/www.facebook.com\\\/pilgrim.es\\\/\",\"https:\\\/\\\/x.com\\\/pilgrim_es\",\"https:\\\/\\\/www.instagram.com\\\/pilgrim.es\\\/\",\"https:\\\/\\\/www.linkedin.com\\\/company\\\/pilgrim-camino-de-santiago\\\/\",\"https:\\\/\\\/www.pinterest.es\\\/pilgrimcaminodesantiago\\\/\",\"https:\\\/\\\/www.youtube.com\\\/channel\\\/UCIv2ZzFLXVqthkNF32rKedw\\\/featured\"]}]}<\/script>\n<!-- \/ Yoast SEO plugin. -->","yoast_head_json":{"title":"\u25b7 Cammino del Nord | Tappe e Mappa | Cammino di Santiago | Pilgrim.es","description":"Cammino del Nord Scopri tutte le informazioni sulle tappe, distanze, punti di interessi e tracciato \u2705. Sperimenta la magia del Cammino di Santiago.","robots":{"index":"index","follow":"follow","max-snippet":"max-snippet:-1","max-image-preview":"max-image-preview:large","max-video-preview":"max-video-preview:-1"},"canonical":"https:\/\/www.pilgrim.es\/it\/cammino-nord\/","og_locale":"it_IT","og_type":"article","og_title":"\u25b7 Cammino del Nord | Tappe e Mappa | Cammino di Santiago | Pilgrim.es","og_description":"Cammino del Nord Scopri tutte le informazioni sulle tappe, distanze, punti di interessi e tracciato \u2705. Sperimenta la magia del Cammino di Santiago.","og_url":"https:\/\/www.pilgrim.es\/it\/cammino-nord\/","og_site_name":"Pilgrim","article_publisher":"https:\/\/www.facebook.com\/pilgrim.es\/","article_modified_time":"2025-11-21T13:20:36+00:00","og_image":[{"width":1131,"height":523,"url":"https:\/\/www.pilgrim.es\/wp-content\/uploads\/2019\/02\/fondo-camino-del-norte-def-01.jpg","type":"image\/jpeg"}],"twitter_card":"summary_large_image","twitter_site":"@pilgrim_es","twitter_misc":{"Tempo di lettura stimato":"6 minuti"},"schema":{"@context":"https:\/\/schema.org","@graph":[{"@type":"WebPage","@id":"https:\/\/www.pilgrim.es\/it\/cammino-nord\/","url":"https:\/\/www.pilgrim.es\/it\/cammino-nord\/","name":"\u25b7 Cammino del Nord | Tappe e Mappa | Cammino di Santiago | Pilgrim.es","isPartOf":{"@id":"https:\/\/www.pilgrim.es\/it\/#website"},"primaryImageOfPage":{"@id":"https:\/\/www.pilgrim.es\/it\/cammino-nord\/#primaryimage"},"image":{"@id":"https:\/\/www.pilgrim.es\/it\/cammino-nord\/#primaryimage"},"thumbnailUrl":"https:\/\/www.pilgrim.es\/wp-content\/uploads\/2019\/02\/fondo-camino-del-norte-def-01.jpg","datePublished":"2019-02-14T11:03:45+00:00","dateModified":"2025-11-21T13:20:36+00:00","description":"Cammino del Nord Scopri tutte le informazioni sulle tappe, distanze, punti di interessi e tracciato \u2705. Sperimenta la magia del Cammino di Santiago.","breadcrumb":{"@id":"https:\/\/www.pilgrim.es\/it\/cammino-nord\/#breadcrumb"},"inLanguage":"it-IT","potentialAction":[{"@type":"ReadAction","target":["https:\/\/www.pilgrim.es\/it\/cammino-nord\/"]}]},{"@type":"ImageObject","inLanguage":"it-IT","@id":"https:\/\/www.pilgrim.es\/it\/cammino-nord\/#primaryimage","url":"https:\/\/www.pilgrim.es\/wp-content\/uploads\/2019\/02\/fondo-camino-del-norte-def-01.jpg","contentUrl":"https:\/\/www.pilgrim.es\/wp-content\/uploads\/2019\/02\/fondo-camino-del-norte-def-01.jpg","width":1131,"height":523,"caption":"Percorso cammino del nord"},{"@type":"BreadcrumbList","@id":"https:\/\/www.pilgrim.es\/it\/cammino-nord\/#breadcrumb","itemListElement":[{"@type":"ListItem","position":1,"name":"Camino de Santiago","item":"https:\/\/www.pilgrim.es\/it\/"},{"@type":"ListItem","position":2,"name":"Cammino del Nord"}]},{"@type":"WebSite","@id":"https:\/\/www.pilgrim.es\/it\/#website","url":"https:\/\/www.pilgrim.es\/it\/","name":"Pilgrim","description":"Camino de Santiago | Caminamos Contigo","publisher":{"@id":"https:\/\/www.pilgrim.es\/it\/#organization"},"potentialAction":[{"@type":"SearchAction","target":{"@type":"EntryPoint","urlTemplate":"https:\/\/www.pilgrim.es\/it\/?s={search_term_string}"},"query-input":{"@type":"PropertyValueSpecification","valueRequired":true,"valueName":"search_term_string"}}],"inLanguage":"it-IT"},{"@type":"Organization","@id":"https:\/\/www.pilgrim.es\/it\/#organization","name":"Pilgrim Camino de Santiago","url":"https:\/\/www.pilgrim.es\/it\/","logo":{"@type":"ImageObject","inLanguage":"it-IT","@id":"https:\/\/www.pilgrim.es\/it\/#\/schema\/logo\/image\/","url":"https:\/\/www.pilgrim.es\/wp-content\/uploads\/2019\/04\/logo_pilgrim.png","contentUrl":"https:\/\/www.pilgrim.es\/wp-content\/uploads\/2019\/04\/logo_pilgrim.png","width":512,"height":512,"caption":"Pilgrim Camino de Santiago"},"image":{"@id":"https:\/\/www.pilgrim.es\/it\/#\/schema\/logo\/image\/"},"sameAs":["https:\/\/www.facebook.com\/pilgrim.es\/","https:\/\/x.com\/pilgrim_es","https:\/\/www.instagram.com\/pilgrim.es\/","https:\/\/www.linkedin.com\/company\/pilgrim-camino-de-santiago\/","https:\/\/www.pinterest.es\/pilgrimcaminodesantiago\/","https:\/\/www.youtube.com\/channel\/UCIv2ZzFLXVqthkNF32rKedw\/featured"]}]}},"_links":{"self":[{"href":"https:\/\/www.pilgrim.es\/it\/wp-json\/wp\/v2\/pages\/10817","targetHints":{"allow":["GET"]}}],"collection":[{"href":"https:\/\/www.pilgrim.es\/it\/wp-json\/wp\/v2\/pages"}],"about":[{"href":"https:\/\/www.pilgrim.es\/it\/wp-json\/wp\/v2\/types\/page"}],"author":[{"embeddable":true,"href":"https:\/\/www.pilgrim.es\/it\/wp-json\/wp\/v2\/users\/4"}],"replies":[{"embeddable":true,"href":"https:\/\/www.pilgrim.es\/it\/wp-json\/wp\/v2\/comments?post=10817"}],"version-history":[{"count":32,"href":"https:\/\/www.pilgrim.es\/it\/wp-json\/wp\/v2\/pages\/10817\/revisions"}],"predecessor-version":[{"id":138624,"href":"https:\/\/www.pilgrim.es\/it\/wp-json\/wp\/v2\/pages\/10817\/revisions\/138624"}],"wp:featuredmedia":[{"embeddable":true,"href":"https:\/\/www.pilgrim.es\/it\/wp-json\/wp\/v2\/media\/10480"}],"wp:attachment":[{"href":"https:\/\/www.pilgrim.es\/it\/wp-json\/wp\/v2\/media?parent=10817"}],"wp:term":[{"taxonomy":"category","embeddable":true,"href":"https:\/\/www.pilgrim.es\/it\/wp-json\/wp\/v2\/categories?post=10817"},{"taxonomy":"post_tag","embeddable":true,"href":"https:\/\/www.pilgrim.es\/it\/wp-json\/wp\/v2\/tags?post=10817"}],"curies":[{"name":"wp","href":"https:\/\/api.w.org\/{rel}","templated":true}]}}