{"id":97914,"date":"2025-03-28T10:17:08","date_gmt":"2025-03-28T10:17:08","guid":{"rendered":"https:\/\/www.pilgrim.es\/?page_id=97914"},"modified":"2025-04-02T11:22:11","modified_gmt":"2025-04-02T11:22:11","slug":"sao-miguel-de-arcos","status":"publish","type":"page","link":"https:\/\/www.pilgrim.es\/en\/portuguese-way\/sao-miguel-de-arcos\/","title":{"rendered":"S\u00e3o Miguel de Arcos"},"content":{"rendered":"\n<section id=\"hero\">\n    <h1>S\u00e3o Miguel de Arcos<\/h1>\n    <div class=\"hero-grid\">\n        <div class=\"hero-grid__town-col\"\n            data-background=\"https:\/\/cdn.pilgrim.es\/web\/caminos\/camino-portugues\/pueblos\/sao-miguel-de-arcos\/sao-miguel-de-arcos.jpg\">\n            <div>\n                <a class=\"link-to-stage\" href=\"https:\/\/www.pilgrim.es\/en\/portuguese-way\/stage-15-oporto-sao-miguel-de-arcos\/\">\n                    <p>&#8249; Back to the stage<\/p>\n                <\/a>\n\n                <div class=\"town-data\">\n                    <h2>S\u00e3o Miguel de Arcos<\/h2>\n                    <ul>\n                        <li>Residents: 800 approx.<\/li>\n                        <li>Province: Oporto <\/li>\n                    <\/ul>\n                <\/div>\n            <\/div>\n        <\/div>\n        <div class=\"hero-grid__planner-col\"><div\r\n  class=\"p-col-span-1 p-rounded-lg p-px-5 p-h-full\"\r\n  style=\"background-image: url('https:\/\/cdn.pilgrim.es\/web\/pilgrim-planner\/bg-plugin-planificador.webp')\"\r\n  rel=\"preload\"\r\n  fetchpriority=\"high\"\r\n  >\r\n    <div class=\"p-text-center p-pt-5 p-text-white p-text-2xl p-font-semibold\">\r\n      Plan your journey    <\/div>\r\n    <div\r\n            id='primary-app'\r\n            data-name='banner'\r\n            data-api='https:\/\/pathfinder.pilgrim.es\/api\/pathfinder\/v2'\r\n            data-mode='normal'\r\n            data-lang='en'\r\n            data-route='1'\r\n            data-destiny='https:\/\/planificador.pilgrim.es'\r\n            data-modality='1'\r\n            data-inline=''\r\n        ><\/div><\/div><\/div>\n    <\/div>\n<\/section>\n\n<section id=\"infoTown\">\n    <div class=\"sections-town\">\n\n        <div id=\"informationSection\">\n            <div>\n                <h2 class=\"p-h2-town\">Information<\/h2>\n                <hr>\n                <h3 class=\"p-h3-town\">Get to know S\u00e3o Miguel de Arcos<\/h3>\n            <\/div>\n            <p>S\u00e3o Miguel dos Arcos is a picturesque municipality located in the northern region of Portugal,\n                specifically in the district of Braga. This charming place combines the natural beauty of its\n                surroundings with a rich cultural history, making it an ideal destination for those seeking an authentic\n                and peaceful experience in the heart of the Minho region.<\/p>\n            <p>S\u00e3o Miguel dos Arcos is known for its religious festivals, particularly the feast of S\u00e3o Miguel, which is\n                celebrated in honor of the town&#8217;s patron, the Archangel Michael. These festivities include processions,\n                traditional music, dances, and a wide variety of events that bring together locals and visitors in a\n                festive atmosphere.<\/p>\n        <\/div>\n\n        <div id=\"locationSection\">\n            <div>\n                <h2 class=\"p-h2-town\">Location<\/h2>\n                <hr>\n                <h3 class=\"p-h3-town\">How to get there<\/h3>\n            <\/div>\n            <p>The fastest option to reach this town would be to fly to Porto, as Porto Airport is the closest to S\u00e3o\n                Miguel dos Arcos. Once in Porto, it would be as simple as taking a train or a bus from the city center\n                heading to Braga, where we will need to transfer to head towards S\u00e3o Miguel dos Arcos.<\/p>\n\n            <p>If we choose to travel by road, we should use Madrid as a reference point, taking the A-6 towards A\n                Coru\u00f1a. We will cross the border into Portugal and continue on the A-3 until we reach Porto. From Porto,\n                we will take the A28 heading north and then the N206 to S\u00e3o Miguel dos Arcos.<\/p>\n            <div>\n                <div>\n  <iframe loading=\"lazy\"\n    src=\"https:\/\/www.google.com\/maps\/d\/embed?mid=1voGC9mSSGr4KJcsxBWqmN7Phx100JV8&ehbc=2E312F\"\n    width=\"640\"\n    height=\"480\"\n    alt=\"Mapa S\u00e3o Miguel de Arcos\"\n  ><\/iframe>\n<\/div>\n\n            <\/div>\n        <\/div>\n\n\n        <div id=\"toVisitSection\">\n            <div>\n                <h2 class=\"p-h2-town\">History \/ Culture<\/h2>\n                <hr>\n                <h3 class=\"p-h3-town\">What to see<\/h3>\n            <\/div>\n            <div>\n                <div class=\"accordion\">\n                    <div class=\"accordion__menu\">\n                        <nav>\n\n                            <button class=\"nav-tab-accordion active\"><span>&#10093;<\/span><span> S\u00e3o Miguel\n                                    Church<\/span><\/button>\n\n                            <button class=\"nav-tab-accordion \"><span>&#10093;<\/span><span> Old Town<\/span><\/button>\n\n                            <button class=\"nav-tab-accordion \"><span>&#10093;<\/span><span> Braga<\/span><\/button>\n\n                            <button class=\"nav-tab-accordion \"><span>&#10093;<\/span><span> Guimar\u00e3es<\/span><\/button>\n                        <\/nav>\n                    <\/div>\n\n\n                    <div class=\"accordion__accordion-content \">\n                        <div>\n                            <div>\n                                <h4>S\u00e3o Miguel Church<\/h4>\n                                <p>The Church of S\u00e3o Miguel dos Arcos is one of the main points of interest in the town.\n                                    This religious building, which gives the town its name, is a historic construction\n                                    with traditional architecture. The church is an important symbol for the locals and\n                                    has a rich history linked to the devotion to the Archangel Michael.<\/p>\n                            <\/div>\n                            <img decoding=\"async\" src=\"https:\/\/cdn.pilgrim.es\/web\/caminos\/camino-portugues\/pueblos\/sao-miguel-de-arcos\/puntos-de-interes\/iglesia-sao-miguel-de-arcos.jpg\"\n                                alt=\"S\u00e3o Miguel Church\">\n                        <\/div>\n                    <\/div>\n\n                    <div class=\"accordion__accordion-content inactive\">\n                        <div>\n                            <div>\n                                <h4>Old Town<\/h4>\n                                <p>The small old town of S\u00e3o Miguel dos Arcos retains many features of the traditional\n                                    villages in the Minho region. Here, you can stroll through its narrow cobbled\n                                    streets, enjoy the stone houses, and observe local life in its authentic setting.\n                                <\/p>\n                            <\/div>\n                            <img decoding=\"async\" src=\"https:\/\/cdn.pilgrim.es\/web\/caminos\/camino-portugues\/pueblos\/sao-miguel-de-arcos\/puntos-de-interes\/casco-antiguo-sao-miguel-de-arcos.jpg\"\n                                alt=\"Old Town\">\n                        <\/div>\n                    <\/div>\n\n                    <div class=\"accordion__accordion-content inactive\">\n                        <div>\n                            <div>\n                                <h4>Braga<\/h4>\n                                <p>Just about 20 minutes by car, Braga is a historic city with many places of interest,\n                                    such as the Sanctuary of Bom Jesus do Monte, the Braga Cathedral, and impressive\n                                    architecture.<\/p>\n                            <\/div>\n                            <img decoding=\"async\" src=\"https:\/\/cdn.pilgrim.es\/web\/caminos\/camino-portugues\/pueblos\/sao-miguel-de-arcos\/puntos-de-interes\/braga.jpg\"\n                                alt=\"Braga\">\n                        <\/div>\n                    <\/div>\n\n                    <div class=\"accordion__accordion-content inactive\">\n                        <div>\n                            <div>\n                                <h4>Guimar\u00e3es<\/h4>\n                                <p>About 40 minutes by car, it is a city declared a UNESCO World Heritage site, known as\n                                    the birthplace of the Portuguese nation.<\/p>\n                            <\/div>\n                            <img decoding=\"async\" src=\"https:\/\/cdn.pilgrim.es\/web\/caminos\/camino-portugues\/pueblos\/sao-miguel-de-arcos\/puntos-de-interes\/guimaraes.jpg\"\n                                alt=\"Guimar\u00e3es\">\n                        <\/div>\n                    <\/div>\n\n\n\n                <\/div>\n            <\/div>\n        <\/div>\n\n\n        <div id=\"phonesSection\">\n            <div>\n                <h2 class=\"p-h3-town\">Information of interest<\/h2>\n            <\/div>\n            <div class=\"grid\">\n\n                <div class=\"phone-number-item\">\n                    <div class=\"phone-number-item__icon\"><i class=\"icon-police\"><\/i><\/div>\n                    <div class=\"phone-number-item__title\">\n                        <h3 class=\"p-font-bold\">Local police<\/h3>\n                        <p><\/p>\n\n                    <\/div>\n                <\/div>\n\n                <div class=\"phone-number-item\">\n                    <div class=\"phone-number-item__icon\"><i class=\"None\"><\/i><\/div>\n                    <div class=\"phone-number-item__title\">\n                        <h3 class=\"p-font-bold\">Public Security Police<\/h3>\n                        <p>+351 252 648 400<\/p>\n\n                    <\/div>\n                <\/div>\n\n                <div class=\"phone-number-item\">\n                    <div class=\"phone-number-item__icon\"><i class=\"icon-firefighters\"><\/i><\/div>\n                    <div class=\"phone-number-item__title\">\n                        <h3 class=\"p-font-bold\">Fire department<\/h3>\n                        <p>+351 252 648 300<\/p>\n\n                    <\/div>\n                <\/div>\n\n                <div class=\"phone-number-item\">\n                    <div class=\"phone-number-item__icon\"><i class=\"icon-civil-protection\"><\/i><\/div>\n                    <div class=\"phone-number-item__title\">\n                        <h3 class=\"p-font-bold\">Civil protection<\/h3>\n                        <p>+351 21 391 39 33 (Portuguese Red Cross)<\/p>\n\n                    <\/div>\n                <\/div>\n\n                <div class=\"phone-number-item\">\n                    <div class=\"phone-number-item__icon\"><i class=\"icon-town-council\"><\/i><\/div>\n                    <div class=\"phone-number-item__title\">\n                        <h3 class=\"p-font-bold\">Town hall<\/h3>\n                        <p>+351 252 248 700<\/p>\n\n                    <\/div>\n                <\/div>\n\n                <div class=\"phone-number-item\">\n                    <div class=\"phone-number-item__icon\"><i class=\"icon-hospital\"><\/i><\/div>\n                    <div class=\"phone-number-item__title\">\n                        <h3 class=\"p-font-bold\">Health center<\/h3>\n                        <p>+351 252 648 600<\/p>\n\n                    <\/div>\n                <\/div>\n\n                <div class=\"phone-number-item\">\n                    <div class=\"phone-number-item__icon\"><i class=\"icon-tourism\"><\/i><\/div>\n                    <div class=\"phone-number-item__title\">\n                        <h3 class=\"p-font-bold\">Tourism office<\/h3>\n                        <p>Avenida do Brasil, 100, 4480-668 Vila do Conde \/ +351 252 648 700<\/p>\n\n                    <\/div>\n                <\/div>\n\n            <\/div>\n        <\/div>\n\n        <div id=\"clientForm\">\n        <section>\n        <img decoding=\"async\" src=\"https:\/\/cdn.pilgrim.es\/web\/home\/email-contacto.png\" alt=\"contacto\">\n        <div>\n            <p>We send you your itinerary<\/p>\n            <p>Enter your details and receive your travel itinerary by email <\/p>\n            <form method=\"post\" data-url=\"\/wp-admin\/admin-ajax.php\" id=\"planner--client\" class=\"flag-right form-client\">\n    <div class=\"form-data\">\n        <input name=\"form_id\" type=\"hidden\" value=\"Formulario Leads\">\n        <input name=\"type\" type=\"hidden\" value=\"planner_client\">\n        <input type=\"text\" name=\"nombre\" value=\"\" size=\"40\" class=\"form-control\" aria-required=\"true\" aria-invalid=\"false\" placeholder=\"Name\">\n        <input type=\"email\" name=\"email\" value=\"\" size=\"40\" class=\"form-control\" aria-required=\"true\" aria-invalid=\"false\" placeholder=\"Email\">\n        <input type=\"text\" id=\"phone-input\" name=\"tel\" value=\"\" size=\"40\" class=\"phone-input form-control\" aria-required=\"true\" aria-invalid=\"false\" placeholder=\"Telephone\">\n        <input type=\"hidden\" name=\"telefono\">\n    <\/div>\n    <div class=\"form-checkbox\">\n        <span>\n            Pilgrim Travel, S.L. informs, in accordance with Regulation 2016\/679, that the data used in this form will be used both for answering any queries and for the publication of comments, the basis of legitimacy being the consent of the user. The rights may be exercised in accordance with the provisions of our             <a href=\"https:\/\/www.pilgrim.es\/en\/privacy-policy\/\" target=\"_blank\" rel=\"noopener noreferrer nofollow\">Privacy Policy.<\/a>\n        <\/span>\n    <\/div>\n\n    <div class=\"form-submit\">\n        <button id=\"planner--client-create\" type=\"submit\">Contact form<\/button>\n        <div class=\"loadingDiv\"><i class=\"p-spinner\"><\/i><\/div>\n    <\/div>\n\n    <div class=\"contact-content-form-success\">\n        <p><i class=\"fas fa-check\"><\/i> The form has been sent successfully<\/p>\n    <\/div>\n\n    <div class=\"contact-content-form-error\">\n        <span class=\"input-error\"><\/span>\n    <\/div>\n<\/form>        <\/div>\n    <\/section>\n<\/div>\n\n        <div id=\"recomendationSection\">\n            <div>\n                <h2 class=\"p-h2-town\">Recommended<\/h2>\n                <hr>\n                <h3 class=\"p-h3-town\">Gastronomy<\/h3>\n            <\/div>\n            <p>In S\u00e3o Miguel dos Arcos and the Minho region, the cuisine is known for traditional dishes such as cod\n                (prepared in various ways), arroz de cabidela, the tasty cozido \u00e0 portuguesa, and the light caldo verde\n                soup. Other typical delicacies include francesinha, the fluffy p\u00e3o-de-l\u00f3, and Queijo da Serra cheese.\n                Additionally, Vinho Verde, fresh and young, is an ideal drink to accompany meals. Roj\u00f5es (fried pork)\n                and\n                octopus salad are also local delights, perfect for an authentic gastronomic experience in the region.\n            <\/p>\n\n            <p> In this area, you can also enjoy the local cider, known as &#8220;sidra de Minho.&#8221;<\/p>\n        <\/div>\n\n\n\n        <div id=\"holidaysSection\">\n            <div>\n                <h2 class=\"p-h2-town\">Recommended<\/h2>\n                <hr>\n                <h3 class=\"p-h3-town\">Festivals and Pilgrimages<\/h3>\n            <\/div>\n            <div class=\"grid holidays-grid\">\n\n                <div>\n                    <div class=\"phone-number-item\">\n                        <div class=\"phone-number-item__icon\"><i class=\"icon-holiday\"><\/i><\/div>\n                        <div class=\"phone-number-item__title dark-text\">\n                            <p class=\"p-font-bold\">Local festivity<\/p>\n                            <p>September 14th: Holy Cross Festival<\/p>\n                        <\/div>\n                    <\/div>\n                <\/div>\n\n                <div>\n                    <div class=\"phone-number-item\">\n                        <div class=\"phone-number-item__icon\"><i class=\"icon-holiday\"><\/i><\/div>\n                        <div class=\"phone-number-item__title dark-text\">\n                            <p class=\"p-font-bold\">Local festivity<\/p>\n                            <p>September 29th: S\u00e3o Miguel Festival (Patron Saint Festival)<\/p>\n                        <\/div>\n                    <\/div>\n                <\/div>\n\n            <\/div>\n        <\/div>\n\n    <\/div>\n<\/section>\n\n<div id=\"stage_list_section\"><div class=\"stage-list\">\n    <div class='stage-list__map-card'>\n        <div class='stage-list__map-card__map'>\n            <div class='stage-list__map-card__map__text'>\n                <h2> Pages <\/h2>\n                <p> On foot<\/p>\n                <p> 0 stages<\/p>\n            <\/div>\n            <div class='stage-list__map-card__map__img'>\n                <img decoding=\"async\" src=\"\" alt=\" mapa \" \/>\n            <\/div>\n        <\/div>\n    <\/div>\n\n    <\/div>\n<\/div>\n","protected":false},"excerpt":{"rendered":"<p>S\u00e3o Miguel de Arcos &#8249; Back to the stage S\u00e3o Miguel de Arcos Residents: 800 approx. Province: Oporto Information Get to know S\u00e3o Miguel de Arcos S\u00e3o Miguel dos Arcos is a picturesque municipality located in the northern region of Portugal, specifically in the district of Braga. This charming place combines the natural beauty of &hellip; <\/p>\n<p class=\"read_more\"><a href=\"https:\/\/www.pilgrim.es\/en\/portuguese-way\/sao-miguel-de-arcos\/\">Leer m\u00e1s<\/a><\/p>\n","protected":false},"author":4,"featured_media":0,"parent":36303,"menu_order":0,"comment_status":"closed","ping_status":"closed","template":"views\/template-new-web-design.blade.php","meta":{"footnotes":""},"categories":[],"tags":[],"class_list":["post-97914","page","type-page","status-publish","hentry"],"yoast_head":"<!-- This site is optimized with the Yoast SEO plugin v27.4 - https:\/\/yoast.com\/product\/yoast-seo-wordpress\/ -->\n<title>S\u00e3o Miguel de Arcos: What to see and where to stay | Camino de Santiago | Pilgrim<\/title>\n<meta name=\"description\" content=\"S\u00e3o Miguel de Arcos Discover all the information you need about accommodation, how to get there, gastronomy and the main points of interest in the towns along the Portuguese Way.\" \/>\n<meta name=\"robots\" content=\"index, follow, max-snippet:-1, max-image-preview:large, max-video-preview:-1\" \/>\n<link rel=\"canonical\" href=\"https:\/\/www.pilgrim.es\/en\/portuguese-way\/sao-miguel-de-arcos\/\" \/>\n<meta property=\"og:locale\" content=\"en_US\" \/>\n<meta property=\"og:type\" content=\"article\" \/>\n<meta property=\"og:title\" content=\"S\u00e3o Miguel de Arcos: What to see and where to stay | Camino de Santiago | Pilgrim\" \/>\n<meta property=\"og:description\" content=\"S\u00e3o Miguel de Arcos Discover all the information you need about accommodation, how to get there, gastronomy and the main points of interest in the towns along the Portuguese Way.\" \/>\n<meta property=\"og:url\" content=\"https:\/\/www.pilgrim.es\/en\/portuguese-way\/sao-miguel-de-arcos\/\" \/>\n<meta property=\"og:site_name\" content=\"Pilgrim\" \/>\n<meta property=\"article:publisher\" content=\"https:\/\/www.facebook.com\/pilgrim.es\/\" \/>\n<meta property=\"article:modified_time\" content=\"2025-04-02T11:22:11+00:00\" \/>\n<meta property=\"og:image\" content=\"https:\/\/cdn.pilgrim.es\/web\/caminos\/camino-portugues\/pueblos\/sao-miguel-de-arcos\/puntos-de-interes\/iglesia-sao-miguel-de-arcos.jpg\" \/>\n<meta name=\"twitter:card\" content=\"summary_large_image\" \/>\n<meta name=\"twitter:site\" content=\"@pilgrim_es\" \/>\n<meta name=\"twitter:label1\" content=\"Est. reading time\" \/>\n\t<meta name=\"twitter:data1\" content=\"3 minutes\" \/>\n<script type=\"application\/ld+json\" class=\"yoast-schema-graph\">{\"@context\":\"https:\\\/\\\/schema.org\",\"@graph\":[{\"@type\":\"WebPage\",\"@id\":\"https:\\\/\\\/www.pilgrim.es\\\/en\\\/portuguese-way\\\/sao-miguel-de-arcos\\\/\",\"url\":\"https:\\\/\\\/www.pilgrim.es\\\/en\\\/portuguese-way\\\/sao-miguel-de-arcos\\\/\",\"name\":\"S\u00e3o Miguel de Arcos: What to see and where to stay | Camino de Santiago | Pilgrim\",\"isPartOf\":{\"@id\":\"https:\\\/\\\/www.pilgrim.es\\\/en\\\/#website\"},\"primaryImageOfPage\":{\"@id\":\"https:\\\/\\\/www.pilgrim.es\\\/en\\\/portuguese-way\\\/sao-miguel-de-arcos\\\/#primaryimage\"},\"image\":{\"@id\":\"https:\\\/\\\/www.pilgrim.es\\\/en\\\/portuguese-way\\\/sao-miguel-de-arcos\\\/#primaryimage\"},\"thumbnailUrl\":\"https:\\\/\\\/cdn.pilgrim.es\\\/web\\\/caminos\\\/camino-portugues\\\/pueblos\\\/sao-miguel-de-arcos\\\/puntos-de-interes\\\/iglesia-sao-miguel-de-arcos.jpg\",\"datePublished\":\"2025-03-28T10:17:08+00:00\",\"dateModified\":\"2025-04-02T11:22:11+00:00\",\"description\":\"S\u00e3o Miguel de Arcos Discover all the information you need about accommodation, how to get there, gastronomy and the main points of interest in the towns along the Portuguese Way.\",\"breadcrumb\":{\"@id\":\"https:\\\/\\\/www.pilgrim.es\\\/en\\\/portuguese-way\\\/sao-miguel-de-arcos\\\/#breadcrumb\"},\"inLanguage\":\"en-US\",\"potentialAction\":[{\"@type\":\"ReadAction\",\"target\":[\"https:\\\/\\\/www.pilgrim.es\\\/en\\\/portuguese-way\\\/sao-miguel-de-arcos\\\/\"]}]},{\"@type\":\"ImageObject\",\"inLanguage\":\"en-US\",\"@id\":\"https:\\\/\\\/www.pilgrim.es\\\/en\\\/portuguese-way\\\/sao-miguel-de-arcos\\\/#primaryimage\",\"url\":\"https:\\\/\\\/cdn.pilgrim.es\\\/web\\\/caminos\\\/camino-portugues\\\/pueblos\\\/sao-miguel-de-arcos\\\/puntos-de-interes\\\/iglesia-sao-miguel-de-arcos.jpg\",\"contentUrl\":\"https:\\\/\\\/cdn.pilgrim.es\\\/web\\\/caminos\\\/camino-portugues\\\/pueblos\\\/sao-miguel-de-arcos\\\/puntos-de-interes\\\/iglesia-sao-miguel-de-arcos.jpg\"},{\"@type\":\"BreadcrumbList\",\"@id\":\"https:\\\/\\\/www.pilgrim.es\\\/en\\\/portuguese-way\\\/sao-miguel-de-arcos\\\/#breadcrumb\",\"itemListElement\":[{\"@type\":\"ListItem\",\"position\":1,\"name\":\"Camino de Santiago\",\"item\":\"https:\\\/\\\/www.pilgrim.es\\\/en\\\/\"},{\"@type\":\"ListItem\",\"position\":2,\"name\":\"Portuguese Way\",\"item\":\"https:\\\/\\\/www.pilgrim.es\\\/en\\\/portuguese-way\\\/\"},{\"@type\":\"ListItem\",\"position\":3,\"name\":\"S\u00e3o Miguel de Arcos\"}]},{\"@type\":\"WebSite\",\"@id\":\"https:\\\/\\\/www.pilgrim.es\\\/en\\\/#website\",\"url\":\"https:\\\/\\\/www.pilgrim.es\\\/en\\\/\",\"name\":\"Pilgrim\",\"description\":\"Camino de Santiago | Caminamos Contigo\",\"publisher\":{\"@id\":\"https:\\\/\\\/www.pilgrim.es\\\/en\\\/#organization\"},\"potentialAction\":[{\"@type\":\"SearchAction\",\"target\":{\"@type\":\"EntryPoint\",\"urlTemplate\":\"https:\\\/\\\/www.pilgrim.es\\\/en\\\/?s={search_term_string}\"},\"query-input\":{\"@type\":\"PropertyValueSpecification\",\"valueRequired\":true,\"valueName\":\"search_term_string\"}}],\"inLanguage\":\"en-US\"},{\"@type\":\"Organization\",\"@id\":\"https:\\\/\\\/www.pilgrim.es\\\/en\\\/#organization\",\"name\":\"Pilgrim Camino de Santiago\",\"url\":\"https:\\\/\\\/www.pilgrim.es\\\/en\\\/\",\"logo\":{\"@type\":\"ImageObject\",\"inLanguage\":\"en-US\",\"@id\":\"https:\\\/\\\/www.pilgrim.es\\\/en\\\/#\\\/schema\\\/logo\\\/image\\\/\",\"url\":\"https:\\\/\\\/www.pilgrim.es\\\/wp-content\\\/uploads\\\/2019\\\/04\\\/logo_pilgrim.png\",\"contentUrl\":\"https:\\\/\\\/www.pilgrim.es\\\/wp-content\\\/uploads\\\/2019\\\/04\\\/logo_pilgrim.png\",\"width\":512,\"height\":512,\"caption\":\"Pilgrim Camino de Santiago\"},\"image\":{\"@id\":\"https:\\\/\\\/www.pilgrim.es\\\/en\\\/#\\\/schema\\\/logo\\\/image\\\/\"},\"sameAs\":[\"https:\\\/\\\/www.facebook.com\\\/pilgrim.es\\\/\",\"https:\\\/\\\/x.com\\\/pilgrim_es\",\"https:\\\/\\\/www.instagram.com\\\/pilgrim.es\\\/\",\"https:\\\/\\\/www.linkedin.com\\\/company\\\/pilgrim-camino-de-santiago\\\/\",\"https:\\\/\\\/www.pinterest.es\\\/pilgrimcaminodesantiago\\\/\",\"https:\\\/\\\/www.youtube.com\\\/channel\\\/UCIv2ZzFLXVqthkNF32rKedw\\\/featured\"]}]}<\/script>\n<!-- \/ Yoast SEO plugin. -->","yoast_head_json":{"title":"S\u00e3o Miguel de Arcos: What to see and where to stay | Camino de Santiago | Pilgrim","description":"S\u00e3o Miguel de Arcos Discover all the information you need about accommodation, how to get there, gastronomy and the main points of interest in the towns along the Portuguese Way.","robots":{"index":"index","follow":"follow","max-snippet":"max-snippet:-1","max-image-preview":"max-image-preview:large","max-video-preview":"max-video-preview:-1"},"canonical":"https:\/\/www.pilgrim.es\/en\/portuguese-way\/sao-miguel-de-arcos\/","og_locale":"en_US","og_type":"article","og_title":"S\u00e3o Miguel de Arcos: What to see and where to stay | Camino de Santiago | Pilgrim","og_description":"S\u00e3o Miguel de Arcos Discover all the information you need about accommodation, how to get there, gastronomy and the main points of interest in the towns along the Portuguese Way.","og_url":"https:\/\/www.pilgrim.es\/en\/portuguese-way\/sao-miguel-de-arcos\/","og_site_name":"Pilgrim","article_publisher":"https:\/\/www.facebook.com\/pilgrim.es\/","article_modified_time":"2025-04-02T11:22:11+00:00","og_image":[{"url":"https:\/\/cdn.pilgrim.es\/web\/caminos\/camino-portugues\/pueblos\/sao-miguel-de-arcos\/puntos-de-interes\/iglesia-sao-miguel-de-arcos.jpg","type":"","width":"","height":""}],"twitter_card":"summary_large_image","twitter_site":"@pilgrim_es","twitter_misc":{"Est. reading time":"3 minutes"},"schema":{"@context":"https:\/\/schema.org","@graph":[{"@type":"WebPage","@id":"https:\/\/www.pilgrim.es\/en\/portuguese-way\/sao-miguel-de-arcos\/","url":"https:\/\/www.pilgrim.es\/en\/portuguese-way\/sao-miguel-de-arcos\/","name":"S\u00e3o Miguel de Arcos: What to see and where to stay | Camino de Santiago | Pilgrim","isPartOf":{"@id":"https:\/\/www.pilgrim.es\/en\/#website"},"primaryImageOfPage":{"@id":"https:\/\/www.pilgrim.es\/en\/portuguese-way\/sao-miguel-de-arcos\/#primaryimage"},"image":{"@id":"https:\/\/www.pilgrim.es\/en\/portuguese-way\/sao-miguel-de-arcos\/#primaryimage"},"thumbnailUrl":"https:\/\/cdn.pilgrim.es\/web\/caminos\/camino-portugues\/pueblos\/sao-miguel-de-arcos\/puntos-de-interes\/iglesia-sao-miguel-de-arcos.jpg","datePublished":"2025-03-28T10:17:08+00:00","dateModified":"2025-04-02T11:22:11+00:00","description":"S\u00e3o Miguel de Arcos Discover all the information you need about accommodation, how to get there, gastronomy and the main points of interest in the towns along the Portuguese Way.","breadcrumb":{"@id":"https:\/\/www.pilgrim.es\/en\/portuguese-way\/sao-miguel-de-arcos\/#breadcrumb"},"inLanguage":"en-US","potentialAction":[{"@type":"ReadAction","target":["https:\/\/www.pilgrim.es\/en\/portuguese-way\/sao-miguel-de-arcos\/"]}]},{"@type":"ImageObject","inLanguage":"en-US","@id":"https:\/\/www.pilgrim.es\/en\/portuguese-way\/sao-miguel-de-arcos\/#primaryimage","url":"https:\/\/cdn.pilgrim.es\/web\/caminos\/camino-portugues\/pueblos\/sao-miguel-de-arcos\/puntos-de-interes\/iglesia-sao-miguel-de-arcos.jpg","contentUrl":"https:\/\/cdn.pilgrim.es\/web\/caminos\/camino-portugues\/pueblos\/sao-miguel-de-arcos\/puntos-de-interes\/iglesia-sao-miguel-de-arcos.jpg"},{"@type":"BreadcrumbList","@id":"https:\/\/www.pilgrim.es\/en\/portuguese-way\/sao-miguel-de-arcos\/#breadcrumb","itemListElement":[{"@type":"ListItem","position":1,"name":"Camino de Santiago","item":"https:\/\/www.pilgrim.es\/en\/"},{"@type":"ListItem","position":2,"name":"Portuguese Way","item":"https:\/\/www.pilgrim.es\/en\/portuguese-way\/"},{"@type":"ListItem","position":3,"name":"S\u00e3o Miguel de Arcos"}]},{"@type":"WebSite","@id":"https:\/\/www.pilgrim.es\/en\/#website","url":"https:\/\/www.pilgrim.es\/en\/","name":"Pilgrim","description":"Camino de Santiago | Caminamos Contigo","publisher":{"@id":"https:\/\/www.pilgrim.es\/en\/#organization"},"potentialAction":[{"@type":"SearchAction","target":{"@type":"EntryPoint","urlTemplate":"https:\/\/www.pilgrim.es\/en\/?s={search_term_string}"},"query-input":{"@type":"PropertyValueSpecification","valueRequired":true,"valueName":"search_term_string"}}],"inLanguage":"en-US"},{"@type":"Organization","@id":"https:\/\/www.pilgrim.es\/en\/#organization","name":"Pilgrim Camino de Santiago","url":"https:\/\/www.pilgrim.es\/en\/","logo":{"@type":"ImageObject","inLanguage":"en-US","@id":"https:\/\/www.pilgrim.es\/en\/#\/schema\/logo\/image\/","url":"https:\/\/www.pilgrim.es\/wp-content\/uploads\/2019\/04\/logo_pilgrim.png","contentUrl":"https:\/\/www.pilgrim.es\/wp-content\/uploads\/2019\/04\/logo_pilgrim.png","width":512,"height":512,"caption":"Pilgrim Camino de Santiago"},"image":{"@id":"https:\/\/www.pilgrim.es\/en\/#\/schema\/logo\/image\/"},"sameAs":["https:\/\/www.facebook.com\/pilgrim.es\/","https:\/\/x.com\/pilgrim_es","https:\/\/www.instagram.com\/pilgrim.es\/","https:\/\/www.linkedin.com\/company\/pilgrim-camino-de-santiago\/","https:\/\/www.pinterest.es\/pilgrimcaminodesantiago\/","https:\/\/www.youtube.com\/channel\/UCIv2ZzFLXVqthkNF32rKedw\/featured"]}]}},"_links":{"self":[{"href":"https:\/\/www.pilgrim.es\/en\/wp-json\/wp\/v2\/pages\/97914","targetHints":{"allow":["GET"]}}],"collection":[{"href":"https:\/\/www.pilgrim.es\/en\/wp-json\/wp\/v2\/pages"}],"about":[{"href":"https:\/\/www.pilgrim.es\/en\/wp-json\/wp\/v2\/types\/page"}],"author":[{"embeddable":true,"href":"https:\/\/www.pilgrim.es\/en\/wp-json\/wp\/v2\/users\/4"}],"replies":[{"embeddable":true,"href":"https:\/\/www.pilgrim.es\/en\/wp-json\/wp\/v2\/comments?post=97914"}],"version-history":[{"count":16,"href":"https:\/\/www.pilgrim.es\/en\/wp-json\/wp\/v2\/pages\/97914\/revisions"}],"predecessor-version":[{"id":123411,"href":"https:\/\/www.pilgrim.es\/en\/wp-json\/wp\/v2\/pages\/97914\/revisions\/123411"}],"up":[{"embeddable":true,"href":"https:\/\/www.pilgrim.es\/en\/wp-json\/wp\/v2\/pages\/36303"}],"wp:attachment":[{"href":"https:\/\/www.pilgrim.es\/en\/wp-json\/wp\/v2\/media?parent=97914"}],"wp:term":[{"taxonomy":"category","embeddable":true,"href":"https:\/\/www.pilgrim.es\/en\/wp-json\/wp\/v2\/categories?post=97914"},{"taxonomy":"post_tag","embeddable":true,"href":"https:\/\/www.pilgrim.es\/en\/wp-json\/wp\/v2\/tags?post=97914"}],"curies":[{"name":"wp","href":"https:\/\/api.w.org\/{rel}","templated":true}]}}