{"id":93162,"date":"2025-03-19T16:31:43","date_gmt":"2025-03-19T16:31:43","guid":{"rendered":"https:\/\/www.pilgrim.es\/the-silver-route\/astorga\/"},"modified":"2025-03-19T16:31:43","modified_gmt":"2025-03-19T16:31:43","slug":"astorga","status":"publish","type":"page","link":"https:\/\/www.pilgrim.es\/en\/the-silver-route\/astorga\/","title":{"rendered":"Astorga"},"content":{"rendered":" <section id=\"hero\">\n\t<h1>Astorga<\/h1>\n\t<div class=\"hero-grid\">\n\t\t<div class=\"hero-grid__town-col\" data-background=\"https:\/\/cdn.pilgrim.es\/web\/caminos\/via-de-la-plata\/pueblos\/astorga\/astorga.jpg\">\n\t\t\t<div>\n\t\t\t\t<a class=\"link-to-stage\" href=\"https:\/\/www.pilgrim.es\/via-plata\/etapa-27-la-baneza-astorga\/\">\n\t\t\t\t\t<p>&#8249; Back to the stage<\/p>\n\t\t\t\t<\/a>\n\n\t\t\t\t<div class=\"town-data\">\n\t\t\t\t\t<h2>Astorga<\/h2>\n\t\t\t\t\t<ul>\n\t\t\t\t\t\t<li>Residents: 11.387 aprox.<\/li>\n\t\t\t\t\t\t<li>Province: Le\u00f3n<\/li>\n\t\t\t\t\t<\/ul>\n\t\t\t\t<\/div>\n\t\t\t<\/div>\n\t\t<\/div>\n\t\t<div class=\"hero-grid__planner-col\"><div\r\n  class=\"p-col-span-1 p-rounded-lg p-px-5 p-h-full\"\r\n  style=\"background-image: url('https:\/\/cdn.pilgrim.es\/web\/pilgrim-planner\/bg-plugin-planificador.webp')\"\r\n  rel=\"preload\"\r\n  fetchpriority=\"high\"\r\n  >\r\n    <div class=\"p-text-center p-pt-5 p-text-white p-text-2xl p-font-semibold\">\r\n      Plan your journey    <\/div>\r\n    <div\r\n            id='primary-app'\r\n            data-name='banner'\r\n            data-api='https:\/\/pathfinder.pilgrim.es\/api\/pathfinder\/v2'\r\n            data-mode='normal'\r\n            data-lang='en'\r\n            data-route='1'\r\n            data-destiny='https:\/\/planificador.pilgrim.es'\r\n            data-modality='1'\r\n            data-inline=''\r\n        ><\/div><\/div><\/div>\n\t<\/div>\n<\/section>\n\n<section id=\"infoTown\">\n\t<div class=\"sections-town\">\n\n\t\t<div id=\"informationSection\">\n\t\t\t<div>\n\t\t\t\t<h2 class=\"p-h2-town\">Information<\/h2>\n\t\t\t\t<hr>\n\t\t\t\t<h3 class=\"p-h3-town\">Conoce Astorga<\/h3>\n\t\t\t<\/div>\n\t\t\t<p>La ciudad de Astorga es un punto de encuentro de Caminos; aqu\u00ed confluyen la ruta francesa y la Ruta de la Plata. Es por ello que es una de las localidades que desde la antig\u00fcedad presenta un gran n\u00famero de hospedajes para peregrinos, as\u00ed como numerosos monumento religiosos.<\/p> <p>No olvides de visitar el patrimonio hist\u00f3rico que actualmente conserva la ciudad, es digno de admirar.<\/p>\n\t\t<\/div>\n\n\t\t<div id=\"locationSection\">\n\t\t\t<div>\n\t\t\t\t<h2 class=\"p-h2-town\">Location<\/h2>\n\t\t\t\t<hr>\n\t\t\t\t<h3 class=\"p-h3-town\">How to get there<\/h3>\n\t\t\t<\/div>\n\t\t\t<p>La ciudad de Astorga est\u00e1 muy bien comunicada, por ella pasan numerosas carreteras importantes como la autov\u00eda A-6 que une A Coru\u00f1a con Madrid, la autopista AP-71 que une Le\u00f3n y Astorga y la nacional N-120 que une Logro\u00f1o con Vigo. Luego tambi\u00e9n discurren carreteras secundarias como LE- 451 va a Cepeda LE-141 va a la Maragater\u00eda LE-133 va a Zamora y la LE-142 que va a Ponferrada.<\/p>\n\n<p>Tambi\u00e9n cuentan con una buena dotaci\u00f3n de l\u00edneas f\u00e9rreas y l\u00edneas de autob\u00fas, de esta manera podr\u00e1 llegar a numerosas ciudades como A Coru\u00f1a, Vigo, Bilbao, Barcelona, Madrid, Pa\u00eds Vasco, Ir\u00fan, Le\u00f3n, Gij\u00f3n, Valladolid y Ponferrada. La empresa de autobuses que m\u00e1s l\u00edneas ofrece es ALSA, con diferentes recorridos tanto a ciudades como a pueblos.<\/p>\n\t\t\t<div>\n\t\t\t\t<div>\n  <iframe loading=\"lazy\"\n    src=\"https:\/\/www.google.com\/maps\/d\/embed?mid=1GDgWVGQrXNtre7leVbOiC-_SE572A8s&amp;ehbc=2E312F\"\n    width=\"640\"\n    height=\"480\"\n    alt=\"Mapa Astorga\"\n  ><\/iframe>\n<\/div>\n\n\t\t\t<\/div>\n\t\t<\/div>\n\n\t\t\n\t\t\t<div id=\"toVisitSection\">\n\t\t\t\t<div>\n\t\t\t\t\t<h2 class=\"p-h2-town\">History \/ Culture<\/h2>\n\t\t\t\t\t<hr>\n\t\t\t\t\t<h3 class=\"p-h3-town\">What to see<\/h3>\n\t\t\t\t<\/div>\n\t\t\t\t<div>\n\t\t\t\t\t<div class=\"accordion\">\n\t\t\t\t\t\t<div class=\"accordion__menu\">\n\t\t\t\t\t\t\t<nav>\n\t\t\t\t\t\t\t\t\n\t\t\t\t\t\t\t\t\t<button class=\"nav-tab-accordion active\"><span>&#10093;<\/span><span> Ayuntamiento<\/span><\/button>\n\t\t\t\t\t\t\t\t\n\t\t\t\t\t\t\t\t\t<button class=\"nav-tab-accordion \"><span>&#10093;<\/span><span> Catedral de Santa Mar\u00eda<\/span><\/button>\n\t\t\t\t\t\t\t\t\n\t\t\t\t\t\t\t\t\t<button class=\"nav-tab-accordion \"><span>&#10093;<\/span><span> Cloacas Romanas<\/span><\/button>\n\t\t\t\t\t\t\t\t\n\t\t\t\t\t\t\t\t\t<button class=\"nav-tab-accordion \"><span>&#10093;<\/span><span> Foro<\/span><\/button>\n\t\t\t\t\t\t\t\t\n\t\t\t\t\t\t\t\t\t<button class=\"nav-tab-accordion \"><span>&#10093;<\/span><span> Foso del Campamento<\/span><\/button>\n\t\t\t\t\t\t\t\t\n\t\t\t\t\t\t\t\t\t<button class=\"nav-tab-accordion \"><span>&#10093;<\/span><span> Museo Catedralicio<\/span><\/button>\n\t\t\t\t\t\t\t\t\n\t\t\t\t\t\t\t\t\t<button class=\"nav-tab-accordion \"><span>&#10093;<\/span><span> Museo Romano<\/span><\/button>\n\t\t\t\t\t\t\t\t\n\t\t\t\t\t\t\t\t\t<button class=\"nav-tab-accordion \"><span>&#10093;<\/span><span> Palacio Episcopal<\/span><\/button>\n\t\t\t\t\t\t\t\t\n\t\t\t\t\t\t\t\t\t<button class=\"nav-tab-accordion \"><span>&#10093;<\/span><span> Iglesia de San Francisco<\/span><\/button>\n\t\t\t\t\t\t\t\t\n\t\t\t\t\t\t\t\t\t<button class=\"nav-tab-accordion \"><span>&#10093;<\/span><span> Domus del Mosaico<\/span><\/button>\n\t\t\t\t\t\t\t\t\n\t\t\t\t\t\t\t\t\t<button class=\"nav-tab-accordion \"><span>&#10093;<\/span><span> Termas Romanas<\/span><\/button>\n\t\t\t\t\t\t\t\t\n\t\t\t\t\t\t\t\t\t<button class=\"nav-tab-accordion \"><span>&#10093;<\/span><span> Muralla Medieval<\/span><\/button>\n\t\t\t\t\t\t\t\t\n\t\t\t\t\t\t\t\t\t<button class=\"nav-tab-accordion \"><span>&#10093;<\/span><span> Museo de la Semana Santa<\/span><\/button>\n\t\t\t\t\t\t\t\t\n\t\t\t\t\t\t\t\t\t<button class=\"nav-tab-accordion \"><span>&#10093;<\/span><span> Museo de los Caminos<\/span><\/button>\n\t\t\t\t\t\t\t\t\n\t\t\t\t\t\t\t\t\t<button class=\"nav-tab-accordion \"><span>&#10093;<\/span><span> Museo del Chocolate<\/span><\/button>\n\t\t\t\t\t\t\t\t\n\t\t\t\t\t\t\t\t\t<button class=\"nav-tab-accordion \"><span>&#10093;<\/span><span> Plaza de Espa\u00f1a &#8211; Plaza Mayor<\/span><\/button>\n\t\t\t\t\t\t\t\t\n\t\t\t\t\t\t\t\t\t<button class=\"nav-tab-accordion \"><span>&#10093;<\/span><span> Puerta Romana<\/span><\/button>\n\t\t\t\t\t\t\t\t\n\t\t\t\t\t\t\t<\/nav>\n\t\t\t\t\t\t<\/div>\n\n\t\t\t\t\t\t\n\t\t\t\t\t\t\t<div class=\"accordion__accordion-content \">\n\t\t\t\t\t\t\t\t<div>\n\t\t\t\t\t\t\t\t\t<div>\n\t\t\t\t\t\t\t\t\t\t<h4>Ayuntamiento<\/h4>\n\t\t\t\t\t\t\t\t\t\t<p>Conservando la fachada barroca original el Arquitecto Manuel Lastra reconstruy\u00f3 el edificio donde actualmente se encuentra el Ayuntamiento d\u00e1ndole un estilo Herreriano .<\/p>\n\n<p>Adem\u00e1s de la fachada tambi\u00e9n se conservan los calabozos situados bajo las torres en los que se encerraba a los presos hasta ser sometidos a juicio.<\/p>\n\t\t\t\t\t\t\t\t\t<\/div>\n\t\t\t\t\t\t\t\t\t<img decoding=\"async\" src=\"https:\/\/cdn.pilgrim.es\/web\/caminos\/via-de-la-plata\/pueblos\/astorga\/puntos-de-interes\/ayuntamiento.jpg\" alt=\"Ayuntamiento\">\n\t\t\t\t\t\t\t\t<\/div>\n\t\t\t\t\t\t\t<\/div>\n\t\t\t\t\t\t\n\t\t\t\t\t\t\t<div class=\"accordion__accordion-content inactive\">\n\t\t\t\t\t\t\t\t<div>\n\t\t\t\t\t\t\t\t\t<div>\n\t\t\t\t\t\t\t\t\t\t<h4>Catedral de Santa Mar\u00eda<\/h4>\n\t\t\t\t\t\t\t\t\t\t<p>La Catedral de Santa Mar\u00eda se empez\u00f3 a construir entre los a\u00f1os 1440 y 1463 y en la actualidad tan solo se conservan restos de la Capilla rom\u00e1nica situada en el tramo contiguo a la entrada y la Capilla de Santa Marina en el actual Museo Catedralicio.<\/p>\n\n<p>En el exterior nos encontramos con dos torres comunicadas interiormente gracias a las capillas de las naves laterales. La torre vieja tiene fecha de 1678 mientras que la torre nueva, de color ros\u00e1ceo, data de 1692. Una y otra asoman en las esquinas decoraci\u00f3n de animales y en los cuerpos intermedios los monumentales escudos del cabildo y la monarqu\u00eda.<\/p>\n\t\t\t\t\t\t\t\t\t<\/div>\n\t\t\t\t\t\t\t\t\t<img decoding=\"async\" src=\"https:\/\/cdn.pilgrim.es\/web\/caminos\/via-de-la-plata\/pueblos\/astorga\/puntos-de-interes\/catedral-de-santa-maria.jpg\" alt=\"Catedral de Santa Mar\u00eda\">\n\t\t\t\t\t\t\t\t<\/div>\n\t\t\t\t\t\t\t<\/div>\n\t\t\t\t\t\t\n\t\t\t\t\t\t\t<div class=\"accordion__accordion-content inactive\">\n\t\t\t\t\t\t\t\t<div>\n\t\t\t\t\t\t\t\t\t<div>\n\t\t\t\t\t\t\t\t\t\t<h4>Cloacas Romanas<\/h4>\n\t\t\t\t\t\t\t\t\t\t<p>La primera cloaca se construy\u00f3 en el primer tercio del siglo I d.C. con materiales de argamasa, y fu\u00e9 remodelada en el a\u00f1o 80 d.C. puesto que al presentar peque\u00f1as dimensiones se quiso aumentar la capacidad construyendo un parte abovedada. Pero a\u00fan as\u00ed pronto se hizo necesaria la construcci\u00f3n de una segunda cloaca debido al r\u00e1pido crecimiento de la ciudad. <\/p>\n\n<p>La segunda cloaca se construye en el siglo V aunque estuvo en desuso hasta el 1866. A\u00f1o en el que fue redescubierta y es sobre la cual se levanta el alcantarillado de la ciudad.<\/p>\n\t\t\t\t\t\t\t\t\t<\/div>\n\t\t\t\t\t\t\t\t\t<img decoding=\"async\" src=\"https:\/\/cdn.pilgrim.es\/web\/caminos\/via-de-la-plata\/pueblos\/astorga\/puntos-de-interes\/cloacas-romanas.jpg\" alt=\"Cloacas Romanas\">\n\t\t\t\t\t\t\t\t<\/div>\n\t\t\t\t\t\t\t<\/div>\n\t\t\t\t\t\t\n\t\t\t\t\t\t\t<div class=\"accordion__accordion-content inactive\">\n\t\t\t\t\t\t\t\t<div>\n\t\t\t\t\t\t\t\t\t<div>\n\t\t\t\t\t\t\t\t\t\t<h4>Foro<\/h4>\n\t\t\t\t\t\t\t\t\t\t<p>El Foro es un recinto foral donde se concentra toda la actividad pol\u00edtica, econ\u00f3mica y religiosa de la ciudad de Astorga. En la actualidad se encuentra ubicado en el mismo lugar que hoy ocupa la Plaza Mayor. <\/p>\n\n<p>Fue construida con hormig\u00f3n romano y destaca por sus grandes proporciones. <\/p>\n\t\t\t\t\t\t\t\t\t<\/div>\n\t\t\t\t\t\t\t\t\t<img decoding=\"async\" src=\"https:\/\/cdn.pilgrim.es\/web\/caminos\/via-de-la-plata\/pueblos\/astorga\/puntos-de-interes\/foro.jpg\" alt=\"Foro\">\n\t\t\t\t\t\t\t\t<\/div>\n\t\t\t\t\t\t\t<\/div>\n\t\t\t\t\t\t\n\t\t\t\t\t\t\t<div class=\"accordion__accordion-content inactive\">\n\t\t\t\t\t\t\t\t<div>\n\t\t\t\t\t\t\t\t\t<div>\n\t\t\t\t\t\t\t\t\t\t<h4>Foso del Campamento<\/h4>\n\t\t\t\t\t\t\t\t\t\t<p>El Foso del Campamento es un antiguo sistema de defensa de un campamento militar del Imperio Romano creado durante las Guerras C\u00e1ntabras, 29 \u2013 19 a.C. <\/p>\n\n<p>Concretamente este campamento se levant\u00f3 con la finalidad de proteger los focos de mineral que all\u00ed se asentaban por lo que  excavaron este foso alrededor de la gran muralla.<\/p>\n\t\t\t\t\t\t\t\t\t<\/div>\n\t\t\t\t\t\t\t\t\t<img decoding=\"async\" src=\"https:\/\/cdn.pilgrim.es\/web\/caminos\/via-de-la-plata\/pueblos\/astorga\/puntos-de-interes\/foso-del-campamento.jpg\" alt=\"Foso del Campamento\">\n\t\t\t\t\t\t\t\t<\/div>\n\t\t\t\t\t\t\t<\/div>\n\t\t\t\t\t\t\n\t\t\t\t\t\t\t<div class=\"accordion__accordion-content inactive\">\n\t\t\t\t\t\t\t\t<div>\n\t\t\t\t\t\t\t\t\t<div>\n\t\t\t\t\t\t\t\t\t\t<h4>Museo Catedralicio<\/h4>\n\t\t\t\t\t\t\t\t\t\t<p>En el Museo Catedralicio se exponen numerosas piezas siendo la mayor\u00eda de gran valor hist\u00f3rico art\u00edstico entre las que cabe destacar la Arqueta de San Genadio y la Cruz de la Victoria.<\/p>\n\n<p>Tambi\u00e9n presentan un grand\u00edsimo valor pinturas como las tablas hispano-flamencas con un Apostolado del siglo XVI y el retablo de Valdevieja datado en los siglos XV-XVI.<\/p>\n\n<p>En el interior del museo tambi\u00e9n nos encontramos con la Capilla de Santa Marina que actualmente alberga un gran n\u00famero de sepulcros y bustos de obispos astorganos.<\/p>\n\t\t\t\t\t\t\t\t\t<\/div>\n\t\t\t\t\t\t\t\t\t<img decoding=\"async\" src=\"https:\/\/cdn.pilgrim.es\/web\/caminos\/via-de-la-plata\/pueblos\/astorga\/puntos-de-interes\/museo-catedralicio.jpg\" alt=\"Museo Catedralicio\">\n\t\t\t\t\t\t\t\t<\/div>\n\t\t\t\t\t\t\t<\/div>\n\t\t\t\t\t\t\n\t\t\t\t\t\t\t<div class=\"accordion__accordion-content inactive\">\n\t\t\t\t\t\t\t\t<div>\n\t\t\t\t\t\t\t\t\t<div>\n\t\t\t\t\t\t\t\t\t\t<h4>Museo Romano<\/h4>\n\t\t\t\t\t\t\t\t\t\t<p>El Museo Romano se asienta sobre un edificio conocido como \u201cLa Erg\u00e1stula\u201d, aunque en la actualidad se han construido dos plantas sobre el edificio original.<\/p>\n\n<p>En el interior se realizaron numerosas excavaciones arqueol\u00f3gicas de las cuales se sustrajo una variada cantidad de elementos que hoy en d\u00eda componen la colecci\u00f3n del museo ofreciendo as\u00ed al visitante conocer c\u00f3mo era la vida en el antiguo mundo romano.<\/p>\n\t\t\t\t\t\t\t\t\t<\/div>\n\t\t\t\t\t\t\t\t\t<img decoding=\"async\" src=\"https:\/\/cdn.pilgrim.es\/web\/caminos\/via-de-la-plata\/pueblos\/astorga\/puntos-de-interes\/museo-romano.jpg\" alt=\"Museo Romano\">\n\t\t\t\t\t\t\t\t<\/div>\n\t\t\t\t\t\t\t<\/div>\n\t\t\t\t\t\t\n\t\t\t\t\t\t\t<div class=\"accordion__accordion-content inactive\">\n\t\t\t\t\t\t\t\t<div>\n\t\t\t\t\t\t\t\t\t<div>\n\t\t\t\t\t\t\t\t\t\t<h4>Palacio Episcopal<\/h4>\n\t\t\t\t\t\t\t\t\t\t<p>El Palacio Episcopal es un antiguo edificio que fue totalmente reconstruido en 1961 debido a un importante incendio. Desde entonces presenta un forma c\u00fabica con cuatro torres cil\u00edndricas en cada esquina y del que sobresalen dos cuerpos, el p\u00f3rtico de entrada formado por arcos abocinados y el \u00e1bside de la Capilla. A primera vista el edificio destaca por su color ros\u00e1ceo que contrasta con el color de la piedra gran\u00edtica de las torres.<\/p>\n\n<p>En su interior nos encontramos con un elevado n\u00famero de vidrieras que proporcionan una gran luminosidad y una escasa decoraci\u00f3n. Tan solo nos encontramos con cer\u00e1mica de Jim\u00e9nez de Jamuz colocada sobre las aristas de los arcos y en los nervios de las b\u00f3vedas.<\/p>\n\t\t\t\t\t\t\t\t\t<\/div>\n\t\t\t\t\t\t\t\t\t<img decoding=\"async\" src=\"https:\/\/cdn.pilgrim.es\/web\/caminos\/via-de-la-plata\/pueblos\/astorga\/puntos-de-interes\/palacio-episcopal.jpg\" alt=\"Palacio Episcopal\">\n\t\t\t\t\t\t\t\t<\/div>\n\t\t\t\t\t\t\t<\/div>\n\t\t\t\t\t\t\n\t\t\t\t\t\t\t<div class=\"accordion__accordion-content inactive\">\n\t\t\t\t\t\t\t\t<div>\n\t\t\t\t\t\t\t\t\t<div>\n\t\t\t\t\t\t\t\t\t\t<h4>Iglesia de San Francisco<\/h4>\n\t\t\t\t\t\t\t\t\t\t<p>La iglesia de San Francisco pertenece a la congregaci\u00f3n de los Padres Redentoristas y se levanta en la plaza Romana de la ciudad. Este templo constituye, junto con el Convento de los Redentoristas y la capilla de la Veracruz un conjunto monumental de gran inter\u00e9s.  <\/p>\n\n<p>El templo fue erigido en piedra y destaca por su gran espada\u00f1a. Adem\u00e1s, del interior sobresale una imagen de San Alfonso Mar\u00eda de Ligorio, dispuesta en una hornacina. Aunque el templo presenta un estilo g\u00f3tico, de dicho periodo tan s\u00f3lo se conserva un arco, as\u00ed como una parte del presbiterio y varios canecillos.<\/p>\n\t\t\t\t\t\t\t\t\t<\/div>\n\t\t\t\t\t\t\t\t\t<img decoding=\"async\" src=\"https:\/\/cdn.pilgrim.es\/web\/caminos\/via-de-la-plata\/pueblos\/astorga\/puntos-de-interes\/iglesia-de-san-francisco.jpg\" alt=\"Iglesia de San Francisco\">\n\t\t\t\t\t\t\t\t<\/div>\n\t\t\t\t\t\t\t<\/div>\n\t\t\t\t\t\t\n\t\t\t\t\t\t\t<div class=\"accordion__accordion-content inactive\">\n\t\t\t\t\t\t\t\t<div>\n\t\t\t\t\t\t\t\t\t<div>\n\t\t\t\t\t\t\t\t\t\t<h4>Domus del Mosaico<\/h4>\n\t\t\t\t\t\t\t\t\t\t<p>La Domus del Mosaico es la primera excavaci\u00f3n encontrada en Astorga y que data del siglo I d.C. Aqu\u00ed encontramos una tercera parte de la vivienda que antiguamente hab\u00eda bajo la catedral. <\/p>\n\n<p>Esta vivienda est\u00e1 formada por parte de la antigua cloaca de la ciudad y algunas estancias distribuidas alrededor de los atrios. Estas salas se encontraban totalmente decoradas por pinturas murales con motivos vegetales excepto la m\u00e1s conocida que se encuentra ornamentada con un suelo totalmente de mosaico en el que se representan dos escenas,  el oto\u00f1o, con ramas de vid y racimos picados por los p\u00e1jaros y el mito de Orfeo, representado con ocho medallones de animales salvajes.<\/p>\n\t\t\t\t\t\t\t\t\t<\/div>\n\t\t\t\t\t\t\t\t\t<img decoding=\"async\" src=\"https:\/\/cdn.pilgrim.es\/web\/caminos\/via-de-la-plata\/pueblos\/astorga\/puntos-de-interes\/domus-del-mosaico.jpg\" alt=\"Domus del Mosaico\">\n\t\t\t\t\t\t\t\t<\/div>\n\t\t\t\t\t\t\t<\/div>\n\t\t\t\t\t\t\n\t\t\t\t\t\t\t<div class=\"accordion__accordion-content inactive\">\n\t\t\t\t\t\t\t\t<div>\n\t\t\t\t\t\t\t\t\t<div>\n\t\t\t\t\t\t\t\t\t\t<h4>Termas Romanas<\/h4>\n\t\t\t\t\t\t\t\t\t\t<p>A las Termas Romanas se acced\u00eda por los piscinas y gimnasios para poder recibir masajes con aceites perfumados antes de ba\u00f1arse. El siguiente paso era entrar a los ba\u00f1os con agua de diferente temperatura comenzando por el agua fr\u00eda y luego el agua templada. Para terminar, la \u00faltima parada se realizaba en la sauna. <\/p>\n\n<p>Las instalaciones se abr\u00edan a medio d\u00eda cuando el agua hab\u00eda alcanzado la temperatura del ba\u00f1o y permanec\u00edan abiertas el anochecer de tal forma que el horario de ba\u00f1os se extend\u00eda entre el final del trabajo y la cena.<\/p>\n\n<p>En la actualidad en el complejo se puede observar restos de las salas de ba\u00f1o, las habitaciones, la sauna, el muro de la fachada del edificio, etc.<\/p>\n\t\t\t\t\t\t\t\t\t<\/div>\n\t\t\t\t\t\t\t\t\t<img decoding=\"async\" src=\"https:\/\/cdn.pilgrim.es\/web\/caminos\/via-de-la-plata\/pueblos\/astorga\/puntos-de-interes\/termas-romanas.jpg\" alt=\"Termas Romanas\">\n\t\t\t\t\t\t\t\t<\/div>\n\t\t\t\t\t\t\t<\/div>\n\t\t\t\t\t\t\n\t\t\t\t\t\t\t<div class=\"accordion__accordion-content inactive\">\n\t\t\t\t\t\t\t\t<div>\n\t\t\t\t\t\t\t\t\t<div>\n\t\t\t\t\t\t\t\t\t\t<h4>Muralla Medieval<\/h4>\n\t\t\t\t\t\t\t\t\t\t<p>La muralla medieval de Astorga fue levantada a lo largo de un kil\u00f3metro y medio, cuyo origen se remonta a los siglos III y IV, aunque se considera medieval debido a las numerosas remodelaciones que sufri\u00f3 en ese periodo. <\/p>\n\n<p>Esta muralla defend\u00eda en otra \u00e9poca el centro hist\u00f3rico de la ciudad y, actualmente, se pueden contemplar dos de sus tramos, pues se encuentran en perfecto estado de conservaci\u00f3n. Uno de estos tramos dignos de admirar es el que se extiende junto al parque de El Melgar y el otro ocupa el espacio que va desde el Jard\u00edn de la Sinagoga al paseo de la Muralla.<\/p>\n\n<p>Este recinto amurallado destaca por su elevada altura y por poseer una serie de cubos de forma circular dispuestos cada quince metros de distancia. Sin duda, el recinto amurallado es uno de los conjuntos monumentales m\u00e1s emblem\u00e1ticos de la ciudad, pues incluye en su interior la Catedral y el Palacio Episcopal.<\/p>\n\t\t\t\t\t\t\t\t\t<\/div>\n\t\t\t\t\t\t\t\t\t<img decoding=\"async\" src=\"https:\/\/cdn.pilgrim.es\/web\/caminos\/via-de-la-plata\/pueblos\/astorga\/puntos-de-interes\/muralla-medieval.jpg\" alt=\"Muralla Medieval\">\n\t\t\t\t\t\t\t\t<\/div>\n\t\t\t\t\t\t\t<\/div>\n\t\t\t\t\t\t\n\t\t\t\t\t\t\t<div class=\"accordion__accordion-content inactive\">\n\t\t\t\t\t\t\t\t<div>\n\t\t\t\t\t\t\t\t\t<div>\n\t\t\t\t\t\t\t\t\t\t<h4>Museo de la Semana Santa<\/h4>\n\t\t\t\t\t\t\t\t\t\t<p>El Museo de la Semana Santa fue construido con la finalidad de recoger y divulgar el patrimonio religioso de la Semana Santa de Astorga. Este espacio cuenta con piezas como las siguientes, entre otras:<\/p>\n\t\t\t\t\t\t\t\t\t<\/div>\n\t\t\t\t\t\t\t\t\t<img decoding=\"async\" src=\"https:\/\/cdn.pilgrim.es\/web\/caminos\/via-de-la-plata\/pueblos\/astorga\/puntos-de-interes\/museo-de-la-semana-santa.jpg\" alt=\"Museo de la Semana Santa\">\n\t\t\t\t\t\t\t\t<\/div>\n\t\t\t\t\t\t\t<\/div>\n\t\t\t\t\t\t\n\t\t\t\t\t\t\t<div class=\"accordion__accordion-content inactive\">\n\t\t\t\t\t\t\t\t<div>\n\t\t\t\t\t\t\t\t\t<div>\n\t\t\t\t\t\t\t\t\t\t<h4>Museo de los Caminos<\/h4>\n\t\t\t\t\t\t\t\t\t\t<p>El Museo de los Caminos se encuentra en el interior del Palacio Episcopal y fue construido con la finalidad de recoger y divulgar piezas relacionadas con la peregrinaci\u00f3n a Santiago de Compostela. <\/p>\n\n<p>Algunas de las piezas a destacar son: el \u201cCrucificado de Poibueno\u201d, el \u201cRetablo de San Bartolom\u00e9\u201d de finales del siglo XV, la \u201cCruz del Santuario de Castrotierra de la Valduerna\u201d, etc.  En la planta principal del edificio se encuentra una variada colecci\u00f3n de cruces procesionales en plata y plata sobredorada. Adem\u00e1s tambi\u00e9n se encuentran las distintas dependencias del antiguo Despacho el Obispo, El Sal\u00f3n del Trono con el baldaquino dise\u00f1ado por Gaud\u00ed y el Comedor privado. <\/p>\n\t\t\t\t\t\t\t\t\t<\/div>\n\t\t\t\t\t\t\t\t\t<img decoding=\"async\" src=\"https:\/\/cdn.pilgrim.es\/web\/caminos\/via-de-la-plata\/pueblos\/astorga\/puntos-de-interes\/museo-de-los-caminos.jpg\" alt=\"Museo de los Caminos\">\n\t\t\t\t\t\t\t\t<\/div>\n\t\t\t\t\t\t\t<\/div>\n\t\t\t\t\t\t\n\t\t\t\t\t\t\t<div class=\"accordion__accordion-content inactive\">\n\t\t\t\t\t\t\t\t<div>\n\t\t\t\t\t\t\t\t\t<div>\n\t\t\t\t\t\t\t\t\t\t<h4>Museo del Chocolate<\/h4>\n\t\t\t\t\t\t\t\t\t\t<p>El Museo del Chocolate fue fundado en el a\u00f1o 1994 con la intenci\u00f3n de mostrar, tanto a los habitantes de la ciudad como a los turistas, la variedad de maquinaria que se utilizaba y las f\u00e1bricas que se crearon a ra\u00edz de la llegada del cacao a la comarca. <\/p>\n\n<p>Esta colecci\u00f3n fue considerada la m\u00e1s singular de Espa\u00f1a y la segunda de Europa por la variada colecci\u00f3n albergando piezas como las primitivas piedras de amasar cacao hasta la \u00faltima m\u00e1quina creada para realizar la misma funci\u00f3n. <\/p>\n\n<p>En el segundo piso destacan las diferentes colecciones de cromos-regalo de los chocolateros, las piedras litogr\u00e1ficas y las planchas de grabado empleadas para el estampado de las etiquetas.<\/p>\n\t\t\t\t\t\t\t\t\t<\/div>\n\t\t\t\t\t\t\t\t\t<img decoding=\"async\" src=\"https:\/\/cdn.pilgrim.es\/web\/caminos\/via-de-la-plata\/pueblos\/astorga\/puntos-de-interes\/museo-del-chocolate.jpg\" alt=\"Museo del Chocolate\">\n\t\t\t\t\t\t\t\t<\/div>\n\t\t\t\t\t\t\t<\/div>\n\t\t\t\t\t\t\n\t\t\t\t\t\t\t<div class=\"accordion__accordion-content inactive\">\n\t\t\t\t\t\t\t\t<div>\n\t\t\t\t\t\t\t\t\t<div>\n\t\t\t\t\t\t\t\t\t\t<h4>Plaza de Espa\u00f1a &#8211; Plaza Mayor<\/h4>\n\t\t\t\t\t\t\t\t\t\t<p>La Plaza Mayor fue construida sobre el foro romano que ocupaba la ciudad y se ubica en pleno casco antiguo. Esta plaza, que se remonta al siglo XVII, se encuentra presidida por el edificio del Ayuntamiento, de estilo barroco civil, y en ella, cada martes se celebra un mercado en el cual se venden productos del campo artesanos.<\/p>\n\n<p>El espacio que comprende la plaza se encuentra rodeado de soportales y edificaciones antiguas, entre los que podemos destacar la tradicional farmacia de Primo N\u00fa\u00f1ez, levantada en el siglo XVIII y que est\u00e1 considerada como una de las m\u00e1s antiguas de la provincia de Le\u00f3n.<\/p>\n\t\t\t\t\t\t\t\t\t<\/div>\n\t\t\t\t\t\t\t\t\t<img decoding=\"async\" src=\"https:\/\/cdn.pilgrim.es\/web\/caminos\/via-de-la-plata\/pueblos\/astorga\/puntos-de-interes\/plaza-de-espana-plaza-mayor.jpg\" alt=\"Plaza de Espa\u00f1a - Plaza Mayor\">\n\t\t\t\t\t\t\t\t<\/div>\n\t\t\t\t\t\t\t<\/div>\n\t\t\t\t\t\t\n\t\t\t\t\t\t\t<div class=\"accordion__accordion-content inactive\">\n\t\t\t\t\t\t\t\t<div>\n\t\t\t\t\t\t\t\t\t<div>\n\t\t\t\t\t\t\t\t\t\t<h4>Puerta Romana<\/h4>\n\t\t\t\t\t\t\t\t\t\t<p>Las puertas que se levantaban en el recinto amurallado no se conservan en pie actualmente. Sin embargo, hay una puerta de origen romano de la que se tienen noticias debido a las excavaciones arqueol\u00f3gicas efectuadas a finales del siglo XX, la Puerta Romana, de la cual se pueden ver sus ruinas.<\/p>\n\n<p>En esa \u00e9poca, dicha puerta contaba con cuatro metros de ancho y constaba de un vano, amparado por dos torres de ocho metros de altura construidas en granito.<\/p>\n\t\t\t\t\t\t\t\t\t<\/div>\n\t\t\t\t\t\t\t\t\t<img decoding=\"async\" src=\"https:\/\/cdn.pilgrim.es\/web\/caminos\/via-de-la-plata\/pueblos\/astorga\/puntos-de-interes\/puerta-romana.jpg\" alt=\"Puerta Romana\">\n\t\t\t\t\t\t\t\t<\/div>\n\t\t\t\t\t\t\t<\/div>\n\t\t\t\t\t\t\n\t\t\t\t\t<\/div>\n\t\t\t\t<\/div>\n\t\t\t<\/div>\n\t\t\n\n\t\t<div id=\"phonesSection\">\n\t\t\t<div>\n\t\t\t\t<h2 class=\"p-h3-town\">Information of interest<\/h2>\n\t\t\t<\/div>\n\t\t\t<div class=\"grid\">\n\t\t\t\t\n\t\t\t\t\t<div class=\"phone-number-item\">\n\t\t\t\t\t\t<div class=\"phone-number-item__icon\"><i class=\"icon-police\"><\/i><\/div>\n\t\t\t\t\t\t<div class=\"phone-number-item__title\">\n\t\t\t\t\t\t\t<h3 class=\"p-font-bold\">Polic\u00eda Local<\/h3>\n\t\t\t\t\t\t\t<p>987 255 500<\/p>\n\t\t\t\t\t\t\t\n\t\t\t\t\t\t<\/div>\n\t\t\t\t\t<\/div>\n\t\t\t\t\n\t\t\t\t\t<div class=\"phone-number-item\">\n\t\t\t\t\t\t<div class=\"phone-number-item__icon\"><i class=\"icon-spanish-military-police\"><\/i><\/div>\n\t\t\t\t\t\t<div class=\"phone-number-item__title\">\n\t\t\t\t\t\t\t<h3 class=\"p-font-bold\">Guardia civil<\/h3>\n\t\t\t\t\t\t\t<p>987 253 211<\/p>\n\t\t\t\t\t\t\t\n\t\t\t\t\t\t<\/div>\n\t\t\t\t\t<\/div>\n\t\t\t\t\n\t\t\t\t\t<div class=\"phone-number-item\">\n\t\t\t\t\t\t<div class=\"phone-number-item__icon\"><i class=\"icon-firefighters\"><\/i><\/div>\n\t\t\t\t\t\t<div class=\"phone-number-item__title\">\n\t\t\t\t\t\t\t<h3 class=\"p-font-bold\">Bomberos<\/h3>\n\t\t\t\t\t\t\t<p>987 216 080<\/p>\n\t\t\t\t\t\t\t\n\t\t\t\t\t\t<\/div>\n\t\t\t\t\t<\/div>\n\t\t\t\t\n\t\t\t\t\t<div class=\"phone-number-item\">\n\t\t\t\t\t\t<div class=\"phone-number-item__icon\"><i class=\"icon-civil-protection\"><\/i><\/div>\n\t\t\t\t\t\t<div class=\"phone-number-item__title\">\n\t\t\t\t\t\t\t<h3 class=\"p-font-bold\">Protecci\u00f3n Civil<\/h3>\n\t\t\t\t\t\t\t<p>987 969 100<\/p>\n\t\t\t\t\t\t\t\n\t\t\t\t\t\t<\/div>\n\t\t\t\t\t<\/div>\n\t\t\t\t\n\t\t\t\t\t<div class=\"phone-number-item\">\n\t\t\t\t\t\t<div class=\"phone-number-item__icon\"><i class=\"icon-town-council\"><\/i><\/div>\n\t\t\t\t\t\t<div class=\"phone-number-item__title\">\n\t\t\t\t\t\t\t<h3 class=\"p-font-bold\">Ayuntamiento<\/h3>\n\t\t\t\t\t\t\t<p>987 895 500<\/p>\n\t\t\t\t\t\t\t\n\t\t\t\t\t\t<\/div>\n\t\t\t\t\t<\/div>\n\t\t\t\t\n\t\t\t\t\t<div class=\"phone-number-item\">\n\t\t\t\t\t\t<div class=\"phone-number-item__icon\"><i class=\"icon-hospital\"><\/i><\/div>\n\t\t\t\t\t\t<div class=\"phone-number-item__title\">\n\t\t\t\t\t\t\t<h3 class=\"p-font-bold\">Centro de Salud<\/h3>\n\t\t\t\t\t\t\t<p>987 245 911 \/ 987 236 459<\/p>\n\t\t\t\t\t\t\t\n\t\t\t\t\t\t<\/div>\n\t\t\t\t\t<\/div>\n\t\t\t\t\n\t\t\t\t\t<div class=\"phone-number-item\">\n\t\t\t\t\t\t<div class=\"phone-number-item__icon\"><i class=\"icon-tourism\"><\/i><\/div>\n\t\t\t\t\t\t<div class=\"phone-number-item__title\">\n\t\t\t\t\t\t\t<h3 class=\"p-font-bold\">Oficina de Turismo<\/h3>\n\t\t\t\t\t\t\t<p>987 618 222<\/p>\n\t\t\t\t\t\t\t\n\t\t\t\t\t\t\t\t<p>Glorieta Eduardo De Castro, 5<\/p>\n\t\t\t\t\t\t\t\n\t\t\t\t\t\t<\/div>\n\t\t\t\t\t<\/div>\n\t\t\t\t\n\t\t\t\t\t<div class=\"phone-number-item\">\n\t\t\t\t\t\t<div class=\"phone-number-item__icon\"><i class=\"None\"><\/i><\/div>\n\t\t\t\t\t\t<div class=\"phone-number-item__title\">\n\t\t\t\t\t\t\t<h3 class=\"p-font-bold\">Horario<\/h3>\n\t\t\t\t\t\t\t<p>De Lunes a Domingo de 10:00 a 14:00 y de 16:00 a 18:30<\/p>\n\t\t\t\t\t\t\t\n\t\t\t\t\t\t<\/div>\n\t\t\t\t\t<\/div>\n\t\t\t\t\n\t\t\t<\/div>\n\t\t<\/div>\n\n\t\t<div id=\"clientForm\">\n        <section>\n        <img decoding=\"async\" src=\"https:\/\/cdn.pilgrim.es\/web\/home\/email-contacto.png\" alt=\"contacto\">\n        <div>\n            <p>We send you your itinerary<\/p>\n            <p>Enter your details and receive your travel itinerary by email <\/p>\n            <form method=\"post\" data-url=\"\/wp-admin\/admin-ajax.php\" id=\"planner--client\" class=\"flag-right form-client\">\n    <div class=\"form-data\">\n        <input name=\"form_id\" type=\"hidden\" value=\"Formulario Leads\">\n        <input name=\"type\" type=\"hidden\" value=\"planner_client\">\n        <input type=\"text\" name=\"nombre\" value=\"\" size=\"40\" class=\"form-control\" aria-required=\"true\" aria-invalid=\"false\" placeholder=\"Name\">\n        <input type=\"email\" name=\"email\" value=\"\" size=\"40\" class=\"form-control\" aria-required=\"true\" aria-invalid=\"false\" placeholder=\"Email\">\n        <input type=\"text\" id=\"phone-input\" name=\"tel\" value=\"\" size=\"40\" class=\"phone-input form-control\" aria-required=\"true\" aria-invalid=\"false\" placeholder=\"Telephone\">\n        <input type=\"hidden\" name=\"telefono\">\n    <\/div>\n    <div class=\"form-checkbox\">\n        <span>\n            Pilgrim Travel, S.L. informs, in accordance with Regulation 2016\/679, that the data used in this form will be used both for answering any queries and for the publication of comments, the basis of legitimacy being the consent of the user. The rights may be exercised in accordance with the provisions of our             <a href=\"https:\/\/www.pilgrim.es\/en\/privacy-policy\/\" target=\"_blank\" rel=\"noopener noreferrer nofollow\">Privacy Policy.<\/a>\n        <\/span>\n    <\/div>\n\n    <div class=\"form-submit\">\n        <button id=\"planner--client-create\" type=\"submit\">Contact form<\/button>\n        <div class=\"loadingDiv\"><i class=\"p-spinner\"><\/i><\/div>\n    <\/div>\n\n    <div class=\"contact-content-form-success\">\n        <p><i class=\"fas fa-check\"><\/i> The form has been sent successfully<\/p>\n    <\/div>\n\n    <div class=\"contact-content-form-error\">\n        <span class=\"input-error\"><\/span>\n    <\/div>\n<\/form>        <\/div>\n    <\/section>\n<\/div>\n\n\t\t<div id=\"recomendationSection\">\n\t\t\t<div>\n\t\t\t\t<h2 class=\"p-h2-town\">Recommended<\/h2>\n\t\t\t\t<hr>\n\t\t\t\t<h3 class=\"p-h3-town\">Gastronomy<\/h3>\n\t\t\t<\/div>\n\t\t\tEn Astorga predomina la tradicional gastronom\u00eda leonesa pero ante todo sobresale el t\u00edpico cocido Maragato. Adem\u00e1s cabe destacar recetas como la sopa de ajo, el congrio al ajoarriero, las mollejas en salsa, las berzas con bacalao y derivados del cerdo como la cecina  y el jam\u00f3n.\n\nEn la reposter\u00eda t\u00edpica de la ciudad destacan las tradicionales mantecadas y los chocolates astorganos. Pero no podemos olvidarnos de probar las natillas y los hojaldres rellenos de crema tras un buen cocido Maragato.\n\t\t<\/div>\n\n\n\t\t\n\t\t\t<div id=\"holidaysSection\">\n\t\t\t\t<div>\n\t\t\t\t\t<h2 class=\"p-h2-town\">Recommended<\/h2>\n\t\t\t\t\t<hr>\n\t\t\t\t\t<h3 class=\"p-h3-town\">Festivals and Pilgrimages<\/h3>\n\t\t\t\t<\/div>\n\t\t\t\t<div class=\"grid holidays-grid\">\n\t\t\t\t\t\n\t\t\t\t\t\t<div>\n\t\t\t\t\t\t\t<div class=\"phone-number-item\">\n\t\t\t\t\t\t\t\t<div class=\"phone-number-item__icon\"><i class=\"icon-holiday\"><\/i><\/div>\n\t\t\t\t\t\t\t\t<div class=\"phone-number-item__title dark-text\">\n\t\t\t\t\t\t\t\t\t<p class=\"p-font-bold\">Local festivity<\/p>\n\t\t\t\t\t\t\t\t\t<p>A mediados de enero: Fiesta de San Ant\u00f3n<\/p>\n\t\t\t\t\t\t\t\t<\/div>\n\t\t\t\t\t\t\t<\/div>\n\t\t\t\t\t\t<\/div>\n\t\t\t\t\t\n\t\t\t\t\t\t<div>\n\t\t\t\t\t\t\t<div class=\"phone-number-item\">\n\t\t\t\t\t\t\t\t<div class=\"phone-number-item__icon\"><i class=\"icon-holiday\"><\/i><\/div>\n\t\t\t\t\t\t\t\t<div class=\"phone-number-item__title dark-text\">\n\t\t\t\t\t\t\t\t\t<p class=\"p-font-bold\">Local festivity<\/p>\n\t\t\t\t\t\t\t\t\t<p>A mediados de febrero: Fiesta de San Pedro<\/p>\n\t\t\t\t\t\t\t\t<\/div>\n\t\t\t\t\t\t\t<\/div>\n\t\t\t\t\t\t<\/div>\n\t\t\t\t\t\n\t\t\t\t\t\t<div>\n\t\t\t\t\t\t\t<div class=\"phone-number-item\">\n\t\t\t\t\t\t\t\t<div class=\"phone-number-item__icon\"><i class=\"icon-holiday\"><\/i><\/div>\n\t\t\t\t\t\t\t\t<div class=\"phone-number-item__title dark-text\">\n\t\t\t\t\t\t\t\t\t<p class=\"p-font-bold\">Local festivity<\/p>\n\t\t\t\t\t\t\t\t\t<p>A  mediados de abril: Fiesta de Santo Toribio<\/p>\n\t\t\t\t\t\t\t\t<\/div>\n\t\t\t\t\t\t\t<\/div>\n\t\t\t\t\t\t<\/div>\n\t\t\t\t\t\n\t\t\t\t\t\t<div>\n\t\t\t\t\t\t\t<div class=\"phone-number-item\">\n\t\t\t\t\t\t\t\t<div class=\"phone-number-item__icon\"><i class=\"icon-holiday\"><\/i><\/div>\n\t\t\t\t\t\t\t\t<div class=\"phone-number-item__title dark-text\">\n\t\t\t\t\t\t\t\t\t<p class=\"p-font-bold\">Local festivity<\/p>\n\t\t\t\t\t\t\t\t\t<p>Fecha de celebraci\u00f3n cambiante: Festividad de la Virgen de Castrotierra<\/p>\n\t\t\t\t\t\t\t\t<\/div>\n\t\t\t\t\t\t\t<\/div>\n\t\t\t\t\t\t<\/div>\n\t\t\t\t\t\n\t\t\t\t\t\t<div>\n\t\t\t\t\t\t\t<div class=\"phone-number-item\">\n\t\t\t\t\t\t\t\t<div class=\"phone-number-item__icon\"><i class=\"icon-holiday\"><\/i><\/div>\n\t\t\t\t\t\t\t\t<div class=\"phone-number-item__title dark-text\">\n\t\t\t\t\t\t\t\t\t<p class=\"p-font-bold\">Local festivity<\/p>\n\t\t\t\t\t\t\t\t\t<p>A mediados de Junio: Corpus Christi<\/p>\n\t\t\t\t\t\t\t\t<\/div>\n\t\t\t\t\t\t\t<\/div>\n\t\t\t\t\t\t<\/div>\n\t\t\t\t\t\n\t\t\t\t\t\t<div>\n\t\t\t\t\t\t\t<div class=\"phone-number-item\">\n\t\t\t\t\t\t\t\t<div class=\"phone-number-item__icon\"><i class=\"icon-holiday\"><\/i><\/div>\n\t\t\t\t\t\t\t\t<div class=\"phone-number-item__title dark-text\">\n\t\t\t\t\t\t\t\t\t<p class=\"p-font-bold\">Local festivity<\/p>\n\t\t\t\t\t\t\t\t\t<p>A finales de agosto: Fiestas patronales<\/p>\n\t\t\t\t\t\t\t\t<\/div>\n\t\t\t\t\t\t\t<\/div>\n\t\t\t\t\t\t<\/div>\n\t\t\t\t\t\n\t\t\t\t\t\t<div>\n\t\t\t\t\t\t\t<div class=\"phone-number-item\">\n\t\t\t\t\t\t\t\t<div class=\"phone-number-item__icon\"><i class=\"icon-holiday\"><\/i><\/div>\n\t\t\t\t\t\t\t\t<div class=\"phone-number-item__title dark-text\">\n\t\t\t\t\t\t\t\t\t<p class=\"p-font-bold\">Local festivity<\/p>\n\t\t\t\t\t\t\t\t\t<p>A finales de Julio: Fiesta de Astures y Romanos<\/p>\n\t\t\t\t\t\t\t\t<\/div>\n\t\t\t\t\t\t\t<\/div>\n\t\t\t\t\t\t<\/div>\n\t\t\t\t\t\n\t\t\t\t\t\t<div>\n\t\t\t\t\t\t\t<div class=\"phone-number-item\">\n\t\t\t\t\t\t\t\t<div class=\"phone-number-item__icon\"><i class=\"icon-holiday\"><\/i><\/div>\n\t\t\t\t\t\t\t\t<div class=\"phone-number-item__title dark-text\">\n\t\t\t\t\t\t\t\t\t<p class=\"p-font-bold\">Local festivity<\/p>\n\t\t\t\t\t\t\t\t\t<p>Finales o principios de a\u00f1o: El sal\u00f3n internacional del chocolate<\/p>\n\t\t\t\t\t\t\t\t<\/div>\n\t\t\t\t\t\t\t<\/div>\n\t\t\t\t\t\t<\/div>\n\t\t\t\t\t\n\t\t\t\t<\/div>\n\t\t\t<\/div>\n\t\t\n\t<\/div>\n<\/section>\n\n<div id=\"stage_list_section\"><div class=\"stage-list\">\n    <div class='stage-list__map-card'>\n        <div class='stage-list__map-card__map'>\n            <div class='stage-list__map-card__map__text'>\n                <h2> Pages <\/h2>\n                <p> On foot<\/p>\n                <p> 0 stages<\/p>\n            <\/div>\n            <div class='stage-list__map-card__map__img'>\n                <img decoding=\"async\" src=\"\" alt=\" mapa \" \/>\n            <\/div>\n        <\/div>\n    <\/div>\n\n    <\/div>\n<\/div> ","protected":false},"excerpt":{"rendered":"<p>Astorga &#8249; Back to the stage Astorga Residents: 11.387 aprox. Province: Le\u00f3n Information Conoce Astorga La ciudad de Astorga es un punto de encuentro de Caminos; aqu\u00ed confluyen la ruta francesa y la Ruta de la Plata. Es por ello que es una de las localidades que desde la antig\u00fcedad presenta un gran n\u00famero de &hellip; <\/p>\n<p class=\"read_more\"><a href=\"https:\/\/www.pilgrim.es\/en\/the-silver-route\/astorga\/\">Leer m\u00e1s<\/a><\/p>\n","protected":false},"author":0,"featured_media":0,"parent":37406,"menu_order":0,"comment_status":"closed","ping_status":"closed","template":"views\/template-new-web-design.blade.php","meta":{"footnotes":""},"categories":[],"tags":[],"class_list":["post-93162","page","type-page","status-publish","hentry"],"yoast_head":"<!-- This site is optimized with the Yoast SEO plugin v27.4 - https:\/\/yoast.com\/product\/yoast-seo-wordpress\/ -->\n<title>Astorga: What to see and where to stay | Camino de Santiago | Pilgrim<\/title>\n<meta name=\"description\" content=\"Astorga Discover all the information you need about accommodation, how to get there, gastronomy and the main points of interest in the towns along the Silver Way.\" \/>\n<meta name=\"robots\" content=\"index, follow, max-snippet:-1, max-image-preview:large, max-video-preview:-1\" \/>\n<link rel=\"canonical\" href=\"https:\/\/www.pilgrim.es\/en\/the-silver-route\/astorga\/\" \/>\n<meta property=\"og:locale\" content=\"en_US\" \/>\n<meta property=\"og:type\" content=\"article\" \/>\n<meta property=\"og:title\" content=\"Astorga: What to see and where to stay | Camino de Santiago | Pilgrim\" \/>\n<meta property=\"og:description\" content=\"Astorga Discover all the information you need about accommodation, how to get there, gastronomy and the main points of interest in the towns along the Silver Way.\" \/>\n<meta property=\"og:url\" content=\"https:\/\/www.pilgrim.es\/en\/the-silver-route\/astorga\/\" \/>\n<meta property=\"og:site_name\" content=\"Pilgrim\" \/>\n<meta property=\"article:publisher\" content=\"https:\/\/www.facebook.com\/pilgrim.es\/\" \/>\n<meta property=\"og:image\" content=\"https:\/\/cdn.pilgrim.es\/web\/caminos\/via-de-la-plata\/pueblos\/astorga\/puntos-de-interes\/ayuntamiento.jpg\" \/>\n<meta name=\"twitter:card\" content=\"summary_large_image\" \/>\n<meta name=\"twitter:site\" content=\"@pilgrim_es\" \/>\n<meta name=\"twitter:label1\" content=\"Est. reading time\" \/>\n\t<meta name=\"twitter:data1\" content=\"11 minutes\" \/>\n<script type=\"application\/ld+json\" class=\"yoast-schema-graph\">{\"@context\":\"https:\\\/\\\/schema.org\",\"@graph\":[{\"@type\":\"WebPage\",\"@id\":\"https:\\\/\\\/www.pilgrim.es\\\/en\\\/the-silver-route\\\/astorga\\\/\",\"url\":\"https:\\\/\\\/www.pilgrim.es\\\/en\\\/the-silver-route\\\/astorga\\\/\",\"name\":\"Astorga: What to see and where to stay | Camino de Santiago | Pilgrim\",\"isPartOf\":{\"@id\":\"https:\\\/\\\/www.pilgrim.es\\\/en\\\/#website\"},\"primaryImageOfPage\":{\"@id\":\"https:\\\/\\\/www.pilgrim.es\\\/en\\\/the-silver-route\\\/astorga\\\/#primaryimage\"},\"image\":{\"@id\":\"https:\\\/\\\/www.pilgrim.es\\\/en\\\/the-silver-route\\\/astorga\\\/#primaryimage\"},\"thumbnailUrl\":\"https:\\\/\\\/cdn.pilgrim.es\\\/web\\\/caminos\\\/via-de-la-plata\\\/pueblos\\\/astorga\\\/puntos-de-interes\\\/ayuntamiento.jpg\",\"datePublished\":\"2025-03-19T16:31:43+00:00\",\"description\":\"Astorga Discover all the information you need about accommodation, how to get there, gastronomy and the main points of interest in the towns along the Silver Way.\",\"breadcrumb\":{\"@id\":\"https:\\\/\\\/www.pilgrim.es\\\/en\\\/the-silver-route\\\/astorga\\\/#breadcrumb\"},\"inLanguage\":\"en-US\",\"potentialAction\":[{\"@type\":\"ReadAction\",\"target\":[\"https:\\\/\\\/www.pilgrim.es\\\/en\\\/the-silver-route\\\/astorga\\\/\"]}]},{\"@type\":\"ImageObject\",\"inLanguage\":\"en-US\",\"@id\":\"https:\\\/\\\/www.pilgrim.es\\\/en\\\/the-silver-route\\\/astorga\\\/#primaryimage\",\"url\":\"https:\\\/\\\/cdn.pilgrim.es\\\/web\\\/caminos\\\/via-de-la-plata\\\/pueblos\\\/astorga\\\/puntos-de-interes\\\/ayuntamiento.jpg\",\"contentUrl\":\"https:\\\/\\\/cdn.pilgrim.es\\\/web\\\/caminos\\\/via-de-la-plata\\\/pueblos\\\/astorga\\\/puntos-de-interes\\\/ayuntamiento.jpg\"},{\"@type\":\"BreadcrumbList\",\"@id\":\"https:\\\/\\\/www.pilgrim.es\\\/en\\\/the-silver-route\\\/astorga\\\/#breadcrumb\",\"itemListElement\":[{\"@type\":\"ListItem\",\"position\":1,\"name\":\"Camino de Santiago\",\"item\":\"https:\\\/\\\/www.pilgrim.es\\\/en\\\/\"},{\"@type\":\"ListItem\",\"position\":2,\"name\":\"The Silver Route\",\"item\":\"https:\\\/\\\/www.pilgrim.es\\\/en\\\/the-silver-route\\\/\"},{\"@type\":\"ListItem\",\"position\":3,\"name\":\"Astorga\"}]},{\"@type\":\"WebSite\",\"@id\":\"https:\\\/\\\/www.pilgrim.es\\\/en\\\/#website\",\"url\":\"https:\\\/\\\/www.pilgrim.es\\\/en\\\/\",\"name\":\"Pilgrim\",\"description\":\"Camino de Santiago | Caminamos Contigo\",\"publisher\":{\"@id\":\"https:\\\/\\\/www.pilgrim.es\\\/en\\\/#organization\"},\"potentialAction\":[{\"@type\":\"SearchAction\",\"target\":{\"@type\":\"EntryPoint\",\"urlTemplate\":\"https:\\\/\\\/www.pilgrim.es\\\/en\\\/?s={search_term_string}\"},\"query-input\":{\"@type\":\"PropertyValueSpecification\",\"valueRequired\":true,\"valueName\":\"search_term_string\"}}],\"inLanguage\":\"en-US\"},{\"@type\":\"Organization\",\"@id\":\"https:\\\/\\\/www.pilgrim.es\\\/en\\\/#organization\",\"name\":\"Pilgrim Camino de Santiago\",\"url\":\"https:\\\/\\\/www.pilgrim.es\\\/en\\\/\",\"logo\":{\"@type\":\"ImageObject\",\"inLanguage\":\"en-US\",\"@id\":\"https:\\\/\\\/www.pilgrim.es\\\/en\\\/#\\\/schema\\\/logo\\\/image\\\/\",\"url\":\"https:\\\/\\\/www.pilgrim.es\\\/wp-content\\\/uploads\\\/2019\\\/04\\\/logo_pilgrim.png\",\"contentUrl\":\"https:\\\/\\\/www.pilgrim.es\\\/wp-content\\\/uploads\\\/2019\\\/04\\\/logo_pilgrim.png\",\"width\":512,\"height\":512,\"caption\":\"Pilgrim Camino de Santiago\"},\"image\":{\"@id\":\"https:\\\/\\\/www.pilgrim.es\\\/en\\\/#\\\/schema\\\/logo\\\/image\\\/\"},\"sameAs\":[\"https:\\\/\\\/www.facebook.com\\\/pilgrim.es\\\/\",\"https:\\\/\\\/x.com\\\/pilgrim_es\",\"https:\\\/\\\/www.instagram.com\\\/pilgrim.es\\\/\",\"https:\\\/\\\/www.linkedin.com\\\/company\\\/pilgrim-camino-de-santiago\\\/\",\"https:\\\/\\\/www.pinterest.es\\\/pilgrimcaminodesantiago\\\/\",\"https:\\\/\\\/www.youtube.com\\\/channel\\\/UCIv2ZzFLXVqthkNF32rKedw\\\/featured\"]}]}<\/script>\n<!-- \/ Yoast SEO plugin. -->","yoast_head_json":{"title":"Astorga: What to see and where to stay | Camino de Santiago | Pilgrim","description":"Astorga Discover all the information you need about accommodation, how to get there, gastronomy and the main points of interest in the towns along the Silver Way.","robots":{"index":"index","follow":"follow","max-snippet":"max-snippet:-1","max-image-preview":"max-image-preview:large","max-video-preview":"max-video-preview:-1"},"canonical":"https:\/\/www.pilgrim.es\/en\/the-silver-route\/astorga\/","og_locale":"en_US","og_type":"article","og_title":"Astorga: What to see and where to stay | Camino de Santiago | Pilgrim","og_description":"Astorga Discover all the information you need about accommodation, how to get there, gastronomy and the main points of interest in the towns along the Silver Way.","og_url":"https:\/\/www.pilgrim.es\/en\/the-silver-route\/astorga\/","og_site_name":"Pilgrim","article_publisher":"https:\/\/www.facebook.com\/pilgrim.es\/","og_image":[{"url":"https:\/\/cdn.pilgrim.es\/web\/caminos\/via-de-la-plata\/pueblos\/astorga\/puntos-de-interes\/ayuntamiento.jpg","type":"","width":"","height":""}],"twitter_card":"summary_large_image","twitter_site":"@pilgrim_es","twitter_misc":{"Est. reading time":"11 minutes"},"schema":{"@context":"https:\/\/schema.org","@graph":[{"@type":"WebPage","@id":"https:\/\/www.pilgrim.es\/en\/the-silver-route\/astorga\/","url":"https:\/\/www.pilgrim.es\/en\/the-silver-route\/astorga\/","name":"Astorga: What to see and where to stay | Camino de Santiago | Pilgrim","isPartOf":{"@id":"https:\/\/www.pilgrim.es\/en\/#website"},"primaryImageOfPage":{"@id":"https:\/\/www.pilgrim.es\/en\/the-silver-route\/astorga\/#primaryimage"},"image":{"@id":"https:\/\/www.pilgrim.es\/en\/the-silver-route\/astorga\/#primaryimage"},"thumbnailUrl":"https:\/\/cdn.pilgrim.es\/web\/caminos\/via-de-la-plata\/pueblos\/astorga\/puntos-de-interes\/ayuntamiento.jpg","datePublished":"2025-03-19T16:31:43+00:00","description":"Astorga Discover all the information you need about accommodation, how to get there, gastronomy and the main points of interest in the towns along the Silver Way.","breadcrumb":{"@id":"https:\/\/www.pilgrim.es\/en\/the-silver-route\/astorga\/#breadcrumb"},"inLanguage":"en-US","potentialAction":[{"@type":"ReadAction","target":["https:\/\/www.pilgrim.es\/en\/the-silver-route\/astorga\/"]}]},{"@type":"ImageObject","inLanguage":"en-US","@id":"https:\/\/www.pilgrim.es\/en\/the-silver-route\/astorga\/#primaryimage","url":"https:\/\/cdn.pilgrim.es\/web\/caminos\/via-de-la-plata\/pueblos\/astorga\/puntos-de-interes\/ayuntamiento.jpg","contentUrl":"https:\/\/cdn.pilgrim.es\/web\/caminos\/via-de-la-plata\/pueblos\/astorga\/puntos-de-interes\/ayuntamiento.jpg"},{"@type":"BreadcrumbList","@id":"https:\/\/www.pilgrim.es\/en\/the-silver-route\/astorga\/#breadcrumb","itemListElement":[{"@type":"ListItem","position":1,"name":"Camino de Santiago","item":"https:\/\/www.pilgrim.es\/en\/"},{"@type":"ListItem","position":2,"name":"The Silver Route","item":"https:\/\/www.pilgrim.es\/en\/the-silver-route\/"},{"@type":"ListItem","position":3,"name":"Astorga"}]},{"@type":"WebSite","@id":"https:\/\/www.pilgrim.es\/en\/#website","url":"https:\/\/www.pilgrim.es\/en\/","name":"Pilgrim","description":"Camino de Santiago | Caminamos Contigo","publisher":{"@id":"https:\/\/www.pilgrim.es\/en\/#organization"},"potentialAction":[{"@type":"SearchAction","target":{"@type":"EntryPoint","urlTemplate":"https:\/\/www.pilgrim.es\/en\/?s={search_term_string}"},"query-input":{"@type":"PropertyValueSpecification","valueRequired":true,"valueName":"search_term_string"}}],"inLanguage":"en-US"},{"@type":"Organization","@id":"https:\/\/www.pilgrim.es\/en\/#organization","name":"Pilgrim Camino de Santiago","url":"https:\/\/www.pilgrim.es\/en\/","logo":{"@type":"ImageObject","inLanguage":"en-US","@id":"https:\/\/www.pilgrim.es\/en\/#\/schema\/logo\/image\/","url":"https:\/\/www.pilgrim.es\/wp-content\/uploads\/2019\/04\/logo_pilgrim.png","contentUrl":"https:\/\/www.pilgrim.es\/wp-content\/uploads\/2019\/04\/logo_pilgrim.png","width":512,"height":512,"caption":"Pilgrim Camino de Santiago"},"image":{"@id":"https:\/\/www.pilgrim.es\/en\/#\/schema\/logo\/image\/"},"sameAs":["https:\/\/www.facebook.com\/pilgrim.es\/","https:\/\/x.com\/pilgrim_es","https:\/\/www.instagram.com\/pilgrim.es\/","https:\/\/www.linkedin.com\/company\/pilgrim-camino-de-santiago\/","https:\/\/www.pinterest.es\/pilgrimcaminodesantiago\/","https:\/\/www.youtube.com\/channel\/UCIv2ZzFLXVqthkNF32rKedw\/featured"]}]}},"_links":{"self":[{"href":"https:\/\/www.pilgrim.es\/en\/wp-json\/wp\/v2\/pages\/93162","targetHints":{"allow":["GET"]}}],"collection":[{"href":"https:\/\/www.pilgrim.es\/en\/wp-json\/wp\/v2\/pages"}],"about":[{"href":"https:\/\/www.pilgrim.es\/en\/wp-json\/wp\/v2\/types\/page"}],"replies":[{"embeddable":true,"href":"https:\/\/www.pilgrim.es\/en\/wp-json\/wp\/v2\/comments?post=93162"}],"version-history":[{"count":0,"href":"https:\/\/www.pilgrim.es\/en\/wp-json\/wp\/v2\/pages\/93162\/revisions"}],"up":[{"embeddable":true,"href":"https:\/\/www.pilgrim.es\/en\/wp-json\/wp\/v2\/pages\/37406"}],"wp:attachment":[{"href":"https:\/\/www.pilgrim.es\/en\/wp-json\/wp\/v2\/media?parent=93162"}],"wp:term":[{"taxonomy":"category","embeddable":true,"href":"https:\/\/www.pilgrim.es\/en\/wp-json\/wp\/v2\/categories?post=93162"},{"taxonomy":"post_tag","embeddable":true,"href":"https:\/\/www.pilgrim.es\/en\/wp-json\/wp\/v2\/tags?post=93162"}],"curies":[{"name":"wp","href":"https:\/\/api.w.org\/{rel}","templated":true}]}}