{"id":91517,"date":"2025-03-17T16:05:39","date_gmt":"2025-03-17T16:05:39","guid":{"rendered":"https:\/\/www.pilgrim.es\/the-silver-route\/caceres\/"},"modified":"2025-03-17T16:05:39","modified_gmt":"2025-03-17T16:05:39","slug":"caceres","status":"publish","type":"page","link":"https:\/\/www.pilgrim.es\/en\/the-silver-route\/caceres\/","title":{"rendered":"C\u00e1ceres"},"content":{"rendered":" <section id=\"hero\">\n\t<h1>C\u00e1ceres<\/h1>\n\t<div class=\"hero-grid\">\n\t\t<div class=\"hero-grid__town-col\" data-background=\"https:\/\/cdn.pilgrim.es\/web\/caminos\/via-de-la-plata\/pueblos\/caceres.jpg\">\n\t\t\t<div>\n\t\t\t\t<a class=\"link-to-stage\" href=\"https:\/\/www.pilgrim.es\/via-plata\/etapa-11-alcuescar-caceres\/\">\n\t\t\t\t\t<p>&#8249; Back to the stage<\/p>\n\t\t\t\t<\/a>\n\n\t\t\t\t<div class=\"town-data\">\n\t\t\t\t\t<h2>C\u00e1ceres<\/h2>\n\t\t\t\t\t<ul>\n\t\t\t\t\t\t<li>Residents: 95.617 aprox.<\/li>\n\t\t\t\t\t\t<li>Province: C\u00e1ceres<\/li>\n\t\t\t\t\t<\/ul>\n\t\t\t\t<\/div>\n\t\t\t<\/div>\n\t\t<\/div>\n\t\t<div class=\"hero-grid__planner-col\"><div\r\n  class=\"p-col-span-1 p-rounded-lg p-px-5 p-h-full\"\r\n  style=\"background-image: url('https:\/\/cdn.pilgrim.es\/web\/pilgrim-planner\/bg-plugin-planificador.webp')\"\r\n  rel=\"preload\"\r\n  fetchpriority=\"high\"\r\n  >\r\n    <div class=\"p-text-center p-pt-5 p-text-white p-text-2xl p-font-semibold\">\r\n      Plan your journey    <\/div>\r\n    <div\r\n            id='primary-app'\r\n            data-name='banner'\r\n            data-api='https:\/\/pathfinder.pilgrim.es\/api\/pathfinder\/v2'\r\n            data-mode='normal'\r\n            data-lang='en'\r\n            data-route='1'\r\n            data-destiny='https:\/\/planificador.pilgrim.es'\r\n            data-modality='1'\r\n            data-inline=''\r\n        ><\/div><\/div><\/div>\n\t<\/div>\n<\/section>\n\n<section id=\"infoTown\">\n\t<div class=\"sections-town\">\n\n\t\t<div id=\"informationSection\">\n\t\t\t<div>\n\t\t\t\t<h2 class=\"p-h2-town\">Information<\/h2>\n\t\t\t\t<hr>\n\t\t\t\t<h3 class=\"p-h3-town\">Get to know C\u00e1ceres<\/h3>\n\t\t\t<\/div>\n\t\t\t<p>The city of C\u00e1ceres is located in the autonomous community of Extremadura and is considered the city with the most beautiful and admirable urban complex in the world.<\/p> <p>Its historic center is one of the most complete, so it is not surprising that it is a World Heritage Site by Unesco.<\/p> <p>Its historic center is one of the most complete, so it is not surprising that it is a World Heritage Site by Unesco.<\/p> <p>Its historic center is one of the most complete, so it is not surprising that it is a World Heritage Site by UNESCO.\n\t\t<\/div>\n\n\t\t<div id=\"locationSection\">\n\t\t\t<div>\n\t\t\t\t<h2 class=\"p-h2-town\">Location<\/h2>\n\t\t\t\t<hr>\n\t\t\t\t<h3 class=\"p-h3-town\">How to get there<\/h3>\n\t\t\t<\/div>\n\t\t\t<p>The city of C\u00e1ceres is perfectly communicated, by road it is possible to arrive by the A-66 highway that communicates Seville with Gij\u00f3n and by the A-58 that communicates Trujillo and C\u00e1ceres. It is also possible to arrive by secondary roads such as CC-11\/N-630, CC-21\/N-521, CC-38, EX-390, EX-206 and EX-100. The secondary roads mentioned above connect the city with the surrounding areas such as Casar de C\u00e1ceres, Torrej\u00f3n el Rubio, Badajoz, etc.<\/p> <p>.\n\n<p>The railroad station also has good railroad lines that communicate the city with Madrid, Lisbon, Barcelona or Seville. And by bus it is possible to reach the city from a variety of places because there are a large number of lines that connect with Madrid, Seville, Salamanca, Oviedo, etc.<\/p> <p>\n\t\t\t<div>\n\t\t\t\t<div>\n  <iframe loading=\"lazy\"\n    src=\"https:\/\/www.google.com\/maps\/d\/embed?mid=1XahXGMBO6PnwX4M6TWEyFOypT2GQmKE&amp;ehbc=2E312F\"\n    width=\"640\"\n    height=\"480\"\n    alt=\"Mapa C\u00e1ceres\"\n  ><\/iframe>\n<\/div>\n\n\t\t\t<\/div>\n\t\t<\/div>\n\n\t\t\n\t\t\t<div id=\"toVisitSection\">\n\t\t\t\t<div>\n\t\t\t\t\t<h2 class=\"p-h2-town\">History \/ Culture<\/h2>\n\t\t\t\t\t<hr>\n\t\t\t\t\t<h3 class=\"p-h3-town\">What to see<\/h3>\n\t\t\t\t<\/div>\n\t\t\t\t<div>\n\t\t\t\t\t<div class=\"accordion\">\n\t\t\t\t\t\t<div class=\"accordion__menu\">\n\t\t\t\t\t\t\t<nav>\n\t\t\t\t\t\t\t\t\n\t\t\t\t\t\t\t\t\t<button class=\"nav-tab-accordion active\"><span>&#10093;<\/span><span> Casa de los Sol\u00eds o Casa del Sol<\/span><\/button>\n\t\t\t\t\t\t\t\t\n\t\t\t\t\t\t\t\t\t<button class=\"nav-tab-accordion \"><span>&#10093;<\/span><span> Ermita de San Blas<\/span><\/button>\n\t\t\t\t\t\t\t\t\n\t\t\t\t\t\t\t\t\t<button class=\"nav-tab-accordion \"><span>&#10093;<\/span><span> Casa del Mono<\/span><\/button>\n\t\t\t\t\t\t\t\t\n\t\t\t\t\t\t\t\t\t<button class=\"nav-tab-accordion \"><span>&#10093;<\/span><span> Casa Museo \u00c1rabe Yusuf Al Burch<\/span><\/button>\n\t\t\t\t\t\t\t\t\n\t\t\t\t\t\t\t\t\t<button class=\"nav-tab-accordion \"><span>&#10093;<\/span><span> Centro de Interpretaci\u00f3n de la Torre de Bujaco<\/span><\/button>\n\t\t\t\t\t\t\t\t\n\t\t\t\t\t\t\t\t\t<button class=\"nav-tab-accordion \"><span>&#10093;<\/span><span> Concatedral de Santa Mar\u00eda<\/span><\/button>\n\t\t\t\t\t\t\t\t\n\t\t\t\t\t\t\t\t\t<button class=\"nav-tab-accordion \"><span>&#10093;<\/span><span> Convento de San Pablo<\/span><\/button>\n\t\t\t\t\t\t\t\t\n\t\t\t\t\t\t\t\t\t<button class=\"nav-tab-accordion \"><span>&#10093;<\/span><span> Ermita de la Paz<\/span><\/button>\n\t\t\t\t\t\t\t\t\n\t\t\t\t\t\t\t\t\t<button class=\"nav-tab-accordion \"><span>&#10093;<\/span><span> Foro de los Balbos<\/span><\/button>\n\t\t\t\t\t\t\t\t\n\t\t\t\t\t\t\t\t\t<button class=\"nav-tab-accordion \"><span>&#10093;<\/span><span> Iglesia de la Sagrada Familia<\/span><\/button>\n\t\t\t\t\t\t\t\t\n\t\t\t\t\t\t\t\t\t<button class=\"nav-tab-accordion \"><span>&#10093;<\/span><span> Iglesia de San Eugenio<\/span><\/button>\n\t\t\t\t\t\t\t\t\n\t\t\t\t\t\t\t\t\t<button class=\"nav-tab-accordion \"><span>&#10093;<\/span><span> Iglesia de San Francisco Javier<\/span><\/button>\n\t\t\t\t\t\t\t\t\n\t\t\t\t\t\t\t\t\t<button class=\"nav-tab-accordion \"><span>&#10093;<\/span><span> Iglesia de San Mateo<\/span><\/button>\n\t\t\t\t\t\t\t\t\n\t\t\t\t\t\t\t\t\t<button class=\"nav-tab-accordion \"><span>&#10093;<\/span><span> Iglesia de San Pedro Alc\u00e1ntara<\/span><\/button>\n\t\t\t\t\t\t\t\t\n\t\t\t\t\t\t\t\t\t<button class=\"nav-tab-accordion \"><span>&#10093;<\/span><span> Iglesia de Santiago<\/span><\/button>\n\t\t\t\t\t\t\t\t\n\t\t\t\t\t\t\t\t\t<button class=\"nav-tab-accordion \"><span>&#10093;<\/span><span> Iglesia del Beato Marcelo Spinola<\/span><\/button>\n\t\t\t\t\t\t\t\t\n\t\t\t\t\t\t\t\t\t<button class=\"nav-tab-accordion \"><span>&#10093;<\/span><span> Museo Municipal Ciudad de C\u00e1ceres<\/span><\/button>\n\t\t\t\t\t\t\t\t\n\t\t\t\t\t\t\t\t\t<button class=\"nav-tab-accordion \"><span>&#10093;<\/span><span> Palacio de Carvajal<\/span><\/button>\n\t\t\t\t\t\t\t\t\n\t\t\t\t\t\t\t\t\t<button class=\"nav-tab-accordion \"><span>&#10093;<\/span><span> Palacio de las Cig\u00fce\u00f1as<\/span><\/button>\n\t\t\t\t\t\t\t\t\n\t\t\t\t\t\t\t\t\t<button class=\"nav-tab-accordion \"><span>&#10093;<\/span><span> Palacio de los Golfines de Abajo<\/span><\/button>\n\t\t\t\t\t\t\t\t\n\t\t\t\t\t\t\t\t\t<button class=\"nav-tab-accordion \"><span>&#10093;<\/span><span> Palacio del Comendador de Alcu\u00e9scar<\/span><\/button>\n\t\t\t\t\t\t\t\t\n\t\t\t\t\t\t\t\t\t<button class=\"nav-tab-accordion \"><span>&#10093;<\/span><span> Palacio Episcopal<\/span><\/button>\n\t\t\t\t\t\t\t\t\n\t\t\t\t\t\t\t\t\t<button class=\"nav-tab-accordion \"><span>&#10093;<\/span><span> Museo de C\u00e1ceres &#8211; Palacio de las Veletas y Casa de los Caballos<\/span><\/button>\n\t\t\t\t\t\t\t\t\n\t\t\t\t\t\t\t\t\t<button class=\"nav-tab-accordion \"><span>&#10093;<\/span><span> Palacio Toledo<\/span><\/button>\n\t\t\t\t\t\t\t\t\n\t\t\t\t\t\t\t\t\t<button class=\"nav-tab-accordion \"><span>&#10093;<\/span><span> Plaza de San Jorge<\/span><\/button>\n\t\t\t\t\t\t\t\t\n\t\t\t\t\t\t\t\t\t<button class=\"nav-tab-accordion \"><span>&#10093;<\/span><span> Torre de los P\u00falpitos<\/span><\/button>\n\t\t\t\t\t\t\t\t\n\t\t\t\t\t\t\t\t\t<button class=\"nav-tab-accordion \"><span>&#10093;<\/span><span> Plaza de Toros<\/span><\/button>\n\t\t\t\t\t\t\t\t\n\t\t\t\t\t\t\t\t\t<button class=\"nav-tab-accordion \"><span>&#10093;<\/span><span> Plaza Mayor<\/span><\/button>\n\t\t\t\t\t\t\t\t\n\t\t\t\t\t\t\t\t\t<button class=\"nav-tab-accordion \"><span>&#10093;<\/span><span> Arco de la Estrella<\/span><\/button>\n\t\t\t\t\t\t\t\t\n\t\t\t\t\t\t\t<\/nav>\n\t\t\t\t\t\t<\/div>\n\n\t\t\t\t\t\t\n\t\t\t\t\t\t\t<div class=\"accordion__accordion-content \">\n\t\t\t\t\t\t\t\t<div>\n\t\t\t\t\t\t\t\t\t<div>\n\t\t\t\t\t\t\t\t\t\t<h4>Casa de los Sol\u00eds o Casa del Sol<\/h4>\n\t\t\t\t\t\t\t\t\t\t<p>The House of the Sun or the Solis is a house known for its legend that tells that the title of &#8220;lineage&#8221; of the Solis family was achieved thanks to the fact that they managed to carry a message from the Queen from Caceres to Valladolid on horseback for only one day. This 16th century building has a great variety of decorative elements on its fa\u00e7ade such as the Sol\u00eds family coat of arms, the helmet, the round machicolation, the door with a semicircular arch and the alfiz that frames the ornamental ensemble. <\/p>\n\t\t\t\t\t\t\t\t\t<\/div>\n\t\t\t\t\t\t\t\t\t<img decoding=\"async\" src=\"https:\/\/cdn.pilgrim.es\/web\/caminos\/via-de-la-plata\/pueblos\/caceres\/puntos-de-interes\/casa-de-los-solis-o-casa-del-sol.jpg\" alt=\"Casa de los Sol\u00eds o Casa del Sol\">\n\t\t\t\t\t\t\t\t<\/div>\n\t\t\t\t\t\t\t<\/div>\n\t\t\t\t\t\t\n\t\t\t\t\t\t\t<div class=\"accordion__accordion-content inactive\">\n\t\t\t\t\t\t\t\t<div>\n\t\t\t\t\t\t\t\t\t<div>\n\t\t\t\t\t\t\t\t\t\t<h4>Ermita de San Blas<\/h4>\n\t\t\t\t\t\t\t\t\t\t<p>The hermitage of San Blas is where the feast of San Blas takes place, which is celebrated on January 31 and is one of the most traditional and oldest pilgrimages of the city. The celebration consists of a traditional slaughter, a popular meal and different contests and musical performances. On this day, the young people gather around the hermitage with the campuza attire and also wearing the popular &#8220;watermelon&#8221; or &#8220;thousand colors&#8221; scarf.\n\n<p>INFORMATION OF INTEREST<\/p>.\n\n<p>Telephone: 927 224 254<\/p>\n\t\t\t\t\t\t\t\t\t<\/div>\n\t\t\t\t\t\t\t\t\t<img decoding=\"async\" src=\"https:\/\/cdn.pilgrim.es\/web\/caminos\/via-de-la-plata\/pueblos\/caceres\/puntos-de-interes\/ermita-de-san-blas.jpg\" alt=\"Ermita de San Blas\">\n\t\t\t\t\t\t\t\t<\/div>\n\t\t\t\t\t\t\t<\/div>\n\t\t\t\t\t\t\n\t\t\t\t\t\t\t<div class=\"accordion__accordion-content inactive\">\n\t\t\t\t\t\t\t\t<div>\n\t\t\t\t\t\t\t\t\t<div>\n\t\t\t\t\t\t\t\t\t\t<h4>Casa del Mono<\/h4>\n\t\t\t\t\t\t\t\t\t\t<p>The Monkey house was so named because the former owner of the house, on returning from a long journey, brought a monkey with him and treated it as if it were one of his own: with its own room, toys, etc. The family was blessed with a baby, provoking jealousy in the monkey and causing the monkey to throw it out the window, causing its death. <\/p>\n\t\t\t\t\t\t\t\t\t<\/div>\n\t\t\t\t\t\t\t\t\t<img decoding=\"async\" src=\"https:\/\/cdn.pilgrim.es\/web\/caminos\/via-de-la-plata\/pueblos\/caceres\/puntos-de-interes\/casa-del-mono.jpg\" alt=\"Casa del Mono\">\n\t\t\t\t\t\t\t\t<\/div>\n\t\t\t\t\t\t\t<\/div>\n\t\t\t\t\t\t\n\t\t\t\t\t\t\t<div class=\"accordion__accordion-content inactive\">\n\t\t\t\t\t\t\t\t<div>\n\t\t\t\t\t\t\t\t\t<div>\n\t\t\t\t\t\t\t\t\t\t<h4>Casa Museo \u00c1rabe Yusuf Al Burch<\/h4>\n\t\t\t\t\t\t\t\t\t\t<p>The Arab house-museum Yusuf al Burch is located in the monumental area of the city, specifically between the Plaza de San Jorge and the Arco del Cristo.<\/p> <p>The house-museum Yusuf al Burch is located in the monumental area of the city, specifically between the Plaza de San Jorge and the Arco del Cristo.\n\n<p>It was founded by Jos\u00e9 de la Torre Gentil, a man very interested in history and Hispanic Arab art. Don Jose proceeded to restore this house, owned by his family with the aim of modernizing it. However, with the discovery of Roman and Arab remains, he decided to respect its primitive origin.\n\t\t\t\t\t\t\t\t\t<\/div>\n\t\t\t\t\t\t\t\t\t<img decoding=\"async\" src=\"https:\/\/cdn.pilgrim.es\/web\/caminos\/via-de-la-plata\/pueblos\/caceres\/puntos-de-interes\/casa-museo-arabe-yusuf-al-burch.jpg\" alt=\"Casa Museo \u00c1rabe Yusuf Al Burch\">\n\t\t\t\t\t\t\t\t<\/div>\n\t\t\t\t\t\t\t<\/div>\n\t\t\t\t\t\t\n\t\t\t\t\t\t\t<div class=\"accordion__accordion-content inactive\">\n\t\t\t\t\t\t\t\t<div>\n\t\t\t\t\t\t\t\t\t<div>\n\t\t\t\t\t\t\t\t\t\t<h4>Centro de Interpretaci\u00f3n de la Torre de Bujaco<\/h4>\n\t\t\t\t\t\t\t\t\t\t<p>The Bujaco Tower houses this Interpretation Center of the Three Cultures, a large space equipped with explanatory panels that allow visitors to learn more about the different historical periods as well as the most significant remains of the city of C\u00e1ceres. <\/p>\n\t\t\t\t\t\t\t\t\t<\/div>\n\t\t\t\t\t\t\t\t\t<img decoding=\"async\" src=\"https:\/\/cdn.pilgrim.es\/web\/caminos\/via-de-la-plata\/pueblos\/caceres\/puntos-de-interes\/centro-de-interpretacion-de-la-torre-de-bujaco.jpg\" alt=\"Centro de Interpretaci\u00f3n de la Torre de Bujaco\">\n\t\t\t\t\t\t\t\t<\/div>\n\t\t\t\t\t\t\t<\/div>\n\t\t\t\t\t\t\n\t\t\t\t\t\t\t<div class=\"accordion__accordion-content inactive\">\n\t\t\t\t\t\t\t\t<div>\n\t\t\t\t\t\t\t\t\t<div>\n\t\t\t\t\t\t\t\t\t\t<h4>Concatedral de Santa Mar\u00eda<\/h4>\n\t\t\t\t\t\t\t\t\t\t<p>The co-cathedral of Santa Maria de Caceres is the most important temple of the city since it was granted the category of Co-cathedral in the second half of the twentieth century. Its origins date from the 15th to 16th centuries and it houses different architectural styles.\n\t\t\t\t\t\t\t\t\t<\/div>\n\t\t\t\t\t\t\t\t\t<img decoding=\"async\" src=\"https:\/\/cdn.pilgrim.es\/web\/caminos\/via-de-la-plata\/pueblos\/caceres\/puntos-de-interes\/concatedral-de-santa-maria.jpg\" alt=\"Concatedral de Santa Mar\u00eda\">\n\t\t\t\t\t\t\t\t<\/div>\n\t\t\t\t\t\t\t<\/div>\n\t\t\t\t\t\t\n\t\t\t\t\t\t\t<div class=\"accordion__accordion-content inactive\">\n\t\t\t\t\t\t\t\t<div>\n\t\t\t\t\t\t\t\t\t<div>\n\t\t\t\t\t\t\t\t\t\t<h4>Convento de San Pablo<\/h4>\n\t\t\t\t\t\t\t\t\t\t<p>The convent of San Pablo dates from the fifteenth century still inhabited by the community of the Poor Clare nuns of the Franciscan Order. The Gothic style is denoted in the facade of its facade. In this convent are famous handmade sweets made by the nuns and are on sale there.\n\t\t\t\t\t\t\t\t\t<\/div>\n\t\t\t\t\t\t\t\t\t<img decoding=\"async\" src=\"https:\/\/cdn.pilgrim.es\/web\/caminos\/via-de-la-plata\/pueblos\/caceres\/puntos-de-interes\/convento-de-san-pablo.jpg\" alt=\"Convento de San Pablo\">\n\t\t\t\t\t\t\t\t<\/div>\n\t\t\t\t\t\t\t<\/div>\n\t\t\t\t\t\t\n\t\t\t\t\t\t\t<div class=\"accordion__accordion-content inactive\">\n\t\t\t\t\t\t\t\t<div>\n\t\t\t\t\t\t\t\t\t<div>\n\t\t\t\t\t\t\t\t\t\t<h4>Ermita de la Paz<\/h4>\n\t\t\t\t\t\t\t\t\t\t<p>The chapel of La Paz was built in the eighteenth century and dedicated to San Benito, is baroque style and is covered by brick. At the entrance there is a portico composed of three semicircular arches supported on the corresponding ashlar pillars. The grille of the portico, dating from the beginning of the second half of the 18th century, stands out, in which the monogram of the name of Jesus Christ (IHS) appears. Its interior houses a baroque altarpiece with the Virgin holding the Child Jesus in her arms. <\/p>\n\n<p>HOURS<\/p>\n\n<p>Open for worship. Mass on Sundays at 08:00<\/p> <p>Sundays at 08:00<\/p> <p>.\n\t\t\t\t\t\t\t\t\t<\/div>\n\t\t\t\t\t\t\t\t\t<img decoding=\"async\" src=\"https:\/\/cdn.pilgrim.es\/web\/caminos\/via-de-la-plata\/pueblos\/caceres\/puntos-de-interes\/ermita-de-la-paz.jpg\" alt=\"Ermita de la Paz\">\n\t\t\t\t\t\t\t\t<\/div>\n\t\t\t\t\t\t\t<\/div>\n\t\t\t\t\t\t\n\t\t\t\t\t\t\t<div class=\"accordion__accordion-content inactive\">\n\t\t\t\t\t\t\t\t<div>\n\t\t\t\t\t\t\t\t\t<div>\n\t\t\t\t\t\t\t\t\t\t<h4>Foro de los Balbos<\/h4>\n\t\t\t\t\t\t\t\t\t\t<p>The Forum of the Balbos is also known by the name of Atrio del Corregidor, this is a small site located south of the Plaza Mayor of the city that is arranged adjacent to the wall of Caceres. More specifically, this tourist resource is located in the same space where the ancient gate of the Roman colony of Norba Caeserina used to be located.\n\t\t\t\t\t\t\t\t\t<\/div>\n\t\t\t\t\t\t\t\t\t<img decoding=\"async\" src=\"https:\/\/cdn.pilgrim.es\/web\/caminos\/via-de-la-plata\/pueblos\/caceres\/puntos-de-interes\/foro-de-los-balbos.jpg\" alt=\"Foro de los Balbos\">\n\t\t\t\t\t\t\t\t<\/div>\n\t\t\t\t\t\t\t<\/div>\n\t\t\t\t\t\t\n\t\t\t\t\t\t\t<div class=\"accordion__accordion-content inactive\">\n\t\t\t\t\t\t\t\t<div>\n\t\t\t\t\t\t\t\t\t<div>\n\t\t\t\t\t\t\t\t\t\t<h4>Iglesia de la Sagrada Familia<\/h4>\n\t\t\t\t\t\t\t\t\t\t<p>The Church of the Sagrada Familia is located in the neighborhood of San Antonio-Nuevo C\u00e1ceres and has a rectangular floor plan, with a diagonal central axis. The temple has a simple appearance, although the use of white marble in the presbytery, the altar, the credence, etc.<\/p> <p>The church has a simple appearance, although the use of white marble in the presbytery, the altar, the credence, etc. is striking.\n\n<p>In the chapel stands out a large transparent glass window that links, visually, the tabernacle with the perspective of the temple of the Virgin of the Mountain.\n\n<p>MASS SCHEDULE<\/p>\n\n<p>From October 1 to April 30 Weekdays at 20:00 Vespers at 20:00 Holidays at 11:30 and 12:30From May 1 to September 30 Weekdays at 20:30 Vespers at 20:30 Holidays at 12:30<\/p> <p>.\n\n<p>INFORMATION OF INTEREST<\/p>\n\n<p>Telephone: 927 238 683<\/p>\n\t\t\t\t\t\t\t\t\t<\/div>\n\t\t\t\t\t\t\t\t\t<img decoding=\"async\" src=\"https:\/\/cdn.pilgrim.es\/web\/caminos\/via-de-la-plata\/pueblos\/caceres\/puntos-de-interes\/iglesia-de-la-sagrada-familia.jpg\" alt=\"Iglesia de la Sagrada Familia\">\n\t\t\t\t\t\t\t\t<\/div>\n\t\t\t\t\t\t\t<\/div>\n\t\t\t\t\t\t\n\t\t\t\t\t\t\t<div class=\"accordion__accordion-content inactive\">\n\t\t\t\t\t\t\t\t<div>\n\t\t\t\t\t\t\t\t\t<div>\n\t\t\t\t\t\t\t\t\t\t<h4>Iglesia de San Eugenio<\/h4>\n\t\t\t\t\t\t\t\t\t\t<p>The Church of San Eugenio is located in Aldea Moret, a neighborhood of the city of C\u00e1ceres, and was designed by architect Emilio Mar\u00eda Rodr\u00edguez. It has a Latin cross plan and a single nave, divided into three sections and has a transept with side chapels and two sacristies.\n\t\t\t\t\t\t\t\t\t<\/div>\n\t\t\t\t\t\t\t\t\t<img decoding=\"async\" src=\"https:\/\/cdn.pilgrim.es\/web\/caminos\/via-de-la-plata\/pueblos\/caceres\/puntos-de-interes\/iglesia-de-san-eugenio.jpg\" alt=\"Iglesia de San Eugenio\">\n\t\t\t\t\t\t\t\t<\/div>\n\t\t\t\t\t\t\t<\/div>\n\t\t\t\t\t\t\n\t\t\t\t\t\t\t<div class=\"accordion__accordion-content inactive\">\n\t\t\t\t\t\t\t\t<div>\n\t\t\t\t\t\t\t\t\t<div>\n\t\t\t\t\t\t\t\t\t\t<h4>Iglesia de San Francisco Javier<\/h4>\n\t\t\t\t\t\t\t\t\t\t<p>The Church of San Francisco Javier is a set of buildings of the church and the college of the Society of Jesus, both built in the eighteenth century. It highlights the facade of the church that houses a round arch and a niche in which is the image of San Francisco Javier. On each side there is a tower that ends in the shape of a pyramid. With a single nave interior, it also has side chapels. The main altarpiece stands out for its Corinthian columns and in which an image of the &#8220;Miracle of the Crab&#8221; is represented. <\/p>\n\t\t\t\t\t\t\t\t\t<\/div>\n\t\t\t\t\t\t\t\t\t<img decoding=\"async\" src=\"https:\/\/cdn.pilgrim.es\/web\/caminos\/via-de-la-plata\/pueblos\/caceres\/puntos-de-interes\/iglesia-de-san-francisco-javier.jpg\" alt=\"Iglesia de San Francisco Javier\">\n\t\t\t\t\t\t\t\t<\/div>\n\t\t\t\t\t\t\t<\/div>\n\t\t\t\t\t\t\n\t\t\t\t\t\t\t<div class=\"accordion__accordion-content inactive\">\n\t\t\t\t\t\t\t\t<div>\n\t\t\t\t\t\t\t\t\t<div>\n\t\t\t\t\t\t\t\t\t\t<h4>Iglesia de San Mateo<\/h4>\n\t\t\t\t\t\t\t\t\t\t<p>The Church of San Mateo is a temple whose works began in the sixteenth century but were not completed until almost three centuries later. Of its set highlights the plateresque decoration of its cover as well as the altarpiece made of pine wood in 1766. The sacristy of the church is located inside the chapel of the Sande, which has a Gothic interior covered by a starry vault. <\/p>\n\n<p>MASS TIMETABLE <\/p>.\n\n<p>Saturdays at 20:00Sundays at 12:00 and 20:00Only open when there is worship<\/p>.\n\n<p>INFORMATION OF INTEREST<\/p>.\n\n<p>Telephone: 927 245 754<\/p>\n\t\t\t\t\t\t\t\t\t<\/div>\n\t\t\t\t\t\t\t\t\t<img decoding=\"async\" src=\"https:\/\/cdn.pilgrim.es\/web\/caminos\/via-de-la-plata\/pueblos\/caceres\/puntos-de-interes\/iglesia-de-san-mateo.jpg\" alt=\"Iglesia de San Mateo\">\n\t\t\t\t\t\t\t\t<\/div>\n\t\t\t\t\t\t\t<\/div>\n\t\t\t\t\t\t\n\t\t\t\t\t\t\t<div class=\"accordion__accordion-content inactive\">\n\t\t\t\t\t\t\t\t<div>\n\t\t\t\t\t\t\t\t\t<div>\n\t\t\t\t\t\t\t\t\t\t<h4>Iglesia de San Pedro Alc\u00e1ntara<\/h4>\n\t\t\t\t\t\t\t\t\t\t<p>The Church of San Pedro de Alc\u00e1ntara dates back to the 18th century and was built right on the place where, in another era, the birthplace of the saint, born in the city, was located. This saint was patron saint of Alc\u00e1ntara as well as founder of many other convents or confessor of Santa Teresa de Jes\u00fas.<\/p>\n\n<p>MASS HOURS<\/p>\n\n<p>1 October to 30 April Weekdays at 19:30 Vespers at 19:30 Holidays at 11:00 and 12:00 301 May to 30 September Weekdays at 20:30 Vespers at 20:30 Holidays at 11:00 and 12:30<\/p> <p>.\n\n<p>INFORMATION OF INTEREST<\/p>\n\n<p>Telephone: 927 220 548<\/p>\n\t\t\t\t\t\t\t\t\t<\/div>\n\t\t\t\t\t\t\t\t\t<img decoding=\"async\" src=\"https:\/\/cdn.pilgrim.es\/web\/caminos\/via-de-la-plata\/pueblos\/caceres\/puntos-de-interes\/iglesia-de-san-pedro-alcantara.jpg\" alt=\"Iglesia de San Pedro Alc\u00e1ntara\">\n\t\t\t\t\t\t\t\t<\/div>\n\t\t\t\t\t\t\t<\/div>\n\t\t\t\t\t\t\n\t\t\t\t\t\t\t<div class=\"accordion__accordion-content inactive\">\n\t\t\t\t\t\t\t\t<div>\n\t\t\t\t\t\t\t\t\t<div>\n\t\t\t\t\t\t\t\t\t\t<h4>Iglesia de Santiago<\/h4>\n\t\t\t\t\t\t\t\t\t\t<p>The Church of Santiago was built in Caleros, outside the walled enclosure. This church stands out for its Gothic style doorways with archivolts, framed by alfiz. The interior of the temple consists of a single nave, whose cover is arranged in ribbed vaults and has a large choir.\n\n<p>The main altarpiece of the sixteenth century, the work of Alonso de Berruguete. Also noteworthy are the images of Nuestra Se\u00f1ora de la Esclarecida, the Cristo de los Milagros and the Jes\u00fas Nazareno, dating from the 17th century.\n\n<p>MASS HOURS<\/p>\n\n<p>From October 1 to April 30 Weekdays at 19:30 Vespers at 19:30 Holidays at 10:30 and 12:30From May 1 to September 30 Weekdays at 20:30 Vespers at 20:00 Holidays at 10:30 and 12:00<\/p> <p>May 1 to September 30 Weekdays at 20:30 Vespers at 20:00 Holidays at 10:30 and 12:00<\/p> <p>May 1 to September 30 Weekdays at 20:30 Vespers at 20:00 Holidays at 10:30 and 12:00.\n\n<p>INFORMATION OF INTEREST<\/p>\n\n<p>Telephone: 927 249 677<\/p>\n\t\t\t\t\t\t\t\t\t<\/div>\n\t\t\t\t\t\t\t\t\t<img decoding=\"async\" src=\"https:\/\/cdn.pilgrim.es\/web\/caminos\/via-de-la-plata\/pueblos\/caceres\/puntos-de-interes\/iglesia-de-santiago.jpg\" alt=\"Iglesia de Santiago\">\n\t\t\t\t\t\t\t\t<\/div>\n\t\t\t\t\t\t\t<\/div>\n\t\t\t\t\t\t\n\t\t\t\t\t\t\t<div class=\"accordion__accordion-content inactive\">\n\t\t\t\t\t\t\t\t<div>\n\t\t\t\t\t\t\t\t\t<div>\n\t\t\t\t\t\t\t\t\t\t<h4>Iglesia del Beato Marcelo Spinola<\/h4>\n\t\t\t\t\t\t\t\t\t\t<p>The Church of Blessed Marcellus Spinola was inaugurated in the summer of 2003, this is a temple that has a modern and innovative style. It is a chapel destined for ceremonies of scarce public that presents sacristy, oratory, choir, children&#8217;s rooms, four rooms for meetings and a large hall to celebrate various events, such as festivals of Christmas carols or video projections.\n\n<p>MASS HOURS<\/p>\n\n<p>October 1 to April 30 Weekdays at 7:00 pm Vespers at 7:00 pm Holidays at 11:30 am, 12:30 pm and 7:00 pmMay 1 to September 30 Weekdays at 8:00 pm Vespers at 8:00 pm Holidays at 8:00 pm<\/p> <p>May 1 to September 30 Weekdays at 8:00 pm Vespers at 8:00 pm<\/p> <p>May 1 to April 30 Weekdays at 7:00 pm Vespers at 7:00 pm Holidays at 11:30 am, 12:30 pm and 7:00 pm<\/p> &lt;p\n\n<p>INFORMATION OF INTEREST<\/p>\n\n<p>Telephone: 927 232 345<\/p>\n\t\t\t\t\t\t\t\t\t<\/div>\n\t\t\t\t\t\t\t\t\t<img decoding=\"async\" src=\"https:\/\/cdn.pilgrim.es\/web\/caminos\/via-de-la-plata\/pueblos\/caceres\/puntos-de-interes\/iglesia-del-beato-marcelo-spinola.jpg\" alt=\"Iglesia del Beato Marcelo Spinola\">\n\t\t\t\t\t\t\t\t<\/div>\n\t\t\t\t\t\t\t<\/div>\n\t\t\t\t\t\t\n\t\t\t\t\t\t\t<div class=\"accordion__accordion-content inactive\">\n\t\t\t\t\t\t\t\t<div>\n\t\t\t\t\t\t\t\t\t<div>\n\t\t\t\t\t\t\t\t\t\t<h4>Museo Municipal Ciudad de C\u00e1ceres<\/h4>\n\t\t\t\t\t\t\t\t\t\t<p>This municipal museum is located in the Monumental City, forming part of the walled enclosure that surrounds the Old City. The building can be accessed through two sites, one being the Plaza de Publio Hurtado and the other the Adarve de Santa Ana.\n\t\t\t\t\t\t\t\t\t<\/div>\n\t\t\t\t\t\t\t\t\t<img decoding=\"async\" src=\"https:\/\/cdn.pilgrim.es\/web\/caminos\/via-de-la-plata\/pueblos\/caceres\/puntos-de-interes\/museo-municipal-ciudad-de-caceres.jpg\" alt=\"Museo Municipal Ciudad de C\u00e1ceres\">\n\t\t\t\t\t\t\t\t<\/div>\n\t\t\t\t\t\t\t<\/div>\n\t\t\t\t\t\t\n\t\t\t\t\t\t\t<div class=\"accordion__accordion-content inactive\">\n\t\t\t\t\t\t\t\t<div>\n\t\t\t\t\t\t\t\t\t<div>\n\t\t\t\t\t\t\t\t\t\t<h4>Palacio de Carvajal<\/h4>\n\t\t\t\t\t\t\t\t\t\t<p>The Carvajal palace dates from between the 15th and 16th centuries and is located on Amargura street. The palace combines Gothic and Renaissance architectural pieces and has a beautiful garden. From the main facade of the building, which is of granite masonry, stands out the front arranged in semicircular arch, with wide voussoirs. On it you can see the coat of arms of the Carvajal family, framed in an alfiz and a balcony forming the corner of the building in pointed arch. <\/p>\n\t\t\t\t\t\t\t\t\t<\/div>\n\t\t\t\t\t\t\t\t\t<img decoding=\"async\" src=\"https:\/\/cdn.pilgrim.es\/web\/caminos\/via-de-la-plata\/pueblos\/caceres\/puntos-de-interes\/palacio-de-carvajal.jpg\" alt=\"Palacio de Carvajal\">\n\t\t\t\t\t\t\t\t<\/div>\n\t\t\t\t\t\t\t<\/div>\n\t\t\t\t\t\t\n\t\t\t\t\t\t\t<div class=\"accordion__accordion-content inactive\">\n\t\t\t\t\t\t\t\t<div>\n\t\t\t\t\t\t\t\t\t<div>\n\t\t\t\t\t\t\t\t\t\t<h4>Palacio de las Cig\u00fce\u00f1as<\/h4>\n\t\t\t\t\t\t\t\t\t\t<p>The Palacio de las Cig\u00fce\u00f1as, also called Palacio del Capit\u00e1n Diego de Ovando, has a characteristic tower, as it is higher than the rest of the palaces in the city. This is because, at the time when Queen Isabella the Catholic decided to remove the top of all the towers in the city, she made an exception for this one since the builder was a member of her Royal Council. <\/p>\n\n<p>INFORMATION OF INTEREST<\/p>.\n\n<p>Phone number: 927 629 760<\/p>\n\t\t\t\t\t\t\t\t\t<\/div>\n\t\t\t\t\t\t\t\t\t<img decoding=\"async\" src=\"https:\/\/cdn.pilgrim.es\/web\/caminos\/via-de-la-plata\/pueblos\/caceres\/puntos-de-interes\/palacio-de-las-ciguenas.jpg\" alt=\"Palacio de las Cig\u00fce\u00f1as\">\n\t\t\t\t\t\t\t\t<\/div>\n\t\t\t\t\t\t\t<\/div>\n\t\t\t\t\t\t\n\t\t\t\t\t\t\t<div class=\"accordion__accordion-content inactive\">\n\t\t\t\t\t\t\t\t<div>\n\t\t\t\t\t\t\t\t\t<div>\n\t\t\t\t\t\t\t\t\t\t<h4>Palacio de los Golfines de Abajo<\/h4>\n\t\t\t\t\t\t\t\t\t\t<p>The Palace of the Golfines de Abajo is the largest building in the city as it occupies the space of twenty houses and that is why it houses in its structures different construction styles such as Gothic, Renaissance and Plateresque. On the main fa\u00e7ade there is a twin window with a semicircular arch and a marble mullion with an Ionic capital on which rests the coat of arms of the Catholic Monarchs. Below the same window supports the coat of arms of the Golfines flanked by two angels and an aureus. <\/p>\n\n<p>HOURS<\/p>\n\n<p>From May to September Tuesday to Saturday at 10:00, 11:00, 12:00, 13:00, 17:00, 18:00 and 19:00 Sundays at 10:00, 11:00, 12:00 and 13:00 Monday closed except holidaysOctober to April Tuesday to Saturday at 10:00, 11:00, 12:00, 13:00, 16:30, 17:30 and 18:30 Sundays at 10:00, 11:00, 12:00 and 13:00 Mondays closed except holidaysAll visits are guided<\/p>\n\n<p>INFORMATION OF INTEREST<\/p>\n\n<p>Web: www.palaciogolfinesdeabajo.comE-mail: info@palaciogolfinesdeabajo.comTel\u00e9fono: 927 218 051<\/p>\n\t\t\t\t\t\t\t\t\t<\/div>\n\t\t\t\t\t\t\t\t\t<img decoding=\"async\" src=\"https:\/\/cdn.pilgrim.es\/web\/caminos\/via-de-la-plata\/pueblos\/caceres\/puntos-de-interes\/palacio-de-los-golfines-de-abajo.jpg\" alt=\"Palacio de los Golfines de Abajo\">\n\t\t\t\t\t\t\t\t<\/div>\n\t\t\t\t\t\t\t<\/div>\n\t\t\t\t\t\t\n\t\t\t\t\t\t\t<div class=\"accordion__accordion-content inactive\">\n\t\t\t\t\t\t\t\t<div>\n\t\t\t\t\t\t\t\t\t<div>\n\t\t\t\t\t\t\t\t\t\t<h4>Palacio del Comendador de Alcu\u00e9scar<\/h4>\n\t\t\t\t\t\t\t\t\t\t<p>The Palacio del Comendador de Alcu\u00e9scar also known as Palacio de Torreorgaz has a mixture of different architectural styles from the Gothic which can be seen in its doors, windows and the tower itself, to the facade of the eighteenth century. <\/p> <p>The Palacio del Comendador de Alcu\u00e9scar also known as Torreorgaz Palace.\n\t\t\t\t\t\t\t\t\t<\/div>\n\t\t\t\t\t\t\t\t\t<img decoding=\"async\" src=\"https:\/\/cdn.pilgrim.es\/web\/caminos\/via-de-la-plata\/pueblos\/caceres\/puntos-de-interes\/palacio-del-comendador-de-alcuescar.jpg\" alt=\"Palacio del Comendador de Alcu\u00e9scar\">\n\t\t\t\t\t\t\t\t<\/div>\n\t\t\t\t\t\t\t<\/div>\n\t\t\t\t\t\t\n\t\t\t\t\t\t\t<div class=\"accordion__accordion-content inactive\">\n\t\t\t\t\t\t\t\t<div>\n\t\t\t\t\t\t\t\t\t<div>\n\t\t\t\t\t\t\t\t\t\t<h4>Palacio Episcopal<\/h4>\n\t\t\t\t\t\t\t\t\t\t<p>The Episcopal Palace is an elegant palace of the late sixteenth century rebuilt by order of Pedro Garc\u00eda de Galarza. On its facade is a semicircular arched doorway flanked by two medallions with images of two American Indians. In addition to this, it has two side doors of which one of them comes from the old seminary of San Pedro.\n\n<p>INFORMATION OF INTEREST<\/p>\n\n<p>Telephone: 927 255 800<\/p>\n\t\t\t\t\t\t\t\t\t<\/div>\n\t\t\t\t\t\t\t\t\t<img decoding=\"async\" src=\"https:\/\/cdn.pilgrim.es\/web\/caminos\/via-de-la-plata\/pueblos\/caceres\/puntos-de-interes\/palacio-episcopal.jpg\" alt=\"Palacio Episcopal\">\n\t\t\t\t\t\t\t\t<\/div>\n\t\t\t\t\t\t\t<\/div>\n\t\t\t\t\t\t\n\t\t\t\t\t\t\t<div class=\"accordion__accordion-content inactive\">\n\t\t\t\t\t\t\t\t<div>\n\t\t\t\t\t\t\t\t\t<div>\n\t\t\t\t\t\t\t\t\t\t<h4>Museo de C\u00e1ceres &#8211; Palacio de las Veletas y Casa de los Caballos<\/h4>\n\t\t\t\t\t\t\t\t\t\t<p>The palace of the Veletas and the Casa de los Caballos now houses the museum of C\u00e1ceres, where visitors can admire a collection ranging from Prehistory to the Visigothic period, a collection of ethnology, a Hispano-Arabic cistern and a collection of Fine Arts that contains other works from the Prado Museum.<\/p> <p>The museum is located in the palace of the Veletas and the Casa de los Caballos.\n\t\t\t\t\t\t\t\t\t<\/div>\n\t\t\t\t\t\t\t\t\t<img decoding=\"async\" src=\"https:\/\/cdn.pilgrim.es\/web\/caminos\/via-de-la-plata\/pueblos\/caceres\/puntos-de-interes\/museo-de-caceres-palacio-de-las-veletas-y-casa-de-los-caballos.jpg\" alt=\"Museo de C\u00e1ceres - Palacio de las Veletas y Casa de los Caballos\">\n\t\t\t\t\t\t\t\t<\/div>\n\t\t\t\t\t\t\t<\/div>\n\t\t\t\t\t\t\n\t\t\t\t\t\t\t<div class=\"accordion__accordion-content inactive\">\n\t\t\t\t\t\t\t\t<div>\n\t\t\t\t\t\t\t\t\t<div>\n\t\t\t\t\t\t\t\t\t\t<h4>Palacio Toledo<\/h4>\n\t\t\t\t\t\t\t\t\t\t<p>The Toledo-Moctezuma Palace is a large palace built between the fourteenth and fifteenth centuries, although it underwent numerous additions two centuries later. On the outside you can see its masonry, brick and granite ashlars, in addition to its domed roof. Inside, the main rooms stand out for their ornamentation with fresco paintings with scenes of different Roman emperors, busts of Mexican kings and even landscapes of European cities.\n\n<p>INFORMATION OF INTEREST<\/p>\n\n<p>Telephone: 927 005 400<\/p>\n\t\t\t\t\t\t\t\t\t<\/div>\n\t\t\t\t\t\t\t\t\t<img decoding=\"async\" src=\"https:\/\/cdn.pilgrim.es\/web\/caminos\/via-de-la-plata\/pueblos\/caceres\/puntos-de-interes\/palacio-toledo.jpg\" alt=\"Palacio Toledo\">\n\t\t\t\t\t\t\t\t<\/div>\n\t\t\t\t\t\t\t<\/div>\n\t\t\t\t\t\t\n\t\t\t\t\t\t\t<div class=\"accordion__accordion-content inactive\">\n\t\t\t\t\t\t\t\t<div>\n\t\t\t\t\t\t\t\t\t<div>\n\t\t\t\t\t\t\t\t\t\t<h4>Plaza de San Jorge<\/h4>\n\t\t\t\t\t\t\t\t\t\t<p>The Plaza de San Jorge is located in the heart of the Monumental City and was built in the second half of the twentieth century. The statue of St. George, made by the artist Jesus Rodriguez Aranda dominates the entire square, as it is arranged right in the central part of it.\n\n<p>In the vicinity of the square, in the highest area, stand the temple of San Francisco Javier and the College of the Society of Jesus. Also worth visiting are the collections on display at the Mercedes Calles and Carlos Ballestero Foundation.\n\t\t\t\t\t\t\t\t\t<\/div>\n\t\t\t\t\t\t\t\t\t<img decoding=\"async\" src=\"https:\/\/cdn.pilgrim.es\/web\/caminos\/via-de-la-plata\/pueblos\/caceres\/puntos-de-interes\/plaza-de-san-jorge.jpg\" alt=\"Plaza de San Jorge\">\n\t\t\t\t\t\t\t\t<\/div>\n\t\t\t\t\t\t\t<\/div>\n\t\t\t\t\t\t\n\t\t\t\t\t\t\t<div class=\"accordion__accordion-content inactive\">\n\t\t\t\t\t\t\t\t<div>\n\t\t\t\t\t\t\t\t\t<div>\n\t\t\t\t\t\t\t\t\t\t<h4>Torre de los P\u00falpitos<\/h4>\n\t\t\t\t\t\t\t\t\t\t<p>The Tower of the Pulpits was erected after the conquest of the city by the Kingdom of Le\u00f3n. The monument is sixteen meters high and was built in ashlar stone, unlike the other towers of Arab origin, built in masonry. This action made the Tower of the Pulpits present an aesthetic aspect that differs from the common. <\/p>\n\n<p>This tower, located in the Plaza Mayor, communicates, by means of an arch-bridge, with the Palace of Mayaralgo, which allowed the residents to see the events that took place in the Plaza Mayor.  <\/p>\n\t\t\t\t\t\t\t\t\t<\/div>\n\t\t\t\t\t\t\t\t\t<img decoding=\"async\" src=\"https:\/\/cdn.pilgrim.es\/web\/caminos\/via-de-la-plata\/pueblos\/caceres\/puntos-de-interes\/torre-de-los-pulpitos.jpg\" alt=\"Torre de los P\u00falpitos\">\n\t\t\t\t\t\t\t\t<\/div>\n\t\t\t\t\t\t\t<\/div>\n\t\t\t\t\t\t\n\t\t\t\t\t\t\t<div class=\"accordion__accordion-content inactive\">\n\t\t\t\t\t\t\t\t<div>\n\t\t\t\t\t\t\t\t\t<div>\n\t\t\t\t\t\t\t\t\t\t<h4>Plaza de Toros<\/h4>\n\t\t\t\t\t\t\t\t\t\t<p>The bullring is one of the most ancient bullrings in Spain and was built in 1846. This bullring, of second category, has a maximum capacity to accommodate about 7000 fans and, in addition to hosting bullfighting events, it also hosts music concerts.<\/p> <p>The bullring is one of the most ancient bullrings in Spain and was built in 1846.\n\t\t\t\t\t\t\t\t\t<\/div>\n\t\t\t\t\t\t\t\t\t<img decoding=\"async\" src=\"https:\/\/cdn.pilgrim.es\/web\/caminos\/via-de-la-plata\/pueblos\/caceres\/puntos-de-interes\/plaza-de-toros.jpg\" alt=\"Plaza de Toros\">\n\t\t\t\t\t\t\t\t<\/div>\n\t\t\t\t\t\t\t<\/div>\n\t\t\t\t\t\t\n\t\t\t\t\t\t\t<div class=\"accordion__accordion-content inactive\">\n\t\t\t\t\t\t\t\t<div>\n\t\t\t\t\t\t\t\t\t<div>\n\t\t\t\t\t\t\t\t\t\t<h4>Plaza Mayor<\/h4>\n\t\t\t\t\t\t\t\t\t\t<p>The Plaza Mayor of C\u00e1ceres has been and is par excellence the meeting place of its inhabitants since ancient times. This square, over time, has gone through different uses: in this place was held the fair, the market, as well as tournaments, the processions at Easter or military marches.\n\n<p>This space is presided over by the Town Hall building and in its vicinity are erected some important monuments, among which are the Tower of Grass, the Tower of the Pulpits and the Tower of Bujaco.<\/p> &lt;p\n\t\t\t\t\t\t\t\t\t<\/div>\n\t\t\t\t\t\t\t\t\t<img decoding=\"async\" src=\"https:\/\/cdn.pilgrim.es\/web\/caminos\/via-de-la-plata\/pueblos\/caceres\/puntos-de-interes\/plaza-mayor.jpg\" alt=\"Plaza Mayor\">\n\t\t\t\t\t\t\t\t<\/div>\n\t\t\t\t\t\t\t<\/div>\n\t\t\t\t\t\t\n\t\t\t\t\t\t\t<div class=\"accordion__accordion-content inactive\">\n\t\t\t\t\t\t\t\t<div>\n\t\t\t\t\t\t\t\t\t<div>\n\t\t\t\t\t\t\t\t\t\t<h4>Arco de la Estrella<\/h4>\n\t\t\t\t\t\t\t\t\t\t<p>The Arco de la Estrella (Arch of the Star) dates back to the 18th century, the work of Manuel de Larra. This monument houses in its upper area the image of the Virgen de la Estrella, hence its name, and connects the Plaza Mayor with the Plaza de Santa Maria.<\/p> <p>The Arch of the Star dates back to the 18th century, the work of Manuel de Larra.\n\t\t\t\t\t\t\t\t\t<\/div>\n\t\t\t\t\t\t\t\t\t<img decoding=\"async\" src=\"https:\/\/cdn.pilgrim.es\/web\/caminos\/via-de-la-plata\/pueblos\/caceres\/puntos-de-interes\/arco-de-la-estrella.jpg\" alt=\"Arco de la Estrella\">\n\t\t\t\t\t\t\t\t<\/div>\n\t\t\t\t\t\t\t<\/div>\n\t\t\t\t\t\t\n\t\t\t\t\t<\/div>\n\t\t\t\t<\/div>\n\t\t\t<\/div>\n\t\t\n\n\t\t<div id=\"phonesSection\">\n\t\t\t<div>\n\t\t\t\t<h2 class=\"p-h3-town\">Information of interest<\/h2>\n\t\t\t<\/div>\n\t\t\t<div class=\"grid\">\n\t\t\t\t\n\t\t\t\t\t<div class=\"phone-number-item\">\n\t\t\t\t\t\t<div class=\"phone-number-item__icon\"><i class=\"icon-police\"><\/i><\/div>\n\t\t\t\t\t\t<div class=\"phone-number-item__title\">\n\t\t\t\t\t\t\t<h3 class=\"p-font-bold\">Local police<\/h3>\n\t\t\t\t\t\t\t<p>927 255 769<\/p>\n\t\t\t\t\t\t\t\n\t\t\t\t\t\t<\/div>\n\t\t\t\t\t<\/div>\n\t\t\t\t\n\t\t\t\t\t<div class=\"phone-number-item\">\n\t\t\t\t\t\t<div class=\"phone-number-item__icon\"><i class=\"icon-spanish-military-police\"><\/i><\/div>\n\t\t\t\t\t\t<div class=\"phone-number-item__title\">\n\t\t\t\t\t\t\t<h3 class=\"p-font-bold\">Civil guard<\/h3>\n\t\t\t\t\t\t\t<p>927 242 750<\/p>\n\t\t\t\t\t\t\t\n\t\t\t\t\t\t<\/div>\n\t\t\t\t\t<\/div>\n\t\t\t\t\n\t\t\t\t\t<div class=\"phone-number-item\">\n\t\t\t\t\t\t<div class=\"phone-number-item__icon\"><i class=\"icon-firefighters\"><\/i><\/div>\n\t\t\t\t\t\t<div class=\"phone-number-item__title\">\n\t\t\t\t\t\t\t<h3 class=\"p-font-bold\">Fire department<\/h3>\n\t\t\t\t\t\t\t<p>927 224 080<\/p>\n\t\t\t\t\t\t\t\n\t\t\t\t\t\t<\/div>\n\t\t\t\t\t<\/div>\n\t\t\t\t\n\t\t\t\t\t<div class=\"phone-number-item\">\n\t\t\t\t\t\t<div class=\"phone-number-item__icon\"><i class=\"icon-civil-protection\"><\/i><\/div>\n\t\t\t\t\t\t<div class=\"phone-number-item__title\">\n\t\t\t\t\t\t\t<h3 class=\"p-font-bold\">Civil protection<\/h3>\n\t\t\t\t\t\t\t<p>927 214 900<\/p>\n\t\t\t\t\t\t\t\n\t\t\t\t\t\t<\/div>\n\t\t\t\t\t<\/div>\n\t\t\t\t\n\t\t\t\t\t<div class=\"phone-number-item\">\n\t\t\t\t\t\t<div class=\"phone-number-item__icon\"><i class=\"icon-town-council\"><\/i><\/div>\n\t\t\t\t\t\t<div class=\"phone-number-item__title\">\n\t\t\t\t\t\t\t<h3 class=\"p-font-bold\">Town hall<\/h3>\n\t\t\t\t\t\t\t<p>927 255 765<\/p>\n\t\t\t\t\t\t\t\n\t\t\t\t\t\t<\/div>\n\t\t\t\t\t<\/div>\n\t\t\t\t\n\t\t\t\t\t<div class=\"phone-number-item\">\n\t\t\t\t\t\t<div class=\"phone-number-item__icon\"><i class=\"icon-hospital\"><\/i><\/div>\n\t\t\t\t\t\t<div class=\"phone-number-item__title\">\n\t\t\t\t\t\t\t<h3 class=\"p-font-bold\">Health center<\/h3>\n\t\t\t\t\t\t\t<p>927 213 730<\/p>\n\t\t\t\t\t\t\t\n\t\t\t\t\t\t<\/div>\n\t\t\t\t\t<\/div>\n\t\t\t\t\n\t\t\t\t\t<div class=\"phone-number-item\">\n\t\t\t\t\t\t<div class=\"phone-number-item__icon\"><i class=\"icon-tourism\"><\/i><\/div>\n\t\t\t\t\t\t<div class=\"phone-number-item__title\">\n\t\t\t\t\t\t\t<h3 class=\"p-font-bold\">Tourism office<\/h3>\n\t\t\t\t\t\t\t<p>927 247 172<\/p>\n\t\t\t\t\t\t\t\n\t\t\t\t\t\t\t\t<p>C\/Plaza de las Claras, s\/n<\/p>\n\t\t\t\t\t\t\t\n\t\t\t\t\t\t<\/div>\n\t\t\t\t\t<\/div>\n\t\t\t\t\n\t\t\t<\/div>\n\t\t<\/div>\n\n\t\t<div id=\"clientForm\">\n        <section>\n        <img decoding=\"async\" src=\"https:\/\/cdn.pilgrim.es\/web\/home\/email-contacto.png\" alt=\"contacto\">\n        <div>\n            <p>We send you your itinerary<\/p>\n            <p>Enter your details and receive your travel itinerary by email <\/p>\n            <form method=\"post\" data-url=\"\/wp-admin\/admin-ajax.php\" id=\"planner--client\" class=\"flag-right form-client\">\n    <div class=\"form-data\">\n        <input name=\"form_id\" type=\"hidden\" value=\"Formulario Leads\">\n        <input name=\"type\" type=\"hidden\" value=\"planner_client\">\n        <input type=\"text\" name=\"nombre\" value=\"\" size=\"40\" class=\"form-control\" aria-required=\"true\" aria-invalid=\"false\" placeholder=\"Name\">\n        <input type=\"email\" name=\"email\" value=\"\" size=\"40\" class=\"form-control\" aria-required=\"true\" aria-invalid=\"false\" placeholder=\"Email\">\n        <input type=\"text\" id=\"phone-input\" name=\"tel\" value=\"\" size=\"40\" class=\"phone-input form-control\" aria-required=\"true\" aria-invalid=\"false\" placeholder=\"Telephone\">\n        <input type=\"hidden\" name=\"telefono\">\n    <\/div>\n    <div class=\"form-checkbox\">\n        <span>\n            Pilgrim Travel, S.L. informs, in accordance with Regulation 2016\/679, that the data used in this form will be used both for answering any queries and for the publication of comments, the basis of legitimacy being the consent of the user. The rights may be exercised in accordance with the provisions of our             <a href=\"https:\/\/www.pilgrim.es\/en\/privacy-policy\/\" target=\"_blank\" rel=\"noopener noreferrer nofollow\">Privacy Policy.<\/a>\n        <\/span>\n    <\/div>\n\n    <div class=\"form-submit\">\n        <button id=\"planner--client-create\" type=\"submit\">Contact form<\/button>\n        <div class=\"loadingDiv\"><i class=\"p-spinner\"><\/i><\/div>\n    <\/div>\n\n    <div class=\"contact-content-form-success\">\n        <p><i class=\"fas fa-check\"><\/i> The form has been sent successfully<\/p>\n    <\/div>\n\n    <div class=\"contact-content-form-error\">\n        <span class=\"input-error\"><\/span>\n    <\/div>\n<\/form>        <\/div>\n    <\/section>\n<\/div>\n\n\t\t<div id=\"recomendationSection\">\n\t\t\t<div>\n\t\t\t\t<h2 class=\"p-h2-town\">Recommended<\/h2>\n\t\t\t\t<hr>\n\t\t\t\t<h3 class=\"p-h3-town\">Gastronomy<\/h3>\n\t\t\t<\/div>\n\t\t\tThe gastronomy of C\u00e1ceres is mainly based on products that have their own denomination of origin, such as Iberian pork, beef and lamb, or basic products such as oil and paprika.\n\nSome of the most traditional recipes of the city are chanfaina, gazpacho, migas, pickled potatoes with tench and calderetas.\n\nThe local cheese and the torta de Casar, you can not miss them, have their own designation of origin and is one of the few products that is still produced in a completely handmade way.\n\nIn the traditional confectionery of C\u00e1ceres floretas, pesti\u00f1os, perrunillas, bones of Santo, honey and cherries stand out.\n\t\t<\/div>\n\n\n\t\t\n\t\t\t<div id=\"holidaysSection\">\n\t\t\t\t<div>\n\t\t\t\t\t<h2 class=\"p-h2-town\">Recommended<\/h2>\n\t\t\t\t\t<hr>\n\t\t\t\t\t<h3 class=\"p-h3-town\">Festivals and Pilgrimages<\/h3>\n\t\t\t\t<\/div>\n\t\t\t\t<div class=\"grid holidays-grid\">\n\t\t\t\t\t\n\t\t\t\t\t\t<div>\n\t\t\t\t\t\t\t<div class=\"phone-number-item\">\n\t\t\t\t\t\t\t\t<div class=\"phone-number-item__icon\"><i class=\"icon-holiday\"><\/i><\/div>\n\t\t\t\t\t\t\t\t<div class=\"phone-number-item__title dark-text\">\n\t\t\t\t\t\t\t\t\t<p class=\"p-font-bold\">Local festivity<\/p>\n\t\t\t\t\t\t\t\t\t<p>23 de abril: Fiesta de San Jorge<\/p>\n\t\t\t\t\t\t\t\t<\/div>\n\t\t\t\t\t\t\t<\/div>\n\t\t\t\t\t\t<\/div>\n\t\t\t\t\t\n\t\t\t\t\t\t<div>\n\t\t\t\t\t\t\t<div class=\"phone-number-item\">\n\t\t\t\t\t\t\t\t<div class=\"phone-number-item__icon\"><i class=\"icon-holiday\"><\/i><\/div>\n\t\t\t\t\t\t\t\t<div class=\"phone-number-item__title dark-text\">\n\t\t\t\t\t\t\t\t\t<p class=\"p-font-bold\">Local festivity<\/p>\n\t\t\t\t\t\t\t\t\t<p>Mayo: Festival de m\u00fasica WOMAD<\/p>\n\t\t\t\t\t\t\t\t<\/div>\n\t\t\t\t\t\t\t<\/div>\n\t\t\t\t\t\t<\/div>\n\t\t\t\t\t\n\t\t\t\t\t\t<div>\n\t\t\t\t\t\t\t<div class=\"phone-number-item\">\n\t\t\t\t\t\t\t\t<div class=\"phone-number-item__icon\"><i class=\"icon-holiday\"><\/i><\/div>\n\t\t\t\t\t\t\t\t<div class=\"phone-number-item__title dark-text\">\n\t\t\t\t\t\t\t\t\t<p class=\"p-font-bold\">Local festivity<\/p>\n\t\t\t\t\t\t\t\t\t<p>Septiembre: Festival C\u00e1ceres Pop-Art<\/p>\n\t\t\t\t\t\t\t\t<\/div>\n\t\t\t\t\t\t\t<\/div>\n\t\t\t\t\t\t<\/div>\n\t\t\t\t\t\n\t\t\t\t\t\t<div>\n\t\t\t\t\t\t\t<div class=\"phone-number-item\">\n\t\t\t\t\t\t\t\t<div class=\"phone-number-item__icon\"><i class=\"icon-holiday\"><\/i><\/div>\n\t\t\t\t\t\t\t\t<div class=\"phone-number-item__title dark-text\">\n\t\t\t\t\t\t\t\t\t<p class=\"p-font-bold\">Local festivity<\/p>\n\t\t\t\t\t\t\t\t\t<p>Septiembre: Festival Aldea de la Amex<\/p>\n\t\t\t\t\t\t\t\t<\/div>\n\t\t\t\t\t\t\t<\/div>\n\t\t\t\t\t\t<\/div>\n\t\t\t\t\t\n\t\t\t\t\t\t<div>\n\t\t\t\t\t\t\t<div class=\"phone-number-item\">\n\t\t\t\t\t\t\t\t<div class=\"phone-number-item__icon\"><i class=\"icon-holiday\"><\/i><\/div>\n\t\t\t\t\t\t\t\t<div class=\"phone-number-item__title dark-text\">\n\t\t\t\t\t\t\t\t\t<p class=\"p-font-bold\">Local festivity<\/p>\n\t\t\t\t\t\t\t\t\t<p>El primer fin de semana de julio: Festival Oeste<\/p>\n\t\t\t\t\t\t\t\t<\/div>\n\t\t\t\t\t\t\t<\/div>\n\t\t\t\t\t\t<\/div>\n\t\t\t\t\t\n\t\t\t\t\t\t<div>\n\t\t\t\t\t\t\t<div class=\"phone-number-item\">\n\t\t\t\t\t\t\t\t<div class=\"phone-number-item__icon\"><i class=\"icon-holiday\"><\/i><\/div>\n\t\t\t\t\t\t\t\t<div class=\"phone-number-item__title dark-text\">\n\t\t\t\t\t\t\t\t\t<p class=\"p-font-bold\">Local festivity<\/p>\n\t\t\t\t\t\t\t\t\t<p>Septiembre: Festival de M\u00fasica Antigua Iberoamericana<\/p>\n\t\t\t\t\t\t\t\t<\/div>\n\t\t\t\t\t\t\t<\/div>\n\t\t\t\t\t\t<\/div>\n\t\t\t\t\t\n\t\t\t\t\t\t<div>\n\t\t\t\t\t\t\t<div class=\"phone-number-item\">\n\t\t\t\t\t\t\t\t<div class=\"phone-number-item__icon\"><i class=\"icon-holiday\"><\/i><\/div>\n\t\t\t\t\t\t\t\t<div class=\"phone-number-item__title dark-text\">\n\t\t\t\t\t\t\t\t\t<p class=\"p-font-bold\">Local festivity<\/p>\n\t\t\t\t\t\t\t\t\t<p>Julio: Festival folcl\u00f3rico internacional de Pueblos del Mundo<\/p>\n\t\t\t\t\t\t\t\t<\/div>\n\t\t\t\t\t\t\t<\/div>\n\t\t\t\t\t\t<\/div>\n\t\t\t\t\t\n\t\t\t\t\t\t<div>\n\t\t\t\t\t\t\t<div class=\"phone-number-item\">\n\t\t\t\t\t\t\t\t<div class=\"phone-number-item__icon\"><i class=\"icon-holiday\"><\/i><\/div>\n\t\t\t\t\t\t\t\t<div class=\"phone-number-item__title dark-text\">\n\t\t\t\t\t\t\t\t\t<p class=\"p-font-bold\">Local festivity<\/p>\n\t\t\t\t\t\t\t\t\t<p>Septiembre: Festival C\u00e1ceres, Irish Fleadh, m\u00fasica tradicional irlandesa y celta<\/p>\n\t\t\t\t\t\t\t\t<\/div>\n\t\t\t\t\t\t\t<\/div>\n\t\t\t\t\t\t<\/div>\n\t\t\t\t\t\n\t\t\t\t\t\t<div>\n\t\t\t\t\t\t\t<div class=\"phone-number-item\">\n\t\t\t\t\t\t\t\t<div class=\"phone-number-item__icon\"><i class=\"icon-holiday\"><\/i><\/div>\n\t\t\t\t\t\t\t\t<div class=\"phone-number-item__title dark-text\">\n\t\t\t\t\t\t\t\t\t<p class=\"p-font-bold\">Local festivity<\/p>\n\t\t\t\t\t\t\t\t\t<p>Julio: Festival de m\u00fasica negra<\/p>\n\t\t\t\t\t\t\t\t<\/div>\n\t\t\t\t\t\t\t<\/div>\n\t\t\t\t\t\t<\/div>\n\t\t\t\t\t\n\t\t\t\t\t\t<div>\n\t\t\t\t\t\t\t<div class=\"phone-number-item\">\n\t\t\t\t\t\t\t\t<div class=\"phone-number-item__icon\"><i class=\"icon-holiday\"><\/i><\/div>\n\t\t\t\t\t\t\t\t<div class=\"phone-number-item__title dark-text\">\n\t\t\t\t\t\t\t\t\t<p class=\"p-font-bold\">Local festivity<\/p>\n\t\t\t\t\t\t\t\t\t<p>Mayo: Feria de Mayo<\/p>\n\t\t\t\t\t\t\t\t<\/div>\n\t\t\t\t\t\t\t<\/div>\n\t\t\t\t\t\t<\/div>\n\t\t\t\t\t\n\t\t\t\t\t\t<div>\n\t\t\t\t\t\t\t<div class=\"phone-number-item\">\n\t\t\t\t\t\t\t\t<div class=\"phone-number-item__icon\"><i class=\"icon-holiday\"><\/i><\/div>\n\t\t\t\t\t\t\t\t<div class=\"phone-number-item__title dark-text\">\n\t\t\t\t\t\t\t\t\t<p class=\"p-font-bold\">Local festivity<\/p>\n\t\t\t\t\t\t\t\t\t<p>1 de mayo: Romer\u00eda de Santiago de Venc\u00e1liz<\/p>\n\t\t\t\t\t\t\t\t<\/div>\n\t\t\t\t\t\t\t<\/div>\n\t\t\t\t\t\t<\/div>\n\t\t\t\t\t\n\t\t\t\t\t\t<div>\n\t\t\t\t\t\t\t<div class=\"phone-number-item\">\n\t\t\t\t\t\t\t\t<div class=\"phone-number-item__icon\"><i class=\"icon-holiday\"><\/i><\/div>\n\t\t\t\t\t\t\t\t<div class=\"phone-number-item__title dark-text\">\n\t\t\t\t\t\t\t\t\t<p class=\"p-font-bold\">Local festivity<\/p>\n\t\t\t\t\t\t\t\t\t<p>Febrero: Fiesta de las Candelas y de San Blas<\/p>\n\t\t\t\t\t\t\t\t<\/div>\n\t\t\t\t\t\t\t<\/div>\n\t\t\t\t\t\t<\/div>\n\t\t\t\t\t\n\t\t\t\t\t\t<div>\n\t\t\t\t\t\t\t<div class=\"phone-number-item\">\n\t\t\t\t\t\t\t\t<div class=\"phone-number-item__icon\"><i class=\"icon-holiday\"><\/i><\/div>\n\t\t\t\t\t\t\t\t<div class=\"phone-number-item__title dark-text\">\n\t\t\t\t\t\t\t\t\t<p class=\"p-font-bold\">Local festivity<\/p>\n\t\t\t\t\t\t\t\t\t<p>El segundo domingo de mayo: Fiesta de Santa Luc\u00eda<\/p>\n\t\t\t\t\t\t\t\t<\/div>\n\t\t\t\t\t\t\t<\/div>\n\t\t\t\t\t\t<\/div>\n\t\t\t\t\t\n\t\t\t\t\t\t<div>\n\t\t\t\t\t\t\t<div class=\"phone-number-item\">\n\t\t\t\t\t\t\t\t<div class=\"phone-number-item__icon\"><i class=\"icon-holiday\"><\/i><\/div>\n\t\t\t\t\t\t\t\t<div class=\"phone-number-item__title dark-text\">\n\t\t\t\t\t\t\t\t\t<p class=\"p-font-bold\">Local festivity<\/p>\n\t\t\t\t\t\t\t\t\t<p>Semana Santa: Semana Santa Cacere\u00f1a<\/p>\n\t\t\t\t\t\t\t\t<\/div>\n\t\t\t\t\t\t\t<\/div>\n\t\t\t\t\t\t<\/div>\n\t\t\t\t\t\n\t\t\t\t\t\t<div>\n\t\t\t\t\t\t\t<div class=\"phone-number-item\">\n\t\t\t\t\t\t\t\t<div class=\"phone-number-item__icon\"><i class=\"icon-holiday\"><\/i><\/div>\n\t\t\t\t\t\t\t\t<div class=\"phone-number-item__title dark-text\">\n\t\t\t\t\t\t\t\t\t<p class=\"p-font-bold\">Local festivity<\/p>\n\t\t\t\t\t\t\t\t\t<p>El primer domingo de mayo: Fiesta de Nuestra Se\u00f1ora de la Monta\u00f1a<\/p>\n\t\t\t\t\t\t\t\t<\/div>\n\t\t\t\t\t\t\t<\/div>\n\t\t\t\t\t\t<\/div>\n\t\t\t\t\t\n\t\t\t\t\t\t<div>\n\t\t\t\t\t\t\t<div class=\"phone-number-item\">\n\t\t\t\t\t\t\t\t<div class=\"phone-number-item__icon\"><i class=\"icon-holiday\"><\/i><\/div>\n\t\t\t\t\t\t\t\t<div class=\"phone-number-item__title dark-text\">\n\t\t\t\t\t\t\t\t\t<p class=\"p-font-bold\">Local festivity<\/p>\n\t\t\t\t\t\t\t\t\t<p>El domingo m\u00e1s cercano al 20 de enero: Romer\u00eda de los Santos M\u00e1rtires San Fabi\u00e1n y San Sebasti\u00e1n<\/p>\n\t\t\t\t\t\t\t\t<\/div>\n\t\t\t\t\t\t\t<\/div>\n\t\t\t\t\t\t<\/div>\n\t\t\t\t\t\n\t\t\t\t<\/div>\n\t\t\t<\/div>\n\t\t\n\t<\/div>\n<\/section>\n\n<div id=\"stage_list_section\"><div class=\"stage-list\">\n    <div class='stage-list__map-card'>\n        <div class='stage-list__map-card__map'>\n            <div class='stage-list__map-card__map__text'>\n                <h2> Pages <\/h2>\n                <p> On foot<\/p>\n                <p> 0 stages<\/p>\n            <\/div>\n            <div class='stage-list__map-card__map__img'>\n                <img decoding=\"async\" src=\"\" alt=\" mapa \" \/>\n            <\/div>\n        <\/div>\n    <\/div>\n\n    <\/div>\n<\/div> ","protected":false},"excerpt":{"rendered":"<p>C\u00e1ceres &#8249; Back to the stage C\u00e1ceres Residents: 95.617 aprox. Province: C\u00e1ceres Information Get to know C\u00e1ceres The city of C\u00e1ceres is located in the autonomous community of Extremadura and is considered the city with the most beautiful and admirable urban complex in the world. Its historic center is one of the most complete, so &hellip; <\/p>\n<p class=\"read_more\"><a href=\"https:\/\/www.pilgrim.es\/en\/the-silver-route\/caceres\/\">Leer m\u00e1s<\/a><\/p>\n","protected":false},"author":0,"featured_media":2138,"parent":37406,"menu_order":0,"comment_status":"closed","ping_status":"closed","template":"views\/template-new-web-design.blade.php","meta":{"footnotes":""},"categories":[],"tags":[],"class_list":["post-91517","page","type-page","status-publish","has-post-thumbnail","hentry"],"yoast_head":"<!-- This site is optimized with the Yoast SEO plugin v27.4 - https:\/\/yoast.com\/product\/yoast-seo-wordpress\/ -->\n<title>C\u00e1ceres: What to see and where to stay | Camino de Santiago | Pilgrim<\/title>\n<meta name=\"description\" content=\"C\u00e1ceres Discover all the information you need about accommodation, how to get there, gastronomy and the main points of interest in the towns along the Silver Way.\" \/>\n<meta name=\"robots\" content=\"index, follow, max-snippet:-1, max-image-preview:large, max-video-preview:-1\" \/>\n<link rel=\"canonical\" href=\"https:\/\/www.pilgrim.es\/en\/the-silver-route\/caceres\/\" \/>\n<meta property=\"og:locale\" content=\"en_US\" \/>\n<meta property=\"og:type\" content=\"article\" \/>\n<meta property=\"og:title\" content=\"C\u00e1ceres: What to see and where to stay | Camino de Santiago | Pilgrim\" \/>\n<meta property=\"og:description\" content=\"C\u00e1ceres Discover all the information you need about accommodation, how to get there, gastronomy and the main points of interest in the towns along the Silver Way.\" \/>\n<meta property=\"og:url\" content=\"https:\/\/www.pilgrim.es\/en\/the-silver-route\/caceres\/\" \/>\n<meta property=\"og:site_name\" content=\"Pilgrim\" \/>\n<meta property=\"article:publisher\" content=\"https:\/\/www.facebook.com\/pilgrim.es\/\" \/>\n<meta property=\"og:image\" content=\"https:\/\/www.pilgrim.es\/wp-content\/uploads\/2019\/02\/caceres-520x370.jpg\" \/>\n\t<meta property=\"og:image:width\" content=\"520\" \/>\n\t<meta property=\"og:image:height\" content=\"370\" \/>\n\t<meta property=\"og:image:type\" content=\"image\/jpeg\" \/>\n<meta name=\"twitter:card\" content=\"summary_large_image\" \/>\n<meta name=\"twitter:site\" content=\"@pilgrim_es\" \/>\n<meta name=\"twitter:label1\" content=\"Est. reading time\" \/>\n\t<meta name=\"twitter:data1\" content=\"16 minutes\" \/>\n<script type=\"application\/ld+json\" class=\"yoast-schema-graph\">{\"@context\":\"https:\\\/\\\/schema.org\",\"@graph\":[{\"@type\":\"WebPage\",\"@id\":\"https:\\\/\\\/www.pilgrim.es\\\/en\\\/the-silver-route\\\/caceres\\\/\",\"url\":\"https:\\\/\\\/www.pilgrim.es\\\/en\\\/the-silver-route\\\/caceres\\\/\",\"name\":\"C\u00e1ceres: What to see and where to stay | Camino de Santiago | Pilgrim\",\"isPartOf\":{\"@id\":\"https:\\\/\\\/www.pilgrim.es\\\/en\\\/#website\"},\"primaryImageOfPage\":{\"@id\":\"https:\\\/\\\/www.pilgrim.es\\\/en\\\/the-silver-route\\\/caceres\\\/#primaryimage\"},\"image\":{\"@id\":\"https:\\\/\\\/www.pilgrim.es\\\/en\\\/the-silver-route\\\/caceres\\\/#primaryimage\"},\"thumbnailUrl\":\"https:\\\/\\\/www.pilgrim.es\\\/wp-content\\\/uploads\\\/2019\\\/02\\\/caceres-520x370.jpg\",\"datePublished\":\"2025-03-17T16:05:39+00:00\",\"description\":\"C\u00e1ceres Discover all the information you need about accommodation, how to get there, gastronomy and the main points of interest in the towns along the Silver Way.\",\"breadcrumb\":{\"@id\":\"https:\\\/\\\/www.pilgrim.es\\\/en\\\/the-silver-route\\\/caceres\\\/#breadcrumb\"},\"inLanguage\":\"en-US\",\"potentialAction\":[{\"@type\":\"ReadAction\",\"target\":[\"https:\\\/\\\/www.pilgrim.es\\\/en\\\/the-silver-route\\\/caceres\\\/\"]}]},{\"@type\":\"ImageObject\",\"inLanguage\":\"en-US\",\"@id\":\"https:\\\/\\\/www.pilgrim.es\\\/en\\\/the-silver-route\\\/caceres\\\/#primaryimage\",\"url\":\"https:\\\/\\\/www.pilgrim.es\\\/wp-content\\\/uploads\\\/2019\\\/02\\\/caceres-520x370.jpg\",\"contentUrl\":\"https:\\\/\\\/www.pilgrim.es\\\/wp-content\\\/uploads\\\/2019\\\/02\\\/caceres-520x370.jpg\",\"width\":520,\"height\":370,\"caption\":\"C\u00e1ceres\"},{\"@type\":\"BreadcrumbList\",\"@id\":\"https:\\\/\\\/www.pilgrim.es\\\/en\\\/the-silver-route\\\/caceres\\\/#breadcrumb\",\"itemListElement\":[{\"@type\":\"ListItem\",\"position\":1,\"name\":\"Camino de Santiago\",\"item\":\"https:\\\/\\\/www.pilgrim.es\\\/en\\\/\"},{\"@type\":\"ListItem\",\"position\":2,\"name\":\"The Silver Route\",\"item\":\"https:\\\/\\\/www.pilgrim.es\\\/en\\\/the-silver-route\\\/\"},{\"@type\":\"ListItem\",\"position\":3,\"name\":\"C\u00e1ceres\"}]},{\"@type\":\"WebSite\",\"@id\":\"https:\\\/\\\/www.pilgrim.es\\\/en\\\/#website\",\"url\":\"https:\\\/\\\/www.pilgrim.es\\\/en\\\/\",\"name\":\"Pilgrim\",\"description\":\"Camino de Santiago | Caminamos Contigo\",\"publisher\":{\"@id\":\"https:\\\/\\\/www.pilgrim.es\\\/en\\\/#organization\"},\"potentialAction\":[{\"@type\":\"SearchAction\",\"target\":{\"@type\":\"EntryPoint\",\"urlTemplate\":\"https:\\\/\\\/www.pilgrim.es\\\/en\\\/?s={search_term_string}\"},\"query-input\":{\"@type\":\"PropertyValueSpecification\",\"valueRequired\":true,\"valueName\":\"search_term_string\"}}],\"inLanguage\":\"en-US\"},{\"@type\":\"Organization\",\"@id\":\"https:\\\/\\\/www.pilgrim.es\\\/en\\\/#organization\",\"name\":\"Pilgrim Camino de Santiago\",\"url\":\"https:\\\/\\\/www.pilgrim.es\\\/en\\\/\",\"logo\":{\"@type\":\"ImageObject\",\"inLanguage\":\"en-US\",\"@id\":\"https:\\\/\\\/www.pilgrim.es\\\/en\\\/#\\\/schema\\\/logo\\\/image\\\/\",\"url\":\"https:\\\/\\\/www.pilgrim.es\\\/wp-content\\\/uploads\\\/2019\\\/04\\\/logo_pilgrim.png\",\"contentUrl\":\"https:\\\/\\\/www.pilgrim.es\\\/wp-content\\\/uploads\\\/2019\\\/04\\\/logo_pilgrim.png\",\"width\":512,\"height\":512,\"caption\":\"Pilgrim Camino de Santiago\"},\"image\":{\"@id\":\"https:\\\/\\\/www.pilgrim.es\\\/en\\\/#\\\/schema\\\/logo\\\/image\\\/\"},\"sameAs\":[\"https:\\\/\\\/www.facebook.com\\\/pilgrim.es\\\/\",\"https:\\\/\\\/x.com\\\/pilgrim_es\",\"https:\\\/\\\/www.instagram.com\\\/pilgrim.es\\\/\",\"https:\\\/\\\/www.linkedin.com\\\/company\\\/pilgrim-camino-de-santiago\\\/\",\"https:\\\/\\\/www.pinterest.es\\\/pilgrimcaminodesantiago\\\/\",\"https:\\\/\\\/www.youtube.com\\\/channel\\\/UCIv2ZzFLXVqthkNF32rKedw\\\/featured\"]}]}<\/script>\n<!-- \/ Yoast SEO plugin. -->","yoast_head_json":{"title":"C\u00e1ceres: What to see and where to stay | Camino de Santiago | Pilgrim","description":"C\u00e1ceres Discover all the information you need about accommodation, how to get there, gastronomy and the main points of interest in the towns along the Silver Way.","robots":{"index":"index","follow":"follow","max-snippet":"max-snippet:-1","max-image-preview":"max-image-preview:large","max-video-preview":"max-video-preview:-1"},"canonical":"https:\/\/www.pilgrim.es\/en\/the-silver-route\/caceres\/","og_locale":"en_US","og_type":"article","og_title":"C\u00e1ceres: What to see and where to stay | Camino de Santiago | Pilgrim","og_description":"C\u00e1ceres Discover all the information you need about accommodation, how to get there, gastronomy and the main points of interest in the towns along the Silver Way.","og_url":"https:\/\/www.pilgrim.es\/en\/the-silver-route\/caceres\/","og_site_name":"Pilgrim","article_publisher":"https:\/\/www.facebook.com\/pilgrim.es\/","og_image":[{"width":520,"height":370,"url":"https:\/\/www.pilgrim.es\/wp-content\/uploads\/2019\/02\/caceres-520x370.jpg","type":"image\/jpeg"}],"twitter_card":"summary_large_image","twitter_site":"@pilgrim_es","twitter_misc":{"Est. reading time":"16 minutes"},"schema":{"@context":"https:\/\/schema.org","@graph":[{"@type":"WebPage","@id":"https:\/\/www.pilgrim.es\/en\/the-silver-route\/caceres\/","url":"https:\/\/www.pilgrim.es\/en\/the-silver-route\/caceres\/","name":"C\u00e1ceres: What to see and where to stay | Camino de Santiago | Pilgrim","isPartOf":{"@id":"https:\/\/www.pilgrim.es\/en\/#website"},"primaryImageOfPage":{"@id":"https:\/\/www.pilgrim.es\/en\/the-silver-route\/caceres\/#primaryimage"},"image":{"@id":"https:\/\/www.pilgrim.es\/en\/the-silver-route\/caceres\/#primaryimage"},"thumbnailUrl":"https:\/\/www.pilgrim.es\/wp-content\/uploads\/2019\/02\/caceres-520x370.jpg","datePublished":"2025-03-17T16:05:39+00:00","description":"C\u00e1ceres Discover all the information you need about accommodation, how to get there, gastronomy and the main points of interest in the towns along the Silver Way.","breadcrumb":{"@id":"https:\/\/www.pilgrim.es\/en\/the-silver-route\/caceres\/#breadcrumb"},"inLanguage":"en-US","potentialAction":[{"@type":"ReadAction","target":["https:\/\/www.pilgrim.es\/en\/the-silver-route\/caceres\/"]}]},{"@type":"ImageObject","inLanguage":"en-US","@id":"https:\/\/www.pilgrim.es\/en\/the-silver-route\/caceres\/#primaryimage","url":"https:\/\/www.pilgrim.es\/wp-content\/uploads\/2019\/02\/caceres-520x370.jpg","contentUrl":"https:\/\/www.pilgrim.es\/wp-content\/uploads\/2019\/02\/caceres-520x370.jpg","width":520,"height":370,"caption":"C\u00e1ceres"},{"@type":"BreadcrumbList","@id":"https:\/\/www.pilgrim.es\/en\/the-silver-route\/caceres\/#breadcrumb","itemListElement":[{"@type":"ListItem","position":1,"name":"Camino de Santiago","item":"https:\/\/www.pilgrim.es\/en\/"},{"@type":"ListItem","position":2,"name":"The Silver Route","item":"https:\/\/www.pilgrim.es\/en\/the-silver-route\/"},{"@type":"ListItem","position":3,"name":"C\u00e1ceres"}]},{"@type":"WebSite","@id":"https:\/\/www.pilgrim.es\/en\/#website","url":"https:\/\/www.pilgrim.es\/en\/","name":"Pilgrim","description":"Camino de Santiago | Caminamos Contigo","publisher":{"@id":"https:\/\/www.pilgrim.es\/en\/#organization"},"potentialAction":[{"@type":"SearchAction","target":{"@type":"EntryPoint","urlTemplate":"https:\/\/www.pilgrim.es\/en\/?s={search_term_string}"},"query-input":{"@type":"PropertyValueSpecification","valueRequired":true,"valueName":"search_term_string"}}],"inLanguage":"en-US"},{"@type":"Organization","@id":"https:\/\/www.pilgrim.es\/en\/#organization","name":"Pilgrim Camino de Santiago","url":"https:\/\/www.pilgrim.es\/en\/","logo":{"@type":"ImageObject","inLanguage":"en-US","@id":"https:\/\/www.pilgrim.es\/en\/#\/schema\/logo\/image\/","url":"https:\/\/www.pilgrim.es\/wp-content\/uploads\/2019\/04\/logo_pilgrim.png","contentUrl":"https:\/\/www.pilgrim.es\/wp-content\/uploads\/2019\/04\/logo_pilgrim.png","width":512,"height":512,"caption":"Pilgrim Camino de Santiago"},"image":{"@id":"https:\/\/www.pilgrim.es\/en\/#\/schema\/logo\/image\/"},"sameAs":["https:\/\/www.facebook.com\/pilgrim.es\/","https:\/\/x.com\/pilgrim_es","https:\/\/www.instagram.com\/pilgrim.es\/","https:\/\/www.linkedin.com\/company\/pilgrim-camino-de-santiago\/","https:\/\/www.pinterest.es\/pilgrimcaminodesantiago\/","https:\/\/www.youtube.com\/channel\/UCIv2ZzFLXVqthkNF32rKedw\/featured"]}]}},"_links":{"self":[{"href":"https:\/\/www.pilgrim.es\/en\/wp-json\/wp\/v2\/pages\/91517","targetHints":{"allow":["GET"]}}],"collection":[{"href":"https:\/\/www.pilgrim.es\/en\/wp-json\/wp\/v2\/pages"}],"about":[{"href":"https:\/\/www.pilgrim.es\/en\/wp-json\/wp\/v2\/types\/page"}],"replies":[{"embeddable":true,"href":"https:\/\/www.pilgrim.es\/en\/wp-json\/wp\/v2\/comments?post=91517"}],"version-history":[{"count":0,"href":"https:\/\/www.pilgrim.es\/en\/wp-json\/wp\/v2\/pages\/91517\/revisions"}],"up":[{"embeddable":true,"href":"https:\/\/www.pilgrim.es\/en\/wp-json\/wp\/v2\/pages\/37406"}],"wp:featuredmedia":[{"embeddable":true,"href":"https:\/\/www.pilgrim.es\/en\/wp-json\/wp\/v2\/media\/2138"}],"wp:attachment":[{"href":"https:\/\/www.pilgrim.es\/en\/wp-json\/wp\/v2\/media?parent=91517"}],"wp:term":[{"taxonomy":"category","embeddable":true,"href":"https:\/\/www.pilgrim.es\/en\/wp-json\/wp\/v2\/categories?post=91517"},{"taxonomy":"post_tag","embeddable":true,"href":"https:\/\/www.pilgrim.es\/en\/wp-json\/wp\/v2\/tags?post=91517"}],"curies":[{"name":"wp","href":"https:\/\/api.w.org\/{rel}","templated":true}]}}