{"id":91473,"date":"2025-03-17T15:35:54","date_gmt":"2025-03-17T15:35:54","guid":{"rendered":"https:\/\/www.pilgrim.es\/sanabres-way\/lalin-a-laxe\/"},"modified":"2025-06-27T08:54:20","modified_gmt":"2025-06-27T08:54:20","slug":"lalin-a-laxe","status":"publish","type":"page","link":"https:\/\/www.pilgrim.es\/en\/sanabres-way\/lalin-a-laxe\/","title":{"rendered":"Lal\u00edn"},"content":{"rendered":"\n<section id=\"hero\">\n\t<h1>Lal\u00edn<\/h1>\n\t<div class=\"hero-grid\">\n\t\t<div class=\"hero-grid__town-col\" data-background=\"https:\/\/cdn.pilgrim.es\/web\/caminos\/camino-invierno\/pueblos\/a-laxe.jpg\">\n\t\t\t<div>\n\t\t\t\t<a class=\"link-to-stage\" href=\"https:\/\/www.pilgrim.es\/camino-sanabres\/etapa-11-cea-a-laxe\/\">\n\t\t\t\t\t<p>&#8249; Back to the stage<\/p>\n\t\t\t\t<\/a>\n\n\t\t\t\t<div class=\"town-data\">\n\t\t\t\t\t<h2>Lal\u00edn<\/h2>\n\t\t\t\t\t<ul>\n\t\t\t\t\t\t<li>Residents: 20.158 aprox.<\/li>\n\t\t\t\t\t\t<li>Province: Pontevedra<\/li>\n\t\t\t\t\t<\/ul>\n\t\t\t\t<\/div>\n\t\t\t<\/div>\n\t\t<\/div>\n\t\t<div class=\"hero-grid__planner-col\"><div\r\n  class=\"p-col-span-1 p-rounded-lg p-px-5 p-h-full\"\r\n  style=\"background-image: url('https:\/\/cdn.pilgrim.es\/web\/pilgrim-planner\/bg-plugin-planificador.webp')\"\r\n  rel=\"preload\"\r\n  fetchpriority=\"high\"\r\n  >\r\n    <div class=\"p-text-center p-pt-5 p-text-white p-text-2xl p-font-semibold\">\r\n      Plan your journey    <\/div>\r\n    <div\r\n            id='primary-app'\r\n            data-name='banner'\r\n            data-api='https:\/\/pathfinder.pilgrim.es\/api\/pathfinder\/v2'\r\n            data-mode='normal'\r\n            data-lang='en'\r\n            data-route='1'\r\n            data-destiny='https:\/\/planificador.pilgrim.es'\r\n            data-modality='1'\r\n            data-inline=''\r\n        ><\/div><\/div><\/div>\n\t<\/div>\n<\/section>\n\n<section id=\"infoTown\">\n\t<div class=\"sections-town\">\n\n\t\t<div id=\"informationSection\">\n\t\t\t<div>\n\t\t\t\t<h2 class=\"p-h2-town\">Information<\/h2>\n\t\t\t\t<hr>\n\t\t\t\t<h3 class=\"p-h3-town\">Get to know Lal\u00edn<\/h3>\n\t\t\t<\/div>\n\t\t\t<p>The town of Lal\u00edn is located in the province of Pontevedra and is considered to be the epicenter of the Galician Community, kilometer zero.<\/p> <p>The pilgrim enters a new Galician province that he or she will soon leave, but will take away a great experience after learning about the customs and gastronomic tastes of three of the four Galician provinces.\n\t\t<\/div>\n\n\t\t<div id=\"locationSection\">\n\t\t\t<div>\n\t\t\t\t<h2 class=\"p-h2-town\">Location<\/h2>\n\t\t\t\t<hr>\n\t\t\t\t<h3 class=\"p-h3-town\">How to get there<\/h3>\n\t\t\t<\/div>\n\t\t\t<p>The main way to reach the municipality of Lal\u00edn is by road since several roads reach the town such as the N-525, the N-640 and the AP-53 all three lead to the same entrance to Lal\u00edn. In addition there are several roads such as the PO-206, the PO-533 and PO-534 that are also unified for the entrance to the town.\n\n<p>By bus thanks to the company Alsa it is possible to arrive from Santiago de Compostela and from Madrid and the company Monb\u00fas offers regular lines that communicate Ourense with Santiago. There is also a railway line that allows you to reach the town by train, the line communicates Santiago de Compostela with Ourense and have a stop in Lal\u00edn.<\/p> &lt;p\n\t\t\t<div>\n\t\t\t\t<div>\n  <iframe loading=\"lazy\"\n    src=\"https:\/\/www.google.com\/maps\/d\/embed?mid=1r4ySDulM2NzziG1IGiuzpfmbADiOoFc&amp;ehbc=2E312F\"\n    width=\"640\"\n    height=\"480\"\n    alt=\"Mapa Lal\u00edn\"\n  ><\/iframe>\n<\/div>\n\n\t\t\t<\/div>\n\t\t<\/div>\n\n\t\t\n\t\t\t<div id=\"toVisitSection\">\n\t\t\t\t<div>\n\t\t\t\t\t<h2 class=\"p-h2-town\">History \/ Culture<\/h2>\n\t\t\t\t\t<hr>\n\t\t\t\t\t<h3 class=\"p-h3-town\">What to see<\/h3>\n\t\t\t\t<\/div>\n\t\t\t\t<div>\n\t\t\t\t\t<div class=\"accordion\">\n\t\t\t\t\t\t<div class=\"accordion__menu\">\n\t\t\t\t\t\t\t<nav>\n\t\t\t\t\t\t\t\t\n\t\t\t\t\t\t\t\t\t<button class=\"nav-tab-accordion active\"><span>&#10093;<\/span><span> Capilla de los Dolores<\/span><\/button>\n\t\t\t\t\t\t\t\t\n\t\t\t\t\t\t\t\t\t<button class=\"nav-tab-accordion \"><span>&#10093;<\/span><span> Capilla de San Ant\u00f3n<\/span><\/button>\n\t\t\t\t\t\t\t\t\n\t\t\t\t\t\t\t\t\t<button class=\"nav-tab-accordion \"><span>&#10093;<\/span><span> Capilla de San Caetano<\/span><\/button>\n\t\t\t\t\t\t\t\t\n\t\t\t\t\t\t\t\t\t<button class=\"nav-tab-accordion \"><span>&#10093;<\/span><span> Castro Tecnol\u00f3gico<\/span><\/button>\n\t\t\t\t\t\t\t\t\n\t\t\t\t\t\t\t\t\t<button class=\"nav-tab-accordion \"><span>&#10093;<\/span><span> Estatua do Porco<\/span><\/button>\n\t\t\t\t\t\t\t\t\n\t\t\t\t\t\t\t\t\t<button class=\"nav-tab-accordion \"><span>&#10093;<\/span><span> Estatua Ram\u00f3n Mar\u00eda Aller<\/span><\/button>\n\t\t\t\t\t\t\t\t\n\t\t\t\t\t\t\t\t\t<button class=\"nav-tab-accordion \"><span>&#10093;<\/span><span> Iglesia de Goi\u00e1s<\/span><\/button>\n\t\t\t\t\t\t\t\t\n\t\t\t\t\t\t\t\t\t<button class=\"nav-tab-accordion \"><span>&#10093;<\/span><span> Iglesia de Lal\u00edn de Arriba<\/span><\/button>\n\t\t\t\t\t\t\t\t\n\t\t\t\t\t\t\t\t\t<button class=\"nav-tab-accordion \"><span>&#10093;<\/span><span> Museo Etnogr\u00e1fico Casa do Patr\u00f3n<\/span><\/button>\n\t\t\t\t\t\t\t\t\n\t\t\t\t\t\t\t\t\t<button class=\"nav-tab-accordion \"><span>&#10093;<\/span><span> Museo Galego da Marioneta<\/span><\/button>\n\t\t\t\t\t\t\t\t\n\t\t\t\t\t\t\t\t\t<button class=\"nav-tab-accordion \"><span>&#10093;<\/span><span> Museo Municipal Ram\u00f3n Mar\u00eda Aller Ulloa<\/span><\/button>\n\t\t\t\t\t\t\t\t\n\t\t\t\t\t\t\t\t\t<button class=\"nav-tab-accordion \"><span>&#10093;<\/span><span> Pazo de Anzuxao<\/span><\/button>\n\t\t\t\t\t\t\t\t\n\t\t\t\t\t\t\t\t\t<button class=\"nav-tab-accordion \"><span>&#10093;<\/span><span> Playa Fluvial Pozo do Boi<\/span><\/button>\n\t\t\t\t\t\t\t\t\n\t\t\t\t\t\t\t<\/nav>\n\t\t\t\t\t\t<\/div>\n\n\t\t\t\t\t\t\n\t\t\t\t\t\t\t<div class=\"accordion__accordion-content \">\n\t\t\t\t\t\t\t\t<div>\n\t\t\t\t\t\t\t\t\t<div>\n\t\t\t\t\t\t\t\t\t\t<h4>Capilla de los Dolores<\/h4>\n\t\t\t\t\t\t\t\t\t\t<p>The Chapel of Sorrows has a baroque style and we find it in the middle of the route of the Camino de Santiago by the route of Invierno.<\/p> <p>The Chapel of Sorrows has a baroque style and we find it in the middle of the route of the Camino de Santiago by the route of Invierno.\n\n<p>It consists of a single nave, some of the most impressive elements are the size of the head of this temple and the tympanum, where you can see the sculpture of the Virgin of Sorrows. The bell tower has a double body, the low one is square and slender and the high one is octagonal and finished by a dome.\n\n<p>MASS HOURS<\/p>\n\n<p>From September 1st to June 30th Weekdays at 09:00 and 20:00 Vespers at 20:00 Holidays at 09:00, 12:00, 13:00 and 18:00 From July 1st to August 31st Weekdays at 09:00 and 20:00 Vespers at 20:00 Holidays at 09:00, 12:00, 13:00 and 20:00<\/p>\n\n<p>INFORMATION OF INTEREST<\/p>\n\n<p>Phone: 986 780 437<\/p>\n\t\t\t\t\t\t\t\t\t<\/div>\n\t\t\t\t\t\t\t\t\t<img decoding=\"async\" src=\"https:\/\/cdn.pilgrim.es\/web\/caminos\/camino-sanabres\/pueblos\/lalin-a-laxe\/puntos-de-interes\/capilla-de-los-dolores.jpg\" alt=\"Capilla de los Dolores\">\n\t\t\t\t\t\t\t\t<\/div>\n\t\t\t\t\t\t\t<\/div>\n\t\t\t\t\t\t\n\t\t\t\t\t\t\t<div class=\"accordion__accordion-content inactive\">\n\t\t\t\t\t\t\t\t<div>\n\t\t\t\t\t\t\t\t\t<div>\n\t\t\t\t\t\t\t\t\t\t<h4>Capilla de San Ant\u00f3n<\/h4>\n\t\t\t\t\t\t\t\t\t\t<p>The Chapel of San Ant\u00f3n is built by a single nave and what stands out the most is the impressive bell tower of great height with a single arch finished with a cross that protrudes from its facade and the lateral openings of the nave.\n\t\t\t\t\t\t\t\t\t<\/div>\n\t\t\t\t\t\t\t\t\t<img decoding=\"async\" src=\"https:\/\/cdn.pilgrim.es\/web\/caminos\/camino-sanabres\/pueblos\/lalin-a-laxe\/puntos-de-interes\/capilla-de-san-anton.jpg\" alt=\"Capilla de San Ant\u00f3n\">\n\t\t\t\t\t\t\t\t<\/div>\n\t\t\t\t\t\t\t<\/div>\n\t\t\t\t\t\t\n\t\t\t\t\t\t\t<div class=\"accordion__accordion-content inactive\">\n\t\t\t\t\t\t\t\t<div>\n\t\t\t\t\t\t\t\t\t<div>\n\t\t\t\t\t\t\t\t\t\t<h4>Capilla de San Caetano<\/h4>\n\t\t\t\t\t\t\t\t\t\t<p>The Chapel of San Caetano venerates San Xoan Degollado and Santa Margarita and thanks to the neighbors of the villages of Soutolongo and Lodeiro who have rebuilt it, it is still in good condition.\n\n<p>In the oak grove around the temple on the first Sunday of August a feast is celebrated in the village for all the neighbors.<\/p>\n\t\t\t\t\t\t\t\t\t<\/div>\n\t\t\t\t\t\t\t\t\t<img decoding=\"async\" src=\"https:\/\/cdn.pilgrim.es\/web\/caminos\/camino-sanabres\/pueblos\/lalin-a-laxe\/puntos-de-interes\/capilla-de-san-caetano.jpg\" alt=\"Capilla de San Caetano\">\n\t\t\t\t\t\t\t\t<\/div>\n\t\t\t\t\t\t\t<\/div>\n\t\t\t\t\t\t\n\t\t\t\t\t\t\t<div class=\"accordion__accordion-content inactive\">\n\t\t\t\t\t\t\t\t<div>\n\t\t\t\t\t\t\t\t\t<div>\n\t\t\t\t\t\t\t\t\t\t<h4>Castro Tecnol\u00f3gico<\/h4>\n\t\t\t\t\t\t\t\t\t\t<p>The Castro Tecnol\u00f3gico is a curious building from 2011 (inaugurated in 2013) built by the famous architects Luis M. Mansilla and Emilio Tu\u00f1\u00f3n.<\/p>\n\n<p>It is a stylish avant-garde building that stands out from the others for its circular structure with the intention of representing the layout of the ancient Galician castros. It is currently considered an architectural reference of the XXI century worldwide, was awarded the XII Biennial of Architecture and Urbanism of Spain, in the section dedicated to civic symbols.<\/p> <p>\n\t\t\t\t\t\t\t\t\t<\/div>\n\t\t\t\t\t\t\t\t\t<img decoding=\"async\" src=\"https:\/\/cdn.pilgrim.es\/web\/caminos\/camino-sanabres\/pueblos\/lalin-a-laxe\/puntos-de-interes\/castro-tecnologico.jpg\" alt=\"Castro Tecnol\u00f3gico\">\n\t\t\t\t\t\t\t\t<\/div>\n\t\t\t\t\t\t\t<\/div>\n\t\t\t\t\t\t\n\t\t\t\t\t\t\t<div class=\"accordion__accordion-content inactive\">\n\t\t\t\t\t\t\t\t<div>\n\t\t\t\t\t\t\t\t\t<div>\n\t\t\t\t\t\t\t\t\t\t<h4>Estatua do Porco<\/h4>\n\t\t\t\t\t\t\t\t\t\t<p>The peculiar Estatua do Porco is one of the most representative images of the village. This life-size representation is forged to commemorate one of the most important gastronomic events of the autonomous community, the famous Fair of the stew, declared a Festival of National Tourist Interest, as the pig is one of the main elements of this delicious dish.\n\t\t\t\t\t\t\t\t\t<\/div>\n\t\t\t\t\t\t\t\t\t<img decoding=\"async\" src=\"https:\/\/cdn.pilgrim.es\/web\/caminos\/camino-sanabres\/pueblos\/lalin-a-laxe\/puntos-de-interes\/estatua-do-porco.jpg\" alt=\"Estatua do Porco\">\n\t\t\t\t\t\t\t\t<\/div>\n\t\t\t\t\t\t\t<\/div>\n\t\t\t\t\t\t\n\t\t\t\t\t\t\t<div class=\"accordion__accordion-content inactive\">\n\t\t\t\t\t\t\t\t<div>\n\t\t\t\t\t\t\t\t\t<div>\n\t\t\t\t\t\t\t\t\t\t<h4>Estatua Ram\u00f3n Mar\u00eda Aller<\/h4>\n\t\t\t\t\t\t\t\t\t\t<p>The Statue of Ram\u00f3n Mar\u00eda Aller is a magnificent sculpture unveiled more than fifty years ago, on September 4, 1960, to honor the beloved astronomer Ram\u00f3n Mar\u00eda Aller Ulloa, born in Lal\u00edn.\n\n<p>The sculpture consists of a large base surrounded by a small fountain in which stands the representation of this character.\n\t\t\t\t\t\t\t\t\t<\/div>\n\t\t\t\t\t\t\t\t\t<img decoding=\"async\" src=\"https:\/\/cdn.pilgrim.es\/web\/caminos\/camino-sanabres\/pueblos\/lalin-a-laxe\/puntos-de-interes\/estatua-ramon-maria-aller.jpg\" alt=\"Estatua Ram\u00f3n Mar\u00eda Aller\">\n\t\t\t\t\t\t\t\t<\/div>\n\t\t\t\t\t\t\t<\/div>\n\t\t\t\t\t\t\n\t\t\t\t\t\t\t<div class=\"accordion__accordion-content inactive\">\n\t\t\t\t\t\t\t\t<div>\n\t\t\t\t\t\t\t\t\t<div>\n\t\t\t\t\t\t\t\t\t\t<h4>Iglesia de Goi\u00e1s<\/h4>\n\t\t\t\t\t\t\t\t\t\t<p>The Romanesque Goi\u00e1s Church was built in the 12th century and today still retains many elements of the original construction. On the facade there is a balcony and a beautiful double-arched bell tower.\n\n<p>Within the Renaissance style temple, we find several tombs of the Garc\u00eda-S\u00e1nchez family, the statue stands out, which belongs to a clergyman of the same lineage.\n\n<p>HOURS<\/p>\n\n<p>Winter Monday to Friday from 11:00 to 14:30 and 16:00 to 20:00Summer Monday to Thursday from 11:00 to 14:30 and 16:00 to 20:00 Friday, Saturday and Sunday from 11:00 to 15:00 and 16:30 to 20:00<\/p>\n\n<p>MASS HOURS<\/p>\n\n<p>Every Sunday at 12:00<\/p>\n\t\t\t\t\t\t\t\t\t<\/div>\n\t\t\t\t\t\t\t\t\t<img decoding=\"async\" src=\"https:\/\/cdn.pilgrim.es\/web\/caminos\/camino-sanabres\/pueblos\/lalin-a-laxe\/puntos-de-interes\/iglesia-de-goias.jpg\" alt=\"Iglesia de Goi\u00e1s\">\n\t\t\t\t\t\t\t\t<\/div>\n\t\t\t\t\t\t\t<\/div>\n\t\t\t\t\t\t\n\t\t\t\t\t\t\t<div class=\"accordion__accordion-content inactive\">\n\t\t\t\t\t\t\t\t<div>\n\t\t\t\t\t\t\t\t\t<div>\n\t\t\t\t\t\t\t\t\t\t<h4>Iglesia de Lal\u00edn de Arriba<\/h4>\n\t\t\t\t\t\t\t\t\t\t<p>The church of Lal\u00edn de Arriba, although it has a Romanesque style, only the apse is preserved. It only has a rectangular nave in which you can see the flared windows on each side. The highlight of the temple is a beautiful semicircular triumphal arch.\n\t\t\t\t\t\t\t\t\t<\/div>\n\t\t\t\t\t\t\t\t\t<img decoding=\"async\" src=\"https:\/\/cdn.pilgrim.es\/web\/caminos\/camino-sanabres\/pueblos\/lalin-a-laxe\/puntos-de-interes\/iglesia-de-lalin-de-arriba.jpg\" alt=\"Iglesia de Lal\u00edn de Arriba\">\n\t\t\t\t\t\t\t\t<\/div>\n\t\t\t\t\t\t\t<\/div>\n\t\t\t\t\t\t\n\t\t\t\t\t\t\t<div class=\"accordion__accordion-content inactive\">\n\t\t\t\t\t\t\t\t<div>\n\t\t\t\t\t\t\t\t\t<div>\n\t\t\t\t\t\t\t\t\t\t<h4>Museo Etnogr\u00e1fico Casa do Patr\u00f3n<\/h4>\n\t\t\t\t\t\t\t\t\t\t<p>The Casa do Patr\u00f3n Ethnographic Museum houses a huge collection, almost 3,500 items. Its facilities include a library, traditional ovens, an auditorium and even flour mills.\n\t\t\t\t\t\t\t\t\t<\/div>\n\t\t\t\t\t\t\t\t\t<img decoding=\"async\" src=\"https:\/\/cdn.pilgrim.es\/web\/caminos\/camino-sanabres\/pueblos\/lalin-a-laxe\/puntos-de-interes\/museo-etnografico-casa-do-patron.jpg\" alt=\"Museo Etnogr\u00e1fico Casa do Patr\u00f3n\">\n\t\t\t\t\t\t\t\t<\/div>\n\t\t\t\t\t\t\t<\/div>\n\t\t\t\t\t\t\n\t\t\t\t\t\t\t<div class=\"accordion__accordion-content inactive\">\n\t\t\t\t\t\t\t\t<div>\n\t\t\t\t\t\t\t\t\t<div>\n\t\t\t\t\t\t\t\t\t\t<h4>Museo Galego da Marioneta<\/h4>\n\t\t\t\t\t\t\t\t\t\t<p>The Museo Galego da Marioneta was inaugurated in 2001 thanks to the cooperation between the municipality of Lal\u00edn and the company Viravolta puppets. This space in addition to the exhibitions has a great program with introductory workshops to this art, courses for professionals, puppet theater and other activities at Christmas, summer or Easter.\n\n<p>Since 2014, the museum is located in the Pazo de Li\u00f1ares.<\/p>\n\n<p>HOURS<\/p>\n\n<p>Wednesday to Sunday from 10:00 to 14:00 and from 17:00 to 19:00<\/p>.\n\n<p>INFORMATION OF INTEREST<\/p>\n\n<p>Phone number: 986 784 694<\/p>\n\t\t\t\t\t\t\t\t\t<\/div>\n\t\t\t\t\t\t\t\t\t<img decoding=\"async\" src=\"https:\/\/cdn.pilgrim.es\/web\/caminos\/camino-sanabres\/pueblos\/lalin-a-laxe\/puntos-de-interes\/museo-galego-da-marioneta.jpg\" alt=\"Museo Galego da Marioneta\">\n\t\t\t\t\t\t\t\t<\/div>\n\t\t\t\t\t\t\t<\/div>\n\t\t\t\t\t\t\n\t\t\t\t\t\t\t<div class=\"accordion__accordion-content inactive\">\n\t\t\t\t\t\t\t\t<div>\n\t\t\t\t\t\t\t\t\t<div>\n\t\t\t\t\t\t\t\t\t\t<h4>Museo Municipal Ram\u00f3n Mar\u00eda Aller Ulloa<\/h4>\n\t\t\t\t\t\t\t\t\t\t<p>The Ram\u00f3n Mar\u00eda Aller Ulloa Municipal Museum was inaugurated in 1989 and since then has been housed in the former observatory-residence of the priest and astronomer Ram\u00f3n Mar\u00eda Aller Ulloa.\n\n<p>In 2011 a project was developed to put back into operation what was the first Galician astronomical observatory by placing a new telescope.\n\t\t\t\t\t\t\t\t\t<\/div>\n\t\t\t\t\t\t\t\t\t<img decoding=\"async\" src=\"https:\/\/cdn.pilgrim.es\/web\/caminos\/camino-sanabres\/pueblos\/lalin-a-laxe\/puntos-de-interes\/museo-municipal-ramon-maria-aller-ulloa.jpg\" alt=\"Museo Municipal Ram\u00f3n Mar\u00eda Aller Ulloa\">\n\t\t\t\t\t\t\t\t<\/div>\n\t\t\t\t\t\t\t<\/div>\n\t\t\t\t\t\t\n\t\t\t\t\t\t\t<div class=\"accordion__accordion-content inactive\">\n\t\t\t\t\t\t\t\t<div>\n\t\t\t\t\t\t\t\t\t<div>\n\t\t\t\t\t\t\t\t\t\t<h4>Pazo de Anzuxao<\/h4>\n\t\t\t\t\t\t\t\t\t\t<p>The Pazo de Anzuxao is considered one of the most beautiful pazos in the region, which is surrounded by solemn gardens and a chapel. But the architectural ensemble also has a family coat of arms as in all the manor houses, a fantastic dovecote and a granary.\n\t\t\t\t\t\t\t\t\t<\/div>\n\t\t\t\t\t\t\t\t\t<img decoding=\"async\" src=\"https:\/\/cdn.pilgrim.es\/web\/caminos\/camino-sanabres\/pueblos\/lalin-a-laxe\/puntos-de-interes\/pazo-de-anzuxao.jpg\" alt=\"Pazo de Anzuxao\">\n\t\t\t\t\t\t\t\t<\/div>\n\t\t\t\t\t\t\t<\/div>\n\t\t\t\t\t\t\n\t\t\t\t\t\t\t<div class=\"accordion__accordion-content inactive\">\n\t\t\t\t\t\t\t\t<div>\n\t\t\t\t\t\t\t\t\t<div>\n\t\t\t\t\t\t\t\t\t\t<h4>Playa Fluvial Pozo do Boi<\/h4>\n\t\t\t\t\t\t\t\t\t\t<p>The Pozo do Boi Fluvial Beach is located in the parish of Vilatuxe about ten kilometers from Lal\u00edn. It is one of the busiest beaches in the region as it has all the necessary services to spend a good afternoon, has bathrooms, picnic areas, barbecues, etc.. Although as in all the fluvial beaches, the water of the Deza river has a temperature a little cold for some, but the fact of being able to bathe in this natural place with water certified as of excellent quality, counteracts the cold temperature. In addition, it has several depths, an area for children and one for adults.\n\t\t\t\t\t\t\t\t\t<\/div>\n\t\t\t\t\t\t\t\t\t<img decoding=\"async\" src=\"https:\/\/cdn.pilgrim.es\/web\/caminos\/camino-sanabres\/pueblos\/lalin-a-laxe\/puntos-de-interes\/playa-fluvial-pozo-do-boi.jpg\" alt=\"Playa Fluvial Pozo do Boi\">\n\t\t\t\t\t\t\t\t<\/div>\n\t\t\t\t\t\t\t<\/div>\n\t\t\t\t\t\t\n\t\t\t\t\t<\/div>\n\t\t\t\t<\/div>\n\t\t\t<\/div>\n\t\t\n\n\t\t<div id=\"phonesSection\">\n\t\t\t<div>\n\t\t\t\t<h2 class=\"p-h3-town\">Information of interest<\/h2>\n\t\t\t<\/div>\n\t\t\t<div class=\"grid\">\n\t\t\t\t\n\t\t\t\t\t<div class=\"phone-number-item\">\n\t\t\t\t\t\t<div class=\"phone-number-item__icon\"><i class=\"icon-police\"><\/i><\/div>\n\t\t\t\t\t\t<div class=\"phone-number-item__title\">\n\t\t\t\t\t\t\t<h3 class=\"p-font-bold\">Local police<\/h3>\n\t\t\t\t\t\t\t<p>986 784 444<\/p>\n\t\t\t\t\t\t\t\n\t\t\t\t\t\t<\/div>\n\t\t\t\t\t<\/div>\n\t\t\t\t\n\t\t\t\t\t<div class=\"phone-number-item\">\n\t\t\t\t\t\t<div class=\"phone-number-item__icon\"><i class=\"icon-spanish-military-police\"><\/i><\/div>\n\t\t\t\t\t\t<div class=\"phone-number-item__title\">\n\t\t\t\t\t\t\t<h3 class=\"p-font-bold\">Civil guard<\/h3>\n\t\t\t\t\t\t\t<p>986 780 203 \/ 986 787 119<\/p>\n\t\t\t\t\t\t\t\n\t\t\t\t\t\t<\/div>\n\t\t\t\t\t<\/div>\n\t\t\t\t\n\t\t\t\t\t<div class=\"phone-number-item\">\n\t\t\t\t\t\t<div class=\"phone-number-item__icon\"><i class=\"icon-firefighters\"><\/i><\/div>\n\t\t\t\t\t\t<div class=\"phone-number-item__title\">\n\t\t\t\t\t\t\t<h3 class=\"p-font-bold\">Fire department<\/h3>\n\t\t\t\t\t\t\t<p>112<\/p>\n\t\t\t\t\t\t\t\n\t\t\t\t\t\t<\/div>\n\t\t\t\t\t<\/div>\n\t\t\t\t\n\t\t\t\t\t<div class=\"phone-number-item\">\n\t\t\t\t\t\t<div class=\"phone-number-item__icon\"><i class=\"icon-civil-protection\"><\/i><\/div>\n\t\t\t\t\t\t<div class=\"phone-number-item__title\">\n\t\t\t\t\t\t\t<h3 class=\"p-font-bold\">Civil protection<\/h3>\n\t\t\t\t\t\t\t<p>986 787 161<\/p>\n\t\t\t\t\t\t\t\n\t\t\t\t\t\t<\/div>\n\t\t\t\t\t<\/div>\n\t\t\t\t\n\t\t\t\t\t<div class=\"phone-number-item\">\n\t\t\t\t\t\t<div class=\"phone-number-item__icon\"><i class=\"icon-town-council\"><\/i><\/div>\n\t\t\t\t\t\t<div class=\"phone-number-item__title\">\n\t\t\t\t\t\t\t<h3 class=\"p-font-bold\">Town hall<\/h3>\n\t\t\t\t\t\t\t<p>986 787 060<\/p>\n\t\t\t\t\t\t\t\n\t\t\t\t\t\t<\/div>\n\t\t\t\t\t<\/div>\n\t\t\t\t\n\t\t\t\t\t<div class=\"phone-number-item\">\n\t\t\t\t\t\t<div class=\"phone-number-item__icon\"><i class=\"icon-hospital\"><\/i><\/div>\n\t\t\t\t\t\t<div class=\"phone-number-item__title\">\n\t\t\t\t\t\t\t<h3 class=\"p-font-bold\">Health center<\/h3>\n\t\t\t\t\t\t\t<p>986 780 085<\/p>\n\t\t\t\t\t\t\t\n\t\t\t\t\t\t<\/div>\n\t\t\t\t\t<\/div>\n\t\t\t\t\n\t\t\t<\/div>\n\t\t<\/div>\n\n\t\t<div id=\"clientForm\">\n        <section>\n        <img decoding=\"async\" src=\"https:\/\/cdn.pilgrim.es\/web\/home\/email-contacto.png\" alt=\"contacto\">\n        <div>\n            <p>We send you your itinerary<\/p>\n            <p>Enter your details and receive your travel itinerary by email <\/p>\n            <form method=\"post\" data-url=\"\/wp-admin\/admin-ajax.php\" id=\"planner--client\" class=\"flag-right form-client\">\n    <div class=\"form-data\">\n        <input name=\"form_id\" type=\"hidden\" value=\"Formulario Leads\">\n        <input name=\"type\" type=\"hidden\" value=\"planner_client\">\n        <input type=\"text\" name=\"nombre\" value=\"\" size=\"40\" class=\"form-control\" aria-required=\"true\" aria-invalid=\"false\" placeholder=\"Name\">\n        <input type=\"email\" name=\"email\" value=\"\" size=\"40\" class=\"form-control\" aria-required=\"true\" aria-invalid=\"false\" placeholder=\"Email\">\n        <input type=\"text\" id=\"phone-input\" name=\"tel\" value=\"\" size=\"40\" class=\"phone-input form-control\" aria-required=\"true\" aria-invalid=\"false\" placeholder=\"Telephone\">\n        <input type=\"hidden\" name=\"telefono\">\n    <\/div>\n    <div class=\"form-checkbox\">\n        <span>\n            Pilgrim Travel, S.L. informs, in accordance with Regulation 2016\/679, that the data used in this form will be used both for answering any queries and for the publication of comments, the basis of legitimacy being the consent of the user. The rights may be exercised in accordance with the provisions of our             <a href=\"https:\/\/www.pilgrim.es\/en\/privacy-policy\/\" target=\"_blank\" rel=\"noopener noreferrer nofollow\">Privacy Policy.<\/a>\n        <\/span>\n    <\/div>\n\n    <div class=\"form-submit\">\n        <button id=\"planner--client-create\" type=\"submit\">Contact form<\/button>\n        <div class=\"loadingDiv\"><i class=\"p-spinner\"><\/i><\/div>\n    <\/div>\n\n    <div class=\"contact-content-form-success\">\n        <p><i class=\"fas fa-check\"><\/i> The form has been sent successfully<\/p>\n    <\/div>\n\n    <div class=\"contact-content-form-error\">\n        <span class=\"input-error\"><\/span>\n    <\/div>\n<\/form>        <\/div>\n    <\/section>\n<\/div>\n\n\t\t<div id=\"recomendationSection\">\n\t\t\t<div>\n\t\t\t\t<h2 class=\"p-h2-town\">Recommended<\/h2>\n\t\t\t\t<hr>\n\t\t\t\t<h3 class=\"p-h3-town\">Gastronomy<\/h3>\n\t\t\t<\/div>\n\t\t\tIn the municipality of Lal\u00edn stands out the traditional stew, a dish that you can not miss in the town. Meats, local cheeses and bread are very typical products of the gastronomy of the area.\n\nFor dessert, honey, sweets from local bakeries and traditional Galician liqueurs are very attractive.\n\t\t<\/div>\n\n\n\t\t\n\t\t\t<div id=\"holidaysSection\">\n\t\t\t\t<div>\n\t\t\t\t\t<h2 class=\"p-h2-town\">Recommended<\/h2>\n\t\t\t\t\t<hr>\n\t\t\t\t\t<h3 class=\"p-h3-town\">Festivals and Pilgrimages<\/h3>\n\t\t\t\t<\/div>\n\t\t\t\t<div class=\"grid holidays-grid\">\n\t\t\t\t\t\n\t\t\t\t\t\t<div>\n\t\t\t\t\t\t\t<div class=\"phone-number-item\">\n\t\t\t\t\t\t\t\t<div class=\"phone-number-item__icon\"><i class=\"icon-holiday\"><\/i><\/div>\n\t\t\t\t\t\t\t\t<div class=\"phone-number-item__title dark-text\">\n\t\t\t\t\t\t\t\t\t<p class=\"p-font-bold\">Local festivity<\/p>\n\t\t\t\t\t\t\t\t\t<p>Junio: Feriadeza<\/p>\n\t\t\t\t\t\t\t\t<\/div>\n\t\t\t\t\t\t\t<\/div>\n\t\t\t\t\t\t<\/div>\n\t\t\t\t\t\n\t\t\t\t\t\t<div>\n\t\t\t\t\t\t\t<div class=\"phone-number-item\">\n\t\t\t\t\t\t\t\t<div class=\"phone-number-item__icon\"><i class=\"icon-holiday\"><\/i><\/div>\n\t\t\t\t\t\t\t\t<div class=\"phone-number-item__title dark-text\">\n\t\t\t\t\t\t\t\t\t<p class=\"p-font-bold\">Local festivity<\/p>\n\t\t\t\t\t\t\t\t\t<p>A finales de septiembre: Fiesta de las Dolores<\/p>\n\t\t\t\t\t\t\t\t<\/div>\n\t\t\t\t\t\t\t<\/div>\n\t\t\t\t\t\t<\/div>\n\t\t\t\t\t\n\t\t\t\t\t\t<div>\n\t\t\t\t\t\t\t<div class=\"phone-number-item\">\n\t\t\t\t\t\t\t\t<div class=\"phone-number-item__icon\"><i class=\"icon-holiday\"><\/i><\/div>\n\t\t\t\t\t\t\t\t<div class=\"phone-number-item__title dark-text\">\n\t\t\t\t\t\t\t\t\t<p class=\"p-font-bold\">Local festivity<\/p>\n\t\t\t\t\t\t\t\t\t<p>El primer fin de semana de abril: Feria del Caballo<\/p>\n\t\t\t\t\t\t\t\t<\/div>\n\t\t\t\t\t\t\t<\/div>\n\t\t\t\t\t\t<\/div>\n\t\t\t\t\t\n\t\t\t\t\t\t<div>\n\t\t\t\t\t\t\t<div class=\"phone-number-item\">\n\t\t\t\t\t\t\t\t<div class=\"phone-number-item__icon\"><i class=\"icon-holiday\"><\/i><\/div>\n\t\t\t\t\t\t\t\t<div class=\"phone-number-item__title dark-text\">\n\t\t\t\t\t\t\t\t\t<p class=\"p-font-bold\">Local festivity<\/p>\n\t\t\t\t\t\t\t\t\t<p>Primavera: Feria del Caballo<\/p>\n\t\t\t\t\t\t\t\t<\/div>\n\t\t\t\t\t\t\t<\/div>\n\t\t\t\t\t\t<\/div>\n\t\t\t\t\t\n\t\t\t\t\t\t<div>\n\t\t\t\t\t\t\t<div class=\"phone-number-item\">\n\t\t\t\t\t\t\t\t<div class=\"phone-number-item__icon\"><i class=\"icon-holiday\"><\/i><\/div>\n\t\t\t\t\t\t\t\t<div class=\"phone-number-item__title dark-text\">\n\t\t\t\t\t\t\t\t\t<p class=\"p-font-bold\">Local festivity<\/p>\n\t\t\t\t\t\t\t\t\t<p>\u00daltimo fin de semana de enero o el primero de febrero: Feria del Cocido<\/p>\n\t\t\t\t\t\t\t\t<\/div>\n\t\t\t\t\t\t\t<\/div>\n\t\t\t\t\t\t<\/div>\n\t\t\t\t\t\n\t\t\t\t<\/div>\n\t\t\t<\/div>\n\t\t\n\t<\/div>\n<\/section>\n\n<div id=\"stage_list_section\"><div class=\"stage-list\">\n    <div class='stage-list__map-card'>\n        <div class='stage-list__map-card__map'>\n            <div class='stage-list__map-card__map__text'>\n                <h2> Pages <\/h2>\n                <p> On foot<\/p>\n                <p> 0 stages<\/p>\n            <\/div>\n            <div class='stage-list__map-card__map__img'>\n                <img decoding=\"async\" src=\"\" alt=\" mapa \" \/>\n            <\/div>\n        <\/div>\n    <\/div>\n\n    <\/div>\n<\/div>\n","protected":false},"excerpt":{"rendered":"<p>Lal\u00edn &#8249; Back to the stage Lal\u00edn Residents: 20.158 aprox. Province: Pontevedra Information Get to know Lal\u00edn The town of Lal\u00edn is located in the province of Pontevedra and is considered to be the epicenter of the Galician Community, kilometer zero. The pilgrim enters a new Galician province that he or she will soon leave, &hellip; <\/p>\n<p class=\"read_more\"><a href=\"https:\/\/www.pilgrim.es\/en\/sanabres-way\/lalin-a-laxe\/\">Leer m\u00e1s<\/a><\/p>\n","protected":false},"author":1,"featured_media":5958,"parent":37373,"menu_order":0,"comment_status":"closed","ping_status":"closed","template":"views\/template-new-web-design.blade.php","meta":{"footnotes":""},"categories":[],"tags":[],"class_list":["post-91473","page","type-page","status-publish","has-post-thumbnail","hentry"],"yoast_head":"<!-- This site is optimized with the Yoast SEO plugin v27.4 - https:\/\/yoast.com\/product\/yoast-seo-wordpress\/ -->\n<title>Lal\u00edn: What to see and where to stay | Camino de Santiago | Pilgrim<\/title>\n<meta name=\"description\" content=\"Lal\u00edn Discover all the information you need about accommodation, how to get there, gastronomy and the main points of interest in the towns along the Sanabr\u00e9s Way.\" \/>\n<meta name=\"robots\" content=\"index, follow, max-snippet:-1, max-image-preview:large, max-video-preview:-1\" \/>\n<link rel=\"canonical\" href=\"https:\/\/www.pilgrim.es\/en\/sanabres-way\/lalin-a-laxe\/\" \/>\n<meta property=\"og:locale\" content=\"en_US\" \/>\n<meta property=\"og:type\" content=\"article\" \/>\n<meta property=\"og:title\" content=\"Lal\u00edn: What to see and where to stay | Camino de Santiago | Pilgrim\" \/>\n<meta property=\"og:description\" content=\"Lal\u00edn Discover all the information you need about accommodation, how to get there, gastronomy and the main points of interest in the towns along the Sanabr\u00e9s Way.\" \/>\n<meta property=\"og:url\" content=\"https:\/\/www.pilgrim.es\/en\/sanabres-way\/lalin-a-laxe\/\" \/>\n<meta property=\"og:site_name\" content=\"Pilgrim\" \/>\n<meta property=\"article:publisher\" content=\"https:\/\/www.facebook.com\/pilgrim.es\/\" \/>\n<meta property=\"article:modified_time\" content=\"2025-06-27T08:54:20+00:00\" \/>\n<meta property=\"og:image\" content=\"https:\/\/www.pilgrim.es\/wp-content\/uploads\/2019\/02\/lalin2.jpg\" \/>\n\t<meta property=\"og:image:width\" content=\"600\" \/>\n\t<meta property=\"og:image:height\" content=\"390\" \/>\n\t<meta property=\"og:image:type\" content=\"image\/jpeg\" \/>\n<meta name=\"twitter:card\" content=\"summary_large_image\" \/>\n<meta name=\"twitter:site\" content=\"@pilgrim_es\" \/>\n<meta name=\"twitter:label1\" content=\"Est. reading time\" \/>\n\t<meta name=\"twitter:data1\" content=\"7 minutes\" \/>\n<script type=\"application\/ld+json\" class=\"yoast-schema-graph\">{\"@context\":\"https:\\\/\\\/schema.org\",\"@graph\":[{\"@type\":\"WebPage\",\"@id\":\"https:\\\/\\\/www.pilgrim.es\\\/en\\\/sanabres-way\\\/lalin-a-laxe\\\/\",\"url\":\"https:\\\/\\\/www.pilgrim.es\\\/en\\\/sanabres-way\\\/lalin-a-laxe\\\/\",\"name\":\"Lal\u00edn: What to see and where to stay | Camino de Santiago | Pilgrim\",\"isPartOf\":{\"@id\":\"https:\\\/\\\/www.pilgrim.es\\\/en\\\/#website\"},\"primaryImageOfPage\":{\"@id\":\"https:\\\/\\\/www.pilgrim.es\\\/en\\\/sanabres-way\\\/lalin-a-laxe\\\/#primaryimage\"},\"image\":{\"@id\":\"https:\\\/\\\/www.pilgrim.es\\\/en\\\/sanabres-way\\\/lalin-a-laxe\\\/#primaryimage\"},\"thumbnailUrl\":\"https:\\\/\\\/www.pilgrim.es\\\/wp-content\\\/uploads\\\/2019\\\/02\\\/lalin2.jpg\",\"datePublished\":\"2025-03-17T15:35:54+00:00\",\"dateModified\":\"2025-06-27T08:54:20+00:00\",\"description\":\"Lal\u00edn Discover all the information you need about accommodation, how to get there, gastronomy and the main points of interest in the towns along the Sanabr\u00e9s Way.\",\"breadcrumb\":{\"@id\":\"https:\\\/\\\/www.pilgrim.es\\\/en\\\/sanabres-way\\\/lalin-a-laxe\\\/#breadcrumb\"},\"inLanguage\":\"en-US\",\"potentialAction\":[{\"@type\":\"ReadAction\",\"target\":[\"https:\\\/\\\/www.pilgrim.es\\\/en\\\/sanabres-way\\\/lalin-a-laxe\\\/\"]}]},{\"@type\":\"ImageObject\",\"inLanguage\":\"en-US\",\"@id\":\"https:\\\/\\\/www.pilgrim.es\\\/en\\\/sanabres-way\\\/lalin-a-laxe\\\/#primaryimage\",\"url\":\"https:\\\/\\\/www.pilgrim.es\\\/wp-content\\\/uploads\\\/2019\\\/02\\\/lalin2.jpg\",\"contentUrl\":\"https:\\\/\\\/www.pilgrim.es\\\/wp-content\\\/uploads\\\/2019\\\/02\\\/lalin2.jpg\",\"width\":600,\"height\":390,\"caption\":\"Lal\u00edn (A Laxe)\"},{\"@type\":\"BreadcrumbList\",\"@id\":\"https:\\\/\\\/www.pilgrim.es\\\/en\\\/sanabres-way\\\/lalin-a-laxe\\\/#breadcrumb\",\"itemListElement\":[{\"@type\":\"ListItem\",\"position\":1,\"name\":\"Camino de Santiago\",\"item\":\"https:\\\/\\\/www.pilgrim.es\\\/en\\\/\"},{\"@type\":\"ListItem\",\"position\":2,\"name\":\"Sanabres Way\",\"item\":\"https:\\\/\\\/www.pilgrim.es\\\/en\\\/sanabres-way\\\/\"},{\"@type\":\"ListItem\",\"position\":3,\"name\":\"Lal\u00edn\"}]},{\"@type\":\"WebSite\",\"@id\":\"https:\\\/\\\/www.pilgrim.es\\\/en\\\/#website\",\"url\":\"https:\\\/\\\/www.pilgrim.es\\\/en\\\/\",\"name\":\"Pilgrim\",\"description\":\"Camino de Santiago | Caminamos Contigo\",\"publisher\":{\"@id\":\"https:\\\/\\\/www.pilgrim.es\\\/en\\\/#organization\"},\"potentialAction\":[{\"@type\":\"SearchAction\",\"target\":{\"@type\":\"EntryPoint\",\"urlTemplate\":\"https:\\\/\\\/www.pilgrim.es\\\/en\\\/?s={search_term_string}\"},\"query-input\":{\"@type\":\"PropertyValueSpecification\",\"valueRequired\":true,\"valueName\":\"search_term_string\"}}],\"inLanguage\":\"en-US\"},{\"@type\":\"Organization\",\"@id\":\"https:\\\/\\\/www.pilgrim.es\\\/en\\\/#organization\",\"name\":\"Pilgrim Camino de Santiago\",\"url\":\"https:\\\/\\\/www.pilgrim.es\\\/en\\\/\",\"logo\":{\"@type\":\"ImageObject\",\"inLanguage\":\"en-US\",\"@id\":\"https:\\\/\\\/www.pilgrim.es\\\/en\\\/#\\\/schema\\\/logo\\\/image\\\/\",\"url\":\"https:\\\/\\\/www.pilgrim.es\\\/wp-content\\\/uploads\\\/2019\\\/04\\\/logo_pilgrim.png\",\"contentUrl\":\"https:\\\/\\\/www.pilgrim.es\\\/wp-content\\\/uploads\\\/2019\\\/04\\\/logo_pilgrim.png\",\"width\":512,\"height\":512,\"caption\":\"Pilgrim Camino de Santiago\"},\"image\":{\"@id\":\"https:\\\/\\\/www.pilgrim.es\\\/en\\\/#\\\/schema\\\/logo\\\/image\\\/\"},\"sameAs\":[\"https:\\\/\\\/www.facebook.com\\\/pilgrim.es\\\/\",\"https:\\\/\\\/x.com\\\/pilgrim_es\",\"https:\\\/\\\/www.instagram.com\\\/pilgrim.es\\\/\",\"https:\\\/\\\/www.linkedin.com\\\/company\\\/pilgrim-camino-de-santiago\\\/\",\"https:\\\/\\\/www.pinterest.es\\\/pilgrimcaminodesantiago\\\/\",\"https:\\\/\\\/www.youtube.com\\\/channel\\\/UCIv2ZzFLXVqthkNF32rKedw\\\/featured\"]}]}<\/script>\n<!-- \/ Yoast SEO plugin. -->","yoast_head_json":{"title":"Lal\u00edn: What to see and where to stay | Camino de Santiago | Pilgrim","description":"Lal\u00edn Discover all the information you need about accommodation, how to get there, gastronomy and the main points of interest in the towns along the Sanabr\u00e9s Way.","robots":{"index":"index","follow":"follow","max-snippet":"max-snippet:-1","max-image-preview":"max-image-preview:large","max-video-preview":"max-video-preview:-1"},"canonical":"https:\/\/www.pilgrim.es\/en\/sanabres-way\/lalin-a-laxe\/","og_locale":"en_US","og_type":"article","og_title":"Lal\u00edn: What to see and where to stay | Camino de Santiago | Pilgrim","og_description":"Lal\u00edn Discover all the information you need about accommodation, how to get there, gastronomy and the main points of interest in the towns along the Sanabr\u00e9s Way.","og_url":"https:\/\/www.pilgrim.es\/en\/sanabres-way\/lalin-a-laxe\/","og_site_name":"Pilgrim","article_publisher":"https:\/\/www.facebook.com\/pilgrim.es\/","article_modified_time":"2025-06-27T08:54:20+00:00","og_image":[{"width":600,"height":390,"url":"https:\/\/www.pilgrim.es\/wp-content\/uploads\/2019\/02\/lalin2.jpg","type":"image\/jpeg"}],"twitter_card":"summary_large_image","twitter_site":"@pilgrim_es","twitter_misc":{"Est. reading time":"7 minutes"},"schema":{"@context":"https:\/\/schema.org","@graph":[{"@type":"WebPage","@id":"https:\/\/www.pilgrim.es\/en\/sanabres-way\/lalin-a-laxe\/","url":"https:\/\/www.pilgrim.es\/en\/sanabres-way\/lalin-a-laxe\/","name":"Lal\u00edn: What to see and where to stay | Camino de Santiago | Pilgrim","isPartOf":{"@id":"https:\/\/www.pilgrim.es\/en\/#website"},"primaryImageOfPage":{"@id":"https:\/\/www.pilgrim.es\/en\/sanabres-way\/lalin-a-laxe\/#primaryimage"},"image":{"@id":"https:\/\/www.pilgrim.es\/en\/sanabres-way\/lalin-a-laxe\/#primaryimage"},"thumbnailUrl":"https:\/\/www.pilgrim.es\/wp-content\/uploads\/2019\/02\/lalin2.jpg","datePublished":"2025-03-17T15:35:54+00:00","dateModified":"2025-06-27T08:54:20+00:00","description":"Lal\u00edn Discover all the information you need about accommodation, how to get there, gastronomy and the main points of interest in the towns along the Sanabr\u00e9s Way.","breadcrumb":{"@id":"https:\/\/www.pilgrim.es\/en\/sanabres-way\/lalin-a-laxe\/#breadcrumb"},"inLanguage":"en-US","potentialAction":[{"@type":"ReadAction","target":["https:\/\/www.pilgrim.es\/en\/sanabres-way\/lalin-a-laxe\/"]}]},{"@type":"ImageObject","inLanguage":"en-US","@id":"https:\/\/www.pilgrim.es\/en\/sanabres-way\/lalin-a-laxe\/#primaryimage","url":"https:\/\/www.pilgrim.es\/wp-content\/uploads\/2019\/02\/lalin2.jpg","contentUrl":"https:\/\/www.pilgrim.es\/wp-content\/uploads\/2019\/02\/lalin2.jpg","width":600,"height":390,"caption":"Lal\u00edn (A Laxe)"},{"@type":"BreadcrumbList","@id":"https:\/\/www.pilgrim.es\/en\/sanabres-way\/lalin-a-laxe\/#breadcrumb","itemListElement":[{"@type":"ListItem","position":1,"name":"Camino de Santiago","item":"https:\/\/www.pilgrim.es\/en\/"},{"@type":"ListItem","position":2,"name":"Sanabres Way","item":"https:\/\/www.pilgrim.es\/en\/sanabres-way\/"},{"@type":"ListItem","position":3,"name":"Lal\u00edn"}]},{"@type":"WebSite","@id":"https:\/\/www.pilgrim.es\/en\/#website","url":"https:\/\/www.pilgrim.es\/en\/","name":"Pilgrim","description":"Camino de Santiago | Caminamos Contigo","publisher":{"@id":"https:\/\/www.pilgrim.es\/en\/#organization"},"potentialAction":[{"@type":"SearchAction","target":{"@type":"EntryPoint","urlTemplate":"https:\/\/www.pilgrim.es\/en\/?s={search_term_string}"},"query-input":{"@type":"PropertyValueSpecification","valueRequired":true,"valueName":"search_term_string"}}],"inLanguage":"en-US"},{"@type":"Organization","@id":"https:\/\/www.pilgrim.es\/en\/#organization","name":"Pilgrim Camino de Santiago","url":"https:\/\/www.pilgrim.es\/en\/","logo":{"@type":"ImageObject","inLanguage":"en-US","@id":"https:\/\/www.pilgrim.es\/en\/#\/schema\/logo\/image\/","url":"https:\/\/www.pilgrim.es\/wp-content\/uploads\/2019\/04\/logo_pilgrim.png","contentUrl":"https:\/\/www.pilgrim.es\/wp-content\/uploads\/2019\/04\/logo_pilgrim.png","width":512,"height":512,"caption":"Pilgrim Camino de Santiago"},"image":{"@id":"https:\/\/www.pilgrim.es\/en\/#\/schema\/logo\/image\/"},"sameAs":["https:\/\/www.facebook.com\/pilgrim.es\/","https:\/\/x.com\/pilgrim_es","https:\/\/www.instagram.com\/pilgrim.es\/","https:\/\/www.linkedin.com\/company\/pilgrim-camino-de-santiago\/","https:\/\/www.pinterest.es\/pilgrimcaminodesantiago\/","https:\/\/www.youtube.com\/channel\/UCIv2ZzFLXVqthkNF32rKedw\/featured"]}]}},"_links":{"self":[{"href":"https:\/\/www.pilgrim.es\/en\/wp-json\/wp\/v2\/pages\/91473","targetHints":{"allow":["GET"]}}],"collection":[{"href":"https:\/\/www.pilgrim.es\/en\/wp-json\/wp\/v2\/pages"}],"about":[{"href":"https:\/\/www.pilgrim.es\/en\/wp-json\/wp\/v2\/types\/page"}],"author":[{"embeddable":true,"href":"https:\/\/www.pilgrim.es\/en\/wp-json\/wp\/v2\/users\/1"}],"replies":[{"embeddable":true,"href":"https:\/\/www.pilgrim.es\/en\/wp-json\/wp\/v2\/comments?post=91473"}],"version-history":[{"count":1,"href":"https:\/\/www.pilgrim.es\/en\/wp-json\/wp\/v2\/pages\/91473\/revisions"}],"predecessor-version":[{"id":132471,"href":"https:\/\/www.pilgrim.es\/en\/wp-json\/wp\/v2\/pages\/91473\/revisions\/132471"}],"up":[{"embeddable":true,"href":"https:\/\/www.pilgrim.es\/en\/wp-json\/wp\/v2\/pages\/37373"}],"wp:featuredmedia":[{"embeddable":true,"href":"https:\/\/www.pilgrim.es\/en\/wp-json\/wp\/v2\/media\/5958"}],"wp:attachment":[{"href":"https:\/\/www.pilgrim.es\/en\/wp-json\/wp\/v2\/media?parent=91473"}],"wp:term":[{"taxonomy":"category","embeddable":true,"href":"https:\/\/www.pilgrim.es\/en\/wp-json\/wp\/v2\/categories?post=91473"},{"taxonomy":"post_tag","embeddable":true,"href":"https:\/\/www.pilgrim.es\/en\/wp-json\/wp\/v2\/tags?post=91473"}],"curies":[{"name":"wp","href":"https:\/\/api.w.org\/{rel}","templated":true}]}}