{"id":91455,"date":"2025-03-17T15:32:27","date_gmt":"2025-03-17T15:32:27","guid":{"rendered":"https:\/\/www.pilgrim.es\/sanabres-way\/a-gudina\/"},"modified":"2025-03-17T15:32:27","modified_gmt":"2025-03-17T15:32:27","slug":"a-gudina","status":"publish","type":"page","link":"https:\/\/www.pilgrim.es\/en\/sanabres-way\/a-gudina\/","title":{"rendered":"A Gudi\u00f1a"},"content":{"rendered":" <section id=\"hero\">\n\t<h1>A Gudi\u00f1a<\/h1>\n\t<div class=\"hero-grid\">\n\t\t<div class=\"hero-grid__town-col\" data-background=\"https:\/\/cdn.pilgrim.es\/web\/caminos\/camino-sanabres\/pueblos\/a-gudina.jpg\">\n\t\t\t<div>\n\t\t\t\t<a class=\"link-to-stage\" href=\"https:\/\/www.pilgrim.es\/camino-sanabres\/etapa-6-lubian-a-gudina\/\">\n\t\t\t\t\t<p>&#8249; Back to the stage<\/p>\n\t\t\t\t<\/a>\n\n\t\t\t\t<div class=\"town-data\">\n\t\t\t\t\t<h2>A Gudi\u00f1a<\/h2>\n\t\t\t\t\t<ul>\n\t\t\t\t\t\t<li>Residents: 1.292 aprox.<\/li>\n\t\t\t\t\t\t<li>Province: Ourense<\/li>\n\t\t\t\t\t<\/ul>\n\t\t\t\t<\/div>\n\t\t\t<\/div>\n\t\t<\/div>\n\t\t<div class=\"hero-grid__planner-col\"><div\r\n  class=\"p-col-span-1 p-rounded-lg p-px-5 p-h-full\"\r\n  style=\"background-image: url('https:\/\/cdn.pilgrim.es\/web\/pilgrim-planner\/bg-plugin-planificador.webp')\"\r\n  rel=\"preload\"\r\n  fetchpriority=\"high\"\r\n  >\r\n    <div class=\"p-text-center p-pt-5 p-text-white p-text-2xl p-font-semibold\">\r\n      Plan your journey    <\/div>\r\n    <div\r\n            id='primary-app'\r\n            data-name='banner'\r\n            data-api='https:\/\/pathfinder.pilgrim.es\/api\/pathfinder\/v2'\r\n            data-mode='normal'\r\n            data-lang='en'\r\n            data-route='1'\r\n            data-destiny='https:\/\/planificador.pilgrim.es'\r\n            data-modality='1'\r\n            data-inline=''\r\n        ><\/div><\/div><\/div>\n\t<\/div>\n<\/section>\n\n<section id=\"infoTown\">\n\t<div class=\"sections-town\">\n\n\t\t<div id=\"informationSection\">\n\t\t\t<div>\n\t\t\t\t<h2 class=\"p-h2-town\">Information<\/h2>\n\t\t\t\t<hr>\n\t\t\t\t<h3 class=\"p-h3-town\">Get to know A Gudi\u00f1a<\/h3>\n\t\t\t<\/div>\n\t\t\t<p>The town of A Gudi\u00f1a is the first Galician town where the pilgrim will stop to rest, it belongs to the region of Viana, in the province of Ourense.<\/p> <p>Pilgrims are advised to withdraw money in this town since in the next two stages there will be no ATMs, as they only present very basic services to sleep and eat.<\/p> <p>\n\t\t<\/div>\n\n\t\t<div id=\"locationSection\">\n\t\t\t<div>\n\t\t\t\t<h2 class=\"p-h2-town\">Location<\/h2>\n\t\t\t\t<hr>\n\t\t\t\t<h3 class=\"p-h3-town\">How to get there<\/h3>\n\t\t\t<\/div>\n\t\t\t<p>The main way to reach the municipality of A Gudi\u00f1a is through the A-52 highway, which has its own exits, the 124 and 129. In addition, it is also possible to access the village by the national road N-525 and the regional road OU-533.\n\n<p>By public transport the most advisable is the train, there are several long-distance rail lines that stop in the village so it is connected to Puebla de Sanabria, Medina del Campo, Segovia, Avila, Madrid, Ourense, Santiago, Pontevedra, Salamanca, Valladolid and Palencia.\n\n<p>By bus it is possible to arrive from several points, the company Grupo Avanza has a regular line that connects the village with Madrid, the company Vibasa has two lines, Vigo-Barcelona and Vigo-Irun, both stop in the village. And finally, the company Anpian has lines that directly connect Galicia with French cities such as Paris or Tours.\n\t\t\t<div>\n\t\t\t\t<div>\n  <iframe loading=\"lazy\"\n    src=\"https:\/\/www.google.com\/maps\/d\/embed?mid=1ren2Gg3ci6rwjYfCvxV7iCX03cXgyos&amp;ehbc=2E312F\"\n    width=\"640\"\n    height=\"480\"\n    alt=\"Mapa A Gudi\u00f1a\"\n  ><\/iframe>\n<\/div>\n\n\t\t\t<\/div>\n\t\t<\/div>\n\n\t\t\n\t\t\t<div id=\"toVisitSection\">\n\t\t\t\t<div>\n\t\t\t\t\t<h2 class=\"p-h2-town\">History \/ Culture<\/h2>\n\t\t\t\t\t<hr>\n\t\t\t\t\t<h3 class=\"p-h3-town\">What to see<\/h3>\n\t\t\t\t<\/div>\n\t\t\t\t<div>\n\t\t\t\t\t<div class=\"accordion\">\n\t\t\t\t\t\t<div class=\"accordion__menu\">\n\t\t\t\t\t\t\t<nav>\n\t\t\t\t\t\t\t\t\n\t\t\t\t\t\t\t\t\t<button class=\"nav-tab-accordion active\"><span>&#10093;<\/span><span> Iglesia de San Pedro<\/span><\/button>\n\t\t\t\t\t\t\t\t\n\t\t\t\t\t\t\t\t\t<button class=\"nav-tab-accordion \"><span>&#10093;<\/span><span> Estatua del Beato Sebasti\u00e1n de Aparicio<\/span><\/button>\n\t\t\t\t\t\t\t\t\n\t\t\t\t\t\t\t\t\t<button class=\"nav-tab-accordion \"><span>&#10093;<\/span><span> Capilla de San Marti\u00f1o<\/span><\/button>\n\t\t\t\t\t\t\t\t\n\t\t\t\t\t\t\t<\/nav>\n\t\t\t\t\t\t<\/div>\n\n\t\t\t\t\t\t\n\t\t\t\t\t\t\t<div class=\"accordion__accordion-content \">\n\t\t\t\t\t\t\t\t<div>\n\t\t\t\t\t\t\t\t\t<div>\n\t\t\t\t\t\t\t\t\t\t<h4>Iglesia de San Pedro<\/h4>\n\t\t\t\t\t\t\t\t\t\t<p>The church of San Pedro was built between the seventeenth and eighteenth centuries. In addition to the main facade, which has a bell tower on the top, the altarpieces of great interest and the old baptismal font that the temple houses inside.<\/p> <p>It is worth noting that the church was built in the seventeenth and eighteenth centuries.\n\n<p>On the main facade we can also find between two stones a statue of the Virgen de la Piedad.\n\t\t\t\t\t\t\t\t\t<\/div>\n\t\t\t\t\t\t\t\t\t<img decoding=\"async\" src=\"https:\/\/cdn.pilgrim.es\/web\/caminos\/camino-sanabres\/pueblos\/a-gudina\/puntos-de-interes\/iglesia-de-san-pedro.jpg\" alt=\"Iglesia de San Pedro\">\n\t\t\t\t\t\t\t\t<\/div>\n\t\t\t\t\t\t\t<\/div>\n\t\t\t\t\t\t\n\t\t\t\t\t\t\t<div class=\"accordion__accordion-content inactive\">\n\t\t\t\t\t\t\t\t<div>\n\t\t\t\t\t\t\t\t\t<div>\n\t\t\t\t\t\t\t\t\t\t<h4>Estatua del Beato Sebasti\u00e1n de Aparicio<\/h4>\n\t\t\t\t\t\t\t\t\t\t<p>The Statue of Blessed Sebasti\u00e1n de Aparicio was built in order to honor the missionary activity carried out in the sixteenth century by this religious, a native of A Gudi\u00f1a, in Nueva Espa\u00f1a.<\/p> <p>The Statue of Blessed Sebasti\u00e1n de Aparicio was built in order to honor the missionary activity carried out in the sixteenth century by this religious, a native of A Gudi\u00f1a, in the area of Nueva Espa\u00f1a.\n\n<p>At present it is known that the remains of this Franciscan blessed rest in the Temple of San Francisco in the city of Puebla (Mexico).<\/p>\n\n<p>INFORMATION OF INTEREST<\/p>.\n\n<p>Telephone: 988 421 065<\/p>\n\t\t\t\t\t\t\t\t\t<\/div>\n\t\t\t\t\t\t\t\t\t<img decoding=\"async\" src=\"https:\/\/cdn.pilgrim.es\/web\/caminos\/camino-sanabres\/pueblos\/a-gudina\/puntos-de-interes\/estatua-del-beato-sebastian-de-aparicio.jpg\" alt=\"Estatua del Beato Sebasti\u00e1n de Aparicio\">\n\t\t\t\t\t\t\t\t<\/div>\n\t\t\t\t\t\t\t<\/div>\n\t\t\t\t\t\t\n\t\t\t\t\t\t\t<div class=\"accordion__accordion-content inactive\">\n\t\t\t\t\t\t\t\t<div>\n\t\t\t\t\t\t\t\t\t<div>\n\t\t\t\t\t\t\t\t\t\t<h4>Capilla de San Marti\u00f1o<\/h4>\n\t\t\t\t\t\t\t\t\t\t<p>The Chapel of San Marti\u00f1o presents a strong Galician rural Romanesque style as we can see in its rectangular apses. The temple was built between the seventeenth and eighteenth centuries with a structure of a single nave and rectangular apse.\n\n<p>It is worth noting the buttresses arranged as a pediment are those that support the weight of the vault and the facade of the building.\n\t\t\t\t\t\t\t\t\t<\/div>\n\t\t\t\t\t\t\t\t\t<img decoding=\"async\" src=\"https:\/\/cdn.pilgrim.es\/web\/caminos\/camino-sanabres\/pueblos\/a-gudina\/puntos-de-interes\/capilla-de-san-martino.jpg\" alt=\"Capilla de San Marti\u00f1o\">\n\t\t\t\t\t\t\t\t<\/div>\n\t\t\t\t\t\t\t<\/div>\n\t\t\t\t\t\t\n\t\t\t\t\t<\/div>\n\t\t\t\t<\/div>\n\t\t\t<\/div>\n\t\t\n\n\t\t<div id=\"phonesSection\">\n\t\t\t<div>\n\t\t\t\t<h2 class=\"p-h3-town\">Information of interest<\/h2>\n\t\t\t<\/div>\n\t\t\t<div class=\"grid\">\n\t\t\t\t\n\t\t\t\t\t<div class=\"phone-number-item\">\n\t\t\t\t\t\t<div class=\"phone-number-item__icon\"><i class=\"icon-police\"><\/i><\/div>\n\t\t\t\t\t\t<div class=\"phone-number-item__title\">\n\t\t\t\t\t\t\t<h3 class=\"p-font-bold\">Local police<\/h3>\n\t\t\t\t\t\t\t<p>112<\/p>\n\t\t\t\t\t\t\t\n\t\t\t\t\t\t<\/div>\n\t\t\t\t\t<\/div>\n\t\t\t\t\n\t\t\t\t\t<div class=\"phone-number-item\">\n\t\t\t\t\t\t<div class=\"phone-number-item__icon\"><i class=\"icon-spanish-military-police\"><\/i><\/div>\n\t\t\t\t\t\t<div class=\"phone-number-item__title\">\n\t\t\t\t\t\t\t<h3 class=\"p-font-bold\">Civil guard<\/h3>\n\t\t\t\t\t\t\t<p>988 421 004<\/p>\n\t\t\t\t\t\t\t\n\t\t\t\t\t\t<\/div>\n\t\t\t\t\t<\/div>\n\t\t\t\t\n\t\t\t\t\t<div class=\"phone-number-item\">\n\t\t\t\t\t\t<div class=\"phone-number-item__icon\"><i class=\"icon-firefighters\"><\/i><\/div>\n\t\t\t\t\t\t<div class=\"phone-number-item__title\">\n\t\t\t\t\t\t\t<h3 class=\"p-font-bold\">Fire department<\/h3>\n\t\t\t\t\t\t\t<p>112<\/p>\n\t\t\t\t\t\t\t\n\t\t\t\t\t\t<\/div>\n\t\t\t\t\t<\/div>\n\t\t\t\t\n\t\t\t\t\t<div class=\"phone-number-item\">\n\t\t\t\t\t\t<div class=\"phone-number-item__icon\"><i class=\"icon-civil-protection\"><\/i><\/div>\n\t\t\t\t\t\t<div class=\"phone-number-item__title\">\n\t\t\t\t\t\t\t<h3 class=\"p-font-bold\">Civil protection<\/h3>\n\t\t\t\t\t\t\t<p>696 820 722<\/p>\n\t\t\t\t\t\t\t\n\t\t\t\t\t\t<\/div>\n\t\t\t\t\t<\/div>\n\t\t\t\t\n\t\t\t\t\t<div class=\"phone-number-item\">\n\t\t\t\t\t\t<div class=\"phone-number-item__icon\"><i class=\"icon-town-council\"><\/i><\/div>\n\t\t\t\t\t\t<div class=\"phone-number-item__title\">\n\t\t\t\t\t\t\t<h3 class=\"p-font-bold\">Town hall<\/h3>\n\t\t\t\t\t\t\t<p>988 594 006<\/p>\n\t\t\t\t\t\t\t\n\t\t\t\t\t\t<\/div>\n\t\t\t\t\t<\/div>\n\t\t\t\t\n\t\t\t\t\t<div class=\"phone-number-item\">\n\t\t\t\t\t\t<div class=\"phone-number-item__icon\"><i class=\"icon-hospital\"><\/i><\/div>\n\t\t\t\t\t\t<div class=\"phone-number-item__title\">\n\t\t\t\t\t\t\t<h3 class=\"p-font-bold\">Health center<\/h3>\n\t\t\t\t\t\t\t<p>988 421 225<\/p>\n\t\t\t\t\t\t\t\n\t\t\t\t\t\t<\/div>\n\t\t\t\t\t<\/div>\n\t\t\t\t\n\t\t\t\t\t<div class=\"phone-number-item\">\n\t\t\t\t\t\t<div class=\"phone-number-item__icon\"><i class=\"icon-tourism\"><\/i><\/div>\n\t\t\t\t\t\t<div class=\"phone-number-item__title\">\n\t\t\t\t\t\t\t<h3 class=\"p-font-bold\">Tourism office<\/h3>\n\t\t\t\t\t\t\t<p>988 584 003<\/p>\n\t\t\t\t\t\t\t\n\t\t\t\t\t\t\t\t<p>Avenida del Beato Sebasti\u00e1n de Aparicio, 40<\/p>\n\t\t\t\t\t\t\t\n\t\t\t\t\t\t<\/div>\n\t\t\t\t\t<\/div>\n\t\t\t\t\n\t\t\t<\/div>\n\t\t<\/div>\n\n\t\t<div id=\"clientForm\">\n        <section>\n        <img decoding=\"async\" src=\"https:\/\/cdn.pilgrim.es\/web\/home\/email-contacto.png\" alt=\"contacto\">\n        <div>\n            <p>We send you your itinerary<\/p>\n            <p>Enter your details and receive your travel itinerary by email <\/p>\n            <form method=\"post\" data-url=\"\/wp-admin\/admin-ajax.php\" id=\"planner--client\" class=\"flag-right form-client\">\n    <div class=\"form-data\">\n        <input name=\"form_id\" type=\"hidden\" value=\"Formulario Leads\">\n        <input name=\"type\" type=\"hidden\" value=\"planner_client\">\n        <input type=\"text\" name=\"nombre\" value=\"\" size=\"40\" class=\"form-control\" aria-required=\"true\" aria-invalid=\"false\" placeholder=\"Name\">\n        <input type=\"email\" name=\"email\" value=\"\" size=\"40\" class=\"form-control\" aria-required=\"true\" aria-invalid=\"false\" placeholder=\"Email\">\n        <input type=\"text\" id=\"phone-input\" name=\"tel\" value=\"\" size=\"40\" class=\"phone-input form-control\" aria-required=\"true\" aria-invalid=\"false\" placeholder=\"Telephone\">\n        <input type=\"hidden\" name=\"telefono\">\n    <\/div>\n    <div class=\"form-checkbox\">\n        <span>\n            Pilgrim Travel, S.L. informs, in accordance with Regulation 2016\/679, that the data used in this form will be used both for answering any queries and for the publication of comments, the basis of legitimacy being the consent of the user. The rights may be exercised in accordance with the provisions of our             <a href=\"https:\/\/www.pilgrim.es\/en\/privacy-policy\/\" target=\"_blank\" rel=\"noopener noreferrer nofollow\">Privacy Policy.<\/a>\n        <\/span>\n    <\/div>\n\n    <div class=\"form-submit\">\n        <button id=\"planner--client-create\" type=\"submit\">Contact form<\/button>\n        <div class=\"loadingDiv\"><i class=\"p-spinner\"><\/i><\/div>\n    <\/div>\n\n    <div class=\"contact-content-form-success\">\n        <p><i class=\"fas fa-check\"><\/i> The form has been sent successfully<\/p>\n    <\/div>\n\n    <div class=\"contact-content-form-error\">\n        <span class=\"input-error\"><\/span>\n    <\/div>\n<\/form>        <\/div>\n    <\/section>\n<\/div>\n\n\t\t<div id=\"recomendationSection\">\n\t\t\t<div>\n\t\t\t\t<h2 class=\"p-h2-town\">Recommended<\/h2>\n\t\t\t\t<hr>\n\t\t\t\t<h3 class=\"p-h3-town\">Gastronomy<\/h3>\n\t\t\t<\/div>\n\t\t\tThe gastronomy of the area of A Gudi\u00f1a is based mainly on game and beef and river fishing. The most traditional dishes are the mushroom scrambled eggs, beef on the stone or clay plate, octopus &#8220;a feira&#8221;, meat pie, tuna, etc..\n\nIn addition, also highlights the products of the land such as vegetables, potatoes, tomatoes, peppers, beets and lettuce. It is worth mentioning the high quality of rye and corn.\n\nIn confectionery, the almond cake is always accompanied by a homemade liqueur of the area.\n\t\t<\/div>\n\n\n\t\t\n\t\t\t<div id=\"holidaysSection\">\n\t\t\t\t<div>\n\t\t\t\t\t<h2 class=\"p-h2-town\">Recommended<\/h2>\n\t\t\t\t\t<hr>\n\t\t\t\t\t<h3 class=\"p-h3-town\">Festivals and Pilgrimages<\/h3>\n\t\t\t\t<\/div>\n\t\t\t\t<div class=\"grid holidays-grid\">\n\t\t\t\t\t\n\t\t\t\t\t\t<div>\n\t\t\t\t\t\t\t<div class=\"phone-number-item\">\n\t\t\t\t\t\t\t\t<div class=\"phone-number-item__icon\"><i class=\"icon-holiday\"><\/i><\/div>\n\t\t\t\t\t\t\t\t<div class=\"phone-number-item__title dark-text\">\n\t\t\t\t\t\t\t\t\t<p class=\"p-font-bold\">Local festivity<\/p>\n\t\t\t\t\t\t\t\t\t<p>A finales de Agosto: Fiesta de San Bartolomeu<\/p>\n\t\t\t\t\t\t\t\t<\/div>\n\t\t\t\t\t\t\t<\/div>\n\t\t\t\t\t\t<\/div>\n\t\t\t\t\t\n\t\t\t\t\t\t<div>\n\t\t\t\t\t\t\t<div class=\"phone-number-item\">\n\t\t\t\t\t\t\t\t<div class=\"phone-number-item__icon\"><i class=\"icon-holiday\"><\/i><\/div>\n\t\t\t\t\t\t\t\t<div class=\"phone-number-item__title dark-text\">\n\t\t\t\t\t\t\t\t\t<p class=\"p-font-bold\">Local festivity<\/p>\n\t\t\t\t\t\t\t\t\t<p>25 de Febrero: Fiesta de Sebasti\u00e1n de Aparicio<\/p>\n\t\t\t\t\t\t\t\t<\/div>\n\t\t\t\t\t\t\t<\/div>\n\t\t\t\t\t\t<\/div>\n\t\t\t\t\t\n\t\t\t\t\t\t<div>\n\t\t\t\t\t\t\t<div class=\"phone-number-item\">\n\t\t\t\t\t\t\t\t<div class=\"phone-number-item__icon\"><i class=\"icon-holiday\"><\/i><\/div>\n\t\t\t\t\t\t\t\t<div class=\"phone-number-item__title dark-text\">\n\t\t\t\t\t\t\t\t\t<p class=\"p-font-bold\">Local festivity<\/p>\n\t\t\t\t\t\t\t\t\t<p>1 de Noviembre: Dos fiestas gastron\u00f3micas, la del jabal\u00ed  y la de las casta\u00f1as cocidas<\/p>\n\t\t\t\t\t\t\t\t<\/div>\n\t\t\t\t\t\t\t<\/div>\n\t\t\t\t\t\t<\/div>\n\t\t\t\t\t\n\t\t\t\t<\/div>\n\t\t\t<\/div>\n\t\t\n\t<\/div>\n<\/section>\n\n<div id=\"stage_list_section\"><div class=\"stage-list\">\n    <div class='stage-list__map-card'>\n        <div class='stage-list__map-card__map'>\n            <div class='stage-list__map-card__map__text'>\n                <h2> Pages <\/h2>\n                <p> On foot<\/p>\n                <p> 0 stages<\/p>\n            <\/div>\n            <div class='stage-list__map-card__map__img'>\n                <img decoding=\"async\" src=\"\" alt=\" mapa \" \/>\n            <\/div>\n        <\/div>\n    <\/div>\n\n    <\/div>\n<\/div> ","protected":false},"excerpt":{"rendered":"<p>A Gudi\u00f1a &#8249; Back to the stage A Gudi\u00f1a Residents: 1.292 aprox. Province: Ourense Information Get to know A Gudi\u00f1a The town of A Gudi\u00f1a is the first Galician town where the pilgrim will stop to rest, it belongs to the region of Viana, in the province of Ourense. Pilgrims are advised to withdraw money &hellip; <\/p>\n<p class=\"read_more\"><a href=\"https:\/\/www.pilgrim.es\/en\/sanabres-way\/a-gudina\/\">Leer m\u00e1s<\/a><\/p>\n","protected":false},"author":0,"featured_media":318,"parent":37373,"menu_order":0,"comment_status":"closed","ping_status":"closed","template":"views\/template-new-web-design.blade.php","meta":{"footnotes":""},"categories":[],"tags":[],"class_list":["post-91455","page","type-page","status-publish","has-post-thumbnail","hentry"],"yoast_head":"<!-- This site is optimized with the Yoast SEO plugin v27.4 - https:\/\/yoast.com\/product\/yoast-seo-wordpress\/ -->\n<title>A Gudi\u00f1a: What to see and where to stay | Camino de Santiago | Pilgrim<\/title>\n<meta name=\"description\" content=\"A Gudi\u00f1a Discover all the information you need about accommodation, how to get there, gastronomy and the main points of interest in the towns along the Sanabr\u00e9s Way.\" \/>\n<meta name=\"robots\" content=\"index, follow, max-snippet:-1, max-image-preview:large, max-video-preview:-1\" \/>\n<link rel=\"canonical\" href=\"https:\/\/www.pilgrim.es\/en\/sanabres-way\/a-gudina\/\" \/>\n<meta property=\"og:locale\" content=\"en_US\" \/>\n<meta property=\"og:type\" content=\"article\" \/>\n<meta property=\"og:title\" content=\"A Gudi\u00f1a: What to see and where to stay | Camino de Santiago | Pilgrim\" \/>\n<meta property=\"og:description\" content=\"A Gudi\u00f1a Discover all the information you need about accommodation, how to get there, gastronomy and the main points of interest in the towns along the Sanabr\u00e9s Way.\" \/>\n<meta property=\"og:url\" content=\"https:\/\/www.pilgrim.es\/en\/sanabres-way\/a-gudina\/\" \/>\n<meta property=\"og:site_name\" content=\"Pilgrim\" \/>\n<meta property=\"article:publisher\" content=\"https:\/\/www.facebook.com\/pilgrim.es\/\" \/>\n<meta property=\"og:image\" content=\"https:\/\/www.pilgrim.es\/wp-content\/uploads\/2019\/02\/a_gudina.jpg\" \/>\n\t<meta property=\"og:image:width\" content=\"520\" \/>\n\t<meta property=\"og:image:height\" content=\"370\" \/>\n\t<meta property=\"og:image:type\" content=\"image\/jpeg\" \/>\n<meta name=\"twitter:card\" content=\"summary_large_image\" \/>\n<meta name=\"twitter:site\" content=\"@pilgrim_es\" \/>\n<meta name=\"twitter:label1\" content=\"Est. reading time\" \/>\n\t<meta name=\"twitter:data1\" content=\"4 minutes\" \/>\n<script type=\"application\/ld+json\" class=\"yoast-schema-graph\">{\"@context\":\"https:\\\/\\\/schema.org\",\"@graph\":[{\"@type\":\"WebPage\",\"@id\":\"https:\\\/\\\/www.pilgrim.es\\\/en\\\/sanabres-way\\\/a-gudina\\\/\",\"url\":\"https:\\\/\\\/www.pilgrim.es\\\/en\\\/sanabres-way\\\/a-gudina\\\/\",\"name\":\"A Gudi\u00f1a: What to see and where to stay | Camino de Santiago | Pilgrim\",\"isPartOf\":{\"@id\":\"https:\\\/\\\/www.pilgrim.es\\\/en\\\/#website\"},\"primaryImageOfPage\":{\"@id\":\"https:\\\/\\\/www.pilgrim.es\\\/en\\\/sanabres-way\\\/a-gudina\\\/#primaryimage\"},\"image\":{\"@id\":\"https:\\\/\\\/www.pilgrim.es\\\/en\\\/sanabres-way\\\/a-gudina\\\/#primaryimage\"},\"thumbnailUrl\":\"https:\\\/\\\/www.pilgrim.es\\\/wp-content\\\/uploads\\\/2019\\\/02\\\/a_gudina.jpg\",\"datePublished\":\"2025-03-17T15:32:27+00:00\",\"description\":\"A Gudi\u00f1a Discover all the information you need about accommodation, how to get there, gastronomy and the main points of interest in the towns along the Sanabr\u00e9s Way.\",\"breadcrumb\":{\"@id\":\"https:\\\/\\\/www.pilgrim.es\\\/en\\\/sanabres-way\\\/a-gudina\\\/#breadcrumb\"},\"inLanguage\":\"en-US\",\"potentialAction\":[{\"@type\":\"ReadAction\",\"target\":[\"https:\\\/\\\/www.pilgrim.es\\\/en\\\/sanabres-way\\\/a-gudina\\\/\"]}]},{\"@type\":\"ImageObject\",\"inLanguage\":\"en-US\",\"@id\":\"https:\\\/\\\/www.pilgrim.es\\\/en\\\/sanabres-way\\\/a-gudina\\\/#primaryimage\",\"url\":\"https:\\\/\\\/www.pilgrim.es\\\/wp-content\\\/uploads\\\/2019\\\/02\\\/a_gudina.jpg\",\"contentUrl\":\"https:\\\/\\\/www.pilgrim.es\\\/wp-content\\\/uploads\\\/2019\\\/02\\\/a_gudina.jpg\",\"width\":520,\"height\":370,\"caption\":\"A Gudi\u00f1a\"},{\"@type\":\"BreadcrumbList\",\"@id\":\"https:\\\/\\\/www.pilgrim.es\\\/en\\\/sanabres-way\\\/a-gudina\\\/#breadcrumb\",\"itemListElement\":[{\"@type\":\"ListItem\",\"position\":1,\"name\":\"Camino de Santiago\",\"item\":\"https:\\\/\\\/www.pilgrim.es\\\/en\\\/\"},{\"@type\":\"ListItem\",\"position\":2,\"name\":\"Sanabres Way\",\"item\":\"https:\\\/\\\/www.pilgrim.es\\\/en\\\/sanabres-way\\\/\"},{\"@type\":\"ListItem\",\"position\":3,\"name\":\"A Gudi\u00f1a\"}]},{\"@type\":\"WebSite\",\"@id\":\"https:\\\/\\\/www.pilgrim.es\\\/en\\\/#website\",\"url\":\"https:\\\/\\\/www.pilgrim.es\\\/en\\\/\",\"name\":\"Pilgrim\",\"description\":\"Camino de Santiago | Caminamos Contigo\",\"publisher\":{\"@id\":\"https:\\\/\\\/www.pilgrim.es\\\/en\\\/#organization\"},\"potentialAction\":[{\"@type\":\"SearchAction\",\"target\":{\"@type\":\"EntryPoint\",\"urlTemplate\":\"https:\\\/\\\/www.pilgrim.es\\\/en\\\/?s={search_term_string}\"},\"query-input\":{\"@type\":\"PropertyValueSpecification\",\"valueRequired\":true,\"valueName\":\"search_term_string\"}}],\"inLanguage\":\"en-US\"},{\"@type\":\"Organization\",\"@id\":\"https:\\\/\\\/www.pilgrim.es\\\/en\\\/#organization\",\"name\":\"Pilgrim Camino de Santiago\",\"url\":\"https:\\\/\\\/www.pilgrim.es\\\/en\\\/\",\"logo\":{\"@type\":\"ImageObject\",\"inLanguage\":\"en-US\",\"@id\":\"https:\\\/\\\/www.pilgrim.es\\\/en\\\/#\\\/schema\\\/logo\\\/image\\\/\",\"url\":\"https:\\\/\\\/www.pilgrim.es\\\/wp-content\\\/uploads\\\/2019\\\/04\\\/logo_pilgrim.png\",\"contentUrl\":\"https:\\\/\\\/www.pilgrim.es\\\/wp-content\\\/uploads\\\/2019\\\/04\\\/logo_pilgrim.png\",\"width\":512,\"height\":512,\"caption\":\"Pilgrim Camino de Santiago\"},\"image\":{\"@id\":\"https:\\\/\\\/www.pilgrim.es\\\/en\\\/#\\\/schema\\\/logo\\\/image\\\/\"},\"sameAs\":[\"https:\\\/\\\/www.facebook.com\\\/pilgrim.es\\\/\",\"https:\\\/\\\/x.com\\\/pilgrim_es\",\"https:\\\/\\\/www.instagram.com\\\/pilgrim.es\\\/\",\"https:\\\/\\\/www.linkedin.com\\\/company\\\/pilgrim-camino-de-santiago\\\/\",\"https:\\\/\\\/www.pinterest.es\\\/pilgrimcaminodesantiago\\\/\",\"https:\\\/\\\/www.youtube.com\\\/channel\\\/UCIv2ZzFLXVqthkNF32rKedw\\\/featured\"]}]}<\/script>\n<!-- \/ Yoast SEO plugin. -->","yoast_head_json":{"title":"A Gudi\u00f1a: What to see and where to stay | Camino de Santiago | Pilgrim","description":"A Gudi\u00f1a Discover all the information you need about accommodation, how to get there, gastronomy and the main points of interest in the towns along the Sanabr\u00e9s Way.","robots":{"index":"index","follow":"follow","max-snippet":"max-snippet:-1","max-image-preview":"max-image-preview:large","max-video-preview":"max-video-preview:-1"},"canonical":"https:\/\/www.pilgrim.es\/en\/sanabres-way\/a-gudina\/","og_locale":"en_US","og_type":"article","og_title":"A Gudi\u00f1a: What to see and where to stay | Camino de Santiago | Pilgrim","og_description":"A Gudi\u00f1a Discover all the information you need about accommodation, how to get there, gastronomy and the main points of interest in the towns along the Sanabr\u00e9s Way.","og_url":"https:\/\/www.pilgrim.es\/en\/sanabres-way\/a-gudina\/","og_site_name":"Pilgrim","article_publisher":"https:\/\/www.facebook.com\/pilgrim.es\/","og_image":[{"width":520,"height":370,"url":"https:\/\/www.pilgrim.es\/wp-content\/uploads\/2019\/02\/a_gudina.jpg","type":"image\/jpeg"}],"twitter_card":"summary_large_image","twitter_site":"@pilgrim_es","twitter_misc":{"Est. reading time":"4 minutes"},"schema":{"@context":"https:\/\/schema.org","@graph":[{"@type":"WebPage","@id":"https:\/\/www.pilgrim.es\/en\/sanabres-way\/a-gudina\/","url":"https:\/\/www.pilgrim.es\/en\/sanabres-way\/a-gudina\/","name":"A Gudi\u00f1a: What to see and where to stay | Camino de Santiago | Pilgrim","isPartOf":{"@id":"https:\/\/www.pilgrim.es\/en\/#website"},"primaryImageOfPage":{"@id":"https:\/\/www.pilgrim.es\/en\/sanabres-way\/a-gudina\/#primaryimage"},"image":{"@id":"https:\/\/www.pilgrim.es\/en\/sanabres-way\/a-gudina\/#primaryimage"},"thumbnailUrl":"https:\/\/www.pilgrim.es\/wp-content\/uploads\/2019\/02\/a_gudina.jpg","datePublished":"2025-03-17T15:32:27+00:00","description":"A Gudi\u00f1a Discover all the information you need about accommodation, how to get there, gastronomy and the main points of interest in the towns along the Sanabr\u00e9s Way.","breadcrumb":{"@id":"https:\/\/www.pilgrim.es\/en\/sanabres-way\/a-gudina\/#breadcrumb"},"inLanguage":"en-US","potentialAction":[{"@type":"ReadAction","target":["https:\/\/www.pilgrim.es\/en\/sanabres-way\/a-gudina\/"]}]},{"@type":"ImageObject","inLanguage":"en-US","@id":"https:\/\/www.pilgrim.es\/en\/sanabres-way\/a-gudina\/#primaryimage","url":"https:\/\/www.pilgrim.es\/wp-content\/uploads\/2019\/02\/a_gudina.jpg","contentUrl":"https:\/\/www.pilgrim.es\/wp-content\/uploads\/2019\/02\/a_gudina.jpg","width":520,"height":370,"caption":"A Gudi\u00f1a"},{"@type":"BreadcrumbList","@id":"https:\/\/www.pilgrim.es\/en\/sanabres-way\/a-gudina\/#breadcrumb","itemListElement":[{"@type":"ListItem","position":1,"name":"Camino de Santiago","item":"https:\/\/www.pilgrim.es\/en\/"},{"@type":"ListItem","position":2,"name":"Sanabres Way","item":"https:\/\/www.pilgrim.es\/en\/sanabres-way\/"},{"@type":"ListItem","position":3,"name":"A Gudi\u00f1a"}]},{"@type":"WebSite","@id":"https:\/\/www.pilgrim.es\/en\/#website","url":"https:\/\/www.pilgrim.es\/en\/","name":"Pilgrim","description":"Camino de Santiago | Caminamos Contigo","publisher":{"@id":"https:\/\/www.pilgrim.es\/en\/#organization"},"potentialAction":[{"@type":"SearchAction","target":{"@type":"EntryPoint","urlTemplate":"https:\/\/www.pilgrim.es\/en\/?s={search_term_string}"},"query-input":{"@type":"PropertyValueSpecification","valueRequired":true,"valueName":"search_term_string"}}],"inLanguage":"en-US"},{"@type":"Organization","@id":"https:\/\/www.pilgrim.es\/en\/#organization","name":"Pilgrim Camino de Santiago","url":"https:\/\/www.pilgrim.es\/en\/","logo":{"@type":"ImageObject","inLanguage":"en-US","@id":"https:\/\/www.pilgrim.es\/en\/#\/schema\/logo\/image\/","url":"https:\/\/www.pilgrim.es\/wp-content\/uploads\/2019\/04\/logo_pilgrim.png","contentUrl":"https:\/\/www.pilgrim.es\/wp-content\/uploads\/2019\/04\/logo_pilgrim.png","width":512,"height":512,"caption":"Pilgrim Camino de Santiago"},"image":{"@id":"https:\/\/www.pilgrim.es\/en\/#\/schema\/logo\/image\/"},"sameAs":["https:\/\/www.facebook.com\/pilgrim.es\/","https:\/\/x.com\/pilgrim_es","https:\/\/www.instagram.com\/pilgrim.es\/","https:\/\/www.linkedin.com\/company\/pilgrim-camino-de-santiago\/","https:\/\/www.pinterest.es\/pilgrimcaminodesantiago\/","https:\/\/www.youtube.com\/channel\/UCIv2ZzFLXVqthkNF32rKedw\/featured"]}]}},"_links":{"self":[{"href":"https:\/\/www.pilgrim.es\/en\/wp-json\/wp\/v2\/pages\/91455","targetHints":{"allow":["GET"]}}],"collection":[{"href":"https:\/\/www.pilgrim.es\/en\/wp-json\/wp\/v2\/pages"}],"about":[{"href":"https:\/\/www.pilgrim.es\/en\/wp-json\/wp\/v2\/types\/page"}],"replies":[{"embeddable":true,"href":"https:\/\/www.pilgrim.es\/en\/wp-json\/wp\/v2\/comments?post=91455"}],"version-history":[{"count":0,"href":"https:\/\/www.pilgrim.es\/en\/wp-json\/wp\/v2\/pages\/91455\/revisions"}],"up":[{"embeddable":true,"href":"https:\/\/www.pilgrim.es\/en\/wp-json\/wp\/v2\/pages\/37373"}],"wp:featuredmedia":[{"embeddable":true,"href":"https:\/\/www.pilgrim.es\/en\/wp-json\/wp\/v2\/media\/318"}],"wp:attachment":[{"href":"https:\/\/www.pilgrim.es\/en\/wp-json\/wp\/v2\/media?parent=91455"}],"wp:term":[{"taxonomy":"category","embeddable":true,"href":"https:\/\/www.pilgrim.es\/en\/wp-json\/wp\/v2\/categories?post=91455"},{"taxonomy":"post_tag","embeddable":true,"href":"https:\/\/www.pilgrim.es\/en\/wp-json\/wp\/v2\/tags?post=91455"}],"curies":[{"name":"wp","href":"https:\/\/api.w.org\/{rel}","templated":true}]}}