{"id":91310,"date":"2025-03-17T14:57:19","date_gmt":"2025-03-17T14:57:19","guid":{"rendered":"https:\/\/www.pilgrim.es\/northern-way\/luarca\/"},"modified":"2025-03-17T14:57:19","modified_gmt":"2025-03-17T14:57:19","slug":"luarca","status":"publish","type":"page","link":"https:\/\/www.pilgrim.es\/en\/northern-way\/luarca\/","title":{"rendered":"Luarca"},"content":{"rendered":" <section id=\"hero\">\n\t<h1>Luarca<\/h1>\n\t<div class=\"hero-grid\">\n\t\t<div class=\"hero-grid__town-col\" data-background=\"https:\/\/cdn.pilgrim.es\/web\/caminos\/camino-norte\/pueblos\/luarca.jpg\">\n\t\t\t<div>\n\t\t\t\t<a class=\"link-to-stage\" href=\"https:\/\/www.pilgrim.es\/camino-norte\/etapa-25-cadavedo-luarca\/\">\n\t\t\t\t\t<p>&#8249; Back to the stage<\/p>\n\t\t\t\t<\/a>\n\n\t\t\t\t<div class=\"town-data\">\n\t\t\t\t\t<h2>Luarca<\/h2>\n\t\t\t\t\t<ul>\n\t\t\t\t\t\t<li>Residents: 4.118 aprox.<\/li>\n\t\t\t\t\t\t<li>Province: Asturias<\/li>\n\t\t\t\t\t<\/ul>\n\t\t\t\t<\/div>\n\t\t\t<\/div>\n\t\t<\/div>\n\t\t<div class=\"hero-grid__planner-col\"><div\r\n  class=\"p-col-span-1 p-rounded-lg p-px-5 p-h-full\"\r\n  style=\"background-image: url('https:\/\/cdn.pilgrim.es\/web\/pilgrim-planner\/bg-plugin-planificador.webp')\"\r\n  rel=\"preload\"\r\n  fetchpriority=\"high\"\r\n  >\r\n    <div class=\"p-text-center p-pt-5 p-text-white p-text-2xl p-font-semibold\">\r\n      Plan your journey    <\/div>\r\n    <div\r\n            id='primary-app'\r\n            data-name='banner'\r\n            data-api='https:\/\/pathfinder.pilgrim.es\/api\/pathfinder\/v2'\r\n            data-mode='normal'\r\n            data-lang='en'\r\n            data-route='1'\r\n            data-destiny='https:\/\/planificador.pilgrim.es'\r\n            data-modality='1'\r\n            data-inline=''\r\n        ><\/div><\/div><\/div>\n\t<\/div>\n<\/section>\n\n<section id=\"infoTown\">\n\t<div class=\"sections-town\">\n\n\t\t<div id=\"informationSection\">\n\t\t\t<div>\n\t\t\t\t<h2 class=\"p-h2-town\">Information<\/h2>\n\t\t\t\t<hr>\n\t\t\t\t<h3 class=\"p-h3-town\">Get to know Luarca<\/h3>\n\t\t\t<\/div>\n\t\t\t<p>Luarca is a small village in the municipality of Vald\u00e9s, its main economic activity is fishing although it is now closely related to the Camino de Santiago.<\/p> <p>This village has recently entered the selection of the 20 most beautiful villages in Spain, so the pilgrim who spends the night in Luarca should carefully admire every corner.<\/p> &lt;p\n\t\t<\/div>\n\n\t\t<div id=\"locationSection\">\n\t\t\t<div>\n\t\t\t\t<h2 class=\"p-h2-town\">Location<\/h2>\n\t\t\t\t<hr>\n\t\t\t\t<h3 class=\"p-h3-town\">How to get there<\/h3>\n\t\t\t<\/div>\n\t\t\t<p>To the town of Luarca only reaches the national road N-634 and the A-8 highway, both roads link Galicia with the Basque Country so access is easy.\n\n<p>By public transport can be reached thanks to the ALSA company that offers bus lines that connect the town with the rest of Asturias and Spanish cities. To arrive by train there is a railway line that connects Ferrol with Oviedo, this has a stop in the village.\n\t\t\t<div>\n\t\t\t\t<div>\n  <iframe loading=\"lazy\"\n    src=\"https:\/\/www.google.com\/maps\/d\/embed?mid=1vtkH6ozrX3lYE23-AUMBbahHEAGBbRs&amp;ehbc=2E312F\"\n    width=\"640\"\n    height=\"480\"\n    alt=\"Mapa Luarca\"\n  ><\/iframe>\n<\/div>\n\n\t\t\t<\/div>\n\t\t<\/div>\n\n\t\t\n\t\t\t<div id=\"toVisitSection\">\n\t\t\t\t<div>\n\t\t\t\t\t<h2 class=\"p-h2-town\">History \/ Culture<\/h2>\n\t\t\t\t\t<hr>\n\t\t\t\t\t<h3 class=\"p-h3-town\">What to see<\/h3>\n\t\t\t\t<\/div>\n\t\t\t\t<div>\n\t\t\t\t\t<div class=\"accordion\">\n\t\t\t\t\t\t<div class=\"accordion__menu\">\n\t\t\t\t\t\t\t<nav>\n\t\t\t\t\t\t\t\t\n\t\t\t\t\t\t\t\t\t<button class=\"nav-tab-accordion active\"><span>&#10093;<\/span><span> Centro de Interpretacio\u0301n de Hoces del Esva<\/span><\/button>\n\t\t\t\t\t\t\t\t\n\t\t\t\t\t\t\t\t\t<button class=\"nav-tab-accordion \"><span>&#10093;<\/span><span> CEPESMA<\/span><\/button>\n\t\t\t\t\t\t\t\t\n\t\t\t\t\t\t\t\t\t<button class=\"nav-tab-accordion \"><span>&#10093;<\/span><span> Circulo Liceo<\/span><\/button>\n\t\t\t\t\t\t\t\t\n\t\t\t\t\t\t\t\t\t<button class=\"nav-tab-accordion \"><span>&#10093;<\/span><span> Iglesia de Santa Eulalia<\/span><\/button>\n\t\t\t\t\t\t\t\t\n\t\t\t\t\t\t\t\t\t<button class=\"nav-tab-accordion \"><span>&#10093;<\/span><span> Mesa de mareantes<\/span><\/button>\n\t\t\t\t\t\t\t\t\n\t\t\t\t\t\t\t\t\t<button class=\"nav-tab-accordion \"><span>&#10093;<\/span><span> Mirador de la Funiar<\/span><\/button>\n\t\t\t\t\t\t\t\t\n\t\t\t\t\t\t\t\t\t<button class=\"nav-tab-accordion \"><span>&#10093;<\/span><span> Mirador del Chano<\/span><\/button>\n\t\t\t\t\t\t\t\t\n\t\t\t\t\t\t\t\t\t<button class=\"nav-tab-accordion \"><span>&#10093;<\/span><span> Museo rural etnogra\u0301fico<\/span><\/button>\n\t\t\t\t\t\t\t\t\n\t\t\t\t\t\t\t\t\t<button class=\"nav-tab-accordion \"><span>&#10093;<\/span><span> Palacio del Marque\u0301s de Ferrera<\/span><\/button>\n\t\t\t\t\t\t\t\t\n\t\t\t\t\t\t\t\t\t<button class=\"nav-tab-accordion \"><span>&#10093;<\/span><span> Playa de Salinas<\/span><\/button>\n\t\t\t\t\t\t\t\t\n\t\t\t\t\t\t\t\t\t<button class=\"nav-tab-accordion \"><span>&#10093;<\/span><span> Parque de la Vida<\/span><\/button>\n\t\t\t\t\t\t\t\t\n\t\t\t\t\t\t\t\t\t<button class=\"nav-tab-accordion \"><span>&#10093;<\/span><span> Playa de Luarca<\/span><\/button>\n\t\t\t\t\t\t\t\t\n\t\t\t\t\t\t\t\t\t<button class=\"nav-tab-accordion \"><span>&#10093;<\/span><span> Playa de Portizuelo<\/span><\/button>\n\t\t\t\t\t\t\t\t\n\t\t\t\t\t\t\t\t\t<button class=\"nav-tab-accordion \"><span>&#10093;<\/span><span> Playa de Quintana<\/span><\/button>\n\t\t\t\t\t\t\t\t\n\t\t\t\t\t\t\t\t\t<button class=\"nav-tab-accordion \"><span>&#10093;<\/span><span> Playa de Toura\u0301n<\/span><\/button>\n\t\t\t\t\t\t\t\t\n\t\t\t\t\t\t\t\t\t<button class=\"nav-tab-accordion \"><span>&#10093;<\/span><span> Villa Argentina<\/span><\/button>\n\t\t\t\t\t\t\t\t\n\t\t\t\t\t\t\t\t\t<button class=\"nav-tab-accordion \"><span>&#10093;<\/span><span> Faro<\/span><\/button>\n\t\t\t\t\t\t\t\t\n\t\t\t\t\t\t\t\t\t<button class=\"nav-tab-accordion \"><span>&#10093;<\/span><span> Villa Barrera<\/span><\/button>\n\t\t\t\t\t\t\t\t\n\t\t\t\t\t\t\t\t\t<button class=\"nav-tab-accordion \"><span>&#10093;<\/span><span> Villa Carmen<\/span><\/button>\n\t\t\t\t\t\t\t\t\n\t\t\t\t\t\t\t\t\t<button class=\"nav-tab-accordion \"><span>&#10093;<\/span><span> Villa Cristina<\/span><\/button>\n\t\t\t\t\t\t\t\t\n\t\t\t\t\t\t\t\t\t<button class=\"nav-tab-accordion \"><span>&#10093;<\/span><span> Villa Excelsior<\/span><\/button>\n\t\t\t\t\t\t\t\t\n\t\t\t\t\t\t\t\t\t<button class=\"nav-tab-accordion \"><span>&#10093;<\/span><span> Ayuntamiento<\/span><\/button>\n\t\t\t\t\t\t\t\t\n\t\t\t\t\t\t\t\t\t<button class=\"nav-tab-accordion \"><span>&#10093;<\/span><span> Atalaya y cementerio<\/span><\/button>\n\t\t\t\t\t\t\t\t\n\t\t\t\t\t\t\t<\/nav>\n\t\t\t\t\t\t<\/div>\n\n\t\t\t\t\t\t\n\t\t\t\t\t\t\t<div class=\"accordion__accordion-content \">\n\t\t\t\t\t\t\t\t<div>\n\t\t\t\t\t\t\t\t\t<div>\n\t\t\t\t\t\t\t\t\t\t<h4>Centro de Interpretacio\u0301n de Hoces del Esva<\/h4>\n\t\t\t\t\t\t\t\t\t\t<p>The Interpretation Center tries to let the visitor know and discover, through different audiovisual media, some of them interactive, the Esva basin, as well as the natural and artistic wealth of the Valley of Paredes. <\/p>\n\n<p>The center is dedicated to the otter, as the Esva is one of the rivers in Europe with the largest number of otters. The building has two floors: on the first floor visitors can watch a projection on the history of the Valley. In addition, in this same space you can take a tour of the towns that the Esva River passes through, as it has a 3D flight simulator.\n\t\t\t\t\t\t\t\t\t<\/div>\n\t\t\t\t\t\t\t\t\t<img decoding=\"async\" src=\"https:\/\/cdn.pilgrim.es\/web\/caminos\/camino-norte\/pueblos\/luarca\/puntos-de-interes\/centro-de-interpretacion-de-hoces-del-esva.jpg\" alt=\"Centro de Interpretacio\u0301n de Hoces del Esva\">\n\t\t\t\t\t\t\t\t<\/div>\n\t\t\t\t\t\t\t<\/div>\n\t\t\t\t\t\t\n\t\t\t\t\t\t\t<div class=\"accordion__accordion-content inactive\">\n\t\t\t\t\t\t\t\t<div>\n\t\t\t\t\t\t\t\t\t<div>\n\t\t\t\t\t\t\t\t\t\t<h4>CEPESMA<\/h4>\n\t\t\t\t\t\t\t\t\t\t<p>CEPESMA is a classroom of the sea that presents eight very peculiar squid species of up to thirteen meters. For this reason, this exhibition is considered one of the most important of the marine world in Spain. <\/p>\n\n<p>CEPESMA&#8217;s objective is to make visitors aware of the protection and conservation of marine biodiversity.\n\n<p>The marine classroom exhibits more than 700 species that coexist in our seas such as turtles, mollusks, invertebrates, sea birds, etc. Undoubtedly, it is an ideal tour to learn about the marine life of our seas.<\/p> <p>\n\t\t\t\t\t\t\t\t\t<\/div>\n\t\t\t\t\t\t\t\t\t<img decoding=\"async\" src=\"https:\/\/cdn.pilgrim.es\/web\/caminos\/camino-norte\/pueblos\/luarca\/puntos-de-interes\/cepesma.jpg\" alt=\"CEPESMA\">\n\t\t\t\t\t\t\t\t<\/div>\n\t\t\t\t\t\t\t<\/div>\n\t\t\t\t\t\t\n\t\t\t\t\t\t\t<div class=\"accordion__accordion-content inactive\">\n\t\t\t\t\t\t\t\t<div>\n\t\t\t\t\t\t\t\t\t<div>\n\t\t\t\t\t\t\t\t\t\t<h4>Circulo Liceo<\/h4>\n\t\t\t\t\t\t\t\t\t\t<p>The casino was built in the early twentieth century by Manuel del Busto. This building was used in another era for recreational and social activities, such as meetings and other leisure activities which were only suitable for men, since women could only access the C\u00edrculo Liceo for certain events such as dances.<\/p> <p>The casino was built in the early twentieth century by Manuel del Busto.\n\n<p>The highlight of the building is the decoration of the facade, especially the original openings that it presents.<\/p> <p>The most outstanding feature of the building is the decoration of the facade, especially the original openings that it presents.\n\n<p>We highlight in the facade the decoration with original openings as well as plates with reliefs in the form of flowers, typical of a modernist style. However, the spans of the roof together with their frames belong to the Secessionist style (Viennese model). Also noteworthy is the attached body with a terraced roof.\n\t\t\t\t\t\t\t\t\t<\/div>\n\t\t\t\t\t\t\t\t\t<img decoding=\"async\" src=\"https:\/\/cdn.pilgrim.es\/web\/caminos\/camino-norte\/pueblos\/luarca\/puntos-de-interes\/circulo-liceo.jpg\" alt=\"Circulo Liceo\">\n\t\t\t\t\t\t\t\t<\/div>\n\t\t\t\t\t\t\t<\/div>\n\t\t\t\t\t\t\n\t\t\t\t\t\t\t<div class=\"accordion__accordion-content inactive\">\n\t\t\t\t\t\t\t\t<div>\n\t\t\t\t\t\t\t\t\t<div>\n\t\t\t\t\t\t\t\t\t\t<h4>Iglesia de Santa Eulalia<\/h4>\n\t\t\t\t\t\t\t\t\t\t<p>The Parish Church of Santa Eulalia dates from the first half of the twelfth century and therefore has a medieval origin. The original building was destroyed in the late nineteenth century to raise in the same place the church that can be seen today. <\/p>\n\n<p>The temple has a rectangular floor plan and three naves. These naves and the apse are covered by groin vaults and the transept of the central nave ends in a dome, supported on pendentives. Inside the temple there are also ten openings that provide natural lighting.\n\t\t\t\t\t\t\t\t\t<\/div>\n\t\t\t\t\t\t\t\t\t<img decoding=\"async\" src=\"https:\/\/cdn.pilgrim.es\/web\/caminos\/camino-norte\/pueblos\/luarca\/puntos-de-interes\/iglesia-de-santa-eulalia.jpg\" alt=\"Iglesia de Santa Eulalia\">\n\t\t\t\t\t\t\t\t<\/div>\n\t\t\t\t\t\t\t<\/div>\n\t\t\t\t\t\t\n\t\t\t\t\t\t\t<div class=\"accordion__accordion-content inactive\">\n\t\t\t\t\t\t\t\t<div>\n\t\t\t\t\t\t\t\t\t<div>\n\t\t\t\t\t\t\t\t\t\t<h4>Mesa de mareantes<\/h4>\n\t\t\t\t\t\t\t\t\t\t<p>This is an enclosure built in the early second half of the twentieth century on the remains of an ancient fortress of the sixteenth century that have a canvas wall. The set has a slate table behind which stands the canvas in semicircle made by Goico Aguirre that depicts a meeting of masters of ships of the fifteenth century. The verses in memory of the victims of the sea stand out as well as the figure of a cannon and an anchor.\n\t\t\t\t\t\t\t\t\t<\/div>\n\t\t\t\t\t\t\t\t\t<img decoding=\"async\" src=\"https:\/\/cdn.pilgrim.es\/web\/caminos\/camino-norte\/pueblos\/luarca\/puntos-de-interes\/mesa-de-mareantes.jpg\" alt=\"Mesa de mareantes\">\n\t\t\t\t\t\t\t\t<\/div>\n\t\t\t\t\t\t\t<\/div>\n\t\t\t\t\t\t\n\t\t\t\t\t\t\t<div class=\"accordion__accordion-content inactive\">\n\t\t\t\t\t\t\t\t<div>\n\t\t\t\t\t\t\t\t\t<div>\n\t\t\t\t\t\t\t\t\t\t<h4>Mirador de la Funiar<\/h4>\n\t\t\t\t\t\t\t\t\t\t<p>El Mirador de la Funiar is a viewpoint from which you can see almost the entire town of Luarca and can be accessed on foot from the neighborhood of Villar and even by car from Almu\u00f1a. <\/p>\n\n<p>It is perfect to enjoy the breathtaking views at sunset or eat and rest as it has benches.\n\t\t\t\t\t\t\t\t\t<\/div>\n\t\t\t\t\t\t\t\t\t<img decoding=\"async\" src=\"https:\/\/cdn.pilgrim.es\/web\/caminos\/camino-norte\/pueblos\/luarca\/puntos-de-interes\/mirador-de-la-funiar.jpg\" alt=\"Mirador de la Funiar\">\n\t\t\t\t\t\t\t\t<\/div>\n\t\t\t\t\t\t\t<\/div>\n\t\t\t\t\t\t\n\t\t\t\t\t\t\t<div class=\"accordion__accordion-content inactive\">\n\t\t\t\t\t\t\t\t<div>\n\t\t\t\t\t\t\t\t\t<div>\n\t\t\t\t\t\t\t\t\t\t<h4>Mirador del Chano<\/h4>\n\t\t\t\t\t\t\t\t\t\t<p>To the west of Luarca is this beautiful viewpoint, known as Mirador del Chano, where walking along it we can enjoy views of numerous beaches, the port or the area of the town center, as well as the Ermita de San Roque which is on the way. It has the possibility of both pedestrian and vehicle access.\n\t\t\t\t\t\t\t\t\t<\/div>\n\t\t\t\t\t\t\t\t\t<img decoding=\"async\" src=\"https:\/\/cdn.pilgrim.es\/web\/caminos\/camino-norte\/pueblos\/luarca\/puntos-de-interes\/mirador-del-chano.jpg\" alt=\"Mirador del Chano\">\n\t\t\t\t\t\t\t\t<\/div>\n\t\t\t\t\t\t\t<\/div>\n\t\t\t\t\t\t\n\t\t\t\t\t\t\t<div class=\"accordion__accordion-content inactive\">\n\t\t\t\t\t\t\t\t<div>\n\t\t\t\t\t\t\t\t\t<div>\n\t\t\t\t\t\t\t\t\t\t<h4>Museo rural etnogra\u0301fico<\/h4>\n\t\t\t\t\t\t\t\t\t\t<p>The Rural Ethnographic Museum is located in San Mart\u00edn, less than two kilometers from Luarca. It is a museum with 1300 pieces, including agricultural and farming tools, which are exhibited in twelve spaces open to the public.<\/p> &lt;p\n\t\t\t\t\t\t\t\t\t<\/div>\n\t\t\t\t\t\t\t\t\t<img decoding=\"async\" src=\"https:\/\/cdn.pilgrim.es\/web\/caminos\/camino-norte\/pueblos\/luarca\/puntos-de-interes\/museo-rural-etnografico.jpg\" alt=\"Museo rural etnogra\u0301fico\">\n\t\t\t\t\t\t\t\t<\/div>\n\t\t\t\t\t\t\t<\/div>\n\t\t\t\t\t\t\n\t\t\t\t\t\t\t<div class=\"accordion__accordion-content inactive\">\n\t\t\t\t\t\t\t\t<div>\n\t\t\t\t\t\t\t\t\t<div>\n\t\t\t\t\t\t\t\t\t\t<h4>Palacio del Marque\u0301s de Ferrera<\/h4>\n\t\t\t\t\t\t\t\t\t\t<p>Also known as Palacio de La Moral, it is located on Olavarrieta Street, known by the locals as Los Escalerones, where the road to Santiago used to pass. The complex was declared an Asset of Cultural Interest, with the category of Historic-Artistic Monument.\n\n<p>The palace has the remains of a tower, two L-shaped wings, a chapel and stables.\n\n<p>The tower, which dates back to the 13th century, is the oldest part of the palace. Today, however, it represents just another element of the building, since its height was lowered.<\/p> &lt;p\n\n<p>The palace is divided into two volumes from different periods, connected to each other by a room that rests on a carpanel arch.<\/p> <p>The tower, which dates back to the 13th century, is the oldest part of the palace.\n\n<p>The building currently houses, in one part, the House of Culture of Luarca and, in the other, the Police Station.<\/p> &lt;p\n\t\t\t\t\t\t\t\t\t<\/div>\n\t\t\t\t\t\t\t\t\t<img decoding=\"async\" src=\"https:\/\/cdn.pilgrim.es\/web\/caminos\/camino-norte\/pueblos\/luarca\/puntos-de-interes\/palacio-del-marques-de-ferrera.jpg\" alt=\"Palacio del Marque\u0301s de Ferrera\">\n\t\t\t\t\t\t\t\t<\/div>\n\t\t\t\t\t\t\t<\/div>\n\t\t\t\t\t\t\n\t\t\t\t\t\t\t<div class=\"accordion__accordion-content inactive\">\n\t\t\t\t\t\t\t\t<div>\n\t\t\t\t\t\t\t\t\t<div>\n\t\t\t\t\t\t\t\t\t\t<h4>Playa de Salinas<\/h4>\n\t\t\t\t\t\t\t\t\t\t<p>This beach, along with the first and second of Luarca, forms the set of sandy beaches of the attractive town of Luarca. This is a very clean sandy area with all kinds of facilities and with a high concurrence in the summer months. <\/p>\n\n<p>This sandy area can be accessed by the promenade, which starts at the second beach of Luarca, and therefore cannot be accessed by vehicle.\n\t\t\t\t\t\t\t\t\t<\/div>\n\t\t\t\t\t\t\t\t\t<img decoding=\"async\" src=\"https:\/\/cdn.pilgrim.es\/web\/caminos\/camino-norte\/pueblos\/luarca\/puntos-de-interes\/playa-de-salinas.jpg\" alt=\"Playa de Salinas\">\n\t\t\t\t\t\t\t\t<\/div>\n\t\t\t\t\t\t\t<\/div>\n\t\t\t\t\t\t\n\t\t\t\t\t\t\t<div class=\"accordion__accordion-content inactive\">\n\t\t\t\t\t\t\t\t<div>\n\t\t\t\t\t\t\t\t\t<div>\n\t\t\t\t\t\t\t\t\t\t<h4>Parque de la Vida<\/h4>\n\t\t\t\t\t\t\t\t\t\t<p>The Parque de la Vida is located on a 32,000 m2 plot of land and has a route of approximately one kilometer where you can walk and see climate measurement units and two weather stations. The park has a division of its areas:<\/p>\n\t\t\t\t\t\t\t\t\t<\/div>\n\t\t\t\t\t\t\t\t\t<img decoding=\"async\" src=\"https:\/\/cdn.pilgrim.es\/web\/caminos\/camino-norte\/pueblos\/luarca\/puntos-de-interes\/parque-de-la-vida.jpg\" alt=\"Parque de la Vida\">\n\t\t\t\t\t\t\t\t<\/div>\n\t\t\t\t\t\t\t<\/div>\n\t\t\t\t\t\t\n\t\t\t\t\t\t\t<div class=\"accordion__accordion-content inactive\">\n\t\t\t\t\t\t\t\t<div>\n\t\t\t\t\t\t\t\t\t<div>\n\t\t\t\t\t\t\t\t\t\t<h4>Playa de Luarca<\/h4>\n\t\t\t\t\t\t\t\t\t\t<p>The two beaches of Luarca are sheltered from the force of the sea by several seawalls, which causes the two to form a single sandy area, very popular in the summer months.<\/p> <p>The two beaches of Luarca are sheltered from the force of the sea by several seawalls, which causes the two to form a single sandy area, very popular in the summer months.\n\n<p>This sandy area is fully urban, although it retains a great natural attraction. Therefore, access to the beaches can be by car or on foot. This is a privileged urban environment that allows the visitor to observe the connection of the fishing port and marina with the sea.\n\t\t\t\t\t\t\t\t\t<\/div>\n\t\t\t\t\t\t\t\t\t<img decoding=\"async\" src=\"https:\/\/cdn.pilgrim.es\/web\/caminos\/camino-norte\/pueblos\/luarca\/puntos-de-interes\/playa-de-luarca.jpg\" alt=\"Playa de Luarca\">\n\t\t\t\t\t\t\t\t<\/div>\n\t\t\t\t\t\t\t<\/div>\n\t\t\t\t\t\t\n\t\t\t\t\t\t\t<div class=\"accordion__accordion-content inactive\">\n\t\t\t\t\t\t\t\t<div>\n\t\t\t\t\t\t\t\t\t<div>\n\t\t\t\t\t\t\t\t\t\t<h4>Playa de Portizuelo<\/h4>\n\t\t\t\t\t\t\t\t\t\t<p>Portizuelo Beach has a stony sandy area composed of boulders that is located within the Protected Landscape of the West Coast. This beach stands out for being, in earlier times, the meeting place of the &#8220;maruyas&#8221;, women of the village who bathed in the sea dressed. In addition, the sandy area is also very famous among painters, as it is home to the so-called &#8220;Oil Stone&#8221;.\n\t\t\t\t\t\t\t\t\t<\/div>\n\t\t\t\t\t\t\t\t\t<img decoding=\"async\" src=\"https:\/\/cdn.pilgrim.es\/web\/caminos\/camino-norte\/pueblos\/luarca\/puntos-de-interes\/playa-de-portizuelo.jpg\" alt=\"Playa de Portizuelo\">\n\t\t\t\t\t\t\t\t<\/div>\n\t\t\t\t\t\t\t<\/div>\n\t\t\t\t\t\t\n\t\t\t\t\t\t\t<div class=\"accordion__accordion-content inactive\">\n\t\t\t\t\t\t\t\t<div>\n\t\t\t\t\t\t\t\t\t<div>\n\t\t\t\t\t\t\t\t\t\t<h4>Playa de Quintana<\/h4>\n\t\t\t\t\t\t\t\t\t\t<p>The beach of Quintana is located within the Protected Landscape of the West Coast, in a place of great natural attraction. It has a length of approximately one kilometer with a great fishing interest and easy access.\n\t\t\t\t\t\t\t\t\t<\/div>\n\t\t\t\t\t\t\t\t\t<img decoding=\"async\" src=\"https:\/\/cdn.pilgrim.es\/web\/caminos\/camino-norte\/pueblos\/luarca\/puntos-de-interes\/playa-de-quintana.jpg\" alt=\"Playa de Quintana\">\n\t\t\t\t\t\t\t\t<\/div>\n\t\t\t\t\t\t\t<\/div>\n\t\t\t\t\t\t\n\t\t\t\t\t\t\t<div class=\"accordion__accordion-content inactive\">\n\t\t\t\t\t\t\t\t<div>\n\t\t\t\t\t\t\t\t\t<div>\n\t\t\t\t\t\t\t\t\t\t<h4>Playa de Toura\u0301n<\/h4>\n\t\t\t\t\t\t\t\t\t\t<p>The beach of Tour\u00e1n is located within the Protected Landscape of the Western Coast and is located specifically in an inlet very close to the town of Luarca.<\/p> <p>The beach of Tour\u00e1n is located within the Protected Landscape of the Western Coast and is located specifically in an inlet very close to the town of Luarca.\n\n<p>The sandy area, together with the mouth of the river, the islet and the cliffs, forms an environment of great scenic beauty, which can be accessed by car to the campsite, recommending the rest of the section on foot due to the poor condition of the road.<\/p> &lt;p\n\t\t\t\t\t\t\t\t\t<\/div>\n\t\t\t\t\t\t\t\t\t<img decoding=\"async\" src=\"https:\/\/cdn.pilgrim.es\/web\/caminos\/camino-norte\/pueblos\/luarca\/puntos-de-interes\/playa-de-touran.jpg\" alt=\"Playa de Toura\u0301n\">\n\t\t\t\t\t\t\t\t<\/div>\n\t\t\t\t\t\t\t<\/div>\n\t\t\t\t\t\t\n\t\t\t\t\t\t\t<div class=\"accordion__accordion-content inactive\">\n\t\t\t\t\t\t\t\t<div>\n\t\t\t\t\t\t\t\t\t<div>\n\t\t\t\t\t\t\t\t\t\t<h4>Villa Argentina<\/h4>\n\t\t\t\t\t\t\t\t\t\t<p>Villa Argentina was commissioned by Manuel Garc\u00eda Fern\u00e1ndez and forms an elegant villa built with granite corners that, in turn, border the double windows. The most central part of the facade is slightly highlighted and ends in a gable eave, bordered with a palmette in the form of acroteria. The highlight of the whole is the glazed gallery that is superimposed on the main door. This gallery is supported by four iron columns.\n\t\t\t\t\t\t\t\t\t<\/div>\n\t\t\t\t\t\t\t\t\t<img decoding=\"async\" src=\"https:\/\/cdn.pilgrim.es\/web\/caminos\/camino-norte\/pueblos\/luarca\/puntos-de-interes\/villa-argentina.jpg\" alt=\"Villa Argentina\">\n\t\t\t\t\t\t\t\t<\/div>\n\t\t\t\t\t\t\t<\/div>\n\t\t\t\t\t\t\n\t\t\t\t\t\t\t<div class=\"accordion__accordion-content inactive\">\n\t\t\t\t\t\t\t\t<div>\n\t\t\t\t\t\t\t\t\t<div>\n\t\t\t\t\t\t\t\t\t\t<h4>Faro<\/h4>\n\t\t\t\t\t\t\t\t\t\t<p>It is a construction dating from the second half of the nineteenth century and consists of housing for the lighthouse keeper and a tower.<\/p> <p>It was built in the second half of the nineteenth century and consists of housing for the lighthouse keeper and a tower.\n\t\t\t\t\t\t\t\t\t<\/div>\n\t\t\t\t\t\t\t\t\t<img decoding=\"async\" src=\"https:\/\/cdn.pilgrim.es\/web\/caminos\/camino-norte\/pueblos\/luarca\/puntos-de-interes\/faro.jpg\" alt=\"Faro\">\n\t\t\t\t\t\t\t\t<\/div>\n\t\t\t\t\t\t\t<\/div>\n\t\t\t\t\t\t\n\t\t\t\t\t\t\t<div class=\"accordion__accordion-content inactive\">\n\t\t\t\t\t\t\t\t<div>\n\t\t\t\t\t\t\t\t\t<div>\n\t\t\t\t\t\t\t\t\t\t<h4>Villa Barrera<\/h4>\n\t\t\t\t\t\t\t\t\t\t<p>Villa Barrera was a large house commissioned by Jos\u00e9 Garc\u00eda Fern\u00e1ndez but built by Juan Miguel de la Guardia. In this building stands out its horizontality as well as its division into semi-basement and main floor. It also highlights the combination of two symmetrical facades of classicist style with two others of Gothic style which creates, as a whole, a unique building. <\/p>\n\t\t\t\t\t\t\t\t\t<\/div>\n\t\t\t\t\t\t\t\t\t<img decoding=\"async\" src=\"https:\/\/cdn.pilgrim.es\/web\/caminos\/camino-norte\/pueblos\/luarca\/puntos-de-interes\/villa-barrera.jpg\" alt=\"Villa Barrera\">\n\t\t\t\t\t\t\t\t<\/div>\n\t\t\t\t\t\t\t<\/div>\n\t\t\t\t\t\t\n\t\t\t\t\t\t\t<div class=\"accordion__accordion-content inactive\">\n\t\t\t\t\t\t\t\t<div>\n\t\t\t\t\t\t\t\t\t<div>\n\t\t\t\t\t\t\t\t\t\t<h4>Villa Carmen<\/h4>\n\t\t\t\t\t\t\t\t\t\t<p>Villa Carmen is a property built in the late nineteenth century by Juan Miguel de La Guardia and belonged to the Olavarrieta family until 1905, when it became the property of the Ochoa de Albornoz family, the house where the famous Severo Ochoa was born. This new mansion was named Villa Carmen in honor of Carmen de Albornoz Limiana, his mother.\n\n<p>This villa is H-shaped and has three bodies, a central one of cover with glazed gallery of geometric structure, being the highlight of the mansion, and also with mural paintings on the ceiling. The two lateral bodies are tower-shaped and are topped by gables. <\/p>\n\t\t\t\t\t\t\t\t\t<\/div>\n\t\t\t\t\t\t\t\t\t<img decoding=\"async\" src=\"https:\/\/cdn.pilgrim.es\/web\/caminos\/camino-norte\/pueblos\/luarca\/puntos-de-interes\/villa-carmen.jpg\" alt=\"Villa Carmen\">\n\t\t\t\t\t\t\t\t<\/div>\n\t\t\t\t\t\t\t<\/div>\n\t\t\t\t\t\t\n\t\t\t\t\t\t\t<div class=\"accordion__accordion-content inactive\">\n\t\t\t\t\t\t\t\t<div>\n\t\t\t\t\t\t\t\t\t<div>\n\t\t\t\t\t\t\t\t\t\t<h4>Villa Cristina<\/h4>\n\t\t\t\t\t\t\t\t\t\t<p>Villa Cristina is a neo-Renaissance style building built at the end of the 19th century. This building has a quadrangular floor plan with three bodies and a structure in the shape of an H. It also has independent gable roofs. The access door is in the middle of the facade formed by two attached columns with volutes and a decorated lintel. It also has a house for the servants and the garage, located in an area of the estate. <\/p>\n\t\t\t\t\t\t\t\t\t<\/div>\n\t\t\t\t\t\t\t\t\t<img decoding=\"async\" src=\"https:\/\/cdn.pilgrim.es\/web\/caminos\/camino-norte\/pueblos\/luarca\/puntos-de-interes\/villa-cristina.jpg\" alt=\"Villa Cristina\">\n\t\t\t\t\t\t\t\t<\/div>\n\t\t\t\t\t\t\t<\/div>\n\t\t\t\t\t\t\n\t\t\t\t\t\t\t<div class=\"accordion__accordion-content inactive\">\n\t\t\t\t\t\t\t\t<div>\n\t\t\t\t\t\t\t\t\t<div>\n\t\t\t\t\t\t\t\t\t\t<h4>Villa Excelsior<\/h4>\n\t\t\t\t\t\t\t\t\t\t<p>Villa Excelsior is a large house built in the early twentieth century by Manuel de Busto. Its floor plan measures thirty meters long by twenty meters wide with a rectangular structure. It consists of three irregular bodies configuring an asymmetrical construction. In the corner of the building stands out the impressive tower covered with a green tile dome.\n\t\t\t\t\t\t\t\t\t<\/div>\n\t\t\t\t\t\t\t\t\t<img decoding=\"async\" src=\"https:\/\/cdn.pilgrim.es\/web\/caminos\/camino-norte\/pueblos\/luarca\/puntos-de-interes\/villa-excelsior.jpg\" alt=\"Villa Excelsior\">\n\t\t\t\t\t\t\t\t<\/div>\n\t\t\t\t\t\t\t<\/div>\n\t\t\t\t\t\t\n\t\t\t\t\t\t\t<div class=\"accordion__accordion-content inactive\">\n\t\t\t\t\t\t\t\t<div>\n\t\t\t\t\t\t\t\t\t<div>\n\t\t\t\t\t\t\t\t\t\t<h4>Ayuntamiento<\/h4>\n\t\t\t\t\t\t\t\t\t\t<p>They are both situated on a mound that served as a defensive bastion against attacks from the sea. It was first built in the 13th century although it subsequently underwent numerous modifications, especially in the 18th century. The fa\u00e7ade has a main door with a bell arch and light gray borders and lines outlined in black. Above this facade is the belfry with two pilasters and a small semicircular vault in which is the bell and the pediment finished in cross. <\/p>\n\n<p>It is a wooden building with a glass top and circular rose window, as well as a gable roof. The tower of the church has access to the upper part through a beautiful spiral staircase.\n\t\t\t\t\t\t\t\t\t<\/div>\n\t\t\t\t\t\t\t\t\t<img decoding=\"async\" src=\"https:\/\/cdn.pilgrim.es\/web\/caminos\/camino-norte\/pueblos\/luarca\/puntos-de-interes\/ayuntamiento.jpg\" alt=\"Ayuntamiento\">\n\t\t\t\t\t\t\t\t<\/div>\n\t\t\t\t\t\t\t<\/div>\n\t\t\t\t\t\t\n\t\t\t\t\t\t\t<div class=\"accordion__accordion-content inactive\">\n\t\t\t\t\t\t\t\t<div>\n\t\t\t\t\t\t\t\t\t<div>\n\t\t\t\t\t\t\t\t\t\t<h4>Atalaya y cementerio<\/h4>\n\t\t\t\t\t\t\t\t\t\t<p>They are both situated on a mound that served as a defensive bastion against attacks from the sea. It was first built in the 13th century although it subsequently underwent numerous modifications, especially in the 18th century. The fa\u00e7ade has a main door with a bell arch and light gray borders and lines outlined in black. Above this facade is the belfry with two pilasters and a small semicircular vault in which is the bell and the pediment finished in cross. <\/p>\n\n<p>It is a wooden building with a glass top and circular rose window, as well as a gable roof. The tower of the church has access to the upper part through a beautiful spiral staircase.\n\t\t\t\t\t\t\t\t\t<\/div>\n\t\t\t\t\t\t\t\t\t<img decoding=\"async\" src=\"https:\/\/cdn.pilgrim.es\/web\/caminos\/camino-norte\/pueblos\/luarca\/puntos-de-interes\/atalaya-y-cementerio.jpg\" alt=\"Atalaya y cementerio\">\n\t\t\t\t\t\t\t\t<\/div>\n\t\t\t\t\t\t\t<\/div>\n\t\t\t\t\t\t\n\t\t\t\t\t<\/div>\n\t\t\t\t<\/div>\n\t\t\t<\/div>\n\t\t\n\n\t\t<div id=\"phonesSection\">\n\t\t\t<div>\n\t\t\t\t<h2 class=\"p-h3-town\">Information of interest<\/h2>\n\t\t\t<\/div>\n\t\t\t<div class=\"grid\">\n\t\t\t\t\n\t\t\t\t\t<div class=\"phone-number-item\">\n\t\t\t\t\t\t<div class=\"phone-number-item__icon\"><i class=\"icon-police\"><\/i><\/div>\n\t\t\t\t\t\t<div class=\"phone-number-item__title\">\n\t\t\t\t\t\t\t<h3 class=\"p-font-bold\">Local police<\/h3>\n\t\t\t\t\t\t\t<p>985 470 708<\/p>\n\t\t\t\t\t\t\t\n\t\t\t\t\t\t<\/div>\n\t\t\t\t\t<\/div>\n\t\t\t\t\n\t\t\t\t\t<div class=\"phone-number-item\">\n\t\t\t\t\t\t<div class=\"phone-number-item__icon\"><i class=\"icon-spanish-military-police\"><\/i><\/div>\n\t\t\t\t\t\t<div class=\"phone-number-item__title\">\n\t\t\t\t\t\t\t<h3 class=\"p-font-bold\">Civil guard<\/h3>\n\t\t\t\t\t\t\t<p>985 640 565<\/p>\n\t\t\t\t\t\t\t\n\t\t\t\t\t\t<\/div>\n\t\t\t\t\t<\/div>\n\t\t\t\t\n\t\t\t\t\t<div class=\"phone-number-item\">\n\t\t\t\t\t\t<div class=\"phone-number-item__icon\"><i class=\"icon-firefighters\"><\/i><\/div>\n\t\t\t\t\t\t<div class=\"phone-number-item__title\">\n\t\t\t\t\t\t\t<h3 class=\"p-font-bold\">Fire department<\/h3>\n\t\t\t\t\t\t\t<p>985 640 680<\/p>\n\t\t\t\t\t\t\t\n\t\t\t\t\t\t<\/div>\n\t\t\t\t\t<\/div>\n\t\t\t\t\n\t\t\t\t\t<div class=\"phone-number-item\">\n\t\t\t\t\t\t<div class=\"phone-number-item__icon\"><i class=\"icon-civil-protection\"><\/i><\/div>\n\t\t\t\t\t\t<div class=\"phone-number-item__title\">\n\t\t\t\t\t\t\t<h3 class=\"p-font-bold\">Civil protection<\/h3>\n\t\t\t\t\t\t\t<p>659 942 158<\/p>\n\t\t\t\t\t\t\t\n\t\t\t\t\t\t<\/div>\n\t\t\t\t\t<\/div>\n\t\t\t\t\n\t\t\t\t\t<div class=\"phone-number-item\">\n\t\t\t\t\t\t<div class=\"phone-number-item__icon\"><i class=\"icon-town-council\"><\/i><\/div>\n\t\t\t\t\t\t<div class=\"phone-number-item__title\">\n\t\t\t\t\t\t\t<h3 class=\"p-font-bold\">Town hall<\/h3>\n\t\t\t\t\t\t\t<p>985 640 085<\/p>\n\t\t\t\t\t\t\t\n\t\t\t\t\t\t<\/div>\n\t\t\t\t\t<\/div>\n\t\t\t\t\n\t\t\t\t\t<div class=\"phone-number-item\">\n\t\t\t\t\t\t<div class=\"phone-number-item__icon\"><i class=\"icon-hospital\"><\/i><\/div>\n\t\t\t\t\t\t<div class=\"phone-number-item__title\">\n\t\t\t\t\t\t\t<h3 class=\"p-font-bold\">Health center<\/h3>\n\t\t\t\t\t\t\t<p>985 641 699<\/p>\n\t\t\t\t\t\t\t\n\t\t\t\t\t\t<\/div>\n\t\t\t\t\t<\/div>\n\t\t\t\t\n\t\t\t\t\t<div class=\"phone-number-item\">\n\t\t\t\t\t\t<div class=\"phone-number-item__icon\"><i class=\"icon-tourism\"><\/i><\/div>\n\t\t\t\t\t\t<div class=\"phone-number-item__title\">\n\t\t\t\t\t\t\t<h3 class=\"p-font-bold\">Tourism office<\/h3>\n\t\t\t\t\t\t\t<p>985 640 083<\/p>\n\t\t\t\t\t\t\t\n\t\t\t\t\t\t\t\t<p>Plaza Alfonso X el Sabio s\/n (Palacio del Marqu\u00e9s de Gamoneda)<\/p>\n\t\t\t\t\t\t\t\n\t\t\t\t\t\t<\/div>\n\t\t\t\t\t<\/div>\n\t\t\t\t\n\t\t\t<\/div>\n\t\t<\/div>\n\n\t\t<div id=\"clientForm\">\n        <section>\n        <img decoding=\"async\" src=\"https:\/\/cdn.pilgrim.es\/web\/home\/email-contacto.png\" alt=\"contacto\">\n        <div>\n            <p>We send you your itinerary<\/p>\n            <p>Enter your details and receive your travel itinerary by email <\/p>\n            <form method=\"post\" data-url=\"\/wp-admin\/admin-ajax.php\" id=\"planner--client\" class=\"flag-right form-client\">\n    <div class=\"form-data\">\n        <input name=\"form_id\" type=\"hidden\" value=\"Formulario Leads\">\n        <input name=\"type\" type=\"hidden\" value=\"planner_client\">\n        <input type=\"text\" name=\"nombre\" value=\"\" size=\"40\" class=\"form-control\" aria-required=\"true\" aria-invalid=\"false\" placeholder=\"Name\">\n        <input type=\"email\" name=\"email\" value=\"\" size=\"40\" class=\"form-control\" aria-required=\"true\" aria-invalid=\"false\" placeholder=\"Email\">\n        <input type=\"text\" id=\"phone-input\" name=\"tel\" value=\"\" size=\"40\" class=\"phone-input form-control\" aria-required=\"true\" aria-invalid=\"false\" placeholder=\"Telephone\">\n        <input type=\"hidden\" name=\"telefono\">\n    <\/div>\n    <div class=\"form-checkbox\">\n        <span>\n            Pilgrim Travel, S.L. informs, in accordance with Regulation 2016\/679, that the data used in this form will be used both for answering any queries and for the publication of comments, the basis of legitimacy being the consent of the user. The rights may be exercised in accordance with the provisions of our             <a href=\"https:\/\/www.pilgrim.es\/en\/privacy-policy\/\" target=\"_blank\" rel=\"noopener noreferrer nofollow\">Privacy Policy.<\/a>\n        <\/span>\n    <\/div>\n\n    <div class=\"form-submit\">\n        <button id=\"planner--client-create\" type=\"submit\">Contact form<\/button>\n        <div class=\"loadingDiv\"><i class=\"p-spinner\"><\/i><\/div>\n    <\/div>\n\n    <div class=\"contact-content-form-success\">\n        <p><i class=\"fas fa-check\"><\/i> The form has been sent successfully<\/p>\n    <\/div>\n\n    <div class=\"contact-content-form-error\">\n        <span class=\"input-error\"><\/span>\n    <\/div>\n<\/form>        <\/div>\n    <\/section>\n<\/div>\n\n\t\t<div id=\"recomendationSection\">\n\t\t\t<div>\n\t\t\t\t<h2 class=\"p-h2-town\">Recommended<\/h2>\n\t\t\t\t<hr>\n\t\t\t\t<h3 class=\"p-h3-town\">Gastronomy<\/h3>\n\t\t\t<\/div>\n\t\t\tLuarca&#8217;s gastronomy is influenced by Asturian gastronomy in general, although it has always maintained traditional recipes typical of the area, such as Luarca pixin soup, Luarca-style conger eel, fish and seafood stews, cabbage stew, fabada, bonito roll, squid in its own ink, elver, mackerel or sirloin steak pies.\n\nAlso of note are potatoes with chorizo sausage, tripe or any fish or seafood that comes from the clean waters of the area.\n\t\t<\/div>\n\n\n\t\t\n\t\t\t<div id=\"holidaysSection\">\n\t\t\t\t<div>\n\t\t\t\t\t<h2 class=\"p-h2-town\">Recommended<\/h2>\n\t\t\t\t\t<hr>\n\t\t\t\t\t<h3 class=\"p-h3-town\">Festivals and Pilgrimages<\/h3>\n\t\t\t\t<\/div>\n\t\t\t\t<div class=\"grid holidays-grid\">\n\t\t\t\t\t\n\t\t\t\t\t\t<div>\n\t\t\t\t\t\t\t<div class=\"phone-number-item\">\n\t\t\t\t\t\t\t\t<div class=\"phone-number-item__icon\"><i class=\"icon-holiday\"><\/i><\/div>\n\t\t\t\t\t\t\t\t<div class=\"phone-number-item__title dark-text\">\n\t\t\t\t\t\t\t\t\t<p class=\"p-font-bold\">Local festivity<\/p>\n\t\t\t\t\t\t\t\t\t<p>15 de agosto: Rosario<\/p>\n\t\t\t\t\t\t\t\t<\/div>\n\t\t\t\t\t\t\t<\/div>\n\t\t\t\t\t\t<\/div>\n\t\t\t\t\t\n\t\t\t\t\t\t<div>\n\t\t\t\t\t\t\t<div class=\"phone-number-item\">\n\t\t\t\t\t\t\t\t<div class=\"phone-number-item__icon\"><i class=\"icon-holiday\"><\/i><\/div>\n\t\t\t\t\t\t\t\t<div class=\"phone-number-item__title dark-text\">\n\t\t\t\t\t\t\t\t\t<p class=\"p-font-bold\">Local festivity<\/p>\n\t\t\t\t\t\t\t\t\t<p>22 de agosto: Fiesta de San Timoteo<\/p>\n\t\t\t\t\t\t\t\t<\/div>\n\t\t\t\t\t\t\t<\/div>\n\t\t\t\t\t\t<\/div>\n\t\t\t\t\t\n\t\t\t\t\t\t<div>\n\t\t\t\t\t\t\t<div class=\"phone-number-item\">\n\t\t\t\t\t\t\t\t<div class=\"phone-number-item__icon\"><i class=\"icon-holiday\"><\/i><\/div>\n\t\t\t\t\t\t\t\t<div class=\"phone-number-item__title dark-text\">\n\t\t\t\t\t\t\t\t\t<p class=\"p-font-bold\">Local festivity<\/p>\n\t\t\t\t\t\t\t\t\t<p>Finales de agosto: Fiesta de la Regalina<\/p>\n\t\t\t\t\t\t\t\t<\/div>\n\t\t\t\t\t\t\t<\/div>\n\t\t\t\t\t\t<\/div>\n\t\t\t\t\t\n\t\t\t\t\t\t<div>\n\t\t\t\t\t\t\t<div class=\"phone-number-item\">\n\t\t\t\t\t\t\t\t<div class=\"phone-number-item__icon\"><i class=\"icon-holiday\"><\/i><\/div>\n\t\t\t\t\t\t\t\t<div class=\"phone-number-item__title dark-text\">\n\t\t\t\t\t\t\t\t\t<p class=\"p-font-bold\">Local festivity<\/p>\n\t\t\t\t\t\t\t\t\t<p>\u00daltimo domingo de julio: Fiesta de la Vaqueirada<\/p>\n\t\t\t\t\t\t\t\t<\/div>\n\t\t\t\t\t\t\t<\/div>\n\t\t\t\t\t\t<\/div>\n\t\t\t\t\t\n\t\t\t\t<\/div>\n\t\t\t<\/div>\n\t\t\n\t<\/div>\n<\/section>\n\n<div id=\"stage_list_section\"><div class=\"stage-list\">\n    <div class='stage-list__map-card'>\n        <div class='stage-list__map-card__map'>\n            <div class='stage-list__map-card__map__text'>\n                <h2> Pages <\/h2>\n                <p> On foot<\/p>\n                <p> 0 stages<\/p>\n            <\/div>\n            <div class='stage-list__map-card__map__img'>\n                <img decoding=\"async\" src=\"\" alt=\" mapa \" \/>\n            <\/div>\n        <\/div>\n    <\/div>\n\n    <\/div>\n<\/div> ","protected":false},"excerpt":{"rendered":"<p>Luarca &#8249; Back to the stage Luarca Residents: 4.118 aprox. Province: Asturias Information Get to know Luarca Luarca is a small village in the municipality of Vald\u00e9s, its main economic activity is fishing although it is now closely related to the Camino de Santiago. This village has recently entered the selection of the 20 most &hellip; <\/p>\n<p class=\"read_more\"><a href=\"https:\/\/www.pilgrim.es\/en\/northern-way\/luarca\/\">Leer m\u00e1s<\/a><\/p>\n","protected":false},"author":0,"featured_media":7833,"parent":36318,"menu_order":0,"comment_status":"closed","ping_status":"closed","template":"views\/template-new-web-design.blade.php","meta":{"footnotes":""},"categories":[],"tags":[],"class_list":["post-91310","page","type-page","status-publish","has-post-thumbnail","hentry"],"yoast_head":"<!-- This site is optimized with the Yoast SEO plugin v27.4 - https:\/\/yoast.com\/product\/yoast-seo-wordpress\/ -->\n<title>Luarca: What to see and where to stay | Camino de Santiago | Pilgrim<\/title>\n<meta name=\"description\" content=\"Luarca Discover all the information you need about accommodation, how to get there, gastronomy and the main points of interest in the towns along the Northern Way.\" \/>\n<meta name=\"robots\" content=\"index, follow, max-snippet:-1, max-image-preview:large, max-video-preview:-1\" \/>\n<link rel=\"canonical\" href=\"https:\/\/www.pilgrim.es\/en\/northern-way\/luarca\/\" \/>\n<meta property=\"og:locale\" content=\"en_US\" \/>\n<meta property=\"og:type\" content=\"article\" \/>\n<meta property=\"og:title\" content=\"Luarca: What to see and where to stay | Camino de Santiago | Pilgrim\" \/>\n<meta property=\"og:description\" content=\"Luarca Discover all the information you need about accommodation, how to get there, gastronomy and the main points of interest in the towns along the Northern Way.\" \/>\n<meta property=\"og:url\" content=\"https:\/\/www.pilgrim.es\/en\/northern-way\/luarca\/\" \/>\n<meta property=\"og:site_name\" content=\"Pilgrim\" \/>\n<meta property=\"article:publisher\" content=\"https:\/\/www.facebook.com\/pilgrim.es\/\" \/>\n<meta property=\"og:image\" content=\"https:\/\/www.pilgrim.es\/wp-content\/uploads\/2019\/02\/puerto-de-luarca.jpg\" \/>\n\t<meta property=\"og:image:width\" content=\"1280\" \/>\n\t<meta property=\"og:image:height\" content=\"720\" \/>\n\t<meta property=\"og:image:type\" content=\"image\/jpeg\" \/>\n<meta name=\"twitter:card\" content=\"summary_large_image\" \/>\n<meta name=\"twitter:site\" content=\"@pilgrim_es\" \/>\n<meta name=\"twitter:label1\" content=\"Est. reading time\" \/>\n\t<meta name=\"twitter:data1\" content=\"12 minutes\" \/>\n<script type=\"application\/ld+json\" class=\"yoast-schema-graph\">{\"@context\":\"https:\\\/\\\/schema.org\",\"@graph\":[{\"@type\":\"WebPage\",\"@id\":\"https:\\\/\\\/www.pilgrim.es\\\/en\\\/northern-way\\\/luarca\\\/\",\"url\":\"https:\\\/\\\/www.pilgrim.es\\\/en\\\/northern-way\\\/luarca\\\/\",\"name\":\"Luarca: What to see and where to stay | Camino de Santiago | Pilgrim\",\"isPartOf\":{\"@id\":\"https:\\\/\\\/www.pilgrim.es\\\/en\\\/#website\"},\"primaryImageOfPage\":{\"@id\":\"https:\\\/\\\/www.pilgrim.es\\\/en\\\/northern-way\\\/luarca\\\/#primaryimage\"},\"image\":{\"@id\":\"https:\\\/\\\/www.pilgrim.es\\\/en\\\/northern-way\\\/luarca\\\/#primaryimage\"},\"thumbnailUrl\":\"https:\\\/\\\/www.pilgrim.es\\\/wp-content\\\/uploads\\\/2019\\\/02\\\/puerto-de-luarca.jpg\",\"datePublished\":\"2025-03-17T14:57:19+00:00\",\"description\":\"Luarca Discover all the information you need about accommodation, how to get there, gastronomy and the main points of interest in the towns along the Northern Way.\",\"breadcrumb\":{\"@id\":\"https:\\\/\\\/www.pilgrim.es\\\/en\\\/northern-way\\\/luarca\\\/#breadcrumb\"},\"inLanguage\":\"en-US\",\"potentialAction\":[{\"@type\":\"ReadAction\",\"target\":[\"https:\\\/\\\/www.pilgrim.es\\\/en\\\/northern-way\\\/luarca\\\/\"]}]},{\"@type\":\"ImageObject\",\"inLanguage\":\"en-US\",\"@id\":\"https:\\\/\\\/www.pilgrim.es\\\/en\\\/northern-way\\\/luarca\\\/#primaryimage\",\"url\":\"https:\\\/\\\/www.pilgrim.es\\\/wp-content\\\/uploads\\\/2019\\\/02\\\/puerto-de-luarca.jpg\",\"contentUrl\":\"https:\\\/\\\/www.pilgrim.es\\\/wp-content\\\/uploads\\\/2019\\\/02\\\/puerto-de-luarca.jpg\",\"width\":1280,\"height\":720,\"caption\":\"Luarca\"},{\"@type\":\"BreadcrumbList\",\"@id\":\"https:\\\/\\\/www.pilgrim.es\\\/en\\\/northern-way\\\/luarca\\\/#breadcrumb\",\"itemListElement\":[{\"@type\":\"ListItem\",\"position\":1,\"name\":\"Camino de Santiago\",\"item\":\"https:\\\/\\\/www.pilgrim.es\\\/en\\\/\"},{\"@type\":\"ListItem\",\"position\":2,\"name\":\"Northern Way\",\"item\":\"https:\\\/\\\/www.pilgrim.es\\\/en\\\/northern-way\\\/\"},{\"@type\":\"ListItem\",\"position\":3,\"name\":\"Luarca\"}]},{\"@type\":\"WebSite\",\"@id\":\"https:\\\/\\\/www.pilgrim.es\\\/en\\\/#website\",\"url\":\"https:\\\/\\\/www.pilgrim.es\\\/en\\\/\",\"name\":\"Pilgrim\",\"description\":\"Camino de Santiago | Caminamos Contigo\",\"publisher\":{\"@id\":\"https:\\\/\\\/www.pilgrim.es\\\/en\\\/#organization\"},\"potentialAction\":[{\"@type\":\"SearchAction\",\"target\":{\"@type\":\"EntryPoint\",\"urlTemplate\":\"https:\\\/\\\/www.pilgrim.es\\\/en\\\/?s={search_term_string}\"},\"query-input\":{\"@type\":\"PropertyValueSpecification\",\"valueRequired\":true,\"valueName\":\"search_term_string\"}}],\"inLanguage\":\"en-US\"},{\"@type\":\"Organization\",\"@id\":\"https:\\\/\\\/www.pilgrim.es\\\/en\\\/#organization\",\"name\":\"Pilgrim Camino de Santiago\",\"url\":\"https:\\\/\\\/www.pilgrim.es\\\/en\\\/\",\"logo\":{\"@type\":\"ImageObject\",\"inLanguage\":\"en-US\",\"@id\":\"https:\\\/\\\/www.pilgrim.es\\\/en\\\/#\\\/schema\\\/logo\\\/image\\\/\",\"url\":\"https:\\\/\\\/www.pilgrim.es\\\/wp-content\\\/uploads\\\/2019\\\/04\\\/logo_pilgrim.png\",\"contentUrl\":\"https:\\\/\\\/www.pilgrim.es\\\/wp-content\\\/uploads\\\/2019\\\/04\\\/logo_pilgrim.png\",\"width\":512,\"height\":512,\"caption\":\"Pilgrim Camino de Santiago\"},\"image\":{\"@id\":\"https:\\\/\\\/www.pilgrim.es\\\/en\\\/#\\\/schema\\\/logo\\\/image\\\/\"},\"sameAs\":[\"https:\\\/\\\/www.facebook.com\\\/pilgrim.es\\\/\",\"https:\\\/\\\/x.com\\\/pilgrim_es\",\"https:\\\/\\\/www.instagram.com\\\/pilgrim.es\\\/\",\"https:\\\/\\\/www.linkedin.com\\\/company\\\/pilgrim-camino-de-santiago\\\/\",\"https:\\\/\\\/www.pinterest.es\\\/pilgrimcaminodesantiago\\\/\",\"https:\\\/\\\/www.youtube.com\\\/channel\\\/UCIv2ZzFLXVqthkNF32rKedw\\\/featured\"]}]}<\/script>\n<!-- \/ Yoast SEO plugin. -->","yoast_head_json":{"title":"Luarca: What to see and where to stay | Camino de Santiago | Pilgrim","description":"Luarca Discover all the information you need about accommodation, how to get there, gastronomy and the main points of interest in the towns along the Northern Way.","robots":{"index":"index","follow":"follow","max-snippet":"max-snippet:-1","max-image-preview":"max-image-preview:large","max-video-preview":"max-video-preview:-1"},"canonical":"https:\/\/www.pilgrim.es\/en\/northern-way\/luarca\/","og_locale":"en_US","og_type":"article","og_title":"Luarca: What to see and where to stay | Camino de Santiago | Pilgrim","og_description":"Luarca Discover all the information you need about accommodation, how to get there, gastronomy and the main points of interest in the towns along the Northern Way.","og_url":"https:\/\/www.pilgrim.es\/en\/northern-way\/luarca\/","og_site_name":"Pilgrim","article_publisher":"https:\/\/www.facebook.com\/pilgrim.es\/","og_image":[{"width":1280,"height":720,"url":"https:\/\/www.pilgrim.es\/wp-content\/uploads\/2019\/02\/puerto-de-luarca.jpg","type":"image\/jpeg"}],"twitter_card":"summary_large_image","twitter_site":"@pilgrim_es","twitter_misc":{"Est. reading time":"12 minutes"},"schema":{"@context":"https:\/\/schema.org","@graph":[{"@type":"WebPage","@id":"https:\/\/www.pilgrim.es\/en\/northern-way\/luarca\/","url":"https:\/\/www.pilgrim.es\/en\/northern-way\/luarca\/","name":"Luarca: What to see and where to stay | Camino de Santiago | Pilgrim","isPartOf":{"@id":"https:\/\/www.pilgrim.es\/en\/#website"},"primaryImageOfPage":{"@id":"https:\/\/www.pilgrim.es\/en\/northern-way\/luarca\/#primaryimage"},"image":{"@id":"https:\/\/www.pilgrim.es\/en\/northern-way\/luarca\/#primaryimage"},"thumbnailUrl":"https:\/\/www.pilgrim.es\/wp-content\/uploads\/2019\/02\/puerto-de-luarca.jpg","datePublished":"2025-03-17T14:57:19+00:00","description":"Luarca Discover all the information you need about accommodation, how to get there, gastronomy and the main points of interest in the towns along the Northern Way.","breadcrumb":{"@id":"https:\/\/www.pilgrim.es\/en\/northern-way\/luarca\/#breadcrumb"},"inLanguage":"en-US","potentialAction":[{"@type":"ReadAction","target":["https:\/\/www.pilgrim.es\/en\/northern-way\/luarca\/"]}]},{"@type":"ImageObject","inLanguage":"en-US","@id":"https:\/\/www.pilgrim.es\/en\/northern-way\/luarca\/#primaryimage","url":"https:\/\/www.pilgrim.es\/wp-content\/uploads\/2019\/02\/puerto-de-luarca.jpg","contentUrl":"https:\/\/www.pilgrim.es\/wp-content\/uploads\/2019\/02\/puerto-de-luarca.jpg","width":1280,"height":720,"caption":"Luarca"},{"@type":"BreadcrumbList","@id":"https:\/\/www.pilgrim.es\/en\/northern-way\/luarca\/#breadcrumb","itemListElement":[{"@type":"ListItem","position":1,"name":"Camino de Santiago","item":"https:\/\/www.pilgrim.es\/en\/"},{"@type":"ListItem","position":2,"name":"Northern Way","item":"https:\/\/www.pilgrim.es\/en\/northern-way\/"},{"@type":"ListItem","position":3,"name":"Luarca"}]},{"@type":"WebSite","@id":"https:\/\/www.pilgrim.es\/en\/#website","url":"https:\/\/www.pilgrim.es\/en\/","name":"Pilgrim","description":"Camino de Santiago | Caminamos Contigo","publisher":{"@id":"https:\/\/www.pilgrim.es\/en\/#organization"},"potentialAction":[{"@type":"SearchAction","target":{"@type":"EntryPoint","urlTemplate":"https:\/\/www.pilgrim.es\/en\/?s={search_term_string}"},"query-input":{"@type":"PropertyValueSpecification","valueRequired":true,"valueName":"search_term_string"}}],"inLanguage":"en-US"},{"@type":"Organization","@id":"https:\/\/www.pilgrim.es\/en\/#organization","name":"Pilgrim Camino de Santiago","url":"https:\/\/www.pilgrim.es\/en\/","logo":{"@type":"ImageObject","inLanguage":"en-US","@id":"https:\/\/www.pilgrim.es\/en\/#\/schema\/logo\/image\/","url":"https:\/\/www.pilgrim.es\/wp-content\/uploads\/2019\/04\/logo_pilgrim.png","contentUrl":"https:\/\/www.pilgrim.es\/wp-content\/uploads\/2019\/04\/logo_pilgrim.png","width":512,"height":512,"caption":"Pilgrim Camino de Santiago"},"image":{"@id":"https:\/\/www.pilgrim.es\/en\/#\/schema\/logo\/image\/"},"sameAs":["https:\/\/www.facebook.com\/pilgrim.es\/","https:\/\/x.com\/pilgrim_es","https:\/\/www.instagram.com\/pilgrim.es\/","https:\/\/www.linkedin.com\/company\/pilgrim-camino-de-santiago\/","https:\/\/www.pinterest.es\/pilgrimcaminodesantiago\/","https:\/\/www.youtube.com\/channel\/UCIv2ZzFLXVqthkNF32rKedw\/featured"]}]}},"_links":{"self":[{"href":"https:\/\/www.pilgrim.es\/en\/wp-json\/wp\/v2\/pages\/91310","targetHints":{"allow":["GET"]}}],"collection":[{"href":"https:\/\/www.pilgrim.es\/en\/wp-json\/wp\/v2\/pages"}],"about":[{"href":"https:\/\/www.pilgrim.es\/en\/wp-json\/wp\/v2\/types\/page"}],"replies":[{"embeddable":true,"href":"https:\/\/www.pilgrim.es\/en\/wp-json\/wp\/v2\/comments?post=91310"}],"version-history":[{"count":0,"href":"https:\/\/www.pilgrim.es\/en\/wp-json\/wp\/v2\/pages\/91310\/revisions"}],"up":[{"embeddable":true,"href":"https:\/\/www.pilgrim.es\/en\/wp-json\/wp\/v2\/pages\/36318"}],"wp:featuredmedia":[{"embeddable":true,"href":"https:\/\/www.pilgrim.es\/en\/wp-json\/wp\/v2\/media\/7833"}],"wp:attachment":[{"href":"https:\/\/www.pilgrim.es\/en\/wp-json\/wp\/v2\/media?parent=91310"}],"wp:term":[{"taxonomy":"category","embeddable":true,"href":"https:\/\/www.pilgrim.es\/en\/wp-json\/wp\/v2\/categories?post=91310"},{"taxonomy":"post_tag","embeddable":true,"href":"https:\/\/www.pilgrim.es\/en\/wp-json\/wp\/v2\/tags?post=91310"}],"curies":[{"name":"wp","href":"https:\/\/api.w.org\/{rel}","templated":true}]}}