{"id":91298,"date":"2025-03-17T14:54:58","date_gmt":"2025-03-17T14:54:58","guid":{"rendered":"https:\/\/www.pilgrim.es\/northern-way\/aviles\/"},"modified":"2025-03-17T14:54:58","modified_gmt":"2025-03-17T14:54:58","slug":"aviles","status":"publish","type":"page","link":"https:\/\/www.pilgrim.es\/en\/northern-way\/aviles\/","title":{"rendered":"Avil\u00e9s"},"content":{"rendered":" <section id=\"hero\">\n\t<h1>Avil\u00e9s<\/h1>\n\t<div class=\"hero-grid\">\n\t\t<div class=\"hero-grid__town-col\" data-background=\"https:\/\/cdn.pilgrim.es\/web\/caminos\/camino-norte\/pueblos\/aviles.jpg\">\n\t\t\t<div>\n\t\t\t\t<a class=\"link-to-stage\" href=\"https:\/\/www.pilgrim.es\/camino-norte\/etapa-21-gijon-aviles\/\">\n\t\t\t\t\t<p>&#8249; Back to the stage<\/p>\n\t\t\t\t<\/a>\n\n\t\t\t\t<div class=\"town-data\">\n\t\t\t\t\t<h2>Avil\u00e9s<\/h2>\n\t\t\t\t\t<ul>\n\t\t\t\t\t\t<li>Residents: 81.659 aprox.<\/li>\n\t\t\t\t\t\t<li>Province: Asturias<\/li>\n\t\t\t\t\t<\/ul>\n\t\t\t\t<\/div>\n\t\t\t<\/div>\n\t\t<\/div>\n\t\t<div class=\"hero-grid__planner-col\"><div\r\n  class=\"p-col-span-1 p-rounded-lg p-px-5 p-h-full\"\r\n  style=\"background-image: url('https:\/\/cdn.pilgrim.es\/web\/pilgrim-planner\/bg-plugin-planificador.webp')\"\r\n  rel=\"preload\"\r\n  fetchpriority=\"high\"\r\n  >\r\n    <div class=\"p-text-center p-pt-5 p-text-white p-text-2xl p-font-semibold\">\r\n      Plan your journey    <\/div>\r\n    <div\r\n            id='primary-app'\r\n            data-name='banner'\r\n            data-api='https:\/\/pathfinder.pilgrim.es\/api\/pathfinder\/v2'\r\n            data-mode='normal'\r\n            data-lang='en'\r\n            data-route='1'\r\n            data-destiny='https:\/\/planificador.pilgrim.es'\r\n            data-modality='1'\r\n            data-inline=''\r\n        ><\/div><\/div><\/div>\n\t<\/div>\n<\/section>\n\n<section id=\"infoTown\">\n\t<div class=\"sections-town\">\n\n\t\t<div id=\"informationSection\">\n\t\t\t<div>\n\t\t\t\t<h2 class=\"p-h2-town\">Information<\/h2>\n\t\t\t\t<hr>\n\t\t\t\t<h3 class=\"p-h3-town\">Get to know Avil\u00e9s<\/h3>\n\t\t\t<\/div>\n\t\t\t<p>The city of Aviles is located on both sides of the river of the same name. It is the second most important commercial port of the autonomous community and the first fishing port, which is why it has a great fishing tradition and also has a strong history linked to the industrial sector, specifically the steel industry.<\/p> <p>Pilgrims who have decided to follow the Camino del Norte can find everything they want and need in this great cosmopolitan city.<\/p> <p>\n\t\t<\/div>\n\n\t\t<div id=\"locationSection\">\n\t\t\t<div>\n\t\t\t\t<h2 class=\"p-h2-town\">Location<\/h2>\n\t\t\t\t<hr>\n\t\t\t\t<h3 class=\"p-h3-town\">How to get there<\/h3>\n\t\t\t<\/div>\n\t\t\t<p>To the town of Aviles reach two major roads, the A-8, Cantabrian highway and the AI-81 highway Ruta de la Plata, thus is communicated the city with the northern half of the peninsula and the south of the peninsula. There are also roads such as the N-632, AS-17, AS-19, AS-237, AS-238 and CV-2.\n\n<p>In the city there is a railroad station and bus station offering regular lines that communicate with Oviedo, San Juan de Nieva, Guij\u00f3n, Cudillero, and other Asturian and national centers.\n\t\t\t<div>\n\t\t\t\t<div>\n  <iframe loading=\"lazy\"\n    src=\"https:\/\/www.google.com\/maps\/d\/embed?mid=1SMWKvhIVqKo9v9LiEzY3YTlyyTH7rUE&amp;ehbc=2E312F\"\n    width=\"640\"\n    height=\"480\"\n    alt=\"Mapa Avil\u00e9s\"\n  ><\/iframe>\n<\/div>\n\n\t\t\t<\/div>\n\t\t<\/div>\n\n\t\t\n\t\t\t<div id=\"toVisitSection\">\n\t\t\t\t<div>\n\t\t\t\t\t<h2 class=\"p-h2-town\">History \/ Culture<\/h2>\n\t\t\t\t\t<hr>\n\t\t\t\t\t<h3 class=\"p-h3-town\">What to see<\/h3>\n\t\t\t\t<\/div>\n\t\t\t\t<div>\n\t\t\t\t\t<div class=\"accordion\">\n\t\t\t\t\t\t<div class=\"accordion__menu\">\n\t\t\t\t\t\t\t<nav>\n\t\t\t\t\t\t\t\t\n\t\t\t\t\t\t\t\t\t<button class=\"nav-tab-accordion active\"><span>&#10093;<\/span><span> Capilla de Santa Maria de las Alas<\/span><\/button>\n\t\t\t\t\t\t\t\t\n\t\t\t\t\t\t\t\t\t<button class=\"nav-tab-accordion \"><span>&#10093;<\/span><span> Casco Histo\u0301rico<\/span><\/button>\n\t\t\t\t\t\t\t\t\n\t\t\t\t\t\t\t\t\t<button class=\"nav-tab-accordion \"><span>&#10093;<\/span><span> Factoria Cultural<\/span><\/button>\n\t\t\t\t\t\t\t\t\n\t\t\t\t\t\t\t\t\t<button class=\"nav-tab-accordion \"><span>&#10093;<\/span><span> Faro de San Juan<\/span><\/button>\n\t\t\t\t\t\t\t\t\n\t\t\t\t\t\t\t\t\t<button class=\"nav-tab-accordion \"><span>&#10093;<\/span><span> Fuente de los can\u0303os de San Francisco<\/span><\/button>\n\t\t\t\t\t\t\t\t\n\t\t\t\t\t\t\t\t\t<button class=\"nav-tab-accordion \"><span>&#10093;<\/span><span> Iglesia de los Padres Franciscanos<\/span><\/button>\n\t\t\t\t\t\t\t\t\n\t\t\t\t\t\t\t\t\t<button class=\"nav-tab-accordion \"><span>&#10093;<\/span><span> Iglesia de San Nicola\u0301s de Bari<\/span><\/button>\n\t\t\t\t\t\t\t\t\n\t\t\t\t\t\t\t\t\t<button class=\"nav-tab-accordion \"><span>&#10093;<\/span><span> Iglesia de Santa Maria Magdalena de los Corros<\/span><\/button>\n\t\t\t\t\t\t\t\t\n\t\t\t\t\t\t\t\t\t<button class=\"nav-tab-accordion \"><span>&#10093;<\/span><span> Iglesia de Santo Tom\u00e1s de Canterbury<\/span><\/button>\n\t\t\t\t\t\t\t\t\n\t\t\t\t\t\t\t\t\t<button class=\"nav-tab-accordion \"><span>&#10093;<\/span><span> Iglesia vieja de Sabugo<\/span><\/button>\n\t\t\t\t\t\t\t\t\n\t\t\t\t\t\t\t\t\t<button class=\"nav-tab-accordion \"><span>&#10093;<\/span><span> Museo Alfercam<\/span><\/button>\n\t\t\t\t\t\t\t\t\n\t\t\t\t\t\t\t\t\t<button class=\"nav-tab-accordion \"><span>&#10093;<\/span><span> Museo de la historia urbana<\/span><\/button>\n\t\t\t\t\t\t\t\t\n\t\t\t\t\t\t\t\t\t<button class=\"nav-tab-accordion \"><span>&#10093;<\/span><span> Palacio de Balsera<\/span><\/button>\n\t\t\t\t\t\t\t\t\n\t\t\t\t\t\t\t\t\t<button class=\"nav-tab-accordion \"><span>&#10093;<\/span><span> Palacio de Camposagrado<\/span><\/button>\n\t\t\t\t\t\t\t\t\n\t\t\t\t\t\t\t\t\t<button class=\"nav-tab-accordion \"><span>&#10093;<\/span><span> Palacio de Ferrera<\/span><\/button>\n\t\t\t\t\t\t\t\t\n\t\t\t\t\t\t\t\t\t<button class=\"nav-tab-accordion \"><span>&#10093;<\/span><span> Palacio de Llano Ponte<\/span><\/button>\n\t\t\t\t\t\t\t\t\n\t\t\t\t\t\t\t\t\t<button class=\"nav-tab-accordion \"><span>&#10093;<\/span><span> Palacio de Valdecarzana<\/span><\/button>\n\t\t\t\t\t\t\t\t\n\t\t\t\t\t\t\t\t\t<button class=\"nav-tab-accordion \"><span>&#10093;<\/span><span> Palacio municipal<\/span><\/button>\n\t\t\t\t\t\t\t\t\n\t\t\t\t\t\t\t\t\t<button class=\"nav-tab-accordion \"><span>&#10093;<\/span><span> Parque del Muelle<\/span><\/button>\n\t\t\t\t\t\t\t\t\n\t\t\t\t\t\t\t\t\t<button class=\"nav-tab-accordion \"><span>&#10093;<\/span><span> Parque Ferrera<\/span><\/button>\n\t\t\t\t\t\t\t\t\n\t\t\t\t\t\t\t\t\t<button class=\"nav-tab-accordion \"><span>&#10093;<\/span><span> Plaza Mayor<\/span><\/button>\n\t\t\t\t\t\t\t\t\n\t\t\t\t\t\t\t\t\t<button class=\"nav-tab-accordion \"><span>&#10093;<\/span><span> Centro Cultural Internacional<\/span><\/button>\n\t\t\t\t\t\t\t\t\n\t\t\t\t\t\t\t\t\t<button class=\"nav-tab-accordion \"><span>&#10093;<\/span><span> Teatro palacio Valde\u0301s<\/span><\/button>\n\t\t\t\t\t\t\t\t\n\t\t\t\t\t\t\t<\/nav>\n\t\t\t\t\t\t<\/div>\n\n\t\t\t\t\t\t\n\t\t\t\t\t\t\t<div class=\"accordion__accordion-content \">\n\t\t\t\t\t\t\t\t<div>\n\t\t\t\t\t\t\t\t\t<div>\n\t\t\t\t\t\t\t\t\t\t<h4>Capilla de Santa Maria de las Alas<\/h4>\n\t\t\t\t\t\t\t\t\t\t<p>The chapel of Santa Maria de las Alas is one of the best examples of the Gothic style of the thirteenth century in Asturias and its function had to do with burials, that is, it is a funerary monument that in earlier times was used to bury people. Therefore, in its north and south walls are located four graves in arcosolio and on the floor four others.\n\n<p>This chapel is distributed around a square floor and is composed of ashlar walls. The exterior doorway of the chapel has a slightly pointed double archivolt arch, supported by four jambs with four shafts and capitals decorated with human heads. The chapel has damage to its southwest wall, due to later buildings.\n\n<p>Outstanding from its interior is the ogival-shaped vault, from which four corbels decorated with human heads protrude.\n\t\t\t\t\t\t\t\t\t<\/div>\n\t\t\t\t\t\t\t\t\t<img decoding=\"async\" src=\"https:\/\/cdn.pilgrim.es\/web\/caminos\/camino-norte\/pueblos\/aviles\/puntos-de-interes\/capilla-de-santa-maria-de-las-alas.jpg\" alt=\"Capilla de Santa Maria de las Alas\">\n\t\t\t\t\t\t\t\t<\/div>\n\t\t\t\t\t\t\t<\/div>\n\t\t\t\t\t\t\n\t\t\t\t\t\t\t<div class=\"accordion__accordion-content inactive\">\n\t\t\t\t\t\t\t\t<div>\n\t\t\t\t\t\t\t\t\t<div>\n\t\t\t\t\t\t\t\t\t\t<h4>Casco Histo\u0301rico<\/h4>\n\t\t\t\t\t\t\t\t\t\t<p>This whole area was declared a Historic-Artistic Site in the fifties, as it houses some of the most important monuments, both civil and religious, of the city. It boasts the second best preserved historic center of the Asturian community, only behind that of Oviedo. The remains of the old wall that surrounded the town and several palaces and stately homes, such as the Ferrera Palace, the Camposagrado Palace and the Valdecarzana Palace, among others, stand out. As for religious monuments, it houses the chapel of Alas, the church of San Nicol\u00e1s de Bari and Sabugo, among many others. It also stands out for its countless squares, fountains and cobbled streets and asoportalada; perfect places where you can immerse yourself in the history of this magnificent town. <\/p>\n\t\t\t\t\t\t\t\t\t<\/div>\n\t\t\t\t\t\t\t\t\t<img decoding=\"async\" src=\"https:\/\/cdn.pilgrim.es\/web\/caminos\/camino-norte\/pueblos\/aviles\/puntos-de-interes\/casco-historico.jpg\" alt=\"Casco Histo\u0301rico\">\n\t\t\t\t\t\t\t\t<\/div>\n\t\t\t\t\t\t\t<\/div>\n\t\t\t\t\t\t\n\t\t\t\t\t\t\t<div class=\"accordion__accordion-content inactive\">\n\t\t\t\t\t\t\t\t<div>\n\t\t\t\t\t\t\t\t\t<div>\n\t\t\t\t\t\t\t\t\t\t<h4>Factoria Cultural<\/h4>\n\t\t\t\t\t\t\t\t\t\t<p>The Cultural Factory of Avil\u00e9s is located on the old building that, in former times, housed an old shirt factory. This was inaugurated in 2010 and is divided into four floors, where we can find the library for the students of the center, the warehouse, two changing rooms, two computer classrooms, four classrooms for ceramics workshops, a classroom dedicated to painting workshop, a classroom to learn skills in bookbinding, leather goods and glass and another classroom for engraving.<\/p> <p>\n\n<p>The interior of the building also houses the Municipal School of Ceramics and the Popular University. Therefore, in this center, each year is held the Ceramics Fair, which is attended by numerous ceramic artists from different backgrounds and the White Night, which tries to get citizens to participate actively in the programs of activities that take place (exhibitions, workshops, concerts, etc.)<\/p> <p>.\n\t\t\t\t\t\t\t\t\t<\/div>\n\t\t\t\t\t\t\t\t\t<img decoding=\"async\" src=\"https:\/\/cdn.pilgrim.es\/web\/caminos\/camino-norte\/pueblos\/aviles\/puntos-de-interes\/factoria-cultural.jpg\" alt=\"Factoria Cultural\">\n\t\t\t\t\t\t\t\t<\/div>\n\t\t\t\t\t\t\t<\/div>\n\t\t\t\t\t\t\n\t\t\t\t\t\t\t<div class=\"accordion__accordion-content inactive\">\n\t\t\t\t\t\t\t\t<div>\n\t\t\t\t\t\t\t\t\t<div>\n\t\t\t\t\t\t\t\t\t\t<h4>Faro de San Juan<\/h4>\n\t\t\t\t\t\t\t\t\t\t<p>Also known as the lighthouse of San Juan is located in the middle of the estuary of Aviles, specifically at the &#8220;tip of the castle. Its construction dates back to the mid-nineteenth century, there being an initial project that intended to locate it in the nearby tip of Horcada but being this so exposed to the continuous storms that hit these shores was finally decided by this other area. <\/p>\n\n<p>In addition to its main function of guiding the boats, due to its strategic location, it is an exceptional viewpoint of the entire estuary of Aviles, there is a small garden that borders it and very close to an old military battery<\/p> <p>.\n\t\t\t\t\t\t\t\t\t<\/div>\n\t\t\t\t\t\t\t\t\t<img decoding=\"async\" src=\"https:\/\/cdn.pilgrim.es\/web\/caminos\/camino-norte\/pueblos\/aviles\/puntos-de-interes\/faro-de-san-juan.jpg\" alt=\"Faro de San Juan\">\n\t\t\t\t\t\t\t\t<\/div>\n\t\t\t\t\t\t\t<\/div>\n\t\t\t\t\t\t\n\t\t\t\t\t\t\t<div class=\"accordion__accordion-content inactive\">\n\t\t\t\t\t\t\t\t<div>\n\t\t\t\t\t\t\t\t\t<div>\n\t\t\t\t\t\t\t\t\t\t<h4>Fuente de los can\u0303os de San Francisco<\/h4>\n\t\t\t\t\t\t\t\t\t\t<p>The Ca\u00f1os de San Francisco is one of the most unique fountains in the area as it consists of a front from which six taps in the shape of a human head emerge from which water flows into a rectangular basin. <\/p>\n\n<p>The three coats of arms on the front are also noteworthy, two of them of Avil\u00e9s and the other of royal arms.\n\t\t\t\t\t\t\t\t\t<\/div>\n\t\t\t\t\t\t\t\t\t<img decoding=\"async\" src=\"https:\/\/cdn.pilgrim.es\/web\/caminos\/camino-norte\/pueblos\/aviles\/puntos-de-interes\/fuente-de-los-canos-de-san-francisco.jpg\" alt=\"Fuente de los can\u0303os de San Francisco\">\n\t\t\t\t\t\t\t\t<\/div>\n\t\t\t\t\t\t\t<\/div>\n\t\t\t\t\t\t\n\t\t\t\t\t\t\t<div class=\"accordion__accordion-content inactive\">\n\t\t\t\t\t\t\t\t<div>\n\t\t\t\t\t\t\t\t\t<div>\n\t\t\t\t\t\t\t\t\t\t<h4>Iglesia de los Padres Franciscanos<\/h4>\n\t\t\t\t\t\t\t\t\t\t<p>Church dedicated to San Antonio de Padua and built in the 12th century in Romanesque style. Of this construction highlights its abundant decoration in the capitals, corbels and metopes and the scene of original sin carved in one of the capitals. Inside is the tomb of Pedro Men\u00e9ndez, founder of the oldest city in the United States of America: St. Augustine (Florida).\n\t\t\t\t\t\t\t\t\t<\/div>\n\t\t\t\t\t\t\t\t\t<img decoding=\"async\" src=\"https:\/\/cdn.pilgrim.es\/web\/caminos\/camino-norte\/pueblos\/aviles\/puntos-de-interes\/iglesia-de-los-padres-franciscanos.jpg\" alt=\"Iglesia de los Padres Franciscanos\">\n\t\t\t\t\t\t\t\t<\/div>\n\t\t\t\t\t\t\t<\/div>\n\t\t\t\t\t\t\n\t\t\t\t\t\t\t<div class=\"accordion__accordion-content inactive\">\n\t\t\t\t\t\t\t\t<div>\n\t\t\t\t\t\t\t\t\t<div>\n\t\t\t\t\t\t\t\t\t\t<h4>Iglesia de San Nicola\u0301s de Bari<\/h4>\n\t\t\t\t\t\t\t\t\t\t<p>The Church of San Nicol\u00e1s de Bari is currently the headquarters of the Franciscan Fathers but was originally built to meet the needs of the population of Aviles between the twelfth and thirteenth centuries. From this period it preserves the western doorway, its window and the front wall. This window forms two semicircular archivolts and has a dust cap, however in its columns you can hardly recognize the decoration of the capitals they present. <\/p>\n\n<p>This temple was subjected to numerous later reforms and additions such as the Chapel of the Wings or the Chapel of Pedro Solis.<\/p> <p>The church has been subjected to numerous later reforms and additions such as the Chapel of the Wings or the Chapel of Pedro Solis.\n\n<p>The main entrance to this temple is located on the west facade, which has a projecting body with tiled roof supported by corbels and from which stands out the figure of a feline with open claws. This doorway also has three semicircular archivolts protected by a checkered dust cap. Of these archivolts, the outer ones are supported on columns with capitals while the inner one is supported on jambs. The capitals of the doorway are decorated, on the left side, with the Original Sin and on the right side with two birds facing each other.\n\t\t\t\t\t\t\t\t\t<\/div>\n\t\t\t\t\t\t\t\t\t<img decoding=\"async\" src=\"https:\/\/cdn.pilgrim.es\/web\/caminos\/camino-norte\/pueblos\/aviles\/puntos-de-interes\/iglesia-de-san-nicolas-de-bari.jpg\" alt=\"Iglesia de San Nicola\u0301s de Bari\">\n\t\t\t\t\t\t\t\t<\/div>\n\t\t\t\t\t\t\t<\/div>\n\t\t\t\t\t\t\n\t\t\t\t\t\t\t<div class=\"accordion__accordion-content inactive\">\n\t\t\t\t\t\t\t\t<div>\n\t\t\t\t\t\t\t\t\t<div>\n\t\t\t\t\t\t\t\t\t\t<h4>Iglesia de Santa Maria Magdalena de los Corros<\/h4>\n\t\t\t\t\t\t\t\t\t\t<p>The church of Santa Mar\u00eda Magdalena de los Corros was built between the end of the 12th century and the beginning of the 13th century, although only the western doorway and the triumphal arch remain from its origins. Originally it was a temple of small proportions that had a single nave and straight chancel. <\/p>\n\n<p>The triumphal arch of the church is quite sober and has two semicircular archivolts without any decoration, its imposts are smooth and the decoration of the capitals is composed of plant motifs. However, the western doorway is much more elaborate since it has two semicircular archivolts protected by a decorated with checkerboard and semicircular decoration. The first archivolt has a thread with a zigzag motif and the second houses a succession of circles and a concave molding with small trefoils and a bocel with semicircles on the intrados. <\/p>\n\t\t\t\t\t\t\t\t\t<\/div>\n\t\t\t\t\t\t\t\t\t<img decoding=\"async\" src=\"https:\/\/cdn.pilgrim.es\/web\/caminos\/camino-norte\/pueblos\/aviles\/puntos-de-interes\/iglesia-de-santa-maria-magdalena-de-los-corros.jpg\" alt=\"Iglesia de Santa Maria Magdalena de los Corros\">\n\t\t\t\t\t\t\t\t<\/div>\n\t\t\t\t\t\t\t<\/div>\n\t\t\t\t\t\t\n\t\t\t\t\t\t\t<div class=\"accordion__accordion-content inactive\">\n\t\t\t\t\t\t\t\t<div>\n\t\t\t\t\t\t\t\t\t<div>\n\t\t\t\t\t\t\t\t\t\t<h4>Iglesia de Santo Tom\u00e1s de Canterbury<\/h4>\n\t\t\t\t\t\t\t\t\t\t<p>The Church of Santo Tom\u00e1s de Cantorbery also popularly known as the New Church of Sabugo has a single nave distributed around a basilica plan that ends in a semicircular chancel. <\/p>\n\n<p>It is worth mentioning the main fa\u00e7ade due to the portal composed of four archivolts with bocel moldings and barely decorated spouts that rest on columns topped by four capitals on each side with carvings in which the decorations are combined. On the sides of the temple there is also a doorway formed by three semicircular arches and capitals with vegetal and animal decoration.\n\n<p>In its interior it has an elevated choir and two chapels on the gospel side. At present it is covered by a vault with lunettes in the nave and a ribbed vault in the chancel. <\/p>\n\t\t\t\t\t\t\t\t\t<\/div>\n\t\t\t\t\t\t\t\t\t<img decoding=\"async\" src=\"https:\/\/cdn.pilgrim.es\/web\/caminos\/camino-norte\/pueblos\/aviles\/puntos-de-interes\/iglesia-de-santo-tomas-de-canterbury.jpg\" alt=\"Iglesia de Santo Tom\u00e1s de Canterbury\">\n\t\t\t\t\t\t\t\t<\/div>\n\t\t\t\t\t\t\t<\/div>\n\t\t\t\t\t\t\n\t\t\t\t\t\t\t<div class=\"accordion__accordion-content inactive\">\n\t\t\t\t\t\t\t\t<div>\n\t\t\t\t\t\t\t\t\t<div>\n\t\t\t\t\t\t\t\t\t\t<h4>Iglesia vieja de Sabugo<\/h4>\n\t\t\t\t\t\t\t\t\t\t<p>The Old Church of Sabugo is considered one of the main signs of identity of the city of Avil\u00e9s since, in addition to being located in the old part of the city, it preserves the single nave and semicircular apse of its origins in the thirteenth century.<\/p> <p>The Old Church of Sabugo is considered one of the main signs of identity of the city of Avil\u00e9s.\n\n<p>Subsequently, this church was modified and enlarged in the XVII-XVIII centuries opening large openings and raising the elevation and cover with masonry and ashlar. It is worth mentioning the south doorway, formed by a projecting body of the building and covered with tile roof supported by corbels and the western doorway, which houses the main entrance to the temple formed by four archivolts supported on columns and capitals decorated with animals and plants. <\/p>\n\t\t\t\t\t\t\t\t\t<\/div>\n\t\t\t\t\t\t\t\t\t<img decoding=\"async\" src=\"https:\/\/cdn.pilgrim.es\/web\/caminos\/camino-norte\/pueblos\/aviles\/puntos-de-interes\/iglesia-vieja-de-sabugo.jpg\" alt=\"Iglesia vieja de Sabugo\">\n\t\t\t\t\t\t\t\t<\/div>\n\t\t\t\t\t\t\t<\/div>\n\t\t\t\t\t\t\n\t\t\t\t\t\t\t<div class=\"accordion__accordion-content inactive\">\n\t\t\t\t\t\t\t\t<div>\n\t\t\t\t\t\t\t\t\t<div>\n\t\t\t\t\t\t\t\t\t\t<h4>Museo Alfercam<\/h4>\n\t\t\t\t\t\t\t\t\t\t<p>The Alfercam Museum is an interactive space that allows, through headphones provided at the entrance, to discover the different types of ethnic music, even being able to hear the war sounds of war vehicles. <\/p>\n\n<p>This is divided into two parts, the automotive area, where visitors can learn about the cars and motorcycles of the previous century and the music area with approximately 500 instruments.\n\n<p>HOURS<\/p>\n\n<p>Monday to Sunday from 11:00 to 14:00 and from 16:00 to 20:00<\/p>\n\n<p>INFORMATION OF INTEREST<\/p>\n\n<p>Web: www.museoalfercam.com Telephone: 984 839 115<\/p>\n\t\t\t\t\t\t\t\t\t<\/div>\n\t\t\t\t\t\t\t\t\t<img decoding=\"async\" src=\"https:\/\/cdn.pilgrim.es\/web\/caminos\/camino-norte\/pueblos\/aviles\/puntos-de-interes\/museo-alfercam.jpg\" alt=\"Museo Alfercam\">\n\t\t\t\t\t\t\t\t<\/div>\n\t\t\t\t\t\t\t<\/div>\n\t\t\t\t\t\t\n\t\t\t\t\t\t\t<div class=\"accordion__accordion-content inactive\">\n\t\t\t\t\t\t\t\t<div>\n\t\t\t\t\t\t\t\t\t<div>\n\t\t\t\t\t\t\t\t\t\t<h4>Museo de la historia urbana<\/h4>\n\t\t\t\t\t\t\t\t\t\t<p>The Urban History Museum is located in the historic center of the town of Avil\u00e9s, specifically in the street of La Ferrer\u00eda in front of the church of San Nicol\u00e1s de Bari and the Oscar Niemeyer International Cultural Center.<\/p> <p>The Museum of Urban History is located in the historic center of the town of Avil\u00e9s, specifically in the street of La Ferrer\u00eda in front of the church of San Nicol\u00e1s de Bari and the Oscar Niemeyer International Cultural Center.\n\n<p>The museum offers a curious circuit that begins telling the evolution of Avil\u00e9s, connecting with the room in which the current situation is explained through a large window. From the window you can contemplate the work of Oscar Niemeyer, the only one he created in Spain.<\/p> &lt;p\n\t\t\t\t\t\t\t\t\t<\/div>\n\t\t\t\t\t\t\t\t\t<img decoding=\"async\" src=\"https:\/\/cdn.pilgrim.es\/web\/caminos\/camino-norte\/pueblos\/aviles\/puntos-de-interes\/museo-de-la-historia-urbana.jpg\" alt=\"Museo de la historia urbana\">\n\t\t\t\t\t\t\t\t<\/div>\n\t\t\t\t\t\t\t<\/div>\n\t\t\t\t\t\t\n\t\t\t\t\t\t\t<div class=\"accordion__accordion-content inactive\">\n\t\t\t\t\t\t\t\t<div>\n\t\t\t\t\t\t\t\t\t<div>\n\t\t\t\t\t\t\t\t\t\t<h4>Palacio de Balsera<\/h4>\n\t\t\t\t\t\t\t\t\t\t<p>The Balsera Palace, declared of Cultural Interest since 1991, is located in the city of Aviles and was built in the first decade of the twentieth century at the request of Victoriano Fernandez Balsera, a wealthy merchant of the city. <\/p>\n\n<p>The exterior of the palace combines modernist and eclectic styles and has an exuberant decoration. Its plan is a set of volumes at different heights and the interior of the palace is preserved in very good condition.\n\n<p>Currently the palace houses the headquarters of the Juli\u00e1n Orb\u00f3n Municipal Conservatory of Music. <\/p>\n\t\t\t\t\t\t\t\t\t<\/div>\n\t\t\t\t\t\t\t\t\t<img decoding=\"async\" src=\"https:\/\/cdn.pilgrim.es\/web\/caminos\/camino-norte\/pueblos\/aviles\/puntos-de-interes\/palacio-de-balsera.jpg\" alt=\"Palacio de Balsera\">\n\t\t\t\t\t\t\t\t<\/div>\n\t\t\t\t\t\t\t<\/div>\n\t\t\t\t\t\t\n\t\t\t\t\t\t\t<div class=\"accordion__accordion-content inactive\">\n\t\t\t\t\t\t\t\t<div>\n\t\t\t\t\t\t\t\t\t<div>\n\t\t\t\t\t\t\t\t\t\t<h4>Palacio de Camposagrado<\/h4>\n\t\t\t\t\t\t\t\t\t\t<p>The Camposagrado Palace is a palatial building of baroque style of which two of its oldest main facades of the seventeenth century are preserved. The set in general confers a defensive character and houses three floors: the lower closed by a small arrow slits, the intermediate with wide galleries with segmental arches supported by Tuscan columns and the third floor is an addition of the nineteenth century.<\/p> <p>The palace has three floors: the lower closed by a small arrow slits, the intermediate with wide galleries with segmental arches supported by Tuscan columns and the third floor is an addition of the nineteenth century.\n\n<p>It is worth noting the facade built by Francisco Men\u00e9ndez Camina in the late seventeenth century, as it has a sober ornamentation of which protrude two towers and the interior should highlight the monumental stone staircase from which you can access today to the School of Art of the Principality of Asturias.<\/p> &lt;p\n\n<p>INFORMATION OF INTEREST<\/p>\n\n<p>Telephone: 984 836 725<\/p>\n\t\t\t\t\t\t\t\t\t<\/div>\n\t\t\t\t\t\t\t\t\t<img decoding=\"async\" src=\"https:\/\/cdn.pilgrim.es\/web\/caminos\/camino-norte\/pueblos\/aviles\/puntos-de-interes\/palacio-de-camposagrado.jpg\" alt=\"Palacio de Camposagrado\">\n\t\t\t\t\t\t\t\t<\/div>\n\t\t\t\t\t\t\t<\/div>\n\t\t\t\t\t\t\n\t\t\t\t\t\t\t<div class=\"accordion__accordion-content inactive\">\n\t\t\t\t\t\t\t\t<div>\n\t\t\t\t\t\t\t\t\t<div>\n\t\t\t\t\t\t\t\t\t\t<h4>Palacio de Ferrera<\/h4>\n\t\t\t\t\t\t\t\t\t\t<p>The Ferrera Palace is one of the oldest baroque buildings in the town of Avil\u00e9s. It dates from 1974 and served as the residence of the Marquis of Ferrera and his close relatives. Today, after undergoing a complete renovation, it is used as a five-star hotel by the NH Hoteles chain.\n\t\t\t\t\t\t\t\t\t<\/div>\n\t\t\t\t\t\t\t\t\t<img decoding=\"async\" src=\"https:\/\/cdn.pilgrim.es\/web\/caminos\/camino-norte\/pueblos\/aviles\/puntos-de-interes\/palacio-de-ferrera.jpg\" alt=\"Palacio de Ferrera\">\n\t\t\t\t\t\t\t\t<\/div>\n\t\t\t\t\t\t\t<\/div>\n\t\t\t\t\t\t\n\t\t\t\t\t\t\t<div class=\"accordion__accordion-content inactive\">\n\t\t\t\t\t\t\t\t<div>\n\t\t\t\t\t\t\t\t\t<div>\n\t\t\t\t\t\t\t\t\t\t<h4>Palacio de Llano Ponte<\/h4>\n\t\t\t\t\t\t\t\t\t\t<p>The house-palace of Llano Ponte was built, at the request of Rodrigo Garc\u00eda Pumarino, in the early eighteenth century by architects Francisco Men\u00e9ndez Camina and Domingo Su\u00e1rez Solar. After being used as a home, it became a convent, a school and even a movie theater until 2013. <\/p>\n\n<p>It should be noted that the exterior of this building expands up to five vertical series of arches forming the arcades of the first floor on which the balconies of the upper floor are supported. The ends of the building are delimited by cut-out pilasters decorated with vegetal motifs and the family coat of arms.  <\/p>\n\t\t\t\t\t\t\t\t\t<\/div>\n\t\t\t\t\t\t\t\t\t<img decoding=\"async\" src=\"https:\/\/cdn.pilgrim.es\/web\/caminos\/camino-norte\/pueblos\/aviles\/puntos-de-interes\/palacio-de-llano-ponte.jpg\" alt=\"Palacio de Llano Ponte\">\n\t\t\t\t\t\t\t\t<\/div>\n\t\t\t\t\t\t\t<\/div>\n\t\t\t\t\t\t\n\t\t\t\t\t\t\t<div class=\"accordion__accordion-content inactive\">\n\t\t\t\t\t\t\t\t<div>\n\t\t\t\t\t\t\t\t\t<div>\n\t\t\t\t\t\t\t\t\t\t<h4>Palacio de Valdecarzana<\/h4>\n\t\t\t\t\t\t\t\t\t\t<p>The Palace of Valdecarzana is a palatial building of the fourteenth century that is the oldest building in Aviles and is the only non-religious center of Gothic and the only example of bourgeois architecture in the town. <\/p>\n\n<p>At present, only the main facade of the original building is preserved, which is divided into two floors: the lower one, used as commercial premises, and the upper floor, used as a dwelling. <\/p>\n\n<p>The legend of this house tells that Pedro I the Cruel spent the night here when he freed Aviles from the siege of his bastard brother in 1352.\n\n<p>INFORMATION OF INTEREST<\/p>.\n\n<p>Telephone: 985 544 325<\/p>\n\t\t\t\t\t\t\t\t\t<\/div>\n\t\t\t\t\t\t\t\t\t<img decoding=\"async\" src=\"https:\/\/cdn.pilgrim.es\/web\/caminos\/camino-norte\/pueblos\/aviles\/puntos-de-interes\/palacio-de-valdecarzana.jpg\" alt=\"Palacio de Valdecarzana\">\n\t\t\t\t\t\t\t\t<\/div>\n\t\t\t\t\t\t\t<\/div>\n\t\t\t\t\t\t\n\t\t\t\t\t\t\t<div class=\"accordion__accordion-content inactive\">\n\t\t\t\t\t\t\t\t<div>\n\t\t\t\t\t\t\t\t\t<div>\n\t\t\t\t\t\t\t\t\t\t<h4>Palacio municipal<\/h4>\n\t\t\t\t\t\t\t\t\t\t<p>The Municipal Palace is a Town Hall that houses the City Council of Aviles and whose works began in 1670 to be completed 7 years later. This project was commissioned to the architect Juan de Estrada. <\/p>\n\n<p>Traditionally this building was not attached to the wall but over time began to increase to join it. The two-story facade separated by an impost stands out from this composition. The lower floor houses a succession of eleven arches that create the arcades and support the upper floor creating the balconies.\n\t\t\t\t\t\t\t\t\t<\/div>\n\t\t\t\t\t\t\t\t\t<img decoding=\"async\" src=\"https:\/\/cdn.pilgrim.es\/web\/caminos\/camino-norte\/pueblos\/aviles\/puntos-de-interes\/palacio-municipal.jpg\" alt=\"Palacio municipal\">\n\t\t\t\t\t\t\t\t<\/div>\n\t\t\t\t\t\t\t<\/div>\n\t\t\t\t\t\t\n\t\t\t\t\t\t\t<div class=\"accordion__accordion-content inactive\">\n\t\t\t\t\t\t\t\t<div>\n\t\t\t\t\t\t\t\t\t<div>\n\t\t\t\t\t\t\t\t\t\t<h4>Parque del Muelle<\/h4>\n\t\t\t\t\t\t\t\t\t\t<p>In the past, this was the site of the town&#8217;s dock and commercial port, which enjoyed a bustling activity. Today this green area is notable for housing an impressive sculptural ensemble acquired by the municipal government at the end of the 19th century. All of them are replicas of some of the Greek sculptures of the Louvre Museum in Paris, representing among others the gods Artemis, Aphrodite or the Allegories. <\/p>\n\t\t\t\t\t\t\t\t\t<\/div>\n\t\t\t\t\t\t\t\t\t<img decoding=\"async\" src=\"https:\/\/cdn.pilgrim.es\/web\/caminos\/camino-norte\/pueblos\/aviles\/puntos-de-interes\/parque-del-muelle.jpg\" alt=\"Parque del Muelle\">\n\t\t\t\t\t\t\t\t<\/div>\n\t\t\t\t\t\t\t<\/div>\n\t\t\t\t\t\t\n\t\t\t\t\t\t\t<div class=\"accordion__accordion-content inactive\">\n\t\t\t\t\t\t\t\t<div>\n\t\t\t\t\t\t\t\t\t<div>\n\t\t\t\t\t\t\t\t\t\t<h4>Parque Ferrera<\/h4>\n\t\t\t\t\t\t\t\t\t\t<p>This wooded space with wide paths was created with the aim of serving as a place of recreation and leisure for the nobles of the city, specifically for those who lived in the palace of Ferrera. Inspired by the typical English parks, it has been in public use since the 20th century, after years of negotiations between its former owners and the municipal government. Initially the area closest to the palace, known as the French garden, was reserved for the use and enjoyment of the Marquise because there was a splendid red beech tree which she was very fond of. <\/p>\n\n<p>Today all the people of Aviles can enjoy the multitude of tree species, paths, street furniture, a kiosk or the municipal house of culture that houses inside. <\/p>\n\t\t\t\t\t\t\t\t\t<\/div>\n\t\t\t\t\t\t\t\t\t<img decoding=\"async\" src=\"https:\/\/cdn.pilgrim.es\/web\/caminos\/camino-norte\/pueblos\/aviles\/puntos-de-interes\/parque-ferrera.jpg\" alt=\"Parque Ferrera\">\n\t\t\t\t\t\t\t\t<\/div>\n\t\t\t\t\t\t\t<\/div>\n\t\t\t\t\t\t\n\t\t\t\t\t\t\t<div class=\"accordion__accordion-content inactive\">\n\t\t\t\t\t\t\t\t<div>\n\t\t\t\t\t\t\t\t\t<div>\n\t\t\t\t\t\t\t\t\t\t<h4>Plaza Mayor<\/h4>\n\t\t\t\t\t\t\t\t\t\t<p>The Plaza Mayor is an irregularly shaped square with the monumental City Hall building and, opposite it, another old-looking building that today houses a luxury hotel.<\/p> <p>The Plaza Mayor is an irregularly shaped square with the monumental City Hall building and, opposite it, another old-looking building that today houses a luxury hotel.<\/p> <p>The Plaza Mayor is a square with an irregular shape.\n\t\t\t\t\t\t\t\t\t<\/div>\n\t\t\t\t\t\t\t\t\t<img decoding=\"async\" src=\"https:\/\/cdn.pilgrim.es\/web\/caminos\/camino-norte\/pueblos\/aviles\/puntos-de-interes\/plaza-mayor.jpg\" alt=\"Plaza Mayor\">\n\t\t\t\t\t\t\t\t<\/div>\n\t\t\t\t\t\t\t<\/div>\n\t\t\t\t\t\t\n\t\t\t\t\t\t\t<div class=\"accordion__accordion-content inactive\">\n\t\t\t\t\t\t\t\t<div>\n\t\t\t\t\t\t\t\t\t<div>\n\t\t\t\t\t\t\t\t\t\t<h4>Centro Cultural Internacional<\/h4>\n\t\t\t\t\t\t\t\t\t\t<p>The Oscar Niemeyer International Cultural Center is located in a building designed by the famous Brazilian architect in Spain and is located in a privileged space, between the estuary and the historic center of the city of Avil\u00e9s. <\/p>\n\n<p>The site consists of four buildings connected by a grandiose square and it is in this place where the visitor has the opportunity to admire an original and, at the same time, special environment that shows the author&#8217;s own hallmarks: the scale of the buildings, the visual extension of space, the white color of the roofs simulating the horizon and the different ways of drawing a curved line.\n\t\t\t\t\t\t\t\t\t<\/div>\n\t\t\t\t\t\t\t\t\t<img decoding=\"async\" src=\"https:\/\/cdn.pilgrim.es\/web\/caminos\/camino-norte\/pueblos\/aviles\/puntos-de-interes\/centro-cultural-internacional.jpg\" alt=\"Centro Cultural Internacional\">\n\t\t\t\t\t\t\t\t<\/div>\n\t\t\t\t\t\t\t<\/div>\n\t\t\t\t\t\t\n\t\t\t\t\t\t\t<div class=\"accordion__accordion-content inactive\">\n\t\t\t\t\t\t\t\t<div>\n\t\t\t\t\t\t\t\t\t<div>\n\t\t\t\t\t\t\t\t\t\t<h4>Teatro palacio Valde\u0301s<\/h4>\n\t\t\t\t\t\t\t\t\t\t<p>The Palacio Vald\u00e9s theater was built by Manuel del Busto and declared an Asset of Cultural Interest with Monument category in 1982, for being one of the most important works of architecture of the early twentieth century.<\/p> <p>The Palacio Vald\u00e9s theater was built by Manuel del Busto and declared an Asset of Cultural Interest with Monument category in 1982, for being one of the most important works of architecture of the early twentieth century.\n\n<p>It is, therefore, the most significant and valuable theater in the city of Avil\u00e9s and is located next to important buildings such as the Auditorium of the Casa de Cultura and the headquarters of the &#8220;EscenAvil\u00e9s&#8221; programs. <\/p>\n\t\t\t\t\t\t\t\t\t<\/div>\n\t\t\t\t\t\t\t\t\t<img decoding=\"async\" src=\"https:\/\/cdn.pilgrim.es\/web\/caminos\/camino-norte\/pueblos\/aviles\/puntos-de-interes\/teatro-palacio-valdes.jpg\" alt=\"Teatro palacio Valde\u0301s\">\n\t\t\t\t\t\t\t\t<\/div>\n\t\t\t\t\t\t\t<\/div>\n\t\t\t\t\t\t\n\t\t\t\t\t<\/div>\n\t\t\t\t<\/div>\n\t\t\t<\/div>\n\t\t\n\n\t\t<div id=\"phonesSection\">\n\t\t\t<div>\n\t\t\t\t<h2 class=\"p-h3-town\">Information of interest<\/h2>\n\t\t\t<\/div>\n\t\t\t<div class=\"grid\">\n\t\t\t\t\n\t\t\t\t\t<div class=\"phone-number-item\">\n\t\t\t\t\t\t<div class=\"phone-number-item__icon\"><i class=\"icon-police\"><\/i><\/div>\n\t\t\t\t\t\t<div class=\"phone-number-item__title\">\n\t\t\t\t\t\t\t<h3 class=\"p-font-bold\">Local police<\/h3>\n\t\t\t\t\t\t\t<p>985 525 410<\/p>\n\t\t\t\t\t\t\t\n\t\t\t\t\t\t<\/div>\n\t\t\t\t\t<\/div>\n\t\t\t\t\n\t\t\t\t\t<div class=\"phone-number-item\">\n\t\t\t\t\t\t<div class=\"phone-number-item__icon\"><i class=\"icon-spanish-military-police\"><\/i><\/div>\n\t\t\t\t\t\t<div class=\"phone-number-item__title\">\n\t\t\t\t\t\t\t<h3 class=\"p-font-bold\">Civil guard<\/h3>\n\t\t\t\t\t\t\t<p>985 570 200<\/p>\n\t\t\t\t\t\t\t\n\t\t\t\t\t\t<\/div>\n\t\t\t\t\t<\/div>\n\t\t\t\t\n\t\t\t\t\t<div class=\"phone-number-item\">\n\t\t\t\t\t\t<div class=\"phone-number-item__icon\"><i class=\"icon-firefighters\"><\/i><\/div>\n\t\t\t\t\t\t<div class=\"phone-number-item__title\">\n\t\t\t\t\t\t\t<h3 class=\"p-font-bold\">Fire department<\/h3>\n\t\t\t\t\t\t\t<p>985 511 858<\/p>\n\t\t\t\t\t\t\t\n\t\t\t\t\t\t<\/div>\n\t\t\t\t\t<\/div>\n\t\t\t\t\n\t\t\t\t\t<div class=\"phone-number-item\">\n\t\t\t\t\t\t<div class=\"phone-number-item__icon\"><i class=\"icon-civil-protection\"><\/i><\/div>\n\t\t\t\t\t\t<div class=\"phone-number-item__title\">\n\t\t\t\t\t\t\t<h3 class=\"p-font-bold\">Civil protection<\/h3>\n\t\t\t\t\t\t\t<p>112<\/p>\n\t\t\t\t\t\t\t\n\t\t\t\t\t\t<\/div>\n\t\t\t\t\t<\/div>\n\t\t\t\t\n\t\t\t\t\t<div class=\"phone-number-item\">\n\t\t\t\t\t\t<div class=\"phone-number-item__icon\"><i class=\"icon-town-council\"><\/i><\/div>\n\t\t\t\t\t\t<div class=\"phone-number-item__title\">\n\t\t\t\t\t\t\t<h3 class=\"p-font-bold\">Town hall<\/h3>\n\t\t\t\t\t\t\t<p>985 122 100<\/p>\n\t\t\t\t\t\t\t\n\t\t\t\t\t\t<\/div>\n\t\t\t\t\t<\/div>\n\t\t\t\t\n\t\t\t\t\t<div class=\"phone-number-item\">\n\t\t\t\t\t\t<div class=\"phone-number-item__icon\"><i class=\"icon-hospital\"><\/i><\/div>\n\t\t\t\t\t\t<div class=\"phone-number-item__title\">\n\t\t\t\t\t\t\t<h3 class=\"p-font-bold\">Health center<\/h3>\n\t\t\t\t\t\t\t<p>985 563 954<\/p>\n\t\t\t\t\t\t\t\n\t\t\t\t\t\t<\/div>\n\t\t\t\t\t<\/div>\n\t\t\t\t\n\t\t\t\t\t<div class=\"phone-number-item\">\n\t\t\t\t\t\t<div class=\"phone-number-item__icon\"><i class=\"icon-tourism\"><\/i><\/div>\n\t\t\t\t\t\t<div class=\"phone-number-item__title\">\n\t\t\t\t\t\t\t<h3 class=\"p-font-bold\">Tourism office<\/h3>\n\t\t\t\t\t\t\t<p>985 544 625<\/p>\n\t\t\t\t\t\t\t\n\t\t\t\t\t\t\t\t<p>Calle de Ruiz G\u00f3mez, 21<\/p>\n\t\t\t\t\t\t\t\n\t\t\t\t\t\t<\/div>\n\t\t\t\t\t<\/div>\n\t\t\t\t\n\t\t\t<\/div>\n\t\t<\/div>\n\n\t\t<div id=\"clientForm\">\n        <section>\n        <img decoding=\"async\" src=\"https:\/\/cdn.pilgrim.es\/web\/home\/email-contacto.png\" alt=\"contacto\">\n        <div>\n            <p>We send you your itinerary<\/p>\n            <p>Enter your details and receive your travel itinerary by email <\/p>\n            <form method=\"post\" data-url=\"\/wp-admin\/admin-ajax.php\" id=\"planner--client\" class=\"flag-right form-client\">\n    <div class=\"form-data\">\n        <input name=\"form_id\" type=\"hidden\" value=\"Formulario Leads\">\n        <input name=\"type\" type=\"hidden\" value=\"planner_client\">\n        <input type=\"text\" name=\"nombre\" value=\"\" size=\"40\" class=\"form-control\" aria-required=\"true\" aria-invalid=\"false\" placeholder=\"Name\">\n        <input type=\"email\" name=\"email\" value=\"\" size=\"40\" class=\"form-control\" aria-required=\"true\" aria-invalid=\"false\" placeholder=\"Email\">\n        <input type=\"text\" id=\"phone-input\" name=\"tel\" value=\"\" size=\"40\" class=\"phone-input form-control\" aria-required=\"true\" aria-invalid=\"false\" placeholder=\"Telephone\">\n        <input type=\"hidden\" name=\"telefono\">\n    <\/div>\n    <div class=\"form-checkbox\">\n        <span>\n            Pilgrim Travel, S.L. informs, in accordance with Regulation 2016\/679, that the data used in this form will be used both for answering any queries and for the publication of comments, the basis of legitimacy being the consent of the user. The rights may be exercised in accordance with the provisions of our             <a href=\"https:\/\/www.pilgrim.es\/en\/privacy-policy\/\" target=\"_blank\" rel=\"noopener noreferrer nofollow\">Privacy Policy.<\/a>\n        <\/span>\n    <\/div>\n\n    <div class=\"form-submit\">\n        <button id=\"planner--client-create\" type=\"submit\">Contact form<\/button>\n        <div class=\"loadingDiv\"><i class=\"p-spinner\"><\/i><\/div>\n    <\/div>\n\n    <div class=\"contact-content-form-success\">\n        <p><i class=\"fas fa-check\"><\/i> The form has been sent successfully<\/p>\n    <\/div>\n\n    <div class=\"contact-content-form-error\">\n        <span class=\"input-error\"><\/span>\n    <\/div>\n<\/form>        <\/div>\n    <\/section>\n<\/div>\n\n\t\t<div id=\"recomendationSection\">\n\t\t\t<div>\n\t\t\t\t<h2 class=\"p-h2-town\">Recommended<\/h2>\n\t\t\t\t<hr>\n\t\t\t\t<h3 class=\"p-h3-town\">Gastronomy<\/h3>\n\t\t\t<\/div>\n\t\t\tThe gastronomy of Avil\u00e9s is very similar to that of the rest of the province. The main dishes are fabada, tripe, game, fish, seafood, rice, rabbit with snails, hare with gurullos, migas with chunks, pork sausage, gypsy pots of pumpkin, wheat stews, wheat with beans and snails, frat\u00e1, and pig&#8217;s trotters.\n\nIn Avil\u00e9s pastries, El Bollo, a dessert in the shape of a four-leaf clover that is very representative of the city, stands out, but also traditional are the saline reefs, colosinos, Avil\u00e9s cones, Niemerynos, Tarta Pumariega, Mara\u00f1ueas, tortas de mosto and merlit\u00f3n.\n\t\t<\/div>\n\n\n\t\t\n\t\t\t<div id=\"holidaysSection\">\n\t\t\t\t<div>\n\t\t\t\t\t<h2 class=\"p-h2-town\">Recommended<\/h2>\n\t\t\t\t\t<hr>\n\t\t\t\t\t<h3 class=\"p-h3-town\">Festivals and Pilgrimages<\/h3>\n\t\t\t\t<\/div>\n\t\t\t\t<div class=\"grid holidays-grid\">\n\t\t\t\t\t\n\t\t\t\t\t\t<div>\n\t\t\t\t\t\t\t<div class=\"phone-number-item\">\n\t\t\t\t\t\t\t\t<div class=\"phone-number-item__icon\"><i class=\"icon-holiday\"><\/i><\/div>\n\t\t\t\t\t\t\t\t<div class=\"phone-number-item__title dark-text\">\n\t\t\t\t\t\t\t\t\t<p class=\"p-font-bold\">Local festivity<\/p>\n\t\t\t\t\t\t\t\t\t<p>16 de julio: Fiestas del Carmen<\/p>\n\t\t\t\t\t\t\t\t<\/div>\n\t\t\t\t\t\t\t<\/div>\n\t\t\t\t\t\t<\/div>\n\t\t\t\t\t\n\t\t\t\t\t\t<div>\n\t\t\t\t\t\t\t<div class=\"phone-number-item\">\n\t\t\t\t\t\t\t\t<div class=\"phone-number-item__icon\"><i class=\"icon-holiday\"><\/i><\/div>\n\t\t\t\t\t\t\t\t<div class=\"phone-number-item__title dark-text\">\n\t\t\t\t\t\t\t\t\t<p class=\"p-font-bold\">Local festivity<\/p>\n\t\t\t\t\t\t\t\t\t<p>Primer viernes de agosto: Arrozada<\/p>\n\t\t\t\t\t\t\t\t<\/div>\n\t\t\t\t\t\t\t<\/div>\n\t\t\t\t\t\t<\/div>\n\t\t\t\t\t\n\t\t\t\t\t\t<div>\n\t\t\t\t\t\t\t<div class=\"phone-number-item\">\n\t\t\t\t\t\t\t\t<div class=\"phone-number-item__icon\"><i class=\"icon-holiday\"><\/i><\/div>\n\t\t\t\t\t\t\t\t<div class=\"phone-number-item__title dark-text\">\n\t\t\t\t\t\t\t\t\t<p class=\"p-font-bold\">Local festivity<\/p>\n\t\t\t\t\t\t\t\t\t<p>28 de agosto: Fiestas de San Agust\u00edn<\/p>\n\t\t\t\t\t\t\t\t<\/div>\n\t\t\t\t\t\t\t<\/div>\n\t\t\t\t\t\t<\/div>\n\t\t\t\t\t\n\t\t\t\t\t\t<div>\n\t\t\t\t\t\t\t<div class=\"phone-number-item\">\n\t\t\t\t\t\t\t\t<div class=\"phone-number-item__icon\"><i class=\"icon-holiday\"><\/i><\/div>\n\t\t\t\t\t\t\t\t<div class=\"phone-number-item__title dark-text\">\n\t\t\t\t\t\t\t\t\t<p class=\"p-font-bold\">Local festivity<\/p>\n\t\t\t\t\t\t\t\t\t<p>26 de julio: La danza prima de Santa Ana<\/p>\n\t\t\t\t\t\t\t\t<\/div>\n\t\t\t\t\t\t\t<\/div>\n\t\t\t\t\t\t<\/div>\n\t\t\t\t\t\n\t\t\t\t\t\t<div>\n\t\t\t\t\t\t\t<div class=\"phone-number-item\">\n\t\t\t\t\t\t\t\t<div class=\"phone-number-item__icon\"><i class=\"icon-holiday\"><\/i><\/div>\n\t\t\t\t\t\t\t\t<div class=\"phone-number-item__title dark-text\">\n\t\t\t\t\t\t\t\t\t<p class=\"p-font-bold\">Local festivity<\/p>\n\t\t\t\t\t\t\t\t\t<p>Del 21 al 27 de agosto: Festival de la cerveza<\/p>\n\t\t\t\t\t\t\t\t<\/div>\n\t\t\t\t\t\t\t<\/div>\n\t\t\t\t\t\t<\/div>\n\t\t\t\t\t\n\t\t\t\t\t\t<div>\n\t\t\t\t\t\t\t<div class=\"phone-number-item\">\n\t\t\t\t\t\t\t\t<div class=\"phone-number-item__icon\"><i class=\"icon-holiday\"><\/i><\/div>\n\t\t\t\t\t\t\t\t<div class=\"phone-number-item__title dark-text\">\n\t\t\t\t\t\t\t\t\t<p class=\"p-font-bold\">Local festivity<\/p>\n\t\t\t\t\t\t\t\t\t<p>Carnaval: Fiesta de inter\u00e9s nacional<\/p>\n\t\t\t\t\t\t\t\t<\/div>\n\t\t\t\t\t\t\t<\/div>\n\t\t\t\t\t\t<\/div>\n\t\t\t\t\t\n\t\t\t\t\t\t<div>\n\t\t\t\t\t\t\t<div class=\"phone-number-item\">\n\t\t\t\t\t\t\t\t<div class=\"phone-number-item__icon\"><i class=\"icon-holiday\"><\/i><\/div>\n\t\t\t\t\t\t\t\t<div class=\"phone-number-item__title dark-text\">\n\t\t\t\t\t\t\t\t\t<p class=\"p-font-bold\">Local festivity<\/p>\n\t\t\t\t\t\t\t\t\t<p>Domingo y el lunes de pascua: Fiesta de El Bollo<\/p>\n\t\t\t\t\t\t\t\t<\/div>\n\t\t\t\t\t\t\t<\/div>\n\t\t\t\t\t\t<\/div>\n\t\t\t\t\t\n\t\t\t\t\t\t<div>\n\t\t\t\t\t\t\t<div class=\"phone-number-item\">\n\t\t\t\t\t\t\t\t<div class=\"phone-number-item__icon\"><i class=\"icon-holiday\"><\/i><\/div>\n\t\t\t\t\t\t\t\t<div class=\"phone-number-item__title dark-text\">\n\t\t\t\t\t\t\t\t\t<p class=\"p-font-bold\">Local festivity<\/p>\n\t\t\t\t\t\t\t\t\t<p>22 de julio: Nuestra Se\u00f1ora de la Magdalena<\/p>\n\t\t\t\t\t\t\t\t<\/div>\n\t\t\t\t\t\t\t<\/div>\n\t\t\t\t\t\t<\/div>\n\t\t\t\t\t\n\t\t\t\t\t\t<div>\n\t\t\t\t\t\t\t<div class=\"phone-number-item\">\n\t\t\t\t\t\t\t\t<div class=\"phone-number-item__icon\"><i class=\"icon-holiday\"><\/i><\/div>\n\t\t\t\t\t\t\t\t<div class=\"phone-number-item__title dark-text\">\n\t\t\t\t\t\t\t\t\t<p class=\"p-font-bold\">Local festivity<\/p>\n\t\t\t\t\t\t\t\t\t<p>Segunda quincena de julio: Festival interc\u00e9ltico<\/p>\n\t\t\t\t\t\t\t\t<\/div>\n\t\t\t\t\t\t\t<\/div>\n\t\t\t\t\t\t<\/div>\n\t\t\t\t\t\n\t\t\t\t\t\t<div>\n\t\t\t\t\t\t\t<div class=\"phone-number-item\">\n\t\t\t\t\t\t\t\t<div class=\"phone-number-item__icon\"><i class=\"icon-holiday\"><\/i><\/div>\n\t\t\t\t\t\t\t\t<div class=\"phone-number-item__title dark-text\">\n\t\t\t\t\t\t\t\t\t<p class=\"p-font-bold\">Local festivity<\/p>\n\t\t\t\t\t\t\t\t\t<p>8 de septiembre: Fiestas de la Virgen de Covadonga<\/p>\n\t\t\t\t\t\t\t\t<\/div>\n\t\t\t\t\t\t\t<\/div>\n\t\t\t\t\t\t<\/div>\n\t\t\t\t\t\n\t\t\t\t\t\t<div>\n\t\t\t\t\t\t\t<div class=\"phone-number-item\">\n\t\t\t\t\t\t\t\t<div class=\"phone-number-item__icon\"><i class=\"icon-holiday\"><\/i><\/div>\n\t\t\t\t\t\t\t\t<div class=\"phone-number-item__title dark-text\">\n\t\t\t\t\t\t\t\t\t<p class=\"p-font-bold\">Local festivity<\/p>\n\t\t\t\t\t\t\t\t\t<p>Martes despu\u00e9s del s\u00e9ptimo domingo de pascua: Fiesta del Puchero en Villalegre<\/p>\n\t\t\t\t\t\t\t\t<\/div>\n\t\t\t\t\t\t\t<\/div>\n\t\t\t\t\t\t<\/div>\n\t\t\t\t\t\n\t\t\t\t\t\t<div>\n\t\t\t\t\t\t\t<div class=\"phone-number-item\">\n\t\t\t\t\t\t\t\t<div class=\"phone-number-item__icon\"><i class=\"icon-holiday\"><\/i><\/div>\n\t\t\t\t\t\t\t\t<div class=\"phone-number-item__title dark-text\">\n\t\t\t\t\t\t\t\t\t<p class=\"p-font-bold\">Local festivity<\/p>\n\t\t\t\t\t\t\t\t\t<p>Junio: Avil\u00e9s Acci\u00f3n<\/p>\n\t\t\t\t\t\t\t\t<\/div>\n\t\t\t\t\t\t\t<\/div>\n\t\t\t\t\t\t<\/div>\n\t\t\t\t\t\n\t\t\t\t\t\t<div>\n\t\t\t\t\t\t\t<div class=\"phone-number-item\">\n\t\t\t\t\t\t\t\t<div class=\"phone-number-item__icon\"><i class=\"icon-holiday\"><\/i><\/div>\n\t\t\t\t\t\t\t\t<div class=\"phone-number-item__title dark-text\">\n\t\t\t\t\t\t\t\t\t<p class=\"p-font-bold\">Local festivity<\/p>\n\t\t\t\t\t\t\t\t\t<p>\u00daltima semana de julio y la primera de septiembre: El festival de ciencia ficci\u00f3n, terror y fantas\u00eda<\/p>\n\t\t\t\t\t\t\t\t<\/div>\n\t\t\t\t\t\t\t<\/div>\n\t\t\t\t\t\t<\/div>\n\t\t\t\t\t\n\t\t\t\t<\/div>\n\t\t\t<\/div>\n\t\t\n\t<\/div>\n<\/section>\n\n<div id=\"stage_list_section\"><div class=\"stage-list\">\n    <div class='stage-list__map-card'>\n        <div class='stage-list__map-card__map'>\n            <div class='stage-list__map-card__map__text'>\n                <h2> Pages <\/h2>\n                <p> On foot<\/p>\n                <p> 0 stages<\/p>\n            <\/div>\n            <div class='stage-list__map-card__map__img'>\n                <img decoding=\"async\" src=\"\" alt=\" mapa \" \/>\n            <\/div>\n        <\/div>\n    <\/div>\n\n    <\/div>\n<\/div> ","protected":false},"excerpt":{"rendered":"<p>Avil\u00e9s &#8249; Back to the stage Avil\u00e9s Residents: 81.659 aprox. Province: Asturias Information Get to know Avil\u00e9s The city of Aviles is located on both sides of the river of the same name. It is the second most important commercial port of the autonomous community and the first fishing port, which is why it has &hellip; <\/p>\n<p class=\"read_more\"><a href=\"https:\/\/www.pilgrim.es\/en\/northern-way\/aviles\/\">Leer m\u00e1s<\/a><\/p>\n","protected":false},"author":0,"featured_media":1803,"parent":36318,"menu_order":0,"comment_status":"closed","ping_status":"closed","template":"views\/template-new-web-design.blade.php","meta":{"footnotes":""},"categories":[],"tags":[],"class_list":["post-91298","page","type-page","status-publish","has-post-thumbnail","hentry"],"yoast_head":"<!-- This site is optimized with the Yoast SEO plugin v27.4 - https:\/\/yoast.com\/product\/yoast-seo-wordpress\/ -->\n<title>Avil\u00e9s: What to see and where to stay | Camino de Santiago | Pilgrim<\/title>\n<meta name=\"description\" content=\"Avil\u00e9s Discover all the information you need about accommodation, how to get there, gastronomy and the main points of interest in the towns along the Northern Way.\" \/>\n<meta name=\"robots\" content=\"index, follow, max-snippet:-1, max-image-preview:large, max-video-preview:-1\" \/>\n<link rel=\"canonical\" href=\"https:\/\/www.pilgrim.es\/en\/northern-way\/aviles\/\" \/>\n<meta property=\"og:locale\" content=\"en_US\" \/>\n<meta property=\"og:type\" content=\"article\" \/>\n<meta property=\"og:title\" content=\"Avil\u00e9s: What to see and where to stay | Camino de Santiago | Pilgrim\" \/>\n<meta property=\"og:description\" content=\"Avil\u00e9s Discover all the information you need about accommodation, how to get there, gastronomy and the main points of interest in the towns along the Northern Way.\" \/>\n<meta property=\"og:url\" content=\"https:\/\/www.pilgrim.es\/en\/northern-way\/aviles\/\" \/>\n<meta property=\"og:site_name\" content=\"Pilgrim\" \/>\n<meta property=\"article:publisher\" content=\"https:\/\/www.facebook.com\/pilgrim.es\/\" \/>\n<meta property=\"og:image\" content=\"https:\/\/www.pilgrim.es\/wp-content\/uploads\/2019\/02\/aviles1.jpg\" \/>\n\t<meta property=\"og:image:width\" content=\"900\" \/>\n\t<meta property=\"og:image:height\" content=\"612\" \/>\n\t<meta property=\"og:image:type\" content=\"image\/jpeg\" \/>\n<meta name=\"twitter:card\" content=\"summary_large_image\" \/>\n<meta name=\"twitter:site\" content=\"@pilgrim_es\" \/>\n<meta name=\"twitter:label1\" content=\"Est. reading time\" \/>\n\t<meta name=\"twitter:data1\" content=\"16 minutes\" \/>\n<script type=\"application\/ld+json\" class=\"yoast-schema-graph\">{\"@context\":\"https:\\\/\\\/schema.org\",\"@graph\":[{\"@type\":\"WebPage\",\"@id\":\"https:\\\/\\\/www.pilgrim.es\\\/en\\\/northern-way\\\/aviles\\\/\",\"url\":\"https:\\\/\\\/www.pilgrim.es\\\/en\\\/northern-way\\\/aviles\\\/\",\"name\":\"Avil\u00e9s: What to see and where to stay | Camino de Santiago | Pilgrim\",\"isPartOf\":{\"@id\":\"https:\\\/\\\/www.pilgrim.es\\\/en\\\/#website\"},\"primaryImageOfPage\":{\"@id\":\"https:\\\/\\\/www.pilgrim.es\\\/en\\\/northern-way\\\/aviles\\\/#primaryimage\"},\"image\":{\"@id\":\"https:\\\/\\\/www.pilgrim.es\\\/en\\\/northern-way\\\/aviles\\\/#primaryimage\"},\"thumbnailUrl\":\"https:\\\/\\\/www.pilgrim.es\\\/wp-content\\\/uploads\\\/2019\\\/02\\\/aviles1.jpg\",\"datePublished\":\"2025-03-17T14:54:58+00:00\",\"description\":\"Avil\u00e9s Discover all the information you need about accommodation, how to get there, gastronomy and the main points of interest in the towns along the Northern Way.\",\"breadcrumb\":{\"@id\":\"https:\\\/\\\/www.pilgrim.es\\\/en\\\/northern-way\\\/aviles\\\/#breadcrumb\"},\"inLanguage\":\"en-US\",\"potentialAction\":[{\"@type\":\"ReadAction\",\"target\":[\"https:\\\/\\\/www.pilgrim.es\\\/en\\\/northern-way\\\/aviles\\\/\"]}]},{\"@type\":\"ImageObject\",\"inLanguage\":\"en-US\",\"@id\":\"https:\\\/\\\/www.pilgrim.es\\\/en\\\/northern-way\\\/aviles\\\/#primaryimage\",\"url\":\"https:\\\/\\\/www.pilgrim.es\\\/wp-content\\\/uploads\\\/2019\\\/02\\\/aviles1.jpg\",\"contentUrl\":\"https:\\\/\\\/www.pilgrim.es\\\/wp-content\\\/uploads\\\/2019\\\/02\\\/aviles1.jpg\",\"width\":900,\"height\":612,\"caption\":\"Avil\u00e9s\"},{\"@type\":\"BreadcrumbList\",\"@id\":\"https:\\\/\\\/www.pilgrim.es\\\/en\\\/northern-way\\\/aviles\\\/#breadcrumb\",\"itemListElement\":[{\"@type\":\"ListItem\",\"position\":1,\"name\":\"Camino de Santiago\",\"item\":\"https:\\\/\\\/www.pilgrim.es\\\/en\\\/\"},{\"@type\":\"ListItem\",\"position\":2,\"name\":\"Northern Way\",\"item\":\"https:\\\/\\\/www.pilgrim.es\\\/en\\\/northern-way\\\/\"},{\"@type\":\"ListItem\",\"position\":3,\"name\":\"Avil\u00e9s\"}]},{\"@type\":\"WebSite\",\"@id\":\"https:\\\/\\\/www.pilgrim.es\\\/en\\\/#website\",\"url\":\"https:\\\/\\\/www.pilgrim.es\\\/en\\\/\",\"name\":\"Pilgrim\",\"description\":\"Camino de Santiago | Caminamos Contigo\",\"publisher\":{\"@id\":\"https:\\\/\\\/www.pilgrim.es\\\/en\\\/#organization\"},\"potentialAction\":[{\"@type\":\"SearchAction\",\"target\":{\"@type\":\"EntryPoint\",\"urlTemplate\":\"https:\\\/\\\/www.pilgrim.es\\\/en\\\/?s={search_term_string}\"},\"query-input\":{\"@type\":\"PropertyValueSpecification\",\"valueRequired\":true,\"valueName\":\"search_term_string\"}}],\"inLanguage\":\"en-US\"},{\"@type\":\"Organization\",\"@id\":\"https:\\\/\\\/www.pilgrim.es\\\/en\\\/#organization\",\"name\":\"Pilgrim Camino de Santiago\",\"url\":\"https:\\\/\\\/www.pilgrim.es\\\/en\\\/\",\"logo\":{\"@type\":\"ImageObject\",\"inLanguage\":\"en-US\",\"@id\":\"https:\\\/\\\/www.pilgrim.es\\\/en\\\/#\\\/schema\\\/logo\\\/image\\\/\",\"url\":\"https:\\\/\\\/www.pilgrim.es\\\/wp-content\\\/uploads\\\/2019\\\/04\\\/logo_pilgrim.png\",\"contentUrl\":\"https:\\\/\\\/www.pilgrim.es\\\/wp-content\\\/uploads\\\/2019\\\/04\\\/logo_pilgrim.png\",\"width\":512,\"height\":512,\"caption\":\"Pilgrim Camino de Santiago\"},\"image\":{\"@id\":\"https:\\\/\\\/www.pilgrim.es\\\/en\\\/#\\\/schema\\\/logo\\\/image\\\/\"},\"sameAs\":[\"https:\\\/\\\/www.facebook.com\\\/pilgrim.es\\\/\",\"https:\\\/\\\/x.com\\\/pilgrim_es\",\"https:\\\/\\\/www.instagram.com\\\/pilgrim.es\\\/\",\"https:\\\/\\\/www.linkedin.com\\\/company\\\/pilgrim-camino-de-santiago\\\/\",\"https:\\\/\\\/www.pinterest.es\\\/pilgrimcaminodesantiago\\\/\",\"https:\\\/\\\/www.youtube.com\\\/channel\\\/UCIv2ZzFLXVqthkNF32rKedw\\\/featured\"]}]}<\/script>\n<!-- \/ Yoast SEO plugin. -->","yoast_head_json":{"title":"Avil\u00e9s: What to see and where to stay | Camino de Santiago | Pilgrim","description":"Avil\u00e9s Discover all the information you need about accommodation, how to get there, gastronomy and the main points of interest in the towns along the Northern Way.","robots":{"index":"index","follow":"follow","max-snippet":"max-snippet:-1","max-image-preview":"max-image-preview:large","max-video-preview":"max-video-preview:-1"},"canonical":"https:\/\/www.pilgrim.es\/en\/northern-way\/aviles\/","og_locale":"en_US","og_type":"article","og_title":"Avil\u00e9s: What to see and where to stay | Camino de Santiago | Pilgrim","og_description":"Avil\u00e9s Discover all the information you need about accommodation, how to get there, gastronomy and the main points of interest in the towns along the Northern Way.","og_url":"https:\/\/www.pilgrim.es\/en\/northern-way\/aviles\/","og_site_name":"Pilgrim","article_publisher":"https:\/\/www.facebook.com\/pilgrim.es\/","og_image":[{"width":900,"height":612,"url":"https:\/\/www.pilgrim.es\/wp-content\/uploads\/2019\/02\/aviles1.jpg","type":"image\/jpeg"}],"twitter_card":"summary_large_image","twitter_site":"@pilgrim_es","twitter_misc":{"Est. reading time":"16 minutes"},"schema":{"@context":"https:\/\/schema.org","@graph":[{"@type":"WebPage","@id":"https:\/\/www.pilgrim.es\/en\/northern-way\/aviles\/","url":"https:\/\/www.pilgrim.es\/en\/northern-way\/aviles\/","name":"Avil\u00e9s: What to see and where to stay | Camino de Santiago | Pilgrim","isPartOf":{"@id":"https:\/\/www.pilgrim.es\/en\/#website"},"primaryImageOfPage":{"@id":"https:\/\/www.pilgrim.es\/en\/northern-way\/aviles\/#primaryimage"},"image":{"@id":"https:\/\/www.pilgrim.es\/en\/northern-way\/aviles\/#primaryimage"},"thumbnailUrl":"https:\/\/www.pilgrim.es\/wp-content\/uploads\/2019\/02\/aviles1.jpg","datePublished":"2025-03-17T14:54:58+00:00","description":"Avil\u00e9s Discover all the information you need about accommodation, how to get there, gastronomy and the main points of interest in the towns along the Northern Way.","breadcrumb":{"@id":"https:\/\/www.pilgrim.es\/en\/northern-way\/aviles\/#breadcrumb"},"inLanguage":"en-US","potentialAction":[{"@type":"ReadAction","target":["https:\/\/www.pilgrim.es\/en\/northern-way\/aviles\/"]}]},{"@type":"ImageObject","inLanguage":"en-US","@id":"https:\/\/www.pilgrim.es\/en\/northern-way\/aviles\/#primaryimage","url":"https:\/\/www.pilgrim.es\/wp-content\/uploads\/2019\/02\/aviles1.jpg","contentUrl":"https:\/\/www.pilgrim.es\/wp-content\/uploads\/2019\/02\/aviles1.jpg","width":900,"height":612,"caption":"Avil\u00e9s"},{"@type":"BreadcrumbList","@id":"https:\/\/www.pilgrim.es\/en\/northern-way\/aviles\/#breadcrumb","itemListElement":[{"@type":"ListItem","position":1,"name":"Camino de Santiago","item":"https:\/\/www.pilgrim.es\/en\/"},{"@type":"ListItem","position":2,"name":"Northern Way","item":"https:\/\/www.pilgrim.es\/en\/northern-way\/"},{"@type":"ListItem","position":3,"name":"Avil\u00e9s"}]},{"@type":"WebSite","@id":"https:\/\/www.pilgrim.es\/en\/#website","url":"https:\/\/www.pilgrim.es\/en\/","name":"Pilgrim","description":"Camino de Santiago | Caminamos Contigo","publisher":{"@id":"https:\/\/www.pilgrim.es\/en\/#organization"},"potentialAction":[{"@type":"SearchAction","target":{"@type":"EntryPoint","urlTemplate":"https:\/\/www.pilgrim.es\/en\/?s={search_term_string}"},"query-input":{"@type":"PropertyValueSpecification","valueRequired":true,"valueName":"search_term_string"}}],"inLanguage":"en-US"},{"@type":"Organization","@id":"https:\/\/www.pilgrim.es\/en\/#organization","name":"Pilgrim Camino de Santiago","url":"https:\/\/www.pilgrim.es\/en\/","logo":{"@type":"ImageObject","inLanguage":"en-US","@id":"https:\/\/www.pilgrim.es\/en\/#\/schema\/logo\/image\/","url":"https:\/\/www.pilgrim.es\/wp-content\/uploads\/2019\/04\/logo_pilgrim.png","contentUrl":"https:\/\/www.pilgrim.es\/wp-content\/uploads\/2019\/04\/logo_pilgrim.png","width":512,"height":512,"caption":"Pilgrim Camino de Santiago"},"image":{"@id":"https:\/\/www.pilgrim.es\/en\/#\/schema\/logo\/image\/"},"sameAs":["https:\/\/www.facebook.com\/pilgrim.es\/","https:\/\/x.com\/pilgrim_es","https:\/\/www.instagram.com\/pilgrim.es\/","https:\/\/www.linkedin.com\/company\/pilgrim-camino-de-santiago\/","https:\/\/www.pinterest.es\/pilgrimcaminodesantiago\/","https:\/\/www.youtube.com\/channel\/UCIv2ZzFLXVqthkNF32rKedw\/featured"]}]}},"_links":{"self":[{"href":"https:\/\/www.pilgrim.es\/en\/wp-json\/wp\/v2\/pages\/91298","targetHints":{"allow":["GET"]}}],"collection":[{"href":"https:\/\/www.pilgrim.es\/en\/wp-json\/wp\/v2\/pages"}],"about":[{"href":"https:\/\/www.pilgrim.es\/en\/wp-json\/wp\/v2\/types\/page"}],"replies":[{"embeddable":true,"href":"https:\/\/www.pilgrim.es\/en\/wp-json\/wp\/v2\/comments?post=91298"}],"version-history":[{"count":0,"href":"https:\/\/www.pilgrim.es\/en\/wp-json\/wp\/v2\/pages\/91298\/revisions"}],"up":[{"embeddable":true,"href":"https:\/\/www.pilgrim.es\/en\/wp-json\/wp\/v2\/pages\/36318"}],"wp:featuredmedia":[{"embeddable":true,"href":"https:\/\/www.pilgrim.es\/en\/wp-json\/wp\/v2\/media\/1803"}],"wp:attachment":[{"href":"https:\/\/www.pilgrim.es\/en\/wp-json\/wp\/v2\/media?parent=91298"}],"wp:term":[{"taxonomy":"category","embeddable":true,"href":"https:\/\/www.pilgrim.es\/en\/wp-json\/wp\/v2\/categories?post=91298"},{"taxonomy":"post_tag","embeddable":true,"href":"https:\/\/www.pilgrim.es\/en\/wp-json\/wp\/v2\/tags?post=91298"}],"curies":[{"name":"wp","href":"https:\/\/api.w.org\/{rel}","templated":true}]}}