{"id":91295,"date":"2025-03-17T14:53:17","date_gmt":"2025-03-17T14:53:17","guid":{"rendered":"https:\/\/www.pilgrim.es\/northern-way\/gijon\/"},"modified":"2026-04-24T07:44:32","modified_gmt":"2026-04-24T07:44:32","slug":"gijon","status":"publish","type":"page","link":"https:\/\/www.pilgrim.es\/en\/northern-way\/gijon\/","title":{"rendered":"Gij\u00f3n"},"content":{"rendered":"\n<section id=\"hero\">\n\t<h1>Gij\u00f3n<\/h1>\n\t<div class=\"hero-grid\">\n\t\t<div class=\"hero-grid__town-col\" data-background=\"https:\/\/cdn.pilgrim.es\/web\/caminos\/camino-norte\/pueblos\/gijon.jpg\">\n\t\t\t<div>\n\t\t\t\t<a class=\"link-to-stage\" href=\"https:\/\/www.pilgrim.es\/camino-norte\/etapa-19-colunga-villaviciosa\/\">\n\t\t\t\t\t<p>&#8249; Back to the stage<\/p>\n\t\t\t\t<\/a>\n\n\t\t\t\t<div class=\"town-data\">\n\t\t\t\t\t<h2>Gij\u00f3n<\/h2>\n\t\t\t\t\t<ul>\n\t\t\t\t\t\t<li>Residents: 274.290 aprox.<\/li>\n\t\t\t\t\t\t<li>Province: Asturias<\/li>\n\t\t\t\t\t<\/ul>\n\t\t\t\t<\/div>\n\t\t\t<\/div>\n\t\t<\/div>\n\t\t<div class=\"hero-grid__planner-col\"><div\r\n  class=\"p-col-span-1 p-rounded-lg p-px-5 p-h-full\"\r\n  style=\"background-image: url('https:\/\/cdn.pilgrim.es\/web\/pilgrim-planner\/bg-plugin-planificador.webp')\"\r\n  rel=\"preload\"\r\n  fetchpriority=\"high\"\r\n  >\r\n    <div class=\"p-text-center p-pt-5 p-text-white p-text-2xl p-font-semibold\">\r\n      Plan your journey    <\/div>\r\n    <div\r\n            id='primary-app'\r\n            data-name='banner'\r\n            data-api='https:\/\/pathfinder.pilgrim.es\/api\/pathfinder\/v2'\r\n            data-mode='normal'\r\n            data-lang='en'\r\n            data-route='1'\r\n            data-destiny='https:\/\/planificador.pilgrim.es'\r\n            data-modality='1'\r\n            data-inline=''\r\n        ><\/div><\/div><\/div>\n\t<\/div>\n<\/section>\n\n<section id=\"infoTown\">\n\t<div class=\"sections-town\">\n\n\t\t<div id=\"informationSection\">\n\t\t\t<div>\n\t\t\t\t<h2 class=\"p-h2-town\">Information<\/h2>\n\t\t\t\t<hr>\n\t\t\t\t<h3 class=\"p-h3-town\">Get to know Gij\u00f3n<\/h3>\n\t\t\t<\/div>\n\t\t\t<p>Gij\u00f3n is a coastal city in northern Spain where the Cantabrian Sea and the Jacobean tradition intertwine, as it lies along the Camino del Norte, one of its most beautiful historic routes. Pilgrims from all over the world travel along this stretch of coastline, finding in Gij\u00f3n a place to rest with a rich maritime, cultural, and gastronomic heritage. Its seafront promenade, its old town, and its welcoming atmosphere make the city a special stop along the Camino experience, where tradition, hospitality, and landscape come together.\n\t\t<\/div>\n\n\t\t<div id=\"locationSection\">\n\t\t\t<div>\n\t\t\t\t<h2 class=\"p-h2-town\">Location<\/h2>\n\t\t\t\t<hr>\n\t\t\t\t<h3 class=\"p-h3-town\">How to get there<\/h3>\n\t\t\t<\/div>\n\t\t\t<p>The town of Gij\u00f3n has a strategic location, the city is reached by the main roads that allow road communication of the northern half of the peninsula, such as the A-8 highway, the A-66, the GJ-81, the AS-I and AS-II. In addition, there are also other roads such as the N-630 and the N-634 or the AS-19, AS-264, AS-248 and AS-266.\n\n<p>The city has a bus station and a train station, both offering daily lines to major cities but also to the outskirts of the city. The main lines are to Oviedo, Avil\u00e9s, Madrid and Gij\u00f3n.<\/p> <p>\n\t\t\t<div>\n\t\t\t\t<div>\n  <iframe loading=\"lazy\"\n    src=\"https:\/\/www.google.com\/maps\/d\/embed?mid=15TbEbt-3yNykJUDMXmH7slKp1v-1DLQ&amp;ehbc=2E312F\"\n    width=\"640\"\n    height=\"480\"\n    alt=\"Mapa Gij\u00f3n\"\n  ><\/iframe>\n<\/div>\n\n\t\t\t<\/div>\n\t\t<\/div>\n\n\t\t\n\t\t\t<div id=\"toVisitSection\">\n\t\t\t\t<div>\n\t\t\t\t\t<h2 class=\"p-h2-town\">History \/ Culture<\/h2>\n\t\t\t\t\t<hr>\n\t\t\t\t\t<h3 class=\"p-h3-town\">What to see<\/h3>\n\t\t\t\t<\/div>\n\t\t\t\t<div>\n\t\t\t\t\t<div class=\"accordion\">\n\t\t\t\t\t\t<div class=\"accordion__menu\">\n\t\t\t\t\t\t\t<nav>\n\t\t\t\t\t\t\t\t\n\t\t\t\t\t\t\t\t\t<button class=\"nav-tab-accordion active\"><span>&#10093;<\/span><span> Capilla de San Lorenzo<\/span><\/button>\n\t\t\t\t\t\t\t\t\n\t\t\t\t\t\t\t\t\t<button class=\"nav-tab-accordion \"><span>&#10093;<\/span><span> Casino de Asturias<\/span><\/button>\n\t\t\t\t\t\t\t\t\n\t\t\t\t\t\t\t\t\t<button class=\"nav-tab-accordion \"><span>&#10093;<\/span><span> Centro de Interpretacio\u0301n de la Naturaleza<\/span><\/button>\n\t\t\t\t\t\t\t\t\n\t\t\t\t\t\t\t\t\t<button class=\"nav-tab-accordion \"><span>&#10093;<\/span><span> Centro de Interpretacio\u0301n del Cine<\/span><\/button>\n\t\t\t\t\t\t\t\t\n\t\t\t\t\t\t\t\t\t<button class=\"nav-tab-accordion \"><span>&#10093;<\/span><span> Centro de Experimentaci\u00f3n Pesquera<\/span><\/button>\n\t\t\t\t\t\t\t\t\n\t\t\t\t\t\t\t\t\t<button class=\"nav-tab-accordion \"><span>&#10093;<\/span><span> Cerro de Santa Catalina<\/span><\/button>\n\t\t\t\t\t\t\t\t\n\t\t\t\t\t\t\t\t\t<button class=\"nav-tab-accordion \"><span>&#10093;<\/span><span> Iglesia de San Jose\u0301<\/span><\/button>\n\t\t\t\t\t\t\t\t\n\t\t\t\t\t\t\t\t\t<button class=\"nav-tab-accordion \"><span>&#10093;<\/span><span> Iglesia de San Lorenzo<\/span><\/button>\n\t\t\t\t\t\t\t\t\n\t\t\t\t\t\t\t\t\t<button class=\"nav-tab-accordion \"><span>&#10093;<\/span><span> Iglesia de San Pedro<\/span><\/button>\n\t\t\t\t\t\t\t\t\n\t\t\t\t\t\t\t\t\t<button class=\"nav-tab-accordion \"><span>&#10093;<\/span><span> Jardi\u0301n Bota\u0301nico Atla\u0301ntico<\/span><\/button>\n\t\t\t\t\t\t\t\t\n\t\t\t\t\t\t\t\t\t<button class=\"nav-tab-accordion \"><span>&#10093;<\/span><span> Museo casa Jovellanos<\/span><\/button>\n\t\t\t\t\t\t\t\t\n\t\t\t\t\t\t\t\t\t<button class=\"nav-tab-accordion \"><span>&#10093;<\/span><span> Museo del Ferrocarril<\/span><\/button>\n\t\t\t\t\t\t\t\t\n\t\t\t\t\t\t\t\t\t<button class=\"nav-tab-accordion \"><span>&#10093;<\/span><span> Museo del pueblo de Asturias<\/span><\/button>\n\t\t\t\t\t\t\t\t\n\t\t\t\t\t\t\t\t\t<button class=\"nav-tab-accordion \"><span>&#10093;<\/span><span> Museo Evaristo Valle<\/span><\/button>\n\t\t\t\t\t\t\t\t\n\t\t\t\t\t\t\t\t\t<button class=\"nav-tab-accordion \"><span>&#10093;<\/span><span> Museo internacional de la gaita<\/span><\/button>\n\t\t\t\t\t\t\t\t\n\t\t\t\t\t\t\t\t\t<button class=\"nav-tab-accordion \"><span>&#10093;<\/span><span> Museo torre del reloj<\/span><\/button>\n\t\t\t\t\t\t\t\t\n\t\t\t\t\t\t\t\t\t<button class=\"nav-tab-accordion \"><span>&#10093;<\/span><span> Palacio de Revillagigedo<\/span><\/button>\n\t\t\t\t\t\t\t\t\n\t\t\t\t\t\t\t\t\t<button class=\"nav-tab-accordion \"><span>&#10093;<\/span><span> Parque arqueolo\u0301gico de la Campa<\/span><\/button>\n\t\t\t\t\t\t\t\t\n\t\t\t\t\t\t\t\t\t<button class=\"nav-tab-accordion \"><span>&#10093;<\/span><span> Parque de Isabel La Cato\u0301lica<\/span><\/button>\n\t\t\t\t\t\t\t\t\n\t\t\t\t\t\t\t\t\t<button class=\"nav-tab-accordion \"><span>&#10093;<\/span><span> Playas<\/span><\/button>\n\t\t\t\t\t\t\t\t\n\t\t\t\t\t\t\t\t\t<button class=\"nav-tab-accordion \"><span>&#10093;<\/span><span> Santuario de Nuestra Sen\u0303ora de Contrueces<\/span><\/button>\n\t\t\t\t\t\t\t\t\n\t\t\t\t\t\t\t\t\t<button class=\"nav-tab-accordion \"><span>&#10093;<\/span><span> Universidad Laboral<\/span><\/button>\n\t\t\t\t\t\t\t\t\n\t\t\t\t\t\t\t\t\t<button class=\"nav-tab-accordion \"><span>&#10093;<\/span><span> Teatro Jovellanos<\/span><\/button>\n\t\t\t\t\t\t\t\t\n\t\t\t\t\t\t\t\t\t<button class=\"nav-tab-accordion \"><span>&#10093;<\/span><span> Termas romanas de campo Valde\u0301s<\/span><\/button>\n\t\t\t\t\t\t\t\t\n\t\t\t\t\t\t\t\t\t<button class=\"nav-tab-accordion \"><span>&#10093;<\/span><span> Aquarium<\/span><\/button>\n\t\t\t\t\t\t\t\t\n\t\t\t\t\t\t\t\t\t<button class=\"nav-tab-accordion \"><span>&#10093;<\/span><span> Basilica del Sagrado Corazo\u0301n<\/span><\/button>\n\t\t\t\t\t\t\t\t\n\t\t\t\t\t\t\t<\/nav>\n\t\t\t\t\t\t<\/div>\n\n\t\t\t\t\t\t\n\t\t\t\t\t\t\t<div class=\"accordion__accordion-content \">\n\t\t\t\t\t\t\t\t<div>\n\t\t\t\t\t\t\t\t\t<div>\n\t\t\t\t\t\t\t\t\t\t<h4>Capilla de San Lorenzo<\/h4>\n\t\t\t\t\t\t\t\t\t\t<p>The Chapel of San Lorenzo, located in the center of Gijon, is known for housing inside a large exhibition hall built of sandstone ashlars. It is open all year round and hosts a variety of exhibitions and cultural events. It is worth noting the cover formed by a semicircular arch ending in a curved pediment and the belfry ornamented with pinnacles of pyramids and balls.\n\t\t\t\t\t\t\t\t\t<\/div>\n\t\t\t\t\t\t\t\t\t<img decoding=\"async\" src=\"https:\/\/cdn.pilgrim.es\/web\/caminos\/camino-norte\/pueblos\/gijon\/puntos-de-interes\/capilla-de-san-lorenzo.jpg\" alt=\"Capilla de San Lorenzo\">\n\t\t\t\t\t\t\t\t<\/div>\n\t\t\t\t\t\t\t<\/div>\n\t\t\t\t\t\t\n\t\t\t\t\t\t\t<div class=\"accordion__accordion-content inactive\">\n\t\t\t\t\t\t\t\t<div>\n\t\t\t\t\t\t\t\t\t<div>\n\t\t\t\t\t\t\t\t\t\t<h4>Casino de Asturias<\/h4>\n\t\t\t\t\t\t\t\t\t\t<p>The Casino of Asturias is a monumental building located in the center of the city of Gij\u00f3n. It is a center of fun and leisure where visitors can enjoy a wide variety of recreational activities: games of chance, exhibition halls, a meeting room with the seventh art, a recreational space of last generation and a party room. All these activities can be complemented with an exclusive gastronomic offer. <\/p>\n\n<p>In addition, the interior of the building is decorated with pieces by Dal\u00ed and paintings by Mir\u00f3, among other works of art of great value.\n\t\t\t\t\t\t\t\t\t<\/div>\n\t\t\t\t\t\t\t\t\t<img decoding=\"async\" src=\"https:\/\/cdn.pilgrim.es\/web\/caminos\/camino-norte\/pueblos\/gijon\/puntos-de-interes\/casino-de-asturias.jpg\" alt=\"Casino de Asturias\">\n\t\t\t\t\t\t\t\t<\/div>\n\t\t\t\t\t\t\t<\/div>\n\t\t\t\t\t\t\n\t\t\t\t\t\t\t<div class=\"accordion__accordion-content inactive\">\n\t\t\t\t\t\t\t\t<div>\n\t\t\t\t\t\t\t\t\t<div>\n\t\t\t\t\t\t\t\t\t\t<h4>Centro de Interpretacio\u0301n de la Naturaleza<\/h4>\n\t\t\t\t\t\t\t\t\t\t<p>The Monte Deva Nature Interpretation Center is a museum inaugurated in 2002 thanks to the restoration of the mansion in which it is located. The purpose of this space is to offer activities related to the environment. <\/p>\n\n<p>For this purpose, the building houses in its interior different rooms, among which the visitor reception center, a library, an exhibition hall, a multipurpose room and an auditorium stand out.\n\t\t\t\t\t\t\t\t\t<\/div>\n\t\t\t\t\t\t\t\t\t<img decoding=\"async\" src=\"https:\/\/cdn.pilgrim.es\/web\/caminos\/camino-norte\/pueblos\/gijon\/puntos-de-interes\/centro-de-interpretacion-de-la-naturaleza.jpg\" alt=\"Centro de Interpretacio\u0301n de la Naturaleza\">\n\t\t\t\t\t\t\t\t<\/div>\n\t\t\t\t\t\t\t<\/div>\n\t\t\t\t\t\t\n\t\t\t\t\t\t\t<div class=\"accordion__accordion-content inactive\">\n\t\t\t\t\t\t\t\t<div>\n\t\t\t\t\t\t\t\t\t<div>\n\t\t\t\t\t\t\t\t\t\t<h4>Centro de Interpretacio\u0301n del Cine<\/h4>\n\t\t\t\t\t\t\t\t\t\t<p>The Interpretation Center of Cinema in Asturias is located on the fourth floor of the Casino of Gij\u00f3n and offers a journey through the history of cinema in Asturias presenting its characters and its most representative works.<\/p> <p>The Center of Interpretation of Cinema in Asturias is located on the fourth floor of the Casino of Gij\u00f3n and offers a journey through the history of cinema in Asturias presenting its characters and its most representative works.\n\n<p>To publicize this journey, activities as varied as film series, book presentations, lectures by professionals in the audiovisual world and music recitals are held each year in its audiovisual and conference room. It also has a space for temporary exhibitions consisting of a didactic area, the cinema itself, the sound area, logistics and library.\n\t\t\t\t\t\t\t\t\t<\/div>\n\t\t\t\t\t\t\t\t\t<img decoding=\"async\" src=\"https:\/\/cdn.pilgrim.es\/web\/caminos\/camino-norte\/pueblos\/gijon\/puntos-de-interes\/centro-de-interpretacion-del-cine.jpg\" alt=\"Centro de Interpretacio\u0301n del Cine\">\n\t\t\t\t\t\t\t\t<\/div>\n\t\t\t\t\t\t\t<\/div>\n\t\t\t\t\t\t\n\t\t\t\t\t\t\t<div class=\"accordion__accordion-content inactive\">\n\t\t\t\t\t\t\t\t<div>\n\t\t\t\t\t\t\t\t\t<div>\n\t\t\t\t\t\t\t\t\t\t<h4>Centro de Experimentaci\u00f3n Pesquera<\/h4>\n\t\t\t\t\t\t\t\t\t\t<p>The Fisheries Experimentation Center is a museum opened in 1985 that aims to disseminate material related to fishing and the marine world in Asturias. Among these materials it is also possible to find vertebrate and invertebrate animals and sections specialized in crustaceans, fish, cephalopods and malacology. <\/p>\n\n<p>It also has a room dedicated exclusively to the history and fishing boats.\n\t\t\t\t\t\t\t\t\t<\/div>\n\t\t\t\t\t\t\t\t\t<img decoding=\"async\" src=\"https:\/\/cdn.pilgrim.es\/web\/caminos\/camino-norte\/pueblos\/gijon\/puntos-de-interes\/centro-de-experimentacion-pesquera.jpg\" alt=\"Centro de Experimentaci\u00f3n Pesquera\">\n\t\t\t\t\t\t\t\t<\/div>\n\t\t\t\t\t\t\t<\/div>\n\t\t\t\t\t\t\n\t\t\t\t\t\t\t<div class=\"accordion__accordion-content inactive\">\n\t\t\t\t\t\t\t\t<div>\n\t\t\t\t\t\t\t\t\t<div>\n\t\t\t\t\t\t\t\t\t\t<h4>Cerro de Santa Catalina<\/h4>\n\t\t\t\t\t\t\t\t\t\t<p>The Cerro de Santa Catalina is a park crowned mainly by two sculptures: at the summit you can contemplate the one known as &#8220;Elogio del Horizonte&#8221;, work of Chillida and at one of the entrances to the park is located the sculpture &#8220;Nordeste&#8221;, made by Joaqu\u00edn Vaquero Turcios.<\/p> <p>The park is located at the top of the hill, where you can contemplate the sculpture &#8220;Elogio del Horizonte&#8221;, work of Chillida.\n\t\t\t\t\t\t\t\t\t<\/div>\n\t\t\t\t\t\t\t\t\t<img decoding=\"async\" src=\"https:\/\/cdn.pilgrim.es\/web\/caminos\/camino-norte\/pueblos\/gijon\/puntos-de-interes\/cerro-de-santa-catalina.jpg\" alt=\"Cerro de Santa Catalina\">\n\t\t\t\t\t\t\t\t<\/div>\n\t\t\t\t\t\t\t<\/div>\n\t\t\t\t\t\t\n\t\t\t\t\t\t\t<div class=\"accordion__accordion-content inactive\">\n\t\t\t\t\t\t\t\t<div>\n\t\t\t\t\t\t\t\t\t<div>\n\t\t\t\t\t\t\t\t\t\t<h4>Iglesia de San Jose\u0301<\/h4>\n\t\t\t\t\t\t\t\t\t\t<p>The Church of San Jos\u00e9 is the result of the reform of an old temple dating from the late nineteenth century by the architect Nicol\u00e1s Garc\u00eda Rivero. This temple has three naves, the central one being the longest and is composed of a portico, transept, presbytery and the aisles mentioned above. <\/p>\n\n<p>The transept is covered by a large circular dome and over the rear naves extends a tribune protected by a wrought iron gate and bronze elements. The main facade is structured in a central section of three floors ending in a pediment flanked by two towers topped by a dome.<\/p> <p>The main facade has a central section of three floors ending in a pediment flanked by two towers topped by a dome.\n\t\t\t\t\t\t\t\t\t<\/div>\n\t\t\t\t\t\t\t\t\t<img decoding=\"async\" src=\"https:\/\/cdn.pilgrim.es\/web\/caminos\/camino-norte\/pueblos\/gijon\/puntos-de-interes\/iglesia-de-san-jose.jpg\" alt=\"Iglesia de San Jose\u0301\">\n\t\t\t\t\t\t\t\t<\/div>\n\t\t\t\t\t\t\t<\/div>\n\t\t\t\t\t\t\n\t\t\t\t\t\t\t<div class=\"accordion__accordion-content inactive\">\n\t\t\t\t\t\t\t\t<div>\n\t\t\t\t\t\t\t\t\t<div>\n\t\t\t\t\t\t\t\t\t\t<h4>Iglesia de San Lorenzo<\/h4>\n\t\t\t\t\t\t\t\t\t\t<p>The Church of San Lorenzo of late medieval Gothic features was built in 1896 and 1901 by Luis Bellido y Gonzalez has an abundance of stained glass windows, pointed forms and pinnacles. Its structure is distributed around a Latin cross plan topped by a flat chevet. <\/p>\n\n<p>The facade stands out for the lack of holes that characterize the Gothic and has a traditional gable portico and central rose window, the whole is flanked by two towers with triforate arches and ending in pinnacles. In its interior stands out the image of the Virgin with the risen Christ, work of Joaqu\u00edn Rubio Cam\u00edn.\n\t\t\t\t\t\t\t\t\t<\/div>\n\t\t\t\t\t\t\t\t\t<img decoding=\"async\" src=\"https:\/\/cdn.pilgrim.es\/web\/caminos\/camino-norte\/pueblos\/gijon\/puntos-de-interes\/iglesia-de-san-lorenzo.jpg\" alt=\"Iglesia de San Lorenzo\">\n\t\t\t\t\t\t\t\t<\/div>\n\t\t\t\t\t\t\t<\/div>\n\t\t\t\t\t\t\n\t\t\t\t\t\t\t<div class=\"accordion__accordion-content inactive\">\n\t\t\t\t\t\t\t\t<div>\n\t\t\t\t\t\t\t\t\t<div>\n\t\t\t\t\t\t\t\t\t\t<h4>Iglesia de San Pedro<\/h4>\n\t\t\t\t\t\t\t\t\t\t<p>The Church of San Pedro was built in the mid-twentieth century, specifically in the fifties, by Francisco and Federico Somolinos on the remains of an ancient temple of the fifteenth century. <\/p>\n\n<p>This building is known to be in the Asturian pre-Romanesque style thanks to its perpendicularly superimposed vaults, buttresses, raised transept and decorative elements such as latticework, the sogueado of the columns and triforate windows.<\/p>\n\t\t\t\t\t\t\t\t\t<\/div>\n\t\t\t\t\t\t\t\t\t<img decoding=\"async\" src=\"https:\/\/cdn.pilgrim.es\/web\/caminos\/camino-norte\/pueblos\/gijon\/puntos-de-interes\/iglesia-de-san-pedro.jpg\" alt=\"Iglesia de San Pedro\">\n\t\t\t\t\t\t\t\t<\/div>\n\t\t\t\t\t\t\t<\/div>\n\t\t\t\t\t\t\n\t\t\t\t\t\t\t<div class=\"accordion__accordion-content inactive\">\n\t\t\t\t\t\t\t\t<div>\n\t\t\t\t\t\t\t\t\t<div>\n\t\t\t\t\t\t\t\t\t\t<h4>Jardi\u0301n Bota\u0301nico Atla\u0301ntico<\/h4>\n\t\t\t\t\t\t\t\t\t\t<p>The Atlantic Botanical Garden is located about three kilometers from the center of the city of Gij\u00f3n and in the vicinity of the Universidad Laboral.<\/p> <p>The Atlantic Botanical Garden is located about three kilometers from the center of the city of Gij\u00f3n and in the vicinity of the Universidad Laboral.\n\n<p>It is a space that has an area of approximately 25 hectares and is home to about 30,000 plants of 2,000 different species, divided according to the environment to which each one belongs. <\/p>\n\n<p>Thus we can appreciate that the garden is distributed in four environments: the Cantabrian, the vegetable factory, a space dedicated to the Historical Garden of the Island and the Atlantic itinerary.\n\t\t\t\t\t\t\t\t\t<\/div>\n\t\t\t\t\t\t\t\t\t<img decoding=\"async\" src=\"https:\/\/cdn.pilgrim.es\/web\/caminos\/camino-norte\/pueblos\/gijon\/puntos-de-interes\/jardin-botanico-atlantico.jpg\" alt=\"Jardi\u0301n Bota\u0301nico Atla\u0301ntico\">\n\t\t\t\t\t\t\t\t<\/div>\n\t\t\t\t\t\t\t<\/div>\n\t\t\t\t\t\t\n\t\t\t\t\t\t\t<div class=\"accordion__accordion-content inactive\">\n\t\t\t\t\t\t\t\t<div>\n\t\t\t\t\t\t\t\t\t<div>\n\t\t\t\t\t\t\t\t\t\t<h4>Museo casa Jovellanos<\/h4>\n\t\t\t\t\t\t\t\t\t\t<p>The Jovellanos Birthplace Museum was inaugurated in 1971, presenting the artistic collection that had already been on display on the first floor of the former Jovellanos Institute. Since that time, the museum aims to show to society the documentation, research, conservation, education and dissemination of its collections.\n\n<p>The two rooms dedicated to the dissemination of the life and work of Jovellanos are complemented by a great tour of the Asturian art of the nineteenth and twentieth centuries and a peculiar representation of the most important European schools of the seventeenth and eighteenth centuries, among which are the Flemish and Dutch.<\/p> &lt;p\n\t\t\t\t\t\t\t\t\t<\/div>\n\t\t\t\t\t\t\t\t\t<img decoding=\"async\" src=\"https:\/\/cdn.pilgrim.es\/web\/caminos\/camino-norte\/pueblos\/gijon\/puntos-de-interes\/museo-casa-jovellanos.jpg\" alt=\"Museo casa Jovellanos\">\n\t\t\t\t\t\t\t\t<\/div>\n\t\t\t\t\t\t\t<\/div>\n\t\t\t\t\t\t\n\t\t\t\t\t\t\t<div class=\"accordion__accordion-content inactive\">\n\t\t\t\t\t\t\t\t<div>\n\t\t\t\t\t\t\t\t\t<div>\n\t\t\t\t\t\t\t\t\t\t<h4>Museo del Ferrocarril<\/h4>\n\t\t\t\t\t\t\t\t\t\t<p>The Asturias Railway Museum was created with the aim of housing and disseminating railway materials through various permanent exhibitions. These exhibitions show the past, present and future of the different processes of the railroad in terms of technology, cost, development as a means of transport, customs and social behavior.\n\t\t\t\t\t\t\t\t\t<\/div>\n\t\t\t\t\t\t\t\t\t<img decoding=\"async\" src=\"https:\/\/cdn.pilgrim.es\/web\/caminos\/camino-norte\/pueblos\/gijon\/puntos-de-interes\/museo-del-ferrocarril.jpg\" alt=\"Museo del Ferrocarril\">\n\t\t\t\t\t\t\t\t<\/div>\n\t\t\t\t\t\t\t<\/div>\n\t\t\t\t\t\t\n\t\t\t\t\t\t\t<div class=\"accordion__accordion-content inactive\">\n\t\t\t\t\t\t\t\t<div>\n\t\t\t\t\t\t\t\t\t<div>\n\t\t\t\t\t\t\t\t\t\t<h4>Museo del pueblo de Asturias<\/h4>\n\t\t\t\t\t\t\t\t\t\t<p>The Museum of the People of Asturias was inaugurated in 1968 with the aim of preserving and disseminating the memory of the Asturian people. Inside it houses large collections on photography, ethnology, musical instruments, legends, tales and songs of Asturias.\n\n<p>For the dissemination, different conferences, exhibitions, seminars, concerts and educational workshops are held in the museum. In addition, it belongs to the Network of Archives and Researchers of Popular Writing, an organization that is concerned with the study and preservation of the written memory of any person.\n\t\t\t\t\t\t\t\t\t<\/div>\n\t\t\t\t\t\t\t\t\t<img decoding=\"async\" src=\"https:\/\/cdn.pilgrim.es\/web\/caminos\/camino-norte\/pueblos\/gijon\/puntos-de-interes\/museo-del-pueblo-de-asturias.jpg\" alt=\"Museo del pueblo de Asturias\">\n\t\t\t\t\t\t\t\t<\/div>\n\t\t\t\t\t\t\t<\/div>\n\t\t\t\t\t\t\n\t\t\t\t\t\t\t<div class=\"accordion__accordion-content inactive\">\n\t\t\t\t\t\t\t\t<div>\n\t\t\t\t\t\t\t\t\t<div>\n\t\t\t\t\t\t\t\t\t\t<h4>Museo Evaristo Valle<\/h4>\n\t\t\t\t\t\t\t\t\t\t<p>The Evaristo Valle Museum was founded in 1981 as a Cultural Foundation by Mar\u00eda Rodr\u00edguez del Valle, niece of the painter Evaristo Valle. Mar\u00eda, after the artist&#8217;s death in 1951, kept his personal objects and his works and currently, these jewels are collected in this museum. <\/p>\n\n<p>This space permanently displays more than one hundred works by the artist, arranged chronologically, by theme or by technique, allowing visitors to admire his great pictorial and drawing art. In addition, a collection of shells that the artist inherited from his father is also collected in the museum.  <\/p>\n\t\t\t\t\t\t\t\t\t<\/div>\n\t\t\t\t\t\t\t\t\t<img decoding=\"async\" src=\"https:\/\/cdn.pilgrim.es\/web\/caminos\/camino-norte\/pueblos\/gijon\/puntos-de-interes\/museo-evaristo-valle.jpg\" alt=\"Museo Evaristo Valle\">\n\t\t\t\t\t\t\t\t<\/div>\n\t\t\t\t\t\t\t<\/div>\n\t\t\t\t\t\t\n\t\t\t\t\t\t\t<div class=\"accordion__accordion-content inactive\">\n\t\t\t\t\t\t\t\t<div>\n\t\t\t\t\t\t\t\t\t<div>\n\t\t\t\t\t\t\t\t\t\t<h4>Museo internacional de la gaita<\/h4>\n\t\t\t\t\t\t\t\t\t\t<p>The International Bagpipe Museum was inaugurated in 1966 with the aim of presenting the diversity of bagpipes used in the world, as well as melodies, dances and traditions. Currently the bagpipe museum is part of the Mus\u00e9u del Pueblu d&#8217;Asturies and its collection is presented in four rooms: <\/p>\n\t\t\t\t\t\t\t\t\t<\/div>\n\t\t\t\t\t\t\t\t\t<img decoding=\"async\" src=\"https:\/\/cdn.pilgrim.es\/web\/caminos\/camino-norte\/pueblos\/gijon\/puntos-de-interes\/museo-internacional-de-la-gaita.jpg\" alt=\"Museo internacional de la gaita\">\n\t\t\t\t\t\t\t\t<\/div>\n\t\t\t\t\t\t\t<\/div>\n\t\t\t\t\t\t\n\t\t\t\t\t\t\t<div class=\"accordion__accordion-content inactive\">\n\t\t\t\t\t\t\t\t<div>\n\t\t\t\t\t\t\t\t\t<div>\n\t\t\t\t\t\t\t\t\t\t<h4>Museo torre del reloj<\/h4>\n\t\t\t\t\t\t\t\t\t\t<p>The Clock Tower Museum was built in 1572 on the remains of an ancient Roman wall. This Tower was born as the headquarters of the city council of Gijon until it became a prison building until 1909 and in 1911, because of its abandonment, it was demolished, to be later rebuilt in 1989. <\/p>\n\n<p>It currently houses the Municipal Archives of Gij\u00f3n and offers, through its permanent exhibition, a journey through the history of the city. This exhibition houses a collection of historical and archaeological data on the evolution of the city from pre-Roman times to the present day.\n\t\t\t\t\t\t\t\t\t<\/div>\n\t\t\t\t\t\t\t\t\t<img decoding=\"async\" src=\"https:\/\/cdn.pilgrim.es\/web\/caminos\/camino-norte\/pueblos\/gijon\/puntos-de-interes\/museo-torre-del-reloj.jpg\" alt=\"Museo torre del reloj\">\n\t\t\t\t\t\t\t\t<\/div>\n\t\t\t\t\t\t\t<\/div>\n\t\t\t\t\t\t\n\t\t\t\t\t\t\t<div class=\"accordion__accordion-content inactive\">\n\t\t\t\t\t\t\t\t<div>\n\t\t\t\t\t\t\t\t\t<div>\n\t\t\t\t\t\t\t\t\t\t<h4>Palacio de Revillagigedo<\/h4>\n\t\t\t\t\t\t\t\t\t\t<p>The Revillagigedo Palace is located in the neighborhood of Cimadevilla, in the southern part of the Cerro de Santa Catalina, and was commissioned by Carlos Miguel Ramirez de Jove, First Marquis of San Esteban del Mar in 1704. The building, in baroque style, perfectly represents the palatial architecture of the eighteenth century.\n\n<p>The fortified towers of the palace have a great medieval austerity and contrast sharply with the baroque ornamentation of the three floors of the building. On the second floor of the palace there is an arcaded gallery, on the second floor there are Ionic columns and on the third floor there are Tuscan columns.\n\t\t\t\t\t\t\t\t\t<\/div>\n\t\t\t\t\t\t\t\t\t<img decoding=\"async\" src=\"https:\/\/cdn.pilgrim.es\/web\/caminos\/camino-norte\/pueblos\/gijon\/puntos-de-interes\/palacio-de-revillagigedo.jpg\" alt=\"Palacio de Revillagigedo\">\n\t\t\t\t\t\t\t\t<\/div>\n\t\t\t\t\t\t\t<\/div>\n\t\t\t\t\t\t\n\t\t\t\t\t\t\t<div class=\"accordion__accordion-content inactive\">\n\t\t\t\t\t\t\t\t<div>\n\t\t\t\t\t\t\t\t\t<div>\n\t\t\t\t\t\t\t\t\t\t<h4>Parque arqueolo\u0301gico de la Campa<\/h4>\n\t\t\t\t\t\t\t\t\t\t<p>The Campa Torres Archaeological-Natural Park is located on a site located to the west of Cape Torres, approximately seven kilometers from the center of Gij\u00f3n. This site provides information about the prehistory of Asturias and the origins of Gij\u00f3n.\n\n<p>This space aims to protect, conserve and enhance the value of the remains found here as well as to raise awareness among visitors about the need to protect historical heritage. <\/p>\n\n<p>The park facilities are divided into three buildings: the reception, the museum and the lighthouse. In addition, the park has an archaeological itinerary, a bird observatory and a viewpoint that offers beautiful panoramic views of Gij\u00f3n and El Musel. <\/p>\n\t\t\t\t\t\t\t\t\t<\/div>\n\t\t\t\t\t\t\t\t\t<img decoding=\"async\" src=\"https:\/\/cdn.pilgrim.es\/web\/caminos\/camino-norte\/pueblos\/gijon\/puntos-de-interes\/parque-arqueologico-de-la-campa.jpg\" alt=\"Parque arqueolo\u0301gico de la Campa\">\n\t\t\t\t\t\t\t\t<\/div>\n\t\t\t\t\t\t\t<\/div>\n\t\t\t\t\t\t\n\t\t\t\t\t\t\t<div class=\"accordion__accordion-content inactive\">\n\t\t\t\t\t\t\t\t<div>\n\t\t\t\t\t\t\t\t\t<div>\n\t\t\t\t\t\t\t\t\t\t<h4>Parque de Isabel La Cato\u0301lica<\/h4>\n\t\t\t\t\t\t\t\t\t\t<p>The Isabel la Cat\u00f3lica Park since 1941 is the largest green area of the city of Gij\u00f3n, with an area of approximately 151,857 square meters. In its surroundings coexist different plant and fauna species: trees, wild birds, geese, swans and peacocks. <\/p>\n\n<p>In addition, the park has some lakes inside as well as other areas of interest such as the children&#8217;s playground or the meadow, which is very close to the Avenida de Castilla. <\/p>\n\n<p>In this space the visitor also has the possibility to admire a great variety of sculptures related to mythology, history and personalities of the city. Throughout the park there are stone and iron benches dating from the 1920s for the visitor to rest. <\/p>\n\t\t\t\t\t\t\t\t\t<\/div>\n\t\t\t\t\t\t\t\t\t<img decoding=\"async\" src=\"https:\/\/cdn.pilgrim.es\/web\/caminos\/camino-norte\/pueblos\/gijon\/puntos-de-interes\/parque-de-isabel-la-catolica.jpg\" alt=\"Parque de Isabel La Cato\u0301lica\">\n\t\t\t\t\t\t\t\t<\/div>\n\t\t\t\t\t\t\t<\/div>\n\t\t\t\t\t\t\n\t\t\t\t\t\t\t<div class=\"accordion__accordion-content inactive\">\n\t\t\t\t\t\t\t\t<div>\n\t\t\t\t\t\t\t\t\t<div>\n\t\t\t\t\t\t\t\t\t\t<h4>Playas<\/h4>\n\t\t\t\t\t\t\t\t\t\t<p>SAN LORENZO BEACH<\/p>\n\n<p>This urban sandy beach is the largest in the city of Gij\u00f3n and the busiest in all four seasons of the year. It presents a shell shape and is bordered by a promenade of almost three kilometers, which is usually quite crowded at any time.\n\n<p>It is very easy to access the beach, due to its location in the urban center. In addition, the sandy beach has a wide variety of services and facilities and is the perfect place to practice various water sports.<\/p> <p>\n\n<\/p> <p> <\/p> <p>.\n\n<p>PONIENTE BEACH<\/p> <p>PONIENTE BEACH<\/p> <p>PONIENTE BEACH<\/p> &lt;p\n\n<p>This urban sandy beach, very sheltered and recovered in the 90s, is located right next to the marina of Gij\u00f3n. This beach, due to its location, has all kinds of services and facilities, as well as a promenade of approximately 500 meters long. It is also an excellent beach for water sports and has ramps accessible to people with reduced mobility.\n\t\t\t\t\t\t\t\t\t<\/div>\n\t\t\t\t\t\t\t\t\t<img decoding=\"async\" src=\"https:\/\/cdn.pilgrim.es\/web\/caminos\/camino-norte\/pueblos\/gijon\/puntos-de-interes\/playas.jpg\" alt=\"Playas\">\n\t\t\t\t\t\t\t\t<\/div>\n\t\t\t\t\t\t\t<\/div>\n\t\t\t\t\t\t\n\t\t\t\t\t\t\t<div class=\"accordion__accordion-content inactive\">\n\t\t\t\t\t\t\t\t<div>\n\t\t\t\t\t\t\t\t\t<div>\n\t\t\t\t\t\t\t\t\t\t<h4>Santuario de Nuestra Sen\u0303ora de Contrueces<\/h4>\n\t\t\t\t\t\t\t\t\t\t<p>The Sanctuary of Our Lady of Contrueces was built on an ancient temple dating from the tenth century and destroyed in the sixteenth century. From then on, reconstruction works began that transformed it into the temple that can be seen today. <\/p>\n\n<p>These works were designed by the architect Gonzalo de G\u00fcemes Bracamonte and continued later by Fernando de la Huerta to complete the set in the year 1660.\n\n<p>This Sanctuary along with the Sacred Heart was one of the few respected during the barbarity of the Civil War.<\/p>\n\t\t\t\t\t\t\t\t\t<\/div>\n\t\t\t\t\t\t\t\t\t<img decoding=\"async\" src=\"https:\/\/cdn.pilgrim.es\/web\/caminos\/camino-norte\/pueblos\/gijon\/puntos-de-interes\/santuario-de-nuestra-senora-de-contrueces.jpg\" alt=\"Santuario de Nuestra Sen\u0303ora de Contrueces\">\n\t\t\t\t\t\t\t\t<\/div>\n\t\t\t\t\t\t\t<\/div>\n\t\t\t\t\t\t\n\t\t\t\t\t\t\t<div class=\"accordion__accordion-content inactive\">\n\t\t\t\t\t\t\t\t<div>\n\t\t\t\t\t\t\t\t\t<div>\n\t\t\t\t\t\t\t\t\t\t<h4>Universidad Laboral<\/h4>\n\t\t\t\t\t\t\t\t\t\t<p>The Universidad Laboral de Gij\u00f3n building was built by architect Luis Moya with the intention of housing the Mining Orphanage, thus forming a perfect city, a symbol of the &#8220;new order&#8221;. <\/p>\n\n<p>The main facade rises asymmetrically and shows an influence of the Chicago School. The gate is arranged under a tower, following the model of Rome and Europe in the medieval period. Once you pass the atrium, you arrive at the Central Plaza, which has 8,300 square meters. The theater, for its artistry, seats 1,654, and the early Christian chapel can accommodate all the residents of the University.<\/p> <p><\/p> <p>The theater, for its artistry, seats 1,654, and the early Christian chapel can accommodate all the residents of the University.\n\t\t\t\t\t\t\t\t\t<\/div>\n\t\t\t\t\t\t\t\t\t<img decoding=\"async\" src=\"https:\/\/cdn.pilgrim.es\/web\/caminos\/camino-norte\/pueblos\/gijon\/puntos-de-interes\/universidad-laboral.jpg\" alt=\"Universidad Laboral\">\n\t\t\t\t\t\t\t\t<\/div>\n\t\t\t\t\t\t\t<\/div>\n\t\t\t\t\t\t\n\t\t\t\t\t\t\t<div class=\"accordion__accordion-content inactive\">\n\t\t\t\t\t\t\t\t<div>\n\t\t\t\t\t\t\t\t\t<div>\n\t\t\t\t\t\t\t\t\t\t<h4>Teatro Jovellanos<\/h4>\n\t\t\t\t\t\t\t\t\t\t<p>The Jovellanos Municipal Theater is located in the center of the city of Gij\u00f3n, more specifically, in the Paseo de Bego\u00f1a. It was inaugurated in July 1889 and has a stage of approximately eleven meters wide and nine meters long, having capacity to accommodate up to a symphony orchestra. <\/p>\n\n<p>This large leisure space offers to enjoy a variety of cultural activities, such as theater performances, dance exhibitions, opera, concerts, monologues and cabaret plays. <\/p>\n\t\t\t\t\t\t\t\t\t<\/div>\n\t\t\t\t\t\t\t\t\t<img decoding=\"async\" src=\"https:\/\/cdn.pilgrim.es\/web\/caminos\/camino-norte\/pueblos\/gijon\/puntos-de-interes\/teatro-jovellanos.jpg\" alt=\"Teatro Jovellanos\">\n\t\t\t\t\t\t\t\t<\/div>\n\t\t\t\t\t\t\t<\/div>\n\t\t\t\t\t\t\n\t\t\t\t\t\t\t<div class=\"accordion__accordion-content inactive\">\n\t\t\t\t\t\t\t\t<div>\n\t\t\t\t\t\t\t\t\t<div>\n\t\t\t\t\t\t\t\t\t\t<h4>Termas romanas de campo Valde\u0301s<\/h4>\n\t\t\t\t\t\t\t\t\t\t<p>The museum of the Roman Baths of Campo Valdes is located very close to the coast, specifically, is located in the old part of the city and was inaugurated in 1995. The purpose of this museum is to protect, conserve, investigate and disseminate the archaeological remains that were recovered.<\/p> &lt;p\n\n<p>The visit is divided into two areas, the first part of the tour presents through models, information panels and projections, the history and operation of the baths in Roman life. However, in the second part of the tour the visitor can already admire the archaeological remains through a walkway that simulates the interior circulation of the Roman baths. <\/p>\n\n<p>Also, next to the remains you can see other tools and utensils that were probably used in everyday life and discover the ancient construction techniques. <\/p>\n\t\t\t\t\t\t\t\t\t<\/div>\n\t\t\t\t\t\t\t\t\t<img decoding=\"async\" src=\"https:\/\/cdn.pilgrim.es\/web\/caminos\/camino-norte\/pueblos\/gijon\/puntos-de-interes\/termas-romanas-de-campo-valdes.jpg\" alt=\"Termas romanas de campo Valde\u0301s\">\n\t\t\t\t\t\t\t\t<\/div>\n\t\t\t\t\t\t\t<\/div>\n\t\t\t\t\t\t\n\t\t\t\t\t\t\t<div class=\"accordion__accordion-content inactive\">\n\t\t\t\t\t\t\t\t<div>\n\t\t\t\t\t\t\t\t\t<div>\n\t\t\t\t\t\t\t\t\t\t<h4>Aquarium<\/h4>\n\t\t\t\t\t\t\t\t\t\t<p>The Gij\u00f3n Aquarium offers visitors a circuit through more than sixty types of freshwater and saltwater fish tanks, introducing them to the marine fauna and flora that exist in the seas around the world. <\/p>\n\n<p>It has a capacity of approximately 2,000 cubic meters of water so that visitors can discover marine life in the Asturian rivers, the Cantabrian Coast, the Caribbean Sea, the Pacific and Indian Oceans, the Red Sea, the African Indian Ocean, the South Atlantic Ocean and the Subtropical Atlantic Ocean. In addition, the facilities include a store, a restaurant and cafeteria as well as an educational classroom.\n\t\t\t\t\t\t\t\t\t<\/div>\n\t\t\t\t\t\t\t\t\t<img decoding=\"async\" src=\"https:\/\/cdn.pilgrim.es\/web\/caminos\/camino-norte\/pueblos\/gijon\/puntos-de-interes\/aquarium.jpg\" alt=\"Aquarium\">\n\t\t\t\t\t\t\t\t<\/div>\n\t\t\t\t\t\t\t<\/div>\n\t\t\t\t\t\t\n\t\t\t\t\t\t\t<div class=\"accordion__accordion-content inactive\">\n\t\t\t\t\t\t\t\t<div>\n\t\t\t\t\t\t\t\t\t<div>\n\t\t\t\t\t\t\t\t\t\t<h4>Basilica del Sagrado Corazo\u0301n<\/h4>\n\t\t\t\t\t\t\t\t\t\t<p>The Temple of the Sacred Heart was named &#8220;Basilica&#8221; in 2003, formerly known as &#8220;La Iglesiona&#8221;, which was built between 1918 and 1922 by Rubio Bellver.<\/p> <p>The Temple of the Sacred Heart was named &#8220;Basilica&#8221; in 2003, formerly known as &#8220;La Iglesiona&#8221;, which was built between 1918 and 1922 by Rubio Bellver.\n\n<p>The first objective of this temple was to give shelter to the Jesuit Fathers, so the architect resorts to solutions similar to the works of Gaud\u00ed that can be seen in the parabolic sections of the vault and the poly-lobed arches of the presbytery. <\/p>\n\n<p>Elements of the main facade such as the central rose window, the gable and the side towers, which provide a great contrast of light and shadow in an expressionist style to the towers, are worth mentioning.  <\/p>\n\t\t\t\t\t\t\t\t\t<\/div>\n\t\t\t\t\t\t\t\t\t<img decoding=\"async\" src=\"https:\/\/cdn.pilgrim.es\/web\/caminos\/camino-norte\/pueblos\/gijon\/puntos-de-interes\/basilica-del-sagrado-corazon.jpg\" alt=\"Basilica del Sagrado Corazo\u0301n\">\n\t\t\t\t\t\t\t\t<\/div>\n\t\t\t\t\t\t\t<\/div>\n\t\t\t\t\t\t\n\t\t\t\t\t<\/div>\n\t\t\t\t<\/div>\n\t\t\t<\/div>\n\t\t\n\n\t\t<div id=\"phonesSection\">\n\t\t\t<div>\n\t\t\t\t<h2 class=\"p-h3-town\">Information of interest<\/h2>\n\t\t\t<\/div>\n\t\t\t<div class=\"grid\">\n\t\t\t\t\n\t\t\t\t\t<div class=\"phone-number-item\">\n\t\t\t\t\t\t<div class=\"phone-number-item__icon\"><i class=\"icon-police\"><\/i><\/div>\n\t\t\t\t\t\t<div class=\"phone-number-item__title\">\n\t\t\t\t\t\t\t<h3 class=\"p-font-bold\">Local police<\/h3>\n\t\t\t\t\t\t\t<p>985 181 100<\/p>\n\t\t\t\t\t\t\t\n\t\t\t\t\t\t<\/div>\n\t\t\t\t\t<\/div>\n\t\t\t\t\n\t\t\t\t\t<div class=\"phone-number-item\">\n\t\t\t\t\t\t<div class=\"phone-number-item__icon\"><i class=\"icon-spanish-military-police\"><\/i><\/div>\n\t\t\t\t\t\t<div class=\"phone-number-item__title\">\n\t\t\t\t\t\t\t<h3 class=\"p-font-bold\">Civil guard<\/h3>\n\t\t\t\t\t\t\t<p>985 385 800<\/p>\n\t\t\t\t\t\t\t\n\t\t\t\t\t\t<\/div>\n\t\t\t\t\t<\/div>\n\t\t\t\t\n\t\t\t\t\t<div class=\"phone-number-item\">\n\t\t\t\t\t\t<div class=\"phone-number-item__icon\"><i class=\"icon-firefighters\"><\/i><\/div>\n\t\t\t\t\t\t<div class=\"phone-number-item__title\">\n\t\t\t\t\t\t\t<h3 class=\"p-font-bold\">Fire department<\/h3>\n\t\t\t\t\t\t\t<p>985 181 440<\/p>\n\t\t\t\t\t\t\t\n\t\t\t\t\t\t<\/div>\n\t\t\t\t\t<\/div>\n\t\t\t\t\n\t\t\t\t\t<div class=\"phone-number-item\">\n\t\t\t\t\t\t<div class=\"phone-number-item__icon\"><i class=\"icon-civil-protection\"><\/i><\/div>\n\t\t\t\t\t\t<div class=\"phone-number-item__title\">\n\t\t\t\t\t\t\t<h3 class=\"p-font-bold\">Civil protection<\/h3>\n\t\t\t\t\t\t\t<p>985 181 965<\/p>\n\t\t\t\t\t\t\t\n\t\t\t\t\t\t<\/div>\n\t\t\t\t\t<\/div>\n\t\t\t\t\n\t\t\t\t\t<div class=\"phone-number-item\">\n\t\t\t\t\t\t<div class=\"phone-number-item__icon\"><i class=\"icon-town-council\"><\/i><\/div>\n\t\t\t\t\t\t<div class=\"phone-number-item__title\">\n\t\t\t\t\t\t\t<h3 class=\"p-font-bold\">Town hall<\/h3>\n\t\t\t\t\t\t\t<p>985 181 111<\/p>\n\t\t\t\t\t\t\t\n\t\t\t\t\t\t<\/div>\n\t\t\t\t\t<\/div>\n\t\t\t\t\n\t\t\t\t\t<div class=\"phone-number-item\">\n\t\t\t\t\t\t<div class=\"phone-number-item__icon\"><i class=\"icon-hospital\"><\/i><\/div>\n\t\t\t\t\t\t<div class=\"phone-number-item__title\">\n\t\t\t\t\t\t\t<h3 class=\"p-font-bold\">Health center<\/h3>\n\t\t\t\t\t\t\t<p>985 143 030 \/ 985 134 400<\/p>\n\t\t\t\t\t\t\t\n\t\t\t\t\t\t<\/div>\n\t\t\t\t\t<\/div>\n\t\t\t\t\n\t\t\t\t\t<div class=\"phone-number-item\">\n\t\t\t\t\t\t<div class=\"phone-number-item__icon\"><i class=\"icon-tourism\"><\/i><\/div>\n\t\t\t\t\t\t<div class=\"phone-number-item__title\">\n\t\t\t\t\t\t\t<h3 class=\"p-font-bold\">Tourism office<\/h3>\n\t\t\t\t\t\t\t<p>Espig\u00f3n Central de Fomento C\/ Rodriguez San Pedro, s\/n; Tel\u00e9fono: 985 341 771; Horario: abre todo el a\u00f1o de 10:00 a 14:30 y de 16:30 a 19:30<\/p>\n\t\t\t\t\t\t\t\n\t\t\t\t\t\t<\/div>\n\t\t\t\t\t<\/div>\n\t\t\t\t\n\t\t\t<\/div>\n\t\t<\/div>\n\n\t\t<div id=\"clientForm\">\n        <section>\n        <img decoding=\"async\" src=\"https:\/\/cdn.pilgrim.es\/web\/home\/email-contacto.png\" alt=\"contacto\">\n        <div>\n            <p>We send you your itinerary<\/p>\n            <p>Enter your details and receive your travel itinerary by email <\/p>\n            <form method=\"post\" data-url=\"\/wp-admin\/admin-ajax.php\" id=\"planner--client\" class=\"flag-right form-client\">\n    <div class=\"form-data\">\n        <input name=\"form_id\" type=\"hidden\" value=\"Formulario Leads\">\n        <input name=\"type\" type=\"hidden\" value=\"planner_client\">\n        <input type=\"text\" name=\"nombre\" value=\"\" size=\"40\" class=\"form-control\" aria-required=\"true\" aria-invalid=\"false\" placeholder=\"Name\">\n        <input type=\"email\" name=\"email\" value=\"\" size=\"40\" class=\"form-control\" aria-required=\"true\" aria-invalid=\"false\" placeholder=\"Email\">\n        <input type=\"text\" id=\"phone-input\" name=\"tel\" value=\"\" size=\"40\" class=\"phone-input form-control\" aria-required=\"true\" aria-invalid=\"false\" placeholder=\"Telephone\">\n        <input type=\"hidden\" name=\"telefono\">\n    <\/div>\n    <div class=\"form-checkbox\">\n        <span>\n            Pilgrim Travel, S.L. informs, in accordance with Regulation 2016\/679, that the data used in this form will be used both for answering any queries and for the publication of comments, the basis of legitimacy being the consent of the user. The rights may be exercised in accordance with the provisions of our             <a href=\"https:\/\/www.pilgrim.es\/en\/privacy-policy\/\" target=\"_blank\" rel=\"noopener noreferrer nofollow\">Privacy Policy.<\/a>\n        <\/span>\n    <\/div>\n\n    <div class=\"form-submit\">\n        <button id=\"planner--client-create\" type=\"submit\">Contact form<\/button>\n        <div class=\"loadingDiv\"><i class=\"p-spinner\"><\/i><\/div>\n    <\/div>\n\n    <div class=\"contact-content-form-success\">\n        <p><i class=\"fas fa-check\"><\/i> The form has been sent successfully<\/p>\n    <\/div>\n\n    <div class=\"contact-content-form-error\">\n        <span class=\"input-error\"><\/span>\n    <\/div>\n<\/form>        <\/div>\n    <\/section>\n<\/div>\n\n\t\t<div id=\"recomendationSection\">\n\t\t\t<div>\n\t\t\t\t<h2 class=\"p-h2-town\">Recommended<\/h2>\n\t\t\t\t<hr>\n\t\t\t\t<h3 class=\"p-h3-town\">Gastronomy<\/h3>\n\t\t\t<\/div>\n\t\t\tThe gastronomy of Gij\u00f3n is very similar to the rest of the autonomous community, in the city the fabes with chorizo, blood sausage and pork shoulder, as well as more seafood with clams, spider crab and game. Then highlights the sea bream on the back, the chopas to cider, tuna belly, sea urchins, stewed veal, pitu de caleya, choricillos in cider, empanada and omelette. Every meal in Asturias must be accompanied by a good cider, do not forget to ask for it.\n\nIn the confectionery highlights the rice pudding, the charlota cake, the biscuit of Gijon, cider bonbons and the princesses of the beach.\n\t\t<\/div>\n\n\n\t\t\n\t\t\t<div id=\"holidaysSection\">\n\t\t\t\t<div>\n\t\t\t\t\t<h2 class=\"p-h2-town\">Recommended<\/h2>\n\t\t\t\t\t<hr>\n\t\t\t\t\t<h3 class=\"p-h3-town\">Festivals and Pilgrimages<\/h3>\n\t\t\t\t<\/div>\n\t\t\t\t<div class=\"grid holidays-grid\">\n\t\t\t\t\t\n\t\t\t\t\t\t<div>\n\t\t\t\t\t\t\t<div class=\"phone-number-item\">\n\t\t\t\t\t\t\t\t<div class=\"phone-number-item__icon\"><i class=\"icon-holiday\"><\/i><\/div>\n\t\t\t\t\t\t\t\t<div class=\"phone-number-item__title dark-text\">\n\t\t\t\t\t\t\t\t\t<p class=\"p-font-bold\">Local festivity<\/p>\n\t\t\t\t\t\t\t\t\t<p>29 de junio: Fiestas de San Pedro<\/p>\n\t\t\t\t\t\t\t\t<\/div>\n\t\t\t\t\t\t\t<\/div>\n\t\t\t\t\t\t<\/div>\n\t\t\t\t\t\n\t\t\t\t\t\t<div>\n\t\t\t\t\t\t\t<div class=\"phone-number-item\">\n\t\t\t\t\t\t\t\t<div class=\"phone-number-item__icon\"><i class=\"icon-holiday\"><\/i><\/div>\n\t\t\t\t\t\t\t\t<div class=\"phone-number-item__title dark-text\">\n\t\t\t\t\t\t\t\t\t<p class=\"p-font-bold\">Local festivity<\/p>\n\t\t\t\t\t\t\t\t\t<p>10 d\u00edas de julio: Semana Negra<\/p>\n\t\t\t\t\t\t\t\t<\/div>\n\t\t\t\t\t\t\t<\/div>\n\t\t\t\t\t\t<\/div>\n\t\t\t\t\t\n\t\t\t\t\t\t<div>\n\t\t\t\t\t\t\t<div class=\"phone-number-item\">\n\t\t\t\t\t\t\t\t<div class=\"phone-number-item__icon\"><i class=\"icon-holiday\"><\/i><\/div>\n\t\t\t\t\t\t\t\t<div class=\"phone-number-item__title dark-text\">\n\t\t\t\t\t\t\t\t\t<p class=\"p-font-bold\">Local festivity<\/p>\n\t\t\t\t\t\t\t\t\t<p>El \u00faltimo fin de semana de agosto: Fiestas de la sidra<\/p>\n\t\t\t\t\t\t\t\t<\/div>\n\t\t\t\t\t\t\t<\/div>\n\t\t\t\t\t\t<\/div>\n\t\t\t\t\t\n\t\t\t\t\t\t<div>\n\t\t\t\t\t\t\t<div class=\"phone-number-item\">\n\t\t\t\t\t\t\t\t<div class=\"phone-number-item__icon\"><i class=\"icon-holiday\"><\/i><\/div>\n\t\t\t\t\t\t\t\t<div class=\"phone-number-item__title dark-text\">\n\t\t\t\t\t\t\t\t\t<p class=\"p-font-bold\">Local festivity<\/p>\n\t\t\t\t\t\t\t\t\t<p>Febrero: El Antroxi o fiestas de carnaval<\/p>\n\t\t\t\t\t\t\t\t<\/div>\n\t\t\t\t\t\t\t<\/div>\n\t\t\t\t\t\t<\/div>\n\t\t\t\t\t\n\t\t\t\t\t\t<div>\n\t\t\t\t\t\t\t<div class=\"phone-number-item\">\n\t\t\t\t\t\t\t\t<div class=\"phone-number-item__icon\"><i class=\"icon-holiday\"><\/i><\/div>\n\t\t\t\t\t\t\t\t<div class=\"phone-number-item__title dark-text\">\n\t\t\t\t\t\t\t\t\t<p class=\"p-font-bold\">Local festivity<\/p>\n\t\t\t\t\t\t\t\t\t<p>El primer domingo de agosto: D\u00eda de Asturias en Gij\u00f3n<\/p>\n\t\t\t\t\t\t\t\t<\/div>\n\t\t\t\t\t\t\t<\/div>\n\t\t\t\t\t\t<\/div>\n\t\t\t\t\t\n\t\t\t\t\t\t<div>\n\t\t\t\t\t\t\t<div class=\"phone-number-item\">\n\t\t\t\t\t\t\t\t<div class=\"phone-number-item__icon\"><i class=\"icon-holiday\"><\/i><\/div>\n\t\t\t\t\t\t\t\t<div class=\"phone-number-item__title dark-text\">\n\t\t\t\t\t\t\t\t\t<p class=\"p-font-bold\">Local festivity<\/p>\n\t\t\t\t\t\t\t\t\t<p>Dos primeras semanas de agosto: Fiestas de San Lorenzo<\/p>\n\t\t\t\t\t\t\t\t<\/div>\n\t\t\t\t\t\t\t<\/div>\n\t\t\t\t\t\t<\/div>\n\t\t\t\t\t\n\t\t\t\t\t\t<div>\n\t\t\t\t\t\t\t<div class=\"phone-number-item\">\n\t\t\t\t\t\t\t\t<div class=\"phone-number-item__icon\"><i class=\"icon-holiday\"><\/i><\/div>\n\t\t\t\t\t\t\t\t<div class=\"phone-number-item__title dark-text\">\n\t\t\t\t\t\t\t\t\t<p class=\"p-font-bold\">Local festivity<\/p>\n\t\t\t\t\t\t\t\t\t<p>9 de Agosto: Semana grande<\/p>\n\t\t\t\t\t\t\t\t<\/div>\n\t\t\t\t\t\t\t<\/div>\n\t\t\t\t\t\t<\/div>\n\t\t\t\t\t\n\t\t\t\t<\/div>\n\t\t\t<\/div>\n\t\t\n\t<\/div>\n<\/section>\n\n<div id=\"stage_list_section\"><div class=\"stage-list\">\n    <div class='stage-list__map-card'>\n        <div class='stage-list__map-card__map'>\n            <div class='stage-list__map-card__map__text'>\n                <h2> Pages <\/h2>\n                <p> On foot<\/p>\n                <p> 0 stages<\/p>\n            <\/div>\n            <div class='stage-list__map-card__map__img'>\n                <img decoding=\"async\" src=\"\" alt=\" mapa \" \/>\n            <\/div>\n        <\/div>\n    <\/div>\n\n    <\/div>\n<\/div>\n","protected":false},"excerpt":{"rendered":"<p>Gij\u00f3n &#8249; Back to the stage Gij\u00f3n Residents: 274.290 aprox. Province: Asturias Information Get to know Gij\u00f3n Gij\u00f3n is a coastal city in northern Spain where the Cantabrian Sea and the Jacobean tradition intertwine, as it lies along the Camino del Norte, one of its most beautiful historic routes. Pilgrims from all over the world &hellip; <\/p>\n<p class=\"read_more\"><a href=\"https:\/\/www.pilgrim.es\/en\/northern-way\/gijon\/\">Leer m\u00e1s<\/a><\/p>\n","protected":false},"author":16,"featured_media":4653,"parent":36318,"menu_order":0,"comment_status":"closed","ping_status":"closed","template":"views\/template-new-web-design.blade.php","meta":{"footnotes":""},"categories":[],"tags":[],"class_list":["post-91295","page","type-page","status-publish","has-post-thumbnail","hentry"],"yoast_head":"<!-- This site is optimized with the Yoast SEO plugin v27.4 - https:\/\/yoast.com\/product\/yoast-seo-wordpress\/ -->\n<title>Gij\u00f3n: What to see and where to stay | Camino de Santiago | Pilgrim<\/title>\n<meta name=\"description\" content=\"Gij\u00f3n Discover all the information you need about accommodation, how to get there, gastronomy and the main points of interest in the towns along the Northern Way.\" \/>\n<meta name=\"robots\" content=\"index, follow, max-snippet:-1, max-image-preview:large, max-video-preview:-1\" \/>\n<link rel=\"canonical\" href=\"https:\/\/www.pilgrim.es\/en\/northern-way\/gijon\/\" \/>\n<meta property=\"og:locale\" content=\"en_US\" \/>\n<meta property=\"og:type\" content=\"article\" \/>\n<meta property=\"og:title\" content=\"Gij\u00f3n: What to see and where to stay | Camino de Santiago | Pilgrim\" \/>\n<meta property=\"og:description\" content=\"Gij\u00f3n Discover all the information you need about accommodation, how to get there, gastronomy and the main points of interest in the towns along the Northern Way.\" \/>\n<meta property=\"og:url\" content=\"https:\/\/www.pilgrim.es\/en\/northern-way\/gijon\/\" \/>\n<meta property=\"og:site_name\" content=\"Pilgrim\" \/>\n<meta property=\"article:publisher\" content=\"https:\/\/www.facebook.com\/pilgrim.es\/\" \/>\n<meta property=\"article:modified_time\" content=\"2026-04-24T07:44:32+00:00\" \/>\n<meta property=\"og:image\" content=\"https:\/\/www.pilgrim.es\/wp-content\/uploads\/2019\/02\/gijon1-520x370.jpg\" \/>\n\t<meta property=\"og:image:width\" content=\"520\" \/>\n\t<meta property=\"og:image:height\" content=\"370\" \/>\n\t<meta property=\"og:image:type\" content=\"image\/jpeg\" \/>\n<meta name=\"twitter:card\" content=\"summary_large_image\" \/>\n<meta name=\"twitter:site\" content=\"@pilgrim_es\" \/>\n<meta name=\"twitter:label1\" content=\"Est. reading time\" \/>\n\t<meta name=\"twitter:data1\" content=\"16 minutes\" \/>\n<script type=\"application\/ld+json\" class=\"yoast-schema-graph\">{\"@context\":\"https:\\\/\\\/schema.org\",\"@graph\":[{\"@type\":\"WebPage\",\"@id\":\"https:\\\/\\\/www.pilgrim.es\\\/en\\\/northern-way\\\/gijon\\\/\",\"url\":\"https:\\\/\\\/www.pilgrim.es\\\/en\\\/northern-way\\\/gijon\\\/\",\"name\":\"Gij\u00f3n: What to see and where to stay | Camino de Santiago | Pilgrim\",\"isPartOf\":{\"@id\":\"https:\\\/\\\/www.pilgrim.es\\\/en\\\/#website\"},\"primaryImageOfPage\":{\"@id\":\"https:\\\/\\\/www.pilgrim.es\\\/en\\\/northern-way\\\/gijon\\\/#primaryimage\"},\"image\":{\"@id\":\"https:\\\/\\\/www.pilgrim.es\\\/en\\\/northern-way\\\/gijon\\\/#primaryimage\"},\"thumbnailUrl\":\"https:\\\/\\\/www.pilgrim.es\\\/wp-content\\\/uploads\\\/2019\\\/02\\\/gijon1-520x370.jpg\",\"datePublished\":\"2025-03-17T14:53:17+00:00\",\"dateModified\":\"2026-04-24T07:44:32+00:00\",\"description\":\"Gij\u00f3n Discover all the information you need about accommodation, how to get there, gastronomy and the main points of interest in the towns along the Northern Way.\",\"breadcrumb\":{\"@id\":\"https:\\\/\\\/www.pilgrim.es\\\/en\\\/northern-way\\\/gijon\\\/#breadcrumb\"},\"inLanguage\":\"en-US\",\"potentialAction\":[{\"@type\":\"ReadAction\",\"target\":[\"https:\\\/\\\/www.pilgrim.es\\\/en\\\/northern-way\\\/gijon\\\/\"]}]},{\"@type\":\"ImageObject\",\"inLanguage\":\"en-US\",\"@id\":\"https:\\\/\\\/www.pilgrim.es\\\/en\\\/northern-way\\\/gijon\\\/#primaryimage\",\"url\":\"https:\\\/\\\/www.pilgrim.es\\\/wp-content\\\/uploads\\\/2019\\\/02\\\/gijon1-520x370.jpg\",\"contentUrl\":\"https:\\\/\\\/www.pilgrim.es\\\/wp-content\\\/uploads\\\/2019\\\/02\\\/gijon1-520x370.jpg\",\"width\":520,\"height\":370,\"caption\":\"Gij\u00f3n\"},{\"@type\":\"BreadcrumbList\",\"@id\":\"https:\\\/\\\/www.pilgrim.es\\\/en\\\/northern-way\\\/gijon\\\/#breadcrumb\",\"itemListElement\":[{\"@type\":\"ListItem\",\"position\":1,\"name\":\"Camino de Santiago\",\"item\":\"https:\\\/\\\/www.pilgrim.es\\\/en\\\/\"},{\"@type\":\"ListItem\",\"position\":2,\"name\":\"Northern Way\",\"item\":\"https:\\\/\\\/www.pilgrim.es\\\/en\\\/northern-way\\\/\"},{\"@type\":\"ListItem\",\"position\":3,\"name\":\"Gij\u00f3n\"}]},{\"@type\":\"WebSite\",\"@id\":\"https:\\\/\\\/www.pilgrim.es\\\/en\\\/#website\",\"url\":\"https:\\\/\\\/www.pilgrim.es\\\/en\\\/\",\"name\":\"Pilgrim\",\"description\":\"Camino de Santiago | Caminamos Contigo\",\"publisher\":{\"@id\":\"https:\\\/\\\/www.pilgrim.es\\\/en\\\/#organization\"},\"potentialAction\":[{\"@type\":\"SearchAction\",\"target\":{\"@type\":\"EntryPoint\",\"urlTemplate\":\"https:\\\/\\\/www.pilgrim.es\\\/en\\\/?s={search_term_string}\"},\"query-input\":{\"@type\":\"PropertyValueSpecification\",\"valueRequired\":true,\"valueName\":\"search_term_string\"}}],\"inLanguage\":\"en-US\"},{\"@type\":\"Organization\",\"@id\":\"https:\\\/\\\/www.pilgrim.es\\\/en\\\/#organization\",\"name\":\"Pilgrim Camino de Santiago\",\"url\":\"https:\\\/\\\/www.pilgrim.es\\\/en\\\/\",\"logo\":{\"@type\":\"ImageObject\",\"inLanguage\":\"en-US\",\"@id\":\"https:\\\/\\\/www.pilgrim.es\\\/en\\\/#\\\/schema\\\/logo\\\/image\\\/\",\"url\":\"https:\\\/\\\/www.pilgrim.es\\\/wp-content\\\/uploads\\\/2019\\\/04\\\/logo_pilgrim.png\",\"contentUrl\":\"https:\\\/\\\/www.pilgrim.es\\\/wp-content\\\/uploads\\\/2019\\\/04\\\/logo_pilgrim.png\",\"width\":512,\"height\":512,\"caption\":\"Pilgrim Camino de Santiago\"},\"image\":{\"@id\":\"https:\\\/\\\/www.pilgrim.es\\\/en\\\/#\\\/schema\\\/logo\\\/image\\\/\"},\"sameAs\":[\"https:\\\/\\\/www.facebook.com\\\/pilgrim.es\\\/\",\"https:\\\/\\\/x.com\\\/pilgrim_es\",\"https:\\\/\\\/www.instagram.com\\\/pilgrim.es\\\/\",\"https:\\\/\\\/www.linkedin.com\\\/company\\\/pilgrim-camino-de-santiago\\\/\",\"https:\\\/\\\/www.pinterest.es\\\/pilgrimcaminodesantiago\\\/\",\"https:\\\/\\\/www.youtube.com\\\/channel\\\/UCIv2ZzFLXVqthkNF32rKedw\\\/featured\"]}]}<\/script>\n<!-- \/ Yoast SEO plugin. -->","yoast_head_json":{"title":"Gij\u00f3n: What to see and where to stay | Camino de Santiago | Pilgrim","description":"Gij\u00f3n Discover all the information you need about accommodation, how to get there, gastronomy and the main points of interest in the towns along the Northern Way.","robots":{"index":"index","follow":"follow","max-snippet":"max-snippet:-1","max-image-preview":"max-image-preview:large","max-video-preview":"max-video-preview:-1"},"canonical":"https:\/\/www.pilgrim.es\/en\/northern-way\/gijon\/","og_locale":"en_US","og_type":"article","og_title":"Gij\u00f3n: What to see and where to stay | Camino de Santiago | Pilgrim","og_description":"Gij\u00f3n Discover all the information you need about accommodation, how to get there, gastronomy and the main points of interest in the towns along the Northern Way.","og_url":"https:\/\/www.pilgrim.es\/en\/northern-way\/gijon\/","og_site_name":"Pilgrim","article_publisher":"https:\/\/www.facebook.com\/pilgrim.es\/","article_modified_time":"2026-04-24T07:44:32+00:00","og_image":[{"width":520,"height":370,"url":"https:\/\/www.pilgrim.es\/wp-content\/uploads\/2019\/02\/gijon1-520x370.jpg","type":"image\/jpeg"}],"twitter_card":"summary_large_image","twitter_site":"@pilgrim_es","twitter_misc":{"Est. reading time":"16 minutes"},"schema":{"@context":"https:\/\/schema.org","@graph":[{"@type":"WebPage","@id":"https:\/\/www.pilgrim.es\/en\/northern-way\/gijon\/","url":"https:\/\/www.pilgrim.es\/en\/northern-way\/gijon\/","name":"Gij\u00f3n: What to see and where to stay | Camino de Santiago | Pilgrim","isPartOf":{"@id":"https:\/\/www.pilgrim.es\/en\/#website"},"primaryImageOfPage":{"@id":"https:\/\/www.pilgrim.es\/en\/northern-way\/gijon\/#primaryimage"},"image":{"@id":"https:\/\/www.pilgrim.es\/en\/northern-way\/gijon\/#primaryimage"},"thumbnailUrl":"https:\/\/www.pilgrim.es\/wp-content\/uploads\/2019\/02\/gijon1-520x370.jpg","datePublished":"2025-03-17T14:53:17+00:00","dateModified":"2026-04-24T07:44:32+00:00","description":"Gij\u00f3n Discover all the information you need about accommodation, how to get there, gastronomy and the main points of interest in the towns along the Northern Way.","breadcrumb":{"@id":"https:\/\/www.pilgrim.es\/en\/northern-way\/gijon\/#breadcrumb"},"inLanguage":"en-US","potentialAction":[{"@type":"ReadAction","target":["https:\/\/www.pilgrim.es\/en\/northern-way\/gijon\/"]}]},{"@type":"ImageObject","inLanguage":"en-US","@id":"https:\/\/www.pilgrim.es\/en\/northern-way\/gijon\/#primaryimage","url":"https:\/\/www.pilgrim.es\/wp-content\/uploads\/2019\/02\/gijon1-520x370.jpg","contentUrl":"https:\/\/www.pilgrim.es\/wp-content\/uploads\/2019\/02\/gijon1-520x370.jpg","width":520,"height":370,"caption":"Gij\u00f3n"},{"@type":"BreadcrumbList","@id":"https:\/\/www.pilgrim.es\/en\/northern-way\/gijon\/#breadcrumb","itemListElement":[{"@type":"ListItem","position":1,"name":"Camino de Santiago","item":"https:\/\/www.pilgrim.es\/en\/"},{"@type":"ListItem","position":2,"name":"Northern Way","item":"https:\/\/www.pilgrim.es\/en\/northern-way\/"},{"@type":"ListItem","position":3,"name":"Gij\u00f3n"}]},{"@type":"WebSite","@id":"https:\/\/www.pilgrim.es\/en\/#website","url":"https:\/\/www.pilgrim.es\/en\/","name":"Pilgrim","description":"Camino de Santiago | Caminamos Contigo","publisher":{"@id":"https:\/\/www.pilgrim.es\/en\/#organization"},"potentialAction":[{"@type":"SearchAction","target":{"@type":"EntryPoint","urlTemplate":"https:\/\/www.pilgrim.es\/en\/?s={search_term_string}"},"query-input":{"@type":"PropertyValueSpecification","valueRequired":true,"valueName":"search_term_string"}}],"inLanguage":"en-US"},{"@type":"Organization","@id":"https:\/\/www.pilgrim.es\/en\/#organization","name":"Pilgrim Camino de Santiago","url":"https:\/\/www.pilgrim.es\/en\/","logo":{"@type":"ImageObject","inLanguage":"en-US","@id":"https:\/\/www.pilgrim.es\/en\/#\/schema\/logo\/image\/","url":"https:\/\/www.pilgrim.es\/wp-content\/uploads\/2019\/04\/logo_pilgrim.png","contentUrl":"https:\/\/www.pilgrim.es\/wp-content\/uploads\/2019\/04\/logo_pilgrim.png","width":512,"height":512,"caption":"Pilgrim Camino de Santiago"},"image":{"@id":"https:\/\/www.pilgrim.es\/en\/#\/schema\/logo\/image\/"},"sameAs":["https:\/\/www.facebook.com\/pilgrim.es\/","https:\/\/x.com\/pilgrim_es","https:\/\/www.instagram.com\/pilgrim.es\/","https:\/\/www.linkedin.com\/company\/pilgrim-camino-de-santiago\/","https:\/\/www.pinterest.es\/pilgrimcaminodesantiago\/","https:\/\/www.youtube.com\/channel\/UCIv2ZzFLXVqthkNF32rKedw\/featured"]}]}},"_links":{"self":[{"href":"https:\/\/www.pilgrim.es\/en\/wp-json\/wp\/v2\/pages\/91295","targetHints":{"allow":["GET"]}}],"collection":[{"href":"https:\/\/www.pilgrim.es\/en\/wp-json\/wp\/v2\/pages"}],"about":[{"href":"https:\/\/www.pilgrim.es\/en\/wp-json\/wp\/v2\/types\/page"}],"author":[{"embeddable":true,"href":"https:\/\/www.pilgrim.es\/en\/wp-json\/wp\/v2\/users\/16"}],"replies":[{"embeddable":true,"href":"https:\/\/www.pilgrim.es\/en\/wp-json\/wp\/v2\/comments?post=91295"}],"version-history":[{"count":1,"href":"https:\/\/www.pilgrim.es\/en\/wp-json\/wp\/v2\/pages\/91295\/revisions"}],"predecessor-version":[{"id":140553,"href":"https:\/\/www.pilgrim.es\/en\/wp-json\/wp\/v2\/pages\/91295\/revisions\/140553"}],"up":[{"embeddable":true,"href":"https:\/\/www.pilgrim.es\/en\/wp-json\/wp\/v2\/pages\/36318"}],"wp:featuredmedia":[{"embeddable":true,"href":"https:\/\/www.pilgrim.es\/en\/wp-json\/wp\/v2\/media\/4653"}],"wp:attachment":[{"href":"https:\/\/www.pilgrim.es\/en\/wp-json\/wp\/v2\/media?parent=91295"}],"wp:term":[{"taxonomy":"category","embeddable":true,"href":"https:\/\/www.pilgrim.es\/en\/wp-json\/wp\/v2\/categories?post=91295"},{"taxonomy":"post_tag","embeddable":true,"href":"https:\/\/www.pilgrim.es\/en\/wp-json\/wp\/v2\/tags?post=91295"}],"curies":[{"name":"wp","href":"https:\/\/api.w.org\/{rel}","templated":true}]}}