{"id":91280,"date":"2025-03-17T14:48:54","date_gmt":"2025-03-17T14:48:54","guid":{"rendered":"https:\/\/www.pilgrim.es\/northern-way\/comillas\/"},"modified":"2025-03-17T14:48:54","modified_gmt":"2025-03-17T14:48:54","slug":"comillas","status":"publish","type":"page","link":"https:\/\/www.pilgrim.es\/en\/northern-way\/comillas\/","title":{"rendered":"Comillas"},"content":{"rendered":" <section id=\"hero\">\n\t<h1>Comillas<\/h1>\n\t<div class=\"hero-grid\">\n\t\t<div class=\"hero-grid__town-col\" data-background=\"https:\/\/cdn.pilgrim.es\/web\/caminos\/camino-norte\/pueblos\/comillas.jpg\">\n\t\t\t<div>\n\t\t\t\t<a class=\"link-to-stage\" href=\"https:\/\/www.pilgrim.es\/camino-norte\/etapa-14-santillana-del-mar-comillas\/\">\n\t\t\t\t\t<p>&#8249; Back to the stage<\/p>\n\t\t\t\t<\/a>\n\n\t\t\t\t<div class=\"town-data\">\n\t\t\t\t\t<h2>Comillas<\/h2>\n\t\t\t\t\t<ul>\n\t\t\t\t\t\t<li>Residents: 2.320 aprox.<\/li>\n\t\t\t\t\t\t<li>Province: Cantabria<\/li>\n\t\t\t\t\t<\/ul>\n\t\t\t\t<\/div>\n\t\t\t<\/div>\n\t\t<\/div>\n\t\t<div class=\"hero-grid__planner-col\"><div\r\n  class=\"p-col-span-1 p-rounded-lg p-px-5 p-h-full\"\r\n  style=\"background-image: url('https:\/\/cdn.pilgrim.es\/web\/pilgrim-planner\/bg-plugin-planificador.webp')\"\r\n  rel=\"preload\"\r\n  fetchpriority=\"high\"\r\n  >\r\n    <div class=\"p-text-center p-pt-5 p-text-white p-text-2xl p-font-semibold\">\r\n      Plan your journey    <\/div>\r\n    <div\r\n            id='primary-app'\r\n            data-name='banner'\r\n            data-api='https:\/\/pathfinder.pilgrim.es\/api\/pathfinder\/v2'\r\n            data-mode='normal'\r\n            data-lang='en'\r\n            data-route='1'\r\n            data-destiny='https:\/\/planificador.pilgrim.es'\r\n            data-modality='1'\r\n            data-inline=''\r\n        ><\/div><\/div><\/div>\n\t<\/div>\n<\/section>\n\n<section id=\"infoTown\">\n\t<div class=\"sections-town\">\n\n\t\t<div id=\"informationSection\">\n\t\t\t<div>\n\t\t\t\t<h2 class=\"p-h2-town\">Information<\/h2>\n\t\t\t\t<hr>\n\t\t\t\t<h3 class=\"p-h3-town\">Get to know Comillas<\/h3>\n\t\t\t<\/div>\n\t\t\t<p>This small coastal town is located halfway between San Vicente and Santillana del Mar, an essential triangle to be visited. In addition this was the one that gave its name to the Pontifical University of Comillas, long before being moved to Madrid.<\/p> <p>At present the old buildings of the University are those that give modernist character to the village of Comillas.<\/p> &lt;p\n\t\t<\/div>\n\n\t\t<div id=\"locationSection\">\n\t\t\t<div>\n\t\t\t\t<h2 class=\"p-h2-town\">Location<\/h2>\n\t\t\t\t<hr>\n\t\t\t\t<h3 class=\"p-h3-town\">How to get there<\/h3>\n\t\t\t<\/div>\n\t\t\t<p>Several companies offer bus lines that run from San Vicente to Santander and vice versa, with all the towns in between being connected daily, including Comillas.\n\n<p>Comillas can also be reached by car thanks to the two national roads CA-131 and CA-135, the latter if you come by the A-8 freeway is the one you should take to access the village.\n\n<p>It is possible to get to Comillas by train although it does not have very good lines if there are some, for example the line that connects Reinosa with Comillas.<\/p>\n\t\t\t<div>\n\t\t\t\t<div>\n  <iframe loading=\"lazy\"\n    src=\"https:\/\/www.google.com\/maps\/d\/embed?mid=1e7Un1XiQmh_xb1cz1AviTC-VZUAJk_E&amp;ehbc=2E312F\"\n    width=\"640\"\n    height=\"480\"\n    alt=\"Mapa Comillas\"\n  ><\/iframe>\n<\/div>\n\n\t\t\t<\/div>\n\t\t<\/div>\n\n\t\t\n\t\t\t<div id=\"toVisitSection\">\n\t\t\t\t<div>\n\t\t\t\t\t<h2 class=\"p-h2-town\">History \/ Culture<\/h2>\n\t\t\t\t\t<hr>\n\t\t\t\t\t<h3 class=\"p-h3-town\">What to see<\/h3>\n\t\t\t\t<\/div>\n\t\t\t\t<div>\n\t\t\t\t\t<div class=\"accordion\">\n\t\t\t\t\t\t<div class=\"accordion__menu\">\n\t\t\t\t\t\t\t<nav>\n\t\t\t\t\t\t\t\t\n\t\t\t\t\t\t\t\t\t<button class=\"nav-tab-accordion active\"><span>&#10093;<\/span><span> Edificios y jardines de la Universidad Pontificia<\/span><\/button>\n\t\t\t\t\t\t\t\t\n\t\t\t\t\t\t\t\t\t<button class=\"nav-tab-accordion \"><span>&#10093;<\/span><span> El capricho de Gaudi\u0301<\/span><\/button>\n\t\t\t\t\t\t\t\t\n\t\t\t\t\t\t\t\t\t<button class=\"nav-tab-accordion \"><span>&#10093;<\/span><span> Torre de la Vega<\/span><\/button>\n\t\t\t\t\t\t\t\t\n\t\t\t\t\t\t\t\t\t<button class=\"nav-tab-accordion \"><span>&#10093;<\/span><span> Parque Gu\u0308ell y Martos<\/span><\/button>\n\t\t\t\t\t\t\t\t\n\t\t\t\t\t\t\t\t\t<button class=\"nav-tab-accordion \"><span>&#10093;<\/span><span> Fachada del cementerio<\/span><\/button>\n\t\t\t\t\t\t\t\t\n\t\t\t\t\t\t\t\t\t<button class=\"nav-tab-accordion \"><span>&#10093;<\/span><span> Fuente de tres can\u0303os<\/span><\/button>\n\t\t\t\t\t\t\t\t\n\t\t\t\t\t\t\t\t\t<button class=\"nav-tab-accordion \"><span>&#10093;<\/span><span> Iglesia de San Adria\u0301n<\/span><\/button>\n\t\t\t\t\t\t\t\t\n\t\t\t\t\t\t\t\t\t<button class=\"nav-tab-accordion \"><span>&#10093;<\/span><span> Iglesia de San Crist\u00f3bal<\/span><\/button>\n\t\t\t\t\t\t\t\t\n\t\t\t\t\t\t\t\t\t<button class=\"nav-tab-accordion \"><span>&#10093;<\/span><span> Monumento al Marque\u0301s de Comillas<\/span><\/button>\n\t\t\t\t\t\t\t\t\n\t\t\t\t\t\t\t\t\t<button class=\"nav-tab-accordion \"><span>&#10093;<\/span><span> Palacio de Sobrellano<\/span><\/button>\n\t\t\t\t\t\t\t\t\n\t\t\t\t\t\t\t\t\t<button class=\"nav-tab-accordion \"><span>&#10093;<\/span><span> Capilla Pante\u00f3n<\/span><\/button>\n\t\t\t\t\t\t\t\t\n\t\t\t\t\t\t\t<\/nav>\n\t\t\t\t\t\t<\/div>\n\n\t\t\t\t\t\t\n\t\t\t\t\t\t\t<div class=\"accordion__accordion-content \">\n\t\t\t\t\t\t\t\t<div>\n\t\t\t\t\t\t\t\t\t<div>\n\t\t\t\t\t\t\t\t\t\t<h4>Edificios y jardines de la Universidad Pontificia<\/h4>\n\t\t\t\t\t\t\t\t\t\t<p>The Pontifical University of Comillas is composed of a set of two bodies built between 1883-1964 and divided, in its center, by a grandiose church. These bodies in which the different rooms and dependencies are organized, are distributed around two inner courtyards. <\/p>\n\n<p>It is worth noting its open facades with only small ogival openings and built with brick and stone masonry. From its interior stand out the bronze doors, the roof of the building and different sculptural and pictorial works of artists Llimona, Llorens and Tamburini and especially the entrance to the enclosure that has a papal coat of arms.\n\t\t\t\t\t\t\t\t\t<\/div>\n\t\t\t\t\t\t\t\t\t<img decoding=\"async\" src=\"https:\/\/cdn.pilgrim.es\/web\/caminos\/camino-norte\/pueblos\/comillas\/puntos-de-interes\/edificios-y-jardines-de-la-universidad-pontificia.jpg\" alt=\"Edificios y jardines de la Universidad Pontificia\">\n\t\t\t\t\t\t\t\t<\/div>\n\t\t\t\t\t\t\t<\/div>\n\t\t\t\t\t\t\n\t\t\t\t\t\t\t<div class=\"accordion__accordion-content inactive\">\n\t\t\t\t\t\t\t\t<div>\n\t\t\t\t\t\t\t\t\t<div>\n\t\t\t\t\t\t\t\t\t\t<h4>El capricho de Gaudi\u0301<\/h4>\n\t\t\t\t\t\t\t\t\t\t<p>El Capricho de Gaud\u00ed was built in the late nineteenth century by order of M\u00e1ximo D\u00edaz de Quijano, is considered one of the first works of style property of the hand of Antonio Gaud\u00ed. <\/p>\n\n<p>It can be found next to the Palacio de Sobrellano and stands out for the materials used in its construction: brick and stone, as well as for its decoration based on ceramics with plant motifs.\n\n<p>HOURS<\/p>\n\n<p>From 1 November to 28 February Monday to Sunday from 10:30 to 17:30From 1 March to 30 June and from 1 to 30 October Monday to Sunday from 10:30 to 20:00From 1 July to 30 September Monday to Sunday from 10:30 to 21:00<\/p> <p>From 1 July to 30 September Monday to Sunday from 10:30 to 21:00<\/p> <p>The museum is open from 10:30 to 21:00.\n\n<p>Fees<\/p>\n\n<p>General admission (&gt;14 years old) 5\u20acChild admission (7-14 years old) or people with disabilities and accreditation card 2,5\u20acFree admission for children under 7 years old<\/p>\n\n<p>INFORMATION OF INTEREST<\/p>\n\n<p>Web: www.elcaprichodegaudi.comE-mail: visitas@elcaprichodegaudi.comTel\u00e9fono: 942 720 365<\/p>\n\t\t\t\t\t\t\t\t\t<\/div>\n\t\t\t\t\t\t\t\t\t<img decoding=\"async\" src=\"https:\/\/cdn.pilgrim.es\/web\/caminos\/camino-norte\/pueblos\/comillas\/puntos-de-interes\/el-capricho-de-gaudi.jpg\" alt=\"El capricho de Gaudi\u0301\">\n\t\t\t\t\t\t\t\t<\/div>\n\t\t\t\t\t\t\t<\/div>\n\t\t\t\t\t\t\n\t\t\t\t\t\t\t<div class=\"accordion__accordion-content inactive\">\n\t\t\t\t\t\t\t\t<div>\n\t\t\t\t\t\t\t\t\t<div>\n\t\t\t\t\t\t\t\t\t\t<h4>Torre de la Vega<\/h4>\n\t\t\t\t\t\t\t\t\t\t<p>The Torre de la Vega was built in the early 14th century in the Gothic style by Garcilaso I de la Vega with the aim of making the port of Comillas more visible to those approaching it. Since its construction it has undergone numerous subsequent alterations.<\/p> <p>Since its construction it has undergone numerous subsequent alterations.\n\t\t\t\t\t\t\t\t\t<\/div>\n\t\t\t\t\t\t\t\t\t<img decoding=\"async\" src=\"https:\/\/cdn.pilgrim.es\/web\/caminos\/camino-norte\/pueblos\/comillas\/puntos-de-interes\/torre-de-la-vega.jpg\" alt=\"Torre de la Vega\">\n\t\t\t\t\t\t\t\t<\/div>\n\t\t\t\t\t\t\t<\/div>\n\t\t\t\t\t\t\n\t\t\t\t\t\t\t<div class=\"accordion__accordion-content inactive\">\n\t\t\t\t\t\t\t\t<div>\n\t\t\t\t\t\t\t\t\t<div>\n\t\t\t\t\t\t\t\t\t\t<h4>Parque Gu\u0308ell y Martos<\/h4>\n\t\t\t\t\t\t\t\t\t\t<p>G\u00fcell y Martos Park is the most important public park in the town of Comillas, designed by Llu\u00eds Dom\u00e9nech i Montaner. In it there are several historically important buildings, such as the cemetery and the Pontifical University, in addition we also find in it the monument in honor of the Marquis of Comillas.<\/p> &lt;p\n\t\t\t\t\t\t\t\t\t<\/div>\n\t\t\t\t\t\t\t\t\t<img decoding=\"async\" src=\"https:\/\/cdn.pilgrim.es\/web\/caminos\/camino-norte\/pueblos\/comillas\/puntos-de-interes\/parque-guell-y-martos.jpg\" alt=\"Parque Gu\u0308ell y Martos\">\n\t\t\t\t\t\t\t\t<\/div>\n\t\t\t\t\t\t\t<\/div>\n\t\t\t\t\t\t\n\t\t\t\t\t\t\t<div class=\"accordion__accordion-content inactive\">\n\t\t\t\t\t\t\t\t<div>\n\t\t\t\t\t\t\t\t\t<div>\n\t\t\t\t\t\t\t\t\t\t<h4>Fachada del cementerio<\/h4>\n\t\t\t\t\t\t\t\t\t\t<p>This is a cemetery declared of Cultural Interest thanks to its grandiose facade. This is formed by a semicircular arch covered by a gable roof. <\/p>\n\n<p>The wrought iron entrance gate extends in the form of a stone wall topped by all kinds of pinnacles decorated with crosses. The mausoleums and tombs were designed by Dom\u00e8nech i Montaner and of all of them the most outstanding is that of the Pi\u00e9lagos family. The best known and most representative figure of the cemetery is the &#8220;Exterminating Angel&#8221; by Llimona.\n\t\t\t\t\t\t\t\t\t<\/div>\n\t\t\t\t\t\t\t\t\t<img decoding=\"async\" src=\"https:\/\/cdn.pilgrim.es\/web\/caminos\/camino-norte\/pueblos\/comillas\/puntos-de-interes\/fachada-del-cementerio.jpg\" alt=\"Fachada del cementerio\">\n\t\t\t\t\t\t\t\t<\/div>\n\t\t\t\t\t\t\t<\/div>\n\t\t\t\t\t\t\n\t\t\t\t\t\t\t<div class=\"accordion__accordion-content inactive\">\n\t\t\t\t\t\t\t\t<div>\n\t\t\t\t\t\t\t\t\t<div>\n\t\t\t\t\t\t\t\t\t\t<h4>Fuente de tres can\u0303os<\/h4>\n\t\t\t\t\t\t\t\t\t\t<p>The fountain of the Three Spouts, dating from the late nineteenth century, was erected in order to pay tribute to Don Joaquin del Pi\u00e9lago for his great economic donation that facilitated the bringing of water to the town. <\/p>\n\n<p>It is the work of Domenech i Montaner and has a modernist character due to its extensive decoration with plant and floral motifs. Of which highlights the coiled dolphin located in the central spout of the column.\n\t\t\t\t\t\t\t\t\t<\/div>\n\t\t\t\t\t\t\t\t\t<img decoding=\"async\" src=\"https:\/\/cdn.pilgrim.es\/web\/caminos\/camino-norte\/pueblos\/comillas\/puntos-de-interes\/fuente-de-tres-canos.jpg\" alt=\"Fuente de tres can\u0303os\">\n\t\t\t\t\t\t\t\t<\/div>\n\t\t\t\t\t\t\t<\/div>\n\t\t\t\t\t\t\n\t\t\t\t\t\t\t<div class=\"accordion__accordion-content inactive\">\n\t\t\t\t\t\t\t\t<div>\n\t\t\t\t\t\t\t\t\t<div>\n\t\t\t\t\t\t\t\t\t\t<h4>Iglesia de San Adria\u0301n<\/h4>\n\t\t\t\t\t\t\t\t\t\t<p>The church of San Adri\u00e1n de Ruise\u00f1ada was built at the end of the 15th century with a single nave and a tower at the back. Of this temple highlights the western door thanks to its structure of classical type in pointed arch with archivolt supported on angled columns made of ashlars. <\/p>\n\n<p>It also has a straight apse with a front window with openwork tracery and decorated corbels.\n\t\t\t\t\t\t\t\t\t<\/div>\n\t\t\t\t\t\t\t\t\t<img decoding=\"async\" src=\"https:\/\/cdn.pilgrim.es\/web\/caminos\/camino-norte\/pueblos\/comillas\/puntos-de-interes\/iglesia-de-san-adrian.jpg\" alt=\"Iglesia de San Adria\u0301n\">\n\t\t\t\t\t\t\t\t<\/div>\n\t\t\t\t\t\t\t<\/div>\n\t\t\t\t\t\t\n\t\t\t\t\t\t\t<div class=\"accordion__accordion-content inactive\">\n\t\t\t\t\t\t\t\t<div>\n\t\t\t\t\t\t\t\t\t<div>\n\t\t\t\t\t\t\t\t\t\t<h4>Iglesia de San Crist\u00f3bal<\/h4>\n\t\t\t\t\t\t\t\t\t\t<p>The Church of San Cristobal began to be built in the year 1648 after a discussion between the people and the parish priest in which the citizens decided to build a new church in this same place for which they would contribute their own money and work. <\/p>\n\n<p>This temple of mountain baroque style took almost 200 years to be consecrated. It was the first church with these characteristics in the whole area.\n\n<p>MASS TIMETABLE <\/p>.\n\n<p>Winter Weekdays and eves at 19:00 Holidays at 13:00Summer Weekdays and vespers at 20:00 Holidays at 13:00<\/p>\n\n<p>INFORMATION OF INTEREST<\/p>\n\n<p>Telephone: 942 720 216<\/p>\n\t\t\t\t\t\t\t\t\t<\/div>\n\t\t\t\t\t\t\t\t\t<img decoding=\"async\" src=\"https:\/\/cdn.pilgrim.es\/web\/caminos\/camino-norte\/pueblos\/comillas\/puntos-de-interes\/iglesia-de-san-cristobal.jpg\" alt=\"Iglesia de San Crist\u00f3bal\">\n\t\t\t\t\t\t\t\t<\/div>\n\t\t\t\t\t\t\t<\/div>\n\t\t\t\t\t\t\n\t\t\t\t\t\t\t<div class=\"accordion__accordion-content inactive\">\n\t\t\t\t\t\t\t\t<div>\n\t\t\t\t\t\t\t\t\t<div>\n\t\t\t\t\t\t\t\t\t\t<h4>Monumento al Marque\u0301s de Comillas<\/h4>\n\t\t\t\t\t\t\t\t\t\t<p>The Marquis of Comillas, named Antonio Lopez y Lopez, was Marquis of the town until 1878. From that year the population raised the monument in his name in the garden of the Park G\u00fcell.\n\n<p>The monument was built by Domenech and consists of a unique pedestal in the shape of a ship&#8217;s prow, the central column decorated with maritime themes and bronze statues with allegories of the Antilles and the Philippines.<\/p> &lt;p\n\t\t\t\t\t\t\t\t\t<\/div>\n\t\t\t\t\t\t\t\t\t<img decoding=\"async\" src=\"https:\/\/cdn.pilgrim.es\/web\/caminos\/camino-norte\/pueblos\/comillas\/puntos-de-interes\/monumento-al-marques-de-comillas.jpg\" alt=\"Monumento al Marque\u0301s de Comillas\">\n\t\t\t\t\t\t\t\t<\/div>\n\t\t\t\t\t\t\t<\/div>\n\t\t\t\t\t\t\n\t\t\t\t\t\t\t<div class=\"accordion__accordion-content inactive\">\n\t\t\t\t\t\t\t\t<div>\n\t\t\t\t\t\t\t\t\t<div>\n\t\t\t\t\t\t\t\t\t\t<h4>Palacio de Sobrellano<\/h4>\n\t\t\t\t\t\t\t\t\t\t<p>The grandiose Sobrellano Palace of neo-Gothic style with Venetian influence was built in 1888 by Joan Martorell, which stands out for housing numerous furniture owned by Antonio Gaud\u00ed and paintings by Eduardo Llorens.<\/p> <p>The Palace of Sobrellano is a neo-Gothic style palace with Venetian influence was built in 1888 by Joan Martorell, which stands out for housing numerous furniture owned by Antonio Gaud\u00ed and paintings by Eduardo Llorens.\n\n<p>Situated next to this palace you can see a beautiful English Gothic style chapel that also contains modernist sculptures by Joan Roig, Josep Llimona, Venancio Vallmitjana and Agapito Vallmitjana.<\/p> &lt;p\n\n<p>Currently the palace is owned by the Government of Cantabria and functions as a museum and headquarters for the courses of Fundaci\u00f3n Comillas.\n\t\t\t\t\t\t\t\t\t<\/div>\n\t\t\t\t\t\t\t\t\t<img decoding=\"async\" src=\"https:\/\/cdn.pilgrim.es\/web\/caminos\/camino-norte\/pueblos\/comillas\/puntos-de-interes\/palacio-de-sobrellano.jpg\" alt=\"Palacio de Sobrellano\">\n\t\t\t\t\t\t\t\t<\/div>\n\t\t\t\t\t\t\t<\/div>\n\t\t\t\t\t\t\n\t\t\t\t\t\t\t<div class=\"accordion__accordion-content inactive\">\n\t\t\t\t\t\t\t\t<div>\n\t\t\t\t\t\t\t\t\t<div>\n\t\t\t\t\t\t\t\t\t\t<h4>Capilla Pante\u00f3n<\/h4>\n\t\t\t\t\t\t\t\t\t\t<p>The Pantheon Chapel was built by J. Martorell y Montells with two floors, the pantheon on the lower floor and the chapel on the upper floor. Its exterior is notable for its semicircular arches and decorative elements such as gargoyles. As for its structure, it consists of a single nave surrounded by an openwork gallery that divides the presbytery from the ambulatory, this houses a seat with two kneelers and several benches that were both designed by Gaud\u00ed. <\/p>\n\n<p>As for the iconography, keeps inside a variety of works of art such as paintings by Llorens and Masdeu and sculptures by Joan Roig, among others.\n\n<p>HOURS<\/p>\n\n<p>Tuesdays to Fridays from 09:30 to 15:30Saturdays, Sundays and holidays from 09:30 to 17:30Closed on Mondays, except holidays.<\/p>\n\n<p>Fees<\/p>\n\n<p>General admission: 3\u20ac Reduced admission for children under 12 years old 1,5\u20acGrstuite admission for children under 3 years old<\/p> <p>.\n\n<p>INFORMATION OF INTEREST<\/p>\n\n<p>Telephone: 942 720 339<\/p>\n\t\t\t\t\t\t\t\t\t<\/div>\n\t\t\t\t\t\t\t\t\t<img decoding=\"async\" src=\"https:\/\/cdn.pilgrim.es\/web\/caminos\/camino-norte\/pueblos\/comillas\/puntos-de-interes\/capilla-panteon.jpg\" alt=\"Capilla Pante\u00f3n\">\n\t\t\t\t\t\t\t\t<\/div>\n\t\t\t\t\t\t\t<\/div>\n\t\t\t\t\t\t\n\t\t\t\t\t<\/div>\n\t\t\t\t<\/div>\n\t\t\t<\/div>\n\t\t\n\n\t\t<div id=\"phonesSection\">\n\t\t\t<div>\n\t\t\t\t<h2 class=\"p-h3-town\">Information of interest<\/h2>\n\t\t\t<\/div>\n\t\t\t<div class=\"grid\">\n\t\t\t\t\n\t\t\t\t\t<div class=\"phone-number-item\">\n\t\t\t\t\t\t<div class=\"phone-number-item__icon\"><i class=\"icon-police\"><\/i><\/div>\n\t\t\t\t\t\t<div class=\"phone-number-item__title\">\n\t\t\t\t\t\t\t<h3 class=\"p-font-bold\">Local police<\/h3>\n\t\t\t\t\t\t\t<p>609 446 201 \/ 942 720 006<\/p>\n\t\t\t\t\t\t\t\n\t\t\t\t\t\t<\/div>\n\t\t\t\t\t<\/div>\n\t\t\t\t\n\t\t\t\t\t<div class=\"phone-number-item\">\n\t\t\t\t\t\t<div class=\"phone-number-item__icon\"><i class=\"icon-spanish-military-police\"><\/i><\/div>\n\t\t\t\t\t\t<div class=\"phone-number-item__title\">\n\t\t\t\t\t\t\t<h3 class=\"p-font-bold\">Civil guard<\/h3>\n\t\t\t\t\t\t\t<p>942 720 035<\/p>\n\t\t\t\t\t\t\t\n\t\t\t\t\t\t<\/div>\n\t\t\t\t\t<\/div>\n\t\t\t\t\n\t\t\t\t\t<div class=\"phone-number-item\">\n\t\t\t\t\t\t<div class=\"phone-number-item__icon\"><i class=\"icon-firefighters\"><\/i><\/div>\n\t\t\t\t\t\t<div class=\"phone-number-item__title\">\n\t\t\t\t\t\t\t<h3 class=\"p-font-bold\">Fire department<\/h3>\n\t\t\t\t\t\t\t<p>112<\/p>\n\t\t\t\t\t\t\t\n\t\t\t\t\t\t<\/div>\n\t\t\t\t\t<\/div>\n\t\t\t\t\n\t\t\t\t\t<div class=\"phone-number-item\">\n\t\t\t\t\t\t<div class=\"phone-number-item__icon\"><i class=\"icon-civil-protection\"><\/i><\/div>\n\t\t\t\t\t\t<div class=\"phone-number-item__title\">\n\t\t\t\t\t\t\t<h3 class=\"p-font-bold\">Civil protection<\/h3>\n\t\t\t\t\t\t\t<p>942 835 237<\/p>\n\t\t\t\t\t\t\t\n\t\t\t\t\t\t<\/div>\n\t\t\t\t\t<\/div>\n\t\t\t\t\n\t\t\t\t\t<div class=\"phone-number-item\">\n\t\t\t\t\t\t<div class=\"phone-number-item__icon\"><i class=\"icon-town-council\"><\/i><\/div>\n\t\t\t\t\t\t<div class=\"phone-number-item__title\">\n\t\t\t\t\t\t\t<h3 class=\"p-font-bold\">Town hall<\/h3>\n\t\t\t\t\t\t\t<p>942 720 033<\/p>\n\t\t\t\t\t\t\t\n\t\t\t\t\t\t<\/div>\n\t\t\t\t\t<\/div>\n\t\t\t\t\n\t\t\t\t\t<div class=\"phone-number-item\">\n\t\t\t\t\t\t<div class=\"phone-number-item__icon\"><i class=\"icon-hospital\"><\/i><\/div>\n\t\t\t\t\t\t<div class=\"phone-number-item__title\">\n\t\t\t\t\t\t\t<h3 class=\"p-font-bold\">Health center<\/h3>\n\t\t\t\t\t\t\t<p>942 722 270 \/ 942 712 450<\/p>\n\t\t\t\t\t\t\t\n\t\t\t\t\t\t<\/div>\n\t\t\t\t\t<\/div>\n\t\t\t\t\n\t\t\t\t\t<div class=\"phone-number-item\">\n\t\t\t\t\t\t<div class=\"phone-number-item__icon\"><i class=\"icon-tourism\"><\/i><\/div>\n\t\t\t\t\t\t<div class=\"phone-number-item__title\">\n\t\t\t\t\t\t\t<h3 class=\"p-font-bold\">Tourism office<\/h3>\n\t\t\t\t\t\t\t<p>942 722 591<\/p>\n\t\t\t\t\t\t\t\n\t\t\t\t\t\t\t\t<p>Plaza Joaqu\u00edn del Pi\u00e9lago n\u00ba 1 \u2013 Bajo<\/p>\n\t\t\t\t\t\t\t\n\t\t\t\t\t\t<\/div>\n\t\t\t\t\t<\/div>\n\t\t\t\t\n\t\t\t<\/div>\n\t\t<\/div>\n\n\t\t<div id=\"clientForm\">\n        <section>\n        <img decoding=\"async\" src=\"https:\/\/cdn.pilgrim.es\/web\/home\/email-contacto.png\" alt=\"contacto\">\n        <div>\n            <p>We send you your itinerary<\/p>\n            <p>Enter your details and receive your travel itinerary by email <\/p>\n            <form method=\"post\" data-url=\"\/wp-admin\/admin-ajax.php\" id=\"planner--client\" class=\"flag-right form-client\">\n    <div class=\"form-data\">\n        <input name=\"form_id\" type=\"hidden\" value=\"Formulario Leads\">\n        <input name=\"type\" type=\"hidden\" value=\"planner_client\">\n        <input type=\"text\" name=\"nombre\" value=\"\" size=\"40\" class=\"form-control\" aria-required=\"true\" aria-invalid=\"false\" placeholder=\"Name\">\n        <input type=\"email\" name=\"email\" value=\"\" size=\"40\" class=\"form-control\" aria-required=\"true\" aria-invalid=\"false\" placeholder=\"Email\">\n        <input type=\"text\" id=\"phone-input\" name=\"tel\" value=\"\" size=\"40\" class=\"phone-input form-control\" aria-required=\"true\" aria-invalid=\"false\" placeholder=\"Telephone\">\n        <input type=\"hidden\" name=\"telefono\">\n    <\/div>\n    <div class=\"form-checkbox\">\n        <span>\n            Pilgrim Travel, S.L. informs, in accordance with Regulation 2016\/679, that the data used in this form will be used both for answering any queries and for the publication of comments, the basis of legitimacy being the consent of the user. The rights may be exercised in accordance with the provisions of our             <a href=\"https:\/\/www.pilgrim.es\/en\/privacy-policy\/\" target=\"_blank\" rel=\"noopener noreferrer nofollow\">Privacy Policy.<\/a>\n        <\/span>\n    <\/div>\n\n    <div class=\"form-submit\">\n        <button id=\"planner--client-create\" type=\"submit\">Contact form<\/button>\n        <div class=\"loadingDiv\"><i class=\"p-spinner\"><\/i><\/div>\n    <\/div>\n\n    <div class=\"contact-content-form-success\">\n        <p><i class=\"fas fa-check\"><\/i> The form has been sent successfully<\/p>\n    <\/div>\n\n    <div class=\"contact-content-form-error\">\n        <span class=\"input-error\"><\/span>\n    <\/div>\n<\/form>        <\/div>\n    <\/section>\n<\/div>\n\n\t\t<div id=\"recomendationSection\">\n\t\t\t<div>\n\t\t\t\t<h2 class=\"p-h2-town\">Recommended<\/h2>\n\t\t\t\t<hr>\n\t\t\t\t<h3 class=\"p-h3-town\">Gastronomy<\/h3>\n\t\t\t<\/div>\n\t\t\tThe gastronomy of Comillas is of seafood tradition, with fish and seafood such as sea bass, scorpion fish, anchovies, red mullet, elvers, bonito, crab, lobsters, lobsters, spider crabs, crabs, mussels, muergos, sea urchins, etc.\n\nThe most traditional recipes are sorropotun and bonito stew.\n\t\t<\/div>\n\n\n\t\t\n\t\t\t<div id=\"holidaysSection\">\n\t\t\t\t<div>\n\t\t\t\t\t<h2 class=\"p-h2-town\">Recommended<\/h2>\n\t\t\t\t\t<hr>\n\t\t\t\t\t<h3 class=\"p-h3-town\">Festivals and Pilgrimages<\/h3>\n\t\t\t\t<\/div>\n\t\t\t\t<div class=\"grid holidays-grid\">\n\t\t\t\t\t\n\t\t\t\t\t\t<div>\n\t\t\t\t\t\t\t<div class=\"phone-number-item\">\n\t\t\t\t\t\t\t\t<div class=\"phone-number-item__icon\"><i class=\"icon-holiday\"><\/i><\/div>\n\t\t\t\t\t\t\t\t<div class=\"phone-number-item__title dark-text\">\n\t\t\t\t\t\t\t\t\t<p class=\"p-font-bold\">Local festivity<\/p>\n\t\t\t\t\t\t\t\t\t<p>23 de junio: San Juan<\/p>\n\t\t\t\t\t\t\t\t<\/div>\n\t\t\t\t\t\t\t<\/div>\n\t\t\t\t\t\t<\/div>\n\t\t\t\t\t\n\t\t\t\t\t\t<div>\n\t\t\t\t\t\t\t<div class=\"phone-number-item\">\n\t\t\t\t\t\t\t\t<div class=\"phone-number-item__icon\"><i class=\"icon-holiday\"><\/i><\/div>\n\t\t\t\t\t\t\t\t<div class=\"phone-number-item__title dark-text\">\n\t\t\t\t\t\t\t\t\t<p class=\"p-font-bold\">Local festivity<\/p>\n\t\t\t\t\t\t\t\t\t<p>29 de junio: Fiesta de San Pedro<\/p>\n\t\t\t\t\t\t\t\t<\/div>\n\t\t\t\t\t\t\t<\/div>\n\t\t\t\t\t\t<\/div>\n\t\t\t\t\t\n\t\t\t\t\t\t<div>\n\t\t\t\t\t\t\t<div class=\"phone-number-item\">\n\t\t\t\t\t\t\t\t<div class=\"phone-number-item__icon\"><i class=\"icon-holiday\"><\/i><\/div>\n\t\t\t\t\t\t\t\t<div class=\"phone-number-item__title dark-text\">\n\t\t\t\t\t\t\t\t\t<p class=\"p-font-bold\">Local festivity<\/p>\n\t\t\t\t\t\t\t\t\t<p>10 de julio: Fiesta de San Crist\u00f3bal<\/p>\n\t\t\t\t\t\t\t\t<\/div>\n\t\t\t\t\t\t\t<\/div>\n\t\t\t\t\t\t<\/div>\n\t\t\t\t\t\n\t\t\t\t\t\t<div>\n\t\t\t\t\t\t\t<div class=\"phone-number-item\">\n\t\t\t\t\t\t\t\t<div class=\"phone-number-item__icon\"><i class=\"icon-holiday\"><\/i><\/div>\n\t\t\t\t\t\t\t\t<div class=\"phone-number-item__title dark-text\">\n\t\t\t\t\t\t\t\t\t<p class=\"p-font-bold\">Local festivity<\/p>\n\t\t\t\t\t\t\t\t\t<p>30 de noviembre: Fiesta de San Andr\u00e9s<\/p>\n\t\t\t\t\t\t\t\t<\/div>\n\t\t\t\t\t\t\t<\/div>\n\t\t\t\t\t\t<\/div>\n\t\t\t\t\t\n\t\t\t\t\t\t<div>\n\t\t\t\t\t\t\t<div class=\"phone-number-item\">\n\t\t\t\t\t\t\t\t<div class=\"phone-number-item__icon\"><i class=\"icon-holiday\"><\/i><\/div>\n\t\t\t\t\t\t\t\t<div class=\"phone-number-item__title dark-text\">\n\t\t\t\t\t\t\t\t\t<p class=\"p-font-bold\">Local festivity<\/p>\n\t\t\t\t\t\t\t\t\t<p>16 de julio: Fiesta del Santo Cristo del Amparo<\/p>\n\t\t\t\t\t\t\t\t<\/div>\n\t\t\t\t\t\t\t<\/div>\n\t\t\t\t\t\t<\/div>\n\t\t\t\t\t\n\t\t\t\t\t\t<div>\n\t\t\t\t\t\t\t<div class=\"phone-number-item\">\n\t\t\t\t\t\t\t\t<div class=\"phone-number-item__icon\"><i class=\"icon-holiday\"><\/i><\/div>\n\t\t\t\t\t\t\t\t<div class=\"phone-number-item__title dark-text\">\n\t\t\t\t\t\t\t\t\t<p class=\"p-font-bold\">Local festivity<\/p>\n\t\t\t\t\t\t\t\t\t<p>\u00daltimo fin de semana de agosto: D\u00eda del indiano<\/p>\n\t\t\t\t\t\t\t\t<\/div>\n\t\t\t\t\t\t\t<\/div>\n\t\t\t\t\t\t<\/div>\n\t\t\t\t\t\n\t\t\t\t\t\t<div>\n\t\t\t\t\t\t\t<div class=\"phone-number-item\">\n\t\t\t\t\t\t\t\t<div class=\"phone-number-item__icon\"><i class=\"icon-holiday\"><\/i><\/div>\n\t\t\t\t\t\t\t\t<div class=\"phone-number-item__title dark-text\">\n\t\t\t\t\t\t\t\t\t<p class=\"p-font-bold\">Local festivity<\/p>\n\t\t\t\t\t\t\t\t\t<p>El tercer fin de semana de agosto: Feria de Comillas<\/p>\n\t\t\t\t\t\t\t\t<\/div>\n\t\t\t\t\t\t\t<\/div>\n\t\t\t\t\t\t<\/div>\n\t\t\t\t\t\n\t\t\t\t\t\t<div>\n\t\t\t\t\t\t\t<div class=\"phone-number-item\">\n\t\t\t\t\t\t\t\t<div class=\"phone-number-item__icon\"><i class=\"icon-holiday\"><\/i><\/div>\n\t\t\t\t\t\t\t\t<div class=\"phone-number-item__title dark-text\">\n\t\t\t\t\t\t\t\t\t<p class=\"p-font-bold\">Local festivity<\/p>\n\t\t\t\t\t\t\t\t\t<p>El tercer fin de semana de junio: Festival Folkonillas<\/p>\n\t\t\t\t\t\t\t\t<\/div>\n\t\t\t\t\t\t\t<\/div>\n\t\t\t\t\t\t<\/div>\n\t\t\t\t\t\n\t\t\t\t\t\t<div>\n\t\t\t\t\t\t\t<div class=\"phone-number-item\">\n\t\t\t\t\t\t\t\t<div class=\"phone-number-item__icon\"><i class=\"icon-holiday\"><\/i><\/div>\n\t\t\t\t\t\t\t\t<div class=\"phone-number-item__title dark-text\">\n\t\t\t\t\t\t\t\t\t<p class=\"p-font-bold\">Local festivity<\/p>\n\t\t\t\t\t\t\t\t\t<p>Tres semanas antes de semana santa: Fiesta de la Caballa<\/p>\n\t\t\t\t\t\t\t\t<\/div>\n\t\t\t\t\t\t\t<\/div>\n\t\t\t\t\t\t<\/div>\n\t\t\t\t\t\n\t\t\t\t<\/div>\n\t\t\t<\/div>\n\t\t\n\t<\/div>\n<\/section>\n\n<div id=\"stage_list_section\"><div class=\"stage-list\">\n    <div class='stage-list__map-card'>\n        <div class='stage-list__map-card__map'>\n            <div class='stage-list__map-card__map__text'>\n                <h2> Pages <\/h2>\n                <p> On foot<\/p>\n                <p> 0 stages<\/p>\n            <\/div>\n            <div class='stage-list__map-card__map__img'>\n                <img decoding=\"async\" src=\"\" alt=\" mapa \" \/>\n            <\/div>\n        <\/div>\n    <\/div>\n\n    <\/div>\n<\/div> ","protected":false},"excerpt":{"rendered":"<p>Comillas &#8249; Back to the stage Comillas Residents: 2.320 aprox. Province: Cantabria Information Get to know Comillas This small coastal town is located halfway between San Vicente and Santillana del Mar, an essential triangle to be visited. In addition this was the one that gave its name to the Pontifical University of Comillas, long before &hellip; <\/p>\n<p class=\"read_more\"><a href=\"https:\/\/www.pilgrim.es\/en\/northern-way\/comillas\/\">Leer m\u00e1s<\/a><\/p>\n","protected":false},"author":0,"featured_media":168,"parent":36318,"menu_order":0,"comment_status":"closed","ping_status":"closed","template":"views\/template-new-web-design.blade.php","meta":{"footnotes":""},"categories":[],"tags":[],"class_list":["post-91280","page","type-page","status-publish","has-post-thumbnail","hentry"],"yoast_head":"<!-- This site is optimized with the Yoast SEO plugin v27.4 - https:\/\/yoast.com\/product\/yoast-seo-wordpress\/ -->\n<title>Comillas: What to see and where to stay | Camino de Santiago | Pilgrim<\/title>\n<meta name=\"description\" content=\"Comillas Discover all the information you need about accommodation, how to get there, gastronomy and the main points of interest in the towns along the Northern Way.\" \/>\n<meta name=\"robots\" content=\"index, follow, max-snippet:-1, max-image-preview:large, max-video-preview:-1\" \/>\n<link rel=\"canonical\" href=\"https:\/\/www.pilgrim.es\/en\/northern-way\/comillas\/\" \/>\n<meta property=\"og:locale\" content=\"en_US\" \/>\n<meta property=\"og:type\" content=\"article\" \/>\n<meta property=\"og:title\" content=\"Comillas: What to see and where to stay | Camino de Santiago | Pilgrim\" \/>\n<meta property=\"og:description\" content=\"Comillas Discover all the information you need about accommodation, how to get there, gastronomy and the main points of interest in the towns along the Northern Way.\" \/>\n<meta property=\"og:url\" content=\"https:\/\/www.pilgrim.es\/en\/northern-way\/comillas\/\" \/>\n<meta property=\"og:site_name\" content=\"Pilgrim\" \/>\n<meta property=\"article:publisher\" content=\"https:\/\/www.facebook.com\/pilgrim.es\/\" \/>\n<meta property=\"og:image\" content=\"https:\/\/www.pilgrim.es\/wp-content\/uploads\/2019\/02\/comillas.jpeg\" \/>\n\t<meta property=\"og:image:width\" content=\"1200\" \/>\n\t<meta property=\"og:image:height\" content=\"900\" \/>\n\t<meta property=\"og:image:type\" content=\"image\/jpeg\" \/>\n<meta name=\"twitter:card\" content=\"summary_large_image\" \/>\n<meta name=\"twitter:site\" content=\"@pilgrim_es\" \/>\n<meta name=\"twitter:label1\" content=\"Est. reading time\" \/>\n\t<meta name=\"twitter:data1\" content=\"8 minutes\" \/>\n<script type=\"application\/ld+json\" class=\"yoast-schema-graph\">{\"@context\":\"https:\\\/\\\/schema.org\",\"@graph\":[{\"@type\":\"WebPage\",\"@id\":\"https:\\\/\\\/www.pilgrim.es\\\/en\\\/northern-way\\\/comillas\\\/\",\"url\":\"https:\\\/\\\/www.pilgrim.es\\\/en\\\/northern-way\\\/comillas\\\/\",\"name\":\"Comillas: What to see and where to stay | Camino de Santiago | Pilgrim\",\"isPartOf\":{\"@id\":\"https:\\\/\\\/www.pilgrim.es\\\/en\\\/#website\"},\"primaryImageOfPage\":{\"@id\":\"https:\\\/\\\/www.pilgrim.es\\\/en\\\/northern-way\\\/comillas\\\/#primaryimage\"},\"image\":{\"@id\":\"https:\\\/\\\/www.pilgrim.es\\\/en\\\/northern-way\\\/comillas\\\/#primaryimage\"},\"thumbnailUrl\":\"https:\\\/\\\/www.pilgrim.es\\\/wp-content\\\/uploads\\\/2019\\\/02\\\/comillas.jpeg\",\"datePublished\":\"2025-03-17T14:48:54+00:00\",\"description\":\"Comillas Discover all the information you need about accommodation, how to get there, gastronomy and the main points of interest in the towns along the Northern Way.\",\"breadcrumb\":{\"@id\":\"https:\\\/\\\/www.pilgrim.es\\\/en\\\/northern-way\\\/comillas\\\/#breadcrumb\"},\"inLanguage\":\"en-US\",\"potentialAction\":[{\"@type\":\"ReadAction\",\"target\":[\"https:\\\/\\\/www.pilgrim.es\\\/en\\\/northern-way\\\/comillas\\\/\"]}]},{\"@type\":\"ImageObject\",\"inLanguage\":\"en-US\",\"@id\":\"https:\\\/\\\/www.pilgrim.es\\\/en\\\/northern-way\\\/comillas\\\/#primaryimage\",\"url\":\"https:\\\/\\\/www.pilgrim.es\\\/wp-content\\\/uploads\\\/2019\\\/02\\\/comillas.jpeg\",\"contentUrl\":\"https:\\\/\\\/www.pilgrim.es\\\/wp-content\\\/uploads\\\/2019\\\/02\\\/comillas.jpeg\",\"width\":1200,\"height\":900,\"caption\":\"Comillas\"},{\"@type\":\"BreadcrumbList\",\"@id\":\"https:\\\/\\\/www.pilgrim.es\\\/en\\\/northern-way\\\/comillas\\\/#breadcrumb\",\"itemListElement\":[{\"@type\":\"ListItem\",\"position\":1,\"name\":\"Camino de Santiago\",\"item\":\"https:\\\/\\\/www.pilgrim.es\\\/en\\\/\"},{\"@type\":\"ListItem\",\"position\":2,\"name\":\"Northern Way\",\"item\":\"https:\\\/\\\/www.pilgrim.es\\\/en\\\/northern-way\\\/\"},{\"@type\":\"ListItem\",\"position\":3,\"name\":\"Comillas\"}]},{\"@type\":\"WebSite\",\"@id\":\"https:\\\/\\\/www.pilgrim.es\\\/en\\\/#website\",\"url\":\"https:\\\/\\\/www.pilgrim.es\\\/en\\\/\",\"name\":\"Pilgrim\",\"description\":\"Camino de Santiago | Caminamos Contigo\",\"publisher\":{\"@id\":\"https:\\\/\\\/www.pilgrim.es\\\/en\\\/#organization\"},\"potentialAction\":[{\"@type\":\"SearchAction\",\"target\":{\"@type\":\"EntryPoint\",\"urlTemplate\":\"https:\\\/\\\/www.pilgrim.es\\\/en\\\/?s={search_term_string}\"},\"query-input\":{\"@type\":\"PropertyValueSpecification\",\"valueRequired\":true,\"valueName\":\"search_term_string\"}}],\"inLanguage\":\"en-US\"},{\"@type\":\"Organization\",\"@id\":\"https:\\\/\\\/www.pilgrim.es\\\/en\\\/#organization\",\"name\":\"Pilgrim Camino de Santiago\",\"url\":\"https:\\\/\\\/www.pilgrim.es\\\/en\\\/\",\"logo\":{\"@type\":\"ImageObject\",\"inLanguage\":\"en-US\",\"@id\":\"https:\\\/\\\/www.pilgrim.es\\\/en\\\/#\\\/schema\\\/logo\\\/image\\\/\",\"url\":\"https:\\\/\\\/www.pilgrim.es\\\/wp-content\\\/uploads\\\/2019\\\/04\\\/logo_pilgrim.png\",\"contentUrl\":\"https:\\\/\\\/www.pilgrim.es\\\/wp-content\\\/uploads\\\/2019\\\/04\\\/logo_pilgrim.png\",\"width\":512,\"height\":512,\"caption\":\"Pilgrim Camino de Santiago\"},\"image\":{\"@id\":\"https:\\\/\\\/www.pilgrim.es\\\/en\\\/#\\\/schema\\\/logo\\\/image\\\/\"},\"sameAs\":[\"https:\\\/\\\/www.facebook.com\\\/pilgrim.es\\\/\",\"https:\\\/\\\/x.com\\\/pilgrim_es\",\"https:\\\/\\\/www.instagram.com\\\/pilgrim.es\\\/\",\"https:\\\/\\\/www.linkedin.com\\\/company\\\/pilgrim-camino-de-santiago\\\/\",\"https:\\\/\\\/www.pinterest.es\\\/pilgrimcaminodesantiago\\\/\",\"https:\\\/\\\/www.youtube.com\\\/channel\\\/UCIv2ZzFLXVqthkNF32rKedw\\\/featured\"]}]}<\/script>\n<!-- \/ Yoast SEO plugin. -->","yoast_head_json":{"title":"Comillas: What to see and where to stay | Camino de Santiago | Pilgrim","description":"Comillas Discover all the information you need about accommodation, how to get there, gastronomy and the main points of interest in the towns along the Northern Way.","robots":{"index":"index","follow":"follow","max-snippet":"max-snippet:-1","max-image-preview":"max-image-preview:large","max-video-preview":"max-video-preview:-1"},"canonical":"https:\/\/www.pilgrim.es\/en\/northern-way\/comillas\/","og_locale":"en_US","og_type":"article","og_title":"Comillas: What to see and where to stay | Camino de Santiago | Pilgrim","og_description":"Comillas Discover all the information you need about accommodation, how to get there, gastronomy and the main points of interest in the towns along the Northern Way.","og_url":"https:\/\/www.pilgrim.es\/en\/northern-way\/comillas\/","og_site_name":"Pilgrim","article_publisher":"https:\/\/www.facebook.com\/pilgrim.es\/","og_image":[{"width":1200,"height":900,"url":"https:\/\/www.pilgrim.es\/wp-content\/uploads\/2019\/02\/comillas.jpeg","type":"image\/jpeg"}],"twitter_card":"summary_large_image","twitter_site":"@pilgrim_es","twitter_misc":{"Est. reading time":"8 minutes"},"schema":{"@context":"https:\/\/schema.org","@graph":[{"@type":"WebPage","@id":"https:\/\/www.pilgrim.es\/en\/northern-way\/comillas\/","url":"https:\/\/www.pilgrim.es\/en\/northern-way\/comillas\/","name":"Comillas: What to see and where to stay | Camino de Santiago | Pilgrim","isPartOf":{"@id":"https:\/\/www.pilgrim.es\/en\/#website"},"primaryImageOfPage":{"@id":"https:\/\/www.pilgrim.es\/en\/northern-way\/comillas\/#primaryimage"},"image":{"@id":"https:\/\/www.pilgrim.es\/en\/northern-way\/comillas\/#primaryimage"},"thumbnailUrl":"https:\/\/www.pilgrim.es\/wp-content\/uploads\/2019\/02\/comillas.jpeg","datePublished":"2025-03-17T14:48:54+00:00","description":"Comillas Discover all the information you need about accommodation, how to get there, gastronomy and the main points of interest in the towns along the Northern Way.","breadcrumb":{"@id":"https:\/\/www.pilgrim.es\/en\/northern-way\/comillas\/#breadcrumb"},"inLanguage":"en-US","potentialAction":[{"@type":"ReadAction","target":["https:\/\/www.pilgrim.es\/en\/northern-way\/comillas\/"]}]},{"@type":"ImageObject","inLanguage":"en-US","@id":"https:\/\/www.pilgrim.es\/en\/northern-way\/comillas\/#primaryimage","url":"https:\/\/www.pilgrim.es\/wp-content\/uploads\/2019\/02\/comillas.jpeg","contentUrl":"https:\/\/www.pilgrim.es\/wp-content\/uploads\/2019\/02\/comillas.jpeg","width":1200,"height":900,"caption":"Comillas"},{"@type":"BreadcrumbList","@id":"https:\/\/www.pilgrim.es\/en\/northern-way\/comillas\/#breadcrumb","itemListElement":[{"@type":"ListItem","position":1,"name":"Camino de Santiago","item":"https:\/\/www.pilgrim.es\/en\/"},{"@type":"ListItem","position":2,"name":"Northern Way","item":"https:\/\/www.pilgrim.es\/en\/northern-way\/"},{"@type":"ListItem","position":3,"name":"Comillas"}]},{"@type":"WebSite","@id":"https:\/\/www.pilgrim.es\/en\/#website","url":"https:\/\/www.pilgrim.es\/en\/","name":"Pilgrim","description":"Camino de Santiago | Caminamos Contigo","publisher":{"@id":"https:\/\/www.pilgrim.es\/en\/#organization"},"potentialAction":[{"@type":"SearchAction","target":{"@type":"EntryPoint","urlTemplate":"https:\/\/www.pilgrim.es\/en\/?s={search_term_string}"},"query-input":{"@type":"PropertyValueSpecification","valueRequired":true,"valueName":"search_term_string"}}],"inLanguage":"en-US"},{"@type":"Organization","@id":"https:\/\/www.pilgrim.es\/en\/#organization","name":"Pilgrim Camino de Santiago","url":"https:\/\/www.pilgrim.es\/en\/","logo":{"@type":"ImageObject","inLanguage":"en-US","@id":"https:\/\/www.pilgrim.es\/en\/#\/schema\/logo\/image\/","url":"https:\/\/www.pilgrim.es\/wp-content\/uploads\/2019\/04\/logo_pilgrim.png","contentUrl":"https:\/\/www.pilgrim.es\/wp-content\/uploads\/2019\/04\/logo_pilgrim.png","width":512,"height":512,"caption":"Pilgrim Camino de Santiago"},"image":{"@id":"https:\/\/www.pilgrim.es\/en\/#\/schema\/logo\/image\/"},"sameAs":["https:\/\/www.facebook.com\/pilgrim.es\/","https:\/\/x.com\/pilgrim_es","https:\/\/www.instagram.com\/pilgrim.es\/","https:\/\/www.linkedin.com\/company\/pilgrim-camino-de-santiago\/","https:\/\/www.pinterest.es\/pilgrimcaminodesantiago\/","https:\/\/www.youtube.com\/channel\/UCIv2ZzFLXVqthkNF32rKedw\/featured"]}]}},"_links":{"self":[{"href":"https:\/\/www.pilgrim.es\/en\/wp-json\/wp\/v2\/pages\/91280","targetHints":{"allow":["GET"]}}],"collection":[{"href":"https:\/\/www.pilgrim.es\/en\/wp-json\/wp\/v2\/pages"}],"about":[{"href":"https:\/\/www.pilgrim.es\/en\/wp-json\/wp\/v2\/types\/page"}],"replies":[{"embeddable":true,"href":"https:\/\/www.pilgrim.es\/en\/wp-json\/wp\/v2\/comments?post=91280"}],"version-history":[{"count":0,"href":"https:\/\/www.pilgrim.es\/en\/wp-json\/wp\/v2\/pages\/91280\/revisions"}],"up":[{"embeddable":true,"href":"https:\/\/www.pilgrim.es\/en\/wp-json\/wp\/v2\/pages\/36318"}],"wp:featuredmedia":[{"embeddable":true,"href":"https:\/\/www.pilgrim.es\/en\/wp-json\/wp\/v2\/media\/168"}],"wp:attachment":[{"href":"https:\/\/www.pilgrim.es\/en\/wp-json\/wp\/v2\/media?parent=91280"}],"wp:term":[{"taxonomy":"category","embeddable":true,"href":"https:\/\/www.pilgrim.es\/en\/wp-json\/wp\/v2\/categories?post=91280"},{"taxonomy":"post_tag","embeddable":true,"href":"https:\/\/www.pilgrim.es\/en\/wp-json\/wp\/v2\/tags?post=91280"}],"curies":[{"name":"wp","href":"https:\/\/api.w.org\/{rel}","templated":true}]}}