{"id":91243,"date":"2025-03-17T14:37:37","date_gmt":"2025-03-17T14:37:37","guid":{"rendered":"https:\/\/www.pilgrim.es\/northern-way\/deba\/"},"modified":"2025-03-17T14:37:37","modified_gmt":"2025-03-17T14:37:37","slug":"deba","status":"publish","type":"page","link":"https:\/\/www.pilgrim.es\/en\/northern-way\/deba\/","title":{"rendered":"Deba"},"content":{"rendered":" <section id=\"hero\">\n\t<h1>Deba<\/h1>\n\t<div class=\"hero-grid\">\n\t\t<div class=\"hero-grid__town-col\" data-background=\"https:\/\/cdn.pilgrim.es\/web\/caminos\/camino-norte\/pueblos\/deba.jpg\">\n\t\t\t<div>\n\t\t\t\t<a class=\"link-to-stage\" href=\"https:\/\/www.pilgrim.es\/camino-norte\/etapa-3-zarautz-deba\/\">\n\t\t\t\t\t<p>&#8249; Back to the stage<\/p>\n\t\t\t\t<\/a>\n\n\t\t\t\t<div class=\"town-data\">\n\t\t\t\t\t<h2>Deba<\/h2>\n\t\t\t\t\t<ul>\n\t\t\t\t\t\t<li>Residents: 5.430 aprox.<\/li>\n\t\t\t\t\t\t<li>Province: Guip\u00fazcoa<\/li>\n\t\t\t\t\t<\/ul>\n\t\t\t\t<\/div>\n\t\t\t<\/div>\n\t\t<\/div>\n\t\t<div class=\"hero-grid__planner-col\"><div\r\n  class=\"p-col-span-1 p-rounded-lg p-px-5 p-h-full\"\r\n  style=\"background-image: url('https:\/\/cdn.pilgrim.es\/web\/pilgrim-planner\/bg-plugin-planificador.webp')\"\r\n  rel=\"preload\"\r\n  fetchpriority=\"high\"\r\n  >\r\n    <div class=\"p-text-center p-pt-5 p-text-white p-text-2xl p-font-semibold\">\r\n      Plan your journey    <\/div>\r\n    <div\r\n            id='primary-app'\r\n            data-name='banner'\r\n            data-api='https:\/\/pathfinder.pilgrim.es\/api\/pathfinder\/v2'\r\n            data-mode='normal'\r\n            data-lang='en'\r\n            data-route='1'\r\n            data-destiny='https:\/\/planificador.pilgrim.es'\r\n            data-modality='1'\r\n            data-inline=''\r\n        ><\/div><\/div><\/div>\n\t<\/div>\n<\/section>\n\n<section id=\"infoTown\">\n\t<div class=\"sections-town\">\n\n\t\t<div id=\"informationSection\">\n\t\t\t<div>\n\t\t\t\t<h2 class=\"p-h2-town\">Information<\/h2>\n\t\t\t\t<hr>\n\t\t\t\t<h3 class=\"p-h3-town\">Get to know Deba<\/h3>\n\t\t\t<\/div>\n\t\t\t<p>The town of Deba, or Deva in Basque, is a small town that had great importance thanks to the commercial port, which is currently used as a marina.<\/p> <p>Its main attractions are the beaches of Santiago and Lapari, the coves, the promenades and the great hospitality of its inhabitants.\n\t\t<\/div>\n\n\t\t<div id=\"locationSection\">\n\t\t\t<div>\n\t\t\t\t<h2 class=\"p-h2-town\">Location<\/h2>\n\t\t\t\t<hr>\n\t\t\t\t<h3 class=\"p-h3-town\">How to get there<\/h3>\n\t\t\t<\/div>\n\t\t\t<p>The most direct option to get to Deba is the AP-8 freeway and the national road N-634, which connects the town with the northern half of the peninsula.<\/p> <p>The most direct option to get to Deba is the AP-8 freeway and the national road N-634.\n\n<p>The airports of San Sebastian and Bilbao are relatively close, it is a very fast option to connect with European and Spanish cities, although these do not offer a wide range of flights.<\/p>\n\n<p>There are also bus lines that connect the town with cities such as Donostia, Bilbao, Irun, Santander, A Coru\u00f1a and small towns in the surrounding area. The companies that offer these lines are; Alsa, Autobuses Pesa and Euskotren.<\/p> <p>\n\n<p>The railway lines that stop in the village go to San Sebastian and Bilbao.\n\t\t\t<div>\n\t\t\t\t<div>\n  <iframe loading=\"lazy\"\n    src=\"https:\/\/www.google.com\/maps\/d\/embed?mid=1NvjRyyOQ5-NqZ0BO0k_V4Z5640N-EWk&amp;ehbc=2E312F\"\n    width=\"640\"\n    height=\"480\"\n    alt=\"Mapa Deba\"\n  ><\/iframe>\n<\/div>\n\n\t\t\t<\/div>\n\t\t<\/div>\n\n\t\t\n\t\t\t<div id=\"toVisitSection\">\n\t\t\t\t<div>\n\t\t\t\t\t<h2 class=\"p-h2-town\">History \/ Culture<\/h2>\n\t\t\t\t\t<hr>\n\t\t\t\t\t<h3 class=\"p-h3-town\">What to see<\/h3>\n\t\t\t\t<\/div>\n\t\t\t\t<div>\n\t\t\t\t\t<div class=\"accordion\">\n\t\t\t\t\t\t<div class=\"accordion__menu\">\n\t\t\t\t\t\t\t<nav>\n\t\t\t\t\t\t\t\t\n\t\t\t\t\t\t\t\t\t<button class=\"nav-tab-accordion active\"><span>&#10093;<\/span><span> Casa Aldaz\u00e1bal<\/span><\/button>\n\t\t\t\t\t\t\t\t\n\t\t\t\t\t\t\t\t\t<button class=\"nav-tab-accordion \"><span>&#10093;<\/span><span> Casa Consistorial<\/span><\/button>\n\t\t\t\t\t\t\t\t\n\t\t\t\t\t\t\t\t\t<button class=\"nav-tab-accordion \"><span>&#10093;<\/span><span> Casa de Aguirre<\/span><\/button>\n\t\t\t\t\t\t\t\t\n\t\t\t\t\t\t\t\t\t<button class=\"nav-tab-accordion \"><span>&#10093;<\/span><span> Iglesia de Santa Mar\u00eda<\/span><\/button>\n\t\t\t\t\t\t\t\t\n\t\t\t\t\t\t\t\t\t<button class=\"nav-tab-accordion \"><span>&#10093;<\/span><span> Cueva de Praileaitz<\/span><\/button>\n\t\t\t\t\t\t\t\t\n\t\t\t\t\t\t\t\t\t<button class=\"nav-tab-accordion \"><span>&#10093;<\/span><span> Cueva de Urtiaga<\/span><\/button>\n\t\t\t\t\t\t\t\t\n\t\t\t\t\t\t\t\t\t<button class=\"nav-tab-accordion \"><span>&#10093;<\/span><span> El Puente de Deba<\/span><\/button>\n\t\t\t\t\t\t\t\t\n\t\t\t\t\t\t\t\t\t<button class=\"nav-tab-accordion \"><span>&#10093;<\/span><span> Ermita de San Nicol\u00e1s de Lastur<\/span><\/button>\n\t\t\t\t\t\t\t\t\n\t\t\t\t\t\t\t\t\t<button class=\"nav-tab-accordion \"><span>&#10093;<\/span><span> Santuario de Nuestra Se\u00f1ora de Itziar<\/span><\/button>\n\t\t\t\t\t\t\t\t\n\t\t\t\t\t\t\t\t\t<button class=\"nav-tab-accordion \"><span>&#10093;<\/span><span> Geoparque<\/span><\/button>\n\t\t\t\t\t\t\t\t\n\t\t\t\t\t\t\t\t\t<button class=\"nav-tab-accordion \"><span>&#10093;<\/span><span> Cueva de Aixa<\/span><\/button>\n\t\t\t\t\t\t\t\t\n\t\t\t\t\t\t\t\t\t<button class=\"nav-tab-accordion \"><span>&#10093;<\/span><span> San Sebasti\u00e1n de Elorriaga<\/span><\/button>\n\t\t\t\t\t\t\t\t\n\t\t\t\t\t\t\t\t\t<button class=\"nav-tab-accordion \"><span>&#10093;<\/span><span> El Paseo Cubierto y el Mercado<\/span><\/button>\n\t\t\t\t\t\t\t\t\n\t\t\t\t\t\t\t\t\t<button class=\"nav-tab-accordion \"><span>&#10093;<\/span><span> La Cueva Ekain<\/span><\/button>\n\t\t\t\t\t\t\t\t\n\t\t\t\t\t\t\t<\/nav>\n\t\t\t\t\t\t<\/div>\n\n\t\t\t\t\t\t\n\t\t\t\t\t\t\t<div class=\"accordion__accordion-content \">\n\t\t\t\t\t\t\t\t<div>\n\t\t\t\t\t\t\t\t\t<div>\n\t\t\t\t\t\t\t\t\t\t<h4>Casa Aldaz\u00e1bal<\/h4>\n\t\t\t\t\t\t\t\t\t\t<p>The Aldazabal-Murguia House has a single floor divided into three streets, the central one being the highest. The highlights of its facade are the balconies built with ornate masonry and closed by wrought iron railings.  It is currently listed as a Historic-Artistic Monument.\n\t\t\t\t\t\t\t\t\t<\/div>\n\t\t\t\t\t\t\t\t\t<img decoding=\"async\" src=\"https:\/\/cdn.pilgrim.es\/web\/caminos\/camino-norte\/pueblos\/deba\/puntos-de-interes\/casa-aldazabal.jpg\" alt=\"Casa Aldaz\u00e1bal\">\n\t\t\t\t\t\t\t\t<\/div>\n\t\t\t\t\t\t\t<\/div>\n\t\t\t\t\t\t\n\t\t\t\t\t\t\t<div class=\"accordion__accordion-content inactive\">\n\t\t\t\t\t\t\t\t<div>\n\t\t\t\t\t\t\t\t\t<div>\n\t\t\t\t\t\t\t\t\t\t<h4>Casa Consistorial<\/h4>\n\t\t\t\t\t\t\t\t\t\t<p>It is the building that houses the current City Hall of the city and was built in 1747 with limestone masonry in baroque style, which has arched porches on the first floor and balconies on the first and second. <\/p>\n\n<p>On the main facade we find a balcony decorated with a fan of wrought ironwork and three sandstone shields, that of the Royal Crown, that of Gipuzkoa and that of Deba.\n\t\t\t\t\t\t\t\t\t<\/div>\n\t\t\t\t\t\t\t\t\t<img decoding=\"async\" src=\"https:\/\/cdn.pilgrim.es\/web\/caminos\/camino-norte\/pueblos\/deba\/puntos-de-interes\/casa-consistorial.jpg\" alt=\"Casa Consistorial\">\n\t\t\t\t\t\t\t\t<\/div>\n\t\t\t\t\t\t\t<\/div>\n\t\t\t\t\t\t\n\t\t\t\t\t\t\t<div class=\"accordion__accordion-content inactive\">\n\t\t\t\t\t\t\t\t<div>\n\t\t\t\t\t\t\t\t\t<div>\n\t\t\t\t\t\t\t\t\t\t<h4>Casa de Aguirre<\/h4>\n\t\t\t\t\t\t\t\t\t\t<p>The House of Aguirre is considered one of the most important mansions of the urban architecture of the fifteenth century. As for its structure, it is divided into two floors, a first floor and an adjoining cabin. <\/p>\n\n<p>The most remarkable feature of the exterior is the main facade composed of ashlar masonry and with large windows on both sides of the front and the interior decoration of the main staircase and the living room, with wood carvings and ornamentation on the floor and ceilings.\n\t\t\t\t\t\t\t\t\t<\/div>\n\t\t\t\t\t\t\t\t\t<img decoding=\"async\" src=\"https:\/\/cdn.pilgrim.es\/web\/caminos\/camino-norte\/pueblos\/deba\/puntos-de-interes\/casa-de-aguirre.jpg\" alt=\"Casa de Aguirre\">\n\t\t\t\t\t\t\t\t<\/div>\n\t\t\t\t\t\t\t<\/div>\n\t\t\t\t\t\t\n\t\t\t\t\t\t\t<div class=\"accordion__accordion-content inactive\">\n\t\t\t\t\t\t\t\t<div>\n\t\t\t\t\t\t\t\t\t<div>\n\t\t\t\t\t\t\t\t\t\t<h4>Iglesia de Santa Mar\u00eda<\/h4>\n\t\t\t\t\t\t\t\t\t\t<p>The Church of Santa Maria built between the XV-XVI centuries was declared a National Monument and is considered one of the most majestic works of Gipuzkoa since it is comparable to any cathedral thanks to its large dimensions and rich ornamentation. <\/p>\n\n<p>The highlights of its exterior are the polychrome fa\u00e7ade and the altarpiece depicting the life of the Virgin Mary, both pieces belong to the temple that existed on the site before the construction of the present church and the interior highlights the hall plant that is divided into three naves of equal height. <\/p>\n\n<p>Special mention deserves the Cloister since it is considered one of the oldest and the different chapels that we find inside the church.\n\t\t\t\t\t\t\t\t\t<\/div>\n\t\t\t\t\t\t\t\t\t<img decoding=\"async\" src=\"https:\/\/cdn.pilgrim.es\/web\/caminos\/camino-norte\/pueblos\/deba\/puntos-de-interes\/iglesia-de-santa-maria.jpg\" alt=\"Iglesia de Santa Mar\u00eda\">\n\t\t\t\t\t\t\t\t<\/div>\n\t\t\t\t\t\t\t<\/div>\n\t\t\t\t\t\t\n\t\t\t\t\t\t\t<div class=\"accordion__accordion-content inactive\">\n\t\t\t\t\t\t\t\t<div>\n\t\t\t\t\t\t\t\t\t<div>\n\t\t\t\t\t\t\t\t\t\t<h4>Cueva de Praileaitz<\/h4>\n\t\t\t\t\t\t\t\t\t\t<p>The Praileaitz Cave is an excavation that was found between 2006 and 2007 in which its Paleolithic cave paintings stand out. These paintings are composed of red dots and stripes, all of them isolated or forming small series.\n\t\t\t\t\t\t\t\t\t<\/div>\n\t\t\t\t\t\t\t\t\t<img decoding=\"async\" src=\"https:\/\/cdn.pilgrim.es\/web\/caminos\/camino-norte\/pueblos\/deba\/puntos-de-interes\/cueva-de-praileaitz.jpg\" alt=\"Cueva de Praileaitz\">\n\t\t\t\t\t\t\t\t<\/div>\n\t\t\t\t\t\t\t<\/div>\n\t\t\t\t\t\t\n\t\t\t\t\t\t\t<div class=\"accordion__accordion-content inactive\">\n\t\t\t\t\t\t\t\t<div>\n\t\t\t\t\t\t\t\t\t<div>\n\t\t\t\t\t\t\t\t\t\t<h4>Cueva de Urtiaga<\/h4>\n\t\t\t\t\t\t\t\t\t\t<p>The Urteaga Cave is considered one of the most important excavations in the region thanks to the great variety and quality of the extracts found there. Among the findings are two skulls from the Azilian period and a third found after the Civil War. The latter is considered one of the most important due to its longevity and for having been the main link to study the evolution from Cro-Magnon to Basque man.\n\t\t\t\t\t\t\t\t\t<\/div>\n\t\t\t\t\t\t\t\t\t<img decoding=\"async\" src=\"https:\/\/cdn.pilgrim.es\/web\/caminos\/camino-norte\/pueblos\/deba\/puntos-de-interes\/cueva-de-urtiaga.jpg\" alt=\"Cueva de Urtiaga\">\n\t\t\t\t\t\t\t\t<\/div>\n\t\t\t\t\t\t\t<\/div>\n\t\t\t\t\t\t\n\t\t\t\t\t\t\t<div class=\"accordion__accordion-content inactive\">\n\t\t\t\t\t\t\t\t<div>\n\t\t\t\t\t\t\t\t\t<div>\n\t\t\t\t\t\t\t\t\t\t<h4>El Puente de Deba<\/h4>\n\t\t\t\t\t\t\t\t\t\t<p>The Deba-Mutriku Bridge was opened in 1866 and is currently considered the most representative bridge of the architecture of Gipuzkoa and in 2006 was closed to traffic to ensure better conservation. It is a work of great quality with abutments, piers and vaults and lined with light gray limestone masonry. On the lower part of the bridge, in the third arch, there is a ring that was consciously nailed to mark the course of the estuary.\n\t\t\t\t\t\t\t\t\t<\/div>\n\t\t\t\t\t\t\t\t\t<img decoding=\"async\" src=\"https:\/\/cdn.pilgrim.es\/web\/caminos\/camino-norte\/pueblos\/deba\/puntos-de-interes\/el-puente-de-deba.jpg\" alt=\"El Puente de Deba\">\n\t\t\t\t\t\t\t\t<\/div>\n\t\t\t\t\t\t\t<\/div>\n\t\t\t\t\t\t\n\t\t\t\t\t\t\t<div class=\"accordion__accordion-content inactive\">\n\t\t\t\t\t\t\t\t<div>\n\t\t\t\t\t\t\t\t\t<div>\n\t\t\t\t\t\t\t\t\t\t<h4>Ermita de San Nicol\u00e1s de Lastur<\/h4>\n\t\t\t\t\t\t\t\t\t\t<p>The Hermitage of San Nicol\u00e1s de Lastur, built in 1625, had a large wooden altarpiece that housed a crucified Christ, the Virgin Mary, San Nicol\u00e1s, San Isidro and San Antonio de Padua. At present this was removed but the figures are placed on stone pedestals. <\/p>\n\n<p>The legend of this temple tells that there was an old image of San Nicolas quite deteriorated and that the neighbors decided to replace it with a new one. When they proceeded to the incineration, the image did not fit in the bonfire so a neighbor decided with an axe to split it in half but it broke when trying to do so. When he saw what happened, he took a truncheon and when he tried to hit it, it also broke, so they decided to throw the image into the river that runs behind the hermitage. Soon after, a storm broke out that lasted three days and three nights, and these events were attributed to the carving, since when the image was removed from the stream, the storm ceased. In this situation the neighbors kept the image in the sacristy of the chapel until a few years ago it was deposited in the parish of Itziar.\n\t\t\t\t\t\t\t\t\t<\/div>\n\t\t\t\t\t\t\t\t\t<img decoding=\"async\" src=\"https:\/\/cdn.pilgrim.es\/web\/caminos\/camino-norte\/pueblos\/deba\/puntos-de-interes\/ermita-de-san-nicolas-de-lastur.jpg\" alt=\"Ermita de San Nicol\u00e1s de Lastur\">\n\t\t\t\t\t\t\t\t<\/div>\n\t\t\t\t\t\t\t<\/div>\n\t\t\t\t\t\t\n\t\t\t\t\t\t\t<div class=\"accordion__accordion-content inactive\">\n\t\t\t\t\t\t\t\t<div>\n\t\t\t\t\t\t\t\t\t<div>\n\t\t\t\t\t\t\t\t\t\t<h4>Santuario de Nuestra Se\u00f1ora de Itziar<\/h4>\n\t\t\t\t\t\t\t\t\t\t<p>The Sanctuary of Our Lady of Itziar was built in the eighth century and renovated on numerous subsequent occasions, one of them in the sixteenth century. Because of these the church came to house a single nave divided into three rectangular sections but without intermediate columns. <\/p>\n\n<p>The most remarkable features of the interior are the image in honor of the Virgin, considered one of the best preserved and most beautiful of the Basque iconography and the Plateresque altarpiece of the sixteenth century.<\/p> <p>The most remarkable features of the interior are the image in honor of the Virgin, considered one of the best preserved and most beautiful of the Basque iconography and the Plateresque altarpiece of the sixteenth century.\n\t\t\t\t\t\t\t\t\t<\/div>\n\t\t\t\t\t\t\t\t\t<img decoding=\"async\" src=\"https:\/\/cdn.pilgrim.es\/web\/caminos\/camino-norte\/pueblos\/deba\/puntos-de-interes\/santuario-de-nuestra-senora-de-itziar.jpg\" alt=\"Santuario de Nuestra Se\u00f1ora de Itziar\">\n\t\t\t\t\t\t\t\t<\/div>\n\t\t\t\t\t\t\t<\/div>\n\t\t\t\t\t\t\n\t\t\t\t\t\t\t<div class=\"accordion__accordion-content inactive\">\n\t\t\t\t\t\t\t\t<div>\n\t\t\t\t\t\t\t\t\t<div>\n\t\t\t\t\t\t\t\t\t\t<h4>Geoparque<\/h4>\n\t\t\t\t\t\t\t\t\t\t<p>The Geopark is an area formed by Zumaia, Deba and Mutriku that at first sight stands out for its pastures and forests as well as for its spectacular geology. This area presents 13 kilometers of cliffs formed by Flysch rocks (alternation of hard and soft rocks) that define the more than 60 million years of Earth&#8217;s history.\n\t\t\t\t\t\t\t\t\t<\/div>\n\t\t\t\t\t\t\t\t\t<img decoding=\"async\" src=\"https:\/\/cdn.pilgrim.es\/web\/caminos\/camino-norte\/pueblos\/deba\/puntos-de-interes\/geoparque.jpg\" alt=\"Geoparque\">\n\t\t\t\t\t\t\t\t<\/div>\n\t\t\t\t\t\t\t<\/div>\n\t\t\t\t\t\t\n\t\t\t\t\t\t\t<div class=\"accordion__accordion-content inactive\">\n\t\t\t\t\t\t\t\t<div>\n\t\t\t\t\t\t\t\t\t<div>\n\t\t\t\t\t\t\t\t\t\t<h4>Cueva de Aixa<\/h4>\n\t\t\t\t\t\t\t\t\t\t<p>The Aixa Cave is considered one of the largest in the Basque Country thanks to its more than 12 kilometers long and its great depth. In it is formed the passage of the waters that fall from the hill to reach the Deba River. <\/p>\n\t\t\t\t\t\t\t\t\t<\/div>\n\t\t\t\t\t\t\t\t\t<img decoding=\"async\" src=\"https:\/\/cdn.pilgrim.es\/web\/caminos\/camino-norte\/pueblos\/deba\/puntos-de-interes\/cueva-de-aixa.jpg\" alt=\"Cueva de Aixa\">\n\t\t\t\t\t\t\t\t<\/div>\n\t\t\t\t\t\t\t<\/div>\n\t\t\t\t\t\t\n\t\t\t\t\t\t\t<div class=\"accordion__accordion-content inactive\">\n\t\t\t\t\t\t\t\t<div>\n\t\t\t\t\t\t\t\t\t<div>\n\t\t\t\t\t\t\t\t\t\t<h4>San Sebasti\u00e1n de Elorriaga<\/h4>\n\t\t\t\t\t\t\t\t\t\t<p>The small Romanesque style Chapel of San Sebastian de Elorriaga was built in 1391 in the middle of the North Road towards Santiago. It is worth noting the Romanesque baptismal font that is currently preserved and the images of Andra Mari, San Roque and San Sebastian. <\/p>\n\n<p>The most representative of the exterior structure is its belfry and the tile-covered roof.\n\t\t\t\t\t\t\t\t\t<\/div>\n\t\t\t\t\t\t\t\t\t<img decoding=\"async\" src=\"https:\/\/cdn.pilgrim.es\/web\/caminos\/camino-norte\/pueblos\/deba\/puntos-de-interes\/san-sebastian-de-elorriaga.jpg\" alt=\"San Sebasti\u00e1n de Elorriaga\">\n\t\t\t\t\t\t\t\t<\/div>\n\t\t\t\t\t\t\t<\/div>\n\t\t\t\t\t\t\n\t\t\t\t\t\t\t<div class=\"accordion__accordion-content inactive\">\n\t\t\t\t\t\t\t\t<div>\n\t\t\t\t\t\t\t\t\t<div>\n\t\t\t\t\t\t\t\t\t\t<h4>El Paseo Cubierto y el Mercado<\/h4>\n\t\t\t\t\t\t\t\t\t\t<p>The Covered Walkway and the Market are located in a building built in 1905-1910 by Manuel Echave and declared of Cultural Interest in 1995. This set stands out for the decoration of its columns and the shield where we can see engraved the date of its construction.\n\t\t\t\t\t\t\t\t\t<\/div>\n\t\t\t\t\t\t\t\t\t<img decoding=\"async\" src=\"https:\/\/cdn.pilgrim.es\/web\/caminos\/camino-norte\/pueblos\/deba\/puntos-de-interes\/el-paseo-cubierto-y-el-mercado.jpg\" alt=\"El Paseo Cubierto y el Mercado\">\n\t\t\t\t\t\t\t\t<\/div>\n\t\t\t\t\t\t\t<\/div>\n\t\t\t\t\t\t\n\t\t\t\t\t\t\t<div class=\"accordion__accordion-content inactive\">\n\t\t\t\t\t\t\t\t<div>\n\t\t\t\t\t\t\t\t\t<div>\n\t\t\t\t\t\t\t\t\t\t<h4>La Cueva Ekain<\/h4>\n\t\t\t\t\t\t\t\t\t\t<p>The Ekain Cave was declared a World Heritage Site in 2008 thanks to the set of equestrian paintings inside, which belong to the Franco-Cantabrian parietal art. In addition to these paintings, there are others representing bison, deer, goats, etc. Forming a total of 70 cave figures that expand for 150 meters in length.\n\n<p>WINTER OPENING TIMETABLE<\/p>\n\n<p>Tuesday to Sunday from 10:00 to 18:00Holidays and weekends from 10:00 to 19:00Monday closed<\/p> <p>Monday closed<\/p> <p>Weekends and holidays from 10:00 to 19:00\n\n<p>SUMMER HOURS<\/p>\n\n<p>Tuesday to Sunday from 10:00 to 19:00 Monday closed<\/p> <p>From Tuesday to Sunday from 10:00 to 19:00 Monday closed<\/p>\n\n<p>Fees<\/p>\n\n<p>General: 6\u20ac Reduced: 5\u20ac<\/p>\n\n<p>INFORMATION OF INTEREST<\/p>\n\n<p>Phone: 943 868 811<\/p>\n\t\t\t\t\t\t\t\t\t<\/div>\n\t\t\t\t\t\t\t\t\t<img decoding=\"async\" src=\"https:\/\/cdn.pilgrim.es\/web\/caminos\/camino-norte\/pueblos\/deba\/puntos-de-interes\/la-cueva-ekain.jpg\" alt=\"La Cueva Ekain\">\n\t\t\t\t\t\t\t\t<\/div>\n\t\t\t\t\t\t\t<\/div>\n\t\t\t\t\t\t\n\t\t\t\t\t<\/div>\n\t\t\t\t<\/div>\n\t\t\t<\/div>\n\t\t\n\n\t\t<div id=\"phonesSection\">\n\t\t\t<div>\n\t\t\t\t<h2 class=\"p-h3-town\">Information of interest<\/h2>\n\t\t\t<\/div>\n\t\t\t<div class=\"grid\">\n\t\t\t\t\n\t\t\t\t\t<div class=\"phone-number-item\">\n\t\t\t\t\t\t<div class=\"phone-number-item__icon\"><i class=\"icon-police\"><\/i><\/div>\n\t\t\t\t\t\t<div class=\"phone-number-item__title\">\n\t\t\t\t\t\t\t<h3 class=\"p-font-bold\">Local police<\/h3>\n\t\t\t\t\t\t\t<p>943 608 040 \/ 689 125 889<\/p>\n\t\t\t\t\t\t\t\n\t\t\t\t\t\t<\/div>\n\t\t\t\t\t<\/div>\n\t\t\t\t\n\t\t\t\t\t<div class=\"phone-number-item\">\n\t\t\t\t\t\t<div class=\"phone-number-item__icon\"><i class=\"icon-spanish-military-police\"><\/i><\/div>\n\t\t\t\t\t\t<div class=\"phone-number-item__title\">\n\t\t\t\t\t\t\t<h3 class=\"p-font-bold\">Civil guard<\/h3>\n\t\t\t\t\t\t\t<p>943 894 369<\/p>\n\t\t\t\t\t\t\t\n\t\t\t\t\t\t<\/div>\n\t\t\t\t\t<\/div>\n\t\t\t\t\n\t\t\t\t\t<div class=\"phone-number-item\">\n\t\t\t\t\t\t<div class=\"phone-number-item__icon\"><i class=\"icon-firefighters\"><\/i><\/div>\n\t\t\t\t\t\t<div class=\"phone-number-item__title\">\n\t\t\t\t\t\t\t<h3 class=\"p-font-bold\">Fire department<\/h3>\n\t\t\t\t\t\t\t<p>112<\/p>\n\t\t\t\t\t\t\t\n\t\t\t\t\t\t<\/div>\n\t\t\t\t\t<\/div>\n\t\t\t\t\n\t\t\t\t\t<div class=\"phone-number-item\">\n\t\t\t\t\t\t<div class=\"phone-number-item__icon\"><i class=\"icon-civil-protection\"><\/i><\/div>\n\t\t\t\t\t\t<div class=\"phone-number-item__title\">\n\t\t\t\t\t\t\t<h3 class=\"p-font-bold\">Civil protection<\/h3>\n\t\t\t\t\t\t\t<p>112<\/p>\n\t\t\t\t\t\t\t\n\t\t\t\t\t\t<\/div>\n\t\t\t\t\t<\/div>\n\t\t\t\t\n\t\t\t\t\t<div class=\"phone-number-item\">\n\t\t\t\t\t\t<div class=\"phone-number-item__icon\"><i class=\"icon-town-council\"><\/i><\/div>\n\t\t\t\t\t\t<div class=\"phone-number-item__title\">\n\t\t\t\t\t\t\t<h3 class=\"p-font-bold\">Town hall<\/h3>\n\t\t\t\t\t\t\t<p>943 192 840<\/p>\n\t\t\t\t\t\t\t\n\t\t\t\t\t\t<\/div>\n\t\t\t\t\t<\/div>\n\t\t\t\t\n\t\t\t\t\t<div class=\"phone-number-item\">\n\t\t\t\t\t\t<div class=\"phone-number-item__icon\"><i class=\"icon-hospital\"><\/i><\/div>\n\t\t\t\t\t\t<div class=\"phone-number-item__title\">\n\t\t\t\t\t\t\t<h3 class=\"p-font-bold\">Health center<\/h3>\n\t\t\t\t\t\t\t<p>943 192 452<\/p>\n\t\t\t\t\t\t\t\n\t\t\t\t\t\t<\/div>\n\t\t\t\t\t<\/div>\n\t\t\t\t\n\t\t\t\t\t<div class=\"phone-number-item\">\n\t\t\t\t\t\t<div class=\"phone-number-item__icon\"><i class=\"icon-tourism\"><\/i><\/div>\n\t\t\t\t\t\t<div class=\"phone-number-item__title\">\n\t\t\t\t\t\t\t<h3 class=\"p-font-bold\">Tourism office<\/h3>\n\t\t\t\t\t\t\t<p>943 192 452 \/ 620 430 069<\/p>\n\t\t\t\t\t\t\t\n\t\t\t\t\t\t\t\t<p>Ifar Kalea, 4<\/p>\n\t\t\t\t\t\t\t\n\t\t\t\t\t\t<\/div>\n\t\t\t\t\t<\/div>\n\t\t\t\t\n\t\t\t<\/div>\n\t\t<\/div>\n\n\t\t<div id=\"clientForm\">\n        <section>\n        <img decoding=\"async\" src=\"https:\/\/cdn.pilgrim.es\/web\/home\/email-contacto.png\" alt=\"contacto\">\n        <div>\n            <p>We send you your itinerary<\/p>\n            <p>Enter your details and receive your travel itinerary by email <\/p>\n            <form method=\"post\" data-url=\"\/wp-admin\/admin-ajax.php\" id=\"planner--client\" class=\"flag-right form-client\">\n    <div class=\"form-data\">\n        <input name=\"form_id\" type=\"hidden\" value=\"Formulario Leads\">\n        <input name=\"type\" type=\"hidden\" value=\"planner_client\">\n        <input type=\"text\" name=\"nombre\" value=\"\" size=\"40\" class=\"form-control\" aria-required=\"true\" aria-invalid=\"false\" placeholder=\"Name\">\n        <input type=\"email\" name=\"email\" value=\"\" size=\"40\" class=\"form-control\" aria-required=\"true\" aria-invalid=\"false\" placeholder=\"Email\">\n        <input type=\"text\" id=\"phone-input\" name=\"tel\" value=\"\" size=\"40\" class=\"phone-input form-control\" aria-required=\"true\" aria-invalid=\"false\" placeholder=\"Telephone\">\n        <input type=\"hidden\" name=\"telefono\">\n    <\/div>\n    <div class=\"form-checkbox\">\n        <span>\n            Pilgrim Travel, S.L. informs, in accordance with Regulation 2016\/679, that the data used in this form will be used both for answering any queries and for the publication of comments, the basis of legitimacy being the consent of the user. The rights may be exercised in accordance with the provisions of our             <a href=\"https:\/\/www.pilgrim.es\/en\/privacy-policy\/\" target=\"_blank\" rel=\"noopener noreferrer nofollow\">Privacy Policy.<\/a>\n        <\/span>\n    <\/div>\n\n    <div class=\"form-submit\">\n        <button id=\"planner--client-create\" type=\"submit\">Contact form<\/button>\n        <div class=\"loadingDiv\"><i class=\"p-spinner\"><\/i><\/div>\n    <\/div>\n\n    <div class=\"contact-content-form-success\">\n        <p><i class=\"fas fa-check\"><\/i> The form has been sent successfully<\/p>\n    <\/div>\n\n    <div class=\"contact-content-form-error\">\n        <span class=\"input-error\"><\/span>\n    <\/div>\n<\/form>        <\/div>\n    <\/section>\n<\/div>\n\n\t\t<div id=\"recomendationSection\">\n\t\t\t<div>\n\t\t\t\t<h2 class=\"p-h2-town\">Recommended<\/h2>\n\t\t\t\t<hr>\n\t\t\t\t<h3 class=\"p-h3-town\">Gastronomy<\/h3>\n\t\t\t<\/div>\n\t\t\tThe gastronomy of the municipality of Deba stands out for its canned food; anchovies in oil, canned tuna, white tuna in olive oil and pickled tuna, gulas, ventresca (tuna belly) and Mediterranean-style tuna fillets are very traditional.\n\t\t<\/div>\n\n\n\t\t\n\t\t\t<div id=\"holidaysSection\">\n\t\t\t\t<div>\n\t\t\t\t\t<h2 class=\"p-h2-town\">Recommended<\/h2>\n\t\t\t\t\t<hr>\n\t\t\t\t\t<h3 class=\"p-h3-town\">Festivals and Pilgrimages<\/h3>\n\t\t\t\t<\/div>\n\t\t\t\t<div class=\"grid holidays-grid\">\n\t\t\t\t\t\n\t\t\t\t\t\t<div>\n\t\t\t\t\t\t\t<div class=\"phone-number-item\">\n\t\t\t\t\t\t\t\t<div class=\"phone-number-item__icon\"><i class=\"icon-holiday\"><\/i><\/div>\n\t\t\t\t\t\t\t\t<div class=\"phone-number-item__title dark-text\">\n\t\t\t\t\t\t\t\t\t<p class=\"p-font-bold\">Local festivity<\/p>\n\t\t\t\t\t\t\t\t\t<p>3 de febrero: San Blas<\/p>\n\t\t\t\t\t\t\t\t<\/div>\n\t\t\t\t\t\t\t<\/div>\n\t\t\t\t\t\t<\/div>\n\t\t\t\t\t\n\t\t\t\t\t\t<div>\n\t\t\t\t\t\t\t<div class=\"phone-number-item\">\n\t\t\t\t\t\t\t\t<div class=\"phone-number-item__icon\"><i class=\"icon-holiday\"><\/i><\/div>\n\t\t\t\t\t\t\t\t<div class=\"phone-number-item__title dark-text\">\n\t\t\t\t\t\t\t\t\t<p class=\"p-font-bold\">Local festivity<\/p>\n\t\t\t\t\t\t\t\t\t<p>4 de febrero: Santa Ageda<\/p>\n\t\t\t\t\t\t\t\t<\/div>\n\t\t\t\t\t\t\t<\/div>\n\t\t\t\t\t\t<\/div>\n\t\t\t\t\t\n\t\t\t\t\t\t<div>\n\t\t\t\t\t\t\t<div class=\"phone-number-item\">\n\t\t\t\t\t\t\t\t<div class=\"phone-number-item__icon\"><i class=\"icon-holiday\"><\/i><\/div>\n\t\t\t\t\t\t\t\t<div class=\"phone-number-item__title dark-text\">\n\t\t\t\t\t\t\t\t\t<p class=\"p-font-bold\">Local festivity<\/p>\n\t\t\t\t\t\t\t\t\t<p>El tercer domingo de mayo: D\u00eda del debarra<\/p>\n\t\t\t\t\t\t\t\t<\/div>\n\t\t\t\t\t\t\t<\/div>\n\t\t\t\t\t\t<\/div>\n\t\t\t\t\t\n\t\t\t\t\t\t<div>\n\t\t\t\t\t\t\t<div class=\"phone-number-item\">\n\t\t\t\t\t\t\t\t<div class=\"phone-number-item__icon\"><i class=\"icon-holiday\"><\/i><\/div>\n\t\t\t\t\t\t\t\t<div class=\"phone-number-item__title dark-text\">\n\t\t\t\t\t\t\t\t\t<p class=\"p-font-bold\">Local festivity<\/p>\n\t\t\t\t\t\t\t\t\t<p>El primer s\u00e1bado de mayo: D\u00eda de la Romer\u00eda<\/p>\n\t\t\t\t\t\t\t\t<\/div>\n\t\t\t\t\t\t\t<\/div>\n\t\t\t\t\t\t<\/div>\n\t\t\t\t\t\n\t\t\t\t\t\t<div>\n\t\t\t\t\t\t\t<div class=\"phone-number-item\">\n\t\t\t\t\t\t\t\t<div class=\"phone-number-item__icon\"><i class=\"icon-holiday\"><\/i><\/div>\n\t\t\t\t\t\t\t\t<div class=\"phone-number-item__title dark-text\">\n\t\t\t\t\t\t\t\t\t<p class=\"p-font-bold\">Local festivity<\/p>\n\t\t\t\t\t\t\t\t\t<p>El primer s\u00e1bado del a\u00f1o: Feria del a\u00f1o nuevo<\/p>\n\t\t\t\t\t\t\t\t<\/div>\n\t\t\t\t\t\t\t<\/div>\n\t\t\t\t\t\t<\/div>\n\t\t\t\t\t\n\t\t\t\t\t\t<div>\n\t\t\t\t\t\t\t<div class=\"phone-number-item\">\n\t\t\t\t\t\t\t\t<div class=\"phone-number-item__icon\"><i class=\"icon-holiday\"><\/i><\/div>\n\t\t\t\t\t\t\t\t<div class=\"phone-number-item__title dark-text\">\n\t\t\t\t\t\t\t\t\t<p class=\"p-font-bold\">Local festivity<\/p>\n\t\t\t\t\t\t\t\t\t<p>Las primeras semanas de enero: Las pruebas de bueyes<\/p>\n\t\t\t\t\t\t\t\t<\/div>\n\t\t\t\t\t\t\t<\/div>\n\t\t\t\t\t\t<\/div>\n\t\t\t\t\t\n\t\t\t\t\t\t<div>\n\t\t\t\t\t\t\t<div class=\"phone-number-item\">\n\t\t\t\t\t\t\t\t<div class=\"phone-number-item__icon\"><i class=\"icon-holiday\"><\/i><\/div>\n\t\t\t\t\t\t\t\t<div class=\"phone-number-item__title dark-text\">\n\t\t\t\t\t\t\t\t\t<p class=\"p-font-bold\">Local festivity<\/p>\n\t\t\t\t\t\t\t\t\t<p>19 y 20 de enero: Fiesta de San Sebasti\u00e1n en Elorriaga<\/p>\n\t\t\t\t\t\t\t\t<\/div>\n\t\t\t\t\t\t\t<\/div>\n\t\t\t\t\t\t<\/div>\n\t\t\t\t\t\n\t\t\t\t\t\t<div>\n\t\t\t\t\t\t\t<div class=\"phone-number-item\">\n\t\t\t\t\t\t\t\t<div class=\"phone-number-item__icon\"><i class=\"icon-holiday\"><\/i><\/div>\n\t\t\t\t\t\t\t\t<div class=\"phone-number-item__title dark-text\">\n\t\t\t\t\t\t\t\t\t<p class=\"p-font-bold\">Local festivity<\/p>\n\t\t\t\t\t\t\t\t\t<p>23 de junio: San Juan<\/p>\n\t\t\t\t\t\t\t\t<\/div>\n\t\t\t\t\t\t\t<\/div>\n\t\t\t\t\t\t<\/div>\n\t\t\t\t\t\n\t\t\t\t\t\t<div>\n\t\t\t\t\t\t\t<div class=\"phone-number-item\">\n\t\t\t\t\t\t\t\t<div class=\"phone-number-item__icon\"><i class=\"icon-holiday\"><\/i><\/div>\n\t\t\t\t\t\t\t\t<div class=\"phone-number-item__title dark-text\">\n\t\t\t\t\t\t\t\t\t<p class=\"p-font-bold\">Local festivity<\/p>\n\t\t\t\t\t\t\t\t\t<p>29 de junio: Quema de los pellejos<\/p>\n\t\t\t\t\t\t\t\t<\/div>\n\t\t\t\t\t\t\t<\/div>\n\t\t\t\t\t\t<\/div>\n\t\t\t\t\t\n\t\t\t\t\t\t<div>\n\t\t\t\t\t\t\t<div class=\"phone-number-item\">\n\t\t\t\t\t\t\t\t<div class=\"phone-number-item__icon\"><i class=\"icon-holiday\"><\/i><\/div>\n\t\t\t\t\t\t\t\t<div class=\"phone-number-item__title dark-text\">\n\t\t\t\t\t\t\t\t\t<p class=\"p-font-bold\">Local festivity<\/p>\n\t\t\t\t\t\t\t\t\t<p>10 de septiembre: Fiesta de San Nicol\u00e1s<\/p>\n\t\t\t\t\t\t\t\t<\/div>\n\t\t\t\t\t\t\t<\/div>\n\t\t\t\t\t\t<\/div>\n\t\t\t\t\t\n\t\t\t\t\t\t<div>\n\t\t\t\t\t\t\t<div class=\"phone-number-item\">\n\t\t\t\t\t\t\t\t<div class=\"phone-number-item__icon\"><i class=\"icon-holiday\"><\/i><\/div>\n\t\t\t\t\t\t\t\t<div class=\"phone-number-item__title dark-text\">\n\t\t\t\t\t\t\t\t\t<p class=\"p-font-bold\">Local festivity<\/p>\n\t\t\t\t\t\t\t\t\t<p>Del 14 al 18 de agosto: Fiestas de San Roke<\/p>\n\t\t\t\t\t\t\t\t<\/div>\n\t\t\t\t\t\t\t<\/div>\n\t\t\t\t\t\t<\/div>\n\t\t\t\t\t\n\t\t\t\t\t\t<div>\n\t\t\t\t\t\t\t<div class=\"phone-number-item\">\n\t\t\t\t\t\t\t\t<div class=\"phone-number-item__icon\"><i class=\"icon-holiday\"><\/i><\/div>\n\t\t\t\t\t\t\t\t<div class=\"phone-number-item__title dark-text\">\n\t\t\t\t\t\t\t\t\t<p class=\"p-font-bold\">Local festivity<\/p>\n\t\t\t\t\t\t\t\t\t<p>El \u00faltimo s\u00e1bado de septiembre: Fiesta vasca y el concurso de pintura al aire libre.<\/p>\n\t\t\t\t\t\t\t\t<\/div>\n\t\t\t\t\t\t\t<\/div>\n\t\t\t\t\t\t<\/div>\n\t\t\t\t\t\n\t\t\t\t\t\t<div>\n\t\t\t\t\t\t\t<div class=\"phone-number-item\">\n\t\t\t\t\t\t\t\t<div class=\"phone-number-item__icon\"><i class=\"icon-holiday\"><\/i><\/div>\n\t\t\t\t\t\t\t\t<div class=\"phone-number-item__title dark-text\">\n\t\t\t\t\t\t\t\t\t<p class=\"p-font-bold\">Local festivity<\/p>\n\t\t\t\t\t\t\t\t\t<p>La \u00faltima semana de mayo y la primera semana de junio: Semana de teatro en euskera.<\/p>\n\t\t\t\t\t\t\t\t<\/div>\n\t\t\t\t\t\t\t<\/div>\n\t\t\t\t\t\t<\/div>\n\t\t\t\t\t\n\t\t\t\t<\/div>\n\t\t\t<\/div>\n\t\t\n\t<\/div>\n<\/section>\n\n<div id=\"stage_list_section\"><div class=\"stage-list\">\n    <div class='stage-list__map-card'>\n        <div class='stage-list__map-card__map'>\n            <div class='stage-list__map-card__map__text'>\n                <h2> Pages <\/h2>\n                <p> On foot<\/p>\n                <p> 0 stages<\/p>\n            <\/div>\n            <div class='stage-list__map-card__map__img'>\n                <img decoding=\"async\" src=\"\" alt=\" mapa \" \/>\n            <\/div>\n        <\/div>\n    <\/div>\n\n    <\/div>\n<\/div> ","protected":false},"excerpt":{"rendered":"<p>Deba &#8249; Back to the stage Deba Residents: 5.430 aprox. Province: Guip\u00fazcoa Information Get to know Deba The town of Deba, or Deva in Basque, is a small town that had great importance thanks to the commercial port, which is currently used as a marina. Its main attractions are the beaches of Santiago and Lapari, &hellip; <\/p>\n<p class=\"read_more\"><a href=\"https:\/\/www.pilgrim.es\/en\/northern-way\/deba\/\">Leer m\u00e1s<\/a><\/p>\n","protected":false},"author":0,"featured_media":9153,"parent":36318,"menu_order":0,"comment_status":"closed","ping_status":"closed","template":"views\/template-new-web-design.blade.php","meta":{"footnotes":""},"categories":[],"tags":[],"class_list":["post-91243","page","type-page","status-publish","has-post-thumbnail","hentry"],"yoast_head":"<!-- This site is optimized with the Yoast SEO plugin v27.4 - https:\/\/yoast.com\/product\/yoast-seo-wordpress\/ -->\n<title>Deba: What to see and where to stay | Camino de Santiago | Pilgrim<\/title>\n<meta name=\"description\" content=\"Deba Discover all the information you need about accommodation, how to get there, gastronomy and the main points of interest in the towns along the Northern Way.\" \/>\n<meta name=\"robots\" content=\"index, follow, max-snippet:-1, max-image-preview:large, max-video-preview:-1\" \/>\n<link rel=\"canonical\" href=\"https:\/\/www.pilgrim.es\/en\/northern-way\/deba\/\" \/>\n<meta property=\"og:locale\" content=\"en_US\" \/>\n<meta property=\"og:type\" content=\"article\" \/>\n<meta property=\"og:title\" content=\"Deba: What to see and where to stay | Camino de Santiago | Pilgrim\" \/>\n<meta property=\"og:description\" content=\"Deba Discover all the information you need about accommodation, how to get there, gastronomy and the main points of interest in the towns along the Northern Way.\" \/>\n<meta property=\"og:url\" content=\"https:\/\/www.pilgrim.es\/en\/northern-way\/deba\/\" \/>\n<meta property=\"og:site_name\" content=\"Pilgrim\" \/>\n<meta property=\"article:publisher\" content=\"https:\/\/www.facebook.com\/pilgrim.es\/\" \/>\n<meta property=\"og:image\" content=\"https:\/\/www.pilgrim.es\/wp-content\/uploads\/2019\/02\/deba1.jpg\" \/>\n\t<meta property=\"og:image:width\" content=\"1298\" \/>\n\t<meta property=\"og:image:height\" content=\"681\" \/>\n\t<meta property=\"og:image:type\" content=\"image\/jpeg\" \/>\n<meta name=\"twitter:card\" content=\"summary_large_image\" \/>\n<meta name=\"twitter:site\" content=\"@pilgrim_es\" \/>\n<meta name=\"twitter:label1\" content=\"Est. reading time\" \/>\n\t<meta name=\"twitter:data1\" content=\"8 minutes\" \/>\n<script type=\"application\/ld+json\" class=\"yoast-schema-graph\">{\"@context\":\"https:\\\/\\\/schema.org\",\"@graph\":[{\"@type\":\"WebPage\",\"@id\":\"https:\\\/\\\/www.pilgrim.es\\\/en\\\/northern-way\\\/deba\\\/\",\"url\":\"https:\\\/\\\/www.pilgrim.es\\\/en\\\/northern-way\\\/deba\\\/\",\"name\":\"Deba: What to see and where to stay | Camino de Santiago | Pilgrim\",\"isPartOf\":{\"@id\":\"https:\\\/\\\/www.pilgrim.es\\\/en\\\/#website\"},\"primaryImageOfPage\":{\"@id\":\"https:\\\/\\\/www.pilgrim.es\\\/en\\\/northern-way\\\/deba\\\/#primaryimage\"},\"image\":{\"@id\":\"https:\\\/\\\/www.pilgrim.es\\\/en\\\/northern-way\\\/deba\\\/#primaryimage\"},\"thumbnailUrl\":\"https:\\\/\\\/www.pilgrim.es\\\/wp-content\\\/uploads\\\/2019\\\/02\\\/deba1.jpg\",\"datePublished\":\"2025-03-17T14:37:37+00:00\",\"description\":\"Deba Discover all the information you need about accommodation, how to get there, gastronomy and the main points of interest in the towns along the Northern Way.\",\"breadcrumb\":{\"@id\":\"https:\\\/\\\/www.pilgrim.es\\\/en\\\/northern-way\\\/deba\\\/#breadcrumb\"},\"inLanguage\":\"en-US\",\"potentialAction\":[{\"@type\":\"ReadAction\",\"target\":[\"https:\\\/\\\/www.pilgrim.es\\\/en\\\/northern-way\\\/deba\\\/\"]}]},{\"@type\":\"ImageObject\",\"inLanguage\":\"en-US\",\"@id\":\"https:\\\/\\\/www.pilgrim.es\\\/en\\\/northern-way\\\/deba\\\/#primaryimage\",\"url\":\"https:\\\/\\\/www.pilgrim.es\\\/wp-content\\\/uploads\\\/2019\\\/02\\\/deba1.jpg\",\"contentUrl\":\"https:\\\/\\\/www.pilgrim.es\\\/wp-content\\\/uploads\\\/2019\\\/02\\\/deba1.jpg\",\"width\":1298,\"height\":681,\"caption\":\"Deba\"},{\"@type\":\"BreadcrumbList\",\"@id\":\"https:\\\/\\\/www.pilgrim.es\\\/en\\\/northern-way\\\/deba\\\/#breadcrumb\",\"itemListElement\":[{\"@type\":\"ListItem\",\"position\":1,\"name\":\"Camino de Santiago\",\"item\":\"https:\\\/\\\/www.pilgrim.es\\\/en\\\/\"},{\"@type\":\"ListItem\",\"position\":2,\"name\":\"Northern Way\",\"item\":\"https:\\\/\\\/www.pilgrim.es\\\/en\\\/northern-way\\\/\"},{\"@type\":\"ListItem\",\"position\":3,\"name\":\"Deba\"}]},{\"@type\":\"WebSite\",\"@id\":\"https:\\\/\\\/www.pilgrim.es\\\/en\\\/#website\",\"url\":\"https:\\\/\\\/www.pilgrim.es\\\/en\\\/\",\"name\":\"Pilgrim\",\"description\":\"Camino de Santiago | Caminamos Contigo\",\"publisher\":{\"@id\":\"https:\\\/\\\/www.pilgrim.es\\\/en\\\/#organization\"},\"potentialAction\":[{\"@type\":\"SearchAction\",\"target\":{\"@type\":\"EntryPoint\",\"urlTemplate\":\"https:\\\/\\\/www.pilgrim.es\\\/en\\\/?s={search_term_string}\"},\"query-input\":{\"@type\":\"PropertyValueSpecification\",\"valueRequired\":true,\"valueName\":\"search_term_string\"}}],\"inLanguage\":\"en-US\"},{\"@type\":\"Organization\",\"@id\":\"https:\\\/\\\/www.pilgrim.es\\\/en\\\/#organization\",\"name\":\"Pilgrim Camino de Santiago\",\"url\":\"https:\\\/\\\/www.pilgrim.es\\\/en\\\/\",\"logo\":{\"@type\":\"ImageObject\",\"inLanguage\":\"en-US\",\"@id\":\"https:\\\/\\\/www.pilgrim.es\\\/en\\\/#\\\/schema\\\/logo\\\/image\\\/\",\"url\":\"https:\\\/\\\/www.pilgrim.es\\\/wp-content\\\/uploads\\\/2019\\\/04\\\/logo_pilgrim.png\",\"contentUrl\":\"https:\\\/\\\/www.pilgrim.es\\\/wp-content\\\/uploads\\\/2019\\\/04\\\/logo_pilgrim.png\",\"width\":512,\"height\":512,\"caption\":\"Pilgrim Camino de Santiago\"},\"image\":{\"@id\":\"https:\\\/\\\/www.pilgrim.es\\\/en\\\/#\\\/schema\\\/logo\\\/image\\\/\"},\"sameAs\":[\"https:\\\/\\\/www.facebook.com\\\/pilgrim.es\\\/\",\"https:\\\/\\\/x.com\\\/pilgrim_es\",\"https:\\\/\\\/www.instagram.com\\\/pilgrim.es\\\/\",\"https:\\\/\\\/www.linkedin.com\\\/company\\\/pilgrim-camino-de-santiago\\\/\",\"https:\\\/\\\/www.pinterest.es\\\/pilgrimcaminodesantiago\\\/\",\"https:\\\/\\\/www.youtube.com\\\/channel\\\/UCIv2ZzFLXVqthkNF32rKedw\\\/featured\"]}]}<\/script>\n<!-- \/ Yoast SEO plugin. -->","yoast_head_json":{"title":"Deba: What to see and where to stay | Camino de Santiago | Pilgrim","description":"Deba Discover all the information you need about accommodation, how to get there, gastronomy and the main points of interest in the towns along the Northern Way.","robots":{"index":"index","follow":"follow","max-snippet":"max-snippet:-1","max-image-preview":"max-image-preview:large","max-video-preview":"max-video-preview:-1"},"canonical":"https:\/\/www.pilgrim.es\/en\/northern-way\/deba\/","og_locale":"en_US","og_type":"article","og_title":"Deba: What to see and where to stay | Camino de Santiago | Pilgrim","og_description":"Deba Discover all the information you need about accommodation, how to get there, gastronomy and the main points of interest in the towns along the Northern Way.","og_url":"https:\/\/www.pilgrim.es\/en\/northern-way\/deba\/","og_site_name":"Pilgrim","article_publisher":"https:\/\/www.facebook.com\/pilgrim.es\/","og_image":[{"width":1298,"height":681,"url":"https:\/\/www.pilgrim.es\/wp-content\/uploads\/2019\/02\/deba1.jpg","type":"image\/jpeg"}],"twitter_card":"summary_large_image","twitter_site":"@pilgrim_es","twitter_misc":{"Est. reading time":"8 minutes"},"schema":{"@context":"https:\/\/schema.org","@graph":[{"@type":"WebPage","@id":"https:\/\/www.pilgrim.es\/en\/northern-way\/deba\/","url":"https:\/\/www.pilgrim.es\/en\/northern-way\/deba\/","name":"Deba: What to see and where to stay | Camino de Santiago | Pilgrim","isPartOf":{"@id":"https:\/\/www.pilgrim.es\/en\/#website"},"primaryImageOfPage":{"@id":"https:\/\/www.pilgrim.es\/en\/northern-way\/deba\/#primaryimage"},"image":{"@id":"https:\/\/www.pilgrim.es\/en\/northern-way\/deba\/#primaryimage"},"thumbnailUrl":"https:\/\/www.pilgrim.es\/wp-content\/uploads\/2019\/02\/deba1.jpg","datePublished":"2025-03-17T14:37:37+00:00","description":"Deba Discover all the information you need about accommodation, how to get there, gastronomy and the main points of interest in the towns along the Northern Way.","breadcrumb":{"@id":"https:\/\/www.pilgrim.es\/en\/northern-way\/deba\/#breadcrumb"},"inLanguage":"en-US","potentialAction":[{"@type":"ReadAction","target":["https:\/\/www.pilgrim.es\/en\/northern-way\/deba\/"]}]},{"@type":"ImageObject","inLanguage":"en-US","@id":"https:\/\/www.pilgrim.es\/en\/northern-way\/deba\/#primaryimage","url":"https:\/\/www.pilgrim.es\/wp-content\/uploads\/2019\/02\/deba1.jpg","contentUrl":"https:\/\/www.pilgrim.es\/wp-content\/uploads\/2019\/02\/deba1.jpg","width":1298,"height":681,"caption":"Deba"},{"@type":"BreadcrumbList","@id":"https:\/\/www.pilgrim.es\/en\/northern-way\/deba\/#breadcrumb","itemListElement":[{"@type":"ListItem","position":1,"name":"Camino de Santiago","item":"https:\/\/www.pilgrim.es\/en\/"},{"@type":"ListItem","position":2,"name":"Northern Way","item":"https:\/\/www.pilgrim.es\/en\/northern-way\/"},{"@type":"ListItem","position":3,"name":"Deba"}]},{"@type":"WebSite","@id":"https:\/\/www.pilgrim.es\/en\/#website","url":"https:\/\/www.pilgrim.es\/en\/","name":"Pilgrim","description":"Camino de Santiago | Caminamos Contigo","publisher":{"@id":"https:\/\/www.pilgrim.es\/en\/#organization"},"potentialAction":[{"@type":"SearchAction","target":{"@type":"EntryPoint","urlTemplate":"https:\/\/www.pilgrim.es\/en\/?s={search_term_string}"},"query-input":{"@type":"PropertyValueSpecification","valueRequired":true,"valueName":"search_term_string"}}],"inLanguage":"en-US"},{"@type":"Organization","@id":"https:\/\/www.pilgrim.es\/en\/#organization","name":"Pilgrim Camino de Santiago","url":"https:\/\/www.pilgrim.es\/en\/","logo":{"@type":"ImageObject","inLanguage":"en-US","@id":"https:\/\/www.pilgrim.es\/en\/#\/schema\/logo\/image\/","url":"https:\/\/www.pilgrim.es\/wp-content\/uploads\/2019\/04\/logo_pilgrim.png","contentUrl":"https:\/\/www.pilgrim.es\/wp-content\/uploads\/2019\/04\/logo_pilgrim.png","width":512,"height":512,"caption":"Pilgrim Camino de Santiago"},"image":{"@id":"https:\/\/www.pilgrim.es\/en\/#\/schema\/logo\/image\/"},"sameAs":["https:\/\/www.facebook.com\/pilgrim.es\/","https:\/\/x.com\/pilgrim_es","https:\/\/www.instagram.com\/pilgrim.es\/","https:\/\/www.linkedin.com\/company\/pilgrim-camino-de-santiago\/","https:\/\/www.pinterest.es\/pilgrimcaminodesantiago\/","https:\/\/www.youtube.com\/channel\/UCIv2ZzFLXVqthkNF32rKedw\/featured"]}]}},"_links":{"self":[{"href":"https:\/\/www.pilgrim.es\/en\/wp-json\/wp\/v2\/pages\/91243","targetHints":{"allow":["GET"]}}],"collection":[{"href":"https:\/\/www.pilgrim.es\/en\/wp-json\/wp\/v2\/pages"}],"about":[{"href":"https:\/\/www.pilgrim.es\/en\/wp-json\/wp\/v2\/types\/page"}],"replies":[{"embeddable":true,"href":"https:\/\/www.pilgrim.es\/en\/wp-json\/wp\/v2\/comments?post=91243"}],"version-history":[{"count":0,"href":"https:\/\/www.pilgrim.es\/en\/wp-json\/wp\/v2\/pages\/91243\/revisions"}],"up":[{"embeddable":true,"href":"https:\/\/www.pilgrim.es\/en\/wp-json\/wp\/v2\/pages\/36318"}],"wp:featuredmedia":[{"embeddable":true,"href":"https:\/\/www.pilgrim.es\/en\/wp-json\/wp\/v2\/media\/9153"}],"wp:attachment":[{"href":"https:\/\/www.pilgrim.es\/en\/wp-json\/wp\/v2\/media?parent=91243"}],"wp:term":[{"taxonomy":"category","embeddable":true,"href":"https:\/\/www.pilgrim.es\/en\/wp-json\/wp\/v2\/categories?post=91243"},{"taxonomy":"post_tag","embeddable":true,"href":"https:\/\/www.pilgrim.es\/en\/wp-json\/wp\/v2\/tags?post=91243"}],"curies":[{"name":"wp","href":"https:\/\/api.w.org\/{rel}","templated":true}]}}