{"id":91203,"date":"2025-03-17T13:59:53","date_gmt":"2025-03-17T13:59:53","guid":{"rendered":"https:\/\/www.pilgrim.es\/portuguese-way\/porto\/"},"modified":"2025-03-17T13:59:53","modified_gmt":"2025-03-17T13:59:53","slug":"porto","status":"publish","type":"page","link":"https:\/\/www.pilgrim.es\/en\/portuguese-way\/porto\/","title":{"rendered":"Oporto"},"content":{"rendered":" <section id=\"hero\">\n\t<h1>Oporto<\/h1>\n\t<div class=\"hero-grid\">\n\t\t<div class=\"hero-grid__town-col\" data-background=\"https:\/\/cdn.pilgrim.es\/web\/caminos\/camino-portugues\/pueblos\/porto\/porto.jpg\">\n\t\t\t<div>\n\t\t\t\t<a class=\"link-to-stage\" href=\"https:\/\/www.pilgrim.es\/camino-portugues\/etapa-14-grijo-oporto\/\">\n\t\t\t\t\t<p>&#8249; Back to the stage<\/p>\n\t\t\t\t<\/a>\n\n\t\t\t\t<div class=\"town-data\">\n\t\t\t\t\t<h2>Oporto<\/h2>\n\t\t\t\t\t<ul>\n\t\t\t\t\t\t<li>Residents: 237.559 aprox.<\/li>\n\t\t\t\t\t\t<li>Province: <\/li>\n\t\t\t\t\t<\/ul>\n\t\t\t\t<\/div>\n\t\t\t<\/div>\n\t\t<\/div>\n\t\t<div class=\"hero-grid__planner-col\"><div\r\n  class=\"p-col-span-1 p-rounded-lg p-px-5 p-h-full\"\r\n  style=\"background-image: url('https:\/\/cdn.pilgrim.es\/web\/pilgrim-planner\/bg-plugin-planificador.webp')\"\r\n  rel=\"preload\"\r\n  fetchpriority=\"high\"\r\n  >\r\n    <div class=\"p-text-center p-pt-5 p-text-white p-text-2xl p-font-semibold\">\r\n      Plan your journey    <\/div>\r\n    <div\r\n            id='primary-app'\r\n            data-name='banner'\r\n            data-api='https:\/\/pathfinder.pilgrim.es\/api\/pathfinder\/v2'\r\n            data-mode='normal'\r\n            data-lang='en'\r\n            data-route='1'\r\n            data-destiny='https:\/\/planificador.pilgrim.es'\r\n            data-modality='1'\r\n            data-inline=''\r\n        ><\/div><\/div><\/div>\n\t<\/div>\n<\/section>\n\n<section id=\"infoTown\">\n\t<div class=\"sections-town\">\n\n\t\t<div id=\"informationSection\">\n\t\t\t<div>\n\t\t\t\t<h2 class=\"p-h2-town\">Information<\/h2>\n\t\t\t\t<hr>\n\t\t\t\t<h3 class=\"p-h3-town\">Get to know Oporto<\/h3>\n\t\t\t<\/div>\n\t\t\t<p>Oporto is the second most important city in Portugal after the capital, Lisbon. Like the vast majority of cities has an extensive historical heritage, being declared a World Heritage Site by UNESCO.<\/p> <p>Oporto is the starting point for many pilgrims who make the Camino; the credential can be obtained at the headquarters of the Cathedral. So the walker at this point will not lack anything.\n\t\t<\/div>\n\n\t\t<div id=\"locationSection\">\n\t\t\t<div>\n\t\t\t\t<h2 class=\"p-h2-town\">Location<\/h2>\n\t\t\t\t<hr>\n\t\t\t\t<h3 class=\"p-h3-town\">How to get there<\/h3>\n\t\t\t<\/div>\n\t\t\t<p>The city is served by main roads such as the A-1, which connects Lisbon and Porto, the A-3 which connects Porto with the Galician border as well as the A-28 freeway, the A-4 which connects Matosinhos with Amarante and the A-41 which connects Porto with the Algarve. There are also several national, secondary and ring roads into the city.\n\n<p>If we want to reach the city by train from Spain, the fastest option is from Vigo, it takes just two hours and there are several daily lines. From any other point in the country the lines all go to Lisbon and then you have to take another one to Porto.<\/p> &lt;p\n\n<p>The bus station offers regular lines from various points in Spain connecting the whole peninsula. It also has an airport with a wide network of airlines, both national and international. And finally, we can get to Porto by boat along the Douro River in a river cruise.<\/p> <p>\n\t\t\t<div>\n\t\t\t\t<div>\n  <iframe loading=\"lazy\"\n    src=\"https:\/\/www.google.com\/maps\/d\/embed?mid=1GvJGkxANvZM4Hu-eOsb2eH_pZJxH080&amp;ehbc=2E312F\"\n    width=\"640\"\n    height=\"480\"\n    alt=\"Mapa Oporto\"\n  ><\/iframe>\n<\/div>\n\n\t\t\t<\/div>\n\t\t<\/div>\n\n\t\t\n\t\t\t<div id=\"toVisitSection\">\n\t\t\t\t<div>\n\t\t\t\t\t<h2 class=\"p-h2-town\">History \/ Culture<\/h2>\n\t\t\t\t\t<hr>\n\t\t\t\t\t<h3 class=\"p-h3-town\">What to see<\/h3>\n\t\t\t\t<\/div>\n\t\t\t\t<div>\n\t\t\t\t\t<div class=\"accordion\">\n\t\t\t\t\t\t<div class=\"accordion__menu\">\n\t\t\t\t\t\t\t<nav>\n\t\t\t\t\t\t\t\t\n\t\t\t\t\t\t\t\t\t<button class=\"nav-tab-accordion active\"><span>&#10093;<\/span><span> Puente Mar\u00eda P\u00eda<\/span><\/button>\n\t\t\t\t\t\t\t\t\n\t\t\t\t\t\t\t\t\t<button class=\"nav-tab-accordion \"><span>&#10093;<\/span><span> Puente do Infante<\/span><\/button>\n\t\t\t\t\t\t\t\t\n\t\t\t\t\t\t\t\t\t<button class=\"nav-tab-accordion \"><span>&#10093;<\/span><span> Puente do Freixo<\/span><\/button>\n\t\t\t\t\t\t\t\t\n\t\t\t\t\t\t\t\t\t<button class=\"nav-tab-accordion \"><span>&#10093;<\/span><span> Puente da Arr\u00e1bida<\/span><\/button>\n\t\t\t\t\t\t\t\t\n\t\t\t\t\t\t\t\t\t<button class=\"nav-tab-accordion \"><span>&#10093;<\/span><span> Plaza da Liberdade<\/span><\/button>\n\t\t\t\t\t\t\t\t\n\t\t\t\t\t\t\t\t\t<button class=\"nav-tab-accordion \"><span>&#10093;<\/span><span> Catedral de la S\u00e9<\/span><\/button>\n\t\t\t\t\t\t\t\t\n\t\t\t\t\t\t\t\t\t<button class=\"nav-tab-accordion \"><span>&#10093;<\/span><span> Palacio da Bolsa<\/span><\/button>\n\t\t\t\t\t\t\t\t\n\t\t\t\t\t\t\t\t\t<button class=\"nav-tab-accordion \"><span>&#10093;<\/span><span> Museo Nacional Soares dos Reis<\/span><\/button>\n\t\t\t\t\t\t\t\t\n\t\t\t\t\t\t\t\t\t<button class=\"nav-tab-accordion \"><span>&#10093;<\/span><span> Museo do Vinho do Porto<\/span><\/button>\n\t\t\t\t\t\t\t\t\n\t\t\t\t\t\t\t\t\t<button class=\"nav-tab-accordion \"><span>&#10093;<\/span><span> Museo do Carro El\u00e9ctrico<\/span><\/button>\n\t\t\t\t\t\t\t\t\n\t\t\t\t\t\t\t\t\t<button class=\"nav-tab-accordion \"><span>&#10093;<\/span><span> Museo do Papel Moeda<\/span><\/button>\n\t\t\t\t\t\t\t\t\n\t\t\t\t\t\t\t\t\t<button class=\"nav-tab-accordion \"><span>&#10093;<\/span><span> Museo de Arte Sacra<\/span><\/button>\n\t\t\t\t\t\t\t\t\n\t\t\t\t\t\t\t\t\t<button class=\"nav-tab-accordion \"><span>&#10093;<\/span><span> Museo da Miseric\u00f3rdia<\/span><\/button>\n\t\t\t\t\t\t\t\t\n\t\t\t\t\t\t\t\t\t<button class=\"nav-tab-accordion \"><span>&#10093;<\/span><span> Casa do Infante<\/span><\/button>\n\t\t\t\t\t\t\t\t\n\t\t\t\t\t\t\t\t\t<button class=\"nav-tab-accordion \"><span>&#10093;<\/span><span> Casa da M\u00fasica<\/span><\/button>\n\t\t\t\t\t\t\t\t\n\t\t\t\t\t\t\t\t\t<button class=\"nav-tab-accordion \"><span>&#10093;<\/span><span> Museo de Historia Natural<\/span><\/button>\n\t\t\t\t\t\t\t\t\n\t\t\t\t\t\t\t\t\t<button class=\"nav-tab-accordion \"><span>&#10093;<\/span><span> Mercado do Bolh\u00e3o<\/span><\/button>\n\t\t\t\t\t\t\t\t\n\t\t\t\t\t\t\t\t\t<button class=\"nav-tab-accordion \"><span>&#10093;<\/span><span> Puente Lu\u00eds I<\/span><\/button>\n\t\t\t\t\t\t\t\t\n\t\t\t\t\t\t\t\t\t<button class=\"nav-tab-accordion \"><span>&#10093;<\/span><span> Puente de S\u00e3o Jo\u00e3o<\/span><\/button>\n\t\t\t\t\t\t\t\t\n\t\t\t\t\t\t\t\t\t<button class=\"nav-tab-accordion \"><span>&#10093;<\/span><span> Museo Nacional da Imprensa<\/span><\/button>\n\t\t\t\t\t\t\t\t\n\t\t\t\t\t\t\t\t\t<button class=\"nav-tab-accordion \"><span>&#10093;<\/span><span> Museo Militar do Porto<\/span><\/button>\n\t\t\t\t\t\t\t\t\n\t\t\t\t\t\t\t\t\t<button class=\"nav-tab-accordion \"><span>&#10093;<\/span><span> Museo da Industria<\/span><\/button>\n\t\t\t\t\t\t\t\t\n\t\t\t\t\t\t\t\t\t<button class=\"nav-tab-accordion \"><span>&#10093;<\/span><span> Librer\u00eda Lello e Irm\u00e3o<\/span><\/button>\n\t\t\t\t\t\t\t\t\n\t\t\t\t\t\t\t\t\t<button class=\"nav-tab-accordion \"><span>&#10093;<\/span><span> Jardines do Pal\u00e1cio de Cristal<\/span><\/button>\n\t\t\t\t\t\t\t\t\n\t\t\t\t\t\t\t\t\t<button class=\"nav-tab-accordion \"><span>&#10093;<\/span><span> Iglesia y Torre dos Cl\u00e9rigos<\/span><\/button>\n\t\t\t\t\t\t\t\t\n\t\t\t\t\t\t\t\t\t<button class=\"nav-tab-accordion \"><span>&#10093;<\/span><span> Iglesia de S\u00e3o Loren\u00e7o dos Grilos<\/span><\/button>\n\t\t\t\t\t\t\t\t\n\t\t\t\t\t\t\t\t\t<button class=\"nav-tab-accordion \"><span>&#10093;<\/span><span> Iglesia de S\u00e3o Francisco<\/span><\/button>\n\t\t\t\t\t\t\t\t\n\t\t\t\t\t\t\t\t\t<button class=\"nav-tab-accordion \"><span>&#10093;<\/span><span> Gabinete de Numism\u00e1tica<\/span><\/button>\n\t\t\t\t\t\t\t\t\n\t\t\t\t\t\t\t\t\t<button class=\"nav-tab-accordion \"><span>&#10093;<\/span><span> Forte de S\u00e3o Francisco Xavier do Queijo<\/span><\/button>\n\t\t\t\t\t\t\t\t\n\t\t\t\t\t\t\t\t\t<button class=\"nav-tab-accordion \"><span>&#10093;<\/span><span> Estaci\u00f3n S\u00e3o Bento<\/span><\/button>\n\t\t\t\t\t\t\t\t\n\t\t\t\t\t\t\t\t\t<button class=\"nav-tab-accordion \"><span>&#10093;<\/span><span> Casa Museo Marta Ortig\u00e3o Sampaio<\/span><\/button>\n\t\t\t\t\t\t\t\t\n\t\t\t\t\t\t\t\t\t<button class=\"nav-tab-accordion \"><span>&#10093;<\/span><span> Casa Museo Fernando de Castro<\/span><\/button>\n\t\t\t\t\t\t\t\t\n\t\t\t\t\t\t\t\t\t<button class=\"nav-tab-accordion \"><span>&#10093;<\/span><span> Fundaci\u00f3n Serralves<\/span><\/button>\n\t\t\t\t\t\t\t\t\n\t\t\t\t\t\t\t\t\t<button class=\"nav-tab-accordion \"><span>&#10093;<\/span><span> Museo dos Transportes e Comunica\u00e7\u00f5es<\/span><\/button>\n\t\t\t\t\t\t\t\t\n\t\t\t\t\t\t\t\t\t<button class=\"nav-tab-accordion \"><span>&#10093;<\/span><span> Bodegas Vinho Porto<\/span><\/button>\n\t\t\t\t\t\t\t\t\n\t\t\t\t\t\t\t<\/nav>\n\t\t\t\t\t\t<\/div>\n\n\t\t\t\t\t\t\n\t\t\t\t\t\t\t<div class=\"accordion__accordion-content \">\n\t\t\t\t\t\t\t\t<div>\n\t\t\t\t\t\t\t\t\t<div>\n\t\t\t\t\t\t\t\t\t\t<h4>Puente Mar\u00eda P\u00eda<\/h4>\n\t\t\t\t\t\t\t\t\t\t<p>The Maria Pia Bridge is a bridge built between 1876 and 1877 that crosses the Douro River. It is considered the first arch bridge with railway access that managed to join the two banks of the Douro. This bridge is no longer in use since 1991, when the S\u00e3o Jo\u00e3o Bridge was built in parallel. <\/p>\n\t\t\t\t\t\t\t\t\t<\/div>\n\t\t\t\t\t\t\t\t\t<img decoding=\"async\" src=\"https:\/\/cdn.pilgrim.es\/web\/caminos\/camino-portugues\/pueblos\/porto\/puntos-de-interes\/puente-maria-pia.jpg\" alt=\"Puente Mar\u00eda P\u00eda\">\n\t\t\t\t\t\t\t\t<\/div>\n\t\t\t\t\t\t\t<\/div>\n\t\t\t\t\t\t\n\t\t\t\t\t\t\t<div class=\"accordion__accordion-content inactive\">\n\t\t\t\t\t\t\t\t<div>\n\t\t\t\t\t\t\t\t\t<div>\n\t\t\t\t\t\t\t\t\t\t<h4>Puente do Infante<\/h4>\n\t\t\t\t\t\t\t\t\t\t<p>The Infante Bridge, also known as Infante Don Enrique Bridge, was built in 2003 with the intention of communicating Porto with Vila Nova de Gaia across the Douro River. As for its structure, it is completely built in concrete with an upper deck. In the center of the bridge, the lintel and the arch are mixed, thus forming a rectangular-shaped section. <\/p>\n\t\t\t\t\t\t\t\t\t<\/div>\n\t\t\t\t\t\t\t\t\t<img decoding=\"async\" src=\"https:\/\/cdn.pilgrim.es\/web\/caminos\/camino-portugues\/pueblos\/porto\/puntos-de-interes\/puente-do-infante.jpg\" alt=\"Puente do Infante\">\n\t\t\t\t\t\t\t\t<\/div>\n\t\t\t\t\t\t\t<\/div>\n\t\t\t\t\t\t\n\t\t\t\t\t\t\t<div class=\"accordion__accordion-content inactive\">\n\t\t\t\t\t\t\t\t<div>\n\t\t\t\t\t\t\t\t\t<div>\n\t\t\t\t\t\t\t\t\t\t<h4>Puente do Freixo<\/h4>\n\t\t\t\t\t\t\t\t\t\t<p>The Freixo Bridge is one of the bridges that connect Porto with Vila Nova de Gaia since its construction in 1980. It was built in order to minimize traffic jams on the Arr\u00e1bida and Don Luis I bridges. As for its structure, the bridge is divided into eight spans and has eight lanes of traffic.\n\t\t\t\t\t\t\t\t\t<\/div>\n\t\t\t\t\t\t\t\t\t<img decoding=\"async\" src=\"https:\/\/cdn.pilgrim.es\/web\/caminos\/camino-portugues\/pueblos\/porto\/puntos-de-interes\/puente-do-freixo.jpg\" alt=\"Puente do Freixo\">\n\t\t\t\t\t\t\t\t<\/div>\n\t\t\t\t\t\t\t<\/div>\n\t\t\t\t\t\t\n\t\t\t\t\t\t\t<div class=\"accordion__accordion-content inactive\">\n\t\t\t\t\t\t\t\t<div>\n\t\t\t\t\t\t\t\t\t<div>\n\t\t\t\t\t\t\t\t\t\t<h4>Puente da Arr\u00e1bida<\/h4>\n\t\t\t\t\t\t\t\t\t\t<p>The Arr\u00e1bida Bridge is one of the six bridges that cross the Douro River in Porto to communicate this city with Vila Nova de Gaia. It was built between 1957 and 1963 and at the time was considered the largest reinforced concrete arch bridge in the world. In 2013 it was declared a National Monument.<\/p> <p>.\n\t\t\t\t\t\t\t\t\t<\/div>\n\t\t\t\t\t\t\t\t\t<img decoding=\"async\" src=\"https:\/\/cdn.pilgrim.es\/web\/caminos\/camino-portugues\/pueblos\/porto\/puntos-de-interes\/puente-da-arrabida.jpg\" alt=\"Puente da Arr\u00e1bida\">\n\t\t\t\t\t\t\t\t<\/div>\n\t\t\t\t\t\t\t<\/div>\n\t\t\t\t\t\t\n\t\t\t\t\t\t\t<div class=\"accordion__accordion-content inactive\">\n\t\t\t\t\t\t\t\t<div>\n\t\t\t\t\t\t\t\t\t<div>\n\t\t\t\t\t\t\t\t\t\t<h4>Plaza da Liberdade<\/h4>\n\t\t\t\t\t\t\t\t\t\t<p>The Liberdade Square is the most famous square in Porto, as it functions as a link between the old and the modern. Highlights in the center of it, the equine statue of King Pedro IV, which was built in 1862 and stands out for the ten meters it covers. <\/p>\n\t\t\t\t\t\t\t\t\t<\/div>\n\t\t\t\t\t\t\t\t\t<img decoding=\"async\" src=\"https:\/\/cdn.pilgrim.es\/web\/caminos\/camino-portugues\/pueblos\/porto\/puntos-de-interes\/plaza-da-liberdade.jpg\" alt=\"Plaza da Liberdade\">\n\t\t\t\t\t\t\t\t<\/div>\n\t\t\t\t\t\t\t<\/div>\n\t\t\t\t\t\t\n\t\t\t\t\t\t\t<div class=\"accordion__accordion-content inactive\">\n\t\t\t\t\t\t\t\t<div>\n\t\t\t\t\t\t\t\t\t<div>\n\t\t\t\t\t\t\t\t\t\t<h4>Catedral de la S\u00e9<\/h4>\n\t\t\t\t\t\t\t\t\t\t<p>The S\u00e9 Cathedral of Porto is the most important religious monument of the city, as well as one of the oldest cathedrals. Its construction began in the mid-twelfth century following a Romanesque style. The works were not completed until some six hundred years later, as it underwent numerous remodeling, thus presenting Gothic and Baroque features. <\/p>\n\n<p>EXTERIOR<\/p>\n\n<p>The first element that stands out as soon as you see the cathedral is its immense facade, in Romanesque style, which gives it a fortress-like appearance thanks to its large twin crenellated towers. In general it has little ornamentation although it does highlight the rose window crowning the portico of the temple. <\/p>\n\t\t\t\t\t\t\t\t\t<\/div>\n\t\t\t\t\t\t\t\t\t<img decoding=\"async\" src=\"https:\/\/cdn.pilgrim.es\/web\/caminos\/camino-portugues\/pueblos\/porto\/puntos-de-interes\/catedral-de-la-se.jpg\" alt=\"Catedral de la S\u00e9\">\n\t\t\t\t\t\t\t\t<\/div>\n\t\t\t\t\t\t\t<\/div>\n\t\t\t\t\t\t\n\t\t\t\t\t\t\t<div class=\"accordion__accordion-content inactive\">\n\t\t\t\t\t\t\t\t<div>\n\t\t\t\t\t\t\t\t\t<div>\n\t\t\t\t\t\t\t\t\t\t<h4>Palacio da Bolsa<\/h4>\n\t\t\t\t\t\t\t\t\t\t<p>The Bolsa Palace was declared a World Heritage Site by UNESCO. It sits on the ruins of a former convent belonging to the Franciscan order. Its construction began in 1842, but it was not inaugurated until half a century later, in 1891. Of neoclassical style, it has a central courtyard known as Patio de las Naciones (Courtyard of the Nations), which is covered by a glass structure that illuminates the palace. On the second floor of the building are different spaces, such as the Golden Room, covered with gold leaf, the General Assemblies Room and finally the most important, the Arab Room, whose construction was inspired by the Alhambra. <\/p>\n\t\t\t\t\t\t\t\t\t<\/div>\n\t\t\t\t\t\t\t\t\t<img decoding=\"async\" src=\"https:\/\/cdn.pilgrim.es\/web\/caminos\/camino-portugues\/pueblos\/porto\/puntos-de-interes\/palacio-da-bolsa.jpg\" alt=\"Palacio da Bolsa\">\n\t\t\t\t\t\t\t\t<\/div>\n\t\t\t\t\t\t\t<\/div>\n\t\t\t\t\t\t\n\t\t\t\t\t\t\t<div class=\"accordion__accordion-content inactive\">\n\t\t\t\t\t\t\t\t<div>\n\t\t\t\t\t\t\t\t\t<div>\n\t\t\t\t\t\t\t\t\t\t<h4>Museo Nacional Soares dos Reis<\/h4>\n\t\t\t\t\t\t\t\t\t\t<p>The Soares dos Reis National Museum is one of the largest museums in terms of content, as its collections range from the 17th century to the beginning of the 20th century. It is made up of sculptural pieces, paintings, decorative arts, gold pieces worn by women, etc. These exhibits are divided into different rooms, identified by centuries, with the exception of another room that contains temporary exhibits. The building that houses this museum is known as the Palacio das Carrancas, built in the 18th century.\n\t\t\t\t\t\t\t\t\t<\/div>\n\t\t\t\t\t\t\t\t\t<img decoding=\"async\" src=\"https:\/\/cdn.pilgrim.es\/web\/caminos\/camino-portugues\/pueblos\/porto\/puntos-de-interes\/museo-nacional-soares-dos-reis.jpg\" alt=\"Museo Nacional Soares dos Reis\">\n\t\t\t\t\t\t\t\t<\/div>\n\t\t\t\t\t\t\t<\/div>\n\t\t\t\t\t\t\n\t\t\t\t\t\t\t<div class=\"accordion__accordion-content inactive\">\n\t\t\t\t\t\t\t\t<div>\n\t\t\t\t\t\t\t\t\t<div>\n\t\t\t\t\t\t\t\t\t\t<h4>Museo do Vinho do Porto<\/h4>\n\t\t\t\t\t\t\t\t\t\t<p>The Museo do Vinho do Porto is located on the first floor of the Cais Novo building. It was originally built to serve as a warehouse for the wines of the General Company of Agriculture of the Alto Douro Vineyards. Today this museum has the purpose of divulging the importance of Port wine and its trade. In its interior three rooms are exhibited: Oporto city, Oporto wine and Oporto Douro River.\n\t\t\t\t\t\t\t\t\t<\/div>\n\t\t\t\t\t\t\t\t\t<img decoding=\"async\" src=\"https:\/\/cdn.pilgrim.es\/web\/caminos\/camino-portugues\/pueblos\/porto\/puntos-de-interes\/museo-do-vinho-do-porto.jpg\" alt=\"Museo do Vinho do Porto\">\n\t\t\t\t\t\t\t\t<\/div>\n\t\t\t\t\t\t\t<\/div>\n\t\t\t\t\t\t\n\t\t\t\t\t\t\t<div class=\"accordion__accordion-content inactive\">\n\t\t\t\t\t\t\t\t<div>\n\t\t\t\t\t\t\t\t\t<div>\n\t\t\t\t\t\t\t\t\t\t<h4>Museo do Carro El\u00e9ctrico<\/h4>\n\t\t\t\t\t\t\t\t\t\t<p>The Museo do Carro El\u00e9ctrico, also known as the Tramway Museum, is located inside the building of the Porto thermoelectric power station. This museum has the purpose of housing and disseminating collections of antique streetcars.<\/p> &lt;p\n\t\t\t\t\t\t\t\t\t<\/div>\n\t\t\t\t\t\t\t\t\t<img decoding=\"async\" src=\"https:\/\/cdn.pilgrim.es\/web\/caminos\/camino-portugues\/pueblos\/porto\/puntos-de-interes\/museo-do-carro-electrico.jpg\" alt=\"Museo do Carro El\u00e9ctrico\">\n\t\t\t\t\t\t\t\t<\/div>\n\t\t\t\t\t\t\t<\/div>\n\t\t\t\t\t\t\n\t\t\t\t\t\t\t<div class=\"accordion__accordion-content inactive\">\n\t\t\t\t\t\t\t\t<div>\n\t\t\t\t\t\t\t\t\t<div>\n\t\t\t\t\t\t\t\t\t\t<h4>Museo do Papel Moeda<\/h4>\n\t\t\t\t\t\t\t\t\t\t<p>The Museo do Papel Moeda is located at the Funda\u00e7\u00e3o Doctor Ant\u00f3nio Cupertino. It has two spaces dedicated to permanent collections: one in which you can see a paper money sampler and another in which miniature figures are exhibited. The first divulges the history of paper money in Portugal, showing a large collection of notes representing the issues of the Banco de Portugal and the Banco Nacional Ultramarino, and the second has the purpose of exhibiting more than 5000 miniature cars, ships, trains and airplanes. In addition to all this, the museum has other digital infrastructures to complement the visit.\n\t\t\t\t\t\t\t\t\t<\/div>\n\t\t\t\t\t\t\t\t\t<img decoding=\"async\" src=\"https:\/\/cdn.pilgrim.es\/web\/caminos\/camino-portugues\/pueblos\/porto\/puntos-de-interes\/museo-do-papel-moeda.jpg\" alt=\"Museo do Papel Moeda\">\n\t\t\t\t\t\t\t\t<\/div>\n\t\t\t\t\t\t\t<\/div>\n\t\t\t\t\t\t\n\t\t\t\t\t\t\t<div class=\"accordion__accordion-content inactive\">\n\t\t\t\t\t\t\t\t<div>\n\t\t\t\t\t\t\t\t\t<div>\n\t\t\t\t\t\t\t\t\t\t<h4>Museo de Arte Sacra<\/h4>\n\t\t\t\t\t\t\t\t\t\t<p>The Museum of Sacred Art is located in the former Colegio de San Lorenzo. It is a very varied collection, based mainly on the religious emphasis, such as the room dedicated to Irene Villar, which exhibits only pieces by the artist.\n\n<p>HOURSTuesdays to Saturdays from 10:00 to 13:00 and from 14:30 to 17:00Sundays, Mondays and holidays closed<\/p>\n\n<p>TARIFASTarifa general 2,00\u20acGroups of more than 5 people 1,00\u20ac per person<\/p>\n\t\t\t\t\t\t\t\t\t<\/div>\n\t\t\t\t\t\t\t\t\t<img decoding=\"async\" src=\"https:\/\/cdn.pilgrim.es\/web\/caminos\/camino-portugues\/pueblos\/porto\/puntos-de-interes\/museo-de-arte-sacra.jpg\" alt=\"Museo de Arte Sacra\">\n\t\t\t\t\t\t\t\t<\/div>\n\t\t\t\t\t\t\t<\/div>\n\t\t\t\t\t\t\n\t\t\t\t\t\t\t<div class=\"accordion__accordion-content inactive\">\n\t\t\t\t\t\t\t\t<div>\n\t\t\t\t\t\t\t\t\t<div>\n\t\t\t\t\t\t\t\t\t\t<h4>Museo da Miseric\u00f3rdia<\/h4>\n\t\t\t\t\t\t\t\t\t\t<p>The Miseric\u00f3rdia Museum houses a collection of artistic works of an institutional or religious nature, such as altarpieces and sculptures for altars. This is the museum center that hosts more portraits in Portugal, approaching 500. Among these samples you can see sacred art, jewelry and, of course, the greatest work of Flemish painting, the painting &#8220;Fons Vitae&#8221; attributed to Colijn de Corter painted in 1520.\n\t\t\t\t\t\t\t\t\t<\/div>\n\t\t\t\t\t\t\t\t\t<img decoding=\"async\" src=\"https:\/\/cdn.pilgrim.es\/web\/caminos\/camino-portugues\/pueblos\/porto\/puntos-de-interes\/museo-da-misericordia.jpg\" alt=\"Museo da Miseric\u00f3rdia\">\n\t\t\t\t\t\t\t\t<\/div>\n\t\t\t\t\t\t\t<\/div>\n\t\t\t\t\t\t\n\t\t\t\t\t\t\t<div class=\"accordion__accordion-content inactive\">\n\t\t\t\t\t\t\t\t<div>\n\t\t\t\t\t\t\t\t\t<div>\n\t\t\t\t\t\t\t\t\t\t<h4>Casa do Infante<\/h4>\n\t\t\t\t\t\t\t\t\t\t<p>In the house of the Infante resided the Infante Henry the Navigator around 1394. Medieval in style, it is divided into three floors where today you can observe various exhibitions on mosaics and Roman foundations found in 2012. <\/p>\n\n<p>HOURS<\/p>\n\n<p>Tuesday to Sunday from 09:30 to 13:00 and from 14:00 to 17:30 Monday<\/p> <p>Closed<\/p> <p>Monday to Sunday from 09:30 to 13:00 and 14:00 to 17:30\n\n<p>Fees<\/p>\n\n<p>Adults 2,20\u20ac Free admission with Porto Card, as well as Saturdays and Sundays<\/p> <p>Saturdays and Sundays.\n\n<p>INFORMATION OF INTEREST<\/p>\n\n<p>Telephone: +351 222 060 400<\/p>\n\t\t\t\t\t\t\t\t\t<\/div>\n\t\t\t\t\t\t\t\t\t<img decoding=\"async\" src=\"https:\/\/cdn.pilgrim.es\/web\/caminos\/camino-portugues\/pueblos\/porto\/puntos-de-interes\/casa-do-infante.jpg\" alt=\"Casa do Infante\">\n\t\t\t\t\t\t\t\t<\/div>\n\t\t\t\t\t\t\t<\/div>\n\t\t\t\t\t\t\n\t\t\t\t\t\t\t<div class=\"accordion__accordion-content inactive\">\n\t\t\t\t\t\t\t\t<div>\n\t\t\t\t\t\t\t\t\t<div>\n\t\t\t\t\t\t\t\t\t\t<h4>Casa da M\u00fasica<\/h4>\n\t\t\t\t\t\t\t\t\t\t<p>The Casa da M\u00fasica is a concert hall that was intended to be inaugurated in 2001, when Porto presented itself as European Capital of Culture, but in the end it could not be presented until 2005. It stands out for its peculiar shape and that is why it is considered one of the main icons of the city.\n\n<p>HOURS<\/p>\n\n<p>Monday to Saturday from 10:00 to 19:00Sunday from 10:00 to 18:00<\/p> <p>Sunday from 10:00 to 18:00<\/p> <p>Saturday from 10:00 to 19:00.\n\n<p>Fees<\/p>\n\n<p>Guided tour 5\u20acFree for children under 12<\/p> <p>Free for children under 12<\/p> <p>Free of charge<\/p> <p>Free for children under 12<\/p> &lt;p\n\n<p>INFORMATION OF INTEREST<\/p>\n\n<p>Telephone: +351 220 120 220<\/p>\n\t\t\t\t\t\t\t\t\t<\/div>\n\t\t\t\t\t\t\t\t\t<img decoding=\"async\" src=\"https:\/\/cdn.pilgrim.es\/web\/caminos\/camino-portugues\/pueblos\/porto\/puntos-de-interes\/casa-da-musica.jpg\" alt=\"Casa da M\u00fasica\">\n\t\t\t\t\t\t\t\t<\/div>\n\t\t\t\t\t\t\t<\/div>\n\t\t\t\t\t\t\n\t\t\t\t\t\t\t<div class=\"accordion__accordion-content inactive\">\n\t\t\t\t\t\t\t\t<div>\n\t\t\t\t\t\t\t\t\t<div>\n\t\t\t\t\t\t\t\t\t\t<h4>Museo de Historia Natural<\/h4>\n\t\t\t\t\t\t\t\t\t\t<p>The Museum of Natural History is located in the Rectory building of the University of Porto, and is divided into four different rooms: <\/p>\n\t\t\t\t\t\t\t\t\t<\/div>\n\t\t\t\t\t\t\t\t\t<img decoding=\"async\" src=\"https:\/\/cdn.pilgrim.es\/web\/caminos\/camino-portugues\/pueblos\/porto\/puntos-de-interes\/museo-de-historia-natural.jpg\" alt=\"Museo de Historia Natural\">\n\t\t\t\t\t\t\t\t<\/div>\n\t\t\t\t\t\t\t<\/div>\n\t\t\t\t\t\t\n\t\t\t\t\t\t\t<div class=\"accordion__accordion-content inactive\">\n\t\t\t\t\t\t\t\t<div>\n\t\t\t\t\t\t\t\t\t<div>\n\t\t\t\t\t\t\t\t\t\t<h4>Mercado do Bolh\u00e3o<\/h4>\n\t\t\t\t\t\t\t\t\t\t<p>The Bolh\u00e3o market has been held since 1914. The building in which it is located is divided into several floors around a central courtyard. In each area of the market you will see stores, older or more modern, selling different foods: meat, fish, fruit, flowers and many other products. <\/p>\n\n<p>HOURSMonday to Friday from 07:00 to 17:00Saturdays from 07:00 to 13:00<\/p>\n\n<p>INFORMATION OF INTEREST<\/p>\n\n<p>Telephone: +351 223 326 024<\/p>\n\t\t\t\t\t\t\t\t\t<\/div>\n\t\t\t\t\t\t\t\t\t<img decoding=\"async\" src=\"https:\/\/cdn.pilgrim.es\/web\/caminos\/camino-portugues\/pueblos\/porto\/puntos-de-interes\/mercado-do-bolhao.jpg\" alt=\"Mercado do Bolh\u00e3o\">\n\t\t\t\t\t\t\t\t<\/div>\n\t\t\t\t\t\t\t<\/div>\n\t\t\t\t\t\t\n\t\t\t\t\t\t\t<div class=\"accordion__accordion-content inactive\">\n\t\t\t\t\t\t\t\t<div>\n\t\t\t\t\t\t\t\t\t<div>\n\t\t\t\t\t\t\t\t\t\t<h4>Puente Lu\u00eds I<\/h4>\n\t\t\t\t\t\t\t\t\t\t<p>The Lu\u00eds I Bridge is one of the bridges that crosses the Douro River to connect Porto with Vila Nova de Gaia and was built in 1886. As for its structure, this bridge is divided into two floors: the upper floor, which has three hundred and ninety meters long and the lower one hundred and seventy-four meters. It has a double utility, since the upper deck is used by the Oporto Metro and the lower one by other vehicles (cars, buses, etc). In addition, it has walkways on both floors for pedestrians. <\/p>\n\t\t\t\t\t\t\t\t\t<\/div>\n\t\t\t\t\t\t\t\t\t<img decoding=\"async\" src=\"https:\/\/cdn.pilgrim.es\/web\/caminos\/camino-portugues\/pueblos\/porto\/puntos-de-interes\/puente-luis.jpg\" alt=\"Puente Lu\u00eds I\">\n\t\t\t\t\t\t\t\t<\/div>\n\t\t\t\t\t\t\t<\/div>\n\t\t\t\t\t\t\n\t\t\t\t\t\t\t<div class=\"accordion__accordion-content inactive\">\n\t\t\t\t\t\t\t\t<div>\n\t\t\t\t\t\t\t\t\t<div>\n\t\t\t\t\t\t\t\t\t\t<h4>Puente de S\u00e3o Jo\u00e3o<\/h4>\n\t\t\t\t\t\t\t\t\t\t<p>The S\u00e3o Jo\u00e3o Bridge is a modern and innovative structure built in 1991 and has a structure formed by a single piece of reinforced and reinforced concrete, simulating several open and continuous arches with three vertical pillars. Since the year of its construction, high-speed trains run over this bridge leaving the old Maria Pia Bridge in disuse. <\/p>\n\t\t\t\t\t\t\t\t\t<\/div>\n\t\t\t\t\t\t\t\t\t<img decoding=\"async\" src=\"https:\/\/cdn.pilgrim.es\/web\/caminos\/camino-portugues\/pueblos\/porto\/puntos-de-interes\/puente-sao-joao.jpg\" alt=\"Puente de S\u00e3o Jo\u00e3o\">\n\t\t\t\t\t\t\t\t<\/div>\n\t\t\t\t\t\t\t<\/div>\n\t\t\t\t\t\t\n\t\t\t\t\t\t\t<div class=\"accordion__accordion-content inactive\">\n\t\t\t\t\t\t\t\t<div>\n\t\t\t\t\t\t\t\t\t<div>\n\t\t\t\t\t\t\t\t\t\t<h4>Museo Nacional da Imprensa<\/h4>\n\t\t\t\t\t\t\t\t\t\t<p>The Museu Nacional da Impresa was inaugurated in 1997 and houses a collection of manual printing presses divided into three exhibition areas: prepress, printing and finishing. <\/p>\n\n<p>One of the rooms, called the Rodrigo Alvarez Room, was inaugurated in honor of the first Portuguese printer who in the late 15th century printed two books in the city of Porto. In addition to the permanent exhibitions, it also houses temporary exhibitions with programs related to the press and graphic arts. One of its temporary exhibitions is the gallery dedicated to cartoons, which every year organizes the PortoCartoon-World Festival, considered one of the three largest cartoon festivals in the world.\n\t\t\t\t\t\t\t\t\t<\/div>\n\t\t\t\t\t\t\t\t\t<img decoding=\"async\" src=\"https:\/\/cdn.pilgrim.es\/web\/caminos\/camino-portugues\/pueblos\/porto\/puntos-de-interes\/museo-nacional-da-imprenta.jpg\" alt=\"Museo Nacional da Imprensa\">\n\t\t\t\t\t\t\t\t<\/div>\n\t\t\t\t\t\t\t<\/div>\n\t\t\t\t\t\t\n\t\t\t\t\t\t\t<div class=\"accordion__accordion-content inactive\">\n\t\t\t\t\t\t\t\t<div>\n\t\t\t\t\t\t\t\t\t<div>\n\t\t\t\t\t\t\t\t\t\t<h4>Museo Militar do Porto<\/h4>\n\t\t\t\t\t\t\t\t\t\t<p>The Military Museum of Porto is a building owned by the Portuguese Navy that has the objective of preserving and disseminating military history since 1980. This museum is divided into two halls:<\/p> &lt;p\n\t\t\t\t\t\t\t\t\t<\/div>\n\t\t\t\t\t\t\t\t\t<img decoding=\"async\" src=\"https:\/\/cdn.pilgrim.es\/web\/caminos\/camino-portugues\/pueblos\/porto\/puntos-de-interes\/museo-militar.jpg\" alt=\"Museo Militar do Porto\">\n\t\t\t\t\t\t\t\t<\/div>\n\t\t\t\t\t\t\t<\/div>\n\t\t\t\t\t\t\n\t\t\t\t\t\t\t<div class=\"accordion__accordion-content inactive\">\n\t\t\t\t\t\t\t\t<div>\n\t\t\t\t\t\t\t\t\t<div>\n\t\t\t\t\t\t\t\t\t\t<h4>Museo da Industria<\/h4>\n\t\t\t\t\t\t\t\t\t\t<p>The Museo da Ind\u00fastria is a museum that aims to collect and disseminate the archaeological-industrial heritage of the city and its surroundings, including both the industrialization of the past and the current situation. For this purpose, it keeps a permanent collection composed of pieces, machines and documents of the most characteristic industrial sectors of the Great Port such as textile, foundry, iron and steel and electricity. <\/p>\n\t\t\t\t\t\t\t\t\t<\/div>\n\t\t\t\t\t\t\t\t\t<img decoding=\"async\" src=\"https:\/\/cdn.pilgrim.es\/web\/caminos\/camino-portugues\/pueblos\/porto\/puntos-de-interes\/museo-dos-transportes.jpg\" alt=\"Museo da Industria\">\n\t\t\t\t\t\t\t\t<\/div>\n\t\t\t\t\t\t\t<\/div>\n\t\t\t\t\t\t\n\t\t\t\t\t\t\t<div class=\"accordion__accordion-content inactive\">\n\t\t\t\t\t\t\t\t<div>\n\t\t\t\t\t\t\t\t\t<div>\n\t\t\t\t\t\t\t\t\t\t<h4>Librer\u00eda Lello e Irm\u00e3o<\/h4>\n\t\t\t\t\t\t\t\t\t\t<p>The Lello e Irm\u00e3o bookstore is considered the most beautiful in Europe for its neo-Gothic origin dating back to 1906. It houses a lot of antique details and, in it, you can admire wooden shelves full of books up to the ceiling covered by a stained glass window in the ceiling that illuminates it naturally. This bookshop has been used to film several Harry Potter movies.\n\n<p>HOURS<\/p>\n\n<p>Monday to Friday from 10:00 a.m. to 7:30 p.m. Saturday from 10:00 a.m. to 7:00 p.m.<\/p>\n\n<p>INFORMATION OF INTEREST<\/p>\n\n<p>Telephone: +351 222 002 037<\/p>\n\t\t\t\t\t\t\t\t\t<\/div>\n\t\t\t\t\t\t\t\t\t<img decoding=\"async\" src=\"https:\/\/cdn.pilgrim.es\/web\/caminos\/camino-portugues\/pueblos\/porto\/puntos-de-interes\/libreria-leio.jpg\" alt=\"Librer\u00eda Lello e Irm\u00e3o\">\n\t\t\t\t\t\t\t\t<\/div>\n\t\t\t\t\t\t\t<\/div>\n\t\t\t\t\t\t\n\t\t\t\t\t\t\t<div class=\"accordion__accordion-content inactive\">\n\t\t\t\t\t\t\t\t<div>\n\t\t\t\t\t\t\t\t\t<div>\n\t\t\t\t\t\t\t\t\t\t<h4>Jardines do Pal\u00e1cio de Cristal<\/h4>\n\t\t\t\t\t\t\t\t\t\t<p>The Pal\u00e1cio de Cristal gardens is a large complex, located in the old part of the city, which houses a green domed sports pavilion, a high-tech municipal library and several paths surrounded by different types of trees. Of the group of trees, the aromatic plants, medicinal plants and the garden of feelings stand out. <\/p>\n\t\t\t\t\t\t\t\t\t<\/div>\n\t\t\t\t\t\t\t\t\t<img decoding=\"async\" src=\"https:\/\/cdn.pilgrim.es\/web\/caminos\/camino-portugues\/pueblos\/porto\/puntos-de-interes\/jardineas-palacio-cristal.jpg\" alt=\"Jardines do Pal\u00e1cio de Cristal\">\n\t\t\t\t\t\t\t\t<\/div>\n\t\t\t\t\t\t\t<\/div>\n\t\t\t\t\t\t\n\t\t\t\t\t\t\t<div class=\"accordion__accordion-content inactive\">\n\t\t\t\t\t\t\t\t<div>\n\t\t\t\t\t\t\t\t\t<div>\n\t\t\t\t\t\t\t\t\t\t<h4>Iglesia y Torre dos Cl\u00e9rigos<\/h4>\n\t\t\t\t\t\t\t\t\t\t<p>The Church and tower dos Cl\u00e9rigos is a temple built between 1735 and 1748 in baroque style. The tower attached to it stands out for being the highest tower in Portugal, with 76 meters high and more than 200 steps, thanks to which you can get a beautiful view of the city. Forty-nine bells can be seen at the top of the tower. This set of church and tower was built by the Poor Clerics in the historic center of the city, as there were buried the executed. <\/p>\n\t\t\t\t\t\t\t\t\t<\/div>\n\t\t\t\t\t\t\t\t\t<img decoding=\"async\" src=\"https:\/\/cdn.pilgrim.es\/web\/caminos\/camino-portugues\/pueblos\/porto\/puntos-de-interes\/torre-dos-clerigos.jpg\" alt=\"Iglesia y Torre dos Cl\u00e9rigos\">\n\t\t\t\t\t\t\t\t<\/div>\n\t\t\t\t\t\t\t<\/div>\n\t\t\t\t\t\t\n\t\t\t\t\t\t\t<div class=\"accordion__accordion-content inactive\">\n\t\t\t\t\t\t\t\t<div>\n\t\t\t\t\t\t\t\t\t<div>\n\t\t\t\t\t\t\t\t\t\t<h4>Iglesia de S\u00e3o Loren\u00e7o dos Grilos<\/h4>\n\t\t\t\t\t\t\t\t\t\t<p>The Church of S\u00e3o Loren\u00e7o dos Grilos is a construction whose works began in the sixteenth century and ended in the eighteenth century. It stands out from the temple, above all, its sobriety, since it is possible to visualize each of the stones that compose it.\n\n<p>HOURS<\/p>\n\n<p>Tuesday to Saturday from 10:00 to 12:00 and from 14:00 to 17:00<\/p> <p>Tuesday to Saturday from 10:00 to 12:00 and from 14:00 to 17:00<\/p> <p>.\n\t\t\t\t\t\t\t\t\t<\/div>\n\t\t\t\t\t\t\t\t\t<img decoding=\"async\" src=\"https:\/\/cdn.pilgrim.es\/web\/caminos\/camino-portugues\/pueblos\/porto\/puntos-de-interes\/iglesia-san-lorenc\u0327o-dos-grilos.jpg\" alt=\"Iglesia de S\u00e3o Loren\u00e7o dos Grilos\">\n\t\t\t\t\t\t\t\t<\/div>\n\t\t\t\t\t\t\t<\/div>\n\t\t\t\t\t\t\n\t\t\t\t\t\t\t<div class=\"accordion__accordion-content inactive\">\n\t\t\t\t\t\t\t\t<div>\n\t\t\t\t\t\t\t\t\t<div>\n\t\t\t\t\t\t\t\t\t\t<h4>Iglesia de S\u00e3o Francisco<\/h4>\n\t\t\t\t\t\t\t\t\t\t<p>The Church of S\u00e3o Francisco is a church built in 1245 by the Franciscan friars, although later it had to undergo a major reform after a fire. The origins of this church are Romanesque but, today, you can appreciate different elements not only Romanesque, but also Gothic and Baroque style.  <\/p>\n\n<p>As for its structure it is divided into three naves, in which stand out various carvings that were decorated with gold dust. In the lateral nave arranged on the left is one of the biggest attractions of the church, the Tree of Jesse, a polychrome wooden sculpture considered one of the best in the world in its genre. Under the floor of this temple are hidden its tombs, where the remains of the Franciscan friars as well as the aristocratic families of the city are buried. <\/p>\n\t\t\t\t\t\t\t\t\t<\/div>\n\t\t\t\t\t\t\t\t\t<img decoding=\"async\" src=\"https:\/\/cdn.pilgrim.es\/web\/caminos\/camino-portugues\/pueblos\/porto\/puntos-de-interes\/iglesia-sao-francisco.jpg\" alt=\"Iglesia de S\u00e3o Francisco\">\n\t\t\t\t\t\t\t\t<\/div>\n\t\t\t\t\t\t\t<\/div>\n\t\t\t\t\t\t\n\t\t\t\t\t\t\t<div class=\"accordion__accordion-content inactive\">\n\t\t\t\t\t\t\t\t<div>\n\t\t\t\t\t\t\t\t\t<div>\n\t\t\t\t\t\t\t\t\t\t<h4>Gabinete de Numism\u00e1tica<\/h4>\n\t\t\t\t\t\t\t\t\t\t<p>The Numismatic Cabinet is a museum located in the building of the Tait House, built in 1988. This museum has a collection of objects of Portuguese, Greek and Roman origin, as well as ancient coins of Hispanic origin. This collection was started in 1850, after the donation of coins by the British John Francis Allen, although its exhibition was not inaugurated until 2009. In addition to its important set of coins, the Numismatic Cabinet also includes other collections of great importance, such as medals, decorations, policies, banknotes, tokens, medal casts and machines whose function was to print banknotes.\n\t\t\t\t\t\t\t\t\t<\/div>\n\t\t\t\t\t\t\t\t\t<img decoding=\"async\" src=\"https:\/\/cdn.pilgrim.es\/web\/caminos\/camino-portugues\/pueblos\/porto\/puntos-de-interes\/gabinete-numismatica.jpg\" alt=\"Gabinete de Numism\u00e1tica\">\n\t\t\t\t\t\t\t\t<\/div>\n\t\t\t\t\t\t\t<\/div>\n\t\t\t\t\t\t\n\t\t\t\t\t\t\t<div class=\"accordion__accordion-content inactive\">\n\t\t\t\t\t\t\t\t<div>\n\t\t\t\t\t\t\t\t\t<div>\n\t\t\t\t\t\t\t\t\t\t<h4>Forte de S\u00e3o Francisco Xavier do Queijo<\/h4>\n\t\t\t\t\t\t\t\t\t\t<p>The Forte de S\u00e3o Francisco Xavier do Queijo also known as Castillo do Queijo, was erected during the Portuguese Restoration War, in the second half of the 17th century. This castle had the purpose of guarding and protecting from possible invasions by sea of the Spanish troops. It is a fortification of small dimensions that stands out for its constructive sobriety. On its fa\u00e7ade is the semicircular arched doorway that supports the Portuguese coat of arms. Of the original construction it still conserves the four watchtowers as well as ten pieces of artillery. As a curiosity, its name &#8220;Castle of the Cheese (Queijo)&#8221; comes from the fact that this castle is seated on a large rock shaped like a cheese.\n\n<p>HOURS<\/p>\n\n<p>Tuesday to Sunday from 13:00 to 18:00<\/p> <p>Tuesdays to Sundays from 13:00 to 18:00<\/p> <p>.\n\n<p>INFORMATION OF INTEREST<\/p> <p>We are open from Tuesday to Sunday<\/p> <p>Tuesdays to Sundays.\n\n<p>Telephone: +351 226 181 067<\/p>\n\t\t\t\t\t\t\t\t\t<\/div>\n\t\t\t\t\t\t\t\t\t<img decoding=\"async\" src=\"https:\/\/cdn.pilgrim.es\/web\/caminos\/camino-portugues\/pueblos\/porto\/puntos-de-interes\/forte-sao-francisco-xavier.jpg\" alt=\"Forte de S\u00e3o Francisco Xavier do Queijo\">\n\t\t\t\t\t\t\t\t<\/div>\n\t\t\t\t\t\t\t<\/div>\n\t\t\t\t\t\t\n\t\t\t\t\t\t\t<div class=\"accordion__accordion-content inactive\">\n\t\t\t\t\t\t\t\t<div>\n\t\t\t\t\t\t\t\t\t<div>\n\t\t\t\t\t\t\t\t\t\t<h4>Estaci\u00f3n S\u00e3o Bento<\/h4>\n\t\t\t\t\t\t\t\t\t\t<p>The S\u00e3o Bento train station was built in the early ninth century on the ruins of the Convent of San Bento de Av\u00e9-Maria, hence its name. It highlights its stately facade but, above all, the interior courtyard ornamented with more than twenty thousand tiles depicting the history of Portugal. <\/p>\n\n<p>HOURS<\/p>\n\n<p>Every day from 13:00 to 18:00 <\/p> <p>Every day from 13:00 to 18:00 <\/p>\n\t\t\t\t\t\t\t\t\t<\/div>\n\t\t\t\t\t\t\t\t\t<img decoding=\"async\" src=\"https:\/\/cdn.pilgrim.es\/web\/caminos\/camino-portugues\/pueblos\/porto\/puntos-de-interes\/estacion-sao-vento.jpg\" alt=\"Estaci\u00f3n S\u00e3o Bento\">\n\t\t\t\t\t\t\t\t<\/div>\n\t\t\t\t\t\t\t<\/div>\n\t\t\t\t\t\t\n\t\t\t\t\t\t\t<div class=\"accordion__accordion-content inactive\">\n\t\t\t\t\t\t\t\t<div>\n\t\t\t\t\t\t\t\t\t<div>\n\t\t\t\t\t\t\t\t\t\t<h4>Casa Museo Marta Ortig\u00e3o Sampaio<\/h4>\n\t\t\t\t\t\t\t\t\t\t<p>The Marta Ortig\u00e3o Sampaio House Museum is a small house museum located inside a mid-century building, donated in 1978 by Marta Ortig\u00e3o Sampaio, renowned daughter of the famous engineer Vasco Ortig\u00e3o Sampaio. It was inaugurated in 1996 and from its beginnings had collections belonging both to her father and to her aunts, Aur\u00e9lia de Souza and Sof\u00eda Souza, who donated part of their paintings, jewelry and furniture.\n\t\t\t\t\t\t\t\t\t<\/div>\n\t\t\t\t\t\t\t\t\t<img decoding=\"async\" src=\"https:\/\/cdn.pilgrim.es\/web\/caminos\/camino-portugues\/pueblos\/porto\/puntos-de-interes\/casa-museu-marta-ortigao.jpg\" alt=\"Casa Museo Marta Ortig\u00e3o Sampaio\">\n\t\t\t\t\t\t\t\t<\/div>\n\t\t\t\t\t\t\t<\/div>\n\t\t\t\t\t\t\n\t\t\t\t\t\t\t<div class=\"accordion__accordion-content inactive\">\n\t\t\t\t\t\t\t\t<div>\n\t\t\t\t\t\t\t\t\t<div>\n\t\t\t\t\t\t\t\t\t\t<h4>Casa Museo Fernando de Castro<\/h4>\n\t\t\t\t\t\t\t\t\t\t<p>The house museum Fernando de Castro has a very curious birth, since its owner Fernando de Castro decided to collect for years different decorative pieces thinking that someday they would end up being exhibited in a museum. With this idea he managed to keep paintings from the sixteenth to the twentieth century, religious sculptures from the sixteenth to the nineteenth century, ceramics, glass, thoreutics, etc, as well as carved wood from churches and convents in the area. <\/p>\n\n<p>When Fernando de Castro died, his sister donated the house to the State in order to see her brother&#8217;s wish fulfilled, that of turning it into a museum. Today this museum is in the hands of the Museu Nacional de Soares dos Reis.<\/p> <p>\n\n<p>HOURS<\/p>\n\n<p>Wednesday from 10:00 to 13:00<\/p>.\n\n<p>Fees<\/p> <p>Fees<\/p>\n\n<p>Free admission<\/p>\n\n<p>INFORMATION OF INTEREST<\/p>\n\n<p>Phone: +351 225 094 625<\/p>\n\t\t\t\t\t\t\t\t\t<\/div>\n\t\t\t\t\t\t\t\t\t<img decoding=\"async\" src=\"https:\/\/cdn.pilgrim.es\/web\/caminos\/camino-portugues\/pueblos\/porto\/puntos-de-interes\/casa-museu-marta-fernando-de-castro.jpg\" alt=\"Casa Museo Fernando de Castro\">\n\t\t\t\t\t\t\t\t<\/div>\n\t\t\t\t\t\t\t<\/div>\n\t\t\t\t\t\t\n\t\t\t\t\t\t\t<div class=\"accordion__accordion-content inactive\">\n\t\t\t\t\t\t\t\t<div>\n\t\t\t\t\t\t\t\t\t<div>\n\t\t\t\t\t\t\t\t\t\t<h4>Fundaci\u00f3n Serralves<\/h4>\n\t\t\t\t\t\t\t\t\t\t<p>The Serralves Foundation is a complex consisting of the Museum of Contemporary Art, the Serralves gardens, the house and an auditorium. This foundation aims to disseminate and promote contemporary art. <\/p>\n\n<p>The Museum of Contemporary Art was inaugurated in 1999 and bases its collections on the works of many avant-garde artists, but also hosts some permanent exhibitions whose collections span from 1960 to the present day. <\/p>\n\n<p>This complex has magnificent gardens that expand around some 18 hectares that can be walked from end to end stopping at the Casa Serralves. <\/p>\n\t\t\t\t\t\t\t\t\t<\/div>\n\t\t\t\t\t\t\t\t\t<img decoding=\"async\" src=\"https:\/\/cdn.pilgrim.es\/web\/caminos\/camino-portugues\/pueblos\/porto\/puntos-de-interes\/fundacion-sarralves.jpg\" alt=\"Fundaci\u00f3n Serralves\">\n\t\t\t\t\t\t\t\t<\/div>\n\t\t\t\t\t\t\t<\/div>\n\t\t\t\t\t\t\n\t\t\t\t\t\t\t<div class=\"accordion__accordion-content inactive\">\n\t\t\t\t\t\t\t\t<div>\n\t\t\t\t\t\t\t\t\t<div>\n\t\t\t\t\t\t\t\t\t\t<h4>Museo dos Transportes e Comunica\u00e7\u00f5es<\/h4>\n\t\t\t\t\t\t\t\t\t\t<p>The Museu dos Transportes e Comunica\u00e7\u00f5es is a foundation formed in 1992 by 56 individual members and 25 institutional members whose purpose was to collect and disseminate information on items related to the world of transport and communications, until it was inaugurated as a museum in 2000. This museum is located in a building known as the Alf\u00e2ndega Building, built in 1869. The main purpose of this museum center was to function as the Customs House, but it later became the museum. Inside the museum there are several permanent exhibitions such as &#8220;The Automobile in Space and Time&#8221;, &#8220;The Communication of Knowledge and Imagination&#8221;&#8230; The Museum of Transport and Communications also exhibits other temporary collections, in addition to offering lectures, workshops, shows and even plays.<\/p> <p>\n\t\t\t\t\t\t\t\t\t<\/div>\n\t\t\t\t\t\t\t\t\t<img decoding=\"async\" src=\"https:\/\/cdn.pilgrim.es\/web\/caminos\/camino-portugues\/pueblos\/porto\/puntos-de-interes\/museo-dos-transportes.jpg\" alt=\"Museo dos Transportes e Comunica\u00e7\u00f5es\">\n\t\t\t\t\t\t\t\t<\/div>\n\t\t\t\t\t\t\t<\/div>\n\t\t\t\t\t\t\n\t\t\t\t\t\t\t<div class=\"accordion__accordion-content inactive\">\n\t\t\t\t\t\t\t\t<div>\n\t\t\t\t\t\t\t\t\t<div>\n\t\t\t\t\t\t\t\t\t\t<h4>Bodegas Vinho Porto<\/h4>\n\t\t\t\t\t\t\t\t\t\t<p>The town of Vila Nova de Gaia is home to most of the city&#8217;s wineries, where visitors can find Port wine. <\/p>\n\n<p>This wine differs from others because of the brandy that is added to it, in order to stop fermentation and thus offer a unique sweetness while retaining a high level of alcohol.<\/p>\n\n<p>Among the most popular wineries we can highlight four of them: Ramos Pinto, Ferreira, Sandeman and Calem. In any of these four wineries the visitor has the opportunity to go on a guided tour of the different facilities of the wineries, where the winemaking process is explained. At the end of the guided tour, each of the wineries offers the visitor two glasses of house wine to be tasted.\n\t\t\t\t\t\t\t\t\t<\/div>\n\t\t\t\t\t\t\t\t\t<img decoding=\"async\" src=\"https:\/\/cdn.pilgrim.es\/web\/caminos\/camino-portugues\/pueblos\/porto\/puntos-de-interes\/bodegas-vinho-do-porto.jpg\" alt=\"Bodegas Vinho Porto\">\n\t\t\t\t\t\t\t\t<\/div>\n\t\t\t\t\t\t\t<\/div>\n\t\t\t\t\t\t\n\t\t\t\t\t<\/div>\n\t\t\t\t<\/div>\n\t\t\t<\/div>\n\t\t\n\n\t\t<div id=\"phonesSection\">\n\t\t\t<div>\n\t\t\t\t<h2 class=\"p-h3-town\">Information of interest<\/h2>\n\t\t\t<\/div>\n\t\t\t<div class=\"grid\">\n\t\t\t\t\n\t\t\t\t\t<div class=\"phone-number-item\">\n\t\t\t\t\t\t<div class=\"phone-number-item__icon\"><i class=\"icon-police\"><\/i><\/div>\n\t\t\t\t\t\t<div class=\"phone-number-item__title\">\n\t\t\t\t\t\t\t<h3 class=\"p-font-bold\">Local police<\/h3>\n\t\t\t\t\t\t\t<p>22 209 20 00\/ 969 863 061 \/ 22 209 20 21<\/p>\n\t\t\t\t\t\t\t\n\t\t\t\t\t\t<\/div>\n\t\t\t\t\t<\/div>\n\t\t\t\t\n\t\t\t\t\t<div class=\"phone-number-item\">\n\t\t\t\t\t\t<div class=\"phone-number-item__icon\"><i class=\"icon-firefighters\"><\/i><\/div>\n\t\t\t\t\t\t<div class=\"phone-number-item__title\">\n\t\t\t\t\t\t\t<h3 class=\"p-font-bold\">Fire department<\/h3>\n\t\t\t\t\t\t\t<p>22 610 68 86<\/p>\n\t\t\t\t\t\t\t\n\t\t\t\t\t\t<\/div>\n\t\t\t\t\t<\/div>\n\t\t\t\t\n\t\t\t\t\t<div class=\"phone-number-item\">\n\t\t\t\t\t\t<div class=\"phone-number-item__icon\"><i class=\"icon-civil-protection\"><\/i><\/div>\n\t\t\t\t\t\t<div class=\"phone-number-item__title\">\n\t\t\t\t\t\t\t<h3 class=\"p-font-bold\">Civil protection<\/h3>\n\t\t\t\t\t\t\t<p>21 391 39 33 (Cruz Roja Portuguesa)<\/p>\n\t\t\t\t\t\t\t\n\t\t\t\t\t\t<\/div>\n\t\t\t\t\t<\/div>\n\t\t\t\t\n\t\t\t\t\t<div class=\"phone-number-item\">\n\t\t\t\t\t\t<div class=\"phone-number-item__icon\"><i class=\"icon-town-council\"><\/i><\/div>\n\t\t\t\t\t\t<div class=\"phone-number-item__title\">\n\t\t\t\t\t\t\t<h3 class=\"p-font-bold\">Town hall<\/h3>\n\t\t\t\t\t\t\t<p>22 209 70 00<\/p>\n\t\t\t\t\t\t\t\n\t\t\t\t\t\t<\/div>\n\t\t\t\t\t<\/div>\n\t\t\t\t\n\t\t\t\t\t<div class=\"phone-number-item\">\n\t\t\t\t\t\t<div class=\"phone-number-item__icon\"><i class=\"icon-hospital\"><\/i><\/div>\n\t\t\t\t\t\t<div class=\"phone-number-item__title\">\n\t\t\t\t\t\t\t<h3 class=\"p-font-bold\">Health center<\/h3>\n\t\t\t\t\t\t\t<p>22 207 7500 \/ 22 551 21 00<\/p>\n\t\t\t\t\t\t\t\n\t\t\t\t\t\t<\/div>\n\t\t\t\t\t<\/div>\n\t\t\t\t\n\t\t\t\t\t<div class=\"phone-number-item\">\n\t\t\t\t\t\t<div class=\"phone-number-item__icon\"><i class=\"icon-tourism\"><\/i><\/div>\n\t\t\t\t\t\t<div class=\"phone-number-item__title\">\n\t\t\t\t\t\t\t<h3 class=\"p-font-bold\">Tourism office<\/h3>\n\t\t\t\t\t\t\t<p>+351 223 393 472. Horario: De Noviembre a Abril todos los d\u00edas de 09:00 a 19:oo; de Mayo a Octubre de 09:00 a 20:00 todos los d\u00edas.<\/p>\n\t\t\t\t\t\t\t\n\t\t\t\t\t\t<\/div>\n\t\t\t\t\t<\/div>\n\t\t\t\t\n\t\t\t<\/div>\n\t\t<\/div>\n\n\t\t<div id=\"clientForm\">\n        <section>\n        <img decoding=\"async\" src=\"https:\/\/cdn.pilgrim.es\/web\/home\/email-contacto.png\" alt=\"contacto\">\n        <div>\n            <p>We send you your itinerary<\/p>\n            <p>Enter your details and receive your travel itinerary by email <\/p>\n            <form method=\"post\" data-url=\"\/wp-admin\/admin-ajax.php\" id=\"planner--client\" class=\"flag-right form-client\">\n    <div class=\"form-data\">\n        <input name=\"form_id\" type=\"hidden\" value=\"Formulario Leads\">\n        <input name=\"type\" type=\"hidden\" value=\"planner_client\">\n        <input type=\"text\" name=\"nombre\" value=\"\" size=\"40\" class=\"form-control\" aria-required=\"true\" aria-invalid=\"false\" placeholder=\"Name\">\n        <input type=\"email\" name=\"email\" value=\"\" size=\"40\" class=\"form-control\" aria-required=\"true\" aria-invalid=\"false\" placeholder=\"Email\">\n        <input type=\"text\" id=\"phone-input\" name=\"tel\" value=\"\" size=\"40\" class=\"phone-input form-control\" aria-required=\"true\" aria-invalid=\"false\" placeholder=\"Telephone\">\n        <input type=\"hidden\" name=\"telefono\">\n    <\/div>\n    <div class=\"form-checkbox\">\n        <span>\n            Pilgrim Travel, S.L. informs, in accordance with Regulation 2016\/679, that the data used in this form will be used both for answering any queries and for the publication of comments, the basis of legitimacy being the consent of the user. The rights may be exercised in accordance with the provisions of our             <a href=\"https:\/\/www.pilgrim.es\/en\/privacy-policy\/\" target=\"_blank\" rel=\"noopener noreferrer nofollow\">Privacy Policy.<\/a>\n        <\/span>\n    <\/div>\n\n    <div class=\"form-submit\">\n        <button id=\"planner--client-create\" type=\"submit\">Contact form<\/button>\n        <div class=\"loadingDiv\"><i class=\"p-spinner\"><\/i><\/div>\n    <\/div>\n\n    <div class=\"contact-content-form-success\">\n        <p><i class=\"fas fa-check\"><\/i> The form has been sent successfully<\/p>\n    <\/div>\n\n    <div class=\"contact-content-form-error\">\n        <span class=\"input-error\"><\/span>\n    <\/div>\n<\/form>        <\/div>\n    <\/section>\n<\/div>\n\n\t\t<div id=\"recomendationSection\">\n\t\t\t<div>\n\t\t\t\t<h2 class=\"p-h2-town\">Recommended<\/h2>\n\t\t\t\t<hr>\n\t\t\t\t<h3 class=\"p-h3-town\">Gastronomy<\/h3>\n\t\t\t<\/div>\n\t\t\tIn the city of Porto there is a wide gastronomy, three traditional recipes should be highlighted: first of all the dish of tripe \u00e1 moda do Porto, the bacalhau so famous throughout the country and last but not least, a curious sandwich filled with different meats with cheese and molho sauce, this delicacy is known as the Francesinha.\n\nEvery dish you taste should be accompanied by the famous broth that has given its name to the city and has its own designation of origin, Port Wine.\n\t\t<\/div>\n\n\n\t\t\n\t\t\t<div id=\"holidaysSection\">\n\t\t\t\t<div>\n\t\t\t\t\t<h2 class=\"p-h2-town\">Recommended<\/h2>\n\t\t\t\t\t<hr>\n\t\t\t\t\t<h3 class=\"p-h3-town\">Festivals and Pilgrimages<\/h3>\n\t\t\t\t<\/div>\n\t\t\t\t<div class=\"grid holidays-grid\">\n\t\t\t\t\t\n\t\t\t\t\t\t<div>\n\t\t\t\t\t\t\t<div class=\"phone-number-item\">\n\t\t\t\t\t\t\t\t<div class=\"phone-number-item__icon\"><i class=\"icon-holiday\"><\/i><\/div>\n\t\t\t\t\t\t\t\t<div class=\"phone-number-item__title dark-text\">\n\t\t\t\t\t\t\t\t\t<p class=\"p-font-bold\">Local festivity<\/p>\n\t\t\t\t\t\t\t\t\t<p>15 de Agosto: Asunci\u00f3n<\/p>\n\t\t\t\t\t\t\t\t<\/div>\n\t\t\t\t\t\t\t<\/div>\n\t\t\t\t\t\t<\/div>\n\t\t\t\t\t\n\t\t\t\t\t\t<div>\n\t\t\t\t\t\t\t<div class=\"phone-number-item\">\n\t\t\t\t\t\t\t\t<div class=\"phone-number-item__icon\"><i class=\"icon-holiday\"><\/i><\/div>\n\t\t\t\t\t\t\t\t<div class=\"phone-number-item__title dark-text\">\n\t\t\t\t\t\t\t\t\t<p class=\"p-font-bold\">Local festivity<\/p>\n\t\t\t\t\t\t\t\t\t<p>25 de abril: D\u00eda de la Libertad<\/p>\n\t\t\t\t\t\t\t\t<\/div>\n\t\t\t\t\t\t\t<\/div>\n\t\t\t\t\t\t<\/div>\n\t\t\t\t\t\n\t\t\t\t\t\t<div>\n\t\t\t\t\t\t\t<div class=\"phone-number-item\">\n\t\t\t\t\t\t\t\t<div class=\"phone-number-item__icon\"><i class=\"icon-holiday\"><\/i><\/div>\n\t\t\t\t\t\t\t\t<div class=\"phone-number-item__title dark-text\">\n\t\t\t\t\t\t\t\t\t<p class=\"p-font-bold\">Local festivity<\/p>\n\t\t\t\t\t\t\t\t\t<p>10 de junio: D\u00eda de Portugal y la fiesta del Corpus Christi<\/p>\n\t\t\t\t\t\t\t\t<\/div>\n\t\t\t\t\t\t\t<\/div>\n\t\t\t\t\t\t<\/div>\n\t\t\t\t\t\n\t\t\t\t<\/div>\n\t\t\t<\/div>\n\t\t\n\t<\/div>\n<\/section>\n\n<div id=\"stage_list_section\"><div class=\"stage-list\">\n    <div class='stage-list__map-card'>\n        <div class='stage-list__map-card__map'>\n            <div class='stage-list__map-card__map__text'>\n                <h2> Pages <\/h2>\n                <p> On foot<\/p>\n                <p> 0 stages<\/p>\n            <\/div>\n            <div class='stage-list__map-card__map__img'>\n                <img decoding=\"async\" src=\"\" alt=\" mapa \" \/>\n            <\/div>\n        <\/div>\n    <\/div>\n\n    <\/div>\n<\/div> ","protected":false},"excerpt":{"rendered":"<p>Oporto &#8249; Back to the stage Oporto Residents: 237.559 aprox. Province: Information Get to know Oporto Oporto is the second most important city in Portugal after the capital, Lisbon. Like the vast majority of cities has an extensive historical heritage, being declared a World Heritage Site by UNESCO. Oporto is the starting point for many &hellip; <\/p>\n<p class=\"read_more\"><a href=\"https:\/\/www.pilgrim.es\/en\/portuguese-way\/porto\/\">Leer m\u00e1s<\/a><\/p>\n","protected":false},"author":0,"featured_media":6833,"parent":36303,"menu_order":0,"comment_status":"closed","ping_status":"closed","template":"views\/template-new-web-design.blade.php","meta":{"footnotes":""},"categories":[],"tags":[],"class_list":["post-91203","page","type-page","status-publish","has-post-thumbnail","hentry"],"yoast_head":"<!-- This site is optimized with the Yoast SEO plugin v27.4 - https:\/\/yoast.com\/product\/yoast-seo-wordpress\/ -->\n<title>Oporto: What to see and where to stay | Camino de Santiago | Pilgrim<\/title>\n<meta name=\"description\" content=\"Oporto Discover all the information you need about accommodation, how to get there, gastronomy and the main points of interest in the towns along the Portuguese Way.\" \/>\n<meta name=\"robots\" content=\"index, follow, max-snippet:-1, max-image-preview:large, max-video-preview:-1\" \/>\n<link rel=\"canonical\" href=\"https:\/\/www.pilgrim.es\/en\/portuguese-way\/porto\/\" \/>\n<meta property=\"og:locale\" content=\"en_US\" \/>\n<meta property=\"og:type\" content=\"article\" \/>\n<meta property=\"og:title\" content=\"Oporto: What to see and where to stay | Camino de Santiago | Pilgrim\" \/>\n<meta property=\"og:description\" content=\"Oporto Discover all the information you need about accommodation, how to get there, gastronomy and the main points of interest in the towns along the Portuguese Way.\" \/>\n<meta property=\"og:url\" content=\"https:\/\/www.pilgrim.es\/en\/portuguese-way\/porto\/\" \/>\n<meta property=\"og:site_name\" content=\"Pilgrim\" \/>\n<meta property=\"article:publisher\" content=\"https:\/\/www.facebook.com\/pilgrim.es\/\" \/>\n<meta property=\"og:image\" content=\"https:\/\/www.pilgrim.es\/wp-content\/uploads\/2019\/02\/oporto1.jpg\" \/>\n\t<meta property=\"og:image:width\" content=\"1600\" \/>\n\t<meta property=\"og:image:height\" content=\"1200\" \/>\n\t<meta property=\"og:image:type\" content=\"image\/jpeg\" \/>\n<meta name=\"twitter:card\" content=\"summary_large_image\" \/>\n<meta name=\"twitter:site\" content=\"@pilgrim_es\" \/>\n<meta name=\"twitter:label1\" content=\"Est. reading time\" \/>\n\t<meta name=\"twitter:data1\" content=\"18 minutes\" \/>\n<script type=\"application\/ld+json\" class=\"yoast-schema-graph\">{\"@context\":\"https:\\\/\\\/schema.org\",\"@graph\":[{\"@type\":\"WebPage\",\"@id\":\"https:\\\/\\\/www.pilgrim.es\\\/en\\\/portuguese-way\\\/porto\\\/\",\"url\":\"https:\\\/\\\/www.pilgrim.es\\\/en\\\/portuguese-way\\\/porto\\\/\",\"name\":\"Oporto: What to see and where to stay | Camino de Santiago | Pilgrim\",\"isPartOf\":{\"@id\":\"https:\\\/\\\/www.pilgrim.es\\\/en\\\/#website\"},\"primaryImageOfPage\":{\"@id\":\"https:\\\/\\\/www.pilgrim.es\\\/en\\\/portuguese-way\\\/porto\\\/#primaryimage\"},\"image\":{\"@id\":\"https:\\\/\\\/www.pilgrim.es\\\/en\\\/portuguese-way\\\/porto\\\/#primaryimage\"},\"thumbnailUrl\":\"https:\\\/\\\/www.pilgrim.es\\\/wp-content\\\/uploads\\\/2019\\\/02\\\/oporto1.jpg\",\"datePublished\":\"2025-03-17T13:59:53+00:00\",\"description\":\"Oporto Discover all the information you need about accommodation, how to get there, gastronomy and the main points of interest in the towns along the Portuguese Way.\",\"breadcrumb\":{\"@id\":\"https:\\\/\\\/www.pilgrim.es\\\/en\\\/portuguese-way\\\/porto\\\/#breadcrumb\"},\"inLanguage\":\"en-US\",\"potentialAction\":[{\"@type\":\"ReadAction\",\"target\":[\"https:\\\/\\\/www.pilgrim.es\\\/en\\\/portuguese-way\\\/porto\\\/\"]}]},{\"@type\":\"ImageObject\",\"inLanguage\":\"en-US\",\"@id\":\"https:\\\/\\\/www.pilgrim.es\\\/en\\\/portuguese-way\\\/porto\\\/#primaryimage\",\"url\":\"https:\\\/\\\/www.pilgrim.es\\\/wp-content\\\/uploads\\\/2019\\\/02\\\/oporto1.jpg\",\"contentUrl\":\"https:\\\/\\\/www.pilgrim.es\\\/wp-content\\\/uploads\\\/2019\\\/02\\\/oporto1.jpg\",\"width\":1600,\"height\":1200,\"caption\":\"oporto\"},{\"@type\":\"BreadcrumbList\",\"@id\":\"https:\\\/\\\/www.pilgrim.es\\\/en\\\/portuguese-way\\\/porto\\\/#breadcrumb\",\"itemListElement\":[{\"@type\":\"ListItem\",\"position\":1,\"name\":\"Camino de Santiago\",\"item\":\"https:\\\/\\\/www.pilgrim.es\\\/en\\\/\"},{\"@type\":\"ListItem\",\"position\":2,\"name\":\"Portuguese Way\",\"item\":\"https:\\\/\\\/www.pilgrim.es\\\/en\\\/portuguese-way\\\/\"},{\"@type\":\"ListItem\",\"position\":3,\"name\":\"Oporto\"}]},{\"@type\":\"WebSite\",\"@id\":\"https:\\\/\\\/www.pilgrim.es\\\/en\\\/#website\",\"url\":\"https:\\\/\\\/www.pilgrim.es\\\/en\\\/\",\"name\":\"Pilgrim\",\"description\":\"Camino de Santiago | Caminamos Contigo\",\"publisher\":{\"@id\":\"https:\\\/\\\/www.pilgrim.es\\\/en\\\/#organization\"},\"potentialAction\":[{\"@type\":\"SearchAction\",\"target\":{\"@type\":\"EntryPoint\",\"urlTemplate\":\"https:\\\/\\\/www.pilgrim.es\\\/en\\\/?s={search_term_string}\"},\"query-input\":{\"@type\":\"PropertyValueSpecification\",\"valueRequired\":true,\"valueName\":\"search_term_string\"}}],\"inLanguage\":\"en-US\"},{\"@type\":\"Organization\",\"@id\":\"https:\\\/\\\/www.pilgrim.es\\\/en\\\/#organization\",\"name\":\"Pilgrim Camino de Santiago\",\"url\":\"https:\\\/\\\/www.pilgrim.es\\\/en\\\/\",\"logo\":{\"@type\":\"ImageObject\",\"inLanguage\":\"en-US\",\"@id\":\"https:\\\/\\\/www.pilgrim.es\\\/en\\\/#\\\/schema\\\/logo\\\/image\\\/\",\"url\":\"https:\\\/\\\/www.pilgrim.es\\\/wp-content\\\/uploads\\\/2019\\\/04\\\/logo_pilgrim.png\",\"contentUrl\":\"https:\\\/\\\/www.pilgrim.es\\\/wp-content\\\/uploads\\\/2019\\\/04\\\/logo_pilgrim.png\",\"width\":512,\"height\":512,\"caption\":\"Pilgrim Camino de Santiago\"},\"image\":{\"@id\":\"https:\\\/\\\/www.pilgrim.es\\\/en\\\/#\\\/schema\\\/logo\\\/image\\\/\"},\"sameAs\":[\"https:\\\/\\\/www.facebook.com\\\/pilgrim.es\\\/\",\"https:\\\/\\\/x.com\\\/pilgrim_es\",\"https:\\\/\\\/www.instagram.com\\\/pilgrim.es\\\/\",\"https:\\\/\\\/www.linkedin.com\\\/company\\\/pilgrim-camino-de-santiago\\\/\",\"https:\\\/\\\/www.pinterest.es\\\/pilgrimcaminodesantiago\\\/\",\"https:\\\/\\\/www.youtube.com\\\/channel\\\/UCIv2ZzFLXVqthkNF32rKedw\\\/featured\"]}]}<\/script>\n<!-- \/ Yoast SEO plugin. -->","yoast_head_json":{"title":"Oporto: What to see and where to stay | Camino de Santiago | Pilgrim","description":"Oporto Discover all the information you need about accommodation, how to get there, gastronomy and the main points of interest in the towns along the Portuguese Way.","robots":{"index":"index","follow":"follow","max-snippet":"max-snippet:-1","max-image-preview":"max-image-preview:large","max-video-preview":"max-video-preview:-1"},"canonical":"https:\/\/www.pilgrim.es\/en\/portuguese-way\/porto\/","og_locale":"en_US","og_type":"article","og_title":"Oporto: What to see and where to stay | Camino de Santiago | Pilgrim","og_description":"Oporto Discover all the information you need about accommodation, how to get there, gastronomy and the main points of interest in the towns along the Portuguese Way.","og_url":"https:\/\/www.pilgrim.es\/en\/portuguese-way\/porto\/","og_site_name":"Pilgrim","article_publisher":"https:\/\/www.facebook.com\/pilgrim.es\/","og_image":[{"width":1600,"height":1200,"url":"https:\/\/www.pilgrim.es\/wp-content\/uploads\/2019\/02\/oporto1.jpg","type":"image\/jpeg"}],"twitter_card":"summary_large_image","twitter_site":"@pilgrim_es","twitter_misc":{"Est. reading time":"18 minutes"},"schema":{"@context":"https:\/\/schema.org","@graph":[{"@type":"WebPage","@id":"https:\/\/www.pilgrim.es\/en\/portuguese-way\/porto\/","url":"https:\/\/www.pilgrim.es\/en\/portuguese-way\/porto\/","name":"Oporto: What to see and where to stay | Camino de Santiago | Pilgrim","isPartOf":{"@id":"https:\/\/www.pilgrim.es\/en\/#website"},"primaryImageOfPage":{"@id":"https:\/\/www.pilgrim.es\/en\/portuguese-way\/porto\/#primaryimage"},"image":{"@id":"https:\/\/www.pilgrim.es\/en\/portuguese-way\/porto\/#primaryimage"},"thumbnailUrl":"https:\/\/www.pilgrim.es\/wp-content\/uploads\/2019\/02\/oporto1.jpg","datePublished":"2025-03-17T13:59:53+00:00","description":"Oporto Discover all the information you need about accommodation, how to get there, gastronomy and the main points of interest in the towns along the Portuguese Way.","breadcrumb":{"@id":"https:\/\/www.pilgrim.es\/en\/portuguese-way\/porto\/#breadcrumb"},"inLanguage":"en-US","potentialAction":[{"@type":"ReadAction","target":["https:\/\/www.pilgrim.es\/en\/portuguese-way\/porto\/"]}]},{"@type":"ImageObject","inLanguage":"en-US","@id":"https:\/\/www.pilgrim.es\/en\/portuguese-way\/porto\/#primaryimage","url":"https:\/\/www.pilgrim.es\/wp-content\/uploads\/2019\/02\/oporto1.jpg","contentUrl":"https:\/\/www.pilgrim.es\/wp-content\/uploads\/2019\/02\/oporto1.jpg","width":1600,"height":1200,"caption":"oporto"},{"@type":"BreadcrumbList","@id":"https:\/\/www.pilgrim.es\/en\/portuguese-way\/porto\/#breadcrumb","itemListElement":[{"@type":"ListItem","position":1,"name":"Camino de Santiago","item":"https:\/\/www.pilgrim.es\/en\/"},{"@type":"ListItem","position":2,"name":"Portuguese Way","item":"https:\/\/www.pilgrim.es\/en\/portuguese-way\/"},{"@type":"ListItem","position":3,"name":"Oporto"}]},{"@type":"WebSite","@id":"https:\/\/www.pilgrim.es\/en\/#website","url":"https:\/\/www.pilgrim.es\/en\/","name":"Pilgrim","description":"Camino de Santiago | Caminamos Contigo","publisher":{"@id":"https:\/\/www.pilgrim.es\/en\/#organization"},"potentialAction":[{"@type":"SearchAction","target":{"@type":"EntryPoint","urlTemplate":"https:\/\/www.pilgrim.es\/en\/?s={search_term_string}"},"query-input":{"@type":"PropertyValueSpecification","valueRequired":true,"valueName":"search_term_string"}}],"inLanguage":"en-US"},{"@type":"Organization","@id":"https:\/\/www.pilgrim.es\/en\/#organization","name":"Pilgrim Camino de Santiago","url":"https:\/\/www.pilgrim.es\/en\/","logo":{"@type":"ImageObject","inLanguage":"en-US","@id":"https:\/\/www.pilgrim.es\/en\/#\/schema\/logo\/image\/","url":"https:\/\/www.pilgrim.es\/wp-content\/uploads\/2019\/04\/logo_pilgrim.png","contentUrl":"https:\/\/www.pilgrim.es\/wp-content\/uploads\/2019\/04\/logo_pilgrim.png","width":512,"height":512,"caption":"Pilgrim Camino de Santiago"},"image":{"@id":"https:\/\/www.pilgrim.es\/en\/#\/schema\/logo\/image\/"},"sameAs":["https:\/\/www.facebook.com\/pilgrim.es\/","https:\/\/x.com\/pilgrim_es","https:\/\/www.instagram.com\/pilgrim.es\/","https:\/\/www.linkedin.com\/company\/pilgrim-camino-de-santiago\/","https:\/\/www.pinterest.es\/pilgrimcaminodesantiago\/","https:\/\/www.youtube.com\/channel\/UCIv2ZzFLXVqthkNF32rKedw\/featured"]}]}},"_links":{"self":[{"href":"https:\/\/www.pilgrim.es\/en\/wp-json\/wp\/v2\/pages\/91203","targetHints":{"allow":["GET"]}}],"collection":[{"href":"https:\/\/www.pilgrim.es\/en\/wp-json\/wp\/v2\/pages"}],"about":[{"href":"https:\/\/www.pilgrim.es\/en\/wp-json\/wp\/v2\/types\/page"}],"replies":[{"embeddable":true,"href":"https:\/\/www.pilgrim.es\/en\/wp-json\/wp\/v2\/comments?post=91203"}],"version-history":[{"count":0,"href":"https:\/\/www.pilgrim.es\/en\/wp-json\/wp\/v2\/pages\/91203\/revisions"}],"up":[{"embeddable":true,"href":"https:\/\/www.pilgrim.es\/en\/wp-json\/wp\/v2\/pages\/36303"}],"wp:featuredmedia":[{"embeddable":true,"href":"https:\/\/www.pilgrim.es\/en\/wp-json\/wp\/v2\/media\/6833"}],"wp:attachment":[{"href":"https:\/\/www.pilgrim.es\/en\/wp-json\/wp\/v2\/media?parent=91203"}],"wp:term":[{"taxonomy":"category","embeddable":true,"href":"https:\/\/www.pilgrim.es\/en\/wp-json\/wp\/v2\/categories?post=91203"},{"taxonomy":"post_tag","embeddable":true,"href":"https:\/\/www.pilgrim.es\/en\/wp-json\/wp\/v2\/tags?post=91203"}],"curies":[{"name":"wp","href":"https:\/\/api.w.org\/{rel}","templated":true}]}}