{"id":91185,"date":"2025-03-17T13:55:33","date_gmt":"2025-03-17T13:55:33","guid":{"rendered":"https:\/\/www.pilgrim.es\/portuguese-way\/coimbra\/"},"modified":"2025-03-17T13:55:33","modified_gmt":"2025-03-17T13:55:33","slug":"coimbra","status":"publish","type":"page","link":"https:\/\/www.pilgrim.es\/en\/portuguese-way\/coimbra\/","title":{"rendered":"Co\u00edmbra"},"content":{"rendered":" <section id=\"hero\">\n\t<h1>Co\u00edmbra<\/h1>\n\t<div class=\"hero-grid\">\n\t\t<div class=\"hero-grid__town-col\" data-background=\"https:\/\/cdn.pilgrim.es\/web\/caminos\/camino-portugues\/pueblos\/coimbra\/coimbra.jpg\">\n\t\t\t<div>\n\t\t\t\t<a class=\"link-to-stage\" href=\"https:\/\/www.pilgrim.es\/camino-portugues\/etapa-8-rabacal-coimbra\/\">\n\t\t\t\t\t<p>&#8249; Back to the stage<\/p>\n\t\t\t\t<\/a>\n\n\t\t\t\t<div class=\"town-data\">\n\t\t\t\t\t<h2>Co\u00edmbra<\/h2>\n\t\t\t\t\t<ul>\n\t\t\t\t\t\t<li>Residents: 105.842 aprox.<\/li>\n\t\t\t\t\t\t<li>Province: <\/li>\n\t\t\t\t\t<\/ul>\n\t\t\t\t<\/div>\n\t\t\t<\/div>\n\t\t<\/div>\n\t\t<div class=\"hero-grid__planner-col\"><div\r\n  class=\"p-col-span-1 p-rounded-lg p-px-5 p-h-full\"\r\n  style=\"background-image: url('https:\/\/cdn.pilgrim.es\/web\/pilgrim-planner\/bg-plugin-planificador.webp')\"\r\n  rel=\"preload\"\r\n  fetchpriority=\"high\"\r\n  >\r\n    <div class=\"p-text-center p-pt-5 p-text-white p-text-2xl p-font-semibold\">\r\n      Plan your journey    <\/div>\r\n    <div\r\n            id='primary-app'\r\n            data-name='banner'\r\n            data-api='https:\/\/pathfinder.pilgrim.es\/api\/pathfinder\/v2'\r\n            data-mode='normal'\r\n            data-lang='en'\r\n            data-route='1'\r\n            data-destiny='https:\/\/planificador.pilgrim.es'\r\n            data-modality='1'\r\n            data-inline=''\r\n        ><\/div><\/div><\/div>\n\t<\/div>\n<\/section>\n\n<section id=\"infoTown\">\n\t<div class=\"sections-town\">\n\n\t\t<div id=\"informationSection\">\n\t\t\t<div>\n\t\t\t\t<h2 class=\"p-h2-town\">Information<\/h2>\n\t\t\t\t<hr>\n\t\t\t\t<h3 class=\"p-h3-town\">Get to know Co\u00edmbra<\/h3>\n\t\t\t<\/div>\n\t\t\t<p>The city of Coimbra is one of the most important cities in Portugal, it is crossed from end to end by the Mondego River.<\/p> <p>Its narrow streets are home to historical heritage from different eras because it was a city of great importance. Six of the kings of Portugal were born here. It was the capital of the country for more than a hundred years, becoming since that time an important political and cultural center of the country.<\/p> <p>The most prominent place is the University, one of the oldest in Europe and which was declared a World Heritage Site by UNESCO in 2013.<\/p> &lt;p\n\t\t<\/div>\n\n\t\t<div id=\"locationSection\">\n\t\t\t<div>\n\t\t\t\t<h2 class=\"p-h2-town\">Location<\/h2>\n\t\t\t\t<hr>\n\t\t\t\t<h3 class=\"p-h3-town\">How to get there<\/h3>\n\t\t\t<\/div>\n\t\t\t<p>The easiest way to get to Coimbra is either from Porto or Lisbon. If you are coming from Porto or from the north the easiest way is to take the E-1 which links both cities with Lisbon.\n\n<p>Another option from Salamanca is to take the A-5 and change at Guarda to the E802 and then turn off onto the IC-8 and passing Castelo Branco, before reaching Vila Velha de Rodao, you connect with the A-13 to Coimbra.\n\n<p>To go by bus you can take the bus from Lisbon or from Porto, as well as the train, but it is advisable to take the express, since the others take a long time.\n\t\t\t<div>\n\t\t\t\t<div>\n  <iframe loading=\"lazy\"\n    src=\"https:\/\/www.google.com\/maps\/d\/embed?mid=1LL40XySpDo4nMVgMzH57q2tCIIhyf4k&amp;ehbc=2E312F\"\n    width=\"640\"\n    height=\"480\"\n    alt=\"Mapa Co\u00edmbra\"\n  ><\/iframe>\n<\/div>\n\n\t\t\t<\/div>\n\t\t<\/div>\n\n\t\t\n\t\t\t<div id=\"toVisitSection\">\n\t\t\t\t<div>\n\t\t\t\t\t<h2 class=\"p-h2-town\">History \/ Culture<\/h2>\n\t\t\t\t\t<hr>\n\t\t\t\t\t<h3 class=\"p-h3-town\">What to see<\/h3>\n\t\t\t\t<\/div>\n\t\t\t\t<div>\n\t\t\t\t\t<div class=\"accordion\">\n\t\t\t\t\t\t<div class=\"accordion__menu\">\n\t\t\t\t\t\t\t<nav>\n\t\t\t\t\t\t\t\t\n\t\t\t\t\t\t\t\t\t<button class=\"nav-tab-accordion active\"><span>&#10093;<\/span><span> Universidad de Coimbra<\/span><\/button>\n\t\t\t\t\t\t\t\t\n\t\t\t\t\t\t\t\t\t<button class=\"nav-tab-accordion \"><span>&#10093;<\/span><span> Torre de Anto<\/span><\/button>\n\t\t\t\t\t\t\t\t\n\t\t\t\t\t\t\t\t\t<button class=\"nav-tab-accordion \"><span>&#10093;<\/span><span> Portugal dos Pequenitos<\/span><\/button>\n\t\t\t\t\t\t\t\t\n\t\t\t\t\t\t\t\t\t<button class=\"nav-tab-accordion \"><span>&#10093;<\/span><span> Penedo da Saudade<\/span><\/button>\n\t\t\t\t\t\t\t\t\n\t\t\t\t\t\t\t\t\t<button class=\"nav-tab-accordion \"><span>&#10093;<\/span><span> Museo del Agua<\/span><\/button>\n\t\t\t\t\t\t\t\t\n\t\t\t\t\t\t\t\t\t<button class=\"nav-tab-accordion \"><span>&#10093;<\/span><span> Museo de la Ciencia<\/span><\/button>\n\t\t\t\t\t\t\t\t\n\t\t\t\t\t\t\t\t\t<button class=\"nav-tab-accordion \"><span>&#10093;<\/span><span> Monasterio de Santa Cruz<\/span><\/button>\n\t\t\t\t\t\t\t\t\n\t\t\t\t\t\t\t\t\t<button class=\"nav-tab-accordion \"><span>&#10093;<\/span><span> Monasterio de Santa Clara a Velha<\/span><\/button>\n\t\t\t\t\t\t\t\t\n\t\t\t\t\t\t\t\t\t<button class=\"nav-tab-accordion \"><span>&#10093;<\/span><span> Monasterio de Celas<\/span><\/button>\n\t\t\t\t\t\t\t\t\n\t\t\t\t\t\t\t\t\t<button class=\"nav-tab-accordion \"><span>&#10093;<\/span><span> Jardim Bot\u00e2nico<\/span><\/button>\n\t\t\t\t\t\t\t\t\n\t\t\t\t\t\t\t\t\t<button class=\"nav-tab-accordion \"><span>&#10093;<\/span><span> Iglesia de Santo Ant\u00f3nio dos Olivais<\/span><\/button>\n\t\t\t\t\t\t\t\t\n\t\t\t\t\t\t\t\t\t<button class=\"nav-tab-accordion \"><span>&#10093;<\/span><span> Iglesia de Santiago<\/span><\/button>\n\t\t\t\t\t\t\t\t\n\t\t\t\t\t\t\t\t\t<button class=\"nav-tab-accordion \"><span>&#10093;<\/span><span> Con\u00edmbriga<\/span><\/button>\n\t\t\t\t\t\t\t\t\n\t\t\t\t\t\t\t\t\t<button class=\"nav-tab-accordion \"><span>&#10093;<\/span><span> Catedral S\u00e9 Nova<\/span><\/button>\n\t\t\t\t\t\t\t\t\n\t\t\t\t\t\t\t\t\t<button class=\"nav-tab-accordion \"><span>&#10093;<\/span><span> Biblioteca Joanina<\/span><\/button>\n\t\t\t\t\t\t\t\t\n\t\t\t\t\t\t\t\t\t<button class=\"nav-tab-accordion \"><span>&#10093;<\/span><span> Seminario Maior de Coimbra<\/span><\/button>\n\t\t\t\t\t\t\t\t\n\t\t\t\t\t\t\t\t\t<button class=\"nav-tab-accordion \"><span>&#10093;<\/span><span> Patio da Inquisi\u00e7\u00e3o<\/span><\/button>\n\t\t\t\t\t\t\t\t\n\t\t\t\t\t\t\t\t\t<button class=\"nav-tab-accordion \"><span>&#10093;<\/span><span> Parque de Santa Cruz<\/span><\/button>\n\t\t\t\t\t\t\t\t\n\t\t\t\t\t\t\t\t\t<button class=\"nav-tab-accordion \"><span>&#10093;<\/span><span> Museo Nacional de Machado de Castro<\/span><\/button>\n\t\t\t\t\t\t\t\t\n\t\t\t\t\t\t\t\t\t<button class=\"nav-tab-accordion \"><span>&#10093;<\/span><span> Jardines S\u00e1 da Bandeira<\/span><\/button>\n\t\t\t\t\t\t\t\t\n\t\t\t\t\t\t\t\t\t<button class=\"nav-tab-accordion \"><span>&#10093;<\/span><span> Iglesia de S\u00e3o Pedro<\/span><\/button>\n\t\t\t\t\t\t\t\t\n\t\t\t\t\t\t\t\t\t<button class=\"nav-tab-accordion \"><span>&#10093;<\/span><span> Iglesia de S\u00e3o Bartolomeu<\/span><\/button>\n\t\t\t\t\t\t\t\t\n\t\t\t\t\t\t\t\t\t<button class=\"nav-tab-accordion \"><span>&#10093;<\/span><span> Iglesia de Santa Justa<\/span><\/button>\n\t\t\t\t\t\t\t\t\n\t\t\t\t\t\t\t\t\t<button class=\"nav-tab-accordion \"><span>&#10093;<\/span><span> Iglesia de Nossa Senhora da Gra\u00e7a<\/span><\/button>\n\t\t\t\t\t\t\t\t\n\t\t\t\t\t\t\t\t\t<button class=\"nav-tab-accordion \"><span>&#10093;<\/span><span> Iglesia de Nossa Senhora do Carmo<\/span><\/button>\n\t\t\t\t\t\t\t\t\n\t\t\t\t\t\t\t\t\t<button class=\"nav-tab-accordion \"><span>&#10093;<\/span><span> Convento de Santa Clara a Nova<\/span><\/button>\n\t\t\t\t\t\t\t\t\n\t\t\t\t\t\t\t\t\t<button class=\"nav-tab-accordion \"><span>&#10093;<\/span><span> Convento de Cristo<\/span><\/button>\n\t\t\t\t\t\t\t\t\n\t\t\t\t\t\t\t\t\t<button class=\"nav-tab-accordion \"><span>&#10093;<\/span><span> Catedral S\u00e9 Velha de Coimbra<\/span><\/button>\n\t\t\t\t\t\t\t\t\n\t\t\t\t\t\t\t\t\t<button class=\"nav-tab-accordion \"><span>&#10093;<\/span><span> Iglesia de S\u00e3o Salvador<\/span><\/button>\n\t\t\t\t\t\t\t\t\n\t\t\t\t\t\t\t\t\t<button class=\"nav-tab-accordion \"><span>&#10093;<\/span><span> Arco y Torre de Almedina<\/span><\/button>\n\t\t\t\t\t\t\t\t\n\t\t\t\t\t\t\t\t\t<button class=\"nav-tab-accordion \"><span>&#10093;<\/span><span> Carmelo de Santa Teresa<\/span><\/button>\n\t\t\t\t\t\t\t\t\n\t\t\t\t\t\t\t\t\t<button class=\"nav-tab-accordion \"><span>&#10093;<\/span><span> Palacio de Sub-Ripas<\/span><\/button>\n\t\t\t\t\t\t\t\t\n\t\t\t\t\t\t\t\t\t<button class=\"nav-tab-accordion \"><span>&#10093;<\/span><span> Acueducto de San Sebasti\u00e1n<\/span><\/button>\n\t\t\t\t\t\t\t\t\n\t\t\t\t\t\t\t<\/nav>\n\t\t\t\t\t\t<\/div>\n\n\t\t\t\t\t\t\n\t\t\t\t\t\t\t<div class=\"accordion__accordion-content \">\n\t\t\t\t\t\t\t\t<div>\n\t\t\t\t\t\t\t\t\t<div>\n\t\t\t\t\t\t\t\t\t\t<h4>Universidad de Coimbra<\/h4>\n\t\t\t\t\t\t\t\t\t\t<p>The University of Coimbra is a university campus declared a World Heritage Site by UNESCO in 2013. This university was established in 1290 with the faculties of Arts, Canon Law, Civil Law and Medicine. Today it has a total of eight faculties: Arts, Law, Medicine, Science and Technology, Pharmacy, Economics, Psychology and Educational Sciences, and Sports Sciences and Physical Education.\n\t\t\t\t\t\t\t\t\t<\/div>\n\t\t\t\t\t\t\t\t\t<img decoding=\"async\" src=\"https:\/\/cdn.pilgrim.es\/web\/caminos\/camino-portugues\/pueblos\/coimbra\/puntos-de-interes\/universidad-de-coimbra.jpg\" alt=\"Universidad de Coimbra\">\n\t\t\t\t\t\t\t\t<\/div>\n\t\t\t\t\t\t\t<\/div>\n\t\t\t\t\t\t\n\t\t\t\t\t\t\t<div class=\"accordion__accordion-content inactive\">\n\t\t\t\t\t\t\t\t<div>\n\t\t\t\t\t\t\t\t\t<div>\n\t\t\t\t\t\t\t\t\t\t<h4>Torre de Anto<\/h4>\n\t\t\t\t\t\t\t\t\t\t<p>The Tower of Anto also called Torre do Prior do Ameal, this tower was one of those belonging to the ancient wall of medieval origin that surrounded the city. However, around the sixteenth century, the tower was losing its defensive function and converted into a private house. The best known person who lived in this house was the poet Ant\u00f3nio Pereira Nobre, who lived there while studying, back in the late nineteenth century.\n\n<p>Today, the Tower of Anto houses the House of Crafts of Coimbra. <\/p>\n\t\t\t\t\t\t\t\t\t<\/div>\n\t\t\t\t\t\t\t\t\t<img decoding=\"async\" src=\"https:\/\/cdn.pilgrim.es\/web\/caminos\/camino-portugues\/pueblos\/coimbra\/puntos-de-interes\/torre-de-anto.jpg\" alt=\"Torre de Anto\">\n\t\t\t\t\t\t\t\t<\/div>\n\t\t\t\t\t\t\t<\/div>\n\t\t\t\t\t\t\n\t\t\t\t\t\t\t<div class=\"accordion__accordion-content inactive\">\n\t\t\t\t\t\t\t\t<div>\n\t\t\t\t\t\t\t\t\t<div>\n\t\t\t\t\t\t\t\t\t\t<h4>Portugal dos Pequenitos<\/h4>\n\t\t\t\t\t\t\t\t\t\t<p>Portugal dos Pequenitos is a small theme park where the history and architecture of Portugal is reproduced thanks to scale representations. This complex was inaugurated in 1940 and is divided into three zones:<\/p> <p>Portugal dos Pequenitos is a small theme park that reproduces the history and architecture of Portugal thanks to scale representations.\n\t\t\t\t\t\t\t\t\t<\/div>\n\t\t\t\t\t\t\t\t\t<img decoding=\"async\" src=\"https:\/\/cdn.pilgrim.es\/web\/caminos\/camino-portugues\/pueblos\/coimbra\/puntos-de-interes\/portugal-dos-pequenitos.jpg\" alt=\"Portugal dos Pequenitos\">\n\t\t\t\t\t\t\t\t<\/div>\n\t\t\t\t\t\t\t<\/div>\n\t\t\t\t\t\t\n\t\t\t\t\t\t\t<div class=\"accordion__accordion-content inactive\">\n\t\t\t\t\t\t\t\t<div>\n\t\t\t\t\t\t\t\t\t<div>\n\t\t\t\t\t\t\t\t\t\t<h4>Penedo da Saudade<\/h4>\n\t\t\t\t\t\t\t\t\t\t<p>The Penedo da Saudade is a large rocky complex that receives this nomenclature, since Prince Pedro often went to this place to mourn his sorrows for the loss of his beloved In\u00e9s. As a curiosity, the many spaces of the garden that houses tombstones with verses belonging to different university promotions stand out. <\/p>\n\t\t\t\t\t\t\t\t\t<\/div>\n\t\t\t\t\t\t\t\t\t<img decoding=\"async\" src=\"https:\/\/cdn.pilgrim.es\/web\/caminos\/camino-portugues\/pueblos\/coimbra\/puntos-de-interes\/penedo-da-saudade.jpg\" alt=\"Penedo da Saudade\">\n\t\t\t\t\t\t\t\t<\/div>\n\t\t\t\t\t\t\t<\/div>\n\t\t\t\t\t\t\n\t\t\t\t\t\t\t<div class=\"accordion__accordion-content inactive\">\n\t\t\t\t\t\t\t\t<div>\n\t\t\t\t\t\t\t\t\t<div>\n\t\t\t\t\t\t\t\t\t\t<h4>Museo del Agua<\/h4>\n\t\t\t\t\t\t\t\t\t\t<p>The Water Museum was inaugurated in 2007, and now occupies the facilities of an old water collection station, so it is located near the Dr. Manuel de Braga Park.<\/p> <p>The Water Museum was inaugurated in 2007, and now occupies the facilities of an old water collection station, so it is located near the Dr. Manuel de Braga Park.\n\n<p>Inside the museum explains the history of public water supply, exhibiting in turn, other collections, among which is to highlight the collection of water meters. <\/p>\n\n<p>HOURS<\/p>\n\n<p>Tuesdays to Sundays from 10:00 to 13:00 and from 14:00 to 18:00<\/p>\n\n<p>TARIFALa entrance is free<\/p>\n\n<p>INFORMATION OF INTEREST<\/p>\n\n<p>Web: www.museudaagua.comE-mail: museudaagua@aguasdecoimbra.ptTel\u00e9fono: +351 239 102 115<\/p>\n\t\t\t\t\t\t\t\t\t<\/div>\n\t\t\t\t\t\t\t\t\t<img decoding=\"async\" src=\"https:\/\/cdn.pilgrim.es\/web\/caminos\/camino-portugues\/pueblos\/coimbra\/puntos-de-interes\/museo-del-agua.jpg\" alt=\"Museo del Agua\">\n\t\t\t\t\t\t\t\t<\/div>\n\t\t\t\t\t\t\t<\/div>\n\t\t\t\t\t\t\n\t\t\t\t\t\t\t<div class=\"accordion__accordion-content inactive\">\n\t\t\t\t\t\t\t\t<div>\n\t\t\t\t\t\t\t\t\t<div>\n\t\t\t\t\t\t\t\t\t\t<h4>Museo de la Ciencia<\/h4>\n\t\t\t\t\t\t\t\t\t\t<p>The science museum is an interactive museum whose function is to disseminate information through different galleries such as physics, zoology, mineralogy and geology, and botany. In the physics gallery is the Laboratorio Chimico, whose collection is considered one of the most important in the world. In the mineralogy and geology gallery is the oldest collection of the entire continent, which houses more than 5600 samples. All of them stand out for some of the aspects that they house in their collections.\n\t\t\t\t\t\t\t\t\t<\/div>\n\t\t\t\t\t\t\t\t\t<img decoding=\"async\" src=\"https:\/\/cdn.pilgrim.es\/web\/caminos\/camino-portugues\/pueblos\/coimbra\/puntos-de-interes\/museo-de-la-ciencia.jpg\" alt=\"Museo de la Ciencia\">\n\t\t\t\t\t\t\t\t<\/div>\n\t\t\t\t\t\t\t<\/div>\n\t\t\t\t\t\t\n\t\t\t\t\t\t\t<div class=\"accordion__accordion-content inactive\">\n\t\t\t\t\t\t\t\t<div>\n\t\t\t\t\t\t\t\t\t<div>\n\t\t\t\t\t\t\t\t\t\t<h4>Monasterio de Santa Cruz<\/h4>\n\t\t\t\t\t\t\t\t\t\t<p>The monastery of Santa Cruz, built in the 12th century, was founded by the Order of the Canons of St. Augustine. After its construction it underwent numerous reforms, the most important in the sixteenth century in which the facade was completely modified by adding two bell towers. Inside the monastery you can admire the Chapel of the Martyrs of Morocco, the Chapel of the Holy Sepulchre, the Chapel of St. Anthony and the Chapel of the Lord of the Steps, as well as the Main Chapel, which houses the tombs of the first kings of Portugal, for which it was declared National Pantheon. Also noteworthy in its interior are the Baroque-style organ, the tribune, the Mannerist sacristy, the Cloister of Silence, the refectory and the Chapter House. <\/p>\n\t\t\t\t\t\t\t\t\t<\/div>\n\t\t\t\t\t\t\t\t\t<img decoding=\"async\" src=\"https:\/\/cdn.pilgrim.es\/web\/caminos\/camino-portugues\/pueblos\/coimbra\/puntos-de-interes\/monasterio-de-santa-cruz.jpg\" alt=\"Monasterio de Santa Cruz\">\n\t\t\t\t\t\t\t\t<\/div>\n\t\t\t\t\t\t\t<\/div>\n\t\t\t\t\t\t\n\t\t\t\t\t\t\t<div class=\"accordion__accordion-content inactive\">\n\t\t\t\t\t\t\t\t<div>\n\t\t\t\t\t\t\t\t\t<div>\n\t\t\t\t\t\t\t\t\t\t<h4>Monasterio de Santa Clara a Velha<\/h4>\n\t\t\t\t\t\t\t\t\t\t<p>The monastery of Santa Clara a Velha is a large building of the thirteenth century erected at the request of the noble Mor Dias, in order to house a community of Poor Clare nuns. After the idea was refuted by both the canons of the Monastery of Santa Cruz and the nuns, in 1311 it ceased to function as such. After years of abandonment, this old monastery was re-founded to house the Interpretive Center with the permanent exhibition &#8220;Nuns and Duennas of Santa Clara: Archaeology of the Cloister&#8221;. <\/p>\n\t\t\t\t\t\t\t\t\t<\/div>\n\t\t\t\t\t\t\t\t\t<img decoding=\"async\" src=\"https:\/\/cdn.pilgrim.es\/web\/caminos\/camino-portugues\/pueblos\/coimbra\/puntos-de-interes\/monasterio-de-santa-clara-a-velha.jpg\" alt=\"Monasterio de Santa Clara a Velha\">\n\t\t\t\t\t\t\t\t<\/div>\n\t\t\t\t\t\t\t<\/div>\n\t\t\t\t\t\t\n\t\t\t\t\t\t\t<div class=\"accordion__accordion-content inactive\">\n\t\t\t\t\t\t\t\t<div>\n\t\t\t\t\t\t\t\t\t<div>\n\t\t\t\t\t\t\t\t\t\t<h4>Monasterio de Celas<\/h4>\n\t\t\t\t\t\t\t\t\t\t<p>The monastery of Celas was founded by Do\u00f1a Sancha de Portugal, daughter of Sancho I, at the beginning of the 13th century. Between the 16th and 17th centuries, the building underwent an intense restoration that modified its original aesthetics, except for the church, which maintained its circular structure, the Chapter House, the Choir and the Cloister, where the historiated capitals located in the west and south wings of the cloister stand out.\n\n<p>HOURS<\/p>\n\n<p>Monday to Friday from 15:00 to 18:00<\/p>\n\n<p>FEE<\/p>\n\n<p>General admission: 1\u20acChildren&#8217;s admission: 0,5\u20ac<\/p>\n\t\t\t\t\t\t\t\t\t<\/div>\n\t\t\t\t\t\t\t\t\t<img decoding=\"async\" src=\"https:\/\/cdn.pilgrim.es\/web\/caminos\/camino-portugues\/pueblos\/coimbra\/puntos-de-interes\/monasterio-de-celas.jpg\" alt=\"Monasterio de Celas\">\n\t\t\t\t\t\t\t\t<\/div>\n\t\t\t\t\t\t\t<\/div>\n\t\t\t\t\t\t\n\t\t\t\t\t\t\t<div class=\"accordion__accordion-content inactive\">\n\t\t\t\t\t\t\t\t<div>\n\t\t\t\t\t\t\t\t\t<div>\n\t\t\t\t\t\t\t\t\t\t<h4>Jardim Bot\u00e2nico<\/h4>\n\t\t\t\t\t\t\t\t\t\t<p>The Jardim Bot\u00e2nico built by mandate of the Marquis of Pombal around 1772, is presented as one of the most prosperous and richest gardens in Portugal. The Botanical Garden was designed by some Italian artists and hosts a forest territory, as well as six portions of land prepared for planting including greenhouses, lakes, fountains and ponds.<\/p>\n\n<p>This garden has more than 1,200 tree species, most of which are exotic. Once you enter the garden, visitors can contemplate the statue of Avelar Brotero, the first director the garden had. Undoubtedly, the Botanical Garden of Coimbra constitutes an ideal place for a relaxing walk in the open air and is currently under scientific study. <\/p>\n\n<p>HOURS<\/p>\n\n<p>Everyday from 09:00 to 17:30<\/p>\n\n<p>INFORMATION OF INTEREST<\/p>\n\n<p>Telephone: +351 239 855 216<\/p>\n\t\t\t\t\t\t\t\t\t<\/div>\n\t\t\t\t\t\t\t\t\t<img decoding=\"async\" src=\"https:\/\/cdn.pilgrim.es\/web\/caminos\/camino-portugues\/pueblos\/coimbra\/puntos-de-interes\/jardim-botanico.jpg\" alt=\"Jardim Bot\u00e2nico\">\n\t\t\t\t\t\t\t\t<\/div>\n\t\t\t\t\t\t\t<\/div>\n\t\t\t\t\t\t\n\t\t\t\t\t\t\t<div class=\"accordion__accordion-content inactive\">\n\t\t\t\t\t\t\t\t<div>\n\t\t\t\t\t\t\t\t\t<div>\n\t\t\t\t\t\t\t\t\t\t<h4>Iglesia de Santo Ant\u00f3nio dos Olivais<\/h4>\n\t\t\t\t\t\t\t\t\t\t<p>The church of Santo Ant\u00f3nio dos Olivais was originally, in the 13th century, a chapel that Queen Dona Urraca transferred to the Franciscans. One of these religious turned out to be Fernando de Bulh\u00f5es, who would later be known as Saint Anthony of Padua and sainted in 1232.<\/p> <p>The church of Santo Ant\u00f3nio dos Olivais was originally, in the 13th century, a chapel that Queen Urraca transferred to the Franciscans.\n\n<p>The Franciscan Order abandoned this place in 1274, so this chapel became the property of the Cabildo of the city of Coimbra, which was responsible for expanding the church and keeping it in good condition. However, in the 16th century, the religious were able to recover the property. The temple that can be seen today is the result of a major restoration carried out in the eighteenth century. <\/p> &lt;p\n\n<p>INFORMATION OF INTEREST<\/p>.\n\n<p>Telephone: +351 239 711 992<\/p>\n\t\t\t\t\t\t\t\t\t<\/div>\n\t\t\t\t\t\t\t\t\t<img decoding=\"async\" src=\"https:\/\/cdn.pilgrim.es\/web\/caminos\/camino-portugues\/pueblos\/coimbra\/puntos-de-interes\/iglesia-de-santo-antonio-dos-olivais.jpg\" alt=\"Iglesia de Santo Ant\u00f3nio dos Olivais\">\n\t\t\t\t\t\t\t\t<\/div>\n\t\t\t\t\t\t\t<\/div>\n\t\t\t\t\t\t\n\t\t\t\t\t\t\t<div class=\"accordion__accordion-content inactive\">\n\t\t\t\t\t\t\t\t<div>\n\t\t\t\t\t\t\t\t\t<div>\n\t\t\t\t\t\t\t\t\t\t<h4>Iglesia de Santiago<\/h4>\n\t\t\t\t\t\t\t\t\t\t<p>The church of Santiago is one of the most important and worth admiring Romanesque temples in the city of Coimbra. It was built between the end of the 12th century and the beginning of the 13th century. The main doorway of the church has an ornamentation inspired by the Old Cathedral, while the side doorway has an ornamentation of shells as a reference to Santiago, the saint to whom the temple is consecrated.<\/p> <p>The main doorway of the church has an ornamentation inspired by the Old Cathedral.\n\n<p>In the interior of the church, the wooden roof, the main chapel and the altarpiece in the rococo Conimbrian style stand out. <\/p>\n\n<p>HOURS<\/p>\n\n<p>From 08:00 to 20:00<\/p>\n\n<p>INFORMATION OF INTEREST<\/p>\n\n<p>Telephone: +351 239 825 154<\/p>\n\t\t\t\t\t\t\t\t\t<\/div>\n\t\t\t\t\t\t\t\t\t<img decoding=\"async\" src=\"https:\/\/cdn.pilgrim.es\/web\/caminos\/camino-portugues\/pueblos\/coimbra\/puntos-de-interes\/iglesia-de-santiago.jpg\" alt=\"Iglesia de Santiago\">\n\t\t\t\t\t\t\t\t<\/div>\n\t\t\t\t\t\t\t<\/div>\n\t\t\t\t\t\t\n\t\t\t\t\t\t\t<div class=\"accordion__accordion-content inactive\">\n\t\t\t\t\t\t\t\t<div>\n\t\t\t\t\t\t\t\t\t<div>\n\t\t\t\t\t\t\t\t\t\t<h4>Con\u00edmbriga<\/h4>\n\t\t\t\t\t\t\t\t\t\t<p>Con\u00edmbriga is the remains of an ancient territory populated since prehistoric times, which was occupied by Roman troops in 139 BC. This settlement consisted of basic structures such as the forum, the amphitheater or the baths, until finally erected a basilica in the center of the town. The most outstanding features of the town are its houses, which conserve their primitive stones. Of these houses is essential to observe the Casa dos Repuxos, which has a beautiful garden in the center and stands out for its mosaics that reproduce hunting scenes, mythological environments, seasons, marine species, etc.. The house of Cantaber, considered larger than the rest does not leave indifferent the museum that displays objects found over the years in the excavations.<\/p> <p>\n\t\t\t\t\t\t\t\t\t<\/div>\n\t\t\t\t\t\t\t\t\t<img decoding=\"async\" src=\"https:\/\/cdn.pilgrim.es\/web\/caminos\/camino-portugues\/pueblos\/coimbra\/puntos-de-interes\/conimbriga.jpg\" alt=\"Con\u00edmbriga\">\n\t\t\t\t\t\t\t\t<\/div>\n\t\t\t\t\t\t\t<\/div>\n\t\t\t\t\t\t\n\t\t\t\t\t\t\t<div class=\"accordion__accordion-content inactive\">\n\t\t\t\t\t\t\t\t<div>\n\t\t\t\t\t\t\t\t\t<div>\n\t\t\t\t\t\t\t\t\t\t<h4>Catedral S\u00e9 Nova<\/h4>\n\t\t\t\t\t\t\t\t\t\t<p>The S\u00e9 Nova Cathedral of Coimbra, began its construction in the late sixteenth century, but did not begin to be used until the seventeenth century. Originally it was intended to serve as a church of the Jesuit College until they were expelled from Portugal and became the new episcopal see. The fa\u00e7ade stands out for its mixture of styles, on the first floor there are sculptures of Jesuit saints in the mannerist style and the upper floor in the baroque style. Inside, the altarpieces with gilded carvings from the early seventeenth and eighteenth centuries, as well as the choir stalls and the baptismal font are striking.\n\t\t\t\t\t\t\t\t\t<\/div>\n\t\t\t\t\t\t\t\t\t<img decoding=\"async\" src=\"https:\/\/cdn.pilgrim.es\/web\/caminos\/camino-portugues\/pueblos\/coimbra\/puntos-de-interes\/catedral-se-nova.jpg\" alt=\"Catedral S\u00e9 Nova\">\n\t\t\t\t\t\t\t\t<\/div>\n\t\t\t\t\t\t\t<\/div>\n\t\t\t\t\t\t\n\t\t\t\t\t\t\t<div class=\"accordion__accordion-content inactive\">\n\t\t\t\t\t\t\t\t<div>\n\t\t\t\t\t\t\t\t\t<div>\n\t\t\t\t\t\t\t\t\t\t<h4>Biblioteca Joanina<\/h4>\n\t\t\t\t\t\t\t\t\t\t<p>The Joanina Library, originally known as Casa da Libreria, was built between 1717 and 1728, being officially inaugurated after 1750. This building is completely baroque in style and is named Joanina as a tribute to its author, Jo\u00e3o V. As for its structure, it simulates a six-sided polyhedron accessed by a large triumphal arch-shaped portal flanked by two Ionic columns. Inside, it houses three large interconnected rooms lined with gilded bookshelves with Chinese-style ornamentation. This library houses collections of all kinds and antiquity, from the sixteenth, seventeenth and eighteenth centuries. <\/p> <p>\n\t\t\t\t\t\t\t\t\t<\/div>\n\t\t\t\t\t\t\t\t\t<img decoding=\"async\" src=\"https:\/\/cdn.pilgrim.es\/web\/caminos\/camino-portugues\/pueblos\/coimbra\/puntos-de-interes\/biblioteca-joanina.jpg\" alt=\"Biblioteca Joanina\">\n\t\t\t\t\t\t\t\t<\/div>\n\t\t\t\t\t\t\t<\/div>\n\t\t\t\t\t\t\n\t\t\t\t\t\t\t<div class=\"accordion__accordion-content inactive\">\n\t\t\t\t\t\t\t\t<div>\n\t\t\t\t\t\t\t\t\t<div>\n\t\t\t\t\t\t\t\t\t\t<h4>Seminario Maior de Coimbra<\/h4>\n\t\t\t\t\t\t\t\t\t\t<p>The Seminario Maior de Coimbra began to be built in 1748. The main facade of the building is divided into five bodies, of which, the central body houses a temple that despite its small size, presents great architectural beauty, either by its layout or its ornamentation.<\/p>\n\n<p>The Seminario Maior is presided over by a splendid garden, designed in the 20th century in a baroque style. <\/p>\n\n<p>INFORMATION OF INTEREST<\/p>\n\n<p>E-mail: smsf.coimbra@mail.telepac.pt Phone: +351 239 792 340<\/p>\n\t\t\t\t\t\t\t\t\t<\/div>\n\t\t\t\t\t\t\t\t\t<img decoding=\"async\" src=\"https:\/\/cdn.pilgrim.es\/web\/caminos\/camino-portugues\/pueblos\/coimbra\/puntos-de-interes\/seminario-maior-coimbra.jpg\" alt=\"Seminario Maior de Coimbra\">\n\t\t\t\t\t\t\t\t<\/div>\n\t\t\t\t\t\t\t<\/div>\n\t\t\t\t\t\t\n\t\t\t\t\t\t\t<div class=\"accordion__accordion-content inactive\">\n\t\t\t\t\t\t\t\t<div>\n\t\t\t\t\t\t\t\t\t<div>\n\t\t\t\t\t\t\t\t\t\t<h4>Patio da Inquisi\u00e7\u00e3o<\/h4>\n\t\t\t\t\t\t\t\t\t\t<p>The Patio da Inquisi\u00e7\u00e3o is located in the same place where, between 1566 and 1821, the Court of the Holy Office or also called the Inquisition was located. In the surroundings of this courtyard was also located the College of Arts and, currently, this same place hosts the Visual Arts Center. <\/p>\n\t\t\t\t\t\t\t\t\t<\/div>\n\t\t\t\t\t\t\t\t\t<img decoding=\"async\" src=\"https:\/\/cdn.pilgrim.es\/web\/caminos\/camino-portugues\/pueblos\/coimbra\/puntos-de-interes\/patio-da-inquisic\u0327ao.jpg\" alt=\"Patio da Inquisi\u00e7\u00e3o\">\n\t\t\t\t\t\t\t\t<\/div>\n\t\t\t\t\t\t\t<\/div>\n\t\t\t\t\t\t\n\t\t\t\t\t\t\t<div class=\"accordion__accordion-content inactive\">\n\t\t\t\t\t\t\t\t<div>\n\t\t\t\t\t\t\t\t\t<div>\n\t\t\t\t\t\t\t\t\t\t<h4>Parque de Santa Cruz<\/h4>\n\t\t\t\t\t\t\t\t\t\t<p>The park of Santa Crus also known as Jardim da Sereia, was once part of the Monastery of Santa Cruz and was built in the eighteenth century. The access to the park is presided over by a triumphal arch, located between two towers, on which stand three statues, symbolizing Faith, Hope and Charity.\n\n<p>The Fonte da Nogueira represents one of the most beautiful spaces of this park, as it stands the statue of a triton. This mythological being is often mistaken for a mermaid. It is for this very reason that this space is also known as Jardim da Sereia. This park is ideal for the visitor to contemplate a great variety of exotic tree species as well as other faunal species such as marbled newts, toads or salamanders. <\/p>\n\t\t\t\t\t\t\t\t\t<\/div>\n\t\t\t\t\t\t\t\t\t<img decoding=\"async\" src=\"https:\/\/cdn.pilgrim.es\/web\/caminos\/camino-portugues\/pueblos\/coimbra\/puntos-de-interes\/parque-santa-cruz.jpg\" alt=\"Parque de Santa Cruz\">\n\t\t\t\t\t\t\t\t<\/div>\n\t\t\t\t\t\t\t<\/div>\n\t\t\t\t\t\t\n\t\t\t\t\t\t\t<div class=\"accordion__accordion-content inactive\">\n\t\t\t\t\t\t\t\t<div>\n\t\t\t\t\t\t\t\t\t<div>\n\t\t\t\t\t\t\t\t\t\t<h4>Museo Nacional de Machado de Castro<\/h4>\n\t\t\t\t\t\t\t\t\t\t<p>The National Museum of Machado de Castro is purely religious and opened in 1913, listed as a National Museum in 1965. Its nomenclature comes from one of the best sculptors of Portuguese history: Joaquim Machado de Castro. In its interior it keeps collections of sculpture, painting, ceramics, goldsmithery and textiles, as well as archaeological samples and oriental art. This museum not only holds its exhibitions in a single building but in several, including the Episcopal Palace and the Church of San Juan de Almedina.\n\t\t\t\t\t\t\t\t\t<\/div>\n\t\t\t\t\t\t\t\t\t<img decoding=\"async\" src=\"https:\/\/cdn.pilgrim.es\/web\/caminos\/camino-portugues\/pueblos\/coimbra\/puntos-de-interes\/museo-nacional-machado-de-castro.jpg\" alt=\"Museo Nacional de Machado de Castro\">\n\t\t\t\t\t\t\t\t<\/div>\n\t\t\t\t\t\t\t<\/div>\n\t\t\t\t\t\t\n\t\t\t\t\t\t\t<div class=\"accordion__accordion-content inactive\">\n\t\t\t\t\t\t\t\t<div>\n\t\t\t\t\t\t\t\t\t<div>\n\t\t\t\t\t\t\t\t\t\t<h4>Jardines S\u00e1 da Bandeira<\/h4>\n\t\t\t\t\t\t\t\t\t\t<p>The S\u00e1 da Bandeira Gardens are located in the center of Avenida S\u00e1 da Bandeira and were built at the end of the 19th century, following the projects that were programmed at that time for the urbanization of Quinta de Santa Cruz.<\/p> <p>The S\u00e1 da Bandeira Gardens are located in the center of Avenida S\u00e1 da Bandeira and were built at the end of the 19th century, following the projects that were programmed at that time for the urbanization of Quinta de Santa Cruz.\n\n<p>This park is well known and loved by the inhabitants of Coimbra, as its spaces include ponds where numerous types of birds and other plant species that give life to the city live together.<\/p>\n\t\t\t\t\t\t\t\t\t<\/div>\n\t\t\t\t\t\t\t\t\t<img decoding=\"async\" src=\"https:\/\/cdn.pilgrim.es\/web\/caminos\/camino-portugues\/pueblos\/coimbra\/puntos-de-interes\/jardines-sa-bandeira.jpg\" alt=\"Jardines S\u00e1 da Bandeira\">\n\t\t\t\t\t\t\t\t<\/div>\n\t\t\t\t\t\t\t<\/div>\n\t\t\t\t\t\t\n\t\t\t\t\t\t\t<div class=\"accordion__accordion-content inactive\">\n\t\t\t\t\t\t\t\t<div>\n\t\t\t\t\t\t\t\t\t<div>\n\t\t\t\t\t\t\t\t\t\t<h4>Iglesia de S\u00e3o Pedro<\/h4>\n\t\t\t\t\t\t\t\t\t\t<p>The college that houses the Church of S\u00e3o Pedro was founded in 1540 and was originally intended for poor priests. This institution remained in this location until its schoolboys had to move to the upper area of the city of Coimbra.\n\n<p>The temple of this college, like the cloister located here, is simple, although of large dimensions. This church follows the same layout as the other temples located within the neighboring colleges. <\/p>\n\t\t\t\t\t\t\t\t\t<\/div>\n\t\t\t\t\t\t\t\t\t<img decoding=\"async\" src=\"https:\/\/cdn.pilgrim.es\/web\/caminos\/camino-portugues\/pueblos\/coimbra\/puntos-de-interes\/iglesia-sao-pedro.jpg\" alt=\"Iglesia de S\u00e3o Pedro\">\n\t\t\t\t\t\t\t\t<\/div>\n\t\t\t\t\t\t\t<\/div>\n\t\t\t\t\t\t\n\t\t\t\t\t\t\t<div class=\"accordion__accordion-content inactive\">\n\t\t\t\t\t\t\t\t<div>\n\t\t\t\t\t\t\t\t\t<div>\n\t\t\t\t\t\t\t\t\t\t<h4>Iglesia de S\u00e3o Bartolomeu<\/h4>\n\t\t\t\t\t\t\t\t\t\t<p>The church of S\u00e3o Bartolomeu dates back to the tenth century, making it one of the oldest temples in the city, although it was rebuilt in the twelfth and eighteenth centuries. The exterior of the temple has a baroque style, although its layout is quite simple. From the interior of the church highlights the Mannerist altarpiece dating from the sixteenth century, which reproduces the death and resurrection of Jesus Christ through paintings alluding to that event, and the engraved altarpieces that reproduce the episode of the martyrdom of St. Bartholomew. <\/p>\n\n<p>HOURS<\/p>\n\n<p>Monday to Saturday from 08:00 to 12:00 and from 14:00 to 17:00Sundays from 08:00 to 12:00<\/p>\n\n<p>INFORMATION OF INTEREST<\/p>\n\n<p>Telephone: +351 239 825 154<\/p>\n\t\t\t\t\t\t\t\t\t<\/div>\n\t\t\t\t\t\t\t\t\t<img decoding=\"async\" src=\"https:\/\/cdn.pilgrim.es\/web\/caminos\/camino-portugues\/pueblos\/coimbra\/puntos-de-interes\/iglesia-sao-bartolomeu.jpg\" alt=\"Iglesia de S\u00e3o Bartolomeu\">\n\t\t\t\t\t\t\t\t<\/div>\n\t\t\t\t\t\t\t<\/div>\n\t\t\t\t\t\t\n\t\t\t\t\t\t\t<div class=\"accordion__accordion-content inactive\">\n\t\t\t\t\t\t\t\t<div>\n\t\t\t\t\t\t\t\t\t<div>\n\t\t\t\t\t\t\t\t\t\t<h4>Iglesia de Santa Justa<\/h4>\n\t\t\t\t\t\t\t\t\t\t<p>The original church of Santa Justa dates back to the 12th century and was located elsewhere. However, the church that can be seen today was inaugurated in the year 1724.<\/p>\n\n<p>The main facade of the building is ostentatious, with three floors and flanked by towers. The interior of the temple houses a main chapel, inside which you can admire a magnificent baroque style altarpiece belonging to the time of the reign of John V in the eighteenth century. <\/p> <p>\n\t\t\t\t\t\t\t\t\t<\/div>\n\t\t\t\t\t\t\t\t\t<img decoding=\"async\" src=\"https:\/\/cdn.pilgrim.es\/web\/caminos\/camino-portugues\/pueblos\/coimbra\/puntos-de-interes\/iglesia-santa-justa.jpg\" alt=\"Iglesia de Santa Justa\">\n\t\t\t\t\t\t\t\t<\/div>\n\t\t\t\t\t\t\t<\/div>\n\t\t\t\t\t\t\n\t\t\t\t\t\t\t<div class=\"accordion__accordion-content inactive\">\n\t\t\t\t\t\t\t\t<div>\n\t\t\t\t\t\t\t\t\t<div>\n\t\t\t\t\t\t\t\t\t\t<h4>Iglesia de Nossa Senhora da Gra\u00e7a<\/h4>\n\t\t\t\t\t\t\t\t\t\t<p>The college that houses the Church of Nossa Senhora da Gra\u00e7a was created in 1543 by King John III and depended on the Order of the Hermits of St. Augustine. Both the temple and the cloister are examples of the first changes that were made to some religious buildings in the city of Coimbra to give them classical forms typical of the Renaissance. <\/p>\n\n<p>HOURS<\/p>\n\n<p>Monday to Saturday from 08:30 to 11:45 and from 14:30 to 18:30<\/p> <p>Monday to Saturday from 08:30 to 11:45 and from 14:30 to 18:30<\/p> <p>.\n\n<p>INFORMATION OF INTEREST<\/p>\n\n<p>Telephone: +351 239 820 576<\/p>\n\t\t\t\t\t\t\t\t\t<\/div>\n\t\t\t\t\t\t\t\t\t<img decoding=\"async\" src=\"https:\/\/cdn.pilgrim.es\/web\/caminos\/camino-portugues\/pueblos\/coimbra\/puntos-de-interes\/iglesia-nossa-senhora-da-grac\u0327a.jpg\" alt=\"Iglesia de Nossa Senhora da Gra\u00e7a\">\n\t\t\t\t\t\t\t\t<\/div>\n\t\t\t\t\t\t\t<\/div>\n\t\t\t\t\t\t\n\t\t\t\t\t\t\t<div class=\"accordion__accordion-content inactive\">\n\t\t\t\t\t\t\t\t<div>\n\t\t\t\t\t\t\t\t\t<div>\n\t\t\t\t\t\t\t\t\t\t<h4>Iglesia de Nossa Senhora do Carmo<\/h4>\n\t\t\t\t\t\t\t\t\t\t<p>The Church of Nossa Senhora do Carmo was part of the Carmen College and dates back to the late 16th century. Highlights inside the church include a Mannerist altarpiece, dating from the 16th century and painted by Sim\u00e3o Rodrigues and Domingo Vieira Serr\u00e3o; a series of Lisbon tiles dating from the 17th century; and the Deposition of Christ in the tomb of Jean de Rouen, located in the sacristy. <\/p>\n\n<p>INFORMATION OF INTEREST<\/p>.\n\n<p>Telephone: +351 239 822 938<\/p>\n\t\t\t\t\t\t\t\t\t<\/div>\n\t\t\t\t\t\t\t\t\t<img decoding=\"async\" src=\"https:\/\/cdn.pilgrim.es\/web\/caminos\/camino-portugues\/pueblos\/coimbra\/puntos-de-interes\/iglesia-nossa-senhora-do-carmo.jpg\" alt=\"Iglesia de Nossa Senhora do Carmo\">\n\t\t\t\t\t\t\t\t<\/div>\n\t\t\t\t\t\t\t<\/div>\n\t\t\t\t\t\t\n\t\t\t\t\t\t\t<div class=\"accordion__accordion-content inactive\">\n\t\t\t\t\t\t\t\t<div>\n\t\t\t\t\t\t\t\t\t<div>\n\t\t\t\t\t\t\t\t\t\t<h4>Convento de Santa Clara a Nova<\/h4>\n\t\t\t\t\t\t\t\t\t\t<p>The convent of Santa Clara-A-Nova is a monastery built in the seventeenth century with the intention of replacing the Monastery of Santa Clara the Old, as it was flooded very frequently with the rises of the Mondego River. It is mostly a work of Jo\u00e3o Torriano, although the cloister was designed by the Hungarian Carlos Mardel. This convent was left in charge of the Confraternity of Queen Saint Isabel in 1891, after the Poor Clare nuns abandoned it. It is for this reason that in its interior is found, inside a silver and crystal urn, the deceased Queen Isabella of Aragon.\n\t\t\t\t\t\t\t\t\t<\/div>\n\t\t\t\t\t\t\t\t\t<img decoding=\"async\" src=\"https:\/\/cdn.pilgrim.es\/web\/caminos\/camino-portugues\/pueblos\/coimbra\/puntos-de-interes\/convento-santa-clara-a-nova.jpg\" alt=\"Convento de Santa Clara a Nova\">\n\t\t\t\t\t\t\t\t<\/div>\n\t\t\t\t\t\t\t<\/div>\n\t\t\t\t\t\t\n\t\t\t\t\t\t\t<div class=\"accordion__accordion-content inactive\">\n\t\t\t\t\t\t\t\t<div>\n\t\t\t\t\t\t\t\t\t<div>\n\t\t\t\t\t\t\t\t\t\t<h4>Convento de Cristo<\/h4>\n\t\t\t\t\t\t\t\t\t\t<p>The Convent of Christ was declared a World Heritage Site in 1983 by UNESCO along with its annexed construction, the Templar Castle. This complex was built on a space of papal worship thanks to the donation of the land by Alfonso Henriques. The first to be built was the castle, in 1160 by order of the Knights of the Temple of Jerusalem. This castle was named Tomar Castle. Later this complex became the property of the Militia of the Knights of Christ, so the main cross of the castle was changed to be rectilinear, indicating the Passion of Christ. It is after the 16th century when the castle became a convent. <\/p>\n\t\t\t\t\t\t\t\t\t<\/div>\n\t\t\t\t\t\t\t\t\t<img decoding=\"async\" src=\"https:\/\/cdn.pilgrim.es\/web\/caminos\/camino-portugues\/pueblos\/coimbra\/puntos-de-interes\/convento-santa-clara-a-nova.jpg\" alt=\"Convento de Cristo\">\n\t\t\t\t\t\t\t\t<\/div>\n\t\t\t\t\t\t\t<\/div>\n\t\t\t\t\t\t\n\t\t\t\t\t\t\t<div class=\"accordion__accordion-content inactive\">\n\t\t\t\t\t\t\t\t<div>\n\t\t\t\t\t\t\t\t\t<div>\n\t\t\t\t\t\t\t\t\t\t<h4>Catedral S\u00e9 Velha de Coimbra<\/h4>\n\t\t\t\t\t\t\t\t\t\t<p>The S\u00e9 Velha de Co\u00edmbra Cathedral is the oldest cathedral in the city. They began their work in the twelfth century being Romanesque style, although it underwent numerous later additions that gave it a Renaissance air. Of this construction highlights its north facade, known as Porta Epeciosa, with a portico divided into three floors, the work of Jean de Rouen. The reliefs sculpted in the capitals with geometric, vegetal and animal ornamentation can be observed in this portico. Inside it houses beautiful altarpieces by Nicolau Chanterene in the Main Chapel, the Chapel of the Sacrament and the Chapel of St. Peter. <\/p>\n\t\t\t\t\t\t\t\t\t<\/div>\n\t\t\t\t\t\t\t\t\t<img decoding=\"async\" src=\"https:\/\/cdn.pilgrim.es\/web\/caminos\/camino-portugues\/pueblos\/coimbra\/puntos-de-interes\/catedral-se-velha.jpg\" alt=\"Catedral S\u00e9 Velha de Coimbra\">\n\t\t\t\t\t\t\t\t<\/div>\n\t\t\t\t\t\t\t<\/div>\n\t\t\t\t\t\t\n\t\t\t\t\t\t\t<div class=\"accordion__accordion-content inactive\">\n\t\t\t\t\t\t\t\t<div>\n\t\t\t\t\t\t\t\t\t<div>\n\t\t\t\t\t\t\t\t\t\t<h4>Iglesia de S\u00e3o Salvador<\/h4>\n\t\t\t\t\t\t\t\t\t\t<p>The Church of S\u00e3o Salvador was rebuilt in the 18th century, although it preserves its Romanesque style doorway dating from 1179. From the interior of the temple stands out the altarpiece of the main altar, made in the year 1746 in a rococo style, and the altarpiece made by Jean de Rouen in 1540, which can be seen in the chapel of San Marcos. <\/p>\n\t\t\t\t\t\t\t\t\t<\/div>\n\t\t\t\t\t\t\t\t\t<img decoding=\"async\" src=\"https:\/\/cdn.pilgrim.es\/web\/caminos\/camino-portugues\/pueblos\/coimbra\/puntos-de-interes\/iglesia-sao-salvador.jpg\" alt=\"Iglesia de S\u00e3o Salvador\">\n\t\t\t\t\t\t\t\t<\/div>\n\t\t\t\t\t\t\t<\/div>\n\t\t\t\t\t\t\n\t\t\t\t\t\t\t<div class=\"accordion__accordion-content inactive\">\n\t\t\t\t\t\t\t\t<div>\n\t\t\t\t\t\t\t\t\t<div>\n\t\t\t\t\t\t\t\t\t\t<h4>Arco y Torre de Almedina<\/h4>\n\t\t\t\t\t\t\t\t\t\t<p>The Arch and Tower of Almedina were, in another era, a part of the ancient medieval wall of the city of Coimbra. The arch, for its part, functioned as one of the entrances to the wall. Today, however, its function is to connect the Upper part of the city with the Lower part.\n\n<p>For its part, the tower, formerly played a defensive role, as can be seen in the many elements that presents, for example, the arrow slits or machicolations. Since 2003, the tower of Almedina houses in its interior the Interpretation Center of the Walled City, belonging to the Municipal Museum.\n\t\t\t\t\t\t\t\t\t<\/div>\n\t\t\t\t\t\t\t\t\t<img decoding=\"async\" src=\"https:\/\/cdn.pilgrim.es\/web\/caminos\/camino-portugues\/pueblos\/coimbra\/puntos-de-interes\/arco-torre-almedina.jpg\" alt=\"Arco y Torre de Almedina\">\n\t\t\t\t\t\t\t\t<\/div>\n\t\t\t\t\t\t\t<\/div>\n\t\t\t\t\t\t\n\t\t\t\t\t\t\t<div class=\"accordion__accordion-content inactive\">\n\t\t\t\t\t\t\t\t<div>\n\t\t\t\t\t\t\t\t\t<div>\n\t\t\t\t\t\t\t\t\t\t<h4>Carmelo de Santa Teresa<\/h4>\n\t\t\t\t\t\t\t\t\t\t<p>The Carmel of Santa Teresa is a convent built exclusively for the Carmelite Sisters in the eighteenth century, although these were installed for the last time in the 50s of last century. This convent attracted many tourists, as it was home to the last seer of Fatima, Sister Lucia, who died in 2005. <\/p>\n\t\t\t\t\t\t\t\t\t<\/div>\n\t\t\t\t\t\t\t\t\t<img decoding=\"async\" src=\"https:\/\/cdn.pilgrim.es\/web\/caminos\/camino-portugues\/pueblos\/coimbra\/puntos-de-interes\/carmelo-santa-teresa.jpg\" alt=\"Carmelo de Santa Teresa\">\n\t\t\t\t\t\t\t\t<\/div>\n\t\t\t\t\t\t\t<\/div>\n\t\t\t\t\t\t\n\t\t\t\t\t\t\t<div class=\"accordion__accordion-content inactive\">\n\t\t\t\t\t\t\t\t<div>\n\t\t\t\t\t\t\t\t\t<div>\n\t\t\t\t\t\t\t\t\t\t<h4>Palacio de Sub-Ripas<\/h4>\n\t\t\t\t\t\t\t\t\t\t<p>The Sub-Ripas Palace, built in the 16th century on a tower of the walled enclosure of Coimbra, has a Manueline style fa\u00e7ade. However, its windows are in Renaissance style and were made by Jean de Rouen, as well as the stone decorations that can be seen in the building.<\/p> &lt;p\n\t\t\t\t\t\t\t\t\t<\/div>\n\t\t\t\t\t\t\t\t\t<img decoding=\"async\" src=\"https:\/\/cdn.pilgrim.es\/web\/caminos\/camino-portugues\/pueblos\/coimbra\/puntos-de-interes\/palacio-sub-ripas.jpg\" alt=\"Palacio de Sub-Ripas\">\n\t\t\t\t\t\t\t\t<\/div>\n\t\t\t\t\t\t\t<\/div>\n\t\t\t\t\t\t\n\t\t\t\t\t\t\t<div class=\"accordion__accordion-content inactive\">\n\t\t\t\t\t\t\t\t<div>\n\t\t\t\t\t\t\t\t\t<div>\n\t\t\t\t\t\t\t\t\t\t<h4>Acueducto de San Sebasti\u00e1n<\/h4>\n\t\t\t\t\t\t\t\t\t\t<p>The Aqueduct of San Sebastian is dated from the sixteenth century and tries to cover the remains of an ancient Roman aqueduct. It was built in order to carry water from the Convent of Santa Teresa to the center of the city. It stands out, above all, the central arch in which there are sculptures of the martyr of San Sebastian and, at the top, the sculpture of San Roque.<\/p> &lt;p\n\t\t\t\t\t\t\t\t\t<\/div>\n\t\t\t\t\t\t\t\t\t<img decoding=\"async\" src=\"https:\/\/cdn.pilgrim.es\/web\/caminos\/camino-portugues\/pueblos\/coimbra\/puntos-de-interes\/acueducto-san-sebastian.jpg\" alt=\"Acueducto de San Sebasti\u00e1n\">\n\t\t\t\t\t\t\t\t<\/div>\n\t\t\t\t\t\t\t<\/div>\n\t\t\t\t\t\t\n\t\t\t\t\t<\/div>\n\t\t\t\t<\/div>\n\t\t\t<\/div>\n\t\t\n\n\t\t<div id=\"phonesSection\">\n\t\t\t<div>\n\t\t\t\t<h2 class=\"p-h3-town\">Information of interest<\/h2>\n\t\t\t<\/div>\n\t\t\t<div class=\"grid\">\n\t\t\t\t\n\t\t\t\t\t<div class=\"phone-number-item\">\n\t\t\t\t\t\t<div class=\"phone-number-item__icon\"><i class=\"icon-police\"><\/i><\/div>\n\t\t\t\t\t\t<div class=\"phone-number-item__title\">\n\t\t\t\t\t\t\t<h3 class=\"p-font-bold\">Local police<\/h3>\n\t\t\t\t\t\t\t<p>xxx<\/p>\n\t\t\t\t\t\t\t\n\t\t\t\t\t\t<\/div>\n\t\t\t\t\t<\/div>\n\t\t\t\t\n\t\t\t\t\t<div class=\"phone-number-item\">\n\t\t\t\t\t\t<div class=\"phone-number-item__icon\"><i class=\"icon-firefighters\"><\/i><\/div>\n\t\t\t\t\t\t<div class=\"phone-number-item__title\">\n\t\t\t\t\t\t\t<h3 class=\"p-font-bold\">Fire department<\/h3>\n\t\t\t\t\t\t\t<p>+351 239 792 800<\/p>\n\t\t\t\t\t\t\t\n\t\t\t\t\t\t<\/div>\n\t\t\t\t\t<\/div>\n\t\t\t\t\n\t\t\t\t\t<div class=\"phone-number-item\">\n\t\t\t\t\t\t<div class=\"phone-number-item__icon\"><i class=\"icon-civil-protection\"><\/i><\/div>\n\t\t\t\t\t\t<div class=\"phone-number-item__title\">\n\t\t\t\t\t\t\t<h3 class=\"p-font-bold\">Civil protection<\/h3>\n\t\t\t\t\t\t\t<p>+351 239 854 061<\/p>\n\t\t\t\t\t\t\t\n\t\t\t\t\t\t<\/div>\n\t\t\t\t\t<\/div>\n\t\t\t\t\n\t\t\t\t\t<div class=\"phone-number-item\">\n\t\t\t\t\t\t<div class=\"phone-number-item__icon\"><i class=\"icon-town-council\"><\/i><\/div>\n\t\t\t\t\t\t<div class=\"phone-number-item__title\">\n\t\t\t\t\t\t\t<h3 class=\"p-font-bold\">Town hall<\/h3>\n\t\t\t\t\t\t\t<p>+351 239 857 500<\/p>\n\t\t\t\t\t\t\t\n\t\t\t\t\t\t<\/div>\n\t\t\t\t\t<\/div>\n\t\t\t\t\n\t\t\t\t\t<div class=\"phone-number-item\">\n\t\t\t\t\t\t<div class=\"phone-number-item__icon\"><i class=\"icon-hospital\"><\/i><\/div>\n\t\t\t\t\t\t<div class=\"phone-number-item__title\">\n\t\t\t\t\t\t\t<h3 class=\"p-font-bold\">Health center<\/h3>\n\t\t\t\t\t\t\t<p>+351 239 400 400<\/p>\n\t\t\t\t\t\t\t\n\t\t\t\t\t\t<\/div>\n\t\t\t\t\t<\/div>\n\t\t\t\t\n\t\t\t\t\t<div class=\"phone-number-item\">\n\t\t\t\t\t\t<div class=\"phone-number-item__icon\"><i class=\"icon-tourism\"><\/i><\/div>\n\t\t\t\t\t\t<div class=\"phone-number-item__title\">\n\t\t\t\t\t\t\t<h3 class=\"p-font-bold\">Tourism office<\/h3>\n\t\t\t\t\t\t\t<p>+351 239 488 120<\/p>\n\t\t\t\t\t\t\t\n\t\t\t\t\t\t\t\t<p>Largo da Portagem<\/p>\n\t\t\t\t\t\t\t\n\t\t\t\t\t\t<\/div>\n\t\t\t\t\t<\/div>\n\t\t\t\t\n\t\t\t<\/div>\n\t\t<\/div>\n\n\t\t<div id=\"clientForm\">\n        <section>\n        <img decoding=\"async\" src=\"https:\/\/cdn.pilgrim.es\/web\/home\/email-contacto.png\" alt=\"contacto\">\n        <div>\n            <p>We send you your itinerary<\/p>\n            <p>Enter your details and receive your travel itinerary by email <\/p>\n            <form method=\"post\" data-url=\"\/wp-admin\/admin-ajax.php\" id=\"planner--client\" class=\"flag-right form-client\">\n    <div class=\"form-data\">\n        <input name=\"form_id\" type=\"hidden\" value=\"Formulario Leads\">\n        <input name=\"type\" type=\"hidden\" value=\"planner_client\">\n        <input type=\"text\" name=\"nombre\" value=\"\" size=\"40\" class=\"form-control\" aria-required=\"true\" aria-invalid=\"false\" placeholder=\"Name\">\n        <input type=\"email\" name=\"email\" value=\"\" size=\"40\" class=\"form-control\" aria-required=\"true\" aria-invalid=\"false\" placeholder=\"Email\">\n        <input type=\"text\" id=\"phone-input\" name=\"tel\" value=\"\" size=\"40\" class=\"phone-input form-control\" aria-required=\"true\" aria-invalid=\"false\" placeholder=\"Telephone\">\n        <input type=\"hidden\" name=\"telefono\">\n    <\/div>\n    <div class=\"form-checkbox\">\n        <span>\n            Pilgrim Travel, S.L. informs, in accordance with Regulation 2016\/679, that the data used in this form will be used both for answering any queries and for the publication of comments, the basis of legitimacy being the consent of the user. The rights may be exercised in accordance with the provisions of our             <a href=\"https:\/\/www.pilgrim.es\/en\/privacy-policy\/\" target=\"_blank\" rel=\"noopener noreferrer nofollow\">Privacy Policy.<\/a>\n        <\/span>\n    <\/div>\n\n    <div class=\"form-submit\">\n        <button id=\"planner--client-create\" type=\"submit\">Contact form<\/button>\n        <div class=\"loadingDiv\"><i class=\"p-spinner\"><\/i><\/div>\n    <\/div>\n\n    <div class=\"contact-content-form-success\">\n        <p><i class=\"fas fa-check\"><\/i> The form has been sent successfully<\/p>\n    <\/div>\n\n    <div class=\"contact-content-form-error\">\n        <span class=\"input-error\"><\/span>\n    <\/div>\n<\/form>        <\/div>\n    <\/section>\n<\/div>\n\n\t\t<div id=\"recomendationSection\">\n\t\t\t<div>\n\t\t\t\t<h2 class=\"p-h2-town\">Recommended<\/h2>\n\t\t\t\t<hr>\n\t\t\t\t<h3 class=\"p-h3-town\">Gastronomy<\/h3>\n\t\t\t<\/div>\n\t\t\tIn the city of Coimbra there are hundreds of delicious dishes that we can taste. Experts say that the most characteristic recipe of the city is the Bairrada (suckling pig) along with the local sparkling wine. Other typical dishes are chanfana (roast goat) and rice with lampreia.\n\nAs an accompaniment or snack between meals we have the delicious queijo da Serra and the desserts Pasteis de Tent\u00fagal, Arrufada de Coimbra and Pasteles de Santa Clara, among others.\n\t\t<\/div>\n\n\n\t\t\n\t\t\t<div id=\"holidaysSection\">\n\t\t\t\t<div>\n\t\t\t\t\t<h2 class=\"p-h2-town\">Recommended<\/h2>\n\t\t\t\t\t<hr>\n\t\t\t\t\t<h3 class=\"p-h3-town\">Festivals and Pilgrimages<\/h3>\n\t\t\t\t<\/div>\n\t\t\t\t<div class=\"grid holidays-grid\">\n\t\t\t\t\t\n\t\t\t\t\t\t<div>\n\t\t\t\t\t\t\t<div class=\"phone-number-item\">\n\t\t\t\t\t\t\t\t<div class=\"phone-number-item__icon\"><i class=\"icon-holiday\"><\/i><\/div>\n\t\t\t\t\t\t\t\t<div class=\"phone-number-item__title dark-text\">\n\t\t\t\t\t\t\t\t\t<p class=\"p-font-bold\">Local festivity<\/p>\n\t\t\t\t\t\t\t\t\t<p>Octubre: Fiesta das Latas<\/p>\n\t\t\t\t\t\t\t\t<\/div>\n\t\t\t\t\t\t\t<\/div>\n\t\t\t\t\t\t<\/div>\n\t\t\t\t\t\n\t\t\t\t\t\t<div>\n\t\t\t\t\t\t\t<div class=\"phone-number-item\">\n\t\t\t\t\t\t\t\t<div class=\"phone-number-item__icon\"><i class=\"icon-holiday\"><\/i><\/div>\n\t\t\t\t\t\t\t\t<div class=\"phone-number-item__title dark-text\">\n\t\t\t\t\t\t\t\t\t<p class=\"p-font-bold\">Local festivity<\/p>\n\t\t\t\t\t\t\t\t\t<p>Mayo: Queima das Fitas<\/p>\n\t\t\t\t\t\t\t\t<\/div>\n\t\t\t\t\t\t\t<\/div>\n\t\t\t\t\t\t<\/div>\n\t\t\t\t\t\n\t\t\t\t\t\t<div>\n\t\t\t\t\t\t\t<div class=\"phone-number-item\">\n\t\t\t\t\t\t\t\t<div class=\"phone-number-item__icon\"><i class=\"icon-holiday\"><\/i><\/div>\n\t\t\t\t\t\t\t\t<div class=\"phone-number-item__title dark-text\">\n\t\t\t\t\t\t\t\t\t<p class=\"p-font-bold\">Local festivity<\/p>\n\t\t\t\t\t\t\t\t\t<p>Julio: Fiesta de la ciudad de Co\u00edmbra y de la Reina Santa Isabel<\/p>\n\t\t\t\t\t\t\t\t<\/div>\n\t\t\t\t\t\t\t<\/div>\n\t\t\t\t\t\t<\/div>\n\t\t\t\t\t\n\t\t\t\t<\/div>\n\t\t\t<\/div>\n\t\t\n\t<\/div>\n<\/section>\n\n<div id=\"stage_list_section\"><div class=\"stage-list\">\n    <div class='stage-list__map-card'>\n        <div class='stage-list__map-card__map'>\n            <div class='stage-list__map-card__map__text'>\n                <h2> Pages <\/h2>\n                <p> On foot<\/p>\n                <p> 0 stages<\/p>\n            <\/div>\n            <div class='stage-list__map-card__map__img'>\n                <img decoding=\"async\" src=\"\" alt=\" mapa \" \/>\n            <\/div>\n        <\/div>\n    <\/div>\n\n    <\/div>\n<\/div> ","protected":false},"excerpt":{"rendered":"<p>Co\u00edmbra &#8249; Back to the stage Co\u00edmbra Residents: 105.842 aprox. Province: Information Get to know Co\u00edmbra The city of Coimbra is one of the most important cities in Portugal, it is crossed from end to end by the Mondego River. Its narrow streets are home to historical heritage from different eras because it was a &hellip; <\/p>\n<p class=\"read_more\"><a href=\"https:\/\/www.pilgrim.es\/en\/portuguese-way\/coimbra\/\">Leer m\u00e1s<\/a><\/p>\n","protected":false},"author":0,"featured_media":3223,"parent":36303,"menu_order":0,"comment_status":"closed","ping_status":"closed","template":"views\/template-new-web-design.blade.php","meta":{"footnotes":""},"categories":[],"tags":[],"class_list":["post-91185","page","type-page","status-publish","has-post-thumbnail","hentry"],"yoast_head":"<!-- This site is optimized with the Yoast SEO plugin v27.4 - https:\/\/yoast.com\/product\/yoast-seo-wordpress\/ -->\n<title>Co\u00edmbra: What to see and where to stay | Camino de Santiago | Pilgrim<\/title>\n<meta name=\"description\" content=\"Co\u00edmbra Discover all the information you need about accommodation, how to get there, gastronomy and the main points of interest in the towns along the Portuguese Way.\" \/>\n<meta name=\"robots\" content=\"index, follow, max-snippet:-1, max-image-preview:large, max-video-preview:-1\" \/>\n<link rel=\"canonical\" href=\"https:\/\/www.pilgrim.es\/en\/portuguese-way\/coimbra\/\" \/>\n<meta property=\"og:locale\" content=\"en_US\" \/>\n<meta property=\"og:type\" content=\"article\" \/>\n<meta property=\"og:title\" content=\"Co\u00edmbra: What to see and where to stay | Camino de Santiago | Pilgrim\" \/>\n<meta property=\"og:description\" content=\"Co\u00edmbra Discover all the information you need about accommodation, how to get there, gastronomy and the main points of interest in the towns along the Portuguese Way.\" \/>\n<meta property=\"og:url\" content=\"https:\/\/www.pilgrim.es\/en\/portuguese-way\/coimbra\/\" \/>\n<meta property=\"og:site_name\" content=\"Pilgrim\" \/>\n<meta property=\"article:publisher\" content=\"https:\/\/www.facebook.com\/pilgrim.es\/\" \/>\n<meta property=\"og:image\" content=\"https:\/\/www.pilgrim.es\/wp-content\/uploads\/2019\/02\/Coimbra-520x370.jpg\" \/>\n\t<meta property=\"og:image:width\" content=\"520\" \/>\n\t<meta property=\"og:image:height\" content=\"370\" \/>\n\t<meta property=\"og:image:type\" content=\"image\/jpeg\" \/>\n<meta name=\"twitter:card\" content=\"summary_large_image\" \/>\n<meta name=\"twitter:site\" content=\"@pilgrim_es\" \/>\n<meta name=\"twitter:label1\" content=\"Est. reading time\" \/>\n\t<meta name=\"twitter:data1\" content=\"18 minutes\" \/>\n<script type=\"application\/ld+json\" class=\"yoast-schema-graph\">{\"@context\":\"https:\\\/\\\/schema.org\",\"@graph\":[{\"@type\":\"WebPage\",\"@id\":\"https:\\\/\\\/www.pilgrim.es\\\/en\\\/portuguese-way\\\/coimbra\\\/\",\"url\":\"https:\\\/\\\/www.pilgrim.es\\\/en\\\/portuguese-way\\\/coimbra\\\/\",\"name\":\"Co\u00edmbra: What to see and where to stay | Camino de Santiago | Pilgrim\",\"isPartOf\":{\"@id\":\"https:\\\/\\\/www.pilgrim.es\\\/en\\\/#website\"},\"primaryImageOfPage\":{\"@id\":\"https:\\\/\\\/www.pilgrim.es\\\/en\\\/portuguese-way\\\/coimbra\\\/#primaryimage\"},\"image\":{\"@id\":\"https:\\\/\\\/www.pilgrim.es\\\/en\\\/portuguese-way\\\/coimbra\\\/#primaryimage\"},\"thumbnailUrl\":\"https:\\\/\\\/www.pilgrim.es\\\/wp-content\\\/uploads\\\/2019\\\/02\\\/Coimbra-520x370.jpg\",\"datePublished\":\"2025-03-17T13:55:33+00:00\",\"description\":\"Co\u00edmbra Discover all the information you need about accommodation, how to get there, gastronomy and the main points of interest in the towns along the Portuguese Way.\",\"breadcrumb\":{\"@id\":\"https:\\\/\\\/www.pilgrim.es\\\/en\\\/portuguese-way\\\/coimbra\\\/#breadcrumb\"},\"inLanguage\":\"en-US\",\"potentialAction\":[{\"@type\":\"ReadAction\",\"target\":[\"https:\\\/\\\/www.pilgrim.es\\\/en\\\/portuguese-way\\\/coimbra\\\/\"]}]},{\"@type\":\"ImageObject\",\"inLanguage\":\"en-US\",\"@id\":\"https:\\\/\\\/www.pilgrim.es\\\/en\\\/portuguese-way\\\/coimbra\\\/#primaryimage\",\"url\":\"https:\\\/\\\/www.pilgrim.es\\\/wp-content\\\/uploads\\\/2019\\\/02\\\/Coimbra-520x370.jpg\",\"contentUrl\":\"https:\\\/\\\/www.pilgrim.es\\\/wp-content\\\/uploads\\\/2019\\\/02\\\/Coimbra-520x370.jpg\",\"width\":520,\"height\":370,\"caption\":\"Coimbra\"},{\"@type\":\"BreadcrumbList\",\"@id\":\"https:\\\/\\\/www.pilgrim.es\\\/en\\\/portuguese-way\\\/coimbra\\\/#breadcrumb\",\"itemListElement\":[{\"@type\":\"ListItem\",\"position\":1,\"name\":\"Camino de Santiago\",\"item\":\"https:\\\/\\\/www.pilgrim.es\\\/en\\\/\"},{\"@type\":\"ListItem\",\"position\":2,\"name\":\"Portuguese Way\",\"item\":\"https:\\\/\\\/www.pilgrim.es\\\/en\\\/portuguese-way\\\/\"},{\"@type\":\"ListItem\",\"position\":3,\"name\":\"Co\u00edmbra\"}]},{\"@type\":\"WebSite\",\"@id\":\"https:\\\/\\\/www.pilgrim.es\\\/en\\\/#website\",\"url\":\"https:\\\/\\\/www.pilgrim.es\\\/en\\\/\",\"name\":\"Pilgrim\",\"description\":\"Camino de Santiago | Caminamos Contigo\",\"publisher\":{\"@id\":\"https:\\\/\\\/www.pilgrim.es\\\/en\\\/#organization\"},\"potentialAction\":[{\"@type\":\"SearchAction\",\"target\":{\"@type\":\"EntryPoint\",\"urlTemplate\":\"https:\\\/\\\/www.pilgrim.es\\\/en\\\/?s={search_term_string}\"},\"query-input\":{\"@type\":\"PropertyValueSpecification\",\"valueRequired\":true,\"valueName\":\"search_term_string\"}}],\"inLanguage\":\"en-US\"},{\"@type\":\"Organization\",\"@id\":\"https:\\\/\\\/www.pilgrim.es\\\/en\\\/#organization\",\"name\":\"Pilgrim Camino de Santiago\",\"url\":\"https:\\\/\\\/www.pilgrim.es\\\/en\\\/\",\"logo\":{\"@type\":\"ImageObject\",\"inLanguage\":\"en-US\",\"@id\":\"https:\\\/\\\/www.pilgrim.es\\\/en\\\/#\\\/schema\\\/logo\\\/image\\\/\",\"url\":\"https:\\\/\\\/www.pilgrim.es\\\/wp-content\\\/uploads\\\/2019\\\/04\\\/logo_pilgrim.png\",\"contentUrl\":\"https:\\\/\\\/www.pilgrim.es\\\/wp-content\\\/uploads\\\/2019\\\/04\\\/logo_pilgrim.png\",\"width\":512,\"height\":512,\"caption\":\"Pilgrim Camino de Santiago\"},\"image\":{\"@id\":\"https:\\\/\\\/www.pilgrim.es\\\/en\\\/#\\\/schema\\\/logo\\\/image\\\/\"},\"sameAs\":[\"https:\\\/\\\/www.facebook.com\\\/pilgrim.es\\\/\",\"https:\\\/\\\/x.com\\\/pilgrim_es\",\"https:\\\/\\\/www.instagram.com\\\/pilgrim.es\\\/\",\"https:\\\/\\\/www.linkedin.com\\\/company\\\/pilgrim-camino-de-santiago\\\/\",\"https:\\\/\\\/www.pinterest.es\\\/pilgrimcaminodesantiago\\\/\",\"https:\\\/\\\/www.youtube.com\\\/channel\\\/UCIv2ZzFLXVqthkNF32rKedw\\\/featured\"]}]}<\/script>\n<!-- \/ Yoast SEO plugin. -->","yoast_head_json":{"title":"Co\u00edmbra: What to see and where to stay | Camino de Santiago | Pilgrim","description":"Co\u00edmbra Discover all the information you need about accommodation, how to get there, gastronomy and the main points of interest in the towns along the Portuguese Way.","robots":{"index":"index","follow":"follow","max-snippet":"max-snippet:-1","max-image-preview":"max-image-preview:large","max-video-preview":"max-video-preview:-1"},"canonical":"https:\/\/www.pilgrim.es\/en\/portuguese-way\/coimbra\/","og_locale":"en_US","og_type":"article","og_title":"Co\u00edmbra: What to see and where to stay | Camino de Santiago | Pilgrim","og_description":"Co\u00edmbra Discover all the information you need about accommodation, how to get there, gastronomy and the main points of interest in the towns along the Portuguese Way.","og_url":"https:\/\/www.pilgrim.es\/en\/portuguese-way\/coimbra\/","og_site_name":"Pilgrim","article_publisher":"https:\/\/www.facebook.com\/pilgrim.es\/","og_image":[{"width":520,"height":370,"url":"https:\/\/www.pilgrim.es\/wp-content\/uploads\/2019\/02\/Coimbra-520x370.jpg","type":"image\/jpeg"}],"twitter_card":"summary_large_image","twitter_site":"@pilgrim_es","twitter_misc":{"Est. reading time":"18 minutes"},"schema":{"@context":"https:\/\/schema.org","@graph":[{"@type":"WebPage","@id":"https:\/\/www.pilgrim.es\/en\/portuguese-way\/coimbra\/","url":"https:\/\/www.pilgrim.es\/en\/portuguese-way\/coimbra\/","name":"Co\u00edmbra: What to see and where to stay | Camino de Santiago | Pilgrim","isPartOf":{"@id":"https:\/\/www.pilgrim.es\/en\/#website"},"primaryImageOfPage":{"@id":"https:\/\/www.pilgrim.es\/en\/portuguese-way\/coimbra\/#primaryimage"},"image":{"@id":"https:\/\/www.pilgrim.es\/en\/portuguese-way\/coimbra\/#primaryimage"},"thumbnailUrl":"https:\/\/www.pilgrim.es\/wp-content\/uploads\/2019\/02\/Coimbra-520x370.jpg","datePublished":"2025-03-17T13:55:33+00:00","description":"Co\u00edmbra Discover all the information you need about accommodation, how to get there, gastronomy and the main points of interest in the towns along the Portuguese Way.","breadcrumb":{"@id":"https:\/\/www.pilgrim.es\/en\/portuguese-way\/coimbra\/#breadcrumb"},"inLanguage":"en-US","potentialAction":[{"@type":"ReadAction","target":["https:\/\/www.pilgrim.es\/en\/portuguese-way\/coimbra\/"]}]},{"@type":"ImageObject","inLanguage":"en-US","@id":"https:\/\/www.pilgrim.es\/en\/portuguese-way\/coimbra\/#primaryimage","url":"https:\/\/www.pilgrim.es\/wp-content\/uploads\/2019\/02\/Coimbra-520x370.jpg","contentUrl":"https:\/\/www.pilgrim.es\/wp-content\/uploads\/2019\/02\/Coimbra-520x370.jpg","width":520,"height":370,"caption":"Coimbra"},{"@type":"BreadcrumbList","@id":"https:\/\/www.pilgrim.es\/en\/portuguese-way\/coimbra\/#breadcrumb","itemListElement":[{"@type":"ListItem","position":1,"name":"Camino de Santiago","item":"https:\/\/www.pilgrim.es\/en\/"},{"@type":"ListItem","position":2,"name":"Portuguese Way","item":"https:\/\/www.pilgrim.es\/en\/portuguese-way\/"},{"@type":"ListItem","position":3,"name":"Co\u00edmbra"}]},{"@type":"WebSite","@id":"https:\/\/www.pilgrim.es\/en\/#website","url":"https:\/\/www.pilgrim.es\/en\/","name":"Pilgrim","description":"Camino de Santiago | Caminamos Contigo","publisher":{"@id":"https:\/\/www.pilgrim.es\/en\/#organization"},"potentialAction":[{"@type":"SearchAction","target":{"@type":"EntryPoint","urlTemplate":"https:\/\/www.pilgrim.es\/en\/?s={search_term_string}"},"query-input":{"@type":"PropertyValueSpecification","valueRequired":true,"valueName":"search_term_string"}}],"inLanguage":"en-US"},{"@type":"Organization","@id":"https:\/\/www.pilgrim.es\/en\/#organization","name":"Pilgrim Camino de Santiago","url":"https:\/\/www.pilgrim.es\/en\/","logo":{"@type":"ImageObject","inLanguage":"en-US","@id":"https:\/\/www.pilgrim.es\/en\/#\/schema\/logo\/image\/","url":"https:\/\/www.pilgrim.es\/wp-content\/uploads\/2019\/04\/logo_pilgrim.png","contentUrl":"https:\/\/www.pilgrim.es\/wp-content\/uploads\/2019\/04\/logo_pilgrim.png","width":512,"height":512,"caption":"Pilgrim Camino de Santiago"},"image":{"@id":"https:\/\/www.pilgrim.es\/en\/#\/schema\/logo\/image\/"},"sameAs":["https:\/\/www.facebook.com\/pilgrim.es\/","https:\/\/x.com\/pilgrim_es","https:\/\/www.instagram.com\/pilgrim.es\/","https:\/\/www.linkedin.com\/company\/pilgrim-camino-de-santiago\/","https:\/\/www.pinterest.es\/pilgrimcaminodesantiago\/","https:\/\/www.youtube.com\/channel\/UCIv2ZzFLXVqthkNF32rKedw\/featured"]}]}},"_links":{"self":[{"href":"https:\/\/www.pilgrim.es\/en\/wp-json\/wp\/v2\/pages\/91185","targetHints":{"allow":["GET"]}}],"collection":[{"href":"https:\/\/www.pilgrim.es\/en\/wp-json\/wp\/v2\/pages"}],"about":[{"href":"https:\/\/www.pilgrim.es\/en\/wp-json\/wp\/v2\/types\/page"}],"replies":[{"embeddable":true,"href":"https:\/\/www.pilgrim.es\/en\/wp-json\/wp\/v2\/comments?post=91185"}],"version-history":[{"count":0,"href":"https:\/\/www.pilgrim.es\/en\/wp-json\/wp\/v2\/pages\/91185\/revisions"}],"up":[{"embeddable":true,"href":"https:\/\/www.pilgrim.es\/en\/wp-json\/wp\/v2\/pages\/36303"}],"wp:featuredmedia":[{"embeddable":true,"href":"https:\/\/www.pilgrim.es\/en\/wp-json\/wp\/v2\/media\/3223"}],"wp:attachment":[{"href":"https:\/\/www.pilgrim.es\/en\/wp-json\/wp\/v2\/media?parent=91185"}],"wp:term":[{"taxonomy":"category","embeddable":true,"href":"https:\/\/www.pilgrim.es\/en\/wp-json\/wp\/v2\/categories?post=91185"},{"taxonomy":"post_tag","embeddable":true,"href":"https:\/\/www.pilgrim.es\/en\/wp-json\/wp\/v2\/tags?post=91185"}],"curies":[{"name":"wp","href":"https:\/\/api.w.org\/{rel}","templated":true}]}}