{"id":91086,"date":"2025-03-17T13:16:34","date_gmt":"2025-03-17T13:16:34","guid":{"rendered":"https:\/\/www.pilgrim.es\/french-way\/carrion-de-los-condes\/"},"modified":"2025-03-17T13:16:34","modified_gmt":"2025-03-17T13:16:34","slug":"carrion-de-los-condes","status":"publish","type":"page","link":"https:\/\/www.pilgrim.es\/en\/french-way\/carrion-de-los-condes\/","title":{"rendered":"Carri\u00f3n de los Condes"},"content":{"rendered":" <section id=\"hero\">\n\t<h1>Carri\u00f3n de los Condes<\/h1>\n\t<div class=\"hero-grid\">\n\t\t<div class=\"hero-grid__town-col\" data-background=\"https:\/\/cdn.pilgrim.es\/web\/caminos\/camino-frances\/pueblos\/carrion-de-los-condes\/carrion-de-los-condes.jpg\">\n\t\t\t<div>\n\t\t\t\t<a class=\"link-to-stage\" href=\"https:\/\/www.pilgrim.es\/camino-frances\/etapa-16-fromista-carrion-de-los-condes\/\">\n\t\t\t\t\t<p>&#8249; Back to the stage<\/p>\n\t\t\t\t<\/a>\n\n\t\t\t\t<div class=\"town-data\">\n\t\t\t\t\t<h2>Carri\u00f3n de los Condes<\/h2>\n\t\t\t\t\t<ul>\n\t\t\t\t\t\t<li>Residents: 2.198 aprox.<\/li>\n\t\t\t\t\t\t<li>Province: Palencia<\/li>\n\t\t\t\t\t<\/ul>\n\t\t\t\t<\/div>\n\t\t\t<\/div>\n\t\t<\/div>\n\t\t<div class=\"hero-grid__planner-col\"><div\r\n  class=\"p-col-span-1 p-rounded-lg p-px-5 p-h-full\"\r\n  style=\"background-image: url('https:\/\/cdn.pilgrim.es\/web\/pilgrim-planner\/bg-plugin-planificador.webp')\"\r\n  rel=\"preload\"\r\n  fetchpriority=\"high\"\r\n  >\r\n    <div class=\"p-text-center p-pt-5 p-text-white p-text-2xl p-font-semibold\">\r\n      Plan your journey    <\/div>\r\n    <div\r\n            id='primary-app'\r\n            data-name='banner'\r\n            data-api='https:\/\/pathfinder.pilgrim.es\/api\/pathfinder\/v2'\r\n            data-mode='normal'\r\n            data-lang='en'\r\n            data-route='1'\r\n            data-destiny='https:\/\/planificador.pilgrim.es'\r\n            data-modality='1'\r\n            data-inline=''\r\n        ><\/div><\/div><\/div>\n\t<\/div>\n<\/section>\n\n<section id=\"infoTown\">\n\t<div class=\"sections-town\">\n\n\t\t<div id=\"informationSection\">\n\t\t\t<div>\n\t\t\t\t<h2 class=\"p-h2-town\">Information<\/h2>\n\t\t\t\t<hr>\n\t\t\t\t<h3 class=\"p-h3-town\">Get to know Carri\u00f3n de los Condes<\/h3>\n\t\t\t<\/div>\n\t\t\t<p>Carri\u00f3n de los Condes is a small town that has had a very important past, so much so that it has been home to such important historical figures as the Retes, the Infantes de Carri\u00f3n and the Marquis of Santillana.<\/p> <p>At this end of the stage, pilgrims will find all the services they need.<\/p> <p>\n\t\t<\/div>\n\n\t\t<div id=\"locationSection\">\n\t\t\t<div>\n\t\t\t\t<h2 class=\"p-h2-town\">Location<\/h2>\n\t\t\t\t<hr>\n\t\t\t\t<h3 class=\"p-h3-town\">How to get there<\/h3>\n\t\t\t<\/div>\n\t\t\t<p>The main way to get to Carri\u00f3n de los Condes by car is heading to Palencia and from there take the CL-615 and after 40km you will reach the center of town. Another option is to go from Burgos on the A-231 or Le\u00f3n on the same road in the opposite direction.\n\n<p>The other alternative could be to get to any of these three major cities (Burgos, Leon and Palencia) either by car, bus or train and go to Carrion de los Condes by bus. From Palencia the company AJA provides the service and offers daily lines with various timetables in both directions. From Burgos the company is ALSA and there is a daily bus that makes the route. From Leon also does this company and also offers a daily bus except on Saturday that there is not.\n\t\t\t<div>\n\t\t\t\t<div>\n  <iframe loading=\"lazy\"\n    src=\"https:\/\/www.google.com\/maps\/d\/embed?mid=1EHRSygUNLoO_P5tW9j2JGXqS6bxu8RQ&amp;ehbc=2E312F\"\n    width=\"640\"\n    height=\"480\"\n    alt=\"Mapa Carri\u00f3n de los Condes\"\n  ><\/iframe>\n<\/div>\n\n\t\t\t<\/div>\n\t\t<\/div>\n\n\t\t\n\t\t\t<div id=\"toVisitSection\">\n\t\t\t\t<div>\n\t\t\t\t\t<h2 class=\"p-h2-town\">History \/ Culture<\/h2>\n\t\t\t\t\t<hr>\n\t\t\t\t\t<h3 class=\"p-h3-town\">What to see<\/h3>\n\t\t\t\t<\/div>\n\t\t\t\t<div>\n\t\t\t\t\t<div class=\"accordion\">\n\t\t\t\t\t\t<div class=\"accordion__menu\">\n\t\t\t\t\t\t\t<nav>\n\t\t\t\t\t\t\t\t\n\t\t\t\t\t\t\t\t\t<button class=\"nav-tab-accordion active\"><span>&#10093;<\/span><span> Iglesia San Juli\u00e1n<\/span><\/button>\n\t\t\t\t\t\t\t\t\n\t\t\t\t\t\t\t\t\t<button class=\"nav-tab-accordion \"><span>&#10093;<\/span><span> Casa del \u00c1guila<\/span><\/button>\n\t\t\t\t\t\t\t\t\n\t\t\t\t\t\t\t\t\t<button class=\"nav-tab-accordion \"><span>&#10093;<\/span><span> Puente Mayor<\/span><\/button>\n\t\t\t\t\t\t\t\t\n\t\t\t\t\t\t\t\t\t<button class=\"nav-tab-accordion \"><span>&#10093;<\/span><span> Ermita de la Piedad<\/span><\/button>\n\t\t\t\t\t\t\t\t\n\t\t\t\t\t\t\t\t\t<button class=\"nav-tab-accordion \"><span>&#10093;<\/span><span> Real Monasterio de San Zoilo<\/span><\/button>\n\t\t\t\t\t\t\t\t\n\t\t\t\t\t\t\t\t\t<button class=\"nav-tab-accordion \"><span>&#10093;<\/span><span> Museo de Santiago<\/span><\/button>\n\t\t\t\t\t\t\t\t\n\t\t\t\t\t\t\t\t\t<button class=\"nav-tab-accordion \"><span>&#10093;<\/span><span> Monasterio de San Francisco<\/span><\/button>\n\t\t\t\t\t\t\t\t\n\t\t\t\t\t\t\t\t\t<button class=\"nav-tab-accordion \"><span>&#10093;<\/span><span> La Inmaculada Concepci\u00f3n<\/span><\/button>\n\t\t\t\t\t\t\t\t\n\t\t\t\t\t\t\t\t\t<button class=\"nav-tab-accordion \"><span>&#10093;<\/span><span> Iglesia de Santiago<\/span><\/button>\n\t\t\t\t\t\t\t\t\n\t\t\t\t\t\t\t\t\t<button class=\"nav-tab-accordion \"><span>&#10093;<\/span><span> Iglesia de Santa Mar\u00eda del Camino<\/span><\/button>\n\t\t\t\t\t\t\t\t\n\t\t\t\t\t\t\t\t\t<button class=\"nav-tab-accordion \"><span>&#10093;<\/span><span> Iglesia de Santa Clara<\/span><\/button>\n\t\t\t\t\t\t\t\t\n\t\t\t\t\t\t\t\t\t<button class=\"nav-tab-accordion \"><span>&#10093;<\/span><span> Museo de Santa Clara<\/span><\/button>\n\t\t\t\t\t\t\t\t\n\t\t\t\t\t\t\t\t\t<button class=\"nav-tab-accordion \"><span>&#10093;<\/span><span> Casa de los Gir\u00f3n<\/span><\/button>\n\t\t\t\t\t\t\t\t\n\t\t\t\t\t\t\t\t\t<button class=\"nav-tab-accordion \"><span>&#10093;<\/span><span> Casa del Marqu\u00e9s de Santillana<\/span><\/button>\n\t\t\t\t\t\t\t\t\n\t\t\t\t\t\t\t\t\t<button class=\"nav-tab-accordion \"><span>&#10093;<\/span><span> Iglesia de Nuestra Se\u00f1ora de Bel\u00e9n<\/span><\/button>\n\t\t\t\t\t\t\t\t\n\t\t\t\t\t\t\t\t\t<button class=\"nav-tab-accordion \"><span>&#10093;<\/span><span> Casa de la Cultura<\/span><\/button>\n\t\t\t\t\t\t\t\t\n\t\t\t\t\t\t\t\t\t<button class=\"nav-tab-accordion \"><span>&#10093;<\/span><span> Casa de la Calle Padre Gil<\/span><\/button>\n\t\t\t\t\t\t\t\t\n\t\t\t\t\t\t\t\t\t<button class=\"nav-tab-accordion \"><span>&#10093;<\/span><span> Iglesia de San Andr\u00e9s Ap\u00f3stol<\/span><\/button>\n\t\t\t\t\t\t\t\t\n\t\t\t\t\t\t\t\t\t<button class=\"nav-tab-accordion \"><span>&#10093;<\/span><span> Convento Hijas de la Caridad<\/span><\/button>\n\t\t\t\t\t\t\t\t\n\t\t\t\t\t\t\t\t\t<button class=\"nav-tab-accordion \"><span>&#10093;<\/span><span> Convento de la Sant\u00edsima Trinidad<\/span><\/button>\n\t\t\t\t\t\t\t\t\n\t\t\t\t\t\t\t\t\t<button class=\"nav-tab-accordion \"><span>&#10093;<\/span><span> San Juli\u00e1n de Cestillos<\/span><\/button>\n\t\t\t\t\t\t\t\t\n\t\t\t\t\t\t\t\t\t<button class=\"nav-tab-accordion \"><span>&#10093;<\/span><span> Real Monasterio de Santa Clara<\/span><\/button>\n\t\t\t\t\t\t\t\t\n\t\t\t\t\t\t\t<\/nav>\n\t\t\t\t\t\t<\/div>\n\n\t\t\t\t\t\t\n\t\t\t\t\t\t\t<div class=\"accordion__accordion-content \">\n\t\t\t\t\t\t\t\t<div>\n\t\t\t\t\t\t\t\t\t<div>\n\t\t\t\t\t\t\t\t\t\t<h4>Iglesia San Juli\u00e1n<\/h4>\n\t\t\t\t\t\t\t\t\t\t<p>The Church of San Julian has a single nave, with a Latin cross plan and built in brick. It was fully restored in the sixteenth and seventeenth centuries, which allowed to preserve the facade of the late sixteenth century, with two coats of arms and a niche with the carving of St. Julian in wood on a pedestal on which you can read: &#8220;ANGEL DE BERRIO PATRONO DE S. JULIAN&#8221;. <\/p>\n\n<p>The interior is covered by a barrel vault with lunettes and a dome over the transept, on the sides of which were placed the arms of the Marquis of Villasante. We also find the best set of baroque altarpieces of the town with sculptures made by Pedro del Mazo V\u00e9lez in 1706. <\/p>\n\t\t\t\t\t\t\t\t\t<\/div>\n\t\t\t\t\t\t\t\t\t<img decoding=\"async\" src=\"https:\/\/cdn.pilgrim.es\/web\/caminos\/camino-frances\/pueblos\/carrion-de-los-condes\/puntos-de-interes\/iglesia-san-julian.jpg\" alt=\"Iglesia San Juli\u00e1n\">\n\t\t\t\t\t\t\t\t<\/div>\n\t\t\t\t\t\t\t<\/div>\n\t\t\t\t\t\t\n\t\t\t\t\t\t\t<div class=\"accordion__accordion-content inactive\">\n\t\t\t\t\t\t\t\t<div>\n\t\t\t\t\t\t\t\t\t<div>\n\t\t\t\t\t\t\t\t\t\t<h4>Casa del \u00c1guila<\/h4>\n\t\t\t\t\t\t\t\t\t\t<p>The Casa del \u00c1guila is considered a palace-house, which belonged to the Velasco family. It was the birthplace of Don Luis de Velasco, second viceroy of New Spain and his son, who became viceroy of Peru and New Spain. <\/p>\n\n<p>It was one of the oldest civil buildings in the city, but because it remained closed and neglected for many years, it was completely destroyed, with the exception of the facade, in 1999 in order to rebuild it from scratch. <\/p>\n\t\t\t\t\t\t\t\t\t<\/div>\n\t\t\t\t\t\t\t\t\t<img decoding=\"async\" src=\"https:\/\/cdn.pilgrim.es\/web\/caminos\/camino-frances\/pueblos\/carrion-de-los-condes\/puntos-de-interes\/casa-del-aguila.jpg\" alt=\"Casa del \u00c1guila\">\n\t\t\t\t\t\t\t\t<\/div>\n\t\t\t\t\t\t\t<\/div>\n\t\t\t\t\t\t\n\t\t\t\t\t\t\t<div class=\"accordion__accordion-content inactive\">\n\t\t\t\t\t\t\t\t<div>\n\t\t\t\t\t\t\t\t\t<div>\n\t\t\t\t\t\t\t\t\t\t<h4>Puente Mayor<\/h4>\n\t\t\t\t\t\t\t\t\t\t<p>The main bridge has seven spans built in ashlar stone and compacted blocks of lime, sand and stone. There is also documentation that indicates that it was provided with fortified doors at its ends, but only endured until the second half of the sixteenth century, when it was demolished. <\/p>\n\t\t\t\t\t\t\t\t\t<\/div>\n\t\t\t\t\t\t\t\t\t<img decoding=\"async\" src=\"https:\/\/cdn.pilgrim.es\/web\/caminos\/camino-frances\/pueblos\/carrion-de-los-condes\/puntos-de-interes\/puente-mayor.jpg\" alt=\"Puente Mayor\">\n\t\t\t\t\t\t\t\t<\/div>\n\t\t\t\t\t\t\t<\/div>\n\t\t\t\t\t\t\n\t\t\t\t\t\t\t<div class=\"accordion__accordion-content inactive\">\n\t\t\t\t\t\t\t\t<div>\n\t\t\t\t\t\t\t\t\t<div>\n\t\t\t\t\t\t\t\t\t\t<h4>Ermita de la Piedad<\/h4>\n\t\t\t\t\t\t\t\t\t\t<p>The Ermita de la Piedad is located in the vicinity of the Monastery of Santa Clara, being the first temple that all pilgrims encounter at the entrance of Carri\u00f3n de los Condes. <\/p>\n\n<p>The stone chevet is Gothic in style, while the rest of the building is made of brick. This hermitage was rebuilt under the patronage of the abbess Sister Luisa de la Ascensi\u00f3n in 1625, as indicated by an inscription that can be read on the ceiling of the same. It is also recorded that it was renovated in the nineteenth century, but since 1993 what remains is exposed in the Church of Santiago.<\/p> <p>\n\t\t\t\t\t\t\t\t\t<\/div>\n\t\t\t\t\t\t\t\t\t<img decoding=\"async\" src=\"https:\/\/cdn.pilgrim.es\/web\/caminos\/camino-frances\/pueblos\/carrion-de-los-condes\/puntos-de-interes\/ermita-de-la-piedad.jpg\" alt=\"Ermita de la Piedad\">\n\t\t\t\t\t\t\t\t<\/div>\n\t\t\t\t\t\t\t<\/div>\n\t\t\t\t\t\t\n\t\t\t\t\t\t\t<div class=\"accordion__accordion-content inactive\">\n\t\t\t\t\t\t\t\t<div>\n\t\t\t\t\t\t\t\t\t<div>\n\t\t\t\t\t\t\t\t\t\t<h4>Real Monasterio de San Zoilo<\/h4>\n\t\t\t\t\t\t\t\t\t\t<p>The Royal Monastery of San Zoilo was declared an Asset of Cultural Interest (BIC) on July 11, 2002.\n\n<p>The monastery had various uses over time, first as a religious and political center of the first order, then as a residence of kings and in the Middle Ages it was used as a pilgrimage center.<\/p> &lt;p\n\n<p>At the beginning of the 19th century, the monastery was affected by several processes of disentailment and exclaustration, so in 1954 it was converted into a Diocesan Minor Seminary until 1986. Subsequently, in 1992, the Diocese sold the property, reserving the ownership of the monumental part, although a large hotel complex was installed in the building.\n\n<p>During the refurbishment of the hotel complex, a Romanesque doorway dating from the 11th and 12th centuries was discovered in the Galilean room, which had remained walled up since the construction of the present church in the 16th and 17th centuries. This is the reason why the state of conservation is excellent.\n\t\t\t\t\t\t\t\t\t<\/div>\n\t\t\t\t\t\t\t\t\t<img decoding=\"async\" src=\"https:\/\/cdn.pilgrim.es\/web\/caminos\/camino-frances\/pueblos\/carrion-de-los-condes\/puntos-de-interes\/monasterio-san-zoilo.jpg\" alt=\"Real Monasterio de San Zoilo\">\n\t\t\t\t\t\t\t\t<\/div>\n\t\t\t\t\t\t\t<\/div>\n\t\t\t\t\t\t\n\t\t\t\t\t\t\t<div class=\"accordion__accordion-content inactive\">\n\t\t\t\t\t\t\t\t<div>\n\t\t\t\t\t\t\t\t\t<div>\n\t\t\t\t\t\t\t\t\t\t<h4>Museo de Santiago<\/h4>\n\t\t\t\t\t\t\t\t\t\t<p>The Museum of Sacred Art is also known as the Museum of Santiago, since it has been located inside the church of Santiago since 1993. In this space are preserved pieces from the artistic funds of the parish of Santa Maria, the Church of Santiago itself and the hermitages of San Juan de Cestillos and La Piedad. <\/p>\n\n<p>It also collects other objects from the defunct parish church of San Juan del Mercado and the extinct monasteries of San Francisco and Santa Isabel, as well as other donations from a neighbor of the area, such as pieces of goldsmithery, cantorales, lecterns, paintings, sculptures, etc.<\/p> <p>.\n\t\t\t\t\t\t\t\t\t<\/div>\n\t\t\t\t\t\t\t\t\t<img decoding=\"async\" src=\"https:\/\/cdn.pilgrim.es\/web\/caminos\/camino-frances\/pueblos\/carrion-de-los-condes\/puntos-de-interes\/museo-santiago.jpg\" alt=\"Museo de Santiago\">\n\t\t\t\t\t\t\t\t<\/div>\n\t\t\t\t\t\t\t<\/div>\n\t\t\t\t\t\t\n\t\t\t\t\t\t\t<div class=\"accordion__accordion-content inactive\">\n\t\t\t\t\t\t\t\t<div>\n\t\t\t\t\t\t\t\t\t<div>\n\t\t\t\t\t\t\t\t\t\t<h4>Monasterio de San Francisco<\/h4>\n\t\t\t\t\t\t\t\t\t\t<p>The Monastery of San Francisco de Carri\u00f3n de los Condes was founded at the beginning of the 13th century. Years later, after the effects of the War of Independence (1811) and the disentailment of the monastery, it was abandoned due to its poor condition, but in 1971 Daniel \u00c1lvarez de Bobadilla acquired the remains.<\/p> &lt;p\n\n<p>At present the little that remains of the monastery is in the museum of the Monastery of Santa Clara, such as the work of San Pedro Regalado, San Antonio de Padua, San Diego de Alcal\u00e1, the Virgin of the Angels, San Luis Obispo and San Crist\u00f3bal.<\/p>\n\t\t\t\t\t\t\t\t\t<\/div>\n\t\t\t\t\t\t\t\t\t<img decoding=\"async\" src=\"https:\/\/cdn.pilgrim.es\/web\/caminos\/camino-frances\/pueblos\/carrion-de-los-condes\/puntos-de-interes\/monasterio-san-francisco.jpg\" alt=\"Monasterio de San Francisco\">\n\t\t\t\t\t\t\t\t<\/div>\n\t\t\t\t\t\t\t<\/div>\n\t\t\t\t\t\t\n\t\t\t\t\t\t\t<div class=\"accordion__accordion-content inactive\">\n\t\t\t\t\t\t\t\t<div>\n\t\t\t\t\t\t\t\t\t<div>\n\t\t\t\t\t\t\t\t\t\t<h4>La Inmaculada Concepci\u00f3n<\/h4>\n\t\t\t\t\t\t\t\t\t\t<p>The Image of the Immaculate Conception is placed in the Plaza de Santa Maria, completing the renovations of the Plaza in 1971-1972.  The Image dating from 1905 is made of iron, imitating the statue that is in the Plaza of Spain in Rome. <\/p>\n\n<p>Recently works have been carried out in the square and the opportunity was taken to restore the iron statue, cleaning it to subsequently treat the oxidation and then protect it with an anti-humidity varnish. <\/p>\n\t\t\t\t\t\t\t\t\t<\/div>\n\t\t\t\t\t\t\t\t\t<img decoding=\"async\" src=\"https:\/\/cdn.pilgrim.es\/web\/caminos\/camino-frances\/pueblos\/carrion-de-los-condes\/puntos-de-interes\/san-julian-cestillos.jpg\" alt=\"La Inmaculada Concepci\u00f3n\">\n\t\t\t\t\t\t\t\t<\/div>\n\t\t\t\t\t\t\t<\/div>\n\t\t\t\t\t\t\n\t\t\t\t\t\t\t<div class=\"accordion__accordion-content inactive\">\n\t\t\t\t\t\t\t\t<div>\n\t\t\t\t\t\t\t\t\t<div>\n\t\t\t\t\t\t\t\t\t\t<h4>Iglesia de Santiago<\/h4>\n\t\t\t\t\t\t\t\t\t\t<p>The church of Santiago de Carri\u00f3n de los Condes, built in the 12th century, was declared an Asset of Cultural Interest. <\/p>\n\n<p>The western facade of the temple stands out especially as it is formed by a semicircular arched doorway with a figured archivolt in which the medieval trades of Carri\u00f3n appear. The facade is striking because it has 24 figures, 22 human and 2 lions, these are represented from left to right. <\/p>\n\t\t\t\t\t\t\t\t\t<\/div>\n\t\t\t\t\t\t\t\t\t<img decoding=\"async\" src=\"https:\/\/cdn.pilgrim.es\/web\/caminos\/camino-frances\/pueblos\/carrion-de-los-condes\/puntos-de-interes\/iglesia-santiago.jpg\" alt=\"Iglesia de Santiago\">\n\t\t\t\t\t\t\t\t<\/div>\n\t\t\t\t\t\t\t<\/div>\n\t\t\t\t\t\t\n\t\t\t\t\t\t\t<div class=\"accordion__accordion-content inactive\">\n\t\t\t\t\t\t\t\t<div>\n\t\t\t\t\t\t\t\t\t<div>\n\t\t\t\t\t\t\t\t\t\t<h4>Iglesia de Santa Mar\u00eda del Camino<\/h4>\n\t\t\t\t\t\t\t\t\t\t<p>The church of Santa Mar\u00eda del Camino has a Romanesque style. It was built in the mid-twelfth century with three naves of four sections, being the widest the central one, with two apses and a transept that protrudes in height, besides having a bell tower at the foot of the church.\n\n<p>It is dedicated to the Virgin of Victories in allusion to the defeat suffered by the Muslims, when they came to Carrion to collect the &#8220;Tribute of the Hundred Maidens&#8221;. The Christians of King Mauregato had to pay Miramamol\u00edn with one hundred girls, and Carri\u00f3n had to deliver four of them. On leaving the town, the girls begged to say goodbye to the Virgin and this, on hearing their prayers, made four bulls appear, which caused the Muslims to flee, leaving the girls free. <\/p>\n\t\t\t\t\t\t\t\t\t<\/div>\n\t\t\t\t\t\t\t\t\t<img decoding=\"async\" src=\"https:\/\/cdn.pilgrim.es\/web\/caminos\/camino-frances\/pueblos\/carrion-de-los-condes\/puntos-de-interes\/iglesia-santa-maria-del-camino.jpg\" alt=\"Iglesia de Santa Mar\u00eda del Camino\">\n\t\t\t\t\t\t\t\t<\/div>\n\t\t\t\t\t\t\t<\/div>\n\t\t\t\t\t\t\n\t\t\t\t\t\t\t<div class=\"accordion__accordion-content inactive\">\n\t\t\t\t\t\t\t\t<div>\n\t\t\t\t\t\t\t\t\t<div>\n\t\t\t\t\t\t\t\t\t\t<h4>Iglesia de Santa Clara<\/h4>\n\t\t\t\t\t\t\t\t\t\t<p>The Church of Santa Clara arose between 1614 and 1621 from the union of a very humble primitive church of the monastery with that of the Holy Spirit of the Augustinian Regulars, resulting in a church of classical Renaissance style.<\/p> <p>The Church of Santa Clara was built between 1614 and 1621.\n\n<p>The Abbess Sister Luisa de la Ascensi\u00f3n Colmenares built it thanks to a donation from Philip III (1598-1621) and the rents granted by Philip IV (1621-1665), as well as gifts from the wives of both in gratitude for the good advice and prayers of the latter. The temple is of ashlar masonry and the church consists of a single nave, with a barrel vault with lunettes and dome in the transept with flat plasterwork and several small chapels with niches.\n\t\t\t\t\t\t\t\t\t<\/div>\n\t\t\t\t\t\t\t\t\t<img decoding=\"async\" src=\"https:\/\/cdn.pilgrim.es\/web\/caminos\/camino-frances\/pueblos\/carrion-de-los-condes\/puntos-de-interes\/iglesia-santiago.jpg\" alt=\"Iglesia de Santa Clara\">\n\t\t\t\t\t\t\t\t<\/div>\n\t\t\t\t\t\t\t<\/div>\n\t\t\t\t\t\t\n\t\t\t\t\t\t\t<div class=\"accordion__accordion-content inactive\">\n\t\t\t\t\t\t\t\t<div>\n\t\t\t\t\t\t\t\t\t<div>\n\t\t\t\t\t\t\t\t\t\t<h4>Museo de Santa Clara<\/h4>\n\t\t\t\t\t\t\t\t\t\t<p>The Santa Clara Museum was inaugurated on April 4, 1987, but a few years later, in 1993, it was expanded by adding another room. In 2002 a second expansion was carried out incorporating new showcases, paintings, sculptures and other objects, as well as a collection of coins and a collection of nativity scenes from all over the world.<\/p> &lt;p\n\n<p>The museum exhibits pieces from the monastery of Santa Clara and former convents such as Santa Isabel (now disappeared) and San Francisco (disappeared), we will also find other pieces that were donated or acquired by the community.\n\n<p>As a curiosity it is worth noting that inside the museum, from December to February, there is a collection of cribs started in the twentieth century by Sister Maria Micaela Velon de Francisco. Right now there are more than a hundred cribs made of all kinds of materials, from all over the world and from all eras.\n\t\t\t\t\t\t\t\t\t<\/div>\n\t\t\t\t\t\t\t\t\t<img decoding=\"async\" src=\"https:\/\/cdn.pilgrim.es\/web\/caminos\/camino-frances\/pueblos\/carrion-de-los-condes\/puntos-de-interes\/museo-santa-clara.jpg\" alt=\"Museo de Santa Clara\">\n\t\t\t\t\t\t\t\t<\/div>\n\t\t\t\t\t\t\t<\/div>\n\t\t\t\t\t\t\n\t\t\t\t\t\t\t<div class=\"accordion__accordion-content inactive\">\n\t\t\t\t\t\t\t\t<div>\n\t\t\t\t\t\t\t\t\t<div>\n\t\t\t\t\t\t\t\t\t\t<h4>Casa de los Gir\u00f3n<\/h4>\n\t\t\t\t\t\t\t\t\t\t<p>The Casa de los Gir\u00f3n is a spectacular 18th century building and one of the few buildings that survived the fire that occurred in 1811, during the War of Independence. <\/p>\n\n<p>On the facade, built in ashlar and brick, are sculpted family coats of arms and its windows have a magnificent grille. <\/p>\n\n<p>In the interior, just behind the front, a small hall leads to a beautiful courtyard with Doric columns. Here are located the stairs up, which are decorated with portraits of some kings and queens, the family coat of arms and an image of the Immaculate Conception.\n\t\t\t\t\t\t\t\t\t<\/div>\n\t\t\t\t\t\t\t\t\t<img decoding=\"async\" src=\"https:\/\/cdn.pilgrim.es\/web\/caminos\/camino-frances\/pueblos\/carrion-de-los-condes\/puntos-de-interes\/casa-giron.jpg\" alt=\"Casa de los Gir\u00f3n\">\n\t\t\t\t\t\t\t\t<\/div>\n\t\t\t\t\t\t\t<\/div>\n\t\t\t\t\t\t\n\t\t\t\t\t\t\t<div class=\"accordion__accordion-content inactive\">\n\t\t\t\t\t\t\t\t<div>\n\t\t\t\t\t\t\t\t\t<div>\n\t\t\t\t\t\t\t\t\t\t<h4>Casa del Marqu\u00e9s de Santillana<\/h4>\n\t\t\t\t\t\t\t\t\t\t<p>The house of the Marquis of Santillana presents on its facade a Mendoza family coat of arms, which reads &#8220;Ave Maria, gratia plena&#8221; and a stone arcade made on the occasion of the VI Centenary of his birth.\n\n<p>The interior of the house has been altered over the centuries by successive refurbishment works as a family home. In this house was born D. I\u00f1igo Lopez de Mendoza and therefore it is in this place where he learns to love literature and philosophy.<\/p> <p>\n\t\t\t\t\t\t\t\t\t<\/div>\n\t\t\t\t\t\t\t\t\t<img decoding=\"async\" src=\"https:\/\/cdn.pilgrim.es\/web\/caminos\/camino-frances\/pueblos\/carrion-de-los-condes\/puntos-de-interes\/casa-marques-santillana.jpg\" alt=\"Casa del Marqu\u00e9s de Santillana\">\n\t\t\t\t\t\t\t\t<\/div>\n\t\t\t\t\t\t\t<\/div>\n\t\t\t\t\t\t\n\t\t\t\t\t\t\t<div class=\"accordion__accordion-content inactive\">\n\t\t\t\t\t\t\t\t<div>\n\t\t\t\t\t\t\t\t\t<div>\n\t\t\t\t\t\t\t\t\t\t<h4>Iglesia de Nuestra Se\u00f1ora de Bel\u00e9n<\/h4>\n\t\t\t\t\t\t\t\t\t\t<p>The Church of Our Lady of Bethlehem of Carri\u00f3n de los Condes is a Catholic temple located in the highest part of the town and overlooks a cleft opened by the Carri\u00f3n River, from which you can see the entire Carri\u00f3n riverbank. <\/p>\n\n<p>The church was built between 1552 and 1579 on a primitive medieval temple of the late fifteenth century. Later in the 17th century, a remodeling was carried out in which the orientation of the church was changed, a new nave was built and the tower was finished. <\/p>\n\n<p>In the interior, the main altarpiece stands out, in the Plateresque Renaissance style, from the early 16th century.\n\t\t\t\t\t\t\t\t\t<\/div>\n\t\t\t\t\t\t\t\t\t<img decoding=\"async\" src=\"https:\/\/cdn.pilgrim.es\/web\/caminos\/camino-frances\/pueblos\/carrion-de-los-condes\/puntos-de-interes\/iglesia-nuestra-senora-belen.jpg\" alt=\"Iglesia de Nuestra Se\u00f1ora de Bel\u00e9n\">\n\t\t\t\t\t\t\t\t<\/div>\n\t\t\t\t\t\t\t<\/div>\n\t\t\t\t\t\t\n\t\t\t\t\t\t\t<div class=\"accordion__accordion-content inactive\">\n\t\t\t\t\t\t\t\t<div>\n\t\t\t\t\t\t\t\t\t<div>\n\t\t\t\t\t\t\t\t\t\t<h4>Casa de la Cultura<\/h4>\n\t\t\t\t\t\t\t\t\t\t<p>The Casa de la Cultura dates back to 1568 and is located behind the Town Hall. From its construction to the present day the building had several uses, such as jail and courthouse. <\/p>\n\n<p>At the end of the twentieth century it was repaired as the House of Culture and Municipal Library, although it is the reform of 2005 that is responsible for the current appearance. Of the primitive construction is preserved the first body of the stone facade, with two coats of arms of the royal arms and the City. On the first floor was where the dungeons and prison cells were located, which are now used as offices and meeting rooms<\/p> <p>.\n\n<p>In 2012 the building was renamed the Fray Miguel de Benavides Library (1552-1605), in honor of the Dominican friar who founded the University of Manila.\n\t\t\t\t\t\t\t\t\t<\/div>\n\t\t\t\t\t\t\t\t\t<img decoding=\"async\" src=\"https:\/\/cdn.pilgrim.es\/web\/caminos\/camino-frances\/pueblos\/carrion-de-los-condes\/puntos-de-interes\/casa-cultura.jpg\" alt=\"Casa de la Cultura\">\n\t\t\t\t\t\t\t\t<\/div>\n\t\t\t\t\t\t\t<\/div>\n\t\t\t\t\t\t\n\t\t\t\t\t\t\t<div class=\"accordion__accordion-content inactive\">\n\t\t\t\t\t\t\t\t<div>\n\t\t\t\t\t\t\t\t\t<div>\n\t\t\t\t\t\t\t\t\t\t<h4>Casa de la Calle Padre Gil<\/h4>\n\t\t\t\t\t\t\t\t\t\t<p>The Casa de la Calle Padre Gil is considered to be the oldest house in this town, dating from approximately the end of the 15th century. At present it still preserves, as a sign of its most splendid past, a coat of arms and the top of the final parts of what may have been an alfiz. <\/p>\n\n<p>On the same facade there is a coat of arms with a vase full of lilies, a Marian style present in some religious buildings in Carri\u00f3n de los Condes, representing the purity of Mary.<\/p> <p>The coat of arms has a lily vase, a Marian style present in some religious buildings in Carri\u00f3n de los Condes, representing the purity of Mary.\n\t\t\t\t\t\t\t\t\t<\/div>\n\t\t\t\t\t\t\t\t\t<img decoding=\"async\" src=\"https:\/\/cdn.pilgrim.es\/web\/caminos\/camino-frances\/pueblos\/carrion-de-los-condes\/puntos-de-interes\/casa-giron.jpg\" alt=\"Casa de la Calle Padre Gil\">\n\t\t\t\t\t\t\t\t<\/div>\n\t\t\t\t\t\t\t<\/div>\n\t\t\t\t\t\t\n\t\t\t\t\t\t\t<div class=\"accordion__accordion-content inactive\">\n\t\t\t\t\t\t\t\t<div>\n\t\t\t\t\t\t\t\t\t<div>\n\t\t\t\t\t\t\t\t\t\t<h4>Iglesia de San Andr\u00e9s Ap\u00f3stol<\/h4>\n\t\t\t\t\t\t\t\t\t\t<p>The Church of San Andr\u00e9s Ap\u00f3stol is known as the &#8220;Cathedral of Carri\u00f3n de los Condes&#8221;, which is located north of the town, in the square of the same name. It was built over the previous church in ashlar stone, finishing the work in 1574.\n\n<p>The original tower burned down during the War of Independence, so it was restored in brick and stone, with octagonal dome and crowned with lantern and stone cross, according to a project of 1866.<\/p> <p>The original tower was burned down during the War of Independence, so it was restored in brick and stone, with octagonal dome and crowned with lantern and stone cross, according to a project of 1866.\n\t\t\t\t\t\t\t\t\t<\/div>\n\t\t\t\t\t\t\t\t\t<img decoding=\"async\" src=\"https:\/\/cdn.pilgrim.es\/web\/caminos\/camino-frances\/pueblos\/carrion-de-los-condes\/puntos-de-interes\/iglesia-san-andres-apostol.jpg\" alt=\"Iglesia de San Andr\u00e9s Ap\u00f3stol\">\n\t\t\t\t\t\t\t\t<\/div>\n\t\t\t\t\t\t\t<\/div>\n\t\t\t\t\t\t\n\t\t\t\t\t\t\t<div class=\"accordion__accordion-content inactive\">\n\t\t\t\t\t\t\t\t<div>\n\t\t\t\t\t\t\t\t\t<div>\n\t\t\t\t\t\t\t\t\t\t<h4>Convento Hijas de la Caridad<\/h4>\n\t\t\t\t\t\t\t\t\t\t<p>The Hijas de la Caridad Convent was occupied by the daughters of St. Vincent de Paul when they received an inheritance in approximately 1894.  The convent is located at the back of the site of the Palace of the Counts of Salinas de Pisuerga and was dedicated to the education of the girls of Carri\u00f3n de los Condes. <\/p>\n\n<p>In 1957, after suffering a fire, it was rebuilt and continued to serve as a school until 2002. From this date it is reformed conditioning part of the convent as a hostel for pilgrims, with access through the central courtyard. The other part of the convent is also enabled to accommodate retired nuns, who are responsible for managing the hostel and help in pastoral work in Carri\u00f3n and in the region.\n\n<p>The convent consists of an oratory for the community and a neo-Gothic style church, currently without worship. In the presbytery are buried the remains of those benefactors who donated their inheritance to the Daughters of St. Vincent.<\/p> <p>\n\t\t\t\t\t\t\t\t\t<\/div>\n\t\t\t\t\t\t\t\t\t<img decoding=\"async\" src=\"https:\/\/cdn.pilgrim.es\/web\/caminos\/camino-frances\/pueblos\/carrion-de-los-condes\/puntos-de-interes\/convento-santisima-trinidad.jpg\" alt=\"Convento Hijas de la Caridad\">\n\t\t\t\t\t\t\t\t<\/div>\n\t\t\t\t\t\t\t<\/div>\n\t\t\t\t\t\t\n\t\t\t\t\t\t\t<div class=\"accordion__accordion-content inactive\">\n\t\t\t\t\t\t\t\t<div>\n\t\t\t\t\t\t\t\t\t<div>\n\t\t\t\t\t\t\t\t\t\t<h4>Convento de la Sant\u00edsima Trinidad<\/h4>\n\t\t\t\t\t\t\t\t\t\t<p>The Convent of the Holy Trinity is the most modern of Carri\u00f3n, since its construction dates back only to 1974, after the previous one burned down. It was designed by the architect Carlos Rivera, and consists of the church, the lathe, the parlor, the refectory, the infirmary, the upper and lower choirs, the chapter house, the recreation room and the nuns&#8217; cells. <\/p>\n\n<p>Brick was the material used for the construction of the church and it is decorated by a Crucifix and a Virgin of Carmen, works made in wood by the sculptor Victor de los Rios. Inside the church you can also see several paintings from the seventeenth century depicting scenes from the life of St. Teresa.<\/p> &lt;p\n\t\t\t\t\t\t\t\t\t<\/div>\n\t\t\t\t\t\t\t\t\t<img decoding=\"async\" src=\"https:\/\/cdn.pilgrim.es\/web\/caminos\/camino-frances\/pueblos\/carrion-de-los-condes\/puntos-de-interes\/convento-santisima-trinidad.jpg\" alt=\"Convento de la Sant\u00edsima Trinidad\">\n\t\t\t\t\t\t\t\t<\/div>\n\t\t\t\t\t\t\t<\/div>\n\t\t\t\t\t\t\n\t\t\t\t\t\t\t<div class=\"accordion__accordion-content inactive\">\n\t\t\t\t\t\t\t\t<div>\n\t\t\t\t\t\t\t\t\t<div>\n\t\t\t\t\t\t\t\t\t\t<h4>San Juli\u00e1n de Cestillos<\/h4>\n\t\t\t\t\t\t\t\t\t\t<p>The hermitage of San Juli\u00e1n de Cestillos has a structure of a single nave with a barrel vault roof and the sacristy attached next to the gospel. Under the sacristy we see the beginning of a low tower with a single bell.\n\n<p>The last reconstruction that the hermitage underwent dates from 1740 and was carried out by the Carrioneses master builders Jos\u00e9 Iglesias and Eugenio Rodr\u00edguez.\n\n<p>Until 1994 the chapel contained an altarpiece from 1600 in honor of St. John the Baptist, in that year it was transferred to the museum of the church of Santiago.<\/p> &lt;p\n\t\t\t\t\t\t\t\t\t<\/div>\n\t\t\t\t\t\t\t\t\t<img decoding=\"async\" src=\"https:\/\/cdn.pilgrim.es\/web\/caminos\/camino-frances\/pueblos\/carrion-de-los-condes\/puntos-de-interes\/san-julian-cestillos.jpg\" alt=\"San Juli\u00e1n de Cestillos\">\n\t\t\t\t\t\t\t\t<\/div>\n\t\t\t\t\t\t\t<\/div>\n\t\t\t\t\t\t\n\t\t\t\t\t\t\t<div class=\"accordion__accordion-content inactive\">\n\t\t\t\t\t\t\t\t<div>\n\t\t\t\t\t\t\t\t\t<div>\n\t\t\t\t\t\t\t\t\t\t<h4>Real Monasterio de Santa Clara<\/h4>\n\t\t\t\t\t\t\t\t\t\t<p>The Royal Monastery of Santa Clara was founded in 1231 by two disciples of Saint Clare. It is therefore one of the oldest Poor Clare monasteries in Spain. Throughout the Middle Ages the monastery was closely linked to the Casta\u00f1eda family so much so that the abbess of the monastery became D\u00aa Beatriz Manrique. <\/p>\n\n<p>The temple has a Mudejar style typical of the thirteenth and fourteenth centuries, but was not completed until the seventeenth century, a time when the monastery reached great importance thanks to Sister Luisa de la Ascensi\u00f3n. <\/p>\n\t\t\t\t\t\t\t\t\t<\/div>\n\t\t\t\t\t\t\t\t\t<img decoding=\"async\" src=\"https:\/\/cdn.pilgrim.es\/web\/caminos\/camino-frances\/pueblos\/carrion-de-los-condes\/puntos-de-interes\/monasterio-santa-clara.jpg\" alt=\"Real Monasterio de Santa Clara\">\n\t\t\t\t\t\t\t\t<\/div>\n\t\t\t\t\t\t\t<\/div>\n\t\t\t\t\t\t\n\t\t\t\t\t<\/div>\n\t\t\t\t<\/div>\n\t\t\t<\/div>\n\t\t\n\n\t\t<div id=\"phonesSection\">\n\t\t\t<div>\n\t\t\t\t<h2 class=\"p-h3-town\">Information of interest<\/h2>\n\t\t\t<\/div>\n\t\t\t<div class=\"grid\">\n\t\t\t\t\n\t\t\t\t\t<div class=\"phone-number-item\">\n\t\t\t\t\t\t<div class=\"phone-number-item__icon\"><i class=\"icon-police\"><\/i><\/div>\n\t\t\t\t\t\t<div class=\"phone-number-item__title\">\n\t\t\t\t\t\t\t<h3 class=\"p-font-bold\">Local police<\/h3>\n\t\t\t\t\t\t\t<p>979 880 259<\/p>\n\t\t\t\t\t\t\t\n\t\t\t\t\t\t<\/div>\n\t\t\t\t\t<\/div>\n\t\t\t\t\n\t\t\t\t\t<div class=\"phone-number-item\">\n\t\t\t\t\t\t<div class=\"phone-number-item__icon\"><i class=\"icon-spanish-military-police\"><\/i><\/div>\n\t\t\t\t\t\t<div class=\"phone-number-item__title\">\n\t\t\t\t\t\t\t<h3 class=\"p-font-bold\">Civil guard<\/h3>\n\t\t\t\t\t\t\t<p>979 880 003<\/p>\n\t\t\t\t\t\t\t\n\t\t\t\t\t\t<\/div>\n\t\t\t\t\t<\/div>\n\t\t\t\t\n\t\t\t\t\t<div class=\"phone-number-item\">\n\t\t\t\t\t\t<div class=\"phone-number-item__icon\"><i class=\"icon-firefighters\"><\/i><\/div>\n\t\t\t\t\t\t<div class=\"phone-number-item__title\">\n\t\t\t\t\t\t\t<h3 class=\"p-font-bold\">Fire department<\/h3>\n\t\t\t\t\t\t\t<p>979 918 200<\/p>\n\t\t\t\t\t\t\t\n\t\t\t\t\t\t<\/div>\n\t\t\t\t\t<\/div>\n\t\t\t\t\n\t\t\t\t\t<div class=\"phone-number-item\">\n\t\t\t\t\t\t<div class=\"phone-number-item__icon\"><i class=\"icon-civil-protection\"><\/i><\/div>\n\t\t\t\t\t\t<div class=\"phone-number-item__title\">\n\t\t\t\t\t\t\t<h3 class=\"p-font-bold\">Civil protection<\/h3>\n\t\t\t\t\t\t\t<p>112<\/p>\n\t\t\t\t\t\t\t\n\t\t\t\t\t\t<\/div>\n\t\t\t\t\t<\/div>\n\t\t\t\t\n\t\t\t\t\t<div class=\"phone-number-item\">\n\t\t\t\t\t\t<div class=\"phone-number-item__icon\"><i class=\"icon-town-council\"><\/i><\/div>\n\t\t\t\t\t\t<div class=\"phone-number-item__title\">\n\t\t\t\t\t\t\t<h3 class=\"p-font-bold\">Town hall<\/h3>\n\t\t\t\t\t\t\t<p>979 880 259<\/p>\n\t\t\t\t\t\t\t\n\t\t\t\t\t\t<\/div>\n\t\t\t\t\t<\/div>\n\t\t\t\t\n\t\t\t\t\t<div class=\"phone-number-item\">\n\t\t\t\t\t\t<div class=\"phone-number-item__icon\"><i class=\"icon-hospital\"><\/i><\/div>\n\t\t\t\t\t\t<div class=\"phone-number-item__title\">\n\t\t\t\t\t\t\t<h3 class=\"p-font-bold\">Health center<\/h3>\n\t\t\t\t\t\t\t<p>979 880 245<\/p>\n\t\t\t\t\t\t\t\n\t\t\t\t\t\t<\/div>\n\t\t\t\t\t<\/div>\n\t\t\t\t\n\t\t\t\t\t<div class=\"phone-number-item\">\n\t\t\t\t\t\t<div class=\"phone-number-item__icon\"><i class=\"icon-tourism\"><\/i><\/div>\n\t\t\t\t\t\t<div class=\"phone-number-item__title\">\n\t\t\t\t\t\t\t<h3 class=\"p-font-bold\">Tourism office<\/h3>\n\t\t\t\t\t\t\t<p>979 880 931<\/p>\n\t\t\t\t\t\t\t\n\t\t\t\t\t\t\t\t<p>C\/ Santa Mar\u00eda, s\/n<\/p>\n\t\t\t\t\t\t\t\n\t\t\t\t\t\t<\/div>\n\t\t\t\t\t<\/div>\n\t\t\t\t\n\t\t\t<\/div>\n\t\t<\/div>\n\n\t\t<div id=\"clientForm\">\n        <section>\n        <img decoding=\"async\" src=\"https:\/\/cdn.pilgrim.es\/web\/home\/email-contacto.png\" alt=\"contacto\">\n        <div>\n            <p>We send you your itinerary<\/p>\n            <p>Enter your details and receive your travel itinerary by email <\/p>\n            <form method=\"post\" data-url=\"\/wp-admin\/admin-ajax.php\" id=\"planner--client\" class=\"flag-right form-client\">\n    <div class=\"form-data\">\n        <input name=\"form_id\" type=\"hidden\" value=\"Formulario Leads\">\n        <input name=\"type\" type=\"hidden\" value=\"planner_client\">\n        <input type=\"text\" name=\"nombre\" value=\"\" size=\"40\" class=\"form-control\" aria-required=\"true\" aria-invalid=\"false\" placeholder=\"Name\">\n        <input type=\"email\" name=\"email\" value=\"\" size=\"40\" class=\"form-control\" aria-required=\"true\" aria-invalid=\"false\" placeholder=\"Email\">\n        <input type=\"text\" id=\"phone-input\" name=\"tel\" value=\"\" size=\"40\" class=\"phone-input form-control\" aria-required=\"true\" aria-invalid=\"false\" placeholder=\"Telephone\">\n        <input type=\"hidden\" name=\"telefono\">\n    <\/div>\n    <div class=\"form-checkbox\">\n        <span>\n            Pilgrim Travel, S.L. informs, in accordance with Regulation 2016\/679, that the data used in this form will be used both for answering any queries and for the publication of comments, the basis of legitimacy being the consent of the user. The rights may be exercised in accordance with the provisions of our             <a href=\"https:\/\/www.pilgrim.es\/en\/privacy-policy\/\" target=\"_blank\" rel=\"noopener noreferrer nofollow\">Privacy Policy.<\/a>\n        <\/span>\n    <\/div>\n\n    <div class=\"form-submit\">\n        <button id=\"planner--client-create\" type=\"submit\">Contact form<\/button>\n        <div class=\"loadingDiv\"><i class=\"p-spinner\"><\/i><\/div>\n    <\/div>\n\n    <div class=\"contact-content-form-success\">\n        <p><i class=\"fas fa-check\"><\/i> The form has been sent successfully<\/p>\n    <\/div>\n\n    <div class=\"contact-content-form-error\">\n        <span class=\"input-error\"><\/span>\n    <\/div>\n<\/form>        <\/div>\n    <\/section>\n<\/div>\n\n\t\t<div id=\"recomendationSection\">\n\t\t\t<div>\n\t\t\t\t<h2 class=\"p-h2-town\">Recommended<\/h2>\n\t\t\t\t<hr>\n\t\t\t\t<h3 class=\"p-h3-town\">Gastronomy<\/h3>\n\t\t\t<\/div>\n\t\t\tIn the gastronomy of Carri\u00f3n de los Condes is very typical the roast lamb, pork products such as sausages and sausages, cheeses and local products. It is worth mentioning traditional recipes such as garlic soups, menestra palentina, trout, crabs, snails Palentina style, lentils with chorizo, Castilian soup and rabbit in hunter&#8217;s style.\n\nIn the typical confectionery of Carri\u00f3n it is worth mentioning the amarguillos, almendrados, tocinillos de cielo, rosquillas de palo, marzas, torrijas, orejuelas, bollos de carnaval and mantecados. We cannot forget the pastries made by the nuns of the monastery of Santa Clara.\n\t\t<\/div>\n\n\n\t\t\n\t\t\t<div id=\"holidaysSection\">\n\t\t\t\t<div>\n\t\t\t\t\t<h2 class=\"p-h2-town\">Recommended<\/h2>\n\t\t\t\t\t<hr>\n\t\t\t\t\t<h3 class=\"p-h3-town\">Festivals and Pilgrimages<\/h3>\n\t\t\t\t<\/div>\n\t\t\t\t<div class=\"grid holidays-grid\">\n\t\t\t\t\t\n\t\t\t\t\t\t<div>\n\t\t\t\t\t\t\t<div class=\"phone-number-item\">\n\t\t\t\t\t\t\t\t<div class=\"phone-number-item__icon\"><i class=\"icon-holiday\"><\/i><\/div>\n\t\t\t\t\t\t\t\t<div class=\"phone-number-item__title dark-text\">\n\t\t\t\t\t\t\t\t\t<p class=\"p-font-bold\">Local festivity<\/p>\n\t\t\t\t\t\t\t\t\t<p>24 de junio: Romer\u00eda de San Juan de Cestillos<\/p>\n\t\t\t\t\t\t\t\t<\/div>\n\t\t\t\t\t\t\t<\/div>\n\t\t\t\t\t\t<\/div>\n\t\t\t\t\t\n\t\t\t\t\t\t<div>\n\t\t\t\t\t\t\t<div class=\"phone-number-item\">\n\t\t\t\t\t\t\t\t<div class=\"phone-number-item__icon\"><i class=\"icon-holiday\"><\/i><\/div>\n\t\t\t\t\t\t\t\t<div class=\"phone-number-item__title dark-text\">\n\t\t\t\t\t\t\t\t\t<p class=\"p-font-bold\">Local festivity<\/p>\n\t\t\t\t\t\t\t\t\t<p>8 de septiembre: Fiesta de Nuestra Se\u00f1ora de Bel\u00e9n<\/p>\n\t\t\t\t\t\t\t\t<\/div>\n\t\t\t\t\t\t\t<\/div>\n\t\t\t\t\t\t<\/div>\n\t\t\t\t\t\n\t\t\t\t\t\t<div>\n\t\t\t\t\t\t\t<div class=\"phone-number-item\">\n\t\t\t\t\t\t\t\t<div class=\"phone-number-item__icon\"><i class=\"icon-holiday\"><\/i><\/div>\n\t\t\t\t\t\t\t\t<div class=\"phone-number-item__title dark-text\">\n\t\t\t\t\t\t\t\t\t<p class=\"p-font-bold\">Local festivity<\/p>\n\t\t\t\t\t\t\t\t\t<p>\u00daltimo lunes de agosto: Fiesta de San Zoilo<\/p>\n\t\t\t\t\t\t\t\t<\/div>\n\t\t\t\t\t\t\t<\/div>\n\t\t\t\t\t\t<\/div>\n\t\t\t\t\t\n\t\t\t\t\t\t<div>\n\t\t\t\t\t\t\t<div class=\"phone-number-item\">\n\t\t\t\t\t\t\t\t<div class=\"phone-number-item__icon\"><i class=\"icon-holiday\"><\/i><\/div>\n\t\t\t\t\t\t\t\t<div class=\"phone-number-item__title dark-text\">\n\t\t\t\t\t\t\t\t\t<p class=\"p-font-bold\">Local festivity<\/p>\n\t\t\t\t\t\t\t\t\t<p>3 de febrero: Fiesta de San Blas<\/p>\n\t\t\t\t\t\t\t\t<\/div>\n\t\t\t\t\t\t\t<\/div>\n\t\t\t\t\t\t<\/div>\n\t\t\t\t\t\n\t\t\t\t\t\t<div>\n\t\t\t\t\t\t\t<div class=\"phone-number-item\">\n\t\t\t\t\t\t\t\t<div class=\"phone-number-item__icon\"><i class=\"icon-holiday\"><\/i><\/div>\n\t\t\t\t\t\t\t\t<div class=\"phone-number-item__title dark-text\">\n\t\t\t\t\t\t\t\t\t<p class=\"p-font-bold\">Local festivity<\/p>\n\t\t\t\t\t\t\t\t\t<p>5 de febrero: Fiesta  de Santa \u00c1gueda<\/p>\n\t\t\t\t\t\t\t\t<\/div>\n\t\t\t\t\t\t\t<\/div>\n\t\t\t\t\t\t<\/div>\n\t\t\t\t\t\n\t\t\t\t\t\t<div>\n\t\t\t\t\t\t\t<div class=\"phone-number-item\">\n\t\t\t\t\t\t\t\t<div class=\"phone-number-item__icon\"><i class=\"icon-holiday\"><\/i><\/div>\n\t\t\t\t\t\t\t\t<div class=\"phone-number-item__title dark-text\">\n\t\t\t\t\t\t\t\t\t<p class=\"p-font-bold\">Local festivity<\/p>\n\t\t\t\t\t\t\t\t\t<p>7 de junio: Festividad de Corpus Christi<\/p>\n\t\t\t\t\t\t\t\t<\/div>\n\t\t\t\t\t\t\t<\/div>\n\t\t\t\t\t\t<\/div>\n\t\t\t\t\t\n\t\t\t\t\t\t<div>\n\t\t\t\t\t\t\t<div class=\"phone-number-item\">\n\t\t\t\t\t\t\t\t<div class=\"phone-number-item__icon\"><i class=\"icon-holiday\"><\/i><\/div>\n\t\t\t\t\t\t\t\t<div class=\"phone-number-item__title dark-text\">\n\t\t\t\t\t\t\t\t\t<p class=\"p-font-bold\">Local festivity<\/p>\n\t\t\t\t\t\t\t\t\t<p>25 de junio: Fiesta de Santiago Ap\u00f3stol<\/p>\n\t\t\t\t\t\t\t\t<\/div>\n\t\t\t\t\t\t\t<\/div>\n\t\t\t\t\t\t<\/div>\n\t\t\t\t\t\n\t\t\t\t<\/div>\n\t\t\t<\/div>\n\t\t\n\t<\/div>\n<\/section>\n\n<div id=\"stage_list_section\"><div class=\"stage-list\">\n    <div class='stage-list__map-card'>\n        <div class='stage-list__map-card__map'>\n            <div class='stage-list__map-card__map__text'>\n                <h2> Pages <\/h2>\n                <p> On foot<\/p>\n                <p> 0 stages<\/p>\n            <\/div>\n            <div class='stage-list__map-card__map__img'>\n                <img decoding=\"async\" src=\"\" alt=\" mapa \" \/>\n            <\/div>\n        <\/div>\n    <\/div>\n\n    <\/div>\n<\/div> ","protected":false},"excerpt":{"rendered":"<p>Carri\u00f3n de los Condes &#8249; Back to the stage Carri\u00f3n de los Condes Residents: 2.198 aprox. Province: Palencia Information Get to know Carri\u00f3n de los Condes Carri\u00f3n de los Condes is a small town that has had a very important past, so much so that it has been home to such important historical figures as &hellip; <\/p>\n<p class=\"read_more\"><a href=\"https:\/\/www.pilgrim.es\/en\/french-way\/carrion-de-los-condes\/\">Leer m\u00e1s<\/a><\/p>\n","protected":false},"author":0,"featured_media":2573,"parent":36273,"menu_order":0,"comment_status":"closed","ping_status":"closed","template":"views\/template-new-web-design.blade.php","meta":{"footnotes":""},"categories":[],"tags":[],"class_list":["post-91086","page","type-page","status-publish","has-post-thumbnail","hentry"],"yoast_head":"<!-- This site is optimized with the Yoast SEO plugin v27.4 - https:\/\/yoast.com\/product\/yoast-seo-wordpress\/ -->\n<title>Carri\u00f3n de los Condes: What to see and where to stay | Camino de Santiago | Pilgrim<\/title>\n<meta name=\"description\" content=\"Carri\u00f3n de los Condes Discover all the information you need about accommodation, how to get there, gastronomy and the main points of interest in the towns along the French Way.\" \/>\n<meta name=\"robots\" content=\"index, follow, max-snippet:-1, max-image-preview:large, max-video-preview:-1\" \/>\n<link rel=\"canonical\" href=\"https:\/\/www.pilgrim.es\/en\/french-way\/carrion-de-los-condes\/\" \/>\n<meta property=\"og:locale\" content=\"en_US\" \/>\n<meta property=\"og:type\" content=\"article\" \/>\n<meta property=\"og:title\" content=\"Carri\u00f3n de los Condes: What to see and where to stay | Camino de Santiago | Pilgrim\" \/>\n<meta property=\"og:description\" content=\"Carri\u00f3n de los Condes Discover all the information you need about accommodation, how to get there, gastronomy and the main points of interest in the towns along the French Way.\" \/>\n<meta property=\"og:url\" content=\"https:\/\/www.pilgrim.es\/en\/french-way\/carrion-de-los-condes\/\" \/>\n<meta property=\"og:site_name\" content=\"Pilgrim\" \/>\n<meta property=\"article:publisher\" content=\"https:\/\/www.facebook.com\/pilgrim.es\/\" \/>\n<meta property=\"og:image\" content=\"https:\/\/www.pilgrim.es\/wp-content\/uploads\/2019\/02\/carrion-de-los-condes-2.jpg\" \/>\n\t<meta property=\"og:image:width\" content=\"770\" \/>\n\t<meta property=\"og:image:height\" content=\"546\" \/>\n\t<meta property=\"og:image:type\" content=\"image\/jpeg\" \/>\n<meta name=\"twitter:card\" content=\"summary_large_image\" \/>\n<meta name=\"twitter:site\" content=\"@pilgrim_es\" \/>\n<meta name=\"twitter:label1\" content=\"Est. reading time\" \/>\n\t<meta name=\"twitter:data1\" content=\"15 minutes\" \/>\n<script type=\"application\/ld+json\" class=\"yoast-schema-graph\">{\"@context\":\"https:\\\/\\\/schema.org\",\"@graph\":[{\"@type\":\"WebPage\",\"@id\":\"https:\\\/\\\/www.pilgrim.es\\\/en\\\/french-way\\\/carrion-de-los-condes\\\/\",\"url\":\"https:\\\/\\\/www.pilgrim.es\\\/en\\\/french-way\\\/carrion-de-los-condes\\\/\",\"name\":\"Carri\u00f3n de los Condes: What to see and where to stay | Camino de Santiago | Pilgrim\",\"isPartOf\":{\"@id\":\"https:\\\/\\\/www.pilgrim.es\\\/en\\\/#website\"},\"primaryImageOfPage\":{\"@id\":\"https:\\\/\\\/www.pilgrim.es\\\/en\\\/french-way\\\/carrion-de-los-condes\\\/#primaryimage\"},\"image\":{\"@id\":\"https:\\\/\\\/www.pilgrim.es\\\/en\\\/french-way\\\/carrion-de-los-condes\\\/#primaryimage\"},\"thumbnailUrl\":\"https:\\\/\\\/www.pilgrim.es\\\/wp-content\\\/uploads\\\/2019\\\/02\\\/carrion-de-los-condes-2.jpg\",\"datePublished\":\"2025-03-17T13:16:34+00:00\",\"description\":\"Carri\u00f3n de los Condes Discover all the information you need about accommodation, how to get there, gastronomy and the main points of interest in the towns along the French Way.\",\"breadcrumb\":{\"@id\":\"https:\\\/\\\/www.pilgrim.es\\\/en\\\/french-way\\\/carrion-de-los-condes\\\/#breadcrumb\"},\"inLanguage\":\"en-US\",\"potentialAction\":[{\"@type\":\"ReadAction\",\"target\":[\"https:\\\/\\\/www.pilgrim.es\\\/en\\\/french-way\\\/carrion-de-los-condes\\\/\"]}]},{\"@type\":\"ImageObject\",\"inLanguage\":\"en-US\",\"@id\":\"https:\\\/\\\/www.pilgrim.es\\\/en\\\/french-way\\\/carrion-de-los-condes\\\/#primaryimage\",\"url\":\"https:\\\/\\\/www.pilgrim.es\\\/wp-content\\\/uploads\\\/2019\\\/02\\\/carrion-de-los-condes-2.jpg\",\"contentUrl\":\"https:\\\/\\\/www.pilgrim.es\\\/wp-content\\\/uploads\\\/2019\\\/02\\\/carrion-de-los-condes-2.jpg\",\"width\":770,\"height\":546,\"caption\":\"Carri\u00f3n de los Condes\"},{\"@type\":\"BreadcrumbList\",\"@id\":\"https:\\\/\\\/www.pilgrim.es\\\/en\\\/french-way\\\/carrion-de-los-condes\\\/#breadcrumb\",\"itemListElement\":[{\"@type\":\"ListItem\",\"position\":1,\"name\":\"Camino de Santiago\",\"item\":\"https:\\\/\\\/www.pilgrim.es\\\/en\\\/\"},{\"@type\":\"ListItem\",\"position\":2,\"name\":\"French Way\",\"item\":\"https:\\\/\\\/www.pilgrim.es\\\/en\\\/french-way\\\/\"},{\"@type\":\"ListItem\",\"position\":3,\"name\":\"Carri\u00f3n de los Condes\"}]},{\"@type\":\"WebSite\",\"@id\":\"https:\\\/\\\/www.pilgrim.es\\\/en\\\/#website\",\"url\":\"https:\\\/\\\/www.pilgrim.es\\\/en\\\/\",\"name\":\"Pilgrim\",\"description\":\"Camino de Santiago | Caminamos Contigo\",\"publisher\":{\"@id\":\"https:\\\/\\\/www.pilgrim.es\\\/en\\\/#organization\"},\"potentialAction\":[{\"@type\":\"SearchAction\",\"target\":{\"@type\":\"EntryPoint\",\"urlTemplate\":\"https:\\\/\\\/www.pilgrim.es\\\/en\\\/?s={search_term_string}\"},\"query-input\":{\"@type\":\"PropertyValueSpecification\",\"valueRequired\":true,\"valueName\":\"search_term_string\"}}],\"inLanguage\":\"en-US\"},{\"@type\":\"Organization\",\"@id\":\"https:\\\/\\\/www.pilgrim.es\\\/en\\\/#organization\",\"name\":\"Pilgrim Camino de Santiago\",\"url\":\"https:\\\/\\\/www.pilgrim.es\\\/en\\\/\",\"logo\":{\"@type\":\"ImageObject\",\"inLanguage\":\"en-US\",\"@id\":\"https:\\\/\\\/www.pilgrim.es\\\/en\\\/#\\\/schema\\\/logo\\\/image\\\/\",\"url\":\"https:\\\/\\\/www.pilgrim.es\\\/wp-content\\\/uploads\\\/2019\\\/04\\\/logo_pilgrim.png\",\"contentUrl\":\"https:\\\/\\\/www.pilgrim.es\\\/wp-content\\\/uploads\\\/2019\\\/04\\\/logo_pilgrim.png\",\"width\":512,\"height\":512,\"caption\":\"Pilgrim Camino de Santiago\"},\"image\":{\"@id\":\"https:\\\/\\\/www.pilgrim.es\\\/en\\\/#\\\/schema\\\/logo\\\/image\\\/\"},\"sameAs\":[\"https:\\\/\\\/www.facebook.com\\\/pilgrim.es\\\/\",\"https:\\\/\\\/x.com\\\/pilgrim_es\",\"https:\\\/\\\/www.instagram.com\\\/pilgrim.es\\\/\",\"https:\\\/\\\/www.linkedin.com\\\/company\\\/pilgrim-camino-de-santiago\\\/\",\"https:\\\/\\\/www.pinterest.es\\\/pilgrimcaminodesantiago\\\/\",\"https:\\\/\\\/www.youtube.com\\\/channel\\\/UCIv2ZzFLXVqthkNF32rKedw\\\/featured\"]}]}<\/script>\n<!-- \/ Yoast SEO plugin. -->","yoast_head_json":{"title":"Carri\u00f3n de los Condes: What to see and where to stay | Camino de Santiago | Pilgrim","description":"Carri\u00f3n de los Condes Discover all the information you need about accommodation, how to get there, gastronomy and the main points of interest in the towns along the French Way.","robots":{"index":"index","follow":"follow","max-snippet":"max-snippet:-1","max-image-preview":"max-image-preview:large","max-video-preview":"max-video-preview:-1"},"canonical":"https:\/\/www.pilgrim.es\/en\/french-way\/carrion-de-los-condes\/","og_locale":"en_US","og_type":"article","og_title":"Carri\u00f3n de los Condes: What to see and where to stay | Camino de Santiago | Pilgrim","og_description":"Carri\u00f3n de los Condes Discover all the information you need about accommodation, how to get there, gastronomy and the main points of interest in the towns along the French Way.","og_url":"https:\/\/www.pilgrim.es\/en\/french-way\/carrion-de-los-condes\/","og_site_name":"Pilgrim","article_publisher":"https:\/\/www.facebook.com\/pilgrim.es\/","og_image":[{"width":770,"height":546,"url":"https:\/\/www.pilgrim.es\/wp-content\/uploads\/2019\/02\/carrion-de-los-condes-2.jpg","type":"image\/jpeg"}],"twitter_card":"summary_large_image","twitter_site":"@pilgrim_es","twitter_misc":{"Est. reading time":"15 minutes"},"schema":{"@context":"https:\/\/schema.org","@graph":[{"@type":"WebPage","@id":"https:\/\/www.pilgrim.es\/en\/french-way\/carrion-de-los-condes\/","url":"https:\/\/www.pilgrim.es\/en\/french-way\/carrion-de-los-condes\/","name":"Carri\u00f3n de los Condes: What to see and where to stay | Camino de Santiago | Pilgrim","isPartOf":{"@id":"https:\/\/www.pilgrim.es\/en\/#website"},"primaryImageOfPage":{"@id":"https:\/\/www.pilgrim.es\/en\/french-way\/carrion-de-los-condes\/#primaryimage"},"image":{"@id":"https:\/\/www.pilgrim.es\/en\/french-way\/carrion-de-los-condes\/#primaryimage"},"thumbnailUrl":"https:\/\/www.pilgrim.es\/wp-content\/uploads\/2019\/02\/carrion-de-los-condes-2.jpg","datePublished":"2025-03-17T13:16:34+00:00","description":"Carri\u00f3n de los Condes Discover all the information you need about accommodation, how to get there, gastronomy and the main points of interest in the towns along the French Way.","breadcrumb":{"@id":"https:\/\/www.pilgrim.es\/en\/french-way\/carrion-de-los-condes\/#breadcrumb"},"inLanguage":"en-US","potentialAction":[{"@type":"ReadAction","target":["https:\/\/www.pilgrim.es\/en\/french-way\/carrion-de-los-condes\/"]}]},{"@type":"ImageObject","inLanguage":"en-US","@id":"https:\/\/www.pilgrim.es\/en\/french-way\/carrion-de-los-condes\/#primaryimage","url":"https:\/\/www.pilgrim.es\/wp-content\/uploads\/2019\/02\/carrion-de-los-condes-2.jpg","contentUrl":"https:\/\/www.pilgrim.es\/wp-content\/uploads\/2019\/02\/carrion-de-los-condes-2.jpg","width":770,"height":546,"caption":"Carri\u00f3n de los Condes"},{"@type":"BreadcrumbList","@id":"https:\/\/www.pilgrim.es\/en\/french-way\/carrion-de-los-condes\/#breadcrumb","itemListElement":[{"@type":"ListItem","position":1,"name":"Camino de Santiago","item":"https:\/\/www.pilgrim.es\/en\/"},{"@type":"ListItem","position":2,"name":"French Way","item":"https:\/\/www.pilgrim.es\/en\/french-way\/"},{"@type":"ListItem","position":3,"name":"Carri\u00f3n de los Condes"}]},{"@type":"WebSite","@id":"https:\/\/www.pilgrim.es\/en\/#website","url":"https:\/\/www.pilgrim.es\/en\/","name":"Pilgrim","description":"Camino de Santiago | Caminamos Contigo","publisher":{"@id":"https:\/\/www.pilgrim.es\/en\/#organization"},"potentialAction":[{"@type":"SearchAction","target":{"@type":"EntryPoint","urlTemplate":"https:\/\/www.pilgrim.es\/en\/?s={search_term_string}"},"query-input":{"@type":"PropertyValueSpecification","valueRequired":true,"valueName":"search_term_string"}}],"inLanguage":"en-US"},{"@type":"Organization","@id":"https:\/\/www.pilgrim.es\/en\/#organization","name":"Pilgrim Camino de Santiago","url":"https:\/\/www.pilgrim.es\/en\/","logo":{"@type":"ImageObject","inLanguage":"en-US","@id":"https:\/\/www.pilgrim.es\/en\/#\/schema\/logo\/image\/","url":"https:\/\/www.pilgrim.es\/wp-content\/uploads\/2019\/04\/logo_pilgrim.png","contentUrl":"https:\/\/www.pilgrim.es\/wp-content\/uploads\/2019\/04\/logo_pilgrim.png","width":512,"height":512,"caption":"Pilgrim Camino de Santiago"},"image":{"@id":"https:\/\/www.pilgrim.es\/en\/#\/schema\/logo\/image\/"},"sameAs":["https:\/\/www.facebook.com\/pilgrim.es\/","https:\/\/x.com\/pilgrim_es","https:\/\/www.instagram.com\/pilgrim.es\/","https:\/\/www.linkedin.com\/company\/pilgrim-camino-de-santiago\/","https:\/\/www.pinterest.es\/pilgrimcaminodesantiago\/","https:\/\/www.youtube.com\/channel\/UCIv2ZzFLXVqthkNF32rKedw\/featured"]}]}},"_links":{"self":[{"href":"https:\/\/www.pilgrim.es\/en\/wp-json\/wp\/v2\/pages\/91086","targetHints":{"allow":["GET"]}}],"collection":[{"href":"https:\/\/www.pilgrim.es\/en\/wp-json\/wp\/v2\/pages"}],"about":[{"href":"https:\/\/www.pilgrim.es\/en\/wp-json\/wp\/v2\/types\/page"}],"replies":[{"embeddable":true,"href":"https:\/\/www.pilgrim.es\/en\/wp-json\/wp\/v2\/comments?post=91086"}],"version-history":[{"count":0,"href":"https:\/\/www.pilgrim.es\/en\/wp-json\/wp\/v2\/pages\/91086\/revisions"}],"up":[{"embeddable":true,"href":"https:\/\/www.pilgrim.es\/en\/wp-json\/wp\/v2\/pages\/36273"}],"wp:featuredmedia":[{"embeddable":true,"href":"https:\/\/www.pilgrim.es\/en\/wp-json\/wp\/v2\/media\/2573"}],"wp:attachment":[{"href":"https:\/\/www.pilgrim.es\/en\/wp-json\/wp\/v2\/media?parent=91086"}],"wp:term":[{"taxonomy":"category","embeddable":true,"href":"https:\/\/www.pilgrim.es\/en\/wp-json\/wp\/v2\/categories?post=91086"},{"taxonomy":"post_tag","embeddable":true,"href":"https:\/\/www.pilgrim.es\/en\/wp-json\/wp\/v2\/tags?post=91086"}],"curies":[{"name":"wp","href":"https:\/\/api.w.org\/{rel}","templated":true}]}}